

{"id":984,"date":"2019-12-10T19:42:00","date_gmt":"2019-12-10T18:42:00","guid":{"rendered":"https:\/\/albal.es\/?page_id=984"},"modified":"2021-08-04T16:47:31","modified_gmt":"2021-08-04T14:47:31","slug":"impresos-y-tramites-en-sede-electronica","status":"publish","type":"page","link":"https:\/\/albal.es\/es\/areas-y-servicios-2\/impresos-y-tramites-en-sede-electronica\/","title":{"rendered":"Impresos y tr\u00e1mites en Sede electr\u00f3nica"},"content":{"rendered":"<p>[et_pb_section fb_built=\u00bb1&#8243; custom_padding_last_edited=\u00bbon|phone\u00bb admin_label=\u00bbcontent-cab-area\u00bb module_class=\u00bbcontent-cab-area\u00bb _builder_version=\u00bb3.29.3&#8243; background_color=\u00bb#fafafa\u00bb custom_padding=\u00bb15px||25px||false|false\u00bb custom_padding_tablet=\u00bb\u00bb custom_padding_phone=\u00bb||0px||false|false\u00bb locked=\u00bboff\u00bb collapsed=\u00bboff\u00bb][et_pb_row disabled_on=\u00bbon|off|off\u00bb admin_label=\u00bbDesabilitado en moviles (Content migas pan)\u00bb _builder_version=\u00bb4.0.7&#8243; custom_padding=\u00bb0px||0px||false|false\u00bb locked=\u00bbon\u00bb collapsed=\u00bbon\u00bb][et_pb_column type=\u00bb4_4&#8243; _builder_version=\u00bb4.0.7&#8243;][et_pb_dmb_breadcrumbs admin_label=\u00bbMigas pan\u00bb font_icon=\u00bb%%20%%\u00bb use_home_icon=\u00bboff\u00bb use_home_text=\u00bbon\u00bb home_text=\u00bbInici\u00bb _builder_version=\u00bb3.29.3&#8243;][\/et_pb_dmb_breadcrumbs][\/et_pb_column][\/et_pb_row][et_pb_row column_structure=\u00bb1_3,1_3,1_3&#8243; use_custom_gutter=\u00bbon\u00bb make_equal=\u00bbon\u00bb custom_padding_last_edited=\u00bbon|phone\u00bb admin_label=\u00bbcab-area (Anchos de columnas modificados CSS)\u00bb module_class=\u00bbcab-area\u00bb _builder_version=\u00bb3.29.3&#8243; background_enable_image=\u00bboff\u00bb background_size=\u00bbinitial\u00bb background_position=\u00bbcenter_left\u00bb custom_padding=\u00bb25px||0px||false|false\u00bb custom_padding_tablet=\u00bb\u00bb custom_padding_phone=\u00bb15px||||false|false\u00bb border_width_left_tablet=\u00bb\u00bb border_width_left_phone=\u00bb0px\u00bb border_width_left_last_edited=\u00bbon|desktop\u00bb locked=\u00bboff\u00bb][et_pb_column type=\u00bb1_3&#8243; module_class=\u00bbcontent-tit-area\u00bb _builder_version=\u00bb3.29.3&#8243;][et_pb_text admin_label=\u00bbH4, H1&#8243; module_class=\u00bbtit-area\u00bb _builder_version=\u00bb4.5.1&#8243; custom_margin=\u00bb||5px||false|false\u00bb locked=\u00bboff\u00bb]<\/p>\n<h4>\u00c1reas y servicios | SERVICIOS GENERALES<\/h4>\n<h1>Impresos y tr\u00e1mites en Sede electr\u00f3nica<\/h1>\n<p>[\/et_pb_text][et_pb_text admin_label=\u00bbIntro\u00bb module_class=\u00bbtit-area\u00bb _builder_version=\u00bb4.5.1&#8243;]<\/p>\n<p>En esta secci\u00f3n podr\u00e1 encontrar todos los:<\/p>\n<p><img decoding=\"async\" data-src=\"https:\/\/albal-ayto.es\/img\/iconos\/documento-25x25-rojo.svg\" src=\"data:image\/svg+xml;base64,PHN2ZyB3aWR0aD0iMSIgaGVpZ2h0PSIxIiB4bWxucz0iaHR0cDovL3d3dy53My5vcmcvMjAwMC9zdmciPjwvc3ZnPg==\" class=\"lazyload\" \/> <strong>Impresos para tr\u00e1mites<\/strong> que se gestionen a trav\u00e9s del <a href=\"https:\/\/albal.es\/es\/areas-y-servicios-2\/secretaria-ayuntamiento\/registro-amic\/\"><strong>Registro AMIC.<\/strong><\/a><\/p>\n<p><img decoding=\"async\" data-src=\"https:\/\/albal-ayto.es\/img\/iconos\/dedo-pulsa-25x25-turquesa.svg\" src=\"data:image\/svg+xml;base64,PHN2ZyB3aWR0aD0iMSIgaGVpZ2h0PSIxIiB4bWxucz0iaHR0cDovL3d3dy53My5vcmcvMjAwMC9zdmciPjwvc3ZnPg==\" class=\"lazyload\" \/> <strong>Enlaces a tr\u00e1mites<\/strong> que se gestionen a trav\u00e9s de la <strong><a href=\"https:\/\/albal.sede.dival.es\/\">Sede electr\u00f3nica.<\/a><\/strong><\/p>\n<p>[\/et_pb_text][\/et_pb_column][et_pb_column type=\u00bb1_3&#8243; module_class=\u00bbcontent-info-interes\u00bb disabled_on=\u00bbon|off|off\u00bb _builder_version=\u00bb3.29.3&#8243; custom_padding=\u00bb|||30px|false|false\u00bb custom_padding_tablet=\u00bb\u00bb custom_padding_phone=\u00bb|0px||0px|false|false\u00bb custom_padding_last_edited=\u00bbon|desktop\u00bb border_width_left=\u00bb1px\u00bb border_color_left=\u00bb#cccccc\u00bb border_radii_tablet=\u00bb\u00bb border_radii_phone=\u00bb\u00bb border_radii_last_edited=\u00bbon|phone\u00bb border_width_left_tablet=\u00bb\u00bb border_width_left_phone=\u00bb\u00bb border_width_left_last_edited=\u00bbon|phone\u00bb][et_pb_text admin_label=\u00bbInformacio d&#8217;interes\u00bb module_class=\u00bbtit-info-interes-cab\u00bb _builder_version=\u00bb4.4.6&#8243; locked=\u00bbon\u00bb]Informaci\u00f3n de Inter\u00e9s:[\/et_pb_text][et_pb_text admin_label=\u00bbinformacio\u00bb _builder_version=\u00bb4.5.1&#8243;]Todos los tr\u00e1mites que se realizan <strong>a trav\u00e9s de instancia PDF<\/strong> (no en sede electr\u00f3nica) se tienen que realizar <strong>presencialmente al <a href=\"https:\/\/albal-ayto.es\/es\/areas-y-servicios-2\/secretaria-ayuntamiento\/registro-amic\/\">Registro AMIC.<\/a><\/strong><\/p>\n<p>Visite las diferentes p\u00e1ginas asociadas a cada tr\u00e1mite para encontrar m\u00e1s informaci\u00f3n sobre la documentaci\u00f3n a aportar y otros datos de inter\u00e9s.[\/et_pb_text][et_pb_cta button_url=\u00bbhttps:\/\/albal.es\/es\/contacto-albal\/\u00bb button_text=\u00bbContacto\u00bb admin_label=\u00bbBoton contacto\u00bb module_class=\u00bbboton-consultas-cab\u00bb _builder_version=\u00bb4.4.6&#8243; background_enable_color=\u00bboff\u00bb text_orientation=\u00bbleft\u00bb background_layout=\u00bblight\u00bb custom_padding=\u00bb0px|0px|0px|0px|true|true\u00bb locked=\u00bbon\u00bb]<\/p>\n<h3>Consultas y dudas:<\/h3>\n<p>[\/et_pb_cta][\/et_pb_column][et_pb_column type=\u00bb1_3&#8243; module_class=\u00bbcontent-info-interes-dos\u00bb disabled_on=\u00bbon|off|off\u00bb _builder_version=\u00bb3.29.3&#8243; custom_padding=\u00bb|||30px|false|false\u00bb custom_padding_tablet=\u00bb|||0px|false|false\u00bb custom_padding_phone=\u00bb|0px||0px|false|false\u00bb custom_padding_last_edited=\u00bbon|desktop\u00bb border_width_left=\u00bb1px\u00bb border_color_left=\u00bb#cccccc\u00bb border_width_left_tablet=\u00bb\u00bb border_width_left_phone=\u00bb\u00bb border_width_left_last_edited=\u00bbon|desktop\u00bb][et_pb_text admin_label=\u00bbAmic\u00bb module_class=\u00bbamic-cita\u00bb _builder_version=\u00bb4.5.1&#8243; header_4_font=\u00bb||||||||\u00bb header_4_text_color=\u00bb#c40038&#8243; custom_margin=\u00bb||0px||false|false\u00bb custom_padding=\u00bb||15px||false|false\u00bb hover_enabled=\u00bb0&#8243; saved_tabs=\u00bball\u00bb locked=\u00bbon\u00bb]<\/p>\n<h3><img decoding=\"async\" class=\"wp-image-464 alignnone size-full lazyload\" data-src=\"https:\/\/albal-ayto.es\/content-albal\/uploads\/2019\/12\/logo-amic-2.png\" alt=\"\" width=\"135\" height=\"46\" src=\"data:image\/svg+xml;base64,PHN2ZyB3aWR0aD0iMSIgaGVpZ2h0PSIxIiB4bWxucz0iaHR0cDovL3d3dy53My5vcmcvMjAwMC9zdmciPjwvc3ZnPg==\" style=\"--smush-placeholder-width: 135px; --smush-placeholder-aspect-ratio: 135\/46;\" \/><\/h3>\n<h3>Atenci\u00f3n Municipal de Informaci\u00f3n Ciudadana<\/h3>\n<h4>REGISTROS Y SOLICITUDES<\/h4>\n<p>Plaza del Jard\u00edn, 7. Ayto. de Albal \u2013\u00a0<strong>Planta baja<\/strong><br \/>Tel:\u00a0<strong>96 126 00 56<\/strong>\u00a0\u00b7 Fax: 96 127 08 61<\/p>\n<p><a class=\"bot-cita-previa\" href=\"https:\/\/citaprevia.albal.es:10090\/\" target=\"_blank\" rel=\"noopener noreferrer\">Cita previa<\/a><br \/><a class=\"bot-seu-electronica\" href=\"https:\/\/albal.sede.dival.es\/\" target=\"_blank\" rel=\"noopener noreferrer\">Sede electr\u00f3nica<\/a><\/p>\n<p>[\/et_pb_text][\/et_pb_column][\/et_pb_row][\/et_pb_section][et_pb_section fb_built=\u00bb1&#8243; admin_label=\u00bb(ancla) #impresos\u00bb module_id=\u00bbimpresos\u00bb module_class=\u00bbcontent-tramites-impresos\u00bb _builder_version=\u00bb4.4.6&#8243; background_color=\u00bb#e2e1de\u00bb custom_padding=\u00bb50px||||false|false\u00bb locked=\u00bboff\u00bb][et_pb_row _builder_version=\u00bb3.29.3&#8243; custom_padding=\u00bb0px||||false|false\u00bb][et_pb_column type=\u00bb4_4&#8243; _builder_version=\u00bb3.29.3&#8243;][et_pb_text admin_label=\u00bbTitulo Impresos\u00bb module_class=\u00bbtit-seccion\u00bb _builder_version=\u00bb4.5.1&#8243; custom_padding=\u00bb0px||||false|false\u00bb]<\/p>\n<h2>\u200b<img decoding=\"async\" class=\"size-medium alignleft lazyload\" data-src=\"https:\/\/albal-ayto.es\/img\/iconos\/buscar-impreso-45x45.svg\" alt=\"\" width=\"45\" height=\"45\" src=\"data:image\/svg+xml;base64,PHN2ZyB3aWR0aD0iMSIgaGVpZ2h0PSIxIiB4bWxucz0iaHR0cDovL3d3dy53My5vcmcvMjAwMC9zdmciPjwvc3ZnPg==\" style=\"--smush-placeholder-width: 45px; --smush-placeholder-aspect-ratio: 45\/45;\" \/>Buscar impresos y tr\u00e1mites en sede electr\u00f3nica<\/h2>\n<p>[\/et_pb_text][\/et_pb_column][\/et_pb_row][et_pb_row column_structure=\u00bb2_5,3_5&#8243; _builder_version=\u00bb4.5.1&#8243; custom_padding=\u00bb0px||||false|false\u00bb][et_pb_column type=\u00bb2_5&#8243; _builder_version=\u00bb3.29.3&#8243;][et_pb_code disabled_on=\u00bboff|off|off\u00bb admin_label=\u00bbCodigo buscador\u00bb module_class=\u00bbbuscador-pagina buscador-pagina-impresos\u00bb _builder_version=\u00bb4.5.1&#8243;]<div class=\"search-in-place-box-container  hide-search-button  search-in-place-box-container-custom-design  \"><form role=\"search\" method=\"get\" class=\"search-form\" action=\"https:\/\/albal.es\/es\/\">\n\t\t\t\t<label>\n\t\t\t\t\t<span class=\"screen-reader-text\">Buscar:<\/span>\n\t\t\t\t\t<input type=\"search\" class=\"search-field\" placeholder=\"Cercar\u2026\" value=\"\" name=\"s\" data-search-in-place=\"1\" data-search-in-page=\"1\" \/>\n\t\t\t\t<\/label>\n\t\t\t\t<input type=\"submit\" class=\"search-submit\" value=\"Buscar\" \/>\n\t\t\t<input type=\"hidden\" name=\"search_in_place_form\" value=\"1\"><\/form><\/div>[\/et_pb_code][\/et_pb_column][et_pb_column type=\u00bb3_5&#8243; _builder_version=\u00bb3.29.3&#8243;][et_pb_text disabled_on=\u00bboff|off|off\u00bb _builder_version=\u00bb4.5.1&#8243; text_font=\u00bb||||||||\u00bb text_font_size=\u00bb18px\u00bb custom_padding=\u00bb20px||||false|false\u00bb]Pulsar \u00abintro\u00bb para cambiar entre t\u00e9rminos encontrados[\/et_pb_text][\/et_pb_column][\/et_pb_row][et_pb_row admin_label=\u00bb#secretaria\u00bb module_id=\u00bbsecretaria\u00bb module_class=\u00bbcontent-todos-impresos\u00bb _builder_version=\u00bb4.5.1&#8243; custom_padding=\u00bb0px||||false|false\u00bb][et_pb_column type=\u00bb4_4&#8243; _builder_version=\u00bb3.29.3&#8243;][et_pb_text admin_label=\u00bbTitulo Secretaria (general)\u00bb _builder_version=\u00bb4.4.6&#8243; custom_margin=\u00bb||0px||false|false\u00bb custom_padding=\u00bb||0px||false|false\u00bb]<\/p>\n<h2>Secretar\u00eda<\/h2>\n<p>[\/et_pb_text][et_pb_text admin_label=\u00bbTitulo Secretaria\u00bb _builder_version=\u00bb4.5.1&#8243; custom_margin=\u00bb||0px||false|false\u00bb custom_padding=\u00bb||0px||false|false\u00bb]<\/p>\n<h3>Secretar\u00eda<\/h3>\n<p>[\/et_pb_text][et_pb_cpt_loop_archive loop_layout=\u00bb6282&#8243; fullwidth=\u00bboff\u00bb show_pagination=\u00bboff\u00bb new_query=\u00bbon\u00bb post_type=\u00bbimpreso_tramit\u00bb include_meta=\u00bbpagina_de_destinacio\u00bb include_meta_terms=\u00bb562&#8243; hide_if_no_data=\u00bbon\u00bb admin_label=\u00bbSecretaria 562&#8243; module_class=\u00bblista-tramits-impresos\u00bb _builder_version=\u00bb4.5.1&#8243;][\/et_pb_cpt_loop_archive][et_pb_text admin_label=\u00bbTitulo Padro i Estadistica\u00bb _builder_version=\u00bb4.5.1&#8243; custom_margin=\u00bb||0px||false|false\u00bb custom_padding=\u00bb||0px||false|false\u00bb]<\/p>\n<h3>Padr\u00f3n y Estad\u00edstica<\/h3>\n<p>[\/et_pb_text][et_pb_cpt_loop_archive loop_layout=\u00bb6282&#8243; fullwidth=\u00bboff\u00bb show_pagination=\u00bboff\u00bb new_query=\u00bbon\u00bb post_type=\u00bbimpreso_tramit\u00bb include_meta=\u00bbpagina_de_destinacio\u00bb include_meta_terms=\u00bb118&#8243; hide_if_no_data=\u00bbon\u00bb admin_label=\u00bbPadro i Estadistica 118&#8243; module_class=\u00bblista-tramits-impresos\u00bb _builder_version=\u00bb4.5.1&#8243;][\/et_pb_cpt_loop_archive][et_pb_text admin_label=\u00bbTitulo Cens electoral\u00bb _builder_version=\u00bb4.5.1&#8243; custom_padding=\u00bb||0px||false|false\u00bb]<\/p>\n<h3>Censo electoral<\/h3>\n<p>[\/et_pb_text][et_pb_cpt_loop_archive loop_layout=\u00bb6282&#8243; fullwidth=\u00bboff\u00bb show_pagination=\u00bboff\u00bb new_query=\u00bbon\u00bb post_type=\u00bbimpreso_tramit\u00bb include_meta=\u00bbpagina_de_destinacio\u00bb include_meta_terms=\u00bb571&#8243; hide_if_no_data=\u00bbon\u00bb admin_label=\u00bbCens Electoral 571&#8243; module_class=\u00bblista-tramits-impresos\u00bb _builder_version=\u00bb4.5.1&#8243;][\/et_pb_cpt_loop_archive][et_pb_text admin_label=\u00bbTitulo Recursos Humans\u00bb _builder_version=\u00bb4.5.1&#8243; custom_margin=\u00bb||0px||false|false\u00bb custom_padding=\u00bb||0px||false|false\u00bb]<\/p>\n<h3>Recursos Humanos<\/h3>\n<p>[\/et_pb_text][et_pb_cpt_loop_archive loop_layout=\u00bb6282&#8243; fullwidth=\u00bboff\u00bb show_pagination=\u00bboff\u00bb new_query=\u00bbon\u00bb post_type=\u00bbimpreso_tramit\u00bb include_meta=\u00bbpagina_de_destinacio\u00bb include_meta_terms=\u00bb573&#8243; hide_if_no_data=\u00bbon\u00bb admin_label=\u00bbRecursos Humans 573&#8243; module_class=\u00bblista-tramits-impresos\u00bb _builder_version=\u00bb4.5.1&#8243;][\/et_pb_cpt_loop_archive][et_pb_text admin_label=\u00bbTitulo Contractaci\u00f3\u00bb _builder_version=\u00bb4.5.1&#8243; custom_margin=\u00bb||0px||false|false\u00bb custom_padding=\u00bb||0px||false|false\u00bb]<\/p>\n<h3>Contrataci\u00f3n<\/h3>\n<p>[\/et_pb_text][et_pb_cpt_loop_archive loop_layout=\u00bb6282&#8243; fullwidth=\u00bboff\u00bb show_pagination=\u00bboff\u00bb new_query=\u00bbon\u00bb post_type=\u00bbimpreso_tramit\u00bb include_meta=\u00bbpagina_de_destinacio\u00bb include_meta_terms=\u00bb577&#8243; hide_if_no_data=\u00bbon\u00bb admin_label=\u00bbContractacio 577&#8243; module_class=\u00bblista-tramits-impresos\u00bb _builder_version=\u00bb4.5.1&#8243;][\/et_pb_cpt_loop_archive][et_pb_text admin_label=\u00bbTitulo Convenis\u00bb _builder_version=\u00bb4.5.1&#8243; custom_margin=\u00bb||0px||false|false\u00bb custom_padding=\u00bb||0px||false|false\u00bb]<\/p>\n<h3>Convenios<\/h3>\n<p>[\/et_pb_text][et_pb_cpt_loop_archive loop_layout=\u00bb6282&#8243; fullwidth=\u00bboff\u00bb show_pagination=\u00bboff\u00bb new_query=\u00bbon\u00bb post_type=\u00bbimpreso_tramit\u00bb include_meta=\u00bbpagina_de_destinacio\u00bb include_meta_terms=\u00bb582&#8243; hide_if_no_data=\u00bbon\u00bb admin_label=\u00bbConvenis 582&#8243; module_class=\u00bblista-tramits-impresos\u00bb _builder_version=\u00bb4.5.1&#8243;][\/et_pb_cpt_loop_archive][et_pb_text admin_label=\u00bbTitulo Patrimoni i Vivenda\u00bb _builder_version=\u00bb4.5.1&#8243; custom_margin=\u00bb||0px||false|false\u00bb custom_padding=\u00bb||0px||false|false\u00bb]<\/p>\n<h3>Patrimonio y Vivienda<\/h3>\n<p>[\/et_pb_text][et_pb_cpt_loop_archive loop_layout=\u00bb6282&#8243; fullwidth=\u00bboff\u00bb show_pagination=\u00bboff\u00bb new_query=\u00bbon\u00bb post_type=\u00bbimpreso_tramit\u00bb include_meta=\u00bbpagina_de_destinacio\u00bb include_meta_terms=\u00bb586&#8243; hide_if_no_data=\u00bbon\u00bb admin_label=\u00bbPatrimoni i Vivenda 586&#8243; module_class=\u00bblista-tramits-impresos\u00bb _builder_version=\u00bb4.5.1&#8243;][\/et_pb_cpt_loop_archive][\/et_pb_column][\/et_pb_row][et_pb_row _builder_version=\u00bb4.4.6&#8243; custom_margin=\u00bb0px||0px||true|false\u00bb custom_padding=\u00bb0px||0px||true|false\u00bb border_width_bottom=\u00bb1px\u00bb border_color_bottom=\u00bb#cccccc\u00bb][et_pb_column type=\u00bb4_4&#8243; _builder_version=\u00bb4.4.6&#8243;][et_pb_button button_url=\u00bb#top\u00bb button_text=\u00bbVolver al inicio\u00bb button_alignment=\u00bbright\u00bb admin_label=\u00bbBoton volver arriba\u00bb module_class=\u00bbboton-top\u00bb _builder_version=\u00bb4.4.6&#8243; custom_button=\u00bbon\u00bb button_text_color=\u00bb#777777&#8243; button_bg_color=\u00bbrgba(206,205,202,0)\u00bb button_icon=\u00bb%%177%%\u00bb button_icon_color=\u00bb#777777&#8243; button_on_hover=\u00bboff\u00bb button_bg_color__hover_enabled=\u00bbon|hover\u00bb button_bg_color__hover=\u00bbrgba(193,192,189,0.25)\u00bb button_bg_enable_color__hover=\u00bbon\u00bb][\/et_pb_button][\/et_pb_column][\/et_pb_row][et_pb_row admin_label=\u00bb#servicis-economics\u00bb module_id=\u00bbservicis-economics\u00bb module_class=\u00bbcontent-todos-impresos\u00bb _builder_version=\u00bb4.5.1&#8243;][et_pb_column type=\u00bb4_4&#8243; _builder_version=\u00bb3.29.3&#8243;][et_pb_text admin_label=\u00bbTitulo Servicis Econ\u00f2mics\u00bb _builder_version=\u00bb4.5.1&#8243; custom_margin=\u00bb||0px||false|false\u00bb custom_padding=\u00bb||0px||false|false\u00bb]<\/p>\n<h2>Servicios Econ\u00f3micos<\/h2>\n<p>[\/et_pb_text][et_pb_text admin_label=\u00bbTitulo Intervenci\u00f3, Fiscalitzaci\u00f3 i Presupostos\u00bb _builder_version=\u00bb4.5.1&#8243; custom_margin=\u00bb||0px||false|false\u00bb custom_padding=\u00bb||0px||false|false\u00bb]<\/p>\n<h3>Intervenci\u00f3n, Fiscalizaci\u00f3n y Presupuestos<\/h3>\n<p>[\/et_pb_text][et_pb_cpt_loop_archive loop_layout=\u00bb6282&#8243; fullwidth=\u00bboff\u00bb show_pagination=\u00bboff\u00bb new_query=\u00bbon\u00bb post_type=\u00bbimpreso_tramit\u00bb include_meta=\u00bbpagina_de_destinacio\u00bb include_meta_terms=\u00bb590&#8243; hide_if_no_data=\u00bbon\u00bb admin_label=\u00bbIntervenci\u00f3, Fiscalitzaci\u00f3 y Pressupostos 590&#8243; module_class=\u00bblista-tramits-impresos\u00bb _builder_version=\u00bb4.5.1&#8243;][\/et_pb_cpt_loop_archive][et_pb_text admin_label=\u00bbTitulo Tresoreria\u00bb _builder_version=\u00bb4.5.1&#8243; custom_margin=\u00bb||0px||false|false\u00bb custom_padding=\u00bb||0px||false|false\u00bb]<\/p>\n<h3>Tesorer\u00eda<\/h3>\n<p>[\/et_pb_text][et_pb_cpt_loop_archive loop_layout=\u00bb6282&#8243; fullwidth=\u00bboff\u00bb show_pagination=\u00bboff\u00bb new_query=\u00bbon\u00bb post_type=\u00bbimpreso_tramit\u00bb include_meta=\u00bbpagina_de_destinacio\u00bb include_meta_terms=\u00bb594&#8243; hide_if_no_data=\u00bbon\u00bb admin_label=\u00bbTresoreria 594&#8243; module_class=\u00bblista-tramits-impresos\u00bb _builder_version=\u00bb4.5.1&#8243;][\/et_pb_cpt_loop_archive][et_pb_text admin_label=\u00bbTitulo Gesti\u00f3 Tributaria\u00bb _builder_version=\u00bb4.5.1&#8243; custom_margin=\u00bb||0px||false|false\u00bb custom_padding=\u00bb||0px||false|false\u00bb]<\/p>\n<h3>Gesti\u00f3n Tributaria<\/h3>\n<p>[\/et_pb_text][et_pb_cpt_loop_archive loop_layout=\u00bb6282&#8243; fullwidth=\u00bboff\u00bb show_pagination=\u00bboff\u00bb new_query=\u00bbon\u00bb post_type=\u00bbimpreso_tramit\u00bb include_meta=\u00bbpagina_de_destinacio\u00bb include_meta_terms=\u00bb598&#8243; hide_if_no_data=\u00bbon\u00bb admin_label=\u00bbGesti\u00f3 Tribut\u00e0ria 598&#8243; module_class=\u00bblista-tramits-impresos\u00bb _builder_version=\u00bb4.5.1&#8243;][\/et_pb_cpt_loop_archive][et_pb_text admin_label=\u00bbTitulo I.B.I. (Impost sobre B\u00e9ns Immobles de Naturalesa Urbana y R\u00fastica)\u00bb _builder_version=\u00bb4.5.1&#8243; custom_margin=\u00bb||0px||false|false\u00bb custom_padding=\u00bb||0px||false|false\u00bb]<\/p>\n<h3>I.B.I. (Impuesto sobre Bienes Inmuebles de Naturaleza Urbana y R\u00fastica)<\/h3>\n<p>[\/et_pb_text][et_pb_cpt_loop_archive loop_layout=\u00bb6282&#8243; fullwidth=\u00bboff\u00bb show_pagination=\u00bboff\u00bb new_query=\u00bbon\u00bb post_type=\u00bbimpreso_tramit\u00bb include_meta=\u00bbpagina_de_destinacio\u00bb include_meta_terms=\u00bb624&#8243; hide_if_no_data=\u00bbon\u00bb admin_label=\u00bbI.B.I. 624&#8243; module_class=\u00bblista-tramits-impresos\u00bb _builder_version=\u00bb4.5.1&#8243;][\/et_pb_cpt_loop_archive][et_pb_text admin_label=\u00bbTitulo I.A.A.E.E. (Impost sobre Activitats Econ\u00f2miques)\u00bb _builder_version=\u00bb4.5.1&#8243; custom_margin=\u00bb||0px||false|false\u00bb custom_padding=\u00bb||0px||false|false\u00bb]<\/p>\n<h3>I.A.A.E.E. (Impuesto sobre Actividades Econ\u00f3micas)<\/h3>\n<p>[\/et_pb_text][et_pb_cpt_loop_archive loop_layout=\u00bb6282&#8243; fullwidth=\u00bboff\u00bb show_pagination=\u00bboff\u00bb new_query=\u00bbon\u00bb post_type=\u00bbimpreso_tramit\u00bb include_meta=\u00bbpagina_de_destinacio\u00bb include_meta_terms=\u00bb631&#8243; hide_if_no_data=\u00bbon\u00bb admin_label=\u00bbI.A.A.E.E. 631&#8243; module_class=\u00bblista-tramits-impresos\u00bb _builder_version=\u00bb4.5.1&#8243;][\/et_pb_cpt_loop_archive][et_pb_text admin_label=\u00bbTitulo I.V.T.M. (Impost sobre Vehicles de Tracci\u00f3 mec\u00e0nica)\u00bb _builder_version=\u00bb4.5.1&#8243; custom_margin=\u00bb||0px||false|false\u00bb custom_padding=\u00bb||0px||false|false\u00bb]<\/p>\n<h3>I.V.T.M. (Impuesto sobre Veh\u00edculos de Tracci\u00f3n Mec\u00e1nica)<\/h3>\n<p>[\/et_pb_text][et_pb_cpt_loop_archive loop_layout=\u00bb6282&#8243; fullwidth=\u00bboff\u00bb show_pagination=\u00bboff\u00bb new_query=\u00bbon\u00bb post_type=\u00bbimpreso_tramit\u00bb include_meta=\u00bbpagina_de_destinacio\u00bb include_meta_terms=\u00bb637&#8243; hide_if_no_data=\u00bbon\u00bb admin_label=\u00bbImpost sobre Vehicles de Tracci\u00f3 Mec\u00e0nica (I.V.T.M.) 637&#8243; module_class=\u00bblista-tramits-impresos\u00bb _builder_version=\u00bb4.5.1&#8243;][\/et_pb_cpt_loop_archive][et_pb_text admin_label=\u00bbTitulo I.V.T.N.U. (Impost sobre l\u2019Increment de Valor de Terrenys de Naturalesa Urbana)\u00bb _builder_version=\u00bb4.5.1&#8243; custom_margin=\u00bb||0px||false|false\u00bb custom_padding=\u00bb||0px||false|false\u00bb]<\/p>\n<h3>I.V.T.N.U. (Impuesto sobre el Incremento de Valor de Terrenos de Naturaleza Urbana)<\/h3>\n<p>[\/et_pb_text][et_pb_cpt_loop_archive loop_layout=\u00bb6282&#8243; fullwidth=\u00bboff\u00bb show_pagination=\u00bboff\u00bb new_query=\u00bbon\u00bb post_type=\u00bbimpreso_tramit\u00bb include_meta=\u00bbpagina_de_destinacio\u00bb include_meta_terms=\u00bb642&#8243; hide_if_no_data=\u00bbon\u00bb admin_label=\u00bb(I.V.T.N.U.) 642&#8243; module_class=\u00bblista-tramits-impresos\u00bb _builder_version=\u00bb4.5.1&#8243;][\/et_pb_cpt_loop_archive][et_pb_text admin_label=\u00bbTitulo I.C.I.O. (Impost sobre Construccions, Instal\u00b7lacions i Obres)\u00bb _builder_version=\u00bb4.5.1&#8243; custom_margin=\u00bb||0px||false|false\u00bb custom_padding=\u00bb||0px||false|false\u00bb]<\/p>\n<h3>I.C.I.O. (Impuesto sobre Construcciones, Instalaciones y Obras)<\/h3>\n<p>[\/et_pb_text][et_pb_cpt_loop_archive loop_layout=\u00bb6282&#8243; fullwidth=\u00bboff\u00bb show_pagination=\u00bboff\u00bb new_query=\u00bbon\u00bb post_type=\u00bbimpreso_tramit\u00bb include_meta=\u00bbpagina_de_destinacio\u00bb include_meta_terms=\u00bb648&#8243; hide_if_no_data=\u00bbon\u00bb admin_label=\u00bb(I.C.I.O.) 648&#8243; module_class=\u00bblista-tramits-impresos\u00bb _builder_version=\u00bb4.5.1&#8243;][\/et_pb_cpt_loop_archive][et_pb_text admin_label=\u00bbTitulo Taxes i Altres\u00bb _builder_version=\u00bb4.5.1&#8243; custom_margin=\u00bb||0px||false|false\u00bb custom_padding=\u00bb||0px||false|false\u00bb]<\/p>\n<h3>Tasas y Otros<\/h3>\n<p>[\/et_pb_text][et_pb_cpt_loop_archive loop_layout=\u00bb6282&#8243; fullwidth=\u00bboff\u00bb show_pagination=\u00bboff\u00bb new_query=\u00bbon\u00bb post_type=\u00bbimpreso_tramit\u00bb include_meta=\u00bbpagina_de_destinacio\u00bb include_meta_terms=\u00bb2175&#8243; hide_if_no_data=\u00bbon\u00bb admin_label=\u00bbTaxes i altres 2175&#8243; module_class=\u00bblista-tramits-impresos\u00bb _builder_version=\u00bb4.5.1&#8243;][\/et_pb_cpt_loop_archive][\/et_pb_column][\/et_pb_row][et_pb_row _builder_version=\u00bb4.4.6&#8243; custom_margin=\u00bb0px||0px||true|false\u00bb custom_padding=\u00bb0px||0px||true|false\u00bb border_width_bottom=\u00bb1px\u00bb border_color_bottom=\u00bb#cccccc\u00bb locked=\u00bboff\u00bb][et_pb_column type=\u00bb4_4&#8243; _builder_version=\u00bb4.4.6&#8243;][et_pb_button button_url=\u00bb#top\u00bb button_text=\u00bbVolver al inicio\u00bb button_alignment=\u00bbright\u00bb admin_label=\u00bbBoton volver arriba\u00bb module_class=\u00bbboton-top\u00bb _builder_version=\u00bb4.4.6&#8243; custom_button=\u00bbon\u00bb button_text_color=\u00bb#777777&#8243; button_bg_color=\u00bbrgba(206,205,202,0)\u00bb button_icon=\u00bb%%177%%\u00bb button_icon_color=\u00bb#777777&#8243; button_on_hover=\u00bboff\u00bb button_bg_color__hover_enabled=\u00bbon|hover\u00bb button_bg_color__hover=\u00bbrgba(193,192,189,0.25)\u00bb button_bg_enable_color__hover=\u00bbon\u00bb][\/et_pb_button][\/et_pb_column][\/et_pb_row][et_pb_row admin_label=\u00bb#urbanisme-medi-ambient\u00bb module_id=\u00bburbanisme-medi-ambient\u00bb module_class=\u00bbcontent-todos-impresos\u00bb _builder_version=\u00bb4.5.1&#8243;][et_pb_column type=\u00bb4_4&#8243; _builder_version=\u00bb3.29.3&#8243;][et_pb_text admin_label=\u00bbTitulo Urbanisme i Medi Ambient\u00bb _builder_version=\u00bb4.4.6&#8243; custom_margin=\u00bb||0px||false|false\u00bb custom_padding=\u00bb||0px||false|false\u00bb]<\/p>\n<h2>Urbanismo y Medio Ambiente<\/h2>\n<p>[\/et_pb_text][et_pb_text admin_label=\u00bbTitulo Planejament i Gesti\u00f3\u00bb _builder_version=\u00bb4.5.1&#8243; custom_margin=\u00bb||0px||false|false\u00bb custom_padding=\u00bb||0px||false|false\u00bb]<\/p>\n<h3>Planeamiento y Gesti\u00f3n<\/h3>\n<p>[\/et_pb_text][et_pb_cpt_loop_archive loop_layout=\u00bb6282&#8243; fullwidth=\u00bboff\u00bb show_pagination=\u00bboff\u00bb new_query=\u00bbon\u00bb post_type=\u00bbimpreso_tramit\u00bb posts_number=\u00bb26&#8243; include_meta=\u00bbpagina_de_destinacio\u00bb include_meta_terms=\u00bb656&#8243; hide_if_no_data=\u00bbon\u00bb admin_label=\u00bbPlanejament i Gesti\u00f3 656&#8243; module_class=\u00bblista-tramits-impresos\u00bb _builder_version=\u00bb4.5.1&#8243;][\/et_pb_cpt_loop_archive][et_pb_text admin_label=\u00bbTitulo Projectes Municipals\u00bb _builder_version=\u00bb4.5.1&#8243; custom_margin=\u00bb||0px||false|false\u00bb custom_padding=\u00bb||0px||false|false\u00bb]<\/p>\n<h3>Proyectos Municipales<\/h3>\n<p>[\/et_pb_text][et_pb_cpt_loop_archive loop_layout=\u00bb6282&#8243; fullwidth=\u00bboff\u00bb show_pagination=\u00bboff\u00bb new_query=\u00bbon\u00bb post_type=\u00bbimpreso_tramit\u00bb include_meta=\u00bbpagina_de_destinacio\u00bb include_meta_terms=\u00bb658&#8243; hide_if_no_data=\u00bbon\u00bb admin_label=\u00bbProjectes Municipals 658&#8243; module_class=\u00bblista-tramits-impresos\u00bb _builder_version=\u00bb4.5.1&#8243;][\/et_pb_cpt_loop_archive][\/et_pb_column][\/et_pb_row][et_pb_row _builder_version=\u00bb4.4.6&#8243; custom_margin=\u00bb0px||0px||true|false\u00bb custom_padding=\u00bb0px||0px||true|false\u00bb border_width_bottom=\u00bb1px\u00bb border_color_bottom=\u00bb#cccccc\u00bb locked=\u00bboff\u00bb][et_pb_column type=\u00bb4_4&#8243; _builder_version=\u00bb4.4.6&#8243;][et_pb_button button_url=\u00bb#top\u00bb button_text=\u00bbVolver al inicio\u00bb button_alignment=\u00bbright\u00bb admin_label=\u00bbBoton volver arriba\u00bb module_class=\u00bbboton-top\u00bb _builder_version=\u00bb4.4.6&#8243; custom_button=\u00bbon\u00bb button_text_color=\u00bb#777777&#8243; button_bg_color=\u00bbrgba(206,205,202,0)\u00bb button_icon=\u00bb%%177%%\u00bb button_icon_color=\u00bb#777777&#8243; button_on_hover=\u00bboff\u00bb button_bg_color__hover_enabled=\u00bbon|hover\u00bb button_bg_color__hover=\u00bbrgba(193,192,189,0.25)\u00bb button_bg_enable_color__hover=\u00bbon\u00bb][\/et_pb_button][\/et_pb_column][\/et_pb_row][et_pb_row admin_label=\u00bb#benestar-social\u00bb module_id=\u00bbbenestar-social\u00bb module_class=\u00bbcontent-todos-impresos\u00bb _builder_version=\u00bb4.5.1&#8243;][et_pb_column type=\u00bb4_4&#8243; _builder_version=\u00bb3.29.3&#8243;][et_pb_text admin_label=\u00bbTitulo Benestar Social\u00bb _builder_version=\u00bb4.4.6&#8243; custom_margin=\u00bb||0px||false|false\u00bb custom_padding=\u00bb||0px||false|false\u00bb]<\/p>\n<h2>Bienestar Social<\/h2>\n<p>[\/et_pb_text][et_pb_text admin_label=\u00bbTitulo Servicis Socials\u00bb _builder_version=\u00bb4.5.1&#8243; custom_margin=\u00bb||0px||false|false\u00bb custom_padding=\u00bb||0px||false|false\u00bb]<\/p>\n<h3>Servicios Sociales<\/h3>\n<p>[\/et_pb_text][et_pb_cpt_loop_archive loop_layout=\u00bb6282&#8243; fullwidth=\u00bboff\u00bb show_pagination=\u00bboff\u00bb new_query=\u00bbon\u00bb post_type=\u00bbimpreso_tramit\u00bb include_meta=\u00bbpagina_de_destinacio\u00bb include_meta_terms=\u00bb664&#8243; hide_if_no_data=\u00bbon\u00bb admin_label=\u00bbServicis Socials 664&#8243; module_class=\u00bblista-tramits-impresos\u00bb _builder_version=\u00bb4.5.1&#8243;][\/et_pb_cpt_loop_archive][et_pb_text admin_label=\u00bbTitulo Dona i Igualtat\u00bb _builder_version=\u00bb4.5.1&#8243; custom_margin=\u00bb||0px||false|false\u00bb custom_padding=\u00bb||0px||false|false\u00bb]<\/p>\n<h3>Mujer e Igualdad<\/h3>\n<p>[\/et_pb_text][et_pb_cpt_loop_archive loop_layout=\u00bb6282&#8243; fullwidth=\u00bboff\u00bb show_pagination=\u00bboff\u00bb new_query=\u00bbon\u00bb post_type=\u00bbimpreso_tramit\u00bb include_meta=\u00bbpagina_de_destinacio\u00bb include_meta_terms=\u00bb668&#8243; hide_if_no_data=\u00bbon\u00bb admin_label=\u00bbDona i Igualtat 668&#8243; module_class=\u00bblista-tramits-impresos\u00bb _builder_version=\u00bb4.5.1&#8243;][\/et_pb_cpt_loop_archive][\/et_pb_column][\/et_pb_row][et_pb_row _builder_version=\u00bb4.4.6&#8243; custom_margin=\u00bb0px||0px||true|false\u00bb custom_padding=\u00bb0px||0px||true|false\u00bb border_width_bottom=\u00bb1px\u00bb border_color_bottom=\u00bb#cccccc\u00bb locked=\u00bboff\u00bb][et_pb_column type=\u00bb4_4&#8243; _builder_version=\u00bb4.4.6&#8243;][et_pb_button button_url=\u00bb#top\u00bb button_text=\u00bbVolver al inicio\u00bb button_alignment=\u00bbright\u00bb admin_label=\u00bbBoton volver arriba\u00bb module_class=\u00bbboton-top\u00bb _builder_version=\u00bb4.4.6&#8243; custom_button=\u00bbon\u00bb button_text_color=\u00bb#777777&#8243; button_bg_color=\u00bbrgba(206,205,202,0)\u00bb button_icon=\u00bb%%177%%\u00bb button_icon_color=\u00bb#777777&#8243; button_on_hover=\u00bboff\u00bb button_bg_color__hover_enabled=\u00bbon|hover\u00bb button_bg_color__hover=\u00bbrgba(193,192,189,0.25)\u00bb button_bg_enable_color__hover=\u00bbon\u00bb][\/et_pb_button][\/et_pb_column][\/et_pb_row][et_pb_row admin_label=\u00bb#promocio-desenvolupament\u00bb module_id=\u00bbpromocio-desenvolupament\u00bb module_class=\u00bbcontent-todos-impresos\u00bb _builder_version=\u00bb4.5.1&#8243;][et_pb_column type=\u00bb4_4&#8243; _builder_version=\u00bb3.29.3&#8243;][et_pb_text admin_label=\u00bbTitulo Promoci\u00f3 i Desenvolupament\u00bb _builder_version=\u00bb4.4.6&#8243; custom_margin=\u00bb||0px||false|false\u00bb custom_padding=\u00bb||0px||false|false\u00bb]<\/p>\n<h2>Promoci\u00f3n y Desarrollo<\/h2>\n<p>[\/et_pb_text][et_pb_text admin_label=\u00bbTitulo Ag\u00e8ncia d\u2019Ocupaci\u00f3 i Desenrotllament Local\u00bb _builder_version=\u00bb4.5.1&#8243; custom_margin=\u00bb||0px||false|false\u00bb custom_padding=\u00bb||0px||false|false\u00bb]<\/p>\n<h3>Agencia de Ocupaci\u00f3n y Desarrollo Local<\/h3>\n<p>[\/et_pb_text][et_pb_cpt_loop_archive loop_layout=\u00bb6282&#8243; fullwidth=\u00bboff\u00bb show_pagination=\u00bboff\u00bb new_query=\u00bbon\u00bb post_type=\u00bbimpreso_tramit\u00bb include_meta=\u00bbpagina_de_destinacio\u00bb include_meta_terms=\u00bb676&#8243; hide_if_no_data=\u00bbon\u00bb admin_label=\u00bbAEDL 676&#8243; module_class=\u00bblista-tramits-impresos\u00bb _builder_version=\u00bb4.5.1&#8243;][\/et_pb_cpt_loop_archive][et_pb_text admin_label=\u00bbTitulo OMIC (Oficina Municipal d\u2019Informaci\u00f3 al Consumidor)\u00bb _builder_version=\u00bb4.5.1&#8243; custom_margin=\u00bb||0px||false|false\u00bb custom_padding=\u00bb||0px||false|false\u00bb]<\/p>\n<h3>OMIC (Oficina Municipal de Informaci\u00f3n al Consumidor)<\/h3>\n<p>[\/et_pb_text][et_pb_cpt_loop_archive loop_layout=\u00bb6282&#8243; fullwidth=\u00bboff\u00bb show_pagination=\u00bboff\u00bb new_query=\u00bbon\u00bb post_type=\u00bbimpreso_tramit\u00bb include_meta=\u00bbpagina_de_destinacio\u00bb include_meta_terms=\u00bb678&#8243; hide_if_no_data=\u00bbon\u00bb admin_label=\u00bbOMIC 678&#8243; module_class=\u00bblista-tramits-impresos\u00bb _builder_version=\u00bb4.5.1&#8243;][\/et_pb_cpt_loop_archive][\/et_pb_column][\/et_pb_row][et_pb_row _builder_version=\u00bb4.4.6&#8243; custom_margin=\u00bb0px||0px||true|false\u00bb custom_padding=\u00bb0px||0px||true|false\u00bb border_width_bottom=\u00bb1px\u00bb border_color_bottom=\u00bb#cccccc\u00bb locked=\u00bboff\u00bb][et_pb_column type=\u00bb4_4&#8243; _builder_version=\u00bb4.4.6&#8243;][et_pb_button button_url=\u00bb#top\u00bb button_text=\u00bbVolver al inicio\u00bb button_alignment=\u00bbright\u00bb admin_label=\u00bbBoton volver arriba\u00bb module_class=\u00bbboton-top\u00bb _builder_version=\u00bb4.4.6&#8243; custom_button=\u00bbon\u00bb button_text_color=\u00bb#777777&#8243; button_bg_color=\u00bbrgba(206,205,202,0)\u00bb button_icon=\u00bb%%177%%\u00bb button_icon_color=\u00bb#777777&#8243; button_on_hover=\u00bboff\u00bb button_bg_color__hover_enabled=\u00bbon|hover\u00bb button_bg_color__hover=\u00bbrgba(193,192,189,0.25)\u00bb button_bg_enable_color__hover=\u00bbon\u00bb][\/et_pb_button][\/et_pb_column][\/et_pb_row][et_pb_row admin_label=\u00bb#educacio-cultura-esports\u00bb module_id=\u00bbeducacio-cultura-esports\u00bb module_class=\u00bbcontent-todos-impresos\u00bb _builder_version=\u00bb4.5.1&#8243;][et_pb_column type=\u00bb4_4&#8243; _builder_version=\u00bb3.29.3&#8243;][et_pb_text admin_label=\u00bbTitulo Educaci\u00f3, Cultura i Esports\u00bb _builder_version=\u00bb4.4.6&#8243; custom_margin=\u00bb||0px||false|false\u00bb custom_padding=\u00bb||0px||false|false\u00bb]<\/p>\n<h2>Educaci\u00f3n, Cultura y Deportes<\/h2>\n<p>[\/et_pb_text][et_pb_text admin_label=\u00bbTitulo Educaci\u00f3\u00bb _builder_version=\u00bb4.5.1&#8243; custom_margin=\u00bb||0px||false|false\u00bb custom_padding=\u00bb||0px||false|false\u00bb]<\/p>\n<h3>Educaci\u00f3n<\/h3>\n<p>[\/et_pb_text][et_pb_cpt_loop_archive loop_layout=\u00bb6282&#8243; fullwidth=\u00bboff\u00bb show_pagination=\u00bboff\u00bb new_query=\u00bbon\u00bb post_type=\u00bbimpreso_tramit\u00bb include_meta=\u00bbpagina_de_destinacio\u00bb include_meta_terms=\u00bb684&#8243; hide_if_no_data=\u00bbon\u00bb admin_label=\u00bbEducacio 684&#8243; module_class=\u00bblista-tramits-impresos\u00bb _builder_version=\u00bb4.5.1&#8243;][\/et_pb_cpt_loop_archive][et_pb_text admin_label=\u00bbTitulo Escola Permanent d&#8217;Adults\u00bb _builder_version=\u00bb4.5.1&#8243; custom_margin=\u00bb||0px||false|false\u00bb custom_padding=\u00bb||0px||false|false\u00bb]<\/p>\n<h3>Escuela Permanente de Adultos<\/h3>\n<p>[\/et_pb_text][et_pb_cpt_loop_archive loop_layout=\u00bb6282&#8243; fullwidth=\u00bboff\u00bb show_pagination=\u00bboff\u00bb new_query=\u00bbon\u00bb post_type=\u00bbimpreso_tramit\u00bb include_meta=\u00bbpagina_de_destinacio\u00bb include_meta_terms=\u00bb686&#8243; hide_if_no_data=\u00bbon\u00bb admin_label=\u00bbEscola Permanent Adults 686&#8243; module_class=\u00bblista-tramits-impresos\u00bb _builder_version=\u00bb4.5.1&#8243;][\/et_pb_cpt_loop_archive][et_pb_text admin_label=\u00bbTitulo Cultura\u00bb _builder_version=\u00bb4.5.1&#8243; custom_margin=\u00bb||0px||false|false\u00bb custom_padding=\u00bb||0px||false|false\u00bb]<\/p>\n<h3>Cultura<\/h3>\n<p>[\/et_pb_text][et_pb_cpt_loop_archive loop_layout=\u00bb6282&#8243; fullwidth=\u00bboff\u00bb show_pagination=\u00bboff\u00bb new_query=\u00bbon\u00bb post_type=\u00bbimpreso_tramit\u00bb include_meta=\u00bbpagina_de_destinacio\u00bb include_meta_terms=\u00bb690&#8243; hide_if_no_data=\u00bbon\u00bb admin_label=\u00bbCultura 690&#8243; module_class=\u00bblista-tramits-impresos\u00bb _builder_version=\u00bb4.5.1&#8243;][\/et_pb_cpt_loop_archive][et_pb_text admin_label=\u00bbTitulo Biblioteca Municipal\u00bb _builder_version=\u00bb4.5.1&#8243; custom_margin=\u00bb||0px||false|false\u00bb custom_padding=\u00bb||0px||false|false\u00bb]<\/p>\n<h3>Biblioteca Municipal<\/h3>\n<p>[\/et_pb_text][et_pb_cpt_loop_archive loop_layout=\u00bb6282&#8243; fullwidth=\u00bboff\u00bb show_pagination=\u00bboff\u00bb new_query=\u00bbon\u00bb post_type=\u00bbimpreso_tramit\u00bb include_meta=\u00bbpagina_de_destinacio\u00bb include_meta_terms=\u00bb688&#8243; hide_if_no_data=\u00bbon\u00bb admin_label=\u00bbBiblioteca Municipal 688&#8243; module_class=\u00bblista-tramits-impresos\u00bb _builder_version=\u00bb4.5.1&#8243;][\/et_pb_cpt_loop_archive][et_pb_text admin_label=\u00bbTitulo Festes\u00bb _builder_version=\u00bb4.5.1&#8243; custom_margin=\u00bb||0px||false|false\u00bb custom_padding=\u00bb||0px||false|false\u00bb]<\/p>\n<h3>Fiestas<\/h3>\n<p>[\/et_pb_text][et_pb_cpt_loop_archive loop_layout=\u00bb6282&#8243; fullwidth=\u00bboff\u00bb show_pagination=\u00bboff\u00bb new_query=\u00bbon\u00bb post_type=\u00bbimpreso_tramit\u00bb include_meta=\u00bbpagina_de_destinacio\u00bb include_meta_terms=\u00bb692&#8243; hide_if_no_data=\u00bbon\u00bb admin_label=\u00bbFestes 692&#8243; module_class=\u00bblista-tramits-impresos\u00bb _builder_version=\u00bb4.5.1&#8243;][\/et_pb_cpt_loop_archive][et_pb_text admin_label=\u00bbTitulo Esports\u00bb _builder_version=\u00bb4.5.1&#8243; custom_margin=\u00bb||0px||false|false\u00bb custom_padding=\u00bb||0px||false|false\u00bb]<\/p>\n<h3>Deportes<\/h3>\n<p>[\/et_pb_text][et_pb_cpt_loop_archive loop_layout=\u00bb6282&#8243; fullwidth=\u00bboff\u00bb show_pagination=\u00bboff\u00bb new_query=\u00bbon\u00bb post_type=\u00bbimpreso_tramit\u00bb include_meta=\u00bbpagina_de_destinacio\u00bb include_meta_terms=\u00bb694&#8243; hide_if_no_data=\u00bbon\u00bb admin_label=\u00bbEsports 694&#8243; module_class=\u00bblista-tramits-impresos\u00bb _builder_version=\u00bb4.5.1&#8243;][\/et_pb_cpt_loop_archive][et_pb_text admin_label=\u00bbTitulo Centre Informaci\u00f3 Juvenil\u00bb _builder_version=\u00bb4.5.1&#8243; custom_margin=\u00bb||0px||false|false\u00bb custom_padding=\u00bb||0px||false|false\u00bb]<\/p>\n<h3>Centro de Informaci\u00f3n Juvenil<\/h3>\n<p>[\/et_pb_text][et_pb_cpt_loop_archive loop_layout=\u00bb6282&#8243; fullwidth=\u00bboff\u00bb show_pagination=\u00bboff\u00bb new_query=\u00bbon\u00bb post_type=\u00bbimpreso_tramit\u00bb include_meta=\u00bbpagina_de_destinacio\u00bb include_meta_terms=\u00bb666&#8243; hide_if_no_data=\u00bbon\u00bb admin_label=\u00bbCentre Informacion Juvenil 666&#8243; module_class=\u00bblista-tramits-impresos\u00bb _builder_version=\u00bb4.5.1&#8243;][\/et_pb_cpt_loop_archive][\/et_pb_column][\/et_pb_row][et_pb_row _builder_version=\u00bb4.4.6&#8243; custom_margin=\u00bb0px||0px||true|false\u00bb custom_padding=\u00bb0px||0px||true|false\u00bb border_width_bottom=\u00bb1px\u00bb border_color_bottom=\u00bb#cccccc\u00bb locked=\u00bboff\u00bb][et_pb_column type=\u00bb4_4&#8243; _builder_version=\u00bb4.4.6&#8243;][et_pb_button button_url=\u00bb#top\u00bb button_text=\u00bbVolver al inicio\u00bb button_alignment=\u00bbright\u00bb admin_label=\u00bbBoton volver arriba\u00bb module_class=\u00bbboton-top\u00bb _builder_version=\u00bb4.4.6&#8243; custom_button=\u00bbon\u00bb button_text_color=\u00bb#777777&#8243; button_bg_color=\u00bbrgba(206,205,202,0)\u00bb button_icon=\u00bb%%177%%\u00bb button_icon_color=\u00bb#777777&#8243; button_on_hover=\u00bboff\u00bb button_bg_color__hover_enabled=\u00bbon|hover\u00bb button_bg_color__hover=\u00bbrgba(193,192,189,0.25)\u00bb button_bg_enable_color__hover=\u00bbon\u00bb][\/et_pb_button][\/et_pb_column][\/et_pb_row][et_pb_row admin_label=\u00bb#policia\u00bb module_id=\u00bbpolicia\u00bb module_class=\u00bbcontent-todos-impresos\u00bb _builder_version=\u00bb4.5.1&#8243;][et_pb_column type=\u00bb4_4&#8243; _builder_version=\u00bb3.29.3&#8243;][et_pb_text admin_label=\u00bbTitulo Policia Local\u00bb _builder_version=\u00bb4.4.6&#8243; custom_margin=\u00bb||0px||false|false\u00bb custom_padding=\u00bb||0px||false|false\u00bb]<\/p>\n<h2>Polic\u00eda Local<\/h2>\n<p>[\/et_pb_text][et_pb_cpt_loop_archive loop_layout=\u00bb6282&#8243; fullwidth=\u00bboff\u00bb show_pagination=\u00bboff\u00bb new_query=\u00bbon\u00bb post_type=\u00bbimpreso_tramit\u00bb include_meta=\u00bbpagina_de_destinacio\u00bb include_meta_terms=\u00bb708&#8243; hide_if_no_data=\u00bbon\u00bb admin_label=\u00bbPolicia Local 708&#8243; module_class=\u00bblista-tramits-impresos\u00bb _builder_version=\u00bb4.5.1&#8243;][\/et_pb_cpt_loop_archive][\/et_pb_column][\/et_pb_row][et_pb_row _builder_version=\u00bb4.4.6&#8243; custom_margin=\u00bb0px||0px||true|false\u00bb custom_padding=\u00bb0px||0px||true|false\u00bb border_width_bottom=\u00bb1px\u00bb border_color_bottom=\u00bb#cccccc\u00bb locked=\u00bboff\u00bb][et_pb_column type=\u00bb4_4&#8243; _builder_version=\u00bb4.4.6&#8243;][et_pb_button button_url=\u00bb#top\u00bb button_text=\u00bbVolver al inicio\u00bb button_alignment=\u00bbright\u00bb admin_label=\u00bbBoton volver arriba\u00bb module_class=\u00bbboton-top\u00bb _builder_version=\u00bb4.4.6&#8243; custom_button=\u00bbon\u00bb button_text_color=\u00bb#777777&#8243; button_bg_color=\u00bbrgba(206,205,202,0)\u00bb button_icon=\u00bb%%177%%\u00bb button_icon_color=\u00bb#777777&#8243; button_on_hover=\u00bboff\u00bb button_bg_color__hover_enabled=\u00bbon|hover\u00bb button_bg_color__hover=\u00bbrgba(193,192,189,0.25)\u00bb button_bg_enable_color__hover=\u00bbon\u00bb][\/et_pb_button][\/et_pb_column][\/et_pb_row][\/et_pb_section]<\/p>\n","protected":false},"excerpt":{"rendered":"<p>\u00c1reas y servicios | SERVICIOS GENERALES Impresos y tr\u00e1mites en Sede electr\u00f3nicaEn esta secci\u00f3n podr\u00e1 encontrar todos los: Impresos para tr\u00e1mites que se gestionen a trav\u00e9s del Registro AMIC. Enlaces a tr\u00e1mites que se gestionen a trav\u00e9s de la Sede electr\u00f3nica.Informaci\u00f3n de Inter\u00e9s:Todos los tr\u00e1mites que se realizan a trav\u00e9s de instancia PDF (no en sede electr\u00f3nica) se tienen que realizar presencialmente al Registro AMIC. Visite las diferentes p\u00e1ginas asociadas a cada tr\u00e1mite para encontrar m\u00e1s informaci\u00f3n sobre la documentaci\u00f3n a aportar y otros datos de inter\u00e9s.Consultas y dudas: Atenci\u00f3n Municipal de Informaci\u00f3n Ciudadana REGISTROS Y SOLICITUDES Plaza del Jard\u00edn, 7. Ayto. de Albal \u2013\u00a0Planta bajaTel:\u00a096 126 00 56\u00a0\u00b7 Fax: 96 127 08 61 Cita previaSede electr\u00f3nica \u200bBuscar impresos y tr\u00e1mites en sede electr\u00f3nica<div class=\"search-in-place-box-container  hide-search-button  search-in-place-box-container-custom-design  \"><form role=\"search\" method=\"get\" class=\"search-form\" action=\"https:\/\/albal.es\/es\/\">\n\t\t\t\t<label>\n\t\t\t\t\t<span class=\"screen-reader-text\">Buscar:<\/span>\n\t\t\t\t\t<input type=\"search\" class=\"search-field\" placeholder=\"Cercar\u2026\" value=\"\" name=\"s\" data-search-in-place=\"1\" data-search-in-page=\"1\" \/>\n\t\t\t\t<\/label>\n\t\t\t\t<input type=\"submit\" class=\"search-submit\" value=\"Buscar\" \/>\n\t\t\t<input type=\"hidden\" name=\"search_in_place_form\" value=\"1\"><\/form><\/div>Pulsar \u00abintro\u00bb para cambiar entre t\u00e9rminos encontradosSecretar\u00edaSecretar\u00edaPadr\u00f3n y Estad\u00edsticaCenso electoralRecursos HumanosContrataci\u00f3nConveniosPatrimonio y ViviendaServicios Econ\u00f3micosIntervenci\u00f3n, Fiscalizaci\u00f3n y PresupuestosTesorer\u00edaGesti\u00f3n TributariaI.B.I. (Impuesto sobre Bienes Inmuebles de Naturaleza Urbana y R\u00fastica)I.A.A.E.E. (Impuesto sobre Actividades Econ\u00f3micas)I.V.T.M. (Impuesto sobre Veh\u00edculos de Tracci\u00f3n Mec\u00e1nica)I.V.T.N.U. (Impuesto sobre el Incremento de Valor de Terrenos de Naturaleza Urbana)I.C.I.O. (Impuesto sobre Construcciones, Instalaciones y Obras)Tasas y OtrosUrbanismo y Medio AmbientePlaneamiento y Gesti\u00f3nProyectos MunicipalesBienestar SocialServicios SocialesMujer e IgualdadPromoci\u00f3n y DesarrolloAgencia de Ocupaci\u00f3n y Desarrollo LocalOMIC (Oficina Municipal [&hellip;]<\/p>\n","protected":false},"author":1,"featured_media":0,"parent":5083,"menu_order":1,"comment_status":"closed","ping_status":"closed","template":"","meta":{"_acf_changed":false,"_et_pb_use_builder":"on","_et_pb_old_content":"","_et_gb_content_width":"","footnotes":""},"coauthors":[69],"class_list":["post-984","page","type-page","status-publish","hentry"],"acf":[],"yoast_head":"<!-- This site is optimized with the Yoast SEO plugin v27.4 - https:\/\/yoast.com\/product\/yoast-seo-wordpress\/ -->\n<title>Impresos y tr\u00e1mites en Sede electr\u00f3nica - Ayuntamiento de Albal (Valencia)<\/title>\n<meta name=\"robots\" content=\"index, follow, max-snippet:-1, max-image-preview:large, max-video-preview:-1\" \/>\n<link rel=\"canonical\" href=\"https:\/\/albal.es\/es\/areas-y-servicios-2\/impresos-y-tramites-en-sede-electronica\/\" \/>\n<meta property=\"og:locale\" content=\"es_ES\" \/>\n<meta property=\"og:type\" content=\"article\" \/>\n<meta property=\"og:title\" content=\"Impresos y tr\u00e1mites en Sede electr\u00f3nica - Ayuntamiento de Albal (Valencia)\" \/>\n<meta property=\"og:description\" content=\"\u00c1reas y servicios | SERVICIOS GENERALES Impresos y tr\u00e1mites en Sede electr\u00f3nicaEn esta secci\u00f3n podr\u00e1 encontrar todos los: Impresos para tr\u00e1mites que se gestionen a trav\u00e9s del Registro AMIC. Enlaces a tr\u00e1mites que se gestionen a trav\u00e9s de la Sede electr\u00f3nica.Informaci\u00f3n de Inter\u00e9s:Todos los tr\u00e1mites que se realizan a trav\u00e9s de instancia PDF (no en sede electr\u00f3nica) se tienen que realizar presencialmente al Registro AMIC. Visite las diferentes p\u00e1ginas asociadas a cada tr\u00e1mite para encontrar m\u00e1s informaci\u00f3n sobre la documentaci\u00f3n a aportar y otros datos de inter\u00e9s.Consultas y dudas: Atenci\u00f3n Municipal de Informaci\u00f3n Ciudadana REGISTROS Y SOLICITUDES Plaza del Jard\u00edn, 7. Ayto. de Albal \u2013\u00a0Planta bajaTel:\u00a096 126 00 56\u00a0\u00b7 Fax: 96 127 08 61 Cita previaSede electr\u00f3nica \u200bBuscar impresos y tr\u00e1mites en sede electr\u00f3nicaPulsar \u00abintro\u00bb para cambiar entre t\u00e9rminos encontradosSecretar\u00edaSecretar\u00edaPadr\u00f3n y Estad\u00edsticaCenso electoralRecursos HumanosContrataci\u00f3nConveniosPatrimonio y ViviendaServicios Econ\u00f3micosIntervenci\u00f3n, Fiscalizaci\u00f3n y PresupuestosTesorer\u00edaGesti\u00f3n TributariaI.B.I. (Impuesto sobre Bienes Inmuebles de Naturaleza Urbana y R\u00fastica)I.A.A.E.E. (Impuesto sobre Actividades Econ\u00f3micas)I.V.T.M. (Impuesto sobre Veh\u00edculos de Tracci\u00f3n Mec\u00e1nica)I.V.T.N.U. (Impuesto sobre el Incremento de Valor de Terrenos de Naturaleza Urbana)I.C.I.O. (Impuesto sobre Construcciones, Instalaciones y Obras)Tasas y OtrosUrbanismo y Medio AmbientePlaneamiento y Gesti\u00f3nProyectos MunicipalesBienestar SocialServicios SocialesMujer e IgualdadPromoci\u00f3n y DesarrolloAgencia de Ocupaci\u00f3n y Desarrollo LocalOMIC (Oficina Municipal [&hellip;]\" \/>\n<meta property=\"og:site_name\" content=\"Ajuntament d&#039;Albal\" \/>\n<meta property=\"article:publisher\" content=\"https:\/\/facebook.com\/AjuntamentAlbal\/\" \/>\n<meta property=\"article:modified_time\" content=\"2021-08-04T14:47:31+00:00\" \/>\n<meta property=\"og:image\" content=\"https:\/\/albal-ayto.es\/img\/iconos\/documento-25x25-rojo.svg\" \/>\n<meta name=\"twitter:card\" content=\"summary_large_image\" \/>\n<meta name=\"twitter:label1\" content=\"Tiempo de lectura\" \/>\n\t<meta name=\"twitter:data1\" content=\"21 minutos\" \/>\n\t<meta name=\"twitter:label2\" content=\"Written by\" \/>\n\t<meta name=\"twitter:data2\" content=\"nx\" \/>\n<script type=\"application\/ld+json\" class=\"yoast-schema-graph\">{\"@context\":\"https:\\\/\\\/schema.org\",\"@graph\":[{\"@type\":\"WebPage\",\"@id\":\"https:\\\/\\\/albal.es\\\/es\\\/areas-y-servicios-2\\\/impresos-y-tramites-en-sede-electronica\\\/\",\"url\":\"https:\\\/\\\/albal.es\\\/es\\\/areas-y-servicios-2\\\/impresos-y-tramites-en-sede-electronica\\\/\",\"name\":\"Impresos y tr\u00e1mites en Sede electr\u00f3nica - Ayuntamiento de Albal (Valencia)\",\"isPartOf\":{\"@id\":\"https:\\\/\\\/albal.es\\\/es\\\/#website\"},\"primaryImageOfPage\":{\"@id\":\"https:\\\/\\\/albal.es\\\/es\\\/areas-y-servicios-2\\\/impresos-y-tramites-en-sede-electronica\\\/#primaryimage\"},\"image\":{\"@id\":\"https:\\\/\\\/albal.es\\\/es\\\/areas-y-servicios-2\\\/impresos-y-tramites-en-sede-electronica\\\/#primaryimage\"},\"thumbnailUrl\":\"https:\\\/\\\/albal-ayto.es\\\/img\\\/iconos\\\/documento-25x25-rojo.svg\",\"datePublished\":\"2019-12-10T18:42:00+00:00\",\"dateModified\":\"2021-08-04T14:47:31+00:00\",\"breadcrumb\":{\"@id\":\"https:\\\/\\\/albal.es\\\/es\\\/areas-y-servicios-2\\\/impresos-y-tramites-en-sede-electronica\\\/#breadcrumb\"},\"inLanguage\":\"es\",\"potentialAction\":[{\"@type\":\"ReadAction\",\"target\":[\"https:\\\/\\\/albal.es\\\/es\\\/areas-y-servicios-2\\\/impresos-y-tramites-en-sede-electronica\\\/\"]}]},{\"@type\":\"ImageObject\",\"inLanguage\":\"es\",\"@id\":\"https:\\\/\\\/albal.es\\\/es\\\/areas-y-servicios-2\\\/impresos-y-tramites-en-sede-electronica\\\/#primaryimage\",\"url\":\"https:\\\/\\\/albal-ayto.es\\\/img\\\/iconos\\\/documento-25x25-rojo.svg\",\"contentUrl\":\"https:\\\/\\\/albal-ayto.es\\\/img\\\/iconos\\\/documento-25x25-rojo.svg\"},{\"@type\":\"BreadcrumbList\",\"@id\":\"https:\\\/\\\/albal.es\\\/es\\\/areas-y-servicios-2\\\/impresos-y-tramites-en-sede-electronica\\\/#breadcrumb\",\"itemListElement\":[{\"@type\":\"ListItem\",\"position\":1,\"name\":\"Inici\",\"item\":\"https:\\\/\\\/albal.es\\\/es\\\/\"},{\"@type\":\"ListItem\",\"position\":2,\"name\":\"\u00c1reas y Servicios\",\"item\":\"https:\\\/\\\/albal.es\\\/es\\\/areas-y-servicios-2\\\/\"},{\"@type\":\"ListItem\",\"position\":3,\"name\":\"Impresos y tr\u00e1mites en Sede electr\u00f3nica\"}]},{\"@type\":\"WebSite\",\"@id\":\"https:\\\/\\\/albal.es\\\/es\\\/#website\",\"url\":\"https:\\\/\\\/albal.es\\\/es\\\/\",\"name\":\"Ajuntament d&#039;Albal\",\"description\":\"Ajuntament d&#039;Albal\",\"publisher\":{\"@id\":\"https:\\\/\\\/albal.es\\\/es\\\/#organization\"},\"potentialAction\":[{\"@type\":\"SearchAction\",\"target\":{\"@type\":\"EntryPoint\",\"urlTemplate\":\"https:\\\/\\\/albal.es\\\/es\\\/?s={search_term_string}\"},\"query-input\":{\"@type\":\"PropertyValueSpecification\",\"valueRequired\":true,\"valueName\":\"search_term_string\"}}],\"inLanguage\":\"es\"},{\"@type\":\"Organization\",\"@id\":\"https:\\\/\\\/albal.es\\\/es\\\/#organization\",\"name\":\"Ajuntament d'Albal - Valencia\",\"url\":\"https:\\\/\\\/albal.es\\\/es\\\/\",\"logo\":{\"@type\":\"ImageObject\",\"inLanguage\":\"es\",\"@id\":\"https:\\\/\\\/albal.es\\\/es\\\/#\\\/schema\\\/logo\\\/image\\\/\",\"url\":\"https:\\\/\\\/albal.es\\\/content-albal\\\/uploads\\\/2020\\\/06\\\/logo-ayuntamiento-albal.png\",\"contentUrl\":\"https:\\\/\\\/albal.es\\\/content-albal\\\/uploads\\\/2020\\\/06\\\/logo-ayuntamiento-albal.png\",\"width\":367,\"height\":332,\"caption\":\"Ajuntament d'Albal - Valencia\"},\"image\":{\"@id\":\"https:\\\/\\\/albal.es\\\/es\\\/#\\\/schema\\\/logo\\\/image\\\/\"},\"sameAs\":[\"https:\\\/\\\/facebook.com\\\/AjuntamentAlbal\\\/\"]}]}<\/script>\n<!-- \/ Yoast SEO plugin. -->","yoast_head_json":{"title":"Impresos y tr\u00e1mites en Sede electr\u00f3nica - Ayuntamiento de Albal (Valencia)","robots":{"index":"index","follow":"follow","max-snippet":"max-snippet:-1","max-image-preview":"max-image-preview:large","max-video-preview":"max-video-preview:-1"},"canonical":"https:\/\/albal.es\/es\/areas-y-servicios-2\/impresos-y-tramites-en-sede-electronica\/","og_locale":"es_ES","og_type":"article","og_title":"Impresos y tr\u00e1mites en Sede electr\u00f3nica - Ayuntamiento de Albal (Valencia)","og_description":"\u00c1reas y servicios | SERVICIOS GENERALES Impresos y tr\u00e1mites en Sede electr\u00f3nicaEn esta secci\u00f3n podr\u00e1 encontrar todos los: Impresos para tr\u00e1mites que se gestionen a trav\u00e9s del Registro AMIC. Enlaces a tr\u00e1mites que se gestionen a trav\u00e9s de la Sede electr\u00f3nica.Informaci\u00f3n de Inter\u00e9s:Todos los tr\u00e1mites que se realizan a trav\u00e9s de instancia PDF (no en sede electr\u00f3nica) se tienen que realizar presencialmente al Registro AMIC. Visite las diferentes p\u00e1ginas asociadas a cada tr\u00e1mite para encontrar m\u00e1s informaci\u00f3n sobre la documentaci\u00f3n a aportar y otros datos de inter\u00e9s.Consultas y dudas: Atenci\u00f3n Municipal de Informaci\u00f3n Ciudadana REGISTROS Y SOLICITUDES Plaza del Jard\u00edn, 7. Ayto. de Albal \u2013\u00a0Planta bajaTel:\u00a096 126 00 56\u00a0\u00b7 Fax: 96 127 08 61 Cita previaSede electr\u00f3nica \u200bBuscar impresos y tr\u00e1mites en sede electr\u00f3nicaPulsar \u00abintro\u00bb para cambiar entre t\u00e9rminos encontradosSecretar\u00edaSecretar\u00edaPadr\u00f3n y Estad\u00edsticaCenso electoralRecursos HumanosContrataci\u00f3nConveniosPatrimonio y ViviendaServicios Econ\u00f3micosIntervenci\u00f3n, Fiscalizaci\u00f3n y PresupuestosTesorer\u00edaGesti\u00f3n TributariaI.B.I. (Impuesto sobre Bienes Inmuebles de Naturaleza Urbana y R\u00fastica)I.A.A.E.E. (Impuesto sobre Actividades Econ\u00f3micas)I.V.T.M. (Impuesto sobre Veh\u00edculos de Tracci\u00f3n Mec\u00e1nica)I.V.T.N.U. (Impuesto sobre el Incremento de Valor de Terrenos de Naturaleza Urbana)I.C.I.O. (Impuesto sobre Construcciones, Instalaciones y Obras)Tasas y OtrosUrbanismo y Medio AmbientePlaneamiento y Gesti\u00f3nProyectos MunicipalesBienestar SocialServicios SocialesMujer e IgualdadPromoci\u00f3n y DesarrolloAgencia de Ocupaci\u00f3n y Desarrollo LocalOMIC (Oficina Municipal [&hellip;]","og_site_name":"Ajuntament d&#039;Albal","article_publisher":"https:\/\/facebook.com\/AjuntamentAlbal\/","article_modified_time":"2021-08-04T14:47:31+00:00","og_image":[{"url":"https:\/\/albal-ayto.es\/img\/iconos\/documento-25x25-rojo.svg","type":"","width":"","height":""}],"twitter_card":"summary_large_image","twitter_misc":{"Tiempo de lectura":"21 minutos","Written by":"nx"},"schema":{"@context":"https:\/\/schema.org","@graph":[{"@type":"WebPage","@id":"https:\/\/albal.es\/es\/areas-y-servicios-2\/impresos-y-tramites-en-sede-electronica\/","url":"https:\/\/albal.es\/es\/areas-y-servicios-2\/impresos-y-tramites-en-sede-electronica\/","name":"Impresos y tr\u00e1mites en Sede electr\u00f3nica - Ayuntamiento de Albal (Valencia)","isPartOf":{"@id":"https:\/\/albal.es\/es\/#website"},"primaryImageOfPage":{"@id":"https:\/\/albal.es\/es\/areas-y-servicios-2\/impresos-y-tramites-en-sede-electronica\/#primaryimage"},"image":{"@id":"https:\/\/albal.es\/es\/areas-y-servicios-2\/impresos-y-tramites-en-sede-electronica\/#primaryimage"},"thumbnailUrl":"https:\/\/albal-ayto.es\/img\/iconos\/documento-25x25-rojo.svg","datePublished":"2019-12-10T18:42:00+00:00","dateModified":"2021-08-04T14:47:31+00:00","breadcrumb":{"@id":"https:\/\/albal.es\/es\/areas-y-servicios-2\/impresos-y-tramites-en-sede-electronica\/#breadcrumb"},"inLanguage":"es","potentialAction":[{"@type":"ReadAction","target":["https:\/\/albal.es\/es\/areas-y-servicios-2\/impresos-y-tramites-en-sede-electronica\/"]}]},{"@type":"ImageObject","inLanguage":"es","@id":"https:\/\/albal.es\/es\/areas-y-servicios-2\/impresos-y-tramites-en-sede-electronica\/#primaryimage","url":"https:\/\/albal-ayto.es\/img\/iconos\/documento-25x25-rojo.svg","contentUrl":"https:\/\/albal-ayto.es\/img\/iconos\/documento-25x25-rojo.svg"},{"@type":"BreadcrumbList","@id":"https:\/\/albal.es\/es\/areas-y-servicios-2\/impresos-y-tramites-en-sede-electronica\/#breadcrumb","itemListElement":[{"@type":"ListItem","position":1,"name":"Inici","item":"https:\/\/albal.es\/es\/"},{"@type":"ListItem","position":2,"name":"\u00c1reas y Servicios","item":"https:\/\/albal.es\/es\/areas-y-servicios-2\/"},{"@type":"ListItem","position":3,"name":"Impresos y tr\u00e1mites en Sede electr\u00f3nica"}]},{"@type":"WebSite","@id":"https:\/\/albal.es\/es\/#website","url":"https:\/\/albal.es\/es\/","name":"Ajuntament d&#039;Albal","description":"Ajuntament d&#039;Albal","publisher":{"@id":"https:\/\/albal.es\/es\/#organization"},"potentialAction":[{"@type":"SearchAction","target":{"@type":"EntryPoint","urlTemplate":"https:\/\/albal.es\/es\/?s={search_term_string}"},"query-input":{"@type":"PropertyValueSpecification","valueRequired":true,"valueName":"search_term_string"}}],"inLanguage":"es"},{"@type":"Organization","@id":"https:\/\/albal.es\/es\/#organization","name":"Ajuntament d'Albal - Valencia","url":"https:\/\/albal.es\/es\/","logo":{"@type":"ImageObject","inLanguage":"es","@id":"https:\/\/albal.es\/es\/#\/schema\/logo\/image\/","url":"https:\/\/albal.es\/content-albal\/uploads\/2020\/06\/logo-ayuntamiento-albal.png","contentUrl":"https:\/\/albal.es\/content-albal\/uploads\/2020\/06\/logo-ayuntamiento-albal.png","width":367,"height":332,"caption":"Ajuntament d'Albal - Valencia"},"image":{"@id":"https:\/\/albal.es\/es\/#\/schema\/logo\/image\/"},"sameAs":["https:\/\/facebook.com\/AjuntamentAlbal\/"]}]}},"publishpress_future_workflow_manual_trigger":{"enabledWorkflows":[]},"_links":{"self":[{"href":"https:\/\/albal.es\/es\/wp-json\/wp\/v2\/pages\/984","targetHints":{"allow":["GET"]}}],"collection":[{"href":"https:\/\/albal.es\/es\/wp-json\/wp\/v2\/pages"}],"about":[{"href":"https:\/\/albal.es\/es\/wp-json\/wp\/v2\/types\/page"}],"author":[{"embeddable":true,"href":"https:\/\/albal.es\/es\/wp-json\/wp\/v2\/users\/1"}],"replies":[{"embeddable":true,"href":"https:\/\/albal.es\/es\/wp-json\/wp\/v2\/comments?post=984"}],"version-history":[{"count":0,"href":"https:\/\/albal.es\/es\/wp-json\/wp\/v2\/pages\/984\/revisions"}],"up":[{"embeddable":true,"href":"https:\/\/albal.es\/es\/wp-json\/wp\/v2\/pages\/5083"}],"wp:attachment":[{"href":"https:\/\/albal.es\/es\/wp-json\/wp\/v2\/media?parent=984"}],"wp:term":[{"taxonomy":"author","embeddable":true,"href":"https:\/\/albal.es\/es\/wp-json\/wp\/v2\/coauthors?post=984"}],"curies":[{"name":"wp","href":"https:\/\/api.w.org\/{rel}","templated":true}]}}