

{"id":8952,"date":"2019-12-10T12:54:03","date_gmt":"2019-12-10T11:54:03","guid":{"rendered":"https:\/\/albal.es\/areas-y-servicios-2\/secretaria-ayuntamiento\/censo-electoral\/"},"modified":"2020-07-27T11:04:33","modified_gmt":"2020-07-27T09:04:33","slug":"censo-electoral","status":"publish","type":"page","link":"https:\/\/albal.es\/es\/areas-y-servicios-2\/secretaria-ayuntamiento\/censo-electoral\/","title":{"rendered":"Censo Electoral"},"content":{"rendered":"<p>[et_pb_section fb_built=\u00bb1&#8243; custom_padding_last_edited=\u00bbon|phone\u00bb admin_label=\u00bbcontent-cab-area\u00bb module_class=\u00bbcontent-cab-area\u00bb _builder_version=\u00bb3.29.3&#8243; background_color=\u00bb#fafafa\u00bb custom_padding=\u00bb15px||25px||false|false\u00bb custom_padding_tablet=\u00bb\u00bb custom_padding_phone=\u00bb||0px||false|false\u00bb collapsed=\u00bboff\u00bb][et_pb_row disabled_on=\u00bbon|off|off\u00bb admin_label=\u00bbDesabilitado en moviles (Content migas pan)\u00bb _builder_version=\u00bb4.0.7&#8243; custom_padding=\u00bb0px||0px||false|false\u00bb locked=\u00bbon\u00bb collapsed=\u00bbon\u00bb][et_pb_column type=\u00bb4_4&#8243; _builder_version=\u00bb4.0.7&#8243;][et_pb_dmb_breadcrumbs admin_label=\u00bbMigas pan\u00bb font_icon=\u00bb%%20%%\u00bb use_home_icon=\u00bboff\u00bb use_home_text=\u00bbon\u00bb home_text=\u00bbInici\u00bb _builder_version=\u00bb3.29.3&#8243;][\/et_pb_dmb_breadcrumbs][\/et_pb_column][\/et_pb_row][et_pb_row column_structure=\u00bb1_3,1_3,1_3&#8243; use_custom_gutter=\u00bbon\u00bb make_equal=\u00bbon\u00bb custom_padding_last_edited=\u00bbon|phone\u00bb admin_label=\u00bbcab-area\u00bb module_class=\u00bbcab-area\u00bb _builder_version=\u00bb3.29.3&#8243; background_enable_image=\u00bboff\u00bb background_size=\u00bbinitial\u00bb background_position=\u00bbcenter_left\u00bb custom_padding=\u00bb25px||0px||false|false\u00bb custom_padding_tablet=\u00bb\u00bb custom_padding_phone=\u00bb15px||||false|false\u00bb border_width_left_tablet=\u00bb\u00bb border_width_left_phone=\u00bb0px\u00bb border_width_left_last_edited=\u00bbon|desktop\u00bb locked=\u00bboff\u00bb][et_pb_column type=\u00bb1_3&#8243; module_class=\u00bbcontent-tit-area\u00bb _builder_version=\u00bb3.29.3&#8243;][et_pb_text admin_label=\u00bbH4, H1&#8243; module_class=\u00bbtit-area\u00bb _builder_version=\u00bb4.4.6&#8243; custom_margin=\u00bb||20px||false|false\u00bb locked=\u00bbon\u00bb]<\/p>\n<h4>\u00c1reas y servicios | SECRETAR\u00cdA<\/h4>\n<h1>Censo Electoral<\/h1>\n<h3>Consultas al Censo Electoral<\/h3>\n<p>[\/et_pb_text][et_pb_text admin_label=\u00bbIntro\u00bb module_class=\u00bbtit-area\u00bb _builder_version=\u00bb4.4.6&#8243;]<\/p>\n<p class=\"arial12\"><a href=\"https:\/\/sede.ine.gob.es\/ss\/Satellite?c=SETramite_C&amp;cid=1254735541778&amp;lang=es_ES&amp;p=1254734719739&amp;pagename=SedeElectronica%2FSELayout\" target=\"_blank\" rel=\"noopener noreferrer\">Con certificado digital.<\/a><\/p>\n<p class=\"arial12\"><a href=\"https:\/\/sede.ine.gob.es\/ce-mesas\/pages\/presentacion\/frmPresentacion.jsf\" target=\"_blank\" rel=\"noopener noreferrer\">Sin certificado digital (por el domicilio de empadronamiento).<\/a><\/p>\n<p>[\/et_pb_text][\/et_pb_column][et_pb_column type=\u00bb1_3&#8243; module_class=\u00bbcontent-info-interes\u00bb disabled_on=\u00bbon|off|off\u00bb _builder_version=\u00bb3.29.3&#8243; custom_padding=\u00bb|||30px|false|false\u00bb custom_padding_tablet=\u00bb\u00bb custom_padding_phone=\u00bb|0px||0px|false|false\u00bb custom_padding_last_edited=\u00bbon|desktop\u00bb border_width_left=\u00bb1px\u00bb border_color_left=\u00bb#cccccc\u00bb border_radii_tablet=\u00bb\u00bb border_radii_phone=\u00bb\u00bb border_radii_last_edited=\u00bbon|phone\u00bb border_width_left_tablet=\u00bb\u00bb border_width_left_phone=\u00bb\u00bb border_width_left_last_edited=\u00bbon|phone\u00bb][et_pb_text admin_label=\u00bbInformacio d&#8217;interes\u00bb module_class=\u00bbtit-info-interes-cab\u00bb _builder_version=\u00bb4.4.6&#8243; locked=\u00bbon\u00bb]Informaci\u00f3n de Inter\u00e9s:[\/et_pb_text][et_pb_text admin_label=\u00bbinformacio\u00bb _builder_version=\u00bb4.4.6&#8243;][\/et_pb_text][et_pb_cta button_url=\u00bbhttps:\/\/albal.es\/es\/contacto-albal\/\u00bb button_text=\u00bbContacto\u00bb admin_label=\u00bbBoton contacto\u00bb module_class=\u00bbboton-consultas-cab\u00bb _builder_version=\u00bb4.4.6&#8243; background_enable_color=\u00bboff\u00bb text_orientation=\u00bbleft\u00bb background_layout=\u00bblight\u00bb custom_padding=\u00bb0px|0px|0px|0px|true|true\u00bb locked=\u00bbon\u00bb]<\/p>\n<h3>Consultas y dudas:<\/h3>\n<p>[\/et_pb_cta][\/et_pb_column][et_pb_column type=\u00bb1_3&#8243; module_class=\u00bbcontent-info-interes-dos\u00bb disabled_on=\u00bbon|off|off\u00bb _builder_version=\u00bb3.29.3&#8243; custom_padding=\u00bb|||30px|false|false\u00bb custom_padding_tablet=\u00bb|||0px|false|false\u00bb custom_padding_phone=\u00bb|0px||0px|false|false\u00bb custom_padding_last_edited=\u00bbon|desktop\u00bb border_width_left=\u00bb1px\u00bb border_color_left=\u00bb#cccccc\u00bb border_width_left_tablet=\u00bb\u00bb border_width_left_phone=\u00bb\u00bb border_width_left_last_edited=\u00bbon|desktop\u00bb][et_pb_text disabled_on=\u00bboff|off|off\u00bb admin_label=\u00bbAmic\u00bb module_class=\u00bbamic-cita\u00bb _builder_version=\u00bb4.4.6&#8243; header_4_font=\u00bb||||||||\u00bb header_4_text_color=\u00bb#c40038&#8243; custom_margin=\u00bb||0px||false|false\u00bb custom_padding=\u00bb||15px||false|false\u00bb saved_tabs=\u00bball\u00bb locked=\u00bbon\u00bb]<\/p>\n<h3><img decoding=\"async\" class=\"wp-image-464 alignnone size-full lazyload\" data-src=\"https:\/\/albal.es\/content-albal\/uploads\/2019\/12\/logo-amic-2.png\" alt=\"\" width=\"135\" height=\"46\" src=\"data:image\/svg+xml;base64,PHN2ZyB3aWR0aD0iMSIgaGVpZ2h0PSIxIiB4bWxucz0iaHR0cDovL3d3dy53My5vcmcvMjAwMC9zdmciPjwvc3ZnPg==\" style=\"--smush-placeholder-width: 135px; --smush-placeholder-aspect-ratio: 135\/46;\" \/><\/h3>\n<h3>Atenci\u00f3n Municipal de Informaci\u00f3n Ciudadana<\/h3>\n<h4>REGISTROS Y SOLICITUDES<\/h4>\n<p>Plaza del Jard\u00edn, 7. Ayto. de Albal &#8211; <strong>Planta baja<\/strong><br \/>\nTel: <strong>96 126 00 56<\/strong> \u00b7 Fax: 96 127 08 61<\/p>\n<p><a class=\"bot-cita-previa\" href=\"https:\/\/citaprevia.albal.es:10090\/\" target=\"_blank\" rel=\"noopener noreferrer\">Cita previa<\/a><br \/>\n<a class=\"bot-seu-electronica\" href=\"https:\/\/albal.sede.dival.es\/\" target=\"_blank\" rel=\"noopener noreferrer\">Sede electr\u00f3nica<\/a>[\/et_pb_text][\/et_pb_column][\/et_pb_row][\/et_pb_section][et_pb_section fb_built=\u00bb1&#8243; admin_label=\u00bb(ancla) #tramites\u00bb module_id=\u00bbtr\u00e1mites\u00bb _builder_version=\u00bb3.29.3&#8243; background_color=\u00bb#e2e1de\u00bb custom_padding=\u00bb50px||||false|false\u00bb][et_pb_row admin_label=\u00bb.content-avisos\u00bb module_class=\u00bbcontent-avisos\u00bb _builder_version=\u00bb4.5.1&#8243; custom_padding=\u00bb0px||||false|false\u00bb locked=\u00bbon\u00bb collapsed=\u00bboff\u00bb][et_pb_column type=\u00bb4_4&#8243; _builder_version=\u00bb3.29.3&#8243;][et_pb_text admin_label=\u00bbTitulo \u00abAvisos, convocat\u00f2ries i tr\u00e0mits actius\u00bb\u00bb _builder_version=\u00bb4.5.1&#8243; _module_preset=\u00bbdefault\u00bb]<\/p>\n<h2>Avisos, convocatorias y tr\u00e1mites activos<\/h2>\n<p>[\/et_pb_text][et_pb_cpt_loop_archive loop_layout=\u00bb4914&#8243; fullwidth=\u00bboff\u00bb columns=\u00bb2&#8243; show_pagination=\u00bboff\u00bb new_query=\u00bbon\u00bb post_type=\u00bbtramitambdata\u00bb posts_number=\u00bb999&#8243; include_meta=\u00bbpagina_de_destinacio_data\u00bb include_meta_terms=\u00bb571&#8243; hide_if_no_data=\u00bbon\u00bb order=\u00bbasc\u00bb admin_label=\u00bbAvisos, convocat\u00f2ries i tr\u00e0mits actius\u00bb module_class=\u00bbtramites-fecha tramites-activos-pag\u00bb _builder_version=\u00bb4.5.1&#8243; headings_text_color=\u00bb#000000&#8243; headings_font_size=\u00bb36px\u00bb custom_padding=\u00bb20px|20px|20px|20px|true|true\u00bb border_radii=\u00bbon|8px|8px|8px|8px\u00bb locked=\u00bboff\u00bb][\/et_pb_cpt_loop_archive][et_pb_code module_class=\u00bbcontent-mostrar-avisos\u00bb _builder_version=\u00bb4.5.1&#8243; _module_preset=\u00bbdefault\u00bb locked=\u00bboff\u00bb]<style>.et_pb_cpt_loop_archive.tramites-activos-pag:before { content:\"Avisos, convocatorias y tr\u00e1mites activos\";}<\/style>[\/et_pb_code][\/et_pb_column][\/et_pb_row][et_pb_row _builder_version=\u00bb3.29.3&#8243; custom_padding=\u00bb0px||||false|false\u00bb locked=\u00bboff\u00bb][et_pb_column type=\u00bb4_4&#8243; _builder_version=\u00bb3.29.3&#8243;][et_pb_text admin_label=\u00bbTitulo Informacio, tr\u00e0mits i impresos\u00bb module_class=\u00bbtit-seccion\u00bb _builder_version=\u00bb4.4.6&#8243; locked=\u00bboff\u00bb]<\/p>\n<h2><img decoding=\"async\" class=\"size-medium alignleft lazyload\" data-src=\"https:\/\/albal.es\/img\/iconos\/impreso-lapiz-45x45.svg\" alt=\"\" width=\"45\" height=\"45\" src=\"data:image\/svg+xml;base64,PHN2ZyB3aWR0aD0iMSIgaGVpZ2h0PSIxIiB4bWxucz0iaHR0cDovL3d3dy53My5vcmcvMjAwMC9zdmciPjwvc3ZnPg==\" style=\"--smush-placeholder-width: 45px; --smush-placeholder-aspect-ratio: 45\/45;\" \/>Informaci\u00f3n, tr\u00e1mites e impresos<\/h2>\n<p>[\/et_pb_text][\/et_pb_column][\/et_pb_row][et_pb_row column_structure=\u00bb3_5,2_5&#8243; _builder_version=\u00bb4.5.1&#8243; custom_padding=\u00bb0px||||false|false\u00bb locked=\u00bboff\u00bb][et_pb_column type=\u00bb3_5&#8243; _builder_version=\u00bb3.29.3&#8243;][et_pb_text admin_label=\u00bbEnlla\u00e7os interes\u00bb _builder_version=\u00bb4.4.6&#8243;]<\/p>\n<h3>Enlaces de inter\u00e9s\u200b:<\/h3>\n<p class=\"arial12\"><a href=\"https:\/\/interior.gob.es\/es\/elecciones-generales-10n\" target=\"_blank\" rel=\"noopener noreferrer\">Informaci\u00f3n general sobre Elecciones<\/a><\/p>\n<p class=\"arial12\"><a href=\"https:\/\/interior.gob.es\/es\/impresos-para-los-electores\" target=\"_blank\" rel=\"noopener noreferrer\">\u00bfC\u00f3mo puedo votar por correo si resido en Espa\u00f1a?<\/a><\/p>\n<p class=\"arial12\"><a href=\"https:\/\/juntaelectoralcentral.es\/cs\/jec\/eleccionesEnCurso\/Generales_2019-Nov\" target=\"_blank\" rel=\"noopener noreferrer\">Informaci\u00f3n de la Junta Electoral Central<\/a><\/p>\n<p><a class=\"e-tramite\" href=\"https:\/\/sede.ine.gob.es\/ss\/Satellite?c=SETramite_C&amp;cid=1259951537025&amp;p=1254734719739&amp;pagename=SedeElectronica%2FSELayout&amp;lang=ca_VA\" target=\"_blank\" rel=\"noopener noreferrer\">Solicitud de voto por correo por internet<\/a>[\/et_pb_text][et_pb_accordion use_icon_font_size=\u00bbon\u00bb icon_font_size=\u00bb21px\u00bb disabled_on=\u00bbon|on|on\u00bb admin_label=\u00bbTramites (acordeon desplegables)\u00bb _builder_version=\u00bb4.4.6&#8243; disabled=\u00bbon\u00bb][et_pb_accordion_item title=\u00bbTitulo\u00bb open=\u00bbon\u00bb _builder_version=\u00bb4.4.6&#8243;]Texto[\/et_pb_accordion_item][et_pb_accordion_item title=\u00bbTitulo\u00bb _builder_version=\u00bb4.4.6&#8243; open=\u00bboff\u00bb]Texto[\/et_pb_accordion_item][et_pb_accordion_item title=\u00bbTitulo\u00bb _builder_version=\u00bb4.4.6&#8243; open=\u00bboff\u00bb]Texto[\/et_pb_accordion_item][\/et_pb_accordion][\/et_pb_column][et_pb_column type=\u00bb2_5&#8243; module_class=\u00bbcontent-impresos\u00bb _builder_version=\u00bb4.5.1&#8243;][et_pb_text admin_label=\u00bbTitulo \u00abImpresos i enlla\u00e7os a Seu electr\u00f2nica\u00bb\u00bb _builder_version=\u00bb4.5.1&#8243; _module_preset=\u00bbdefault\u00bb locked=\u00bbon\u00bb]<\/p>\n<h2>Impresos y enlaces a Sede electr\u00f3nica<\/h2>\n<p>[\/et_pb_text][et_pb_cpt_loop_archive loop_layout=\u00bb6282&#8243; show_pagination=\u00bboff\u00bb new_query=\u00bbon\u00bb post_type=\u00bbimpreso_tramit\u00bb posts_number=\u00bb999&#8243; include_meta=\u00bbpagina_de_destinacio\u00bb include_meta_terms=\u00bb571&#8243; hide_if_no_data=\u00bbon\u00bb order=\u00bbasc\u00bb admin_label=\u00bbImpresos i enlla\u00e7os a Seu Electronica\u00bb module_class=\u00bbcontent-impresos-dinamic\u00bb _builder_version=\u00bb4.5.1&#8243; headings_font_size=\u00bb36px\u00bb background_color=\u00bb#ffffff\u00bb border_radii=\u00bbon|8px|8px|8px|8px\u00bb border_width_all=\u00bb1px\u00bb border_color_all=\u00bb#cccccc\u00bb locked=\u00bbon\u00bb][\/et_pb_cpt_loop_archive][et_pb_code module_class=\u00bbcontent-mostrar-impresos\u00bb _builder_version=\u00bb4.5.1&#8243; _module_preset=\u00bbdefault\u00bb locked=\u00bbon\u00bb]<style>.et_pb_cpt_loop_archive.content-impresos-dinamic:before { content:\"Impresos y enlaces a Sede electr\u00f3nica\";}\t<\/style>[\/et_pb_code][\/et_pb_column][\/et_pb_row][et_pb_row disabled_on=\u00bboff|on|on\u00bb admin_label=\u00bbCarga solo en MOVIL\u00bb _builder_version=\u00bb4.5.1&#8243; custom_padding=\u00bb0px||||false|false\u00bb locked=\u00bboff\u00bb][et_pb_column type=\u00bb4_4&#8243; _builder_version=\u00bb3.29.3&#8243;][et_pb_text disabled_on=\u00bboff|off|off\u00bb admin_label=\u00bbAmic\u00bb module_class=\u00bbamic-cita\u00bb _builder_version=\u00bb4.4.6&#8243; header_4_font=\u00bb||||||||\u00bb header_4_text_color=\u00bb#c40038&#8243; custom_margin=\u00bb||0px||false|false\u00bb custom_padding=\u00bb||15px||false|false\u00bb saved_tabs=\u00bball\u00bb locked=\u00bbon\u00bb]<\/p>\n<h3><img decoding=\"async\" class=\"wp-image-464 alignnone size-full lazyload\" data-src=\"https:\/\/albal.es\/content-albal\/uploads\/2019\/12\/logo-amic-2.png\" alt=\"\" width=\"135\" height=\"46\" src=\"data:image\/svg+xml;base64,PHN2ZyB3aWR0aD0iMSIgaGVpZ2h0PSIxIiB4bWxucz0iaHR0cDovL3d3dy53My5vcmcvMjAwMC9zdmciPjwvc3ZnPg==\" style=\"--smush-placeholder-width: 135px; --smush-placeholder-aspect-ratio: 135\/46;\" \/><\/h3>\n<h3>Atenci\u00f3n Municipal de Informaci\u00f3n Ciudadana<\/h3>\n<h4>REGISTROS Y SOLICITUDES<\/h4>\n<p>Plaza del Jard\u00edn, 7. Ayto. de Albal &#8211; <strong>Planta baja<\/strong><br \/>\nTel: <strong>96 126 00 56<\/strong> \u00b7 Fax: 96 127 08 61<\/p>\n<p><a class=\"bot-cita-previa\" href=\"https:\/\/citaprevia.albal.es:10090\/\" target=\"_blank\" rel=\"noopener noreferrer\">Cita previa<\/a><br \/>\n<a class=\"bot-seu-electronica\" href=\"https:\/\/albal.sede.dival.es\/\" target=\"_blank\" rel=\"noopener noreferrer\">Sede electr\u00f3nica<\/a>[\/et_pb_text][\/et_pb_column][\/et_pb_row][et_pb_row _builder_version=\u00bb4.4.6&#8243; custom_padding=\u00bb0px||||false|false\u00bb][et_pb_column type=\u00bb4_4&#8243; _builder_version=\u00bb3.29.3&#8243;][et_pb_text admin_label=\u00bbTitulo Districtes i seccions electorals\u00bb _builder_version=\u00bb4.4.6&#8243; custom_padding=\u00bb0px||||false|false\u00bb]<\/p>\n<h2>\u200b<img decoding=\"async\" class=\"size-medium alignleft lazyload\" data-src=\"https:\/\/albal.es\/img\/iconos\/urna-elecciones-negro-45x45.svg\" alt=\"\" width=\"45\" height=\"45\" src=\"data:image\/svg+xml;base64,PHN2ZyB3aWR0aD0iMSIgaGVpZ2h0PSIxIiB4bWxucz0iaHR0cDovL3d3dy53My5vcmcvMjAwMC9zdmciPjwvc3ZnPg==\" style=\"--smush-placeholder-width: 45px; --smush-placeholder-aspect-ratio: 45\/45;\" \/>Distritos y secciones electorales<\/h2>\n<p>[\/et_pb_text][\/et_pb_column][\/et_pb_row][et_pb_row _builder_version=\u00bb4.4.6&#8243; background_color=\u00bb#ffffff\u00bb custom_padding=\u00bb0px||||false|false\u00bb border_radii=\u00bbon|10px|10px|10px|10px\u00bb][et_pb_column type=\u00bb4_4&#8243; _builder_version=\u00bb4.0.9&#8243;][et_pb_image src=\u00bbhttps:\/\/albal.es\/content-albal\/uploads\/2019\/12\/censo.jpg\u00bb align=\u00bbcenter\u00bb admin_label=\u00bbcallejero\u00bb _builder_version=\u00bb4.4.6&#8243; background_color=\u00bb#ffffff\u00bb custom_margin=\u00bb||0px||false|false\u00bb custom_padding=\u00bb||0px||false|false\u00bb][\/et_pb_image][et_pb_text admin_label=\u00bbtablas (.content-distritos)\u00bb module_class=\u00bbcontent-distritos\u00bb _builder_version=\u00bb4.4.6&#8243; custom_padding=\u00bb25px|20px||20px|false|false\u00bb]<\/p>\n<table class=\"arial12\" style=\"margin: auto;\" cellspacing=\"0\" cellpadding=\"0\">\n<tbody>\n<tr>\n<td style=\"padding: 0px 3px 0px 3px;\"><\/td>\n<td class=\"arial12lineatabla\" style=\"padding: 0px 3px 0px 3px; background-color: #dbdbdb; font-weight: bold;\">Dist.<\/td>\n<td class=\"arial12lineatabla\" style=\"padding: 0px 3px 0px 3px; background-color: #dbdbdb; font-weight: bold;\">Secc.<\/td>\n<td class=\"arial12lineatabla\" style=\"padding: 0px 3px 0px 3px; background-color: #dbdbdb; font-weight: bold;\">Mesa<\/td>\n<td class=\"arial12lineatabla\" style=\"padding: 0px 3px 0px 3px; background-color: #dbdbdb; font-weight: bold;\">Apellido<\/td>\n<td class=\"arial12lineatabla\" style=\"padding: 0px 3px 0px 3px; background-color: #dbdbdb; font-weight: bold;\">Local<\/td>\n<td class=\"arial12lineatabla\" style=\"padding: 0px 3px 0px 3px; background-color: #dbdbdb; font-weight: bold;\">Direcci\u00f3n<\/td>\n<td><\/td>\n<\/tr>\n<tr>\n<td style=\"border: 1px solid #CCC; text-align: center; vertical-align: middle; padding: 0px 3px 0px 3px;\">\n<div style=\"width: 10px; height: 10px; background-color: #999; border: none;\"><\/div>\n<\/td>\n<td style=\"border: 1px solid #CCC; text-align: center; vertical-align: middle; padding: 0px 3px 0px 3px;\">1<\/td>\n<td style=\"border: 1px solid #CCC; text-align: center; vertical-align: middle; padding: 0px 3px 0px 3px;\">1<\/td>\n<td style=\"border: 1px solid #CCC; text-align: center; vertical-align: middle; padding: 0px 3px 0px 3px;\">A<\/td>\n<td style=\"border: 1px solid #CCC; text-align: center; vertical-align: middle; padding: 0px 3px 0px 3px;\">A-K<\/td>\n<td style=\"border: 1px solid #CCC; text-align: left; vertical-align: middle; padding: 0px 3px 0px 3px;\">Casa de Cultura<\/td>\n<td style=\"border: 1px solid #CCC; text-align: left; vertical-align: middle; padding: 0px 3px 0px 3px;\">C\/ Maestro Ram\u00f3n Sanchis Rovira, 2<\/td>\n<td style=\"border: 1px solid #CCC; text-align: center; vertical-align: middle; padding: 0px 3px 0px 3px;\"><a href=\"https:\/\/google.com\/maps\/d\/viewer?msa=0&amp;ll=39.39747500540642%2C-0.40877900000009504&amp;spn=0.001737%2C0.002411&amp;iwloc=0004f814ab8fd0efb099d&amp;mid=1Vvi9cWecdqsqhANzHD-3VCzNhlo&amp;z=17\" target=\"_blank\" rel=\"noopener noreferrer\">Ver MAPA<\/a><\/td>\n<\/tr>\n<tr>\n<td style=\"border: 1px solid #CCC; text-align: center; vertical-align: middle; padding: 0px 3px 0px 3px;\">\n<div style=\"width: 10px; height: 10px; background-color: #999; border: none;\"><\/div>\n<\/td>\n<td style=\"border: 1px solid #CCC; text-align: center; vertical-align: middle; padding: 0px 3px 0px 3px;\">1<\/td>\n<td style=\"border: 1px solid #CCC; text-align: center; vertical-align: middle; padding: 0px 3px 0px 3px;\">1<\/td>\n<td style=\"border: 1px solid #CCC; text-align: center; vertical-align: middle; padding: 0px 3px 0px 3px;\">B<\/td>\n<td style=\"border: 1px solid #CCC; text-align: center; vertical-align: middle; padding: 0px 3px 0px 3px;\">L-Z<\/td>\n<td style=\"border: 1px solid #CCC; text-align: left; vertical-align: middle; padding: 0px 3px 0px 3px;\">Casa de Cultura<\/td>\n<td style=\"border: 1px solid #CCC; text-align: left; vertical-align: middle; padding: 0px 3px 0px 3px;\">C\/ Maestro Ram\u00f3n Sanchis Rovira, 2<\/td>\n<td style=\"border: 1px solid #CCC; text-align: center; vertical-align: middle; padding: 0px 3px 0px 3px;\"><a href=\"https:\/\/google.com\/maps\/d\/viewer?msa=0&amp;ll=39.39747500540642%2C-0.40877900000009504&amp;spn=0.001737%2C0.002411&amp;iwloc=0004f814ab8fd0efb099d&amp;mid=1Vvi9cWecdqsqhANzHD-3VCzNhlo&amp;z=17\" target=\"_blank\" rel=\"noopener noreferrer\">Ver MAPA<\/a><\/td>\n<\/tr>\n<tr>\n<td style=\"border: 1px solid #CCC; text-align: center; vertical-align: middle; padding: 0px 3px 0px 3px;\">\n<div style=\"width: 10px; height: 10px; background-color: #fcc; border: none;\"><\/div>\n<\/td>\n<td style=\"border: 1px solid #CCC; text-align: center; vertical-align: middle; padding: 0px 3px 0px 3px;\">1<\/td>\n<td style=\"border: 1px solid #CCC; text-align: center; vertical-align: middle; padding: 0px 3px 0px 3px;\">2<\/td>\n<td style=\"border: 1px solid #CCC; text-align: center; vertical-align: middle; padding: 0px 3px 0px 3px;\">A<\/td>\n<td style=\"border: 1px solid #CCC; text-align: center; vertical-align: middle; padding: 0px 3px 0px 3px;\">A-K<\/td>\n<td style=\"border: 1px solid #CCC; text-align: left; vertical-align: middle; padding: 0px 3px 0px 3px;\">Col\u00b7legi P\u00fablic Sant Blai<\/td>\n<td style=\"border: 1px solid #CCC; text-align: left; vertical-align: middle; padding: 0px 3px 0px 3px;\">Avda. Corts Valencianes, 34<\/td>\n<td style=\"border: 1px solid #CCC; text-align: center; vertical-align: middle; padding: 0px 3px 0px 3px;\"><a href=\"https:\/\/google.com\/maps\/d\/viewer?msa=0&amp;ll=39.39681000540631%2C-0.4111049999999068&amp;spn=0.001737%2C0.002411&amp;iwloc=0004f814ab8fdf59e5df7&amp;mid=1Vvi9cWecdqsqhANzHD-3VCzNhlo&amp;z=17\" target=\"_blank\" rel=\"noopener noreferrer\">Ver MAPA<\/a><\/td>\n<\/tr>\n<tr>\n<td style=\"border: 1px solid #CCC; text-align: center; vertical-align: middle; padding: 0px 3px 0px 3px;\">\n<div style=\"width: 10px; height: 10px; background-color: #fcc; border: none;\"><\/div>\n<\/td>\n<td style=\"border: 1px solid #CCC; text-align: center; vertical-align: middle; padding: 0px 3px 0px 3px;\">1<\/td>\n<td style=\"border: 1px solid #CCC; text-align: center; vertical-align: middle; padding: 0px 3px 0px 3px;\">2<\/td>\n<td style=\"border: 1px solid #CCC; text-align: center; vertical-align: middle; padding: 0px 3px 0px 3px;\">B<\/td>\n<td style=\"border: 1px solid #CCC; text-align: center; vertical-align: middle; padding: 0px 3px 0px 3px;\">L-Z<\/td>\n<td style=\"border: 1px solid #CCC; text-align: left; vertical-align: middle; padding: 0px 3px 0px 3px;\">Col\u00b7legi P\u00fablic Sant Blai<\/td>\n<td style=\"border: 1px solid #CCC; text-align: left; vertical-align: middle; padding: 0px 3px 0px 3px;\">Avda. Corts Valencianes, 34<\/td>\n<td style=\"border: 1px solid #CCC; text-align: center; vertical-align: middle; padding: 0px 3px 0px 3px;\"><a href=\"https:\/\/google.com\/maps\/d\/viewer?msa=0&amp;ll=39.39681000540631%2C-0.4111049999999068&amp;spn=0.001737%2C0.002411&amp;iwloc=0004f814ab8fdf59e5df7&amp;mid=1Vvi9cWecdqsqhANzHD-3VCzNhlo&amp;z=17\" target=\"_blank\" rel=\"noopener noreferrer\">Ver MAPA<\/a><\/td>\n<\/tr>\n<tr>\n<td style=\"border: 1px solid #CCC; text-align: center; vertical-align: middle; padding: 0px 3px 0px 3px;\">\n<div style=\"width: 10px; height: 10px; background-color: #99f; border: none;\"><\/div>\n<\/td>\n<td style=\"border: 1px solid #CCC; text-align: center; vertical-align: middle; padding: 0px 3px 0px 3px;\">1<\/td>\n<td style=\"border: 1px solid #CCC; text-align: center; vertical-align: middle; padding: 0px 3px 0px 3px;\">3<\/td>\n<td style=\"border: 1px solid #CCC; text-align: center; vertical-align: middle; padding: 0px 3px 0px 3px;\">A<\/td>\n<td style=\"border: 1px solid #CCC; text-align: center; vertical-align: middle; padding: 0px 3px 0px 3px;\">A-K<\/td>\n<td style=\"border: 1px solid #CCC; text-align: left; vertical-align: middle; padding: 0px 3px 0px 3px;\">Escola d&#8217;Adults<\/td>\n<td style=\"border: 1px solid #CCC; text-align: left; vertical-align: middle; padding: 0px 3px 0px 3px;\">C\/ Se\u00f1era, 4<\/td>\n<td style=\"border: 1px solid #CCC; text-align: center; vertical-align: middle; padding: 0px 3px 0px 3px;\"><a href=\"https:\/\/google.com\/maps\/d\/viewer?msa=0&amp;ll=39.39736300540638%2C-0.4119069999999283&amp;spn=0.001737%2C0.002411&amp;iwloc=0004f814a7f93766ce51c&amp;mid=1Vvi9cWecdqsqhANzHD-3VCzNhlo&amp;z=17\" target=\"_blank\" rel=\"noopener noreferrer\">Ver MAPA<\/a><\/td>\n<\/tr>\n<tr>\n<td style=\"border: 1px solid #CCC; text-align: center; vertical-align: middle; padding: 0px 3px 0px 3px;\">\n<div style=\"width: 10px; height: 10px; background-color: #99f; border: none;\"><\/div>\n<\/td>\n<td style=\"border: 1px solid #CCC; text-align: center; vertical-align: middle; padding: 0px 3px 0px 3px;\">1<\/td>\n<td style=\"border: 1px solid #CCC; text-align: center; vertical-align: middle; padding: 0px 3px 0px 3px;\">3<\/td>\n<td style=\"border: 1px solid #CCC; text-align: center; vertical-align: middle; padding: 0px 3px 0px 3px;\">B<\/td>\n<td style=\"border: 1px solid #CCC; text-align: center; vertical-align: middle; padding: 0px 3px 0px 3px;\">L-Z<\/td>\n<td style=\"border: 1px solid #CCC; text-align: left; vertical-align: middle; padding: 0px 3px 0px 3px;\">Escola d&#8217;Adults<\/td>\n<td style=\"border: 1px solid #CCC; text-align: left; vertical-align: middle; padding: 0px 3px 0px 3px;\">C\/ Se\u00f1era, 4<\/td>\n<td style=\"border: 1px solid #CCC; text-align: center; vertical-align: middle; padding: 0px 3px 0px 3px;\"><a href=\"https:\/\/google.com\/maps\/d\/viewer?msa=0&amp;ll=39.39736300540638%2C-0.4119069999999283&amp;spn=0.001737%2C0.002411&amp;iwloc=0004f814a7f93766ce51c&amp;mid=1Vvi9cWecdqsqhANzHD-3VCzNhlo&amp;z=17\" target=\"_blank\" rel=\"noopener noreferrer\">Ver MAPA<\/a><\/td>\n<\/tr>\n<tr>\n<td style=\"border: 1px solid #CCC; text-align: center; vertical-align: middle; padding: 0px 3px 0px 3px;\">\n<div style=\"width: 10px; height: 10px; background-color: #c98a85; border: none;\"><\/div>\n<\/td>\n<td style=\"border: 1px solid #CCC; text-align: center; vertical-align: middle; padding: 0px 3px 0px 3px;\">1<\/td>\n<td style=\"border: 1px solid #CCC; text-align: center; vertical-align: middle; padding: 0px 3px 0px 3px;\">4<\/td>\n<td style=\"border: 1px solid #CCC; text-align: center; vertical-align: middle; padding: 0px 3px 0px 3px;\">A<\/td>\n<td style=\"border: 1px solid #CCC; text-align: center; vertical-align: middle; padding: 0px 3px 0px 3px;\">A-K<\/td>\n<td style=\"border: 1px solid #CCC; text-align: left; vertical-align: middle; padding: 0px 3px 0px 3px;\">Col\u00b7legi P\u00fablic Sant Blai<\/td>\n<td style=\"border: 1px solid #CCC; text-align: left; vertical-align: middle; padding: 0px 3px 0px 3px;\">Avda. Corts Valencianes, 32<\/td>\n<td style=\"border: 1px solid #CCC; text-align: center; vertical-align: middle; padding: 0px 3px 0px 3px;\"><a href=\"https:\/\/google.com\/maps\/d\/viewer?msa=0&amp;ll=39.39681000540631%2C-0.4111049999999068&amp;spn=0.001737%2C0.002411&amp;iwloc=0004f814ab8fdf59e5df7&amp;mid=1Vvi9cWecdqsqhANzHD-3VCzNhlo&amp;z=17\" target=\"_blank\" rel=\"noopener noreferrer\">Ver MAPA<\/a><\/td>\n<\/tr>\n<tr>\n<td style=\"border: 1px solid #CCC; text-align: center; vertical-align: middle; padding: 0px 3px 0px 3px;\">\n<div style=\"width: 10px; height: 10px; background-color: #c98a85; border: none;\"><\/div>\n<\/td>\n<td style=\"border: 1px solid #CCC; text-align: center; vertical-align: middle; padding: 0px 3px 0px 3px;\">1<\/td>\n<td style=\"border: 1px solid #CCC; text-align: center; vertical-align: middle; padding: 0px 3px 0px 3px;\">4<\/td>\n<td style=\"border: 1px solid #CCC; text-align: center; vertical-align: middle; padding: 0px 3px 0px 3px;\">B<\/td>\n<td style=\"border: 1px solid #CCC; text-align: center; vertical-align: middle; padding: 0px 3px 0px 3px;\">L-Z<\/td>\n<td style=\"border: 1px solid #CCC; text-align: left; vertical-align: middle; padding: 0px 3px 0px 3px;\">Col\u00b7legi P\u00fablic Sant Blai<\/td>\n<td style=\"border: 1px solid #CCC; text-align: left; vertical-align: middle; padding: 0px 3px 0px 3px;\">Avda. Corts Valencianes, 32<\/td>\n<td style=\"border: 1px solid #CCC; text-align: center; vertical-align: middle; padding: 0px 3px 0px 3px;\"><a href=\"https:\/\/google.com\/maps\/d\/viewer?msa=0&amp;ll=39.39681000540631%2C-0.4111049999999068&amp;spn=0.001737%2C0.002411&amp;iwloc=0004f814ab8fdf59e5df7&amp;mid=1Vvi9cWecdqsqhANzHD-3VCzNhlo&amp;z=17\" target=\"_blank\" rel=\"noopener noreferrer\">Ver MAPA<\/a><a href=\"#\"><br \/>\n<\/a><\/td>\n<\/tr>\n<tr>\n<td style=\"border: 1px solid #CCC; text-align: center; vertical-align: middle; padding: 0px 3px 0px 3px;\">\n<div style=\"width: 10px; height: 10px; background-color: #f99; border: none;\"><\/div>\n<\/td>\n<td style=\"border: 1px solid #CCC; text-align: center; vertical-align: middle; padding: 0px 3px 0px 3px;\">1<\/td>\n<td style=\"border: 1px solid #CCC; text-align: center; vertical-align: middle; padding: 0px 3px 0px 3px;\">5<\/td>\n<td style=\"border: 1px solid #CCC; text-align: center; vertical-align: middle; padding: 0px 3px 0px 3px;\">A<\/td>\n<td style=\"border: 1px solid #CCC; text-align: center; vertical-align: middle; padding: 0px 3px 0px 3px;\">A-K<\/td>\n<td style=\"border: 1px solid #CCC; text-align: left; vertical-align: middle; padding: 0px 3px 0px 3px;\">Col\u00b7legi P\u00fablic Sant Blai<\/td>\n<td style=\"border: 1px solid #CCC; text-align: left; vertical-align: middle; padding: 0px 3px 0px 3px;\">Avda. Corts Valencianes, 34<\/td>\n<td style=\"border: 1px solid #CCC; text-align: center; vertical-align: middle; padding: 0px 3px 0px 3px;\"><a href=\"https:\/\/google.com\/maps\/d\/viewer?msa=0&amp;ll=39.39681000540631%2C-0.4111049999999068&amp;spn=0.001737%2C0.002411&amp;iwloc=0004f814ab8fdf59e5df7&amp;mid=1Vvi9cWecdqsqhANzHD-3VCzNhlo&amp;z=17\" target=\"_blank\" rel=\"noopener noreferrer\">Ver MAPA<\/a><\/td>\n<\/tr>\n<tr>\n<td style=\"border: 1px solid #CCC; text-align: center; vertical-align: middle; padding: 0px 3px 0px 3px;\">\n<div style=\"width: 10px; height: 10px; background-color: #f99; border: none;\"><\/div>\n<\/td>\n<td style=\"border: 1px solid #CCC; text-align: center; vertical-align: middle; padding: 0px 3px 0px 3px;\">1<\/td>\n<td style=\"border: 1px solid #CCC; text-align: center; vertical-align: middle; padding: 0px 3px 0px 3px;\">5<\/td>\n<td style=\"border: 1px solid #CCC; text-align: center; vertical-align: middle; padding: 0px 3px 0px 3px;\">B<\/td>\n<td style=\"border: 1px solid #CCC; text-align: center; vertical-align: middle; padding: 0px 3px 0px 3px;\">L-Z<\/td>\n<td style=\"border: 1px solid #CCC; text-align: left; vertical-align: middle; padding: 0px 3px 0px 3px;\">Col\u00b7legi P\u00fablic Sant Blai<\/td>\n<td style=\"border: 1px solid #CCC; text-align: left; vertical-align: middle; padding: 0px 3px 0px 3px;\">Avda. Corts Valencianes, 34<\/td>\n<td style=\"border: 1px solid #CCC; text-align: center; vertical-align: middle; padding: 0px 3px 0px 3px;\"><a href=\"https:\/\/google.com\/maps\/d\/viewer?msa=0&amp;ll=39.39681000540631%2C-0.4111049999999068&amp;spn=0.001737%2C0.002411&amp;iwloc=0004f814ab8fdf59e5df7&amp;mid=1Vvi9cWecdqsqhANzHD-3VCzNhlo&amp;z=17\" target=\"_blank\" rel=\"noopener noreferrer\">Ver MAPA<\/a><\/td>\n<\/tr>\n<tr>\n<td style=\"border: 1px solid #CCC; text-align: center; vertical-align: middle; padding: 0px 3px 0px 3px;\">\n<div style=\"width: 10px; height: 10px; background-color: #9cf; border: none;\"><\/div>\n<\/td>\n<td style=\"border: 1px solid #CCC; text-align: center; vertical-align: middle; padding: 0px 3px 0px 3px;\">1<\/td>\n<td style=\"border: 1px solid #CCC; text-align: center; vertical-align: middle; padding: 0px 3px 0px 3px;\">6<\/td>\n<td style=\"border: 1px solid #CCC; text-align: center; vertical-align: middle; padding: 0px 3px 0px 3px;\">U<\/td>\n<td style=\"border: 1px solid #CCC; text-align: center; vertical-align: middle; padding: 0px 3px 0px 3px;\">A-Z<\/td>\n<td style=\"border: 1px solid #CCC; text-align: left; vertical-align: middle; padding: 0px 3px 0px 3px;\">Escola d&#8217;Adults<\/td>\n<td style=\"border: 1px solid #CCC; text-align: left; vertical-align: middle; padding: 0px 3px 0px 3px;\">C\/ Se\u00f1era, 4<\/td>\n<td style=\"border: 1px solid #CCC; text-align: center; vertical-align: middle; padding: 0px 3px 0px 3px;\"><a href=\"https:\/\/google.com\/maps\/d\/viewer?msa=0&amp;ll=39.39736300540638%2C-0.4119069999999283&amp;spn=0.001737%2C0.002411&amp;iwloc=0004f814a7f93766ce51c&amp;mid=1Vvi9cWecdqsqhANzHD-3VCzNhlo&amp;z=17\" target=\"_blank\" rel=\"noopener noreferrer\">Ver MAPA<\/a><\/td>\n<\/tr>\n<tr>\n<td style=\"border: 1px solid #CCC; text-align: center; vertical-align: middle; padding: 0px 3px 0px 3px;\">\n<div style=\"width: 10px; height: 10px; background-color: #f2b2ad; border: none;\"><\/div>\n<\/td>\n<td style=\"border: 1px solid #CCC; text-align: center; vertical-align: middle; padding: 0px 3px 0px 3px;\">1<\/td>\n<td style=\"border: 1px solid #CCC; text-align: center; vertical-align: middle; padding: 0px 3px 0px 3px;\">7<\/td>\n<td style=\"border: 1px solid #CCC; text-align: center; vertical-align: middle; padding: 0px 3px 0px 3px;\">U<\/td>\n<td style=\"border: 1px solid #CCC; text-align: center; vertical-align: middle; padding: 0px 3px 0px 3px;\">A-Z<\/td>\n<td style=\"border: 1px solid #CCC; text-align: left; vertical-align: middle; padding: 0px 3px 0px 3px;\">Col\u00b7legi P\u00fablic Sant Blai<\/td>\n<td style=\"border: 1px solid #CCC; text-align: left; vertical-align: middle; padding: 0px 3px 0px 3px;\">Avda. Corts Valencianes, 32<\/td>\n<td style=\"border: 1px solid #CCC; text-align: center; vertical-align: middle; padding: 0px 3px 0px 3px;\"><a href=\"https:\/\/google.com\/maps\/d\/viewer?msa=0&amp;ll=39.39681000540631%2C-0.4111049999999068&amp;spn=0.001737%2C0.002411&amp;iwloc=0004f814ab8fdf59e5df7&amp;mid=1Vvi9cWecdqsqhANzHD-3VCzNhlo&amp;z=17\" target=\"_blank\" rel=\"noopener noreferrer\">Ver MAPA<\/a><\/td>\n<\/tr>\n<tr>\n<td style=\"border: 1px solid #CCC; text-align: center; vertical-align: middle; padding: 0px 3px 0px 3px;\">\n<div style=\"width: 10px; height: 10px; background-color: #fc9; border: none;\"><\/div>\n<\/td>\n<td style=\"border: 1px solid #CCC; text-align: center; vertical-align: middle; padding: 0px 3px 0px 3px;\">2<\/td>\n<td style=\"border: 1px solid #CCC; text-align: center; vertical-align: middle; padding: 0px 3px 0px 3px;\">1<\/td>\n<td style=\"border: 1px solid #CCC; text-align: center; vertical-align: middle; padding: 0px 3px 0px 3px;\">A<\/td>\n<td style=\"border: 1px solid #CCC; text-align: center; vertical-align: middle; padding: 0px 3px 0px 3px;\">A-L<\/td>\n<td style=\"border: 1px solid #CCC; text-align: left; vertical-align: middle; padding: 0px 3px 0px 3px;\">Col\u00b7legi Santa Anna<\/td>\n<td style=\"border: 1px solid #CCC; text-align: left; vertical-align: middle; padding: 0px 3px 0px 3px;\">C\/ L&#8217;Eixample, 10<\/td>\n<td style=\"border: 1px solid #CCC; text-align: center; vertical-align: middle; padding: 0px 3px 0px 3px;\"><a href=\"https:\/\/google.com\/maps\/d\/viewer?msa=0&amp;ll=39.397034005406326%2C-0.414250999999922&amp;spn=0.001737%2C0.002411&amp;iwloc=0004f814b652320732def&amp;mid=1Vvi9cWecdqsqhANzHD-3VCzNhlo&amp;z=17\" target=\"_blank\" rel=\"noopener noreferrer\">Ver MAPA<\/a><a href=\"#\"><br \/>\n<\/a><\/td>\n<\/tr>\n<tr>\n<td style=\"border: 1px solid #CCC; text-align: center; vertical-align: middle; padding: 0px 3px 0px 3px;\">\n<div style=\"width: 10px; height: 10px; background-color: #fc9; border: none;\"><\/div>\n<\/td>\n<td style=\"border: 1px solid #CCC; text-align: center; vertical-align: middle; padding: 0px 3px 0px 3px;\">2<\/td>\n<td style=\"border: 1px solid #CCC; text-align: center; vertical-align: middle; padding: 0px 3px 0px 3px;\">1<\/td>\n<td style=\"border: 1px solid #CCC; text-align: center; vertical-align: middle; padding: 0px 3px 0px 3px;\">B<\/td>\n<td style=\"border: 1px solid #CCC; text-align: center; vertical-align: middle; padding: 0px 3px 0px 3px;\">M-Z<\/td>\n<td style=\"border: 1px solid #CCC; text-align: left; vertical-align: middle; padding: 0px 3px 0px 3px;\">Col\u00b7legi Santa Anna<\/td>\n<td style=\"border: 1px solid #CCC; text-align: left; vertical-align: middle; padding: 0px 3px 0px 3px;\">C\/ L&#8217;Eixample, 10<\/td>\n<td style=\"border: 1px solid #CCC; text-align: center; vertical-align: middle; padding: 0px 3px 0px 3px;\"><a href=\"https:\/\/google.com\/maps\/d\/viewer?msa=0&amp;ll=39.397034005406326%2C-0.414250999999922&amp;spn=0.001737%2C0.002411&amp;iwloc=0004f814b652320732def&amp;mid=1Vvi9cWecdqsqhANzHD-3VCzNhlo&amp;z=17\" target=\"_blank\" rel=\"noopener noreferrer\">Ver MAPA<\/a><\/td>\n<\/tr>\n<tr>\n<td style=\"border: 1px solid #CCC; text-align: center; vertical-align: middle; padding: 0px 3px 0px 3px;\">\n<div style=\"width: 10px; height: 10px; background-color: #8db285; border: none;\"><\/div>\n<\/td>\n<td style=\"border: 1px solid #CCC; text-align: center; vertical-align: middle; padding: 0px 3px 0px 3px;\">2<\/td>\n<td style=\"border: 1px solid #CCC; text-align: center; vertical-align: middle; padding: 0px 3px 0px 3px;\">2<\/td>\n<td style=\"border: 1px solid #CCC; text-align: center; vertical-align: middle; padding: 0px 3px 0px 3px;\">A<\/td>\n<td style=\"border: 1px solid #CCC; text-align: center; vertical-align: middle; padding: 0px 3px 0px 3px;\">A-K<\/td>\n<td style=\"border: 1px solid #CCC; text-align: left; vertical-align: middle; padding: 0px 3px 0px 3px;\">Col\u00b7legi P\u00fablic Juan Esteve<\/td>\n<td style=\"border: 1px solid #CCC; text-align: left; vertical-align: middle; padding: 0px 3px 0px 3px;\">C\/ San Roque, 1<\/td>\n<td style=\"border: 1px solid #CCC; text-align: center; vertical-align: middle; padding: 0px 3px 0px 3px;\"><a href=\"https:\/\/google.com\/maps\/d\/viewer?msa=0&amp;ll=39.394095005405745%2C-0.41491900000005444&amp;spn=0.001737%2C0.002411&amp;iwloc=0004f814b2bbac27acf25&amp;mid=1Vvi9cWecdqsqhANzHD-3VCzNhlo&amp;z=17\" target=\"_blank\" rel=\"noopener noreferrer\">Ver MAPA<\/a><\/td>\n<\/tr>\n<tr>\n<td style=\"border: 1px solid #CCC; text-align: center; vertical-align: middle; padding: 0px 3px 0px 3px;\">\n<div style=\"width: 10px; height: 10px; background-color: #8db285; border: none;\"><\/div>\n<\/td>\n<td style=\"border: 1px solid #CCC; text-align: center; vertical-align: middle; padding: 0px 3px 0px 3px;\">2<\/td>\n<td style=\"border: 1px solid #CCC; text-align: center; vertical-align: middle; padding: 0px 3px 0px 3px;\">2<\/td>\n<td style=\"border: 1px solid #CCC; text-align: center; vertical-align: middle; padding: 0px 3px 0px 3px;\">B<\/td>\n<td style=\"border: 1px solid #CCC; text-align: center; vertical-align: middle; padding: 0px 3px 0px 3px;\">L-Z<\/td>\n<td style=\"border: 1px solid #CCC; text-align: left; vertical-align: middle; padding: 0px 3px 0px 3px;\">Col\u00b7legi P\u00fablic Juan Esteve<\/td>\n<td style=\"border: 1px solid #CCC; text-align: left; vertical-align: middle; padding: 0px 3px 0px 3px;\">C\/ San Roque, 1<\/td>\n<td style=\"border: 1px solid #CCC; text-align: center; vertical-align: middle; padding: 0px 3px 0px 3px;\"><a href=\"https:\/\/google.com\/maps\/d\/viewer?msa=0&amp;ll=39.394095005405745%2C-0.41491900000005444&amp;spn=0.001737%2C0.002411&amp;iwloc=0004f814b2bbac27acf25&amp;mid=1Vvi9cWecdqsqhANzHD-3VCzNhlo&amp;z=17\" target=\"_blank\" rel=\"noopener noreferrer\">Ver MAPA<\/a><a href=\"#\"><br \/>\n<\/a><\/td>\n<\/tr>\n<tr>\n<td style=\"border: 1px solid #CCC; text-align: center; vertical-align: middle; padding: 0px 3px 0px 3px;\">\n<div style=\"width: 10px; height: 10px; background-color: #edad80; border: none;\"><\/div>\n<\/td>\n<td style=\"border: 1px solid #CCC; text-align: center; vertical-align: middle; padding: 0px 3px 0px 3px;\">2<\/td>\n<td style=\"border: 1px solid #CCC; text-align: center; vertical-align: middle; padding: 0px 3px 0px 3px;\">3<\/td>\n<td style=\"border: 1px solid #CCC; text-align: center; vertical-align: middle; padding: 0px 3px 0px 3px;\">A<\/td>\n<td style=\"border: 1px solid #CCC; text-align: center; vertical-align: middle; padding: 0px 3px 0px 3px;\">A-F<\/td>\n<td style=\"border: 1px solid #CCC; text-align: left; vertical-align: middle; padding: 0px 3px 0px 3px;\">Centre de Salut<\/td>\n<td style=\"border: 1px solid #CCC; text-align: left; vertical-align: middle; padding: 0px 3px 0px 3px;\">C\/ Regne de Val\u00e8ncia, 9<\/td>\n<td style=\"border: 1px solid #CCC; text-align: center; vertical-align: middle; padding: 0px 3px 0px 3px;\"><a href=\"https:\/\/google.com\/maps\/d\/viewer?msa=0&amp;ll=39.397944005406515%2C-0.41543699999999717&amp;spn=0.001737%2C0.002411&amp;iwloc=0004f814a0ce6f15745b7&amp;mid=1Vvi9cWecdqsqhANzHD-3VCzNhlo&amp;z=17\" target=\"_blank\" rel=\"noopener noreferrer\">Ver MAPA<\/a><\/td>\n<\/tr>\n<tr>\n<td style=\"border: 1px solid #CCC; text-align: center; vertical-align: middle; padding: 0px 3px 0px 3px;\">\n<div style=\"width: 10px; height: 10px; background-color: #edad80; border: none;\"><\/div>\n<\/td>\n<td style=\"border: 1px solid #CCC; text-align: center; vertical-align: middle; padding: 0px 3px 0px 3px;\">2<\/td>\n<td style=\"border: 1px solid #CCC; text-align: center; vertical-align: middle; padding: 0px 3px 0px 3px;\">3<\/td>\n<td style=\"border: 1px solid #CCC; text-align: center; vertical-align: middle; padding: 0px 3px 0px 3px;\">B<\/td>\n<td style=\"border: 1px solid #CCC; text-align: center; vertical-align: middle; padding: 0px 3px 0px 3px;\">G-M<\/td>\n<td style=\"border: 1px solid #CCC; text-align: left; vertical-align: middle; padding: 0px 3px 0px 3px;\">Centre de Salut<\/td>\n<td style=\"border: 1px solid #CCC; text-align: left; vertical-align: middle; padding: 0px 3px 0px 3px;\">C\/ Regne de Val\u00e8ncia, 9<\/td>\n<td style=\"border: 1px solid #CCC; text-align: center; vertical-align: middle; padding: 0px 3px 0px 3px;\"><a href=\"https:\/\/google.com\/maps\/d\/viewer?msa=0&amp;ll=39.397944005406515%2C-0.41543699999999717&amp;spn=0.001737%2C0.002411&amp;iwloc=0004f814a0ce6f15745b7&amp;mid=1Vvi9cWecdqsqhANzHD-3VCzNhlo&amp;z=17\" target=\"_blank\" rel=\"noopener noreferrer\">Ver MAPA<\/a><\/td>\n<\/tr>\n<tr>\n<td style=\"border: 1px solid #CCC; text-align: center; vertical-align: middle; padding: 0px 3px 0px 3px;\">\n<div style=\"width: 10px; height: 10px; background-color: #edad80; border: none;\"><\/div>\n<\/td>\n<td style=\"border: 1px solid #CCC; text-align: center; vertical-align: middle; padding: 0px 3px 0px 3px;\">2<\/td>\n<td style=\"border: 1px solid #CCC; text-align: center; vertical-align: middle; padding: 0px 3px 0px 3px;\">3<\/td>\n<td style=\"border: 1px solid #CCC; text-align: center; vertical-align: middle; padding: 0px 3px 0px 3px;\">C<\/td>\n<td style=\"border: 1px solid #CCC; text-align: center; vertical-align: middle; padding: 0px 3px 0px 3px;\">N-Z<\/td>\n<td style=\"border: 1px solid #CCC; text-align: left; vertical-align: middle; padding: 0px 3px 0px 3px;\">Centre de Salut<\/td>\n<td style=\"border: 1px solid #CCC; text-align: left; vertical-align: middle; padding: 0px 3px 0px 3px;\">C\/ Regne de Val\u00e8ncia, 9<\/td>\n<td style=\"border: 1px solid #CCC; text-align: center; vertical-align: middle; padding: 0px 3px 0px 3px;\"><a href=\"https:\/\/google.com\/maps\/d\/viewer?msa=0&amp;ll=39.397944005406515%2C-0.41543699999999717&amp;spn=0.001737%2C0.002411&amp;iwloc=0004f814a0ce6f15745b7&amp;mid=1Vvi9cWecdqsqhANzHD-3VCzNhlo&amp;z=17\" target=\"_blank\" rel=\"noopener noreferrer\">Ver MAPA<\/a><\/td>\n<\/tr>\n<tr>\n<td style=\"border: 1px solid #CCC; text-align: center; vertical-align: middle; padding: 0px 3px 0px 3px;\">\n<div style=\"width: 10px; height: 10px; background-color: #a1db85; border: none;\"><\/div>\n<\/td>\n<td style=\"border: 1px solid #CCC; text-align: center; vertical-align: middle; padding: 0px 3px 0px 3px;\">2<\/td>\n<td style=\"border: 1px solid #CCC; text-align: center; vertical-align: middle; padding: 0px 3px 0px 3px;\">4<\/td>\n<td style=\"border: 1px solid #CCC; text-align: center; vertical-align: middle; padding: 0px 3px 0px 3px;\">A<\/td>\n<td style=\"border: 1px solid #CCC; text-align: center; vertical-align: middle; padding: 0px 3px 0px 3px;\">A-K<\/td>\n<td style=\"border: 1px solid #CCC; text-align: left; vertical-align: middle; padding: 0px 3px 0px 3px;\">Col\u00b7legi P\u00fablic Juan Esteve<\/td>\n<td style=\"border: 1px solid #CCC; text-align: left; vertical-align: middle; padding: 0px 3px 0px 3px;\">C\/ San Roque, 1<\/td>\n<td style=\"border: 1px solid #CCC; text-align: center; vertical-align: middle; padding: 0px 3px 0px 3px;\"><a href=\"https:\/\/google.com\/maps\/d\/viewer?msa=0&amp;ll=39.394095005405745%2C-0.41491900000005444&amp;spn=0.001737%2C0.002411&amp;iwloc=0004f814b2bbac27acf25&amp;mid=1Vvi9cWecdqsqhANzHD-3VCzNhlo&amp;z=17\" target=\"_blank\" rel=\"noopener noreferrer\">Ver MAPA<\/a><\/td>\n<\/tr>\n<tr>\n<td style=\"border: 1px solid #CCC; text-align: center; vertical-align: middle; padding: 0px 3px 0px 3px;\">\n<div style=\"width: 10px; height: 10px; background-color: #a1db85; border: none;\"><\/div>\n<\/td>\n<td style=\"border: 1px solid #CCC; text-align: center; vertical-align: middle; padding: 0px 3px 0px 3px;\">2<\/td>\n<td style=\"border: 1px solid #CCC; text-align: center; vertical-align: middle; padding: 0px 3px 0px 3px;\">4<\/td>\n<td style=\"border: 1px solid #CCC; text-align: center; vertical-align: middle; padding: 0px 3px 0px 3px;\">B<\/td>\n<td style=\"border: 1px solid #CCC; text-align: center; vertical-align: middle; padding: 0px 3px 0px 3px;\">L-Z<\/td>\n<td style=\"border: 1px solid #CCC; text-align: left; vertical-align: middle; padding: 0px 3px 0px 3px;\">Col\u00b7legi P\u00fablic Juan Esteve<\/td>\n<td style=\"border: 1px solid #CCC; text-align: left; vertical-align: middle; padding: 0px 3px 0px 3px;\">C\/ San Roque, 1<\/td>\n<td style=\"border: 1px solid #CCC; text-align: center; vertical-align: middle; padding: 0px 3px 0px 3px;\"><a href=\"https:\/\/google.com\/maps\/d\/viewer?msa=0&amp;ll=39.394095005405745%2C-0.41491900000005444&amp;spn=0.001737%2C0.002411&amp;iwloc=0004f814b2bbac27acf25&amp;mid=1Vvi9cWecdqsqhANzHD-3VCzNhlo&amp;z=17\" target=\"_blank\" rel=\"noopener noreferrer\">Ver MAPA<\/a><\/td>\n<\/tr>\n<tr>\n<td style=\"border: 1px solid #CCC; text-align: center; vertical-align: middle; padding: 0px 3px 0px 3px;\">\n<div style=\"width: 10px; height: 10px; background-color: #d999d1; border: none;\"><\/div>\n<\/td>\n<td style=\"border: 1px solid #CCC; text-align: center; vertical-align: middle; padding: 0px 3px 0px 3px;\">2<\/td>\n<td style=\"border: 1px solid #CCC; text-align: center; vertical-align: middle; padding: 0px 3px 0px 3px;\">5<\/td>\n<td style=\"border: 1px solid #CCC; text-align: center; vertical-align: middle; padding: 0px 3px 0px 3px;\">U<\/td>\n<td style=\"border: 1px solid #CCC; text-align: center; vertical-align: middle; padding: 0px 3px 0px 3px;\">A-Z<\/td>\n<td style=\"border: 1px solid #CCC; text-align: left; vertical-align: middle; padding: 0px 3px 0px 3px;\">Ajuntament Vell<\/td>\n<td style=\"border: 1px solid #CCC; text-align: left; vertical-align: middle; padding: 0px 3px 0px 3px;\">C\/ Santa Ana, 6<\/td>\n<td style=\"border: 1px solid #CCC; text-align: center; vertical-align: middle; padding: 0px 3px 0px 3px;\"><a href=\"https:\/\/google.com\/maps\/d\/viewer?msa=0&amp;ll=39.39778000540645%2C-0.41544999999996435&amp;spn=0.001737%2C0.002411&amp;iwloc=0004f814a0ce5d0ecea01&amp;mid=1Vvi9cWecdqsqhANzHD-3VCzNhlo&amp;z=17\" target=\"_blank\" rel=\"noopener noreferrer\">Ver MAPA<\/a><\/td>\n<\/tr>\n<tr>\n<td style=\"border: 1px solid #CCC; text-align: center; vertical-align: middle; padding: 0px 3px 0px 3px;\">\n<div style=\"width: 10px; height: 10px; background-color: #f2ef85; border: none;\"><\/div>\n<\/td>\n<td style=\"border: 1px solid #CCC; text-align: center; vertical-align: middle; padding: 0px 3px 0px 3px;\">3<\/td>\n<td style=\"border: 1px solid #CCC; text-align: center; vertical-align: middle; padding: 0px 3px 0px 3px;\">1<\/td>\n<td style=\"border: 1px solid #CCC; text-align: center; vertical-align: middle; padding: 0px 3px 0px 3px;\">A<\/td>\n<td style=\"border: 1px solid #CCC; text-align: center; vertical-align: middle; padding: 0px 3px 0px 3px;\">A-K<\/td>\n<td style=\"border: 1px solid #CCC; text-align: left; vertical-align: middle; padding: 0px 3px 0px 3px;\">Col\u00b7legi P\u00fablic La Balaguera<\/td>\n<td style=\"border: 1px solid #CCC; text-align: left; vertical-align: middle; padding: 0px 3px 0px 3px;\">C\/ Tabacalera, 1<\/td>\n<td style=\"border: 1px solid #CCC; text-align: center; vertical-align: middle; padding: 0px 3px 0px 3px;\"><a href=\"https:\/\/google.com\/maps\/d\/viewer?msa=0&amp;ll=39.39278500540546%2C-0.4100989999999456&amp;spn=0.001737%2C0.002411&amp;iwloc=0004f814af2538da98b8f&amp;mid=1Vvi9cWecdqsqhANzHD-3VCzNhlo&amp;z=17\" target=\"_blank\" rel=\"noopener noreferrer\">Ver MAPA<\/a><\/td>\n<\/tr>\n<tr>\n<td style=\"border: 1px solid #CCC; text-align: center; vertical-align: middle; padding: 0px 3px 0px 3px;\">\n<div style=\"width: 10px; height: 10px; background-color: #f2ef85; border: none;\"><\/div>\n<\/td>\n<td style=\"border: 1px solid #CCC; text-align: center; vertical-align: middle; padding: 0px 3px 0px 3px;\">3<\/td>\n<td style=\"border: 1px solid #CCC; text-align: center; vertical-align: middle; padding: 0px 3px 0px 3px;\">1<\/td>\n<td style=\"border: 1px solid #CCC; text-align: center; vertical-align: middle; padding: 0px 3px 0px 3px;\">B<\/td>\n<td style=\"border: 1px solid #CCC; text-align: center; vertical-align: middle; padding: 0px 3px 0px 3px;\">L-Z<\/td>\n<td style=\"border: 1px solid #CCC; text-align: left; vertical-align: middle; padding: 0px 3px 0px 3px;\">Col\u00b7legi P\u00fablic La Balaguera<\/td>\n<td style=\"border: 1px solid #CCC; text-align: left; vertical-align: middle; padding: 0px 3px 0px 3px;\">C\/ Tabacalera, 1<\/td>\n<td style=\"border: 1px solid #CCC; text-align: center; vertical-align: middle; padding: 0px 3px 0px 3px;\"><a href=\"https:\/\/google.com\/maps\/d\/viewer?msa=0&amp;ll=39.39278500540546%2C-0.4100989999999456&amp;spn=0.001737%2C0.002411&amp;iwloc=0004f814af2538da98b8f&amp;mid=1Vvi9cWecdqsqhANzHD-3VCzNhlo&amp;z=17\" target=\"_blank\" rel=\"noopener noreferrer\">Ver MAPA<\/a><\/td>\n<\/tr>\n<tr>\n<td style=\"border: 1px solid #CCC; text-align: center; vertical-align: middle; padding: 0px 3px 0px 3px;\">\n<div style=\"width: 10px; height: 10px; background-color: #963; border: none;\"><\/div>\n<\/td>\n<td style=\"border: 1px solid #CCC; text-align: center; vertical-align: middle; padding: 0px 3px 0px 3px;\">4<\/td>\n<td style=\"border: 1px solid #CCC; text-align: center; vertical-align: middle; padding: 0px 3px 0px 3px;\">1<\/td>\n<td style=\"border: 1px solid #CCC; text-align: center; vertical-align: middle; padding: 0px 3px 0px 3px;\">U<\/td>\n<td style=\"border: 1px solid #CCC; text-align: center; vertical-align: middle; padding: 0px 3px 0px 3px;\">A-Z<\/td>\n<td style=\"border: 1px solid #CCC; text-align: left; vertical-align: middle; padding: 0px 3px 0px 3px;\">Centre Polivalent<\/td>\n<td style=\"border: 1px solid #CCC; text-align: left; vertical-align: middle; padding: 0px 3px 0px 3px;\">C\/ Maestro Sanchis Rovira, 9<\/td>\n<td style=\"border: 1px solid #CCC; text-align: center; vertical-align: middle; padding: 0px 3px 0px 3px;\"><a href=\"https:\/\/google.com\/maps\/d\/viewer?msa=0&amp;ll=39.398087005406545%2C-0.40860799999995834&amp;spn=0.001737%2C0.002411&amp;iwloc=0004f814a7f94531e7a51&amp;mid=1Vvi9cWecdqsqhANzHD-3VCzNhlo&amp;z=17\" target=\"_blank\" rel=\"noopener noreferrer\">Ver MAPA<\/a><\/td>\n<\/tr>\n<\/tbody>\n<\/table>\n<p>&nbsp;[\/et_pb_text][\/et_pb_column][\/et_pb_row][\/et_pb_section][et_pb_section fb_built=\u00bb1&#8243; disabled_on=\u00bbon|on|on\u00bb admin_label=\u00bb(ancla) #faq\u00bb module_id=\u00bbfaq\u00bb _builder_version=\u00bb4.0.9&#8243; background_color=\u00bb#dcb747&#8243; custom_padding=\u00bb50px||||false|false\u00bb disabled=\u00bbon\u00bb collapsed=\u00bboff\u00bb][et_pb_row _builder_version=\u00bb3.29.3&#8243; background_color=\u00bbrgba(0,0,0,0)\u00bb custom_padding=\u00bb0px||||false|false\u00bb][et_pb_column type=\u00bb4_4&#8243; _builder_version=\u00bb3.29.3&#8243;][et_pb_text admin_label=\u00bbTitulo Preguntes m\u00e9s freq\u00fcents\u00bb _builder_version=\u00bb3.29.3&#8243; header_2_text_color=\u00bb#ffffff\u00bb]<\/p>\n<h2>Preguntas m\u00e1s frecuentes<\/h2>\n<p>[\/et_pb_text][\/et_pb_column][\/et_pb_row][et_pb_row column_structure=\u00bb1_2,1_2&#8243; make_equal=\u00bbon\u00bb admin_label=\u00bbSolo un modulo por fila\u00bb _builder_version=\u00bb3.29.3&#8243; custom_padding=\u00bb0px||||false|false\u00bb][et_pb_column type=\u00bb1_2&#8243; _builder_version=\u00bb3.29.3&#8243; border_width_bottom=\u00bb1px\u00bb border_color_bottom=\u00bb#b09239&#8243;][et_pb_text admin_label=\u00bbText\u00bb _builder_version=\u00bb4.4.6&#8243; custom_padding=\u00bb||25px||false|false\u00bb]<\/p>\n<h3>Titulo<\/h3>\n<p>Text[\/et_pb_text][\/et_pb_column][et_pb_column type=\u00bb1_2&#8243; _builder_version=\u00bb3.29.3&#8243; border_width_bottom=\u00bb1px\u00bb border_color_bottom=\u00bb#b09239&#8243;][et_pb_text admin_label=\u00bbText\u00bb _builder_version=\u00bb4.4.6&#8243; custom_padding=\u00bb||25px||false|false\u00bb]<\/p>\n<h3>Titulo<\/h3>\n<p>Text[\/et_pb_text][\/et_pb_column][\/et_pb_row][\/et_pb_section]<\/p>\n","protected":false},"excerpt":{"rendered":"<p>\u00c1reas y servicios | SECRETAR\u00cdA Censo Electoral Consultas al Censo ElectoralCon certificado digital. Sin certificado digital (por el domicilio de empadronamiento).Informaci\u00f3n de Inter\u00e9s:Consultas y dudas: Atenci\u00f3n Municipal de Informaci\u00f3n Ciudadana REGISTROS Y SOLICITUDES Plaza del Jard\u00edn, 7. Ayto. de Albal &#8211; Planta baja Tel: 96 126 00 56 \u00b7 Fax: 96 127 08 61 Cita previa Sede electr\u00f3nicaAvisos, convocatorias y tr\u00e1mites activos<style>.et_pb_cpt_loop_archive.tramites-activos-pag:before { content:\"Avisos, convocatorias y tr\u00e1mites activos\";}<\/style>Informaci\u00f3n, tr\u00e1mites e impresosEnlaces de inter\u00e9s\u200b: Informaci\u00f3n general sobre Elecciones \u00bfC\u00f3mo puedo votar por correo si resido en Espa\u00f1a? Informaci\u00f3n de la Junta Electoral Central Solicitud de voto por correo por internetTextoTextoTextoImpresos y enlaces a Sede electr\u00f3nica<style>.et_pb_cpt_loop_archive.content-impresos-dinamic:before { content:\"Impresos y enlaces a Sede electr\u00f3nica\";}\t<\/style> Atenci\u00f3n Municipal de Informaci\u00f3n Ciudadana REGISTROS Y SOLICITUDES Plaza del Jard\u00edn, 7. Ayto. de Albal &#8211; Planta baja Tel: 96 126 00 56 \u00b7 Fax: 96 127 08 61 Cita previa Sede electr\u00f3nica\u200bDistritos y secciones electorales Dist. Secc. Mesa Apellido Local Direcci\u00f3n 1 1 A A-K Casa de Cultura C\/ Maestro Ram\u00f3n Sanchis Rovira, 2 Ver MAPA 1 1 B L-Z Casa de Cultura C\/ Maestro Ram\u00f3n Sanchis Rovira, 2 Ver MAPA 1 2 A A-K Col\u00b7legi P\u00fablic Sant Blai Avda. Corts Valencianes, 34 Ver MAPA 1 2 B L-Z Col\u00b7legi P\u00fablic Sant Blai Avda. Corts Valencianes, 34 Ver MAPA 1 3 [&hellip;]<\/p>\n","protected":false},"author":21,"featured_media":0,"parent":759,"menu_order":4,"comment_status":"closed","ping_status":"closed","template":"","meta":{"_acf_changed":false,"_et_pb_use_builder":"on","_et_pb_old_content":"","_et_gb_content_width":"","footnotes":""},"coauthors":[75],"class_list":["post-8952","page","type-page","status-publish","hentry"],"acf":[],"yoast_head":"<!-- This site is optimized with the Yoast SEO plugin v27.4 - https:\/\/yoast.com\/product\/yoast-seo-wordpress\/ -->\n<title>Censo Electoral - Ayuntamiento de Albal (Valencia)<\/title>\n<meta name=\"robots\" content=\"index, follow, max-snippet:-1, max-image-preview:large, max-video-preview:-1\" \/>\n<link rel=\"canonical\" href=\"https:\/\/albal.es\/es\/areas-y-servicios-2\/secretaria-ayuntamiento\/censo-electoral\/\" \/>\n<meta property=\"og:locale\" content=\"es_ES\" \/>\n<meta property=\"og:type\" content=\"article\" \/>\n<meta property=\"og:title\" content=\"Censo Electoral - Ayuntamiento de Albal (Valencia)\" \/>\n<meta property=\"og:description\" content=\"\u00c1reas y servicios | SECRETAR\u00cdA Censo Electoral Consultas al Censo ElectoralCon certificado digital. Sin certificado digital (por el domicilio de empadronamiento).Informaci\u00f3n de Inter\u00e9s:Consultas y dudas: Atenci\u00f3n Municipal de Informaci\u00f3n Ciudadana REGISTROS Y SOLICITUDES Plaza del Jard\u00edn, 7. Ayto. de Albal - Planta baja Tel: 96 126 00 56 \u00b7 Fax: 96 127 08 61 Cita previa Sede electr\u00f3nicaAvisos, convocatorias y tr\u00e1mites activosInformaci\u00f3n, tr\u00e1mites e impresosEnlaces de inter\u00e9s\u200b: Informaci\u00f3n general sobre Elecciones \u00bfC\u00f3mo puedo votar por correo si resido en Espa\u00f1a? Informaci\u00f3n de la Junta Electoral Central Solicitud de voto por correo por internetTextoTextoTextoImpresos y enlaces a Sede electr\u00f3nica Atenci\u00f3n Municipal de Informaci\u00f3n Ciudadana REGISTROS Y SOLICITUDES Plaza del Jard\u00edn, 7. Ayto. de Albal - Planta baja Tel: 96 126 00 56 \u00b7 Fax: 96 127 08 61 Cita previa Sede electr\u00f3nica\u200bDistritos y secciones electorales Dist. Secc. Mesa Apellido Local Direcci\u00f3n 1 1 A A-K Casa de Cultura C\/ Maestro Ram\u00f3n Sanchis Rovira, 2 Ver MAPA 1 1 B L-Z Casa de Cultura C\/ Maestro Ram\u00f3n Sanchis Rovira, 2 Ver MAPA 1 2 A A-K Col\u00b7legi P\u00fablic Sant Blai Avda. Corts Valencianes, 34 Ver MAPA 1 2 B L-Z Col\u00b7legi P\u00fablic Sant Blai Avda. Corts Valencianes, 34 Ver MAPA 1 3 [&hellip;]\" \/>\n<meta property=\"og:site_name\" content=\"Ajuntament d&#039;Albal\" \/>\n<meta property=\"article:publisher\" content=\"https:\/\/facebook.com\/AjuntamentAlbal\/\" \/>\n<meta property=\"article:modified_time\" content=\"2020-07-27T09:04:33+00:00\" \/>\n<meta property=\"og:image\" content=\"https:\/\/albal.es\/content-albal\/uploads\/2019\/12\/logo-amic-2.png\" \/>\n<meta name=\"twitter:card\" content=\"summary_large_image\" \/>\n<meta name=\"twitter:label1\" content=\"Tiempo de lectura\" \/>\n\t<meta name=\"twitter:data1\" content=\"9 minutos\" \/>\n\t<meta name=\"twitter:label2\" content=\"Written by\" \/>\n\t<meta name=\"twitter:data2\" content=\"Gonzalo Galiana\" \/>\n<script type=\"application\/ld+json\" class=\"yoast-schema-graph\">{\"@context\":\"https:\\\/\\\/schema.org\",\"@graph\":[{\"@type\":\"WebPage\",\"@id\":\"https:\\\/\\\/albal.es\\\/es\\\/areas-y-servicios-2\\\/secretaria-ayuntamiento\\\/censo-electoral\\\/\",\"url\":\"https:\\\/\\\/albal.es\\\/es\\\/areas-y-servicios-2\\\/secretaria-ayuntamiento\\\/censo-electoral\\\/\",\"name\":\"Censo Electoral - Ayuntamiento de Albal (Valencia)\",\"isPartOf\":{\"@id\":\"https:\\\/\\\/albal.es\\\/es\\\/#website\"},\"primaryImageOfPage\":{\"@id\":\"https:\\\/\\\/albal.es\\\/es\\\/areas-y-servicios-2\\\/secretaria-ayuntamiento\\\/censo-electoral\\\/#primaryimage\"},\"image\":{\"@id\":\"https:\\\/\\\/albal.es\\\/es\\\/areas-y-servicios-2\\\/secretaria-ayuntamiento\\\/censo-electoral\\\/#primaryimage\"},\"thumbnailUrl\":\"https:\\\/\\\/albal.es\\\/content-albal\\\/uploads\\\/2019\\\/12\\\/logo-amic-2.png\",\"datePublished\":\"2019-12-10T11:54:03+00:00\",\"dateModified\":\"2020-07-27T09:04:33+00:00\",\"breadcrumb\":{\"@id\":\"https:\\\/\\\/albal.es\\\/es\\\/areas-y-servicios-2\\\/secretaria-ayuntamiento\\\/censo-electoral\\\/#breadcrumb\"},\"inLanguage\":\"es\",\"potentialAction\":[{\"@type\":\"ReadAction\",\"target\":[\"https:\\\/\\\/albal.es\\\/es\\\/areas-y-servicios-2\\\/secretaria-ayuntamiento\\\/censo-electoral\\\/\"]}]},{\"@type\":\"ImageObject\",\"inLanguage\":\"es\",\"@id\":\"https:\\\/\\\/albal.es\\\/es\\\/areas-y-servicios-2\\\/secretaria-ayuntamiento\\\/censo-electoral\\\/#primaryimage\",\"url\":\"https:\\\/\\\/albal.es\\\/content-albal\\\/uploads\\\/2019\\\/12\\\/logo-amic-2.png\",\"contentUrl\":\"https:\\\/\\\/albal.es\\\/content-albal\\\/uploads\\\/2019\\\/12\\\/logo-amic-2.png\"},{\"@type\":\"BreadcrumbList\",\"@id\":\"https:\\\/\\\/albal.es\\\/es\\\/areas-y-servicios-2\\\/secretaria-ayuntamiento\\\/censo-electoral\\\/#breadcrumb\",\"itemListElement\":[{\"@type\":\"ListItem\",\"position\":1,\"name\":\"Inici\",\"item\":\"https:\\\/\\\/albal.es\\\/es\\\/\"},{\"@type\":\"ListItem\",\"position\":2,\"name\":\"\u00c1reas y Servicios\",\"item\":\"https:\\\/\\\/albal.es\\\/es\\\/areas-y-servicios-2\\\/\"},{\"@type\":\"ListItem\",\"position\":3,\"name\":\"Secretaria\",\"item\":\"https:\\\/\\\/albal.es\\\/es\\\/areas-y-servicios-2\\\/secretaria-ayuntamiento\\\/\"},{\"@type\":\"ListItem\",\"position\":4,\"name\":\"Censo Electoral\"}]},{\"@type\":\"WebSite\",\"@id\":\"https:\\\/\\\/albal.es\\\/es\\\/#website\",\"url\":\"https:\\\/\\\/albal.es\\\/es\\\/\",\"name\":\"Ajuntament d&#039;Albal\",\"description\":\"Ajuntament d&#039;Albal\",\"publisher\":{\"@id\":\"https:\\\/\\\/albal.es\\\/es\\\/#organization\"},\"potentialAction\":[{\"@type\":\"SearchAction\",\"target\":{\"@type\":\"EntryPoint\",\"urlTemplate\":\"https:\\\/\\\/albal.es\\\/es\\\/?s={search_term_string}\"},\"query-input\":{\"@type\":\"PropertyValueSpecification\",\"valueRequired\":true,\"valueName\":\"search_term_string\"}}],\"inLanguage\":\"es\"},{\"@type\":\"Organization\",\"@id\":\"https:\\\/\\\/albal.es\\\/es\\\/#organization\",\"name\":\"Ajuntament d'Albal - Valencia\",\"url\":\"https:\\\/\\\/albal.es\\\/es\\\/\",\"logo\":{\"@type\":\"ImageObject\",\"inLanguage\":\"es\",\"@id\":\"https:\\\/\\\/albal.es\\\/es\\\/#\\\/schema\\\/logo\\\/image\\\/\",\"url\":\"https:\\\/\\\/albal.es\\\/content-albal\\\/uploads\\\/2020\\\/06\\\/logo-ayuntamiento-albal.png\",\"contentUrl\":\"https:\\\/\\\/albal.es\\\/content-albal\\\/uploads\\\/2020\\\/06\\\/logo-ayuntamiento-albal.png\",\"width\":367,\"height\":332,\"caption\":\"Ajuntament d'Albal - Valencia\"},\"image\":{\"@id\":\"https:\\\/\\\/albal.es\\\/es\\\/#\\\/schema\\\/logo\\\/image\\\/\"},\"sameAs\":[\"https:\\\/\\\/facebook.com\\\/AjuntamentAlbal\\\/\"]}]}<\/script>\n<!-- \/ Yoast SEO plugin. -->","yoast_head_json":{"title":"Censo Electoral - Ayuntamiento de Albal (Valencia)","robots":{"index":"index","follow":"follow","max-snippet":"max-snippet:-1","max-image-preview":"max-image-preview:large","max-video-preview":"max-video-preview:-1"},"canonical":"https:\/\/albal.es\/es\/areas-y-servicios-2\/secretaria-ayuntamiento\/censo-electoral\/","og_locale":"es_ES","og_type":"article","og_title":"Censo Electoral - Ayuntamiento de Albal (Valencia)","og_description":"\u00c1reas y servicios | SECRETAR\u00cdA Censo Electoral Consultas al Censo ElectoralCon certificado digital. Sin certificado digital (por el domicilio de empadronamiento).Informaci\u00f3n de Inter\u00e9s:Consultas y dudas: Atenci\u00f3n Municipal de Informaci\u00f3n Ciudadana REGISTROS Y SOLICITUDES Plaza del Jard\u00edn, 7. Ayto. de Albal - Planta baja Tel: 96 126 00 56 \u00b7 Fax: 96 127 08 61 Cita previa Sede electr\u00f3nicaAvisos, convocatorias y tr\u00e1mites activosInformaci\u00f3n, tr\u00e1mites e impresosEnlaces de inter\u00e9s\u200b: Informaci\u00f3n general sobre Elecciones \u00bfC\u00f3mo puedo votar por correo si resido en Espa\u00f1a? Informaci\u00f3n de la Junta Electoral Central Solicitud de voto por correo por internetTextoTextoTextoImpresos y enlaces a Sede electr\u00f3nica Atenci\u00f3n Municipal de Informaci\u00f3n Ciudadana REGISTROS Y SOLICITUDES Plaza del Jard\u00edn, 7. Ayto. de Albal - Planta baja Tel: 96 126 00 56 \u00b7 Fax: 96 127 08 61 Cita previa Sede electr\u00f3nica\u200bDistritos y secciones electorales Dist. Secc. Mesa Apellido Local Direcci\u00f3n 1 1 A A-K Casa de Cultura C\/ Maestro Ram\u00f3n Sanchis Rovira, 2 Ver MAPA 1 1 B L-Z Casa de Cultura C\/ Maestro Ram\u00f3n Sanchis Rovira, 2 Ver MAPA 1 2 A A-K Col\u00b7legi P\u00fablic Sant Blai Avda. Corts Valencianes, 34 Ver MAPA 1 2 B L-Z Col\u00b7legi P\u00fablic Sant Blai Avda. Corts Valencianes, 34 Ver MAPA 1 3 [&hellip;]","og_site_name":"Ajuntament d&#039;Albal","article_publisher":"https:\/\/facebook.com\/AjuntamentAlbal\/","article_modified_time":"2020-07-27T09:04:33+00:00","og_image":[{"url":"https:\/\/albal.es\/content-albal\/uploads\/2019\/12\/logo-amic-2.png","type":"","width":"","height":""}],"twitter_card":"summary_large_image","twitter_misc":{"Tiempo de lectura":"9 minutos","Written by":"Gonzalo Galiana"},"schema":{"@context":"https:\/\/schema.org","@graph":[{"@type":"WebPage","@id":"https:\/\/albal.es\/es\/areas-y-servicios-2\/secretaria-ayuntamiento\/censo-electoral\/","url":"https:\/\/albal.es\/es\/areas-y-servicios-2\/secretaria-ayuntamiento\/censo-electoral\/","name":"Censo Electoral - Ayuntamiento de Albal (Valencia)","isPartOf":{"@id":"https:\/\/albal.es\/es\/#website"},"primaryImageOfPage":{"@id":"https:\/\/albal.es\/es\/areas-y-servicios-2\/secretaria-ayuntamiento\/censo-electoral\/#primaryimage"},"image":{"@id":"https:\/\/albal.es\/es\/areas-y-servicios-2\/secretaria-ayuntamiento\/censo-electoral\/#primaryimage"},"thumbnailUrl":"https:\/\/albal.es\/content-albal\/uploads\/2019\/12\/logo-amic-2.png","datePublished":"2019-12-10T11:54:03+00:00","dateModified":"2020-07-27T09:04:33+00:00","breadcrumb":{"@id":"https:\/\/albal.es\/es\/areas-y-servicios-2\/secretaria-ayuntamiento\/censo-electoral\/#breadcrumb"},"inLanguage":"es","potentialAction":[{"@type":"ReadAction","target":["https:\/\/albal.es\/es\/areas-y-servicios-2\/secretaria-ayuntamiento\/censo-electoral\/"]}]},{"@type":"ImageObject","inLanguage":"es","@id":"https:\/\/albal.es\/es\/areas-y-servicios-2\/secretaria-ayuntamiento\/censo-electoral\/#primaryimage","url":"https:\/\/albal.es\/content-albal\/uploads\/2019\/12\/logo-amic-2.png","contentUrl":"https:\/\/albal.es\/content-albal\/uploads\/2019\/12\/logo-amic-2.png"},{"@type":"BreadcrumbList","@id":"https:\/\/albal.es\/es\/areas-y-servicios-2\/secretaria-ayuntamiento\/censo-electoral\/#breadcrumb","itemListElement":[{"@type":"ListItem","position":1,"name":"Inici","item":"https:\/\/albal.es\/es\/"},{"@type":"ListItem","position":2,"name":"\u00c1reas y Servicios","item":"https:\/\/albal.es\/es\/areas-y-servicios-2\/"},{"@type":"ListItem","position":3,"name":"Secretaria","item":"https:\/\/albal.es\/es\/areas-y-servicios-2\/secretaria-ayuntamiento\/"},{"@type":"ListItem","position":4,"name":"Censo Electoral"}]},{"@type":"WebSite","@id":"https:\/\/albal.es\/es\/#website","url":"https:\/\/albal.es\/es\/","name":"Ajuntament d&#039;Albal","description":"Ajuntament d&#039;Albal","publisher":{"@id":"https:\/\/albal.es\/es\/#organization"},"potentialAction":[{"@type":"SearchAction","target":{"@type":"EntryPoint","urlTemplate":"https:\/\/albal.es\/es\/?s={search_term_string}"},"query-input":{"@type":"PropertyValueSpecification","valueRequired":true,"valueName":"search_term_string"}}],"inLanguage":"es"},{"@type":"Organization","@id":"https:\/\/albal.es\/es\/#organization","name":"Ajuntament d'Albal - Valencia","url":"https:\/\/albal.es\/es\/","logo":{"@type":"ImageObject","inLanguage":"es","@id":"https:\/\/albal.es\/es\/#\/schema\/logo\/image\/","url":"https:\/\/albal.es\/content-albal\/uploads\/2020\/06\/logo-ayuntamiento-albal.png","contentUrl":"https:\/\/albal.es\/content-albal\/uploads\/2020\/06\/logo-ayuntamiento-albal.png","width":367,"height":332,"caption":"Ajuntament d'Albal - Valencia"},"image":{"@id":"https:\/\/albal.es\/es\/#\/schema\/logo\/image\/"},"sameAs":["https:\/\/facebook.com\/AjuntamentAlbal\/"]}]}},"publishpress_future_workflow_manual_trigger":{"enabledWorkflows":[]},"_links":{"self":[{"href":"https:\/\/albal.es\/es\/wp-json\/wp\/v2\/pages\/8952","targetHints":{"allow":["GET"]}}],"collection":[{"href":"https:\/\/albal.es\/es\/wp-json\/wp\/v2\/pages"}],"about":[{"href":"https:\/\/albal.es\/es\/wp-json\/wp\/v2\/types\/page"}],"author":[{"embeddable":true,"href":"https:\/\/albal.es\/es\/wp-json\/wp\/v2\/users\/21"}],"replies":[{"embeddable":true,"href":"https:\/\/albal.es\/es\/wp-json\/wp\/v2\/comments?post=8952"}],"version-history":[{"count":0,"href":"https:\/\/albal.es\/es\/wp-json\/wp\/v2\/pages\/8952\/revisions"}],"up":[{"embeddable":true,"href":"https:\/\/albal.es\/es\/wp-json\/wp\/v2\/pages\/759"}],"wp:attachment":[{"href":"https:\/\/albal.es\/es\/wp-json\/wp\/v2\/media?parent=8952"}],"wp:term":[{"taxonomy":"author","embeddable":true,"href":"https:\/\/albal.es\/es\/wp-json\/wp\/v2\/coauthors?post=8952"}],"curies":[{"name":"wp","href":"https:\/\/api.w.org\/{rel}","templated":true}]}}