

{"id":818,"date":"2019-12-10T18:56:02","date_gmt":"2019-12-10T17:56:02","guid":{"rendered":"https:\/\/albal.es\/?page_id=818"},"modified":"2024-06-06T13:07:51","modified_gmt":"2024-06-06T11:07:51","slug":"telefonos-de-interes","status":"publish","type":"page","link":"https:\/\/albal.es\/es\/informacion\/telefonos-de-interes\/","title":{"rendered":"Tel\u00e9fonos de inter\u00e9s"},"content":{"rendered":"<p>[et_pb_section fb_built=\u00bb1&#8243; _builder_version=\u00bb4.16&#8243; background_color=\u00bb#f7f7f7&#8243; module_alignment=\u00bbcenter\u00bb custom_margin=\u00bb||||false|false\u00bb custom_padding=\u00bb45px||||false|false\u00bb locked=\u00bboff\u00bb collapsed=\u00bboff\u00bb global_colors_info=\u00bb{}\u00bb][et_pb_row _builder_version=\u00bb4.16&#8243; global_colors_info=\u00bb{}\u00bb][et_pb_column type=\u00bb4_4&#8243; _builder_version=\u00bb4.16&#8243; global_colors_info=\u00bb{}\u00bb][et_pb_text _builder_version=\u00bb4.16&#8243; header_font=\u00bb|300|||||||\u00bb header_text_color=\u00bb#999999&#8243; global_colors_info=\u00bb{}\u00bb]<\/p>\n<h1>Tel\u00e9fonos de inter\u00e9s<\/h1>\n<p>[\/et_pb_text][\/et_pb_column][\/et_pb_row][et_pb_row column_structure=\u00bb1_2,1_6,1_6,1_6&#8243; admin_label=\u00bbcabecera\u00bb _builder_version=\u00bb4.16&#8243; background_color=\u00bb#474747&#8243; width=\u00bb60%\u00bb custom_margin=\u00bb||5px||false|false\u00bb custom_padding=\u00bb10px||10px||true|false\u00bb border_color_all=\u00bb#ffffff\u00bb global_colors_info=\u00bb{}\u00bb][et_pb_column type=\u00bb1_2&#8243; _builder_version=\u00bb4.16&#8243; global_colors_info=\u00bb{}\u00bb][et_pb_text _builder_version=\u00bb4.16&#8243; text_orientation=\u00bbcenter\u00bb background_layout=\u00bbdark\u00bb global_colors_info=\u00bb{}\u00bb]Contacto[\/et_pb_text][\/et_pb_column][et_pb_column type=\u00bb1_6&#8243; _builder_version=\u00bb4.16&#8243; global_colors_info=\u00bb{}\u00bb][et_pb_text _builder_version=\u00bb4.16&#8243; text_orientation=\u00bbcenter\u00bb background_layout=\u00bbdark\u00bb global_colors_info=\u00bb{}\u00bb]Email[\/et_pb_text][\/et_pb_column][et_pb_column type=\u00bb1_6&#8243; _builder_version=\u00bb4.16&#8243; global_colors_info=\u00bb{}\u00bb][et_pb_text _builder_version=\u00bb4.16&#8243; text_orientation=\u00bbcenter\u00bb background_layout=\u00bbdark\u00bb global_colors_info=\u00bb{}\u00bb]Tel\u00e9fono[\/et_pb_text][\/et_pb_column][et_pb_column type=\u00bb1_6&#8243; _builder_version=\u00bb4.16&#8243; global_colors_info=\u00bb{}\u00bb][et_pb_text _builder_version=\u00bb4.16&#8243; text_orientation=\u00bbcenter\u00bb background_layout=\u00bbdark\u00bb global_colors_info=\u00bb{}\u00bb]Fax[\/et_pb_text][\/et_pb_column][\/et_pb_row][et_pb_row column_structure=\u00bb1_2,1_6,1_6,1_6&#8243; admin_label=\u00bbAgencia de Empleo y Desarrollo Local\u00bb _builder_version=\u00bb4.16&#8243; background_color=\u00bb#eeeeee\u00bb width=\u00bb60%\u00bb custom_margin=\u00bb||5px||false|false\u00bb custom_padding=\u00bb10px||10px||true|false\u00bb border_color_all=\u00bb#ffffff\u00bb global_colors_info=\u00bb{}\u00bb][et_pb_column type=\u00bb1_2&#8243; _builder_version=\u00bb4.16&#8243; custom_padding=\u00bb|5px|||false|false\u00bb global_colors_info=\u00bb{}\u00bb][et_pb_text admin_label=\u00bbContacto\u00bb _builder_version=\u00bb4.16&#8243; custom_padding=\u00bb|||20px|false|false\u00bb global_colors_info=\u00bb{}\u00bb]<\/p>\n<p><strong>Agencia de Empleo y Desarrollo Local<\/strong><br \/>Mestre Ram\u00f3n Sanchis Rovira, n\u00ba 9<\/p>\n<p>[\/et_pb_text][\/et_pb_column][et_pb_column type=\u00bb1_6&#8243; _builder_version=\u00bb4.16&#8243; custom_padding=\u00bb|5px||5px|false|true\u00bb global_colors_info=\u00bb{}\u00bb][et_pb_text admin_label=\u00bbEmail\u00bb _builder_version=\u00bb4.16&#8243; text_orientation=\u00bbcenter\u00bb global_colors_info=\u00bb{}\u00bb][\/et_pb_text][\/et_pb_column][et_pb_column type=\u00bb1_6&#8243; _builder_version=\u00bb4.16&#8243; global_colors_info=\u00bb{}\u00bb][et_pb_text admin_label=\u00bbTel\u00e9fono\u00bb _builder_version=\u00bb4.16&#8243; text_orientation=\u00bbcenter\u00bb custom_padding=\u00bb||||false|false\u00bb global_colors_info=\u00bb{}\u00bb]96 122 05 04[\/et_pb_text][\/et_pb_column][et_pb_column type=\u00bb1_6&#8243; _builder_version=\u00bb4.16&#8243; global_colors_info=\u00bb{}\u00bb][et_pb_text admin_label=\u00bbFax\u00bb _builder_version=\u00bb4.16&#8243; text_orientation=\u00bbcenter\u00bb global_colors_info=\u00bb{}\u00bb]96 122 04 47[\/et_pb_text][\/et_pb_column][\/et_pb_row][et_pb_row column_structure=\u00bb1_2,1_6,1_6,1_6&#8243; admin_label=\u00bbAgencia Tributaria (Catarroja)\u00bb _builder_version=\u00bb4.16&#8243; background_color=\u00bb#c9c9c9&#8243; width=\u00bb60%\u00bb custom_margin=\u00bb||5px||false|false\u00bb custom_padding=\u00bb10px||10px||true|false\u00bb border_color_all=\u00bb#ffffff\u00bb global_colors_info=\u00bb{}\u00bb][et_pb_column type=\u00bb1_2&#8243; _builder_version=\u00bb4.16&#8243; custom_padding=\u00bb|5px|||false|false\u00bb global_colors_info=\u00bb{}\u00bb][et_pb_text admin_label=\u00bbContacto\u00bb _builder_version=\u00bb4.16&#8243; custom_padding=\u00bb|||20px|false|false\u00bb global_colors_info=\u00bb{}\u00bb]<strong>Agencia Tributaria (Catarroja)<\/strong><br \/>\nManfredo Monforte, n\u00ba 4[\/et_pb_text][\/et_pb_column][et_pb_column type=\u00bb1_6&#8243; _builder_version=\u00bb4.16&#8243; custom_padding=\u00bb|5px||5px|false|true\u00bb global_colors_info=\u00bb{}\u00bb][et_pb_text admin_label=\u00bbEmail\u00bb _builder_version=\u00bb4.16&#8243; text_orientation=\u00bbcenter\u00bb global_colors_info=\u00bb{}\u00bb][\/et_pb_text][\/et_pb_column][et_pb_column type=\u00bb1_6&#8243; _builder_version=\u00bb4.16&#8243; global_colors_info=\u00bb{}\u00bb][et_pb_text admin_label=\u00bbTel\u00e9fono\u00bb _builder_version=\u00bb4.16&#8243; text_orientation=\u00bbcenter\u00bb custom_padding=\u00bb||||false|false\u00bb global_colors_info=\u00bb{}\u00bb]96 126 66 61[\/et_pb_text][\/et_pb_column][et_pb_column type=\u00bb1_6&#8243; _builder_version=\u00bb4.16&#8243; global_colors_info=\u00bb{}\u00bb][et_pb_text admin_label=\u00bbFax\u00bb _builder_version=\u00bb4.16&#8243; text_orientation=\u00bbcenter\u00bb global_colors_info=\u00bb{}\u00bb]96 122 02 63[\/et_pb_text][\/et_pb_column][\/et_pb_row][et_pb_row column_structure=\u00bb1_2,1_6,1_6,1_6&#8243; admin_label=\u00bbAyuda a la drogodependencia\u00bb _builder_version=\u00bb4.16&#8243; background_color=\u00bb#eeeeee\u00bb width=\u00bb60%\u00bb custom_margin=\u00bb||5px||false|false\u00bb custom_padding=\u00bb10px||10px||true|false\u00bb border_color_all=\u00bb#ffffff\u00bb global_colors_info=\u00bb{}\u00bb][et_pb_column type=\u00bb1_2&#8243; _builder_version=\u00bb4.16&#8243; custom_padding=\u00bb|5px|||false|false\u00bb global_colors_info=\u00bb{}\u00bb][et_pb_text admin_label=\u00bbContacto\u00bb _builder_version=\u00bb4.16&#8243; custom_padding=\u00bb|||20px|false|false\u00bb global_colors_info=\u00bb{}\u00bb]<strong>Ayuda a la drogodependencia<\/strong>[\/et_pb_text][\/et_pb_column][et_pb_column type=\u00bb1_6&#8243; _builder_version=\u00bb4.16&#8243; custom_padding=\u00bb|5px||5px|false|true\u00bb global_colors_info=\u00bb{}\u00bb][et_pb_text admin_label=\u00bbEmail\u00bb _builder_version=\u00bb4.16&#8243; text_orientation=\u00bbcenter\u00bb global_colors_info=\u00bb{}\u00bb][\/et_pb_text][\/et_pb_column][et_pb_column type=\u00bb1_6&#8243; _builder_version=\u00bb4.16&#8243; global_colors_info=\u00bb{}\u00bb][et_pb_text admin_label=\u00bbTel\u00e9fono\u00bb _builder_version=\u00bb4.16&#8243; text_orientation=\u00bbcenter\u00bb custom_padding=\u00bb||||false|false\u00bb global_colors_info=\u00bb{}\u00bb]900 16 15 15[\/et_pb_text][\/et_pb_column][et_pb_column type=\u00bb1_6&#8243; _builder_version=\u00bb4.16&#8243; global_colors_info=\u00bb{}\u00bb][et_pb_text admin_label=\u00bbFax\u00bb _builder_version=\u00bb4.16&#8243; text_orientation=\u00bbcenter\u00bb global_colors_info=\u00bb{}\u00bb][\/et_pb_text][\/et_pb_column][\/et_pb_row][et_pb_row column_structure=\u00bb1_2,1_6,1_6,1_6&#8243; admin_label=\u00bbAyuntamiento\u00bb _builder_version=\u00bb4.16&#8243; background_color=\u00bb#c9c9c9&#8243; width=\u00bb60%\u00bb custom_margin=\u00bb||5px||false|false\u00bb custom_padding=\u00bb10px||10px||true|false\u00bb border_color_all=\u00bb#ffffff\u00bb global_colors_info=\u00bb{}\u00bb][et_pb_column type=\u00bb1_2&#8243; _builder_version=\u00bb4.16&#8243; custom_padding=\u00bb|5px|||false|false\u00bb global_colors_info=\u00bb{}\u00bb][et_pb_text admin_label=\u00bbContacto\u00bb _builder_version=\u00bb4.16&#8243; custom_padding=\u00bb|||20px|false|false\u00bb global_colors_info=\u00bb{}\u00bb]<strong>Ayuntamiento<\/strong><br \/>\nPlaza del Jard\u00ed, n\u00ba 7[\/et_pb_text][\/et_pb_column][et_pb_column type=\u00bb1_6&#8243; _builder_version=\u00bb4.16&#8243; custom_padding=\u00bb|5px||5px|false|true\u00bb global_colors_info=\u00bb{}\u00bb][et_pb_text admin_label=\u00bbEmail\u00bb _builder_version=\u00bb4.16&#8243; text_orientation=\u00bbcenter\u00bb global_colors_info=\u00bb{}\u00bb][\/et_pb_text][\/et_pb_column][et_pb_column type=\u00bb1_6&#8243; _builder_version=\u00bb4.16&#8243; global_colors_info=\u00bb{}\u00bb][et_pb_text admin_label=\u00bbTel\u00e9fono\u00bb _builder_version=\u00bb4.16&#8243; text_orientation=\u00bbcenter\u00bb custom_padding=\u00bb||||false|false\u00bb global_colors_info=\u00bb{}\u00bb]96 126 00 56[\/et_pb_text][\/et_pb_column][et_pb_column type=\u00bb1_6&#8243; _builder_version=\u00bb4.16&#8243; global_colors_info=\u00bb{}\u00bb][et_pb_text admin_label=\u00bbFax\u00bb _builder_version=\u00bb4.16&#8243; text_orientation=\u00bbcenter\u00bb global_colors_info=\u00bb{}\u00bb]96 127 08 61[\/et_pb_text][\/et_pb_column][\/et_pb_row][et_pb_row column_structure=\u00bb1_2,1_6,1_6,1_6&#8243; admin_label=\u00bbAmbulancias Aut\u00f3nomas\u00bb _builder_version=\u00bb4.16&#8243; background_color=\u00bb#eeeeee\u00bb width=\u00bb60%\u00bb custom_margin=\u00bb||5px||false|false\u00bb custom_padding=\u00bb10px||10px||true|false\u00bb border_color_all=\u00bb#ffffff\u00bb global_colors_info=\u00bb{}\u00bb][et_pb_column type=\u00bb1_2&#8243; _builder_version=\u00bb4.16&#8243; custom_padding=\u00bb|5px|||false|false\u00bb global_colors_info=\u00bb{}\u00bb][et_pb_text admin_label=\u00bbContacto\u00bb _builder_version=\u00bb4.16&#8243; custom_padding=\u00bb|||20px|false|false\u00bb global_colors_info=\u00bb{}\u00bb]<strong>Ambulancias Aut\u00f3nomas<\/strong>[\/et_pb_text][\/et_pb_column][et_pb_column type=\u00bb1_6&#8243; _builder_version=\u00bb4.16&#8243; custom_padding=\u00bb|5px||5px|false|true\u00bb global_colors_info=\u00bb{}\u00bb][et_pb_text admin_label=\u00bbEmail\u00bb _builder_version=\u00bb4.16&#8243; text_orientation=\u00bbcenter\u00bb global_colors_info=\u00bb{}\u00bb][\/et_pb_text][\/et_pb_column][et_pb_column type=\u00bb1_6&#8243; _builder_version=\u00bb4.16&#8243; global_colors_info=\u00bb{}\u00bb][et_pb_text admin_label=\u00bbTel\u00e9fono\u00bb _builder_version=\u00bb4.16&#8243; text_orientation=\u00bbcenter\u00bb custom_padding=\u00bb||||false|false\u00bb global_colors_info=\u00bb{}\u00bb]96 350 01 00[\/et_pb_text][\/et_pb_column][et_pb_column type=\u00bb1_6&#8243; _builder_version=\u00bb4.16&#8243; global_colors_info=\u00bb{}\u00bb][et_pb_text admin_label=\u00bbFax\u00bb _builder_version=\u00bb4.16&#8243; text_orientation=\u00bbcenter\u00bb global_colors_info=\u00bb{}\u00bb][\/et_pb_text][\/et_pb_column][\/et_pb_row][et_pb_row column_structure=\u00bb1_2,1_6,1_6,1_6&#8243; admin_label=\u00bbAmbulancias SAMU\u00bb _builder_version=\u00bb4.16&#8243; background_color=\u00bb#c9c9c9&#8243; width=\u00bb60%\u00bb custom_margin=\u00bb||5px||false|false\u00bb custom_padding=\u00bb10px||10px||true|false\u00bb border_color_all=\u00bb#ffffff\u00bb global_colors_info=\u00bb{}\u00bb][et_pb_column type=\u00bb1_2&#8243; _builder_version=\u00bb4.16&#8243; custom_padding=\u00bb|5px|||false|false\u00bb global_colors_info=\u00bb{}\u00bb][et_pb_text admin_label=\u00bbContacto\u00bb _builder_version=\u00bb4.16&#8243; custom_padding=\u00bb|||20px|false|false\u00bb global_colors_info=\u00bb{}\u00bb]<strong>Ambulancias SAMU<\/strong>[\/et_pb_text][\/et_pb_column][et_pb_column type=\u00bb1_6&#8243; _builder_version=\u00bb4.16&#8243; custom_padding=\u00bb|5px||5px|false|true\u00bb global_colors_info=\u00bb{}\u00bb][et_pb_text admin_label=\u00bbEmail\u00bb _builder_version=\u00bb4.16&#8243; text_orientation=\u00bbcenter\u00bb global_colors_info=\u00bb{}\u00bb][\/et_pb_text][\/et_pb_column][et_pb_column type=\u00bb1_6&#8243; _builder_version=\u00bb4.16&#8243; global_colors_info=\u00bb{}\u00bb][et_pb_text admin_label=\u00bbTel\u00e9fono\u00bb _builder_version=\u00bb4.16&#8243; text_orientation=\u00bbcenter\u00bb custom_padding=\u00bb||||false|false\u00bb global_colors_info=\u00bb{}\u00bb]900 16 11 61<br \/>\n112[\/et_pb_text][\/et_pb_column][et_pb_column type=\u00bb1_6&#8243; _builder_version=\u00bb4.16&#8243; global_colors_info=\u00bb{}\u00bb][et_pb_text admin_label=\u00bbFax\u00bb _builder_version=\u00bb4.16&#8243; text_orientation=\u00bbcenter\u00bb global_colors_info=\u00bb{}\u00bb][\/et_pb_text][\/et_pb_column][\/et_pb_row][et_pb_row column_structure=\u00bb1_2,1_6,1_6,1_6&#8243; admin_label=\u00bbAqualia &#8211; Atenci\u00f3n al cliente\u00bb _builder_version=\u00bb4.16&#8243; background_color=\u00bb#eeeeee\u00bb width=\u00bb60%\u00bb custom_margin=\u00bb||5px||false|false\u00bb custom_padding=\u00bb10px||10px||true|false\u00bb border_color_all=\u00bb#ffffff\u00bb global_colors_info=\u00bb{}\u00bb][et_pb_column type=\u00bb1_2&#8243; _builder_version=\u00bb4.16&#8243; custom_padding=\u00bb|5px|||false|false\u00bb global_colors_info=\u00bb{}\u00bb][et_pb_text admin_label=\u00bbContacto\u00bb _builder_version=\u00bb4.16&#8243; custom_padding=\u00bb|||20px|false|false\u00bb global_colors_info=\u00bb{}\u00bb]<strong>Aqualia &#8211; Atenci\u00f3n al cliente<\/strong><br \/>\nMestre Ram\u00f3n Sanchis Rovira, n\u00ba 7[\/et_pb_text][\/et_pb_column][et_pb_column type=\u00bb1_6&#8243; _builder_version=\u00bb4.16&#8243; custom_padding=\u00bb|5px||5px|false|true\u00bb global_colors_info=\u00bb{}\u00bb][et_pb_text admin_label=\u00bbEmail\u00bb _builder_version=\u00bb4.16&#8243; text_orientation=\u00bbcenter\u00bb global_colors_info=\u00bb{}\u00bb][\/et_pb_text][\/et_pb_column][et_pb_column type=\u00bb1_6&#8243; _builder_version=\u00bb4.16&#8243; global_colors_info=\u00bb{}\u00bb][et_pb_text admin_label=\u00bbTel\u00e9fono\u00bb _builder_version=\u00bb4.16&#8243; text_orientation=\u00bbcenter\u00bb custom_padding=\u00bb||||false|false\u00bb global_colors_info=\u00bb{}\u00bb]900 81 40 81[\/et_pb_text][\/et_pb_column][et_pb_column type=\u00bb1_6&#8243; _builder_version=\u00bb4.16&#8243; global_colors_info=\u00bb{}\u00bb][et_pb_text admin_label=\u00bbFax\u00bb _builder_version=\u00bb4.16&#8243; text_orientation=\u00bbcenter\u00bb global_colors_info=\u00bb{}\u00bb][\/et_pb_text][\/et_pb_column][\/et_pb_row][et_pb_row column_structure=\u00bb1_2,1_6,1_6,1_6&#8243; admin_label=\u00bbAqualia &#8211; Entrega de lecturas\u00bb _builder_version=\u00bb4.16&#8243; background_color=\u00bb#c9c9c9&#8243; width=\u00bb60%\u00bb custom_margin=\u00bb||5px||false|false\u00bb custom_padding=\u00bb10px||10px||true|false\u00bb border_color_all=\u00bb#ffffff\u00bb global_colors_info=\u00bb{}\u00bb][et_pb_column type=\u00bb1_2&#8243; _builder_version=\u00bb4.16&#8243; custom_padding=\u00bb|5px|||false|false\u00bb global_colors_info=\u00bb{}\u00bb][et_pb_text admin_label=\u00bbContacto\u00bb _builder_version=\u00bb4.16&#8243; custom_padding=\u00bb|||20px|false|false\u00bb global_colors_info=\u00bb{}\u00bb]<strong>Aqualia &#8211; Entrega de lecturas<\/strong>[\/et_pb_text][\/et_pb_column][et_pb_column type=\u00bb1_6&#8243; _builder_version=\u00bb4.16&#8243; custom_padding=\u00bb|5px||5px|false|true\u00bb global_colors_info=\u00bb{}\u00bb][et_pb_text admin_label=\u00bbEmail\u00bb _builder_version=\u00bb4.16&#8243; text_orientation=\u00bbcenter\u00bb global_colors_info=\u00bb{}\u00bb][\/et_pb_text][\/et_pb_column][et_pb_column type=\u00bb1_6&#8243; _builder_version=\u00bb4.16&#8243; global_colors_info=\u00bb{}\u00bb][et_pb_text admin_label=\u00bbTel\u00e9fono\u00bb _builder_version=\u00bb4.16&#8243; text_orientation=\u00bbcenter\u00bb custom_padding=\u00bb||||false|false\u00bb global_colors_info=\u00bb{}\u00bb]900 81 40 83[\/et_pb_text][\/et_pb_column][et_pb_column type=\u00bb1_6&#8243; _builder_version=\u00bb4.16&#8243; global_colors_info=\u00bb{}\u00bb][et_pb_text admin_label=\u00bbFax\u00bb _builder_version=\u00bb4.16&#8243; text_orientation=\u00bbcenter\u00bb global_colors_info=\u00bb{}\u00bb][\/et_pb_text][\/et_pb_column][\/et_pb_row][et_pb_row column_structure=\u00bb1_2,1_6,1_6,1_6&#8243; admin_label=\u00bbAqualia &#8211; Informaci\u00f3n y gesti\u00f3n de aver\u00edas\u00bb _builder_version=\u00bb4.16&#8243; background_color=\u00bb#eeeeee\u00bb width=\u00bb60%\u00bb custom_margin=\u00bb||5px||false|false\u00bb custom_padding=\u00bb10px||10px||true|false\u00bb border_color_all=\u00bb#ffffff\u00bb global_colors_info=\u00bb{}\u00bb][et_pb_column type=\u00bb1_2&#8243; _builder_version=\u00bb4.16&#8243; custom_padding=\u00bb|5px|||false|false\u00bb global_colors_info=\u00bb{}\u00bb][et_pb_text admin_label=\u00bbContacto\u00bb _builder_version=\u00bb4.16&#8243; custom_padding=\u00bb|||20px|false|false\u00bb global_colors_info=\u00bb{}\u00bb]<strong>Aqualia &#8211; Informaci\u00f3n y gesti\u00f3n de aver\u00edas<\/strong>[\/et_pb_text][\/et_pb_column][et_pb_column type=\u00bb1_6&#8243; _builder_version=\u00bb4.16&#8243; custom_padding=\u00bb|5px||5px|false|true\u00bb global_colors_info=\u00bb{}\u00bb][et_pb_text admin_label=\u00bbEmail\u00bb _builder_version=\u00bb4.16&#8243; text_orientation=\u00bbcenter\u00bb global_colors_info=\u00bb{}\u00bb][\/et_pb_text][\/et_pb_column][et_pb_column type=\u00bb1_6&#8243; _builder_version=\u00bb4.16&#8243; global_colors_info=\u00bb{}\u00bb][et_pb_text admin_label=\u00bbTel\u00e9fono\u00bb _builder_version=\u00bb4.16&#8243; text_orientation=\u00bbcenter\u00bb custom_padding=\u00bb||||false|false\u00bb global_colors_info=\u00bb{}\u00bb]900 81 40 82[\/et_pb_text][\/et_pb_column][et_pb_column type=\u00bb1_6&#8243; _builder_version=\u00bb4.16&#8243; global_colors_info=\u00bb{}\u00bb][et_pb_text admin_label=\u00bbFax\u00bb _builder_version=\u00bb4.16&#8243; text_orientation=\u00bbcenter\u00bb global_colors_info=\u00bb{}\u00bb][\/et_pb_text][\/et_pb_column][\/et_pb_row][et_pb_row column_structure=\u00bb1_2,1_6,1_6,1_6&#8243; admin_label=\u00bbAsistencia al menor\u00bb _builder_version=\u00bb4.16&#8243; background_color=\u00bb#c9c9c9&#8243; width=\u00bb60%\u00bb custom_margin=\u00bb||5px||false|false\u00bb custom_padding=\u00bb10px||10px||true|false\u00bb border_color_all=\u00bb#ffffff\u00bb global_colors_info=\u00bb{}\u00bb][et_pb_column type=\u00bb1_2&#8243; _builder_version=\u00bb4.16&#8243; custom_padding=\u00bb|5px|||false|false\u00bb global_colors_info=\u00bb{}\u00bb][et_pb_text admin_label=\u00bbContacto\u00bb _builder_version=\u00bb4.16&#8243; custom_padding=\u00bb|||20px|false|false\u00bb global_colors_info=\u00bb{}\u00bb]<b>Asistencia<\/b><strong>\u00a0al menor<\/strong>[\/et_pb_text][\/et_pb_column][et_pb_column type=\u00bb1_6&#8243; _builder_version=\u00bb4.16&#8243; custom_padding=\u00bb|5px||5px|false|true\u00bb global_colors_info=\u00bb{}\u00bb][et_pb_text admin_label=\u00bbEmail\u00bb _builder_version=\u00bb4.16&#8243; text_orientation=\u00bbcenter\u00bb global_colors_info=\u00bb{}\u00bb][\/et_pb_text][\/et_pb_column][et_pb_column type=\u00bb1_6&#8243; _builder_version=\u00bb4.16&#8243; global_colors_info=\u00bb{}\u00bb][et_pb_text admin_label=\u00bbTel\u00e9fono\u00bb _builder_version=\u00bb4.16&#8243; text_orientation=\u00bbcenter\u00bb custom_padding=\u00bb||||false|false\u00bb global_colors_info=\u00bb{}\u00bb]116 111[\/et_pb_text][\/et_pb_column][et_pb_column type=\u00bb1_6&#8243; _builder_version=\u00bb4.16&#8243; global_colors_info=\u00bb{}\u00bb][et_pb_text admin_label=\u00bbFax\u00bb _builder_version=\u00bb4.16&#8243; text_orientation=\u00bbcenter\u00bb global_colors_info=\u00bb{}\u00bb][\/et_pb_text][\/et_pb_column][\/et_pb_row][et_pb_row column_structure=\u00bb1_2,1_6,1_6,1_6&#8243; admin_label=\u00bbBiblioteca P\u00fablica Municipal\u00bb _builder_version=\u00bb4.16&#8243; background_color=\u00bb#eeeeee\u00bb width=\u00bb60%\u00bb custom_margin=\u00bb||5px||false|false\u00bb custom_padding=\u00bb10px||10px||true|false\u00bb border_color_all=\u00bb#ffffff\u00bb global_colors_info=\u00bb{}\u00bb][et_pb_column type=\u00bb1_2&#8243; _builder_version=\u00bb4.16&#8243; custom_padding=\u00bb|5px|||false|false\u00bb global_colors_info=\u00bb{}\u00bb][et_pb_text admin_label=\u00bbContacto\u00bb _builder_version=\u00bb4.16&#8243; custom_padding=\u00bb|||20px|false|false\u00bb global_colors_info=\u00bb{}\u00bb]<strong>Biblioteca P\u00fablica Municipal<\/strong><br \/>\nHern\u00e1ndez L\u00e1zaro, n\u00ba178[\/et_pb_text][\/et_pb_column][et_pb_column type=\u00bb1_6&#8243; _builder_version=\u00bb4.16&#8243; custom_padding=\u00bb|5px||5px|false|true\u00bb global_colors_info=\u00bb{}\u00bb][et_pb_text admin_label=\u00bbEmail\u00bb _builder_version=\u00bb4.16&#8243; text_orientation=\u00bbcenter\u00bb global_colors_info=\u00bb{}\u00bb][\/et_pb_text][\/et_pb_column][et_pb_column type=\u00bb1_6&#8243; _builder_version=\u00bb4.16&#8243; global_colors_info=\u00bb{}\u00bb][et_pb_text admin_label=\u00bbTel\u00e9fono\u00bb _builder_version=\u00bb4.16&#8243; text_orientation=\u00bbcenter\u00bb custom_padding=\u00bb||||false|false\u00bb global_colors_info=\u00bb{}\u00bb]96 127 26 93[\/et_pb_text][\/et_pb_column][et_pb_column type=\u00bb1_6&#8243; _builder_version=\u00bb4.16&#8243; global_colors_info=\u00bb{}\u00bb][et_pb_text admin_label=\u00bbFax\u00bb _builder_version=\u00bb4.16&#8243; text_orientation=\u00bbcenter\u00bb global_colors_info=\u00bb{}\u00bb][\/et_pb_text][\/et_pb_column][\/et_pb_row][et_pb_row column_structure=\u00bb1_2,1_6,1_6,1_6&#8243; admin_label=\u00bbBomberos\u00bb _builder_version=\u00bb4.16&#8243; background_color=\u00bb#c9c9c9&#8243; width=\u00bb60%\u00bb custom_margin=\u00bb||5px||false|false\u00bb custom_padding=\u00bb10px||10px||true|false\u00bb border_color_all=\u00bb#ffffff\u00bb global_colors_info=\u00bb{}\u00bb][et_pb_column type=\u00bb1_2&#8243; _builder_version=\u00bb4.16&#8243; custom_padding=\u00bb|5px|||false|false\u00bb global_colors_info=\u00bb{}\u00bb][et_pb_text admin_label=\u00bbContacto\u00bb _builder_version=\u00bb4.16&#8243; custom_padding=\u00bb|||20px|false|false\u00bb global_colors_info=\u00bb{}\u00bb]<strong>Bomberos<\/strong>[\/et_pb_text][\/et_pb_column][et_pb_column type=\u00bb1_6&#8243; _builder_version=\u00bb4.16&#8243; custom_padding=\u00bb|5px||5px|false|true\u00bb global_colors_info=\u00bb{}\u00bb][et_pb_text admin_label=\u00bbEmail\u00bb _builder_version=\u00bb4.16&#8243; text_orientation=\u00bbcenter\u00bb global_colors_info=\u00bb{}\u00bb][\/et_pb_text][\/et_pb_column][et_pb_column type=\u00bb1_6&#8243; _builder_version=\u00bb4.16&#8243; global_colors_info=\u00bb{}\u00bb][et_pb_text admin_label=\u00bbTel\u00e9fono\u00bb _builder_version=\u00bb4.16&#8243; text_orientation=\u00bbcenter\u00bb custom_padding=\u00bb||||false|false\u00bb global_colors_info=\u00bb{}\u00bb]085[\/et_pb_text][\/et_pb_column][et_pb_column type=\u00bb1_6&#8243; _builder_version=\u00bb4.16&#8243; global_colors_info=\u00bb{}\u00bb][et_pb_text admin_label=\u00bbFax\u00bb _builder_version=\u00bb4.16&#8243; text_orientation=\u00bbcenter\u00bb global_colors_info=\u00bb{}\u00bb][\/et_pb_text][\/et_pb_column][\/et_pb_row][et_pb_row column_structure=\u00bb1_2,1_6,1_6,1_6&#8243; admin_label=\u00bbC. Esp. Monteolivete\u00bb _builder_version=\u00bb4.16&#8243; background_color=\u00bb#eeeeee\u00bb width=\u00bb60%\u00bb custom_margin=\u00bb||5px||false|false\u00bb custom_padding=\u00bb10px||10px||true|false\u00bb border_color_all=\u00bb#ffffff\u00bb global_colors_info=\u00bb{}\u00bb][et_pb_column type=\u00bb1_2&#8243; _builder_version=\u00bb4.16&#8243; custom_padding=\u00bb|5px|||false|false\u00bb global_colors_info=\u00bb{}\u00bb][et_pb_text admin_label=\u00bbContacto\u00bb _builder_version=\u00bb4.16&#8243; custom_padding=\u00bb|||20px|false|false\u00bb global_colors_info=\u00bb{}\u00bb]<strong>C. Esp. Monteolivete<\/strong>[\/et_pb_text][\/et_pb_column][et_pb_column type=\u00bb1_6&#8243; _builder_version=\u00bb4.16&#8243; custom_padding=\u00bb|5px||5px|false|true\u00bb global_colors_info=\u00bb{}\u00bb][et_pb_text admin_label=\u00bbEmail\u00bb _builder_version=\u00bb4.16&#8243; text_orientation=\u00bbcenter\u00bb global_colors_info=\u00bb{}\u00bb][\/et_pb_text][\/et_pb_column][et_pb_column type=\u00bb1_6&#8243; _builder_version=\u00bb4.16&#8243; global_colors_info=\u00bb{}\u00bb][et_pb_text admin_label=\u00bbTel\u00e9fono\u00bb _builder_version=\u00bb4.16&#8243; text_orientation=\u00bbcenter\u00bb custom_padding=\u00bb||||false|false\u00bb global_colors_info=\u00bb{}\u00bb]96 313 14 50[\/et_pb_text][\/et_pb_column][et_pb_column type=\u00bb1_6&#8243; _builder_version=\u00bb4.16&#8243; global_colors_info=\u00bb{}\u00bb][et_pb_text admin_label=\u00bbFax\u00bb _builder_version=\u00bb4.16&#8243; text_orientation=\u00bbcenter\u00bb global_colors_info=\u00bb{}\u00bb][\/et_pb_text][\/et_pb_column][\/et_pb_row][et_pb_row column_structure=\u00bb1_2,1_6,1_6,1_6&#8243; admin_label=\u00bbCasa de la Cultura\u00bb _builder_version=\u00bb4.16&#8243; background_color=\u00bb#c9c9c9&#8243; width=\u00bb60%\u00bb custom_margin=\u00bb||5px||false|false\u00bb custom_padding=\u00bb10px||10px||true|false\u00bb border_color_all=\u00bb#ffffff\u00bb global_colors_info=\u00bb{}\u00bb][et_pb_column type=\u00bb1_2&#8243; _builder_version=\u00bb4.16&#8243; custom_padding=\u00bb|5px|||false|false\u00bb global_colors_info=\u00bb{}\u00bb][et_pb_text admin_label=\u00bbContacto\u00bb _builder_version=\u00bb4.16&#8243; custom_padding=\u00bb|||20px|false|false\u00bb global_colors_info=\u00bb{}\u00bb]<strong>Casa de la Cultura<\/strong><br \/>\nMestre Ram\u00f3n Sanchis Rovira[\/et_pb_text][\/et_pb_column][et_pb_column type=\u00bb1_6&#8243; _builder_version=\u00bb4.16&#8243; custom_padding=\u00bb|5px||5px|false|true\u00bb global_colors_info=\u00bb{}\u00bb][et_pb_text admin_label=\u00bbEmail\u00bb _builder_version=\u00bb4.16&#8243; text_orientation=\u00bbcenter\u00bb global_colors_info=\u00bb{}\u00bb][\/et_pb_text][\/et_pb_column][et_pb_column type=\u00bb1_6&#8243; _builder_version=\u00bb4.16&#8243; global_colors_info=\u00bb{}\u00bb][et_pb_text admin_label=\u00bbTel\u00e9fono\u00bb _builder_version=\u00bb4.16&#8243; text_orientation=\u00bbcenter\u00bb custom_padding=\u00bb||||false|false\u00bb global_colors_info=\u00bb{}\u00bb]96 126 81 80[\/et_pb_text][\/et_pb_column][et_pb_column type=\u00bb1_6&#8243; _builder_version=\u00bb4.16&#8243; global_colors_info=\u00bb{}\u00bb][et_pb_text admin_label=\u00bbFax\u00bb _builder_version=\u00bb4.16&#8243; text_orientation=\u00bbcenter\u00bb global_colors_info=\u00bb{}\u00bb][\/et_pb_text][\/et_pb_column][\/et_pb_row][et_pb_row column_structure=\u00bb1_2,1_6,1_6,1_6&#8243; admin_label=\u00bbCegas (gas natural)\u00bb _builder_version=\u00bb4.16&#8243; background_color=\u00bb#eeeeee\u00bb width=\u00bb60%\u00bb custom_margin=\u00bb||5px||false|false\u00bb custom_padding=\u00bb10px||10px||true|false\u00bb border_color_all=\u00bb#ffffff\u00bb global_colors_info=\u00bb{}\u00bb][et_pb_column type=\u00bb1_2&#8243; _builder_version=\u00bb4.16&#8243; custom_padding=\u00bb|5px|||false|false\u00bb global_colors_info=\u00bb{}\u00bb][et_pb_text admin_label=\u00bbContacto\u00bb _builder_version=\u00bb4.16&#8243; custom_padding=\u00bb|||20px|false|false\u00bb global_colors_info=\u00bb{}\u00bb]<strong>Cegas (gas natural)<\/strong>[\/et_pb_text][\/et_pb_column][et_pb_column type=\u00bb1_6&#8243; _builder_version=\u00bb4.16&#8243; custom_padding=\u00bb|5px||5px|false|true\u00bb global_colors_info=\u00bb{}\u00bb][et_pb_text admin_label=\u00bbEmail\u00bb _builder_version=\u00bb4.16&#8243; text_orientation=\u00bbcenter\u00bb global_colors_info=\u00bb{}\u00bb][\/et_pb_text][\/et_pb_column][et_pb_column type=\u00bb1_6&#8243; _builder_version=\u00bb4.16&#8243; global_colors_info=\u00bb{}\u00bb][et_pb_text admin_label=\u00bbTel\u00e9fono\u00bb _builder_version=\u00bb4.16&#8243; text_orientation=\u00bbcenter\u00bb custom_padding=\u00bb||||false|false\u00bb global_colors_info=\u00bb{}\u00bb]902 33 34 57[\/et_pb_text][\/et_pb_column][et_pb_column type=\u00bb1_6&#8243; _builder_version=\u00bb4.16&#8243; global_colors_info=\u00bb{}\u00bb][et_pb_text admin_label=\u00bbFax\u00bb _builder_version=\u00bb4.16&#8243; text_orientation=\u00bbcenter\u00bb global_colors_info=\u00bb{}\u00bb][\/et_pb_text][\/et_pb_column][\/et_pb_row][et_pb_row column_structure=\u00bb1_2,1_6,1_6,1_6&#8243; admin_label=\u00bbCentro de la mujer 24 h.\u00bb _builder_version=\u00bb4.16&#8243; background_color=\u00bb#c9c9c9&#8243; width=\u00bb60%\u00bb custom_margin=\u00bb||5px||false|false\u00bb custom_padding=\u00bb10px||10px||true|false\u00bb border_color_all=\u00bb#ffffff\u00bb global_colors_info=\u00bb{}\u00bb][et_pb_column type=\u00bb1_2&#8243; _builder_version=\u00bb4.16&#8243; custom_padding=\u00bb|5px|||false|false\u00bb global_colors_info=\u00bb{}\u00bb][et_pb_text admin_label=\u00bbContacto\u00bb _builder_version=\u00bb4.16&#8243; custom_padding=\u00bb|||20px|false|false\u00bb global_colors_info=\u00bb{}\u00bb]<strong>Centro de la mujer 24 h.<\/strong>[\/et_pb_text][\/et_pb_column][et_pb_column type=\u00bb1_6&#8243; _builder_version=\u00bb4.16&#8243; custom_padding=\u00bb|5px||5px|false|true\u00bb global_colors_info=\u00bb{}\u00bb][et_pb_text admin_label=\u00bbEmail\u00bb _builder_version=\u00bb4.16&#8243; text_orientation=\u00bbcenter\u00bb global_colors_info=\u00bb{}\u00bb][\/et_pb_text][\/et_pb_column][et_pb_column type=\u00bb1_6&#8243; _builder_version=\u00bb4.16&#8243; global_colors_info=\u00bb{}\u00bb][et_pb_text admin_label=\u00bbTel\u00e9fono\u00bb _builder_version=\u00bb4.16&#8243; text_orientation=\u00bbcenter\u00bb custom_padding=\u00bb||||false|false\u00bb global_colors_info=\u00bb{}\u00bb]900 58 08 88[\/et_pb_text][\/et_pb_column][et_pb_column type=\u00bb1_6&#8243; _builder_version=\u00bb4.16&#8243; global_colors_info=\u00bb{}\u00bb][et_pb_text admin_label=\u00bbFax\u00bb _builder_version=\u00bb4.16&#8243; text_orientation=\u00bbcenter\u00bb global_colors_info=\u00bb{}\u00bb][\/et_pb_text][\/et_pb_column][\/et_pb_row][et_pb_row column_structure=\u00bb1_2,1_6,1_6,1_6&#8243; admin_label=\u00bbCentro de Salud\u00bb _builder_version=\u00bb4.16&#8243; background_color=\u00bb#eeeeee\u00bb width=\u00bb60%\u00bb custom_margin=\u00bb||5px||false|false\u00bb custom_padding=\u00bb10px||10px||true|false\u00bb border_color_all=\u00bb#ffffff\u00bb global_colors_info=\u00bb{}\u00bb][et_pb_column type=\u00bb1_2&#8243; _builder_version=\u00bb4.16&#8243; custom_padding=\u00bb|5px|||false|false\u00bb global_colors_info=\u00bb{}\u00bb][et_pb_text admin_label=\u00bbContacto\u00bb _builder_version=\u00bb4.16&#8243; custom_padding=\u00bb|||20px|false|false\u00bb global_colors_info=\u00bb{}\u00bb]<strong>Centro de Salud<\/strong>[\/et_pb_text][\/et_pb_column][et_pb_column type=\u00bb1_6&#8243; _builder_version=\u00bb4.16&#8243; custom_padding=\u00bb|5px||5px|false|true\u00bb global_colors_info=\u00bb{}\u00bb][et_pb_text admin_label=\u00bbEmail\u00bb _builder_version=\u00bb4.16&#8243; text_orientation=\u00bbcenter\u00bb global_colors_info=\u00bb{}\u00bb][\/et_pb_text][\/et_pb_column][et_pb_column type=\u00bb1_6&#8243; _builder_version=\u00bb4.16&#8243; global_colors_info=\u00bb{}\u00bb][et_pb_text admin_label=\u00bbTel\u00e9fono\u00bb _builder_version=\u00bb4.16&#8243; text_orientation=\u00bbcenter\u00bb custom_padding=\u00bb||||false|false\u00bb global_colors_info=\u00bb{}\u00bb]96 342 53 00[\/et_pb_text][\/et_pb_column][et_pb_column type=\u00bb1_6&#8243; _builder_version=\u00bb4.16&#8243; global_colors_info=\u00bb{}\u00bb][et_pb_text admin_label=\u00bbFax\u00bb _builder_version=\u00bb4.16&#8243; text_orientation=\u00bbcenter\u00bb global_colors_info=\u00bb{}\u00bb][\/et_pb_text][\/et_pb_column][\/et_pb_row][et_pb_row column_structure=\u00bb1_2,1_6,1_6,1_6&#8243; admin_label=\u00bbCentro de Informaci\u00f3n Juvenil\u00bb _builder_version=\u00bb4.16&#8243; background_color=\u00bb#c9c9c9&#8243; width=\u00bb60%\u00bb custom_margin=\u00bb||5px||false|false\u00bb custom_padding=\u00bb10px||10px||true|false\u00bb border_color_all=\u00bb#ffffff\u00bb global_colors_info=\u00bb{}\u00bb][et_pb_column type=\u00bb1_2&#8243; _builder_version=\u00bb4.16&#8243; custom_padding=\u00bb|5px|||false|false\u00bb global_colors_info=\u00bb{}\u00bb][et_pb_text admin_label=\u00bbContacto\u00bb _builder_version=\u00bb4.16&#8243; custom_padding=\u00bb|||20px|false|false\u00bb global_colors_info=\u00bb{}\u00bb]<b>Centro de Informaci\u00f3n Juvenil<\/b><br \/>\nMestre Ram\u00f3n Sanchis Rovira, n\u00ba 9[\/et_pb_text][\/et_pb_column][et_pb_column type=\u00bb1_6&#8243; _builder_version=\u00bb4.16&#8243; custom_padding=\u00bb|5px||5px|false|true\u00bb global_colors_info=\u00bb{}\u00bb][et_pb_text admin_label=\u00bbEmail\u00bb _builder_version=\u00bb4.16&#8243; text_orientation=\u00bbcenter\u00bb global_colors_info=\u00bb{}\u00bb][\/et_pb_text][\/et_pb_column][et_pb_column type=\u00bb1_6&#8243; _builder_version=\u00bb4.16&#8243; global_colors_info=\u00bb{}\u00bb][et_pb_text admin_label=\u00bbTel\u00e9fono\u00bb _builder_version=\u00bb4.16&#8243; text_orientation=\u00bbcenter\u00bb custom_padding=\u00bb||||false|false\u00bb global_colors_info=\u00bb{}\u00bb]96 127 81 87[\/et_pb_text][\/et_pb_column][et_pb_column type=\u00bb1_6&#8243; _builder_version=\u00bb4.16&#8243; global_colors_info=\u00bb{}\u00bb][et_pb_text admin_label=\u00bbFax\u00bb _builder_version=\u00bb4.16&#8243; text_orientation=\u00bbcenter\u00bb global_colors_info=\u00bb{}\u00bb]96 122 04 48[\/et_pb_text][\/et_pb_column][\/et_pb_row][et_pb_row column_structure=\u00bb1_2,1_6,1_6,1_6&#8243; admin_label=\u00bbColegio P\u00fablico Juan Esteve Mu\u00f1oz\u00bb _builder_version=\u00bb4.16&#8243; background_color=\u00bb#eeeeee\u00bb width=\u00bb60%\u00bb custom_margin=\u00bb||5px||false|false\u00bb custom_padding=\u00bb10px||10px||true|false\u00bb border_color_all=\u00bb#ffffff\u00bb global_colors_info=\u00bb{}\u00bb][et_pb_column type=\u00bb1_2&#8243; _builder_version=\u00bb4.16&#8243; custom_padding=\u00bb|5px|||false|false\u00bb global_colors_info=\u00bb{}\u00bb][et_pb_text admin_label=\u00bbContacto\u00bb _builder_version=\u00bb4.16&#8243; custom_padding=\u00bb|||20px|false|false\u00bb global_colors_info=\u00bb{}\u00bb]<b>Colegio P\u00fablico Juan Esteve Mu\u00f1oz<\/b>[\/et_pb_text][\/et_pb_column][et_pb_column type=\u00bb1_6&#8243; _builder_version=\u00bb4.16&#8243; custom_padding=\u00bb|5px||5px|false|true\u00bb global_colors_info=\u00bb{}\u00bb][et_pb_text admin_label=\u00bbEmail\u00bb _builder_version=\u00bb4.16&#8243; text_orientation=\u00bbcenter\u00bb global_colors_info=\u00bb{}\u00bb][\/et_pb_text][\/et_pb_column][et_pb_column type=\u00bb1_6&#8243; _builder_version=\u00bb4.16&#8243; global_colors_info=\u00bb{}\u00bb][et_pb_text admin_label=\u00bbTel\u00e9fono\u00bb _builder_version=\u00bb4.16&#8243; text_orientation=\u00bbcenter\u00bb custom_padding=\u00bb||||false|false\u00bb global_colors_info=\u00bb{}\u00bb]96 120 53 40[\/et_pb_text][\/et_pb_column][et_pb_column type=\u00bb1_6&#8243; _builder_version=\u00bb4.16&#8243; global_colors_info=\u00bb{}\u00bb][et_pb_text admin_label=\u00bbFax\u00bb _builder_version=\u00bb4.16&#8243; text_orientation=\u00bbcenter\u00bb global_colors_info=\u00bb{}\u00bb][\/et_pb_text][\/et_pb_column][\/et_pb_row][et_pb_row column_structure=\u00bb1_2,1_6,1_6,1_6&#8243; admin_label=\u00bbColegio P\u00fablico Sant Blai\u00bb _builder_version=\u00bb4.16&#8243; background_color=\u00bb#c9c9c9&#8243; width=\u00bb60%\u00bb custom_margin=\u00bb||5px||false|false\u00bb custom_padding=\u00bb10px||10px||true|false\u00bb border_color_all=\u00bb#ffffff\u00bb global_colors_info=\u00bb{}\u00bb][et_pb_column type=\u00bb1_2&#8243; _builder_version=\u00bb4.16&#8243; custom_padding=\u00bb|5px|||false|false\u00bb global_colors_info=\u00bb{}\u00bb][et_pb_text admin_label=\u00bbContacto\u00bb _builder_version=\u00bb4.16&#8243; custom_padding=\u00bb|||20px|false|false\u00bb global_colors_info=\u00bb{}\u00bb]<b>Colegio P\u00fablico Sant Blai<\/b>[\/et_pb_text][\/et_pb_column][et_pb_column type=\u00bb1_6&#8243; _builder_version=\u00bb4.16&#8243; custom_padding=\u00bb|5px||5px|false|true\u00bb global_colors_info=\u00bb{}\u00bb][et_pb_text admin_label=\u00bbEmail\u00bb _builder_version=\u00bb4.16&#8243; text_orientation=\u00bbcenter\u00bb global_colors_info=\u00bb{}\u00bb][\/et_pb_text][\/et_pb_column][et_pb_column type=\u00bb1_6&#8243; _builder_version=\u00bb4.16&#8243; global_colors_info=\u00bb{}\u00bb][et_pb_text admin_label=\u00bbTel\u00e9fono\u00bb _builder_version=\u00bb4.16&#8243; text_orientation=\u00bbcenter\u00bb custom_padding=\u00bb||||false|false\u00bb global_colors_info=\u00bb{}\u00bb]96 120 54 30[\/et_pb_text][\/et_pb_column][et_pb_column type=\u00bb1_6&#8243; _builder_version=\u00bb4.16&#8243; global_colors_info=\u00bb{}\u00bb][et_pb_text admin_label=\u00bbFax\u00bb _builder_version=\u00bb4.16&#8243; text_orientation=\u00bbcenter\u00bb global_colors_info=\u00bb{}\u00bb][\/et_pb_text][\/et_pb_column][\/et_pb_row][et_pb_row column_structure=\u00bb1_2,1_6,1_6,1_6&#8243; admin_label=\u00bbColegio P\u00fablico Sant Carles Borromeo\u00bb _builder_version=\u00bb4.16&#8243; background_color=\u00bb#eeeeee\u00bb width=\u00bb60%\u00bb custom_margin=\u00bb||5px||false|false\u00bb custom_padding=\u00bb10px||10px||true|false\u00bb border_color_all=\u00bb#ffffff\u00bb global_colors_info=\u00bb{}\u00bb][et_pb_column type=\u00bb1_2&#8243; _builder_version=\u00bb4.16&#8243; custom_padding=\u00bb|5px|||false|false\u00bb global_colors_info=\u00bb{}\u00bb][et_pb_text admin_label=\u00bbContacto\u00bb _builder_version=\u00bb4.16&#8243; custom_padding=\u00bb|||20px|false|false\u00bb global_colors_info=\u00bb{}\u00bb]<b>Colegio P\u00fablico Sant Carles Borromeo<\/b>[\/et_pb_text][\/et_pb_column][et_pb_column type=\u00bb1_6&#8243; _builder_version=\u00bb4.16&#8243; custom_padding=\u00bb|5px||5px|false|true\u00bb global_colors_info=\u00bb{}\u00bb][et_pb_text admin_label=\u00bbEmail\u00bb _builder_version=\u00bb4.16&#8243; text_orientation=\u00bbcenter\u00bb global_colors_info=\u00bb{}\u00bb][\/et_pb_text][\/et_pb_column][et_pb_column type=\u00bb1_6&#8243; _builder_version=\u00bb4.16&#8243; global_colors_info=\u00bb{}\u00bb][et_pb_text admin_label=\u00bbTel\u00e9fono\u00bb _builder_version=\u00bb4.16&#8243; text_orientation=\u00bbcenter\u00bb custom_padding=\u00bb||||false|false\u00bb global_colors_info=\u00bb{}\u00bb]96 120 58 40[\/et_pb_text][\/et_pb_column][et_pb_column type=\u00bb1_6&#8243; _builder_version=\u00bb4.16&#8243; global_colors_info=\u00bb{}\u00bb][et_pb_text admin_label=\u00bbFax\u00bb _builder_version=\u00bb4.16&#8243; text_orientation=\u00bbcenter\u00bb global_colors_info=\u00bb{}\u00bb][\/et_pb_text][\/et_pb_column][\/et_pb_row][et_pb_row column_structure=\u00bb1_2,1_6,1_6,1_6&#8243; admin_label=\u00bbColegio Santa Anna (privado concertado)\u00bb _builder_version=\u00bb4.16&#8243; background_color=\u00bb#c9c9c9&#8243; width=\u00bb60%\u00bb custom_margin=\u00bb||5px||false|false\u00bb custom_padding=\u00bb10px||10px||true|false\u00bb border_color_all=\u00bb#ffffff\u00bb global_colors_info=\u00bb{}\u00bb][et_pb_column type=\u00bb1_2&#8243; _builder_version=\u00bb4.16&#8243; custom_padding=\u00bb|5px|||false|false\u00bb global_colors_info=\u00bb{}\u00bb][et_pb_text admin_label=\u00bbContacto\u00bb _builder_version=\u00bb4.16&#8243; custom_padding=\u00bb|||20px|false|false\u00bb global_colors_info=\u00bb{}\u00bb]<strong>Colegio Santa Anna (privado concertado)<\/strong>[\/et_pb_text][\/et_pb_column][et_pb_column type=\u00bb1_6&#8243; _builder_version=\u00bb4.16&#8243; custom_padding=\u00bb|5px||5px|false|true\u00bb global_colors_info=\u00bb{}\u00bb][et_pb_text admin_label=\u00bbEmail\u00bb _builder_version=\u00bb4.16&#8243; text_orientation=\u00bbcenter\u00bb global_colors_info=\u00bb{}\u00bb][\/et_pb_text][\/et_pb_column][et_pb_column type=\u00bb1_6&#8243; _builder_version=\u00bb4.16&#8243; global_colors_info=\u00bb{}\u00bb][et_pb_text admin_label=\u00bbTel\u00e9fono\u00bb _builder_version=\u00bb4.16&#8243; text_orientation=\u00bbcenter\u00bb custom_padding=\u00bb||||false|false\u00bb global_colors_info=\u00bb{}\u00bb]96 126 19 84[\/et_pb_text][\/et_pb_column][et_pb_column type=\u00bb1_6&#8243; _builder_version=\u00bb4.16&#8243; global_colors_info=\u00bb{}\u00bb][et_pb_text admin_label=\u00bbFax\u00bb _builder_version=\u00bb4.16&#8243; text_orientation=\u00bbcenter\u00bb global_colors_info=\u00bb{}\u00bb][\/et_pb_text][\/et_pb_column][\/et_pb_row][et_pb_row column_structure=\u00bb1_2,1_6,1_6,1_6&#8243; admin_label=\u00bbCEIP La Balaguera\u00bb _builder_version=\u00bb4.16&#8243; background_color=\u00bb#eeeeee\u00bb width=\u00bb60%\u00bb custom_margin=\u00bb||5px||false|false\u00bb custom_padding=\u00bb10px||10px||true|false\u00bb border_color_all=\u00bb#ffffff\u00bb global_colors_info=\u00bb{}\u00bb][et_pb_column type=\u00bb1_2&#8243; _builder_version=\u00bb4.16&#8243; custom_padding=\u00bb|5px|||false|false\u00bb global_colors_info=\u00bb{}\u00bb][et_pb_text admin_label=\u00bbContacto\u00bb _builder_version=\u00bb4.16&#8243; custom_padding=\u00bb|||20px|false|false\u00bb global_colors_info=\u00bb{}\u00bb]<strong>CEIP La Balaguera<\/strong>[\/et_pb_text][\/et_pb_column][et_pb_column type=\u00bb1_6&#8243; _builder_version=\u00bb4.16&#8243; custom_padding=\u00bb|5px||5px|false|true\u00bb global_colors_info=\u00bb{}\u00bb][et_pb_text admin_label=\u00bbEmail\u00bb _builder_version=\u00bb4.16&#8243; text_orientation=\u00bbcenter\u00bb global_colors_info=\u00bb{}\u00bb][\/et_pb_text][\/et_pb_column][et_pb_column type=\u00bb1_6&#8243; _builder_version=\u00bb4.16&#8243; global_colors_info=\u00bb{}\u00bb][et_pb_text admin_label=\u00bbTel\u00e9fono\u00bb _builder_version=\u00bb4.16&#8243; text_orientation=\u00bbcenter\u00bb custom_padding=\u00bb||||false|false\u00bb global_colors_info=\u00bb{}\u00bb]96 120 55 55[\/et_pb_text][\/et_pb_column][et_pb_column type=\u00bb1_6&#8243; _builder_version=\u00bb4.16&#8243; global_colors_info=\u00bb{}\u00bb][et_pb_text admin_label=\u00bbFax\u00bb _builder_version=\u00bb4.16&#8243; text_orientation=\u00bbcenter\u00bb global_colors_info=\u00bb{}\u00bb][\/et_pb_text][\/et_pb_column][\/et_pb_row][et_pb_row column_structure=\u00bb1_2,1_6,1_6,1_6&#8243; admin_label=\u00bbCorreos (Albal)\u00bb _builder_version=\u00bb4.16&#8243; background_color=\u00bb#c9c9c9&#8243; width=\u00bb60%\u00bb custom_margin=\u00bb||5px||false|false\u00bb custom_padding=\u00bb10px||10px||true|false\u00bb border_color_all=\u00bb#ffffff\u00bb global_colors_info=\u00bb{}\u00bb][et_pb_column type=\u00bb1_2&#8243; _builder_version=\u00bb4.16&#8243; custom_padding=\u00bb|5px|||false|false\u00bb global_colors_info=\u00bb{}\u00bb][et_pb_text admin_label=\u00bbContacto\u00bb _builder_version=\u00bb4.16&#8243; custom_padding=\u00bb|||20px|false|false\u00bb global_colors_info=\u00bb{}\u00bb]<strong>Correos (Albal)<\/strong>[\/et_pb_text][\/et_pb_column][et_pb_column type=\u00bb1_6&#8243; _builder_version=\u00bb4.16&#8243; custom_padding=\u00bb|5px||5px|false|true\u00bb global_colors_info=\u00bb{}\u00bb][et_pb_text admin_label=\u00bbEmail\u00bb _builder_version=\u00bb4.16&#8243; text_orientation=\u00bbcenter\u00bb global_colors_info=\u00bb{}\u00bb][\/et_pb_text][\/et_pb_column][et_pb_column type=\u00bb1_6&#8243; _builder_version=\u00bb4.16&#8243; global_colors_info=\u00bb{}\u00bb][et_pb_text admin_label=\u00bbTel\u00e9fono\u00bb _builder_version=\u00bb4.16&#8243; text_orientation=\u00bbcenter\u00bb custom_padding=\u00bb||||false|false\u00bb global_colors_info=\u00bb{}\u00bb]96 126 73 93[\/et_pb_text][\/et_pb_column][et_pb_column type=\u00bb1_6&#8243; _builder_version=\u00bb4.16&#8243; global_colors_info=\u00bb{}\u00bb][et_pb_text admin_label=\u00bbFax\u00bb _builder_version=\u00bb4.16&#8243; text_orientation=\u00bbcenter\u00bb global_colors_info=\u00bb{}\u00bb][\/et_pb_text][\/et_pb_column][\/et_pb_row][et_pb_row column_structure=\u00bb1_2,1_6,1_6,1_6&#8243; admin_label=\u00bbEcoparc\u00bb _builder_version=\u00bb4.16&#8243; background_color=\u00bb#eeeeee\u00bb width=\u00bb60%\u00bb custom_margin=\u00bb||5px||false|false\u00bb custom_padding=\u00bb10px||10px||true|false\u00bb border_color_all=\u00bb#ffffff\u00bb global_colors_info=\u00bb{}\u00bb][et_pb_column type=\u00bb1_2&#8243; _builder_version=\u00bb4.16&#8243; custom_padding=\u00bb|5px|||false|false\u00bb global_colors_info=\u00bb{}\u00bb][et_pb_text admin_label=\u00bbContacto\u00bb _builder_version=\u00bb4.16&#8243; custom_padding=\u00bb|||20px|false|false\u00bb global_colors_info=\u00bb{}\u00bb]<strong>Ecoparc<\/strong>[\/et_pb_text][\/et_pb_column][et_pb_column type=\u00bb1_6&#8243; _builder_version=\u00bb4.16&#8243; custom_padding=\u00bb|5px||5px|false|true\u00bb global_colors_info=\u00bb{}\u00bb][et_pb_text admin_label=\u00bbEmail\u00bb _builder_version=\u00bb4.16&#8243; text_orientation=\u00bbcenter\u00bb global_colors_info=\u00bb{}\u00bb][\/et_pb_text][\/et_pb_column][et_pb_column type=\u00bb1_6&#8243; _builder_version=\u00bb4.16&#8243; global_colors_info=\u00bb{}\u00bb][et_pb_text admin_label=\u00bbTel\u00e9fono\u00bb _builder_version=\u00bb4.16&#8243; text_orientation=\u00bbcenter\u00bb custom_padding=\u00bb||||false|false\u00bb global_colors_info=\u00bb{}\u00bb]661 23 04 28[\/et_pb_text][\/et_pb_column][et_pb_column type=\u00bb1_6&#8243; _builder_version=\u00bb4.16&#8243; global_colors_info=\u00bb{}\u00bb][et_pb_text admin_label=\u00bbFax\u00bb _builder_version=\u00bb4.16&#8243; text_orientation=\u00bbcenter\u00bb global_colors_info=\u00bb{}\u00bb][\/et_pb_text][\/et_pb_column][\/et_pb_row][et_pb_row column_structure=\u00bb1_2,1_6,1_6,1_6&#8243; admin_label=\u00bbEmergencias\u00bb _builder_version=\u00bb4.16&#8243; background_color=\u00bb#c9c9c9&#8243; width=\u00bb60%\u00bb custom_margin=\u00bb||5px||false|false\u00bb custom_padding=\u00bb10px||10px||true|false\u00bb border_color_all=\u00bb#ffffff\u00bb global_colors_info=\u00bb{}\u00bb][et_pb_column type=\u00bb1_2&#8243; _builder_version=\u00bb4.16&#8243; custom_padding=\u00bb|5px|||false|false\u00bb global_colors_info=\u00bb{}\u00bb][et_pb_text admin_label=\u00bbContacto\u00bb _builder_version=\u00bb4.16&#8243; custom_padding=\u00bb|||20px|false|false\u00bb global_colors_info=\u00bb{}\u00bb]<b>Emergencias<\/b>[\/et_pb_text][\/et_pb_column][et_pb_column type=\u00bb1_6&#8243; _builder_version=\u00bb4.16&#8243; custom_padding=\u00bb|5px||5px|false|true\u00bb global_colors_info=\u00bb{}\u00bb][et_pb_text admin_label=\u00bbEmail\u00bb _builder_version=\u00bb4.16&#8243; text_orientation=\u00bbcenter\u00bb global_colors_info=\u00bb{}\u00bb][\/et_pb_text][\/et_pb_column][et_pb_column type=\u00bb1_6&#8243; _builder_version=\u00bb4.16&#8243; global_colors_info=\u00bb{}\u00bb][et_pb_text admin_label=\u00bbTel\u00e9fono\u00bb _builder_version=\u00bb4.16&#8243; text_orientation=\u00bbcenter\u00bb custom_padding=\u00bb||||false|false\u00bb global_colors_info=\u00bb{}\u00bb]112[\/et_pb_text][\/et_pb_column][et_pb_column type=\u00bb1_6&#8243; _builder_version=\u00bb4.16&#8243; global_colors_info=\u00bb{}\u00bb][et_pb_text admin_label=\u00bbFax\u00bb _builder_version=\u00bb4.16&#8243; text_orientation=\u00bbcenter\u00bb global_colors_info=\u00bb{}\u00bb][\/et_pb_text][\/et_pb_column][\/et_pb_row][et_pb_row column_structure=\u00bb1_2,1_6,1_6,1_6&#8243; admin_label=\u00bbEscuela de Adultos\u00bb _builder_version=\u00bb4.16&#8243; background_color=\u00bb#eeeeee\u00bb width=\u00bb60%\u00bb custom_margin=\u00bb||5px||false|false\u00bb custom_padding=\u00bb10px||10px||true|false\u00bb border_color_all=\u00bb#ffffff\u00bb global_colors_info=\u00bb{}\u00bb][et_pb_column type=\u00bb1_2&#8243; _builder_version=\u00bb4.16&#8243; custom_padding=\u00bb|5px|||false|false\u00bb global_colors_info=\u00bb{}\u00bb][et_pb_text admin_label=\u00bbContacto\u00bb _builder_version=\u00bb4.16&#8243; custom_padding=\u00bb|||20px|false|false\u00bb global_colors_info=\u00bb{}\u00bb]<strong>Escuela de Adultos<\/strong><br \/>\nCalle de la Senyera, n\u00ba 4[\/et_pb_text][\/et_pb_column][et_pb_column type=\u00bb1_6&#8243; _builder_version=\u00bb4.16&#8243; custom_padding=\u00bb|5px||5px|false|true\u00bb global_colors_info=\u00bb{}\u00bb][et_pb_text admin_label=\u00bbEmail\u00bb _builder_version=\u00bb4.16&#8243; text_orientation=\u00bbcenter\u00bb global_colors_info=\u00bb{}\u00bb]epalbal@hotmail.com[\/et_pb_text][\/et_pb_column][et_pb_column type=\u00bb1_6&#8243; _builder_version=\u00bb4.16&#8243; global_colors_info=\u00bb{}\u00bb][et_pb_text admin_label=\u00bbTel\u00e9fono\u00bb _builder_version=\u00bb4.16&#8243; text_orientation=\u00bbcenter\u00bb custom_padding=\u00bb||||false|false\u00bb global_colors_info=\u00bb{}\u00bb]96 127 22 89[\/et_pb_text][\/et_pb_column][et_pb_column type=\u00bb1_6&#8243; _builder_version=\u00bb4.16&#8243; global_colors_info=\u00bb{}\u00bb][et_pb_text admin_label=\u00bbFax\u00bb _builder_version=\u00bb4.16&#8243; text_orientation=\u00bbcenter\u00bb global_colors_info=\u00bb{}\u00bb][\/et_pb_text][\/et_pb_column][\/et_pb_row][et_pb_row column_structure=\u00bb1_2,1_6,1_6,1_6&#8243; admin_label=\u00bbGas Butano (Atenci\u00f3 al client REPSOL)\u00bb _builder_version=\u00bb4.16&#8243; background_color=\u00bb#c9c9c9&#8243; width=\u00bb60%\u00bb custom_margin=\u00bb||5px||false|false\u00bb custom_padding=\u00bb10px||10px||true|false\u00bb border_color_all=\u00bb#ffffff\u00bb global_colors_info=\u00bb{}\u00bb][et_pb_column type=\u00bb1_2&#8243; _builder_version=\u00bb4.16&#8243; custom_padding=\u00bb|5px|||false|false\u00bb global_colors_info=\u00bb{}\u00bb][et_pb_text admin_label=\u00bbContacto\u00bb _builder_version=\u00bb4.16&#8243; custom_padding=\u00bb|||20px|false|false\u00bb global_colors_info=\u00bb{}\u00bb]<b>Gas Butano (Atenci\u00f3n al cliente REPSOL)<\/b>[\/et_pb_text][\/et_pb_column][et_pb_column type=\u00bb1_6&#8243; _builder_version=\u00bb4.16&#8243; custom_padding=\u00bb|5px||5px|false|true\u00bb global_colors_info=\u00bb{}\u00bb][et_pb_text admin_label=\u00bbEmail\u00bb _builder_version=\u00bb4.16&#8243; text_orientation=\u00bbcenter\u00bb global_colors_info=\u00bb{}\u00bb][\/et_pb_text][\/et_pb_column][et_pb_column type=\u00bb1_6&#8243; _builder_version=\u00bb4.16&#8243; global_colors_info=\u00bb{}\u00bb][et_pb_text admin_label=\u00bbTel\u00e9fono\u00bb _builder_version=\u00bb4.16&#8243; text_orientation=\u00bbcenter\u00bb custom_padding=\u00bb||||false|false\u00bb global_colors_info=\u00bb{}\u00bb]901 101 101[\/et_pb_text][\/et_pb_column][et_pb_column type=\u00bb1_6&#8243; _builder_version=\u00bb4.16&#8243; global_colors_info=\u00bb{}\u00bb][et_pb_text admin_label=\u00bbFax\u00bb _builder_version=\u00bb4.16&#8243; text_orientation=\u00bbcenter\u00bb global_colors_info=\u00bb{}\u00bb][\/et_pb_text][\/et_pb_column][\/et_pb_row][et_pb_row column_structure=\u00bb1_2,1_6,1_6,1_6&#8243; admin_label=\u00bbGuardia Civil (Alfafar)\u00bb _builder_version=\u00bb4.16&#8243; background_color=\u00bb#eeeeee\u00bb width=\u00bb60%\u00bb custom_margin=\u00bb||5px||false|false\u00bb custom_padding=\u00bb10px||10px||true|false\u00bb border_color_all=\u00bb#ffffff\u00bb global_colors_info=\u00bb{}\u00bb][et_pb_column type=\u00bb1_2&#8243; _builder_version=\u00bb4.16&#8243; custom_padding=\u00bb|5px|||false|false\u00bb global_colors_info=\u00bb{}\u00bb][et_pb_text admin_label=\u00bbContacto\u00bb _builder_version=\u00bb4.16&#8243; custom_padding=\u00bb|||20px|false|false\u00bb global_colors_info=\u00bb{}\u00bb]<b>Guardia<\/b><strong>\u00a0Civil (Alfafar)<\/strong>[\/et_pb_text][\/et_pb_column][et_pb_column type=\u00bb1_6&#8243; _builder_version=\u00bb4.16&#8243; custom_padding=\u00bb|5px||5px|false|true\u00bb global_colors_info=\u00bb{}\u00bb][et_pb_text admin_label=\u00bbEmail\u00bb _builder_version=\u00bb4.16&#8243; text_orientation=\u00bbcenter\u00bb global_colors_info=\u00bb{}\u00bb][\/et_pb_text][\/et_pb_column][et_pb_column type=\u00bb1_6&#8243; _builder_version=\u00bb4.16&#8243; global_colors_info=\u00bb{}\u00bb][et_pb_text admin_label=\u00bbTel\u00e9fono\u00bb _builder_version=\u00bb4.16&#8243; text_orientation=\u00bbcenter\u00bb custom_padding=\u00bb||||false|false\u00bb global_colors_info=\u00bb{}\u00bb]96 318 22 37[\/et_pb_text][\/et_pb_column][et_pb_column type=\u00bb1_6&#8243; _builder_version=\u00bb4.16&#8243; global_colors_info=\u00bb{}\u00bb][et_pb_text admin_label=\u00bbFax\u00bb _builder_version=\u00bb4.16&#8243; text_orientation=\u00bbcenter\u00bb global_colors_info=\u00bb{}\u00bb][\/et_pb_text][\/et_pb_column][\/et_pb_row][et_pb_row column_structure=\u00bb1_2,1_6,1_6,1_6&#8243; admin_label=\u00bbHospital Dr. Peset\u00bb _builder_version=\u00bb4.16&#8243; background_color=\u00bb#c9c9c9&#8243; width=\u00bb60%\u00bb custom_margin=\u00bb||5px||false|false\u00bb custom_padding=\u00bb10px||10px||true|false\u00bb border_color_all=\u00bb#ffffff\u00bb global_colors_info=\u00bb{}\u00bb][et_pb_column type=\u00bb1_2&#8243; _builder_version=\u00bb4.16&#8243; custom_padding=\u00bb|5px|||false|false\u00bb global_colors_info=\u00bb{}\u00bb][et_pb_text admin_label=\u00bbContacto\u00bb _builder_version=\u00bb4.16&#8243; custom_padding=\u00bb|||20px|false|false\u00bb global_colors_info=\u00bb{}\u00bb]<strong>Hospital Dr. Peset<\/strong>[\/et_pb_text][\/et_pb_column][et_pb_column type=\u00bb1_6&#8243; _builder_version=\u00bb4.16&#8243; custom_padding=\u00bb|5px||5px|false|true\u00bb global_colors_info=\u00bb{}\u00bb][et_pb_text admin_label=\u00bbEmail\u00bb _builder_version=\u00bb4.16&#8243; text_orientation=\u00bbcenter\u00bb global_colors_info=\u00bb{}\u00bb][\/et_pb_text][\/et_pb_column][et_pb_column type=\u00bb1_6&#8243; _builder_version=\u00bb4.16&#8243; global_colors_info=\u00bb{}\u00bb][et_pb_text admin_label=\u00bbTel\u00e9fono\u00bb _builder_version=\u00bb4.16&#8243; text_orientation=\u00bbcenter\u00bb custom_padding=\u00bb||||false|false\u00bb global_colors_info=\u00bb{}\u00bb]96 162 23 00[\/et_pb_text][\/et_pb_column][et_pb_column type=\u00bb1_6&#8243; _builder_version=\u00bb4.16&#8243; global_colors_info=\u00bb{}\u00bb][et_pb_text admin_label=\u00bbFax\u00bb _builder_version=\u00bb4.16&#8243; text_orientation=\u00bbcenter\u00bb global_colors_info=\u00bb{}\u00bb][\/et_pb_text][\/et_pb_column][\/et_pb_row][et_pb_row column_structure=\u00bb1_2,1_6,1_6,1_6&#8243; admin_label=\u00bbHospital La Fe\u00bb _builder_version=\u00bb4.16&#8243; background_color=\u00bb#eeeeee\u00bb width=\u00bb60%\u00bb custom_margin=\u00bb||5px||false|false\u00bb custom_padding=\u00bb10px||10px||true|false\u00bb border_color_all=\u00bb#ffffff\u00bb global_colors_info=\u00bb{}\u00bb][et_pb_column type=\u00bb1_2&#8243; _builder_version=\u00bb4.16&#8243; custom_padding=\u00bb|5px|||false|false\u00bb global_colors_info=\u00bb{}\u00bb][et_pb_text admin_label=\u00bbContacto\u00bb _builder_version=\u00bb4.16&#8243; custom_padding=\u00bb|||20px|false|false\u00bb global_colors_info=\u00bb{}\u00bb]<strong>Hospital La Fe<\/strong>[\/et_pb_text][\/et_pb_column][et_pb_column type=\u00bb1_6&#8243; _builder_version=\u00bb4.16&#8243; custom_padding=\u00bb|5px||5px|false|true\u00bb global_colors_info=\u00bb{}\u00bb][et_pb_text admin_label=\u00bbEmail\u00bb _builder_version=\u00bb4.16&#8243; text_orientation=\u00bbcenter\u00bb global_colors_info=\u00bb{}\u00bb][\/et_pb_text][\/et_pb_column][et_pb_column type=\u00bb1_6&#8243; _builder_version=\u00bb4.16&#8243; global_colors_info=\u00bb{}\u00bb][et_pb_text admin_label=\u00bbTel\u00e9fono\u00bb _builder_version=\u00bb4.16&#8243; text_orientation=\u00bbcenter\u00bb custom_padding=\u00bb||||false|false\u00bb global_colors_info=\u00bb{}\u00bb]96 124 40 00[\/et_pb_text][\/et_pb_column][et_pb_column type=\u00bb1_6&#8243; _builder_version=\u00bb4.16&#8243; global_colors_info=\u00bb{}\u00bb][et_pb_text admin_label=\u00bbFax\u00bb _builder_version=\u00bb4.16&#8243; text_orientation=\u00bbcenter\u00bb global_colors_info=\u00bb{}\u00bb][\/et_pb_text][\/et_pb_column][\/et_pb_row][et_pb_row column_structure=\u00bb1_2,1_6,1_6,1_6&#8243; admin_label=\u00bbIberdrola (Atenci\u00f3n al cliente)\u00bb _builder_version=\u00bb4.16&#8243; background_color=\u00bb#c9c9c9&#8243; width=\u00bb60%\u00bb custom_margin=\u00bb||5px||false|false\u00bb custom_padding=\u00bb10px||10px||true|false\u00bb border_color_all=\u00bb#ffffff\u00bb global_colors_info=\u00bb{}\u00bb][et_pb_column type=\u00bb1_2&#8243; _builder_version=\u00bb4.16&#8243; custom_padding=\u00bb|5px|||false|false\u00bb global_colors_info=\u00bb{}\u00bb][et_pb_text admin_label=\u00bbContacto\u00bb _builder_version=\u00bb4.16&#8243; custom_padding=\u00bb|||20px|false|false\u00bb global_colors_info=\u00bb{}\u00bb]<b>Iberdrola (Atenci\u00f3n al cliente)<\/b>[\/et_pb_text][\/et_pb_column][et_pb_column type=\u00bb1_6&#8243; _builder_version=\u00bb4.16&#8243; custom_padding=\u00bb|5px||5px|false|true\u00bb global_colors_info=\u00bb{}\u00bb][et_pb_text admin_label=\u00bbEmail\u00bb _builder_version=\u00bb4.16&#8243; text_orientation=\u00bbcenter\u00bb global_colors_info=\u00bb{}\u00bb][\/et_pb_text][\/et_pb_column][et_pb_column type=\u00bb1_6&#8243; _builder_version=\u00bb4.16&#8243; global_colors_info=\u00bb{}\u00bb][et_pb_text admin_label=\u00bbTel\u00e9fono\u00bb _builder_version=\u00bb4.16&#8243; text_orientation=\u00bbcenter\u00bb custom_padding=\u00bb||||false|false\u00bb global_colors_info=\u00bb{}\u00bb]900 22 52 35[\/et_pb_text][\/et_pb_column][et_pb_column type=\u00bb1_6&#8243; _builder_version=\u00bb4.16&#8243; global_colors_info=\u00bb{}\u00bb][et_pb_text admin_label=\u00bbFax\u00bb _builder_version=\u00bb4.16&#8243; text_orientation=\u00bbcenter\u00bb global_colors_info=\u00bb{}\u00bb][\/et_pb_text][\/et_pb_column][\/et_pb_row][et_pb_row column_structure=\u00bb1_2,1_6,1_6,1_6&#8243; admin_label=\u00bbInstituto de Ense\u00f1anza Secundaria\u00bb _builder_version=\u00bb4.16&#8243; background_color=\u00bb#eeeeee\u00bb width=\u00bb60%\u00bb custom_margin=\u00bb||5px||false|false\u00bb custom_padding=\u00bb10px||10px||true|false\u00bb border_color_all=\u00bb#ffffff\u00bb global_colors_info=\u00bb{}\u00bb][et_pb_column type=\u00bb1_2&#8243; _builder_version=\u00bb4.16&#8243; custom_padding=\u00bb|5px|||false|false\u00bb global_colors_info=\u00bb{}\u00bb][et_pb_text admin_label=\u00bbContacto\u00bb _builder_version=\u00bb4.16&#8243; custom_padding=\u00bb|||20px|false|false\u00bb global_colors_info=\u00bb{}\u00bb]<strong>Instituto de Ense\u00f1anza Secundaria<\/strong>[\/et_pb_text][\/et_pb_column][et_pb_column type=\u00bb1_6&#8243; _builder_version=\u00bb4.16&#8243; custom_padding=\u00bb|5px||5px|false|true\u00bb global_colors_info=\u00bb{}\u00bb][et_pb_text admin_label=\u00bbEmail\u00bb _builder_version=\u00bb4.16&#8243; text_orientation=\u00bbcenter\u00bb global_colors_info=\u00bb{}\u00bb][\/et_pb_text][\/et_pb_column][et_pb_column type=\u00bb1_6&#8243; _builder_version=\u00bb4.16&#8243; global_colors_info=\u00bb{}\u00bb][et_pb_text admin_label=\u00bbTel\u00e9fono\u00bb _builder_version=\u00bb4.16&#8243; text_orientation=\u00bbcenter\u00bb custom_padding=\u00bb||||false|false\u00bb global_colors_info=\u00bb{}\u00bb]96 120 61 10[\/et_pb_text][\/et_pb_column][et_pb_column type=\u00bb1_6&#8243; _builder_version=\u00bb4.16&#8243; global_colors_info=\u00bb{}\u00bb][et_pb_text admin_label=\u00bbFax\u00bb _builder_version=\u00bb4.16&#8243; text_orientation=\u00bbcenter\u00bb global_colors_info=\u00bb{}\u00bb][\/et_pb_text][\/et_pb_column][\/et_pb_row][et_pb_row column_structure=\u00bb1_2,1_6,1_6,1_6&#8243; admin_label=\u00bbJuzgado de Paz\u00bb _builder_version=\u00bb4.16&#8243; background_color=\u00bb#c9c9c9&#8243; width=\u00bb60%\u00bb custom_margin=\u00bb||5px||false|false\u00bb custom_padding=\u00bb10px||10px||true|false\u00bb border_color_all=\u00bb#ffffff\u00bb global_colors_info=\u00bb{}\u00bb][et_pb_column type=\u00bb1_2&#8243; _builder_version=\u00bb4.16&#8243; custom_padding=\u00bb|5px|||false|false\u00bb global_colors_info=\u00bb{}\u00bb][et_pb_text admin_label=\u00bbContacto\u00bb _builder_version=\u00bb4.16&#8243; custom_padding=\u00bb|||20px|false|false\u00bb global_colors_info=\u00bb{}\u00bb]<strong>Juzgado de Paz<\/strong><br \/>\nSant Carles, n\u00ba 113[\/et_pb_text][\/et_pb_column][et_pb_column type=\u00bb1_6&#8243; _builder_version=\u00bb4.16&#8243; custom_padding=\u00bb|5px||5px|false|true\u00bb global_colors_info=\u00bb{}\u00bb][et_pb_text admin_label=\u00bbEmail\u00bb _builder_version=\u00bb4.16&#8243; text_orientation=\u00bbcenter\u00bb global_colors_info=\u00bb{}\u00bb]juzgado@albal.es[\/et_pb_text][\/et_pb_column][et_pb_column type=\u00bb1_6&#8243; _builder_version=\u00bb4.16&#8243; global_colors_info=\u00bb{}\u00bb][et_pb_text admin_label=\u00bbTel\u00e9fono\u00bb _builder_version=\u00bb4.16&#8243; text_orientation=\u00bbcenter\u00bb custom_padding=\u00bb||||false|false\u00bb global_colors_info=\u00bb{}\u00bb]96 126 62 62[\/et_pb_text][\/et_pb_column][et_pb_column type=\u00bb1_6&#8243; _builder_version=\u00bb4.16&#8243; global_colors_info=\u00bb{}\u00bb][et_pb_text admin_label=\u00bbFax\u00bb _builder_version=\u00bb4.16&#8243; text_orientation=\u00bbcenter\u00bb global_colors_info=\u00bb{}\u00bb]96 126 62 62[\/et_pb_text][\/et_pb_column][\/et_pb_row][et_pb_row column_structure=\u00bb1_2,1_6,1_6,1_6&#8243; admin_label=\u00bbHogar del Jubilado\u00bb _builder_version=\u00bb4.16&#8243; background_color=\u00bb#eeeeee\u00bb width=\u00bb60%\u00bb custom_margin=\u00bb||5px||false|false\u00bb custom_padding=\u00bb10px||10px||true|false\u00bb border_color_all=\u00bb#ffffff\u00bb global_colors_info=\u00bb{}\u00bb][et_pb_column type=\u00bb1_2&#8243; _builder_version=\u00bb4.16&#8243; custom_padding=\u00bb|5px|||false|false\u00bb global_colors_info=\u00bb{}\u00bb][et_pb_text admin_label=\u00bbContacto\u00bb _builder_version=\u00bb4.16&#8243; custom_padding=\u00bb|||20px|false|false\u00bb global_colors_info=\u00bb{}\u00bb]<strong>Hogar del Jubilado<\/strong>[\/et_pb_text][\/et_pb_column][et_pb_column type=\u00bb1_6&#8243; _builder_version=\u00bb4.16&#8243; custom_padding=\u00bb|5px||5px|false|true\u00bb global_colors_info=\u00bb{}\u00bb][et_pb_text admin_label=\u00bbEmail\u00bb _builder_version=\u00bb4.16&#8243; text_orientation=\u00bbcenter\u00bb global_colors_info=\u00bb{}\u00bb][\/et_pb_text][\/et_pb_column][et_pb_column type=\u00bb1_6&#8243; _builder_version=\u00bb4.16&#8243; global_colors_info=\u00bb{}\u00bb][et_pb_text admin_label=\u00bbTel\u00e9fono\u00bb _builder_version=\u00bb4.16&#8243; text_orientation=\u00bbcenter\u00bb custom_padding=\u00bb||||false|false\u00bb global_colors_info=\u00bb{}\u00bb]96 126 98 17[\/et_pb_text][\/et_pb_column][et_pb_column type=\u00bb1_6&#8243; _builder_version=\u00bb4.16&#8243; global_colors_info=\u00bb{}\u00bb][et_pb_text admin_label=\u00bbFax\u00bb _builder_version=\u00bb4.16&#8243; text_orientation=\u00bbcenter\u00bb global_colors_info=\u00bb{}\u00bb][\/et_pb_text][\/et_pb_column][\/et_pb_row][et_pb_row column_structure=\u00bb1_2,1_6,1_6,1_6&#8243; admin_label=\u00bbNotario &#8211; S. Eduardo Garc\u00eda Parra\u00bb _builder_version=\u00bb4.16&#8243; background_color=\u00bb#c9c9c9&#8243; width=\u00bb60%\u00bb custom_margin=\u00bb||5px||false|false\u00bb custom_padding=\u00bb10px||10px||true|false\u00bb border_color_all=\u00bb#ffffff\u00bb global_colors_info=\u00bb{}\u00bb][et_pb_column type=\u00bb1_2&#8243; _builder_version=\u00bb4.16&#8243; custom_padding=\u00bb|5px|||false|false\u00bb global_colors_info=\u00bb{}\u00bb][et_pb_text admin_label=\u00bbContacto\u00bb _builder_version=\u00bb4.16&#8243; custom_padding=\u00bb|||20px|false|false\u00bb global_colors_info=\u00bb{}\u00bb]<strong>Notario &#8211; S. Eduardo Garc\u00eda Parra<\/strong>[\/et_pb_text][\/et_pb_column][et_pb_column type=\u00bb1_6&#8243; _builder_version=\u00bb4.16&#8243; custom_padding=\u00bb|5px||5px|false|true\u00bb global_colors_info=\u00bb{}\u00bb][et_pb_text admin_label=\u00bbEmail\u00bb _builder_version=\u00bb4.16&#8243; text_orientation=\u00bbcenter\u00bb global_colors_info=\u00bb{}\u00bb][\/et_pb_text][\/et_pb_column][et_pb_column type=\u00bb1_6&#8243; _builder_version=\u00bb4.16&#8243; global_colors_info=\u00bb{}\u00bb][et_pb_text admin_label=\u00bbTel\u00e9fono\u00bb _builder_version=\u00bb4.16&#8243; text_orientation=\u00bbcenter\u00bb custom_padding=\u00bb||||false|false\u00bb global_colors_info=\u00bb{}\u00bb]96 126 98 49[\/et_pb_text][\/et_pb_column][et_pb_column type=\u00bb1_6&#8243; _builder_version=\u00bb4.16&#8243; global_colors_info=\u00bb{}\u00bb][et_pb_text admin_label=\u00bbFax\u00bb _builder_version=\u00bb4.16&#8243; text_orientation=\u00bbcenter\u00bb global_colors_info=\u00bb{}\u00bb]96 127 79 76[\/et_pb_text][\/et_pb_column][\/et_pb_row][et_pb_row column_structure=\u00bb1_2,1_6,1_6,1_6&#8243; admin_label=\u00bbOficina Municipal de Informaci\u00f3n al Consumidor\u00bb _builder_version=\u00bb4.16&#8243; background_color=\u00bb#eeeeee\u00bb width=\u00bb60%\u00bb custom_margin=\u00bb||5px||false|false\u00bb custom_padding=\u00bb10px||10px||true|false\u00bb border_color_all=\u00bb#ffffff\u00bb global_colors_info=\u00bb{}\u00bb][et_pb_column type=\u00bb1_2&#8243; _builder_version=\u00bb4.16&#8243; custom_padding=\u00bb|5px|||false|false\u00bb global_colors_info=\u00bb{}\u00bb][et_pb_text admin_label=\u00bbContacto\u00bb _builder_version=\u00bb4.16&#8243; custom_padding=\u00bb|||20px|false|false\u00bb global_colors_info=\u00bb{}\u00bb]<b>Oficina Municipal de Informaci\u00f3n al Consumidor<\/b>[\/et_pb_text][\/et_pb_column][et_pb_column type=\u00bb1_6&#8243; _builder_version=\u00bb4.16&#8243; custom_padding=\u00bb|5px||5px|false|true\u00bb global_colors_info=\u00bb{}\u00bb][et_pb_text admin_label=\u00bbEmail\u00bb _builder_version=\u00bb4.16&#8243; text_orientation=\u00bbcenter\u00bb global_colors_info=\u00bb{}\u00bb][\/et_pb_text][\/et_pb_column][et_pb_column type=\u00bb1_6&#8243; _builder_version=\u00bb4.16&#8243; global_colors_info=\u00bb{}\u00bb][et_pb_text admin_label=\u00bbTel\u00e9fono\u00bb _builder_version=\u00bb4.16&#8243; text_orientation=\u00bbcenter\u00bb custom_padding=\u00bb||||false|false\u00bb global_colors_info=\u00bb{}\u00bb]96 127 40 18[\/et_pb_text][\/et_pb_column][et_pb_column type=\u00bb1_6&#8243; _builder_version=\u00bb4.16&#8243; global_colors_info=\u00bb{}\u00bb][et_pb_text admin_label=\u00bbFax\u00bb _builder_version=\u00bb4.16&#8243; text_orientation=\u00bbcenter\u00bb global_colors_info=\u00bb{}\u00bb]96 126 60 19[\/et_pb_text][\/et_pb_column][\/et_pb_row][et_pb_row column_structure=\u00bb1_2,1_6,1_6,1_6&#8243; admin_label=\u00bbPiscina Cubierta &#8211; Centro Termal AQALBAL\u00bb _builder_version=\u00bb4.16&#8243; background_color=\u00bb#c9c9c9&#8243; width=\u00bb60%\u00bb custom_margin=\u00bb||5px||false|false\u00bb custom_padding=\u00bb10px||10px||true|false\u00bb border_color_all=\u00bb#ffffff\u00bb global_colors_info=\u00bb{}\u00bb][et_pb_column type=\u00bb1_2&#8243; _builder_version=\u00bb4.16&#8243; custom_padding=\u00bb|5px|||false|false\u00bb global_colors_info=\u00bb{}\u00bb][et_pb_text admin_label=\u00bbContacto\u00bb _builder_version=\u00bb4.16&#8243; custom_padding=\u00bb|||20px|false|false\u00bb global_colors_info=\u00bb{}\u00bb]<strong>Piscina Cubierta &#8211; Centro Termal AQALBAL<\/strong>[\/et_pb_text][\/et_pb_column][et_pb_column type=\u00bb1_6&#8243; _builder_version=\u00bb4.16&#8243; custom_padding=\u00bb|5px||5px|false|true\u00bb global_colors_info=\u00bb{}\u00bb][et_pb_text admin_label=\u00bbEmail\u00bb _builder_version=\u00bb4.16&#8243; text_orientation=\u00bbcenter\u00bb global_colors_info=\u00bb{}\u00bb][\/et_pb_text][\/et_pb_column][et_pb_column type=\u00bb1_6&#8243; _builder_version=\u00bb4.16&#8243; global_colors_info=\u00bb{}\u00bb][et_pb_text admin_label=\u00bbTel\u00e9fono\u00bb _builder_version=\u00bb4.16&#8243; text_orientation=\u00bbcenter\u00bb custom_padding=\u00bb||||false|false\u00bb global_colors_info=\u00bb{}\u00bb]96 127 52 62[\/et_pb_text][\/et_pb_column][et_pb_column type=\u00bb1_6&#8243; _builder_version=\u00bb4.16&#8243; global_colors_info=\u00bb{}\u00bb][et_pb_text admin_label=\u00bbFax\u00bb _builder_version=\u00bb4.16&#8243; text_orientation=\u00bbcenter\u00bb global_colors_info=\u00bb{}\u00bb][\/et_pb_text][\/et_pb_column][\/et_pb_row][et_pb_row column_structure=\u00bb1_2,1_6,1_6,1_6&#8243; admin_label=\u00bbPolic\u00eda Local\u00bb _builder_version=\u00bb4.16&#8243; background_color=\u00bb#eeeeee\u00bb width=\u00bb60%\u00bb custom_margin=\u00bb||5px||false|false\u00bb custom_padding=\u00bb10px||10px||true|false\u00bb border_color_all=\u00bb#ffffff\u00bb global_colors_info=\u00bb{}\u00bb][et_pb_column type=\u00bb1_2&#8243; _builder_version=\u00bb4.16&#8243; custom_padding=\u00bb|5px|||false|false\u00bb global_colors_info=\u00bb{}\u00bb][et_pb_text admin_label=\u00bbContacto\u00bb _builder_version=\u00bb4.16&#8243; custom_padding=\u00bb|||20px|false|false\u00bb global_colors_info=\u00bb{}\u00bb]<b>Polic\u00eda<\/b><strong>\u00a0Local<\/strong><br \/>\nC\/. Rei En Jaume I, s\/n[\/et_pb_text][\/et_pb_column][et_pb_column type=\u00bb1_6&#8243; _builder_version=\u00bb4.16&#8243; custom_padding=\u00bb|5px||5px|false|true\u00bb global_colors_info=\u00bb{}\u00bb][et_pb_text admin_label=\u00bbEmail\u00bb _builder_version=\u00bb4.25.1&#8243; text_orientation=\u00bbcenter\u00bb hover_enabled=\u00bb0&#8243; global_colors_info=\u00bb{}\u00bb sticky_enabled=\u00bb0&#8243;]<\/p>\n<p>policia@albal.es<\/p>\n<p>[\/et_pb_text][\/et_pb_column][et_pb_column type=\u00bb1_6&#8243; _builder_version=\u00bb4.16&#8243; global_colors_info=\u00bb{}\u00bb][et_pb_text admin_label=\u00bbTel\u00e9fono\u00bb _builder_version=\u00bb4.16&#8243; text_orientation=\u00bbcenter\u00bb custom_padding=\u00bb||||false|false\u00bb global_colors_info=\u00bb{}\u00bb]96 127 01 27<br \/>\n609 62 23 00[\/et_pb_text][\/et_pb_column][et_pb_column type=\u00bb1_6&#8243; _builder_version=\u00bb4.16&#8243; global_colors_info=\u00bb{}\u00bb][et_pb_text admin_label=\u00bbFax\u00bb _builder_version=\u00bb4.16&#8243; text_orientation=\u00bbcenter\u00bb global_colors_info=\u00bb{}\u00bb][\/et_pb_text][\/et_pb_column][\/et_pb_row][et_pb_row column_structure=\u00bb1_2,1_6,1_6,1_6&#8243; admin_label=\u00bbPolideportivo de Santa Anna\u00bb _builder_version=\u00bb4.16&#8243; background_color=\u00bb#c9c9c9&#8243; width=\u00bb60%\u00bb custom_margin=\u00bb||5px||false|false\u00bb custom_padding=\u00bb10px||10px||true|false\u00bb border_color_all=\u00bb#ffffff\u00bb global_colors_info=\u00bb{}\u00bb][et_pb_column type=\u00bb1_2&#8243; _builder_version=\u00bb4.16&#8243; custom_padding=\u00bb|5px|||false|false\u00bb global_colors_info=\u00bb{}\u00bb][et_pb_text admin_label=\u00bbContacto\u00bb _builder_version=\u00bb4.16&#8243; custom_padding=\u00bb|||20px|false|false\u00bb global_colors_info=\u00bb{}\u00bb]<strong>Polideportivo de Santa Anna<\/strong>[\/et_pb_text][\/et_pb_column][et_pb_column type=\u00bb1_6&#8243; _builder_version=\u00bb4.16&#8243; custom_padding=\u00bb|5px||5px|false|true\u00bb global_colors_info=\u00bb{}\u00bb][et_pb_text admin_label=\u00bbEmail\u00bb _builder_version=\u00bb4.16&#8243; text_orientation=\u00bbcenter\u00bb global_colors_info=\u00bb{}\u00bb][\/et_pb_text][\/et_pb_column][et_pb_column type=\u00bb1_6&#8243; _builder_version=\u00bb4.16&#8243; global_colors_info=\u00bb{}\u00bb][et_pb_text admin_label=\u00bbTel\u00e9fono\u00bb _builder_version=\u00bb4.16&#8243; text_orientation=\u00bbcenter\u00bb custom_padding=\u00bb||||false|false\u00bb global_colors_info=\u00bb{}\u00bb]699 87 31 22[\/et_pb_text][\/et_pb_column][et_pb_column type=\u00bb1_6&#8243; _builder_version=\u00bb4.16&#8243; global_colors_info=\u00bb{}\u00bb][et_pb_text admin_label=\u00bbFax\u00bb _builder_version=\u00bb4.16&#8243; text_orientation=\u00bbcenter\u00bb global_colors_info=\u00bb{}\u00bb][\/et_pb_text][\/et_pb_column][\/et_pb_row][et_pb_row column_structure=\u00bb1_2,1_6,1_6,1_6&#8243; admin_label=\u00bbPolideportivo La Balaguera\u00bb _builder_version=\u00bb4.16&#8243; background_color=\u00bb#eeeeee\u00bb width=\u00bb60%\u00bb custom_margin=\u00bb||5px||false|false\u00bb custom_padding=\u00bb10px||10px||true|false\u00bb border_color_all=\u00bb#ffffff\u00bb global_colors_info=\u00bb{}\u00bb][et_pb_column type=\u00bb1_2&#8243; _builder_version=\u00bb4.16&#8243; custom_padding=\u00bb|5px|||false|false\u00bb global_colors_info=\u00bb{}\u00bb][et_pb_text admin_label=\u00bbContacto\u00bb _builder_version=\u00bb4.16&#8243; custom_padding=\u00bb|||20px|false|false\u00bb global_colors_info=\u00bb{}\u00bb]<strong>Polideportivo La Balaguera<\/strong>[\/et_pb_text][\/et_pb_column][et_pb_column type=\u00bb1_6&#8243; _builder_version=\u00bb4.16&#8243; custom_padding=\u00bb|5px||5px|false|true\u00bb global_colors_info=\u00bb{}\u00bb][et_pb_text admin_label=\u00bbEmail\u00bb _builder_version=\u00bb4.16&#8243; text_orientation=\u00bbcenter\u00bb global_colors_info=\u00bb{}\u00bb][\/et_pb_text][\/et_pb_column][et_pb_column type=\u00bb1_6&#8243; _builder_version=\u00bb4.16&#8243; global_colors_info=\u00bb{}\u00bb][et_pb_text admin_label=\u00bbTel\u00e9fono\u00bb _builder_version=\u00bb4.16&#8243; text_orientation=\u00bbcenter\u00bb custom_padding=\u00bb||||false|false\u00bb global_colors_info=\u00bb{}\u00bb]96 321 06 18[\/et_pb_text][\/et_pb_column][et_pb_column type=\u00bb1_6&#8243; _builder_version=\u00bb4.16&#8243; global_colors_info=\u00bb{}\u00bb][et_pb_text admin_label=\u00bbFax\u00bb _builder_version=\u00bb4.16&#8243; text_orientation=\u00bbcenter\u00bb global_colors_info=\u00bb{}\u00bb][\/et_pb_text][\/et_pb_column][\/et_pb_row][et_pb_row column_structure=\u00bb1_2,1_6,1_6,1_6&#8243; admin_label=\u00bbRadio Sol &#8211; Emisora Municipal\u00bb _builder_version=\u00bb4.16&#8243; background_color=\u00bb#c9c9c9&#8243; width=\u00bb60%\u00bb custom_margin=\u00bb||5px||false|false\u00bb custom_padding=\u00bb10px||10px||true|false\u00bb border_color_all=\u00bb#ffffff\u00bb global_colors_info=\u00bb{}\u00bb][et_pb_column type=\u00bb1_2&#8243; _builder_version=\u00bb4.16&#8243; custom_padding=\u00bb|5px|||false|false\u00bb global_colors_info=\u00bb{}\u00bb][et_pb_text admin_label=\u00bbContacto\u00bb _builder_version=\u00bb4.16&#8243; custom_padding=\u00bb|||20px|false|false\u00bb global_colors_info=\u00bb{}\u00bb]<b>Radio\u00a0Sol &#8211; Emisora Municipal<\/b>[\/et_pb_text][\/et_pb_column][et_pb_column type=\u00bb1_6&#8243; _builder_version=\u00bb4.16&#8243; custom_padding=\u00bb|5px||5px|false|true\u00bb global_colors_info=\u00bb{}\u00bb][et_pb_text admin_label=\u00bbEmail\u00bb _builder_version=\u00bb4.16&#8243; text_orientation=\u00bbcenter\u00bb global_colors_info=\u00bb{}\u00bb][\/et_pb_text][\/et_pb_column][et_pb_column type=\u00bb1_6&#8243; _builder_version=\u00bb4.16&#8243; global_colors_info=\u00bb{}\u00bb][et_pb_text admin_label=\u00bbTel\u00e9fono\u00bb _builder_version=\u00bb4.16&#8243; text_orientation=\u00bbcenter\u00bb custom_padding=\u00bb||||false|false\u00bb global_colors_info=\u00bb{}\u00bb]96 127 79 39[\/et_pb_text][\/et_pb_column][et_pb_column type=\u00bb1_6&#8243; _builder_version=\u00bb4.16&#8243; global_colors_info=\u00bb{}\u00bb][et_pb_text admin_label=\u00bbFax\u00bb _builder_version=\u00bb4.16&#8243; text_orientation=\u00bbcenter\u00bb global_colors_info=\u00bb{}\u00bb][\/et_pb_text][\/et_pb_column][\/et_pb_row][et_pb_row column_structure=\u00bb1_2,1_6,1_6,1_6&#8243; admin_label=\u00bbResidencia Municipal de Ancianos\u00bb _builder_version=\u00bb4.16&#8243; background_color=\u00bb#eeeeee\u00bb width=\u00bb60%\u00bb custom_margin=\u00bb||5px||false|false\u00bb custom_padding=\u00bb10px||10px||true|false\u00bb border_color_all=\u00bb#ffffff\u00bb global_colors_info=\u00bb{}\u00bb][et_pb_column type=\u00bb1_2&#8243; _builder_version=\u00bb4.16&#8243; custom_padding=\u00bb|5px|||false|false\u00bb global_colors_info=\u00bb{}\u00bb][et_pb_text admin_label=\u00bbContacto\u00bb _builder_version=\u00bb4.16&#8243; custom_padding=\u00bb|||20px|false|false\u00bb global_colors_info=\u00bb{}\u00bb]<b>Residencia<\/b><strong> Municipal de\u00a0<\/strong><b>Ancianos<\/b>[\/et_pb_text][\/et_pb_column][et_pb_column type=\u00bb1_6&#8243; _builder_version=\u00bb4.16&#8243; custom_padding=\u00bb|5px||5px|false|true\u00bb global_colors_info=\u00bb{}\u00bb][et_pb_text admin_label=\u00bbEmail\u00bb _builder_version=\u00bb4.16&#8243; text_orientation=\u00bbcenter\u00bb global_colors_info=\u00bb{}\u00bb][\/et_pb_text][\/et_pb_column][et_pb_column type=\u00bb1_6&#8243; _builder_version=\u00bb4.16&#8243; global_colors_info=\u00bb{}\u00bb][et_pb_text admin_label=\u00bbTel\u00e9fono\u00bb _builder_version=\u00bb4.16&#8243; text_orientation=\u00bbcenter\u00bb custom_padding=\u00bb||||false|false\u00bb global_colors_info=\u00bb{}\u00bb]96 126 61 69[\/et_pb_text][\/et_pb_column][et_pb_column type=\u00bb1_6&#8243; _builder_version=\u00bb4.16&#8243; global_colors_info=\u00bb{}\u00bb][et_pb_text admin_label=\u00bbFax\u00bb _builder_version=\u00bb4.16&#8243; text_orientation=\u00bbcenter\u00bb global_colors_info=\u00bb{}\u00bb][\/et_pb_text][\/et_pb_column][\/et_pb_row][et_pb_row column_structure=\u00bb1_2,1_6,1_6,1_6&#8243; admin_label=\u00bbTaxi L&#8217;Horta\u00bb _builder_version=\u00bb4.16&#8243; background_color=\u00bb#c9c9c9&#8243; width=\u00bb60%\u00bb custom_margin=\u00bb||5px||false|false\u00bb custom_padding=\u00bb10px||10px||true|false\u00bb border_color_all=\u00bb#ffffff\u00bb global_colors_info=\u00bb{}\u00bb][et_pb_column type=\u00bb1_2&#8243; _builder_version=\u00bb4.16&#8243; custom_padding=\u00bb|5px|||false|false\u00bb global_colors_info=\u00bb{}\u00bb][et_pb_text admin_label=\u00bbContacto\u00bb _builder_version=\u00bb4.16&#8243; custom_padding=\u00bb|||20px|false|false\u00bb global_colors_info=\u00bb{}\u00bb]<strong>Taxi L&#8217;Horta<\/strong>[\/et_pb_text][\/et_pb_column][et_pb_column type=\u00bb1_6&#8243; _builder_version=\u00bb4.16&#8243; custom_padding=\u00bb|5px||5px|false|true\u00bb global_colors_info=\u00bb{}\u00bb][et_pb_text admin_label=\u00bbEmail\u00bb _builder_version=\u00bb4.16&#8243; text_orientation=\u00bbcenter\u00bb global_colors_info=\u00bb{}\u00bb][\/et_pb_text][\/et_pb_column][et_pb_column type=\u00bb1_6&#8243; _builder_version=\u00bb4.16&#8243; global_colors_info=\u00bb{}\u00bb][et_pb_text admin_label=\u00bbTel\u00e9fono\u00bb _builder_version=\u00bb4.16&#8243; text_orientation=\u00bbcenter\u00bb custom_padding=\u00bb||||false|false\u00bb global_colors_info=\u00bb{}\u00bb]96 125 11 50[\/et_pb_text][\/et_pb_column][et_pb_column type=\u00bb1_6&#8243; _builder_version=\u00bb4.16&#8243; global_colors_info=\u00bb{}\u00bb][et_pb_text admin_label=\u00bbFax\u00bb _builder_version=\u00bb4.16&#8243; text_orientation=\u00bbcenter\u00bb global_colors_info=\u00bb{}\u00bb][\/et_pb_text][\/et_pb_column][\/et_pb_row][et_pb_row column_structure=\u00bb1_2,1_6,1_6,1_6&#8243; admin_label=\u00bbUrg\u00e8ncies (Catarroja)\u00bb _builder_version=\u00bb4.16&#8243; background_color=\u00bb#eeeeee\u00bb width=\u00bb60%\u00bb custom_margin=\u00bb||5px||false|false\u00bb custom_padding=\u00bb10px||10px||true|false\u00bb border_color_all=\u00bb#ffffff\u00bb global_colors_info=\u00bb{}\u00bb][et_pb_column type=\u00bb1_2&#8243; _builder_version=\u00bb4.16&#8243; custom_padding=\u00bb|5px|||false|false\u00bb global_colors_info=\u00bb{}\u00bb][et_pb_text admin_label=\u00bbContacto\u00bb _builder_version=\u00bb4.16&#8243; custom_padding=\u00bb|||20px|false|false\u00bb global_colors_info=\u00bb{}\u00bb]<b>Urgencias<\/b><strong>\u00a0(Catarroja)<\/strong>[\/et_pb_text][\/et_pb_column][et_pb_column type=\u00bb1_6&#8243; _builder_version=\u00bb4.16&#8243; custom_padding=\u00bb|5px||5px|false|true\u00bb global_colors_info=\u00bb{}\u00bb][et_pb_text admin_label=\u00bbEmail\u00bb _builder_version=\u00bb4.16&#8243; text_orientation=\u00bbcenter\u00bb global_colors_info=\u00bb{}\u00bb][\/et_pb_text][\/et_pb_column][et_pb_column type=\u00bb1_6&#8243; _builder_version=\u00bb4.16&#8243; global_colors_info=\u00bb{}\u00bb][et_pb_text admin_label=\u00bbTel\u00e9fono\u00bb _builder_version=\u00bb4.16&#8243; text_orientation=\u00bbcenter\u00bb custom_padding=\u00bb||||false|false\u00bb global_colors_info=\u00bb{}\u00bb]96 197 15 08<br \/>\n96 197 15 06[\/et_pb_text][\/et_pb_column][et_pb_column type=\u00bb1_6&#8243; _builder_version=\u00bb4.16&#8243; global_colors_info=\u00bb{}\u00bb][et_pb_text admin_label=\u00bbFax\u00bb _builder_version=\u00bb4.16&#8243; text_orientation=\u00bbcenter\u00bb global_colors_info=\u00bb{}\u00bb][\/et_pb_text][\/et_pb_column][\/et_pb_row][\/et_pb_section]<\/p>\n","protected":false},"excerpt":{"rendered":"<p>Tel\u00e9fonos de inter\u00e9sContactoEmailTel\u00e9fonoFaxAgencia de Empleo y Desarrollo LocalMestre Ram\u00f3n Sanchis Rovira, n\u00ba 996 122 05 0496 122 04 47Agencia Tributaria (Catarroja) Manfredo Monforte, n\u00ba 496 126 66 6196 122 02 63Ayuda a la drogodependencia900 16 15 15Ayuntamiento Plaza del Jard\u00ed, n\u00ba 796 126 00 5696 127 08 61Ambulancias Aut\u00f3nomas96 350 01 00Ambulancias SAMU900 16 11 61 112Aqualia &#8211; Atenci\u00f3n al cliente Mestre Ram\u00f3n Sanchis Rovira, n\u00ba 7900 81 40 81Aqualia &#8211; Entrega de lecturas900 81 40 83Aqualia &#8211; Informaci\u00f3n y gesti\u00f3n de aver\u00edas900 81 40 82Asistencia\u00a0al menor116 111Biblioteca P\u00fablica Municipal Hern\u00e1ndez L\u00e1zaro, n\u00ba17896 127 26 93Bomberos085C. Esp. Monteolivete96 313 14 50Casa de la Cultura Mestre Ram\u00f3n Sanchis Rovira96 126 81 80Cegas (gas natural)902 33 34 57Centro de la mujer 24 h.900 58 08 88Centro de Salud96 342 53 00Centro de Informaci\u00f3n Juvenil Mestre Ram\u00f3n Sanchis Rovira, n\u00ba 996 127 81 8796 122 04 48Colegio P\u00fablico Juan Esteve Mu\u00f1oz96 120 53 40Colegio P\u00fablico Sant Blai96 120 54 30Colegio P\u00fablico Sant Carles Borromeo96 120 58 40Colegio Santa Anna (privado concertado)96 126 19 84CEIP La Balaguera96 120 55 55Correos (Albal)96 126 73 93Ecoparc661 23 04 28Emergencias112Escuela de Adultos Calle de la Senyera, n\u00ba 4epalbal@hotmail.com96 127 22 89Gas Butano (Atenci\u00f3n al cliente REPSOL)901 101 [&hellip;]<\/p>\n","protected":false},"author":31,"featured_media":0,"parent":798,"menu_order":0,"comment_status":"closed","ping_status":"closed","template":"","meta":{"_acf_changed":false,"_et_pb_use_builder":"on","_et_pb_old_content":"","_et_gb_content_width":"","footnotes":""},"coauthors":[86],"class_list":["post-818","page","type-page","status-publish","hentry"],"acf":[],"yoast_head":"<!-- This site is optimized with the Yoast SEO plugin v27.4 - https:\/\/yoast.com\/product\/yoast-seo-wordpress\/ -->\n<title>Tel\u00e9fonos de inter\u00e9s - Ajuntament d&#039;Albal<\/title>\n<meta name=\"robots\" content=\"index, follow, max-snippet:-1, max-image-preview:large, max-video-preview:-1\" \/>\n<link rel=\"canonical\" href=\"https:\/\/albal.es\/es\/informacion\/telefonos-de-interes\/\" \/>\n<meta property=\"og:locale\" content=\"es_ES\" \/>\n<meta property=\"og:type\" content=\"article\" \/>\n<meta property=\"og:title\" content=\"Tel\u00e9fonos de inter\u00e9s - Ajuntament d&#039;Albal\" \/>\n<meta property=\"og:description\" content=\"Tel\u00e9fonos de inter\u00e9sContactoEmailTel\u00e9fonoFaxAgencia de Empleo y Desarrollo LocalMestre Ram\u00f3n Sanchis Rovira, n\u00ba 996 122 05 0496 122 04 47Agencia Tributaria (Catarroja) Manfredo Monforte, n\u00ba 496 126 66 6196 122 02 63Ayuda a la drogodependencia900 16 15 15Ayuntamiento Plaza del Jard\u00ed, n\u00ba 796 126 00 5696 127 08 61Ambulancias Aut\u00f3nomas96 350 01 00Ambulancias SAMU900 16 11 61 112Aqualia - Atenci\u00f3n al cliente Mestre Ram\u00f3n Sanchis Rovira, n\u00ba 7900 81 40 81Aqualia - Entrega de lecturas900 81 40 83Aqualia - Informaci\u00f3n y gesti\u00f3n de aver\u00edas900 81 40 82Asistencia\u00a0al menor116 111Biblioteca P\u00fablica Municipal Hern\u00e1ndez L\u00e1zaro, n\u00ba17896 127 26 93Bomberos085C. Esp. Monteolivete96 313 14 50Casa de la Cultura Mestre Ram\u00f3n Sanchis Rovira96 126 81 80Cegas (gas natural)902 33 34 57Centro de la mujer 24 h.900 58 08 88Centro de Salud96 342 53 00Centro de Informaci\u00f3n Juvenil Mestre Ram\u00f3n Sanchis Rovira, n\u00ba 996 127 81 8796 122 04 48Colegio P\u00fablico Juan Esteve Mu\u00f1oz96 120 53 40Colegio P\u00fablico Sant Blai96 120 54 30Colegio P\u00fablico Sant Carles Borromeo96 120 58 40Colegio Santa Anna (privado concertado)96 126 19 84CEIP La Balaguera96 120 55 55Correos (Albal)96 126 73 93Ecoparc661 23 04 28Emergencias112Escuela de Adultos Calle de la Senyera, n\u00ba 4epalbal@hotmail.com96 127 22 89Gas Butano (Atenci\u00f3n al cliente REPSOL)901 101 [&hellip;]\" \/>\n<meta property=\"og:site_name\" content=\"Ajuntament d&#039;Albal\" \/>\n<meta property=\"article:publisher\" content=\"https:\/\/facebook.com\/AjuntamentAlbal\/\" \/>\n<meta property=\"article:modified_time\" content=\"2024-06-06T11:07:51+00:00\" \/>\n<meta property=\"og:image\" content=\"https:\/\/albal.es\/content-albal\/uploads\/2020\/06\/logo-ayuntamiento-albal.png\" \/>\n\t<meta property=\"og:image:width\" content=\"367\" \/>\n\t<meta property=\"og:image:height\" content=\"332\" \/>\n\t<meta property=\"og:image:type\" content=\"image\/png\" \/>\n<meta name=\"twitter:card\" content=\"summary_large_image\" \/>\n<meta name=\"twitter:label1\" content=\"Tiempo de lectura\" \/>\n\t<meta name=\"twitter:data1\" content=\"41 minutos\" \/>\n\t<meta name=\"twitter:label2\" content=\"Written by\" \/>\n\t<meta name=\"twitter:data2\" content=\"Cristina Pomares Fern\u00e1ndez\" \/>\n<script type=\"application\/ld+json\" class=\"yoast-schema-graph\">{\"@context\":\"https:\\\/\\\/schema.org\",\"@graph\":[{\"@type\":\"WebPage\",\"@id\":\"https:\\\/\\\/albal.es\\\/es\\\/informacion\\\/telefonos-de-interes\\\/\",\"url\":\"https:\\\/\\\/albal.es\\\/es\\\/informacion\\\/telefonos-de-interes\\\/\",\"name\":\"Tel\u00e9fonos de inter\u00e9s - Ajuntament d&#039;Albal\",\"isPartOf\":{\"@id\":\"https:\\\/\\\/albal.es\\\/es\\\/#website\"},\"datePublished\":\"2019-12-10T17:56:02+00:00\",\"dateModified\":\"2024-06-06T11:07:51+00:00\",\"breadcrumb\":{\"@id\":\"https:\\\/\\\/albal.es\\\/es\\\/informacion\\\/telefonos-de-interes\\\/#breadcrumb\"},\"inLanguage\":\"es\",\"potentialAction\":[{\"@type\":\"ReadAction\",\"target\":[\"https:\\\/\\\/albal.es\\\/es\\\/informacion\\\/telefonos-de-interes\\\/\"]}]},{\"@type\":\"BreadcrumbList\",\"@id\":\"https:\\\/\\\/albal.es\\\/es\\\/informacion\\\/telefonos-de-interes\\\/#breadcrumb\",\"itemListElement\":[{\"@type\":\"ListItem\",\"position\":1,\"name\":\"Inici\",\"item\":\"https:\\\/\\\/albal.es\\\/es\\\/\"},{\"@type\":\"ListItem\",\"position\":2,\"name\":\"Informaci\u00f3n\",\"item\":\"https:\\\/\\\/albal.es\\\/es\\\/informacion\\\/\"},{\"@type\":\"ListItem\",\"position\":3,\"name\":\"Tel\u00e9fonos de inter\u00e9s\"}]},{\"@type\":\"WebSite\",\"@id\":\"https:\\\/\\\/albal.es\\\/es\\\/#website\",\"url\":\"https:\\\/\\\/albal.es\\\/es\\\/\",\"name\":\"Ajuntament d&#039;Albal\",\"description\":\"Ajuntament d&#039;Albal\",\"publisher\":{\"@id\":\"https:\\\/\\\/albal.es\\\/es\\\/#organization\"},\"potentialAction\":[{\"@type\":\"SearchAction\",\"target\":{\"@type\":\"EntryPoint\",\"urlTemplate\":\"https:\\\/\\\/albal.es\\\/es\\\/?s={search_term_string}\"},\"query-input\":{\"@type\":\"PropertyValueSpecification\",\"valueRequired\":true,\"valueName\":\"search_term_string\"}}],\"inLanguage\":\"es\"},{\"@type\":\"Organization\",\"@id\":\"https:\\\/\\\/albal.es\\\/es\\\/#organization\",\"name\":\"Ajuntament d'Albal - Valencia\",\"url\":\"https:\\\/\\\/albal.es\\\/es\\\/\",\"logo\":{\"@type\":\"ImageObject\",\"inLanguage\":\"es\",\"@id\":\"https:\\\/\\\/albal.es\\\/es\\\/#\\\/schema\\\/logo\\\/image\\\/\",\"url\":\"https:\\\/\\\/albal.es\\\/content-albal\\\/uploads\\\/2020\\\/06\\\/logo-ayuntamiento-albal.png\",\"contentUrl\":\"https:\\\/\\\/albal.es\\\/content-albal\\\/uploads\\\/2020\\\/06\\\/logo-ayuntamiento-albal.png\",\"width\":367,\"height\":332,\"caption\":\"Ajuntament d'Albal - Valencia\"},\"image\":{\"@id\":\"https:\\\/\\\/albal.es\\\/es\\\/#\\\/schema\\\/logo\\\/image\\\/\"},\"sameAs\":[\"https:\\\/\\\/facebook.com\\\/AjuntamentAlbal\\\/\"]}]}<\/script>\n<!-- \/ Yoast SEO plugin. -->","yoast_head_json":{"title":"Tel\u00e9fonos de inter\u00e9s - Ajuntament d&#039;Albal","robots":{"index":"index","follow":"follow","max-snippet":"max-snippet:-1","max-image-preview":"max-image-preview:large","max-video-preview":"max-video-preview:-1"},"canonical":"https:\/\/albal.es\/es\/informacion\/telefonos-de-interes\/","og_locale":"es_ES","og_type":"article","og_title":"Tel\u00e9fonos de inter\u00e9s - Ajuntament d&#039;Albal","og_description":"Tel\u00e9fonos de inter\u00e9sContactoEmailTel\u00e9fonoFaxAgencia de Empleo y Desarrollo LocalMestre Ram\u00f3n Sanchis Rovira, n\u00ba 996 122 05 0496 122 04 47Agencia Tributaria (Catarroja) Manfredo Monforte, n\u00ba 496 126 66 6196 122 02 63Ayuda a la drogodependencia900 16 15 15Ayuntamiento Plaza del Jard\u00ed, n\u00ba 796 126 00 5696 127 08 61Ambulancias Aut\u00f3nomas96 350 01 00Ambulancias SAMU900 16 11 61 112Aqualia - Atenci\u00f3n al cliente Mestre Ram\u00f3n Sanchis Rovira, n\u00ba 7900 81 40 81Aqualia - Entrega de lecturas900 81 40 83Aqualia - Informaci\u00f3n y gesti\u00f3n de aver\u00edas900 81 40 82Asistencia\u00a0al menor116 111Biblioteca P\u00fablica Municipal Hern\u00e1ndez L\u00e1zaro, n\u00ba17896 127 26 93Bomberos085C. Esp. Monteolivete96 313 14 50Casa de la Cultura Mestre Ram\u00f3n Sanchis Rovira96 126 81 80Cegas (gas natural)902 33 34 57Centro de la mujer 24 h.900 58 08 88Centro de Salud96 342 53 00Centro de Informaci\u00f3n Juvenil Mestre Ram\u00f3n Sanchis Rovira, n\u00ba 996 127 81 8796 122 04 48Colegio P\u00fablico Juan Esteve Mu\u00f1oz96 120 53 40Colegio P\u00fablico Sant Blai96 120 54 30Colegio P\u00fablico Sant Carles Borromeo96 120 58 40Colegio Santa Anna (privado concertado)96 126 19 84CEIP La Balaguera96 120 55 55Correos (Albal)96 126 73 93Ecoparc661 23 04 28Emergencias112Escuela de Adultos Calle de la Senyera, n\u00ba 4epalbal@hotmail.com96 127 22 89Gas Butano (Atenci\u00f3n al cliente REPSOL)901 101 [&hellip;]","og_site_name":"Ajuntament d&#039;Albal","article_publisher":"https:\/\/facebook.com\/AjuntamentAlbal\/","article_modified_time":"2024-06-06T11:07:51+00:00","og_image":[{"width":367,"height":332,"url":"https:\/\/albal.es\/content-albal\/uploads\/2020\/06\/logo-ayuntamiento-albal.png","type":"image\/png"}],"twitter_card":"summary_large_image","twitter_misc":{"Tiempo de lectura":"41 minutos","Written by":"Cristina Pomares Fern\u00e1ndez"},"schema":{"@context":"https:\/\/schema.org","@graph":[{"@type":"WebPage","@id":"https:\/\/albal.es\/es\/informacion\/telefonos-de-interes\/","url":"https:\/\/albal.es\/es\/informacion\/telefonos-de-interes\/","name":"Tel\u00e9fonos de inter\u00e9s - Ajuntament d&#039;Albal","isPartOf":{"@id":"https:\/\/albal.es\/es\/#website"},"datePublished":"2019-12-10T17:56:02+00:00","dateModified":"2024-06-06T11:07:51+00:00","breadcrumb":{"@id":"https:\/\/albal.es\/es\/informacion\/telefonos-de-interes\/#breadcrumb"},"inLanguage":"es","potentialAction":[{"@type":"ReadAction","target":["https:\/\/albal.es\/es\/informacion\/telefonos-de-interes\/"]}]},{"@type":"BreadcrumbList","@id":"https:\/\/albal.es\/es\/informacion\/telefonos-de-interes\/#breadcrumb","itemListElement":[{"@type":"ListItem","position":1,"name":"Inici","item":"https:\/\/albal.es\/es\/"},{"@type":"ListItem","position":2,"name":"Informaci\u00f3n","item":"https:\/\/albal.es\/es\/informacion\/"},{"@type":"ListItem","position":3,"name":"Tel\u00e9fonos de inter\u00e9s"}]},{"@type":"WebSite","@id":"https:\/\/albal.es\/es\/#website","url":"https:\/\/albal.es\/es\/","name":"Ajuntament d&#039;Albal","description":"Ajuntament d&#039;Albal","publisher":{"@id":"https:\/\/albal.es\/es\/#organization"},"potentialAction":[{"@type":"SearchAction","target":{"@type":"EntryPoint","urlTemplate":"https:\/\/albal.es\/es\/?s={search_term_string}"},"query-input":{"@type":"PropertyValueSpecification","valueRequired":true,"valueName":"search_term_string"}}],"inLanguage":"es"},{"@type":"Organization","@id":"https:\/\/albal.es\/es\/#organization","name":"Ajuntament d'Albal - Valencia","url":"https:\/\/albal.es\/es\/","logo":{"@type":"ImageObject","inLanguage":"es","@id":"https:\/\/albal.es\/es\/#\/schema\/logo\/image\/","url":"https:\/\/albal.es\/content-albal\/uploads\/2020\/06\/logo-ayuntamiento-albal.png","contentUrl":"https:\/\/albal.es\/content-albal\/uploads\/2020\/06\/logo-ayuntamiento-albal.png","width":367,"height":332,"caption":"Ajuntament d'Albal - Valencia"},"image":{"@id":"https:\/\/albal.es\/es\/#\/schema\/logo\/image\/"},"sameAs":["https:\/\/facebook.com\/AjuntamentAlbal\/"]}]}},"publishpress_future_workflow_manual_trigger":{"enabledWorkflows":[]},"_links":{"self":[{"href":"https:\/\/albal.es\/es\/wp-json\/wp\/v2\/pages\/818","targetHints":{"allow":["GET"]}}],"collection":[{"href":"https:\/\/albal.es\/es\/wp-json\/wp\/v2\/pages"}],"about":[{"href":"https:\/\/albal.es\/es\/wp-json\/wp\/v2\/types\/page"}],"author":[{"embeddable":true,"href":"https:\/\/albal.es\/es\/wp-json\/wp\/v2\/users\/31"}],"replies":[{"embeddable":true,"href":"https:\/\/albal.es\/es\/wp-json\/wp\/v2\/comments?post=818"}],"version-history":[{"count":0,"href":"https:\/\/albal.es\/es\/wp-json\/wp\/v2\/pages\/818\/revisions"}],"up":[{"embeddable":true,"href":"https:\/\/albal.es\/es\/wp-json\/wp\/v2\/pages\/798"}],"wp:attachment":[{"href":"https:\/\/albal.es\/es\/wp-json\/wp\/v2\/media?parent=818"}],"wp:term":[{"taxonomy":"author","embeddable":true,"href":"https:\/\/albal.es\/es\/wp-json\/wp\/v2\/coauthors?post=818"}],"curies":[{"name":"wp","href":"https:\/\/api.w.org\/{rel}","templated":true}]}}