

{"id":810,"date":"2019-12-10T18:53:34","date_gmt":"2019-12-10T17:53:34","guid":{"rendered":"https:\/\/albal.es\/?page_id=810"},"modified":"2024-09-26T12:55:45","modified_gmt":"2024-09-26T10:55:45","slug":"asociaciones-y-clubes-deportivos","status":"publish","type":"page","link":"https:\/\/albal.es\/es\/informacion\/asociaciones-y-clubes-deportivos\/","title":{"rendered":"Asociaciones y clubes deportivos"},"content":{"rendered":"<p>[et_pb_section fb_built=\u00bb1&#8243; _builder_version=\u00bb4.16&#8243; background_color=\u00bb#f7f7f7&#8243; custom_margin=\u00bb||||false|false\u00bb locked=\u00bboff\u00bb global_colors_info=\u00bb{}\u00bb][et_pb_row _builder_version=\u00bb4.16&#8243; custom_padding=\u00bb10px||20px||false|false\u00bb global_colors_info=\u00bb{}\u00bb][et_pb_column type=\u00bb4_4&#8243; _builder_version=\u00bb4.16&#8243; global_colors_info=\u00bb{}\u00bb][et_pb_text admin_label=\u00bbH1 Associacions i clubs esportius\u00bb module_class=\u00bbtit-noticias\u00bb _builder_version=\u00bb4.16&#8243; header_font=\u00bb|300||on|||||\u00bb header_text_color=\u00bb#999999&#8243; header_font_size=\u00bb35px\u00bb global_colors_info=\u00bb{}\u00bb]<\/p>\n<h1>Asociaciones y Clubs Deportivos<\/h1>\n<p>[\/et_pb_text][et_pb_text admin_label=\u00bbTitulo Associacions\u00bb _builder_version=\u00bb4.16&#8243; global_colors_info=\u00bb{}\u00bb]<\/p>\n<h2>Asociaciones<\/h2>\n<p>[\/et_pb_text][et_pb_text admin_label=\u00bbAssociacions\u00bb module_class=\u00bbtres-columnas columnas-clear\u00bb _builder_version=\u00bb4.25.2&#8243; global_colors_info=\u00bb{}\u00bb]<\/p>\n<p><b>ASSOCIACI\u00d3 ART\u00cdSTICA DE PINTURA DE PORCELLANA D&#8217;ALBAL (APPAL)<\/b><br \/><strong>Presidenta:<\/strong> Concha Vila Verdeguer<br \/><strong>Sede Social:<\/strong> C\/ San Carlos, 52<br \/><strong>Tel\u00e9fono:<\/strong> 635613468<\/p>\n<p><b>ASOCIACI\u00d3N DE AMAS DE CASA \u00abTYRIUS\u00bb<\/b><br \/><strong>Presidenta:<\/strong> Rosa Mar\u00eda Puchalt Portal\u00e9s<br \/><strong>Sede social:<\/strong> Casa de la Cultura<br \/><strong>Tel\u00e9fono:<\/strong> 650920518<\/p>\n<p><b>ASOCIACION CULTURAL ANDALUZA DE ALBAL<\/b><br \/><strong>Presidenta: <\/strong>Josefina Benjumea Guill\u00e9n<br \/><strong>Sede social:<\/strong> C\/ Alicante, 30<br \/><strong>Correo electr\u00f3nico:<\/strong> aca.albal@hotmail.com<br \/><strong>Tel\u00e9fono:<\/strong> 641606638<\/p>\n<p><b>JUNTA LOCAL DE LA ASOCIACI\u00d3N ESPA\u00d1OLA CONTRA EL C\u00c1NCER<\/b><br \/><strong>Presidenta:<\/strong> Mar\u00eda \u00c1ngeles Jord\u00e1n<br \/><strong>Sede social:<\/strong> Ajuntament d&#8217;Albal &#8211; Plaza del Jard\u00edn, 7<\/p>\n<p><b>CORAL DE VEUS D&#8217;ALBAL<\/b><br \/><strong>Presidenta:<\/strong> Ana Lourdes Vila Chilet<br \/><strong>Sede social:<\/strong> C\/Santa Ana, 61 o Casa de la Cultura<br \/><strong>Correo electr\u00f3nico:<\/strong> annavila@coraldeveus.com<br \/>M\u00e1s informaci\u00f3n sobre la Coral de Veus en www.coraldeveus.com<\/p>\n<p><b>ASOCIACI\u00d3N DE JUBILADOS Y PENSIONISTAS (CABAS-UDP)<\/b><br \/><strong>Presidente:<\/strong> Vicente Caba\u00f1ero<br \/><strong>Sede social:<\/strong> Casa de la Cultura<\/p>\n<p><b>ASOCIACI\u00d3N DE MADRES Y PADRES DE ALUMNOS DEL COLEGIO PUBLICO SAN CARLOS BORROMEO<\/b><br \/><strong>Presidenta:<\/strong> Raquel Sanchis Quilis<br \/><strong>Sede social:<\/strong> C\/ Torrent, s\/n<\/p>\n<p><b>ASOCIACI\u00d3N DE MADRES Y PADRES DE ALUMNOS IES ALBAL<\/b><br \/><strong>Presidenta:<\/strong> Rosa Mar\u00eda Zafra Gal\u00e1n<br \/><strong>Sede social:<\/strong> C\/ Hern\u00e1ndez L\u00e1zaro, s\/n<\/p>\n<p><b>ASOCIACI\u00d3N DE MADRES Y PADRES DE ALUMNOS DEL COLEGIO P\u00daBLICO LA BALAGUERA<\/b><br \/><strong>Presidenta:<\/strong> Raquel Cuenca Pe\u00f1a<br \/><strong>Correo electr\u00f3nico:<\/strong> ampabalaguera@gmail.com<br \/><strong>Web:<\/strong> https:\/\/ampabalaguera.blogspot.com<\/p>\n<p><b>ASOCIACI\u00d3N CULTURAL RADIO SOL ALBAL (EMISORA MUNICIPAL)<\/b><br \/><strong>Presidente:<\/strong> Julio Ib\u00e1\u00f1ez<br \/><strong>Sede social:<\/strong> Casal Jove (C\/ Tabacalera, s\/n)<\/p>\n<p><b>ASOCIACI\u00d3N DE MADRES Y PADRES DE ALUMNOS DEL COLEGIO P\u00daBLICO SAN BLAS<\/b><br \/><strong>Sede social:<\/strong> Av. Corts Valencianes, 34<\/p>\n<p><b>ASOCIACI\u00d3N CULTURAL &#8216;CORAL POLIF\u00d3NICA SANTA ANA&#8217;<\/b><br \/><strong>Presidente: <\/strong>Jose Gabriel Pedregal Catal\u00e1n<br \/><strong>Sede social:<\/strong> c\/ San Carlos, 80 (Casa de la Cultura)<\/p>\n<p><b>SOCIETAT JOVENTUT MUSICAL D&#8217;ALBAL<\/b><br \/><strong>Presidente: <\/strong>Daniel Rein\u00f3n S\u00e1nchez<br \/><strong>Sede Social:<\/strong> Casa de la Cultura<br \/><strong>Tel\u00e9fono:<\/strong> 96 127 28 80<br \/><strong>Correo electr\u00f3nico:<\/strong> secretaria@sjmalbal.com<\/p>\n<p><b>SOCIETAT MUSICAL VERGE DE SANTA ANA<\/b><br \/><strong>Presidente:<\/strong> Antonio Puigcerver Garc\u00eda<br \/><strong>Sede social:<\/strong> C\/ Font del Barco, 2-2\u00ba-6\u00ba<\/p>\n<p><b>ASOCIACI\u00d3N DE MADRES Y PADRES DE ALUMNOS DEL COLEGIO P\u00daBLICO JUAN ESTEVE MU\u00d1OZ<\/b><br \/><strong>Presidenta:<\/strong> Rosa Romaguera<br \/><strong>Sede social:<\/strong> C\/ San Roque, 1<\/p>\n<p><b>ASOCIACION DE MADRES Y PADRES DE ALUMNOS DEL COLEGIO SANTA ANA<\/b><br \/><strong>Presidenta:<\/strong> M\u00f3nica Gal\u00e1n Ram\u00f3n<br \/><strong>Sede social:<\/strong> Plaza de la Iglesia, 10<\/p>\n<p><b>ASOCIACION DE ALUMNOS DE LA ESCUELA DE ADULTOS<\/b><br \/><strong>Sede social:<\/strong> C\/ Senyera, 4<br \/><strong>Tel\u00e9fono:<\/strong> 96 127 22 89<br \/><strong>Correo electr\u00f3nico:<\/strong> epalbal@hotmail.com<\/p>\n<p><b>ASSOCIACI\u00d3 CULTURAL LES BOIXETERES D&#8217;ALBAL<\/b><br \/><strong>Presidenta:<\/strong> Heliodora Caba\u00f1ero Herraez<br \/><strong>Sede social:<\/strong> Casa de Cultura<br \/><strong>Tel\u00e9fono:<\/strong> 600801891<\/p>\n<p><b>AMICS DE FONTILLES D&#8217;ALBAL<\/b><br \/><strong>Presidenta:<\/strong> Concepci\u00f3n Olmos Romeu<br \/><strong>Sede social:<\/strong> C\/ Alc\u00e0sser, 4-3\u00aa<\/p>\n<p><b>ASOCIACI\u00d3N HUMANITARIA DE PAIPORTA (APAHU)<\/b><br \/><strong>Presidenta:<\/strong> Yolanda Chavarri<br \/><strong>Sede social:<\/strong> C\/ Felipe II, 12 (Paiporta)<br \/><strong>Correo electr\u00f3nico:<\/strong> Apahupaiporta@hotmail.com<\/p>\n<p><b>ASOCIACI\u00d3N HUMANITARIA DE CATARROJA<\/b><br \/><strong>Presidenta:<\/strong> Mar\u00eda Fern\u00e1ndez Moreno<br \/><strong>Sede social:<\/strong> C\/ Senyera, 7-Bj<\/p>\n<p><b>PENYA BOUERA D&#8217;ALBAL<\/b><br \/><strong>Presidente:<\/strong> Antonio Mart\u00ednez Atienza<br \/><strong>Tel\u00e9fono:<\/strong> 639950095<\/p>\n<p><b>PENYA TAURINA EL MIGET<\/b><br \/><strong>Tel\u00e9fono:<\/strong> 67424116 &#8211; 961311779<\/p>\n<p><b>FALLA POBLE D&#8217;ALBAL<\/b><br \/><strong>Sede social:<\/strong> C\/ Sant Carles, 20 Bj<\/p>\n<p><b>FALLA SAN CARLOS BORROMEO<\/b><br \/><strong>Sede social:<\/strong> C\/ Hern\u00e1ndez L\u00e1zaro, 5<\/p>\n<p><b>FALLA EL JARD\u00cd<\/b><br \/><strong>Sede social:<\/strong> C\/ Verge dels Angels, 3<\/p>\n<p><b>FALLA LA FLORIDA<\/b><br \/><strong>Sede social:<\/strong> C\/ Doctor Fleming, 62 Bj<\/p>\n<p><b>FALLA SANT CARLES<\/b><br \/><strong>Sede social:<\/strong> C\/ Hern\u00e1ndez L\u00e1zaro, 5<\/p>\n<p><b>FALLA L&#8217;AMISTAT<\/b><br \/><strong>Sede social:<\/strong> C\/ Sant Carles, 70 Bj<\/p>\n<p><b>FALLA JOVENTUT D&#8217;ALBAL<\/b><br \/><strong>Sede social:<\/strong> C\/ Col\u00f3n, 24 Bj<\/p>\n<p><b>FALLA L&#8217;HORT<\/b><br \/><strong>Sede social:<\/strong> Plaza Atleta Juan Mari, 5 Bj<\/p>\n<p><b>JUNTA LOCAL FALLERA<\/b><br \/><strong>Sede social:<\/strong> Casa de Cultura<\/p>\n<p><b>ASSOCIACI\u00d3 DE COMERCIANTS I XICOTETS EMPRESARIS D&#8217;ALBAL (ACIXEA)<\/b><br \/><strong>Sede social:<\/strong> Centro Polivalente &#8211; C\/ Maestro Ram\u00f3n Sanch\u00eds Rovira, 7<\/p>\n<p><b>PARROQUIA SAN CARLOS BORROMEO<\/b><br \/><strong>Sede social: <\/strong>Av. Corts Valencianes, 100<br \/><strong>Tel\u00e9fono:<\/strong> 96 126 01 86<br \/><strong>e-mail:<\/strong> parroquia_san_carlos@ono.com<br \/><strong>Internet:<\/strong> https:\/\/parroquiasancarlosalbal.com<\/p>\n<p><b>ASOCIACI\u00d3N \u00abPARAULES AL VENT\u00bb<\/b><br \/><strong>Sede social:<\/strong> C\/ Senyera, 4<\/p>\n<p><b>ASOCIACI\u00d3N GASTRON\u00d3MICA \u00abEL BON GUST\u00bb<\/b><br \/><strong>Sede social:<\/strong> Camino de Foya, 1-B<\/p>\n<p><b>GRUP D&#8217;ACCI\u00d3 VALENCIANISTA<\/b><br \/><strong>Presidenta:<\/strong> Rosa Asensio Bolsico<br \/><strong>Sede social:<\/strong> Pla\u00e7a del Jard\u00ed, 16<\/p>\n<p><b>A CONTRACORRENT<\/b><br \/><strong>Presidente:<\/strong> Pablo Ortega Gall\u00e9n<br \/><strong>Sede social:<\/strong> C\/ Borrull, 25 Bj (Valencia)<\/p>\n<p><strong>GRUP DE DANSES D&#8217;ALBAL LA MURTA<\/strong><br \/><strong>Presidenta: <\/strong>L\u00eddia Rodrigo Ll\u00e0cer<br \/><strong>Sede social:<\/strong> Casa de la Cultura<br \/><strong>Correo electr\u00f3nico:<\/strong> alballamurta@gmail.com<\/p>\n<p><b>COL\u00b7LECTIU PER LA SORORITAT<\/b><br \/><strong>Presidenta: <\/strong>Maria Teresa Moyano Reiz<br \/><strong>Sede social:<\/strong> Casa de Cultura, 1\u00aa planta.<br \/><strong>Tel\u00e9fono:<\/strong> 643822856<br \/><strong>Correo electr\u00f3nico: <\/strong>sororitat19@gmail.com<\/p>\n<p><b>MANOS UNIDAS<\/b><br \/><strong>Sede social:<\/strong> Plaza Comuni\u00f3n de San Esteb\u00e1n, 1 Bajo (Valencia)<\/p>\n<p><b>ASOCIACI\u00d3N AYUDA DISMINUIDO PS\u00cdQUICO DE ALFAFAR (AADISA)<\/b><br \/><strong>Presidente:<\/strong> Francisco Bosc\u00e1 Palop<br \/><strong>Sede social:<\/strong> C\/ Les Llargues, 28-12<\/p>\n<p><strong>ASSOCIACI\u00d3N FAMILIARES Y PERSONAS AMB ENFERMEDADES MENTALES (AFPEM HORTA SUD)<\/strong><br \/><strong>Presidenta:<\/strong> Concepci\u00f3n N\u00fa\u00f1ez Aguilar<br \/><strong>Coordinadora:<\/strong> Raquel Serrano Badenes<br \/><strong>Sede social:<\/strong> C\/ Tabacalera s\/n (Albal 46470)<br \/><strong>Telefonos:<\/strong> 963512075 678200475<br \/><strong>Correo Electr\u00f3nico:<\/strong> info.afpemhortasud@gmail.com<br \/><strong>Web:<\/strong> https:\/\/afpemhortasud.es<\/p>\n<p><b>COFRAD\u00cdA DEL SANT SEPULCRE<\/b><br \/><strong>Presidenta:<\/strong> Mar\u00eda del Carmen L\u00f3pez Cordellat<br \/><strong>Sede social:<\/strong> Plaza Iglesia, s\/n<\/p>\n<p><b>BANDA DE CORNETES I TAMBORS \u00abLA SENYERA D&#8217;ALBAL\u00bb<\/b><br \/><strong>Presidenta:<\/strong> Lilian Puchalt Escoto<br \/><strong>Sede social:<\/strong> C\/ Andr\u00e9s Albiol, 7-1\u00ba<\/p>\n<p><b>DEL CAMP A LA TAULA<\/b><br \/><strong>Presidenta: <\/strong>David Chiralt Garc\u00eda<br \/><strong>Sede social:<\/strong> C\/ San Antonio, 24<\/p>\n<p><b>ASOCIACI\u00d3N FALLERA NOVA ESTACI\u00d3<\/b><br \/><strong>Presidente:<\/strong> Jos\u00e9 Antonio Tar\u00edn Gonz\u00e1lez<br \/><strong>Sede social:<\/strong> C\/ Doctor Fleming, 73 Bj<\/p>\n<p><b>ASOCIACI\u00d3N MULTICULTURAL NUEVA GENERACI\u00d3N<\/b><br \/><strong>Presidente:<\/strong> Ricardo Hern\u00e1ndez Amador<br \/><strong>Sede social:<\/strong> C\/ Salvador Ricart, 10 Bj<\/p>\n<p><b>COLLA DIABLES ALBALENCS-ELS COHETERS D&#8217;ALBAL<\/b><br \/><strong>Presidente:<\/strong> Ricardo Jos\u00e9 Cuenca Aliseda<br \/><strong>Sede social:<\/strong> C\/ Santa Ana, 49-1\u00aa<\/p>\n<p><b>AMICS DE PACO MOLINA<\/b><br \/><strong>Presidenta:<\/strong> Raquel Molina Vila<br \/><strong>Sede social:<\/strong> C\/ L&#8217;Eixample, 54 Bj<\/p>\n<p><b>ASOCIACI\u00d3N CA LA MARE<\/b><br \/><strong>Presidenta:<\/strong> Mar\u00eda Juana Rodr\u00edguez Tirado<br \/><strong>Sede social:<\/strong> Plaza Mayor, 5 (Catarroja)<\/p>\n<p><b>ENFILA L&#8217;AGULLA<\/b><br \/><strong>Presidenta:<\/strong> Anna Mar\u00ed Mart\u00ednez<br \/><strong>Sede social:<\/strong> C\/ Doctor Fleming, 35<\/p>\n<p><b>SEGON TEMPS ASSOCIACI\u00d3 CULTURAL<\/b><br \/><strong>Presidente:<\/strong> Ram\u00f3n Navarro Torres<br \/><strong>Sede social:<\/strong> Casa de la Cultura<\/p>\n<p><b>CRUZ ROJA ESPA\u00d1OLA ASAMBLEA COMARCAL L&#8217;HORTA SUD<\/b><br \/><strong>Presidente:<\/strong> Juan Gabriel Soriano \u00dabeda<br \/><strong>Sede social:<\/strong> C\/ Josep Iturbi, 3-5<\/p>\n<p><b>ASOCIACI\u00d3N JUVENIL VIENTO DEL PUEBLO<\/b><br \/><strong>Presidenta:<\/strong> Gabriela A. L\u00f3pez Garc\u00eda<br \/><strong>Sede social:<\/strong> C\/ Peris Mencheta, 3 (Valencia)<\/p>\n<p><b>ASSOCIACI\u00d3 ART\u00cdSTICA DE PINTURA D&#8217;ALBAL<\/b><br \/><strong>Presidenta:<\/strong> Mercedes Morilla Iniesta<br \/><strong>Sede Social:<\/strong> Casa de la Cultura<\/p>\n<p><b>ASOCIACI\u00d3N CULTURAL \u00abXARANGA DO-RE-MIX\u00bb<\/b><br \/><strong>Presidente:<\/strong> Daniel Rein\u00f3n Garc\u00eda<br \/><strong>Sede Social:<\/strong> C\/ San Antonio, 21<\/p>\n<p><b>DRAGONES VIAJEROS ASOCIACI\u00d3N JUVENIL<\/b><br \/><strong>Presidenta:<\/strong> Tania S\u00e1nchez Campayo<br \/><strong>Sede Social:<\/strong> C\/ Concepci\u00f3n Arenal, 2-10\u00aa (Massanassa) &#8211; Casal Jove<\/p>\n<p>[\/et_pb_text][et_pb_text admin_label=\u00bbTitulo Clubs Esportius\u00bb _builder_version=\u00bb4.16&#8243; custom_padding=\u00bb||||false|false\u00bb global_colors_info=\u00bb{}\u00bb]<\/p>\n<h2>Clubs Deportivos<\/h2>\n<p>[\/et_pb_text][et_pb_text admin_label=\u00bbClubs Esportius\u00bb module_class=\u00bbtres-columnas columnas-clear\u00bb _builder_version=\u00bb4.27.0&#8243; custom_padding=\u00bb||||false|false\u00bb hover_enabled=\u00bb0&#8243; global_colors_info=\u00bb{}\u00bb sticky_enabled=\u00bb0&#8243;]<\/p>\n<p><b>CLUB DE ATLETISMO<\/b><br \/><strong>Presidente:<\/strong> Manuel Varea<br \/><strong>Sede social:<\/strong> Casa de la Cultura<\/p>\n<p><b>MOTOGRUP TURISME \u00abEL CORB\u00bb<\/b><br \/><strong>Presidente:<\/strong> Francisco Farinos<br \/><strong>Sede social:<\/strong> Casa de la Cultura<\/p>\n<p><b>CLUB DE PESCADORES DEPORTIVOS \u00abL&#8217;ANGUILA\u00bb<\/b><br \/><strong>Presidente:<\/strong> Rafael Pay\u00e1 Guzman<br \/><strong>Sede social:<\/strong> Casa Cultura<br \/><strong>Tel\u00e9fono:<\/strong> 96 126 82 98<\/p>\n<p><b>SOCIEDAD DE COLOMBICULTURA SANTA ANA<\/b><br \/><strong>Presidente:<\/strong> Francisco Morales Mu\u00f1oz<br \/><strong>Sede social:<\/strong> C\/ Santa Ana, 83<br \/><strong>Tel\u00e9fono:<\/strong> 96 126 28 41<\/p>\n<p><b>PE\u00d1A CICLISTA DE ALBAL<\/b><br \/><strong>Presidente:<\/strong> Santiago Ruiz Paredes<br \/><strong>Sede social:<\/strong> Casa de la Cultura<br \/><strong>Tel\u00e9fono:<\/strong> 667 532 530<br \/><strong>Correo electr\u00f3nico:<\/strong> p.ciclista.albal@hotmail.com<br \/><strong>P\u00e1gina web:<\/strong>\u00a0https:\/\/penyaciclistalbal.wixsite.com\/oficial2019<\/p>\n<p><b>CLUB DE FRONTENIS<\/b><br \/><strong>Presidente:<\/strong> Gregorio Fern\u00e1ndez<br \/><strong>Sede social:<\/strong> C\/ 22-5\u00aa<br \/><strong>Tel\u00e9fono:<\/strong> 96 117 05 01<\/p>\n<p><b>SOCIEDAD DE CAZADORES \u00abEL GORRI\u00d3N\u00bb<\/b><br \/><strong>Presidente:<\/strong> Juli\u00e1n L\u00f3pez Rosaleny<br \/><strong>Sede social:<\/strong> C\/ Santa Ana, 75-1<\/p>\n<p><b>CLUB DE PILOTA<\/b><br \/><strong>Presidente:<\/strong> Antonio Espinola Torrado<br \/><strong>Sede social:<\/strong> Sal\u00f3n de la Cooperativa Agr\u00edcola de Albal. Pla\u00e7a del Jard\u00ed, 38.<\/p>\n<p><b>CLUB DE TENIS ALBAL<\/b><br \/><strong>Presidente:<\/strong> Jos\u00e9 Carretero<br \/><strong>Sede social:<\/strong> Polideportivo de Santa Ana<br \/><strong>Tel\u00e9fono:<\/strong> 616 66 74 62<\/p>\n<p><b>ALBAL CLUB DE F\u00daTBOL<\/b><br \/><strong>Presidente:<\/strong> Leandro Mart\u00edn Laselle<br \/><strong>Sede social:<\/strong> Polideportivo de Santa Ana<br \/><strong>Tel\u00e9fono:<\/strong> 695512091<\/p>\n<p><b>PE\u00d1A DE TIRO Y ARRASTRE<\/b><br \/><strong>Presidente:<\/strong> Daniel Avia Viciano<br \/><strong>Sede social:<\/strong> Casa de la Cultura<br \/><strong>Tel\u00e9fono:<\/strong> 696 17 85 02<\/p>\n<p><b>CLUB BTT ALBAL<\/b><br \/><strong>Presidente:<\/strong> Jos\u00e9 Ferrer Alarc\u00f3n<br \/><strong>Sede Social:<\/strong> C\/ Torrent, 23<br \/><strong>Tel\u00e9fono:<\/strong> 961268237<br \/><strong>e-mail:<\/strong> clubbtt@albal.es<\/p>\n<p><b>CLUB TIRO CON ARCO<\/b><br \/><strong>Presidente\/a:<\/strong><br \/><strong>Sede Social:<\/strong> C\/ Torrent, 19-17<br \/><strong>Tel\u00e9fono:<\/strong> <br \/><strong>e-mail:<\/strong> arquerosdealbal@hotmail.com<\/p>\n<p><b>CLUB DE PETANCA<\/b><br \/><strong>Presidente:<\/strong> Enrique Dalmau Ferrer<br \/><strong>Sede Social:<\/strong> Casa de la Cultura<br \/><strong>Tel\u00e9fono:<\/strong> 659257634<\/p>\n<p><b>GRUP D&#8217;ESPLAI ESPORTIU SANTA ANA D&#8217;ALBAL<\/b><br \/><strong>Presidente:<\/strong> Luis Serrano Rico<br \/><strong>Sede social:<\/strong> Av. Padre Carlos Ferris<br \/><strong>Tel\u00e9fono:<\/strong> 651891445<\/p>\n<p><b>CYCLONES CLUB TRIATL\u00d3 ALBAL<\/b><br \/><strong>Presidente:<\/strong> Luis Giner Aguilar<br \/><strong>Sede social:<\/strong> C\/ San Carlos, 11<\/p>\n<p><b>CLUB AJEDREZ ALBAL<\/b><br \/><strong>Sede social:<\/strong> C\/ San Carlos, 80<br \/><strong>Presidente:<\/strong> Jos\u00e9 Ferrer Moreno<br \/><strong>E-mail:<\/strong> ajedrezalbal@gmail.com<\/p>\n<p><b>CLUB DE PADEL ALBAL<\/b><br \/><strong>Presidente:<\/strong> Ricardo Blasco Blasco<br \/><strong>Sede social:<\/strong> Polideportivo Santa Ana<\/p>\n<p><b>PENYA BIKER&#8217;S RELAX<\/b><br \/><strong>Presidente:<\/strong> Jose Mar\u00eda Arraez S\u00e1ez<br \/><strong>Sede social:<\/strong> Av. Corts Valencianes, 121-B<\/p>\n<p><b>PENYA VALENCIANISTA ALBAL TARONJA<\/b><br \/><strong>Presidente:<\/strong> Eugenio Esteve Medina<br \/><strong>Sede social:<\/strong> C\/ L&#8217;Eixample, 78<\/p>\n<p><b>PE\u00d1A MADRIDISTA HAT-TRIK<\/b><br \/><strong>Presidente:<\/strong> Fernando Bellon Delgado<br \/><strong>Sede social:<\/strong> C\/ San Carlos, 20<\/p>\n<p><b>CAMBI-ARTE<\/b><br \/><strong>Presidente:<\/strong> Rafael Perets Iborra<br \/><strong>Sede social:<\/strong> C\/ Santa Ana, 52-11\u00aa<\/p>\n<p><b>ASOCIACI\u00d3N ESPA\u00d1OLA DE RUGBY LEAGUE<\/b><br \/><strong>Presidenta:<\/strong> Salom\u00e9 Sansano Zapata<br \/><strong>Sede social:<\/strong> C\/ Salvador Ricart, 27-25\u00aa<\/p>\n<p><b>JUDO CLUB ALBAL<\/b><br \/><strong>Presidente:<\/strong> Jos\u00e9 Rodrigo Llosa<br \/><strong>Sede social:<\/strong> C\/ Rey Don Jaime, s\/n<\/p>\n<p><b>CLUB GIMNASIA R\u00cdTMICA MAFER3 HORTA SUD<\/b><br \/><strong>Presidente:<\/strong> Jos\u00e9 Ricardo Ferrer N\u00e1cher<\/p>\n<p><b>ALBAL BASKET CLUB<\/b><br \/><strong>Presidente:<\/strong> Jorge A. Terradres Cuquerella<\/p>\n<p><b>CLUB CICLISTA MOLTMESQUEUNEQUIP<\/b><br \/><strong>Presidente:<\/strong> Xavi Marquez Rodr\u00edguez<br \/><strong>Sede social:<\/strong> C\/ Amado Granell Mesado, 40-1\u00aa<\/p>\n<p><b>ASOCIACI\u00d3N MOTERA \u00abHOY VAMOS DE TRANQUIS\u00bb<\/b><br \/><strong>Presidente:<\/strong> Marco Antonio Garc\u00eda Pons<br \/><strong>Sede social:<\/strong> C\/ Hern\u00e1ndez L\u00e1zaro, 5<\/p>\n<p>[\/et_pb_text][\/et_pb_column][\/et_pb_row][\/et_pb_section]<\/p>\n","protected":false},"excerpt":{"rendered":"<p>Asociaciones y Clubs Deportivos Asociaciones ASSOCIACI\u00d3 ART\u00cdSTICA DE PINTURA DE PORCELLANA D&#8217;ALBAL (APPAL)Presidenta: Concha Vila VerdeguerSede Social: C\/ San Carlos, 52Tel\u00e9fono: 635613468 ASOCIACI\u00d3N DE AMAS DE CASA \u00abTYRIUS\u00bbPresidenta: Rosa Mar\u00eda Puchalt Portal\u00e9sSede social: Casa de la CulturaTel\u00e9fono: 650920518 ASOCIACION CULTURAL ANDALUZA DE ALBALPresidenta: Josefina Benjumea Guill\u00e9nSede social: C\/ Alicante, 30Correo electr\u00f3nico: aca.albal@hotmail.comTel\u00e9fono: 641606638 JUNTA LOCAL DE LA ASOCIACI\u00d3N ESPA\u00d1OLA CONTRA EL C\u00c1NCERPresidenta: Mar\u00eda \u00c1ngeles Jord\u00e1nSede social: Ajuntament d&#8217;Albal &#8211; Plaza del Jard\u00edn, 7 CORAL DE VEUS D&#8217;ALBALPresidenta: Ana Lourdes Vila ChiletSede social: C\/Santa Ana, 61 o Casa de la CulturaCorreo electr\u00f3nico: annavila@coraldeveus.comM\u00e1s informaci\u00f3n sobre la Coral de Veus en www.coraldeveus.com ASOCIACI\u00d3N DE JUBILADOS Y PENSIONISTAS (CABAS-UDP)Presidente: Vicente Caba\u00f1eroSede social: Casa de la Cultura ASOCIACI\u00d3N DE MADRES Y PADRES DE ALUMNOS DEL COLEGIO PUBLICO SAN CARLOS BORROMEOPresidenta: Raquel Sanchis QuilisSede social: C\/ Torrent, s\/n ASOCIACI\u00d3N DE MADRES Y PADRES DE ALUMNOS IES ALBALPresidenta: Rosa Mar\u00eda Zafra Gal\u00e1nSede social: C\/ Hern\u00e1ndez L\u00e1zaro, s\/n ASOCIACI\u00d3N DE MADRES Y PADRES DE ALUMNOS DEL COLEGIO P\u00daBLICO LA BALAGUERAPresidenta: Raquel Cuenca Pe\u00f1aCorreo electr\u00f3nico: ampabalaguera@gmail.comWeb: https:\/\/ampabalaguera.blogspot.com ASOCIACI\u00d3N CULTURAL RADIO SOL ALBAL (EMISORA MUNICIPAL)Presidente: Julio Ib\u00e1\u00f1ezSede social: Casal Jove (C\/ Tabacalera, s\/n) ASOCIACI\u00d3N DE MADRES Y PADRES DE ALUMNOS DEL COLEGIO P\u00daBLICO SAN BLASSede social: Av. Corts Valencianes, [&hellip;]<\/p>\n","protected":false},"author":19,"featured_media":0,"parent":798,"menu_order":0,"comment_status":"closed","ping_status":"closed","template":"","meta":{"_acf_changed":false,"_et_pb_use_builder":"on","_et_pb_old_content":"","_et_gb_content_width":"","footnotes":""},"coauthors":[63],"class_list":["post-810","page","type-page","status-publish","hentry"],"acf":[],"yoast_head":"<!-- This site is optimized with the Yoast SEO plugin v27.4 - https:\/\/yoast.com\/product\/yoast-seo-wordpress\/ -->\n<title>Asociaciones y clubes deportivos - Ajuntament d&#039;Albal<\/title>\n<meta name=\"robots\" content=\"index, follow, max-snippet:-1, max-image-preview:large, max-video-preview:-1\" \/>\n<link rel=\"canonical\" href=\"https:\/\/albal.es\/es\/informacion\/asociaciones-y-clubes-deportivos\/\" \/>\n<meta property=\"og:locale\" content=\"es_ES\" \/>\n<meta property=\"og:type\" content=\"article\" \/>\n<meta property=\"og:title\" content=\"Asociaciones y clubes deportivos - Ajuntament d&#039;Albal\" \/>\n<meta property=\"og:description\" content=\"Asociaciones y Clubs Deportivos Asociaciones ASSOCIACI\u00d3 ART\u00cdSTICA DE PINTURA DE PORCELLANA D&#039;ALBAL (APPAL)Presidenta: Concha Vila VerdeguerSede Social: C\/ San Carlos, 52Tel\u00e9fono: 635613468 ASOCIACI\u00d3N DE AMAS DE CASA &quot;TYRIUS&quot;Presidenta: Rosa Mar\u00eda Puchalt Portal\u00e9sSede social: Casa de la CulturaTel\u00e9fono: 650920518 ASOCIACION CULTURAL ANDALUZA DE ALBALPresidenta: Josefina Benjumea Guill\u00e9nSede social: C\/ Alicante, 30Correo electr\u00f3nico: aca.albal@hotmail.comTel\u00e9fono: 641606638 JUNTA LOCAL DE LA ASOCIACI\u00d3N ESPA\u00d1OLA CONTRA EL C\u00c1NCERPresidenta: Mar\u00eda \u00c1ngeles Jord\u00e1nSede social: Ajuntament d&#039;Albal - Plaza del Jard\u00edn, 7 CORAL DE VEUS D&#039;ALBALPresidenta: Ana Lourdes Vila ChiletSede social: C\/Santa Ana, 61 o Casa de la CulturaCorreo electr\u00f3nico: annavila@coraldeveus.comM\u00e1s informaci\u00f3n sobre la Coral de Veus en www.coraldeveus.com ASOCIACI\u00d3N DE JUBILADOS Y PENSIONISTAS (CABAS-UDP)Presidente: Vicente Caba\u00f1eroSede social: Casa de la Cultura ASOCIACI\u00d3N DE MADRES Y PADRES DE ALUMNOS DEL COLEGIO PUBLICO SAN CARLOS BORROMEOPresidenta: Raquel Sanchis QuilisSede social: C\/ Torrent, s\/n ASOCIACI\u00d3N DE MADRES Y PADRES DE ALUMNOS IES ALBALPresidenta: Rosa Mar\u00eda Zafra Gal\u00e1nSede social: C\/ Hern\u00e1ndez L\u00e1zaro, s\/n ASOCIACI\u00d3N DE MADRES Y PADRES DE ALUMNOS DEL COLEGIO P\u00daBLICO LA BALAGUERAPresidenta: Raquel Cuenca Pe\u00f1aCorreo electr\u00f3nico: ampabalaguera@gmail.comWeb: https:\/\/ampabalaguera.blogspot.com ASOCIACI\u00d3N CULTURAL RADIO SOL ALBAL (EMISORA MUNICIPAL)Presidente: Julio Ib\u00e1\u00f1ezSede social: Casal Jove (C\/ Tabacalera, s\/n) ASOCIACI\u00d3N DE MADRES Y PADRES DE ALUMNOS DEL COLEGIO P\u00daBLICO SAN BLASSede social: Av. Corts Valencianes, [&hellip;]\" \/>\n<meta property=\"og:site_name\" content=\"Ajuntament d&#039;Albal\" \/>\n<meta property=\"article:publisher\" content=\"https:\/\/facebook.com\/AjuntamentAlbal\/\" \/>\n<meta property=\"article:modified_time\" content=\"2024-09-26T10:55:45+00:00\" \/>\n<meta property=\"og:image\" content=\"https:\/\/albal.es\/content-albal\/uploads\/2020\/06\/logo-ayuntamiento-albal.png\" \/>\n\t<meta property=\"og:image:width\" content=\"367\" \/>\n\t<meta property=\"og:image:height\" content=\"332\" \/>\n\t<meta property=\"og:image:type\" content=\"image\/png\" \/>\n<meta name=\"twitter:card\" content=\"summary_large_image\" \/>\n<meta name=\"twitter:label1\" content=\"Tiempo de lectura\" \/>\n\t<meta name=\"twitter:data1\" content=\"7 minutos\" \/>\n\t<meta name=\"twitter:label2\" content=\"Written by\" \/>\n\t<meta name=\"twitter:data2\" content=\"Aida Beltr\u00e1n\" \/>\n<script type=\"application\/ld+json\" class=\"yoast-schema-graph\">{\"@context\":\"https:\\\/\\\/schema.org\",\"@graph\":[{\"@type\":\"WebPage\",\"@id\":\"https:\\\/\\\/albal.es\\\/es\\\/informacion\\\/asociaciones-y-clubes-deportivos\\\/\",\"url\":\"https:\\\/\\\/albal.es\\\/es\\\/informacion\\\/asociaciones-y-clubes-deportivos\\\/\",\"name\":\"Asociaciones y clubes deportivos - Ajuntament d&#039;Albal\",\"isPartOf\":{\"@id\":\"https:\\\/\\\/albal.es\\\/es\\\/#website\"},\"datePublished\":\"2019-12-10T17:53:34+00:00\",\"dateModified\":\"2024-09-26T10:55:45+00:00\",\"breadcrumb\":{\"@id\":\"https:\\\/\\\/albal.es\\\/es\\\/informacion\\\/asociaciones-y-clubes-deportivos\\\/#breadcrumb\"},\"inLanguage\":\"es\",\"potentialAction\":[{\"@type\":\"ReadAction\",\"target\":[\"https:\\\/\\\/albal.es\\\/es\\\/informacion\\\/asociaciones-y-clubes-deportivos\\\/\"]}]},{\"@type\":\"BreadcrumbList\",\"@id\":\"https:\\\/\\\/albal.es\\\/es\\\/informacion\\\/asociaciones-y-clubes-deportivos\\\/#breadcrumb\",\"itemListElement\":[{\"@type\":\"ListItem\",\"position\":1,\"name\":\"Inici\",\"item\":\"https:\\\/\\\/albal.es\\\/es\\\/\"},{\"@type\":\"ListItem\",\"position\":2,\"name\":\"Informaci\u00f3n\",\"item\":\"https:\\\/\\\/albal.es\\\/es\\\/informacion\\\/\"},{\"@type\":\"ListItem\",\"position\":3,\"name\":\"Asociaciones y clubes deportivos\"}]},{\"@type\":\"WebSite\",\"@id\":\"https:\\\/\\\/albal.es\\\/es\\\/#website\",\"url\":\"https:\\\/\\\/albal.es\\\/es\\\/\",\"name\":\"Ajuntament d&#039;Albal\",\"description\":\"Ajuntament d&#039;Albal\",\"publisher\":{\"@id\":\"https:\\\/\\\/albal.es\\\/es\\\/#organization\"},\"potentialAction\":[{\"@type\":\"SearchAction\",\"target\":{\"@type\":\"EntryPoint\",\"urlTemplate\":\"https:\\\/\\\/albal.es\\\/es\\\/?s={search_term_string}\"},\"query-input\":{\"@type\":\"PropertyValueSpecification\",\"valueRequired\":true,\"valueName\":\"search_term_string\"}}],\"inLanguage\":\"es\"},{\"@type\":\"Organization\",\"@id\":\"https:\\\/\\\/albal.es\\\/es\\\/#organization\",\"name\":\"Ajuntament d'Albal - Valencia\",\"url\":\"https:\\\/\\\/albal.es\\\/es\\\/\",\"logo\":{\"@type\":\"ImageObject\",\"inLanguage\":\"es\",\"@id\":\"https:\\\/\\\/albal.es\\\/es\\\/#\\\/schema\\\/logo\\\/image\\\/\",\"url\":\"https:\\\/\\\/albal.es\\\/content-albal\\\/uploads\\\/2020\\\/06\\\/logo-ayuntamiento-albal.png\",\"contentUrl\":\"https:\\\/\\\/albal.es\\\/content-albal\\\/uploads\\\/2020\\\/06\\\/logo-ayuntamiento-albal.png\",\"width\":367,\"height\":332,\"caption\":\"Ajuntament d'Albal - Valencia\"},\"image\":{\"@id\":\"https:\\\/\\\/albal.es\\\/es\\\/#\\\/schema\\\/logo\\\/image\\\/\"},\"sameAs\":[\"https:\\\/\\\/facebook.com\\\/AjuntamentAlbal\\\/\"]}]}<\/script>\n<!-- \/ Yoast SEO plugin. -->","yoast_head_json":{"title":"Asociaciones y clubes deportivos - Ajuntament d&#039;Albal","robots":{"index":"index","follow":"follow","max-snippet":"max-snippet:-1","max-image-preview":"max-image-preview:large","max-video-preview":"max-video-preview:-1"},"canonical":"https:\/\/albal.es\/es\/informacion\/asociaciones-y-clubes-deportivos\/","og_locale":"es_ES","og_type":"article","og_title":"Asociaciones y clubes deportivos - Ajuntament d&#039;Albal","og_description":"Asociaciones y Clubs Deportivos Asociaciones ASSOCIACI\u00d3 ART\u00cdSTICA DE PINTURA DE PORCELLANA D'ALBAL (APPAL)Presidenta: Concha Vila VerdeguerSede Social: C\/ San Carlos, 52Tel\u00e9fono: 635613468 ASOCIACI\u00d3N DE AMAS DE CASA \"TYRIUS\"Presidenta: Rosa Mar\u00eda Puchalt Portal\u00e9sSede social: Casa de la CulturaTel\u00e9fono: 650920518 ASOCIACION CULTURAL ANDALUZA DE ALBALPresidenta: Josefina Benjumea Guill\u00e9nSede social: C\/ Alicante, 30Correo electr\u00f3nico: aca.albal@hotmail.comTel\u00e9fono: 641606638 JUNTA LOCAL DE LA ASOCIACI\u00d3N ESPA\u00d1OLA CONTRA EL C\u00c1NCERPresidenta: Mar\u00eda \u00c1ngeles Jord\u00e1nSede social: Ajuntament d'Albal - Plaza del Jard\u00edn, 7 CORAL DE VEUS D'ALBALPresidenta: Ana Lourdes Vila ChiletSede social: C\/Santa Ana, 61 o Casa de la CulturaCorreo electr\u00f3nico: annavila@coraldeveus.comM\u00e1s informaci\u00f3n sobre la Coral de Veus en www.coraldeveus.com ASOCIACI\u00d3N DE JUBILADOS Y PENSIONISTAS (CABAS-UDP)Presidente: Vicente Caba\u00f1eroSede social: Casa de la Cultura ASOCIACI\u00d3N DE MADRES Y PADRES DE ALUMNOS DEL COLEGIO PUBLICO SAN CARLOS BORROMEOPresidenta: Raquel Sanchis QuilisSede social: C\/ Torrent, s\/n ASOCIACI\u00d3N DE MADRES Y PADRES DE ALUMNOS IES ALBALPresidenta: Rosa Mar\u00eda Zafra Gal\u00e1nSede social: C\/ Hern\u00e1ndez L\u00e1zaro, s\/n ASOCIACI\u00d3N DE MADRES Y PADRES DE ALUMNOS DEL COLEGIO P\u00daBLICO LA BALAGUERAPresidenta: Raquel Cuenca Pe\u00f1aCorreo electr\u00f3nico: ampabalaguera@gmail.comWeb: https:\/\/ampabalaguera.blogspot.com ASOCIACI\u00d3N CULTURAL RADIO SOL ALBAL (EMISORA MUNICIPAL)Presidente: Julio Ib\u00e1\u00f1ezSede social: Casal Jove (C\/ Tabacalera, s\/n) ASOCIACI\u00d3N DE MADRES Y PADRES DE ALUMNOS DEL COLEGIO P\u00daBLICO SAN BLASSede social: Av. Corts Valencianes, [&hellip;]","og_site_name":"Ajuntament d&#039;Albal","article_publisher":"https:\/\/facebook.com\/AjuntamentAlbal\/","article_modified_time":"2024-09-26T10:55:45+00:00","og_image":[{"width":367,"height":332,"url":"https:\/\/albal.es\/content-albal\/uploads\/2020\/06\/logo-ayuntamiento-albal.png","type":"image\/png"}],"twitter_card":"summary_large_image","twitter_misc":{"Tiempo de lectura":"7 minutos","Written by":"Aida Beltr\u00e1n"},"schema":{"@context":"https:\/\/schema.org","@graph":[{"@type":"WebPage","@id":"https:\/\/albal.es\/es\/informacion\/asociaciones-y-clubes-deportivos\/","url":"https:\/\/albal.es\/es\/informacion\/asociaciones-y-clubes-deportivos\/","name":"Asociaciones y clubes deportivos - Ajuntament d&#039;Albal","isPartOf":{"@id":"https:\/\/albal.es\/es\/#website"},"datePublished":"2019-12-10T17:53:34+00:00","dateModified":"2024-09-26T10:55:45+00:00","breadcrumb":{"@id":"https:\/\/albal.es\/es\/informacion\/asociaciones-y-clubes-deportivos\/#breadcrumb"},"inLanguage":"es","potentialAction":[{"@type":"ReadAction","target":["https:\/\/albal.es\/es\/informacion\/asociaciones-y-clubes-deportivos\/"]}]},{"@type":"BreadcrumbList","@id":"https:\/\/albal.es\/es\/informacion\/asociaciones-y-clubes-deportivos\/#breadcrumb","itemListElement":[{"@type":"ListItem","position":1,"name":"Inici","item":"https:\/\/albal.es\/es\/"},{"@type":"ListItem","position":2,"name":"Informaci\u00f3n","item":"https:\/\/albal.es\/es\/informacion\/"},{"@type":"ListItem","position":3,"name":"Asociaciones y clubes deportivos"}]},{"@type":"WebSite","@id":"https:\/\/albal.es\/es\/#website","url":"https:\/\/albal.es\/es\/","name":"Ajuntament d&#039;Albal","description":"Ajuntament d&#039;Albal","publisher":{"@id":"https:\/\/albal.es\/es\/#organization"},"potentialAction":[{"@type":"SearchAction","target":{"@type":"EntryPoint","urlTemplate":"https:\/\/albal.es\/es\/?s={search_term_string}"},"query-input":{"@type":"PropertyValueSpecification","valueRequired":true,"valueName":"search_term_string"}}],"inLanguage":"es"},{"@type":"Organization","@id":"https:\/\/albal.es\/es\/#organization","name":"Ajuntament d'Albal - Valencia","url":"https:\/\/albal.es\/es\/","logo":{"@type":"ImageObject","inLanguage":"es","@id":"https:\/\/albal.es\/es\/#\/schema\/logo\/image\/","url":"https:\/\/albal.es\/content-albal\/uploads\/2020\/06\/logo-ayuntamiento-albal.png","contentUrl":"https:\/\/albal.es\/content-albal\/uploads\/2020\/06\/logo-ayuntamiento-albal.png","width":367,"height":332,"caption":"Ajuntament d'Albal - Valencia"},"image":{"@id":"https:\/\/albal.es\/es\/#\/schema\/logo\/image\/"},"sameAs":["https:\/\/facebook.com\/AjuntamentAlbal\/"]}]}},"publishpress_future_workflow_manual_trigger":{"enabledWorkflows":[]},"_links":{"self":[{"href":"https:\/\/albal.es\/es\/wp-json\/wp\/v2\/pages\/810","targetHints":{"allow":["GET"]}}],"collection":[{"href":"https:\/\/albal.es\/es\/wp-json\/wp\/v2\/pages"}],"about":[{"href":"https:\/\/albal.es\/es\/wp-json\/wp\/v2\/types\/page"}],"author":[{"embeddable":true,"href":"https:\/\/albal.es\/es\/wp-json\/wp\/v2\/users\/19"}],"replies":[{"embeddable":true,"href":"https:\/\/albal.es\/es\/wp-json\/wp\/v2\/comments?post=810"}],"version-history":[{"count":0,"href":"https:\/\/albal.es\/es\/wp-json\/wp\/v2\/pages\/810\/revisions"}],"up":[{"embeddable":true,"href":"https:\/\/albal.es\/es\/wp-json\/wp\/v2\/pages\/798"}],"wp:attachment":[{"href":"https:\/\/albal.es\/es\/wp-json\/wp\/v2\/media?parent=810"}],"wp:term":[{"taxonomy":"author","embeddable":true,"href":"https:\/\/albal.es\/es\/wp-json\/wp\/v2\/coauthors?post=810"}],"curies":[{"name":"wp","href":"https:\/\/api.w.org\/{rel}","templated":true}]}}