

{"id":734,"date":"2019-12-10T17:25:45","date_gmt":"2019-12-10T16:25:45","guid":{"rendered":"https:\/\/albal.es\/?page_id=734"},"modified":"2024-07-31T14:58:31","modified_gmt":"2024-07-31T12:58:31","slug":"grupos-politicos","status":"publish","type":"page","link":"https:\/\/albal.es\/es\/ayuntamiento\/grupos-politicos\/","title":{"rendered":"Grupos Pol\u00edticos"},"content":{"rendered":"<p>[et_pb_section fb_built=\u00bb1&#8243; custom_padding_last_edited=\u00bbon|phone\u00bb admin_label=\u00bbcontent-cab-area\u00bb module_class=\u00bbcontent-cab-area\u00bb _builder_version=\u00bb4.16&#8243; background_color=\u00bb#fafafa\u00bb background_image=\u00bbhttps:\/\/albal.es\/content-albal\/uploads\/2019\/12\/bg-ayuntamiento.jpg\u00bb custom_padding=\u00bb0px||0px||false|false\u00bb custom_padding_tablet=\u00bb\u00bb custom_padding_phone=\u00bb||0px||false|false\u00bb collapsed=\u00bboff\u00bb global_colors_info=\u00bb{}\u00bb][et_pb_row column_structure=\u00bb1_2,1_2&#8243; use_custom_gutter=\u00bbon\u00bb make_equal=\u00bbon\u00bb custom_padding_last_edited=\u00bbon|desktop\u00bb admin_label=\u00bbcab-area\u00bb module_class=\u00bbcab-area\u00bb _builder_version=\u00bb4.16&#8243; background_image=\u00bbhttps:\/\/albal.es\/content-albal\/uploads\/2019\/12\/escudo-blanco-transp-ayto-15.png\u00bb background_size=\u00bbinitial\u00bb background_position=\u00bbcenter_left\u00bb custom_padding=\u00bb15px||45px||false|false\u00bb custom_padding_tablet=\u00bb\u00bb custom_padding_phone=\u00bb15px||||false|false\u00bb border_width_left_tablet=\u00bb\u00bb border_width_left_phone=\u00bb0px\u00bb border_width_left_last_edited=\u00bbon|desktop\u00bb global_colors_info=\u00bb{}\u00bb][et_pb_column type=\u00bb1_2&#8243; module_class=\u00bbcontent-tit-area\u00bb _builder_version=\u00bb4.16&#8243; global_colors_info=\u00bb{}\u00bb][et_pb_dmb_breadcrumbs admin_label=\u00bbMigas pan\u00bb font_icon=\u00bb%%20%%\u00bb use_home_icon=\u00bboff\u00bb use_home_text=\u00bbon\u00bb home_text=\u00bbInici\u00bb _builder_version=\u00bb4.16&#8243; body_text_color=\u00bb#ffffff\u00bb link_text_color=\u00bb#e2e1de\u00bb global_colors_info=\u00bb{}\u00bb][\/et_pb_dmb_breadcrumbs][et_pb_text admin_label=\u00bbH4, H1 y entradilla\u00bb module_class=\u00bbtit-area\u00bb _builder_version=\u00bb4.16&#8243; background_layout=\u00bbdark\u00bb custom_padding=\u00bb10px||||false|false\u00bb global_colors_info=\u00bb{}\u00bb]<\/p>\n<h4>Ayuntamiento<\/h4>\n<h1>Grupos Pol\u00edticos del Ayuntamiento de Albal<\/h1>\n<p>A trav\u00e9s de los votos de los ciudadanos, se determina el reparto de representantes de cada grupo pol\u00edtico, que forman el Ayuntamiento.[\/et_pb_text][\/et_pb_column][et_pb_column type=\u00bb1_2&#8243; module_class=\u00bbcontent-tit-area\u00bb _builder_version=\u00bb4.16&#8243; global_colors_info=\u00bb{}\u00bb][\/et_pb_column][\/et_pb_row][\/et_pb_section][et_pb_section fb_built=\u00bb1&#8243; admin_label=\u00bb(ancla) #grupos-politicos\u00bb module_id=\u00bbgrupos-politicos\u00bb _builder_version=\u00bb4.16&#8243; background_color=\u00bb#e2e1de\u00bb custom_padding=\u00bb50px||||false|false\u00bb collapsed=\u00bboff\u00bb global_colors_info=\u00bb{}\u00bb][et_pb_row _builder_version=\u00bb4.16&#8243; background_color=\u00bbrgba(0,0,0,0)\u00bb custom_padding=\u00bb0px||||false|false\u00bb global_colors_info=\u00bb{}\u00bb][et_pb_column type=\u00bb4_4&#8243; _builder_version=\u00bb4.16&#8243; global_colors_info=\u00bb{}\u00bb][et_pb_text admin_label=\u00bbTitulo Grups politics\u00bb module_class=\u00bbtit-seccion\u00bb _builder_version=\u00bb4.16&#8243; locked=\u00bboff\u00bb global_colors_info=\u00bb{}\u00bb]<\/p>\n<h2><img decoding=\"async\" class=\"size-medium alignleft lazyload\" data-src=\"https:\/\/albal.es\/img\/iconos\/hombre-traje-pizarra-45x45.svg\" alt=\"\" width=\"45\" height=\"45\" src=\"data:image\/svg+xml;base64,PHN2ZyB3aWR0aD0iMSIgaGVpZ2h0PSIxIiB4bWxucz0iaHR0cDovL3d3dy53My5vcmcvMjAwMC9zdmciPjwvc3ZnPg==\" style=\"--smush-placeholder-width: 45px; --smush-placeholder-aspect-ratio: 45\/45;\" \/>Grupos pol\u00edticos<\/h2>\n<p>[\/et_pb_text][\/et_pb_column][\/et_pb_row][et_pb_row column_structure=\u00bb1_3,1_3,1_3&#8243; make_equal=\u00bbon\u00bb admin_label=\u00bbSolo un modulo por fila\u00bb _builder_version=\u00bb4.16&#8243; custom_padding=\u00bb0px||||false|false\u00bb global_colors_info=\u00bb{}\u00bb][et_pb_column type=\u00bb1_3&#8243; _builder_version=\u00bb4.16&#8243; border_width_bottom=\u00bb1px\u00bb border_color_bottom=\u00bb#cccccc\u00bb global_colors_info=\u00bb{}\u00bb][et_pb_text admin_label=\u00bbGrup popular\u00bb _builder_version=\u00bb4.25.2&#8243; custom_padding=\u00bb||25px||false|false\u00bb hover_enabled=\u00bb0&#8243; global_colors_info=\u00bb{}\u00bb sticky_enabled=\u00bb0&#8243;]<\/p>\n<h3>Grupo Popular<\/h3>\n<ul>\n<li>D. Jos\u00e9 Miguel Ferris Estrems<\/li>\n<li>D. Valero Eustaquio Juan<\/li>\n<li>D\u00aa. Mar\u00eda Pinza Mu\u00f1oz<\/li>\n<li>D\u00aa. Azucena Mu\u00f1oz Sanf\u00e9lix<\/li>\n<li>D. Juli\u00e1n Garc\u00eda Polit<\/li>\n<li>D. Adri\u00e1n Domingo Amor<\/li>\n<\/ul>\n<p>[\/et_pb_text][\/et_pb_column][et_pb_column type=\u00bb1_3&#8243; _builder_version=\u00bb4.16&#8243; border_width_bottom=\u00bb1px\u00bb border_color_bottom=\u00bb#cccccc\u00bb global_colors_info=\u00bb{}\u00bb][et_pb_text admin_label=\u00bbGrup Avant\u00bb _builder_version=\u00bb4.16&#8243; custom_padding=\u00bb||25px||false|false\u00bb global_colors_info=\u00bb{}\u00bb]<\/p>\n<h3>Grupo Avant<\/h3>\n<ul>\n<li>D\u00aa. Mar\u00eda Jos\u00e9 Hern\u00e1ndez Ferrer<\/li>\n<li>D. Joan Carles Puchalt Rodr\u00edguez<\/li>\n<\/ul>\n<p>[\/et_pb_text][\/et_pb_column][et_pb_column type=\u00bb1_3&#8243; _builder_version=\u00bb4.16&#8243; border_width_bottom=\u00bb1px\u00bb border_color_bottom=\u00bb#cccccc\u00bb global_colors_info=\u00bb{}\u00bb][et_pb_text admin_label=\u00bbGrup Vox\u00bb _builder_version=\u00bb4.20.4&#8243; _module_preset=\u00bbdefault\u00bb global_colors_info=\u00bb{}\u00bb]<\/p>\n<h3>Grupo Vox<\/h3>\n<ul>\n<li>D\u00aa. Raquel Garc\u00eda Castellano<\/li>\n<\/ul>\n<p>[\/et_pb_text][\/et_pb_column][\/et_pb_row][et_pb_row column_structure=\u00bb1_3,1_3,1_3&#8243; make_equal=\u00bbon\u00bb admin_label=\u00bbSolo un modulo por fila\u00bb _builder_version=\u00bb4.16&#8243; custom_padding=\u00bb0px||||false|false\u00bb global_colors_info=\u00bb{}\u00bb][et_pb_column type=\u00bb1_3&#8243; _builder_version=\u00bb4.16&#8243; border_width_bottom=\u00bb1px\u00bb border_color_bottom=\u00bb#cccccc\u00bb global_colors_info=\u00bb{}\u00bb][et_pb_text admin_label=\u00bbGrup Socialista\u00bb _builder_version=\u00bb4.25.2&#8243; custom_padding=\u00bb||25px||false|false\u00bb hover_enabled=\u00bb0&#8243; global_colors_info=\u00bb{}\u00bb sticky_enabled=\u00bb0&#8243;]<\/p>\n<h3>Grupo Socialista<\/h3>\n<ul>\n<li>D. Ram\u00f3n Mar\u00ed Vila<\/li>\n<li>D\u00aa. M\u00e9lani Jim\u00e9nez Blasco<\/li>\n<li>D. Josep Jes\u00fas S\u00e1nchez Gal\u00e1n<\/li>\n<li>D. Sergio Burguet L\u00f3pez<\/li>\n<li>D\u00aa. Ana Duato Albert<\/li>\n<li>D\u00aa. Mar\u00eda Dolores Mart\u00ednez Sanch\u00eds<\/li>\n<\/ul>\n<p>[\/et_pb_text][\/et_pb_column][et_pb_column type=\u00bb1_3&#8243; _builder_version=\u00bb4.16&#8243; border_width_bottom=\u00bb1px\u00bb border_color_bottom=\u00bb#cccccc\u00bb global_colors_info=\u00bb{}\u00bb][et_pb_text admin_label=\u00bbGrup Compromis\u00bb _builder_version=\u00bb4.20.4&#8243; custom_padding=\u00bb||25px||false|false\u00bb global_colors_info=\u00bb{}\u00bb]<\/p>\n<h3>Grupo Comprom\u00eds<\/h3>\n<ul>\n<li>D. Ra\u00fal Esteban Romeu<\/li>\n<li>D\u00aa. Sonia Guillem Fern\u00e1ndez<\/li>\n<\/ul>\n<p>[\/et_pb_text][\/et_pb_column][et_pb_column type=\u00bb1_3&#8243; _builder_version=\u00bb4.16&#8243; border_width_bottom=\u00bb1px\u00bb border_color_bottom=\u00bb#cccccc\u00bb global_colors_info=\u00bb{}\u00bb][\/et_pb_column][\/et_pb_row][\/et_pb_section]<\/p>\n","protected":false},"excerpt":{"rendered":"<p>Ayuntamiento Grupos Pol\u00edticos del Ayuntamiento de Albal A trav\u00e9s de los votos de los ciudadanos, se determina el reparto de representantes de cada grupo pol\u00edtico, que forman el Ayuntamiento.Grupos pol\u00edticosGrupo Popular D. Jos\u00e9 Miguel Ferris Estrems D. Valero Eustaquio Juan D\u00aa. Mar\u00eda Pinza Mu\u00f1oz D\u00aa. Azucena Mu\u00f1oz Sanf\u00e9lix D. Juli\u00e1n Garc\u00eda Polit D. Adri\u00e1n Domingo Amor Grupo Avant D\u00aa. Mar\u00eda Jos\u00e9 Hern\u00e1ndez Ferrer D. Joan Carles Puchalt Rodr\u00edguez Grupo Vox D\u00aa. Raquel Garc\u00eda Castellano Grupo Socialista D. Ram\u00f3n Mar\u00ed Vila D\u00aa. M\u00e9lani Jim\u00e9nez Blasco D. Josep Jes\u00fas S\u00e1nchez Gal\u00e1n D. Sergio Burguet L\u00f3pez D\u00aa. Ana Duato Albert D\u00aa. Mar\u00eda Dolores Mart\u00ednez Sanch\u00eds Grupo Comprom\u00eds D. Ra\u00fal Esteban Romeu D\u00aa. Sonia Guillem Fern\u00e1ndez<\/p>\n","protected":false},"author":5,"featured_media":0,"parent":794,"menu_order":3,"comment_status":"closed","ping_status":"closed","template":"","meta":{"_acf_changed":false,"_et_pb_use_builder":"on","_et_pb_old_content":"","_et_gb_content_width":"","footnotes":""},"coauthors":[62],"class_list":["post-734","page","type-page","status-publish","hentry"],"acf":[],"yoast_head":"<!-- This site is optimized with the Yoast SEO plugin v27.4 - https:\/\/yoast.com\/product\/yoast-seo-wordpress\/ -->\n<title>Grupos Pol\u00edticos - Ayuntamiento de Albal (Valencia)<\/title>\n<meta name=\"robots\" content=\"index, follow, max-snippet:-1, max-image-preview:large, max-video-preview:-1\" \/>\n<link rel=\"canonical\" href=\"https:\/\/albal.es\/es\/ayuntamiento\/grupos-politicos\/\" \/>\n<meta property=\"og:locale\" content=\"es_ES\" \/>\n<meta property=\"og:type\" content=\"article\" \/>\n<meta property=\"og:title\" content=\"Grupos Pol\u00edticos - Ayuntamiento de Albal (Valencia)\" \/>\n<meta property=\"og:description\" content=\"Ayuntamiento Grupos Pol\u00edticos del Ayuntamiento de Albal A trav\u00e9s de los votos de los ciudadanos, se determina el reparto de representantes de cada grupo pol\u00edtico, que forman el Ayuntamiento.Grupos pol\u00edticosGrupo Popular D. Jos\u00e9 Miguel Ferris Estrems D. Valero Eustaquio Juan D\u00aa. Mar\u00eda Pinza Mu\u00f1oz D\u00aa. Azucena Mu\u00f1oz Sanf\u00e9lix D. Juli\u00e1n Garc\u00eda Polit D. Adri\u00e1n Domingo Amor Grupo Avant D\u00aa. Mar\u00eda Jos\u00e9 Hern\u00e1ndez Ferrer D. Joan Carles Puchalt Rodr\u00edguez Grupo Vox D\u00aa. Raquel Garc\u00eda Castellano Grupo Socialista D. Ram\u00f3n Mar\u00ed Vila D\u00aa. M\u00e9lani Jim\u00e9nez Blasco D. Josep Jes\u00fas S\u00e1nchez Gal\u00e1n D. Sergio Burguet L\u00f3pez D\u00aa. Ana Duato Albert D\u00aa. Mar\u00eda Dolores Mart\u00ednez Sanch\u00eds Grupo Comprom\u00eds D. Ra\u00fal Esteban Romeu D\u00aa. Sonia Guillem Fern\u00e1ndez\" \/>\n<meta property=\"og:site_name\" content=\"Ajuntament d&#039;Albal\" \/>\n<meta property=\"article:publisher\" content=\"https:\/\/facebook.com\/AjuntamentAlbal\/\" \/>\n<meta property=\"article:modified_time\" content=\"2024-07-31T12:58:31+00:00\" \/>\n<meta property=\"og:image\" content=\"https:\/\/albal.es\/img\/iconos\/hombre-traje-pizarra-45x45.svg\" \/>\n<meta name=\"twitter:card\" content=\"summary_large_image\" \/>\n<meta name=\"twitter:label1\" content=\"Tiempo de lectura\" \/>\n\t<meta name=\"twitter:data1\" content=\"4 minutos\" \/>\n\t<meta name=\"twitter:label2\" content=\"Written by\" \/>\n\t<meta name=\"twitter:data2\" content=\"Carmen Mar\u00eda \u00c1lvarez\" \/>\n<script type=\"application\/ld+json\" class=\"yoast-schema-graph\">{\"@context\":\"https:\\\/\\\/schema.org\",\"@graph\":[{\"@type\":\"WebPage\",\"@id\":\"https:\\\/\\\/albal.es\\\/es\\\/ayuntamiento\\\/grupos-politicos\\\/\",\"url\":\"https:\\\/\\\/albal.es\\\/es\\\/ayuntamiento\\\/grupos-politicos\\\/\",\"name\":\"Grupos Pol\u00edticos - Ayuntamiento de Albal (Valencia)\",\"isPartOf\":{\"@id\":\"https:\\\/\\\/albal.es\\\/es\\\/#website\"},\"primaryImageOfPage\":{\"@id\":\"https:\\\/\\\/albal.es\\\/es\\\/ayuntamiento\\\/grupos-politicos\\\/#primaryimage\"},\"image\":{\"@id\":\"https:\\\/\\\/albal.es\\\/es\\\/ayuntamiento\\\/grupos-politicos\\\/#primaryimage\"},\"thumbnailUrl\":\"https:\\\/\\\/albal.es\\\/img\\\/iconos\\\/hombre-traje-pizarra-45x45.svg\",\"datePublished\":\"2019-12-10T16:25:45+00:00\",\"dateModified\":\"2024-07-31T12:58:31+00:00\",\"breadcrumb\":{\"@id\":\"https:\\\/\\\/albal.es\\\/es\\\/ayuntamiento\\\/grupos-politicos\\\/#breadcrumb\"},\"inLanguage\":\"es\",\"potentialAction\":[{\"@type\":\"ReadAction\",\"target\":[\"https:\\\/\\\/albal.es\\\/es\\\/ayuntamiento\\\/grupos-politicos\\\/\"]}]},{\"@type\":\"ImageObject\",\"inLanguage\":\"es\",\"@id\":\"https:\\\/\\\/albal.es\\\/es\\\/ayuntamiento\\\/grupos-politicos\\\/#primaryimage\",\"url\":\"https:\\\/\\\/albal.es\\\/img\\\/iconos\\\/hombre-traje-pizarra-45x45.svg\",\"contentUrl\":\"https:\\\/\\\/albal.es\\\/img\\\/iconos\\\/hombre-traje-pizarra-45x45.svg\"},{\"@type\":\"BreadcrumbList\",\"@id\":\"https:\\\/\\\/albal.es\\\/es\\\/ayuntamiento\\\/grupos-politicos\\\/#breadcrumb\",\"itemListElement\":[{\"@type\":\"ListItem\",\"position\":1,\"name\":\"Inici\",\"item\":\"https:\\\/\\\/albal.es\\\/es\\\/\"},{\"@type\":\"ListItem\",\"position\":2,\"name\":\"Ayuntamiento\",\"item\":\"https:\\\/\\\/albal.es\\\/es\\\/ayuntamiento\\\/\"},{\"@type\":\"ListItem\",\"position\":3,\"name\":\"Grupos Pol\u00edticos\"}]},{\"@type\":\"WebSite\",\"@id\":\"https:\\\/\\\/albal.es\\\/es\\\/#website\",\"url\":\"https:\\\/\\\/albal.es\\\/es\\\/\",\"name\":\"Ajuntament d&#039;Albal\",\"description\":\"Ajuntament d&#039;Albal\",\"publisher\":{\"@id\":\"https:\\\/\\\/albal.es\\\/es\\\/#organization\"},\"potentialAction\":[{\"@type\":\"SearchAction\",\"target\":{\"@type\":\"EntryPoint\",\"urlTemplate\":\"https:\\\/\\\/albal.es\\\/es\\\/?s={search_term_string}\"},\"query-input\":{\"@type\":\"PropertyValueSpecification\",\"valueRequired\":true,\"valueName\":\"search_term_string\"}}],\"inLanguage\":\"es\"},{\"@type\":\"Organization\",\"@id\":\"https:\\\/\\\/albal.es\\\/es\\\/#organization\",\"name\":\"Ajuntament d'Albal - Valencia\",\"url\":\"https:\\\/\\\/albal.es\\\/es\\\/\",\"logo\":{\"@type\":\"ImageObject\",\"inLanguage\":\"es\",\"@id\":\"https:\\\/\\\/albal.es\\\/es\\\/#\\\/schema\\\/logo\\\/image\\\/\",\"url\":\"https:\\\/\\\/albal.es\\\/content-albal\\\/uploads\\\/2020\\\/06\\\/logo-ayuntamiento-albal.png\",\"contentUrl\":\"https:\\\/\\\/albal.es\\\/content-albal\\\/uploads\\\/2020\\\/06\\\/logo-ayuntamiento-albal.png\",\"width\":367,\"height\":332,\"caption\":\"Ajuntament d'Albal - Valencia\"},\"image\":{\"@id\":\"https:\\\/\\\/albal.es\\\/es\\\/#\\\/schema\\\/logo\\\/image\\\/\"},\"sameAs\":[\"https:\\\/\\\/facebook.com\\\/AjuntamentAlbal\\\/\"]}]}<\/script>\n<!-- \/ Yoast SEO plugin. -->","yoast_head_json":{"title":"Grupos Pol\u00edticos - Ayuntamiento de Albal (Valencia)","robots":{"index":"index","follow":"follow","max-snippet":"max-snippet:-1","max-image-preview":"max-image-preview:large","max-video-preview":"max-video-preview:-1"},"canonical":"https:\/\/albal.es\/es\/ayuntamiento\/grupos-politicos\/","og_locale":"es_ES","og_type":"article","og_title":"Grupos Pol\u00edticos - Ayuntamiento de Albal (Valencia)","og_description":"Ayuntamiento Grupos Pol\u00edticos del Ayuntamiento de Albal A trav\u00e9s de los votos de los ciudadanos, se determina el reparto de representantes de cada grupo pol\u00edtico, que forman el Ayuntamiento.Grupos pol\u00edticosGrupo Popular D. Jos\u00e9 Miguel Ferris Estrems D. Valero Eustaquio Juan D\u00aa. Mar\u00eda Pinza Mu\u00f1oz D\u00aa. Azucena Mu\u00f1oz Sanf\u00e9lix D. Juli\u00e1n Garc\u00eda Polit D. Adri\u00e1n Domingo Amor Grupo Avant D\u00aa. Mar\u00eda Jos\u00e9 Hern\u00e1ndez Ferrer D. Joan Carles Puchalt Rodr\u00edguez Grupo Vox D\u00aa. Raquel Garc\u00eda Castellano Grupo Socialista D. Ram\u00f3n Mar\u00ed Vila D\u00aa. M\u00e9lani Jim\u00e9nez Blasco D. Josep Jes\u00fas S\u00e1nchez Gal\u00e1n D. Sergio Burguet L\u00f3pez D\u00aa. Ana Duato Albert D\u00aa. Mar\u00eda Dolores Mart\u00ednez Sanch\u00eds Grupo Comprom\u00eds D. Ra\u00fal Esteban Romeu D\u00aa. Sonia Guillem Fern\u00e1ndez","og_site_name":"Ajuntament d&#039;Albal","article_publisher":"https:\/\/facebook.com\/AjuntamentAlbal\/","article_modified_time":"2024-07-31T12:58:31+00:00","og_image":[{"url":"https:\/\/albal.es\/img\/iconos\/hombre-traje-pizarra-45x45.svg","type":"","width":"","height":""}],"twitter_card":"summary_large_image","twitter_misc":{"Tiempo de lectura":"4 minutos","Written by":"Carmen Mar\u00eda \u00c1lvarez"},"schema":{"@context":"https:\/\/schema.org","@graph":[{"@type":"WebPage","@id":"https:\/\/albal.es\/es\/ayuntamiento\/grupos-politicos\/","url":"https:\/\/albal.es\/es\/ayuntamiento\/grupos-politicos\/","name":"Grupos Pol\u00edticos - Ayuntamiento de Albal (Valencia)","isPartOf":{"@id":"https:\/\/albal.es\/es\/#website"},"primaryImageOfPage":{"@id":"https:\/\/albal.es\/es\/ayuntamiento\/grupos-politicos\/#primaryimage"},"image":{"@id":"https:\/\/albal.es\/es\/ayuntamiento\/grupos-politicos\/#primaryimage"},"thumbnailUrl":"https:\/\/albal.es\/img\/iconos\/hombre-traje-pizarra-45x45.svg","datePublished":"2019-12-10T16:25:45+00:00","dateModified":"2024-07-31T12:58:31+00:00","breadcrumb":{"@id":"https:\/\/albal.es\/es\/ayuntamiento\/grupos-politicos\/#breadcrumb"},"inLanguage":"es","potentialAction":[{"@type":"ReadAction","target":["https:\/\/albal.es\/es\/ayuntamiento\/grupos-politicos\/"]}]},{"@type":"ImageObject","inLanguage":"es","@id":"https:\/\/albal.es\/es\/ayuntamiento\/grupos-politicos\/#primaryimage","url":"https:\/\/albal.es\/img\/iconos\/hombre-traje-pizarra-45x45.svg","contentUrl":"https:\/\/albal.es\/img\/iconos\/hombre-traje-pizarra-45x45.svg"},{"@type":"BreadcrumbList","@id":"https:\/\/albal.es\/es\/ayuntamiento\/grupos-politicos\/#breadcrumb","itemListElement":[{"@type":"ListItem","position":1,"name":"Inici","item":"https:\/\/albal.es\/es\/"},{"@type":"ListItem","position":2,"name":"Ayuntamiento","item":"https:\/\/albal.es\/es\/ayuntamiento\/"},{"@type":"ListItem","position":3,"name":"Grupos Pol\u00edticos"}]},{"@type":"WebSite","@id":"https:\/\/albal.es\/es\/#website","url":"https:\/\/albal.es\/es\/","name":"Ajuntament d&#039;Albal","description":"Ajuntament d&#039;Albal","publisher":{"@id":"https:\/\/albal.es\/es\/#organization"},"potentialAction":[{"@type":"SearchAction","target":{"@type":"EntryPoint","urlTemplate":"https:\/\/albal.es\/es\/?s={search_term_string}"},"query-input":{"@type":"PropertyValueSpecification","valueRequired":true,"valueName":"search_term_string"}}],"inLanguage":"es"},{"@type":"Organization","@id":"https:\/\/albal.es\/es\/#organization","name":"Ajuntament d'Albal - Valencia","url":"https:\/\/albal.es\/es\/","logo":{"@type":"ImageObject","inLanguage":"es","@id":"https:\/\/albal.es\/es\/#\/schema\/logo\/image\/","url":"https:\/\/albal.es\/content-albal\/uploads\/2020\/06\/logo-ayuntamiento-albal.png","contentUrl":"https:\/\/albal.es\/content-albal\/uploads\/2020\/06\/logo-ayuntamiento-albal.png","width":367,"height":332,"caption":"Ajuntament d'Albal - Valencia"},"image":{"@id":"https:\/\/albal.es\/es\/#\/schema\/logo\/image\/"},"sameAs":["https:\/\/facebook.com\/AjuntamentAlbal\/"]}]}},"publishpress_future_workflow_manual_trigger":{"enabledWorkflows":[]},"_links":{"self":[{"href":"https:\/\/albal.es\/es\/wp-json\/wp\/v2\/pages\/734","targetHints":{"allow":["GET"]}}],"collection":[{"href":"https:\/\/albal.es\/es\/wp-json\/wp\/v2\/pages"}],"about":[{"href":"https:\/\/albal.es\/es\/wp-json\/wp\/v2\/types\/page"}],"author":[{"embeddable":true,"href":"https:\/\/albal.es\/es\/wp-json\/wp\/v2\/users\/5"}],"replies":[{"embeddable":true,"href":"https:\/\/albal.es\/es\/wp-json\/wp\/v2\/comments?post=734"}],"version-history":[{"count":0,"href":"https:\/\/albal.es\/es\/wp-json\/wp\/v2\/pages\/734\/revisions"}],"up":[{"embeddable":true,"href":"https:\/\/albal.es\/es\/wp-json\/wp\/v2\/pages\/794"}],"wp:attachment":[{"href":"https:\/\/albal.es\/es\/wp-json\/wp\/v2\/media?parent=734"}],"wp:term":[{"taxonomy":"author","embeddable":true,"href":"https:\/\/albal.es\/es\/wp-json\/wp\/v2\/coauthors?post=734"}],"curies":[{"name":"wp","href":"https:\/\/api.w.org\/{rel}","templated":true}]}}