

{"id":704,"date":"2019-12-10T17:17:05","date_gmt":"2019-12-10T16:17:05","guid":{"rendered":"https:\/\/albal.es\/?page_id=704"},"modified":"2025-12-12T13:50:58","modified_gmt":"2025-12-12T12:50:58","slug":"deportes","status":"publish","type":"page","link":"https:\/\/albal.es\/es\/areas-y-servicios-2\/educacion-cultura-y-deportes\/deportes\/","title":{"rendered":"Deportes"},"content":{"rendered":"<p>[et_pb_section fb_built=\u00bb1&#8243; custom_padding_last_edited=\u00bbon|phone\u00bb admin_label=\u00bbcontent-cab-area\u00bb module_class=\u00bbcontent-cab-area\u00bb _builder_version=\u00bb4.16&#8243; background_color=\u00bb#fafafa\u00bb custom_padding=\u00bb15px||25px||false|false\u00bb custom_padding_tablet=\u00bb\u00bb custom_padding_phone=\u00bb||0px||false|false\u00bb collapsed=\u00bboff\u00bb global_colors_info=\u00bb{}\u00bb][et_pb_row disabled_on=\u00bbon|off|off\u00bb admin_label=\u00bbDesabilitado en moviles (Content migas pan)\u00bb _builder_version=\u00bb4.16&#8243; custom_padding=\u00bb0px||0px||false|false\u00bb locked=\u00bbon\u00bb collapsed=\u00bbon\u00bb global_colors_info=\u00bb{}\u00bb][et_pb_column type=\u00bb4_4&#8243; _builder_version=\u00bb4.16&#8243; global_colors_info=\u00bb{}\u00bb][et_pb_dmb_breadcrumbs admin_label=\u00bbMigas pan\u00bb font_icon=\u00bb&#x35;||divi||400&#8243; use_home_icon=\u00bboff\u00bb use_home_text=\u00bbon\u00bb home_text=\u00bbInicio\u00bb _builder_version=\u00bb4.16&#8243; global_colors_info=\u00bb{}\u00bb][\/et_pb_dmb_breadcrumbs][\/et_pb_column][\/et_pb_row][et_pb_row column_structure=\u00bb1_3,1_3,1_3&#8243; use_custom_gutter=\u00bbon\u00bb make_equal=\u00bbon\u00bb custom_padding_last_edited=\u00bbon|phone\u00bb admin_label=\u00bbcab-area\u00bb module_class=\u00bbcab-area\u00bb _builder_version=\u00bb4.16&#8243; background_enable_image=\u00bboff\u00bb background_size=\u00bbinitial\u00bb background_position=\u00bbcenter_left\u00bb custom_padding=\u00bb25px||0px||false|false\u00bb custom_padding_tablet=\u00bb\u00bb custom_padding_phone=\u00bb15px||||false|false\u00bb border_width_left_tablet=\u00bb\u00bb border_width_left_phone=\u00bb0px\u00bb border_width_left_last_edited=\u00bbon|desktop\u00bb locked=\u00bboff\u00bb global_colors_info=\u00bb{}\u00bb][et_pb_column type=\u00bb1_3&#8243; module_class=\u00bbcontent-tit-area\u00bb _builder_version=\u00bb4.16&#8243; global_colors_info=\u00bb{}\u00bb][et_pb_text admin_label=\u00bbH4, H1&#8243; module_class=\u00bbtit-area\u00bb _builder_version=\u00bb4.16&#8243; custom_margin=\u00bb||5px||false|false\u00bb locked=\u00bbon\u00bb global_colors_info=\u00bb{}\u00bb]<\/p>\n<h4>\u00c1reas y servicios | EDUCACI\u00d3N, CULTURA y DEPORTES<\/h4>\n<h1>Deportes<\/h1>\n<p>[\/et_pb_text][et_pb_text admin_label=\u00bbIntro\u00bb module_class=\u00bbtit-area\u00bb _builder_version=\u00bb4.22.1&#8243; global_colors_info=\u00bb{}\u00bb]<\/p>\n<p>Concejala: M\u00aa Azucena Mu\u00f1oz Sanfelix Tel\u00e9fono: 961 26 00 56 \u2013\u00a0 Ext. 147 | cultura@albal.es<\/p>\n<p>[\/et_pb_text][\/et_pb_column][et_pb_column type=\u00bb1_3&#8243; module_class=\u00bbcontent-info-interes\u00bb disabled_on=\u00bbon|off|off\u00bb _builder_version=\u00bb4.16&#8243; custom_padding=\u00bb|||30px|false|false\u00bb custom_padding_tablet=\u00bb\u00bb custom_padding_phone=\u00bb|0px||0px|false|false\u00bb custom_padding_last_edited=\u00bbon|desktop\u00bb border_width_left=\u00bb1px\u00bb border_color_left=\u00bb#cccccc\u00bb border_radii_tablet=\u00bb\u00bb border_radii_phone=\u00bb\u00bb border_radii_last_edited=\u00bbon|phone\u00bb border_width_left_tablet=\u00bb\u00bb border_width_left_phone=\u00bb\u00bb border_width_left_last_edited=\u00bbon|phone\u00bb global_colors_info=\u00bb{}\u00bb][et_pb_text admin_label=\u00bbInformacio d&#8217;interes\u00bb module_class=\u00bbtit-info-interes-cab\u00bb _builder_version=\u00bb4.16&#8243; locked=\u00bbon\u00bb global_colors_info=\u00bb{}\u00bb]Informaci\u00f3n de Inter\u00e9s:[\/et_pb_text][et_pb_text admin_label=\u00bbinformacio\u00bb _builder_version=\u00bb4.16&#8243; global_colors_info=\u00bb{}\u00bb]<\/p>\n<h3>Ubicaci\u00f3n:<\/h3>\n<p>3\u00aa Planta del edificio consistorial, Plaza del Jard\u00ed, 7.<\/p>\n<h3>Horario:<\/h3>\n<p>De lunes a viernes, de 9.00 a 14.30 horas, y los lunes de 17.00 a 19.00 horas[\/et_pb_text][et_pb_cta button_url=\u00bbhttps:\/\/albal.es\/es\/contacto-albal\/\u00bb button_text=\u00bbContacto\u00bb admin_label=\u00bbBoton contacto\u00bb module_class=\u00bbboton-consultas-cab\u00bb _builder_version=\u00bb4.16&#8243; background_enable_color=\u00bboff\u00bb text_orientation=\u00bbleft\u00bb background_layout=\u00bblight\u00bb custom_padding=\u00bb0px|0px|0px|0px|true|true\u00bb locked=\u00bbon\u00bb global_colors_info=\u00bb{}\u00bb]<\/p>\n<h3>Consultas y dudas:<\/h3>\n<p>[\/et_pb_cta][\/et_pb_column][et_pb_column type=\u00bb1_3&#8243; module_class=\u00bbcontent-info-interes-dos\u00bb disabled_on=\u00bbon|off|off\u00bb _builder_version=\u00bb4.16&#8243; custom_padding=\u00bb|||30px|false|false\u00bb custom_padding_tablet=\u00bb|||0px|false|false\u00bb custom_padding_phone=\u00bb|0px||0px|false|false\u00bb custom_padding_last_edited=\u00bbon|desktop\u00bb border_width_left=\u00bb1px\u00bb border_color_left=\u00bb#cccccc\u00bb border_width_left_tablet=\u00bb\u00bb border_width_left_phone=\u00bb\u00bb border_width_left_last_edited=\u00bbon|desktop\u00bb global_colors_info=\u00bb{}\u00bb][et_pb_text disabled_on=\u00bboff|off|off\u00bb admin_label=\u00bbAmic\u00bb module_class=\u00bbamic-cita\u00bb _builder_version=\u00bb4.16&#8243; header_4_font=\u00bb||||||||\u00bb header_4_text_color=\u00bb#c40038&#8243; custom_margin=\u00bb||0px||false|false\u00bb custom_padding=\u00bb||15px||false|false\u00bb saved_tabs=\u00bball\u00bb locked=\u00bbon\u00bb global_colors_info=\u00bb{}\u00bb]<\/p>\n<h3><img decoding=\"async\" class=\"wp-image-464 alignnone size-full lazyload\" data-src=\"https:\/\/albal.es\/content-albal\/uploads\/2019\/12\/logo-amic-2.png\" alt=\"\" width=\"135\" height=\"46\" src=\"data:image\/svg+xml;base64,PHN2ZyB3aWR0aD0iMSIgaGVpZ2h0PSIxIiB4bWxucz0iaHR0cDovL3d3dy53My5vcmcvMjAwMC9zdmciPjwvc3ZnPg==\" style=\"--smush-placeholder-width: 135px; --smush-placeholder-aspect-ratio: 135\/46;\" \/><\/h3>\n<h3>Atenci\u00f3 Municipal d&#8217;Informaci\u00f3 Ciutadana<\/h3>\n<h4>REGISTRES I SOL\u00b7LICITUDS<\/h4>\n<p>Pla\u00e7a del Jard\u00ed, 7. Ajuntament d&#8217;Albal &#8211; <strong>Planta baixa<\/strong><br \/>\nTel: <strong>96 126 00 56<\/strong> \u00b7 Fax: 96 127 08 61<\/p>\n<p><a class=\"bot-cita-previa\" href=\"https:\/\/citaprevia.albal.es:10080\/\" target=\"_blank\" rel=\"noopener noreferrer\">Cita pr\u00e8via<\/a><br \/>\n<a class=\"bot-seu-electronica\" href=\"https:\/\/albal.sede.dival.es\/\" target=\"_blank\" rel=\"noopener noreferrer\">Seu electr\u00f2nica<\/a>[\/et_pb_text][\/et_pb_column][\/et_pb_row][\/et_pb_section][et_pb_section fb_built=\u00bb1&#8243; admin_label=\u00bbBuscar y menu-anclas\u00bb _builder_version=\u00bb4.16&#8243; background_color=\u00bb#fafafa\u00bb custom_padding=\u00bb25px||5px||false|false\u00bb border_width_top=\u00bb1px\u00bb border_color_top=\u00bb#eeeeee\u00bb locked=\u00bbon\u00bb collapsed=\u00bboff\u00bb global_colors_info=\u00bb{}\u00bb][et_pb_row admin_label=\u00bbcab-area herramientas\u00bb module_class=\u00bbcab-area herramientas\u00bb _builder_version=\u00bb4.16&#8243; custom_padding=\u00bb0px||0px||false|false\u00bb global_colors_info=\u00bb{}\u00bb][et_pb_column type=\u00bb4_4&#8243; _builder_version=\u00bb4.16&#8243; global_colors_info=\u00bb{}\u00bb][et_pb_text ul_type=\u00bbnone\u00bb ul_position=\u00bbinside\u00bb admin_label=\u00bbEnlaces-anclas secciones\u00bb module_class=\u00bbmenu-list-hztal\u00bb _builder_version=\u00bb4.16&#8243; link_font=\u00bb||||||||\u00bb global_colors_info=\u00bb{}\u00bb]<\/p>\n<ul>\n<li><a href=\"#tramites\">Tr\u00e1mites e impresos<\/a><\/li>\n<li><a href=\"#informacion\">Informaci\u00f3n<\/a><\/li>\n<li><a href=\"#faq\">Preguntas m\u00e1s frecuentes<\/a><\/li>\n<\/ul>\n<p>[\/et_pb_text][\/et_pb_column][\/et_pb_row][\/et_pb_section][et_pb_section fb_built=\u00bb1&#8243; admin_label=\u00bb(ancla) #tramites\u00bb module_id=\u00bbtramites\u00bb _builder_version=\u00bb4.16&#8243; background_color=\u00bb#e2e1de\u00bb custom_padding=\u00bb50px||||false|false\u00bb global_colors_info=\u00bb{}\u00bb][et_pb_row admin_label=\u00bb.content-avisos\u00bb module_class=\u00bbcontent-avisos\u00bb _builder_version=\u00bb4.16&#8243; custom_padding=\u00bb0px||||false|false\u00bb locked=\u00bbon\u00bb collapsed=\u00bboff\u00bb global_colors_info=\u00bb{}\u00bb][et_pb_column type=\u00bb4_4&#8243; _builder_version=\u00bb4.16&#8243; global_colors_info=\u00bb{}\u00bb][et_pb_text admin_label=\u00bbTitulo \u00abAvisos, convocat\u00f2ries i tr\u00e0mits actius\u00bb\u00bb _builder_version=\u00bb4.16&#8243; _module_preset=\u00bbdefault\u00bb global_colors_info=\u00bb{}\u00bb]<\/p>\n<h2>Avisos, convocatorias y tr\u00e1mites activos<\/h2>\n<p>[\/et_pb_text][et_pb_cpt_loop_archive loop_layout=\u00bb4914&#8243; fullwidth=\u00bboff\u00bb columns=\u00bb2&#8243; show_pagination=\u00bboff\u00bb new_query=\u00bbon\u00bb post_type=\u00bbtramitambdata\u00bb posts_number=\u00bb999&#8243; include_meta=\u00bbpagina_de_destinacio_data\u00bb include_meta_terms=\u00bb694&#8243; hide_if_no_data=\u00bbon\u00bb order=\u00bbasc\u00bb admin_label=\u00bbAvisos, convocat\u00f2ries i tr\u00e0mits actius\u00bb module_class=\u00bbtramites-fecha tramites-activos-pag\u00bb _builder_version=\u00bb4.16&#8243; headings_text_color=\u00bb#000000&#8243; headings_font_size=\u00bb36px\u00bb custom_padding=\u00bb20px|20px|20px|20px|true|true\u00bb border_radii=\u00bbon|8px|8px|8px|8px\u00bb locked=\u00bboff\u00bb global_colors_info=\u00bb{}\u00bb][\/et_pb_cpt_loop_archive][et_pb_code module_class=\u00bbcontent-mostrar-avisos\u00bb _builder_version=\u00bb4.16&#8243; _module_preset=\u00bbdefault\u00bb locked=\u00bboff\u00bb global_colors_info=\u00bb{}\u00bb]<style>.et_pb_cpt_loop_archive.tramites-activos-pag:before { content:\"Avisos, convocatorias y tr\u00e1mites activos\";}<\/style>[\/et_pb_code][\/et_pb_column][\/et_pb_row][et_pb_row _builder_version=\u00bb4.16&#8243; custom_padding=\u00bb0px||||false|false\u00bb locked=\u00bboff\u00bb global_colors_info=\u00bb{}\u00bb][et_pb_column type=\u00bb4_4&#8243; _builder_version=\u00bb4.16&#8243; global_colors_info=\u00bb{}\u00bb][et_pb_text admin_label=\u00bbTitulo Informacio, tr\u00e0mits i impresos\u00bb module_class=\u00bbtit-seccion\u00bb _builder_version=\u00bb4.16&#8243; locked=\u00bboff\u00bb global_colors_info=\u00bb{}\u00bb]<\/p>\n<h2><img decoding=\"async\" class=\"size-medium alignleft lazyload\" data-src=\"https:\/\/albal.es\/img\/iconos\/impreso-lapiz-45x45.svg\" alt=\"\" width=\"45\" height=\"45\" src=\"data:image\/svg+xml;base64,PHN2ZyB3aWR0aD0iMSIgaGVpZ2h0PSIxIiB4bWxucz0iaHR0cDovL3d3dy53My5vcmcvMjAwMC9zdmciPjwvc3ZnPg==\" style=\"--smush-placeholder-width: 45px; --smush-placeholder-aspect-ratio: 45\/45;\" \/>Informaci\u00f3n, tramites e impresos<\/h2>\n<p>[\/et_pb_text][et_pb_image src=\u00bbhttps:\/\/albal.es\/content-albal\/uploads\/2025\/09\/Cartel-escuelas-deportivas-2025-1.jpeg\u00bb title_text=\u00bbCartel escuelas deportivas 2025&#8243; admin_label=\u00bbImage\u00bb _builder_version=\u00bb4.27.4&#8243; _module_preset=\u00bbdefault\u00bb global_colors_info=\u00bb{}\u00bb][\/et_pb_image][et_pb_image _builder_version=\u00bb4.22.1&#8243; _module_preset=\u00bbdefault\u00bb global_colors_info=\u00bb{}\u00bb][\/et_pb_image][\/et_pb_column][\/et_pb_row][et_pb_row column_structure=\u00bb3_5,2_5&#8243; _builder_version=\u00bb4.16&#8243; custom_padding=\u00bb0px||||false|false\u00bb locked=\u00bboff\u00bb global_colors_info=\u00bb{}\u00bb][et_pb_column type=\u00bb3_5&#8243; _builder_version=\u00bb4.16&#8243; global_colors_info=\u00bb{}\u00bb][et_pb_accordion use_icon_font_size=\u00bbon\u00bb icon_font_size=\u00bb21px\u00bb admin_label=\u00bbTramites (acordeon desplegables)\u00bb _builder_version=\u00bb4.27.5&#8243; hover_enabled=\u00bb0&#8243; global_colors_info=\u00bb{}\u00bb sticky_enabled=\u00bb0&#8243;][et_pb_accordion_item title=\u00bbBecas deportistas individuales 2024-2025&#8243; open=\u00bbon\u00bb _builder_version=\u00bb4.27.5&#8243; hover_enabled=\u00bb0&#8243; global_colors_info=\u00bb{}\u00bb sticky_enabled=\u00bb0&#8243;]<\/p>\n<p>&nbsp;<\/p>\n<p>Convocatoria becas deportistas individuales 2024-2025.<\/p>\n<p>Plazo de presentaci\u00f3n de instancias del 17 al 30 de octubre de 2025<\/p>\n<p><strong>El plazo para la presentaci\u00f3n de la subsanaci\u00f3n ser\u00e1 del 14 al 27 de noviembre de 2025<\/strong><\/p>\n<p>Para m\u00e1s informaci\u00f3n y formalizaci\u00f3n del tr\u00e1mite acceder al siguiente enlace:<\/p>\n<p><a class=\"pdf\" href=\"https:\/\/albal.es\/content-albal\/uploads\/2021\/02\/ORDENAN\u00c7A-GENERAL-DE-SUBVENCIONS-AJUNTAMENT-DALBAL-1.pdf\">Ordenanza reguladora de subvenciones del Ayuntamiento de Albal<\/a><\/p>\n<p><a class=\"pdf\" href=\"https:\/\/albal.es\/content-albal\/uploads\/2025\/11\/CONVOCATORIA_DILIGENCIADA_DEPORTISTAS_INDIVIDUALES_20242025_-_SEFYCU_7270429.pdf\" rel=\"attachment wp-att-62022\">Convocatoria<\/a><\/p>\n<p>Para m\u00e1s informaci\u00f3n y formalizaci\u00f3n del tr\u00e1mite acceder al siguiente enlace:<\/p>\n<p><a class=\"e-tramite\" href=\"https:\/\/albal.sede.dival.es\/carpetaciudadana\/tramite.aspx?idtramite=18999\">https:\/\/albal.sede.dival.es\/carpetaciudadana\/tramite.aspx?idtramite=18999<\/a><\/p>\n<p><a class=\"pdf\" href=\"https:\/\/albal.es\/content-albal\/uploads\/2025\/11\/EDICTO_SUBSANACION_BECAS_DEPORTISTAS_INDIVIDUALES_-_SEFYCU_7415194.pdf\" rel=\"attachment wp-att-61990\">Edicto de Subsanaci\u00f3n<\/a><\/p>\n<p><a class=\"pdf\" href=\"https:\/\/albal.es\/content-albal\/uploads\/2025\/12\/Edicto_de_concesion_deportistas_individuales_2024-2025_-_SEFYCU_7543983.pdf\" rel=\"attachment wp-att-63078\">Edicto de Concesi\u00f3n<\/a><\/p>\n<div class='et-learn-more clearfix'>\n\t\t\t\t\t<h3 class='heading-more'>Consulta el estado de tu expediente<span class='et_learnmore_arrow'><span><\/span><\/span><\/h3>\n\t\t\t\t\t<div class='learn-more-content'><div class='albsub_formulario_consulta' id='albsub_formulario_consulta20' ><div class='albsub_modal' class='albsub_modal' id='albsub_modal20' style='display:none;position:absolute;width:100%;height:100%;'><div class='albsub_ventana_espera' id='albsub_ventana_espera20' style='display:none;display:inline-block;position:absolute;z-index:10;'><img data-src='https:\/\/albal.es\/content-albal\/plugins\/albal-consulta-subvenciones\/images\/spin.gif' alt='Waiting...' src='data:image\/svg+xml;base64,PHN2ZyB3aWR0aD0iMSIgaGVpZ2h0PSIxIiB4bWxucz0iaHR0cDovL3d3dy53My5vcmcvMjAwMC9zdmciPjwvc3ZnPg==' class='lazyload' style='--smush-placeholder-width: 176px; --smush-placeholder-aspect-ratio: 176\/176;' \/><\/div><\/div><p style='color:#F00;text-align:center;display:none;' class='albsub_label_errorConsulta' id='albsub_label_errorConsulta20'>No se ha podido realizar la consuta. Por favor, int\u00e9ntelo m\u00e1s tarde.<\/p><p style='color:#F00;text-align:center;display:none;' class='albsub_label_errorSinDatos' id='albsub_label_errorSinDatos20'>El N.I.F. introducido no se encuentra en la base de datos.<\/p><form name='Beques' style='text-align:center;margin:20px;'><input type='hidden' name='convocatoria' value='20' \/><input type='hidden' name='lang' value='es_ES' \/>N.I.F.:&nbsp;&nbsp;&nbsp;<input type='text' maxlength='9' size='9' name='dni_consulta' class='NIFBeneficiari' id='NIFBeneficiari20' required='required' placeholder='123456789X' pattern=\"[a-zA-Z0-9]{1}[0-9]{7}[a-zA-Z0-9]{1}\" \/><input type='button' name='Consultar' value='Consultar' disabled='disabled' \/><\/form><\/div><div class='albsub_resultado_consulta' id='albsub_resultado_consulta20' style='display:none;'><h5 style='text-align:center;'>Datos de la ayuda<\/h5><table style='width:inherit;margin-left:auto;margin-right:auto;border:1px solid #CCC;margin-top:10px;'><tr><td style='text-align:right;vertical-align:middle;padding:3px 10px 3px 10px;background-color:#CCC;'>N.I.F. Beneficiario:<\/td><td style='text-align:left;vertical-align:middle;padding:3px 10px 3px 10px;' class='albsub_resultado_NIF' id='albsub_resultado_NIF20'><\/td><\/tr><tr><td style='text-align:right;vertical-align:middle;padding:3px 10px 3px 10px;background-color:#CCC;'>Estado de la ayuda:<\/td><td style='text-align:left;vertical-align:middle;padding:3px 10px 3px 10px;' class='albsub_resultado_estado' id='albsub_resultado_estado20'><\/td><\/tr><tr><td colspan='2' style='font-size:75%;text-align:left;vertical-align:middle;padding:3px 10px 3px 10px;' class='albsub_resultado_masInfo' id='albsub_resultado_masInfo20'><\/td><\/tr><\/table><p style='text-align:center;'><input type='button' name='nuevaConsulta' class='albsub_resultado_nuevaConsulta' id='albsub_resultado_nuevaConsulta20' convocatoria='20' value='Realizar una nueva consulta'><\/p><\/div><\/div>\n\t\t\t\t<\/div>\n<p>&nbsp;<\/p>\n<p>&nbsp;<\/p>\n<p>&nbsp;<\/p>\n<p>&nbsp;<\/p>\n<p>&nbsp;<\/p>\n<p>&nbsp;<\/p>\n<p>&nbsp;<\/p>\n<p>&nbsp;<\/p>\n<p>&nbsp;<\/p>\n<p>[\/et_pb_accordion_item][et_pb_accordion_item title=\u00bbSubvenci\u00f3n Asociaciones y Clubes Deportivos 2025&#8243; _builder_version=\u00bb4.27.4&#8243; global_colors_info=\u00bb{}\u00bb open=\u00bboff\u00bb]<\/p>\n<p>Plazo de presentaci\u00f3n de solicitudes del 21 al 31 de julio de 2025.<\/p>\n<p><a class=\"pdf\" href=\"https:\/\/albal.es\/content-albal\/uploads\/2021\/02\/ORDENAN\u00c7A-GENERAL-DE-SUBVENCIONS-AJUNTAMENT-DALBAL-1.pdf\" target=\"_blank\" rel=\"noopener noreferrer\">Bases Ordenanza reguladora de subvenciones de l Ayuntamiento de Albal<\/a><\/p>\n<p>Para m\u00e1s informaci\u00f3n y formalizaci\u00f3n del tr\u00e1mite acceder al siguiente enlace:<\/p>\n<p><a href=\"https:\/\/albal.sede.dival.es\/carpetaciudadana\/tramite.aspx?idtramite=19000\">https:\/\/albal.sede.dival.es\/carpetaciudadana\/tramite.aspx?idtramite=19000<\/a><\/p>\n<p>&nbsp;<\/p>\n<p>&nbsp;<\/p>\n<p>&nbsp;<\/p>\n<p>[\/et_pb_accordion_item][et_pb_accordion_item title=\u00bbConcurso de Tiro y Arrastre 2023&#8243; _builder_version=\u00bb4.22.1&#8243; global_colors_info=\u00bb{}\u00bb open=\u00bboff\u00bb]<\/p>\n<p>Concurso de Tiro y Arrastre 2023<\/p>\n<p><strong>Plazo de presentaci\u00f3n de instancias los d\u00edas 21, 22 y 23 de julio en las instalaciones ubicadas en Calle Font del Barco.<\/strong><\/p>\n<p><a class=\"pdf\" href=\"https:\/\/albal.es\/content-albal\/uploads\/2021\/02\/ORDENAN\u00c7A-GENERAL-DE-SUBVENCIONS-AJUNTAMENT-DALBAL-1.pdf\">Bases Ordenanza reguladora de subvenciones del Ayuntamiento de Albal<\/a><\/p>\n<p><a class=\"pdf\" href=\"https:\/\/albal.es\/content-albal\/uploads\/2023\/05\/convocatoria-WEB-caste.pdf\" rel=\"attachment wp-att-46445\">Convocatoria<\/a><\/p>\n<p><a class=\"pdf\" href=\"https:\/\/albal.es\/content-albal\/uploads\/2021\/10\/INSTANCIA-participacion-concurso.doc-1.pdf\" rel=\"attachment wp-att-18522\">Instancia<\/a><\/p>\n<p><a class=\"pdf\" href=\"https:\/\/albal.es\/content-albal\/uploads\/2023\/06\/BOP-No-112-DE-12.06.2023.pdf\" rel=\"attachment wp-att-48587\">BOP N\u00ba 112 DE 12.06.2023<\/a><\/p>\n<p><a class=\"pdf\" href=\"https:\/\/albal.es\/content-albal\/uploads\/2023\/11\/EDICTO-CONCESION-web-2.pdf\" rel=\"attachment wp-att-52192\">Edicto de concesi\u00f3n<\/a><\/p>\n<div class='et-learn-more clearfix'>\n\t\t\t\t\t<h3 class='heading-more'>Consulta el estado de tu expediente<span class='et_learnmore_arrow'><span><\/span><\/span><\/h3>\n\t\t\t\t\t<div class='learn-more-content'><div class='albsub_formulario_consulta' id='albsub_formulario_consulta14' ><div class='albsub_modal' class='albsub_modal' id='albsub_modal14' style='display:none;position:absolute;width:100%;height:100%;'><div class='albsub_ventana_espera' id='albsub_ventana_espera14' style='display:none;display:inline-block;position:absolute;z-index:10;'><img data-src='https:\/\/albal.es\/content-albal\/plugins\/albal-consulta-subvenciones\/images\/spin.gif' alt='Waiting...' src='data:image\/svg+xml;base64,PHN2ZyB3aWR0aD0iMSIgaGVpZ2h0PSIxIiB4bWxucz0iaHR0cDovL3d3dy53My5vcmcvMjAwMC9zdmciPjwvc3ZnPg==' class='lazyload' style='--smush-placeholder-width: 176px; --smush-placeholder-aspect-ratio: 176\/176;' \/><\/div><\/div><p style='color:#F00;text-align:center;display:none;' class='albsub_label_errorConsulta' id='albsub_label_errorConsulta14'>No se ha podido realizar la consulta. Por favor, int\u00e9ntelo m\u00e1s tarde.<\/p><p style='color:#F00;text-align:center;display:none;' class='albsub_label_errorSinDatos' id='albsub_label_errorSinDatos14'>El N.I.F. introducido no se encuentra en la base de datos.<\/p><form name='Beques' style='text-align:center;margin:20px;'><input type='hidden' name='convocatoria' value='14' \/><input type='hidden' name='lang' value='es_ES' \/>N.I.F.:&nbsp;&nbsp;&nbsp;<input type='text' maxlength='9' size='9' name='dni_consulta' class='NIFBeneficiari' id='NIFBeneficiari14' required='required' placeholder='123456789X' pattern=\"[a-zA-Z0-9]{1}[0-9]{7}[a-zA-Z0-9]{1}\" \/><input type='button' name='Consultar' value='Consultar' disabled='disabled' \/><\/form><\/div><div class='albsub_resultado_consulta' id='albsub_resultado_consulta14' style='display:none;'><h5 style='text-align:center;'>Datos de la ayuda<\/h5><table style='width:inherit;margin-left:auto;margin-right:auto;border:1px solid #CCC;margin-top:10px;'><tr><td style='text-align:right;vertical-align:middle;padding:3px 10px 3px 10px;background-color:#CCC;'>N.I.F. Beneficiario:<\/td><td style='text-align:left;vertical-align:middle;padding:3px 10px 3px 10px;' class='albsub_resultado_NIF' id='albsub_resultado_NIF14'><\/td><\/tr><tr><td style='text-align:right;vertical-align:middle;padding:3px 10px 3px 10px;background-color:#CCC;'>Estado de la ayuda:<\/td><td style='text-align:left;vertical-align:middle;padding:3px 10px 3px 10px;' class='albsub_resultado_estado' id='albsub_resultado_estado14'><\/td><\/tr><tr><td colspan='2' style='font-size:75%;text-align:left;vertical-align:middle;padding:3px 10px 3px 10px;' class='albsub_resultado_masInfo' id='albsub_resultado_masInfo14'><\/td><\/tr><\/table><p style='text-align:center;'><input type='button' name='nuevaConsulta' class='albsub_resultado_nuevaConsulta' id='albsub_resultado_nuevaConsulta14' convocatoria='14' value='Realizar una nueva consulta'><\/p><\/div><\/div>\n\t\t\t\t<\/div>\n<p>&nbsp;<\/p>\n<p>&nbsp;<\/p>\n<p>&nbsp;<\/p>\n<p>&nbsp;<\/p>\n<p>&nbsp;<\/p>\n<p>[\/et_pb_accordion_item][et_pb_accordion_item title=\u00bbOrdenanzas y Reglamentos\u00bb _builder_version=\u00bb4.16&#8243; global_colors_info=\u00bb{}\u00bb open=\u00bboff\u00bb]El objeto de la presente Ordenanza es la regulaci\u00f3n de los aspectos b\u00e1sicos de ordenaci\u00f3n de los servicios de car\u00e1cter deportivo y l\u00fadico-recreativos, prestados por gesti\u00f3n indirecta, que se desarrollen en el \u00e1mbito espacial del Polideportivo Municipal de \u201cLa Balaguera\u201d.<\/p>\n<p><a class=\"pdf\" href=\"https:\/\/albal.sede.dival.es\/opencms\/export\/sites\/sedeAlbal\/contenidosEstructurados\/documentos\/ordenanzas\/REG0014C.pdf\" target=\"_blank\" rel=\"noopener noreferrer\">Reglamento de la utilizaci\u00f3n de instalaciones del polideportivo municipal de \u201cLa Balaguera\u201d 29\/06\/2011<\/a><\/p>\n<p>El objeto de la presente Ordenanza es la regulaci\u00f3n de los aspectos b\u00e1sicos de ordenaci\u00f3n de los servicios de car\u00e1cter deportivo y l\u00fadico-recreativos, prestados por gesti\u00f3n indirecta, que se desarrollen en el \u00e1mbito espacial del Polideportivo Municipal de Santa Ana<\/p>\n<p><a class=\"pdf\" href=\"https:\/\/albal.sede.dival.es\/opencms\/export\/sites\/sedeAlbal\/contenidosEstructurados\/documentos\/ordenanzas\/REG0008C.pdf\" target=\"_blank\" rel=\"noopener noreferrer\">Reglamento de funcionamiento de las instalaciones deportivas del polideportivo de Santa Ana<\/a><\/p>\n<p>El Reglamento del servicio es la norma de car\u00e1cter general emanada del Pleno del Ayuntamiento, que regula el funcionamiento y forma de prestaci\u00f3n del servicio, en sus aspectos t\u00e9cnicos, organizativos, sanitarios, econ\u00f3micos y procedimentales.<\/p>\n<p><a class=\"pdf\" href=\"https:\/\/albal.sede.dival.es\/opencms\/export\/sites\/sedeAlbal\/contenidosEstructurados\/documentos\/ordenanzas\/REG0012C.pdf\" target=\"_blank\" rel=\"noopener noreferrer\"><span class=\"Estilo9\">Reglamento de funcionamiento de los servicios de piscina cubierta municipal y centro termal urbano<\/span><\/a><\/p>\n<p>Es objeto del presente Reglamento la regulaci\u00f3n del servicio de Escuelas Deportivas Municipales mediante gesti\u00f3n indirecta en la modalidad de concierto o, en su caso, convenio con entidad p\u00fablica o privada.<\/p>\n<p><a class=\"pdf\" href=\"https:\/\/albal.sede.dival.es\/opencms\/export\/sites\/sedeAlbal\/contenidosEstructurados\/documentos\/ordenanzas\/REG0015V.pdf\" target=\"_blank\" rel=\"noopener noreferrer\"><span class=\"Estilo9\">Reglamento de funcionamiento de las Escuelas Deportivas<\/span>\u00a0\u00a0<span class=\"Estilo12\">14\/06\/2012<\/span><\/a>[\/et_pb_accordion_item][\/et_pb_accordion][\/et_pb_column][et_pb_column type=\u00bb2_5&#8243; module_class=\u00bbcontent-impresos\u00bb _builder_version=\u00bb4.16&#8243; global_colors_info=\u00bb{}\u00bb][et_pb_text admin_label=\u00bbTitulo \u00abImpresos i enlla\u00e7os a Seu electr\u00f2nica\u00bb\u00bb _builder_version=\u00bb4.16&#8243; _module_preset=\u00bbdefault\u00bb locked=\u00bbon\u00bb global_colors_info=\u00bb{}\u00bb]<\/p>\n<h2>Impresos y enlaces a Sede electr\u00f3nica<\/h2>\n<p>[\/et_pb_text][et_pb_cpt_loop_archive loop_layout=\u00bb6282&#8243; show_pagination=\u00bboff\u00bb new_query=\u00bbon\u00bb post_type=\u00bbimpreso_tramit\u00bb posts_number=\u00bb999&#8243; include_meta=\u00bbpagina_de_destinacio\u00bb include_meta_terms=\u00bb694&#8243; hide_if_no_data=\u00bbon\u00bb order=\u00bbasc\u00bb admin_label=\u00bbImpresos i enlla\u00e7os a Seu Electronica\u00bb module_class=\u00bbcontent-impresos-dinamic\u00bb _builder_version=\u00bb4.16&#8243; headings_font_size=\u00bb36px\u00bb background_color=\u00bb#ffffff\u00bb border_radii=\u00bbon|8px|8px|8px|8px\u00bb border_width_all=\u00bb1px\u00bb border_color_all=\u00bb#cccccc\u00bb locked=\u00bbon\u00bb global_colors_info=\u00bb{}\u00bb][\/et_pb_cpt_loop_archive][et_pb_code module_class=\u00bbcontent-mostrar-impresos\u00bb _builder_version=\u00bb4.16&#8243; _module_preset=\u00bbdefault\u00bb locked=\u00bbon\u00bb global_colors_info=\u00bb{}\u00bb]<style>.et_pb_cpt_loop_archive.content-impresos-dinamic:before { content:\"Impresos y enlaces a Sede electr\u00f3nica\";}\t<\/style>[\/et_pb_code][\/et_pb_column][\/et_pb_row][et_pb_row disabled_on=\u00bboff|on|on\u00bb admin_label=\u00bbCarga solo en MOVIL\u00bb _builder_version=\u00bb4.16&#8243; custom_padding=\u00bb0px||||false|false\u00bb locked=\u00bboff\u00bb global_colors_info=\u00bb{}\u00bb][et_pb_column type=\u00bb4_4&#8243; _builder_version=\u00bb4.16&#8243; global_colors_info=\u00bb{}\u00bb][et_pb_text disabled_on=\u00bboff|off|off\u00bb admin_label=\u00bbAmic\u00bb module_class=\u00bbamic-cita\u00bb _builder_version=\u00bb4.16&#8243; header_4_font=\u00bb||||||||\u00bb header_4_text_color=\u00bb#c40038&#8243; custom_margin=\u00bb||0px||false|false\u00bb custom_padding=\u00bb||15px||false|false\u00bb saved_tabs=\u00bball\u00bb locked=\u00bbon\u00bb global_colors_info=\u00bb{}\u00bb]<\/p>\n<h3><img decoding=\"async\" class=\"wp-image-464 alignnone size-full lazyload\" data-src=\"https:\/\/albal.es\/content-albal\/uploads\/2019\/12\/logo-amic-2.png\" alt=\"\" width=\"135\" height=\"46\" src=\"data:image\/svg+xml;base64,PHN2ZyB3aWR0aD0iMSIgaGVpZ2h0PSIxIiB4bWxucz0iaHR0cDovL3d3dy53My5vcmcvMjAwMC9zdmciPjwvc3ZnPg==\" style=\"--smush-placeholder-width: 135px; --smush-placeholder-aspect-ratio: 135\/46;\" \/><\/h3>\n<h3>Atenci\u00f3 Municipal d&#8217;Informaci\u00f3 Ciutadana<\/h3>\n<h4>REGISTRES I SOL\u00b7LICITUDS<\/h4>\n<p>Pla\u00e7a del Jard\u00ed, 7. Ajuntament d&#8217;Albal &#8211; <strong>Planta baixa<\/strong><br \/>\nTel: <strong>96 126 00 56<\/strong> \u00b7 Fax: 96 127 08 61<\/p>\n<p><a class=\"bot-cita-previa\" href=\"https:\/\/citaprevia.albal.es:10080\/\" target=\"_blank\" rel=\"noopener noreferrer\">Cita pr\u00e8via<\/a><br \/>\n<a class=\"bot-seu-electronica\" href=\"https:\/\/albal.sede.dival.es\/\" target=\"_blank\" rel=\"noopener noreferrer\">Seu electr\u00f2nica<\/a>[\/et_pb_text][\/et_pb_column][\/et_pb_row][\/et_pb_section][et_pb_section fb_built=\u00bb1&#8243; admin_label=\u00bb(ancla) #informacion\u00bb module_id=\u00bbinformacion\u00bb _builder_version=\u00bb4.16&#8243; background_color=\u00bb#e2e1de\u00bb custom_padding=\u00bb50px||||false|false\u00bb border_width_top=\u00bb1px\u00bb border_color_top=\u00bb#cccccc\u00bb collapsed=\u00bboff\u00bb global_colors_info=\u00bb{}\u00bb][et_pb_row _builder_version=\u00bb4.16&#8243; background_color=\u00bbrgba(0,0,0,0)\u00bb custom_padding=\u00bb0px||||false|false\u00bb global_colors_info=\u00bb{}\u00bb][et_pb_column type=\u00bb4_4&#8243; _builder_version=\u00bb4.16&#8243; global_colors_info=\u00bb{}\u00bb][et_pb_text admin_label=\u00bbTitulo Informaci\u00f3\u00bb module_class=\u00bbtit-seccion\u00bb _builder_version=\u00bb4.16&#8243; locked=\u00bboff\u00bb global_colors_info=\u00bb{}\u00bb]<\/p>\n<h2><img decoding=\"async\" class=\"size-medium alignleft lazyload\" data-src=\"https:\/\/albal.es\/img\/iconos\/informacion-mostrador-45x45.svg\" alt=\"\" width=\"45\" height=\"45\" src=\"data:image\/svg+xml;base64,PHN2ZyB3aWR0aD0iMSIgaGVpZ2h0PSIxIiB4bWxucz0iaHR0cDovL3d3dy53My5vcmcvMjAwMC9zdmciPjwvc3ZnPg==\" style=\"--smush-placeholder-width: 45px; --smush-placeholder-aspect-ratio: 45\/45;\" \/>Informaci\u00f3n<\/h2>\n<p>[\/et_pb_text][\/et_pb_column][\/et_pb_row][et_pb_row column_structure=\u00bb1_2,1_2&#8243; make_equal=\u00bbon\u00bb admin_label=\u00bbSolo un modulo por fila\u00bb _builder_version=\u00bb4.16&#8243; custom_padding=\u00bb0px||0px||false|false\u00bb global_colors_info=\u00bb{}\u00bb][et_pb_column type=\u00bb1_2&#8243; _builder_version=\u00bb4.16&#8243; global_colors_info=\u00bb{}\u00bb][et_pb_text admin_label=\u00bbInstal\u00b7lacions\u00bb _builder_version=\u00bb4.16&#8243; custom_padding=\u00bb||25px||false|false\u00bb global_colors_info=\u00bb{}\u00bb]<\/p>\n<h3>Instalaciones<\/h3>\n<p>[\/et_pb_text][\/et_pb_column][et_pb_column type=\u00bb1_2&#8243; _builder_version=\u00bb4.16&#8243; global_colors_info=\u00bb{}\u00bb][\/et_pb_column][\/et_pb_row][et_pb_row column_structure=\u00bb1_4,1_4,1_4,1_4&#8243; make_equal=\u00bbon\u00bb admin_label=\u00bbSolo un modulo por fila\u00bb _builder_version=\u00bb4.16&#8243; custom_padding=\u00bb0px||||false|false\u00bb global_colors_info=\u00bb{}\u00bb][et_pb_column type=\u00bb1_4&#8243; _builder_version=\u00bb4.16&#8243; border_width_bottom=\u00bb1px\u00bb border_color_bottom=\u00bb#cccccc\u00bb global_colors_info=\u00bb{}\u00bb][et_pb_text admin_label=\u00bbInstal\u00b7lacions\u00bb _builder_version=\u00bb4.16&#8243; custom_padding=\u00bb||25px||false|false\u00bb global_colors_info=\u00bb{}\u00bb]<\/p>\n<h4>Polideportivo municipal de Santa Ana<\/h4>\n<p><em>Partida de Santa Anna s\/n<\/em><\/p>\n<p>Equipamientos:<\/p>\n<ul>\n<li>1 Campo de f\u00fatbol 11<\/li>\n<li>1 Front\u00f3n<\/li>\n<li>2 Pistas de tenis<\/li>\n<li>4 Pistas de tenis<\/li>\n<li>1 Piscina de verano<\/li>\n<li>2 \u00c1reas l\u00fadicas de juegos<\/li>\n<\/ul>\n<p>[\/et_pb_text][\/et_pb_column][et_pb_column type=\u00bb1_4&#8243; _builder_version=\u00bb4.16&#8243; border_width_bottom=\u00bb1px\u00bb border_color_bottom=\u00bb#cccccc\u00bb global_colors_info=\u00bb{}\u00bb][et_pb_text admin_label=\u00bbInstal\u00b7lacions\u00bb _builder_version=\u00bb4.16&#8243; custom_padding=\u00bb||25px||false|false\u00bb global_colors_info=\u00bb{}\u00bb]<\/p>\n<h4>Piscina cubierta y centro termal de Albal<\/h4>\n<p><em>C\/ Rei En Jaume I<\/em><\/p>\n<p>Equipamientos:<\/p>\n<ul>\n<li>1 Centro termal y Spa<\/li>\n<li>1 Vaso de competici\u00f3n<\/li>\n<li>1 Vaso de chapoteo<\/li>\n<li>4 Salas de actividades en seco<\/li>\n<\/ul>\n<p>[\/et_pb_text][\/et_pb_column][et_pb_column type=\u00bb1_4&#8243; _builder_version=\u00bb4.16&#8243; border_width_bottom=\u00bb1px\u00bb border_color_bottom=\u00bb#cccccc\u00bb global_colors_info=\u00bb{}\u00bb][et_pb_text admin_label=\u00bbInstal\u00b7lacions\u00bb _builder_version=\u00bb4.16&#8243; custom_padding=\u00bb||25px||false|false\u00bb global_colors_info=\u00bb{}\u00bb]<\/p>\n<h4>Polideportivo municipal La Balaguera<\/h4>\n<p><em>C\/ De la Tabacalera<\/em><\/p>\n<ul>\n<li>1 aparcamiento subterr\u00e1neo<\/li>\n<li>1 pista de atletismo de 200m. con zona de botes y lanzamientos.<\/li>\n<li>1 campo de f\u00fatbol playa<\/li>\n<li>1 cam de f\u00fatbol 5<\/li>\n<li>2 campos de f\u00fatbol 7<\/li>\n<li>4 pistas de p\u00e1del<\/li>\n<li>1 pista de tenis<\/li>\n<li>2 salas de actividades dirigidas<\/li>\n<\/ul>\n<p>[\/et_pb_text][\/et_pb_column][et_pb_column type=\u00bb1_4&#8243; _builder_version=\u00bb4.16&#8243; border_width_bottom=\u00bb1px\u00bb border_color_bottom=\u00bb#cccccc\u00bb global_colors_info=\u00bb{}\u00bb][et_pb_text admin_label=\u00bbInstal\u00b7lacions\u00bb _builder_version=\u00bb4.16&#8243; custom_padding=\u00bb||25px||false|false\u00bb global_colors_info=\u00bb{}\u00bb]<\/p>\n<h4>Gimnasio del Centro polivalente<\/h4>\n<p><em>C\/ Mestre Ram\u00f3n Sanchis Rovira<\/em><\/p>\n<h4>Otras instalaciones deportivas<\/h4>\n<ul>\n<li><strong>Pabell\u00f3n cubierto del IES de Albal<br \/>\n<\/strong>C\/ Hern\u00e1ndez L\u00e1zaro s\/n<\/li>\n<li><strong>Front\u00f3n cubierto de la Cooperativa SCJ de Albal<\/strong><br \/>\nPla\u00e7a del Jard\u00ed, n\u00fam. 35<\/li>\n<\/ul>\n<p><em>EL Ayuntamiento, por medio de un convenio de colaboraci\u00f3n suscrito con la Generalidad, utiliza el pabell\u00f3n cubierto del IES, y el front\u00f3n de la Cooperativa por medio de convenio con la mencionada entidad local.<\/em>[\/et_pb_text][\/et_pb_column][\/et_pb_row][et_pb_row column_structure=\u00bb1_2,1_2&#8243; make_equal=\u00bbon\u00bb admin_label=\u00bbSolo un modulo por fila\u00bb _builder_version=\u00bb4.16&#8243; custom_padding=\u00bb0px||0px||false|false\u00bb global_colors_info=\u00bb{}\u00bb][et_pb_column type=\u00bb1_2&#8243; _builder_version=\u00bb4.16&#8243; global_colors_info=\u00bb{}\u00bb][et_pb_text admin_label=\u00bbInstal\u00b7lacions\u00bb _builder_version=\u00bb4.16&#8243; custom_padding=\u00bb||25px||false|false\u00bb global_colors_info=\u00bb{}\u00bb]<\/p>\n<h3>Funciones<\/h3>\n<p>[\/et_pb_text][\/et_pb_column][et_pb_column type=\u00bb1_2&#8243; _builder_version=\u00bb4.16&#8243; global_colors_info=\u00bb{}\u00bb][\/et_pb_column][\/et_pb_row][et_pb_row column_structure=\u00bb1_2,1_2&#8243; make_equal=\u00bbon\u00bb admin_label=\u00bbSolo un modulo por fila\u00bb _builder_version=\u00bb4.16&#8243; custom_padding=\u00bb0px||||false|false\u00bb global_colors_info=\u00bb{}\u00bb][et_pb_column type=\u00bb1_2&#8243; _builder_version=\u00bb4.16&#8243; border_width_bottom=\u00bb1px\u00bb border_color_bottom=\u00bb#cccccc\u00bb global_colors_info=\u00bb{}\u00bb][et_pb_text admin_label=\u00bbInstal\u00b7lacions\u00bb _builder_version=\u00bb4.16&#8243; custom_padding=\u00bb||25px||false|false\u00bb global_colors_info=\u00bb{}\u00bb]El Ayuntamiento, desde la Concejalia de Deportes est\u00e1 llevando a cabo una intensa promoci\u00f3n del deporte en Albal, por una parte apoyando al deporte en edad escolar, con la creaci\u00f3n de las Escuelas Deportivas Municipales, donde los ni\u00f1os de la poblaci\u00f3n pueden practicar el deporte que m\u00e1s les gusta, eligiendo entre una variada oferta deportiva:<\/p>\n<ul>\n<li>ATLETISMO<\/li>\n<li>BAILE INFANTIL<\/li>\n<li>BALONCESTO<\/li>\n<li>BALET<\/li>\n<li>K\u00c1RATE<\/li>\n<li>P\u00c1DEL<\/li>\n<li>PATINATJE<\/li>\n<li>R\u00cdTMICA<\/li>\n<li>T\u00c9CNICA DE F\u00daTBOL<\/li>\n<li>TENIS<\/li>\n<\/ul>\n<p>[\/et_pb_text][\/et_pb_column][et_pb_column type=\u00bb1_2&#8243; _builder_version=\u00bb4.16&#8243; border_width_bottom=\u00bb1px\u00bb border_color_bottom=\u00bb#cccccc\u00bb global_colors_info=\u00bb{}\u00bb][et_pb_text admin_label=\u00bbInstal\u00b7lacions\u00bb _builder_version=\u00bb4.16&#8243; custom_padding=\u00bb||25px||false|false\u00bb global_colors_info=\u00bb{}\u00bb]Y apoyando a los clubes y asociaciones deportivas debidamente registradas, con un programa anual de subvenciones, en la actualidad se encuentran dados de alta y en funcionamiento los siguientes Clubes:<\/p>\n<ul>\n<li>Club de Atletismo Albal<\/li>\n<li>Club BTT de Albal<\/li>\n<li>Pe\u00f1a Ciclista Albal<\/li>\n<li>Club de Cazadores \u201cEl Gorri\u00f3n\u201d<\/li>\n<li>Sociedad de Colombicultura \u201cSanta Anna\u201c<\/li>\n<li>Club de F\u00fatbol \u201cAlbal CF\u201c<\/li>\n<li>Club de Pescadores Deportivos \u201cla Anguila \u201c<\/li>\n<li>Club de Esparcimiento Santa Anna (Petanca)<\/li>\n<li>Club de Tiro y Arrastre de Albal<\/li>\n<li>Club de Tiro con arco \u201cArqueros de Albal\u201d<\/li>\n<li>Judo \u00abJudo Club l&#8217;Horta\u00bb<\/li>\n<\/ul>\n<p>As\u00ed mismo se est\u00e1 dotando a la poblaci\u00f3n de una extensa red de instalaciones deportivas, adecuando las existentes y construyendo nuevos equipamientos deportivos.[\/et_pb_text][\/et_pb_column][\/et_pb_row][et_pb_row column_structure=\u00bb1_2,1_2&#8243; make_equal=\u00bbon\u00bb admin_label=\u00bbSolo un modulo por fila\u00bb _builder_version=\u00bb4.16&#8243; custom_padding=\u00bb0px||||false|false\u00bb global_colors_info=\u00bb{}\u00bb][et_pb_column type=\u00bb1_2&#8243; _builder_version=\u00bb4.16&#8243; border_width_bottom=\u00bb1px\u00bb border_color_bottom=\u00bb#cccccc\u00bb global_colors_info=\u00bb{}\u00bb][et_pb_text admin_label=\u00bbEscola esportiva municipal de Futbol\u00bb _builder_version=\u00bb4.16&#8243; custom_padding=\u00bb||25px||false|false\u00bb global_colors_info=\u00bb{}\u00bb]<\/p>\n<h3><strong>Escoles Esportives Municipals<br \/>\n<\/strong><\/h3>\n<p>Les Escoles Esportives Municipals comencen les activitats el 15 de setembre i finalitzen el 30 de juny, el pagament \u00e9s trimestral, les inscripcions\u00a0es\u00a0realitzaran a l\u2019Ajuntament i al Poliesportiu La Balaguera.<\/p>\n<h3><strong>Escola esportiva municipal de t\u00e8cnica de futbol<\/strong><\/h3>\n<p>L\u2019escola de futbol est\u00e0 enfocada als xiquets i xiquetes que volen iniciar-se en l\u2019esport del futbol o millorar la seua t\u00e8cnica, est\u00e0 organitzada per grups segons edats i aptituds esportives i realitzen els entrenaments al camp de futbol del Poliesportiu la Balaguera.<br \/>\nHorari:<br \/>\ndimarts i dijous:<br \/>\nde 17.30\u202fh a 18.30\u202fh<br \/>\nde 18.30\u202fh a 19.30\u202fh.[\/et_pb_text][\/et_pb_column][et_pb_column type=\u00bb1_2&#8243; _builder_version=\u00bb4.16&#8243; border_width_bottom=\u00bb1px\u00bb border_color_bottom=\u00bb#cccccc\u00bb global_colors_info=\u00bb{}\u00bb][\/et_pb_column][\/et_pb_row][et_pb_row _builder_version=\u00bb4.16&#8243; global_colors_info=\u00bb{}\u00bb][et_pb_column type=\u00bb4_4&#8243; _builder_version=\u00bb4.16&#8243; global_colors_info=\u00bb{}\u00bb][et_pb_text admin_label=\u00bbPersonal adscrit: Coordinador d&#8217;Esports\u00bb _builder_version=\u00bb4.16&#8243; text_font_size=\u00bb21px\u00bb background_color=\u00bb#dcb747&#8243; text_orientation=\u00bbcenter\u00bb custom_padding=\u00bb30px|50px|30px|50px|false|false\u00bb global_colors_info=\u00bb{}\u00bb]<b>Personal adscrito:<\/b> Coordinador de Deportes[\/et_pb_text][\/et_pb_column][\/et_pb_row][et_pb_row column_structure=\u00bb1_2,1_2&#8243; make_equal=\u00bbon\u00bb admin_label=\u00bbSolo un modulo por fila\u00bb _builder_version=\u00bb4.16&#8243; custom_padding=\u00bb0px||||false|false\u00bb global_colors_info=\u00bb{}\u00bb][et_pb_column type=\u00bb1_2&#8243; _builder_version=\u00bb4.16&#8243; border_width_bottom=\u00bb1px\u00bb border_color_bottom=\u00bb#cccccc\u00bb global_colors_info=\u00bb{}\u00bb][et_pb_text admin_label=\u00bbEscola esportiva municipal de Tenis\u00bb _builder_version=\u00bb4.16&#8243; custom_padding=\u00bb||25px||false|false\u00bb global_colors_info=\u00bb{}\u00bb]<\/p>\n<h3>Escuela deportiva municipal de Tenis<\/h3>\n<p>Las clases se imparten a la pista de tenis del polideportivo La *Balaguera y participan en los encuentros comarcales organizados por Esports Horta.<\/p>\n<div id=\"ventanamailtopopupMailModalCloseTo\">Horario:<br \/>\nlunes y mi\u00e9rcoles:<br \/>\nde 17.30\u202fh a 18.30\u202fh<br \/>\nde 18.30\u202fh a 19.30\u202fh.<\/div>\n<p>[\/et_pb_text][\/et_pb_column][et_pb_column type=\u00bb1_2&#8243; _builder_version=\u00bb4.16&#8243; border_width_bottom=\u00bb1px\u00bb border_color_bottom=\u00bb#cccccc\u00bb global_colors_info=\u00bb{}\u00bb][et_pb_text admin_label=\u00bbEscola esportiva municipal\u00bb _builder_version=\u00bb4.16&#8243; custom_padding=\u00bb||25px||false|false\u00bb global_colors_info=\u00bb{}\u00bb]<\/p>\n<h3>Escuela deportiva municipal de Atletismo<\/h3>\n<p>La Escuela de Atletismo est\u00e1 formada por alumnos de las categor\u00edas comprendidas entre los seis (prebenjamines) y los quince a\u00f1os (cadetes).<br \/>\nLos entrenamientos se realizan a la pista de atletismo del Polideportivo La Balaguera y compiten en los Juegos Deportivos de Comunidad Valenciana, en los encuentros comarcales organizados por Esports Horta.<br \/>\nHorario:<br \/>\nmartes y jueves:<br \/>\nde 17.30\u202fh a 18.30\u202fh<br \/>\nde 18.30\u202fh a 19.30\u202fh.[\/et_pb_text][\/et_pb_column][\/et_pb_row][et_pb_row column_structure=\u00bb1_2,1_2&#8243; make_equal=\u00bbon\u00bb admin_label=\u00bbSolo un modulo por fila\u00bb _builder_version=\u00bb4.16&#8243; custom_padding=\u00bb0px||||false|false\u00bb global_colors_info=\u00bb{}\u00bb][et_pb_column type=\u00bb1_2&#8243; _builder_version=\u00bb4.16&#8243; border_width_bottom=\u00bb1px\u00bb border_color_bottom=\u00bb#cccccc\u00bb global_colors_info=\u00bb{}\u00bb][et_pb_text admin_label=\u00bbEscola esportiva municipal\u00bb _builder_version=\u00bb4.16&#8243; custom_padding=\u00bb||25px||false|false\u00bb global_colors_info=\u00bb{}\u00bb]<\/p>\n<h3>Escuela deportiva municipal de P\u00e1del<\/h3>\n<p>Como consecuencia del auge y aceptaci\u00f3n que este deporte est\u00e1 teniendo entre la poblaci\u00f3n, y con motivo de ampliar la oferta deportiva entre los ni\u00f1os y j\u00f3venes de la poblaci\u00f3n, se ha creado la Escuela Municipal de P\u00e1del.<br \/>\nLas clases son impartidas por un monitor cualificado en las instalaciones del polideportivo municipal de la Balaguera.<br \/>\nHorarios:<br \/>\nlunes y mi\u00e9rcoles:<br \/>\nde 17.15 h a 18.15 h<br \/>\nde 18.15 h a 19.15 h<br \/>\nde 19.15 h a 20.15 h<br \/>\nviernes:<br \/>\nde 16.00 h a 17.00 h<br \/>\nde 17.00 h a 18.00 h<br \/>\nde 18.00 h a 19.00 h<\/p>\n<h3>Escuela deportiva municipal de Baloncesto<\/h3>\n<p>La Escuela de Baloncesto ofrece una variada posibilidad a los ni\u00f1os y ni\u00f1as de la poblaci\u00f3n que los atrae este deporte de equipo, los entrenamientos se realizan al pabell\u00f3n del IES de Albal.<br \/>\nLos benjamines e Infantiles compiten en la liga Intercomarcal y los cadetes en la liga Municipal del Ayuntamiento de Val\u00e8ncia.<br \/>\nHorarios:<br \/>\nlunes y mi\u00e9rcoles:<br \/>\n\u2013 prebenjamines y Benjamines<br \/>\nde 17.30\u202fh a 18.30\u202fh<br \/>\n\u2013 Infantiles<br \/>\nde 18.30 h a 19.30 h<br \/>\n\u2013 Cadetes<br \/>\nde 19.30 h a 20.30 h[\/et_pb_text][\/et_pb_column][et_pb_column type=\u00bb1_2&#8243; _builder_version=\u00bb4.16&#8243; border_width_bottom=\u00bb1px\u00bb border_color_bottom=\u00bb#cccccc\u00bb global_colors_info=\u00bb{}\u00bb][et_pb_text admin_label=\u00bbEscola esportiva municipal\u00bb _builder_version=\u00bb4.16&#8243; custom_padding=\u00bb||25px||false|false\u00bb global_colors_info=\u00bb{}\u00bb]<\/p>\n<h3>Escuela deportiva municipal de Baile Infantil<\/h3>\n<h3>La Escuela de Baile Infantil realiza sus actividades al gimnasio del Centro Polivalente, y realizan dos exhibiciones durante el a\u00f1o, una y otra durante el invierno y otra durante el verano, adem\u00e1s participan en los encuentros comarcales.<br \/>\nHorario:<br \/>\nlunes y mi\u00e9rcoles:<br \/>\nde 17.30\u202fh a 18.30\u202fh<br \/>\nde 18.30\u202fh a 19.30\u202fh.<\/h3>\n<h3>Escuela deportiva municipal de Ballet<\/h3>\n<p>La Escuela de Ballet de reciente creaci\u00f3n realiza las clases al pabell\u00f3n del Colegio La Balaguera.<br \/>\nHorario:<br \/>\nViernes<br \/>\nde 17.30 h a 18.30\u202fh<\/p>\n<h3>Escuela deportiva municipal de R\u00edtmica<\/h3>\n<p>La Escuela de Gimnasia R\u00edtmica est\u00e1 dirigida por una monitora titulada, realizan las clases al pabell\u00f3n del CEIP La Balaguera en dos grupos diferenciados por edades y aptitudes.<br \/>\nHorario:<br \/>\nmartes y jueves:<br \/>\nde 17.15\u202fh a 18.15\u202fh<br \/>\nde 18.30\u202fh a 19.30\u202fh.<\/p>\n<h3>Escuela deportiva municipal de Patinaje<\/h3>\n<p>La Escuela de patinaje realiza las actividades en el patio del CEIP La Balaguera donde los alumnos aprenden habilidades y coordinaci\u00f3n preparando coreograf\u00edas en grupo y realizan exhibiciones y encuentros en otras escuelas de la comarca.<br \/>\nHorario:<br \/>\nmartes y jueves:<br \/>\nde 17.30\u202fh a 18.30\u202fh<br \/>\nde 18.30\u202fh a 19.30\u202fh.<\/p>\n<h3>Piscina Cubierta y Centro Termal<\/h3>\n<p><img decoding=\"async\" class=\"wp-image-2440 aligncenter size-full lazyload\" data-src=\"https:\/\/albal.es\/content-albal\/uploads\/2019\/12\/PiscinaC.jpg\" alt=\"\" width=\"600\" height=\"424\" data-srcset=\"https:\/\/albal.es\/content-albal\/uploads\/2019\/12\/PiscinaC.jpg 600w, https:\/\/albal.es\/content-albal\/uploads\/2019\/12\/PiscinaC-480x339.jpg 480w\" data-sizes=\"(min-width: 0px) and (max-width: 480px) 480px, (min-width: 481px) 600px, 100vw\" src=\"data:image\/svg+xml;base64,PHN2ZyB3aWR0aD0iMSIgaGVpZ2h0PSIxIiB4bWxucz0iaHR0cDovL3d3dy53My5vcmcvMjAwMC9zdmciPjwvc3ZnPg==\" style=\"--smush-placeholder-width: 600px; --smush-placeholder-aspect-ratio: 600\/424;\" \/>[\/et_pb_text][\/et_pb_column][\/et_pb_row][\/et_pb_section][et_pb_section fb_built=\u00bb1&#8243; admin_label=\u00bb(ancla) #faq\u00bb module_id=\u00bbfaq\u00bb _builder_version=\u00bb4.16&#8243; background_color=\u00bb#dcb747&#8243; custom_padding=\u00bb50px||||false|false\u00bb collapsed=\u00bboff\u00bb global_colors_info=\u00bb{}\u00bb][et_pb_row _builder_version=\u00bb4.16&#8243; background_color=\u00bbrgba(0,0,0,0)\u00bb custom_padding=\u00bb0px||||false|false\u00bb global_colors_info=\u00bb{}\u00bb][et_pb_column type=\u00bb4_4&#8243; _builder_version=\u00bb4.16&#8243; global_colors_info=\u00bb{}\u00bb][et_pb_text admin_label=\u00bbTitulo Preguntes m\u00e9s freq\u00fcents\u00bb module_class=\u00bbtit-seccion\u00bb _builder_version=\u00bb4.16&#8243; header_2_text_color=\u00bb#ffffff\u00bb locked=\u00bboff\u00bb global_colors_info=\u00bb{}\u00bb]<\/p>\n<h2><img decoding=\"async\" class=\"size-medium alignleft lazyload\" data-src=\"https:\/\/albal.es\/img\/iconos\/preguntas-persona-45x45.svg\" alt=\"\" width=\"45\" height=\"45\" src=\"data:image\/svg+xml;base64,PHN2ZyB3aWR0aD0iMSIgaGVpZ2h0PSIxIiB4bWxucz0iaHR0cDovL3d3dy53My5vcmcvMjAwMC9zdmciPjwvc3ZnPg==\" style=\"--smush-placeholder-width: 45px; --smush-placeholder-aspect-ratio: 45\/45;\" \/>Preguntas mas frecuentes<\/h2>\n<p>[\/et_pb_text][\/et_pb_column][\/et_pb_row][et_pb_row column_structure=\u00bb1_2,1_2&#8243; make_equal=\u00bbon\u00bb admin_label=\u00bbSolo un modulo por fila\u00bb _builder_version=\u00bb4.16&#8243; custom_padding=\u00bb0px||||false|false\u00bb global_colors_info=\u00bb{}\u00bb][et_pb_column type=\u00bb1_2&#8243; _builder_version=\u00bb4.16&#8243; border_width_bottom=\u00bb1px\u00bb border_color_bottom=\u00bb#b09239&#8243; global_colors_info=\u00bb{}\u00bb][et_pb_text admin_label=\u00bbOn puc reservar les pistes del poliesportiu?\u00bb _builder_version=\u00bb4.16&#8243; custom_padding=\u00bb||25px||false|false\u00bb global_colors_info=\u00bb{}\u00bb]<\/p>\n<h3>\u00bfD\u00f3nde puedo reservar las pistas del polideportivo?<\/h3>\n<p>Para realizar la reserva de las pistas del Polideportivo Municipal de Santa Anna tendr\u00e1 que hacerlo en el mismo polideportivo o telefoneando al 634 48 14 74.<\/p>\n<p>Las reservas del Polideportivo Municipal La Balaguera se pueden hacer en la instalaci\u00f3n o telefoneando al 687077065[\/et_pb_text][\/et_pb_column][et_pb_column type=\u00bb1_2&#8243; _builder_version=\u00bb4.16&#8243; border_width_bottom=\u00bb1px\u00bb border_color_bottom=\u00bb#b09239&#8243; global_colors_info=\u00bb{}\u00bb][et_pb_text admin_label=\u00bbLa piscina d&#8217;estiu t\u00e9 abonaments o es paga cada dia que vas?\u00bb _builder_version=\u00bb4.16&#8243; custom_padding=\u00bb||25px||false|false\u00bb global_colors_info=\u00bb{}\u00bb]<\/p>\n<h3>\u00bfLa piscina de verano tiene bonos o se paga cada d\u00eda que vas?<\/h3>\n<p>Existen unos bonos de 10 o 20 ba\u00f1os en la misma piscina.[\/et_pb_text][\/et_pb_column][\/et_pb_row][\/et_pb_section][et_pb_section fb_built=\u00bb1&#8243; _builder_version=\u00bb4.22.1&#8243; _module_preset=\u00bbdefault\u00bb global_colors_info=\u00bb{}\u00bb][et_pb_row _builder_version=\u00bb4.22.1&#8243; _module_preset=\u00bbdefault\u00bb global_colors_info=\u00bb{}\u00bb][et_pb_column type=\u00bb4_4&#8243; _builder_version=\u00bb4.22.1&#8243; _module_preset=\u00bbdefault\u00bb global_colors_info=\u00bb{}\u00bb][\/et_pb_column][\/et_pb_row][\/et_pb_section][et_pb_section fb_built=\u00bb1&#8243; _builder_version=\u00bb4.27.4&#8243; _module_preset=\u00bbdefault\u00bb global_colors_info=\u00bb{}\u00bb][\/et_pb_section]<\/p>\n","protected":false},"excerpt":{"rendered":"<p>\u00c1reas y servicios | EDUCACI\u00d3N, CULTURA y DEPORTES DeportesConcejala: M\u00aa Azucena Mu\u00f1oz Sanfelix Tel\u00e9fono: 961 26 00 56 \u2013\u00a0 Ext. 147 | cultura@albal.esInformaci\u00f3n de Inter\u00e9s:Ubicaci\u00f3n: 3\u00aa Planta del edificio consistorial, Plaza del Jard\u00ed, 7. Horario: De lunes a viernes, de 9.00 a 14.30 horas, y los lunes de 17.00 a 19.00 horasConsultas y dudas: Atenci\u00f3 Municipal d&#8217;Informaci\u00f3 Ciutadana REGISTRES I SOL\u00b7LICITUDS Pla\u00e7a del Jard\u00ed, 7. Ajuntament d&#8217;Albal &#8211; Planta baixa Tel: 96 126 00 56 \u00b7 Fax: 96 127 08 61 Cita pr\u00e8via Seu electr\u00f2nica Tr\u00e1mites e impresos Informaci\u00f3n Preguntas m\u00e1s frecuentes Avisos, convocatorias y tr\u00e1mites activos<style>.et_pb_cpt_loop_archive.tramites-activos-pag:before { content:\"Avisos, convocatorias y tr\u00e1mites activos\";}<\/style>Informaci\u00f3n, tramites e impresos&nbsp; Convocatoria becas deportistas individuales 2024-2025. Plazo de presentaci\u00f3n de instancias del 17 al 30 de octubre de 2025 El plazo para la presentaci\u00f3n de la subsanaci\u00f3n ser\u00e1 del 14 al 27 de noviembre de 2025 Para m\u00e1s informaci\u00f3n y formalizaci\u00f3n del tr\u00e1mite acceder al siguiente enlace: Ordenanza reguladora de subvenciones del Ayuntamiento de Albal Convocatoria Para m\u00e1s informaci\u00f3n y formalizaci\u00f3n del tr\u00e1mite acceder al siguiente enlace: https:\/\/albal.sede.dival.es\/carpetaciudadana\/tramite.aspx?idtramite=18999 Edicto de Subsanaci\u00f3n Edicto de Concesi\u00f3n <div class='et-learn-more clearfix'>\n\t\t\t\t\t<h3 class='heading-more'>Consulta el estado de tu expediente<span class='et_learnmore_arrow'><span><\/span><\/span><\/h3>\n\t\t\t\t\t<div class='learn-more-content'><div class='albsub_formulario_consulta' id='albsub_formulario_consulta20' ><div class='albsub_modal' class='albsub_modal' id='albsub_modal20' style='display:none;position:absolute;width:100%;height:100%;'><div class='albsub_ventana_espera' id='albsub_ventana_espera20' style='display:none;display:inline-block;position:absolute;z-index:10;'><img data-src='https:\/\/albal.es\/content-albal\/plugins\/albal-consulta-subvenciones\/images\/spin.gif' alt='Waiting...' src='data:image\/svg+xml;base64,PHN2ZyB3aWR0aD0iMSIgaGVpZ2h0PSIxIiB4bWxucz0iaHR0cDovL3d3dy53My5vcmcvMjAwMC9zdmciPjwvc3ZnPg==' class='lazyload' style='--smush-placeholder-width: 176px; --smush-placeholder-aspect-ratio: 176\/176;' \/><\/div><\/div><p style='color:#F00;text-align:center;display:none;' class='albsub_label_errorConsulta' id='albsub_label_errorConsulta20'>No se ha podido realizar la consuta. Por favor, int\u00e9ntelo m\u00e1s tarde.<\/p><p style='color:#F00;text-align:center;display:none;' class='albsub_label_errorSinDatos' id='albsub_label_errorSinDatos20'>El N.I.F. introducido no se encuentra en la base de datos.<\/p><form name='Beques' style='text-align:center;margin:20px;'><input type='hidden' name='convocatoria' value='20' \/><input type='hidden' name='lang' value='es_ES' \/>N.I.F.:&nbsp;&nbsp;&nbsp;<input type='text' maxlength='9' size='9' name='dni_consulta' class='NIFBeneficiari' id='NIFBeneficiari20' required='required' placeholder='123456789X' pattern=\"[a-zA-Z0-9]{1}[0-9]{7}[a-zA-Z0-9]{1}\" \/><input type='button' name='Consultar' value='Consultar' disabled='disabled' \/><\/form><\/div><div class='albsub_resultado_consulta' id='albsub_resultado_consulta20' style='display:none;'><h5 style='text-align:center;'>Datos de la ayuda<\/h5><table style='width:inherit;margin-left:auto;margin-right:auto;border:1px solid #CCC;margin-top:10px;'><tr><td style='text-align:right;vertical-align:middle;padding:3px 10px 3px 10px;background-color:#CCC;'>N.I.F. Beneficiario:<\/td><td style='text-align:left;vertical-align:middle;padding:3px 10px 3px 10px;' class='albsub_resultado_NIF' id='albsub_resultado_NIF20'><\/td><\/tr><tr><td style='text-align:right;vertical-align:middle;padding:3px 10px 3px 10px;background-color:#CCC;'>Estado de la ayuda:<\/td><td style='text-align:left;vertical-align:middle;padding:3px 10px 3px 10px;' class='albsub_resultado_estado' id='albsub_resultado_estado20'><\/td><\/tr><tr><td colspan='2' style='font-size:75%;text-align:left;vertical-align:middle;padding:3px 10px 3px 10px;' class='albsub_resultado_masInfo' id='albsub_resultado_masInfo20'><\/td><\/tr><\/table><p style='text-align:center;'><input type='button' name='nuevaConsulta' class='albsub_resultado_nuevaConsulta' id='albsub_resultado_nuevaConsulta20' convocatoria='20' value='Realizar una nueva consulta'><\/p><\/div><\/div>\n\t\t\t\t<\/div> &nbsp; &nbsp; &nbsp; &nbsp; &nbsp; &nbsp; &nbsp; &nbsp; &nbsp;Plazo de presentaci\u00f3n de solicitudes del 21 al [&hellip;]<\/p>\n","protected":false},"author":19,"featured_media":0,"parent":786,"menu_order":6,"comment_status":"closed","ping_status":"closed","template":"","meta":{"_acf_changed":false,"_et_pb_use_builder":"on","_et_pb_old_content":"","_et_gb_content_width":"","footnotes":""},"coauthors":[63,98],"class_list":["post-704","page","type-page","status-publish","hentry"],"acf":[],"yoast_head":"<!-- This site is optimized with the Yoast SEO plugin v27.4 - https:\/\/yoast.com\/product\/yoast-seo-wordpress\/ -->\n<title>Deportes - Ajuntament d&#039;Albal<\/title>\n<meta name=\"robots\" content=\"index, follow, max-snippet:-1, max-image-preview:large, max-video-preview:-1\" \/>\n<link rel=\"canonical\" href=\"https:\/\/albal.es\/es\/areas-y-servicios-2\/educacion-cultura-y-deportes\/deportes\/\" \/>\n<meta property=\"og:locale\" content=\"es_ES\" \/>\n<meta property=\"og:type\" content=\"article\" \/>\n<meta property=\"og:title\" content=\"Deportes - Ajuntament d&#039;Albal\" \/>\n<meta property=\"og:description\" content=\"\u00c1reas y servicios | EDUCACI\u00d3N, CULTURA y DEPORTES DeportesConcejala: M\u00aa Azucena Mu\u00f1oz Sanfelix Tel\u00e9fono: 961 26 00 56 \u2013\u00a0 Ext. 147 | cultura@albal.esInformaci\u00f3n de Inter\u00e9s:Ubicaci\u00f3n: 3\u00aa Planta del edificio consistorial, Plaza del Jard\u00ed, 7. Horario: De lunes a viernes, de 9.00 a 14.30 horas, y los lunes de 17.00 a 19.00 horasConsultas y dudas: Atenci\u00f3 Municipal d&#039;Informaci\u00f3 Ciutadana REGISTRES I SOL\u00b7LICITUDS Pla\u00e7a del Jard\u00ed, 7. Ajuntament d&#039;Albal - Planta baixa Tel: 96 126 00 56 \u00b7 Fax: 96 127 08 61 Cita pr\u00e8via Seu electr\u00f2nica Tr\u00e1mites e impresos Informaci\u00f3n Preguntas m\u00e1s frecuentes Avisos, convocatorias y tr\u00e1mites activosInformaci\u00f3n, tramites e impresos&nbsp; Convocatoria becas deportistas individuales 2024-2025. Plazo de presentaci\u00f3n de instancias del 17 al 30 de octubre de 2025 El plazo para la presentaci\u00f3n de la subsanaci\u00f3n ser\u00e1 del 14 al 27 de noviembre de 2025 Para m\u00e1s informaci\u00f3n y formalizaci\u00f3n del tr\u00e1mite acceder al siguiente enlace: Ordenanza reguladora de subvenciones del Ayuntamiento de Albal Convocatoria Para m\u00e1s informaci\u00f3n y formalizaci\u00f3n del tr\u00e1mite acceder al siguiente enlace: https:\/\/albal.sede.dival.es\/carpetaciudadana\/tramite.aspx?idtramite=18999 Edicto de Subsanaci\u00f3n Edicto de Concesi\u00f3n &nbsp; &nbsp; &nbsp; &nbsp; &nbsp; &nbsp; &nbsp; &nbsp; &nbsp;Plazo de presentaci\u00f3n de solicitudes del 21 al [&hellip;]\" \/>\n<meta property=\"og:site_name\" content=\"Ajuntament d&#039;Albal\" \/>\n<meta property=\"article:publisher\" content=\"https:\/\/facebook.com\/AjuntamentAlbal\/\" \/>\n<meta property=\"article:modified_time\" content=\"2025-12-12T12:50:58+00:00\" \/>\n<meta property=\"og:image\" content=\"https:\/\/albal.es\/content-albal\/uploads\/2019\/12\/logo-amic-2.png\" \/>\n\t<meta property=\"og:image:width\" content=\"135\" \/>\n\t<meta property=\"og:image:height\" content=\"46\" \/>\n\t<meta property=\"og:image:type\" content=\"image\/png\" \/>\n<meta name=\"twitter:card\" content=\"summary_large_image\" \/>\n<meta name=\"twitter:label1\" content=\"Tiempo de lectura\" \/>\n\t<meta name=\"twitter:data1\" content=\"14 minutos\" \/>\n\t<meta name=\"twitter:label2\" content=\"Written by\" \/>\n\t<meta name=\"twitter:data2\" content=\"Aida Beltr\u00e1n, Zainab Afellay Aouragh\" \/>\n<script type=\"application\/ld+json\" class=\"yoast-schema-graph\">{\"@context\":\"https:\\\/\\\/schema.org\",\"@graph\":[{\"@type\":\"WebPage\",\"@id\":\"https:\\\/\\\/albal.es\\\/es\\\/areas-y-servicios-2\\\/educacion-cultura-y-deportes\\\/deportes\\\/\",\"url\":\"https:\\\/\\\/albal.es\\\/es\\\/areas-y-servicios-2\\\/educacion-cultura-y-deportes\\\/deportes\\\/\",\"name\":\"Deportes - Ajuntament d&#039;Albal\",\"isPartOf\":{\"@id\":\"https:\\\/\\\/albal.es\\\/es\\\/#website\"},\"primaryImageOfPage\":{\"@id\":\"https:\\\/\\\/albal.es\\\/es\\\/areas-y-servicios-2\\\/educacion-cultura-y-deportes\\\/deportes\\\/#primaryimage\"},\"image\":{\"@id\":\"https:\\\/\\\/albal.es\\\/es\\\/areas-y-servicios-2\\\/educacion-cultura-y-deportes\\\/deportes\\\/#primaryimage\"},\"thumbnailUrl\":\"https:\\\/\\\/albal.es\\\/content-albal\\\/uploads\\\/2019\\\/12\\\/logo-amic-2.png\",\"datePublished\":\"2019-12-10T16:17:05+00:00\",\"dateModified\":\"2025-12-12T12:50:58+00:00\",\"breadcrumb\":{\"@id\":\"https:\\\/\\\/albal.es\\\/es\\\/areas-y-servicios-2\\\/educacion-cultura-y-deportes\\\/deportes\\\/#breadcrumb\"},\"inLanguage\":\"es\",\"potentialAction\":[{\"@type\":\"ReadAction\",\"target\":[\"https:\\\/\\\/albal.es\\\/es\\\/areas-y-servicios-2\\\/educacion-cultura-y-deportes\\\/deportes\\\/\"]}]},{\"@type\":\"ImageObject\",\"inLanguage\":\"es\",\"@id\":\"https:\\\/\\\/albal.es\\\/es\\\/areas-y-servicios-2\\\/educacion-cultura-y-deportes\\\/deportes\\\/#primaryimage\",\"url\":\"https:\\\/\\\/albal.es\\\/content-albal\\\/uploads\\\/2019\\\/12\\\/logo-amic-2.png\",\"contentUrl\":\"https:\\\/\\\/albal.es\\\/content-albal\\\/uploads\\\/2019\\\/12\\\/logo-amic-2.png\"},{\"@type\":\"BreadcrumbList\",\"@id\":\"https:\\\/\\\/albal.es\\\/es\\\/areas-y-servicios-2\\\/educacion-cultura-y-deportes\\\/deportes\\\/#breadcrumb\",\"itemListElement\":[{\"@type\":\"ListItem\",\"position\":1,\"name\":\"Inici\",\"item\":\"https:\\\/\\\/albal.es\\\/es\\\/\"},{\"@type\":\"ListItem\",\"position\":2,\"name\":\"\u00c1reas y Servicios\",\"item\":\"https:\\\/\\\/albal.es\\\/es\\\/areas-y-servicios-2\\\/\"},{\"@type\":\"ListItem\",\"position\":3,\"name\":\"Educaci\u00f3n, cultura y deportes\",\"item\":\"https:\\\/\\\/albal.es\\\/es\\\/areas-y-servicios-2\\\/educacion-cultura-y-deportes\\\/\"},{\"@type\":\"ListItem\",\"position\":4,\"name\":\"Deportes\"}]},{\"@type\":\"WebSite\",\"@id\":\"https:\\\/\\\/albal.es\\\/es\\\/#website\",\"url\":\"https:\\\/\\\/albal.es\\\/es\\\/\",\"name\":\"Ajuntament d&#039;Albal\",\"description\":\"Ajuntament d&#039;Albal\",\"publisher\":{\"@id\":\"https:\\\/\\\/albal.es\\\/es\\\/#organization\"},\"potentialAction\":[{\"@type\":\"SearchAction\",\"target\":{\"@type\":\"EntryPoint\",\"urlTemplate\":\"https:\\\/\\\/albal.es\\\/es\\\/?s={search_term_string}\"},\"query-input\":{\"@type\":\"PropertyValueSpecification\",\"valueRequired\":true,\"valueName\":\"search_term_string\"}}],\"inLanguage\":\"es\"},{\"@type\":\"Organization\",\"@id\":\"https:\\\/\\\/albal.es\\\/es\\\/#organization\",\"name\":\"Ajuntament d'Albal - Valencia\",\"url\":\"https:\\\/\\\/albal.es\\\/es\\\/\",\"logo\":{\"@type\":\"ImageObject\",\"inLanguage\":\"es\",\"@id\":\"https:\\\/\\\/albal.es\\\/es\\\/#\\\/schema\\\/logo\\\/image\\\/\",\"url\":\"https:\\\/\\\/albal.es\\\/content-albal\\\/uploads\\\/2020\\\/06\\\/logo-ayuntamiento-albal.png\",\"contentUrl\":\"https:\\\/\\\/albal.es\\\/content-albal\\\/uploads\\\/2020\\\/06\\\/logo-ayuntamiento-albal.png\",\"width\":367,\"height\":332,\"caption\":\"Ajuntament d'Albal - Valencia\"},\"image\":{\"@id\":\"https:\\\/\\\/albal.es\\\/es\\\/#\\\/schema\\\/logo\\\/image\\\/\"},\"sameAs\":[\"https:\\\/\\\/facebook.com\\\/AjuntamentAlbal\\\/\"]}]}<\/script>\n<!-- \/ Yoast SEO plugin. -->","yoast_head_json":{"title":"Deportes - Ajuntament d&#039;Albal","robots":{"index":"index","follow":"follow","max-snippet":"max-snippet:-1","max-image-preview":"max-image-preview:large","max-video-preview":"max-video-preview:-1"},"canonical":"https:\/\/albal.es\/es\/areas-y-servicios-2\/educacion-cultura-y-deportes\/deportes\/","og_locale":"es_ES","og_type":"article","og_title":"Deportes - Ajuntament d&#039;Albal","og_description":"\u00c1reas y servicios | EDUCACI\u00d3N, CULTURA y DEPORTES DeportesConcejala: M\u00aa Azucena Mu\u00f1oz Sanfelix Tel\u00e9fono: 961 26 00 56 \u2013\u00a0 Ext. 147 | cultura@albal.esInformaci\u00f3n de Inter\u00e9s:Ubicaci\u00f3n: 3\u00aa Planta del edificio consistorial, Plaza del Jard\u00ed, 7. Horario: De lunes a viernes, de 9.00 a 14.30 horas, y los lunes de 17.00 a 19.00 horasConsultas y dudas: Atenci\u00f3 Municipal d'Informaci\u00f3 Ciutadana REGISTRES I SOL\u00b7LICITUDS Pla\u00e7a del Jard\u00ed, 7. Ajuntament d'Albal - Planta baixa Tel: 96 126 00 56 \u00b7 Fax: 96 127 08 61 Cita pr\u00e8via Seu electr\u00f2nica Tr\u00e1mites e impresos Informaci\u00f3n Preguntas m\u00e1s frecuentes Avisos, convocatorias y tr\u00e1mites activosInformaci\u00f3n, tramites e impresos&nbsp; Convocatoria becas deportistas individuales 2024-2025. Plazo de presentaci\u00f3n de instancias del 17 al 30 de octubre de 2025 El plazo para la presentaci\u00f3n de la subsanaci\u00f3n ser\u00e1 del 14 al 27 de noviembre de 2025 Para m\u00e1s informaci\u00f3n y formalizaci\u00f3n del tr\u00e1mite acceder al siguiente enlace: Ordenanza reguladora de subvenciones del Ayuntamiento de Albal Convocatoria Para m\u00e1s informaci\u00f3n y formalizaci\u00f3n del tr\u00e1mite acceder al siguiente enlace: https:\/\/albal.sede.dival.es\/carpetaciudadana\/tramite.aspx?idtramite=18999 Edicto de Subsanaci\u00f3n Edicto de Concesi\u00f3n &nbsp; &nbsp; &nbsp; &nbsp; &nbsp; &nbsp; &nbsp; &nbsp; &nbsp;Plazo de presentaci\u00f3n de solicitudes del 21 al [&hellip;]","og_site_name":"Ajuntament d&#039;Albal","article_publisher":"https:\/\/facebook.com\/AjuntamentAlbal\/","article_modified_time":"2025-12-12T12:50:58+00:00","og_image":[{"width":135,"height":46,"url":"https:\/\/albal.es\/content-albal\/uploads\/2019\/12\/logo-amic-2.png","type":"image\/png"}],"twitter_card":"summary_large_image","twitter_misc":{"Tiempo de lectura":"14 minutos","Written by":"Aida Beltr\u00e1n, Zainab Afellay Aouragh"},"schema":{"@context":"https:\/\/schema.org","@graph":[{"@type":"WebPage","@id":"https:\/\/albal.es\/es\/areas-y-servicios-2\/educacion-cultura-y-deportes\/deportes\/","url":"https:\/\/albal.es\/es\/areas-y-servicios-2\/educacion-cultura-y-deportes\/deportes\/","name":"Deportes - Ajuntament d&#039;Albal","isPartOf":{"@id":"https:\/\/albal.es\/es\/#website"},"primaryImageOfPage":{"@id":"https:\/\/albal.es\/es\/areas-y-servicios-2\/educacion-cultura-y-deportes\/deportes\/#primaryimage"},"image":{"@id":"https:\/\/albal.es\/es\/areas-y-servicios-2\/educacion-cultura-y-deportes\/deportes\/#primaryimage"},"thumbnailUrl":"https:\/\/albal.es\/content-albal\/uploads\/2019\/12\/logo-amic-2.png","datePublished":"2019-12-10T16:17:05+00:00","dateModified":"2025-12-12T12:50:58+00:00","breadcrumb":{"@id":"https:\/\/albal.es\/es\/areas-y-servicios-2\/educacion-cultura-y-deportes\/deportes\/#breadcrumb"},"inLanguage":"es","potentialAction":[{"@type":"ReadAction","target":["https:\/\/albal.es\/es\/areas-y-servicios-2\/educacion-cultura-y-deportes\/deportes\/"]}]},{"@type":"ImageObject","inLanguage":"es","@id":"https:\/\/albal.es\/es\/areas-y-servicios-2\/educacion-cultura-y-deportes\/deportes\/#primaryimage","url":"https:\/\/albal.es\/content-albal\/uploads\/2019\/12\/logo-amic-2.png","contentUrl":"https:\/\/albal.es\/content-albal\/uploads\/2019\/12\/logo-amic-2.png"},{"@type":"BreadcrumbList","@id":"https:\/\/albal.es\/es\/areas-y-servicios-2\/educacion-cultura-y-deportes\/deportes\/#breadcrumb","itemListElement":[{"@type":"ListItem","position":1,"name":"Inici","item":"https:\/\/albal.es\/es\/"},{"@type":"ListItem","position":2,"name":"\u00c1reas y Servicios","item":"https:\/\/albal.es\/es\/areas-y-servicios-2\/"},{"@type":"ListItem","position":3,"name":"Educaci\u00f3n, cultura y deportes","item":"https:\/\/albal.es\/es\/areas-y-servicios-2\/educacion-cultura-y-deportes\/"},{"@type":"ListItem","position":4,"name":"Deportes"}]},{"@type":"WebSite","@id":"https:\/\/albal.es\/es\/#website","url":"https:\/\/albal.es\/es\/","name":"Ajuntament d&#039;Albal","description":"Ajuntament d&#039;Albal","publisher":{"@id":"https:\/\/albal.es\/es\/#organization"},"potentialAction":[{"@type":"SearchAction","target":{"@type":"EntryPoint","urlTemplate":"https:\/\/albal.es\/es\/?s={search_term_string}"},"query-input":{"@type":"PropertyValueSpecification","valueRequired":true,"valueName":"search_term_string"}}],"inLanguage":"es"},{"@type":"Organization","@id":"https:\/\/albal.es\/es\/#organization","name":"Ajuntament d'Albal - Valencia","url":"https:\/\/albal.es\/es\/","logo":{"@type":"ImageObject","inLanguage":"es","@id":"https:\/\/albal.es\/es\/#\/schema\/logo\/image\/","url":"https:\/\/albal.es\/content-albal\/uploads\/2020\/06\/logo-ayuntamiento-albal.png","contentUrl":"https:\/\/albal.es\/content-albal\/uploads\/2020\/06\/logo-ayuntamiento-albal.png","width":367,"height":332,"caption":"Ajuntament d'Albal - Valencia"},"image":{"@id":"https:\/\/albal.es\/es\/#\/schema\/logo\/image\/"},"sameAs":["https:\/\/facebook.com\/AjuntamentAlbal\/"]}]}},"publishpress_future_workflow_manual_trigger":{"enabledWorkflows":[]},"_links":{"self":[{"href":"https:\/\/albal.es\/es\/wp-json\/wp\/v2\/pages\/704","targetHints":{"allow":["GET"]}}],"collection":[{"href":"https:\/\/albal.es\/es\/wp-json\/wp\/v2\/pages"}],"about":[{"href":"https:\/\/albal.es\/es\/wp-json\/wp\/v2\/types\/page"}],"author":[{"embeddable":true,"href":"https:\/\/albal.es\/es\/wp-json\/wp\/v2\/users\/19"}],"replies":[{"embeddable":true,"href":"https:\/\/albal.es\/es\/wp-json\/wp\/v2\/comments?post=704"}],"version-history":[{"count":0,"href":"https:\/\/albal.es\/es\/wp-json\/wp\/v2\/pages\/704\/revisions"}],"up":[{"embeddable":true,"href":"https:\/\/albal.es\/es\/wp-json\/wp\/v2\/pages\/786"}],"wp:attachment":[{"href":"https:\/\/albal.es\/es\/wp-json\/wp\/v2\/media?parent=704"}],"wp:term":[{"taxonomy":"author","embeddable":true,"href":"https:\/\/albal.es\/es\/wp-json\/wp\/v2\/coauthors?post=704"}],"curies":[{"name":"wp","href":"https:\/\/api.w.org\/{rel}","templated":true}]}}