

{"id":700,"date":"2019-12-10T17:15:00","date_gmt":"2019-12-10T16:15:00","guid":{"rendered":"https:\/\/albal.es\/?page_id=700"},"modified":"2026-04-16T13:24:42","modified_gmt":"2026-04-16T11:24:42","slug":"educacion","status":"publish","type":"page","link":"https:\/\/albal.es\/es\/areas-y-servicios-2\/educacion-cultura-y-deportes\/educacion\/","title":{"rendered":"Educaci\u00f3n"},"content":{"rendered":"<p>[et_pb_section fb_built=\u00bb1&#8243; custom_padding_last_edited=\u00bbon|phone\u00bb admin_label=\u00bbcontent-cab-area\u00bb module_class=\u00bbcontent-cab-area\u00bb _builder_version=\u00bb4.16&#8243; background_color=\u00bb#fafafa\u00bb custom_padding=\u00bb15px||25px||false|false\u00bb custom_padding_tablet=\u00bb\u00bb custom_padding_phone=\u00bb||0px||false|false\u00bb collapsed=\u00bboff\u00bb global_colors_info=\u00bb{}\u00bb][et_pb_row disabled_on=\u00bbon|off|off\u00bb admin_label=\u00bbDesabilitado en moviles (Content migas pan)\u00bb _builder_version=\u00bb4.16&#8243; custom_padding=\u00bb0px||0px||false|false\u00bb locked=\u00bbon\u00bb collapsed=\u00bbon\u00bb global_colors_info=\u00bb{}\u00bb][et_pb_column type=\u00bb4_4&#8243; _builder_version=\u00bb4.16&#8243; global_colors_info=\u00bb{}\u00bb][et_pb_dmb_breadcrumbs admin_label=\u00bbMigas pan\u00bb font_icon=\u00bb&#x35;||divi||400&#8243; use_home_icon=\u00bboff\u00bb use_home_text=\u00bbon\u00bb home_text=\u00bbInici\u00bb _builder_version=\u00bb4.16&#8243; global_colors_info=\u00bb{}\u00bb][\/et_pb_dmb_breadcrumbs][\/et_pb_column][\/et_pb_row][et_pb_row column_structure=\u00bb1_3,1_3,1_3&#8243; use_custom_gutter=\u00bbon\u00bb make_equal=\u00bbon\u00bb custom_padding_last_edited=\u00bbon|phone\u00bb admin_label=\u00bbcab-area\u00bb module_class=\u00bbcab-area\u00bb _builder_version=\u00bb4.16&#8243; background_enable_image=\u00bboff\u00bb background_size=\u00bbinitial\u00bb background_position=\u00bbcenter_left\u00bb custom_padding=\u00bb25px||0px||false|false\u00bb custom_padding_tablet=\u00bb\u00bb custom_padding_phone=\u00bb15px||||false|false\u00bb border_width_left_tablet=\u00bb\u00bb border_width_left_phone=\u00bb0px\u00bb border_width_left_last_edited=\u00bbon|desktop\u00bb locked=\u00bboff\u00bb global_colors_info=\u00bb{}\u00bb][et_pb_column type=\u00bb1_3&#8243; module_class=\u00bbcontent-tit-area\u00bb _builder_version=\u00bb4.16&#8243; global_colors_info=\u00bb{}\u00bb][et_pb_text admin_label=\u00bbH4, H1&#8243; module_class=\u00bbtit-area\u00bb _builder_version=\u00bb4.16&#8243; custom_margin=\u00bb||5px||false|false\u00bb locked=\u00bbon\u00bb global_colors_info=\u00bb{}\u00bb]<\/p>\n<h4>\u00c0reas y servicios | EDUCACI\u00d3N, CULTURA Y DEPORTES<\/h4>\n<h1>Educaci\u00f3n<\/h1>\n<p>[\/et_pb_text][et_pb_text admin_label=\u00bbIntro\u00bb module_class=\u00bbtit-area\u00bb _builder_version=\u00bb4.16&#8243; global_colors_info=\u00bb{}\u00bb][\/et_pb_text][\/et_pb_column][et_pb_column type=\u00bb1_3&#8243; module_class=\u00bbcontent-info-interes\u00bb disabled_on=\u00bbon|off|off\u00bb _builder_version=\u00bb4.16&#8243; custom_padding=\u00bb|||30px|false|false\u00bb custom_padding_tablet=\u00bb\u00bb custom_padding_phone=\u00bb|0px||0px|false|false\u00bb custom_padding_last_edited=\u00bbon|desktop\u00bb border_width_left=\u00bb1px\u00bb border_color_left=\u00bb#cccccc\u00bb border_radii_tablet=\u00bb\u00bb border_radii_phone=\u00bb\u00bb border_radii_last_edited=\u00bbon|phone\u00bb border_width_left_tablet=\u00bb\u00bb border_width_left_phone=\u00bb\u00bb border_width_left_last_edited=\u00bbon|phone\u00bb global_colors_info=\u00bb{}\u00bb][et_pb_text admin_label=\u00bbInformacio d&#8217;interes\u00bb module_class=\u00bbtit-info-interes-cab\u00bb _builder_version=\u00bb4.16&#8243; locked=\u00bbon\u00bb global_colors_info=\u00bb{}\u00bb]<\/p>\n<p>Informaci\u00f3n de inter\u00e9s:<\/p>\n<p>[\/et_pb_text][et_pb_text admin_label=\u00bbinformacio\u00bb _builder_version=\u00bb4.25.1&#8243; global_colors_info=\u00bb{}\u00bb]<\/p>\n<h3>Departamento de Educaci\u00f3n<\/h3>\n<p>Concejala: Juli\u00e1n Garc\u00eda Polit<\/p>\n<p>Tel\u00e9fono: 961 26 00 56 \u2013\u00a0 Ext. 147 154\u00a0 145 | cultura@albal.es<\/p>\n<p>[\/et_pb_text][et_pb_cta button_url=\u00bbhttps:\/\/albal.es\/es\/contacto-albal\/\u00bb button_text=\u00bbContacto\u00bb admin_label=\u00bbBoton contacto\u00bb module_class=\u00bbboton-consultas-cab\u00bb _builder_version=\u00bb4.16&#8243; background_enable_color=\u00bboff\u00bb text_orientation=\u00bbleft\u00bb background_layout=\u00bblight\u00bb custom_padding=\u00bb0px|0px|0px|0px|true|true\u00bb locked=\u00bbon\u00bb global_colors_info=\u00bb{}\u00bb]<\/p>\n<h3>Consultas y dudas:<\/h3>\n<p>[\/et_pb_cta][\/et_pb_column][et_pb_column type=\u00bb1_3&#8243; module_class=\u00bbcontent-info-interes-dos\u00bb disabled_on=\u00bbon|off|off\u00bb _builder_version=\u00bb4.16&#8243; custom_padding=\u00bb|||30px|false|false\u00bb custom_padding_tablet=\u00bb|||0px|false|false\u00bb custom_padding_phone=\u00bb|0px||0px|false|false\u00bb custom_padding_last_edited=\u00bbon|desktop\u00bb border_width_left=\u00bb1px\u00bb border_color_left=\u00bb#cccccc\u00bb border_width_left_tablet=\u00bb\u00bb border_width_left_phone=\u00bb\u00bb border_width_left_last_edited=\u00bbon|desktop\u00bb global_colors_info=\u00bb{}\u00bb][et_pb_text disabled_on=\u00bboff|off|off\u00bb admin_label=\u00bbAmic\u00bb module_class=\u00bbamic-cita\u00bb _builder_version=\u00bb4.16&#8243; header_4_font=\u00bb||||||||\u00bb header_4_text_color=\u00bb#c40038&#8243; custom_margin=\u00bb||0px||false|false\u00bb custom_padding=\u00bb||15px||false|false\u00bb saved_tabs=\u00bball\u00bb locked=\u00bbon\u00bb global_colors_info=\u00bb{}\u00bb]<\/p>\n<h3><img decoding=\"async\" class=\"wp-image-464 alignnone size-full lazyload\" data-src=\"https:\/\/albal.es\/content-albal\/uploads\/2020\/07\/logo-amic-2-1.png\" alt=\"\" width=\"135\" height=\"46\" src=\"data:image\/svg+xml;base64,PHN2ZyB3aWR0aD0iMSIgaGVpZ2h0PSIxIiB4bWxucz0iaHR0cDovL3d3dy53My5vcmcvMjAwMC9zdmciPjwvc3ZnPg==\" style=\"--smush-placeholder-width: 135px; --smush-placeholder-aspect-ratio: 135\/46;\" \/><\/h3>\n<h3>Atenci\u00f3n Municipal de Informaci\u00f3n Ciudadana<\/h3>\n<h4>REGISTROS y SOLICITUDES<\/h4>\n<p>Plaza del Jard\u00edn, 7. Ayto. de Albal \u2013\u00a0<strong>Planta baja<\/strong> Tel:\u00a0<strong>96 126 00 56<\/strong>\u00a0\u00b7 Fax: 96 127 08 61 <a class=\"bot-cita-previa\" href=\"https:\/\/citaprevia.albal.es:10080\/\" target=\"_blank\" rel=\"noopener noreferrer\">Cita previa<\/a> <a class=\"bot-seu-electronica\" href=\"https:\/\/albal.sede.dival.es\/\" target=\"_blank\" rel=\"noopener noreferrer\">Sede electr\u00f3nica<\/a><\/p>\n<p>[\/et_pb_text][\/et_pb_column][\/et_pb_row][\/et_pb_section][et_pb_section fb_built=\u00bb1&#8243; admin_label=\u00bb(ancla) #tramites\u00bb module_id=\u00bbtramites\u00bb _builder_version=\u00bb4.16&#8243; background_color=\u00bb#e2e1de\u00bb custom_padding=\u00bb50px||||false|false\u00bb global_colors_info=\u00bb{}\u00bb][et_pb_row admin_label=\u00bb.content-avisos\u00bb module_class=\u00bbcontent-avisos\u00bb _builder_version=\u00bb4.16&#8243; custom_padding=\u00bb0px||||false|false\u00bb saved_tabs=\u00bball\u00bb locked=\u00bboff\u00bb collapsed=\u00bboff\u00bb global_colors_info=\u00bb{}\u00bb][et_pb_column type=\u00bb4_4&#8243; _builder_version=\u00bb4.16&#8243; global_colors_info=\u00bb{}\u00bb][et_pb_image _builder_version=\u00bb4.27.6&#8243; _module_preset=\u00bbdefault\u00bb src=\u00bbhttps:\/\/albal.es\/content-albal\/uploads\/2026\/04\/JORNADA-PUERTAS-ABIERTAS-2026-3.jpeg\u00bb theme_builder_area=\u00bbpost_content\u00bb hover_enabled=\u00bb0&#8243; sticky_enabled=\u00bb0&#8243;][\/et_pb_image][et_pb_text admin_label=\u00bbTitulo \u00abAvisos, convocat\u00f2ries i tr\u00e0mits actius\u00bb\u00bb _builder_version=\u00bb4.16&#8243; _module_preset=\u00bbdefault\u00bb locked=\u00bboff\u00bb global_colors_info=\u00bb{}\u00bb]<\/p>\n<h2>Avisos, convocatorias y tr\u00e1mites activos<\/h2>\n<p>[\/et_pb_text][et_pb_cpt_loop_archive loop_layout=\u00bb4914&#8243; fullwidth=\u00bboff\u00bb columns=\u00bb2&#8243; show_pagination=\u00bboff\u00bb new_query=\u00bbon\u00bb post_type=\u00bbtramitambdata\u00bb posts_number=\u00bb999&#8243; include_meta=\u00bbpagina_de_destinacio_data\u00bb include_meta_terms=\u00bb684&#8243; hide_if_no_data=\u00bbon\u00bb order=\u00bbasc\u00bb admin_label=\u00bbAvisos, convocat\u00f2ries i tr\u00e0mits actius\u00bb module_class=\u00bbtramites-fecha tramites-activos-pag\u00bb _builder_version=\u00bb4.20.4&#8243; headings_text_color=\u00bb#000000&#8243; headings_font_size=\u00bb36px\u00bb custom_padding=\u00bb20px|20px|20px|20px|true|true\u00bb border_radii=\u00bbon|8px|8px|8px|8px\u00bb locked=\u00bboff\u00bb global_colors_info=\u00bb{}\u00bb][\/et_pb_cpt_loop_archive][et_pb_code module_class=\u00bbcontent-mostrar-avisos\u00bb _builder_version=\u00bb4.16&#8243; _module_preset=\u00bbdefault\u00bb locked=\u00bboff\u00bb global_colors_info=\u00bb{}\u00bb]<pee><style>.et_pb_cpt_loop_archive.tramites-activos-pag:before { content:\"Avisos, convocatorias y tr\u00e1mites activos\";}<\/style><\/pee>[\/et_pb_code][et_pb_image _builder_version=\u00bb4.27.6&#8243; _module_preset=\u00bbdefault\u00bb][\/et_pb_image][\/et_pb_column][\/et_pb_row][et_pb_row _builder_version=\u00bb4.16&#8243; custom_padding=\u00bb0px||||false|false\u00bb locked=\u00bboff\u00bb global_colors_info=\u00bb{}\u00bb][et_pb_column type=\u00bb4_4&#8243; _builder_version=\u00bb4.16&#8243; global_colors_info=\u00bb{}\u00bb][et_pb_text admin_label=\u00bbTitulo Informacio, tr\u00e0mits i impresos\u00bb module_class=\u00bbtit-seccion\u00bb _builder_version=\u00bb4.16&#8243; locked=\u00bboff\u00bb global_colors_info=\u00bb{}\u00bb]<\/p>\n<h2><img decoding=\"async\" class=\"size-medium alignleft lazyload\" data-src=\"https:\/\/albal.es\/img\/iconos\/impreso-lapiz-45x45.svg\" alt=\"\" width=\"45\" height=\"45\" src=\"data:image\/svg+xml;base64,PHN2ZyB3aWR0aD0iMSIgaGVpZ2h0PSIxIiB4bWxucz0iaHR0cDovL3d3dy53My5vcmcvMjAwMC9zdmciPjwvc3ZnPg==\" style=\"--smush-placeholder-width: 45px; --smush-placeholder-aspect-ratio: 45\/45;\" \/>Informaci\u00f3n, tr\u00e1mites e impresos<\/h2>\n<p>[\/et_pb_text][\/et_pb_column][\/et_pb_row][et_pb_row column_structure=\u00bb3_5,2_5&#8243; _builder_version=\u00bb4.16&#8243; custom_padding=\u00bb0px||||false|false\u00bb locked=\u00bboff\u00bb global_colors_info=\u00bb{}\u00bb][et_pb_column type=\u00bb3_5&#8243; _builder_version=\u00bb4.16&#8243; global_colors_info=\u00bb{}\u00bb][et_pb_accordion use_icon_font_size=\u00bbon\u00bb icon_font_size=\u00bb21px\u00bb admin_label=\u00bbTramites (acordeon desplegables)\u00bb _builder_version=\u00bb4.27.6&#8243; global_colors_info=\u00bb{}\u00bb][et_pb_accordion_item title=\u00bbEscuela de Pascua 2026&#8243; open=\u00bbon\u00bb _builder_version=\u00bb4.27.6&#8243; _module_preset=\u00bbdefault\u00bb global_colors_info=\u00bb{}\u00bb]<\/p>\n<p>Plazo de inscripci\u00f3n del 23 de febrero al 12 de marzo de 2026.<\/p>\n<p><a class=\"pdf\" href=\"https:\/\/albal.es\/content-albal\/uploads\/2026\/02\/Actividad-escuela-de-pascua-2026.pdf\" rel=\"attachment wp-att-63538\">Actividad escuela de pascua 2026<\/a><\/p>\n<p>Para m\u00e1s informaci\u00f3n y formalizaci\u00f3n del tr\u00e1mite acceder al siguiente enlace:<\/p>\n<p><a class=\"e-tramite\" href=\"https:\/\/albal.sede.dival.es\/carpetaciudadana\/tramite.aspx?idtramite=19785\">Sede Electr\u00f3nica &#8211; AYUNTAMIENTO DE ALBAL<\/a><\/p>\n<p><a class=\"pdf\" href=\"https:\/\/albal.es\/content-albal\/uploads\/2026\/03\/LISTADO-INSCRIPCIONES-2026-PARA-PUBLICAR.pdf\" rel=\"attachment wp-att-64151\">LISTADO DEFINITIVO ALUMNOS ESCUELA DE PASCUA<\/a><\/p>\n<p>&nbsp;<\/p>\n<p>&nbsp;<\/p>\n<p>[\/et_pb_accordion_item][et_pb_accordion_item title=\u00bbEscuela de invierno 2025&#8243; _builder_version=\u00bb4.27.5&#8243; _module_preset=\u00bbdefault\u00bb global_colors_info=\u00bb{}\u00bb open=\u00bboff\u00bb]<\/p>\n<p>Per\u00edodo de presentaci\u00f3n de instancias del 17 de noviembre al 05 de diciembre de 2025.<\/p>\n<p><strong>SE CAMBIA EL LUGAR DE REALIZACI\u00d3N DE LA ESCUELA DE INVIERNO AL CEIP SAN BLAS<\/strong><\/p>\n<p><a class=\"pdf\" href=\"https:\/\/albal.es\/content-albal\/uploads\/2025\/11\/Actividad-Escuela-de-Invierno-2025.pdf\" rel=\"attachment wp-att-61940\">Actividad Escuela de Invierno 2025<\/a><\/p>\n<p>Para m\u00e1s informaci\u00f3n y formalizaci\u00f3n del tr\u00e1mite acceder al siguiente enlace:<\/p>\n<p><a class=\"e-tramite\" href=\"https:\/\/albal.sede.dival.es\/carpetaciudadana\/tramite.aspx?idtramite=18993\">Sede Electr\u00f3nica &#8211; AYUNTAMIENTO DE ALBAL<\/a><\/p>\n<p><a class=\"pdf\" href=\"https:\/\/albal.es\/content-albal\/uploads\/2025\/12\/LISTADO-PARA-PUBLICAR.pdf\" rel=\"attachment wp-att-63100\">LISTADO DEL\u00a0 ALUMNADO DE LA ESCUELA DE INVIERNO<\/a><\/p>\n<p>&nbsp;<\/p>\n<p>[\/et_pb_accordion_item][et_pb_accordion_item title=\u00bbAyudas econ\u00f3micas para adquisici\u00f3n de Material Escolar 2025-2026&#8243; _builder_version=\u00bb4.27.5&#8243; global_colors_info=\u00bb{}\u00bb open=\u00bboff\u00bb]<\/p>\n<p>&nbsp;<\/p>\n<p>Esta convocatoria tiene como objeto la concesi\u00f3n de ayudas para colaborar en la financiaci\u00f3n de la adquisici\u00f3n de material escolar para el alumnado del segundo ciclo de Educaci\u00f3n Infantil para el curso 2025-2026.<\/p>\n<p>Plazo de presentaci\u00f3n del 1 al 25 de septiembre de 2025.<\/p>\n<p>Plazo de presentaci\u00f3n del 23 de octubre al 5 de noviembre de 2025.<\/p>\n<p>Para m\u00e1s informaci\u00f3n y formalizaci\u00f3n del tr\u00e1mite acceder al siguiente enlace:<\/p>\n<p><a class=\"e-tramite\" href=\"https:\/\/albal.sede.dival.es\/carpetaciudadana\/tramite.aspx?idtramite=18986\">https:\/\/albal.sede.dival.es\/carpetaciudadana\/tramite.aspx?idtramite=18986<\/a><\/p>\n<p><a class=\"pdf\" href=\"https:\/\/albal.es\/content-albal\/uploads\/2021\/02\/ORDENAN%C3%87A-GENERAL-DE-SUBVENCIONS-AJUNTAMENT-DALBAL-1.pdf\">Bases Ordenanza reguladora de subvenciones del Ayuntamiento de Albal<\/a><\/p>\n<p><a class=\"pdf\" href=\"https:\/\/albal.es\/content-albal\/uploads\/2025\/10\/Edicto_de_subsanacion_subvencion_material_escolar_2025-2026_-_SEFYCU_7326838.pdf\" rel=\"attachment wp-att-61609\">Edicto de subsanaci\u00f3n<\/a><\/p>\n<p><a class=\"pdf\" href=\"https:\/\/albal.es\/content-albal\/uploads\/2025\/12\/EDICTO-CONCESION-web.pdf\" rel=\"attachment wp-att-62989\">Edicto de concesi\u00f3n<\/a><\/p>\n<div class='et-learn-more clearfix'>\n\t\t\t\t\t<h3 class='heading-more'>Consulta el estado de tu expediente<span class='et_learnmore_arrow'><span><\/span><\/span><\/h3>\n\t\t\t\t\t<div class='learn-more-content'><div class='albsub_formulario_consulta' id='albsub_formulario_consulta19' ><div class='albsub_modal' class='albsub_modal' id='albsub_modal19' style='display:none;position:absolute;width:100%;height:100%;'><div class='albsub_ventana_espera' id='albsub_ventana_espera19' style='display:none;display:inline-block;position:absolute;z-index:10;'><img data-src='https:\/\/albal.es\/content-albal\/plugins\/albal-consulta-subvenciones\/images\/spin.gif' alt='Waiting...' src='data:image\/svg+xml;base64,PHN2ZyB3aWR0aD0iMSIgaGVpZ2h0PSIxIiB4bWxucz0iaHR0cDovL3d3dy53My5vcmcvMjAwMC9zdmciPjwvc3ZnPg==' class='lazyload' style='--smush-placeholder-width: 176px; --smush-placeholder-aspect-ratio: 176\/176;' \/><\/div><\/div><p style='color:#F00;text-align:center;display:none;' class='albsub_label_errorConsulta' id='albsub_label_errorConsulta19'>No se ha podido realizar la consuta. Por favor, int\u00e9ntelo m\u00e1s tarde.<\/p><p style='color:#F00;text-align:center;display:none;' class='albsub_label_errorSinDatos' id='albsub_label_errorSinDatos19'>El N.I.F. introducido no se encuentra en la base de datos.<\/p><form name='Beques' style='text-align:center;margin:20px;'><input type='hidden' name='convocatoria' value='19' \/><input type='hidden' name='lang' value='es_ES' \/>N.I.F.:&nbsp;&nbsp;&nbsp;<input type='text' maxlength='9' size='9' name='dni_consulta' class='NIFBeneficiari' id='NIFBeneficiari19' required='required' placeholder='123456789X' pattern=\"[a-zA-Z0-9]{1}[0-9]{7}[a-zA-Z0-9]{1}\" \/><input type='button' name='Consultar' value='Consultar' disabled='disabled' \/><\/form><\/div><div class='albsub_resultado_consulta' id='albsub_resultado_consulta19' style='display:none;'><h5 style='text-align:center;'>Datos de la ayuda<\/h5><table style='width:inherit;margin-left:auto;margin-right:auto;border:1px solid #CCC;margin-top:10px;'><tr><td style='text-align:right;vertical-align:middle;padding:3px 10px 3px 10px;background-color:#CCC;'>N.I.F. Beneficiario:<\/td><td style='text-align:left;vertical-align:middle;padding:3px 10px 3px 10px;' class='albsub_resultado_NIF' id='albsub_resultado_NIF19'><\/td><\/tr><tr><td style='text-align:right;vertical-align:middle;padding:3px 10px 3px 10px;background-color:#CCC;'>Estado de la ayuda:<\/td><td style='text-align:left;vertical-align:middle;padding:3px 10px 3px 10px;' class='albsub_resultado_estado' id='albsub_resultado_estado19'><\/td><\/tr><tr><td colspan='2' style='font-size:75%;text-align:left;vertical-align:middle;padding:3px 10px 3px 10px;' class='albsub_resultado_masInfo' id='albsub_resultado_masInfo19'><\/td><\/tr><\/table><p style='text-align:center;'><input type='button' name='nuevaConsulta' class='albsub_resultado_nuevaConsulta' id='albsub_resultado_nuevaConsulta19' convocatoria='19' value='Realizar una nueva consulta'><\/p><\/div><\/div>\n\t\t\t\t<\/div>\n<p>&nbsp;<\/p>\n<p>&nbsp;<\/p>\n<p>&nbsp;<\/p>\n<p>&nbsp;<\/p>\n<p>&nbsp;<\/p>\n<p>[\/et_pb_accordion_item][et_pb_accordion_item title=\u00bbSubvenciones AMPA curso 2023-2024&#8243; _builder_version=\u00bb4.27.4&#8243; global_colors_info=\u00bb{}\u00bb open=\u00bboff\u00bb]<\/p>\n<p>La presente convocatoria tiene como objeto la concesi\u00f3n de ayudas para colaborar en los gastos de funcionamiento ordinario de las AMPA de los centros docentes de la poblaci\u00f3n de Albal.<\/p>\n<p><strong>Plazo de presentaci\u00f3n de instancias del 1 al 10 de septiembre de 2025<\/strong><\/p>\n<p><a class=\"pdf\" href=\"https:\/\/albal.es\/content-albal\/uploads\/2021\/02\/ORDENAN%C3%87A-GENERAL-DE-SUBVENCIONS-AJUNTAMENT-DALBAL.pdf\" target=\"_blank\" rel=\"noopener noreferrer\">Bases. Ordenanza general reguladora de subvenciones Ayuntamiento de Albal<\/a><\/p>\n<p>Para m\u00e1s informaci\u00f3n y formalizaci\u00f3n del tr\u00e1mite acceder al siguiente enlace:<\/p>\n<p><a class=\"e-tramite\" href=\"https:\/\/albal.sede.dival.es\/carpetaciudadana\/tramite.aspx?idtramite=18988\">https:\/\/albal.sede.dival.es\/carpetaciudadana\/tramite.aspx?idtramite=18988<\/a><\/p>\n<p><a class=\"pdf\" href=\"https:\/\/albal.es\/content-albal\/uploads\/2025\/10\/EDICTO_CONCESION_SUBVENCION_AMPA_2025_web.pdf\" rel=\"attachment wp-att-61540\">Edicto de concesi\u00f3n<\/a><\/p>\n<p>&nbsp;<\/p>\n<p>[\/et_pb_accordion_item][et_pb_accordion_item title=\u00bbBecas de estudios no obligatorios expediente acad\u00e9mico 2023-2024&#8243; _builder_version=\u00bb4.27.4&#8243; _module_preset=\u00bbdefault\u00bb global_colors_info=\u00bb{}\u00bb open=\u00bboff\u00bb]<\/p>\n<p>Esta convocatoria tiene como objetivo incentivar a los estudiantes que han superado estudios no obligatorios con el mejor expediente, en r\u00e9gimen de concurrencia competitiva, que se regir\u00e1n por las bases reguladoras establecidas en esta convocatoria y para dar cumplimiento a la Ley 38\/2003, de 17 de noviembre, General de Subvenciones.<\/p>\n<p><strong>Plazo de presentaci\u00f3n de instancias del 1 al 10 de septiembre de 2025, ambos incluidos.<\/strong><\/p>\n<p>Para m\u00e1s informaci\u00f3n y formalizaci\u00f3n del tr\u00e1mite acceder al siguiente enlace:<\/p>\n<p><a class=\"e-tramite\" href=\"https:\/\/albal.sede.dival.es\/carpetaciudadana\/tramite.aspx?idtramite=18984\">https:\/\/albal.sede.dival.es\/carpetaciudadana\/tramite.aspx?idtramite=18984<\/a><\/p>\n<p><a class=\"pdf\" href=\"https:\/\/albal.es\/content-albal\/uploads\/2025\/11\/EDICTO-CONCESION-web.pdf\" rel=\"attachment wp-att-61856\">Edicto de concesi\u00f3n<\/a><\/p>\n<div class='et-learn-more clearfix'>\n\t\t\t\t\t<h3 class='heading-more'>Consulta el estado de tu expediente<span class='et_learnmore_arrow'><span><\/span><\/span><\/h3>\n\t\t\t\t\t<div class='learn-more-content'><div class='albsub_formulario_consulta' id='albsub_formulario_consulta18' ><div class='albsub_modal' class='albsub_modal' id='albsub_modal18' style='display:none;position:absolute;width:100%;height:100%;'><div class='albsub_ventana_espera' id='albsub_ventana_espera18' style='display:none;display:inline-block;position:absolute;z-index:10;'><img data-src='https:\/\/albal.es\/content-albal\/plugins\/albal-consulta-subvenciones\/images\/spin.gif' alt='Waiting...' src='data:image\/svg+xml;base64,PHN2ZyB3aWR0aD0iMSIgaGVpZ2h0PSIxIiB4bWxucz0iaHR0cDovL3d3dy53My5vcmcvMjAwMC9zdmciPjwvc3ZnPg==' class='lazyload' style='--smush-placeholder-width: 176px; --smush-placeholder-aspect-ratio: 176\/176;' \/><\/div><\/div><p style='color:#F00;text-align:center;display:none;' class='albsub_label_errorConsulta' id='albsub_label_errorConsulta18'>No se ha podido realizar la consulta. Por favor, int\u00e9ntelo m\u00e1s tarde.<\/p><p style='color:#F00;text-align:center;display:none;' class='albsub_label_errorSinDatos' id='albsub_label_errorSinDatos18'>El N.I.F. introducido no se encuentra en la base de datos.<\/p><form name='Beques' style='text-align:center;margin:20px;'><input type='hidden' name='convocatoria' value='18' \/><input type='hidden' name='lang' value='es_ES' \/>N.I.F.:&nbsp;&nbsp;&nbsp;<input type='text' maxlength='9' size='9' name='dni_consulta' class='NIFBeneficiari' id='NIFBeneficiari18' required='required' placeholder='123456789X' pattern=\"[a-zA-Z0-9]{1}[0-9]{7}[a-zA-Z0-9]{1}\" \/><input type='button' name='Consultar' value='Consultar' disabled='disabled' \/><\/form><\/div><div class='albsub_resultado_consulta' id='albsub_resultado_consulta18' style='display:none;'><h5 style='text-align:center;'>Datos de la ayuda<\/h5><table style='width:inherit;margin-left:auto;margin-right:auto;border:1px solid #CCC;margin-top:10px;'><tr><td style='text-align:right;vertical-align:middle;padding:3px 10px 3px 10px;background-color:#CCC;'>N.I.F. Beneficiario:<\/td><td style='text-align:left;vertical-align:middle;padding:3px 10px 3px 10px;' class='albsub_resultado_NIF' id='albsub_resultado_NIF18'><\/td><\/tr><tr><td style='text-align:right;vertical-align:middle;padding:3px 10px 3px 10px;background-color:#CCC;'>Estado de la ayuda:<\/td><td style='text-align:left;vertical-align:middle;padding:3px 10px 3px 10px;' class='albsub_resultado_estado' id='albsub_resultado_estado18'><\/td><\/tr><tr><td colspan='2' style='font-size:75%;text-align:left;vertical-align:middle;padding:3px 10px 3px 10px;' class='albsub_resultado_masInfo' id='albsub_resultado_masInfo18'><\/td><\/tr><\/table><p style='text-align:center;'><input type='button' name='nuevaConsulta' class='albsub_resultado_nuevaConsulta' id='albsub_resultado_nuevaConsulta18' convocatoria='18' value='Realizar una nueva consulta'><\/p><\/div><\/div>\n\t\t\t\t<\/div>\n<p>[\/et_pb_accordion_item][et_pb_accordion_item title=\u00bbAula matinal\u00bb _builder_version=\u00bb4.27.4&#8243; global_colors_info=\u00bb{}\u00bb open=\u00bboff\u00bb]<\/p>\n<p>Desde este Ayuntamiento ofrecemos a todos los padres y madres de los ni\u00f1os y ni\u00f1as de 3 a 12 a\u00f1os que asisten a los centros docentes de la poblaci\u00f3n \u201cL\u2019AULA MATINAL\u201d, desde el inicio del curso. Este servicio se ha hecho por cubrir las necesidades de los padres\/madres de los ni\u00f1os que no puedan atender a sus hijos\/as a primera hora de la ma\u00f1ana.<\/p>\n<p>Horario del servicio de \u00abl\u2019aula matinal\u00bb:<\/p>\n<p>7.30\u202fh a 9.00\u202fh Horario de entrada de los ni\u00f1os\/as: 7.30 h a 8.15\u202fh<\/p>\n<p><strong>Matr\u00edcula abierta hasta al 1 de septiembre 2025.<\/strong><\/p>\n<p>Para m\u00e1s informaci\u00f3n y formalizaci\u00f3n del tr\u00e1mite pueden acceder al siguiente enlace:<\/p>\n<p><a class=\"e-tramite\" href=\"https:\/\/albal.sede.dival.es\/carpetaciudadana\/tramite.aspx?idtramite=18746\">Sede Electr\u00f3nica &#8211; AYUNTAMIENTO DE ALBAL<\/a><\/p>\n<p>&nbsp;<\/p>\n<p>[\/et_pb_accordion_item][et_pb_accordion_item title=\u00bbEscolarizaci\u00f3n plazo ordinario (Admisi\u00f3n alumnado 25\/26)\u00bb _builder_version=\u00bb4.27.4&#8243; _module_preset=\u00bbdefault\u00bb global_colors_info=\u00bb{}\u00bb open=\u00bboff\u00bb]<\/p>\n<p><a class=\"pdf\" href=\"https:\/\/view.genially.com\/664a32664597810014935281\/presentation-admissio-curs-24-25\">Presentaci\u00f3n admisi\u00f3n curso 25-26<\/a><\/p>\n<p>[\/et_pb_accordion_item][et_pb_accordion_item title=\u00bbEscuela de verano 2025&#8243; _builder_version=\u00bb4.27.4&#8243; _module_preset=\u00bbdefault\u00bb global_colors_info=\u00bb{}\u00bb open=\u00bboff\u00bb]<\/p>\n<p>Para m\u00e1s informaci\u00f3n y formalizaci\u00f3n del tr\u00e1mite acceder al siguiente enlace:<\/p>\n<p><a class=\"e-tramite\" href=\"https:\/\/albal.sede.dival.es\/carpetaciudadana\/tramite.aspx?idtramite=18991\">Sede Electr\u00f3nica &#8211; AYUNTAMIENTO DE ALBAL<\/a><\/p>\n<p>[\/et_pb_accordion_item][et_pb_accordion_item title=\u00bbBecas de transporte escolar para estudios no obligatorios curso 2024-2025&#8243; content_last_edited=\u00bboff|desktop\u00bb _builder_version=\u00bb4.27.4&#8243; global_colors_info=\u00bb{}\u00bb open=\u00bboff\u00bb]<\/p>\n<p>&nbsp;<\/p>\n<p>El objeto de estas bases reguladoras es la adjudicaci\u00f3n de ayudas para el curso acad\u00e9mico 2024\/25.<\/p>\n<p><strong>Plazo de presentaci\u00f3n de instancias del 29 de octubre al 19 de noviembre de 2024.<\/strong><\/p>\n<p><a class=\"pdf\" href=\"https:\/\/albal.es\/content-albal\/uploads\/2021\/02\/ORDENAN%C3%87A-GENERAL-DE-SUBVENCIONS-AJUNTAMENT-DALBAL-1.pdf\" target=\"_blank\" rel=\"noopener noreferrer\">Bases Ordenanza reguladora de subvenciones del Ayuntamiento de Albal<\/a><\/p>\n<p><a class=\"pdf\" href=\"https:\/\/albal.es\/content-albal\/uploads\/2024\/10\/diligenciada-CONVOCATORIA-BECAS-DE-TRANSPORTE-ESTUDIOS-CURSO-2024-2025-web.pdf\" rel=\"attachment wp-att-57550\">Convocatoria<\/a><\/p>\n<p><a class=\"pdf\" href=\"https:\/\/albal.es\/content-albal\/uploads\/2021\/09\/EDU24.pdf\">Instancia<\/a><\/p>\n<p><a class=\"pdf\" href=\"https:\/\/albal.es\/content-albal\/uploads\/2024\/10\/BOP-no208-de-28-de-octubre-de-2024-1.pdf\" rel=\"attachment wp-att-57699\">BOP n\u00ba208 de 28 de octubre de 2024<\/a><\/p>\n<p><a class=\"pdf\" href=\"https:\/\/albal.es\/content-albal\/uploads\/2024\/12\/EDICTO-CONCESION-web-1.pdf\" rel=\"attachment wp-att-58847\">Edicto de concesi\u00f3n<\/a><\/p>\n<div class='et-learn-more clearfix'>\n\t\t\t\t\t<h3 class='heading-more'>Consulta el estado de tu expediente<span class='et_learnmore_arrow'><span><\/span><\/span><\/h3>\n\t\t\t\t\t<div class='learn-more-content'><div class='albsub_formulario_consulta' id='albsub_formulario_consulta15' ><div class='albsub_modal' class='albsub_modal' id='albsub_modal15' style='display:none;position:absolute;width:100%;height:100%;'><div class='albsub_ventana_espera' id='albsub_ventana_espera15' style='display:none;display:inline-block;position:absolute;z-index:10;'><img data-src='https:\/\/albal.es\/content-albal\/plugins\/albal-consulta-subvenciones\/images\/spin.gif' alt='Waiting...' src='data:image\/svg+xml;base64,PHN2ZyB3aWR0aD0iMSIgaGVpZ2h0PSIxIiB4bWxucz0iaHR0cDovL3d3dy53My5vcmcvMjAwMC9zdmciPjwvc3ZnPg==' class='lazyload' style='--smush-placeholder-width: 176px; --smush-placeholder-aspect-ratio: 176\/176;' \/><\/div><\/div><p style='color:#F00;text-align:center;display:none;' class='albsub_label_errorConsulta' id='albsub_label_errorConsulta15'>No se ha podido realizar la consuta. Por favor, int\u00e9ntelo m\u00e1s tarde.<\/p><p style='color:#F00;text-align:center;display:none;' class='albsub_label_errorSinDatos' id='albsub_label_errorSinDatos15'>El N.I.F. introducido no se encuentra en la base de datos.<\/p><form name='Beques' style='text-align:center;margin:20px;'><input type='hidden' name='convocatoria' value='15' \/><input type='hidden' name='lang' value='es_ES' \/>N.I.F.:&nbsp;&nbsp;&nbsp;<input type='text' maxlength='9' size='9' name='dni_consulta' class='NIFBeneficiari' id='NIFBeneficiari15' required='required' placeholder='123456789X' pattern=\"[a-zA-Z0-9]{1}[0-9]{7}[a-zA-Z0-9]{1}\" \/><input type='button' name='Consultar' value='Consultar' disabled='disabled' \/><\/form><\/div><div class='albsub_resultado_consulta' id='albsub_resultado_consulta15' style='display:none;'><h5 style='text-align:center;'>Datos de la ayuda<\/h5><table style='width:inherit;margin-left:auto;margin-right:auto;border:1px solid #CCC;margin-top:10px;'><tr><td style='text-align:right;vertical-align:middle;padding:3px 10px 3px 10px;background-color:#CCC;'>N.I.F. Beneficiario:<\/td><td style='text-align:left;vertical-align:middle;padding:3px 10px 3px 10px;' class='albsub_resultado_NIF' id='albsub_resultado_NIF15'><\/td><\/tr><tr><td style='text-align:right;vertical-align:middle;padding:3px 10px 3px 10px;background-color:#CCC;'>Estado de la ayuda:<\/td><td style='text-align:left;vertical-align:middle;padding:3px 10px 3px 10px;' class='albsub_resultado_estado' id='albsub_resultado_estado15'><\/td><\/tr><tr><td colspan='2' style='font-size:75%;text-align:left;vertical-align:middle;padding:3px 10px 3px 10px;' class='albsub_resultado_masInfo' id='albsub_resultado_masInfo15'><\/td><\/tr><\/table><p style='text-align:center;'><input type='button' name='nuevaConsulta' class='albsub_resultado_nuevaConsulta' id='albsub_resultado_nuevaConsulta15' convocatoria='15' value='Realizar una nueva consulta'><\/p><\/div><\/div>\n\t\t\t\t<\/div>\n<p>&nbsp;<\/p>\n<p>&nbsp;<\/p>\n<p>&nbsp;<\/p>\n<p>[\/et_pb_accordion_item][et_pb_accordion_item title=\u00bbAyudas econ\u00f3micas para Educaci\u00f3n Infantil (1r ciclo) &#8211; 2023-2024&#8243; _builder_version=\u00bb4.25.2&#8243; global_colors_info=\u00bb{}\u00bb open=\u00bboff\u00bb]<\/p>\n<p>&nbsp;<\/p>\n<p>Facilitar y favorecer la escolarizaci\u00f3n infantil, ha considerado conveniente la dotaci\u00f3n de una f\u00f3rmula para la concesi\u00f3n de ayudas econ\u00f3micas para la incorporaci\u00f3n al sistema educativo, que permite la libre elecci\u00f3n de centro educativo por parte de los padres que tienen hijos en edad de acceder a la Educaci\u00f3n Infantil.<\/p>\n<p><strong>Plazo de presentaci\u00f3n de instancias del 1 de septiembre al 15 de octubre de 2023.\u00a0<\/strong><\/p>\n<p><a class=\"pdf\" href=\"https:\/\/albal.es\/content-albal\/uploads\/2021\/02\/ORDENAN%C3%87A-GENERAL-DE-SUBVENCIONS-AJUNTAMENT-DALBAL-1.pdf\">Bases Ordenanza reguladora de subvenciones del Ayuntamiento de Albal<\/a><\/p>\n<p><a class=\"pdf\" href=\"https:\/\/albal.es\/content-albal\/uploads\/2023\/07\/diligenciada-CONVOCATORIA-BECAS-DE-EDUCACION-INFANTIL-curso-2023-2024-web.pdf\" rel=\"attachment wp-att-50016\">Convocatoria<\/a><\/p>\n<p><a class=\"pdf\" href=\"https:\/\/albal.es\/content-albal\/uploads\/2023\/09\/INSTANCIA.pdf\" rel=\"attachment wp-att-50624\">Instancia<\/a><\/p>\n<p><a class=\"pdf\" href=\"https:\/\/albal.es\/ficheros\/pdf\/EDU08.pdf\" target=\"_blank\" rel=\"noopener noreferrer\">Instancia justificaci\u00f3n ayudas<\/a><\/p>\n<p><a class=\"pdf\" href=\"https:\/\/albal.es\/content-albal\/uploads\/2023\/08\/Butlleti-Oficial-de-la-Provincia-de-Valencia-150-del-03_08_23-1.pdf\" rel=\"attachment wp-att-50161\">Bolet\u00edn Oficial de la Provincia de Valencia n\u00ba150 del 03_08_23<\/a><\/p>\n<p><a class=\"pdf\" href=\"https:\/\/albal.es\/content-albal\/uploads\/2023\/12\/EDICTO-SUBSANACION-web.pdf\" rel=\"attachment wp-att-52597\">Edicto de subsanaci\u00f3n<\/a><\/p>\n<p><a class=\"pdf\" href=\"https:\/\/albal.es\/content-albal\/uploads\/2024\/01\/EDICTO-CONCESION-web.pdf\" rel=\"attachment wp-att-54491\">Edicto de concesi\u00f3n<\/a><\/p>\n<div class='et-learn-more clearfix'>\n\t\t\t\t\t<h3 class='heading-more'>Consulta el estado de tu expediente<span class='et_learnmore_arrow'><span><\/span><\/span><\/h3>\n\t\t\t\t\t<div class='learn-more-content'><div class='albsub_formulario_consulta' id='albsub_formulario_consulta10' ><div class='albsub_modal' class='albsub_modal' id='albsub_modal10' style='display:none;position:absolute;width:100%;height:100%;'><div class='albsub_ventana_espera' id='albsub_ventana_espera10' style='display:none;display:inline-block;position:absolute;z-index:10;'><img data-src='https:\/\/albal.es\/content-albal\/plugins\/albal-consulta-subvenciones\/images\/spin.gif' alt='Waiting...' src='data:image\/svg+xml;base64,PHN2ZyB3aWR0aD0iMSIgaGVpZ2h0PSIxIiB4bWxucz0iaHR0cDovL3d3dy53My5vcmcvMjAwMC9zdmciPjwvc3ZnPg==' class='lazyload' style='--smush-placeholder-width: 176px; --smush-placeholder-aspect-ratio: 176\/176;' \/><\/div><\/div><p style='color:#F00;text-align:center;display:none;' class='albsub_label_errorConsulta' id='albsub_label_errorConsulta10'>No se ha podido realizar la consuta. Por favor, int\u00e9ntelo m\u00e1s tarde.<\/p><p style='color:#F00;text-align:center;display:none;' class='albsub_label_errorSinDatos' id='albsub_label_errorSinDatos10'>El N.I.F. introducido no se encuentra en la base de datos.<\/p><form name='Beques' style='text-align:center;margin:20px;'><input type='hidden' name='convocatoria' value='10' \/><input type='hidden' name='lang' value='es_ES' \/>N.I.F.:&nbsp;&nbsp;&nbsp;<input type='text' maxlength='9' size='9' name='dni_consulta' class='NIFBeneficiari' id='NIFBeneficiari10' required='required' placeholder='123456789X' pattern=\"[a-zA-Z0-9]{1}[0-9]{7}[a-zA-Z0-9]{1}\" \/><input type='button' name='Consultar' value='Consultar' disabled='disabled' \/><\/form><\/div><div class='albsub_resultado_consulta' id='albsub_resultado_consulta10' style='display:none;'><h5 style='text-align:center;'>Datos de la ayuda<\/h5><table style='width:inherit;margin-left:auto;margin-right:auto;border:1px solid #CCC;margin-top:10px;'><tr><td style='text-align:right;vertical-align:middle;padding:3px 10px 3px 10px;background-color:#CCC;'>N.I.F. Beneficiario:<\/td><td style='text-align:left;vertical-align:middle;padding:3px 10px 3px 10px;' class='albsub_resultado_NIF' id='albsub_resultado_NIF10'><\/td><\/tr><tr><td style='text-align:right;vertical-align:middle;padding:3px 10px 3px 10px;background-color:#CCC;'>Estado de la ayuda:<\/td><td style='text-align:left;vertical-align:middle;padding:3px 10px 3px 10px;' class='albsub_resultado_estado' id='albsub_resultado_estado10'><\/td><\/tr><tr><td colspan='2' style='font-size:75%;text-align:left;vertical-align:middle;padding:3px 10px 3px 10px;' class='albsub_resultado_masInfo' id='albsub_resultado_masInfo10'><\/td><\/tr><\/table><p style='text-align:center;'><input type='button' name='nuevaConsulta' class='albsub_resultado_nuevaConsulta' id='albsub_resultado_nuevaConsulta10' convocatoria='10' value='Realizar una nueva consulta'><\/p><\/div><\/div>\n\t\t\t\t<\/div>\n<p><a class=\"pdf\" href=\"https:\/\/albal.es\/content-albal\/uploads\/2024\/07\/EDICTO-CONCESION-perdiodo-extraordinario-WEB.pdf\" rel=\"attachment wp-att-56691\">Edicto de concesi\u00f3n perdiodo extraordinario<\/a><\/p>\n<div class='et-learn-more clearfix'>\n\t\t\t\t\t<h3 class='heading-more'>Consulta el estado de tu expediente<span class='et_learnmore_arrow'><span><\/span><\/span><\/h3>\n\t\t\t\t\t<div class='learn-more-content'><div class='albsub_formulario_consulta' id='albsub_formulario_consulta11' ><div class='albsub_modal' class='albsub_modal' id='albsub_modal11' style='display:none;position:absolute;width:100%;height:100%;'><div class='albsub_ventana_espera' id='albsub_ventana_espera11' style='display:none;display:inline-block;position:absolute;z-index:10;'><img data-src='https:\/\/albal.es\/content-albal\/plugins\/albal-consulta-subvenciones\/images\/spin.gif' alt='Waiting...' src='data:image\/svg+xml;base64,PHN2ZyB3aWR0aD0iMSIgaGVpZ2h0PSIxIiB4bWxucz0iaHR0cDovL3d3dy53My5vcmcvMjAwMC9zdmciPjwvc3ZnPg==' class='lazyload' style='--smush-placeholder-width: 176px; --smush-placeholder-aspect-ratio: 176\/176;' \/><\/div><\/div><p style='color:#F00;text-align:center;display:none;' class='albsub_label_errorConsulta' id='albsub_label_errorConsulta11'>No se ha podido realizar la consuta. Por favor, int\u00e9ntelo m\u00e1s tarde.<\/p><p style='color:#F00;text-align:center;display:none;' class='albsub_label_errorSinDatos' id='albsub_label_errorSinDatos11'>El N.I.F. introducido no se encuentra en la base de datos.<\/p><form name='Beques' style='text-align:center;margin:20px;'><input type='hidden' name='convocatoria' value='11' \/><input type='hidden' name='lang' value='es_ES' \/>N.I.F.:&nbsp;&nbsp;&nbsp;<input type='text' maxlength='9' size='9' name='dni_consulta' class='NIFBeneficiari' id='NIFBeneficiari11' required='required' placeholder='123456789X' pattern=\"[a-zA-Z0-9]{1}[0-9]{7}[a-zA-Z0-9]{1}\" \/><input type='button' name='Consultar' value='Consultar' disabled='disabled' \/><\/form><\/div><div class='albsub_resultado_consulta' id='albsub_resultado_consulta11' style='display:none;'><h5 style='text-align:center;'>Datos de la ayuda<\/h5><table style='width:inherit;margin-left:auto;margin-right:auto;border:1px solid #CCC;margin-top:10px;'><tr><td style='text-align:right;vertical-align:middle;padding:3px 10px 3px 10px;background-color:#CCC;'>N.I.F. Beneficiario:<\/td><td style='text-align:left;vertical-align:middle;padding:3px 10px 3px 10px;' class='albsub_resultado_NIF' id='albsub_resultado_NIF11'><\/td><\/tr><tr><td style='text-align:right;vertical-align:middle;padding:3px 10px 3px 10px;background-color:#CCC;'>Estado de la ayuda:<\/td><td style='text-align:left;vertical-align:middle;padding:3px 10px 3px 10px;' class='albsub_resultado_estado' id='albsub_resultado_estado11'><\/td><\/tr><tr><td colspan='2' style='font-size:75%;text-align:left;vertical-align:middle;padding:3px 10px 3px 10px;' class='albsub_resultado_masInfo' id='albsub_resultado_masInfo11'><\/td><\/tr><\/table><p style='text-align:center;'><input type='button' name='nuevaConsulta' class='albsub_resultado_nuevaConsulta' id='albsub_resultado_nuevaConsulta11' convocatoria='11' value='Realizar una nueva consulta'><\/p><\/div><\/div>\n\t\t\t\t<\/div>\n<p>&nbsp;<\/p>\n<p>[\/et_pb_accordion_item][et_pb_accordion_item title=\u00bbEscolarizaci\u00f3n fuera de plazo ordinario (no incluye cambio de centro escolar dentro del municipio de Albal durante el curso )\u00bb _builder_version=\u00bb4.27.4&#8243; _module_preset=\u00bbdefault\u00bb global_colors_info=\u00bb{}\u00bb open=\u00bboff\u00bb]<\/p>\n<p><a class=\"pdf\" href=\"https:\/\/albal.es\/content-albal\/uploads\/2025\/03\/INSTANCIA-Y-Anexo-I.pdf\" rel=\"attachment wp-att-59488\">Instancia<\/a><\/p>\n<p>[\/et_pb_accordion_item][et_pb_accordion_item title=\u00bbOrdenanzas\u00bb _builder_version=\u00bb4.16&#8243; global_colors_info=\u00bb{}\u00bb open=\u00bboff\u00bb]<\/p>\n<p><a class=\"pdf\" href=\"https:\/\/albal.sede.dival.es\/opencms\/export\/sites\/sedeAlbal\/contenidosEstructurados\/documentos\/ordenanzas\/REG0013C.pdf\" target=\"_blank\" rel=\"noopener noreferrer\">Reglamento regulador del servicio p\u00fablico de la Escuela Infantil Municipal<\/a><\/p>\n<p class=\"desc-pdf\">El Reglamento del servicio es la disposici\u00f3n de car\u00e1cter general emanada del Pleno del Ayuntamiento, que regula el funcionamiento y forma de prestaci\u00f3n del servicio, en sus aspectos t\u00e9cnicos, organizativos, sanitarios, educativos, econ\u00f3micos y procedimentales. Son normas de general cumplimiento para la gesti\u00f3n y las personas usuarias de la Escuela Infantil emplazada en el sector 1.1.b en el Municipio de Albal.<\/p>\n<p><a class=\"pdf\" href=\"https:\/\/albal.sede.dival.es\/opencms\/export\/sites\/sedeAlbal\/contenidosEstructurados\/documentos\/ordenanzas\/FPP0003C.pdf\" target=\"_blank\" rel=\"noopener noreferrer\">Ordenanza reguladora del precio p\u00fablico por la prestaci\u00f3n de servicios en la Escuela Infantil Municipal<\/a><\/p>\n<p class=\"desc-pdf\">De conformidad con lo previsto en el art\u00edculo 41 del R.D. Legislativo 2\/2004, de 5 de marzo, este Ayuntamiento establece las tarifas del SERVICIO DE ESCUELA INFANTIL MUNICIPAL, que se regir\u00e1 por la presente Ordenanza o Norma reguladora.<\/p>\n<p>[\/et_pb_accordion_item][\/et_pb_accordion][\/et_pb_column][et_pb_column type=\u00bb2_5&#8243; module_class=\u00bbcontent-impresos\u00bb _builder_version=\u00bb4.16&#8243; global_colors_info=\u00bb{}\u00bb][et_pb_text admin_label=\u00bbTitulo \u00abImpresos i enlla\u00e7os a Seu electr\u00f2nica\u00bb\u00bb _builder_version=\u00bb4.16&#8243; _module_preset=\u00bbdefault\u00bb locked=\u00bbon\u00bb global_colors_info=\u00bb{}\u00bb]<\/p>\n<h2>Impresos y enlaces a Sede electr\u00f3nica<\/h2>\n<p>[\/et_pb_text][et_pb_cpt_loop_archive loop_layout=\u00bb6282&#8243; show_pagination=\u00bboff\u00bb new_query=\u00bbon\u00bb post_type=\u00bbimpreso_tramit\u00bb posts_number=\u00bb999&#8243; include_meta=\u00bbpagina_de_destinacio\u00bb include_meta_terms=\u00bb684&#8243; hide_if_no_data=\u00bbon\u00bb order=\u00bbasc\u00bb admin_label=\u00bbImpresos i enlla\u00e7os a Seu Electronica\u00bb module_class=\u00bbcontent-impresos-dinamic\u00bb _builder_version=\u00bb4.16&#8243; headings_font_size=\u00bb36px\u00bb background_color=\u00bb#ffffff\u00bb border_radii=\u00bbon|8px|8px|8px|8px\u00bb border_width_all=\u00bb1px\u00bb border_color_all=\u00bb#cccccc\u00bb locked=\u00bbon\u00bb global_colors_info=\u00bb{}\u00bb][\/et_pb_cpt_loop_archive][et_pb_code module_class=\u00bbcontent-mostrar-impresos\u00bb _builder_version=\u00bb4.16&#8243; _module_preset=\u00bbdefault\u00bb locked=\u00bbon\u00bb global_colors_info=\u00bb{}\u00bb]<pee><style>.et_pb_cpt_loop_archive.content-impresos-dinamic:before { content:\"Impresos y enlaces a Sede electr\u00f3nica\";}\t<\/style><\/pee>[\/et_pb_code][\/et_pb_column][\/et_pb_row][et_pb_row disabled_on=\u00bboff|on|on\u00bb admin_label=\u00bbCarga solo en MOVIL\u00bb _builder_version=\u00bb4.16&#8243; custom_padding=\u00bb0px||||false|false\u00bb locked=\u00bboff\u00bb global_colors_info=\u00bb{}\u00bb][et_pb_column type=\u00bb4_4&#8243; _builder_version=\u00bb4.16&#8243; global_colors_info=\u00bb{}\u00bb][et_pb_text disabled_on=\u00bboff|off|off\u00bb admin_label=\u00bbAmic\u00bb module_class=\u00bbamic-cita\u00bb _builder_version=\u00bb4.16&#8243; header_4_font=\u00bb||||||||\u00bb header_4_text_color=\u00bb#c40038&#8243; custom_margin=\u00bb||0px||false|false\u00bb custom_padding=\u00bb||15px||false|false\u00bb saved_tabs=\u00bball\u00bb locked=\u00bbon\u00bb global_colors_info=\u00bb{}\u00bb]<\/p>\n<h3><img decoding=\"async\" class=\"wp-image-464 alignnone size-full lazyload\" data-src=\"https:\/\/albal.es\/content-albal\/uploads\/2020\/07\/logo-amic-2-1.png\" alt=\"\" width=\"135\" height=\"46\" src=\"data:image\/svg+xml;base64,PHN2ZyB3aWR0aD0iMSIgaGVpZ2h0PSIxIiB4bWxucz0iaHR0cDovL3d3dy53My5vcmcvMjAwMC9zdmciPjwvc3ZnPg==\" style=\"--smush-placeholder-width: 135px; --smush-placeholder-aspect-ratio: 135\/46;\" \/><\/h3>\n<h3>Atenci\u00f3n Municipal de Informaci\u00f3n Ciudadana<\/h3>\n<h4>REGISTROS y SOLICITUDES<\/h4>\n<p>Plaza del Jard\u00edn, 7. Ayto. de Albal \u2013\u00a0<strong>Planta baja<\/strong> Tel:\u00a0<strong>96 126 00 56<\/strong>\u00a0\u00b7 Fax: 96 127 08 61 <a class=\"bot-cita-previa\" href=\"https:\/\/citaprevia.albal.es:10080\/\" target=\"_blank\" rel=\"noopener noreferrer\">Cita previa<\/a> <a class=\"bot-seu-electronica\" href=\"https:\/\/albal.sede.dival.es\/\" target=\"_blank\" rel=\"noopener noreferrer\">Sede electr\u00f3nica<\/a><\/p>\n<p>[\/et_pb_text][\/et_pb_column][\/et_pb_row][\/et_pb_section][et_pb_section fb_built=\u00bb1&#8243; admin_label=\u00bb(ancla) #informacion\u00bb module_id=\u00bbinformacion\u00bb _builder_version=\u00bb4.16&#8243; background_color=\u00bb#e2e1de\u00bb custom_padding=\u00bb50px||||false|false\u00bb border_width_top=\u00bb1px\u00bb border_color_top=\u00bb#cccccc\u00bb collapsed=\u00bboff\u00bb global_colors_info=\u00bb{}\u00bb][et_pb_row _builder_version=\u00bb4.16&#8243; background_color=\u00bbrgba(0,0,0,0)\u00bb custom_padding=\u00bb0px||||false|false\u00bb global_colors_info=\u00bb{}\u00bb][et_pb_column type=\u00bb4_4&#8243; _builder_version=\u00bb4.16&#8243; global_colors_info=\u00bb{}\u00bb][et_pb_text admin_label=\u00bbTitulo Informaci\u00f3\u00bb module_class=\u00bbtit-seccion\u00bb _builder_version=\u00bb4.16&#8243; locked=\u00bboff\u00bb global_colors_info=\u00bb{}\u00bb]<\/p>\n<h2><img decoding=\"async\" class=\"size-medium alignleft lazyload\" data-src=\"https:\/\/albal.es\/img\/iconos\/informacion-mostrador-45x45.svg\" alt=\"\" width=\"45\" height=\"45\" src=\"data:image\/svg+xml;base64,PHN2ZyB3aWR0aD0iMSIgaGVpZ2h0PSIxIiB4bWxucz0iaHR0cDovL3d3dy53My5vcmcvMjAwMC9zdmciPjwvc3ZnPg==\" style=\"--smush-placeholder-width: 45px; --smush-placeholder-aspect-ratio: 45\/45;\" \/>Informaci\u00f3n<\/h2>\n<p>[\/et_pb_text][\/et_pb_column][\/et_pb_row][et_pb_row column_structure=\u00bb1_2,1_2&#8243; make_equal=\u00bbon\u00bb admin_label=\u00bbSolo un modulo por fila\u00bb _builder_version=\u00bb4.16&#8243; custom_padding=\u00bb0px||||false|false\u00bb global_colors_info=\u00bb{}\u00bb][et_pb_column type=\u00bb1_2&#8243; _builder_version=\u00bb4.16&#8243; border_width_bottom=\u00bb1px\u00bb border_color_bottom=\u00bb#cccccc\u00bb global_colors_info=\u00bb{}\u00bb][et_pb_text admin_label=\u00bbActivitats i servicis en l&#8217;\u00e0rea de Educaci\u00f3\u00bb _builder_version=\u00bb4.16&#8243; custom_padding=\u00bb||25px||false|false\u00bb global_colors_info=\u00bb{}\u00bb]<\/p>\n<h3>Actividades y servicios en el \u00e1rea de Educaci\u00f3n<\/h3>\n<p>El Ayuntamiento de Albal est\u00e1 realizando una destacada labor de impulso de la educaci\u00f3n. Para ello se realizan importantes inversiones econ\u00f3micas en la subvenci\u00f3n de libros de texto para escolares, becas para ni\u00f1os discapacitados, becas para ni\u00f1os de 0 a 3 a\u00f1os, etc.<\/p>\n<p>[\/et_pb_text][\/et_pb_column][et_pb_column type=\u00bb1_2&#8243; _builder_version=\u00bb4.16&#8243; border_width_bottom=\u00bb1px\u00bb border_color_bottom=\u00bb#cccccc\u00bb global_colors_info=\u00bb{}\u00bb][et_pb_text admin_label=\u00bbEscola Matinera\u00bb _builder_version=\u00bb4.16&#8243; custom_padding=\u00bb||25px||false|false\u00bb global_colors_info=\u00bb{}\u00bb]<\/p>\n<h3>Escola Matinera en los centros docentes p\u00fablicos de la poblaci\u00f3n organizada por el Ayuntamiento<\/h3>\n<p>La \u201cEscola Matinera\u201d es una actividad l\u00fadico-educativa, en el cual se realizan juegos, actividades y talleres para ni\u00f1os de edades comprendidas entre 3 y 12 a\u00f1os, que no se dirigen a obtener un resultado final exterior a ellas. El objetivo principal es que los ni\u00f1os se diviertan, interact\u00faen y desarrollen su creatividad a trav\u00e9s de los juegos y talleres que se proponen, al mismo tiempo que se fomentan actitudes de respeto, colaboraci\u00f3n, convivencia, tolerancia y solidaridad. Las actividades que se realizan son: \u2013 Juegos de tipo l\u00fadico (canciones, danzas, juegos de interior). \u2013 Talleres de tipo creativo (ellos mismos construyen sus propios juegos, juguetes y objetos). \u2013 Talleres relacionados con fechas se\u00f1aladas (Fallas, D\u00eda de la Madre, D\u00eda de la Comunidad Valenciana, D\u00eda de San Blas\u2026). Esta actividad esta subvencionada por el Ayuntamiento.<\/p>\n<p>[\/et_pb_text][\/et_pb_column][\/et_pb_row][et_pb_row admin_label=\u00bbSolo un modulo por fila\u00bb _builder_version=\u00bb4.16&#8243; custom_padding=\u00bb||0px||false|false\u00bb global_colors_info=\u00bb{}\u00bb][et_pb_column type=\u00bb4_4&#8243; _builder_version=\u00bb4.16&#8243; global_colors_info=\u00bb{}\u00bb][et_pb_text admin_label=\u00bbTitol Gabinet Psicopedag\u00f2gic Municipal\u00bb _builder_version=\u00bb4.16&#8243; custom_padding=\u00bb||15px||false|false\u00bb global_colors_info=\u00bb{}\u00bb]<\/p>\n<h3>Gabinete Psicopedag\u00f3gico Municipal<\/h3>\n<p>[\/et_pb_text][\/et_pb_column][\/et_pb_row][et_pb_row column_structure=\u00bb1_2,1_2&#8243; make_equal=\u00bbon\u00bb admin_label=\u00bbSolo un modulo por fila\u00bb _builder_version=\u00bb4.16&#8243; custom_padding=\u00bb0px||||false|false\u00bb global_colors_info=\u00bb{}\u00bb][et_pb_column type=\u00bb1_2&#8243; _builder_version=\u00bb4.16&#8243; border_width_bottom=\u00bb1px\u00bb border_color_bottom=\u00bb#cccccc\u00bb global_colors_info=\u00bb{}\u00bb][et_pb_text admin_label=\u00bbGabinet Psicopedag\u00f2gic Municipal\u00bb _builder_version=\u00bb4.16&#8243; custom_padding=\u00bb||25px||false|false\u00bb global_colors_info=\u00bb{}\u00bb]<\/p>\n<h4>\u00bfQu\u00e9 es?<\/h4>\n<p>El Gabinete Psicopedag\u00f3gico municipal es un servicio creado por el Ayuntamiento de Albal y homologado por la Conseller\u00eda de Educaci\u00f3n, que atiende la poblaci\u00f3n escolar de todos los centros de la localidad. CENTROS ATENDIDOS Y PSICOPEDAGOGA RESPONSABLE CEIP SAN BLAS CEIP JUAN ESTEVE MU\u00d1OZ: M. Carmen Ribes Mart\u00ednez CEIP SAN CARLOS BORROMEO: Reme Melero Cavero CEIP LA BALAGUERA: M. Jos\u00e9 Chilet Toledo CC SANTA ANA y SAN JOS\u00c9 DE LA MONTA\u00d1A: M. Jos\u00e9 Chilet Toledo<\/p>\n<h4>\u00c1mbito de actuaci\u00f3n<\/h4>\n<p>El \u00e1mbito de actuaci\u00f3n de los servicios especializados de orientaci\u00f3n educativa, psicopedag\u00f3gica y profesional de la Conseller\u00eda de Educaci\u00f3n es el de los centros docentes sostenidos con fondos p\u00fablicos de la Comunidad Valenciana que imparten las ense\u00f1anzas de r\u00e9gimen general que regula la Ley Org\u00e1nica 1\/1990 de 3 de octubre, de Ordenaci\u00f3n General del Sistema Educativo. El Gabinete Psicopedag\u00f3gico municipal atiende cuatro colegios p\u00fablicos y uno de concertado sostenido con fondos p\u00fablicos.<\/p>\n<p>[\/et_pb_text][\/et_pb_column][et_pb_column type=\u00bb1_2&#8243; _builder_version=\u00bb4.16&#8243; border_width_bottom=\u00bb1px\u00bb border_color_bottom=\u00bb#cccccc\u00bb global_colors_info=\u00bb{}\u00bb][et_pb_text admin_label=\u00bbGabinet Psicopedag\u00f2gic Municipal\u00bb _builder_version=\u00bb4.16&#8243; custom_padding=\u00bb||25px||false|false\u00bb global_colors_info=\u00bb{}\u00bb]<\/p>\n<h4>Funciones del gabinete psicopedag\u00f3gico<\/h4>\n<p>El Decreto 131\/1994 de 5 de julio del Gobierno Valenciano regula las funciones de los Servicios Psicopedag\u00f3gicos Escolares y de los Gabinetes Municipales Homologados.<\/p>\n<ul>\n<li class=\"p1\">Participar en el apoyo y asesoramiento a los centros educativos.<\/li>\n<li class=\"p1\">Elaborar y difundir materiales e instrumentos de orientaci\u00f3n educativa y de intervenci\u00f3n psicopedag\u00f3gica y logop\u00e9dica en las dos lenguas oficiales de la Comunidad Valenciana.<\/li>\n<li class=\"p1\">Coordinar las actividades de orientaci\u00f3n educativa y socio familiar que se realicen en los Centros docentes de su \u00e1mbito de actuaci\u00f3n.<\/li>\n<li class=\"p1\">Asesorar al profesorado en el tratamiento de la diversidad del alumnado.<\/li>\n<li class=\"p1\">Asesorar al profesorado en el dise\u00f1o de procedimientos e instrumentos de evaluaci\u00f3n, tanto de los aprendizajes del alumnado, como del mismo proceso de ense\u00f1anza.<\/li>\n<li class=\"p1\">Detectar aquellas condiciones personales y sociales que faciliten o dificulten el proceso de ense\u00f1anza y aprendizaje del alumnado y su adaptaci\u00f3n al \u00e1mbito escolar.<\/li>\n<li class=\"p1\">Realizar la evaluaci\u00f3n y la valoraci\u00f3n sociopsicopedag\u00f3gicas y logop\u00e9dicas del alumnado para la determinaci\u00f3n de su escolarizaci\u00f3n m\u00e1s adecuada y, si procede, elaborar la propuesta de diversificaci\u00f3n curricular o de adaptaci\u00f3n curricular significativa y, en su caso realizar el tratamiento logop\u00e9dico y rehabilitador.<\/li>\n<li class=\"p1\">Colaborar en la orientaci\u00f3n acad\u00e9mica, para favorecer en el alumnado la toma de decisiones.<\/li>\n<li class=\"p1\">Colaborar en la orientaci\u00f3n del alumnado en los procesos de transici\u00f3n a otras etapas e itinerarios educativos y al mundo del trabajo.<\/li>\n<li class=\"p1\">Llevar a cabo la orientaci\u00f3n psicopedag\u00f3gica sobre el proceso de ense\u00f1anza y aprendizaje y sobre la adaptaci\u00f3n personal y social en el \u00e1mbito educativo.<\/li>\n<li class=\"p1\">Asesorar a las familias o a los representantes legales del alumnado, participando, en su caso, en el desarrollo de programas formativos de padres y madres de alumnos.<\/li>\n<li class=\"p1\">Cualquier otra que se determine reglamentariamente (dict\u00e1menes de escolarizaci\u00f3n, informes psicopedag\u00f3gicos para estamentos m\u00e9dicos, legales, participaci\u00f3n en pruebas de selecci\u00f3n de personal, \u2026)<\/li>\n<\/ul>\n<p>El ejercicio de dichas funciones se realizar\u00e1 atendiendo a principios de car\u00e1cter preventivo, flexible, no discriminatorio y diferenciado seg\u00fan la diversidad social y ling\u00fc\u00edstica y seg\u00fan las aptitudes, intereses y motivaciones del alumnado.<\/p>\n<p>[\/et_pb_text][\/et_pb_column][\/et_pb_row][et_pb_row column_structure=\u00bb1_2,1_2&#8243; make_equal=\u00bbon\u00bb admin_label=\u00bbSolo un modulo por fila\u00bb _builder_version=\u00bb4.16&#8243; custom_padding=\u00bb0px||||false|false\u00bb global_colors_info=\u00bb{}\u00bb][et_pb_column type=\u00bb1_2&#8243; _builder_version=\u00bb4.16&#8243; border_width_bottom=\u00bb1px\u00bb border_color_bottom=\u00bb#cccccc\u00bb global_colors_info=\u00bb{}\u00bb][et_pb_text _builder_version=\u00bb4.16&#8243; global_colors_info=\u00bb{}\u00bb]<\/p>\n<h4>Colaboraci\u00f3n en iniciativas municipales dentro del \u00e1mbito educativo<\/h4>\n<p>Charla informativa\/formativa para la poblaci\u00f3n durante la semana cultural, con la colaboraci\u00f3n de un especialista del tema o temas a tratar.<\/p>\n<p>[\/et_pb_text][\/et_pb_column][et_pb_column type=\u00bb1_2&#8243; _builder_version=\u00bb4.16&#8243; border_width_bottom=\u00bb1px\u00bb border_color_bottom=\u00bb#cccccc\u00bb global_colors_info=\u00bb{}\u00bb][\/et_pb_column][\/et_pb_row][\/et_pb_section][et_pb_section fb_built=\u00bb1&#8243; disabled_on=\u00bbon|on|on\u00bb admin_label=\u00bb(ancla) #faq\u00bb module_id=\u00bbfaq\u00bb _builder_version=\u00bb4.16&#8243; background_color=\u00bb#dcb747&#8243; custom_padding=\u00bb50px||||false|false\u00bb disabled=\u00bbon\u00bb locked=\u00bboff\u00bb collapsed=\u00bboff\u00bb global_colors_info=\u00bb{}\u00bb][et_pb_row _builder_version=\u00bb4.16&#8243; background_color=\u00bbrgba(0,0,0,0)\u00bb custom_padding=\u00bb0px||||false|false\u00bb locked=\u00bbon\u00bb global_colors_info=\u00bb{}\u00bb][et_pb_column type=\u00bb4_4&#8243; _builder_version=\u00bb4.16&#8243; global_colors_info=\u00bb{}\u00bb][et_pb_text admin_label=\u00bbTitulo Preguntes m\u00e9s freq\u00fcents\u00bb module_class=\u00bbtit-seccion\u00bb _builder_version=\u00bb4.16&#8243; header_2_text_color=\u00bb#ffffff\u00bb global_colors_info=\u00bb{}\u00bb]<\/p>\n<h2><img decoding=\"async\" class=\"size-medium alignleft lazyload\" data-src=\"https:\/\/albal-ayto.es\/img\/iconos\/preguntas-persona-45x45.svg\" alt=\"\" width=\"45\" height=\"45\" src=\"data:image\/svg+xml;base64,PHN2ZyB3aWR0aD0iMSIgaGVpZ2h0PSIxIiB4bWxucz0iaHR0cDovL3d3dy53My5vcmcvMjAwMC9zdmciPjwvc3ZnPg==\" style=\"--smush-placeholder-width: 45px; --smush-placeholder-aspect-ratio: 45\/45;\" \/>Preguntas m\u00e1s frecuentes<\/h2>\n<p>[\/et_pb_text][\/et_pb_column][\/et_pb_row][et_pb_row column_structure=\u00bb1_2,1_2&#8243; make_equal=\u00bbon\u00bb admin_label=\u00bbSolo un modulo por fila\u00bb _builder_version=\u00bb4.16&#8243; custom_padding=\u00bb0px||||false|false\u00bb global_colors_info=\u00bb{}\u00bb][et_pb_column type=\u00bb1_2&#8243; _builder_version=\u00bb4.16&#8243; border_width_bottom=\u00bb1px\u00bb border_color_bottom=\u00bb#b09239&#8243; global_colors_info=\u00bb{}\u00bb][et_pb_text admin_label=\u00bbPregunta\u00bb _builder_version=\u00bb4.16&#8243; custom_padding=\u00bb||25px||false|false\u00bb global_colors_info=\u00bb{}\u00bb]<\/p>\n<h3>Pregunta<\/h3>\n<p>Respuesta<\/p>\n<p>[\/et_pb_text][\/et_pb_column][et_pb_column type=\u00bb1_2&#8243; _builder_version=\u00bb4.16&#8243; border_width_bottom=\u00bb1px\u00bb border_color_bottom=\u00bb#b09239&#8243; global_colors_info=\u00bb{}\u00bb][et_pb_text admin_label=\u00bbPregunta\u00bb _builder_version=\u00bb4.16&#8243; custom_padding=\u00bb||25px||false|false\u00bb global_colors_info=\u00bb{}\u00bb]<\/p>\n<h3>Pregunta<\/h3>\n<p>Respuesta<\/p>\n<p>[\/et_pb_text][\/et_pb_column][\/et_pb_row][\/et_pb_section][et_pb_section fb_built=\u00bb1&#8243; _builder_version=\u00bb4.18.1&#8243; _module_preset=\u00bbdefault\u00bb global_colors_info=\u00bb{}\u00bb][et_pb_row _builder_version=\u00bb4.18.1&#8243; _module_preset=\u00bbdefault\u00bb global_colors_info=\u00bb{}\u00bb][et_pb_column type=\u00bb4_4&#8243; _builder_version=\u00bb4.18.1&#8243; _module_preset=\u00bbdefault\u00bb global_colors_info=\u00bb{}\u00bb][\/et_pb_column][\/et_pb_row][\/et_pb_section][et_pb_section fb_built=\u00bb1&#8243; _builder_version=\u00bb4.18.1&#8243; _module_preset=\u00bbdefault\u00bb global_colors_info=\u00bb{}\u00bb][et_pb_row _builder_version=\u00bb4.18.1&#8243; _module_preset=\u00bbdefault\u00bb global_colors_info=\u00bb{}\u00bb][et_pb_column type=\u00bb4_4&#8243; _builder_version=\u00bb4.18.1&#8243; _module_preset=\u00bbdefault\u00bb global_colors_info=\u00bb{}\u00bb][\/et_pb_column][\/et_pb_row][\/et_pb_section][et_pb_section fb_built=\u00bb1&#8243; _builder_version=\u00bb4.20.4&#8243; _module_preset=\u00bbdefault\u00bb global_colors_info=\u00bb{}\u00bb][et_pb_row _builder_version=\u00bb4.20.4&#8243; _module_preset=\u00bbdefault\u00bb global_colors_info=\u00bb{}\u00bb][et_pb_column type=\u00bb4_4&#8243; _builder_version=\u00bb4.20.4&#8243; _module_preset=\u00bbdefault\u00bb global_colors_info=\u00bb{}\u00bb][\/et_pb_column][\/et_pb_row][\/et_pb_section][et_pb_section fb_built=\u00bb1&#8243; _builder_version=\u00bb4.27.4&#8243; _module_preset=\u00bbdefault\u00bb global_colors_info=\u00bb{}\u00bb][et_pb_row _builder_version=\u00bb4.27.4&#8243; _module_preset=\u00bbdefault\u00bb global_colors_info=\u00bb{}\u00bb][et_pb_column type=\u00bb4_4&#8243; _builder_version=\u00bb4.27.4&#8243; _module_preset=\u00bbdefault\u00bb global_colors_info=\u00bb{}\u00bb][\/et_pb_column][\/et_pb_row][\/et_pb_section][et_pb_section fb_built=\u00bb1&#8243; theme_builder_area=\u00bbpost_content\u00bb _builder_version=\u00bb4.27.6&#8243; _module_preset=\u00bbdefault\u00bb][et_pb_row _builder_version=\u00bb4.27.6&#8243; _module_preset=\u00bbdefault\u00bb theme_builder_area=\u00bbpost_content\u00bb][et_pb_column _builder_version=\u00bb4.27.6&#8243; _module_preset=\u00bbdefault\u00bb theme_builder_area=\u00bbpost_content\u00bb type=\u00bb4_4&#8243;][\/et_pb_column][\/et_pb_row][\/et_pb_section]<\/p>\n","protected":false},"excerpt":{"rendered":"<p>\u00c0reas y servicios | EDUCACI\u00d3N, CULTURA Y DEPORTES Educaci\u00f3n Informaci\u00f3n de inter\u00e9s: Departamento de Educaci\u00f3n Concejala: Juli\u00e1n Garc\u00eda Polit Tel\u00e9fono: 961 26 00 56 \u2013\u00a0 Ext. 147 154\u00a0 145 | cultura@albal.esConsultas y dudas: Atenci\u00f3n Municipal de Informaci\u00f3n Ciudadana REGISTROS y SOLICITUDES Plaza del Jard\u00edn, 7. Ayto. de Albal \u2013\u00a0Planta baja Tel:\u00a096 126 00 56\u00a0\u00b7 Fax: 96 127 08 61 Cita previa Sede electr\u00f3nica Avisos, convocatorias y tr\u00e1mites activos<style>.et_pb_cpt_loop_archive.tramites-activos-pag:before { content:\"Avisos, convocatorias y tr\u00e1mites activos\";}<\/style>Informaci\u00f3n, tr\u00e1mites e impresosPlazo de inscripci\u00f3n del 23 de febrero al 12 de marzo de 2026. Actividad escuela de pascua 2026 Para m\u00e1s informaci\u00f3n y formalizaci\u00f3n del tr\u00e1mite acceder al siguiente enlace: Sede Electr\u00f3nica &#8211; AYUNTAMIENTO DE ALBAL LISTADO DEFINITIVO ALUMNOS ESCUELA DE PASCUA &nbsp; &nbsp;Per\u00edodo de presentaci\u00f3n de instancias del 17 de noviembre al 05 de diciembre de 2025. SE CAMBIA EL LUGAR DE REALIZACI\u00d3N DE LA ESCUELA DE INVIERNO AL CEIP SAN BLAS Actividad Escuela de Invierno 2025 Para m\u00e1s informaci\u00f3n y formalizaci\u00f3n del tr\u00e1mite acceder al siguiente enlace: Sede Electr\u00f3nica &#8211; AYUNTAMIENTO DE ALBAL LISTADO DEL\u00a0 ALUMNADO DE LA ESCUELA DE INVIERNO &nbsp;&nbsp; Esta convocatoria tiene como objeto la concesi\u00f3n de ayudas para colaborar en la financiaci\u00f3n de la adquisici\u00f3n de material escolar para el alumnado del segundo ciclo de [&hellip;]<\/p>\n","protected":false},"author":19,"featured_media":0,"parent":786,"menu_order":1,"comment_status":"closed","ping_status":"closed","template":"","meta":{"_acf_changed":false,"_et_pb_use_builder":"on","_et_pb_old_content":"","_et_gb_content_width":"","footnotes":""},"coauthors":[63,98],"class_list":["post-700","page","type-page","status-publish","hentry"],"acf":[],"yoast_head":"<!-- This site is optimized with the Yoast SEO plugin v27.4 - https:\/\/yoast.com\/product\/yoast-seo-wordpress\/ -->\n<title>Educaci\u00f3n - Ajuntament d&#039;Albal<\/title>\n<meta name=\"robots\" content=\"index, follow, max-snippet:-1, max-image-preview:large, max-video-preview:-1\" \/>\n<link rel=\"canonical\" href=\"https:\/\/albal.es\/es\/areas-y-servicios-2\/educacion-cultura-y-deportes\/educacion\/\" \/>\n<meta property=\"og:locale\" content=\"es_ES\" \/>\n<meta property=\"og:type\" content=\"article\" \/>\n<meta property=\"og:title\" content=\"Educaci\u00f3n - Ajuntament d&#039;Albal\" \/>\n<meta property=\"og:description\" content=\"\u00c0reas y servicios | EDUCACI\u00d3N, CULTURA Y DEPORTES Educaci\u00f3n Informaci\u00f3n de inter\u00e9s: Departamento de Educaci\u00f3n Concejala: Juli\u00e1n Garc\u00eda Polit Tel\u00e9fono: 961 26 00 56 \u2013\u00a0 Ext. 147 154\u00a0 145 | cultura@albal.esConsultas y dudas: Atenci\u00f3n Municipal de Informaci\u00f3n Ciudadana REGISTROS y SOLICITUDES Plaza del Jard\u00edn, 7. Ayto. de Albal \u2013\u00a0Planta baja Tel:\u00a096 126 00 56\u00a0\u00b7 Fax: 96 127 08 61 Cita previa Sede electr\u00f3nica Avisos, convocatorias y tr\u00e1mites activosInformaci\u00f3n, tr\u00e1mites e impresosPlazo de inscripci\u00f3n del 23 de febrero al 12 de marzo de 2026. Actividad escuela de pascua 2026 Para m\u00e1s informaci\u00f3n y formalizaci\u00f3n del tr\u00e1mite acceder al siguiente enlace: Sede Electr\u00f3nica - AYUNTAMIENTO DE ALBAL LISTADO DEFINITIVO ALUMNOS ESCUELA DE PASCUA &nbsp; &nbsp;Per\u00edodo de presentaci\u00f3n de instancias del 17 de noviembre al 05 de diciembre de 2025. SE CAMBIA EL LUGAR DE REALIZACI\u00d3N DE LA ESCUELA DE INVIERNO AL CEIP SAN BLAS Actividad Escuela de Invierno 2025 Para m\u00e1s informaci\u00f3n y formalizaci\u00f3n del tr\u00e1mite acceder al siguiente enlace: Sede Electr\u00f3nica - AYUNTAMIENTO DE ALBAL LISTADO DEL\u00a0 ALUMNADO DE LA ESCUELA DE INVIERNO &nbsp;&nbsp; Esta convocatoria tiene como objeto la concesi\u00f3n de ayudas para colaborar en la financiaci\u00f3n de la adquisici\u00f3n de material escolar para el alumnado del segundo ciclo de [&hellip;]\" \/>\n<meta property=\"og:site_name\" content=\"Ajuntament d&#039;Albal\" \/>\n<meta property=\"article:publisher\" content=\"https:\/\/facebook.com\/AjuntamentAlbal\/\" \/>\n<meta property=\"article:modified_time\" content=\"2026-04-16T11:24:42+00:00\" \/>\n<meta property=\"og:image\" content=\"https:\/\/albal.es\/content-albal\/uploads\/2019\/12\/logo-amic-2.png\" \/>\n\t<meta property=\"og:image:width\" content=\"135\" \/>\n\t<meta property=\"og:image:height\" content=\"46\" \/>\n\t<meta property=\"og:image:type\" content=\"image\/png\" \/>\n<meta name=\"twitter:card\" content=\"summary_large_image\" \/>\n<meta name=\"twitter:label1\" content=\"Tiempo de lectura\" \/>\n\t<meta name=\"twitter:data1\" content=\"13 minutos\" \/>\n\t<meta name=\"twitter:label2\" content=\"Written by\" \/>\n\t<meta name=\"twitter:data2\" content=\"Aida Beltr\u00e1n, Zainab Afellay Aouragh\" \/>\n<script type=\"application\/ld+json\" class=\"yoast-schema-graph\">{\"@context\":\"https:\\\/\\\/schema.org\",\"@graph\":[{\"@type\":\"WebPage\",\"@id\":\"https:\\\/\\\/albal.es\\\/es\\\/areas-y-servicios-2\\\/educacion-cultura-y-deportes\\\/educacion\\\/\",\"url\":\"https:\\\/\\\/albal.es\\\/es\\\/areas-y-servicios-2\\\/educacion-cultura-y-deportes\\\/educacion\\\/\",\"name\":\"Educaci\u00f3n - Ajuntament d&#039;Albal\",\"isPartOf\":{\"@id\":\"https:\\\/\\\/albal.es\\\/es\\\/#website\"},\"primaryImageOfPage\":{\"@id\":\"https:\\\/\\\/albal.es\\\/es\\\/areas-y-servicios-2\\\/educacion-cultura-y-deportes\\\/educacion\\\/#primaryimage\"},\"image\":{\"@id\":\"https:\\\/\\\/albal.es\\\/es\\\/areas-y-servicios-2\\\/educacion-cultura-y-deportes\\\/educacion\\\/#primaryimage\"},\"thumbnailUrl\":\"https:\\\/\\\/albal.es\\\/content-albal\\\/uploads\\\/2020\\\/07\\\/logo-amic-2-1.png\",\"datePublished\":\"2019-12-10T16:15:00+00:00\",\"dateModified\":\"2026-04-16T11:24:42+00:00\",\"breadcrumb\":{\"@id\":\"https:\\\/\\\/albal.es\\\/es\\\/areas-y-servicios-2\\\/educacion-cultura-y-deportes\\\/educacion\\\/#breadcrumb\"},\"inLanguage\":\"es\",\"potentialAction\":[{\"@type\":\"ReadAction\",\"target\":[\"https:\\\/\\\/albal.es\\\/es\\\/areas-y-servicios-2\\\/educacion-cultura-y-deportes\\\/educacion\\\/\"]}]},{\"@type\":\"ImageObject\",\"inLanguage\":\"es\",\"@id\":\"https:\\\/\\\/albal.es\\\/es\\\/areas-y-servicios-2\\\/educacion-cultura-y-deportes\\\/educacion\\\/#primaryimage\",\"url\":\"https:\\\/\\\/albal.es\\\/content-albal\\\/uploads\\\/2020\\\/07\\\/logo-amic-2-1.png\",\"contentUrl\":\"https:\\\/\\\/albal.es\\\/content-albal\\\/uploads\\\/2020\\\/07\\\/logo-amic-2-1.png\"},{\"@type\":\"BreadcrumbList\",\"@id\":\"https:\\\/\\\/albal.es\\\/es\\\/areas-y-servicios-2\\\/educacion-cultura-y-deportes\\\/educacion\\\/#breadcrumb\",\"itemListElement\":[{\"@type\":\"ListItem\",\"position\":1,\"name\":\"Inici\",\"item\":\"https:\\\/\\\/albal.es\\\/es\\\/\"},{\"@type\":\"ListItem\",\"position\":2,\"name\":\"\u00c1reas y Servicios\",\"item\":\"https:\\\/\\\/albal.es\\\/es\\\/areas-y-servicios-2\\\/\"},{\"@type\":\"ListItem\",\"position\":3,\"name\":\"Educaci\u00f3n, cultura y deportes\",\"item\":\"https:\\\/\\\/albal.es\\\/es\\\/areas-y-servicios-2\\\/educacion-cultura-y-deportes\\\/\"},{\"@type\":\"ListItem\",\"position\":4,\"name\":\"Educaci\u00f3n\"}]},{\"@type\":\"WebSite\",\"@id\":\"https:\\\/\\\/albal.es\\\/es\\\/#website\",\"url\":\"https:\\\/\\\/albal.es\\\/es\\\/\",\"name\":\"Ajuntament d&#039;Albal\",\"description\":\"Ajuntament d&#039;Albal\",\"publisher\":{\"@id\":\"https:\\\/\\\/albal.es\\\/es\\\/#organization\"},\"potentialAction\":[{\"@type\":\"SearchAction\",\"target\":{\"@type\":\"EntryPoint\",\"urlTemplate\":\"https:\\\/\\\/albal.es\\\/es\\\/?s={search_term_string}\"},\"query-input\":{\"@type\":\"PropertyValueSpecification\",\"valueRequired\":true,\"valueName\":\"search_term_string\"}}],\"inLanguage\":\"es\"},{\"@type\":\"Organization\",\"@id\":\"https:\\\/\\\/albal.es\\\/es\\\/#organization\",\"name\":\"Ajuntament d'Albal - Valencia\",\"url\":\"https:\\\/\\\/albal.es\\\/es\\\/\",\"logo\":{\"@type\":\"ImageObject\",\"inLanguage\":\"es\",\"@id\":\"https:\\\/\\\/albal.es\\\/es\\\/#\\\/schema\\\/logo\\\/image\\\/\",\"url\":\"https:\\\/\\\/albal.es\\\/content-albal\\\/uploads\\\/2020\\\/06\\\/logo-ayuntamiento-albal.png\",\"contentUrl\":\"https:\\\/\\\/albal.es\\\/content-albal\\\/uploads\\\/2020\\\/06\\\/logo-ayuntamiento-albal.png\",\"width\":367,\"height\":332,\"caption\":\"Ajuntament d'Albal - Valencia\"},\"image\":{\"@id\":\"https:\\\/\\\/albal.es\\\/es\\\/#\\\/schema\\\/logo\\\/image\\\/\"},\"sameAs\":[\"https:\\\/\\\/facebook.com\\\/AjuntamentAlbal\\\/\"]}]}<\/script>\n<!-- \/ Yoast SEO plugin. -->","yoast_head_json":{"title":"Educaci\u00f3n - Ajuntament d&#039;Albal","robots":{"index":"index","follow":"follow","max-snippet":"max-snippet:-1","max-image-preview":"max-image-preview:large","max-video-preview":"max-video-preview:-1"},"canonical":"https:\/\/albal.es\/es\/areas-y-servicios-2\/educacion-cultura-y-deportes\/educacion\/","og_locale":"es_ES","og_type":"article","og_title":"Educaci\u00f3n - Ajuntament d&#039;Albal","og_description":"\u00c0reas y servicios | EDUCACI\u00d3N, CULTURA Y DEPORTES Educaci\u00f3n Informaci\u00f3n de inter\u00e9s: Departamento de Educaci\u00f3n Concejala: Juli\u00e1n Garc\u00eda Polit Tel\u00e9fono: 961 26 00 56 \u2013\u00a0 Ext. 147 154\u00a0 145 | cultura@albal.esConsultas y dudas: Atenci\u00f3n Municipal de Informaci\u00f3n Ciudadana REGISTROS y SOLICITUDES Plaza del Jard\u00edn, 7. Ayto. de Albal \u2013\u00a0Planta baja Tel:\u00a096 126 00 56\u00a0\u00b7 Fax: 96 127 08 61 Cita previa Sede electr\u00f3nica Avisos, convocatorias y tr\u00e1mites activosInformaci\u00f3n, tr\u00e1mites e impresosPlazo de inscripci\u00f3n del 23 de febrero al 12 de marzo de 2026. Actividad escuela de pascua 2026 Para m\u00e1s informaci\u00f3n y formalizaci\u00f3n del tr\u00e1mite acceder al siguiente enlace: Sede Electr\u00f3nica - AYUNTAMIENTO DE ALBAL LISTADO DEFINITIVO ALUMNOS ESCUELA DE PASCUA &nbsp; &nbsp;Per\u00edodo de presentaci\u00f3n de instancias del 17 de noviembre al 05 de diciembre de 2025. SE CAMBIA EL LUGAR DE REALIZACI\u00d3N DE LA ESCUELA DE INVIERNO AL CEIP SAN BLAS Actividad Escuela de Invierno 2025 Para m\u00e1s informaci\u00f3n y formalizaci\u00f3n del tr\u00e1mite acceder al siguiente enlace: Sede Electr\u00f3nica - AYUNTAMIENTO DE ALBAL LISTADO DEL\u00a0 ALUMNADO DE LA ESCUELA DE INVIERNO &nbsp;&nbsp; Esta convocatoria tiene como objeto la concesi\u00f3n de ayudas para colaborar en la financiaci\u00f3n de la adquisici\u00f3n de material escolar para el alumnado del segundo ciclo de [&hellip;]","og_site_name":"Ajuntament d&#039;Albal","article_publisher":"https:\/\/facebook.com\/AjuntamentAlbal\/","article_modified_time":"2026-04-16T11:24:42+00:00","og_image":[{"width":135,"height":46,"url":"https:\/\/albal.es\/content-albal\/uploads\/2019\/12\/logo-amic-2.png","type":"image\/png"}],"twitter_card":"summary_large_image","twitter_misc":{"Tiempo de lectura":"13 minutos","Written by":"Aida Beltr\u00e1n, Zainab Afellay Aouragh"},"schema":{"@context":"https:\/\/schema.org","@graph":[{"@type":"WebPage","@id":"https:\/\/albal.es\/es\/areas-y-servicios-2\/educacion-cultura-y-deportes\/educacion\/","url":"https:\/\/albal.es\/es\/areas-y-servicios-2\/educacion-cultura-y-deportes\/educacion\/","name":"Educaci\u00f3n - Ajuntament d&#039;Albal","isPartOf":{"@id":"https:\/\/albal.es\/es\/#website"},"primaryImageOfPage":{"@id":"https:\/\/albal.es\/es\/areas-y-servicios-2\/educacion-cultura-y-deportes\/educacion\/#primaryimage"},"image":{"@id":"https:\/\/albal.es\/es\/areas-y-servicios-2\/educacion-cultura-y-deportes\/educacion\/#primaryimage"},"thumbnailUrl":"https:\/\/albal.es\/content-albal\/uploads\/2020\/07\/logo-amic-2-1.png","datePublished":"2019-12-10T16:15:00+00:00","dateModified":"2026-04-16T11:24:42+00:00","breadcrumb":{"@id":"https:\/\/albal.es\/es\/areas-y-servicios-2\/educacion-cultura-y-deportes\/educacion\/#breadcrumb"},"inLanguage":"es","potentialAction":[{"@type":"ReadAction","target":["https:\/\/albal.es\/es\/areas-y-servicios-2\/educacion-cultura-y-deportes\/educacion\/"]}]},{"@type":"ImageObject","inLanguage":"es","@id":"https:\/\/albal.es\/es\/areas-y-servicios-2\/educacion-cultura-y-deportes\/educacion\/#primaryimage","url":"https:\/\/albal.es\/content-albal\/uploads\/2020\/07\/logo-amic-2-1.png","contentUrl":"https:\/\/albal.es\/content-albal\/uploads\/2020\/07\/logo-amic-2-1.png"},{"@type":"BreadcrumbList","@id":"https:\/\/albal.es\/es\/areas-y-servicios-2\/educacion-cultura-y-deportes\/educacion\/#breadcrumb","itemListElement":[{"@type":"ListItem","position":1,"name":"Inici","item":"https:\/\/albal.es\/es\/"},{"@type":"ListItem","position":2,"name":"\u00c1reas y Servicios","item":"https:\/\/albal.es\/es\/areas-y-servicios-2\/"},{"@type":"ListItem","position":3,"name":"Educaci\u00f3n, cultura y deportes","item":"https:\/\/albal.es\/es\/areas-y-servicios-2\/educacion-cultura-y-deportes\/"},{"@type":"ListItem","position":4,"name":"Educaci\u00f3n"}]},{"@type":"WebSite","@id":"https:\/\/albal.es\/es\/#website","url":"https:\/\/albal.es\/es\/","name":"Ajuntament d&#039;Albal","description":"Ajuntament d&#039;Albal","publisher":{"@id":"https:\/\/albal.es\/es\/#organization"},"potentialAction":[{"@type":"SearchAction","target":{"@type":"EntryPoint","urlTemplate":"https:\/\/albal.es\/es\/?s={search_term_string}"},"query-input":{"@type":"PropertyValueSpecification","valueRequired":true,"valueName":"search_term_string"}}],"inLanguage":"es"},{"@type":"Organization","@id":"https:\/\/albal.es\/es\/#organization","name":"Ajuntament d'Albal - Valencia","url":"https:\/\/albal.es\/es\/","logo":{"@type":"ImageObject","inLanguage":"es","@id":"https:\/\/albal.es\/es\/#\/schema\/logo\/image\/","url":"https:\/\/albal.es\/content-albal\/uploads\/2020\/06\/logo-ayuntamiento-albal.png","contentUrl":"https:\/\/albal.es\/content-albal\/uploads\/2020\/06\/logo-ayuntamiento-albal.png","width":367,"height":332,"caption":"Ajuntament d'Albal - Valencia"},"image":{"@id":"https:\/\/albal.es\/es\/#\/schema\/logo\/image\/"},"sameAs":["https:\/\/facebook.com\/AjuntamentAlbal\/"]}]}},"publishpress_future_workflow_manual_trigger":{"enabledWorkflows":[]},"_links":{"self":[{"href":"https:\/\/albal.es\/es\/wp-json\/wp\/v2\/pages\/700","targetHints":{"allow":["GET"]}}],"collection":[{"href":"https:\/\/albal.es\/es\/wp-json\/wp\/v2\/pages"}],"about":[{"href":"https:\/\/albal.es\/es\/wp-json\/wp\/v2\/types\/page"}],"author":[{"embeddable":true,"href":"https:\/\/albal.es\/es\/wp-json\/wp\/v2\/users\/19"}],"replies":[{"embeddable":true,"href":"https:\/\/albal.es\/es\/wp-json\/wp\/v2\/comments?post=700"}],"version-history":[{"count":0,"href":"https:\/\/albal.es\/es\/wp-json\/wp\/v2\/pages\/700\/revisions"}],"up":[{"embeddable":true,"href":"https:\/\/albal.es\/es\/wp-json\/wp\/v2\/pages\/786"}],"wp:attachment":[{"href":"https:\/\/albal.es\/es\/wp-json\/wp\/v2\/media?parent=700"}],"wp:term":[{"taxonomy":"author","embeddable":true,"href":"https:\/\/albal.es\/es\/wp-json\/wp\/v2\/coauthors?post=700"}],"curies":[{"name":"wp","href":"https:\/\/api.w.org\/{rel}","templated":true}]}}