

{"id":698,"date":"2019-12-10T17:16:32","date_gmt":"2019-12-10T16:16:32","guid":{"rendered":"https:\/\/albal.es\/?page_id=698"},"modified":"2026-03-05T15:14:03","modified_gmt":"2026-03-05T14:14:03","slug":"cultura","status":"publish","type":"page","link":"https:\/\/albal.es\/es\/areas-y-servicios-2\/educacion-cultura-y-deportes\/cultura\/","title":{"rendered":"Cultura"},"content":{"rendered":"<p>[et_pb_section fb_built=\u00bb1&#8243; custom_padding_last_edited=\u00bbon|phone\u00bb admin_label=\u00bbcontent-cab-area\u00bb module_class=\u00bbcontent-cab-area\u00bb _builder_version=\u00bb4.16&#8243; background_color=\u00bb#fafafa\u00bb custom_padding=\u00bb15px||25px||false|false\u00bb custom_padding_tablet=\u00bb\u00bb custom_padding_phone=\u00bb||0px||false|false\u00bb collapsed=\u00bboff\u00bb global_colors_info=\u00bb{}\u00bb][et_pb_row disabled_on=\u00bbon|off|off\u00bb admin_label=\u00bbDesabilitado en moviles (Content migas pan)\u00bb _builder_version=\u00bb4.16&#8243; custom_padding=\u00bb0px||0px||false|false\u00bb locked=\u00bbon\u00bb collapsed=\u00bbon\u00bb global_colors_info=\u00bb{}\u00bb][et_pb_column type=\u00bb4_4&#8243; _builder_version=\u00bb4.16&#8243; global_colors_info=\u00bb{}\u00bb][et_pb_dmb_breadcrumbs admin_label=\u00bbMigas pan\u00bb font_icon=\u00bb&#x35;||divi||400&#8243; use_home_icon=\u00bboff\u00bb use_home_text=\u00bbon\u00bb home_text=\u00bbInici\u00bb _builder_version=\u00bb4.16&#8243; global_colors_info=\u00bb{}\u00bb][\/et_pb_dmb_breadcrumbs][\/et_pb_column][\/et_pb_row][et_pb_row column_structure=\u00bb1_3,1_3,1_3&#8243; use_custom_gutter=\u00bbon\u00bb make_equal=\u00bbon\u00bb custom_padding_last_edited=\u00bbon|phone\u00bb admin_label=\u00bbcab-area\u00bb module_class=\u00bbcab-area\u00bb _builder_version=\u00bb4.16&#8243; background_enable_image=\u00bboff\u00bb background_size=\u00bbinitial\u00bb background_position=\u00bbcenter_left\u00bb custom_padding=\u00bb25px||0px||false|false\u00bb custom_padding_tablet=\u00bb\u00bb custom_padding_phone=\u00bb15px||||false|false\u00bb border_width_left_tablet=\u00bb\u00bb border_width_left_phone=\u00bb0px\u00bb border_width_left_last_edited=\u00bbon|desktop\u00bb locked=\u00bboff\u00bb global_colors_info=\u00bb{}\u00bb][et_pb_column type=\u00bb1_3&#8243; module_class=\u00bbcontent-tit-area\u00bb _builder_version=\u00bb4.16&#8243; global_colors_info=\u00bb{}\u00bb][et_pb_text admin_label=\u00bbH4, H1&#8243; module_class=\u00bbtit-area\u00bb _builder_version=\u00bb4.16&#8243; custom_margin=\u00bb||5px||false|false\u00bb locked=\u00bbon\u00bb global_colors_info=\u00bb{}\u00bb]<\/p>\n<h4>\u00c1reas y servicios | EDUCACI\u00d3N, CULTURA y DEPORTES<\/h4>\n<h1>Cultura<\/h1>\n<p>[\/et_pb_text][et_pb_text admin_label=\u00bbIntro\u00bb module_class=\u00bbtit-area\u00bb _builder_version=\u00bb4.22.1&#8243; global_colors_info=\u00bb{}\u00bb]<\/p>\n<p>Concejal: Raquel Garc\u00eda Castellano<br \/>Correo electr\u00f3nico: <em>cultura@albal.es<\/em><\/p>\n<p>[\/et_pb_text][\/et_pb_column][et_pb_column type=\u00bb1_3&#8243; module_class=\u00bbcontent-info-interes\u00bb disabled_on=\u00bbon|off|off\u00bb _builder_version=\u00bb4.16&#8243; custom_padding=\u00bb|||30px|false|false\u00bb custom_padding_tablet=\u00bb\u00bb custom_padding_phone=\u00bb|0px||0px|false|false\u00bb custom_padding_last_edited=\u00bbon|desktop\u00bb border_width_left=\u00bb1px\u00bb border_color_left=\u00bb#cccccc\u00bb border_radii_tablet=\u00bb\u00bb border_radii_phone=\u00bb\u00bb border_radii_last_edited=\u00bbon|phone\u00bb border_width_left_tablet=\u00bb\u00bb border_width_left_phone=\u00bb\u00bb border_width_left_last_edited=\u00bbon|phone\u00bb global_colors_info=\u00bb{}\u00bb][et_pb_text admin_label=\u00bbInformacio d&#8217;interes\u00bb module_class=\u00bbtit-info-interes-cab\u00bb _builder_version=\u00bb4.16&#8243; locked=\u00bbon\u00bb global_colors_info=\u00bb{}\u00bb]<\/p>\n<p>Informaci\u00f3n de Inter\u00e9s:<\/p>\n<p>[\/et_pb_text][et_pb_text admin_label=\u00bbinformacio\u00bb _builder_version=\u00bb4.16&#8243; global_colors_info=\u00bb{}\u00bb]<\/p>\n<h3>Enlaces de inter\u00e9s:<\/h3>\n<p><strong>P\u00e0gina web del Museu Comarcal de l&#8217;Horta Sud:<\/strong> <a href=\"https:\/\/museuhortasud.com\/\" target=\"_blank\" rel=\"noopener noreferrer\"><em>https:\/\/museuhortasud.com\/<\/em><\/a><\/p>\n<p>[\/et_pb_text][et_pb_cta button_url=\u00bbhttps:\/\/albal.es\/es\/contacto-albal\/\u00bb button_text=\u00bbContacto\u00bb admin_label=\u00bbBoton contacto\u00bb module_class=\u00bbboton-consultas-cab\u00bb _builder_version=\u00bb4.16&#8243; background_enable_color=\u00bboff\u00bb text_orientation=\u00bbleft\u00bb background_layout=\u00bblight\u00bb custom_padding=\u00bb0px|0px|0px|0px|true|true\u00bb locked=\u00bbon\u00bb global_colors_info=\u00bb{}\u00bb]<\/p>\n<h3>Consultas y dudas:<\/h3>\n<p>[\/et_pb_cta][\/et_pb_column][et_pb_column type=\u00bb1_3&#8243; module_class=\u00bbcontent-info-interes-dos\u00bb disabled_on=\u00bbon|off|off\u00bb _builder_version=\u00bb4.16&#8243; custom_padding=\u00bb|||30px|false|false\u00bb custom_padding_tablet=\u00bb|||0px|false|false\u00bb custom_padding_phone=\u00bb|0px||0px|false|false\u00bb custom_padding_last_edited=\u00bbon|desktop\u00bb border_width_left=\u00bb1px\u00bb border_color_left=\u00bb#cccccc\u00bb border_width_left_tablet=\u00bb\u00bb border_width_left_phone=\u00bb\u00bb border_width_left_last_edited=\u00bbon|desktop\u00bb global_colors_info=\u00bb{}\u00bb][et_pb_text disabled_on=\u00bboff|off|off\u00bb admin_label=\u00bbAmic\u00bb module_class=\u00bbamic-cita\u00bb _builder_version=\u00bb4.16&#8243; header_4_font=\u00bb||||||||\u00bb header_4_text_color=\u00bb#c40038&#8243; custom_margin=\u00bb||0px||false|false\u00bb custom_padding=\u00bb||15px||false|false\u00bb saved_tabs=\u00bball\u00bb locked=\u00bbon\u00bb global_colors_info=\u00bb{}\u00bb]<\/p>\n<h3><img decoding=\"async\" class=\"wp-image-464 alignnone size-full lazyload\" data-src=\"https:\/\/albal.es\/content-albal\/uploads\/2019\/12\/logo-amic-2.png\" alt=\"\" width=\"135\" height=\"46\" src=\"data:image\/svg+xml;base64,PHN2ZyB3aWR0aD0iMSIgaGVpZ2h0PSIxIiB4bWxucz0iaHR0cDovL3d3dy53My5vcmcvMjAwMC9zdmciPjwvc3ZnPg==\" style=\"--smush-placeholder-width: 135px; --smush-placeholder-aspect-ratio: 135\/46;\" \/><\/h3>\n<h3>Atenci\u00f3n Municipal de Informaci\u00f3n Ciudadana<\/h3>\n<h4>REGISTROS Y SOLICITUDES<\/h4>\n<p>Plaza del Jard\u00edn, 7. Ayuntamiento de Albal \u2013\u00a0<strong>Planta baja<\/strong><br \/>Tel:\u00a0<strong>96 126 00 56<\/strong>\u00a0\u00b7 Fax: 96 127 08 61<\/p>\n<p><a class=\"bot-cita-previa\" href=\"https:\/\/citaprevia.albal.es:10090\/\" target=\"_blank\" rel=\"noopener noreferrer\">CITA PREVIA<\/a><br \/><a class=\"bot-seu-electronica\" href=\"https:\/\/albal.sede.dival.es\/\" target=\"_blank\" rel=\"noopener noreferrer\">SEDE ELECTR\u00d3NICA<\/a><\/p>\n<p>[\/et_pb_text][\/et_pb_column][\/et_pb_row][\/et_pb_section][et_pb_section fb_built=\u00bb1&#8243; admin_label=\u00bb(ancla) #tramites\u00bb module_id=\u00bbtramites\u00bb _builder_version=\u00bb4.16&#8243; background_color=\u00bb#e2e1de\u00bb custom_padding=\u00bb50px||||false|false\u00bb global_colors_info=\u00bb{}\u00bb][et_pb_row admin_label=\u00bbcontent-avisos\u00bb module_class=\u00bbcontent-avisos\u00bb _builder_version=\u00bb4.16&#8243; custom_padding=\u00bb0px||||false|false\u00bb locked=\u00bboff\u00bb collapsed=\u00bboff\u00bb global_colors_info=\u00bb{}\u00bb][et_pb_column type=\u00bb4_4&#8243; _builder_version=\u00bb4.16&#8243; global_colors_info=\u00bb{}\u00bb][et_pb_text admin_label=\u00bbTitulo \u00abAvisos, convocat\u00f2ries i tr\u00e0mits actius\u00bb\u00bb _builder_version=\u00bb4.16&#8243; _module_preset=\u00bbdefault\u00bb global_colors_info=\u00bb{}\u00bb]<\/p>\n<h2>Avisos, convocatorias y tr\u00e1mites activos<\/h2>\n<p>[\/et_pb_text][et_pb_code module_class=\u00bbcontent-mostrar-avisos\u00bb _builder_version=\u00bb4.27.3&#8243; _module_preset=\u00bbdefault\u00bb locked=\u00bboff\u00bb global_colors_info=\u00bb{}\u00bb]<pee><style>.et_pb_cpt_loop_archive.tramites-activos-pag:before { content:\"Avisos, convocatorias y tr\u00e1mites activos\";}<\/style><\/pee>[\/et_pb_code][et_pb_cpt_loop_archive loop_layout=\u00bb4914&#8243; fullwidth=\u00bboff\u00bb columns=\u00bb2&#8243; show_pagination=\u00bboff\u00bb new_query=\u00bbon\u00bb post_type=\u00bbtramitambdata\u00bb posts_number=\u00bb999&#8243; include_meta=\u00bbpagina_de_destinacio_data\u00bb include_meta_terms=\u00bb690&#8243; hide_if_no_data=\u00bbon\u00bb order=\u00bbasc\u00bb admin_label=\u00bbAvisos, convocat\u00f2ries i tr\u00e0mits actius\u00bb module_class=\u00bbtramites-fecha tramites-activos-pag\u00bb _builder_version=\u00bb4.27.3&#8243; headings_text_color=\u00bb#000000&#8243; headings_font_size=\u00bb36px\u00bb custom_padding=\u00bb20px|20px|20px|20px|true|true\u00bb border_radii=\u00bbon|8px|8px|8px|8px\u00bb locked=\u00bboff\u00bb global_colors_info=\u00bb{}\u00bb][\/et_pb_cpt_loop_archive][\/et_pb_column][\/et_pb_row][et_pb_row disabled_on=\u00bboff|off|off\u00bb _builder_version=\u00bb4.27.3&#8243; _module_preset=\u00bbdefault\u00bb locked=\u00bboff\u00bb global_colors_info=\u00bb{}\u00bb][et_pb_column type=\u00bb4_4&#8243; _builder_version=\u00bb4.27.3&#8243; _module_preset=\u00bbdefault\u00bb global_colors_info=\u00bb{}\u00bb][et_pb_text content_last_edited=\u00bboff|desktop\u00bb disabled_on=\u00bbon|on|on\u00bb admin_label=\u00bbPostals Nadal\u00bb _builder_version=\u00bb4.27.5&#8243; _module_preset=\u00bbdefault\u00bb custom_padding=\u00bb||100px||false|false\u00bb global_colors_info=\u00bb{}\u00bb disabled=\u00bbon\u00bb]<\/p>\n<h2>Exposici\u00f3n Virtual de dibujos de postales de Navidad<\/h2>\n<p><img decoding=\"async\" class=\"alignleft lazyload\" data-src=\"https:\/\/albal.es\/content-albal\/uploads\/2020\/11\/cartell-web-postals-min.png\" width=\"213\" height=\"301\" src=\"data:image\/svg+xml;base64,PHN2ZyB3aWR0aD0iMSIgaGVpZ2h0PSIxIiB4bWxucz0iaHR0cDovL3d3dy53My5vcmcvMjAwMC9zdmciPjwvc3ZnPg==\" style=\"--smush-placeholder-width: 213px; --smush-placeholder-aspect-ratio: 213\/301;\" \/><\/p>\n<p>Accede a la exposici\u00f3n virtual de postales de Navidad 2025<\/p>\n<p>Encontrar\u00e1s dos categor\u00edas<\/p>\n<p><strong><a href=\"https:\/\/albal.es\/es\/areas-y-servicios-2\/educacion-cultura-y-deportes\/cultura\/postalesnavidad-a\/\">Categor\u00eda A: dibujos realizados por el alumnado de 1\u00ba, 2\u00ba y 3\u00ba de primaria<\/a><\/strong><\/p>\n<p><strong><a href=\"https:\/\/albal.es\/es\/areas-y-servicios-2\/educacion-cultura-y-deportes\/cultura\/postalesnavidad-b\/\">Categor\u00eda B: dibujos realizados por alumnado de 4\u00ba, 5\u00ba y 6\u00ba de primaria<\/a><\/strong><\/p>\n<p><a href=\"https:\/\/albal.es\/es\/areas-y-servicios-2\/educacion-cultura-y-deportes\/cultura\/postalesnavidad-c\/\"><strong>Categor\u00eda C: dibujos realizados por alumnado de 1\u00ba y 2\u00ba de E.S.O<\/strong><\/a><\/p>\n<p><a href=\"https:\/\/albal.es\/es\/areas-y-servicios-2\/educacion-cultura-y-deportes\/cultura\/postalesnavidad-d\/\"><strong>Categor\u00eda D: dibujos realizados por alumnado de 3\u00ba y 4\u00ba de E.S.O<\/strong><\/a><\/p>\n<p>\u00bfComo votar?:\u00a0 Podr\u00e1s emitir un solo voto por categor\u00eda, clicando a la estrella que encontrar\u00e1s bajo el dibujo que elijas.<\/p>\n<p style=\"text-align: center;\"><strong>Plazo de votaci\u00f3n hasta el 9 de diciembre.<\/strong><\/p>\n<p>&nbsp;<\/p>\n<p>[\/et_pb_text][et_pb_text content_last_edited=\u00bboff|desktop\u00bb disabled_on=\u00bbon|on|on\u00bb admin_label=\u00bbPostals Semana Santa\u00bb _builder_version=\u00bb4.27.3&#8243; _module_preset=\u00bbdefault\u00bb custom_padding=\u00bb||100px||false|false\u00bb disabled=\u00bbon\u00bb global_colors_info=\u00bb{}\u00bb]<\/p>\n<h2>Exposici\u00f3n Virtual de dibujos de postales de Semana Santa<\/h2>\n<p><img decoding=\"async\" class=\"wp-image-55659  alignleft lazyload\" data-src=\"https:\/\/albal.es\/content-albal\/uploads\/2024\/03\/Valenciano.png\" alt=\"\" width=\"235\" height=\"332\" src=\"data:image\/svg+xml;base64,PHN2ZyB3aWR0aD0iMSIgaGVpZ2h0PSIxIiB4bWxucz0iaHR0cDovL3d3dy53My5vcmcvMjAwMC9zdmciPjwvc3ZnPg==\" style=\"--smush-placeholder-width: 235px; --smush-placeholder-aspect-ratio: 235\/332;\" \/><\/p>\n<p>Accede a la exposici\u00f3n virtual de postales de Semana Santa 2024<\/p>\n<p>Encontrar\u00e1s las siguientes categor\u00edas<\/p>\n<p><strong><a href=\"https:\/\/albal.es\/arees-i-servicis\/educacio-cultura-i-esports\/cultura\/concurs-de-postals-de-semana-santa-grup-a\/\">Categor\u00eda A<\/a><\/strong><\/p>\n<p><strong><a href=\"https:\/\/albal.es\/arees-i-servicis\/educacio-cultura-i-esports\/cultura\/concurs-de-postals-de-semana-santa-grup-b\/\">Categor\u00eda B<\/a><\/strong><\/p>\n<p><a href=\"https:\/\/albal.es\/arees-i-servicis\/educacio-cultura-i-esports\/cultura\/concurs-de-postals-de-semana-santa-grup-c\/\"><strong>Categor\u00eda C<\/strong><\/a><\/p>\n<p>\u00bfComo votar?:\u00a0 Podr\u00e1s emitir un solo voto por categor\u00eda, clicando en la estrella que encontrar\u00e1s bajo el dibujo que elijas.<\/p>\n<p style=\"text-align: center;\"><strong>Plazo de votaci\u00f3n hasta el 8 de abril.<\/strong><\/p>\n<p>[\/et_pb_text][\/et_pb_column][\/et_pb_row][et_pb_row _builder_version=\u00bb4.16&#8243; custom_padding=\u00bb0px||||false|false\u00bb locked=\u00bboff\u00bb global_colors_info=\u00bb{}\u00bb][et_pb_column type=\u00bb4_4&#8243; _builder_version=\u00bb4.16&#8243; global_colors_info=\u00bb{}\u00bb][et_pb_text admin_label=\u00bbTitulo Informacio, tr\u00e0mits i impresos\u00bb module_class=\u00bbtit-seccion\u00bb _builder_version=\u00bb4.27.3&#8243; locked=\u00bboff\u00bb global_colors_info=\u00bb{}\u00bb]<\/p>\n<h2><img decoding=\"async\" class=\"size-medium alignleft lazyload\" data-src=\"https:\/\/albal.es\/img\/iconos\/impreso-lapiz-45x45.svg\" alt=\"\" width=\"45\" height=\"45\" src=\"data:image\/svg+xml;base64,PHN2ZyB3aWR0aD0iMSIgaGVpZ2h0PSIxIiB4bWxucz0iaHR0cDovL3d3dy53My5vcmcvMjAwMC9zdmciPjwvc3ZnPg==\" style=\"--smush-placeholder-width: 45px; --smush-placeholder-aspect-ratio: 45\/45;\" \/>Informaci\u00f3n, tr\u00e1mites e impresos<\/h2>\n<p>[\/et_pb_text][\/et_pb_column][\/et_pb_row][et_pb_row column_structure=\u00bb3_5,2_5&#8243; _builder_version=\u00bb4.16&#8243; custom_padding=\u00bb0px||||false|false\u00bb locked=\u00bboff\u00bb global_colors_info=\u00bb{}\u00bb][et_pb_column type=\u00bb3_5&#8243; _builder_version=\u00bb4.16&#8243; global_colors_info=\u00bb{}\u00bb][et_pb_accordion use_icon_font_size=\u00bbon\u00bb icon_font_size=\u00bb21px\u00bb admin_label=\u00bbTramites (acordeon desplegables)\u00bb _builder_version=\u00bb4.27.5&#8243; global_colors_info=\u00bb{}\u00bb][et_pb_accordion_item title=\u00bbConvocatoria Concurso de dibujo de Postales de Navidad 2025&#8243; open=\u00bbon\u00bb _builder_version=\u00bb4.27.5&#8243; global_colors_info=\u00bb{}\u00bb]<\/p>\n<p>Convocatoria Concurso de dibujo de Postales de Navidad 2025<\/p>\n<p><strong>Plazo de presentaci\u00f3n del 20 de noviembre al 2 de diciembre de 2025.<\/strong><\/p>\n<p><a class=\"pdf\" href=\"https:\/\/albal.es\/content-albal\/uploads\/2021\/02\/ORDENAN%C3%87A-GENERAL-DE-SUBVENCIONS-AJUNTAMENT-DALBAL-1.pdf\" rel=\"attachment wp-att-15577\">Ordenanza reguladora de subvenciones del Ayuntamiento de Albal<\/a><\/p>\n<p><a class=\"pdf\" href=\"https:\/\/albal.es\/content-albal\/uploads\/2025\/11\/CONVOCATORIA_DILIGENCIADA_CONCURSO_DIBUJO_POSTALES_NAVIDAD_2025_-_SEFYCU_7406386.pdf\" rel=\"attachment wp-att-62028\">Convocatoria<\/a><\/p>\n<p>Para m\u00e1s informaci\u00f3n y formalizaci\u00f3n del tr\u00e1mite acceder al siguiente enlace:<\/p>\n<p><a class=\"e-tramite\" href=\"https:\/\/albal.sede.dival.es\/carpetaciudadana\/tramite.aspx?idtramite=19524\">https:\/\/albal.sede.dival.es\/carpetaciudadana\/tramite.aspx?idtramite=19524<\/a><\/p>\n<p><a class=\"pdf\" href=\"https:\/\/albal.es\/content-albal\/uploads\/2025\/12\/Edicto_de_concesion_premios_concurso_dibujo_postales_navidad_2025_-_SEFYCU_7582537.pdf\" rel=\"attachment wp-att-63129\">Edicto de concesi\u00f3n<\/a><\/p>\n<p>[\/et_pb_accordion_item][et_pb_accordion_item title=\u00bbConcurso de Belenes 2025&#8243; _builder_version=\u00bb4.27.5&#8243; _module_preset=\u00bbdefault\u00bb global_colors_info=\u00bb{}\u00bb open=\u00bboff\u00bb]<\/p>\n<h5 class=\"et_pb_toggle_title\"><span style=\"color: #666666; font-size: 14px;\">El concurso de Belenes tiene como objeto estimular la creatividad y premiar la actividad art\u00edstica de todos los ciudadanos y ciudadanas del municipio que quieran participar.<\/span><\/h5>\n<div class=\"et_pb_toggle_content clearfix\">\n<p><strong>Plazo de presentaci\u00f3n de solicitudes es del 1 al 10 de diciembre de 2025.<\/strong><\/p>\n<p><a class=\"pdf\" href=\"https:\/\/albal.es\/content-albal\/uploads\/2025\/11\/CONVOCATORIA_DILIGENCIADA_CONCURSO_DE_BELENES_2025_-_SEFYCU_7408202.pdf\" rel=\"attachment wp-att-62042\">Convocatoria<\/a><\/p>\n<p>Para m\u00e1s informaci\u00f3n y formalizaci\u00f3n del tr\u00e1mite acceder al siguiente enlace:<\/p>\n<p><a class=\"e-tramite\" href=\"https:\/\/albal.sede.dival.es\/carpetaciudadana\/tramite.aspx?idtramite=19526\">https:\/\/albal.sede.dival.es\/carpetaciudadana\/tramite.aspx?idtramite=19526<\/a><\/p>\n<p><a class=\"pdf\" href=\"https:\/\/albal.es\/content-albal\/uploads\/2025\/12\/Edicto_de_concesion_premios_concurso_belenes_2025_-_SEFYCU_7582763.pdf\" rel=\"attachment wp-att-63134\">Edicto de concesi\u00f3n<\/a><\/p>\n<p>&nbsp;<\/p>\n<\/div>\n<p>[\/et_pb_accordion_item][et_pb_accordion_item title=\u00bbConvocatoria Subvenciones Asociaciones Culturales 2025&#8243; _builder_version=\u00bb4.27.4&#8243; global_colors_info=\u00bb{}\u00bb open=\u00bboff\u00bb]<\/p>\n<p>Plazo de presentaci\u00f3n de instancias del 21 al 31 de julio de 2025, ambos inclusive.<\/p>\n<p><strong>Plazo de subsanaci\u00f3n de instancias del 15 al 26 de septiembre de 2025, ambos inclusive.<\/strong><\/p>\n<p><a class=\"pdf\" href=\"https:\/\/albal.es\/content-albal\/uploads\/2024\/07\/ORDENANCA-GENERAL-DE-SUBVENCIONS-AJUNTAMENT-DALBAL.pdf\" rel=\"attachment wp-att-56594\">Bases Ordenanza reguladora de subvenciones del Ayuntamiento de Albal<\/a><\/p>\n<p>Para m\u00e1s informaci\u00f3n y formalizaci\u00f3n del tr\u00e1mite acceder al siguiente enlace:<\/p>\n<p><a class=\"e-tramite\" href=\"https:\/\/albal.sede.dival.es\/carpetaciudadana\/tramite.aspx?idtramite=18976\">https:\/\/albal.sede.dival.es\/carpetaciudadana\/tramite.aspx?idtramite=18976<\/a><\/p>\n<p><a class=\"pdf\" href=\"https:\/\/albal.es\/content-albal\/uploads\/2025\/09\/EDICTO_SUBSANACION_SUBVENCIONES_ASOCIACIONES_CULTURALES_2025_-_SEFYCU_7181002.pdf\" rel=\"attachment wp-att-61356\">Edicto de subsanaci\u00f3n de instancias<\/a><\/p>\n<p>[\/et_pb_accordion_item][et_pb_accordion_item title=\u00bbEscuela de Teatro 2025&#8243; _builder_version=\u00bb4.27.4&#8243; _module_preset=\u00bbdefault\u00bb global_colors_info=\u00bb{}\u00bb open=\u00bboff\u00bb]<\/p>\n<p>Para m\u00e1s informaci\u00f3n y formalizaci\u00f3n del tr\u00e1mite acceder al siguiente enlace:<\/p>\n<p><a class=\"pdf e-tramite\" href=\"https:\/\/albal.sede.dival.es\/carpetaciudadana\/tramite.aspx?idtramite=18748\">https:\/\/albal.sede.dival.es\/carpetaciudadana\/tramite.aspx?idtramite=18748<\/a><\/p>\n<p>[\/et_pb_accordion_item][et_pb_accordion_item title=\u00bbConvocatoria Concurso de dibujo de Semana Santa 2024&#8243; _builder_version=\u00bb4.27.3&#8243; global_colors_info=\u00bb{}\u00bb open=\u00bboff\u00bb]<\/p>\n<p>Convocatoria Concurso de dibujo de Semana Santa 2024<\/p>\n<p><strong>Plazo de presentaci\u00f3n del 11 al 25 de marzo de 2024<\/strong><\/p>\n<p><a class=\"pdf\" href=\"https:\/\/albal.es\/content-albal\/uploads\/2024\/03\/AYUNTAMIENTO-DE-ALBAL-BASES-SUBVENCIONES.pdf\" rel=\"attachment wp-att-55344\">Bases Ordenanza reguladora de subvenciones del Ayuntamiento de Albal<\/a><\/p>\n<p><a class=\"pdf\" href=\"https:\/\/albal.es\/content-albal\/uploads\/2024\/03\/diligenciadaCONVOCATORIA-CONCURSO-DIBUJO-SEMANA-SANTA-web.pdf\" rel=\"attachment wp-att-55336\">Convocatoria<\/a><\/p>\n<p><a class=\"pdf\" href=\"https:\/\/albal.es\/content-albal\/uploads\/2024\/03\/CUL04.pdf\" rel=\"attachment wp-att-55331\">Instancia<\/a><\/p>\n<p><a class=\"pdf\" href=\"https:\/\/albal.es\/content-albal\/uploads\/2024\/03\/BOP-No-50-del-11_03_24.pdf\" rel=\"attachment wp-att-55354\">BOP N\u00ba 50 del 11_03_24<\/a><\/p>\n<p><a class=\"pdf\" href=\"https:\/\/albal.es\/content-albal\/uploads\/2024\/05\/EDICTO-RESOLUCION-CONCURSO-web.pdf\" rel=\"attachment wp-att-56012\">Edicto de concesi\u00f3n<\/a><\/p>\n<p>[\/et_pb_accordion_item][et_pb_accordion_item title=\u00bbPrecios P\u00fablicos por la cesi\u00f3n de uso de determinadas instalaciones municipales\u00bb _builder_version=\u00bb4.27.3&#8243; global_colors_info=\u00bb{}\u00bb open=\u00bboff\u00bb]<\/p>\n<p><b>SALA DE EXPOSICIONES CASA DE LA CULTURA:<\/b><br \/>Importe Precio P\u00fablico\/d\u00eda (24h): 60,00 \u20ac<\/p>\n<p><b>AULAS E.P.A. (ESCUELA PERMANENTE DE ADULTOS)<\/b><br \/>Importe Precio P\u00fablico\/hora: 30,00 \u20ac<\/p>\n<p>**Se deber\u00e1 constituir un dep\u00f3sito previo de 150,00 \u20ac como garant\u00eda de los posibles desperfectos y la posible falta de asistencia en el d\u00eda se\u00f1alado sin comunicaci\u00f3n previa o inferior a 48 horas, salvo los casos excepcionales debidamente justificados, lo que impedir\u00eda la utilizaci\u00f3n por otros interesados del local.<\/p>\n<p>[\/et_pb_accordion_item][et_pb_accordion_item title=\u00bbConvocatoria Concurso de dise\u00f1o del cartel anunciador de la Fira\u00bb _builder_version=\u00bb4.27.3&#8243; global_colors_info=\u00bb{}\u00bb open=\u00bboff\u00bb]<\/p>\n<p>Convocatoria Concurso de dise\u00f1o del cartel anunciador de la Fira 2022 <strong>Plazo de presentaci\u00f3n de instancias del 25 de mar\u00e7 al 19 de abril.<\/strong>\u00a0<a class=\"pdf\" href=\"https:\/\/albal.es\/content-albal\/uploads\/2021\/02\/ORDENAN\u00c7A-GENERAL-DE-SUBVENCIONS-AJUNTAMENT-DALBAL-1.pdf\" rel=\"attachment wp-att-15577\">Bases Ordenan\u00e7a reguladora de subvencions de l&#8217;Ajuntament d&#8217;Albal<\/a>\u00a0<a class=\"pdf\" href=\"https:\/\/albal.es\/content-albal\/uploads\/2022\/03\/convocatoria-concurs-WEB-VALENCIA.pdf\" rel=\"attachment wp-att-23741\">Convocat\u00f2ria<\/a>\u00a0<a class=\"pdf\" href=\"https:\/\/albal.es\/content-albal\/uploads\/2022\/03\/Instancia.pdf\" rel=\"attachment wp-att-23685\">Instancia<\/a>\u00a0<a class=\"pdf\" href=\"https:\/\/albal.es\/content-albal\/uploads\/2022\/03\/BOP-No58-DE-24-DE-MARZO.pdf\" rel=\"attachment wp-att-23847\">Anunci de la convocat\u00f2ria BOP N\u00ba58 DE 24 DE MARZO<\/a>\u00a0<a class=\"pdf\" href=\"https:\/\/albal.es\/content-albal\/uploads\/2022\/05\/EDICTO-RESOLUCION-CONCURSO-web.pdf\" rel=\"attachment wp-att-26199\">Edicte resoluci\u00f3<\/a><\/p>\n<p>[\/et_pb_accordion_item][\/et_pb_accordion][\/et_pb_column][et_pb_column type=\u00bb2_5&#8243; module_class=\u00bbcontent-impresos\u00bb _builder_version=\u00bb4.16&#8243; global_colors_info=\u00bb{}\u00bb][et_pb_text admin_label=\u00bbTitulo \u00abImpresos i enlla\u00e7os a Seu electr\u00f2nica\u00bb\u00bb _builder_version=\u00bb4.16&#8243; _module_preset=\u00bbdefault\u00bb locked=\u00bbon\u00bb global_colors_info=\u00bb{}\u00bb]<\/p>\n<h2>Impresos y enlaces a Sede electr\u00f3nica<\/h2>\n<p>[\/et_pb_text][et_pb_cpt_loop_archive loop_layout=\u00bb6282&#8243; show_pagination=\u00bboff\u00bb new_query=\u00bbon\u00bb post_type=\u00bbimpreso_tramit\u00bb posts_number=\u00bb999&#8243; include_meta=\u00bbpagina_de_destinacio\u00bb include_meta_terms=\u00bb690&#8243; hide_if_no_data=\u00bbon\u00bb order=\u00bbasc\u00bb admin_label=\u00bbImpresos i enlla\u00e7os a Seu Electronica\u00bb module_class=\u00bbcontent-impresos-dinamic\u00bb _builder_version=\u00bb4.16&#8243; headings_font_size=\u00bb36px\u00bb background_color=\u00bb#ffffff\u00bb border_radii=\u00bbon|8px|8px|8px|8px\u00bb border_width_all=\u00bb1px\u00bb border_color_all=\u00bb#cccccc\u00bb locked=\u00bbon\u00bb global_colors_info=\u00bb{}\u00bb][\/et_pb_cpt_loop_archive][et_pb_code module_class=\u00bbcontent-mostrar-impresos\u00bb _builder_version=\u00bb4.16&#8243; _module_preset=\u00bbdefault\u00bb locked=\u00bbon\u00bb global_colors_info=\u00bb{}\u00bb]<pee><style>.et_pb_cpt_loop_archive.content-impresos-dinamic:before { content:\"Impresos y enlaces a Sede electr\u00f3nica\";}\t<\/style><\/pee>[\/et_pb_code][\/et_pb_column][\/et_pb_row][et_pb_row disabled_on=\u00bboff|on|on\u00bb admin_label=\u00bbCarga solo en MOVIL\u00bb _builder_version=\u00bb4.16&#8243; custom_padding=\u00bb0px||||false|false\u00bb locked=\u00bboff\u00bb global_colors_info=\u00bb{}\u00bb][et_pb_column type=\u00bb4_4&#8243; _builder_version=\u00bb4.16&#8243; global_colors_info=\u00bb{}\u00bb][et_pb_text disabled_on=\u00bboff|off|off\u00bb admin_label=\u00bbAmic\u00bb module_class=\u00bbamic-cita\u00bb _builder_version=\u00bb4.16&#8243; header_4_font=\u00bb||||||||\u00bb header_4_text_color=\u00bb#c40038&#8243; custom_margin=\u00bb||0px||false|false\u00bb custom_padding=\u00bb||15px||false|false\u00bb saved_tabs=\u00bball\u00bb locked=\u00bbon\u00bb global_colors_info=\u00bb{}\u00bb]<\/p>\n<h3><img decoding=\"async\" class=\"wp-image-464 alignnone size-full lazyload\" data-src=\"https:\/\/albal.es\/content-albal\/uploads\/2019\/12\/logo-amic-2.png\" alt=\"\" width=\"135\" height=\"46\" src=\"data:image\/svg+xml;base64,PHN2ZyB3aWR0aD0iMSIgaGVpZ2h0PSIxIiB4bWxucz0iaHR0cDovL3d3dy53My5vcmcvMjAwMC9zdmciPjwvc3ZnPg==\" style=\"--smush-placeholder-width: 135px; --smush-placeholder-aspect-ratio: 135\/46;\" \/><\/h3>\n<h3>Atenci\u00f3n Municipal de Informaci\u00f3n Ciudadana<\/h3>\n<h4>REGISTROS Y SOLICITUDES<\/h4>\n<p>Plaza del Jard\u00edn, 7. Ayuntamiento de Albal \u2013\u00a0<strong>Planta baja<\/strong><br \/>Tel:\u00a0<strong>96 126 00 56<\/strong>\u00a0\u00b7 Fax: 96 127 08 61<\/p>\n<p><a class=\"bot-cita-previa\" href=\"https:\/\/citaprevia.albal.es:10090\/\" target=\"_blank\" rel=\"noopener noreferrer\">CITA PREVIA<\/a><br \/><a class=\"bot-seu-electronica\" href=\"https:\/\/albal.sede.dival.es\/\" target=\"_blank\" rel=\"noopener noreferrer\">SEDE ELECTR\u00d3NICA<\/a><\/p>\n<p>[\/et_pb_text][\/et_pb_column][\/et_pb_row][\/et_pb_section][et_pb_section fb_built=\u00bb1&#8243; admin_label=\u00bb(ancla) #informacion\u00bb module_id=\u00bbinformacion\u00bb _builder_version=\u00bb4.16&#8243; background_color=\u00bb#e2e1de\u00bb custom_padding=\u00bb50px||||false|false\u00bb border_width_top=\u00bb1px\u00bb border_color_top=\u00bb#cccccc\u00bb locked=\u00bboff\u00bb collapsed=\u00bboff\u00bb global_colors_info=\u00bb{}\u00bb][et_pb_row _builder_version=\u00bb4.16&#8243; background_color=\u00bbrgba(0,0,0,0)\u00bb custom_padding=\u00bb0px||||false|false\u00bb global_colors_info=\u00bb{}\u00bb][et_pb_column type=\u00bb4_4&#8243; _builder_version=\u00bb4.16&#8243; global_colors_info=\u00bb{}\u00bb][et_pb_text admin_label=\u00bbTitulo Informaci\u00f3\u00bb module_class=\u00bbtit-seccion\u00bb _builder_version=\u00bb4.16&#8243; locked=\u00bboff\u00bb global_colors_info=\u00bb{}\u00bb]<\/p>\n<h2><img decoding=\"async\" class=\"size-medium alignleft lazyload\" data-src=\"https:\/\/albal.es\/img\/iconos\/informacion-mostrador-45x45.svg\" alt=\"\" width=\"45\" height=\"45\" src=\"data:image\/svg+xml;base64,PHN2ZyB3aWR0aD0iMSIgaGVpZ2h0PSIxIiB4bWxucz0iaHR0cDovL3d3dy53My5vcmcvMjAwMC9zdmciPjwvc3ZnPg==\" style=\"--smush-placeholder-width: 45px; --smush-placeholder-aspect-ratio: 45\/45;\" \/>Informaci\u00f3n<\/h2>\n<p>[\/et_pb_text][\/et_pb_column][\/et_pb_row][et_pb_row column_structure=\u00bb1_2,1_2&#8243; make_equal=\u00bbon\u00bb admin_label=\u00bbSolo un modulo por fila\u00bb _builder_version=\u00bb4.16&#8243; custom_padding=\u00bb0px||||false|false\u00bb global_colors_info=\u00bb{}\u00bb][et_pb_column type=\u00bb1_2&#8243; _builder_version=\u00bb4.16&#8243; border_width_bottom=\u00bb1px\u00bb border_color_bottom=\u00bb#cccccc\u00bb global_colors_info=\u00bb{}\u00bb][et_pb_text admin_label=\u00bbMajor a casa\u00bb _builder_version=\u00bb4.27.4&#8243; global_colors_info=\u00bb{}\u00bb]<\/p>\n<h3>Escuela Municipal de Teatro<\/h3>\n<p>Quieres aprender a cantar, bailar o actuar pero no sabes d\u00f3nde hacerlo?<br \/>Necesitas perder la verg\u00fcenza a hablar en p\u00fablico?<br \/>Te gustar\u00eda relacionarte mejor con el resto de compa\u00f1eros?<\/p>\n<p>HORARIOS:<\/p>\n<ul>\n<li><strong>Grup 1, Alumnos de infantil: Lunes i mi\u00e9rcoles<\/strong>\u00a0de 17,15 a 18\u201915h<\/li>\n<li><strong>Grup 2, Alumnos de primaria:<\/strong>\u00a0<strong>Lunes i mi\u00e9rcoles<\/strong>\u00a0de 18,15h a 19\u201915h<\/li>\n<li><strong>Grup 3, Alumnos de secundaria:<\/strong>\u00a0<strong>Lunes i mi\u00e9rcoles<\/strong>\u00a0de 19,15h a 20\u201915h<\/li>\n<li><strong>Grup 4, Grupo de adultos:<\/strong>\u00a0<strong>Lunes i mi\u00e9rcoles<\/strong>\u00a0de 20\u201915h a 21\u201930h<\/li>\n<\/ul>\n<p><em>*Pueden haber modificaciones per edad o nivel de los participantes.<\/em><\/p>\n<p><strong>Para inscribirse, ten\u00e9s que rellenar la instancia de matr\u00edcula y presentarlo en el registro del Ayuntamiento antes del 1er d\u00eda de clase.<\/strong><\/p>\n<p><strong>INICIO DEL CURSO:<\/strong> Miercoles 1 de octubre de 2025<br \/>Lugar: Casa de Cultura<\/p>\n<p><a class=\"pdf\" href=\"https:\/\/albal.es\/content-albal\/uploads\/2021\/03\/REGLAMENTO-ESCUELA-MUNICIPAL-DE-TEATRO-BOP-N%C2%BA-55-23.03.21.pdf\" target=\"_blank\" rel=\"noopener noreferrer\">Reglamento de funcionamiento de la Escuela Municipal de Teatro<\/a><\/p>\n<p>[\/et_pb_text][\/et_pb_column][et_pb_column type=\u00bb1_2&#8243; _builder_version=\u00bb4.16&#8243; border_width_bottom=\u00bb1px\u00bb border_color_bottom=\u00bb#cccccc\u00bb global_colors_info=\u00bb{}\u00bb][et_pb_text admin_label=\u00bbDescripcio\u00bb _builder_version=\u00bb4.16&#8243; custom_padding=\u00bb||25px||false|false\u00bb global_colors_info=\u00bb{}\u00bb]<\/p>\n<h3>Actividades y servicios en el \u00e1rea de Cultura<\/h3>\n<p>El Ayuntamiento de Albal est\u00e1 realizando una destacada labor de impulso de la cultura. Para ello se realizan importantes inversiones econ\u00f3micas en la subvenci\u00f3n de libros de texto para escolares, becas para ni\u00f1os discapacitados, becas para ni\u00f1os de 0 a 3 a\u00f1os, etc. Adem\u00e1s, el Ayuntamiento de Albal est\u00e1 promocionando y mejorando la cultura a trav\u00e9s de:<\/p>\n<ul>\n<li>La Biblioteca Municipal.<\/li>\n<li>La Escuela de Teatro.<\/li>\n<li>La Oficina de Promoci\u00f3n del Valenciano<\/li>\n<\/ul>\n<p>As\u00ed como a trav\u00e9s de la organizaci\u00f3n de diferentes actividades, como teatro, cine, exposiciones, etc<\/p>\n<p>[\/et_pb_text][\/et_pb_column][\/et_pb_row][et_pb_row column_structure=\u00bb1_2,1_2&#8243; make_equal=\u00bbon\u00bb admin_label=\u00bbSolo un modulo por fila\u00bb _builder_version=\u00bb4.16&#8243; custom_padding=\u00bb0px||||false|false\u00bb global_colors_info=\u00bb{}\u00bb][et_pb_column type=\u00bb1_2&#8243; _builder_version=\u00bb4.16&#8243; border_width_bottom=\u00bb1px\u00bb border_color_bottom=\u00bb#cccccc\u00bb global_colors_info=\u00bb{}\u00bb][et_pb_text admin_label=\u00bbPEBI\u00bb _builder_version=\u00bb4.16&#8243; custom_padding=\u00bb||25px||false|false\u00bb global_colors_info=\u00bb{}\u00bb]<\/p>\n<h3><img decoding=\"async\" class=\"wp-image-12179 size-medium alignright lazyload\" data-src=\"https:\/\/albal.es\/content-albal\/uploads\/2020\/07\/aviva-Albal-300x169.jpg\" alt=\"\" width=\"300\" height=\"169\" data-srcset=\"https:\/\/albal.es\/content-albal\/uploads\/2020\/07\/aviva-Albal-300x169.jpg 300w, https:\/\/albal.es\/content-albal\/uploads\/2020\/07\/aviva-Albal-150x85.jpg 150w, https:\/\/albal.es\/content-albal\/uploads\/2020\/07\/aviva-Albal-250x141.jpg 250w, https:\/\/albal.es\/content-albal\/uploads\/2020\/07\/aviva-Albal-350x197.jpg 350w, https:\/\/albal.es\/content-albal\/uploads\/2020\/07\/aviva-Albal.jpg 378w\" data-sizes=\"(max-width: 300px) 100vw, 300px\" src=\"data:image\/svg+xml;base64,PHN2ZyB3aWR0aD0iMSIgaGVpZ2h0PSIxIiB4bWxucz0iaHR0cDovL3d3dy53My5vcmcvMjAwMC9zdmciPjwvc3ZnPg==\" style=\"--smush-placeholder-width: 300px; --smush-placeholder-aspect-ratio: 300\/169;\" \/>Ag\u00e8ncia de Promoci\u00f3 del Valenci\u00e0<\/h3>\n<p>L&#8217;Ag\u00e8ncia de Promoci\u00f3 del Valenci\u00e0 \u00e9s un servei p\u00fablic de l&#8217;Ajuntament d&#8217;Albal encarregat de promoure l&#8217;\u00fas del valenci\u00e0 en tot l&#8217;\u00e0mbit municipal.<\/p>\n<p>A trav\u00e9s de l&#8217;Ag\u00e8ncia de Promoci\u00f3 del Valenci\u00e0 es pot demanar informaci\u00f3 sobre subvencions i ajudes per a promoure l&#8217;\u00fas del valenci\u00e0 en les associacions culturals, esportives i de car\u00e0cter c\u00edvic, aix\u00ed com per a comer\u00e7os, empreses i ind\u00fastries. Informaci\u00f3 sobre els cursos de valenci\u00e0 que s&#8217;imparteixen a Albal; revisi\u00f3 i traducci\u00f3 de textos; assessorament per al canvi de nom en valenci\u00e0 i drets ling\u00fc\u00edstics, entre d&#8217;altres.<\/p>\n<p>L&#8217;Ag\u00e8ncia de Promoci\u00f3 del Valenci\u00e0 es troba a l&#8217;Ajuntament, 3a planta. Horari :Dimarts, dimecres i divendres, de 8.00 a 13.00 h.<\/p>\n<p>Tel\u00e8fon: 96 1260056, ext. 145.<\/p>\n<p>[\/et_pb_text][\/et_pb_column][et_pb_column type=\u00bb1_2&#8243; _builder_version=\u00bb4.16&#8243; border_width_bottom=\u00bb1px\u00bb border_color_bottom=\u00bb#cccccc\u00bb global_colors_info=\u00bb{}\u00bb][\/et_pb_column][\/et_pb_row][et_pb_row column_structure=\u00bb1_2,1_2&#8243; make_equal=\u00bbon\u00bb admin_label=\u00bbSolo un modulo por fila\u00bb _builder_version=\u00bb4.16&#8243; custom_padding=\u00bb0px||||false|false\u00bb global_colors_info=\u00bb{}\u00bb][et_pb_column type=\u00bb1_2&#8243; _builder_version=\u00bb4.16&#8243; border_width_bottom=\u00bb1px\u00bb border_color_bottom=\u00bb#cccccc\u00bb global_colors_info=\u00bb{}\u00bb][et_pb_text admin_label=\u00bbServei Municipal d\u2019Atenci\u00f3 a la Depend\u00e8ncia\u00bb _builder_version=\u00bb4.16&#8243; custom_padding=\u00bb||25px||false|false\u00bb global_colors_info=\u00bb{}\u00bb]<\/p>\n<h3>Himne Oficial d&#8217;Albal<\/h3>\n<p>Els passats dies 26 i 28 de febrer de 2019 van tindre lloc les sessions de gravaci\u00f3 instrumental conjunt coral i veu solista del nostre himne d&#8217;Albal.<\/p>\n<p>Una composici\u00f3 de Pascual Peris Chirivella amb lletra de Fina Paredes i que es va estrenar a l&#8217;any 1983.<\/p>\n<p>El pas del temps, la millora de les capacitats t\u00e8cniques i la necessitat de disposar d&#8217;una pe\u00e7a renovada, alhora que respectuosa amb l&#8217;original, ens requerien fer un nou enregistrament del tema amb tots els avantatges que ens ofereixen els moderns sistemes de gravaci\u00f3 i edici\u00f3 musical.<\/p>\n<p>Una actualitzaci\u00f3 que, impulsada des de la Regidoria de Cultura de l&#8217;Ajuntament d&#8217;Albal, ha comptat amb la participaci\u00f3 de la nostra Banda Simf\u00f2nica de la Societat Joventut Musical d&#8217;Albal a la part instrumental, amb la Coral Polif\u00f2nica de Santa Anna en la part l\u00edrica i amb Jose M. Mart\u00ednez Rosaleny com a veu solista.<\/p>\n<ul>\n<li><a href=\"https:\/\/albal.es\/ficheros\/multimedia\/Himne320Kbps.mp3\" download=\"Himne320Kbps.mp3\">Versi\u00f3 \u00edntegra en MP3 \/ 320 Kbps. (8,23MB)<\/a><\/li>\n<li><a href=\"https:\/\/albal.es\/ficheros\/multimedia\/HimneInstrumental320Kbps.mp3\" download=\"HimneInstrumental320Kbps.mp3\">Versi\u00f3 instrumental, amb la secci\u00f3 de veu interpretada pel fiscorno, de calitat MP3 \/ 320 Kbps. (8,12MB)<\/a><\/li>\n<li><a class=\"pdf\" href=\"https:\/\/albal.es\/ficheros\/pdf\/dipticHimne.pdf\" target=\"_blank\" rel=\"noopener noreferrer\">Arxiu PDF amb resum de la presentaci\u00f3 i lletra.<\/a><\/li>\n<\/ul>\n<p>Desitgem que siga del seu gust i agra\u00efm de bestreta el seu inter\u00e9s i la seua atenci\u00f3 a aquesta pe\u00e7a que \u00e9s part integrant i fonamental del nostre patrimoni cultural com a poble.<\/p>\n<p>[\/et_pb_text][\/et_pb_column][et_pb_column type=\u00bb1_2&#8243; _builder_version=\u00bb4.16&#8243; border_width_bottom=\u00bb1px\u00bb border_color_bottom=\u00bb#cccccc\u00bb global_colors_info=\u00bb{}\u00bb][\/et_pb_column][\/et_pb_row][\/et_pb_section][et_pb_section fb_built=\u00bb1&#8243; disabled_on=\u00bbon|on|on\u00bb admin_label=\u00bb(ancla) #faq\u00bb module_id=\u00bbfaq\u00bb _builder_version=\u00bb4.16&#8243; background_color=\u00bb#dcb747&#8243; custom_padding=\u00bb50px||||false|false\u00bb disabled=\u00bbon\u00bb locked=\u00bboff\u00bb collapsed=\u00bboff\u00bb global_colors_info=\u00bb{}\u00bb][et_pb_row _builder_version=\u00bb4.16&#8243; background_color=\u00bbrgba(0,0,0,0)\u00bb custom_padding=\u00bb0px||||false|false\u00bb locked=\u00bbon\u00bb global_colors_info=\u00bb{}\u00bb][et_pb_column type=\u00bb4_4&#8243; _builder_version=\u00bb4.16&#8243; global_colors_info=\u00bb{}\u00bb][et_pb_text admin_label=\u00bbTitulo Preguntes m\u00e9s freq\u00fcents\u00bb module_class=\u00bbtit-seccion\u00bb _builder_version=\u00bb4.16&#8243; header_2_text_color=\u00bb#ffffff\u00bb global_colors_info=\u00bb{}\u00bb]<\/p>\n<h2><img decoding=\"async\" class=\"size-medium alignleft lazyload\" data-src=\"https:\/\/albal.es\/img\/iconos\/preguntas-persona-45x45.svg\" alt=\"\" width=\"45\" height=\"45\" src=\"data:image\/svg+xml;base64,PHN2ZyB3aWR0aD0iMSIgaGVpZ2h0PSIxIiB4bWxucz0iaHR0cDovL3d3dy53My5vcmcvMjAwMC9zdmciPjwvc3ZnPg==\" style=\"--smush-placeholder-width: 45px; --smush-placeholder-aspect-ratio: 45\/45;\" \/>Preguntas m\u00e1s frecuentes<\/h2>\n<p>[\/et_pb_text][\/et_pb_column][\/et_pb_row][et_pb_row column_structure=\u00bb1_2,1_2&#8243; make_equal=\u00bbon\u00bb admin_label=\u00bbSolo un modulo por fila\u00bb _builder_version=\u00bb4.16&#8243; custom_padding=\u00bb0px||||false|false\u00bb global_colors_info=\u00bb{}\u00bb][et_pb_column type=\u00bb1_2&#8243; _builder_version=\u00bb4.16&#8243; border_width_bottom=\u00bb1px\u00bb border_color_bottom=\u00bb#b09239&#8243; global_colors_info=\u00bb{}\u00bb][et_pb_text admin_label=\u00bbPregunta\u00bb _builder_version=\u00bb4.16&#8243; custom_padding=\u00bb||25px||false|false\u00bb global_colors_info=\u00bb{}\u00bb]<\/p>\n<h3>Pregunta<\/h3>\n<p>Respuesta<\/p>\n<p>[\/et_pb_text][\/et_pb_column][et_pb_column type=\u00bb1_2&#8243; _builder_version=\u00bb4.16&#8243; border_width_bottom=\u00bb1px\u00bb border_color_bottom=\u00bb#b09239&#8243; global_colors_info=\u00bb{}\u00bb][et_pb_text admin_label=\u00bbPregunta\u00bb _builder_version=\u00bb4.16&#8243; custom_padding=\u00bb||25px||false|false\u00bb global_colors_info=\u00bb{}\u00bb]<\/p>\n<h3>Pregunta<\/h3>\n<p>Respuesta<\/p>\n<p>[\/et_pb_text][\/et_pb_column][\/et_pb_row][\/et_pb_section]<\/p>\n","protected":false},"excerpt":{"rendered":"<p>\u00c1reas y servicios | EDUCACI\u00d3N, CULTURA y DEPORTES CulturaConcejal: Raquel Garc\u00eda CastellanoCorreo electr\u00f3nico: cultura@albal.esInformaci\u00f3n de Inter\u00e9s:Enlaces de inter\u00e9s: P\u00e0gina web del Museu Comarcal de l&#8217;Horta Sud: https:\/\/museuhortasud.com\/Consultas y dudas: Atenci\u00f3n Municipal de Informaci\u00f3n Ciudadana REGISTROS Y SOLICITUDES Plaza del Jard\u00edn, 7. Ayuntamiento de Albal \u2013\u00a0Planta bajaTel:\u00a096 126 00 56\u00a0\u00b7 Fax: 96 127 08 61 CITA PREVIASEDE ELECTR\u00d3NICAAvisos, convocatorias y tr\u00e1mites activos<style>.et_pb_cpt_loop_archive.tramites-activos-pag:before { content:\"Avisos, convocatorias y tr\u00e1mites activos\";}<\/style>Exposici\u00f3n Virtual de dibujos de postales de Navidad Accede a la exposici\u00f3n virtual de postales de Navidad 2025 Encontrar\u00e1s dos categor\u00edas Categor\u00eda A: dibujos realizados por el alumnado de 1\u00ba, 2\u00ba y 3\u00ba de primaria Categor\u00eda B: dibujos realizados por alumnado de 4\u00ba, 5\u00ba y 6\u00ba de primaria Categor\u00eda C: dibujos realizados por alumnado de 1\u00ba y 2\u00ba de E.S.O Categor\u00eda D: dibujos realizados por alumnado de 3\u00ba y 4\u00ba de E.S.O \u00bfComo votar?:\u00a0 Podr\u00e1s emitir un solo voto por categor\u00eda, clicando a la estrella que encontrar\u00e1s bajo el dibujo que elijas. Plazo de votaci\u00f3n hasta el 9 de diciembre. &nbsp;Exposici\u00f3n Virtual de dibujos de postales de Semana Santa Accede a la exposici\u00f3n virtual de postales de Semana Santa 2024 Encontrar\u00e1s las siguientes categor\u00edas Categor\u00eda A Categor\u00eda B Categor\u00eda C \u00bfComo votar?:\u00a0 Podr\u00e1s emitir un solo voto por categor\u00eda, clicando [&hellip;]<\/p>\n","protected":false},"author":19,"featured_media":0,"parent":786,"menu_order":3,"comment_status":"closed","ping_status":"closed","template":"","meta":{"_acf_changed":false,"_et_pb_use_builder":"on","_et_pb_old_content":"","_et_gb_content_width":"","footnotes":""},"coauthors":[63,98],"class_list":["post-698","page","type-page","status-publish","hentry"],"acf":[],"yoast_head":"<!-- This site is optimized with the Yoast SEO plugin v27.4 - https:\/\/yoast.com\/product\/yoast-seo-wordpress\/ -->\n<title>Cultura - Ajuntament d&#039;Albal<\/title>\n<meta name=\"robots\" content=\"index, follow, max-snippet:-1, max-image-preview:large, max-video-preview:-1\" \/>\n<link rel=\"canonical\" href=\"https:\/\/albal.es\/es\/areas-y-servicios-2\/educacion-cultura-y-deportes\/cultura\/\" \/>\n<meta property=\"og:locale\" content=\"es_ES\" \/>\n<meta property=\"og:type\" content=\"article\" \/>\n<meta property=\"og:title\" content=\"Cultura - Ajuntament d&#039;Albal\" \/>\n<meta property=\"og:description\" content=\"\u00c1reas y servicios | EDUCACI\u00d3N, CULTURA y DEPORTES CulturaConcejal: Raquel Garc\u00eda CastellanoCorreo electr\u00f3nico: cultura@albal.esInformaci\u00f3n de Inter\u00e9s:Enlaces de inter\u00e9s: P\u00e0gina web del Museu Comarcal de l&#039;Horta Sud: https:\/\/museuhortasud.com\/Consultas y dudas: Atenci\u00f3n Municipal de Informaci\u00f3n Ciudadana REGISTROS Y SOLICITUDES Plaza del Jard\u00edn, 7. Ayuntamiento de Albal \u2013\u00a0Planta bajaTel:\u00a096 126 00 56\u00a0\u00b7 Fax: 96 127 08 61 CITA PREVIASEDE ELECTR\u00d3NICAAvisos, convocatorias y tr\u00e1mites activosExposici\u00f3n Virtual de dibujos de postales de Navidad Accede a la exposici\u00f3n virtual de postales de Navidad 2025 Encontrar\u00e1s dos categor\u00edas Categor\u00eda A: dibujos realizados por el alumnado de 1\u00ba, 2\u00ba y 3\u00ba de primaria Categor\u00eda B: dibujos realizados por alumnado de 4\u00ba, 5\u00ba y 6\u00ba de primaria Categor\u00eda C: dibujos realizados por alumnado de 1\u00ba y 2\u00ba de E.S.O Categor\u00eda D: dibujos realizados por alumnado de 3\u00ba y 4\u00ba de E.S.O \u00bfComo votar?:\u00a0 Podr\u00e1s emitir un solo voto por categor\u00eda, clicando a la estrella que encontrar\u00e1s bajo el dibujo que elijas. Plazo de votaci\u00f3n hasta el 9 de diciembre. &nbsp;Exposici\u00f3n Virtual de dibujos de postales de Semana Santa Accede a la exposici\u00f3n virtual de postales de Semana Santa 2024 Encontrar\u00e1s las siguientes categor\u00edas Categor\u00eda A Categor\u00eda B Categor\u00eda C \u00bfComo votar?:\u00a0 Podr\u00e1s emitir un solo voto por categor\u00eda, clicando [&hellip;]\" \/>\n<meta property=\"og:site_name\" content=\"Ajuntament d&#039;Albal\" \/>\n<meta property=\"article:publisher\" content=\"https:\/\/facebook.com\/AjuntamentAlbal\/\" \/>\n<meta property=\"article:modified_time\" content=\"2026-03-05T14:14:03+00:00\" \/>\n<meta property=\"og:image\" content=\"https:\/\/albal.es\/content-albal\/uploads\/2019\/12\/logo-amic-2.png\" \/>\n\t<meta property=\"og:image:width\" content=\"135\" \/>\n\t<meta property=\"og:image:height\" content=\"46\" \/>\n\t<meta property=\"og:image:type\" content=\"image\/png\" \/>\n<meta name=\"twitter:card\" content=\"summary_large_image\" \/>\n<meta name=\"twitter:label1\" content=\"Tiempo de lectura\" \/>\n\t<meta name=\"twitter:data1\" content=\"11 minutos\" \/>\n\t<meta name=\"twitter:label2\" content=\"Written by\" \/>\n\t<meta name=\"twitter:data2\" content=\"Aida Beltr\u00e1n, Zainab Afellay Aouragh\" \/>\n<script type=\"application\/ld+json\" class=\"yoast-schema-graph\">{\"@context\":\"https:\\\/\\\/schema.org\",\"@graph\":[{\"@type\":\"WebPage\",\"@id\":\"https:\\\/\\\/albal.es\\\/es\\\/areas-y-servicios-2\\\/educacion-cultura-y-deportes\\\/cultura\\\/\",\"url\":\"https:\\\/\\\/albal.es\\\/es\\\/areas-y-servicios-2\\\/educacion-cultura-y-deportes\\\/cultura\\\/\",\"name\":\"Cultura - Ajuntament d&#039;Albal\",\"isPartOf\":{\"@id\":\"https:\\\/\\\/albal.es\\\/es\\\/#website\"},\"primaryImageOfPage\":{\"@id\":\"https:\\\/\\\/albal.es\\\/es\\\/areas-y-servicios-2\\\/educacion-cultura-y-deportes\\\/cultura\\\/#primaryimage\"},\"image\":{\"@id\":\"https:\\\/\\\/albal.es\\\/es\\\/areas-y-servicios-2\\\/educacion-cultura-y-deportes\\\/cultura\\\/#primaryimage\"},\"thumbnailUrl\":\"https:\\\/\\\/albal.es\\\/content-albal\\\/uploads\\\/2019\\\/12\\\/logo-amic-2.png\",\"datePublished\":\"2019-12-10T16:16:32+00:00\",\"dateModified\":\"2026-03-05T14:14:03+00:00\",\"breadcrumb\":{\"@id\":\"https:\\\/\\\/albal.es\\\/es\\\/areas-y-servicios-2\\\/educacion-cultura-y-deportes\\\/cultura\\\/#breadcrumb\"},\"inLanguage\":\"es\",\"potentialAction\":[{\"@type\":\"ReadAction\",\"target\":[\"https:\\\/\\\/albal.es\\\/es\\\/areas-y-servicios-2\\\/educacion-cultura-y-deportes\\\/cultura\\\/\"]}]},{\"@type\":\"ImageObject\",\"inLanguage\":\"es\",\"@id\":\"https:\\\/\\\/albal.es\\\/es\\\/areas-y-servicios-2\\\/educacion-cultura-y-deportes\\\/cultura\\\/#primaryimage\",\"url\":\"https:\\\/\\\/albal.es\\\/content-albal\\\/uploads\\\/2019\\\/12\\\/logo-amic-2.png\",\"contentUrl\":\"https:\\\/\\\/albal.es\\\/content-albal\\\/uploads\\\/2019\\\/12\\\/logo-amic-2.png\"},{\"@type\":\"BreadcrumbList\",\"@id\":\"https:\\\/\\\/albal.es\\\/es\\\/areas-y-servicios-2\\\/educacion-cultura-y-deportes\\\/cultura\\\/#breadcrumb\",\"itemListElement\":[{\"@type\":\"ListItem\",\"position\":1,\"name\":\"Inici\",\"item\":\"https:\\\/\\\/albal.es\\\/es\\\/\"},{\"@type\":\"ListItem\",\"position\":2,\"name\":\"\u00c1reas y Servicios\",\"item\":\"https:\\\/\\\/albal.es\\\/es\\\/areas-y-servicios-2\\\/\"},{\"@type\":\"ListItem\",\"position\":3,\"name\":\"Educaci\u00f3n, cultura y deportes\",\"item\":\"https:\\\/\\\/albal.es\\\/es\\\/areas-y-servicios-2\\\/educacion-cultura-y-deportes\\\/\"},{\"@type\":\"ListItem\",\"position\":4,\"name\":\"Cultura\"}]},{\"@type\":\"WebSite\",\"@id\":\"https:\\\/\\\/albal.es\\\/es\\\/#website\",\"url\":\"https:\\\/\\\/albal.es\\\/es\\\/\",\"name\":\"Ajuntament d&#039;Albal\",\"description\":\"Ajuntament d&#039;Albal\",\"publisher\":{\"@id\":\"https:\\\/\\\/albal.es\\\/es\\\/#organization\"},\"potentialAction\":[{\"@type\":\"SearchAction\",\"target\":{\"@type\":\"EntryPoint\",\"urlTemplate\":\"https:\\\/\\\/albal.es\\\/es\\\/?s={search_term_string}\"},\"query-input\":{\"@type\":\"PropertyValueSpecification\",\"valueRequired\":true,\"valueName\":\"search_term_string\"}}],\"inLanguage\":\"es\"},{\"@type\":\"Organization\",\"@id\":\"https:\\\/\\\/albal.es\\\/es\\\/#organization\",\"name\":\"Ajuntament d'Albal - Valencia\",\"url\":\"https:\\\/\\\/albal.es\\\/es\\\/\",\"logo\":{\"@type\":\"ImageObject\",\"inLanguage\":\"es\",\"@id\":\"https:\\\/\\\/albal.es\\\/es\\\/#\\\/schema\\\/logo\\\/image\\\/\",\"url\":\"https:\\\/\\\/albal.es\\\/content-albal\\\/uploads\\\/2020\\\/06\\\/logo-ayuntamiento-albal.png\",\"contentUrl\":\"https:\\\/\\\/albal.es\\\/content-albal\\\/uploads\\\/2020\\\/06\\\/logo-ayuntamiento-albal.png\",\"width\":367,\"height\":332,\"caption\":\"Ajuntament d'Albal - Valencia\"},\"image\":{\"@id\":\"https:\\\/\\\/albal.es\\\/es\\\/#\\\/schema\\\/logo\\\/image\\\/\"},\"sameAs\":[\"https:\\\/\\\/facebook.com\\\/AjuntamentAlbal\\\/\"]}]}<\/script>\n<!-- \/ Yoast SEO plugin. -->","yoast_head_json":{"title":"Cultura - Ajuntament d&#039;Albal","robots":{"index":"index","follow":"follow","max-snippet":"max-snippet:-1","max-image-preview":"max-image-preview:large","max-video-preview":"max-video-preview:-1"},"canonical":"https:\/\/albal.es\/es\/areas-y-servicios-2\/educacion-cultura-y-deportes\/cultura\/","og_locale":"es_ES","og_type":"article","og_title":"Cultura - Ajuntament d&#039;Albal","og_description":"\u00c1reas y servicios | EDUCACI\u00d3N, CULTURA y DEPORTES CulturaConcejal: Raquel Garc\u00eda CastellanoCorreo electr\u00f3nico: cultura@albal.esInformaci\u00f3n de Inter\u00e9s:Enlaces de inter\u00e9s: P\u00e0gina web del Museu Comarcal de l'Horta Sud: https:\/\/museuhortasud.com\/Consultas y dudas: Atenci\u00f3n Municipal de Informaci\u00f3n Ciudadana REGISTROS Y SOLICITUDES Plaza del Jard\u00edn, 7. Ayuntamiento de Albal \u2013\u00a0Planta bajaTel:\u00a096 126 00 56\u00a0\u00b7 Fax: 96 127 08 61 CITA PREVIASEDE ELECTR\u00d3NICAAvisos, convocatorias y tr\u00e1mites activosExposici\u00f3n Virtual de dibujos de postales de Navidad Accede a la exposici\u00f3n virtual de postales de Navidad 2025 Encontrar\u00e1s dos categor\u00edas Categor\u00eda A: dibujos realizados por el alumnado de 1\u00ba, 2\u00ba y 3\u00ba de primaria Categor\u00eda B: dibujos realizados por alumnado de 4\u00ba, 5\u00ba y 6\u00ba de primaria Categor\u00eda C: dibujos realizados por alumnado de 1\u00ba y 2\u00ba de E.S.O Categor\u00eda D: dibujos realizados por alumnado de 3\u00ba y 4\u00ba de E.S.O \u00bfComo votar?:\u00a0 Podr\u00e1s emitir un solo voto por categor\u00eda, clicando a la estrella que encontrar\u00e1s bajo el dibujo que elijas. Plazo de votaci\u00f3n hasta el 9 de diciembre. &nbsp;Exposici\u00f3n Virtual de dibujos de postales de Semana Santa Accede a la exposici\u00f3n virtual de postales de Semana Santa 2024 Encontrar\u00e1s las siguientes categor\u00edas Categor\u00eda A Categor\u00eda B Categor\u00eda C \u00bfComo votar?:\u00a0 Podr\u00e1s emitir un solo voto por categor\u00eda, clicando [&hellip;]","og_site_name":"Ajuntament d&#039;Albal","article_publisher":"https:\/\/facebook.com\/AjuntamentAlbal\/","article_modified_time":"2026-03-05T14:14:03+00:00","og_image":[{"width":135,"height":46,"url":"https:\/\/albal.es\/content-albal\/uploads\/2019\/12\/logo-amic-2.png","type":"image\/png"}],"twitter_card":"summary_large_image","twitter_misc":{"Tiempo de lectura":"11 minutos","Written by":"Aida Beltr\u00e1n, Zainab Afellay Aouragh"},"schema":{"@context":"https:\/\/schema.org","@graph":[{"@type":"WebPage","@id":"https:\/\/albal.es\/es\/areas-y-servicios-2\/educacion-cultura-y-deportes\/cultura\/","url":"https:\/\/albal.es\/es\/areas-y-servicios-2\/educacion-cultura-y-deportes\/cultura\/","name":"Cultura - Ajuntament d&#039;Albal","isPartOf":{"@id":"https:\/\/albal.es\/es\/#website"},"primaryImageOfPage":{"@id":"https:\/\/albal.es\/es\/areas-y-servicios-2\/educacion-cultura-y-deportes\/cultura\/#primaryimage"},"image":{"@id":"https:\/\/albal.es\/es\/areas-y-servicios-2\/educacion-cultura-y-deportes\/cultura\/#primaryimage"},"thumbnailUrl":"https:\/\/albal.es\/content-albal\/uploads\/2019\/12\/logo-amic-2.png","datePublished":"2019-12-10T16:16:32+00:00","dateModified":"2026-03-05T14:14:03+00:00","breadcrumb":{"@id":"https:\/\/albal.es\/es\/areas-y-servicios-2\/educacion-cultura-y-deportes\/cultura\/#breadcrumb"},"inLanguage":"es","potentialAction":[{"@type":"ReadAction","target":["https:\/\/albal.es\/es\/areas-y-servicios-2\/educacion-cultura-y-deportes\/cultura\/"]}]},{"@type":"ImageObject","inLanguage":"es","@id":"https:\/\/albal.es\/es\/areas-y-servicios-2\/educacion-cultura-y-deportes\/cultura\/#primaryimage","url":"https:\/\/albal.es\/content-albal\/uploads\/2019\/12\/logo-amic-2.png","contentUrl":"https:\/\/albal.es\/content-albal\/uploads\/2019\/12\/logo-amic-2.png"},{"@type":"BreadcrumbList","@id":"https:\/\/albal.es\/es\/areas-y-servicios-2\/educacion-cultura-y-deportes\/cultura\/#breadcrumb","itemListElement":[{"@type":"ListItem","position":1,"name":"Inici","item":"https:\/\/albal.es\/es\/"},{"@type":"ListItem","position":2,"name":"\u00c1reas y Servicios","item":"https:\/\/albal.es\/es\/areas-y-servicios-2\/"},{"@type":"ListItem","position":3,"name":"Educaci\u00f3n, cultura y deportes","item":"https:\/\/albal.es\/es\/areas-y-servicios-2\/educacion-cultura-y-deportes\/"},{"@type":"ListItem","position":4,"name":"Cultura"}]},{"@type":"WebSite","@id":"https:\/\/albal.es\/es\/#website","url":"https:\/\/albal.es\/es\/","name":"Ajuntament d&#039;Albal","description":"Ajuntament d&#039;Albal","publisher":{"@id":"https:\/\/albal.es\/es\/#organization"},"potentialAction":[{"@type":"SearchAction","target":{"@type":"EntryPoint","urlTemplate":"https:\/\/albal.es\/es\/?s={search_term_string}"},"query-input":{"@type":"PropertyValueSpecification","valueRequired":true,"valueName":"search_term_string"}}],"inLanguage":"es"},{"@type":"Organization","@id":"https:\/\/albal.es\/es\/#organization","name":"Ajuntament d'Albal - Valencia","url":"https:\/\/albal.es\/es\/","logo":{"@type":"ImageObject","inLanguage":"es","@id":"https:\/\/albal.es\/es\/#\/schema\/logo\/image\/","url":"https:\/\/albal.es\/content-albal\/uploads\/2020\/06\/logo-ayuntamiento-albal.png","contentUrl":"https:\/\/albal.es\/content-albal\/uploads\/2020\/06\/logo-ayuntamiento-albal.png","width":367,"height":332,"caption":"Ajuntament d'Albal - Valencia"},"image":{"@id":"https:\/\/albal.es\/es\/#\/schema\/logo\/image\/"},"sameAs":["https:\/\/facebook.com\/AjuntamentAlbal\/"]}]}},"publishpress_future_workflow_manual_trigger":{"enabledWorkflows":[]},"_links":{"self":[{"href":"https:\/\/albal.es\/es\/wp-json\/wp\/v2\/pages\/698","targetHints":{"allow":["GET"]}}],"collection":[{"href":"https:\/\/albal.es\/es\/wp-json\/wp\/v2\/pages"}],"about":[{"href":"https:\/\/albal.es\/es\/wp-json\/wp\/v2\/types\/page"}],"author":[{"embeddable":true,"href":"https:\/\/albal.es\/es\/wp-json\/wp\/v2\/users\/19"}],"replies":[{"embeddable":true,"href":"https:\/\/albal.es\/es\/wp-json\/wp\/v2\/comments?post=698"}],"version-history":[{"count":0,"href":"https:\/\/albal.es\/es\/wp-json\/wp\/v2\/pages\/698\/revisions"}],"up":[{"embeddable":true,"href":"https:\/\/albal.es\/es\/wp-json\/wp\/v2\/pages\/786"}],"wp:attachment":[{"href":"https:\/\/albal.es\/es\/wp-json\/wp\/v2\/media?parent=698"}],"wp:term":[{"taxonomy":"author","embeddable":true,"href":"https:\/\/albal.es\/es\/wp-json\/wp\/v2\/coauthors?post=698"}],"curies":[{"name":"wp","href":"https:\/\/api.w.org\/{rel}","templated":true}]}}