

{"id":680,"date":"2019-12-10T17:11:01","date_gmt":"2019-12-10T16:11:01","guid":{"rendered":"https:\/\/albal.es\/?page_id=680"},"modified":"2026-03-05T09:16:32","modified_gmt":"2026-03-05T08:16:32","slug":"agencia-de-empleo-y-desarrollo-local-aedl","status":"publish","type":"page","link":"https:\/\/albal.es\/es\/areas-y-servicios-2\/promocion-y-desarrollo\/agencia-de-empleo-y-desarrollo-local-aedl\/","title":{"rendered":"Agencia de Empleo y Desarrollo Local ( AEDL)"},"content":{"rendered":"<p>[et_pb_section fb_built=\u00bb1&#8243; custom_padding_last_edited=\u00bbon|phone\u00bb admin_label=\u00bbcontent-cab-area\u00bb module_class=\u00bbcontent-cab-area\u00bb _builder_version=\u00bb4.16&#8243; background_color=\u00bb#fafafa\u00bb custom_padding=\u00bb15px||25px||false|false\u00bb custom_padding_tablet=\u00bb\u00bb custom_padding_phone=\u00bb||0px||false|false\u00bb collapsed=\u00bboff\u00bb global_colors_info=\u00bb{}\u00bb][et_pb_row disabled_on=\u00bbon|off|off\u00bb admin_label=\u00bbDesabilitado en moviles (Content migas pan)\u00bb _builder_version=\u00bb4.16&#8243; custom_padding=\u00bb0px||0px||false|false\u00bb locked=\u00bboff\u00bb collapsed=\u00bbon\u00bb global_colors_info=\u00bb{}\u00bb][et_pb_column type=\u00bb4_4&#8243; _builder_version=\u00bb4.16&#8243; global_colors_info=\u00bb{}\u00bb][et_pb_dmb_breadcrumbs admin_label=\u00bbMigas pan\u00bb font_icon=\u00bb&#x35;||divi||400&#8243; use_home_icon=\u00bboff\u00bb use_home_text=\u00bbon\u00bb home_text=\u00bbInici\u00bb _builder_version=\u00bb4.16&#8243; global_colors_info=\u00bb{}\u00bb][\/et_pb_dmb_breadcrumbs][\/et_pb_column][\/et_pb_row][et_pb_row column_structure=\u00bb1_3,1_3,1_3&#8243; use_custom_gutter=\u00bbon\u00bb make_equal=\u00bbon\u00bb custom_padding_last_edited=\u00bbon|phone\u00bb admin_label=\u00bbcab-\u00e1rea\u00bb module_class=\u00bbcab-area\u00bb _builder_version=\u00bb4.16&#8243; background_enable_image=\u00bboff\u00bb background_size=\u00bbinitial\u00bb background_position=\u00bbcenter_left\u00bb custom_padding=\u00bb25px||0px||false|false\u00bb custom_padding_tablet=\u00bb\u00bb custom_padding_phone=\u00bb15px||||false|false\u00bb border_width_left_tablet=\u00bb\u00bb border_width_left_phone=\u00bb0px\u00bb border_width_left_last_edited=\u00bbon|desktop\u00bb locked=\u00bboff\u00bb global_colors_info=\u00bb{}\u00bb][et_pb_column type=\u00bb1_3&#8243; module_class=\u00bbcontent-tit-area\u00bb _builder_version=\u00bb4.16&#8243; global_colors_info=\u00bb{}\u00bb][et_pb_text admin_label=\u00bbH4, H1&#8243; module_class=\u00bbtit-area\u00bb _builder_version=\u00bb4.16&#8243; custom_margin=\u00bb||5px||false|false\u00bb locked=\u00bboff\u00bb global_colors_info=\u00bb{}\u00bb]<\/p>\n<h4>\u00c0reas y servicios | Promoci\u00f3n y Desarrollo<\/h4>\n<h1>Agencia de Empleo y Desarrollo Local<\/h1>\n<h3>(AEDL)<\/h3>\n<p>[\/et_pb_text][et_pb_text admin_label=\u00bbIntro\u00bb module_class=\u00bbtit-area\u00bb _builder_version=\u00bb4.16&#8243; global_colors_info=\u00bb{}\u00bb]<\/p>\n<p>La Agencia de Empleo y Desarrollo Local (AEDL) es un servicio p\u00fablico y gratuito que el Ayuntamiento de Albal, a trav\u00e9s de la Concejal\u00eda de Promoci\u00f3n y Desarrollo Econ\u00f3mico Local, pone a disposici\u00f3n de los ciudadanos como herramienta \u00e1gil y flexible capaz de movilizar los recursos externos e internos, humanos y financieros y coordinar todos los esfuerzos que se realizan para potenciar el desarrollo y crecimiento socioecon\u00f3mico, y la generaci\u00f3n de empleo en el municipio d&amp;#39;Albal.<\/p>\n<p>[\/et_pb_text][\/et_pb_column][et_pb_column type=\u00bb1_3&#8243; module_class=\u00bbcontent-info-interes\u00bb disabled_on=\u00bbon|off|off\u00bb _builder_version=\u00bb4.16&#8243; custom_padding=\u00bb|||30px|false|false\u00bb custom_padding_tablet=\u00bb\u00bb custom_padding_phone=\u00bb|0px||0px|false|false\u00bb custom_padding_last_edited=\u00bbon|desktop\u00bb border_width_left=\u00bb1px\u00bb border_color_left=\u00bb#cccccc\u00bb border_radii_tablet=\u00bb\u00bb border_radii_phone=\u00bb\u00bb border_radii_last_edited=\u00bbon|phone\u00bb border_width_left_tablet=\u00bb\u00bb border_width_left_phone=\u00bb\u00bb border_width_left_last_edited=\u00bbon|phone\u00bb global_colors_info=\u00bb{}\u00bb][et_pb_text admin_label=\u00bbInformacio d&#8217;interes\u00bb module_class=\u00bbtit-info-interes-cab\u00bb _builder_version=\u00bb4.16&#8243; locked=\u00bboff\u00bb global_colors_info=\u00bb{}\u00bb]<\/p>\n<p>Informaci\u00f3n de Inter\u00e9s:<\/p>\n<p>[\/et_pb_text][et_pb_text admin_label=\u00bbinformacio\u00bb _builder_version=\u00bb4.16&#8243; global_colors_info=\u00bb{}\u00bb]<\/p>\n<h3>Ubicaci\u00f3n:<\/h3>\n<p>Centre Polivalent (davant de la Casa de Cultura). AEDL C\/ Mestre Ram\u00f3n Sanchis Rovira, 9 Tel. 96 122 05 04 Correu electr\u00f2nic: aedl@albal.es Horari d&#8217;atenci\u00f3 al p\u00fablic: de dilluns a divendres de 9.00h a 14.00 h.<\/p>\n<h3>Enlaces:<\/h3>\n<p><a href=\"https:\/\/servef.com\/inicio_empleo_v.htm\" target=\"_blank\" rel=\"noopener noreferrer\">Servici Valenci\u00e0 d&#8217;Ocupaci\u00f3.<\/a> <a href=\"https:\/\/gva.es\/industria\/main_v.htm\" target=\"_blank\" rel=\"noopener noreferrer\">Conselleria d&#8217;Innovaci\u00f3 i Competitivitat.<\/a><\/p>\n<p>[\/et_pb_text][et_pb_cta button_url=\u00bbhttps:\/\/albal.es\/es\/contacto-albal\/\u00bb button_text=\u00bbContacto\u00bb admin_label=\u00bbBoton contacto\u00bb module_class=\u00bbboton-consultas-cab\u00bb _builder_version=\u00bb4.16&#8243; background_enable_color=\u00bboff\u00bb text_orientation=\u00bbleft\u00bb background_layout=\u00bblight\u00bb custom_padding=\u00bb0px|0px|0px|0px|true|true\u00bb locked=\u00bbon\u00bb global_colors_info=\u00bb{}\u00bb]<\/p>\n<h3>Consultas i dudas:<\/h3>\n<p>[\/et_pb_cta][\/et_pb_column][et_pb_column type=\u00bb1_3&#8243; module_class=\u00bbcontent-info-interes-dos\u00bb disabled_on=\u00bbon|off|off\u00bb _builder_version=\u00bb4.16&#8243; custom_padding=\u00bb|||30px|false|false\u00bb custom_padding_tablet=\u00bb|||0px|false|false\u00bb custom_padding_phone=\u00bb|0px||0px|false|false\u00bb custom_padding_last_edited=\u00bbon|desktop\u00bb border_width_left=\u00bb1px\u00bb border_color_left=\u00bb#cccccc\u00bb border_width_left_tablet=\u00bb\u00bb border_width_left_phone=\u00bb\u00bb border_width_left_last_edited=\u00bbon|desktop\u00bb global_colors_info=\u00bb{}\u00bb][et_pb_text disabled_on=\u00bboff|off|off\u00bb admin_label=\u00bbAmic\u00bb module_class=\u00bbamic-cita\u00bb _builder_version=\u00bb4.16&#8243; header_4_font=\u00bb||||||||\u00bb header_4_text_color=\u00bb#c40038&#8243; custom_margin=\u00bb||0px||false|false\u00bb custom_padding=\u00bb||15px||false|false\u00bb saved_tabs=\u00bball\u00bb locked=\u00bboff\u00bb global_colors_info=\u00bb{}\u00bb]<\/p>\n<h3><img decoding=\"async\" class=\"wp-image-464 alignnone size-full lazyload\" data-src=\"https:\/\/albal.es\/content-albal\/uploads\/2019\/12\/logo-amic-2.png\" alt=\"\" width=\"135\" height=\"46\" src=\"data:image\/svg+xml;base64,PHN2ZyB3aWR0aD0iMSIgaGVpZ2h0PSIxIiB4bWxucz0iaHR0cDovL3d3dy53My5vcmcvMjAwMC9zdmciPjwvc3ZnPg==\" style=\"--smush-placeholder-width: 135px; --smush-placeholder-aspect-ratio: 135\/46;\" \/><\/h3>\n<h3>Atenci\u00f3n Municipal de Informaci\u00f3n Ciudadana<\/h3>\n<h4>REGISTROS Y SOLICITUDES<\/h4>\n<p>Plaza del Jard\u00edn, 7. Ayuntamiento de Albal &#8211; <strong>Planta baja<\/strong> Tel: <strong>96 126 00 56<\/strong> \u00b7 Fax: 96 127 08 61 <a class=\"bot-cita-previa\" href=\"https:\/\/citaprevia.albal.es:10090\/\" target=\"_blank\" rel=\"noopener noreferrer\">Cita previa<\/a> <a class=\"bot-seu-electronica\" href=\"https:\/\/albal.sede.gva.es\/\" target=\"_blank\" rel=\"noopener noreferrer\">Sede electr\u00f3nica<\/a><\/p>\n<p>[\/et_pb_text][\/et_pb_column][\/et_pb_row][\/et_pb_section][et_pb_section fb_built=\u00bb1&#8243; admin_label=\u00bbBuscar y menu-anclas\u00bb _builder_version=\u00bb4.16&#8243; background_color=\u00bb#fafafa\u00bb custom_padding=\u00bb25px||5px||false|false\u00bb border_width_top=\u00bb1px\u00bb border_color_top=\u00bb#eeeeee\u00bb collapsed=\u00bboff\u00bb global_colors_info=\u00bb{}\u00bb][et_pb_row admin_label=\u00bbcab-area herramientas\u00bb module_class=\u00bbcab-area herramientas\u00bb _builder_version=\u00bb4.16&#8243; custom_padding=\u00bb0px||0px||false|false\u00bb locked=\u00bboff\u00bb global_colors_info=\u00bb{}\u00bb][et_pb_column type=\u00bb4_4&#8243; _builder_version=\u00bb4.16&#8243; global_colors_info=\u00bb{}\u00bb][et_pb_text ul_type=\u00bbnone\u00bb ul_position=\u00bbinside\u00bb admin_label=\u00bbEnlaces-anclas secciones\u00bb module_class=\u00bbmenu-list-hztal\u00bb _builder_version=\u00bb4.16&#8243; link_font=\u00bb||||||||\u00bb global_colors_info=\u00bb{}\u00bb]<\/p>\n<ul>\n<li><a href=\"#tramites\">Tr\u00e1mites e impresos<\/a><\/li>\n<li><a href=\"#informacion\">Informaci\u00f3n<\/a><\/li>\n<li><a href=\"#faq\">Preguntas m\u00e1s frecuentes<\/a><\/li>\n<\/ul>\n<p>[\/et_pb_text][\/et_pb_column][\/et_pb_row][\/et_pb_section][et_pb_section fb_built=\u00bb1&#8243; admin_label=\u00bb(ancla) #tramites\u00bb module_id=\u00bbtramites\u00bb _builder_version=\u00bb4.16&#8243; background_color=\u00bb#e2e1de\u00bb custom_padding=\u00bb50px||||false|false\u00bb global_colors_info=\u00bb{}\u00bb][et_pb_row admin_label=\u00bb.content-avisos\u00bb module_class=\u00bbcontent-avisos\u00bb _builder_version=\u00bb4.16&#8243; custom_padding=\u00bb0px||||false|false\u00bb locked=\u00bboff\u00bb collapsed=\u00bboff\u00bb global_colors_info=\u00bb{}\u00bb][et_pb_column type=\u00bb4_4&#8243; _builder_version=\u00bb4.16&#8243; global_colors_info=\u00bb{}\u00bb][et_pb_text admin_label=\u00bbTitulo \u00abAvisos, convocat\u00f2ries i tr\u00e0mits actius\u00bb\u00bb _builder_version=\u00bb4.16&#8243; _module_preset=\u00bbdefault\u00bb global_colors_info=\u00bb{}\u00bb]<\/p>\n<h2>Avisos, convocatorias y tr\u00e1mites activos<\/h2>\n<p>[\/et_pb_text][et_pb_cpt_loop_archive loop_layout=\u00bb4914&#8243; fullwidth=\u00bboff\u00bb columns=\u00bb2&#8243; show_pagination=\u00bboff\u00bb new_query=\u00bbon\u00bb post_type=\u00bbtramitambdata\u00bb posts_number=\u00bb999&#8243; include_meta=\u00bbpagina_de_destinacio_data\u00bb include_meta_terms=\u00bb676&#8243; hide_if_no_data=\u00bbon\u00bb order=\u00bbasc\u00bb admin_label=\u00bbAvisos, convocat\u00f2ries i tr\u00e0mits actius\u00bb module_class=\u00bbtramites-fecha tramites-activos-pag\u00bb _builder_version=\u00bb4.16&#8243; headings_text_color=\u00bb#000000&#8243; headings_font_size=\u00bb36px\u00bb custom_padding=\u00bb20px|20px|20px|20px|true|true\u00bb border_radii=\u00bbon|8px|8px|8px|8px\u00bb locked=\u00bboff\u00bb global_colors_info=\u00bb{}\u00bb][\/et_pb_cpt_loop_archive][et_pb_code module_class=\u00bbcontent-mostrar-avisos\u00bb _builder_version=\u00bb4.16&#8243; _module_preset=\u00bbdefault\u00bb locked=\u00bboff\u00bb global_colors_info=\u00bb{}\u00bb]<pee><style>.et_pb_cpt_loop_archive.tramites-activos-pag:before { content:\"Avisos, convocatorias y tr\u00e1mites activos\";}<\/style><\/pee>[\/et_pb_code][\/et_pb_column][\/et_pb_row][et_pb_row _builder_version=\u00bb4.16&#8243; custom_padding=\u00bb0px||||false|false\u00bb locked=\u00bboff\u00bb global_colors_info=\u00bb{}\u00bb][et_pb_column type=\u00bb4_4&#8243; _builder_version=\u00bb4.16&#8243; global_colors_info=\u00bb{}\u00bb][et_pb_text admin_label=\u00bbTitulo Informacio, tr\u00e0mits i impresos\u00bb module_class=\u00bbtit-seccion\u00bb _builder_version=\u00bb4.16&#8243; locked=\u00bboff\u00bb global_colors_info=\u00bb{}\u00bb]<\/p>\n<h2><img decoding=\"async\" class=\"size-medium alignleft lazyload\" data-src=\"https:\/\/albal.es\/img\/iconos\/impreso-lapiz-45x45.svg\" alt=\"\" width=\"45\" height=\"45\" src=\"data:image\/svg+xml;base64,PHN2ZyB3aWR0aD0iMSIgaGVpZ2h0PSIxIiB4bWxucz0iaHR0cDovL3d3dy53My5vcmcvMjAwMC9zdmciPjwvc3ZnPg==\" style=\"--smush-placeholder-width: 45px; --smush-placeholder-aspect-ratio: 45\/45;\" \/>Informaci\u00f3n, tr\u00e1mites e impresos<\/h2>\n<p>[\/et_pb_text][\/et_pb_column][\/et_pb_row][et_pb_row column_structure=\u00bb3_5,2_5&#8243; _builder_version=\u00bb4.16&#8243; custom_padding=\u00bb0px||||false|false\u00bb locked=\u00bboff\u00bb global_colors_info=\u00bb{}\u00bb][et_pb_column type=\u00bb3_5&#8243; _builder_version=\u00bb4.16&#8243; global_colors_info=\u00bb{}\u00bb][et_pb_accordion use_icon_font_size=\u00bbon\u00bb icon_font_size=\u00bb21px\u00bb admin_label=\u00bbTramites (acordeon desplegables)\u00bb _builder_version=\u00bb4.27.6&#8243; hover_enabled=\u00bb0&#8243; global_colors_info=\u00bb{}\u00bb sticky_enabled=\u00bb0&#8243;][et_pb_accordion_item title=\u00bbOrdenanza Reguladora de la Utilizaci\u00f3n del Dominio P\u00fablico Local por Paradas P\u00fablicas o con Instalaciones desmontables, Aparatos de Feria, Casitas y semejantes\u00bb open=\u00bbon\u00bb _builder_version=\u00bb4.16&#8243; global_colors_info=\u00bb{}\u00bb]<\/p>\n<p class=\"desc-pdf\">Esta ordenanza tiene como objeto establecer, ajust\u00e1ndose a lo que establece el Real Decreto 199\/2010 de 26 de febrero, el procedimiento al que deber\u00e1n sujetarse las solicitudes de autorizaci\u00f3n con destino a la ocupaci\u00f3n privativa del dominio p\u00fablico local, tanto con ocasi\u00f3n del tradicional mercado ambulante, como para la instalaci\u00f3n de las atracciones de feria, casitas y semejantes durante la fiestas de San Blas o actividades de venta no sedentaria durante la celebraci\u00f3n de actividades festivas. Ordenanza Reguladora de la Utilizaci\u00f3n del Dominio P\u00fablico Local por Paradas P\u00fablicas o con Instalaciones desmontables, Aparatos de Feria, Casitas y semejantes<\/p>\n<p>[\/et_pb_accordion_item][et_pb_accordion_item title=\u00bbProgramas de formaci\u00f3n\u00bb _builder_version=\u00bb4.16&#8243; global_colors_info=\u00bb{}\u00bb open=\u00bboff\u00bb]<\/p>\n<p><b>&#8211;\u00a0<u>TALLER DE FORMACI\u00d3N E INSERCI\u00d3N LABORAL: T F I L<\/u><\/b> Los talleres de formaci\u00f3n e inserci\u00f3n laboral son acciones formativas dirigidas a personas desempleadas con dificultades de integraci\u00f3n en el mercado de trabajo, con el fin de proporcionarlos la calificaci\u00f3n profesional para ejercer una ocupaci\u00f3n concreta y adecuada a las necesidades las empresas de la Comunidad Valenciana, por medio de una formaci\u00f3n adaptada a las caracter\u00edsticas individuales. Los talleres incluir\u00e1n, un per\u00edodo de pr\u00e1cticas no laborales que se realizar\u00e1n en empresas como parte integrando de la acci\u00f3n formativa. Se realizar\u00e1n en el \u00faltimo per\u00edodo del taller, y la duraci\u00f3n estar\u00e1 comprendida entre 100 y 200 horas, se ajustar\u00e1 al horario de las mencionadas pr\u00e1cticas al del centro de trabajo. El alumnado que participo en estos talleres recibir\u00e1 una ayuda econ\u00f3mica en concepto de asistencia de 10 EUR al d\u00eda. Los Talleres de Formaci\u00f3n e Inserci\u00f3n Laboral se agrupan en 3 modalidades diferentes dependiendo del sector de la poblaci\u00f3n a quien est\u00e9n dirigidos: Talleres para personas con discapacidad , para colectivos de riesgo de exclusi\u00f3n social e inmigrantes. Talleres realizados ; cocina , telefonista recepcionista y monitor deportivo para el ejercicio 2011\/12. &#8211; CURSOS DE FORMACI\u00d3N OCUPACIONAL: FPO La Agencia de Empleo y Desarrollo Local realiza un programa formativo que acoge cursos de diversas tem\u00e1ticas como inform\u00e1tica, cocina, b\u00fasqueda de empleo, etc. Los cursos est\u00e1n dirigidos a la poblaci\u00f3n en general y no requieren de ning\u00fan requisito para la realizaci\u00f3n. Las caracter\u00edsticas de los cursos (horarios, ubicaci\u00f3n, docentes..) estar\u00e1n pendientes de las demandas de los ciudadanos. Cursos realizados: auxiliar de enfermer\u00eda en geriatr\u00eda, telefonista-recepcionista, pintor y jardinero. &#8211; TALLERES DE FORMACI\u00d3N PARA LA CONTRATACI\u00d3N: TFC Los Talleres de Formaci\u00f3n para la Contrataci\u00f3n son acciones formativas subvencionadas a cargo de fondo procedentes de la Generalidad Valenciana y del Fondo Social Europeo. Son programas formativos dirigidos a j\u00f3venes con edades comprendidas entre 16 y 25 a\u00f1os, que no hayan obtenido el t\u00edtulo de Graduado en Educaci\u00f3n Secundaria Obligatoria, o no posean titulaci\u00f3n alguna de formaci\u00f3n profesional, ni ning\u00fan Certificaci\u00f3n de Profesionalidad y est\u00e9n inscritos en la Oficina SERVEF de Ocupaci\u00f3n. La duraci\u00f3n de los talleres es de 900 horas de formaci\u00f3n : b\u00e1sica, espec\u00edfica y orientaci\u00f3n laboral, en horario de 8.00h a 15.00 h. El calendario de impartici\u00f3n es de noviembre a mayo, con un contrato de formaci\u00f3n los 3 \u00faltimos meses del programa, y un compromiso de inserci\u00f3n del 20% de los alumnos que finalizan el taller. Las especialidades ya realizadas por el Ayuntamiento de Albal son: cocina , jardiner\u00eda y monitor deportivo. Concesi\u00f3n aprobatoria para el ejercicio 2011\/12 de un Taller de Formaci\u00f3n para la Contrataci\u00f3n en la especialidad de monitor deportivo. &#8211; TALLERES DE OCUPACI\u00d3N: Son programas que se configuran como programas mixtos de ocupaci\u00f3n y formaci\u00f3n que tienen como objeto mejorar la ocupabilidad de los desempleados , mediante la realizaci\u00f3n de obras o servicios de inter\u00e9s general y social que posibilitan a los alumnos trabajadores la realizaci\u00f3n de un trabajo efectivo que, junto con la formaci\u00f3n profesional ocupacional acogida, procura su calificaci\u00f3n profesional y favorezca la inserci\u00f3n laboral. Para los talleres de ocupaci\u00f3n realizados en el ejercicio 2011 se establecen las siguientes cuant\u00edas: Modula A; 3,08 por alumno y hora , M\u00f3dulo B 0,84 por alumno y hora y M\u00f3dulo D; EL 120% del Salario M\u00ednimo Interprofesional , en concepto de salarios de alumnos trabajadores. En el ejercicio 2011 la entidad puso en marcha el taller de ocupaci\u00f3n de reciclaje profesional con las especialidades de auxiliar de enfermer\u00eda en geriatr\u00eda y auxiliar de ayuda a domicilio y en el 2013\/14 un taller de ocupaci\u00f3n con las mismas especialidades. \u00a0<\/p>\n<p>[\/et_pb_accordion_item][et_pb_accordion_item title=\u00bbProgrames d&#8217;ocupaci\u00f3\u00bb _builder_version=\u00bb4.16&#8243; global_colors_info=\u00bb{}\u00bb open=\u00bboff\u00bb]<\/p>\n<p>&#8211; PROGRAMA D&#8217;OCUPACI\u00d3 P\u00daBLIC I INTER\u00c9S SOCIAL: EMCORP S\u00f3n programes de subvencions en l&#8217;\u00e0mbit de col\u00b7laboraci\u00f3 amb les corporacions locals per a la contractaci\u00f3 de treballadors desocupats en la realitzaci\u00f3 d&#8217;obres i servicis d&#8217;inter\u00e9s general i social. Els destinataris finals d&#8217;estos programes s\u00f3n els desocupats, inscrits com a demandants d&#8217;ocupaci\u00f3 en els centres SERVEF d&#8217;Ocupaci\u00f3 de la Generalitat Valenciana.El temps de duraci\u00f3 del programa estar\u00e0 en funci\u00f3 de la quantia de la subvenci\u00f3 concedida. &#8211; SALARI JOVE S\u00f3n programes de foment d&#8217;ocupaci\u00f3 dirigit a j\u00f3vens que acaben de finalitzar els estudis i es troben en desocupaci\u00f3. Este programa pret\u00e9n que siga experi\u00e8ncia laboral d&#8217;acord amb la formaci\u00f3 del jove , amb l&#8217;objecte de millorar les possibilitats futures d&#8217;ocupaci\u00f3. La duraci\u00f3 esta entre els 6 i els 9 mesos. El col\u00b7lectiu a qu\u00e8 est\u00e0 dirigit s\u00f3n menors de 30 anys que no tenen experi\u00e8ncia laboral o la que tenen \u00e9s escassa. &#8211; PLANS INTEGRALS D&#8217;OCUPACI\u00d3 : PIE S\u00f3n programes destinats a generar ocupaci\u00f3 estable entre desocupats que pertanyen als col\u00b7lectius espec\u00edfics: risc d&#8217;exclusi\u00f3 social, majors de 45 anys, dones, aturats de llarga duraci\u00f3&#8230; L&#8217;objectiu \u00e9s millorar la qualificaci\u00f3 professional i afavorir la inserci\u00f3 laboral dels desocupats inscrits en el SERVEF com a demandants d&#8217;ocupaci\u00f3 i que han sigut pr\u00e8viament seleccionats per a participar en el programa. Les empreses que col\u00b7laboren en el pla reben subvenci\u00f3 per la contractaci\u00f3 de les esmentades desocupades (contracte temporal de 3 mesos a jornada completa, 1.500 \u20ac, contracte temporal de 6 mesos a jornada completa 3.000 \u20ac i per la contractaci\u00f3 d&#8217;indefinit a jornada completa, 6.000 \u20ac ). &#8211; PROJECTES DE GARANTIA DE COMPLEMENT DE RENDA: REA S\u00f3n programes de col\u00b7laboraci\u00f3 de servici p\u00fablic estatal (INEM) amb les corporacions locals per a pal\u00b7liar la desocupaci\u00f3 agr\u00edcola eventual, per mitj\u00e0 de projectes la finalitat del qual \u00e9s garantir als treballadors un complement de renda. &#8211; PAMER S\u00f3n programes de subvencions per a la realitzaci\u00f3 d&#8217;actuacions mediambientales. Les ajudes rebudes estan destinades a la contractaci\u00f3 de persones desocupades per a la realitzaci\u00f3 de projectes o actuacions que, complint els requisits de l&#8217;orde, estiguen relacionades amb la millora de l&#8217;entorn natural, i siguen promogudes per l&#8217;entitats locals de la Comunitat Valenciana , especialment en el desbrossament selectiu de matoll en muntanya, arbratge i eliminaci\u00f3 de plantes invasores, poda i aclarida d&#8217;arbratge , manteniment i millora de tallafocs, camins forestals, sendes, etc. manteniment de basses per a labors d&#8217;extinci\u00f3 d&#8217;incendis forestals, neteja i condicionament de llits i riberes de barrancs i rius, aix\u00ed com la conservaci\u00f3 de s\u00f2ls. Els treballadors s&#8217;integren en brigades de treball que estan formades per un m\u00ednim de cinc treballadors. Les ajudes cobrixen els costs salarials dels participants.<\/p>\n<p>[\/et_pb_accordion_item][et_pb_accordion_item title=\u00bbPromoci\u00f3 comercial i empresarial\u00bb _builder_version=\u00bb4.16&#8243; global_colors_info=\u00bb{}\u00bb open=\u00bboff\u00bb]<\/p>\n<p>&#8211; Campanyes d&#8217;animaci\u00f3 comercial &#8211; Activitats , formaci\u00f3, convenis, etc\u00e8tera &#8211; Ajudes i subvencions per a empreses i comer\u00e7 local &#8211; Fires promocionals: FIRA DE SANT BLAI &#8211; Col\u00b7laboraci\u00f3 amb l&#8217;Associaci\u00f3 de Comerciants i Xicotets Empresaris d&#8217;Albal. (ACIXEA) &#8211; Assessorament i suport a emprenedors: ajudes, subvencions, tramitaci\u00f3 per a emprenedors. AUTOCUPACI\u00d3 https:\/\/ivace.es https:\/\/todoemprende.es https:\/\/e-empresarias.net https:\/\/e-igualdad.net https:\/\/wwww.circuloempresarias.net https:\/\/emprenemjunts.es https:\/\/emprendedores.gva.es https:\/\/ceeivalencia.emprenemjunts.es ALTRES ENLLA\u00c7OS D&#8217;INTER\u00c9S https:\/\/emprendedores.es https:\/\/camaravalencia.com https:\/\/creatuempresa.org https:\/\/agenciatributaria.es\/AEAT.internet.\/Emprendedores.shtml https:\/\/portaldelcomerciante.com<\/p>\n<p>[\/et_pb_accordion_item][et_pb_accordion_item title=\u00bbFoment de l&#8217;economia local\u00bb _builder_version=\u00bb4.16&#8243; global_colors_info=\u00bb{}\u00bb open=\u00bboff\u00bb]<\/p>\n<p>Dins de les activitats que realitza l&#8217;Ag\u00e8ncia d&#8217;Ocupaci\u00f3 i Desenrotllament Local est\u00e0 la de fomentar totes les accions que siguen productives per al desenvolupament socioecon\u00f2mic del municipi d&#8217;Albal a trav\u00e9s de la participaci\u00f3 en programes que aporten millores en la qualitat de vida dels ciutadans com: &#8211; Posada en marxa del Telecentre &#8211; Col\u00b7laboraci\u00f3 en la implantaci\u00f3 del Pla Estrat\u00e8gic del municipi d&#8217;Albal &#8211; Pla Avan\u00e7a &#8211; Col\u00b7laboracions amb programes desenvolupats per la Mancomunitat de l&#8217;Horta Sud: EQUAL, DIS-ME.<\/p>\n<p>[\/et_pb_accordion_item][et_pb_accordion_item title=\u00bbEntitats p\u00fabliques i altres organitzacions\u00bb _builder_version=\u00bb4.16&#8243; global_colors_info=\u00bb{}\u00bb open=\u00bboff\u00bb]<\/p>\n<p>Servici Valenci\u00e0 d&#8217;Ocupaci\u00f3: <em>https:\/\/servef.com<\/em> Conselleria d&#8217;Innovaci\u00f3 i Competitivitat: <em>https:\/\/gva.es\/industria<\/em> Conselleria d&#8217;Economia, Hisenda i Ocupaci\u00f3:<em> https:\/\/gva.es<\/em> Impiva: <em>https:\/\/impiva.es<\/em> Mancomunitat L\u00b4Horta Sud: <em>https:\/\/mancohortasud.es<\/em> Institut de la joventut: <em>https:\/\/gva.es\/infociudad\/index.html<\/em> Institut de la dona: <em>https:\/\/mtas.es\/dona\/empl02.htm<\/em> Butllet\u00ed oficial de la Com. Valenciana: <em>www.bop.es<\/em> Diari oficial de la Generalitat Valenciana: <em>www.docv.es<\/em> Portal Oficial de la Uni\u00f3 Europea (<em>https:\/\/europa.eu.int<\/em>) Institut Nacional d&#8217;Ocupaci\u00f3 (<em>https:\/\/inem.es<\/em>) Ministeri de Treball i Assumptes Socials (<em>https:\/\/mtas.es<\/em>) Ministeri d&#8217;Administracions P\u00fabliques (<em>https:\/\/map.es<\/em>) Seguretat Social (<em>https:\/\/seg-social.es<\/em>) Institut Nacional d&#8217;Estad\u00edstica (<em>https:\/\/ine.es<\/em>) Institut de Comer\u00e7 Exterior (<em>https:\/\/icex.es<\/em>) Ag\u00e8ncia Estatal d&#8217;Administraci\u00f3 Tribut\u00e0ria (<em>https:\/\/aeat.es<\/em>) Administraci\u00f3 General de l&#8217;Estat (<em>https:\/\/administracion.es<\/em>) Registre Mercantil (<em>https:\/\/rmc.es<\/em>) Bolet\u00edn Oficial del Estado (<em>https:\/\/boe.es<\/em>) Universitat de Val\u00e8ncia (<em>https:\/\/uv.es<\/em>)<\/p>\n<p>[\/et_pb_accordion_item][et_pb_accordion_item title=\u00bbActivitats\u00bb _builder_version=\u00bb4.16&#8243; global_colors_info=\u00bb{}\u00bb open=\u00bboff\u00bb]<\/p>\n<p>Les persones interessades en obtindre la formaci\u00f3 de carnet de manipulador d&#8217;aliments, en la modalitat on-line, pot contactar amb l&#8217;empresa \u00abTU PLAN FORMACI\u00d3N\u00bb, poden inscriure&#8217;s al tel\u00e8fon 658 974 620 (persona contacte Jorge Cantero).<\/p>\n<p>[\/et_pb_accordion_item][et_pb_accordion_item title=\u00bbCurs de Prevenci\u00f3 de Riscos Laborals en la construcci\u00f3\u00bb _builder_version=\u00bb4.16&#8243; global_colors_info=\u00bb{}\u00bb open=\u00bboff\u00bb]<\/p>\n<p>La Fundaci\u00f3 Laboral de la Construcci\u00f3, organitza el curs de Prevenci\u00f3 de Riscos Laborals en la Construcci\u00f3. Les persones interessades poden contactar per correu electr\u00f2nic o tel\u00e8fon amb aquesta entitat. Dades de contacte:<\/p>\n<ul>\n<li>Persona de Contacte: EVA.<\/li>\n<li>Correu electr\u00f2nic: administracion@fevec.net<\/li>\n<li>Tel\u00e8fon: 96 352 53 69.<\/li>\n<li>Adre\u00e7a: C\/ Arzobispo Fabi\u00e1n y Fuero, N\u00ba1. 46009-Valencia.<\/li>\n<\/ul>\n<p>[\/et_pb_accordion_item][et_pb_accordion_item title=\u00bbMercat %22DEL CAMP A LA TAULA%22&#8243; _builder_version=\u00bb4.16&#8243; global_colors_info=\u00bb{}\u00bb open=\u00bboff\u00bb]<\/p>\n<p><a class=\"pdf\" href=\"https:\/\/albal.es\/ficheros\/pdf\/ADL04.pdf\" target=\"_blank\" rel=\"noopener noreferrer\">Inst\u00e0ncia per a la declaraci\u00f3 de venda de productes al Mercat Ecol\u00f2gic<\/a><\/p>\n<p>[\/et_pb_accordion_item][et_pb_accordion_item title=\u00bbFeria de Comercio Local 2026&#8243; _builder_version=\u00bb4.27.4&#8243; global_colors_info=\u00bb{}\u00bb open=\u00bboff\u00bb]<\/p>\n<p>&nbsp;<\/p>\n<p><strong>XXIII FERIA COMERCIO LOCAL<\/strong><\/p>\n<p>Los d\u00edas 30,31 de enero y 1 de febrero de 2026 el Ayuntamiento de Albal organiza la XXIII\u00aa Feria de Comercio Local, con el objetivo de apoyar y fomentar el comercio local.<\/p>\n<p>En dicho evento podr\u00e1n participar los comercios y peque\u00f1as empresas del municipio con local f\u00edsico en Albal, en la modalidad de STAND de manera\u00a0 gratuita, tal y c\u00f3mo se indica en la Ordenanza realizada al efecto.<\/p>\n<p>Los comercios y peque\u00f1as empresas del municipio podr\u00e1n acceder a 1 stand por comercio.<\/p>\n<p>Las solicitudes de participaci\u00f3n en la Feria de Comercio Local (Modelo Instancia de participaci\u00f3n) se presentar\u00e1n preferentemente por la Sede Electr\u00f3nica del Ayuntamiento de Albal o de manera presencial a trav\u00e9s del registro de entrada del Ayuntamiento. Todo esto sin perjuicio de realizar el registro por cualquier medio de los se\u00f1alados al efecto en el art\u00edculo 16.4 de La Ley 39\/2015, de 1 de octubre, del procedimiento administrativo com\u00fan de las administraciones p\u00fablicas. (No tendr\u00e1n validez las instancias recibidas por correo electr\u00f3nico).<\/p>\n<p>El resto de comercios participantes for\u00e1neos que deseen asistir a la XXIII\u00aa Feria de Comercio Local, deber\u00e1n de igual modo presentar la solicitud de participaci\u00f3n por las v\u00edas indicadas, para la adquisici\u00f3n de stands en caso de que existan vacantes de stands, los cu\u00e1les ser\u00e1n asignados por orden de registro de entrada, dentro del plazo determinado al efecto.<\/p>\n<p>Los\u00a0participantes que deseen asistir a la XXIII\u00aa Feria de Comercio Local en la modalidad de METRO LINEALES o PARADAS, deber\u00e1n cumplimentar la instancia (modelo Instancia de participaci\u00f3n) y realizar el pago correspondiente dependiendo de los metros solicitados.<\/p>\n<p>Las instancias recibidas sin la correspondiente autoliquidaci\u00f3n no tendr\u00e1n validez.<\/p>\n<p>Seg\u00fan la Ordenanza reguladora de la tasa por venta en mercados tradicionales, mercadillos y cualquier otro tipo de venta no sedentaria en el municipio de Albal en su art. 9 indica que el coste de la tasa ser\u00e1 de:<\/p>\n<table width=\"568\">\n<tbody>\n<tr>\n<td width=\"454\">TAMA\u00d1O DEL PUESTO<\/td>\n<td width=\"111\">IMPORTE<\/td>\n<td width=\"3\">\u00a0<\/td>\n<\/tr>\n<tr>\n<td width=\"454\">Hasta 5 metros lineales<\/td>\n<td width=\"111\">\u00a0\u00a0\u00a0\u00a0 100\u20ac<\/td>\n<td width=\"3\">\u00a0<\/td>\n<\/tr>\n<tr>\n<td width=\"454\">De m\u00e1s de 5 m hasta 10 metros lineales<\/td>\n<td width=\"111\">\u00a0\u00a0\u00a0\u00a0\u00a0 200\u20ac<\/td>\n<td width=\"3\">\u00a0<\/td>\n<\/tr>\n<\/tbody>\n<\/table>\n<p>El plazo de presentaci\u00f3n de instancia ser\u00e1 del 1 al 30 de \u00a0diciembre de 2025 (ambos inclusive).<\/p>\n<p><a class=\"pdf\" href=\"https:\/\/albal.es\/content-albal\/uploads\/2025\/11\/Instancia-participacio-Fira-Comerc-Local-2026.pdf\" target=\"_blank\" rel=\"noopener noreferrer\">Ficha de Inscripci\u00f3n para a la Feria de Comercio Local<\/a><\/p>\n<p><a class=\"e-tramite\" href=\"https:\/\/albal.sede.dival.es\/carpetaciudadana\/tramite.aspx?idtramite=19540\" target=\"_blank\" rel=\"noopener\">Enlace al tr\u00e1mite de participaci\u00f3n en la feria de comercio local<\/a><\/p>\n<p><a class=\"e-tramite\" href=\"https:\/\/albal.sede.dival.es\/carpetaciudadana\/tramite.aspx?idtramite=19019\" target=\"_blank\" rel=\"noopener\">Enlace al tr\u00e1mite de atracciones feriales<\/a><\/p>\n<p>[\/et_pb_accordion_item][et_pb_accordion_item title=\u00bbXarrades d&#8217;orientaci\u00f3 i b\u00fasqueda d&#8217;ocupaci\u00f3\u00bb _builder_version=\u00bb4.16&#8243; global_colors_info=\u00bb{}\u00bb open=\u00bboff\u00bb]<\/p>\n<p>L\u00b4AEDL organitza unes xarrades \/ taller gratu\u00eftes dirigides a persones desocupades impartides per un t\u00e8cnic d\u00b4ocupaci\u00f3 i autocupaci\u00f3 de la Mancomunitat de L\u00b4Horta Sud. <a class=\"pdf\" href=\"https:\/\/albal.es\/ficheros\/pdf\/CharlasADL2013_v.pdf\" target=\"_blank\" rel=\"noopener noreferrer\">Informaci\u00f3<\/a><\/p>\n<p>[\/et_pb_accordion_item][et_pb_accordion_item title=\u00bbEspai Coworking\u00bb _builder_version=\u00bb4.16&#8243; global_colors_info=\u00bb{}\u00bb open=\u00bboff\u00bb]<\/p>\n<p>L&#8217;Espai Coworking es concep com un espai de formaci\u00f3 i treball en com\u00fa (coworking) per a desenrotllar una nova manera de formar-se i de treballar compartint espai i recursos, dirigit especialment als nous emprenedors, oferint-los un lloc on poden treballar sense la necessitat de fer cap tipus d&#8217;inversi\u00f3 inicial. <a class=\"pdf\" href=\"https:\/\/albal.es\/ficheros\/pdf\/CoworkingReglamento_v.pdf\" target=\"_blank\" rel=\"noopener noreferrer\">Reglament<\/a> <a class=\"pdf\" href=\"https:\/\/albal.es\/ficheros\/pdf\/ADL08.pdf\" target=\"_blank\" rel=\"noopener noreferrer\">Inst\u00e0ncia<\/a><\/p>\n<p>[\/et_pb_accordion_item][et_pb_accordion_item title=\u00bbPROGRAMA D\u2019IMPULS I SENSIBILITZACI\u00d3 DE L\u2019ASSOCIACIONISME COMERCIAL\u00bb _builder_version=\u00bb4.16&#8243; _module_preset=\u00bbdefault\u00bb global_colors_info=\u00bb{}\u00bb open=\u00bboff\u00bb]<\/p>\n<ol>\n<li><strong>PRESENTACI\u00d3 DE LA INICIATIVA<\/strong><\/li>\n<\/ol>\n<p><strong>\u00a0<\/strong>Presentaci\u00f3 p\u00fablica de la iniciativa PROGRAMA DE PARTICIPACI\u00d3 PER A L\u2019IMPULS I SENSIBILITZACI\u00d3 DE L\u2019ASSOCIACIONISME COMERCIAL per fer comprendre el projecte a la poblaci\u00f3.<\/p>\n<p>Es pret\u00e9n fer comprendre la necessitat fomentar l\u2019associacionisme local en general, per\u00f2 centrant la mirada en aquell associacionisme sectorial respecte al sector comercial del municipi.<\/p>\n<p>La situaci\u00f3 de crisis sanitaria ha debilitat un teixit comercial que ha de ren\u00e0ixer baix un prisma de participaci\u00f3 i col\u00b7laboraci\u00f3, que el permeta afrontar reptes i projecte que de forma a\u00efllada no podrien acometre.<\/p>\n<ol start=\"2\">\n<li><strong>CAMPANYA PORTA A PORTA PER DETECTAR NECESSITATS AL TEIXIT SOCIAL PRODUCTIU: PROFESSIONAL I COMERCIAL<\/strong><\/li>\n<\/ol>\n<p>Tan important com rebre el feedback i els inputs de la poblaci\u00f3, resulta establir els eixos tem\u00e0tics generals sobre la materia que es va a tractar.<\/p>\n<p>Eixa \u00e9s la finalitat que esta activitat buscar\u00e0 mitjan\u00e7ant un contacte directe amb el teixit social productiu.<\/p>\n<p>L\u2019equip t\u00e8cnic del projecte realitzar\u00e0 diferents recorreguts pels carrers del municipi per realitzar un apropament a comer\u00e7os i professionals amb la intenci\u00f3 de detectar quins son els aspectes que m\u00e9s inter\u00e9s suscita entre ells i poder realitzar un enfocament per enfrontar, aquells que siguen possible, mitjan\u00e7ant el prisma de l\u2019associacionisme comercial.<\/p>\n<p>Es tracta, en definitiva, de mostrar la utilitat que una participaci\u00f3n organitzada pot tenir de forma directa sobre les seues activitats i vida.<\/p>\n<p><strong>3. Q\u00dcESTIONARI ONLINE I IMPLEMENTACI\u00d3 A PEU DE CARRER<\/strong><\/p>\n<p>Tan important com con\u00e8ixer les inquietuds del sector comercial per a fomentar el seu associacionisme, \u00e9s saber quines percepcions existeixen a la societat del municipi respecte a l\u2019associacionisme, el comer\u00e7 i les aportacions que aquests fan per la cohesi\u00f3 de la localitat. Q\u00fcestionari online amb una plataforma interactiva per democratitzar el proc\u00e9s participatiu i arribar al major nombre de persones de la poblaci\u00f3. El q\u00fcestionari tindr\u00e0 diferents \u00e0rees i tem\u00e0tiques preparades amb la<\/p>\n<p>informaci\u00f3 recollida en anterior accions de participaci\u00f3 qualitativa amb el teixit comercial i productiu.L&#8217;aplicaci\u00f3 de tecnologies com les plataformes de participaci\u00f3 per a la recollida d&#8217;informaci\u00f3 suposa fomentar noves formes de treball en l&#8217;administraci\u00f3 que cada dia resulten m\u00e9s imprescindibles. Cal assenyalar que en activitats posteriors es tractar\u00e0 de portar estes q\u00fcestions a peu de carrer per tal d&#8217;evitar biaixos.<\/p>\n<ol start=\"4\">\n<li><strong>ACCI\u00d3 DE CAPACITACI\u00d3 I IMPULS COMERCIAL SEGONS ELS \u00cdTEMS DETECTATS<\/strong><\/li>\n<\/ol>\n<p><strong>\u00a0<\/strong>El treball previ realitzat servir\u00e0 per a que el projecte compte amb una acci\u00f3 de capacitaci\u00f3 dirigida de forma general al teixit comercial i professional del municipi per tal de dotar-los d\u2019eines per maximitzar els beneficis de l\u2019acci\u00f3 conjunta. Es realitzar\u00e0 una sessi\u00f3 online o presencial segons circumstancies que puguen sobrevindre com a causa de la situaci\u00f3 sanit\u00e0ria amb persones expertes en comunicaci\u00f3 corporativa i d\u2019entitats. S\u2019inclour\u00e0 la gravaci\u00f3 de les sessions i retransmissi\u00f3 en xarxes socials municipals. Els tres eixos en que es basaran les sessions son:<\/p>\n<ul>\n<li>Comunicaci\u00f3 enfocada a l\u2019associacionisme.<\/li>\n<li>Branding per a la definici\u00f3 de les entitats associatives comercials<\/li>\n<li>Motivaci\u00f3 cap a l&#8217;associacionisme comercial<\/li>\n<\/ul>\n<ol start=\"5\">\n<li><strong>CAMPANYA DE SENSIBILITZACI\u00d3 COMERCIAL CIUTADANA<\/strong><\/li>\n<\/ol>\n<p>Sumar a la poblaci\u00f3 local per tal d\u2019enfortir l\u2019associacionisme comercial \u00e9s un aspecte clau per a la generaci\u00f3 de sinergies entre societat civil i entitats de caire col\u00b7laboratiu a una localitat. \u00c9s per aix\u00f2 que es planteja una campanya de sensibilitzaci\u00f3 cap al comer\u00e7 local enfocada a l\u2019associacionisme comercial i els seus beneficis amb les seg\u00fcents accions:<\/p>\n<ul>\n<li>Desenvolupament del follet explicatiu de la campanya amb les consideracions dels processos participatius anteriors i per generar consci\u00e8ncia ciutadana de la import\u00e0ncia d\u2019un consum responsable i de proximitat per a la salut, l\u2019economia local i el desenvolupament municipal.<\/li>\n<li>Disseny de cartell, adhesius i banners de l\u2019acci\u00f3.<\/li>\n<li>Sensibilitzaci\u00f3 a peu de carrer interactuant amb el ve\u00efnat en zones transitades de la localitat.<\/li>\n<\/ul>\n<ol start=\"6\">\n<li><strong>PRESENTACI\u00d3 P\u00daBLICA DE LES CONCLUSIONS DE L&#8217;ACTUACI\u00d3<\/strong><\/li>\n<\/ol>\n<p>Presentaci\u00f3 p\u00fablica dels resultats del PROGRAMA D\u2019IMPULS I SENSIBILITZACI\u00d3 DE L\u2019ASSOCIACIONISME COMERCIAL amb el teixit comercial i social del municipi, per generar sin\u00e8rgies i perdurabilitat de la iniciativa amb el contacte entre associacions i d\u2019entitats productives i organitzacions socials i persones interessades.<\/p>\n<p>Esta acci\u00f3 compleix amb els preceptes de rendici\u00f3 de comptes i informaci\u00f3 p\u00fablica, ja que pret\u00e9n mostrar a la poblaci\u00f3 les actuacions portades a terme amb els resultats i les aportacions incorporades finalment, fent de la transpar\u00e8ncia p\u00fablica municipal una q\u00fcesti\u00f3 \u00fatil i eficient.<\/p>\n<p>L&#8217;acte ser\u00e0 obert i amb les precaucions que corresponguen per previndre el Covid-19 segons els protocols establerts.<\/p>\n<p>[\/et_pb_accordion_item][et_pb_accordion_item title=\u00bbBOLSA DE  EMPLEO TEMPORAL PARA ACTUACIONES  POR NECESIDADES DEL AYUNTAMIENTO DE ALBAL.\u00bb _builder_version=\u00bb4.18.1&#8243; _module_preset=\u00bbdefault\u00bb global_colors_info=\u00bb{}\u00bb open=\u00bboff\u00bb]<\/p>\n<p>Se abre el plazo de presentaci\u00f3n de instancias para participar en la\u00a0 BOLSA DE EMPLEO TEMPORAL PARA ACTUACIONES\u00a0 POR NECESIDADES DEL AYUNTAMIENTO DE ALBAL.<\/p>\n<p>El plazo de presentaci\u00f3n de instancias ser\u00e1 de 15 d\u00edas h\u00e1biles desde el 20 de enero\u00a0 de 2023 al 10 de febrero de 2023 ambos inclusive.<\/p>\n<p>El registro de instancias junto con la documentaci\u00f3n indicada se podr\u00e1 presentar en el AMIC.<\/p>\n<p><a class=\"pdf\" href=\"https:\/\/albal.es\/content-albal\/uploads\/2023\/01\/CRITERIOS-Y-DOCUMENTACION.pdf\" target=\"_blank\" rel=\"noopener\">CRITERIOS Y DOCUMENTACI\u00d3N<\/a><\/p>\n<p><a class=\"pdf\" href=\"https:\/\/albal.es\/content-albal\/uploads\/2023\/01\/INSTANCIA.pdf\" target=\"_blank\" rel=\"noopener\">INSTANCIA<\/a><\/p>\n<p><a class=\"pdf\" href=\"https:\/\/albal.es\/content-albal\/uploads\/2023\/03\/EDICTO-LISTADO-PROVISIONAL-BOLSA-EMPLEO-TEMPORAL.pdf\" target=\"_blank\" rel=\"noopener\">LISTADO PROVISIONAL BOLSA DE EMPLEO<\/a><\/p>\n<p><a class=\"pdf\" href=\"https:\/\/albal.es\/content-albal\/uploads\/2023\/03\/Edicto-listado-definitivo-bolsa-de-empleo-temporal.pdf\" target=\"_blank\" rel=\"noopener\">LISTADO DEFINITIVO BOLSA DE EMPLEO<\/a><\/p>\n<p>[\/et_pb_accordion_item][et_pb_accordion_item title=\u00bbCONVOCATORIA DEL PROCEDIMIENTO DE CONCESI\u00d3N DIRECTA DE AYUDAS ECON\u00d3MICAS PARA EL PEQUE\u00d1O COMERCIO, ACTIVIDADES DEL SECTOR SERVICIOS, NEGOCIOS UNIPERSONALES O FAMILIARES Y MICRO PYMES AFECTADAS POR LAS INUNDACIONES SUFRIDAS EL 29 DE OCTUBRE DE 2024 EN EL MUNICIPIO DE ALBAL, CON CARGO A FONDOS DONADOS POR \u201cLA CAJA RURAL DE ALBAL\u201d\u00bb _builder_version=\u00bb4.27.4&#8243; _module_preset=\u00bbdefault\u00bb global_colors_info=\u00bb{}\u00bb open=\u00bboff\u00bb]<\/p>\n<p>La presente convocatoria tiene como objeto regular el procedimiento y requisitos para la concesi\u00f3n directa de ayudas urgentes para\u00a0 la reactivaci\u00f3n econ\u00f3mica y social del municipio mediante el apoyo al peque\u00f1o comercio, actividades del sector servicios, negocios unipersonales o familiares y micro pymes, afectadas por las inundaciones y dem\u00e1s consecuencias de la DANA que se encontrasen en funcionamiento el 29 de octubre de 2024 y que hubiesen reanudado su actividad o declaren de manera responsable su voluntad de reanudarla en un plazo m\u00e1ximo de seis meses, desde el d\u00eda siguiente al de la DANA del 29 de octubre de 2024.<\/p>\n<p>El importe de las ayudas ir\u00e1 destinado a paliar los da\u00f1os y p\u00e9rdidas de bienes de car\u00e1cter material sufridos en el peque\u00f1o comercio, actividades del sector servicios, negocios unipersonales o familiares y micro pymes como consecuencia de la DANA.<\/p>\n<p><strong>Plazo de presentaci\u00f3n de solicitudes <\/strong><\/p>\n<p>Las solicitudes se dirigir\u00e1n al Ayuntamiento de Albal mediante modelo habilitado al efecto, desde su aprobaci\u00f3n.<\/p>\n<p>Por Resoluci\u00f3n de Alcald\u00eda n\u00famero 382 de 4 de abril de 2025, se abre un nuevo plazo de presentaci\u00f3n para nuevas solicitudes.<br \/>Desde el d\u00eda 7 de abril hasta el d\u00eda 22 de abril de 2025.<br \/>Plazo exclusivo para nuevas solicitudes.<\/p>\n<p><a class=\"pdf\" href=\"https:\/\/albal.es\/content-albal\/uploads\/2025\/02\/CONVOCATORIA-DILIGENCIADA-AYUDAS-A-COMERCIOS-POR-LA-DANA-DE-LAS-CAJAS-RURALES-FIRMADO.pdf\" target=\"_blank\" rel=\"noopener\">CONVOCATORIA<\/a><\/p>\n<p><a class=\"pdf\" href=\"https:\/\/albal.es\/content-albal\/uploads\/2025\/02\/SOLICITUD-CAJA-RURAL-1.pdf\" target=\"_blank\" rel=\"noopener\">INSTANCIA<\/a><\/p>\n<p><a class=\"pdf\" href=\"https:\/\/albal.es\/content-albal\/uploads\/2025\/02\/DECL-RESPONSABLE-CAJA-RURAL.pdf\" target=\"_blank\" rel=\"noopener\">DECLARACI\u00d3N RESPONSABLE<\/a><\/p>\n<p><a class=\"pdf\" href=\"https:\/\/albal.es\/content-albal\/uploads\/2025\/04\/Resolucion_N_382_de_04042025_RESOLUCION_LISTADO_SOLICUTUDES_ADMITIDAS-DESESTIMADAS__-_SEGRA_977534.pdf\" target=\"_blank\" rel=\"noopener\">RESOLUCI\u00d3N LISTADO SOLICITUDES ADMITIDAS-DESESTIMADAS AYUDAS COMERCIO CAJA RURAL<\/a><\/p>\n<p><a class=\"pdf\" href=\"https:\/\/albal.es\/content-albal\/uploads\/2025\/04\/RESOLUCION-CONCESION-AYUDAS-COMERCIO-DANA-CAJA-RURAL-PUBLICAR.pdf\" target=\"_blank\" rel=\"noopener\">RESOLUCI\u00d3N CONCESI\u00d3N<\/a><\/p>\n<p><a class=\"pdf\" href=\"https:\/\/albal.es\/content-albal\/uploads\/2025\/06\/Convocatoria_diligenciada_ayudas_comercio_complementaria_-_Castellano.pdf\" target=\"_blank\" rel=\"attachment noopener wp-att-60709\">2\u00aa CONVOCATORIA<\/a><\/p>\n<p><a class=\"pdf\" href=\"https:\/\/albal.es\/content-albal\/uploads\/2025\/07\/RESOLUCION-AYUDAS-COMERCIO-CAJA-RURAL-2a-CONV.-REPARTO-REMANENTE.pdf\" target=\"_blank\" rel=\"noopener\">RESOLUCI\u00d3N CONCESI\u00d3N AYUDAS CAJA RURAL COMERCIOS 2\u00aa CONVOCATORIA<\/a><\/p>\n<p>[\/et_pb_accordion_item][et_pb_accordion_item title=\u00bbLISTADO DE COMERCIOS ABIERTOS\u00bb _builder_version=\u00bb4.27.4&#8243; _module_preset=\u00bbdefault\u00bb global_colors_info=\u00bb{}\u00bb open=\u00bboff\u00bb]<\/p>\n<p>1. Tasca L\u00b4Horta Sud<br \/>2. Inmobiliaria Expercasa<br \/>3. Inmobiliaria \u00c1gora<br \/>4. Brooklyn Fitboxing Albal<br \/>5. Maslife ( Tupaitel)<br \/>6. BMDP<br \/>7. Joieria Sant Vicent<br \/>8. Vistalia Patricia Blasco<br \/>9. Relluent<br \/>10. Odontolog\u00eda y Est\u00e9tica D3<br \/>11. Papeleria La Catalu\u00f1eta<br \/>12. Inmobiliaria Futurinmo<br \/>13. Mobles Santa Ana<br \/>14. Hidro Sun<br \/>15. App Inform\u00e1tica ALBAL<br \/>16. Nuria Silvent Estilistes<br \/>17. Garc\u00eda Zacar\u00e9s Almac\u00e9n de fontaner\u00eda<br \/>18. Inmobiliaria Versan<br \/>19. Grupo Arrow<br \/>20. Mapfre Albal<br \/>21. Inmoplaza<br \/>22. Raquel Mart\u00ednez Beauty Studio<br \/>23. Cafeter\u00eda Ohana<br \/>24. Florister\u00eda Pere<br \/>25. Academia Blanc i Negre Animaci\u00f3<br \/>26. Natural Optics Albal<br \/>27. R3Val<br \/>28. Tu Deco Taller<br \/>29. Ana Bonora<br \/>30. Bicicletes Albal<br \/>31. Bodegueta El Bon Paladar<br \/>32. M. Luz Mercer\u00eda-Lencer\u00eda<br \/>33. Carnicer\u00eda Abril<br \/>34. JS FOTO ALBAL<br \/>35. JJbarber Cuts<br \/>36. Peluquer\u00eda Yo &amp; Ce<br \/>37. Xic i Xica peluquer\u00eda<br \/>38. Vameco Negociadores de Seguros<br \/>39. Solding Asesores<br \/>40. Bar Smile<br \/>41. Bar Restaurante KA.LA.MAR<br \/>42. Autom\u00f3viles Juan Puchades<br \/>43. MDM Interiorismo<br \/>44. G&amp;J Creadores de Espacios<br \/>45. Bar Ol\u00edmpico<br \/>46. Bar Caf\u00e9 Pent\u00e1gono<br \/>47. Sal\u00f3n Viher<\/p>\n<p>[\/et_pb_accordion_item][et_pb_accordion_item title=\u00bbPLAN DE EMPLEO 2025&#8243; _builder_version=\u00bb4.27.4&#8243; _module_preset=\u00bbdefault\u00bb global_colors_info=\u00bb{}\u00bb open=\u00bboff\u00bb]<\/p>\n<p><img decoding=\"async\" class=\"wp-image-59538 aligncenter size-full lazyload\" data-src=\"https:\/\/albal.es\/content-albal\/uploads\/2025\/03\/PLAN-EMPLEO-DIFUSION.png\" alt=\"\" width=\"1080\" height=\"1350\" data-srcset=\"https:\/\/albal.es\/content-albal\/uploads\/2025\/03\/PLAN-EMPLEO-DIFUSION.png 1080w, https:\/\/albal.es\/content-albal\/uploads\/2025\/03\/PLAN-EMPLEO-DIFUSION-980x1225.png 980w, https:\/\/albal.es\/content-albal\/uploads\/2025\/03\/PLAN-EMPLEO-DIFUSION-480x600.png 480w\" data-sizes=\"(min-width: 0px) and (max-width: 480px) 480px, (min-width: 481px) and (max-width: 980px) 980px, (min-width: 981px) 1080px, 100vw\" src=\"data:image\/svg+xml;base64,PHN2ZyB3aWR0aD0iMSIgaGVpZ2h0PSIxIiB4bWxucz0iaHR0cDovL3d3dy53My5vcmcvMjAwMC9zdmciPjwvc3ZnPg==\" style=\"--smush-placeholder-width: 1080px; --smush-placeholder-aspect-ratio: 1080\/1350;\" \/><\/p>\n<p>El ayuntamiento de Albal, desde la concejal\u00eda de Promoci\u00f3n Econ\u00f3mica del ayuntamiento, pone en marcha el proceso de selecci\u00f3n para la contrataci\u00f3n de 66 personas desempleadas en el marco del Plan de Empleo Estatal para la ejecuci\u00f3n de obras y servicios para la recuperaci\u00f3n, rehabilitaci\u00f3n y reconstrucci\u00f3n de los municipios afectados por la DANA. (Real Decreto 1282\/2024 del 17 de diciembre de 2024).<\/p>\n<p>\u25aa\ufe0fPerfiles demandados:<\/p>\n<p>\ud83d\udc77\u200d Jefes de equipo de obra (c\u00f3digo 32021044)<\/p>\n<p>\ud83c\udfe0 Asistentes a domicilio (c\u00f3digo 57101013)<\/p>\n<p>\ud83d\udcdd Empleados administrativos en general (c\u00f3digo 43091029)<\/p>\n<p>\u2692 Peones obras p\u00fablicas en general (c\u00f3digo 96011029)<\/p>\n<p>\u2692 Alba\u00f1iles (c\u00f3digo 71211015)<\/p>\n<p>\ud83d\udd27 Fontaneros (c\u00f3digo 72211012)<\/p>\n<p>\ud83d\udd0c Electricistas (c\u00f3digo 75211071)<\/p>\n<p>\ud83d\udd8c Pintores (c\u00f3digo 72311035)<\/p>\n<p>\ud83d\udd11 Conserjes (c\u00f3digo 58331022)<\/p>\n<p>\ud83d\udc89 Auxiliares de enfermer\u00eda (c\u00f3digo 56111022)<\/p>\n<p>\ud83c\udf31 Jardineros (c\u00f3digo 61201028)<\/p>\n<p>\ud83e\uddf9 Barrenderos (c\u00f3digo 94431016)<\/p>\n<p>\ud83d\uddd3 Contratos de 6 meses a jornada completa.<\/p>\n<p>\ud83d\udcc4\u00bfC\u00f3mo inscribirse?<\/p>\n<p>Las personas beneficiarias de este plan ser\u00e1n aquellas personas desempleadas inscritas en LABORA. Para inscribirse a las ofertas de empleo, deben hacer actualizar su demanda con el c\u00f3digo correspondiente a los perfiles que les interese. Para ello, deber\u00e1n hacerlo a trav\u00e9s del\ud83d\udccd Espai LABORA Catarroja (C\/ Joaqu\u00edn Giner s\/n) o a trav\u00e9s de Punt Labora en el apartado de autoentrevista (<a href=\"https:\/\/puntlabora.gva.es\/puntlabora\/?lang=es\">https:\/\/puntlabora.gva.es\/puntlabora\/?lang=es<\/a>). En caso de no estar inscrito en LABORA, deber\u00e9is asistir presencialmente al punto Espai Labora en la direcci\u00f3n mencionada anteriormente.<\/p>\n<p>El proceso de selecci\u00f3n ser\u00e1 realizado por LABORA, por lo que ser\u00e1 necesario estar inscrito.<\/p>\n<p>\u2139\ufe0f M\u00e1s informaci\u00f3n en el Punt Labora<\/p>\n<p><a class=\"pdf\" href=\"https:\/\/albal.es\/content-albal\/uploads\/2025\/08\/Publicacion-CNOcartel-plan-de-empleo-DANA.-TABLON.OK-1.pdf\" target=\"_blank\" rel=\"attachment noopener wp-att-61204\">PLAN DE EMPLEO DANA<\/a><\/p>\n<p>[\/et_pb_accordion_item][et_pb_accordion_item title=\u00bbR\u00c9GIMEN ESPECIAL AGRARIO 2025&#8243; _builder_version=\u00bb4.27.4&#8243; _module_preset=\u00bbdefault\u00bb global_colors_info=\u00bb{}\u00bb open=\u00bboff\u00bb]<\/p>\n<p>El Ayuntamiento de Albal en colaboraci\u00f3n con el Servicio P\u00fablico de Empleo Estatal realizar\u00e1 la contrataci\u00f3n de 5 trabajadores desempleados, preferentemente eventuales agrarios ,para la realizaci\u00f3n de una obra o servicio de inter\u00e9s general y social\u00a0 durante 3 meses.<\/p>\n<p>Las personas desempleadas que re\u00fanan los requisitos establecidos por el SEPE que se detallan a continuaci\u00f3n , pueden inscribirse en la oficina LABORA para participar en el proceso de selecci\u00f3n.<\/p>\n<p><strong>CRITERIOS DE BAREMACI\u00d3N ESTABLECIDOS POR EL SEPE PARA LA SELECCI\u00d3N DE TRABAJADORES AGRARIOS:<\/strong><\/p>\n<p><strong>\u00a0La selecci\u00f3n de los trabajadores la realizar\u00e1 el Espai LABORA, de acuerdo a los requisitos establecidos en la Orden Ministerial de 26-10-98 y el baremo establecido por la Comisi\u00f3n Ejecutiva Provincial. <\/strong><\/p>\n<p><strong>\u00a0<\/strong>Estar inscrito en la oficina LABORA como \u201cDesempleado\/a del Sistema Especial Agrario Integrado en el R\u00e9gimen General de la Seguridad Social\u201d.<\/p>\n<ol>\n<li>Acreditar la condici\u00f3n de trabajador agrario. Esta circunstancia se acreditar\u00e1 con la presentaci\u00f3n de cualquier de los siguientes documentos:<\/li>\n<\/ol>\n<ul>\n<li>Por medio de informe de vida laboral, el cual deber\u00e1 aparece como m\u00ednimo 3 meses , en situaci\u00f3n de alta en el Sistema Especial Agrario .<\/li>\n<li>Mediante presentaci\u00f3n de 3 cupones agrarios pagados<\/li>\n<li>Presentando certificado de empresa , referido a los \u00faltimos 12 meses inmediatamente anteriores a la fecha de finalizaci\u00f3n del plazo de presentaci\u00f3n de solicitudes (30\/04\/2025).<\/li>\n<\/ul>\n<ol>\n<li>Cualquiera que sea el documento que se presente, entre los tres indicados , a efectos de acreditar la condici\u00f3n de agrario, deber\u00e1 evidenciar que al menos un mes de los que acredita estar de alta en el sistemas especial agrario , est\u00e1 incluido , dentro de los 6 meses anteriores a la fecha de finalizaci\u00f3n del plazo de presentaci\u00f3n de instancias.<\/li>\n<\/ol>\n<p>CUANT\u00cdA OTORGADA: 30.477 \u20ac<\/p>\n<p>N\u00ba DE TRABAJADORES: 5<\/p>\n<p>DURACI\u00d3N : 3 MESES<\/p>\n<p><a class=\"pdf\" href=\"https:\/\/albal.es\/content-albal\/uploads\/2025\/06\/PERSONAS_CANDIDATAS__PRE-SELECCIONADAS_PROGRAMA_REA_2025_-_SEFYCU_6314701-1o.pdf\" target=\"_blank\" rel=\"noopener\">LISTADO PRE-SELECCIONADOS 1\u00ba<\/a><\/p>\n<p><a class=\"pdf\" href=\"https:\/\/albal.es\/content-albal\/uploads\/2025\/06\/PERSONAS_CANDIDATAS__PRE-SELECCIONADAS_PROGRAMA_REA_2025-_SEFYCU_6349254-2o.pdf\" target=\"_blank\" rel=\"noopener\">LISTADO PRE-SELECCIONADOS 2\u00ba<\/a><\/p>\n<p><a class=\"pdf\" href=\"https:\/\/albal.es\/content-albal\/uploads\/2025\/06\/listado-pre-seleccionados-3.pdf\" target=\"_blank\" rel=\"attachment noopener wp-att-60645\">LISTADO PRE-SELECCIONADOS 3\u00ba<\/a><\/p>\n<p>[\/et_pb_accordion_item][et_pb_accordion_item title=\u00bbBono comercio compra en Albal 2025&#8243; _builder_version=\u00bb4.27.4&#8243; _module_preset=\u00bbdefault\u00bb global_colors_info=\u00bb{}\u00bb open=\u00bboff\u00bb]<\/p>\n<p><a class=\"pdf\" href=\"https:\/\/albal.es\/content-albal\/uploads\/2025\/08\/bono_comercio_2025.pdf\" target=\"_blank\" rel=\"attachment noopener wp-att-61226\">Convocatoria<\/a><\/p>\n<p><a class=\"pdf\" href=\"https:\/\/albal.es\/content-albal\/uploads\/2025\/09\/AEDL003.pdf\" target=\"_blank\" rel=\"attachment noopener wp-att-61257\">Instancia solicitud adhesi\u00f3n bono comercio Albal<\/a><\/p>\n<p><a class=\"pdf\" href=\"https:\/\/albal.es\/content-albal\/uploads\/2025\/11\/RESOLUCION-CONCESION-BONO-COMERCIO.pdf\" target=\"_blank\" rel=\"noopener\">Resoluci\u00f3n pago Bono Comercio<\/a><\/p>\n<p>[\/et_pb_accordion_item][et_pb_accordion_item title=\u00bbEMPUJU 2024-2025&#8243; _builder_version=\u00bb4.27.4&#8243; _module_preset=\u00bbdefault\u00bb global_colors_info=\u00bb{}\u00bb open=\u00bboff\u00bb]<\/p>\n<p>Programa de Fomento de Ocupaci\u00f3n para la contrataci\u00f3n de personas j\u00f3venes por entidades locales, en el marco del sistema nacional de Garant\u00eda Juvenil.<\/p>\n<p>El destino final\u00a0de estas ayudas y subvenciones es la contrataci\u00f3n por parte de los ayuntamientos y las mancomunidades de la Comunitat Valenciana o sus organismos aut\u00f3nomos, de personas desempleadas menores de 30 a\u00f1os de edad, que figuren inscritas como demandantes de empleo en los Espais Labora de la Generalitat y como beneficiarias en el fichero del Sistema Nacional de Garant\u00eda Juvenil.<\/p>\n<p>Las entidades beneficiarias\u00a0 presentan la \u00a0oferta de empleo al Espai Labora, que efect\u00faa una <strong>preselecci\u00f3n<\/strong> entre las personas\u00a0 destinatarias finales. Cada convocatoria determinar\u00e1 las personas destinatarias finales de estas subvenciones, que en todo caso deber\u00e1n haber permanecido desempleadas e inscritas como demandantes de empleo en LABORA Servicio Valenciano de Empleo y Formaci\u00f3n en el momento de su contrataci\u00f3n.<\/p>\n<p>Subvenci\u00f3n obtenida: 56.675,63 \u20ac<\/p>\n<ul>\n<li>N\u00famero de contratos: 2<\/li>\n<li>Duraci\u00f3n del contrato: 10 meses<\/li>\n<li>Tipo de contrato: Contrato de duraci\u00f3n determinada .<\/li>\n<\/ul>\n<p>Ocupaciones contratadas<\/p>\n<ul>\n<li>1 Grado en Periodismo<\/li>\n<li>1 Grado en ciencia en actividades f\u00edsicas y deporte<\/li>\n<\/ul>\n<p><strong>Ayuda cofinanciada por el Fondo Social Europeo Plus 2021-2027 . Uni\u00f3n Europea.<\/strong><\/p>\n<p><img decoding=\"async\" class=\"wp-image-61293 size-medium alignnone lazyload\" data-src=\"https:\/\/albal.es\/content-albal\/uploads\/2025\/09\/UNION-EUROPEA-300x98.jpg\" alt=\"\" width=\"300\" height=\"98\" src=\"data:image\/svg+xml;base64,PHN2ZyB3aWR0aD0iMSIgaGVpZ2h0PSIxIiB4bWxucz0iaHR0cDovL3d3dy53My5vcmcvMjAwMC9zdmciPjwvc3ZnPg==\" style=\"--smush-placeholder-width: 300px; --smush-placeholder-aspect-ratio: 300\/98;\" \/> <img decoding=\"async\" class=\"wp-image-61295 size-medium alignnone lazyload\" data-src=\"https:\/\/albal.es\/content-albal\/uploads\/2025\/09\/GVA-300x237.png\" alt=\"\" width=\"300\" height=\"237\" src=\"data:image\/svg+xml;base64,PHN2ZyB3aWR0aD0iMSIgaGVpZ2h0PSIxIiB4bWxucz0iaHR0cDovL3d3dy53My5vcmcvMjAwMC9zdmciPjwvc3ZnPg==\" style=\"--smush-placeholder-width: 300px; --smush-placeholder-aspect-ratio: 300\/237;\" \/> <img decoding=\"async\" class=\"wp-image-61297 size-medium alignnone lazyload\" data-src=\"https:\/\/albal.es\/content-albal\/uploads\/2025\/09\/LABORA-300x152.jpg\" alt=\"\" width=\"300\" height=\"152\" src=\"data:image\/svg+xml;base64,PHN2ZyB3aWR0aD0iMSIgaGVpZ2h0PSIxIiB4bWxucz0iaHR0cDovL3d3dy53My5vcmcvMjAwMC9zdmciPjwvc3ZnPg==\" style=\"--smush-placeholder-width: 300px; --smush-placeholder-aspect-ratio: 300\/152;\" \/><\/p>\n<p>[\/et_pb_accordion_item][et_pb_accordion_item title=\u00bbCONCURSO DE ESCAPARATES NAVIDE\u00d1OS 2025&#8243; _builder_version=\u00bb4.27.4&#8243; _module_preset=\u00bbdefault\u00bb global_colors_info=\u00bb{}\u00bb open=\u00bboff\u00bb]<\/p>\n<p><a class=\"pdf\" href=\"https:\/\/albal.es\/content-albal\/uploads\/2025\/11\/1.BASES-CONCURSO-ESCAPARATES-2025.pdf\" target=\"_blank\" rel=\"attachment noopener wp-att-61867\">BASES<\/a><\/p>\n<p><a class=\"pdf\" href=\"https:\/\/albal.es\/content-albal\/uploads\/2025\/11\/CONVOCATORIA_DILIGENCIADA__-_SEFYCU_7363811.pdf\" target=\"_blank\" rel=\"attachment noopener wp-att-61876\">CONVOCATORIA<\/a><\/p>\n<p><a class=\"pdf\" href=\"https:\/\/albal.es\/content-albal\/uploads\/2025\/11\/PUBLICIDAD-WEB.pdf\" target=\"_blank\" rel=\"attachment noopener wp-att-61865\">CONCURSO DE ESCAPARATES NAVIDE\u00d1OS<\/a><\/p>\n<p><a class=\"pdf\" href=\"https:\/\/albal.es\/content-albal\/uploads\/2025\/11\/INSTANCIA-GENERAL.pdf\" target=\"_blank\" rel=\"noopener\">INSTANCIA GENERAL<\/a><\/p>\n<p>[\/et_pb_accordion_item][et_pb_accordion_item _builder_version=\u00bb4.27.6&#8243; _module_preset=\u00bbdefault\u00bb title=\u00bbPLAN DANA OCUPACI\u00d3N (2\u00aa Convocatoria)\u00bb hover_enabled=\u00bb0&#8243; sticky_enabled=\u00bb0&#8243;]<\/p>\n<p>El ayuntamiento de Albal, desde la Concejal\u00eda de Promoci\u00f3n Econ\u00f3mica del ayuntamiento, pone en marcha el proceso de selecci\u00f3n para la contrataci\u00f3n de 37<br \/>personas desempleadas en el marco del \u201cPlan DANA Ocupaci\u00f3n\u201d, para la ejecuci\u00f3n de obras y servicios para la recuperaci\u00f3n, rehabilitaci\u00f3n y reconstrucci\u00f3n de los<br \/>municipios afectados por la DANA. (Orden TES\/1302\/2025, de 14 de noviembre).<\/p>\n<p><a class=\"pdf\" href=\"https:\/\/albal.es\/content-albal\/uploads\/2026\/03\/EDICTO-PLAN-DANA-OCUPACION.pdf\" target=\"_blank\" rel=\"noopener\">EDICTO<\/a><\/p>\n<p>[\/et_pb_accordion_item][\/et_pb_accordion][\/et_pb_column][et_pb_column type=\u00bb2_5&#8243; module_class=\u00bbcontent-impresos\u00bb _builder_version=\u00bb4.16&#8243; global_colors_info=\u00bb{}\u00bb][et_pb_text admin_label=\u00bbTitulo \u00abImpresos i enlla\u00e7os a Seu electr\u00f2nica\u00bb\u00bb _builder_version=\u00bb4.16&#8243; _module_preset=\u00bbdefault\u00bb locked=\u00bbon\u00bb global_colors_info=\u00bb{}\u00bb]<\/p>\n<h2>Impresos y enlaces a Sede electr\u00f3nica<\/h2>\n<p>[\/et_pb_text][et_pb_cpt_loop_archive loop_layout=\u00bb6282&#8243; show_pagination=\u00bboff\u00bb new_query=\u00bbon\u00bb post_type=\u00bbimpreso_tramit\u00bb posts_number=\u00bb999&#8243; include_meta=\u00bbpagina_de_destinacio\u00bb include_meta_terms=\u00bb676&#8243; hide_if_no_data=\u00bbon\u00bb order=\u00bbasc\u00bb admin_label=\u00bbImpresos i enlla\u00e7os a Seu Electronica\u00bb module_class=\u00bbcontent-impresos-dinamic\u00bb _builder_version=\u00bb4.16&#8243; headings_font_size=\u00bb36px\u00bb background_color=\u00bb#ffffff\u00bb border_radii=\u00bbon|8px|8px|8px|8px\u00bb border_width_all=\u00bb1px\u00bb border_color_all=\u00bb#cccccc\u00bb locked=\u00bbon\u00bb global_colors_info=\u00bb{}\u00bb][\/et_pb_cpt_loop_archive][et_pb_code module_class=\u00bbcontent-mostrar-impresos\u00bb _builder_version=\u00bb4.16&#8243; _module_preset=\u00bbdefault\u00bb locked=\u00bbon\u00bb global_colors_info=\u00bb{}\u00bb]<pee><style>.et_pb_cpt_loop_archive.content-impresos-dinamic:before { content:\"Impresos y enlaces a Sede electr\u00f3nica\";}\t<\/style><\/pee>[\/et_pb_code][\/et_pb_column][\/et_pb_row][et_pb_row disabled_on=\u00bboff|on|on\u00bb admin_label=\u00bbCarga solo en MOVIL\u00bb _builder_version=\u00bb4.23.1&#8243; custom_padding=\u00bb0px||||false|false\u00bb locked=\u00bboff\u00bb global_colors_info=\u00bb{}\u00bb][et_pb_column type=\u00bb4_4&#8243; _builder_version=\u00bb4.16&#8243; global_colors_info=\u00bb{}\u00bb][et_pb_text disabled_on=\u00bboff|off|off\u00bb admin_label=\u00bbAmic\u00bb module_class=\u00bbamic-cita\u00bb _builder_version=\u00bb4.16&#8243; header_4_font=\u00bb||||||||\u00bb header_4_text_color=\u00bb#c40038&#8243; custom_margin=\u00bb||0px||false|false\u00bb custom_padding=\u00bb||15px||false|false\u00bb saved_tabs=\u00bball\u00bb locked=\u00bbon\u00bb global_colors_info=\u00bb{}\u00bb]<\/p>\n<h3><img decoding=\"async\" class=\"wp-image-464 alignnone size-full lazyload\" data-src=\"https:\/\/albal.es\/content-albal\/uploads\/2019\/12\/logo-amic-2.png\" alt=\"\" width=\"135\" height=\"46\" src=\"data:image\/svg+xml;base64,PHN2ZyB3aWR0aD0iMSIgaGVpZ2h0PSIxIiB4bWxucz0iaHR0cDovL3d3dy53My5vcmcvMjAwMC9zdmciPjwvc3ZnPg==\" style=\"--smush-placeholder-width: 135px; --smush-placeholder-aspect-ratio: 135\/46;\" \/><\/h3>\n<h3>Atenci\u00f3n Municipal de Informaci\u00f3n Ciudadana<\/h3>\n<h4>REGISTROS Y SOLICITUDES<\/h4>\n<p>Plaza del Jard\u00edn, 7. Ayuntamiento de Albal &#8211; <strong>Planta baja<\/strong> Tel: <strong>96 126 00 56<\/strong> \u00b7 Fax: 96 127 08 61 <a class=\"bot-cita-previa\" href=\"https:\/\/citaprevia.albal.es:10090\/\" target=\"_blank\" rel=\"noopener noreferrer\">Cita previa<\/a> <a class=\"bot-seu-electronica\" href=\"https:\/\/albal.sede.gva.es\/\" target=\"_blank\" rel=\"noopener noreferrer\">Sede electr\u00f3nica<\/a><\/p>\n<p>[\/et_pb_text][\/et_pb_column][\/et_pb_row][\/et_pb_section][et_pb_section fb_built=\u00bb1&#8243; admin_label=\u00bb(ancla) #informacion\u00bb module_id=\u00bbinformacion\u00bb _builder_version=\u00bb4.16&#8243; background_color=\u00bb#e2e1de\u00bb custom_padding=\u00bb50px||||false|false\u00bb border_width_top=\u00bb1px\u00bb border_color_top=\u00bb#cccccc\u00bb collapsed=\u00bboff\u00bb global_colors_info=\u00bb{}\u00bb][et_pb_row _builder_version=\u00bb4.16&#8243; background_color=\u00bbrgba(0,0,0,0)\u00bb custom_padding=\u00bb0px||||false|false\u00bb global_colors_info=\u00bb{}\u00bb][et_pb_column type=\u00bb4_4&#8243; _builder_version=\u00bb4.16&#8243; global_colors_info=\u00bb{}\u00bb][et_pb_text admin_label=\u00bbTitulo Informaci\u00f3\u00bb module_class=\u00bbtit-seccion\u00bb _builder_version=\u00bb4.16&#8243; locked=\u00bboff\u00bb global_colors_info=\u00bb{}\u00bb]<\/p>\n<h2><img decoding=\"async\" class=\"size-medium alignleft lazyload\" data-src=\"https:\/\/albal.es\/img\/iconos\/informacion-mostrador-45x45.svg\" alt=\"\" width=\"45\" height=\"45\" src=\"data:image\/svg+xml;base64,PHN2ZyB3aWR0aD0iMSIgaGVpZ2h0PSIxIiB4bWxucz0iaHR0cDovL3d3dy53My5vcmcvMjAwMC9zdmciPjwvc3ZnPg==\" style=\"--smush-placeholder-width: 45px; --smush-placeholder-aspect-ratio: 45\/45;\" \/>Informaci\u00f3n<\/h2>\n<p>[\/et_pb_text][\/et_pb_column][\/et_pb_row][et_pb_row column_structure=\u00bb1_2,1_2&#8243; make_equal=\u00bbon\u00bb admin_label=\u00bbSolo un modulo por fila\u00bb _builder_version=\u00bb4.16&#8243; custom_padding=\u00bb0px||||false|false\u00bb global_colors_info=\u00bb{}\u00bb][et_pb_column type=\u00bb1_2&#8243; _builder_version=\u00bb4.16&#8243; border_width_bottom=\u00bb1px\u00bb border_color_bottom=\u00bb#cccccc\u00bb global_colors_info=\u00bb{}\u00bb][et_pb_text admin_label=\u00bbFuncions\u00bb _builder_version=\u00bb4.16&#8243; custom_padding=\u00bb||25px||false|false\u00bb global_colors_info=\u00bb{}\u00bb]<\/p>\n<h3>Funciones<\/h3>\n<p>L&#8217;Ag\u00e8ncia d&#8217;Ocupaci\u00f3 i Desenrotllament Local dependent de la Regidoria de Promoci\u00f3 i Desenrotllament Econ\u00f2mic Local desenvolupa les funcions seg\u00fcents: &#8211; Facilitar la inserci\u00f3 i l&#8217;orientaci\u00f3 laboral de les persones demandants d&#8217;ocupaci\u00f3, en especial de les pol\u00edtiques actives d&#8217;ocupaci\u00f3 , identificant les necessitats del personal de les empreses . &#8211; Prospecci\u00f3 de recursos ociosos o infrautilitzats, de projectes empresarials de promoci\u00f3 econ\u00f2mica local i iniciatives innovadores per a la generaci\u00f3 d&#8217;ocupaci\u00f3 en l&#8217;\u00e0mbit local, identificaci\u00f3 de noves activitats econ\u00f2miques i possibles emprenedors\/es. &#8211; La captaci\u00f3 de recursos i oportunitats en relaci\u00f3 a la pol\u00edtica central, auton\u00f2mica i regional. &#8211; La dinamitzaci\u00f3 del teixit comercial i empresarial existent en el municipi. &#8211; Detectar oportunitats d&#8217;activitat econ\u00f2mica i ocupaci\u00f3 en el municipi.<\/p>\n<p>[\/et_pb_text][\/et_pb_column][et_pb_column type=\u00bb1_2&#8243; _builder_version=\u00bb4.16&#8243; border_width_bottom=\u00bb1px\u00bb border_color_bottom=\u00bb#cccccc\u00bb global_colors_info=\u00bb{}\u00bb][et_pb_text admin_label=\u00bbAdscripci\u00f3 del servici i personal\u00bb _builder_version=\u00bb4.16&#8243; custom_padding=\u00bb||25px||false|false\u00bb global_colors_info=\u00bb{}\u00bb]<\/p>\n<h3>Adscripci\u00f3n del servicio y personal<\/h3>\n<p>Regidoria de Promoci\u00f3 i Desenrotllament Econ\u00f2mic Local Responsable pol\u00edtic: Faustino Moreno Puchades Agents d&#8217;Ocupaci\u00f3 i Desenrotllament Local: Leticia Ricart Casas i Lydia Jim\u00e9nez Jim\u00e9nez. Correu electr\u00f2nic: leticia.ricart@albal.es \/\/ lidia.jimenez@albal.es<\/p>\n<p>[\/et_pb_text][\/et_pb_column][\/et_pb_row][\/et_pb_section][et_pb_section fb_built=\u00bb1&#8243; admin_label=\u00bb(ancla) #faq\u00bb module_id=\u00bbfaq\u00bb _builder_version=\u00bb4.16&#8243; background_color=\u00bb#dcb747&#8243; custom_padding=\u00bb50px||||false|false\u00bb collapsed=\u00bboff\u00bb global_colors_info=\u00bb{}\u00bb][et_pb_row _builder_version=\u00bb4.16&#8243; background_color=\u00bbrgba(0,0,0,0)\u00bb custom_padding=\u00bb0px||||false|false\u00bb global_colors_info=\u00bb{}\u00bb][et_pb_column type=\u00bb4_4&#8243; _builder_version=\u00bb4.16&#8243; global_colors_info=\u00bb{}\u00bb][et_pb_text admin_label=\u00bbTitulo Preguntes m\u00e9s freq\u00fcents\u00bb module_class=\u00bbtit-seccion\u00bb _builder_version=\u00bb4.16&#8243; header_2_text_color=\u00bb#ffffff\u00bb locked=\u00bboff\u00bb global_colors_info=\u00bb{}\u00bb]<\/p>\n<h2><img decoding=\"async\" class=\"size-medium alignleft lazyload\" data-src=\"https:\/\/albal.es\/img\/iconos\/preguntas-persona-45x45.svg\" alt=\"\" width=\"45\" height=\"45\" src=\"data:image\/svg+xml;base64,PHN2ZyB3aWR0aD0iMSIgaGVpZ2h0PSIxIiB4bWxucz0iaHR0cDovL3d3dy53My5vcmcvMjAwMC9zdmciPjwvc3ZnPg==\" style=\"--smush-placeholder-width: 45px; --smush-placeholder-aspect-ratio: 45\/45;\" \/>Preguntas m\u00e1s frecuentes<\/h2>\n<p>[\/et_pb_text][\/et_pb_column][\/et_pb_row][et_pb_row column_structure=\u00bb1_2,1_2&#8243; make_equal=\u00bbon\u00bb admin_label=\u00bbSolo un modulo por fila\u00bb _builder_version=\u00bb4.16&#8243; custom_padding=\u00bb0px||||false|false\u00bb global_colors_info=\u00bb{}\u00bb][et_pb_column type=\u00bb1_2&#8243; _builder_version=\u00bb4.16&#8243; border_width_bottom=\u00bb1px\u00bb border_color_bottom=\u00bb#b09239&#8243; global_colors_info=\u00bb{}\u00bb][et_pb_text admin_label=\u00bbHi ha alguna associaci\u00f3 d&#8217;empresaris en el territori?\u00bb _builder_version=\u00bb4.16&#8243; custom_padding=\u00bb||25px||false|false\u00bb global_colors_info=\u00bb{}\u00bb]<\/p>\n<h3>Hay alguna asociaci\u00f3n de empresarios en el territorio?<\/h3>\n<p>Des de mar\u00e7 del 2002 ja hi ha una associaci\u00f3 constitu\u00efda en el territori, amb la denominaci\u00f3: \u201cAssociaci\u00f3 d&#8217;Empresaris de l&#8217;Horta Sud\u201d que abra\u00e7a els municipis d&#8217;Albal, Catarroja, Silla i Beniparrell. Des d&#8217;abril del 2003 s&#8217;ha constitu\u00eft una nova associaci\u00f3 en el territori, amb la denominaci\u00f3: \u00abAssociaci\u00f3 de Comerciants i Xicotets Empresaris d&#8217; Albal\u00bb (ACIXEA), d&#8217; \u00e0mbit municipal.<\/p>\n<p>[\/et_pb_text][\/et_pb_column][et_pb_column type=\u00bb1_2&#8243; _builder_version=\u00bb4.16&#8243; border_width_bottom=\u00bb1px\u00bb border_color_bottom=\u00bb#b09239&#8243; global_colors_info=\u00bb{}\u00bb][\/et_pb_column][\/et_pb_row][\/et_pb_section]<\/p>\n","protected":false},"excerpt":{"rendered":"<p>\u00c0reas y servicios | Promoci\u00f3n y Desarrollo Agencia de Empleo y Desarrollo Local (AEDL) La Agencia de Empleo y Desarrollo Local (AEDL) es un servicio p\u00fablico y gratuito que el Ayuntamiento de Albal, a trav\u00e9s de la Concejal\u00eda de Promoci\u00f3n y Desarrollo Econ\u00f3mico Local, pone a disposici\u00f3n de los ciudadanos como herramienta \u00e1gil y flexible capaz de movilizar los recursos externos e internos, humanos y financieros y coordinar todos los esfuerzos que se realizan para potenciar el desarrollo y crecimiento socioecon\u00f3mico, y la generaci\u00f3n de empleo en el municipio d&amp;#39;Albal. Informaci\u00f3n de Inter\u00e9s: Ubicaci\u00f3n: Centre Polivalent (davant de la Casa de Cultura). AEDL C\/ Mestre Ram\u00f3n Sanchis Rovira, 9 Tel. 96 122 05 04 Correu electr\u00f2nic: aedl@albal.es Horari d&#8217;atenci\u00f3 al p\u00fablic: de dilluns a divendres de 9.00h a 14.00 h. Enlaces: Servici Valenci\u00e0 d&#8217;Ocupaci\u00f3. Conselleria d&#8217;Innovaci\u00f3 i Competitivitat. Consultas i dudas: Atenci\u00f3n Municipal de Informaci\u00f3n Ciudadana REGISTROS Y SOLICITUDES Plaza del Jard\u00edn, 7. Ayuntamiento de Albal &#8211; Planta baja Tel: 96 126 00 56 \u00b7 Fax: 96 127 08 61 Cita previa Sede electr\u00f3nica Tr\u00e1mites e impresos Informaci\u00f3n Preguntas m\u00e1s frecuentes Avisos, convocatorias y tr\u00e1mites activos <style>.et_pb_cpt_loop_archive.tramites-activos-pag:before { content:\"Avisos, convocatorias y tr\u00e1mites activos\";}<\/style>Informaci\u00f3n, tr\u00e1mites e impresos Esta ordenanza tiene como objeto establecer, ajust\u00e1ndose a lo que [&hellip;]<\/p>\n","protected":false},"author":9,"featured_media":0,"parent":780,"menu_order":0,"comment_status":"closed","ping_status":"closed","template":"","meta":{"_acf_changed":false,"_et_pb_use_builder":"on","_et_pb_old_content":"","_et_gb_content_width":"","footnotes":""},"coauthors":[65],"class_list":["post-680","page","type-page","status-publish","hentry"],"acf":[],"yoast_head":"<!-- This site is optimized with the Yoast SEO plugin v27.4 - https:\/\/yoast.com\/product\/yoast-seo-wordpress\/ -->\n<title>Agencia de Empleo y Desarrollo Local ( AEDL) - Ajuntament d&#039;Albal<\/title>\n<meta name=\"robots\" content=\"index, follow, max-snippet:-1, max-image-preview:large, max-video-preview:-1\" \/>\n<link rel=\"canonical\" href=\"https:\/\/albal.es\/es\/areas-y-servicios-2\/promocion-y-desarrollo\/agencia-de-empleo-y-desarrollo-local-aedl\/\" \/>\n<meta property=\"og:locale\" content=\"es_ES\" \/>\n<meta property=\"og:type\" content=\"article\" \/>\n<meta property=\"og:title\" content=\"Agencia de Empleo y Desarrollo Local ( AEDL) - Ajuntament d&#039;Albal\" \/>\n<meta property=\"og:description\" content=\"\u00c0reas y servicios | Promoci\u00f3n y Desarrollo Agencia de Empleo y Desarrollo Local (AEDL) La Agencia de Empleo y Desarrollo Local (AEDL) es un servicio p\u00fablico y gratuito que el Ayuntamiento de Albal, a trav\u00e9s de la Concejal\u00eda de Promoci\u00f3n y Desarrollo Econ\u00f3mico Local, pone a disposici\u00f3n de los ciudadanos como herramienta \u00e1gil y flexible capaz de movilizar los recursos externos e internos, humanos y financieros y coordinar todos los esfuerzos que se realizan para potenciar el desarrollo y crecimiento socioecon\u00f3mico, y la generaci\u00f3n de empleo en el municipio d&amp;#39;Albal. Informaci\u00f3n de Inter\u00e9s: Ubicaci\u00f3n: Centre Polivalent (davant de la Casa de Cultura). AEDL C\/ Mestre Ram\u00f3n Sanchis Rovira, 9 Tel. 96 122 05 04 Correu electr\u00f2nic: aedl@albal.es Horari d&#039;atenci\u00f3 al p\u00fablic: de dilluns a divendres de 9.00h a 14.00 h. Enlaces: Servici Valenci\u00e0 d&#039;Ocupaci\u00f3. Conselleria d&#039;Innovaci\u00f3 i Competitivitat. Consultas i dudas: Atenci\u00f3n Municipal de Informaci\u00f3n Ciudadana REGISTROS Y SOLICITUDES Plaza del Jard\u00edn, 7. Ayuntamiento de Albal - Planta baja Tel: 96 126 00 56 \u00b7 Fax: 96 127 08 61 Cita previa Sede electr\u00f3nica Tr\u00e1mites e impresos Informaci\u00f3n Preguntas m\u00e1s frecuentes Avisos, convocatorias y tr\u00e1mites activos Informaci\u00f3n, tr\u00e1mites e impresos Esta ordenanza tiene como objeto establecer, ajust\u00e1ndose a lo que [&hellip;]\" \/>\n<meta property=\"og:site_name\" content=\"Ajuntament d&#039;Albal\" \/>\n<meta property=\"article:publisher\" content=\"https:\/\/facebook.com\/AjuntamentAlbal\/\" \/>\n<meta property=\"article:modified_time\" content=\"2026-03-05T08:16:32+00:00\" \/>\n<meta property=\"og:image\" content=\"https:\/\/albal.es\/content-albal\/uploads\/2019\/12\/logo-amic-2.png\" \/>\n\t<meta property=\"og:image:width\" content=\"135\" \/>\n\t<meta property=\"og:image:height\" content=\"46\" \/>\n\t<meta property=\"og:image:type\" content=\"image\/png\" \/>\n<meta name=\"twitter:card\" content=\"summary_large_image\" \/>\n<meta name=\"twitter:label1\" content=\"Tiempo de lectura\" \/>\n\t<meta name=\"twitter:data1\" content=\"30 minutos\" \/>\n\t<meta name=\"twitter:label2\" content=\"Written by\" \/>\n\t<meta name=\"twitter:data2\" content=\"Manuel Roberto\" \/>\n<script type=\"application\/ld+json\" class=\"yoast-schema-graph\">{\"@context\":\"https:\\\/\\\/schema.org\",\"@graph\":[{\"@type\":\"WebPage\",\"@id\":\"https:\\\/\\\/albal.es\\\/es\\\/areas-y-servicios-2\\\/promocion-y-desarrollo\\\/agencia-de-empleo-y-desarrollo-local-aedl\\\/\",\"url\":\"https:\\\/\\\/albal.es\\\/es\\\/areas-y-servicios-2\\\/promocion-y-desarrollo\\\/agencia-de-empleo-y-desarrollo-local-aedl\\\/\",\"name\":\"Agencia de Empleo y Desarrollo Local ( AEDL) - Ajuntament d&#039;Albal\",\"isPartOf\":{\"@id\":\"https:\\\/\\\/albal.es\\\/es\\\/#website\"},\"primaryImageOfPage\":{\"@id\":\"https:\\\/\\\/albal.es\\\/es\\\/areas-y-servicios-2\\\/promocion-y-desarrollo\\\/agencia-de-empleo-y-desarrollo-local-aedl\\\/#primaryimage\"},\"image\":{\"@id\":\"https:\\\/\\\/albal.es\\\/es\\\/areas-y-servicios-2\\\/promocion-y-desarrollo\\\/agencia-de-empleo-y-desarrollo-local-aedl\\\/#primaryimage\"},\"thumbnailUrl\":\"https:\\\/\\\/albal.es\\\/content-albal\\\/uploads\\\/2019\\\/12\\\/logo-amic-2.png\",\"datePublished\":\"2019-12-10T16:11:01+00:00\",\"dateModified\":\"2026-03-05T08:16:32+00:00\",\"breadcrumb\":{\"@id\":\"https:\\\/\\\/albal.es\\\/es\\\/areas-y-servicios-2\\\/promocion-y-desarrollo\\\/agencia-de-empleo-y-desarrollo-local-aedl\\\/#breadcrumb\"},\"inLanguage\":\"es\",\"potentialAction\":[{\"@type\":\"ReadAction\",\"target\":[\"https:\\\/\\\/albal.es\\\/es\\\/areas-y-servicios-2\\\/promocion-y-desarrollo\\\/agencia-de-empleo-y-desarrollo-local-aedl\\\/\"]}]},{\"@type\":\"ImageObject\",\"inLanguage\":\"es\",\"@id\":\"https:\\\/\\\/albal.es\\\/es\\\/areas-y-servicios-2\\\/promocion-y-desarrollo\\\/agencia-de-empleo-y-desarrollo-local-aedl\\\/#primaryimage\",\"url\":\"https:\\\/\\\/albal.es\\\/content-albal\\\/uploads\\\/2019\\\/12\\\/logo-amic-2.png\",\"contentUrl\":\"https:\\\/\\\/albal.es\\\/content-albal\\\/uploads\\\/2019\\\/12\\\/logo-amic-2.png\"},{\"@type\":\"BreadcrumbList\",\"@id\":\"https:\\\/\\\/albal.es\\\/es\\\/areas-y-servicios-2\\\/promocion-y-desarrollo\\\/agencia-de-empleo-y-desarrollo-local-aedl\\\/#breadcrumb\",\"itemListElement\":[{\"@type\":\"ListItem\",\"position\":1,\"name\":\"Inici\",\"item\":\"https:\\\/\\\/albal.es\\\/es\\\/\"},{\"@type\":\"ListItem\",\"position\":2,\"name\":\"\u00c1reas y Servicios\",\"item\":\"https:\\\/\\\/albal.es\\\/es\\\/areas-y-servicios-2\\\/\"},{\"@type\":\"ListItem\",\"position\":3,\"name\":\"Promoci\u00f3n y Desarrollo\",\"item\":\"https:\\\/\\\/albal.es\\\/es\\\/areas-y-servicios-2\\\/promocion-y-desarrollo\\\/\"},{\"@type\":\"ListItem\",\"position\":4,\"name\":\"Agencia de Empleo y Desarrollo Local ( AEDL)\"}]},{\"@type\":\"WebSite\",\"@id\":\"https:\\\/\\\/albal.es\\\/es\\\/#website\",\"url\":\"https:\\\/\\\/albal.es\\\/es\\\/\",\"name\":\"Ajuntament d&#039;Albal\",\"description\":\"Ajuntament d&#039;Albal\",\"publisher\":{\"@id\":\"https:\\\/\\\/albal.es\\\/es\\\/#organization\"},\"potentialAction\":[{\"@type\":\"SearchAction\",\"target\":{\"@type\":\"EntryPoint\",\"urlTemplate\":\"https:\\\/\\\/albal.es\\\/es\\\/?s={search_term_string}\"},\"query-input\":{\"@type\":\"PropertyValueSpecification\",\"valueRequired\":true,\"valueName\":\"search_term_string\"}}],\"inLanguage\":\"es\"},{\"@type\":\"Organization\",\"@id\":\"https:\\\/\\\/albal.es\\\/es\\\/#organization\",\"name\":\"Ajuntament d'Albal - Valencia\",\"url\":\"https:\\\/\\\/albal.es\\\/es\\\/\",\"logo\":{\"@type\":\"ImageObject\",\"inLanguage\":\"es\",\"@id\":\"https:\\\/\\\/albal.es\\\/es\\\/#\\\/schema\\\/logo\\\/image\\\/\",\"url\":\"https:\\\/\\\/albal.es\\\/content-albal\\\/uploads\\\/2020\\\/06\\\/logo-ayuntamiento-albal.png\",\"contentUrl\":\"https:\\\/\\\/albal.es\\\/content-albal\\\/uploads\\\/2020\\\/06\\\/logo-ayuntamiento-albal.png\",\"width\":367,\"height\":332,\"caption\":\"Ajuntament d'Albal - Valencia\"},\"image\":{\"@id\":\"https:\\\/\\\/albal.es\\\/es\\\/#\\\/schema\\\/logo\\\/image\\\/\"},\"sameAs\":[\"https:\\\/\\\/facebook.com\\\/AjuntamentAlbal\\\/\"]}]}<\/script>\n<!-- \/ Yoast SEO plugin. -->","yoast_head_json":{"title":"Agencia de Empleo y Desarrollo Local ( AEDL) - Ajuntament d&#039;Albal","robots":{"index":"index","follow":"follow","max-snippet":"max-snippet:-1","max-image-preview":"max-image-preview:large","max-video-preview":"max-video-preview:-1"},"canonical":"https:\/\/albal.es\/es\/areas-y-servicios-2\/promocion-y-desarrollo\/agencia-de-empleo-y-desarrollo-local-aedl\/","og_locale":"es_ES","og_type":"article","og_title":"Agencia de Empleo y Desarrollo Local ( AEDL) - Ajuntament d&#039;Albal","og_description":"\u00c0reas y servicios | Promoci\u00f3n y Desarrollo Agencia de Empleo y Desarrollo Local (AEDL) La Agencia de Empleo y Desarrollo Local (AEDL) es un servicio p\u00fablico y gratuito que el Ayuntamiento de Albal, a trav\u00e9s de la Concejal\u00eda de Promoci\u00f3n y Desarrollo Econ\u00f3mico Local, pone a disposici\u00f3n de los ciudadanos como herramienta \u00e1gil y flexible capaz de movilizar los recursos externos e internos, humanos y financieros y coordinar todos los esfuerzos que se realizan para potenciar el desarrollo y crecimiento socioecon\u00f3mico, y la generaci\u00f3n de empleo en el municipio d&amp;#39;Albal. Informaci\u00f3n de Inter\u00e9s: Ubicaci\u00f3n: Centre Polivalent (davant de la Casa de Cultura). AEDL C\/ Mestre Ram\u00f3n Sanchis Rovira, 9 Tel. 96 122 05 04 Correu electr\u00f2nic: aedl@albal.es Horari d'atenci\u00f3 al p\u00fablic: de dilluns a divendres de 9.00h a 14.00 h. Enlaces: Servici Valenci\u00e0 d'Ocupaci\u00f3. Conselleria d'Innovaci\u00f3 i Competitivitat. Consultas i dudas: Atenci\u00f3n Municipal de Informaci\u00f3n Ciudadana REGISTROS Y SOLICITUDES Plaza del Jard\u00edn, 7. Ayuntamiento de Albal - Planta baja Tel: 96 126 00 56 \u00b7 Fax: 96 127 08 61 Cita previa Sede electr\u00f3nica Tr\u00e1mites e impresos Informaci\u00f3n Preguntas m\u00e1s frecuentes Avisos, convocatorias y tr\u00e1mites activos Informaci\u00f3n, tr\u00e1mites e impresos Esta ordenanza tiene como objeto establecer, ajust\u00e1ndose a lo que [&hellip;]","og_site_name":"Ajuntament d&#039;Albal","article_publisher":"https:\/\/facebook.com\/AjuntamentAlbal\/","article_modified_time":"2026-03-05T08:16:32+00:00","og_image":[{"width":135,"height":46,"url":"https:\/\/albal.es\/content-albal\/uploads\/2019\/12\/logo-amic-2.png","type":"image\/png"}],"twitter_card":"summary_large_image","twitter_misc":{"Tiempo de lectura":"30 minutos","Written by":"Manuel Roberto"},"schema":{"@context":"https:\/\/schema.org","@graph":[{"@type":"WebPage","@id":"https:\/\/albal.es\/es\/areas-y-servicios-2\/promocion-y-desarrollo\/agencia-de-empleo-y-desarrollo-local-aedl\/","url":"https:\/\/albal.es\/es\/areas-y-servicios-2\/promocion-y-desarrollo\/agencia-de-empleo-y-desarrollo-local-aedl\/","name":"Agencia de Empleo y Desarrollo Local ( AEDL) - Ajuntament d&#039;Albal","isPartOf":{"@id":"https:\/\/albal.es\/es\/#website"},"primaryImageOfPage":{"@id":"https:\/\/albal.es\/es\/areas-y-servicios-2\/promocion-y-desarrollo\/agencia-de-empleo-y-desarrollo-local-aedl\/#primaryimage"},"image":{"@id":"https:\/\/albal.es\/es\/areas-y-servicios-2\/promocion-y-desarrollo\/agencia-de-empleo-y-desarrollo-local-aedl\/#primaryimage"},"thumbnailUrl":"https:\/\/albal.es\/content-albal\/uploads\/2019\/12\/logo-amic-2.png","datePublished":"2019-12-10T16:11:01+00:00","dateModified":"2026-03-05T08:16:32+00:00","breadcrumb":{"@id":"https:\/\/albal.es\/es\/areas-y-servicios-2\/promocion-y-desarrollo\/agencia-de-empleo-y-desarrollo-local-aedl\/#breadcrumb"},"inLanguage":"es","potentialAction":[{"@type":"ReadAction","target":["https:\/\/albal.es\/es\/areas-y-servicios-2\/promocion-y-desarrollo\/agencia-de-empleo-y-desarrollo-local-aedl\/"]}]},{"@type":"ImageObject","inLanguage":"es","@id":"https:\/\/albal.es\/es\/areas-y-servicios-2\/promocion-y-desarrollo\/agencia-de-empleo-y-desarrollo-local-aedl\/#primaryimage","url":"https:\/\/albal.es\/content-albal\/uploads\/2019\/12\/logo-amic-2.png","contentUrl":"https:\/\/albal.es\/content-albal\/uploads\/2019\/12\/logo-amic-2.png"},{"@type":"BreadcrumbList","@id":"https:\/\/albal.es\/es\/areas-y-servicios-2\/promocion-y-desarrollo\/agencia-de-empleo-y-desarrollo-local-aedl\/#breadcrumb","itemListElement":[{"@type":"ListItem","position":1,"name":"Inici","item":"https:\/\/albal.es\/es\/"},{"@type":"ListItem","position":2,"name":"\u00c1reas y Servicios","item":"https:\/\/albal.es\/es\/areas-y-servicios-2\/"},{"@type":"ListItem","position":3,"name":"Promoci\u00f3n y Desarrollo","item":"https:\/\/albal.es\/es\/areas-y-servicios-2\/promocion-y-desarrollo\/"},{"@type":"ListItem","position":4,"name":"Agencia de Empleo y Desarrollo Local ( AEDL)"}]},{"@type":"WebSite","@id":"https:\/\/albal.es\/es\/#website","url":"https:\/\/albal.es\/es\/","name":"Ajuntament d&#039;Albal","description":"Ajuntament d&#039;Albal","publisher":{"@id":"https:\/\/albal.es\/es\/#organization"},"potentialAction":[{"@type":"SearchAction","target":{"@type":"EntryPoint","urlTemplate":"https:\/\/albal.es\/es\/?s={search_term_string}"},"query-input":{"@type":"PropertyValueSpecification","valueRequired":true,"valueName":"search_term_string"}}],"inLanguage":"es"},{"@type":"Organization","@id":"https:\/\/albal.es\/es\/#organization","name":"Ajuntament d'Albal - Valencia","url":"https:\/\/albal.es\/es\/","logo":{"@type":"ImageObject","inLanguage":"es","@id":"https:\/\/albal.es\/es\/#\/schema\/logo\/image\/","url":"https:\/\/albal.es\/content-albal\/uploads\/2020\/06\/logo-ayuntamiento-albal.png","contentUrl":"https:\/\/albal.es\/content-albal\/uploads\/2020\/06\/logo-ayuntamiento-albal.png","width":367,"height":332,"caption":"Ajuntament d'Albal - Valencia"},"image":{"@id":"https:\/\/albal.es\/es\/#\/schema\/logo\/image\/"},"sameAs":["https:\/\/facebook.com\/AjuntamentAlbal\/"]}]}},"publishpress_future_workflow_manual_trigger":{"enabledWorkflows":[]},"_links":{"self":[{"href":"https:\/\/albal.es\/es\/wp-json\/wp\/v2\/pages\/680","targetHints":{"allow":["GET"]}}],"collection":[{"href":"https:\/\/albal.es\/es\/wp-json\/wp\/v2\/pages"}],"about":[{"href":"https:\/\/albal.es\/es\/wp-json\/wp\/v2\/types\/page"}],"author":[{"embeddable":true,"href":"https:\/\/albal.es\/es\/wp-json\/wp\/v2\/users\/9"}],"replies":[{"embeddable":true,"href":"https:\/\/albal.es\/es\/wp-json\/wp\/v2\/comments?post=680"}],"version-history":[{"count":0,"href":"https:\/\/albal.es\/es\/wp-json\/wp\/v2\/pages\/680\/revisions"}],"up":[{"embeddable":true,"href":"https:\/\/albal.es\/es\/wp-json\/wp\/v2\/pages\/780"}],"wp:attachment":[{"href":"https:\/\/albal.es\/es\/wp-json\/wp\/v2\/media?parent=680"}],"wp:term":[{"taxonomy":"author","embeddable":true,"href":"https:\/\/albal.es\/es\/wp-json\/wp\/v2\/coauthors?post=680"}],"curies":[{"name":"wp","href":"https:\/\/api.w.org\/{rel}","templated":true}]}}