

{"id":674,"date":"2019-12-10T17:06:04","date_gmt":"2019-12-10T16:06:04","guid":{"rendered":"https:\/\/albal.es\/?page_id=674"},"modified":"2026-04-15T09:07:28","modified_gmt":"2026-04-15T07:07:28","slug":"servicios-sociales","status":"publish","type":"page","link":"https:\/\/albal.es\/es\/areas-y-servicios-2\/bienestar-social\/servicios-sociales\/","title":{"rendered":"Servicios Sociales"},"content":{"rendered":"<p>[et_pb_section fb_built=\u00bb1&#8243; custom_padding_last_edited=\u00bbon|phone\u00bb admin_label=\u00bbcontent-cab-area\u00bb module_class=\u00bbcontent-cab-area\u00bb _builder_version=\u00bb4.16&#8243; background_color=\u00bb#fafafa\u00bb custom_padding=\u00bb15px||25px||false|false\u00bb custom_padding_tablet=\u00bb\u00bb custom_padding_phone=\u00bb||0px||false|false\u00bb collapsed=\u00bboff\u00bb global_colors_info=\u00bb{}\u00bb][et_pb_row disabled_on=\u00bbon|off|off\u00bb admin_label=\u00bbDesabilitado en moviles (Content migas pan)\u00bb _builder_version=\u00bb4.16&#8243; custom_padding=\u00bb0px||0px||false|false\u00bb locked=\u00bbon\u00bb collapsed=\u00bbon\u00bb global_colors_info=\u00bb{}\u00bb][et_pb_column type=\u00bb4_4&#8243; _builder_version=\u00bb4.16&#8243; global_colors_info=\u00bb{}\u00bb][et_pb_dmb_breadcrumbs admin_label=\u00bbMigas pan\u00bb font_icon=\u00bb&#x35;||divi||400&#8243; use_home_icon=\u00bboff\u00bb use_home_text=\u00bbon\u00bb home_text=\u00bbInicio\u00bb _builder_version=\u00bb4.16&#8243; global_colors_info=\u00bb{}\u00bb][\/et_pb_dmb_breadcrumbs][\/et_pb_column][\/et_pb_row][et_pb_row column_structure=\u00bb1_3,1_3,1_3&#8243; use_custom_gutter=\u00bbon\u00bb make_equal=\u00bbon\u00bb custom_padding_last_edited=\u00bbon|phone\u00bb admin_label=\u00bbcab-area\u00bb module_class=\u00bbcab-area\u00bb _builder_version=\u00bb4.16&#8243; background_enable_image=\u00bboff\u00bb background_size=\u00bbinitial\u00bb background_position=\u00bbcenter_left\u00bb custom_padding=\u00bb25px||0px||false|false\u00bb custom_padding_tablet=\u00bb\u00bb custom_padding_phone=\u00bb15px||||false|false\u00bb border_width_left_tablet=\u00bb\u00bb border_width_left_phone=\u00bb0px\u00bb border_width_left_last_edited=\u00bbon|desktop\u00bb locked=\u00bboff\u00bb global_colors_info=\u00bb{}\u00bb][et_pb_column type=\u00bb1_3&#8243; module_class=\u00bbcontent-tit-area\u00bb _builder_version=\u00bb4.16&#8243; global_colors_info=\u00bb{}\u00bb][et_pb_text admin_label=\u00bbSeccio H4, Titol H1&#8243; module_class=\u00bbtit-area\u00bb _builder_version=\u00bb4.16&#8243; custom_margin=\u00bb||5px||false|false\u00bb locked=\u00bbon\u00bb global_colors_info=\u00bb{}\u00bb]<\/p>\n<h4>\u00c1reas y servicios | BIENESTAR SOCIAL<\/h4>\n<h1>Servicios Sociales<\/h1>\n<p>[\/et_pb_text][et_pb_text admin_label=\u00bbIntro\u00bb module_class=\u00bbtit-area\u00bb _builder_version=\u00bb4.20.4&#8243; global_colors_info=\u00bb{}\u00bb]<\/p>\n<p><strong>Personal adscrito:<\/strong> Coordinadora: Leticia Ricart Casas Trabajadora Social: Inmaculada Ruiz Ricart Trabajadora Social: Carmina Vila Gimeno Trabajadora Social: Sonia Gallego Luna. Trabajadora Social: Mar\u00eda G\u00f3mez del R\u00edo. Trabajadora Social: Raquel Vera Casas.<\/p>\n<p>[\/et_pb_text][\/et_pb_column][et_pb_column type=\u00bb1_3&#8243; module_class=\u00bbcontent-info-interes\u00bb disabled_on=\u00bboff|off|off\u00bb _builder_version=\u00bb4.16&#8243; custom_padding=\u00bb|||30px|false|false\u00bb custom_padding_tablet=\u00bb\u00bb custom_padding_phone=\u00bb|0px||0px|false|false\u00bb custom_padding_last_edited=\u00bbon|desktop\u00bb border_width_left=\u00bb1px\u00bb border_color_left=\u00bb#cccccc\u00bb border_radii_tablet=\u00bb\u00bb border_radii_phone=\u00bb\u00bb border_radii_last_edited=\u00bbon|phone\u00bb border_width_left_tablet=\u00bb\u00bb border_width_left_phone=\u00bb0px\u00bb border_width_left_last_edited=\u00bbon|phone\u00bb global_colors_info=\u00bb{}\u00bb][et_pb_text admin_label=\u00bbInformacio d&#8217;interes\u00bb module_class=\u00bbtit-info-interes-cab\u00bb _builder_version=\u00bb4.16&#8243; locked=\u00bbon\u00bb global_colors_info=\u00bb{}\u00bb]<\/p>\n<p>Informaci\u00f3n de Inter\u00e9s:<\/p>\n<p>[\/et_pb_text][et_pb_text admin_label=\u00bbinformacio\u00bb _builder_version=\u00bb4.16&#8243; global_colors_info=\u00bb{}\u00bb]<\/p>\n<h3>Ubicaci\u00f3n\u200b:<\/h3>\n<p>Centro Polivalente. C\/ Mestre Ram\u00f3n Sanchis Rovira, 9. Tel\u00e9fono 96 122 05 04<\/p>\n<h3>Horario de atenci\u00f3n y cita previa:<\/h3>\n<p>De lunes a viernes, <strong>previa petici\u00f3n de hora<\/strong> al n\u00ba de tel\u00e9fono <strong>96 122 05 04<\/strong>. Pueden llamar de lunes a viernes, de 9 a 14 horas y la auxiliar les dar\u00e1 cita.<\/p>\n<p>[\/et_pb_text][et_pb_cta button_url=\u00bbhttps:\/\/albal.es\/es\/contacto-albal\/\u00bb button_text=\u00bbContacto\u00bb admin_label=\u00bbBoton contacto\u00bb module_class=\u00bbboton-consultas-cab\u00bb _builder_version=\u00bb4.16&#8243; background_enable_color=\u00bboff\u00bb text_orientation=\u00bbleft\u00bb background_layout=\u00bblight\u00bb custom_padding=\u00bb0px|0px|0px|0px|true|true\u00bb locked=\u00bbon\u00bb global_colors_info=\u00bb{}\u00bb]<\/p>\n<h3>Consultas y dudas:<\/h3>\n<p>[\/et_pb_cta][\/et_pb_column][et_pb_column type=\u00bb1_3&#8243; module_class=\u00bbcontent-info-interes-dos\u00bb disabled_on=\u00bbon|off|off\u00bb _builder_version=\u00bb4.16&#8243; custom_padding=\u00bb|||30px|false|false\u00bb custom_padding_tablet=\u00bb|||0px|false|false\u00bb custom_padding_phone=\u00bb|0px||0px|false|false\u00bb custom_padding_last_edited=\u00bbon|desktop\u00bb border_width_left=\u00bb1px\u00bb border_color_left=\u00bb#cccccc\u00bb border_width_left_tablet=\u00bb\u00bb border_width_left_phone=\u00bb\u00bb border_width_left_last_edited=\u00bbon|desktop\u00bb global_colors_info=\u00bb{}\u00bb][et_pb_text disabled_on=\u00bboff|off|off\u00bb admin_label=\u00bbAmic\u00bb module_class=\u00bbamic-cita\u00bb _builder_version=\u00bb4.16&#8243; header_4_font=\u00bb||||||||\u00bb header_4_text_color=\u00bb#c40038&#8243; custom_margin=\u00bb||0px||false|false\u00bb custom_padding=\u00bb||15px||false|false\u00bb saved_tabs=\u00bball\u00bb locked=\u00bbon\u00bb global_colors_info=\u00bb{}\u00bb]<\/p>\n<h3><img decoding=\"async\" class=\"wp-image-464 alignnone size-full lazyload\" data-src=\"https:\/\/albal.es\/content-albal\/uploads\/2019\/12\/logo-amic-2.png\" alt=\"\" width=\"135\" height=\"46\" src=\"data:image\/svg+xml;base64,PHN2ZyB3aWR0aD0iMSIgaGVpZ2h0PSIxIiB4bWxucz0iaHR0cDovL3d3dy53My5vcmcvMjAwMC9zdmciPjwvc3ZnPg==\" style=\"--smush-placeholder-width: 135px; --smush-placeholder-aspect-ratio: 135\/46;\" \/><\/h3>\n<h3>Atenci\u00f3n Municipal de Informaci\u00f3n Ciudadana<\/h3>\n<h4>REGISTROS Y SOLICITUDES<\/h4>\n<p>Pza. del Jard\u00edn, 7. Ayto. de Albal &#8211;\u00a0<strong>Planta baja<\/strong> Tel:\u00a0<strong>96 126 00 56<\/strong>\u00a0\u00b7 Fax: 96 127 08 61 <a class=\"bot-cita-previa\" href=\"https:\/\/citaprevia.albal.es:10080\/\" target=\"_blank\" rel=\"noopener noreferrer\">Cita previa<\/a> <a class=\"bot-seu-electronica\" href=\"https:\/\/albal.sede.gva.es\/\" target=\"_blank\" rel=\"noopener noreferrer\">Sede electr\u00f3nica<\/a><\/p>\n<p>[\/et_pb_text][\/et_pb_column][\/et_pb_row][\/et_pb_section][et_pb_section fb_built=\u00bb1&#8243; admin_label=\u00bb(ancla) #tramites\u00bb module_id=\u00bbtramites\u00bb _builder_version=\u00bb4.16&#8243; background_color=\u00bb#e2e1de\u00bb custom_padding=\u00bb50px||30px||false|false\u00bb global_colors_info=\u00bb{}\u00bb][et_pb_row admin_label=\u00bb.content-avisos\u00bb module_class=\u00bbcontent-avisos\u00bb _builder_version=\u00bb4.16&#8243; custom_padding=\u00bb0px||||false|false\u00bb locked=\u00bbon\u00bb collapsed=\u00bboff\u00bb global_colors_info=\u00bb{}\u00bb][et_pb_column type=\u00bb4_4&#8243; _builder_version=\u00bb4.16&#8243; global_colors_info=\u00bb{}\u00bb][et_pb_text admin_label=\u00bbTitulo \u00abAvisos, convocat\u00f2ries i tr\u00e0mits actius\u00bb\u00bb _builder_version=\u00bb4.16&#8243; _module_preset=\u00bbdefault\u00bb global_colors_info=\u00bb{}\u00bb]<\/p>\n<h2>Avisos, convocatorias y tr\u00e1mites activos<\/h2>\n<p>[\/et_pb_text][et_pb_cpt_loop_archive loop_layout=\u00bb4914&#8243; fullwidth=\u00bboff\u00bb columns=\u00bb2&#8243; show_pagination=\u00bboff\u00bb new_query=\u00bbon\u00bb post_type=\u00bbtramitambdata\u00bb posts_number=\u00bb999&#8243; include_meta=\u00bbpagina_de_destinacio_data\u00bb include_meta_terms=\u00bb664&#8243; hide_if_no_data=\u00bbon\u00bb order=\u00bbasc\u00bb admin_label=\u00bbAvisos, convocat\u00f2ries i tr\u00e0mits actius\u00bb module_class=\u00bbtramites-fecha tramites-activos-pag\u00bb _builder_version=\u00bb4.16&#8243; headings_text_color=\u00bb#000000&#8243; headings_font_size=\u00bb36px\u00bb custom_padding=\u00bb20px|20px|20px|20px|true|true\u00bb border_radii=\u00bbon|8px|8px|8px|8px\u00bb locked=\u00bboff\u00bb global_colors_info=\u00bb{}\u00bb][\/et_pb_cpt_loop_archive][et_pb_code module_class=\u00bbcontent-mostrar-avisos\u00bb _builder_version=\u00bb4.16&#8243; _module_preset=\u00bbdefault\u00bb locked=\u00bboff\u00bb global_colors_info=\u00bb{}\u00bb]<pee><style>.et_pb_cpt_loop_archive.tramites-activos-pag:before { content:\"Avisos, convocatorias y tr\u00e1mites activos\";}<\/style><\/pee>[\/et_pb_code][\/et_pb_column][\/et_pb_row][et_pb_row _builder_version=\u00bb4.16&#8243; custom_padding=\u00bb0px||||false|false\u00bb locked=\u00bboff\u00bb global_colors_info=\u00bb{}\u00bb][et_pb_column type=\u00bb4_4&#8243; _builder_version=\u00bb4.16&#8243; global_colors_info=\u00bb{}\u00bb][et_pb_text admin_label=\u00bbTitulo Informacio, tr\u00e0mits i impresos\u00bb module_class=\u00bbtit-seccion\u00bb _builder_version=\u00bb4.22.1&#8243; locked=\u00bboff\u00bb global_colors_info=\u00bb{}\u00bb]<\/p>\n<h2><img decoding=\"async\" class=\"size-medium alignleft lazyload\" data-src=\"https:\/\/albal.es\/img\/iconos\/impreso-lapiz-45x45.svg\" alt=\"\" width=\"45\" height=\"45\" src=\"data:image\/svg+xml;base64,PHN2ZyB3aWR0aD0iMSIgaGVpZ2h0PSIxIiB4bWxucz0iaHR0cDovL3d3dy53My5vcmcvMjAwMC9zdmciPjwvc3ZnPg==\" style=\"--smush-placeholder-width: 45px; --smush-placeholder-aspect-ratio: 45\/45;\" \/>Informaci\u00f3n, tr\u00e1mites e impresos<\/h2>\n<p>[\/et_pb_text][\/et_pb_column][\/et_pb_row][et_pb_row column_structure=\u00bb3_5,2_5&#8243; _builder_version=\u00bb4.16&#8243; custom_padding=\u00bb0px||||false|false\u00bb global_colors_info=\u00bb{}\u00bb][et_pb_column type=\u00bb3_5&#8243; _builder_version=\u00bb4.16&#8243; global_colors_info=\u00bb{}\u00bb][et_pb_accordion use_icon_font_size=\u00bbon\u00bb icon_font_size=\u00bb21px\u00bb disabled_on=\u00bboff|off|off\u00bb admin_label=\u00bbTramites (acordeon desplegables)\u00bb _builder_version=\u00bb4.27.6&#8243; hover_enabled=\u00bb0&#8243; global_colors_info=\u00bb{}\u00bb sticky_enabled=\u00bb0&#8243;][et_pb_accordion_item title=\u00bbPrograma de Prevenci\u00f3n e Intervenci\u00f3n del Absentismo Escolar\u00bb open=\u00bbon\u00bb _builder_version=\u00bb4.16&#8243; global_colors_info=\u00bb{}\u00bb]<\/p>\n<p>El Programa de Prevenci\u00f3n del Absentismo Escolar establece un conjunto de medidas protocolizadas que permiten ofrecer una respuesta r\u00e1pida y eficaz al problema del absentismo. El objetivo es garantizar la continuidad y regularidad de la educaci\u00f3n de los menores. Este programa est\u00e1 coordinado con el resto de municipios de L\u2019Horta Sud, as\u00ed como con la fiscal\u00eda de menores, lo que le confiere una mayor entidad y capacidad de ejecuci\u00f3n que facilita las actuaciones sobre la problem\u00e1tica absentista. Para su correcto desarrollo existe una comisi\u00f3n de escolarizaci\u00f3n formada por el concejal de educaci\u00f3n, la jefatura de estudios de los centros educativos (CEIPs, CC e IES), el departamento de servicios sociales, la polic\u00eda local, el gabinete psicopedag\u00f3gico y el departamento de educaci\u00f3n. El programa completo y el tr\u00edptico informativo se presentan a continuaci\u00f3n. <a class=\"pdf\" href=\"https:\/\/albal.es\/ficheros\/pdf\/PrevencionAbsentismoEscolar_c.pdf\" target=\"_blank\" rel=\"noopener noreferrer\">Tr\u00edptico informativo<\/a><\/p>\n<p>[\/et_pb_accordion_item][et_pb_accordion_item title=\u00bbPrograma de Ayuda Social ALBAL INCLUYE 2025&#8243; _builder_version=\u00bb4.27.4&#8243; global_colors_info=\u00bb{}\u00bb open=\u00bboff\u00bb]<\/p>\n<p><strong>Finalidad y objeto:<\/strong><\/p>\n<p>El objeto de la presente convocatoria, en el marco del que se establece por la Ley 38\/2003, de\u00a017 de noviembre, General de Subvenciones y por el Reglamento de Subvenciones, aprobado por Real Decreto 887\/2006, de\u00a021 de julio, es definir las condiciones y el procedimiento para la solicitud y concesi\u00f3n de prestaciones econ\u00f3micas de Servicios Sociales dirigidas a personas o n\u00facleos familiares para la intervenci\u00f3n en situaciones de riesgo o exclusi\u00f3n social, la atenci\u00f3n a las necesidades b\u00e1sicas y de emergencia social de la ciudadan\u00eda que carecen de recursos econ\u00f3micos propios para la atenci\u00f3n de sus necesidades b\u00e1sicas y favorecer la plena integraci\u00f3n social.<\/p>\n<p><strong>Plazo de presentaci\u00f3n de solicitudes:<\/strong><\/p>\n<p>El plazo de presentaci\u00f3n ser\u00e1 del d\u00eda siguiente a la publicaci\u00f3n en el Bolet\u00edn Oficial de la Provincia de la pertinente convocatoria, si no fuera h\u00e1bil, el inmediato h\u00e1bil siguiente, y hasta el\u00a030 de noviembre\u00a0de 2025.<\/p>\n<p><a class=\"pdf\" href=\"https:\/\/albal.es\/content-albal\/uploads\/2025\/08\/CONVOCATORIA_DILIGENCIADA_CASTELLANO_PROGRAMA_ALBAL_INCLUYE_2025_-_SEFYCU_7078270.pdf\" target=\"_blank\" rel=\"noopener\">CONVOCATORIA<\/a><\/p>\n<p><a class=\"pdf\" href=\"https:\/\/albal.es\/content-albal\/uploads\/2025\/08\/EDICTO_-_CONVOCATORIA_DE__SUBVENCIONES_DEL_PROGRAMA_ALBAL_INCLUYE_DEL_EJERCICIO_2025_-_S.pdf\" target=\"_blank\" rel=\"noopener\">EDICTO<\/a><\/p>\n<p><a class=\"pdf\" href=\"https:\/\/albal.es\/content-albal\/uploads\/2025\/08\/SS007.pdf\" target=\"_blank\" rel=\"attachment noopener wp-att-61216\">INSTANCIA SOLICITUD<\/a><\/p>\n<p>&nbsp;<\/p>\n<p>[\/et_pb_accordion_item][et_pb_accordion_item title=\u00bbAyudas en materia de Prestaciones B\u00e1sicas de Servicios Sociales 2025&#8243; _builder_version=\u00bb4.27.4&#8243; global_colors_info=\u00bb{}\u00bb open=\u00bboff\u00bb]<\/p>\n<p><strong>Finalidad y objeto de las ayudas.<\/strong><\/p>\n<p>Definir las condiciones y el procedimiento para la solicitud y concesi\u00f3n de prestaciones econ\u00f3micas de Servicios Sociales, dirigidas a personas o n\u00facleos familiares para la prevenci\u00f3n de situaciones de riesgo o exclusi\u00f3n social, la atenci\u00f3n a las necesidades b\u00e1sicas y de emergencia social de la ciudadan\u00eda que carezcan de recursos econ\u00f3micos propios para la atenci\u00f3n de sus necesidades b\u00e1sicas y favorecer la plena integraci\u00f3n social.<\/p>\n<p><strong>Plazo de presentaci\u00f3n de solicitudes<\/strong><\/p>\n<p>El plazo de presentaci\u00f3n ser\u00e1 del d\u00eda siguiente a la publicaci\u00f3n en el Bolet\u00edn Oficial de la Provincia de la pertinente convocatoria y hasta el 30 de noviembre de 2025.<\/p>\n<p><a class=\"pdf\" href=\"https:\/\/albal.es\/content-albal\/uploads\/2025\/07\/CONVOCATORIA_DILIGENCIADA_CASTELLANO_PRESTACIONES_BASICAS_2025_-_SEFYCU_7072460.pdf\" target=\"_blank\" rel=\"noopener\">Convocatoria<\/a><\/p>\n<p><a class=\"pdf\" href=\"https:\/\/albal.es\/content-albal\/uploads\/2025\/08\/EDICTO_-_CONVOCATORIA_SUBVENCIONES_DENTRO_DEL_PROGRAMA_DE_PRESTACIONES_BASICAS_2025_-_SEFYCU_7078468.pdf\" target=\"_blank\" rel=\"noopener\">Edicto<\/a><\/p>\n<p><a class=\"pdf\" href=\"https:\/\/albal.es\/content-albal\/uploads\/2025\/08\/solicitud-peis.pdf\" target=\"_blank\" rel=\"noopener\">Instancia Solicitud<\/a><\/p>\n<p><a class=\"pdf\" href=\"https:\/\/albal.es\/content-albal\/uploads\/2021\/03\/SSG06.pdf\" target=\"_blank\" rel=\"noopener\">Instancia justificaci\u00f3n<\/a><\/p>\n<p><a class=\"pdf\" href=\"https:\/\/albal.es\/content-albal\/uploads\/2025\/08\/declaracion-jurada-peis.pdf\" target=\"_blank\" rel=\"noopener\">Declaraci\u00f3n jurada<\/a><\/p>\n<p>[\/et_pb_accordion_item][et_pb_accordion_item title=\u00bbSubvenciones asociaciones sin \u00e1nimo de lucro y ONG\u2019s 2019&#8243; _builder_version=\u00bb4.23.1&#8243; global_colors_info=\u00bb{}\u00bb open=\u00bboff\u00bb]<\/p>\n<p>La present convocat\u00f2ria t\u00e9 com a objecte la concessi\u00f3 d&#8217;ajudes per a col\u00b7laborar en els gastos que ocasionen les distintes activitats a desenrotllar per les associacions sense \u00e0nim de lucre i Ong\u2019s, referits a projectes de promoci\u00f3 i desenrotllament social.<\/p>\n<p><strong><em>Primer. Beneficiaris <\/em><\/strong><\/p>\n<p>Tindran la consideraci\u00f3 de benefici\u00e0ries les Associacions sense \u00e0nim de lucre i ONG\u2019s per a dur a terme projectes de promoci\u00f3 i desenrotllament social.<\/p>\n<p><strong><em>Segon. Finalitat i objecte de les ajudes<\/em><\/strong><\/p>\n<p>La present convocat\u00f2ria t\u00e9 com a objecte la concessi\u00f3 d&#8217;ajudes per a col\u00b7laborar en els gastos que ocasionen les distintes activitats a desenrotllar per les associacions sense \u00e0nim de lucre i Ong\u2019s, referits a projectes de promoci\u00f3 i desenrotllament social, realitzades durant l&#8217;any 2023.<\/p>\n<p>S&#8217;entendr\u00e0 a este efecte com a projecte de promoci\u00f3 i desenrotllament social tota aquella proposta d&#8217;activitat o programa d&#8217;activitats d&#8217;arrel social, referits a projectes de promoci\u00f3, com s\u00f3n:<\/p>\n<ul>\n<li>Activitats educatives en Centres Escolars.<\/li>\n<li>Atenci\u00f3 a persones amb discapacitat.<\/li>\n<li>Acolliment de Menors<\/li>\n<li>Atenci\u00f3 a malalts afectats de determinades patologies.<\/li>\n<\/ul>\n<p>No es concediran subvencions per a inversions en infraestructures, obres o condicionament de locals destinats a la realitzaci\u00f3 d&#8217;estos programes o projectes, ni despeses derivats d&#8217;activitats gastron\u00f2miques.<\/p>\n<p><strong><em>Tercer. Bases reguladores<\/em><\/strong><\/p>\n<p>Resoluci\u00f3 d&#8217;alcaldia n\u00aa 2023\/2265 de 22 de noviembre de 2023, CONVOCAT\u00d2RIA DE SUBVENCIONS DESTINADES A ASSOCIACIONS SENSE \u00c0NIM DE LUCRE I ONG\u2019S DE l&#8217;EXERCICI 2023.<\/p>\n<p><strong><em>Quart. \u00a0Dotaci\u00f3 pressupost\u00e0ria<\/em><\/strong><\/p>\n<p>La quantia global m\u00e0xima de les ajudes ser\u00e0 de cuatre mil dos-cents Euros (4.200,00 Euros), amb c\u00e0rrec a l&#8217;aplicaci\u00f3 pressupost\u00e0ria 410.2311.480401 (PROMOCI\u00d3 SOCIAL: SUBVENCIONS ASSOCIACIONS SOCIALS) del pressupost vigent de l&#8217;Ajuntament.<\/p>\n<p><strong><em>Cinqu\u00e9. Termini de presentaci\u00f3 de sol\u00b7licituds<\/em><\/strong><\/p>\n<p>El termini de presentaci\u00f3 de sol\u00b7licituds ser\u00e0 de 10 dies naturals comptats a partir de l&#8217;endem\u00e0 a la publicaci\u00f3 de la convocat\u00f2ria en el Butllet\u00ed Oficial de la Prov\u00edncia de la pertinent convocat\u00f2ria. BOP N\u00fam. 239 de 14 de desembre de 2023. Presentaci\u00f3 de sol\u00b7licituds des del dia 15 de desembre de 2023 fins al dia 26 de desembre de 2023.<\/p>\n<p><a class=\"pdf\" href=\"https:\/\/albal.es\/content-albal\/uploads\/2023\/11\/CONVOCATORIA-DILIGENCIADA-No-2023-46-Subvencions-Associacions-sense-anim-de-lucre-i-ONGs-2023.pdf\" target=\"_blank\" rel=\"noopener noreferrer\">Bases<\/a><\/p>\n<p><a class=\"pdf\" href=\"https:\/\/albal.es\/content-albal\/uploads\/2020\/11\/INSTANCIA-SOLICITUD-AYUDAS-ONGS-SSG03_1.pdf\" target=\"_blank\" rel=\"noopener noreferrer\">INST\u00c0NCIA<\/a><\/p>\n<p><a class=\"pdf\" href=\"https:\/\/albal.es\/content-albal\/uploads\/2023\/12\/BOP-239-Subvenciones-destinadas-a-las-asociaciones-sin-animo-de-lucro-y-ONG-2023.pdf\" target=\"_blank\" rel=\"noopener\">BOP<\/a><\/p>\n<p>&nbsp;<\/p>\n<p>&nbsp;<\/p>\n<p>[\/et_pb_accordion_item][et_pb_accordion_item title=\u00bbOrdenanza reguladora del servicio de ayuda a domicilio\u00bb _builder_version=\u00bb4.16&#8243; global_colors_info=\u00bb{}\u00bb open=\u00bboff\u00bb]<\/p>\n<p>El Servicio P\u00fablico de Ayuda a Domicilio, regulado por la presente Ordenanza, tienen por objeto la prevenci\u00f3n y atenci\u00f3n de situaciones de necesidad personal en el entorno del hogar familiar. <a class=\"pdf\" href=\"https:\/\/albal.sede.gva.es\/opencms\/export\/sites\/sedeAlbal\/contenidosEstructurados\/documentos\/ordenanzas\/GEN0005C.pdf\" target=\"_blank\" rel=\"noopener noreferrer\">Ordenanza reguladora del servicio de ayuda a domicilio<\/a><\/p>\n<p>[\/et_pb_accordion_item][et_pb_accordion_item title=\u00bbAyudas Diversidad Funcional 2024-2025&#8243; _builder_version=\u00bb4.27.6&#8243; hover_enabled=\u00bb0&#8243; global_colors_info=\u00bb{}\u00bb open=\u00bboff\u00bb sticky_enabled=\u00bb0&#8243;]<\/p>\n<p><strong>Finalidad y objeto de la ayuda<\/strong><\/p>\n<p>Esta convocatoria tiene como objeto la concesi\u00f3n de ayudas a personas con discapacidad igual o superior al 33% en relaci\u00f3n a la adquisici\u00f3n y el mantenimiento de apoyos a la accesibilidad universal, as\u00ed mismo se podr\u00e1 conceder al alumnado de educaci\u00f3n primaria con necesidades educativas especiales sin certificado de discapacidad con un informe previo justificativo elaborado por el gabinete psicopedag\u00f3gico municipal o SPEE del centro educativo o CAT.<\/p>\n<p><strong>Plazo de presentaci\u00f3n de solicitudes<\/strong><\/p>\n<p>El plazo de presentaci\u00f3n ordinario de las solicitudes ser\u00e1 de 20 d\u00edas h\u00e1biles a contar desde el d\u00eda siguiente en la publicaci\u00f3n de la convocatoria en el Bolet\u00edn Oficial de la Provincia.<\/p>\n<p>Para una mayor publicidad de la convocatoria y concurrencia el anuncio en el tabl\u00f3n de edictos se publicar\u00e1 con fecha efectos de entrada en vigor el\u00a01 de septiembre, por lo cual el plazo de presentaci\u00f3n de solicitudes ser\u00e1 del\u00a01 de septiembre\u00a0al\u00a026 de septiembre, los dos incluidos.<\/p>\n<p><a class=\"pdf\" href=\"https:\/\/albal.es\/content-albal\/uploads\/2025\/08\/CONVOCATORIA_DILIGENCIADA_CASTELLANO_SUBVENCIONES_A_LA_DIVERSIDAD_FUNCIONAL_2024-2025_-_SEFYCU_70735.pdf\" target=\"_blank\" rel=\"noopener\">Convocatoria<\/a><\/p>\n<p><a class=\"pdf\" href=\"https:\/\/albal.es\/content-albal\/uploads\/2025\/08\/EDICTO_-_CONVOCATORIA_CONVOCATORIA_DE_AYUDAS_A_LA_DIVERSIDAD_FUNCIONAL_2024-2025_-_SEFYCU_7080155.pdf\" target=\"_blank\" rel=\"noopener\">Edicto<\/a><\/p>\n<p><a class=\"pdf\" href=\"https:\/\/albal.es\/content-albal\/uploads\/2025\/08\/solicitud-diversidad-funcional.pdf\" target=\"_blank\" rel=\"noopener\">Instancia solicitud<\/a><\/p>\n<p><a class=\"pdf\" href=\"https:\/\/albal.es\/content-albal\/uploads\/2025\/08\/ANEX-I.pdf\" target=\"_blank\" rel=\"noopener\">Anexo I<\/a><\/p>\n<p><a class=\"pdf\" href=\"https:\/\/albal.es\/content-albal\/uploads\/2025\/08\/ANEX-II.pdf\" target=\"_blank\" rel=\"noopener\">Anexo II<\/a><\/p>\n<p>&nbsp;<\/p>\n<p>&nbsp;<\/p>\n<p>&nbsp;<\/p>\n<p>[\/et_pb_accordion_item][et_pb_accordion_item title=\u00bbConcessi\u00f3 de Subvencions en mat\u00e8ria d&#8217;inserci\u00f3 social any 2023 (Conveni Fundaci\u00f3 Caixa Rural d&#8217;Albal)\u00bb _builder_version=\u00bb4.21.0&#8243; _module_preset=\u00bbdefault\u00bb global_colors_info=\u00bb{}\u00bb open=\u00bboff\u00bb]<\/p>\n<p>La subvenci\u00f3 t\u00e9 com a finalitat la promoci\u00f3 d&#8217;activitats per a millorar el benestar de les fam\u00edlies d&#8217;Albal.<\/p>\n<p>El termini de presentaci\u00f3 ser\u00e0 des de l&#8217;endem\u00e0 de la publicaci\u00f3 en el <em>Butllet\u00ed Oficial de la Prov\u00edncia <\/em>de la pertinent convocat\u00f2ria, des de el dia 19 de juliol fins al 30 de novembre de 2023.<\/p>\n<p><a class=\"pdf\" href=\"https:\/\/albal.es\/content-albal\/uploads\/2023\/06\/convocatoria-diligenciada-caixa-rural-23.pdf\" target=\"_blank\" rel=\"noopener noreferrer\">CONVOCAT\u00d2RIA<\/a><\/p>\n<p><a class=\"pdf\" href=\"https:\/\/albal.es\/content-albal\/uploads\/2023\/04\/Concessio-de-subvencions-en-materia-dinsercion-Caja-Rural-Albal.pdf\" target=\"_blank\" rel=\"noopener\">Inst\u00e0ncia sol\u00b7licitud<\/a><\/p>\n<p><a class=\"pdf\" href=\"https:\/\/albal.es\/content-albal\/uploads\/2023\/03\/INT05.pdf\" target=\"_blank\" rel=\"noopener\">Manteniment de tercers<\/a><\/p>\n<p><a class=\"pdf\" href=\"https:\/\/albal.es\/content-albal\/uploads\/2023\/07\/BOP-EXTRACTO-CONVOCATORIA-CAJA-RURAL-23.pdf\" target=\"_blank\" rel=\"noopener\">BOP<\/a><\/p>\n<p>[\/et_pb_accordion_item][et_pb_accordion_item title=\u00bbCONVOCATORIA DE LA AYUDA POR NACIMIENTO, ACOGIDA O ADOPCI\u00d3N A TRAV\u00c9S DEL \u201cCHEQUE BEB\u00c9\u201d EJERCICIO 2025&#8243; _builder_version=\u00bb4.27.4&#8243; _module_preset=\u00bbdefault\u00bb global_colors_info=\u00bb{}\u00bb open=\u00bboff\u00bb]<\/p>\n<p><strong>OBJETO:<\/strong><\/p>\n<p>Regulaci\u00f3n de la concesi\u00f3n de una prestaci\u00f3n econ\u00f3mica familiar en materia de servicios sociales mediante concurrencia competitiva dirigidas a n\u00facleos familiares en los que se haya producido\u00a0<u>entre 1 noviembre de 2024 a\u00a0<\/u>31 de octubre<u>\u00a0de 2025<\/u>\u00a0un nacimiento de un\/a hijo\/a, un acogimiento familiar o una adopci\u00f3n de un\/a ni\u00f1o\/a, nacido\/a en este mismo periodo, para ayudar a sufragar los gastos derivados de la nueva situaci\u00f3n.<\/p>\n<p><strong>IMPORTE:<\/strong><\/p>\n<p>TRESCIENTOS EUROS (300,00.-\u20ac) para la unidad de convivencia y\/o familiar con ingresos inferiores a cinco veces el IPREM anual en 14 pagas.<\/p>\n<p><strong>PLAZO DE SOLICITUDES:<\/strong><\/p>\n<p>Desde el d\u00eda siguiente a la publicaci\u00f3n de las bases y convocatoria en el BOP hasta el\u00a020 de noviembre\u00a0de 2.025.<\/p>\n<p><a class=\"pdf\" href=\"https:\/\/albal.es\/content-albal\/uploads\/2025\/07\/CONVOCATORIA_DILIGENCIADA_CASTELLANO_PRESTACION_POR_NACIMIENTO_ACOGIMIENTO_Y_ADOPCION__2.pdf\" target=\"_blank\" rel=\"noopener\">CONVOCATORIA<\/a><\/p>\n<p><a class=\"pdf\" href=\"https:\/\/albal.es\/content-albal\/uploads\/2025\/08\/EDICTO_-_CONVOCATORIA_PRESTACION_POR_NACIMIENTO_ACOGIMIENTO_Y_ADOPCION_2025_-_SEFYCU_7077682.pdf\" target=\"_blank\" rel=\"noopener\">EDICTO<\/a><\/p>\n<p><a class=\"pdf\" href=\"https:\/\/albal.es\/content-albal\/uploads\/2025\/08\/sollicitud-cheque-bebe-2025.pdf\" target=\"_blank\" rel=\"noopener\">INSTANCIA SOLICITUD<\/a><\/p>\n<p>[\/et_pb_accordion_item][et_pb_accordion_item title=\u00bbPla estrat\u00e8gic zonal de Serveis Socials de l&#8217;Ajuntament d&#8217;Albal\u00bb _builder_version=\u00bb4.27.4&#8243; _module_preset=\u00bbdefault\u00bb global_colors_info=\u00bb{}\u00bb open=\u00bboff\u00bb]<\/p>\n<p>El Pla estrat\u00e8gic zonal de Serveis Socials de l&#8217;Ajuntament d&#8217;Albal correspon a la planificaci\u00f3 de serveis socials establida en la Llei 3\/2019, de 18 de febrer, de serveis socials inclusius de la Comunitat Valenciana<\/p>\n<p>Aquest Pla tindr\u00e0 car\u00e0cter integral i determinar\u00e0 les l\u00ednies d&#8217;acci\u00f3 estrat\u00e8gica del sistema i les directrius de la pol\u00edtica en aquesta mat\u00e8ria, aix\u00ed com els objectius prioritaris i accions corresponents als diferents programes que es presenten.<\/p>\n<p>La duraci\u00f3 del Pla ser\u00e0 de quatre anys, establint-se aix\u00ed una temporalitat de 2023 a 2026 i s&#8217;atindr\u00e0 als serveis i programes establits en el contracte programa signat entre la Generalitat Valenciana i l&#8217;Ajuntament d&#8217;Albal.<\/p>\n<p>La primera part del Pla correspon al Diagn\u00f2stic actual dels Serveis Socials del municipi d&#8217;Albal, de manera que es fa refer\u00e8ncia al context demogr\u00e0fic, als indicadors de pobresa i risc d&#8217;exclusi\u00f3 i a necessitats socials de la poblaci\u00f3. Aix\u00ed mateix, es fa refer\u00e8ncia a la intervenci\u00f3 i organitzaci\u00f3 actual de l&#8217;atenci\u00f3 prim\u00e0ria de serveis socials.<\/p>\n<p>D&#8217;aquesta manera, se sol\u00b7licita la participaci\u00f3 de la ciutadania per a la valoraci\u00f3 de la situaci\u00f3 actual i posterior diagn\u00f2stic social, mitjan\u00e7ant l&#8217;emplenament de la seg\u00fcent ENQUESTA:<\/p>\n<p><a href=\"https:\/\/docs.google.com\/forms\/d\/e\/1FAIpQLSeRj6w5WS0ac47aSMEtlypVwv2i76hgIUOg3OF5t5Ds2XHm0w\/viewform?usp=sf_link\" target=\"_blank\" rel=\"noopener\">ENQUESTA<\/a><\/p>\n<p>[\/et_pb_accordion_item][et_pb_accordion_item title=\u00bbCONVOCATORIA DE AYUDAS FUNDACI\u00d3N AMANCIO ORTEGA POR LA  DANA\u00bb _builder_version=\u00bb4.27.4&#8243; _module_preset=\u00bbdefault\u00bb global_colors_info=\u00bb{}\u00bb open=\u00bboff\u00bb]<\/p>\n<p>Ayudas Econ\u00f3micas para las Personas Residentes en Albal Afectadas por la DANA en el Municipio de Albal, con Cargo a Fondos Donados por la \u2018Fundaci\u00f3n Amancio Ortega\u2019.<\/p>\n<p>La presente convocatoria tiene como objeto regular el procedimiento y requisitos para la concesi\u00f3n directa de ayudas urgentes a las personas f\u00edsicas residentes en el municipio de Albal y que hayan sufrido da\u00f1os en su vivienda habitual, mobiliario, enseres, electrodom\u00e9sticos, veh\u00edculos necesarios para el trabajo o la p\u00e9rdida de la fuente ingresos ocasionados por las inundaciones acaecidas el d\u00eda 29 de octubre como consecuencia del temporal de lluvia y viento producido por la DANA iniciada en la Comunitat Valenciana el d\u00eda 29 de octubre de 2024, en cumplimiento de la obligaci\u00f3n adquirida por el Ayuntamiento de Albal al aceptar la donaci\u00f3n condicionada por importe de 4.000.000 euros, efectuada por la Fundaci\u00f3n Amancio Ortega para este preciso menester.<\/p>\n<p>El importe de las ayudas ir\u00e1 destinado a paliar los da\u00f1os, p\u00e9rdidas o menguas de\u00a0\u00a0 ingresos y bienes de car\u00e1cter material sufridos como consecuencia de la DANA.<\/p>\n<p>Las solicitudes se dirigir\u00e1n a trav\u00e9s del Ayuntamiento de albal ,mediante modelo habilitado al efecto, hasta las 23.59 horas del 31 de enero.<br \/>M\u00e9todos de solicitud:<br \/>Para ahorrar su tiempo y evitar colas innecesarias:<br \/>&#8211; Tramitaci\u00f3n online a trav\u00e9s del enlace:<br \/><a href=\"https:\/\/albal.sede.dival.es\/carpetaciudadana\/tramite.aspx?idtramite=18507\" target=\"_blank\" rel=\"noopener\">https:\/\/albal.sede.dival.es\/carpetaciudadana\/tramite.aspx?idtramite=18507<\/a><br \/>&#8211; Presencialmente mediante cita previa a trav\u00e9s de la web (enlace) o del WhatssApp de Cita previa 960 160 223:<br \/><a href=\"https:\/\/citaprevia.albal.es:10090\/citaprevia\/#\/es\/home?uuid=a8ba-0147a-658B7-69b7\" target=\"_blank\" rel=\"noopener\">https:\/\/citaprevia.albal.es:10090\/citaprevia\/#\/\u00e9s\/home?uuid=a8ba-0147a-658B7-69b7<\/a><br \/>No se dar\u00e1n citas previas v\u00eda llamada.<\/p>\n<p><a class=\"pdf\" href=\"https:\/\/albal.es\/content-albal\/uploads\/2024\/12\/CONVOCATORIA-DILIGENCIADA-AYUDAS-FUNDACION-AMANCIO-ORTEGA-firmado.pdf\" target=\"_blank\" rel=\"noopener\">Convocatoria<\/a><\/p>\n<p><a class=\"pdf\" href=\"https:\/\/albal.es\/content-albal\/uploads\/2024\/12\/SOLICITUD-AYUDA-DANA-FUNDACION-AMANCIO-ORTEGA.pdf\" target=\"_blank\" rel=\"noopener\">Solicitud<\/a><\/p>\n<p><a class=\"pdf\" href=\"https:\/\/albal.es\/content-albal\/uploads\/2024\/12\/DECLARACION-RESPONSABLES-AYUDAS-DANA-FUNDACION-AMANCIO-ORTEGA.pdf\" target=\"_blank\" rel=\"noopener\">Declaraci\u00f3n responsable<\/a><\/p>\n<p><a class=\"pdf\" href=\"https:\/\/albal.es\/content-albal\/uploads\/2025\/04\/Resolucion_N_464_de_17042025_DECRETO_APROBACION_FIRMA_NOTIFICACIONES_CON_SELLO_DE_ORGANISMO-FUNDACIO.pdf\" target=\"_blank\" rel=\"noopener\">Aprobaci\u00f3n firma con sello de \u00f3rgano de las notificaciones<\/a><\/p>\n<p>[\/et_pb_accordion_item][et_pb_accordion_item title=\u00bbAYUDAS ECON\u00d3MICAS DIRECTAS A PERSONAS FISICAS Y FAMILIAS AFEC-TADAS POR LA DANA\u00bb _builder_version=\u00bb4.27.6&#8243; _module_preset=\u00bbdefault\u00bb hover_enabled=\u00bb0&#8243; global_colors_info=\u00bb{}\u00bb open=\u00bboff\u00bb sticky_enabled=\u00bb0&#8243;]<\/p>\n<p>Se ampl\u00eda la dotaci\u00f3n econ\u00f3mica de ayudas directas para personas f\u00edsicas y familiar afectadas por la DANA que tramita el Ayuntamiento de Albal con cargo a fon-dos aportados por el Ministerio de Derechos Sociales, Consumo y Agenda 2030 por importe de 1.022.010,74 \u20ac.<\/p>\n<p>De esta forma las ayudas que ya tramita el ayuntamiento de Albal, podr\u00e1n al-canzar a m\u00e1s personas y familias afectadas que podr\u00edan ver incrementado el importe final de subvenci\u00f3n por todos los conceptos objeto de ayuda.<\/p>\n<p><u>Por consiguiente no ser\u00e1 necesario presentar nueva solicitud por parte de aque-llas personas que ya hubiesen solicitado ayuda con cargo a la convocatoria anterior de ayudas por los mismos conceptos con cargo a fondos de la Fundaci\u00f3n Amancio Ortega.<\/u><\/p>\n<p>Los plazos de solicitud de las ayudas se ampl\u00edan hasta el d\u00eda 14 de febrero de 2025, por acuerdo de la Junta de Gobierno Local, adoptado en fecha 27 de enero del corriente.<\/p>\n<p>Las solicitudes se dirigir\u00e1n a trav\u00e9s del Ayuntamiento de Albal, mediante modelo habilitado al efecto, hasta las 23.59 horas del 14 de febrero.<\/p>\n<p>Para ahorrar su tiempo y evitar colas innecesarias:<\/p>\n<ul>\n<li>Tramitaci\u00f3n online a trav\u00e9s del enlace: <a href=\"https:\/\/albal.sede.dival.es\/carpetaciudadana\/tramite.aspx?idtramite=18507\" target=\"_blank\" rel=\"noopener\">https:\/\/albal.sede.dival.es\/carpetaciudadana\/tramite.aspx?idtramite=18507<\/a><\/li>\n<li>Presencialmente mediante cita previa a trav\u00e9s de la web (enlace) o del WhatssApp de Cita previa 960 160 223: <a href=\"https:\/\/citaprevia.albal.es:10090\/citaprevia\/#\/\u00e9s\/home?uuid=a8ba-0147a-658B7-69b7\" target=\"_blank\" rel=\"noopener\">https:\/\/citaprevia.albal.es:10090\/citaprevia\/#\/\u00e9s\/home?uuid=a8ba-0147a-658B7-69b7<\/a><\/li>\n<\/ul>\n<p>No se dar\u00e1n citas previas por llamada telef\u00f3nica.<\/p>\n<p><a class=\"pdf\" href=\"https:\/\/albal.es\/content-albal\/uploads\/2025\/01\/Ayudas-afectados-DANA.pdf\" rel=\"attachment wp-att-59300\">Ayudas afectados DANA<\/a><\/p>\n<p><a class=\"pdf\" href=\"https:\/\/albal.es\/content-albal\/uploads\/2025\/04\/Resolucion_N_465_de_17042025_DECRETO_APROBACION_FIRMA_NOTIFICACIONES_CON_SELLO_DE_ORGANISMO-_MINISTE.pdf\" target=\"_blank\" rel=\"noopener\">Aprobaci\u00f3n firma con sello de \u00f3rgano de las notificaciones<\/a><\/p>\n<p>[\/et_pb_accordion_item][et_pb_accordion_item title=\u00bbAYUDAS ECON\u00d3MICAS PARA VEH\u00cdCULOS ADAPTADOS AFECTADOS POR LAS INUNDACIONES SUFRIDAS EL 29 DE OCTUBRE DE 2024 EN EL MUNICIPIO DE ALBAL\u00bb _builder_version=\u00bb4.27.6&#8243; _module_preset=\u00bbdefault\u00bb hover_enabled=\u00bb0&#8243; global_colors_info=\u00bb{}\u00bb open=\u00bboff\u00bb sticky_enabled=\u00bb0&#8243;]<\/p>\n<p>Las presentes bases tienen como objeto regular el procedimiento y requisitos para la concesi\u00f3n directa de ayudas, con el fin de reponer la perdida del veh\u00edculo adaptado para que las personas con discapacidad, con movilidad reducida puedan conducir o ser transportadas, cuando haya resultado siniestro total ocasionado por las inundaciones acaecidas el d\u00eda 29 de octubre de 2024, como consecuencia del temporal de lluvia y viento producido por la DANA, en cumplimiento de la obligaci\u00f3n adquirida por el Ayuntamiento de Albal al aceptar la subvenci\u00f3n por importe de 63.554 euros, efectuada por el Real Patronato sobre discapacidad.<\/p>\n<p>Plazo de presentaci\u00f3n de solicitudes: Desde el d\u00eda 1 de septiembre hasta el d\u00eda 10 de septiembre, ambos incluidos.<\/p>\n<p><a class=\"pdf\" href=\"https:\/\/albal.es\/content-albal\/uploads\/2025\/07\/CONVOCATORIA_DILIGENCIADA_AYUDAS_VEHICULOS_ADAPTADOS_AFECTADOS_DANA_-_SEFYCU_6712798.pdf\" target=\"_blank\" rel=\"noopener\">CONVOCATORIA<\/a><\/p>\n<p><a class=\"pdf\" href=\"https:\/\/albal.es\/content-albal\/uploads\/2025\/07\/SOLICITUD-VEHICULOS-ADAPTADOS.pdf\" target=\"_blank\" rel=\"noopener\">SOLICITUD<\/a><\/p>\n<p><a class=\"pdf\" href=\"https:\/\/albal.es\/content-albal\/uploads\/2025\/07\/AUTORIZACION-GENERAL.pdf\" target=\"_blank\" rel=\"noopener\">ANEXO I &#8211; AUTORIZACI\u00d3N GENERAL<\/a><\/p>\n<p>&nbsp;<\/p>\n<p>[\/et_pb_accordion_item][et_pb_accordion_item title=\u00bbCONCESI\u00d3N DIRECTA DEL REMANENTE DE LA AYUDA ECON\u00d3MICA ESTATAL (REAL DECRETO-LEY 7\/2024 DE 11 DE NOVIEMBRE) DESTINADA A PERSONAS BENEFICIARIAS POR DA\u00d1OS EN VIVIENDA HABITUAL OCASIONADOS POR LA DANA EN EL MUNICIPIO DE ALBAL\u00bb _builder_version=\u00bb4.27.6&#8243; _module_preset=\u00bbdefault\u00bb hover_enabled=\u00bb0&#8243; global_colors_info=\u00bb{}\u00bb open=\u00bboff\u00bb sticky_enabled=\u00bb0&#8243;]<\/p>\n<p><strong>Objeto<\/strong><\/p>\n<p>Las presentes bases tienen por objeto regular la concesi\u00f3n directa de ayudas a las personas f\u00edsicas residentes en el municipio de Albal y que hayan sufrido da\u00f1os en su vivienda habitual, mobiliario, enseres, electrodom\u00e9sticos, ocasionados por las inundaciones acaecidas el d\u00eda 29 de octubre como consecuencia del temporal de lluvia y viento producido por la DANA iniciada en la Comunitat Valenciana el d\u00eda 29 de octubre de 2024.<\/p>\n<p><strong>Plazo y forma presentaci\u00f3n<\/strong><\/p>\n<p>Se publicar\u00e1 anuncio o extracto en el Bolet\u00edn Oficial de la Provincia (BOP) de Valencia a trav\u00e9s de la Base de Datos Nacional de Subvenciones. El plazo para presentar solicitudes ser\u00e1 de 10 d\u00edas h\u00e1biles desde la publicaci\u00f3n de anuncio en el BOP de Valencia.<\/p>\n<p><a class=\"pdf\" href=\"https:\/\/albal.es\/content-albal\/uploads\/2026\/04\/CONVOCATORIA-DLILIGENCIADA-REMANENTE-MINISTERIO-SEFYCU-7988089.pdf\" target=\"_blank\" rel=\"noopener\">BASES CONVOCATORIA<\/a><\/p>\n<p><a class=\"pdf\" href=\"https:\/\/albal.es\/content-albal\/uploads\/2026\/04\/Instancia-ayudas-viviendas-rtemanente-Ministerio.pdf\" target=\"_blank\" rel=\"noopener\">INSTANCIA SOLICITUD<\/a><\/p>\n<p>[\/et_pb_accordion_item][\/et_pb_accordion][\/et_pb_column][et_pb_column type=\u00bb2_5&#8243; module_class=\u00bbcontent-impresos\u00bb _builder_version=\u00bb4.16&#8243; global_colors_info=\u00bb{}\u00bb][et_pb_text admin_label=\u00bbTitulo \u00abImpresos i enlla\u00e7os a Seu electr\u00f2nica\u00bb\u00bb _builder_version=\u00bb4.16&#8243; _module_preset=\u00bbdefault\u00bb locked=\u00bbon\u00bb global_colors_info=\u00bb{}\u00bb]<\/p>\n<h2 class=\"loop-archive-title\">Impresos y enlaces a Sede electr\u00f3nica<\/h2>\n<p>[\/et_pb_text][et_pb_cpt_loop_archive loop_layout=\u00bb6282&#8243; show_pagination=\u00bboff\u00bb new_query=\u00bbon\u00bb post_type=\u00bbimpreso_tramit\u00bb posts_number=\u00bb999&#8243; include_meta=\u00bbpagina_de_destinacio\u00bb include_meta_terms=\u00bb664&#8243; hide_if_no_data=\u00bbon\u00bb order=\u00bbasc\u00bb admin_label=\u00bbImpresos i enlla\u00e7os a Seu Electronica\u00bb module_class=\u00bbcontent-impresos-dinamic\u00bb _builder_version=\u00bb4.16&#8243; headings_font_size=\u00bb36px\u00bb background_color=\u00bb#ffffff\u00bb border_radii=\u00bbon|8px|8px|8px|8px\u00bb border_width_all=\u00bb1px\u00bb border_color_all=\u00bb#cccccc\u00bb locked=\u00bbon\u00bb global_colors_info=\u00bb{}\u00bb][\/et_pb_cpt_loop_archive][et_pb_code module_class=\u00bbcontent-mostrar-impresos\u00bb _builder_version=\u00bb4.16&#8243; _module_preset=\u00bbdefault\u00bb locked=\u00bbon\u00bb global_colors_info=\u00bb{}\u00bb]<pee><style>.et_pb_cpt_loop_archive.content-impresos-dinamic:before { content:\"Impresos y enlaces a Sede electr\u00f3nica\";}\t<\/style><\/pee>[\/et_pb_code][\/et_pb_column][\/et_pb_row][et_pb_row disabled_on=\u00bboff|on|on\u00bb admin_label=\u00bbCarga solo en MOVIL\u00bb _builder_version=\u00bb4.16&#8243; custom_padding=\u00bb0px||||false|false\u00bb locked=\u00bboff\u00bb global_colors_info=\u00bb{}\u00bb][et_pb_column type=\u00bb4_4&#8243; _builder_version=\u00bb4.16&#8243; global_colors_info=\u00bb{}\u00bb][et_pb_text disabled_on=\u00bboff|off|off\u00bb admin_label=\u00bbAmic\u00bb module_class=\u00bbamic-cita\u00bb _builder_version=\u00bb4.16&#8243; header_4_font=\u00bb||||||||\u00bb header_4_text_color=\u00bb#c40038&#8243; custom_margin=\u00bb||0px||false|false\u00bb custom_padding=\u00bb||15px||false|false\u00bb saved_tabs=\u00bball\u00bb locked=\u00bbon\u00bb global_colors_info=\u00bb{}\u00bb]<\/p>\n<h3><img decoding=\"async\" class=\"wp-image-464 alignnone size-full lazyload\" data-src=\"https:\/\/albal.es\/content-albal\/uploads\/2019\/12\/logo-amic-2.png\" alt=\"\" width=\"135\" height=\"46\" src=\"data:image\/svg+xml;base64,PHN2ZyB3aWR0aD0iMSIgaGVpZ2h0PSIxIiB4bWxucz0iaHR0cDovL3d3dy53My5vcmcvMjAwMC9zdmciPjwvc3ZnPg==\" style=\"--smush-placeholder-width: 135px; --smush-placeholder-aspect-ratio: 135\/46;\" \/><\/h3>\n<h3>Atenci\u00f3n Municipal de Informaci\u00f3n Ciudadana<\/h3>\n<h4>REGISTROS Y SOLICITUDES<\/h4>\n<p>Pza. del Jard\u00edn, 7. Ayto. de Albal &#8211;\u00a0<strong>Planta baja<\/strong> Tel:\u00a0<strong>96 126 00 56<\/strong>\u00a0\u00b7 Fax: 96 127 08 61 <a class=\"bot-cita-previa\" href=\"https:\/\/citaprevia.albal.es:10080\/\" target=\"_blank\" rel=\"noopener noreferrer\">Cita previa<\/a> <a class=\"bot-seu-electronica\" href=\"https:\/\/albal.sede.gva.es\/\" target=\"_blank\" rel=\"noopener noreferrer\">Sede electr\u00f3nica<\/a><\/p>\n<p>[\/et_pb_text][\/et_pb_column][\/et_pb_row][\/et_pb_section][et_pb_section fb_built=\u00bb1&#8243; admin_label=\u00bb(ancla) #informacion\u00bb module_id=\u00bbinformacion\u00bb _builder_version=\u00bb4.16&#8243; background_color=\u00bb#e2e1de\u00bb custom_padding=\u00bb50px||||false|false\u00bb border_width_top=\u00bb1px\u00bb border_color_top=\u00bb#cccccc\u00bb collapsed=\u00bboff\u00bb global_colors_info=\u00bb{}\u00bb][et_pb_row _builder_version=\u00bb4.16&#8243; background_color=\u00bbrgba(0,0,0,0)\u00bb custom_padding=\u00bb0px||||false|false\u00bb global_colors_info=\u00bb{}\u00bb][et_pb_column type=\u00bb4_4&#8243; _builder_version=\u00bb4.16&#8243; global_colors_info=\u00bb{}\u00bb][et_pb_text admin_label=\u00bbTitulo Informaci\u00f3\u00bb module_class=\u00bbtit-seccion\u00bb _builder_version=\u00bb4.16&#8243; locked=\u00bboff\u00bb global_colors_info=\u00bb{}\u00bb]<\/p>\n<h2><img decoding=\"async\" class=\"size-medium alignleft lazyload\" data-src=\"https:\/\/albal.es\/img\/iconos\/informacion-mostrador-45x45.svg\" alt=\"\" width=\"45\" height=\"45\" src=\"data:image\/svg+xml;base64,PHN2ZyB3aWR0aD0iMSIgaGVpZ2h0PSIxIiB4bWxucz0iaHR0cDovL3d3dy53My5vcmcvMjAwMC9zdmciPjwvc3ZnPg==\" style=\"--smush-placeholder-width: 45px; --smush-placeholder-aspect-ratio: 45\/45;\" \/>Informaci\u00f3n<\/h2>\n<p>[\/et_pb_text][\/et_pb_column][\/et_pb_row][et_pb_row column_structure=\u00bb1_2,1_2&#8243; make_equal=\u00bbon\u00bb admin_label=\u00bbSolo un modulo por fila\u00bb _builder_version=\u00bb4.16&#8243; custom_padding=\u00bb0px||||false|false\u00bb global_colors_info=\u00bb{}\u00bb][et_pb_column type=\u00bb1_2&#8243; _builder_version=\u00bb4.16&#8243; border_width_bottom=\u00bb1px\u00bb border_color_bottom=\u00bb#cccccc\u00bb global_colors_info=\u00bb{}\u00bb][et_pb_text admin_label=\u00bbDescripcio\u00bb _builder_version=\u00bb4.16&#8243; custom_padding=\u00bb||25px||false|false\u00bb global_colors_info=\u00bb{}\u00bb]<\/p>\n<h3>Descripci\u00f3n de los objetivos y las funciones del departamento<\/h3>\n<p>Los Servicios Sociales son un conjunto de recursos y actuaciones para prevenir la marginaci\u00f3n y promover la integraci\u00f3n de aquellas personas o familias que, por raz\u00f3n de dificultades econ\u00f3micas, de falta de autonom\u00eda personal, de discapacidades o de marginaci\u00f3n social, necesitan la ayuda y la protecci\u00f3n social. En Albal se implantan los Servicios Sociales en 1992. La ley otorga a los Ayuntamientos, principalmente, competencia sobre los servicios de atenci\u00f3n primaria, que incluyen la atenci\u00f3n social polivalente (atenci\u00f3n individual y familiar, detecci\u00f3n y prevenci\u00f3n del absentismo escolar, atenci\u00f3n a la infancia y adolescencia en situaci\u00f3n de riesgo, etc.), as\u00ed como la atenci\u00f3n social domiciliaria para los sectores de tercera edad y discapacitados (principalmente sin recursos suficientes y que viven solos). La atenci\u00f3n primaria incluye el programa de emergencia social para ayudas econ\u00f3micas espec\u00edficas y urgentes. Entre las acciones m\u00e1s frecuentemente realizadas se encuentran:<\/p>\n<ul>\n<li>Informaci\u00f3n, orientaci\u00f3n y asesoramiento a la ciudadan\u00eda y los colectivos, acerca de los derechos y recursos sociales existentes.<\/li>\n<li>Ayuda a Domicilio, cuyo objetivo es facilitar la permanencia del individuo en su medio habitual, mediante la prestaci\u00f3n de servicios de car\u00e1cter dom\u00e9stico, social, personal o educativo.<\/li>\n<li>Servicio de Acogida. Este servicio atender\u00e1 con car\u00e1cter inmediato las necesidades b\u00e1sicas, de forma temporal o permanente, de las personas carentes de hogar o con graves problemas de convivencia, atendiendo las emergencias sociales o individuales.<\/li>\n<li>Gesti\u00f3n de las ayudas econ\u00f3micas y su seguimiento en el \u00e1mbito de su territorio.<\/li>\n<li>Prestaciones inespec\u00edficas que, por su nivel primario, puedan ser satisfechas sin necesidad de su derivaci\u00f3n a un servicio especializado.<\/li>\n<\/ul>\n<p>[\/et_pb_text][\/et_pb_column][et_pb_column type=\u00bb1_2&#8243; _builder_version=\u00bb4.16&#8243; border_width_bottom=\u00bb1px\u00bb border_color_bottom=\u00bb#cccccc\u00bb global_colors_info=\u00bb{}\u00bb][et_pb_text admin_label=\u00bbSEAFI\u00bb _builder_version=\u00bb4.16&#8243; custom_padding=\u00bb||25px||false|false\u00bb global_colors_info=\u00bb{}\u00bb]<\/p>\n<h3>Servicio Especializado de Atenci\u00f3n a Familia e Infancia (SEAFI)<\/h3>\n<p>El SEAFI es un servicio especializado en la atenci\u00f3n a la familia, que ofrece apoyo psicol\u00f3gico y educativo a las familias que tienen conflictos en sus relaciones personales. Los programas espec\u00edficos que componen el SEAFI son:<\/p>\n<ul>\n<li>Intervenci\u00f3n con familias en situaci\u00f3n de riesgo.<\/li>\n<li>Orientaci\u00f3n y mediaci\u00f3n familiar.<\/li>\n<li>Apoyo a familias monoparentales.<\/li>\n<li>Apoyo a familias en cuyo seno se produce violencia.<\/li>\n<li>Intervenci\u00f3n en familias con menores en situaci\u00f3n de guarda y\/o tutela administrativa.<\/li>\n<\/ul>\n<p>El SEAFI lo desarrolla un equipo de profesionales especializados en el \u00e1mbito familiar, compuesto por una psic\u00f3loga y una trabajadora social. Para acceder al SEAFI deben acudir a:<\/p>\n<ul>\n<li>Departamento de Servicios Sociales municipal.<\/li>\n<li>Conselleria de Bienestar Social de la Generalitat Valenciana.<\/li>\n<\/ul>\n<p>Ubicaci\u00f3n y horario: Centro Polivalente. C\/. Mestre Ram\u00f3n Sanchis Rovira, 9 Tel\u00e9fono 96 122 05 04 Ext. 224<\/p>\n<p>[\/et_pb_text][\/et_pb_column][\/et_pb_row][et_pb_row column_structure=\u00bb1_2,1_2&#8243; make_equal=\u00bbon\u00bb admin_label=\u00bbSolo un modulo por fila\u00bb _builder_version=\u00bb4.16&#8243; custom_padding=\u00bb0px||||false|false\u00bb global_colors_info=\u00bb{}\u00bb][et_pb_column type=\u00bb1_2&#8243; _builder_version=\u00bb4.16&#8243; border_width_bottom=\u00bb1px\u00bb border_color_bottom=\u00bb#cccccc\u00bb global_colors_info=\u00bb{}\u00bb][et_pb_text admin_label=\u00bbPEBI\u00bb _builder_version=\u00bb4.16&#8243; custom_padding=\u00bb||25px||false|false\u00bb global_colors_info=\u00bb{}\u00bb]<\/p>\n<h3>Programa de Bienestar Infantil (PEBI)<\/h3>\n<p><img decoding=\"async\" class=\"wp-image-2626 alignleft size-full lazyload\" data-src=\"https:\/\/albal-ayto.es\/content-albal\/uploads\/2019\/12\/pebi.jpg\" alt=\"\" width=\"191\" height=\"249\" data-srcset=\"https:\/\/albal.es\/content-albal\/uploads\/2019\/12\/pebi.jpg 191w, https:\/\/albal.es\/content-albal\/uploads\/2019\/12\/pebi-150x196.jpg 150w\" data-sizes=\"(max-width: 191px) 100vw, 191px\" src=\"data:image\/svg+xml;base64,PHN2ZyB3aWR0aD0iMSIgaGVpZ2h0PSIxIiB4bWxucz0iaHR0cDovL3d3dy53My5vcmcvMjAwMC9zdmciPjwvc3ZnPg==\" style=\"--smush-placeholder-width: 191px; --smush-placeholder-aspect-ratio: 191\/249;\" \/>El Programa de Bienestar Infantil es un servicio centrado en la promoci\u00f3n del bienestar infantil, potenciando su desarrollo psicol\u00f3gico y emocional, y proporcionando a sus padres una gu\u00eda en su tarea educadora. Va dirigido a la poblaci\u00f3n infantil de Albal, con edades comprendidas entre los 3 y 24 meses de edad, y a sus padres y madres. El Programa de Bienestar Infantil lo desarrolla un equipo de profesionales especializados en la infancia y las relaciones familiares, compuesto por una psic\u00f3loga. Para acceder al programa deben pedir <strong>cita previa<\/strong>. <strong>Ubicaci\u00f3n y horario:<\/strong> Centro Polivalente. C\/. Mestre Ram\u00f3n Sanchis Rovira, 9 Tel\u00e9fono 96 122 05 04 Ext. 240<\/p>\n<p>[\/et_pb_text][\/et_pb_column][et_pb_column type=\u00bb1_2&#8243; _builder_version=\u00bb4.16&#8243; border_width_bottom=\u00bb1px\u00bb border_color_bottom=\u00bb#cccccc\u00bb global_colors_info=\u00bb{}\u00bb][et_pb_text admin_label=\u00bbMajor a casa\u00bb _builder_version=\u00bb4.16&#8243; global_colors_info=\u00bb{}\u00bb]<\/p>\n<h3>Programa \u00abMajor a casa\u00bb<\/h3>\n<h4>Beneficiarios:<\/h4>\n<ul>\n<li>MAYORES DE 65 A\u00d1OS, DEPENDIENTES LEVES O MODERADOS.<\/li>\n<li>MAYORES DE 60 A\u00d1OS O DISCAPACITADOS, AMBOS CASOS DEPENDIENTES, QUE CONVIVAN CON EL MAYOR DE 65 A\u00d1OS.<\/li>\n<\/ul>\n<h4>Servicios:<\/h4>\n<ul>\n<li>COMIDA DE MEDIOD\u00cdA, QUE SE ENTREGAR\u00c1 DE LUNES A S\u00c1BADO (QUE SE ENTREGAR\u00c1 PARA S\u00c1BADO Y DOMINGO).<\/li>\n<li>SER\u00c1N DIETAS EQUILIBRADAS, 4 DIFERENTES: NORMAL, R\u00c9GIMEN, DIAB\u00c9TICOS Y TRITURADA. SER\u00c1N DIETAS PERSONALIZADAS EN FUNCI\u00d3N DEL INFORME M\u00c9DICO Y DE LOS GUSTOS DE LA PERSONA MAYOR.<\/li>\n<li>LIMPIEZA DEL DOMICILIO UNA HORA Y MEDIA, DOS D\u00cdAS A LA SEMANA. SE ENTREGAR\u00c1 A CADA USUARIO\/A 3 JUEGOS DE S\u00c1BANAS Y 3 DE TOALLAS, DE LOS CUALES, UNO SE LO LLEVAR\u00c1N SEMANALMENTE PARA LIMPIEZA.<\/li>\n<\/ul>\n<h4>Solicitudes:<\/h4>\n<p>Departamento de Servicios Sociales, PREVIA PETICI\u00d3N DE CITA TEL\u00c9FONO: 96.122.05.04<\/p>\n<p>[\/et_pb_text][\/et_pb_column][\/et_pb_row][et_pb_row column_structure=\u00bb1_2,1_2&#8243; make_equal=\u00bbon\u00bb admin_label=\u00bbSolo un modulo por fila\u00bb _builder_version=\u00bb4.16&#8243; custom_padding=\u00bb0px||||false|false\u00bb global_colors_info=\u00bb{}\u00bb][et_pb_column type=\u00bb1_2&#8243; _builder_version=\u00bb4.16&#8243; border_width_bottom=\u00bb1px\u00bb border_color_bottom=\u00bb#cccccc\u00bb global_colors_info=\u00bb{}\u00bb][et_pb_text admin_label=\u00bbServei Municipal d\u2019Atenci\u00f3 a la Depend\u00e8ncia\u00bb _builder_version=\u00bb4.16&#8243; custom_padding=\u00bb||25px||false|false\u00bb global_colors_info=\u00bb{}\u00bb]<\/p>\n<h3>Servicio Municipal de Atenci\u00f3n a la Dependencia<\/h3>\n<p>La concejal\u00eda de Bienestar Social del Ayuntamiento de Albal dispone desde septiembre de 2007 de un Servicio de Atenci\u00f3n a la Dependencia subvencionado por la Federaci\u00f3n Valenciana de Municipios y Provincias para el desarrollo de la Ley de Promoci\u00f3n de la Autonom\u00eda Personal Atenci\u00f3n a Personas en Situaci\u00f3n de Dependencia. La Ley 39\/2006, en vigor desde el 1 de enero de 2007, de Promoci\u00f3n de la Autonom\u00eda Personal Atenci\u00f3n a Personas en Situaci\u00f3n de Dependencia tiene como objetivo atender a las necesidades de aquellas personas que, por encontrarse en situaci\u00f3n de especial vulnerabilidad, necesitan ayuda para realizar las actividades b\u00e1sicas de la vida diaria. La dependencia se presenta cuando las personas por razones derivadas de la edad, la enfermedad o la discapacidad, y ligadas a la falta o a la p\u00e9rdida de autonom\u00eda f\u00edsica, mental, intelectual o sensorial, precisan de la atenci\u00f3n de otra u otras personas o ayudas importantes para realizar actividades b\u00e1sicas de la vida diaria o, en el caso de las personas con discapacidad intelectual o enfermedad mental, de otros apoyos para su autonom\u00eda personal. (Art. 2.2 de la Ley de Dependencia). La Ley establece tres grados de dependencia: Grado 1 dependencia moderada, Grado 2 dependencia severa y Grado 3 gran dependencia. Cada uno de estos grados se clasificar\u00e1 en dos niveles en funci\u00f3n de la autonom\u00eda de las personas y de la intensidad del cuidado que requiere. Las funciones del Servicio Municipal de Atenci\u00f3n a la Dependencia son:<\/p>\n<ul>\n<li>Informaci\u00f3n y asesoramiento t\u00e9cnico en materia de atenci\u00f3n a las personas en situaci\u00f3n de dependencia.<\/li>\n<li>Soporte a la ciudadan\u00eda en la tramitaci\u00f3n de las solicitudes, y en su caso, requerimientos.<\/li>\n<li>Elaboraci\u00f3n del Informe Social en el domicilio en el que viva la persona solicitante (documento t\u00e9cnico que recoge las expectativas familiares y la valoraci\u00f3n de la mejor atenci\u00f3n conforme a la situaci\u00f3n de dependencia que presenta la persona).<\/li>\n<li>Negociaci\u00f3n y propuesta del Programa de Atenci\u00f3n Individual de las personas en situaci\u00f3n de dependencia.<\/li>\n<li>Seguimiento de las prestaciones y servicios asignados a las personas en situaci\u00f3n de dependencia.<\/li>\n<\/ul>\n<p>Los servicios y prestaciones que se ofrecen dentro del cat\u00e1logo de la Ley 39\/2006, son:<\/p>\n<ul>\n<li>Servicio de Prevenci\u00f3n y Promoci\u00f3n de la Autonom\u00eda Personal.<\/li>\n<li>Servicio de Teleasistencia.<\/li>\n<li>Servicio de Ayuda a Domicilio.<\/li>\n<li>Centro de D\u00eda.<\/li>\n<li>Centro de Noche.<\/li>\n<li>Centro de Atenci\u00f3n Residencial.<\/li>\n<li>Prestaci\u00f3n econ\u00f3mica vinculada al servicio.<\/li>\n<li>Prestaci\u00f3n econ\u00f3mica para cuidados en el entorno familiar y apoyo a cuidadores\/as no profesionales.<\/li>\n<li>Prestaci\u00f3n econ\u00f3mica de asistencia personal.<\/li>\n<\/ul>\n<p>El Servicio de Atenci\u00f3n a la Dependencia del Ayuntamiento de Albal trabajar\u00e1 conjuntamente con el equipo base de Servicios Sociales, ya que desde \u00e9sta Concejal\u00eda de Bienestar Social ya se viene desarrollando servicios que se enmarcan dentro del Plan de Actuaci\u00f3n de la Ley de Dependencia.<\/p>\n<p><center><strong>HORARIO DE ATENCI\u00d3N<\/strong><\/center><\/p>\n<p>Martes y mi\u00e9rcoles de 8h a 14:30h con\u00a0<u>Cita Previa<\/u> Centro Polivalente situado en C\/ Mestre Ram\u00f3n Sanchis Rovira, 9 i 11 Tel\u00e9fono: 961220504<\/p>\n<p>[\/et_pb_text][\/et_pb_column][et_pb_column type=\u00bb1_2&#8243; _builder_version=\u00bb4.16&#8243; border_width_bottom=\u00bb1px\u00bb border_color_bottom=\u00bb#cccccc\u00bb global_colors_info=\u00bb{}\u00bb][et_pb_text admin_label=\u00bbAtenci\u00f3 Integral al Major\u00bb _builder_version=\u00bb4.16&#8243; custom_padding=\u00bb||25px||false|false\u00bb global_colors_info=\u00bb{}\u00bb]<\/p>\n<h3>Plan de Atenci\u00f3n Integral al Mayor<\/h3>\n<p>En la actualidad, el proceso de envejecimiento de las poblaciones, est\u00e1 acarreando una serie de cambios de \u00edndole psicosocial en el conjunto de la poblaci\u00f3n. Unido a la prolongaci\u00f3n de la esperanza de vida, se acompa\u00f1an situaciones de dependencia que requieren de ciertos tipos de ayuda para llevar a cabo las actividades de la vida diaria. La aparici\u00f3n de enfermedades invalidantes (demencias seniles, enfermedad de Parkinson, artrosis degenerativa) est\u00e1 dando lugar a determinados problemas en el \u00e1mbito familiar, debido a que no saber c\u00f3mo hacer frente a los cuidados que requieren este tipo de personas. En la actualidad, la atenci\u00f3n al colectivo de Tercera Edad requiere una serie de cambios, a fin de mejorar la calidad de vida nuestros mayores. Se hace necesario proponer determinados programas de promoci\u00f3n de la salud, a fin de llegar a una edad avanzada en condiciones \u00f3ptimas. El Plan de Atenci\u00f3n Integral al Mayor se desarrolla a trav\u00e9s de las siguientes acciones:<\/p>\n<ul>\n<li>Programa de sensibilizaci\u00f3n ciudadana ante los problemas del envejecimiento.<\/li>\n<li>Programa de atenci\u00f3n psicosocial dirigido a personas mayores y sus familias.<\/li>\n<li>Talleres de promoci\u00f3n de la salud en personas mayores.<\/li>\n<\/ul>\n<p>LOS TALLERES SON TOTALMENTE GRATUITOS <strong>Informaci\u00f3n:<\/strong> Departamento de Servicios Sociales, TELEFONO 96.122.05.04.<\/p>\n<p>[\/et_pb_text][\/et_pb_column][\/et_pb_row][\/et_pb_section][et_pb_section fb_built=\u00bb1&#8243; disabled_on=\u00bbon|on|on\u00bb admin_label=\u00bb(ancla) #faq\u00bb module_id=\u00bbfaq\u00bb _builder_version=\u00bb4.16&#8243; background_color=\u00bb#dcb747&#8243; custom_padding=\u00bb50px||||false|false\u00bb disabled=\u00bbon\u00bb locked=\u00bboff\u00bb collapsed=\u00bboff\u00bb global_colors_info=\u00bb{}\u00bb][et_pb_row _builder_version=\u00bb4.16&#8243; background_color=\u00bbrgba(0,0,0,0)\u00bb custom_padding=\u00bb0px||||false|false\u00bb locked=\u00bbon\u00bb global_colors_info=\u00bb{}\u00bb][et_pb_column type=\u00bb4_4&#8243; _builder_version=\u00bb4.16&#8243; global_colors_info=\u00bb{}\u00bb][et_pb_text admin_label=\u00bbTitulo Preguntes m\u00e9s freq\u00fcents\u00bb module_class=\u00bbtit-seccion\u00bb _builder_version=\u00bb4.16&#8243; header_2_text_color=\u00bb#ffffff\u00bb global_colors_info=\u00bb{}\u00bb]<\/p>\n<h2><img decoding=\"async\" class=\"size-medium alignleft lazyload\" data-src=\"https:\/\/albal.es\/img\/iconos\/preguntas-persona-45x45.svg\" alt=\"\" width=\"45\" height=\"45\" src=\"data:image\/svg+xml;base64,PHN2ZyB3aWR0aD0iMSIgaGVpZ2h0PSIxIiB4bWxucz0iaHR0cDovL3d3dy53My5vcmcvMjAwMC9zdmciPjwvc3ZnPg==\" style=\"--smush-placeholder-width: 45px; --smush-placeholder-aspect-ratio: 45\/45;\" \/>Preguntas m\u00e1s frecuentes<\/h2>\n<p>[\/et_pb_text][\/et_pb_column][\/et_pb_row][et_pb_row column_structure=\u00bb1_2,1_2&#8243; make_equal=\u00bbon\u00bb admin_label=\u00bbSolo un modulo por fila\u00bb _builder_version=\u00bb4.16&#8243; custom_padding=\u00bb0px||||false|false\u00bb global_colors_info=\u00bb{}\u00bb][et_pb_column type=\u00bb1_2&#8243; _builder_version=\u00bb4.16&#8243; border_width_bottom=\u00bb1px\u00bb border_color_bottom=\u00bb#b09239&#8243; global_colors_info=\u00bb{}\u00bb][et_pb_text admin_label=\u00bbPregunta\u00bb _builder_version=\u00bb4.16&#8243; custom_padding=\u00bb||25px||false|false\u00bb global_colors_info=\u00bb{}\u00bb]<\/p>\n<h3>Pregunta<\/h3>\n<p>Respuesta<\/p>\n<p>[\/et_pb_text][\/et_pb_column][et_pb_column type=\u00bb1_2&#8243; _builder_version=\u00bb4.16&#8243; border_width_bottom=\u00bb1px\u00bb border_color_bottom=\u00bb#b09239&#8243; global_colors_info=\u00bb{}\u00bb][et_pb_text admin_label=\u00bbPregunta\u00bb _builder_version=\u00bb4.16&#8243; custom_padding=\u00bb||25px||false|false\u00bb global_colors_info=\u00bb{}\u00bb]<\/p>\n<h3>Pregunta<\/h3>\n<p>Respuesta<\/p>\n<p>[\/et_pb_text][\/et_pb_column][\/et_pb_row][\/et_pb_section]<\/p>\n","protected":false},"excerpt":{"rendered":"<p>\u00c1reas y servicios | BIENESTAR SOCIAL Servicios SocialesPersonal adscrito: Coordinadora: Leticia Ricart Casas Trabajadora Social: Inmaculada Ruiz Ricart Trabajadora Social: Carmina Vila Gimeno Trabajadora Social: Sonia Gallego Luna. Trabajadora Social: Mar\u00eda G\u00f3mez del R\u00edo. Trabajadora Social: Raquel Vera Casas.Informaci\u00f3n de Inter\u00e9s:Ubicaci\u00f3n\u200b: Centro Polivalente. C\/ Mestre Ram\u00f3n Sanchis Rovira, 9. Tel\u00e9fono 96 122 05 04 Horario de atenci\u00f3n y cita previa: De lunes a viernes, previa petici\u00f3n de hora al n\u00ba de tel\u00e9fono 96 122 05 04. Pueden llamar de lunes a viernes, de 9 a 14 horas y la auxiliar les dar\u00e1 cita.Consultas y dudas: Atenci\u00f3n Municipal de Informaci\u00f3n Ciudadana REGISTROS Y SOLICITUDES Pza. del Jard\u00edn, 7. Ayto. de Albal &#8211;\u00a0Planta baja Tel:\u00a096 126 00 56\u00a0\u00b7 Fax: 96 127 08 61 Cita previa Sede electr\u00f3nicaAvisos, convocatorias y tr\u00e1mites activos<style>.et_pb_cpt_loop_archive.tramites-activos-pag:before { content:\"Avisos, convocatorias y tr\u00e1mites activos\";}<\/style>Informaci\u00f3n, tr\u00e1mites e impresosEl Programa de Prevenci\u00f3n del Absentismo Escolar establece un conjunto de medidas protocolizadas que permiten ofrecer una respuesta r\u00e1pida y eficaz al problema del absentismo. El objetivo es garantizar la continuidad y regularidad de la educaci\u00f3n de los menores. Este programa est\u00e1 coordinado con el resto de municipios de L\u2019Horta Sud, as\u00ed como con la fiscal\u00eda de menores, lo que le confiere una mayor entidad y capacidad de ejecuci\u00f3n [&hellip;]<\/p>\n","protected":false},"author":9,"featured_media":0,"parent":776,"menu_order":1,"comment_status":"closed","ping_status":"closed","template":"","meta":{"_acf_changed":false,"_et_pb_use_builder":"on","_et_pb_old_content":"","_et_gb_content_width":"","footnotes":""},"coauthors":[65],"class_list":["post-674","page","type-page","status-publish","hentry"],"acf":[],"yoast_head":"<!-- This site is optimized with the Yoast SEO plugin v27.4 - https:\/\/yoast.com\/product\/yoast-seo-wordpress\/ -->\n<title>Servicios Sociales - Ajuntament d&#039;Albal<\/title>\n<meta name=\"robots\" content=\"index, follow, max-snippet:-1, max-image-preview:large, max-video-preview:-1\" \/>\n<link rel=\"canonical\" href=\"https:\/\/albal.es\/es\/areas-y-servicios-2\/bienestar-social\/servicios-sociales\/\" \/>\n<meta property=\"og:locale\" content=\"es_ES\" \/>\n<meta property=\"og:type\" content=\"article\" \/>\n<meta property=\"og:title\" content=\"Servicios Sociales - Ajuntament d&#039;Albal\" \/>\n<meta property=\"og:description\" content=\"\u00c1reas y servicios | BIENESTAR SOCIAL Servicios SocialesPersonal adscrito: Coordinadora: Leticia Ricart Casas Trabajadora Social: Inmaculada Ruiz Ricart Trabajadora Social: Carmina Vila Gimeno Trabajadora Social: Sonia Gallego Luna. Trabajadora Social: Mar\u00eda G\u00f3mez del R\u00edo. Trabajadora Social: Raquel Vera Casas.Informaci\u00f3n de Inter\u00e9s:Ubicaci\u00f3n\u200b: Centro Polivalente. C\/ Mestre Ram\u00f3n Sanchis Rovira, 9. Tel\u00e9fono 96 122 05 04 Horario de atenci\u00f3n y cita previa: De lunes a viernes, previa petici\u00f3n de hora al n\u00ba de tel\u00e9fono 96 122 05 04. Pueden llamar de lunes a viernes, de 9 a 14 horas y la auxiliar les dar\u00e1 cita.Consultas y dudas: Atenci\u00f3n Municipal de Informaci\u00f3n Ciudadana REGISTROS Y SOLICITUDES Pza. del Jard\u00edn, 7. Ayto. de Albal -\u00a0Planta baja Tel:\u00a096 126 00 56\u00a0\u00b7 Fax: 96 127 08 61 Cita previa Sede electr\u00f3nicaAvisos, convocatorias y tr\u00e1mites activosInformaci\u00f3n, tr\u00e1mites e impresosEl Programa de Prevenci\u00f3n del Absentismo Escolar establece un conjunto de medidas protocolizadas que permiten ofrecer una respuesta r\u00e1pida y eficaz al problema del absentismo. El objetivo es garantizar la continuidad y regularidad de la educaci\u00f3n de los menores. Este programa est\u00e1 coordinado con el resto de municipios de L\u2019Horta Sud, as\u00ed como con la fiscal\u00eda de menores, lo que le confiere una mayor entidad y capacidad de ejecuci\u00f3n [&hellip;]\" \/>\n<meta property=\"og:site_name\" content=\"Ajuntament d&#039;Albal\" \/>\n<meta property=\"article:publisher\" content=\"https:\/\/facebook.com\/AjuntamentAlbal\/\" \/>\n<meta property=\"article:modified_time\" content=\"2026-04-15T07:07:28+00:00\" \/>\n<meta property=\"og:image\" content=\"https:\/\/albal.es\/content-albal\/uploads\/2019\/12\/logo-amic-2.png\" \/>\n\t<meta property=\"og:image:width\" content=\"135\" \/>\n\t<meta property=\"og:image:height\" content=\"46\" \/>\n\t<meta property=\"og:image:type\" content=\"image\/png\" \/>\n<meta name=\"twitter:card\" content=\"summary_large_image\" \/>\n<meta name=\"twitter:label1\" content=\"Tiempo de lectura\" \/>\n\t<meta name=\"twitter:data1\" content=\"19 minutos\" \/>\n\t<meta name=\"twitter:label2\" content=\"Written by\" \/>\n\t<meta name=\"twitter:data2\" content=\"Manuel Roberto\" \/>\n<script type=\"application\/ld+json\" class=\"yoast-schema-graph\">{\"@context\":\"https:\\\/\\\/schema.org\",\"@graph\":[{\"@type\":\"WebPage\",\"@id\":\"https:\\\/\\\/albal.es\\\/es\\\/areas-y-servicios-2\\\/bienestar-social\\\/servicios-sociales\\\/\",\"url\":\"https:\\\/\\\/albal.es\\\/es\\\/areas-y-servicios-2\\\/bienestar-social\\\/servicios-sociales\\\/\",\"name\":\"Servicios Sociales - Ajuntament d&#039;Albal\",\"isPartOf\":{\"@id\":\"https:\\\/\\\/albal.es\\\/es\\\/#website\"},\"primaryImageOfPage\":{\"@id\":\"https:\\\/\\\/albal.es\\\/es\\\/areas-y-servicios-2\\\/bienestar-social\\\/servicios-sociales\\\/#primaryimage\"},\"image\":{\"@id\":\"https:\\\/\\\/albal.es\\\/es\\\/areas-y-servicios-2\\\/bienestar-social\\\/servicios-sociales\\\/#primaryimage\"},\"thumbnailUrl\":\"https:\\\/\\\/albal.es\\\/content-albal\\\/uploads\\\/2019\\\/12\\\/logo-amic-2.png\",\"datePublished\":\"2019-12-10T16:06:04+00:00\",\"dateModified\":\"2026-04-15T07:07:28+00:00\",\"breadcrumb\":{\"@id\":\"https:\\\/\\\/albal.es\\\/es\\\/areas-y-servicios-2\\\/bienestar-social\\\/servicios-sociales\\\/#breadcrumb\"},\"inLanguage\":\"es\",\"potentialAction\":[{\"@type\":\"ReadAction\",\"target\":[\"https:\\\/\\\/albal.es\\\/es\\\/areas-y-servicios-2\\\/bienestar-social\\\/servicios-sociales\\\/\"]}]},{\"@type\":\"ImageObject\",\"inLanguage\":\"es\",\"@id\":\"https:\\\/\\\/albal.es\\\/es\\\/areas-y-servicios-2\\\/bienestar-social\\\/servicios-sociales\\\/#primaryimage\",\"url\":\"https:\\\/\\\/albal.es\\\/content-albal\\\/uploads\\\/2019\\\/12\\\/logo-amic-2.png\",\"contentUrl\":\"https:\\\/\\\/albal.es\\\/content-albal\\\/uploads\\\/2019\\\/12\\\/logo-amic-2.png\"},{\"@type\":\"BreadcrumbList\",\"@id\":\"https:\\\/\\\/albal.es\\\/es\\\/areas-y-servicios-2\\\/bienestar-social\\\/servicios-sociales\\\/#breadcrumb\",\"itemListElement\":[{\"@type\":\"ListItem\",\"position\":1,\"name\":\"Inici\",\"item\":\"https:\\\/\\\/albal.es\\\/es\\\/\"},{\"@type\":\"ListItem\",\"position\":2,\"name\":\"\u00c1reas y Servicios\",\"item\":\"https:\\\/\\\/albal.es\\\/es\\\/areas-y-servicios-2\\\/\"},{\"@type\":\"ListItem\",\"position\":3,\"name\":\"Bienestar Social\",\"item\":\"https:\\\/\\\/albal.es\\\/es\\\/areas-y-servicios-2\\\/bienestar-social\\\/\"},{\"@type\":\"ListItem\",\"position\":4,\"name\":\"Servicios Sociales\"}]},{\"@type\":\"WebSite\",\"@id\":\"https:\\\/\\\/albal.es\\\/es\\\/#website\",\"url\":\"https:\\\/\\\/albal.es\\\/es\\\/\",\"name\":\"Ajuntament d&#039;Albal\",\"description\":\"Ajuntament d&#039;Albal\",\"publisher\":{\"@id\":\"https:\\\/\\\/albal.es\\\/es\\\/#organization\"},\"potentialAction\":[{\"@type\":\"SearchAction\",\"target\":{\"@type\":\"EntryPoint\",\"urlTemplate\":\"https:\\\/\\\/albal.es\\\/es\\\/?s={search_term_string}\"},\"query-input\":{\"@type\":\"PropertyValueSpecification\",\"valueRequired\":true,\"valueName\":\"search_term_string\"}}],\"inLanguage\":\"es\"},{\"@type\":\"Organization\",\"@id\":\"https:\\\/\\\/albal.es\\\/es\\\/#organization\",\"name\":\"Ajuntament d'Albal - Valencia\",\"url\":\"https:\\\/\\\/albal.es\\\/es\\\/\",\"logo\":{\"@type\":\"ImageObject\",\"inLanguage\":\"es\",\"@id\":\"https:\\\/\\\/albal.es\\\/es\\\/#\\\/schema\\\/logo\\\/image\\\/\",\"url\":\"https:\\\/\\\/albal.es\\\/content-albal\\\/uploads\\\/2020\\\/06\\\/logo-ayuntamiento-albal.png\",\"contentUrl\":\"https:\\\/\\\/albal.es\\\/content-albal\\\/uploads\\\/2020\\\/06\\\/logo-ayuntamiento-albal.png\",\"width\":367,\"height\":332,\"caption\":\"Ajuntament d'Albal - Valencia\"},\"image\":{\"@id\":\"https:\\\/\\\/albal.es\\\/es\\\/#\\\/schema\\\/logo\\\/image\\\/\"},\"sameAs\":[\"https:\\\/\\\/facebook.com\\\/AjuntamentAlbal\\\/\"]}]}<\/script>\n<!-- \/ Yoast SEO plugin. -->","yoast_head_json":{"title":"Servicios Sociales - Ajuntament d&#039;Albal","robots":{"index":"index","follow":"follow","max-snippet":"max-snippet:-1","max-image-preview":"max-image-preview:large","max-video-preview":"max-video-preview:-1"},"canonical":"https:\/\/albal.es\/es\/areas-y-servicios-2\/bienestar-social\/servicios-sociales\/","og_locale":"es_ES","og_type":"article","og_title":"Servicios Sociales - Ajuntament d&#039;Albal","og_description":"\u00c1reas y servicios | BIENESTAR SOCIAL Servicios SocialesPersonal adscrito: Coordinadora: Leticia Ricart Casas Trabajadora Social: Inmaculada Ruiz Ricart Trabajadora Social: Carmina Vila Gimeno Trabajadora Social: Sonia Gallego Luna. Trabajadora Social: Mar\u00eda G\u00f3mez del R\u00edo. Trabajadora Social: Raquel Vera Casas.Informaci\u00f3n de Inter\u00e9s:Ubicaci\u00f3n\u200b: Centro Polivalente. C\/ Mestre Ram\u00f3n Sanchis Rovira, 9. Tel\u00e9fono 96 122 05 04 Horario de atenci\u00f3n y cita previa: De lunes a viernes, previa petici\u00f3n de hora al n\u00ba de tel\u00e9fono 96 122 05 04. Pueden llamar de lunes a viernes, de 9 a 14 horas y la auxiliar les dar\u00e1 cita.Consultas y dudas: Atenci\u00f3n Municipal de Informaci\u00f3n Ciudadana REGISTROS Y SOLICITUDES Pza. del Jard\u00edn, 7. Ayto. de Albal -\u00a0Planta baja Tel:\u00a096 126 00 56\u00a0\u00b7 Fax: 96 127 08 61 Cita previa Sede electr\u00f3nicaAvisos, convocatorias y tr\u00e1mites activosInformaci\u00f3n, tr\u00e1mites e impresosEl Programa de Prevenci\u00f3n del Absentismo Escolar establece un conjunto de medidas protocolizadas que permiten ofrecer una respuesta r\u00e1pida y eficaz al problema del absentismo. El objetivo es garantizar la continuidad y regularidad de la educaci\u00f3n de los menores. Este programa est\u00e1 coordinado con el resto de municipios de L\u2019Horta Sud, as\u00ed como con la fiscal\u00eda de menores, lo que le confiere una mayor entidad y capacidad de ejecuci\u00f3n [&hellip;]","og_site_name":"Ajuntament d&#039;Albal","article_publisher":"https:\/\/facebook.com\/AjuntamentAlbal\/","article_modified_time":"2026-04-15T07:07:28+00:00","og_image":[{"width":135,"height":46,"url":"https:\/\/albal.es\/content-albal\/uploads\/2019\/12\/logo-amic-2.png","type":"image\/png"}],"twitter_card":"summary_large_image","twitter_misc":{"Tiempo de lectura":"19 minutos","Written by":"Manuel Roberto"},"schema":{"@context":"https:\/\/schema.org","@graph":[{"@type":"WebPage","@id":"https:\/\/albal.es\/es\/areas-y-servicios-2\/bienestar-social\/servicios-sociales\/","url":"https:\/\/albal.es\/es\/areas-y-servicios-2\/bienestar-social\/servicios-sociales\/","name":"Servicios Sociales - Ajuntament d&#039;Albal","isPartOf":{"@id":"https:\/\/albal.es\/es\/#website"},"primaryImageOfPage":{"@id":"https:\/\/albal.es\/es\/areas-y-servicios-2\/bienestar-social\/servicios-sociales\/#primaryimage"},"image":{"@id":"https:\/\/albal.es\/es\/areas-y-servicios-2\/bienestar-social\/servicios-sociales\/#primaryimage"},"thumbnailUrl":"https:\/\/albal.es\/content-albal\/uploads\/2019\/12\/logo-amic-2.png","datePublished":"2019-12-10T16:06:04+00:00","dateModified":"2026-04-15T07:07:28+00:00","breadcrumb":{"@id":"https:\/\/albal.es\/es\/areas-y-servicios-2\/bienestar-social\/servicios-sociales\/#breadcrumb"},"inLanguage":"es","potentialAction":[{"@type":"ReadAction","target":["https:\/\/albal.es\/es\/areas-y-servicios-2\/bienestar-social\/servicios-sociales\/"]}]},{"@type":"ImageObject","inLanguage":"es","@id":"https:\/\/albal.es\/es\/areas-y-servicios-2\/bienestar-social\/servicios-sociales\/#primaryimage","url":"https:\/\/albal.es\/content-albal\/uploads\/2019\/12\/logo-amic-2.png","contentUrl":"https:\/\/albal.es\/content-albal\/uploads\/2019\/12\/logo-amic-2.png"},{"@type":"BreadcrumbList","@id":"https:\/\/albal.es\/es\/areas-y-servicios-2\/bienestar-social\/servicios-sociales\/#breadcrumb","itemListElement":[{"@type":"ListItem","position":1,"name":"Inici","item":"https:\/\/albal.es\/es\/"},{"@type":"ListItem","position":2,"name":"\u00c1reas y Servicios","item":"https:\/\/albal.es\/es\/areas-y-servicios-2\/"},{"@type":"ListItem","position":3,"name":"Bienestar Social","item":"https:\/\/albal.es\/es\/areas-y-servicios-2\/bienestar-social\/"},{"@type":"ListItem","position":4,"name":"Servicios Sociales"}]},{"@type":"WebSite","@id":"https:\/\/albal.es\/es\/#website","url":"https:\/\/albal.es\/es\/","name":"Ajuntament d&#039;Albal","description":"Ajuntament d&#039;Albal","publisher":{"@id":"https:\/\/albal.es\/es\/#organization"},"potentialAction":[{"@type":"SearchAction","target":{"@type":"EntryPoint","urlTemplate":"https:\/\/albal.es\/es\/?s={search_term_string}"},"query-input":{"@type":"PropertyValueSpecification","valueRequired":true,"valueName":"search_term_string"}}],"inLanguage":"es"},{"@type":"Organization","@id":"https:\/\/albal.es\/es\/#organization","name":"Ajuntament d'Albal - Valencia","url":"https:\/\/albal.es\/es\/","logo":{"@type":"ImageObject","inLanguage":"es","@id":"https:\/\/albal.es\/es\/#\/schema\/logo\/image\/","url":"https:\/\/albal.es\/content-albal\/uploads\/2020\/06\/logo-ayuntamiento-albal.png","contentUrl":"https:\/\/albal.es\/content-albal\/uploads\/2020\/06\/logo-ayuntamiento-albal.png","width":367,"height":332,"caption":"Ajuntament d'Albal - Valencia"},"image":{"@id":"https:\/\/albal.es\/es\/#\/schema\/logo\/image\/"},"sameAs":["https:\/\/facebook.com\/AjuntamentAlbal\/"]}]}},"publishpress_future_workflow_manual_trigger":{"enabledWorkflows":[]},"_links":{"self":[{"href":"https:\/\/albal.es\/es\/wp-json\/wp\/v2\/pages\/674","targetHints":{"allow":["GET"]}}],"collection":[{"href":"https:\/\/albal.es\/es\/wp-json\/wp\/v2\/pages"}],"about":[{"href":"https:\/\/albal.es\/es\/wp-json\/wp\/v2\/types\/page"}],"author":[{"embeddable":true,"href":"https:\/\/albal.es\/es\/wp-json\/wp\/v2\/users\/9"}],"replies":[{"embeddable":true,"href":"https:\/\/albal.es\/es\/wp-json\/wp\/v2\/comments?post=674"}],"version-history":[{"count":0,"href":"https:\/\/albal.es\/es\/wp-json\/wp\/v2\/pages\/674\/revisions"}],"up":[{"embeddable":true,"href":"https:\/\/albal.es\/es\/wp-json\/wp\/v2\/pages\/776"}],"wp:attachment":[{"href":"https:\/\/albal.es\/es\/wp-json\/wp\/v2\/media?parent=674"}],"wp:term":[{"taxonomy":"author","embeddable":true,"href":"https:\/\/albal.es\/es\/wp-json\/wp\/v2\/coauthors?post=674"}],"curies":[{"name":"wp","href":"https:\/\/api.w.org\/{rel}","templated":true}]}}