

{"id":670,"date":"2019-12-10T17:06:58","date_gmt":"2019-12-10T16:06:58","guid":{"rendered":"https:\/\/albal.es\/?page_id=670"},"modified":"2025-10-15T08:32:02","modified_gmt":"2025-10-15T06:32:02","slug":"casal-jove-albal","status":"publish","type":"page","link":"https:\/\/albal.es\/es\/areas-y-servicios-2\/educacion-cultura-y-deportes\/casal-jove-albal\/","title":{"rendered":"Casal Jove de Albal"},"content":{"rendered":"<p>[et_pb_section fb_built=\u00bb1&#8243; custom_padding_last_edited=\u00bbon|phone\u00bb admin_label=\u00bbcontent-cab-area\u00bb module_class=\u00bbcontent-cab-area\u00bb _builder_version=\u00bb4.16&#8243; background_color=\u00bb#fafafa\u00bb custom_padding=\u00bb15px||25px||false|false\u00bb custom_padding_tablet=\u00bb\u00bb custom_padding_phone=\u00bb||0px||false|false\u00bb collapsed=\u00bboff\u00bb global_colors_info=\u00bb{}\u00bb][et_pb_row disabled_on=\u00bbon|off|off\u00bb admin_label=\u00bbDesabilitado en moviles (Content migas pan)\u00bb _builder_version=\u00bb4.16&#8243; custom_padding=\u00bb0px||0px||false|false\u00bb locked=\u00bbon\u00bb collapsed=\u00bbon\u00bb global_colors_info=\u00bb{}\u00bb][et_pb_column type=\u00bb4_4&#8243; _builder_version=\u00bb4.16&#8243; global_colors_info=\u00bb{}\u00bb][et_pb_dmb_breadcrumbs admin_label=\u00bbMigas pan\u00bb font_icon=\u00bb&#x35;||divi||400&#8243; use_home_icon=\u00bboff\u00bb use_home_text=\u00bbon\u00bb home_text=\u00bbInici\u00bb _builder_version=\u00bb4.16&#8243; global_colors_info=\u00bb{}\u00bb][\/et_pb_dmb_breadcrumbs][\/et_pb_column][\/et_pb_row][et_pb_row column_structure=\u00bb1_3,1_3,1_3&#8243; use_custom_gutter=\u00bbon\u00bb make_equal=\u00bbon\u00bb custom_padding_last_edited=\u00bbon|phone\u00bb admin_label=\u00bbcab-area\u00bb module_class=\u00bbcab-area\u00bb _builder_version=\u00bb4.16&#8243; background_enable_image=\u00bboff\u00bb background_size=\u00bbinitial\u00bb background_position=\u00bbcenter_left\u00bb custom_padding=\u00bb25px||0px||false|false\u00bb custom_padding_tablet=\u00bb\u00bb custom_padding_phone=\u00bb15px||||false|false\u00bb border_width_left_tablet=\u00bb\u00bb border_width_left_phone=\u00bb0px\u00bb border_width_left_last_edited=\u00bbon|desktop\u00bb locked=\u00bboff\u00bb global_colors_info=\u00bb{}\u00bb][et_pb_column type=\u00bb1_3&#8243; module_class=\u00bbcontent-tit-area\u00bb _builder_version=\u00bb4.16&#8243; global_colors_info=\u00bb{}\u00bb][et_pb_text admin_label=\u00bbH4, H1&#8243; module_class=\u00bbtit-area\u00bb _builder_version=\u00bb4.16&#8243; custom_margin=\u00bb||5px||false|false\u00bb locked=\u00bbon\u00bb global_colors_info=\u00bb{}\u00bb]<\/p>\n<h4>\u00c0rees i serveis | EDUCACI\u00d3, CULTURA I ESPORTS<\/h4>\n<h1>Casal Jove d&#8217;Albal<\/h1>\n<p>[\/et_pb_text][et_pb_image src=\u00bbhttps:\/\/albal.es\/content-albal\/uploads\/2020\/07\/Casal-Jove-Color-1.jpg\u00bb title_text=\u00bbCasal-Jove-Color\u00bb _builder_version=\u00bb4.16&#8243; global_colors_info=\u00bb{}\u00bb][\/et_pb_image][et_pb_image src=\u00bbhttps:\/\/albal.es\/content-albal\/uploads\/2020\/07\/ivaj-xarxa-fus.png\u00bb title_text=\u00bbivaj xarxa fus\u00bb _builder_version=\u00bb4.16&#8243; global_colors_info=\u00bb{}\u00bb][\/et_pb_image][\/et_pb_column][et_pb_column type=\u00bb1_3&#8243; module_class=\u00bbcontent-info-interes\u00bb disabled_on=\u00bbon|off|off\u00bb _builder_version=\u00bb4.16&#8243; custom_padding=\u00bb|||30px|false|false\u00bb custom_padding_tablet=\u00bb\u00bb custom_padding_phone=\u00bb|0px||0px|false|false\u00bb custom_padding_last_edited=\u00bbon|desktop\u00bb border_width_left=\u00bb1px\u00bb border_color_left=\u00bb#cccccc\u00bb border_radii_tablet=\u00bb\u00bb border_radii_phone=\u00bb\u00bb border_radii_last_edited=\u00bbon|phone\u00bb border_width_left_tablet=\u00bb\u00bb border_width_left_phone=\u00bb\u00bb border_width_left_last_edited=\u00bbon|phone\u00bb global_colors_info=\u00bb{}\u00bb][et_pb_text admin_label=\u00bbInformacio d&#8217;interes\u00bb module_class=\u00bbtit-info-interes-cab\u00bb _builder_version=\u00bb4.16&#8243; locked=\u00bbon\u00bb global_colors_info=\u00bb{}\u00bb]Informaci\u00f3 d&#8217;Inter\u00e9s:[\/et_pb_text][et_pb_text admin_label=\u00bbinformacio\u00bb _builder_version=\u00bb4.27.0&#8243; global_colors_info=\u00bb{}\u00bb]<\/p>\n<h3>Ubicaci\u00f3n:<\/h3>\n<p style=\"text-align: left;\">C\/ Tabacalera, s\/n<br \/>Tel.: 96 127 30 02. M\u00f3vil: 600 91 94 90<br \/>Correo electr\u00f3nico: casaljove@albal.es<br \/>Facebook: Casal Jove Albal<br \/>Instagram: @casaljovealbal<\/p>\n<p>Responsable del \u00e1rea: Laura Herv\u00e1s Mart\u00ednez<\/p>\n<p style=\"text-align: left;\">Profesionales del Casal Jove Albal: Isabel Mar\u00eda Gallego \u00c1lvarez y Ana Atienza Pla<\/p>\n<h3>Horarios:<\/h3>\n<p>De lunes a viernes de 10.00 a 14.00 y de 16.00 a 20.00h<\/p>\n<p>S\u00e1bados de 10.00 a 14.00h<\/p>\n<p>[\/et_pb_text][et_pb_cta button_url=\u00bbhttps:\/\/albal.es\/es\/contacto-albal\/\u00bb button_text=\u00bbContacte\u00bb admin_label=\u00bbBoton contacto\u00bb module_class=\u00bbboton-consultas-cab\u00bb _builder_version=\u00bb4.16&#8243; background_enable_color=\u00bboff\u00bb text_orientation=\u00bbleft\u00bb background_layout=\u00bblight\u00bb custom_padding=\u00bb0px|0px|0px|0px|true|true\u00bb locked=\u00bbon\u00bb global_colors_info=\u00bb{}\u00bb]<\/p>\n<h3>Consultes i dubtes:<\/h3>\n<p>[\/et_pb_cta][\/et_pb_column][et_pb_column type=\u00bb1_3&#8243; module_class=\u00bbcontent-info-interes-dos\u00bb disabled_on=\u00bbon|off|off\u00bb _builder_version=\u00bb4.16&#8243; custom_padding=\u00bb|||30px|false|false\u00bb custom_padding_tablet=\u00bb|||0px|false|false\u00bb custom_padding_phone=\u00bb|0px||0px|false|false\u00bb custom_padding_last_edited=\u00bbon|desktop\u00bb border_width_left=\u00bb1px\u00bb border_color_left=\u00bb#cccccc\u00bb border_width_left_tablet=\u00bb\u00bb border_width_left_phone=\u00bb\u00bb border_width_left_last_edited=\u00bbon|desktop\u00bb global_colors_info=\u00bb{}\u00bb][et_pb_text disabled_on=\u00bboff|off|off\u00bb admin_label=\u00bbAmic\u00bb module_class=\u00bbamic-cita\u00bb _builder_version=\u00bb4.16&#8243; header_4_font=\u00bb||||||||\u00bb header_4_text_color=\u00bb#c40038&#8243; custom_margin=\u00bb||0px||false|false\u00bb custom_padding=\u00bb||15px||false|false\u00bb saved_tabs=\u00bball\u00bb locked=\u00bbon\u00bb global_colors_info=\u00bb{}\u00bb]<\/p>\n<h3><img decoding=\"async\" class=\"wp-image-464 alignnone size-full lazyload\" data-src=\"https:\/\/albal.es\/content-albal\/uploads\/2019\/12\/logo-amic-2.png\" alt=\"\" width=\"135\" height=\"46\" src=\"data:image\/svg+xml;base64,PHN2ZyB3aWR0aD0iMSIgaGVpZ2h0PSIxIiB4bWxucz0iaHR0cDovL3d3dy53My5vcmcvMjAwMC9zdmciPjwvc3ZnPg==\" style=\"--smush-placeholder-width: 135px; --smush-placeholder-aspect-ratio: 135\/46;\" \/><\/h3>\n<h3>Atenci\u00f3 Municipal d&#8217;Informaci\u00f3 Ciutadana<\/h3>\n<h4>REGISTRES I SOL\u00b7LICITUDS<\/h4>\n<p>Pla\u00e7a del Jard\u00ed, 7. Ajuntament d&#8217;Albal &#8211; <strong>Planta baixa<\/strong><br \/>\nTel: <strong>96 126 00 56<\/strong> \u00b7 Fax: 96 127 08 61<\/p>\n<p><a class=\"bot-cita-previa\" href=\"https:\/\/citaprevia.albal.es:10090\/\" target=\"_blank\" rel=\"noopener noreferrer\">Cita pr\u00e8via<\/a><br \/>\n<a class=\"bot-seu-electronica\" href=\"https:\/\/albal.sede.dival.es\/\" target=\"_blank\" rel=\"noopener noreferrer\">Seu electr\u00f2nica<\/a>[\/et_pb_text][\/et_pb_column][\/et_pb_row][et_pb_row make_equal=\u00bbon\u00bb admin_label=\u00bbSolo un modulo por fila\u00bb _builder_version=\u00bb4.16&#8243; custom_padding=\u00bb0px||||false|false\u00bb global_colors_info=\u00bb{}\u00bb][et_pb_column type=\u00bb4_4&#8243; _builder_version=\u00bb4.16&#8243; border_width_bottom=\u00bb1px\u00bb border_color_bottom=\u00bb#cccccc\u00bb global_colors_info=\u00bb{}\u00bb][et_pb_text admin_label=\u00bbServicios\u00bb _builder_version=\u00bb4.27.4&#8243; custom_padding=\u00bb||25px||false|false\u00bb global_colors_info=\u00bb{}\u00bb]<\/p>\n<div>\n<h2><span style=\"font-size: 22px;\">\u00a1\u00danete a nuestro Canal de WhatsApp!<\/span><\/h2>\n<\/div>\n<p>\u00bfQuieres estar al corriente de todas las <strong>actividades<\/strong> que se hacen en el Casal Jove? \u00bfQuieres que te informemos sobre <strong>recursos, ayudas y otra informaci\u00f3n juvenil<\/strong> importante?<\/p>\n<p>Si tienes entre 12 y 30 a\u00f1os, \u00a1\u00fanete al <a href=\"https:\/\/chat.whatsapp.com\/EREsWuqRzpmEPtzOQBccwj\"><strong>Canal de WhatsApp del Casal Jove<\/strong><\/a> y te pondremos al d\u00eda!<\/p>\n<p>&nbsp;<\/p>\n<h3>\u00bfQu\u00e9 servicios ofrecemos?<\/h3>\n<p>A continuaci\u00f3n, detallamos los servicios del Casal Jove, \u00a1con el nuevo horario!<\/p>\n<p><img decoding=\"async\" class=\"wp-image-53884 alignnone lazyload\" data-src=\"https:\/\/albal.es\/content-albal\/uploads\/2023\/12\/FLYER-Casal-Jove-Albal-CAST-724x1024.jpg\" alt=\"\" width=\"619\" height=\"876\" src=\"data:image\/svg+xml;base64,PHN2ZyB3aWR0aD0iMSIgaGVpZ2h0PSIxIiB4bWxucz0iaHR0cDovL3d3dy53My5vcmcvMjAwMC9zdmciPjwvc3ZnPg==\" style=\"--smush-placeholder-width: 619px; --smush-placeholder-aspect-ratio: 619\/876;\" \/><img decoding=\"async\" class=\"wp-image-53882 alignnone lazyload\" data-src=\"https:\/\/albal.es\/content-albal\/uploads\/2023\/12\/FLYER-Casal-Jove-Albal-CAST1-724x1024.jpg\" alt=\"\" width=\"621\" height=\"878\" src=\"data:image\/svg+xml;base64,PHN2ZyB3aWR0aD0iMSIgaGVpZ2h0PSIxIiB4bWxucz0iaHR0cDovL3d3dy53My5vcmcvMjAwMC9zdmciPjwvc3ZnPg==\" style=\"--smush-placeholder-width: 621px; --smush-placeholder-aspect-ratio: 621\/878;\" \/><\/p>\n<p>[\/et_pb_text][\/et_pb_column][\/et_pb_row][\/et_pb_section][et_pb_section fb_built=\u00bb1&#8243; admin_label=\u00bb(ancla) #tramites\u00bb module_id=\u00bbtramites\u00bb _builder_version=\u00bb4.16&#8243; background_color=\u00bb#e2e1de\u00bb custom_padding=\u00bb50px||30px||false|false\u00bb locked=\u00bboff\u00bb global_colors_info=\u00bb{}\u00bb][et_pb_row admin_label=\u00bb.content-avisos\u00bb module_class=\u00bbcontent-avisos\u00bb _builder_version=\u00bb4.16&#8243; custom_padding=\u00bb0px||||false|false\u00bb locked=\u00bbon\u00bb collapsed=\u00bboff\u00bb global_colors_info=\u00bb{}\u00bb][et_pb_column type=\u00bb4_4&#8243; _builder_version=\u00bb4.16&#8243; global_colors_info=\u00bb{}\u00bb][et_pb_text admin_label=\u00bbTitulo \u00abAvisos, convocat\u00f2ries i tr\u00e0mits actius\u00bb\u00bb _builder_version=\u00bb4.16&#8243; _module_preset=\u00bbdefault\u00bb global_colors_info=\u00bb{}\u00bb]<\/p>\n<h2>Avisos, convocat\u00f2ries i tr\u00e0mits actius<\/h2>\n<p>[\/et_pb_text][et_pb_cpt_loop_archive loop_layout=\u00bb4914&#8243; fullwidth=\u00bboff\u00bb columns=\u00bb2&#8243; show_pagination=\u00bboff\u00bb new_query=\u00bbon\u00bb post_type=\u00bbtramitambdata\u00bb posts_number=\u00bb999&#8243; include_meta=\u00bbpagina_de_destinacio_data\u00bb include_meta_terms=\u00bb666&#8243; hide_if_no_data=\u00bbon\u00bb order=\u00bbasc\u00bb admin_label=\u00bbAvisos, convocat\u00f2ries i tr\u00e0mits actius\u00bb module_class=\u00bbtramites-fecha tramites-activos-pag\u00bb _builder_version=\u00bb4.16&#8243; headings_text_color=\u00bb#000000&#8243; headings_font_size=\u00bb36px\u00bb custom_padding=\u00bb20px|20px|20px|20px|true|true\u00bb border_radii=\u00bbon|8px|8px|8px|8px\u00bb locked=\u00bboff\u00bb global_colors_info=\u00bb{}\u00bb][\/et_pb_cpt_loop_archive][et_pb_code module_class=\u00bbcontent-mostrar-avisos\u00bb _builder_version=\u00bb4.16&#8243; _module_preset=\u00bbdefault\u00bb locked=\u00bboff\u00bb global_colors_info=\u00bb{}\u00bb]<style>.et_pb_cpt_loop_archive.tramites-activos-pag:before { content:\"Avisos, convocatorias y tr\u00e1mites activos\";}<\/style>[\/et_pb_code][\/et_pb_column][\/et_pb_row][et_pb_row _builder_version=\u00bb4.16&#8243; custom_padding=\u00bb0px||||false|false\u00bb locked=\u00bboff\u00bb global_colors_info=\u00bb{}\u00bb][et_pb_column type=\u00bb4_4&#8243; _builder_version=\u00bb4.16&#8243; global_colors_info=\u00bb{}\u00bb][et_pb_text admin_label=\u00bbTalleres y actividades\u00bb module_class=\u00bbtit-seccion\u00bb _builder_version=\u00bb4.20.4&#8243; locked=\u00bboff\u00bb global_colors_info=\u00bb{}\u00bb]<\/p>\n<p>&nbsp;<\/p>\n<p><img decoding=\"async\" class=\"wp-image-47646 alignnone size-full lazyload\" data-src=\"https:\/\/albal.es\/content-albal\/uploads\/2023\/05\/portadas-JUV.png\" alt=\"\" width=\"1586\" height=\"239\" data-srcset=\"https:\/\/albal.es\/content-albal\/uploads\/2023\/05\/portadas-JUV.png 1586w, https:\/\/albal.es\/content-albal\/uploads\/2023\/05\/portadas-JUV-1280x193.png 1280w, https:\/\/albal.es\/content-albal\/uploads\/2023\/05\/portadas-JUV-980x148.png 980w, https:\/\/albal.es\/content-albal\/uploads\/2023\/05\/portadas-JUV-480x72.png 480w\" data-sizes=\"(min-width: 0px) and (max-width: 480px) 480px, (min-width: 481px) and (max-width: 980px) 980px, (min-width: 981px) and (max-width: 1280px) 1280px, (min-width: 1281px) 1586px, 100vw\" src=\"data:image\/svg+xml;base64,PHN2ZyB3aWR0aD0iMSIgaGVpZ2h0PSIxIiB4bWxucz0iaHR0cDovL3d3dy53My5vcmcvMjAwMC9zdmciPjwvc3ZnPg==\" style=\"--smush-placeholder-width: 1586px; --smush-placeholder-aspect-ratio: 1586\/239;\" \/><\/p>\n<p>[\/et_pb_text][et_pb_accordion _builder_version=\u00bb4.27.4&#8243; _module_preset=\u00bbdefault\u00bb hover_enabled=\u00bb0&#8243; global_colors_info=\u00bb{}\u00bb sticky_enabled=\u00bb0&#8243;][et_pb_accordion_item _builder_version=\u00bb4.27.4&#8243; _module_preset=\u00bbdefault\u00bb title=\u00bbOCTUBRE 2025&#8243; hover_enabled=\u00bb0&#8243; sticky_enabled=\u00bb0&#8243;]<\/p>\n<p>\u00a1Consulta todas las actividades para octubre en el Casal Jove y ap\u00fantate en el 600 91 94 90!<\/p>\n<p><img decoding=\"async\" class=\"wp-image-61561 alignnone size-full lazyload\" data-src=\"https:\/\/albal.es\/content-albal\/uploads\/2025\/10\/2.png\" alt=\"\" width=\"1080\" height=\"1080\" data-srcset=\"https:\/\/albal.es\/content-albal\/uploads\/2025\/10\/2.png 1080w, https:\/\/albal.es\/content-albal\/uploads\/2025\/10\/2-980x980.png 980w, https:\/\/albal.es\/content-albal\/uploads\/2025\/10\/2-480x480.png 480w\" data-sizes=\"(min-width: 0px) and (max-width: 480px) 480px, (min-width: 481px) and (max-width: 980px) 980px, (min-width: 981px) 1080px, 100vw\" src=\"data:image\/svg+xml;base64,PHN2ZyB3aWR0aD0iMSIgaGVpZ2h0PSIxIiB4bWxucz0iaHR0cDovL3d3dy53My5vcmcvMjAwMC9zdmciPjwvc3ZnPg==\" style=\"--smush-placeholder-width: 1080px; --smush-placeholder-aspect-ratio: 1080\/1080;\" \/> <img decoding=\"async\" class=\"wp-image-61554 alignnone size-full lazyload\" data-src=\"https:\/\/albal.es\/content-albal\/uploads\/2025\/10\/WhatsApp-Image-2025-10-01-at-09.11.59.jpeg\" alt=\"\" width=\"1137\" height=\"1600\" data-srcset=\"https:\/\/albal.es\/content-albal\/uploads\/2025\/10\/WhatsApp-Image-2025-10-01-at-09.11.59.jpeg 1137w, https:\/\/albal.es\/content-albal\/uploads\/2025\/10\/WhatsApp-Image-2025-10-01-at-09.11.59-980x1379.jpeg 980w, https:\/\/albal.es\/content-albal\/uploads\/2025\/10\/WhatsApp-Image-2025-10-01-at-09.11.59-480x675.jpeg 480w\" data-sizes=\"(min-width: 0px) and (max-width: 480px) 480px, (min-width: 481px) and (max-width: 980px) 980px, (min-width: 981px) 1137px, 100vw\" src=\"data:image\/svg+xml;base64,PHN2ZyB3aWR0aD0iMSIgaGVpZ2h0PSIxIiB4bWxucz0iaHR0cDovL3d3dy53My5vcmcvMjAwMC9zdmciPjwvc3ZnPg==\" style=\"--smush-placeholder-width: 1137px; --smush-placeholder-aspect-ratio: 1137\/1600;\" \/> <img decoding=\"async\" class=\"wp-image-61552 alignnone size-full lazyload\" data-src=\"https:\/\/albal.es\/content-albal\/uploads\/2025\/10\/WhatsApp-Image-2025-09-30-at-16.50.58.jpeg\" alt=\"\" width=\"1137\" height=\"1600\" data-srcset=\"https:\/\/albal.es\/content-albal\/uploads\/2025\/10\/WhatsApp-Image-2025-09-30-at-16.50.58.jpeg 1137w, https:\/\/albal.es\/content-albal\/uploads\/2025\/10\/WhatsApp-Image-2025-09-30-at-16.50.58-980x1379.jpeg 980w, https:\/\/albal.es\/content-albal\/uploads\/2025\/10\/WhatsApp-Image-2025-09-30-at-16.50.58-480x675.jpeg 480w\" data-sizes=\"(min-width: 0px) and (max-width: 480px) 480px, (min-width: 481px) and (max-width: 980px) 980px, (min-width: 981px) 1137px, 100vw\" src=\"data:image\/svg+xml;base64,PHN2ZyB3aWR0aD0iMSIgaGVpZ2h0PSIxIiB4bWxucz0iaHR0cDovL3d3dy53My5vcmcvMjAwMC9zdmciPjwvc3ZnPg==\" style=\"--smush-placeholder-width: 1137px; --smush-placeholder-aspect-ratio: 1137\/1600;\" \/><\/p>\n<p>[\/et_pb_accordion_item][et_pb_accordion_item title=\u00bbSEPTIEMBRE 2025&#8243; open=\u00bbon\u00bb _builder_version=\u00bb4.27.4&#8243; _module_preset=\u00bbdefault\u00bb global_colors_info=\u00bb{}\u00bb]<\/p>\n<p><strong>\u00a1\u00a1EL 1 DE SEPTIEMBRE REABRIMOS EL CASAL JOVE DE ALBAL!!<\/strong><\/p>\n<p>\ud83c\udfae \u00a1SEPTIEMBRE A TOPE EN EL CASAL JOVE! \ud83d\udfe2<\/p>\n<p>Ya est\u00e1 aqu\u00ed la programaci\u00f3n de septiembre 2025 y viene cargada de actividades que no te puedes perder:<\/p>\n<p>\ud83d\udd79\ufe0f Del 1 al 5 de septiembre\u2026 \u00a1M\u00c1QUINA ARCADE GRATUITA! Ven a disfrutar de videojuegos cl\u00e1sicos con todo el rollo retro \ud83c\udfae\ud83d\udc7e<\/p>\n<p>\ud83c\udf34 VIERNES 12 \u2013 Gran Feria de Ocio Juvenil \u2013 Tropical Fest 2025 \ud83c\udf3a de 18:00h a 01:00h. \u00a1M\u00fasica, actividades y buen ambiente! Inscr\u00edbete en el QR o <a href=\"https:\/\/docs.google.com\/forms\/d\/e\/1FAIpQLSe9K1GDXRiaVXL31Iv3rT1LtZJgkPCVxc6OLaS_rw4iFyu4VQ\/viewform?usp=sharing&amp;ouid=108379117380828586370\">aqu\u00ed<\/a>.<\/p>\n<p>\ud83d\udeaa JORNADA DE PUERTAS ABIERTAS: \u00a1Ven a conocer el Casal y todo lo que te ofrecemos! \ud83e\udde1<\/p>\n<p>\u2139\ufe0f M\u00e1s info e inscripciones:<br \/>\ud83d\udcf2 608 91 94 90<br \/>\ud83d\udccd @casaljovealbal<\/p>\n<p><img decoding=\"async\" class=\"wp-image-61245 alignnone size-full lazyload\" data-src=\"https:\/\/albal.es\/content-albal\/uploads\/2025\/08\/Casal-Jove-setembre-CAST.jpg\" alt=\"\" width=\"1080\" height=\"1080\" data-srcset=\"https:\/\/albal.es\/content-albal\/uploads\/2025\/08\/Casal-Jove-setembre-CAST.jpg 1080w, https:\/\/albal.es\/content-albal\/uploads\/2025\/08\/Casal-Jove-setembre-CAST-980x980.jpg 980w, https:\/\/albal.es\/content-albal\/uploads\/2025\/08\/Casal-Jove-setembre-CAST-480x480.jpg 480w\" data-sizes=\"(min-width: 0px) and (max-width: 480px) 480px, (min-width: 481px) and (max-width: 980px) 980px, (min-width: 981px) 1080px, 100vw\" src=\"data:image\/svg+xml;base64,PHN2ZyB3aWR0aD0iMSIgaGVpZ2h0PSIxIiB4bWxucz0iaHR0cDovL3d3dy53My5vcmcvMjAwMC9zdmciPjwvc3ZnPg==\" style=\"--smush-placeholder-width: 1080px; --smush-placeholder-aspect-ratio: 1080\/1080;\" \/><\/p>\n<p>[\/et_pb_accordion_item][et_pb_accordion_item title=\u00bbProgramaci\u00f3n juvenil Horta Neta (Abril &#8211; Julio 2025)\u00bb _builder_version=\u00bb4.27.4&#8243; _module_preset=\u00bbdefault\u00bb global_colors_info=\u00bb{}\u00bb open=\u00bboff\u00bb]<\/p>\n<p>Dentro de los programas y proyectos de la Red Joves.net, en la cual est\u00e1 presente Albal, \u00a1tenemos la <strong>programaci\u00f3n de Horta Neta<\/strong>!<\/p>\n<p>Este a\u00f1o con <strong>un total de 10 actividades en la naturaleza<\/strong> en las cuales aprovecharemos para conocer, aprender y mejorar la protecci\u00f3n de nuestro entorno. Visibilizar sobre la protecci\u00f3n de nuestro espacio es importante para la protecci\u00f3n del medio ambiente.\u00a0<\/p>\n<p>El programa de actividades medioambientales gratuitas para j\u00f3venes y con el foco en la actual situaci\u00f3n de nuestro espacio pretende ser altavoz de la importancia de nuestras acciones del d\u00eda a d\u00eda.\u00a0<\/p>\n<p>.- S\u00e1bado 12 de abril. Visita al parque natural del Turia. Manises<br \/>.- Domingo 13 de abril. Senderismo, Monta\u00f1a de Romeo. Sagunt<br \/>.- Mi\u00e9rcoles 30 de abril. Senderismo por la Marjal y la mota del barranco del Poio. Massanassa.<br \/>.- S\u00e1bado 17 de mayo. Visita a la Chandra. Albal<br \/>.- Domingo 18 de mayo. Paseo a Valencia por la antigua cama del Turia. Manises<br \/>.- S\u00e1bado 24 de mayo. Paseo por la geograf\u00eda del barranco de Carraixet. Moncada<br \/>.- Domingo 31 de mayo. Del puerto a los escombros. Catarroja<br \/>.- Domingo 1 de junio. Plantaci\u00f3n de hel\u00f3fitos en el r\u00edo Turia. Quart de Poblet<br \/>.- Viernes 13 de junio. Senderismo a la luz de la luna. Picassent.<br \/>.- Mi\u00e9rcoles 16 de julio. Actividades medioambientales y BIVAC en la Canaleta. Mislata<\/p>\n<p>Ac\u00e9rcate al Casal Jove de Albal (C\/ Tabacalera S\/N), a nuestras redes @casaljovealbal o bien al WhatsApp 600 91 94 90<\/p>\n<p><strong>M\u00e1s informaci\u00f3n e <\/strong><strong>inscripciones<\/strong>: <a href=\"https:\/\/joves.net\/hortaneta\">https:\/\/joves.net\/hortaneta<\/a><\/p>\n<p><img decoding=\"async\" class=\"wp-image-59600 alignnone size-full lazyload\" data-src=\"https:\/\/albal.es\/content-albal\/uploads\/2025\/04\/Captura-de-pantalla_2-4-2025_121837_-2.jpeg\" alt=\"\" width=\"1118\" height=\"786\" data-srcset=\"https:\/\/albal.es\/content-albal\/uploads\/2025\/04\/Captura-de-pantalla_2-4-2025_121837_-2.jpeg 1118w, https:\/\/albal.es\/content-albal\/uploads\/2025\/04\/Captura-de-pantalla_2-4-2025_121837_-2-980x689.jpeg 980w, https:\/\/albal.es\/content-albal\/uploads\/2025\/04\/Captura-de-pantalla_2-4-2025_121837_-2-480x337.jpeg 480w\" data-sizes=\"(min-width: 0px) and (max-width: 480px) 480px, (min-width: 481px) and (max-width: 980px) 980px, (min-width: 981px) 1118px, 100vw\" src=\"data:image\/svg+xml;base64,PHN2ZyB3aWR0aD0iMSIgaGVpZ2h0PSIxIiB4bWxucz0iaHR0cDovL3d3dy53My5vcmcvMjAwMC9zdmciPjwvc3ZnPg==\" style=\"--smush-placeholder-width: 1118px; --smush-placeholder-aspect-ratio: 1118\/786;\" \/><\/p>\n<p>[\/et_pb_accordion_item][et_pb_accordion_item title=\u00bbABRIL 2025&#8243; _builder_version=\u00bb4.27.4&#8243; _module_preset=\u00bbdefault\u00bb global_colors_info=\u00bb{}\u00bb open=\u00bboff\u00bb]<\/p>\n<p>\u00a1Consulta las actividades que hacemos en el Casal Jove durante el mes de abril!<\/p>\n<p>M\u00e1s informaci\u00f3n e inscripciones al 600 91 94 90<\/p>\n<p><img decoding=\"async\" class=\"wp-image-59607 alignnone size-full lazyload\" data-src=\"https:\/\/albal.es\/content-albal\/uploads\/2025\/04\/abril-CAST.jpeg\" alt=\"\" width=\"1080\" height=\"1080\" data-srcset=\"https:\/\/albal.es\/content-albal\/uploads\/2025\/04\/abril-CAST.jpeg 1080w, https:\/\/albal.es\/content-albal\/uploads\/2025\/04\/abril-CAST-980x980.jpeg 980w, https:\/\/albal.es\/content-albal\/uploads\/2025\/04\/abril-CAST-480x480.jpeg 480w\" data-sizes=\"(min-width: 0px) and (max-width: 480px) 480px, (min-width: 481px) and (max-width: 980px) 980px, (min-width: 981px) 1080px, 100vw\" src=\"data:image\/svg+xml;base64,PHN2ZyB3aWR0aD0iMSIgaGVpZ2h0PSIxIiB4bWxucz0iaHR0cDovL3d3dy53My5vcmcvMjAwMC9zdmciPjwvc3ZnPg==\" style=\"--smush-placeholder-width: 1080px; --smush-placeholder-aspect-ratio: 1080\/1080;\" \/><\/p>\n<p><strong>\u00a1\u00a1CAMBIO DE FECHA DEL TALLER DE COCINA!!<\/strong><\/p>\n<p><img decoding=\"async\" class=\"wp-image-59599 alignnone size-full lazyload\" data-src=\"https:\/\/albal.es\/content-albal\/uploads\/2025\/04\/taller-cocina-abril.png\" alt=\"\" width=\"598\" height=\"600\" data-srcset=\"https:\/\/albal.es\/content-albal\/uploads\/2025\/04\/taller-cocina-abril.png 598w, https:\/\/albal.es\/content-albal\/uploads\/2025\/04\/taller-cocina-abril-480x482.png 480w\" data-sizes=\"(min-width: 0px) and (max-width: 480px) 480px, (min-width: 481px) 598px, 100vw\" src=\"data:image\/svg+xml;base64,PHN2ZyB3aWR0aD0iMSIgaGVpZ2h0PSIxIiB4bWxucz0iaHR0cDovL3d3dy53My5vcmcvMjAwMC9zdmciPjwvc3ZnPg==\" style=\"--smush-placeholder-width: 598px; --smush-placeholder-aspect-ratio: 598\/600;\" \/><\/p>\n<p>[\/et_pb_accordion_item][et_pb_accordion_item title=\u00bbFeria JumpJove 3-01-2025&#8243; _builder_version=\u00bb4.27.4&#8243; _module_preset=\u00bbdefault\u00bb global_colors_info=\u00bb{}\u00bb open=\u00bboff\u00bb]<\/p>\n<p>El <strong>viernes 3 de enero de 2025<\/strong> podr\u00e1s disfrutar de la <strong>Feria JumpJove<\/strong>, llena de hinchables, circuitos, retos, juegos, y tambi\u00e9n habr\u00e1 foodtruck!<\/p>\n<p>Te esperamos en el <strong>Parque La Balaguera de Albal, de 10:00 a 14:00h<\/strong>. Entrada libre<\/p>\n<p><img decoding=\"async\" class=\"wp-image-58899 alignnone size-full lazyload\" data-src=\"https:\/\/albal.es\/content-albal\/uploads\/2025\/01\/JumpJove-CAST.jpg\" alt=\"\" width=\"1587\" height=\"2245\" data-srcset=\"https:\/\/albal.es\/content-albal\/uploads\/2025\/01\/JumpJove-CAST.jpg 1587w, https:\/\/albal.es\/content-albal\/uploads\/2025\/01\/JumpJove-CAST-1280x1811.jpg 1280w, https:\/\/albal.es\/content-albal\/uploads\/2025\/01\/JumpJove-CAST-980x1386.jpg 980w, https:\/\/albal.es\/content-albal\/uploads\/2025\/01\/JumpJove-CAST-480x679.jpg 480w\" data-sizes=\"(min-width: 0px) and (max-width: 480px) 480px, (min-width: 481px) and (max-width: 980px) 980px, (min-width: 981px) and (max-width: 1280px) 1280px, (min-width: 1281px) 1587px, 100vw\" src=\"data:image\/svg+xml;base64,PHN2ZyB3aWR0aD0iMSIgaGVpZ2h0PSIxIiB4bWxucz0iaHR0cDovL3d3dy53My5vcmcvMjAwMC9zdmciPjwvc3ZnPg==\" style=\"--smush-placeholder-width: 1587px; --smush-placeholder-aspect-ratio: 1587\/2245;\" \/><\/p>\n<p>[\/et_pb_accordion_item][et_pb_accordion_item title=\u00bbEnero 2025&#8243; _builder_version=\u00bb4.27.4&#8243; _module_preset=\u00bbdefault\u00bb global_colors_info=\u00bb{}\u00bb open=\u00bboff\u00bb]<\/p>\n<p><strong>El Casal Jove vuelve a abrir sus puertas desde la DANA<\/strong>. Despu\u00e9s de todo lo vivido, tambi\u00e9n es muy importante la salud mental, el tiempo de ocio y el entretenimiento saludable para las y\u00a0 los j\u00f3venes.\u00a0<\/p>\n<p>Por eso, os animamos a venir a\u00a0 todas las actividades que sean de vuestro inter\u00e9s, y a disfrutar de las instalaciones del Casal Jove de Albal, de lunes a viernes de 10:00 a 14:00 i de 16:00 a 20:00h, y los s\u00e1bados de 10:00 a 14:00h.<\/p>\n<p>\u00c9stas son las <strong>actividades programadas para el mes de enero, \u00a1ap\u00fantate o pide m\u00e1s informaci\u00f3n al 600 91 94 90!<\/strong><\/p>\n<p><img decoding=\"async\" class=\"wp-image-58895 alignnone size-full ls-is-cached lazyloaded\" src=\"https:\/\/albal.es\/content-albal\/uploads\/2025\/01\/WhatsApp-Image-2024-12-30-at-13.09.54.jpeg\" sizes=\"(min-width: 0px) and (max-width: 480px) 480px, (min-width: 481px) and (max-width: 980px) 980px, (min-width: 981px) 1080px, 100vw\" srcset=\"https:\/\/albal.es\/content-albal\/uploads\/2025\/01\/WhatsApp-Image-2024-12-30-at-13.09.54.jpeg 1080w, https:\/\/albal.es\/content-albal\/uploads\/2025\/01\/WhatsApp-Image-2024-12-30-at-13.09.54-980x980.jpeg 980w, https:\/\/albal.es\/content-albal\/uploads\/2025\/01\/WhatsApp-Image-2024-12-30-at-13.09.54-480x480.jpeg 480w\" alt=\"\" width=\"1080\" height=\"1080\" data-src=\"https:\/\/albal.es\/content-albal\/uploads\/2025\/01\/WhatsApp-Image-2024-12-30-at-13.09.54.jpeg\" data-srcset=\"https:\/\/albal.es\/content-albal\/uploads\/2025\/01\/WhatsApp-Image-2024-12-30-at-13.09.54.jpeg 1080w, https:\/\/albal.es\/content-albal\/uploads\/2025\/01\/WhatsApp-Image-2024-12-30-at-13.09.54-980x980.jpeg 980w, https:\/\/albal.es\/content-albal\/uploads\/2025\/01\/WhatsApp-Image-2024-12-30-at-13.09.54-480x480.jpeg 480w\" data-sizes=\"(min-width: 0px) and (max-width: 480px) 480px, (min-width: 481px) and (max-width: 980px) 980px, (min-width: 981px) 1080px, 100vw\" \/><\/p>\n<p>[\/et_pb_accordion_item][et_pb_accordion_item title=\u00bbNoche de Halloween 1 noviembre 2024&#8243; _builder_version=\u00bb4.27.0&#8243; _module_preset=\u00bbdefault\u00bb global_colors_info=\u00bb{}\u00bb open=\u00bboff\u00bb]<\/p>\n<div>\u00a1Nos preparamos para <em>Halloween<\/em> y te invitamos a vivir una experiencia aterradora con pasajes del terror infantil, juvenil y adulto, m\u00fasica y <em>show<\/em> en vivo, <em>foodtruck<\/em> y concurso de disfraces!<\/div>\n<div>\u00a0<\/div>\n<div>La actividad est\u00e1 dirigida a todos los y las valientes que quieran disfrutar de un buen susto, el <strong>viernes 1 de noviembre de 16:00 a 23:00h, en el Parque La Balaguera<\/strong>.<\/div>\n<div>\u00a0<\/div>\n<div>\u00a1No te lo pierdas! <a href=\"https:\/\/forms.gle\/M1c9vb4p67NLVaiG6\"><strong>Inscr\u00edbete aqu\u00ed<\/strong><\/a><\/div>\n<div>\u00a0<\/div>\n<div><strong>*IMPORTANTE: Las personas que participen y sean menores de edad deber\u00e1n rellenar y adjuntar <a href=\"https:\/\/albal.es\/content-albal\/uploads\/2024\/10\/Autoritzacio-inscripcio-act-halloween-1.pdf\" rel=\"attachment wp-att-57539\">ESTA AUTORIZACI\u00d3N<\/a> al formulario de inscripci\u00f3n o bien al Casal Jove (C\/Tabacalera S\/N)*<\/strong><\/div>\n<div>\u00a0<\/div>\n<div><img decoding=\"async\" class=\"wp-image-57516 alignnone size-full lazyload\" data-src=\"https:\/\/albal.es\/content-albal\/uploads\/2024\/10\/Noche-de-halloween.jpeg\" alt=\"\" width=\"1131\" height=\"1599\" data-srcset=\"https:\/\/albal.es\/content-albal\/uploads\/2024\/10\/Noche-de-halloween.jpeg 1131w, https:\/\/albal.es\/content-albal\/uploads\/2024\/10\/Noche-de-halloween-980x1386.jpeg 980w, https:\/\/albal.es\/content-albal\/uploads\/2024\/10\/Noche-de-halloween-480x679.jpeg 480w\" data-sizes=\"(min-width: 0px) and (max-width: 480px) 480px, (min-width: 481px) and (max-width: 980px) 980px, (min-width: 981px) 1131px, 100vw\" src=\"data:image\/svg+xml;base64,PHN2ZyB3aWR0aD0iMSIgaGVpZ2h0PSIxIiB4bWxucz0iaHR0cDovL3d3dy53My5vcmcvMjAwMC9zdmciPjwvc3ZnPg==\" style=\"--smush-placeholder-width: 1131px; --smush-placeholder-aspect-ratio: 1131\/1599;\" \/><\/div>\n<p>[\/et_pb_accordion_item][et_pb_accordion_item title=\u00bb1\u00aa TROBADA JOVEN DE IMPROVISACI\u00d3N TEATRAL\u00bb _builder_version=\u00bb4.27.0&#8243; _module_preset=\u00bbdefault\u00bb global_colors_info=\u00bb{}\u00bb open=\u00bboff\u00bb]<\/p>\n<p>\u00bfEres de Albal? \u00bfTienes entre 12 y 30 a\u00f1os? \u00a1An\u00edmate y participa en el <strong>1\u00aa Encuentro Joven de Improvisaci\u00f3n Teatral<\/strong>! <\/p>\n<p><strong>\u00bfCu\u00e1ndo?<\/strong> S\u00e1bado 9 de noviembre de 2024<br \/><strong>\u00bfA qu\u00e9 hora?<\/strong> De 10:00 a 17:00 h<br \/><strong>\u00bfD\u00f3nde?<\/strong> En Sedav\u00ed. Transporte gratuito desde el Casal Jove de Albal (Consulta los horarios)<\/p>\n<p><strong>M\u00e1s informaci\u00f3n<\/strong> en <a href=\"https:\/\/joves.net\/novetats\/1a-trobada-jove-dimprovisacio-teatral\">https:\/\/joves.net\/novetats\/1a-trobada-jove-dimprovisacio-teatral<\/a> o en el Casal Jove (C\/ Tabacalera S\/N)<\/p>\n<p>\u00a1No te lo pierdas! Ven y divi\u00e9rtete con otros\/as j\u00f3venes.<\/p>\n<p><img decoding=\"async\" class=\"wp-image-57463 alignnone size-full lazyload\" data-src=\"https:\/\/albal.es\/content-albal\/uploads\/2024\/10\/Poster-Trobada-Impro-Jove.jpg\" alt=\"\" width=\"1414\" height=\"2000\" data-srcset=\"https:\/\/albal.es\/content-albal\/uploads\/2024\/10\/Poster-Trobada-Impro-Jove.jpg 1414w, https:\/\/albal.es\/content-albal\/uploads\/2024\/10\/Poster-Trobada-Impro-Jove-1280x1810.jpg 1280w, https:\/\/albal.es\/content-albal\/uploads\/2024\/10\/Poster-Trobada-Impro-Jove-980x1386.jpg 980w, https:\/\/albal.es\/content-albal\/uploads\/2024\/10\/Poster-Trobada-Impro-Jove-480x679.jpg 480w\" data-sizes=\"(min-width: 0px) and (max-width: 480px) 480px, (min-width: 481px) and (max-width: 980px) 980px, (min-width: 981px) and (max-width: 1280px) 1280px, (min-width: 1281px) 1414px, 100vw\" src=\"data:image\/svg+xml;base64,PHN2ZyB3aWR0aD0iMSIgaGVpZ2h0PSIxIiB4bWxucz0iaHR0cDovL3d3dy53My5vcmcvMjAwMC9zdmciPjwvc3ZnPg==\" style=\"--smush-placeholder-width: 1414px; --smush-placeholder-aspect-ratio: 1414\/2000;\" \/><\/p>\n<p>[\/et_pb_accordion_item][et_pb_accordion_item title=\u00bbNOVIEMBRE 2024&#8243; _builder_version=\u00bb4.27.0&#8243; _module_preset=\u00bbdefault\u00bb global_colors_info=\u00bb{}\u00bb open=\u00bboff\u00bb]<\/p>\n<p>\u00a1Ya puedes ver todas las actividades previstas en el<strong> Casal Jove para el mes de noviembre<\/strong>!<\/p>\n<p>Para dudas o inscripciones, cont\u00e1ctanos al 600 91 94 90 o bien en el Casal Jove (C\/ Tabacalera S\/N)<\/p>\n<p><img decoding=\"async\" class=\"wp-image-57605 alignnone size-full lazyload\" data-src=\"https:\/\/albal.es\/content-albal\/uploads\/2024\/10\/NOVIEMBRE-CASAL-JOVE-cast.jpg\" alt=\"\" width=\"1080\" height=\"1080\" data-srcset=\"https:\/\/albal.es\/content-albal\/uploads\/2024\/10\/NOVIEMBRE-CASAL-JOVE-cast.jpg 1080w, https:\/\/albal.es\/content-albal\/uploads\/2024\/10\/NOVIEMBRE-CASAL-JOVE-cast-980x980.jpg 980w, https:\/\/albal.es\/content-albal\/uploads\/2024\/10\/NOVIEMBRE-CASAL-JOVE-cast-480x480.jpg 480w\" data-sizes=\"(min-width: 0px) and (max-width: 480px) 480px, (min-width: 481px) and (max-width: 980px) 980px, (min-width: 981px) 1080px, 100vw\" src=\"data:image\/svg+xml;base64,PHN2ZyB3aWR0aD0iMSIgaGVpZ2h0PSIxIiB4bWxucz0iaHR0cDovL3d3dy53My5vcmcvMjAwMC9zdmciPjwvc3ZnPg==\" style=\"--smush-placeholder-width: 1080px; --smush-placeholder-aspect-ratio: 1080\/1080;\" \/><\/p>\n<p>[\/et_pb_accordion_item][et_pb_accordion_item title=\u00bbFIRA D&#8217;OCI JUVENIL: FESTAlbal Jove 2024&#8243; _builder_version=\u00bb4.25.2&#8243; _module_preset=\u00bbdefault\u00bb global_colors_info=\u00bb{}\u00bb open=\u00bboff\u00bb]<\/p>\n<div><i>\u00a1Nos despedimos del verano y damos la BIENVENIDA al nuevo curso de la mejor manera! Con la<b> FESTAlbalJove 2024 el viernes, 6 de septiembre<\/b>!<\/i><\/div>\n<div>\n<p><i>La jornada est\u00e1 dirigIda a albalenses de entre 12 y 30 a\u00f1os, de 18.00 a 23.00h en el CASAL JOVE <\/i><i>(C\/ Tabacalera S\/N, Albal)<\/i><\/p>\n<div><i>\u00a1Rellena este <a href=\"https:\/\/forms.gle\/qGZ1RzZTUjUDu4X79\">formulario<\/a> para inscribirte antes del 1 de septiembre!<br \/><\/i><\/div>\n<div><i>M\u00e1s informaci\u00f3n <u>casaljove@albal.es o 600 91 94 90<\/u><\/i><\/div>\n<div>\u00a0<\/div>\n<div><img decoding=\"async\" class=\"wp-image-56639 alignnone size-full lazyload\" data-src=\"https:\/\/albal.es\/content-albal\/uploads\/2024\/07\/FESTAlbal-jove-2024.jpg\" alt=\"\" width=\"1587\" height=\"2245\" data-srcset=\"https:\/\/albal.es\/content-albal\/uploads\/2024\/07\/FESTAlbal-jove-2024.jpg 1587w, https:\/\/albal.es\/content-albal\/uploads\/2024\/07\/FESTAlbal-jove-2024-1280x1811.jpg 1280w, https:\/\/albal.es\/content-albal\/uploads\/2024\/07\/FESTAlbal-jove-2024-980x1386.jpg 980w, https:\/\/albal.es\/content-albal\/uploads\/2024\/07\/FESTAlbal-jove-2024-480x679.jpg 480w\" data-sizes=\"(min-width: 0px) and (max-width: 480px) 480px, (min-width: 481px) and (max-width: 980px) 980px, (min-width: 981px) and (max-width: 1280px) 1280px, (min-width: 1281px) 1587px, 100vw\" src=\"data:image\/svg+xml;base64,PHN2ZyB3aWR0aD0iMSIgaGVpZ2h0PSIxIiB4bWxucz0iaHR0cDovL3d3dy53My5vcmcvMjAwMC9zdmciPjwvc3ZnPg==\" style=\"--smush-placeholder-width: 1587px; --smush-placeholder-aspect-ratio: 1587\/2245;\" \/><\/div>\n<\/div>\n<p>[\/et_pb_accordion_item][et_pb_accordion_item title=\u00bbSEPTIEMBRE 2024&#8243; _builder_version=\u00bb4.25.2&#8243; _module_preset=\u00bbdefault\u00bb global_colors_info=\u00bb{}\u00bb open=\u00bboff\u00bb]<\/p>\n<p>\u00a1Consulta todas las actividades previstas para el pr\u00f3ximo mes de septiembre!<\/p>\n<p><img decoding=\"async\" class=\"wp-image-56646 alignnone size-full lazyload\" data-src=\"https:\/\/albal.es\/content-albal\/uploads\/2024\/07\/SEPTIEMBRE-CAST.jpg\" alt=\"\" width=\"1080\" height=\"1080\" data-srcset=\"https:\/\/albal.es\/content-albal\/uploads\/2024\/07\/SEPTIEMBRE-CAST.jpg 1080w, https:\/\/albal.es\/content-albal\/uploads\/2024\/07\/SEPTIEMBRE-CAST-980x980.jpg 980w, https:\/\/albal.es\/content-albal\/uploads\/2024\/07\/SEPTIEMBRE-CAST-480x480.jpg 480w\" data-sizes=\"(min-width: 0px) and (max-width: 480px) 480px, (min-width: 481px) and (max-width: 980px) 980px, (min-width: 981px) 1080px, 100vw\" src=\"data:image\/svg+xml;base64,PHN2ZyB3aWR0aD0iMSIgaGVpZ2h0PSIxIiB4bWxucz0iaHR0cDovL3d3dy53My5vcmcvMjAwMC9zdmciPjwvc3ZnPg==\" style=\"--smush-placeholder-width: 1080px; --smush-placeholder-aspect-ratio: 1080\/1080;\" \/><\/p>\n<p>[\/et_pb_accordion_item][et_pb_accordion_item title=\u00bbOCTUBRE 2024&#8243; _builder_version=\u00bb4.27.0&#8243; _module_preset=\u00bbdefault\u00bb global_colors_info=\u00bb{}\u00bb open=\u00bboff\u00bb]<\/p>\n<p>\u00a1Ya puedes ver y apuntarte a las actividades programadas para octubre en el Casal Jove de Albal!<\/p>\n<p>La actividad del &#8216;Escape room&#8217; del 25 de octubre requiere inscripci\u00f3n por grupos a trav\u00e9s de esta p\u00e1gina: <a href=\"https:\/\/taquilla.portgenius.es\/\">https:\/\/taquilla.portgenius.es\/<\/a><\/p>\n<p>M\u00e1s informaci\u00f3n e inscripciones en 600 91 94 90<\/p>\n<p><img decoding=\"async\" class=\"wp-image-57357 alignnone size-full lazyload\" data-src=\"https:\/\/albal.es\/content-albal\/uploads\/2024\/09\/octubre.jpg\" alt=\"\" width=\"1080\" height=\"1080\" data-srcset=\"https:\/\/albal.es\/content-albal\/uploads\/2024\/09\/octubre.jpg 1080w, https:\/\/albal.es\/content-albal\/uploads\/2024\/09\/octubre-980x980.jpg 980w, https:\/\/albal.es\/content-albal\/uploads\/2024\/09\/octubre-480x480.jpg 480w\" data-sizes=\"(min-width: 0px) and (max-width: 480px) 480px, (min-width: 481px) and (max-width: 980px) 980px, (min-width: 981px) 1080px, 100vw\" src=\"data:image\/svg+xml;base64,PHN2ZyB3aWR0aD0iMSIgaGVpZ2h0PSIxIiB4bWxucz0iaHR0cDovL3d3dy53My5vcmcvMjAwMC9zdmciPjwvc3ZnPg==\" style=\"--smush-placeholder-width: 1080px; --smush-placeholder-aspect-ratio: 1080\/1080;\" \/><\/p>\n<p><img decoding=\"async\" class=\"wp-image-57363 alignnone size-full lazyload\" data-src=\"https:\/\/albal.es\/content-albal\/uploads\/2024\/09\/WhatsApp-Image-2024-09-18-at-10.27.02.jpeg\" alt=\"\" width=\"1080\" height=\"1080\" data-srcset=\"https:\/\/albal.es\/content-albal\/uploads\/2024\/09\/WhatsApp-Image-2024-09-18-at-10.27.02.jpeg 1080w, https:\/\/albal.es\/content-albal\/uploads\/2024\/09\/WhatsApp-Image-2024-09-18-at-10.27.02-980x980.jpeg 980w, https:\/\/albal.es\/content-albal\/uploads\/2024\/09\/WhatsApp-Image-2024-09-18-at-10.27.02-480x480.jpeg 480w\" data-sizes=\"(min-width: 0px) and (max-width: 480px) 480px, (min-width: 481px) and (max-width: 980px) 980px, (min-width: 981px) 1080px, 100vw\" src=\"data:image\/svg+xml;base64,PHN2ZyB3aWR0aD0iMSIgaGVpZ2h0PSIxIiB4bWxucz0iaHR0cDovL3d3dy53My5vcmcvMjAwMC9zdmciPjwvc3ZnPg==\" style=\"--smush-placeholder-width: 1080px; --smush-placeholder-aspect-ratio: 1080\/1080;\" \/> <img decoding=\"async\" class=\"wp-image-57361 alignnone size-full lazyload\" data-src=\"https:\/\/albal.es\/content-albal\/uploads\/2024\/09\/WhatsApp-Image-2024-09-18-at-11.16.08.jpeg\" alt=\"\" width=\"1600\" height=\"1131\" data-srcset=\"https:\/\/albal.es\/content-albal\/uploads\/2024\/09\/WhatsApp-Image-2024-09-18-at-11.16.08.jpeg 1600w, https:\/\/albal.es\/content-albal\/uploads\/2024\/09\/WhatsApp-Image-2024-09-18-at-11.16.08-1280x905.jpeg 1280w, https:\/\/albal.es\/content-albal\/uploads\/2024\/09\/WhatsApp-Image-2024-09-18-at-11.16.08-980x693.jpeg 980w, https:\/\/albal.es\/content-albal\/uploads\/2024\/09\/WhatsApp-Image-2024-09-18-at-11.16.08-480x339.jpeg 480w\" data-sizes=\"(min-width: 0px) and (max-width: 480px) 480px, (min-width: 481px) and (max-width: 980px) 980px, (min-width: 981px) and (max-width: 1280px) 1280px, (min-width: 1281px) 1600px, 100vw\" src=\"data:image\/svg+xml;base64,PHN2ZyB3aWR0aD0iMSIgaGVpZ2h0PSIxIiB4bWxucz0iaHR0cDovL3d3dy53My5vcmcvMjAwMC9zdmciPjwvc3ZnPg==\" style=\"--smush-placeholder-width: 1600px; --smush-placeholder-aspect-ratio: 1600\/1131;\" \/><\/p>\n<p>[\/et_pb_accordion_item][et_pb_accordion_item title=\u00bb\u00a1AUTOB\u00daS A LA MALVARROSA!\u00bb _builder_version=\u00bb4.25.1&#8243; _module_preset=\u00bbdefault\u00bb global_colors_info=\u00bb{}\u00bb open=\u00bboff\u00bb]<\/p>\n<p><img decoding=\"async\" class=\"wp-image-56332 alignnone size-full lazyload\" data-src=\"https:\/\/albal.es\/content-albal\/uploads\/2024\/06\/Cata-rosa_Albal_IG-1.jpg\" alt=\"\" width=\"4500\" height=\"4500\" data-srcset=\"https:\/\/albal.es\/content-albal\/uploads\/2024\/06\/Cata-rosa_Albal_IG-1.jpg 4500w, https:\/\/albal.es\/content-albal\/uploads\/2024\/06\/Cata-rosa_Albal_IG-1-1280x1280.jpg 1280w, https:\/\/albal.es\/content-albal\/uploads\/2024\/06\/Cata-rosa_Albal_IG-1-980x980.jpg 980w, https:\/\/albal.es\/content-albal\/uploads\/2024\/06\/Cata-rosa_Albal_IG-1-480x480.jpg 480w\" data-sizes=\"(min-width: 0px) and (max-width: 480px) 480px, (min-width: 481px) and (max-width: 980px) 980px, (min-width: 981px) and (max-width: 1280px) 1280px, (min-width: 1281px) 4500px, 100vw\" src=\"data:image\/svg+xml;base64,PHN2ZyB3aWR0aD0iMSIgaGVpZ2h0PSIxIiB4bWxucz0iaHR0cDovL3d3dy53My5vcmcvMjAwMC9zdmciPjwvc3ZnPg==\" style=\"--smush-placeholder-width: 4500px; --smush-placeholder-aspect-ratio: 4500\/4500;\" \/><\/p>\n<p><strong>\u00a1Este mes de julio tendr\u00e1s servicio de autob\u00fas gratuito a la Malvarrosa cada viernes!<\/strong><\/p>\n<p>Este servicio consiste en el trayecto de ida y vuelta con estancia, <strong>no controlada por ning\u00fan\/a monitor\/a<\/strong>, a la playa de la Malvarrosa. Por tanto, las y los asistentes son responsables de sus actos a lo largo del desarrollo de la actividad.<\/p>\n<p>Destinado prioritariamente a j\u00f3venes entre 12 y 30 a\u00f1os.<\/p>\n<p>Salida: 9.45h en la parada del parque Benam\u00e0<\/p>\n<p>Vuelta: 14.30h<\/p>\n<p><strong>IMPORTANTE: Debes inscribirte a trav\u00e9s del c\u00f3digo QR o <a href=\"https:\/\/forms.gle\/k6aBKr3mmkocd4a48\">aqu\u00ed<\/a>, i recoger el tiquet en el Casal Jove antes de cada mi\u00e9rcoles.<\/strong><\/p>\n<p><strong>**Las y los menores de edad deber\u00e1n adjuntar <a href=\"https:\/\/albal.es\/content-albal\/uploads\/2024\/06\/AUTORITZACIO-MENORS-BUS-PLATJA-2024.pdf\" rel=\"attachment wp-att-56338\">esta autorizaci\u00f3n<\/a> rellenada y firmada.<\/strong><\/p>\n<p><img decoding=\"async\" class=\"wp-image-56326 alignnone size-full lazyload\" data-src=\"https:\/\/albal.es\/content-albal\/uploads\/2024\/06\/Diseno-sin-titulo3.jpg\" alt=\"\" width=\"1920\" height=\"1080\" data-srcset=\"https:\/\/albal.es\/content-albal\/uploads\/2024\/06\/Diseno-sin-titulo3.jpg 1920w, https:\/\/albal.es\/content-albal\/uploads\/2024\/06\/Diseno-sin-titulo3-1280x720.jpg 1280w, https:\/\/albal.es\/content-albal\/uploads\/2024\/06\/Diseno-sin-titulo3-980x551.jpg 980w, https:\/\/albal.es\/content-albal\/uploads\/2024\/06\/Diseno-sin-titulo3-480x270.jpg 480w\" data-sizes=\"(min-width: 0px) and (max-width: 480px) 480px, (min-width: 481px) and (max-width: 980px) 980px, (min-width: 981px) and (max-width: 1280px) 1280px, (min-width: 1281px) 1920px, 100vw\" src=\"data:image\/svg+xml;base64,PHN2ZyB3aWR0aD0iMSIgaGVpZ2h0PSIxIiB4bWxucz0iaHR0cDovL3d3dy53My5vcmcvMjAwMC9zdmciPjwvc3ZnPg==\" style=\"--smush-placeholder-width: 1920px; --smush-placeholder-aspect-ratio: 1920\/1080;\" \/> <img decoding=\"async\" class=\"wp-image-56328 alignnone size-full lazyload\" data-src=\"https:\/\/albal.es\/content-albal\/uploads\/2024\/06\/QR-Malva-rosa.jpg\" alt=\"\" width=\"1080\" height=\"1080\" data-srcset=\"https:\/\/albal.es\/content-albal\/uploads\/2024\/06\/QR-Malva-rosa.jpg 1080w, https:\/\/albal.es\/content-albal\/uploads\/2024\/06\/QR-Malva-rosa-980x980.jpg 980w, https:\/\/albal.es\/content-albal\/uploads\/2024\/06\/QR-Malva-rosa-480x480.jpg 480w\" data-sizes=\"(min-width: 0px) and (max-width: 480px) 480px, (min-width: 481px) and (max-width: 980px) 980px, (min-width: 981px) 1080px, 100vw\" src=\"data:image\/svg+xml;base64,PHN2ZyB3aWR0aD0iMSIgaGVpZ2h0PSIxIiB4bWxucz0iaHR0cDovL3d3dy53My5vcmcvMjAwMC9zdmciPjwvc3ZnPg==\" style=\"--smush-placeholder-width: 1080px; --smush-placeholder-aspect-ratio: 1080\/1080;\" \/> <img decoding=\"async\" class=\"wp-image-56330 alignnone size-full lazyload\" data-src=\"https:\/\/albal.es\/content-albal\/uploads\/2024\/06\/Cata-rosa_Albal_IG-2.jpg\" alt=\"\" width=\"4500\" height=\"4500\" data-srcset=\"https:\/\/albal.es\/content-albal\/uploads\/2024\/06\/Cata-rosa_Albal_IG-2.jpg 4500w, https:\/\/albal.es\/content-albal\/uploads\/2024\/06\/Cata-rosa_Albal_IG-2-1280x1280.jpg 1280w, https:\/\/albal.es\/content-albal\/uploads\/2024\/06\/Cata-rosa_Albal_IG-2-980x980.jpg 980w, https:\/\/albal.es\/content-albal\/uploads\/2024\/06\/Cata-rosa_Albal_IG-2-480x480.jpg 480w\" data-sizes=\"(min-width: 0px) and (max-width: 480px) 480px, (min-width: 481px) and (max-width: 980px) 980px, (min-width: 981px) and (max-width: 1280px) 1280px, (min-width: 1281px) 4500px, 100vw\" src=\"data:image\/svg+xml;base64,PHN2ZyB3aWR0aD0iMSIgaGVpZ2h0PSIxIiB4bWxucz0iaHR0cDovL3d3dy53My5vcmcvMjAwMC9zdmciPjwvc3ZnPg==\" style=\"--smush-placeholder-width: 4500px; --smush-placeholder-aspect-ratio: 4500\/4500;\" \/><\/p>\n<p>[\/et_pb_accordion_item][et_pb_accordion_item title=\u00bbJUNIO 2024&#8243; _builder_version=\u00bb4.25.1&#8243; _module_preset=\u00bbdefault\u00bb global_colors_info=\u00bb{}\u00bb open=\u00bboff\u00bb]<\/p>\n<p>\u00a1Ya puedes ver la programaci\u00f3n de actividades de junio en el Casal Jove!<\/p>\n<p>Ap\u00fantate en la C\/Tabacalera S\/N o a trav\u00e9s del tel\u00e9fono y WhatsApp 600 91 94 90<\/p>\n<p><img decoding=\"async\" class=\"wp-image-56154 alignnone size-full lazyload\" data-src=\"https:\/\/albal.es\/content-albal\/uploads\/2024\/05\/JUNIO-Casal-Jove.jpg\" alt=\"\" width=\"1587\" height=\"2245\" data-srcset=\"https:\/\/albal.es\/content-albal\/uploads\/2024\/05\/JUNIO-Casal-Jove.jpg 1587w, https:\/\/albal.es\/content-albal\/uploads\/2024\/05\/JUNIO-Casal-Jove-1280x1811.jpg 1280w, https:\/\/albal.es\/content-albal\/uploads\/2024\/05\/JUNIO-Casal-Jove-980x1386.jpg 980w, https:\/\/albal.es\/content-albal\/uploads\/2024\/05\/JUNIO-Casal-Jove-480x679.jpg 480w\" data-sizes=\"(min-width: 0px) and (max-width: 480px) 480px, (min-width: 481px) and (max-width: 980px) 980px, (min-width: 981px) and (max-width: 1280px) 1280px, (min-width: 1281px) 1587px, 100vw\" src=\"data:image\/svg+xml;base64,PHN2ZyB3aWR0aD0iMSIgaGVpZ2h0PSIxIiB4bWxucz0iaHR0cDovL3d3dy53My5vcmcvMjAwMC9zdmciPjwvc3ZnPg==\" style=\"--smush-placeholder-width: 1587px; --smush-placeholder-aspect-ratio: 1587\/2245;\" \/><\/p>\n<p>[\/et_pb_accordion_item][et_pb_accordion_item title=\u00bbFERIA ORIENTA-T 29 Y 30 DE ABRIL 2024&#8243; _builder_version=\u00bb4.24.2&#8243; _module_preset=\u00bbdefault\u00bb global_colors_info=\u00bb{}\u00bb open=\u00bboff\u00bb]<\/p>\n<p>\u00a1Un a\u00f1o m\u00e1s celebramos la Feria Orienta&#8217;t Joven en Albal! Te esperamos el lunes 29 y martes 30 de abril en el Casal Jove.<\/p>\n<p>Contamos con talleres, varios stands de informaci\u00f3n y asesoramiento sobre distintos sectores laborales y formativos, un espect\u00e1culo para tener \u00e9xito a las entrevistas de trabajo, etc.<\/p>\n<p>A continuaci\u00f3n encontrar\u00e1s todos los horarios y, concretamente se\u00f1alados en amarillo, los horarios de entrada libre.<\/p>\n<p>\u00a1No dudes en acercarte!<\/p>\n<p><img decoding=\"async\" class=\"wp-image-55771 alignnone size-full lazyload\" data-src=\"https:\/\/albal.es\/content-albal\/uploads\/2024\/04\/Fira-Orientat-2024.jpg\" alt=\"\" width=\"1587\" height=\"2245\" data-srcset=\"https:\/\/albal.es\/content-albal\/uploads\/2024\/04\/Fira-Orientat-2024.jpg 1587w, https:\/\/albal.es\/content-albal\/uploads\/2024\/04\/Fira-Orientat-2024-1280x1811.jpg 1280w, https:\/\/albal.es\/content-albal\/uploads\/2024\/04\/Fira-Orientat-2024-980x1386.jpg 980w, https:\/\/albal.es\/content-albal\/uploads\/2024\/04\/Fira-Orientat-2024-480x679.jpg 480w\" data-sizes=\"(min-width: 0px) and (max-width: 480px) 480px, (min-width: 481px) and (max-width: 980px) 980px, (min-width: 981px) and (max-width: 1280px) 1280px, (min-width: 1281px) 1587px, 100vw\" src=\"data:image\/svg+xml;base64,PHN2ZyB3aWR0aD0iMSIgaGVpZ2h0PSIxIiB4bWxucz0iaHR0cDovL3d3dy53My5vcmcvMjAwMC9zdmciPjwvc3ZnPg==\" style=\"--smush-placeholder-width: 1587px; --smush-placeholder-aspect-ratio: 1587\/2245;\" \/><\/p>\n<p>[\/et_pb_accordion_item][et_pb_accordion_item title=\u00bbJULIO 2024&#8243; _builder_version=\u00bb4.25.2&#8243; _module_preset=\u00bbdefault\u00bb global_colors_info=\u00bb{}\u00bb open=\u00bboff\u00bb]<\/p>\n<p>\u00a1\u00a1\u00c9chale un vistazo a la programaci\u00f3n de julio!!<\/p>\n<p><strong>Novedades<\/strong>: servicio de autob\u00fas a la Malvarrosa y jornada nocturna en el Casal Jove con distintas actividades, juegos y mucha diversi\u00f3n. <\/p>\n<p><strong>Para inscribirte<\/strong> en las actividades, puedes hacerlo a trav\u00e9s del tel\u00e9fono\/ WhatsApp 600 91 94 90 o bien al Casal Jove, y concretamente al servicio de autob\u00fas a la Malvarrosa a trav\u00e9s<a href=\"https:\/\/forms.gle\/GJYT94R2WU4xdXNE7\"> de este enlace<\/a>.<\/p>\n<p><img decoding=\"async\" class=\"wp-image-56503 alignnone size-full lazyload\" data-src=\"https:\/\/albal.es\/content-albal\/uploads\/2024\/06\/Julio-Casal-Jove.jpg\" alt=\"\" width=\"1414\" height=\"2000\" data-srcset=\"https:\/\/albal.es\/content-albal\/uploads\/2024\/06\/Julio-Casal-Jove.jpg 1414w, https:\/\/albal.es\/content-albal\/uploads\/2024\/06\/Julio-Casal-Jove-1280x1810.jpg 1280w, https:\/\/albal.es\/content-albal\/uploads\/2024\/06\/Julio-Casal-Jove-980x1386.jpg 980w, https:\/\/albal.es\/content-albal\/uploads\/2024\/06\/Julio-Casal-Jove-480x679.jpg 480w\" data-sizes=\"(min-width: 0px) and (max-width: 480px) 480px, (min-width: 481px) and (max-width: 980px) 980px, (min-width: 981px) and (max-width: 1280px) 1280px, (min-width: 1281px) 1414px, 100vw\" src=\"data:image\/svg+xml;base64,PHN2ZyB3aWR0aD0iMSIgaGVpZ2h0PSIxIiB4bWxucz0iaHR0cDovL3d3dy53My5vcmcvMjAwMC9zdmciPjwvc3ZnPg==\" style=\"--smush-placeholder-width: 1414px; --smush-placeholder-aspect-ratio: 1414\/2000;\" \/><\/p>\n<p>[\/et_pb_accordion_item][et_pb_accordion_item title=\u00bbABRIL 2024&#8243; _builder_version=\u00bb4.24.2&#8243; _module_preset=\u00bbdefault\u00bb global_colors_info=\u00bb{}\u00bb open=\u00bboff\u00bb]<\/p>\n<p>\u00a1El mes de abril viene cargado de actividades juveniles!<\/p>\n<p>Consulta la programaci\u00f3n e inf\u00f3rmate y ap\u00fantate en el <strong>Casal Jove o en el 600 91 94 90<\/strong><\/p>\n<p><img decoding=\"async\" class=\"wp-image-55692 alignnone size-full lazyload\" data-src=\"https:\/\/albal.es\/content-albal\/uploads\/2024\/04\/Programacion-Abril.jpg\" alt=\"\" width=\"1587\" height=\"2245\" data-srcset=\"https:\/\/albal.es\/content-albal\/uploads\/2024\/04\/Programacion-Abril.jpg 1587w, https:\/\/albal.es\/content-albal\/uploads\/2024\/04\/Programacion-Abril-1280x1811.jpg 1280w, https:\/\/albal.es\/content-albal\/uploads\/2024\/04\/Programacion-Abril-980x1386.jpg 980w, https:\/\/albal.es\/content-albal\/uploads\/2024\/04\/Programacion-Abril-480x679.jpg 480w\" data-sizes=\"(min-width: 0px) and (max-width: 480px) 480px, (min-width: 481px) and (max-width: 980px) 980px, (min-width: 981px) and (max-width: 1280px) 1280px, (min-width: 1281px) 1587px, 100vw\" src=\"data:image\/svg+xml;base64,PHN2ZyB3aWR0aD0iMSIgaGVpZ2h0PSIxIiB4bWxucz0iaHR0cDovL3d3dy53My5vcmcvMjAwMC9zdmciPjwvc3ZnPg==\" style=\"--smush-placeholder-width: 1587px; --smush-placeholder-aspect-ratio: 1587\/2245;\" \/><\/p>\n<p>[\/et_pb_accordion_item][et_pb_accordion_item title=\u00bbMAYO 2024&#8243; _builder_version=\u00bb4.25.0&#8243; _module_preset=\u00bbdefault\u00bb global_colors_info=\u00bb{}\u00bb open=\u00bboff\u00bb]<\/p>\n<p>\u00a1Consulta la programaci\u00f3n de mayo del Casal Jove y ap\u00fantate! A partir de 12 a\u00f1os<\/p>\n<p>M\u00e1s informaci\u00f3n al 600 91 94 90<\/p>\n<p><img decoding=\"async\" class=\"wp-image-55889 alignnone size-full lazyload\" data-src=\"https:\/\/albal.es\/content-albal\/uploads\/2024\/05\/Mayo-Casal-Jove.jpg\" alt=\"\" width=\"1587\" height=\"2245\" data-srcset=\"https:\/\/albal.es\/content-albal\/uploads\/2024\/05\/Mayo-Casal-Jove.jpg 1587w, https:\/\/albal.es\/content-albal\/uploads\/2024\/05\/Mayo-Casal-Jove-1280x1811.jpg 1280w, https:\/\/albal.es\/content-albal\/uploads\/2024\/05\/Mayo-Casal-Jove-980x1386.jpg 980w, https:\/\/albal.es\/content-albal\/uploads\/2024\/05\/Mayo-Casal-Jove-480x679.jpg 480w\" data-sizes=\"(min-width: 0px) and (max-width: 480px) 480px, (min-width: 481px) and (max-width: 980px) 980px, (min-width: 981px) and (max-width: 1280px) 1280px, (min-width: 1281px) 1587px, 100vw\" src=\"data:image\/svg+xml;base64,PHN2ZyB3aWR0aD0iMSIgaGVpZ2h0PSIxIiB4bWxucz0iaHR0cDovL3d3dy53My5vcmcvMjAwMC9zdmciPjwvc3ZnPg==\" style=\"--smush-placeholder-width: 1587px; --smush-placeholder-aspect-ratio: 1587\/2245;\" \/><\/p>\n<p>[\/et_pb_accordion_item][et_pb_accordion_item title=\u00bbPASCUAJOVEN 2024&#8243; _builder_version=\u00bb4.24.2&#8243; _module_preset=\u00bbdefault\u00bb global_colors_info=\u00bb{}\u00bb open=\u00bboff\u00bb]<\/p>\n<p><strong>\u00a1Ven a disfrutar de PASCUAJOVEN al Casal Jove de Albal!<\/strong><\/p>\n<p>Tendr\u00e1 lugar los d\u00edas <strong>2, 3, 4 y 5 de abril, de 10:00 a 14:00h<\/strong> en distintos espacios del municipio, aunque el <strong>punto de encuentro ser\u00e1 el Casal Jove<\/strong> (C\/ Tabacalera S\/N, Albal)<\/p>\n<p>Estas actividades son <strong>gratuitas<\/strong> y est\u00e1n dirigidas a<strong> j\u00f3venes a partir de 1\u00ba de ESO<\/strong>, y hasta los 18 a\u00f1os.<\/p>\n<p>Las plazas son limitadas y se confirmar\u00e1 cada plaza por orden de inscripci\u00f3n, creando si se da el caso, una lista de espera.<\/p>\n<p>Las<strong> inscripciones <\/strong>se realizar\u00e1n a trav\u00e9s del c\u00f3digo QR o de este <a href=\"https:\/\/forms.gle\/t1vPLtgveDVLttYTA\"><strong>formulario<\/strong><\/a>. \u00a1Ap\u00fantate antes del 25 de marzo!<\/p>\n<p><strong>IMPORTANTE: En caso de menores de edad, se deber\u00e1 presentar la autorizaci\u00f3n firmada por parte de madre, padre o tutor\/a, acompa\u00f1ada de la copia de su DNI y del de la\/el joven participante.<br \/><\/strong><\/p>\n<div>Descarga la<a href=\"https:\/\/albal.es\/content-albal\/uploads\/2024\/03\/Autoritzacio-inscripcio-PASQUAJOVE.pdf\"> hoja de autorizaci\u00f3n<\/a> y adj\u00fantala al formulario, o bien pres\u00e9ntala en el Casal Jove o al WhatsApp 600 91 94 90.<\/div>\n<div>\u00a0<\/div>\n<div><img decoding=\"async\" class=\"wp-image-55284 alignnone size-full lazyload\" data-src=\"https:\/\/albal.es\/content-albal\/uploads\/2024\/03\/PASQUA-JOVE.jpeg\" alt=\"\" width=\"900\" height=\"1600\" data-srcset=\"https:\/\/albal.es\/content-albal\/uploads\/2024\/03\/PASQUA-JOVE.jpeg 900w, https:\/\/albal.es\/content-albal\/uploads\/2024\/03\/PASQUA-JOVE-480x853.jpeg 480w\" data-sizes=\"(min-width: 0px) and (max-width: 480px) 480px, (min-width: 481px) 900px, 100vw\" src=\"data:image\/svg+xml;base64,PHN2ZyB3aWR0aD0iMSIgaGVpZ2h0PSIxIiB4bWxucz0iaHR0cDovL3d3dy53My5vcmcvMjAwMC9zdmciPjwvc3ZnPg==\" style=\"--smush-placeholder-width: 900px; --smush-placeholder-aspect-ratio: 900\/1600;\" \/><\/div>\n<p>[\/et_pb_accordion_item][et_pb_accordion_item title=\u00bbFEBRERO 2024&#8243; _builder_version=\u00bb4.23.1&#8243; _module_preset=\u00bbdefault\u00bb global_colors_info=\u00bb{}\u00bb open=\u00bboff\u00bb]<\/p>\n<p>\u00a1Consulta la programaci\u00f3n de febrero del Casal Jove!<\/p>\n<p>De 12 a 30 a\u00f1os<\/p>\n<p>Inf\u00f3rmate e inscr\u00edbete a trav\u00e9s del 600 91 94 90 o en el Casal Jove<\/p>\n<p><img decoding=\"async\" class=\"wp-image-54596 alignnone size-full lazyload\" data-src=\"https:\/\/albal.es\/content-albal\/uploads\/2024\/01\/Programacio-febrer-Casal-Jove.jpg\" alt=\"\" width=\"1414\" height=\"2000\" data-srcset=\"https:\/\/albal.es\/content-albal\/uploads\/2024\/01\/Programacio-febrer-Casal-Jove.jpg 1414w, https:\/\/albal.es\/content-albal\/uploads\/2024\/01\/Programacio-febrer-Casal-Jove-1280x1810.jpg 1280w, https:\/\/albal.es\/content-albal\/uploads\/2024\/01\/Programacio-febrer-Casal-Jove-980x1386.jpg 980w, https:\/\/albal.es\/content-albal\/uploads\/2024\/01\/Programacio-febrer-Casal-Jove-480x679.jpg 480w\" data-sizes=\"(min-width: 0px) and (max-width: 480px) 480px, (min-width: 481px) and (max-width: 980px) 980px, (min-width: 981px) and (max-width: 1280px) 1280px, (min-width: 1281px) 1414px, 100vw\" src=\"data:image\/svg+xml;base64,PHN2ZyB3aWR0aD0iMSIgaGVpZ2h0PSIxIiB4bWxucz0iaHR0cDovL3d3dy53My5vcmcvMjAwMC9zdmciPjwvc3ZnPg==\" style=\"--smush-placeholder-width: 1414px; --smush-placeholder-aspect-ratio: 1414\/2000;\" \/><\/p>\n<p>[\/et_pb_accordion_item][et_pb_accordion_item title=\u00bbMARZO 2024&#8243; _builder_version=\u00bb4.24.2&#8243; _module_preset=\u00bbdefault\u00bb global_colors_info=\u00bb{}\u00bb open=\u00bboff\u00bb]<\/p>\n<p>\u00a1Consulta las actividades programadas para el mes de marzo en el Casal Jove!<\/p>\n<p>Si tienes 12 a\u00f1os o m\u00e1s, este es tu espacio. Inf\u00f3rmate e inscr\u00edbete en el Casal Jove o a trav\u00e9s del 600 91 94 90<\/p>\n<p><img decoding=\"async\" class=\"wp-image-55198 alignnone size-full ls-is-cached lazyloaded\" src=\"https:\/\/albal.es\/content-albal\/uploads\/2024\/02\/marzo.jpg\" sizes=\"(min-width: 0px) and (max-width: 480px) 480px, (min-width: 481px) and (max-width: 980px) 980px, (min-width: 981px) and (max-width: 1280px) 1280px, (min-width: 1281px) 1587px, 100vw\" srcset=\"https:\/\/albal.es\/content-albal\/uploads\/2024\/02\/marzo.jpg 1587w, https:\/\/albal.es\/content-albal\/uploads\/2024\/02\/marzo-1280x1811.jpg 1280w, https:\/\/albal.es\/content-albal\/uploads\/2024\/02\/marzo-980x1386.jpg 980w, https:\/\/albal.es\/content-albal\/uploads\/2024\/02\/marzo-480x679.jpg 480w\" alt=\"\" width=\"1587\" height=\"2245\" data-srcset=\"https:\/\/albal.es\/content-albal\/uploads\/2024\/02\/marzo.jpg 1587w, https:\/\/albal.es\/content-albal\/uploads\/2024\/02\/marzo-1280x1811.jpg 1280w, https:\/\/albal.es\/content-albal\/uploads\/2024\/02\/marzo-980x1386.jpg 980w, https:\/\/albal.es\/content-albal\/uploads\/2024\/02\/marzo-480x679.jpg 480w\" data-src=\"https:\/\/albal.es\/content-albal\/uploads\/2024\/02\/marzo.jpg\" data-sizes=\"(min-width: 0px) and (max-width: 480px) 480px, (min-width: 481px) and (max-width: 980px) 980px, (min-width: 981px) and (max-width: 1280px) 1280px, (min-width: 1281px) 1587px, 100vw\" \/><\/p>\n<p><img decoding=\"async\" class=\"wp-image-55196 alignnone size-medium ls-is-cached lazyloaded\" src=\"https:\/\/albal.es\/content-albal\/uploads\/2024\/02\/Juls-casal-jove-300x300.png\" alt=\"\" width=\"300\" height=\"300\" data-src=\"https:\/\/albal.es\/content-albal\/uploads\/2024\/02\/Juls-casal-jove-300x300.png\" \/><\/p>\n<p>[\/et_pb_accordion_item][et_pb_accordion_item title=\u00bbConcurso &#8216;Tiktokea por la igualdad&#8217; 2024. Plazo del 7 al 21 de marzo\u00bb _builder_version=\u00bb4.25.0&#8243; _module_preset=\u00bbdefault\u00bb global_colors_info=\u00bb{}\u00bb open=\u00bboff\u00bb]<\/p>\n<p>Por motivo del 8 de marzo, D\u00eda Internacional de las Mujeres, y con la finalidad de sensibilizar a toda la poblaci\u00f3n y en especial a las personas j\u00f3venes, \u00a1lanzamos el <strong>concurso &#8216;Tiktokea por la igualdad&#8217;<\/strong>!<\/p>\n<p>Aqu\u00ed tienes un resumen de la convocatoria:<\/p>\n<p><img decoding=\"async\" class=\"wp-image-54991 alignnone size-full lazyload\" data-src=\"https:\/\/albal.es\/content-albal\/uploads\/2024\/02\/Concurs-tiktokeja-per-la-igualtat3.jpg\" alt=\"\" width=\"1587\" height=\"2245\" data-srcset=\"https:\/\/albal.es\/content-albal\/uploads\/2024\/02\/Concurs-tiktokeja-per-la-igualtat3.jpg 1587w, https:\/\/albal.es\/content-albal\/uploads\/2024\/02\/Concurs-tiktokeja-per-la-igualtat3-1280x1811.jpg 1280w, https:\/\/albal.es\/content-albal\/uploads\/2024\/02\/Concurs-tiktokeja-per-la-igualtat3-980x1386.jpg 980w, https:\/\/albal.es\/content-albal\/uploads\/2024\/02\/Concurs-tiktokeja-per-la-igualtat3-480x679.jpg 480w\" data-sizes=\"(min-width: 0px) and (max-width: 480px) 480px, (min-width: 481px) and (max-width: 980px) 980px, (min-width: 981px) and (max-width: 1280px) 1280px, (min-width: 1281px) 1587px, 100vw\" src=\"data:image\/svg+xml;base64,PHN2ZyB3aWR0aD0iMSIgaGVpZ2h0PSIxIiB4bWxucz0iaHR0cDovL3d3dy53My5vcmcvMjAwMC9zdmciPjwvc3ZnPg==\" style=\"--smush-placeholder-width: 1587px; --smush-placeholder-aspect-ratio: 1587\/2245;\" \/><\/p>\n<p><strong>Consulta les <a href=\"https:\/\/albal.es\/content-albal\/uploads\/2024\/02\/Convocatoria-Tiktokea-igualdad-CAST.pdf\">bases<\/a>\u00a0<\/strong><\/p>\n<p><strong>IMPORTANTE:<\/strong> Todas las personas que participen deben presentar<strong> <a href=\"https:\/\/albal.es\/content-albal\/uploads\/2024\/02\/Instancia-rellenable-Concurso-tiktok.pdf\">este documento<\/a> <\/strong>a trav\u00e9s de la <a href=\"https:\/\/albaloficina.sede.gva.es\/opencms\/opencms\/channels\/portada\/Generico\">sede electr\u00f3nica del Ayuntamiento de Albal<\/a><\/p>\n<p>Adem\u00e1s, desde el Casal Jove podemos ayudarte con tu Tiktok para el concurso, y con el tr\u00e1mite para presentarte.<\/p>\n<p><strong>PLAZO PARA PRESENTAR EL TIKTOK CON LA DOCUMENTACI\u00d3N: DEL 7 AL 21 DE MARZO DE 2024 <a href=\"https:\/\/albal.es\/content-albal\/uploads\/2024\/03\/BOP-6-3-24.pdf\" rel=\"attachment wp-att-55273\">BOP 6-3-24<\/a><br \/><\/strong><\/p>\n<p>Si necesitas m\u00e1s informaci\u00f3n o tienes dudas, contacta con nosotr@s a trav\u00e9s de:<\/p>\n<ul>\n<li>663 966 389 &#8211; 600 91 94 90<\/li>\n<li>igualdad@albal.es &#8211; casaljove@albal.es<\/li>\n<\/ul>\n<p>Concesi\u00f3n premios: <a href=\"https:\/\/albal.es\/content-albal\/uploads\/2024\/05\/Edicto-correcto-tiktok.pdf\" rel=\"attachment wp-att-55921\">Edicto concurso \u2018Tiktokea por la igualdad\u2019<\/a><\/p>\n<p>[\/et_pb_accordion_item][\/et_pb_accordion][et_pb_text admin_label=\u00bbAyudas y convocatorias\u00bb module_class=\u00bbtit-seccion\u00bb _builder_version=\u00bb4.20.4&#8243; locked=\u00bboff\u00bb global_colors_info=\u00bb{}\u00bb]<\/p>\n<p>&nbsp;<\/p>\n<p><img decoding=\"async\" class=\"wp-image-47648 alignnone size-full lazyload\" data-src=\"https:\/\/albal.es\/content-albal\/uploads\/2023\/05\/portadas-JUV1.png\" alt=\"\" width=\"1586\" height=\"211\" data-srcset=\"https:\/\/albal.es\/content-albal\/uploads\/2023\/05\/portadas-JUV1.png 1586w, https:\/\/albal.es\/content-albal\/uploads\/2023\/05\/portadas-JUV1-1280x170.png 1280w, https:\/\/albal.es\/content-albal\/uploads\/2023\/05\/portadas-JUV1-980x130.png 980w, https:\/\/albal.es\/content-albal\/uploads\/2023\/05\/portadas-JUV1-480x64.png 480w\" data-sizes=\"(min-width: 0px) and (max-width: 480px) 480px, (min-width: 481px) and (max-width: 980px) 980px, (min-width: 981px) and (max-width: 1280px) 1280px, (min-width: 1281px) 1586px, 100vw\" src=\"data:image\/svg+xml;base64,PHN2ZyB3aWR0aD0iMSIgaGVpZ2h0PSIxIiB4bWxucz0iaHR0cDovL3d3dy53My5vcmcvMjAwMC9zdmciPjwvc3ZnPg==\" style=\"--smush-placeholder-width: 1586px; --smush-placeholder-aspect-ratio: 1586\/211;\" \/><\/p>\n<p>[\/et_pb_text][et_pb_accordion _builder_version=\u00bb4.27.4&#8243; _module_preset=\u00bbdefault\u00bb global_colors_info=\u00bb{}\u00bb][et_pb_accordion_item title=\u00bbConvocatoria de subvenciones a asociaciones juveniles 2025&#8243; open=\u00bbon\u00bb _builder_version=\u00bb4.27.4&#8243; _module_preset=\u00bbdefault\u00bb global_colors_info=\u00bb{}\u00bb]<\/p>\n<p>Consulta las bases: <a href=\"https:\/\/albal.es\/content-albal\/uploads\/2025\/07\/Bases-JUVENTUD_CAST_-_SEFYCU_6592462.pdf\" rel=\"attachment wp-att-60837\">Bases<\/a><\/p>\n<p><a href=\"https:\/\/albal.es\/content-albal\/uploads\/2025\/07\/Anexo-I-solicitud.pdf\" rel=\"attachment wp-att-60800\">Anexo I &#8211; instancia<\/a><\/p>\n<p><a href=\"https:\/\/albal.es\/content-albal\/uploads\/2025\/07\/Anexo_II-declaracion-responsable.pdf\" rel=\"attachment wp-att-60796\">Anexo II &#8211; declaraci\u00f3n responsable<\/a><\/p>\n<p><a href=\"https:\/\/albal.es\/content-albal\/uploads\/2025\/07\/Anexo-III-memoria-de-actividades.pdf\" rel=\"attachment wp-att-60798\">Anexo III &#8211; memoria de actividades<\/a><\/p>\n<p>PUBLICACI\u00d3N BOP 24\/07\/2025: <a href=\"https:\/\/albal.es\/content-albal\/uploads\/2025\/07\/2025_08721_ES.pdf\" rel=\"attachment wp-att-60958\">2025_08721<\/a><\/p>\n<p>[\/et_pb_accordion_item][et_pb_accordion_item title=\u00bbConvocatoria de subvenciones a asociaciones juveniles 2024&#8243; _builder_version=\u00bb4.27.0&#8243; _module_preset=\u00bbdefault\u00bb global_colors_info=\u00bb{}\u00bb open=\u00bboff\u00bb]<\/p>\n<p><strong><a href=\"https:\/\/albal.es\/content-albal\/uploads\/2024\/10\/BOP-associacions-juvenils-2024.pdf\" rel=\"attachment wp-att-57446\">Publicaci\u00f3n en el BOP y apertura del plazo<\/a><\/strong><\/p>\n<p><strong>BASES:<\/strong><\/p>\n<p><a href=\"https:\/\/albal.es\/content-albal\/uploads\/2024\/09\/Convocatoria-subvencions-associacions-juvenils-2024.pdf\" rel=\"attachment wp-att-57225\">Convocat\u00f2ria subvencions associacions juvenils 2024<\/a><\/p>\n<p><strong>ANEXOS<\/strong><\/p>\n<ul>\n<li>Anexo I: <a href=\"https:\/\/albal.es\/content-albal\/uploads\/2024\/09\/Anexo-I-solicitud.pdf\" rel=\"attachment wp-att-57227\">Anexo I Solicitud<\/a><\/li>\n<li>Anexo II: <a href=\"https:\/\/albal.es\/content-albal\/uploads\/2024\/09\/Anexo_II-declaracion-responsable.pdf\" rel=\"attachment wp-att-57229\">Anexo II Declaraci\u00f3n responsable<\/a><\/li>\n<li>Anexo III: <a href=\"https:\/\/albal.es\/content-albal\/uploads\/2024\/09\/Anexo-III-memoria-de-actividades.pdf\" rel=\"attachment wp-att-57231\">Anexo III Memoria de actividades<\/a><\/li>\n<\/ul>\n<p>[\/et_pb_accordion_item][et_pb_accordion_item title=\u00bbBono Cultural Joven 2023&#8243; _builder_version=\u00bb4.20.4&#8243; _module_preset=\u00bbdefault\u00bb global_colors_info=\u00bb{}\u00bb open=\u00bboff\u00bb]<\/p>\n<p><strong>\u00bfEste a\u00f1o cumples 18? \u00a1Ya puedes solicitar el Bono Cultural Joven!<\/strong><\/p>\n<p>Se trata de una ayuda directa de <strong>400 euros<\/strong> a quienes <span class=\"subrayado\">cumplen 18 a\u00f1os<\/span> para adquirir y disfrutar de<strong> productos y actividades culturales<\/strong>.<\/p>\n<p class=\"p-large blanco\">El Bono Cultural Joven <span class=\"amarillo\">solamente funciona en las empresas que forman parte del programa. <\/span> Aunque sean culturales, si no est\u00e1n adheridas, el Bono no funcionar\u00e1 en ellas. <span class=\"amarillo\">Consulta <a class=\"amarillo\" href=\"https:\/\/beneficiarios.bonoculturajoven.gob.es\/entidades-adheridas\">aqu\u00ed<\/a> la <strong>lista de empresas y entidades adheridas<\/strong>.<\/span><\/p>\n<ul class=\"p-large blanco\">\n<li><span class=\"amarillo\">200 euros para artes en vivo, patrimonio cultural y artes audiovisuales.<\/span> Por ejemplo, entradas y abonos para artes esc\u00e9nicas, m\u00fasica en directo, cine, museos, bibliotecas, exposiciones y festivales esc\u00e9nicos, literarios, musicales o audiovisuales. <\/p>\n<\/li>\n<li><span class=\"amarillo\">100 euros para productos culturales en soporte f\u00edsico.<\/span> Por ejemplo, libros, revistas, prensa, u otras publicaciones peri\u00f3dicas; videojuegos, partituras, discos, CD, DVD o <em>Blu-ray<\/em>.\n<\/li>\n<li><span class=\"amarillo\">100 euros para consumo digital o en l\u00ednea. <\/span> Por ejemplo, suscripciones y alquileres a plataformas musicales, de lectura o audiolectura, o audiovisuales, compra de audiolibros, compra de libros digitales <em>(e-books)<\/em>, suscripci\u00f3n para descarga de archivos multimedia <em>(podcasts)<\/em>, suscripciones a videojuegos en l\u00ednea, suscripciones digitales a prensa, revistas u otras publicaciones peri\u00f3dicas.<\/li>\n<\/ul>\n<p>Consulta toda la informaci\u00f3n a trav\u00e9s de <a href=\"https:\/\/beneficiarios.2023.bonoculturajoven.gob.es\/\">https:\/\/beneficiarios.2023.bonoculturajoven.gob.es\/<\/a><\/p>\n<p><strong>Plazo: 30 de septiembre de 2023<\/strong><\/p>\n<p><img decoding=\"async\" class=\"wp-image-48298 alignnone size-full lazyload\" data-src=\"https:\/\/albal.es\/content-albal\/uploads\/2023\/06\/120623-bono-cultural-joven.jpg\" alt=\"\" width=\"720\" height=\"480\" data-srcset=\"https:\/\/albal.es\/content-albal\/uploads\/2023\/06\/120623-bono-cultural-joven.jpg 720w, https:\/\/albal.es\/content-albal\/uploads\/2023\/06\/120623-bono-cultural-joven-480x320.jpg 480w\" data-sizes=\"(min-width: 0px) and (max-width: 480px) 480px, (min-width: 481px) 720px, 100vw\" src=\"data:image\/svg+xml;base64,PHN2ZyB3aWR0aD0iMSIgaGVpZ2h0PSIxIiB4bWxucz0iaHR0cDovL3d3dy53My5vcmcvMjAwMC9zdmciPjwvc3ZnPg==\" style=\"--smush-placeholder-width: 720px; --smush-placeholder-aspect-ratio: 720\/480;\" \/><\/p>\n<p>[\/et_pb_accordion_item][et_pb_accordion_item title=\u00bbBono Cultural Joven 2024. Hasta el 16 de septiembre\u00bb _builder_version=\u00bb4.25.2&#8243; _module_preset=\u00bbdefault\u00bb global_colors_info=\u00bb{}\u00bb open=\u00bboff\u00bb]<\/p>\n<p>El <strong>Bono Cultural Joven<\/strong> es una ayuda directa de <strong>400 euros a quienes cumplen 18 a\u00f1os durante el a\u00f1o de publicaci\u00f3n de la convocatoria<\/strong> para adquirir y disfrutar de productos y actividades culturales. <\/p>\n<p>El <strong>plazo de solicitud<\/strong> para las personas nacidas en 2006 comienza el d\u00eda 17 de junio y<strong> finaliza el 16 de septiembre de 2024.<\/strong><\/p>\n<p>Si quieres<strong> solicitar<\/strong> el Bono Cultural Joven 2024, entra en <strong>este <a title=\"Ventana nueva\" href=\"https:\/\/beneficiarios.2024.bonoculturajoven.gob.es\/\" target=\"_blank\" rel=\"noopener noreferrer\">enlace<\/a><\/strong>\u00a0y cumplimenta tu solicitud.<\/p>\n<p>El objetivo es triple: ofrecer\u00a0a quienes cumplen 18 a\u00f1os\u00a0un impulso econ\u00f3mico para descubrir y disfrutar de la\u00a0cultura, en todas sus disciplinas; generar h\u00e1bitos de consumo de productos culturales entre la juventud; y en tercer lugar, revitalizar y dinamizar el sector cultural en Espa\u00f1a, muy castigado durante la pandemia.<\/p>\n<p>El Bono Cultural Joven solamente funciona en entidades adheridas.\u00a0<\/p>\n<p>El Bono Cultural Joven es una tarjeta prepago virtual para tel\u00e9fonos m\u00f3viles. Si no tienes un tel\u00e9fono con tecnolog\u00eda de pago, podr\u00e1s pedir tu Bono Cultural en formato f\u00edsico a la hora de hacer tu solicitud.<\/p>\n<p>La tarjeta es personal e intransferible, y solamente funcionar\u00e1 en los comercios, empresas y entidades adheridas.<\/p>\n<p>Desde el momento de su concesi\u00f3n, podr\u00e1s usar los 400\u20ac durante los 12 meses siguientes.<\/p>\n<p>Recuerda: solamente podr\u00e1s adquirir los productos incluidos anteriormente descritos, y muy importante,\u00a0tienes que pedir siempre un ticket con cada compra que deber\u00e1s subir a la app del Bono Cultural Joven.<\/p>\n<p><img decoding=\"async\" class=\"wp-image-56449 alignnone size-full lazyload\" data-src=\"https:\/\/albal.es\/content-albal\/uploads\/2024\/06\/6672a7d9a3eb5.r_d.971-311-8504.jpeg\" alt=\"\" width=\"1200\" height=\"525\" data-srcset=\"https:\/\/albal.es\/content-albal\/uploads\/2024\/06\/6672a7d9a3eb5.r_d.971-311-8504.jpeg 1200w, https:\/\/albal.es\/content-albal\/uploads\/2024\/06\/6672a7d9a3eb5.r_d.971-311-8504-980x429.jpeg 980w, https:\/\/albal.es\/content-albal\/uploads\/2024\/06\/6672a7d9a3eb5.r_d.971-311-8504-480x210.jpeg 480w\" data-sizes=\"(min-width: 0px) and (max-width: 480px) 480px, (min-width: 481px) and (max-width: 980px) 980px, (min-width: 981px) 1200px, 100vw\" src=\"data:image\/svg+xml;base64,PHN2ZyB3aWR0aD0iMSIgaGVpZ2h0PSIxIiB4bWxucz0iaHR0cDovL3d3dy53My5vcmcvMjAwMC9zdmciPjwvc3ZnPg==\" style=\"--smush-placeholder-width: 1200px; --smush-placeholder-aspect-ratio: 1200\/525;\" \/><\/p>\n<p>[\/et_pb_accordion_item][et_pb_accordion_item title=\u00bbConvocatoria de subvenciones a asociaciones juveniles 2023&#8243; _builder_version=\u00bb4.23.1&#8243; _module_preset=\u00bbdefault\u00bb global_colors_info=\u00bb{}\u00bb open=\u00bboff\u00bb]<\/p>\n<p>BASES<\/p>\n<p><a href=\"https:\/\/albal.es\/content-albal\/uploads\/2023\/07\/Bases-convocatoria-asociaciones-juveniles-2023.pdf\" rel=\"attachment wp-att-49903\">Bases convocatoria asociaciones juveniles 2023<\/a><\/p>\n<p><a href=\"https:\/\/albal.es\/content-albal\/uploads\/2023\/08\/2023_11225_ES.pdf\" rel=\"attachment wp-att-50500\">Publicaci\u00f3n BOP 21-08-2023<\/a><\/p>\n<p>ANEXOS<\/p>\n<p><a href=\"https:\/\/albal.es\/content-albal\/uploads\/2023\/07\/Anexo-I-solicitud.pdf\" rel=\"attachment wp-att-49891\">Anexo I. Solicitud<\/a><\/p>\n<p><a href=\"https:\/\/albal.es\/content-albal\/uploads\/2023\/07\/Anexo_II-declaracion-responsable.pdf\" rel=\"attachment wp-att-49893\">Anexo II. Declaraci\u00f3n responsable<\/a><\/p>\n<p><a href=\"https:\/\/albal.es\/content-albal\/uploads\/2023\/07\/Anexo-III-memoria-de-actividades.pdf\" rel=\"attachment wp-att-49895\">Anexo III. Memoria de actividades<\/a><\/p>\n<p><a href=\"https:\/\/albal.es\/content-albal\/uploads\/2023\/07\/Relacion-de-facturas.pdf\" rel=\"attachment wp-att-49897\">Relaci\u00f3n de facturas<\/a><\/p>\n<p>CONCESI\u00d3N DEL 50%<\/p>\n<p><a href=\"https:\/\/albal.es\/content-albal\/uploads\/2023\/11\/Concesion-50-subvencion-asociaciones-juveniles.pdf\" rel=\"attachment wp-att-52223\">Concesi\u00f3n 50% subvenci\u00f3n de asociaciones juveniles<\/a><\/p>\n<p><a href=\"https:\/\/albal.es\/content-albal\/uploads\/2023\/12\/Edicto-subvencion-asoc-juv-restante-50.pdf\" rel=\"attachment wp-att-53530\">Concesi\u00f3n del restante 50% de la subvenci\u00f3n<\/a><\/p>\n<p>[\/et_pb_accordion_item][et_pb_accordion_item title=\u00bbDescuentos transporte p\u00fablico &#8211; Verano 2023&#8243; _builder_version=\u00bb4.20.4&#8243; _module_preset=\u00bbdefault\u00bb global_colors_info=\u00bb{}\u00bb open=\u00bboff\u00bb]<\/p>\n<p><strong>Si tienes entre 18 y 30 a\u00f1os, viajar en transporte p\u00fablico este verano tiene un descuento de hasta el 90%<\/strong>, tanto por Espa\u00f1a como por Europa.<\/p>\n<p>Las rebajas se aplicar\u00e1n en los billetes sencillos de ida y vuelta de los trenes y de los autobuses de titularidad estatal y de los pases Interra\u00efl que tengan fecha para<strong> viajar entre el 15 de junio y el 15 de septiembre de 2023<\/strong>.<\/p>\n<p>Para beneficiarte tienes que registrarte, al menos, 24 horas antes de realizar la primera compra para comprobar que se cumplen los requisitos de elegibilidad.<\/p>\n<p><strong>Inf\u00f3rmate y solic\u00edtalo<\/strong> aqu\u00ed: <a href=\"https:\/\/mitma.gob.es\/transporte_terrestre\/verano-joven\">https:\/\/mitma.gob.es\/transporte_terrestre\/verano-joven<\/a><\/p>\n<p><img decoding=\"async\" class=\"wp-image-48306 size-large lazyload\" data-src=\"https:\/\/albal.es\/content-albal\/uploads\/2023\/06\/infografia_verano_joven_horizontal_separado_01-1024x558.jpg\" alt=\"\" width=\"1024\" height=\"558\" data-srcset=\"https:\/\/albal.es\/content-albal\/uploads\/2023\/06\/infografia_verano_joven_horizontal_separado_01-980x534.jpg 980w, https:\/\/albal.es\/content-albal\/uploads\/2023\/06\/infografia_verano_joven_horizontal_separado_01-480x261.jpg 480w\" data-sizes=\"(min-width: 0px) and (max-width: 480px) 480px, (min-width: 481px) and (max-width: 980px) 980px, (min-width: 981px) 1024px, 100vw\" src=\"data:image\/svg+xml;base64,PHN2ZyB3aWR0aD0iMSIgaGVpZ2h0PSIxIiB4bWxucz0iaHR0cDovL3d3dy53My5vcmcvMjAwMC9zdmciPjwvc3ZnPg==\" style=\"--smush-placeholder-width: 1024px; --smush-placeholder-aspect-ratio: 1024\/558;\" \/><\/p>\n<p>[\/et_pb_accordion_item][et_pb_accordion_item title=\u00bbBono alquiler joven 2023&#8243; _builder_version=\u00bb4.20.4&#8243; _module_preset=\u00bbdefault\u00bb global_colors_info=\u00bb{}\u00bb open=\u00bboff\u00bb]<\/p>\n<p>Consulta las <a href=\"https:\/\/dogv.gva.es\/datos\/2023\/04\/28\/pdf\/2023_4401.pdf\" target=\"_blank\" rel=\"noopener\">bases reguladoras y la convocatoria del Bono Alquiler Joven para el ejercicio 2023<\/a>.<\/p>\n<p>El plazo de presentaci\u00f3n de la solicitud del Bono Alquiler Joven permanecer\u00e1 abierto con car\u00e1cter continuado y permanente <strong>hasta el d\u00eda 2 de junio de 2023.<\/strong><\/p>\n<p><img decoding=\"async\" class=\"wp-image-47634 alignnone size-large lazyload\" data-src=\"https:\/\/albal.es\/content-albal\/uploads\/2023\/05\/Cartel-bono-joven-2023-28-4-2023-724x1024.jpg\" alt=\"\" width=\"724\" height=\"1024\" data-srcset=\"https:\/\/albal.es\/content-albal\/uploads\/2023\/05\/Cartel-bono-joven-2023-28-4-2023-724x1024.jpg 724w, https:\/\/albal.es\/content-albal\/uploads\/2023\/05\/Cartel-bono-joven-2023-28-4-2023-480x679.jpg 480w\" data-sizes=\"(min-width: 0px) and (max-width: 480px) 480px, (min-width: 481px) 724px, 100vw\" src=\"data:image\/svg+xml;base64,PHN2ZyB3aWR0aD0iMSIgaGVpZ2h0PSIxIiB4bWxucz0iaHR0cDovL3d3dy53My5vcmcvMjAwMC9zdmciPjwvc3ZnPg==\" style=\"--smush-placeholder-width: 724px; --smush-placeholder-aspect-ratio: 724\/1024;\" \/><\/p>\n<p>[\/et_pb_accordion_item][et_pb_accordion_item title=\u00bbProyecto europeo &#8216;Girls4tech'\u00bb _builder_version=\u00bb4.20.4&#8243; _module_preset=\u00bbdefault\u00bb global_colors_info=\u00bb{}\u00bb open=\u00bboff\u00bb]<\/p>\n<p><img decoding=\"async\" class=\"r48jcc pT0Scc iPVvYb lazyload\" data-src=\"https:\/\/womenfortech.eu\/wp-content\/uploads\/2023\/05\/logo-Girls4Tech-Erasmus.png\" alt=\"Proyectos \u2013 Women For Tech\" width=\"86\" height=\"86\" aria-hidden=\"false\" src=\"data:image\/svg+xml;base64,PHN2ZyB3aWR0aD0iMSIgaGVpZ2h0PSIxIiB4bWxucz0iaHR0cDovL3d3dy53My5vcmcvMjAwMC9zdmciPjwvc3ZnPg==\" style=\"--smush-placeholder-width: 86px; --smush-placeholder-aspect-ratio: 86\/86;\" \/><\/p>\n<p>El <strong>proyecto GIRLS4TECH<\/strong>, financiado por el programa Erasmus+ y coordinado por la Fundaci\u00f3n Finnova, est\u00e1 integrado por los ayuntamientos de Benaguasil, Puzol y Albal.<\/p>\n<p><img decoding=\"async\" class=\"wp-image-48603 alignnone lazyload\" data-src=\"https:\/\/albal.es\/content-albal\/uploads\/2023\/06\/1a-reunio-300x169.png\" alt=\"\" width=\"410\" height=\"231\" src=\"data:image\/svg+xml;base64,PHN2ZyB3aWR0aD0iMSIgaGVpZ2h0PSIxIiB4bWxucz0iaHR0cDovL3d3dy53My5vcmcvMjAwMC9zdmciPjwvc3ZnPg==\" style=\"--smush-placeholder-width: 410px; --smush-placeholder-aspect-ratio: 410\/231;\" \/><\/p>\n<p>Este proyecto se presenta como una oportunidad de desarrollo local <strong>liderado por la juventud, en concreto por las ni\u00f1as, desde la innovaci\u00f3n y la tecnolog\u00eda<\/strong>.\u00a0<br \/>La ense\u00f1anza de materias STEM (<em>science, technology, engineering and mathematics<\/em>, por sus siglas en ingl\u00e9s) es una de las prioridades en educaci\u00f3n, no solo para el programa Erasmus si no para el sistema educativo en general. Estas se presentan como el futuro del mundo laboral, entendiendo que la tecnolog\u00eda y la digitalizaci\u00f3n cobran un papel cada vez m\u00e1s importante en nuestras vidas.<\/p>\n<p>El objetivo principal de GIRLS4TECH es fomentar la participaci\u00f3n de la juventud en el desarrollo de sus propios municipios a trav\u00e9s de la identificaci\u00f3n de los retos a los que se enfrenta y la b\u00fasqueda de soluciones basadas en la innovaci\u00f3n y la tecnolog\u00eda. Asimismo, pondr\u00e1 a las ni\u00f1as a la cabeza de estas iniciativas fomentando as\u00ed el emprendimiento y el liderazgo femenino con el objetivo, entre otros, de fomentar su inter\u00e9s y participaci\u00f3n en las materias STEM.\u00a0<\/p>\n<p>\u00a0<img decoding=\"async\" class=\"wp-image-48605 alignnone lazyload\" data-src=\"https:\/\/albal.es\/content-albal\/uploads\/2023\/06\/330420853_2247242512146392_7047522559845454554_n-300x208.jpg\" alt=\"\" width=\"325\" height=\"225\" src=\"data:image\/svg+xml;base64,PHN2ZyB3aWR0aD0iMSIgaGVpZ2h0PSIxIiB4bWxucz0iaHR0cDovL3d3dy53My5vcmcvMjAwMC9zdmciPjwvc3ZnPg==\" style=\"--smush-placeholder-width: 325px; --smush-placeholder-aspect-ratio: 325\/225;\" \/><img decoding=\"async\" class=\"wp-image-48607 alignnone size-medium lazyload\" data-src=\"https:\/\/albal.es\/content-albal\/uploads\/2023\/06\/334149537_1454823801920451_2264032916577741879_n-300x225.jpg\" alt=\"\" width=\"300\" height=\"225\" src=\"data:image\/svg+xml;base64,PHN2ZyB3aWR0aD0iMSIgaGVpZ2h0PSIxIiB4bWxucz0iaHR0cDovL3d3dy53My5vcmcvMjAwMC9zdmciPjwvc3ZnPg==\" style=\"--smush-placeholder-width: 300px; --smush-placeholder-aspect-ratio: 300\/225;\" \/><img decoding=\"async\" class=\"wp-image-48609 alignnone size-medium lazyload\" data-src=\"https:\/\/albal.es\/content-albal\/uploads\/2023\/06\/WhatsApp-Image-2023-06-12-at-11.48.39-300x225.jpeg\" alt=\"\" width=\"300\" height=\"225\" src=\"data:image\/svg+xml;base64,PHN2ZyB3aWR0aD0iMSIgaGVpZ2h0PSIxIiB4bWxucz0iaHR0cDovL3d3dy53My5vcmcvMjAwMC9zdmciPjwvc3ZnPg==\" style=\"--smush-placeholder-width: 300px; --smush-placeholder-aspect-ratio: 300\/225;\" \/><img decoding=\"async\" class=\"wp-image-48611 alignnone lazyload\" data-src=\"https:\/\/albal.es\/content-albal\/uploads\/2023\/06\/WhatsApp-Image-2023-06-12-at-12.13.48-300x146.jpeg\" alt=\"\" width=\"409\" height=\"199\" src=\"data:image\/svg+xml;base64,PHN2ZyB3aWR0aD0iMSIgaGVpZ2h0PSIxIiB4bWxucz0iaHR0cDovL3d3dy53My5vcmcvMjAwMC9zdmciPjwvc3ZnPg==\" style=\"--smush-placeholder-width: 409px; --smush-placeholder-aspect-ratio: 409\/199;\" \/><\/p>\n<p>[\/et_pb_accordion_item][et_pb_accordion_item title=\u00bbJOOP (Jove Oportunitat)\u00bb _builder_version=\u00bb4.20.4&#8243; _module_preset=\u00bbdefault\u00bb global_colors_info=\u00bb{}\u00bb open=\u00bboff\u00bb]<\/p>\n<div><strong>Jove Oportunitat &#8211;\u00a0JOOP<\/strong> es un programa dise\u00f1ado y organizado <strong>para motivar y orientar a j\u00f3venes de entre 16 y 21 a\u00f1os que han abandonado los estudios<\/strong>.<\/div>\n<div>\u00a0<\/div>\n<div>El objetivo es conseguir que j\u00f3venes que ni estudian ni trabajan se activen y quieran construir su propio proyecto de vida, a trav\u00e9s de una intervenci\u00f3n que trabaje sobre su motivaci\u00f3n, refuerce su autoestima y les ayude a construir ese proyecto. <picture data-fileentryid=\"370206422\"><source data-srcset=\"\/o\/adaptive-media\/image\/370206422\/l\/JOOP-2023-CARTEL_600x849+%283%29.png?t=1677591442242\" media=\"(max-width:400px)\" \/><source data-srcset=\"\/o\/adaptive-media\/image\/370206422\/m\/JOOP-2023-CARTEL_600x849+%283%29.png?t=1677591442242\" media=\"(max-width:400px) and (min-width:400px)\" \/><source data-srcset=\"\/o\/adaptive-media\/image\/370206422\/s\/JOOP-2023-CARTEL_600x849+%283%29.png?t=1677591442242\" media=\"(max-width:400px) and (min-width:400px)\" \/><source data-srcset=\"\/o\/adaptive-media\/image\/370206422\/xl\/JOOP-2023-CARTEL_600x849+%283%29.png?t=1677591442242\" media=\"(max-width:400px) and (min-width:400px)\" \/><source data-srcset=\"\/o\/adaptive-media\/image\/370206422\/xxl\/JOOP-2023-CARTEL_600x849+%283%29.png?t=1677591442242\" media=\"(max-width:400px) and (min-width:400px)\" \/><img decoding=\"async\" data-src=\"https:\/\/ivaj.gva.es\/documents\/164427600\/0\/JOOP-2023-CARTEL_600x849+%283%29.png\/1e2e0db4-98f3-655c-e52f-cdd32512d68d?t=1677591442242\" alt=\"\" src=\"data:image\/svg+xml;base64,PHN2ZyB3aWR0aD0iMSIgaGVpZ2h0PSIxIiB4bWxucz0iaHR0cDovL3d3dy53My5vcmcvMjAwMC9zdmciPjwvc3ZnPg==\" class=\"lazyload\" \/><\/picture><\/div>\n<div>\u00a0<\/div>\n<div>La herramienta pedag\u00f3gica utilizada es el coaching actitudinal, en grupos de hasta 15 participantes. Se les proporcionar\u00e1 orientaci\u00f3n sobre las diferentes familias profesionales de la FP, desde un enfoque pr\u00e1ctico, visitando empresas, donde les mostrar\u00e1n el trabajo real al que lleva cada titulaci\u00f3n y puedan descubrir su vocaci\u00f3n.<\/div>\n<div>\u00a0<\/div>\n<div>Para aquellas personas j\u00f3venes que no hubieran terminado la ESO, JOOP les ofrece un m\u00f3dulo de formaci\u00f3n acad\u00e9mica para preparar la prueba de acceso a la FP de Grado Medio.<\/div>\n<div>\u00a0<\/div>\n<div>\n<p>Tambi\u00e9n se realizan salidas socioculturales combinadas con la orientaci\u00f3n. Una vez avanzado el programa, se les ofrecer\u00e1 preparaci\u00f3n para la prueba de acceso a un grado medio de FP o la posibilidad de una oferta de formaci\u00f3n acorde a su nivel.<\/p>\n<\/div>\n<div>\n<p>Acude al departamento de juventud de tu Ayuntamiento o a tu centro\u00a0<a href=\"https:\/\/labora.gva.es\/es\/ciutadania\" target=\"_blank\" rel=\"noopener\">Labora<\/a> m\u00e1s cercano y pregunta por JOOP.<\/p>\n<p>Si necesitas m\u00e1s informaci\u00f3n sobre el programa puedes contactar a trav\u00e9s del correo <a href=\"mailto:inscripcions@joveoportunitat.es\">inscripcions@joveoportunitat.es<\/a> o la cuenta de Instagram @joveoportunitat<\/p>\n<\/div>\n<p>[\/et_pb_accordion_item][et_pb_accordion_item title=\u00bbBolsa de trabajo de dinamizador\/a juvenil\u00bb _builder_version=\u00bb4.20.4&#8243; _module_preset=\u00bbdefault\u00bb global_colors_info=\u00bb{}\u00bb open=\u00bboff\u00bb]<\/p>\n<p>La Mancomunidad de l\u2019Horta Sud ha abierto una convocatoria para la creaci\u00f3n de una <strong>bolsa de dinamizadoras y dinamizadores juveniles<\/strong>.<\/p>\n<p>Consulta las <a href=\"https:\/\/mancohortasud.es\/atencio-a-la-ciutadania\/recursos-humans\/ofertes-docupacio\/convocatoria-per-a-la-creacio-duna-borsa-de-treball-de-dinamitzador-de-joventut\/\"><strong>bases<\/strong><\/a> y los requisitos para presentarte. <strong>El plazo finaliza el 22 de diciembre de 2022.<\/strong><\/p>\n<p>Si tienes cualquier duda, puedes contactar con el departamento de juventud tanto de la mancomunidad como de Albal, a trav\u00e9s de los contactos que aparecen a continuaci\u00f3n:<\/p>\n<p><img decoding=\"async\" class=\"wp-image-47501 alignnone size-large lazyload\" data-src=\"https:\/\/albal.es\/content-albal\/uploads\/2023\/05\/borsa-dinamitzadora-juvenil-1024x1024.jpg\" alt=\"\" width=\"1024\" height=\"1024\" data-srcset=\"https:\/\/albal.es\/content-albal\/uploads\/2023\/05\/borsa-dinamitzadora-juvenil-1024x1024.jpg 1024w, https:\/\/albal.es\/content-albal\/uploads\/2023\/05\/borsa-dinamitzadora-juvenil-980x980.jpg 980w, https:\/\/albal.es\/content-albal\/uploads\/2023\/05\/borsa-dinamitzadora-juvenil-480x480.jpg 480w\" data-sizes=\"(min-width: 0px) and (max-width: 480px) 480px, (min-width: 481px) and (max-width: 980px) 980px, (min-width: 981px) 1024px, 100vw\" src=\"data:image\/svg+xml;base64,PHN2ZyB3aWR0aD0iMSIgaGVpZ2h0PSIxIiB4bWxucz0iaHR0cDovL3d3dy53My5vcmcvMjAwMC9zdmciPjwvc3ZnPg==\" style=\"--smush-placeholder-width: 1024px; --smush-placeholder-aspect-ratio: 1024\/1024;\" \/><\/p>\n<p>[\/et_pb_accordion_item][et_pb_accordion_item title=\u00bbPremios &#8216;No em toques el WhatsApp'\u00bb _builder_version=\u00bb4.20.4&#8243; _module_preset=\u00bbdefault\u00bb global_colors_info=\u00bb{}\u00bb open=\u00bboff\u00bb]<\/p>\n<p lang=\"es-ES\" align=\"justify\">Se trata de una convocatoria de premios para <strong>promover la igualdad y prevenir la violencia contra las mujeres<\/strong>, especialmente entre j\u00f3venes.<\/p>\n<p lang=\"es-ES\" align=\"justify\">Pueden participar <strong>j\u00f3venes de entre 14 y 24 a\u00f1os<\/strong>, residentes en la Comunitat Valenciana, de manera individual o en grupo.<\/p>\n<p lang=\"es-ES\" align=\"justify\">Se establecen 6 modalidades: fotograf\u00eda, video, artes esc\u00e9nicas, m\u00fasica, microrelato y artes pl\u00e1sticas.<\/p>\n<p lang=\"es-ES\" align=\"justify\"><strong>\u00a1An\u00edmate y participa antes del 14 de octubre de 2022!<\/strong><\/p>\n<p lang=\"es-ES\" align=\"justify\">Toda la informaci\u00f3n la encontrar\u00e1s en esta <a href=\"https:\/\/mimporta.info\/convocatoria-no-em-toques-el-whatsapp\/\">p\u00e1gina web<\/a>.<\/p>\n<p lang=\"es-ES\" align=\"justify\"><img decoding=\"async\" class=\"wp-image-31964 alignnone size-medium lazyload\" data-src=\"https:\/\/albal.es\/content-albal\/uploads\/2022\/07\/imatge-no-em-toques-el-whatsapp-300x300.png\" alt=\"\" width=\"300\" height=\"300\" src=\"data:image\/svg+xml;base64,PHN2ZyB3aWR0aD0iMSIgaGVpZ2h0PSIxIiB4bWxucz0iaHR0cDovL3d3dy53My5vcmcvMjAwMC9zdmciPjwvc3ZnPg==\" style=\"--smush-placeholder-width: 300px; --smush-placeholder-aspect-ratio: 300\/300;\" \/><\/p>\n<p>[\/et_pb_accordion_item][et_pb_accordion_item title=\u00bbConvocatoria subvenci\u00f3n a asociaciones juveniles 2022&#8243; _builder_version=\u00bb4.20.4&#8243; _module_preset=\u00bbdefault\u00bb global_colors_info=\u00bb{}\u00bb open=\u00bboff\u00bb]<\/p>\n<p><a class=\"pdf\" href=\"https:\/\/albal.es\/content-albal\/uploads\/2022\/06\/CONVOCATORIA-DILIGENCIADA-SUBVENCION-ASOCIACIONES-JUVENILES-2022.pdf\" target=\"_blank\" rel=\"noopener\">CONVOCATORIA SUBVENCION ASOCIACIONES JUVENILES 2022<\/a><\/p>\n<p>[\/et_pb_accordion_item][et_pb_accordion_item title=\u00bbBono alquiler joven 2022&#8243; _builder_version=\u00bb4.20.4&#8243; _module_preset=\u00bbdefault\u00bb global_colors_info=\u00bb{}\u00bb open=\u00bboff\u00bb]<\/p>\n<p lang=\"es-ES\" align=\"justify\"><strong>\u00bfNecesitas ayuda con el alquiler?<\/strong><\/p>\n<p lang=\"es-ES\" align=\"justify\">Si tienes menos de 35 a\u00f1os y cumples los requisitos, \u00a1\u00e9sta es tu oportunidad!<\/p>\n<p lang=\"es-ES\" align=\"justify\">Consulta toda la informaci\u00f3n <a href=\"https:\/\/gva.es\/es\/inicio\/procedimientos?id_proc=22540#p\u2080\">AQU\u00cd<\/a>.<\/p>\n<p lang=\"es-ES\" align=\"justify\">El plazo de presentaci\u00f3n para solicitar el Bono Alquiler Joven permanecer\u00e1 abierto hasta el <strong>31 de octubre de 2022 a las 14:00 horas.<\/strong><\/p>\n<p lang=\"es-ES\" align=\"justify\"><img decoding=\"async\" class=\"wp-image-31966 alignnone size-large lazyload\" data-src=\"https:\/\/albal.es\/content-albal\/uploads\/2022\/07\/Cartel-Bono-Alquiler-Joven-2022-724x1024.jpg\" alt=\"\" width=\"724\" height=\"1024\" src=\"data:image\/svg+xml;base64,PHN2ZyB3aWR0aD0iMSIgaGVpZ2h0PSIxIiB4bWxucz0iaHR0cDovL3d3dy53My5vcmcvMjAwMC9zdmciPjwvc3ZnPg==\" style=\"--smush-placeholder-width: 724px; --smush-placeholder-aspect-ratio: 724\/1024;\" \/><\/p>\n<p>[\/et_pb_accordion_item][\/et_pb_accordion][et_pb_text admin_label=\u00bbRecursos e informaci\u00f3n juvenil\u00bb module_class=\u00bbtit-seccion\u00bb _builder_version=\u00bb4.20.4&#8243; locked=\u00bboff\u00bb global_colors_info=\u00bb{}\u00bb]<\/p>\n<p>&nbsp;<\/p>\n<p><img decoding=\"async\" class=\"wp-image-47650 alignnone size-full lazyload\" data-src=\"https:\/\/albal.es\/content-albal\/uploads\/2023\/05\/portadas-JUV2.png\" alt=\"\" width=\"1586\" height=\"205\" data-srcset=\"https:\/\/albal.es\/content-albal\/uploads\/2023\/05\/portadas-JUV2.png 1586w, https:\/\/albal.es\/content-albal\/uploads\/2023\/05\/portadas-JUV2-1280x165.png 1280w, https:\/\/albal.es\/content-albal\/uploads\/2023\/05\/portadas-JUV2-980x127.png 980w, https:\/\/albal.es\/content-albal\/uploads\/2023\/05\/portadas-JUV2-480x62.png 480w\" data-sizes=\"(min-width: 0px) and (max-width: 480px) 480px, (min-width: 481px) and (max-width: 980px) 980px, (min-width: 981px) and (max-width: 1280px) 1280px, (min-width: 1281px) 1586px, 100vw\" src=\"data:image\/svg+xml;base64,PHN2ZyB3aWR0aD0iMSIgaGVpZ2h0PSIxIiB4bWxucz0iaHR0cDovL3d3dy53My5vcmcvMjAwMC9zdmciPjwvc3ZnPg==\" style=\"--smush-placeholder-width: 1586px; --smush-placeholder-aspect-ratio: 1586\/205;\" \/><\/p>\n<p>[\/et_pb_text][et_pb_accordion _builder_version=\u00bb4.27.4&#8243; _module_preset=\u00bbdefault\u00bb global_colors_info=\u00bb{}\u00bb][et_pb_accordion_item title=\u00bb#RecomiendaJoven\u00bb open=\u00bbon\u00bb _builder_version=\u00bb4.27.4&#8243; _module_preset=\u00bbdefault\u00bb global_colors_info=\u00bb{}\u00bb]<\/p>\n<p>Con motivo del D\u00eda Internacional del Libro del pr\u00f3ximo 23 de abril, hemos preparado la campa\u00f1a #RecomiendaJoven.<\/p>\n<p>Con ella animamos a j\u00f3venes entre 12 y 30 a\u00f1os a enviar al Casal Jove recomendaciones sobre sus libros favoritos y, de esa manera, elaborar un flyer que recopile todas las recomendaciones.<\/p>\n<p>Para trasladarnos tu lectura favorita, env\u00edanos un Whatsapp a trav\u00e9s del 600 91 94 90 o al Instagram @casaljovealbal del Casal Jove abans del 15 de abril!<\/p>\n<p><img decoding=\"async\" class=\"wp-image-59603 alignnone size-full lazyload\" data-src=\"https:\/\/albal.es\/content-albal\/uploads\/2025\/04\/RecomanaJove-Post-de-Instagram.jpg\" alt=\"\" width=\"1080\" height=\"1080\" data-srcset=\"https:\/\/albal.es\/content-albal\/uploads\/2025\/04\/RecomanaJove-Post-de-Instagram.jpg 1080w, https:\/\/albal.es\/content-albal\/uploads\/2025\/04\/RecomanaJove-Post-de-Instagram-980x980.jpg 980w, https:\/\/albal.es\/content-albal\/uploads\/2025\/04\/RecomanaJove-Post-de-Instagram-480x480.jpg 480w\" data-sizes=\"(min-width: 0px) and (max-width: 480px) 480px, (min-width: 481px) and (max-width: 980px) 980px, (min-width: 981px) 1080px, 100vw\" src=\"data:image\/svg+xml;base64,PHN2ZyB3aWR0aD0iMSIgaGVpZ2h0PSIxIiB4bWxucz0iaHR0cDovL3d3dy53My5vcmcvMjAwMC9zdmciPjwvc3ZnPg==\" style=\"--smush-placeholder-width: 1080px; --smush-placeholder-aspect-ratio: 1080\/1080;\" \/><\/p>\n<p>[\/et_pb_accordion_item][et_pb_accordion_item title=\u00bbAgenda Joven 2022 &#8211; 2023&#8243; _builder_version=\u00bb4.20.4&#8243; _module_preset=\u00bbdefault\u00bb global_colors_info=\u00bb{}\u00bb open=\u00bboff\u00bb]<\/p>\n<p lang=\"ca-ES\" align=\"justify\"><span style=\"font-family: Arial, serif;\"><strong>\u00a1Ya tenemos la agenda escolar 2022\/2023!<\/strong><\/span><\/p>\n<p>Bajo el lema \u00abEl placer de informarse\u00bb, trasladamos el servicio de orientaci\u00f3n sexual a la agenda, donde se informa en materia de educaci\u00f3n sexual y muchas cosas m\u00e1s relacionadas con la juventud y la red.<\/p>\n<p>Puedes pasar a recogerla al Casal Jove.<\/p>\n<p><img decoding=\"async\" class=\"wp-image-34037 alignnone size-medium lazyload\" data-src=\"https:\/\/albal.es\/content-albal\/uploads\/2022\/09\/302242200_10159472914843915_1188413303959415407_n-300x300.jpg\" alt=\"\" width=\"300\" height=\"300\" src=\"data:image\/svg+xml;base64,PHN2ZyB3aWR0aD0iMSIgaGVpZ2h0PSIxIiB4bWxucz0iaHR0cDovL3d3dy53My5vcmcvMjAwMC9zdmciPjwvc3ZnPg==\" style=\"--smush-placeholder-width: 300px; --smush-placeholder-aspect-ratio: 300\/300;\" \/>\u00a0 <img decoding=\"async\" class=\"wp-image-34035 alignnone size-medium lazyload\" data-src=\"https:\/\/albal.es\/content-albal\/uploads\/2022\/09\/302312147_10159472960398915_1942131006377478520_n-300x300.jpg\" alt=\"\" width=\"300\" height=\"300\" src=\"data:image\/svg+xml;base64,PHN2ZyB3aWR0aD0iMSIgaGVpZ2h0PSIxIiB4bWxucz0iaHR0cDovL3d3dy53My5vcmcvMjAwMC9zdmciPjwvc3ZnPg==\" style=\"--smush-placeholder-width: 300px; --smush-placeholder-aspect-ratio: 300\/300;\" \/><\/p>\n<p>[\/et_pb_accordion_item][et_pb_accordion_item title=\u00bb\u00bfQu\u00e9 es la Red Joves.net?\u00bb _builder_version=\u00bb4.20.4&#8243; _module_preset=\u00bbdefault\u00bb global_colors_info=\u00bb{}\u00bb open=\u00bboff\u00bb]<\/p>\n<p>El Consorcio de la <strong>red Joves.net<\/strong> lo integran 22 municipios: Alaqu\u00e0s, Albal, Aldaia, Almussafes, Barrio de Cristo, Benetusser, Catarroja, Godella, Manises, Mislata, Moncada, Paiporta, Paterna, Picanya, Picassent, la Pobla de Farnals, Quart de Poblet, Sagunto, Sedav\u00ed, Silla, Torrent y Xirivella; con el fin de desarrollar pol\u00edticas de juventud basadas en claves metodol\u00f3gicas comunes como por ejemplo la participaci\u00f3n, la creatividad y la innovaci\u00f3n, la animaci\u00f3n relacional, la informaci\u00f3n y el trabajo en red buscando siempre hacer efectiva la igualdad de oportunidades y el desarrollo integral de los y las j\u00f3venes.<\/p>\n<p>Por lo tanto, los principales objetivos de Joves.net son:<\/p>\n<ul>\n<li>Mejorar la calidad de las acciones dirigidas a los y las j\u00f3venes, al principio materiales (su dise\u00f1o, apoyos, contenidos, distribuci\u00f3n\u2026), posteriormente campa\u00f1as y programas de mayor envergadura que son aut\u00e9nticas estrategias de intervenci\u00f3n sobre cuestiones como la salud, el ocio, la interculturalidad, la participaci\u00f3n, el medio ambiente.<\/li>\n<li>Facilitar el tratamiento y la difusi\u00f3n de la informaci\u00f3n juvenil, evitando la duplicidad de esfuerzos.<\/li>\n<li>Prestigiar las pol\u00edticas de juventud en el conjunto de las pol\u00edticas locales.<\/li>\n<\/ul>\n<p>En definitiva realizar de manera coordinada y compartida, con unos m\u00ednimos de calidad y efectividad, acciones de informaci\u00f3n y de dinamizaci\u00f3n y promover actividades socioeducativas en el marco de la educaci\u00f3n no formal.<\/p>\n<p><img decoding=\"async\" id=\"logo-portal\" class=\"site-branding__logo-img ls-is-cached lazyloaded\" src=\"https:\/\/joves.net\/sites\/default\/files\/Ayuntamiento\/logo\/xarxa-jovesnet-logo.jpg\" alt=\"Joves, logo\" width=\"197\" height=\"77\" data-src=\"https:\/\/joves.net\/sites\/default\/files\/Ayuntamiento\/logo\/xarxa-jovesnet-logo.jpg\" \/><\/p>\n<p>Dentro de esta red, puedes encontrar <strong>Joves.sex<\/strong>, un servicio integral de informaci\u00f3n, orientaci\u00f3n y asesoramiento a j\u00f3venes en materia de sexualidad, recursos anticonceptivos y salud psicoafectiva.<\/p>\n<p><img decoding=\"async\" class=\" ls-is-cached lazyloaded\" src=\"https:\/\/joves.net\/sites\/default\/files\/2022-06\/edit\/joves-creatividad-secundaria-mapa-ig-fb.png\" alt=\"\" data-src=\"https:\/\/joves.net\/sites\/default\/files\/2022-06\/edit\/joves-creatividad-secundaria-mapa-ig-fb.png\" \/><\/p>\n<p>Asimismo, encontrar\u00e1s campa\u00f1as como<strong> \u2018Prejudice Collection\u2019<\/strong>.<\/p>\n<p>Muchas veces escuchamos afirmaciones sobre las personas inmigrantes que no son ciertas y que sirven para justificar actitudes de racismo y de xenofobia. La mejor forma de combatirlo es aportar razones y datos para superar las mentiras y los mitos. La discriminaci\u00f3n nace, a menudo, de la ignorancia y el miedo, y por eso queremos provocar la reflexi\u00f3n y apuntar argumentos y datos para desmontar prejuicios y favorecer la convivencia y el respeto.<\/p>\n<p>Conoce todos esos mitos y como combatirlos a trav\u00e9s de<a href=\"https:\/\/prejudicecollection.es\/\"> https:\/\/prejudicecollection.es\/<\/a><\/p>\n<p><img decoding=\"async\" class=\"wp-image-47697 alignnone lazyload\" data-src=\"https:\/\/albal.es\/content-albal\/uploads\/2023\/05\/Fq2T1wjXsAEqv13.jpg\" alt=\"\" width=\"604\" height=\"604\" src=\"data:image\/svg+xml;base64,PHN2ZyB3aWR0aD0iMSIgaGVpZ2h0PSIxIiB4bWxucz0iaHR0cDovL3d3dy53My5vcmcvMjAwMC9zdmciPjwvc3ZnPg==\" style=\"--smush-placeholder-width: 604px; --smush-placeholder-aspect-ratio: 604\/604;\" \/><\/p>\n<p><strong>Consulta estos y otros contenidos a trav\u00e9s de <a href=\"https:\/\/joves.net\/\">https:\/\/joves.net\/<\/a> o de su Instagram @jovesnet<\/strong><\/p>\n<p>[\/et_pb_accordion_item][et_pb_accordion_item title=\u00bb\u00bfQu\u00e9 es un PIJ?\u00bb _builder_version=\u00bb4.20.4&#8243; _module_preset=\u00bbdefault\u00bb global_colors_info=\u00bb{}\u00bb open=\u00bboff\u00bb]<\/p>\n<p>Los <strong>puntos de informaci\u00f3n juvenil (PIJ) <\/strong>difunden, entre las personas j\u00f3venes, materiales informativos que, en su totalidad o en su mayor parte, les son proporcionados por un centro de informaci\u00f3n juvenil, en este caso el Casal Jove de Albal.<br \/>De manera peri\u00f3dica, el departamento de juventud de Albal monta un PIJ durante el recreo del IES Albal, con el objetivo de informar a las y los j\u00f3venes sobre actividades, campa\u00f1as y otros recursos juveniles que puedan ser de su inter\u00e9s.<\/p>\n<p><img decoding=\"async\" class=\"wp-image-47686 alignnone lazyload\" data-src=\"https:\/\/albal.es\/content-albal\/uploads\/2023\/05\/347106484_162743186766113_5449533601708109974_n.jpg\" alt=\"\" width=\"592\" height=\"444\" src=\"data:image\/svg+xml;base64,PHN2ZyB3aWR0aD0iMSIgaGVpZ2h0PSIxIiB4bWxucz0iaHR0cDovL3d3dy53My5vcmcvMjAwMC9zdmciPjwvc3ZnPg==\" style=\"--smush-placeholder-width: 592px; --smush-placeholder-aspect-ratio: 592\/444;\" \/><\/p>\n<p>[\/et_pb_accordion_item][et_pb_accordion_item title=\u00bbCarnet Joven\u00bb _builder_version=\u00bb4.20.4&#8243; _module_preset=\u00bbdefault\u00bb global_colors_info=\u00bb{}\u00bb open=\u00bboff\u00bb]<\/p>\n<h3><strong>Hazte con el nuevo <em>Carnet Jove digital<\/em>. Solo necesitar\u00e1s un DNI* o NIE* en vigor.<\/strong><\/h3>\n<p><img decoding=\"async\" class=\"r48jcc pT0Scc iPVvYb lazyload\" data-src=\"https:\/\/ivaj.gva.es\/documents\/164427600\/164429743\/carnetJove_gratuit.gif\/02dcf886-9714-9e77-8aec-acdeab15ae8e?t=1672321073390\" alt=\"Carnet Jove - IVAJ - Generalitat Valenciana\" src=\"data:image\/svg+xml;base64,PHN2ZyB3aWR0aD0iMSIgaGVpZ2h0PSIxIiB4bWxucz0iaHR0cDovL3d3dy53My5vcmcvMjAwMC9zdmciPjwvc3ZnPg==\" \/><\/p>\n<p>Para tramitar tu <em>Carnet Jove digital<\/em> primero consulta las <a href=\"https:\/\/ivaj.gva.es\/documents\/164427600\/364542579\/INSTRUCCIONES+COMPRA+CJ+ON+LINE_ACTUALIZADAS_CAS.pdf\/f20d1568-19e2-d57f-6c70-81eba69de4ab?t=1675240748887\" target=\"_blank\" rel=\"noopener\">instrucciones<\/a>, despu\u00e9s sigue las indicaciones de este <a href=\"https:\/\/ivaj.gva.es\/IVAJWEB\/consultas\/turivaj\/ventacj\/res_introducir_datos_vcj.jsp?idioma=es&amp;pk=CARNETJOVE-CAB\" target=\"_blank\" rel=\"noopener\">enlace<\/a>, y lo tendr\u00e1s descargado (en formato PDF) en tu m\u00f3vil en el momento.<\/p>\n<p><strong>IMPORTANTE: Tienes que<\/strong>\u00a0<strong>tener instalado un lector b\u00e1sico de PDF\u00a0en el dispositivo en el cual vayas a descargarlo (y\/o utilizarlo).\u00a0Adem\u00e1s, tendr\u00e1s que proporcionarnos una direcci\u00f3n de correo electr\u00f3nico v\u00e1lida.<\/strong><\/p>\n<p>El \u00fanico requisito para sac\u00e1rtelo es tener entre 14 y 30 a\u00f1os. Su validez es de 2 a\u00f1os.<\/p>\n<p>Si una vez descargado tu Carnet Jove digital quieres obtenerlo en\u00a0formato f\u00edsico, y no lo has solicitado al realizar el tr\u00e1mite, puedes acudir a alguna de las\u00a0<a href=\"https:\/\/ivaj.gva.es\/es\/horarios-y-direcciones\" target=\"_blank\" rel=\"noopener\">oficinas del IVAJ<\/a>\u00a0<span lang=\"ca-ES-valencia\">c<\/span>on el justificante que habr\u00e1s recibido en el correo electr\u00f3nico.<\/p>\n<p>Si quieres obtenerlo \u00fanicamente en formato f\u00edsico, <em>sigue las indicaciones de este\u00a0<a href=\"https:\/\/ivaj.gva.es\/es\/targeta-classica\" target=\"_blank\" rel=\"noopener\">enlace<\/a>.<\/em>\u00a0Puedes consultar los ayuntamientos en el siguiente<a href=\"https:\/\/ivaj.gva.es\/documents\/164427600\/164429743\/Carnet+Jove+LISTADO+13+ABRIL.pdf\/c5a65225-de4d-62fa-fd7e-757e3a0c5907?t=1681388047704\" target=\"_blank\" rel=\"noopener\">\u00a0<\/a><a href=\"https:\/\/ivaj.gva.es\/documents\/164427600\/164429743\/Carnet+Jove+LISTADO+AYTOS+25+05+23+CAS.pdf\/8be4c19a-70ce-770d-8601-b448f2b2fa50?t=1685008613680\" target=\"_blank\" rel=\"noopener\">listado\u00a0<\/a>y\/o consultar este <a href=\"https:\/\/ivaj.gva.es\/es\/ayuntamientos-carnet-jove\" target=\"_blank\" rel=\"noopener\">mapa<\/a>.<\/p>\n<p>*<em>En el caso de disponer\u00a0<strong>\u00fanicamente de Pasaporte en vigor<\/strong>, podr\u00e1s obtener tu Carnet Jove siguiendo las indicaciones de este\u00a0<a href=\"https:\/\/ivaj.gva.es\/es\/targeta-classica\" target=\"_blank\" rel=\"noopener\">enlace<\/a>.<\/em><\/p>\n<p>Adem\u00e1s lleva integrado\u00a0el\u00a0<a href=\"https:\/\/ivaj.gva.es\/es\/carne-de-alberguista?p_p_id=56_INSTANCE_MaTu9mb2SXmg&amp;p_p_lifecycle=0&amp;p_p_state=normal&amp;p_p_mode=view&amp;p_p_col_id=column-2&amp;p_p_col_count=2\" target=\"_blank\" rel=\"noopener\">Carn\u00e9 de Alberguista<\/a>\u00a0con todos sus descuentos y ventajas a\u00f1adidas.<\/p>\n<h3>Tambi\u00e9n puedes tramitarlo como\u00a0<a href=\"https:\/\/ivaj.gva.es\/es\/targeta-financera\" target=\"_blank\" rel=\"noopener\"><strong>tarjeta financiera<\/strong><\/a>.\u00a0<\/h3>\n<p>Con tu <strong>Carnet Jove<\/strong>\u00a0sacar\u00e1s\u00a0el m\u00e1ximo provecho al tiempo libre y obtendr\u00e1s a la vez importantes ventajas. Podr\u00e1s beneficiarte de descuentos en bienes y servicios de car\u00e1cter social, cultural, de transporte, educativo, recreativo, deportivo, de consumo, etc., en la Comunitat Valenciana, en el resto de Comunidades Aut\u00f3nomas y a Europa.<\/p>\n<p>Este programa se desarrolla conjuntamente con el resto de Comunidades Aut\u00f3nomas y con m\u00e1s de 30\u00a0pa\u00edses del entorno europeo que conponen la Asociaci\u00f3n\u00a0<a href=\"https:\/\/eyca.org\/\" target=\"_blank\" rel=\"noopener\">del Carn\u00e9 Joven\u00a0Europeo\u00a0(EYCA)<\/a>, entidad con sede en\u00a0Bruselas, que garantiza la reciprocidad de las citadas ventajas en los diferentes pa\u00edses adscritos.<\/p>\n<h3><a href=\"https:\/\/ivaj.gva.es\/es\/descuentos\" target=\"_blank\" rel=\"noopener\"><em><strong>Consulta todos los descuentos del Carnet Jove<\/strong><\/em><\/a><\/h3>\n<p><img decoding=\"async\" title=\"abonotransporte\" data-src=\"https:\/\/ivaj.gva.es\/documents\/164427600\/168751370\/background1-bigideaval_2.jpg\/7e671085-d25f-4d7b-9ca6-428652548712?t=1567517194237\" alt=\"abonotransporte\" width=\"969\" height=\"420\" src=\"data:image\/svg+xml;base64,PHN2ZyB3aWR0aD0iMSIgaGVpZ2h0PSIxIiB4bWxucz0iaHR0cDovL3d3dy53My5vcmcvMjAwMC9zdmciPjwvc3ZnPg==\" class=\"lazyload\" style=\"--smush-placeholder-width: 969px; --smush-placeholder-aspect-ratio: 969\/420;\" \/><\/p>\n<p><strong>M\u00e1s informaci\u00f3n sobre Carnet Jove<\/strong>:\u00a0<strong>963 108 513 &#8211; 961 839 497 o en el Casal Jove de Albal.<br \/><\/strong><\/p>\n<p>[\/et_pb_accordion_item][et_pb_accordion_item title=\u00bbReglamento Casal Jove\u00bb _builder_version=\u00bb4.23.1&#8243; _module_preset=\u00bbdefault\u00bb global_colors_info=\u00bb{}\u00bb open=\u00bboff\u00bb]<\/p>\n<div class=\"et_pb_toggle_content clearfix\">\n<p>Consulta el reglamento de uso y funcionamiento del Casal Jove de Albal<\/p>\n<p><a href=\"https:\/\/albal.es\/content-albal\/uploads\/2023\/10\/Reglamento-Casal-Jove-Albal-CAST-def.pdf\"><img decoding=\"async\" class=\"wp-image-51290 alignnone size-large lazyload\" data-src=\"https:\/\/albal.es\/content-albal\/uploads\/2023\/10\/casal-jove-albal-724x1024.png\" alt=\"\" width=\"724\" height=\"1024\" src=\"data:image\/svg+xml;base64,PHN2ZyB3aWR0aD0iMSIgaGVpZ2h0PSIxIiB4bWxucz0iaHR0cDovL3d3dy53My5vcmcvMjAwMC9zdmciPjwvc3ZnPg==\" style=\"--smush-placeholder-width: 724px; --smush-placeholder-aspect-ratio: 724\/1024;\" \/><\/a><\/p>\n<\/div>\n<p>[\/et_pb_accordion_item][\/et_pb_accordion][et_pb_text admin_label=\u00bbCursos\u00bb module_class=\u00bbtit-seccion\u00bb _builder_version=\u00bb4.23.1&#8243; locked=\u00bboff\u00bb global_colors_info=\u00bb{}\u00bb]<\/p>\n<p>&nbsp;<\/p>\n<p><img decoding=\"async\" class=\"wp-image-53866 alignnone size-full lazyload\" data-src=\"https:\/\/albal.es\/content-albal\/uploads\/2023\/12\/portadas-JUV3.png\" alt=\"\" width=\"1587\" height=\"224\" data-srcset=\"https:\/\/albal.es\/content-albal\/uploads\/2023\/12\/portadas-JUV3.png 1587w, https:\/\/albal.es\/content-albal\/uploads\/2023\/12\/portadas-JUV3-1280x181.png 1280w, https:\/\/albal.es\/content-albal\/uploads\/2023\/12\/portadas-JUV3-980x138.png 980w, https:\/\/albal.es\/content-albal\/uploads\/2023\/12\/portadas-JUV3-480x68.png 480w\" data-sizes=\"(min-width: 0px) and (max-width: 480px) 480px, (min-width: 481px) and (max-width: 980px) 980px, (min-width: 981px) and (max-width: 1280px) 1280px, (min-width: 1281px) 1587px, 100vw\" src=\"data:image\/svg+xml;base64,PHN2ZyB3aWR0aD0iMSIgaGVpZ2h0PSIxIiB4bWxucz0iaHR0cDovL3d3dy53My5vcmcvMjAwMC9zdmciPjwvc3ZnPg==\" style=\"--smush-placeholder-width: 1587px; --smush-placeholder-aspect-ratio: 1587\/224;\" \/><\/p>\n<p>[\/et_pb_text][et_pb_accordion admin_label=\u00bb(ancla) #cursos\u00bb module_id=\u00bbcursos\u00bb _builder_version=\u00bb4.23.1&#8243; _module_preset=\u00bbdefault\u00bb global_colors_info=\u00bb{}\u00bb][et_pb_accordion_item title=\u00bbFormaci\u00f3n en animaci\u00f3n juvenil 2024&#8243; open=\u00bbon\u00bb _builder_version=\u00bb4.23.1&#8243; _module_preset=\u00bbdefault\u00bb global_colors_info=\u00bb{}\u00bb]<\/p>\n<p>Ya ten\u00e9is disponibles los cursos formativos que se ofertan en 2024. Concretamente en Albal:<\/p>\n<ul>\n<li>Monitor\/a de actividades de tiempo libre infantil y juvenil (MAT): s\u00e1bados, del 10 de febrero al 25 de mayo, de 9.00 a 14.00h y de 15.00 a 18.00h<\/li>\n<li>Primeros auxilios: viernes 31 de mayo de 17.00 a 19.30h, y s\u00e1bado 1 de junio de 11.00 a 13.30h<\/li>\n<\/ul>\n<p>Las inscripciones se realizan a trav\u00e9s del c\u00f3digo QR o <a href=\"https:\/\/docs.google.com\/forms\/d\/e\/1FAIpQLSfAAHDuEnRFPGQ671h27NYix20lmLkOKTa9hkkewlqzkgbhbg\/closedform\">aqu\u00ed<\/a>.<\/p>\n<p><img decoding=\"async\" class=\"wp-image-54101 alignnone size-full lazyload\" data-src=\"https:\/\/albal.es\/content-albal\/uploads\/2024\/01\/formacio_juvenil_2024.jpg\" alt=\"\" width=\"1754\" height=\"2481\" data-srcset=\"https:\/\/albal.es\/content-albal\/uploads\/2024\/01\/formacio_juvenil_2024.jpg 1754w, https:\/\/albal.es\/content-albal\/uploads\/2024\/01\/formacio_juvenil_2024-1280x1811.jpg 1280w, https:\/\/albal.es\/content-albal\/uploads\/2024\/01\/formacio_juvenil_2024-980x1386.jpg 980w, https:\/\/albal.es\/content-albal\/uploads\/2024\/01\/formacio_juvenil_2024-480x679.jpg 480w\" data-sizes=\"(min-width: 0px) and (max-width: 480px) 480px, (min-width: 481px) and (max-width: 980px) 980px, (min-width: 981px) and (max-width: 1280px) 1280px, (min-width: 1281px) 1754px, 100vw\" src=\"data:image\/svg+xml;base64,PHN2ZyB3aWR0aD0iMSIgaGVpZ2h0PSIxIiB4bWxucz0iaHR0cDovL3d3dy53My5vcmcvMjAwMC9zdmciPjwvc3ZnPg==\" style=\"--smush-placeholder-width: 1754px; --smush-placeholder-aspect-ratio: 1754\/2481;\" \/><\/p>\n<p>[\/et_pb_accordion_item][\/et_pb_accordion][\/et_pb_column][\/et_pb_row][et_pb_row _builder_version=\u00bb4.16&#8243; custom_padding=\u00bb0px||||false|false\u00bb locked=\u00bboff\u00bb global_colors_info=\u00bb{}\u00bb][et_pb_column type=\u00bb4_4&#8243; _builder_version=\u00bb4.16&#8243; global_colors_info=\u00bb{}\u00bb][et_pb_text admin_label=\u00bbCursos 2020&#8243; module_class=\u00bbtit-seccion\u00bb _builder_version=\u00bb4.17.6&#8243; locked=\u00bboff\u00bb global_colors_info=\u00bb{}\u00bb]<\/p>\n<p>&nbsp;<\/p>\n<p>&nbsp;<\/p>\n<p>[\/et_pb_text][\/et_pb_column][\/et_pb_row][et_pb_row _builder_version=\u00bb4.16&#8243; custom_padding=\u00bb0px||||false|false\u00bb locked=\u00bboff\u00bb global_colors_info=\u00bb{}\u00bb][et_pb_column type=\u00bb4_4&#8243; _builder_version=\u00bb4.16&#8243; global_colors_info=\u00bb{}\u00bb][et_pb_text admin_label=\u00bbTitulo Informacio, tr\u00e0mits i impresos\u00bb module_class=\u00bbtit-seccion\u00bb _builder_version=\u00bb4.20.4&#8243; locked=\u00bboff\u00bb global_colors_info=\u00bb{}\u00bb]<\/p>\n<h2>\u00a0<\/h2>\n<p>&nbsp;<\/p>\n<p>[\/et_pb_text][\/et_pb_column][\/et_pb_row][et_pb_row column_structure=\u00bb3_5,2_5&#8243; disabled_on=\u00bbon|on|on\u00bb _builder_version=\u00bb4.16&#8243; custom_padding=\u00bb0px||||false|false\u00bb disabled=\u00bbon\u00bb locked=\u00bboff\u00bb global_colors_info=\u00bb{}\u00bb][et_pb_column type=\u00bb3_5&#8243; _builder_version=\u00bb4.16&#8243; global_colors_info=\u00bb{}\u00bb][et_pb_accordion use_icon_font_size=\u00bbon\u00bb icon_font_size=\u00bb21px\u00bb admin_label=\u00bbTramites (acordeon desplegables)\u00bb _builder_version=\u00bb4.16&#8243; global_colors_info=\u00bb{}\u00bb][et_pb_accordion_item title=\u00bbTitol\u00bb open=\u00bbon\u00bb _builder_version=\u00bb4.16&#8243; global_colors_info=\u00bb{}\u00bb]Text[\/et_pb_accordion_item][\/et_pb_accordion][\/et_pb_column][et_pb_column type=\u00bb2_5&#8243; module_class=\u00bbcontent-impresos\u00bb _builder_version=\u00bb4.16&#8243; global_colors_info=\u00bb{}\u00bb][et_pb_text admin_label=\u00bbTitulo \u00abImpresos i enlla\u00e7os a Seu electr\u00f2nica\u00bb\u00bb _builder_version=\u00bb4.16&#8243; _module_preset=\u00bbdefault\u00bb locked=\u00bbon\u00bb global_colors_info=\u00bb{}\u00bb]<\/p>\n<h2>Impresos i enlla\u00e7os a Seu electr\u00f2nica<\/h2>\n<p>[\/et_pb_text][et_pb_cpt_loop_archive loop_layout=\u00bb6282&#8243; show_pagination=\u00bboff\u00bb new_query=\u00bbon\u00bb post_type=\u00bbimpreso_tramit\u00bb posts_number=\u00bb999&#8243; include_meta=\u00bbpagina_de_destinacio\u00bb include_meta_terms=\u00bb666&#8243; hide_if_no_data=\u00bbon\u00bb order=\u00bbasc\u00bb admin_label=\u00bbImpresos i enlla\u00e7os a Seu Electronica\u00bb module_class=\u00bbcontent-impresos-dinamic\u00bb _builder_version=\u00bb4.16&#8243; headings_font_size=\u00bb36px\u00bb background_color=\u00bb#ffffff\u00bb border_radii=\u00bbon|8px|8px|8px|8px\u00bb border_width_all=\u00bb1px\u00bb border_color_all=\u00bb#cccccc\u00bb locked=\u00bbon\u00bb global_colors_info=\u00bb{}\u00bb][\/et_pb_cpt_loop_archive][et_pb_code module_class=\u00bbcontent-mostrar-impresos\u00bb _builder_version=\u00bb4.16&#8243; _module_preset=\u00bbdefault\u00bb locked=\u00bbon\u00bb global_colors_info=\u00bb{}\u00bb]<style>.et_pb_cpt_loop_archive.content-impresos-dinamic:before { content:\"Impresos y enlaces a Sede electr\u00f3nica\";}\t<\/style>[\/et_pb_code][\/et_pb_column][\/et_pb_row][et_pb_row disabled_on=\u00bboff|on|on\u00bb admin_label=\u00bbCarga solo en MOVIL\u00bb _builder_version=\u00bb4.16&#8243; custom_padding=\u00bb0px||||false|false\u00bb locked=\u00bboff\u00bb global_colors_info=\u00bb{}\u00bb][et_pb_column type=\u00bb4_4&#8243; _builder_version=\u00bb4.16&#8243; global_colors_info=\u00bb{}\u00bb][et_pb_text disabled_on=\u00bboff|off|off\u00bb admin_label=\u00bbAmic\u00bb module_class=\u00bbamic-cita\u00bb _builder_version=\u00bb4.16&#8243; header_4_font=\u00bb||||||||\u00bb header_4_text_color=\u00bb#c40038&#8243; custom_margin=\u00bb||0px||false|false\u00bb custom_padding=\u00bb||15px||false|false\u00bb saved_tabs=\u00bball\u00bb locked=\u00bbon\u00bb global_colors_info=\u00bb{}\u00bb]<\/p>\n<h3><img decoding=\"async\" class=\"wp-image-464 alignnone size-full lazyload\" data-src=\"https:\/\/albal.es\/content-albal\/uploads\/2019\/12\/logo-amic-2.png\" alt=\"\" width=\"135\" height=\"46\" src=\"data:image\/svg+xml;base64,PHN2ZyB3aWR0aD0iMSIgaGVpZ2h0PSIxIiB4bWxucz0iaHR0cDovL3d3dy53My5vcmcvMjAwMC9zdmciPjwvc3ZnPg==\" style=\"--smush-placeholder-width: 135px; --smush-placeholder-aspect-ratio: 135\/46;\" \/><\/h3>\n<h3>Atenci\u00f3 Municipal d&#8217;Informaci\u00f3 Ciutadana<\/h3>\n<h4>REGISTRES I SOL\u00b7LICITUDS<\/h4>\n<p>Pla\u00e7a del Jard\u00ed, 7. Ajuntament d&#8217;Albal &#8211; <strong>Planta baixa<\/strong><br \/>\nTel: <strong>96 126 00 56<\/strong> \u00b7 Fax: 96 127 08 61<\/p>\n<p><a class=\"bot-cita-previa\" href=\"https:\/\/citaprevia.albal.es:10090\/\" target=\"_blank\" rel=\"noopener noreferrer\">Cita pr\u00e8via<\/a><br \/>\n<a class=\"bot-seu-electronica\" href=\"https:\/\/albal.sede.dival.es\/\" target=\"_blank\" rel=\"noopener noreferrer\">Seu electr\u00f2nica<\/a>[\/et_pb_text][\/et_pb_column][\/et_pb_row][\/et_pb_section][et_pb_section fb_built=\u00bb1&#8243; disabled_on=\u00bbon|on|on\u00bb admin_label=\u00bb(ancla) #informacion\u00bb module_id=\u00bbinformacion\u00bb _builder_version=\u00bb4.16&#8243; background_color=\u00bb#e2e1de\u00bb custom_padding=\u00bb50px||||false|false\u00bb disabled=\u00bbon\u00bb collapsed=\u00bboff\u00bb global_colors_info=\u00bb{}\u00bb][et_pb_row disabled_on=\u00bboff|off|off\u00bb _builder_version=\u00bb4.16&#8243; background_color=\u00bbrgba(0,0,0,0)\u00bb custom_padding=\u00bb0px||||false|false\u00bb locked=\u00bboff\u00bb global_colors_info=\u00bb{}\u00bb][et_pb_column type=\u00bb4_4&#8243; _builder_version=\u00bb4.16&#8243; global_colors_info=\u00bb{}\u00bb][et_pb_text admin_label=\u00bbTitulo Informaci\u00f3\u00bb module_class=\u00bbtit-seccion\u00bb _builder_version=\u00bb4.16&#8243; locked=\u00bboff\u00bb global_colors_info=\u00bb{}\u00bb]<\/p>\n<h2><img decoding=\"async\" class=\"size-medium alignleft lazyload\" data-src=\"https:\/\/albal.es\/img\/iconos\/informacion-mostrador-45x45.svg\" alt=\"\" width=\"45\" height=\"45\" src=\"data:image\/svg+xml;base64,PHN2ZyB3aWR0aD0iMSIgaGVpZ2h0PSIxIiB4bWxucz0iaHR0cDovL3d3dy53My5vcmcvMjAwMC9zdmciPjwvc3ZnPg==\" style=\"--smush-placeholder-width: 45px; --smush-placeholder-aspect-ratio: 45\/45;\" \/>Informaci\u00f3<\/h2>\n<p>[\/et_pb_text][\/et_pb_column][\/et_pb_row][et_pb_row column_structure=\u00bb1_2,1_2&#8243; make_equal=\u00bbon\u00bb admin_label=\u00bbSolo un modulo por fila\u00bb _builder_version=\u00bb4.16&#8243; custom_padding=\u00bb0px||||false|false\u00bb global_colors_info=\u00bb{}\u00bb][et_pb_column type=\u00bb1_2&#8243; _builder_version=\u00bb4.16&#8243; border_width_bottom=\u00bb1px\u00bb border_color_bottom=\u00bb#cccccc\u00bb global_colors_info=\u00bb{}\u00bb][et_pb_text admin_label=\u00bbText\u00bb _builder_version=\u00bb4.16&#8243; custom_padding=\u00bb||25px||false|false\u00bb global_colors_info=\u00bb{}\u00bb]<\/p>\n<h3>Titol<\/h3>\n<p>Text[\/et_pb_text][\/et_pb_column][et_pb_column type=\u00bb1_2&#8243; _builder_version=\u00bb4.16&#8243; border_width_bottom=\u00bb1px\u00bb border_color_bottom=\u00bb#cccccc\u00bb global_colors_info=\u00bb{}\u00bb][et_pb_text admin_label=\u00bbText\u00bb _builder_version=\u00bb4.16&#8243; custom_padding=\u00bb||25px||false|false\u00bb global_colors_info=\u00bb{}\u00bb]<\/p>\n<h3>Titol<\/h3>\n<p>Text[\/et_pb_text][\/et_pb_column][\/et_pb_row][\/et_pb_section][et_pb_section fb_built=\u00bb1&#8243; disabled_on=\u00bbon|on|on\u00bb admin_label=\u00bb(ancla) #faq\u00bb module_id=\u00bbfaq\u00bb _builder_version=\u00bb4.16&#8243; background_color=\u00bb#dcb747&#8243; custom_padding=\u00bb50px||||false|false\u00bb disabled=\u00bbon\u00bb locked=\u00bboff\u00bb collapsed=\u00bboff\u00bb global_colors_info=\u00bb{}\u00bb][et_pb_row _builder_version=\u00bb4.16&#8243; background_color=\u00bbrgba(0,0,0,0)\u00bb custom_padding=\u00bb0px||||false|false\u00bb locked=\u00bbon\u00bb global_colors_info=\u00bb{}\u00bb][et_pb_column type=\u00bb4_4&#8243; _builder_version=\u00bb4.16&#8243; global_colors_info=\u00bb{}\u00bb][et_pb_text admin_label=\u00bbTitulo Preguntes m\u00e9s freq\u00fcents\u00bb module_class=\u00bbtit-seccion\u00bb _builder_version=\u00bb4.16&#8243; header_2_text_color=\u00bb#ffffff\u00bb global_colors_info=\u00bb{}\u00bb]<\/p>\n<h2><img decoding=\"async\" class=\"size-medium alignleft lazyload\" data-src=\"https:\/\/albal.es\/img\/iconos\/preguntas-persona-45x45.svg\" alt=\"\" width=\"45\" height=\"45\" src=\"data:image\/svg+xml;base64,PHN2ZyB3aWR0aD0iMSIgaGVpZ2h0PSIxIiB4bWxucz0iaHR0cDovL3d3dy53My5vcmcvMjAwMC9zdmciPjwvc3ZnPg==\" style=\"--smush-placeholder-width: 45px; --smush-placeholder-aspect-ratio: 45\/45;\" \/>Preguntes m\u00e9s freq\u00fcents<\/h2>\n<p>[\/et_pb_text][\/et_pb_column][\/et_pb_row][et_pb_row column_structure=\u00bb1_2,1_2&#8243; make_equal=\u00bbon\u00bb admin_label=\u00bbSolo un modulo por fila\u00bb _builder_version=\u00bb4.16&#8243; custom_padding=\u00bb0px||||false|false\u00bb global_colors_info=\u00bb{}\u00bb][et_pb_column type=\u00bb1_2&#8243; _builder_version=\u00bb4.16&#8243; border_width_bottom=\u00bb1px\u00bb border_color_bottom=\u00bb#b09239&#8243; global_colors_info=\u00bb{}\u00bb][et_pb_text admin_label=\u00bbPregunta\u00bb _builder_version=\u00bb4.16&#8243; custom_padding=\u00bb||25px||false|false\u00bb global_colors_info=\u00bb{}\u00bb]<\/p>\n<h3>Pregunta<\/h3>\n<p>Resposta[\/et_pb_text][\/et_pb_column][et_pb_column type=\u00bb1_2&#8243; _builder_version=\u00bb4.16&#8243; border_width_bottom=\u00bb1px\u00bb border_color_bottom=\u00bb#b09239&#8243; global_colors_info=\u00bb{}\u00bb][et_pb_text admin_label=\u00bbPregunta\u00bb _builder_version=\u00bb4.16&#8243; custom_padding=\u00bb||25px||false|false\u00bb global_colors_info=\u00bb{}\u00bb]<\/p>\n<h3>Pregunta<\/h3>\n<p>Resposta[\/et_pb_text][\/et_pb_column][\/et_pb_row][\/et_pb_section]<\/p>\n","protected":false},"excerpt":{"rendered":"<p>\u00c0rees i serveis | EDUCACI\u00d3, CULTURA I ESPORTS Casal Jove d&#8217;AlbalInformaci\u00f3 d&#8217;Inter\u00e9s:Ubicaci\u00f3n: C\/ Tabacalera, s\/nTel.: 96 127 30 02. M\u00f3vil: 600 91 94 90Correo electr\u00f3nico: casaljove@albal.esFacebook: Casal Jove AlbalInstagram: @casaljovealbal Responsable del \u00e1rea: Laura Herv\u00e1s Mart\u00ednez Profesionales del Casal Jove Albal: Isabel Mar\u00eda Gallego \u00c1lvarez y Ana Atienza Pla Horarios: De lunes a viernes de 10.00 a 14.00 y de 16.00 a 20.00h S\u00e1bados de 10.00 a 14.00hConsultes i dubtes: Atenci\u00f3 Municipal d&#8217;Informaci\u00f3 Ciutadana REGISTRES I SOL\u00b7LICITUDS Pla\u00e7a del Jard\u00ed, 7. Ajuntament d&#8217;Albal &#8211; Planta baixa Tel: 96 126 00 56 \u00b7 Fax: 96 127 08 61 Cita pr\u00e8via Seu electr\u00f2nica \u00a1\u00danete a nuestro Canal de WhatsApp! \u00bfQuieres estar al corriente de todas las actividades que se hacen en el Casal Jove? \u00bfQuieres que te informemos sobre recursos, ayudas y otra informaci\u00f3n juvenil importante? Si tienes entre 12 y 30 a\u00f1os, \u00a1\u00fanete al Canal de WhatsApp del Casal Jove y te pondremos al d\u00eda! &nbsp; \u00bfQu\u00e9 servicios ofrecemos? A continuaci\u00f3n, detallamos los servicios del Casal Jove, \u00a1con el nuevo horario! Avisos, convocat\u00f2ries i tr\u00e0mits actius<style>.et_pb_cpt_loop_archive.tramites-activos-pag:before { content:\"Avisos, convocatorias y tr\u00e1mites activos\";}<\/style>&nbsp; \u00a1Consulta todas las actividades para octubre en el Casal Jove y ap\u00fantate en el 600 91 94 90! \u00a1\u00a1EL 1 DE SEPTIEMBRE REABRIMOS EL CASAL [&hellip;]<\/p>\n","protected":false},"author":19,"featured_media":0,"parent":786,"menu_order":0,"comment_status":"closed","ping_status":"closed","template":"","meta":{"_acf_changed":false,"_et_pb_use_builder":"on","_et_pb_old_content":"","_et_gb_content_width":"","footnotes":""},"coauthors":[63],"class_list":["post-670","page","type-page","status-publish","hentry"],"acf":[],"yoast_head":"<!-- This site is optimized with the Yoast SEO plugin v27.4 - https:\/\/yoast.com\/product\/yoast-seo-wordpress\/ -->\n<title>Casal Jove de Albal - Ajuntament d&#039;Albal<\/title>\n<meta name=\"robots\" content=\"index, follow, max-snippet:-1, max-image-preview:large, max-video-preview:-1\" \/>\n<link rel=\"canonical\" href=\"https:\/\/albal.es\/es\/areas-y-servicios-2\/educacion-cultura-y-deportes\/casal-jove-albal\/\" \/>\n<meta property=\"og:locale\" content=\"es_ES\" \/>\n<meta property=\"og:type\" content=\"article\" \/>\n<meta property=\"og:title\" content=\"Casal Jove de Albal - Ajuntament d&#039;Albal\" \/>\n<meta property=\"og:description\" content=\"\u00c0rees i serveis | EDUCACI\u00d3, CULTURA I ESPORTS Casal Jove d&#039;AlbalInformaci\u00f3 d&#039;Inter\u00e9s:Ubicaci\u00f3n: C\/ Tabacalera, s\/nTel.: 96 127 30 02. M\u00f3vil: 600 91 94 90Correo electr\u00f3nico: casaljove@albal.esFacebook: Casal Jove AlbalInstagram: @casaljovealbal Responsable del \u00e1rea: Laura Herv\u00e1s Mart\u00ednez Profesionales del Casal Jove Albal: Isabel Mar\u00eda Gallego \u00c1lvarez y Ana Atienza Pla Horarios: De lunes a viernes de 10.00 a 14.00 y de 16.00 a 20.00h S\u00e1bados de 10.00 a 14.00hConsultes i dubtes: Atenci\u00f3 Municipal d&#039;Informaci\u00f3 Ciutadana REGISTRES I SOL\u00b7LICITUDS Pla\u00e7a del Jard\u00ed, 7. Ajuntament d&#039;Albal - Planta baixa Tel: 96 126 00 56 \u00b7 Fax: 96 127 08 61 Cita pr\u00e8via Seu electr\u00f2nica \u00a1\u00danete a nuestro Canal de WhatsApp! \u00bfQuieres estar al corriente de todas las actividades que se hacen en el Casal Jove? \u00bfQuieres que te informemos sobre recursos, ayudas y otra informaci\u00f3n juvenil importante? Si tienes entre 12 y 30 a\u00f1os, \u00a1\u00fanete al Canal de WhatsApp del Casal Jove y te pondremos al d\u00eda! &nbsp; \u00bfQu\u00e9 servicios ofrecemos? A continuaci\u00f3n, detallamos los servicios del Casal Jove, \u00a1con el nuevo horario! Avisos, convocat\u00f2ries i tr\u00e0mits actius&nbsp; \u00a1Consulta todas las actividades para octubre en el Casal Jove y ap\u00fantate en el 600 91 94 90! \u00a1\u00a1EL 1 DE SEPTIEMBRE REABRIMOS EL CASAL [&hellip;]\" \/>\n<meta property=\"og:site_name\" content=\"Ajuntament d&#039;Albal\" \/>\n<meta property=\"article:publisher\" content=\"https:\/\/facebook.com\/AjuntamentAlbal\/\" \/>\n<meta property=\"article:modified_time\" content=\"2025-10-15T06:32:02+00:00\" \/>\n<meta property=\"og:image\" content=\"https:\/\/albal.es\/content-albal\/uploads\/2019\/12\/logo-amic-2.png\" \/>\n<meta name=\"twitter:card\" content=\"summary_large_image\" \/>\n<meta name=\"twitter:label1\" content=\"Tiempo de lectura\" \/>\n\t<meta name=\"twitter:data1\" content=\"18 minutos\" \/>\n\t<meta name=\"twitter:label2\" content=\"Written by\" \/>\n\t<meta name=\"twitter:data2\" content=\"Aida Beltr\u00e1n\" \/>\n<script type=\"application\/ld+json\" class=\"yoast-schema-graph\">{\"@context\":\"https:\\\/\\\/schema.org\",\"@graph\":[{\"@type\":\"WebPage\",\"@id\":\"https:\\\/\\\/albal.es\\\/es\\\/areas-y-servicios-2\\\/educacion-cultura-y-deportes\\\/casal-jove-albal\\\/\",\"url\":\"https:\\\/\\\/albal.es\\\/es\\\/areas-y-servicios-2\\\/educacion-cultura-y-deportes\\\/casal-jove-albal\\\/\",\"name\":\"Casal Jove de Albal - Ajuntament d&#039;Albal\",\"isPartOf\":{\"@id\":\"https:\\\/\\\/albal.es\\\/es\\\/#website\"},\"primaryImageOfPage\":{\"@id\":\"https:\\\/\\\/albal.es\\\/es\\\/areas-y-servicios-2\\\/educacion-cultura-y-deportes\\\/casal-jove-albal\\\/#primaryimage\"},\"image\":{\"@id\":\"https:\\\/\\\/albal.es\\\/es\\\/areas-y-servicios-2\\\/educacion-cultura-y-deportes\\\/casal-jove-albal\\\/#primaryimage\"},\"thumbnailUrl\":\"https:\\\/\\\/albal.es\\\/content-albal\\\/uploads\\\/2019\\\/12\\\/logo-amic-2.png\",\"datePublished\":\"2019-12-10T16:06:58+00:00\",\"dateModified\":\"2025-10-15T06:32:02+00:00\",\"breadcrumb\":{\"@id\":\"https:\\\/\\\/albal.es\\\/es\\\/areas-y-servicios-2\\\/educacion-cultura-y-deportes\\\/casal-jove-albal\\\/#breadcrumb\"},\"inLanguage\":\"es\",\"potentialAction\":[{\"@type\":\"ReadAction\",\"target\":[\"https:\\\/\\\/albal.es\\\/es\\\/areas-y-servicios-2\\\/educacion-cultura-y-deportes\\\/casal-jove-albal\\\/\"]}]},{\"@type\":\"ImageObject\",\"inLanguage\":\"es\",\"@id\":\"https:\\\/\\\/albal.es\\\/es\\\/areas-y-servicios-2\\\/educacion-cultura-y-deportes\\\/casal-jove-albal\\\/#primaryimage\",\"url\":\"https:\\\/\\\/albal.es\\\/content-albal\\\/uploads\\\/2019\\\/12\\\/logo-amic-2.png\",\"contentUrl\":\"https:\\\/\\\/albal.es\\\/content-albal\\\/uploads\\\/2019\\\/12\\\/logo-amic-2.png\"},{\"@type\":\"BreadcrumbList\",\"@id\":\"https:\\\/\\\/albal.es\\\/es\\\/areas-y-servicios-2\\\/educacion-cultura-y-deportes\\\/casal-jove-albal\\\/#breadcrumb\",\"itemListElement\":[{\"@type\":\"ListItem\",\"position\":1,\"name\":\"Inici\",\"item\":\"https:\\\/\\\/albal.es\\\/es\\\/\"},{\"@type\":\"ListItem\",\"position\":2,\"name\":\"\u00c1reas y Servicios\",\"item\":\"https:\\\/\\\/albal.es\\\/es\\\/areas-y-servicios-2\\\/\"},{\"@type\":\"ListItem\",\"position\":3,\"name\":\"Educaci\u00f3n, cultura y deportes\",\"item\":\"https:\\\/\\\/albal.es\\\/es\\\/areas-y-servicios-2\\\/educacion-cultura-y-deportes\\\/\"},{\"@type\":\"ListItem\",\"position\":4,\"name\":\"Casal Jove de Albal\"}]},{\"@type\":\"WebSite\",\"@id\":\"https:\\\/\\\/albal.es\\\/es\\\/#website\",\"url\":\"https:\\\/\\\/albal.es\\\/es\\\/\",\"name\":\"Ajuntament d&#039;Albal\",\"description\":\"Ajuntament d&#039;Albal\",\"publisher\":{\"@id\":\"https:\\\/\\\/albal.es\\\/es\\\/#organization\"},\"potentialAction\":[{\"@type\":\"SearchAction\",\"target\":{\"@type\":\"EntryPoint\",\"urlTemplate\":\"https:\\\/\\\/albal.es\\\/es\\\/?s={search_term_string}\"},\"query-input\":{\"@type\":\"PropertyValueSpecification\",\"valueRequired\":true,\"valueName\":\"search_term_string\"}}],\"inLanguage\":\"es\"},{\"@type\":\"Organization\",\"@id\":\"https:\\\/\\\/albal.es\\\/es\\\/#organization\",\"name\":\"Ajuntament d'Albal - Valencia\",\"url\":\"https:\\\/\\\/albal.es\\\/es\\\/\",\"logo\":{\"@type\":\"ImageObject\",\"inLanguage\":\"es\",\"@id\":\"https:\\\/\\\/albal.es\\\/es\\\/#\\\/schema\\\/logo\\\/image\\\/\",\"url\":\"https:\\\/\\\/albal.es\\\/content-albal\\\/uploads\\\/2020\\\/06\\\/logo-ayuntamiento-albal.png\",\"contentUrl\":\"https:\\\/\\\/albal.es\\\/content-albal\\\/uploads\\\/2020\\\/06\\\/logo-ayuntamiento-albal.png\",\"width\":367,\"height\":332,\"caption\":\"Ajuntament d'Albal - Valencia\"},\"image\":{\"@id\":\"https:\\\/\\\/albal.es\\\/es\\\/#\\\/schema\\\/logo\\\/image\\\/\"},\"sameAs\":[\"https:\\\/\\\/facebook.com\\\/AjuntamentAlbal\\\/\"]}]}<\/script>\n<!-- \/ Yoast SEO plugin. -->","yoast_head_json":{"title":"Casal Jove de Albal - Ajuntament d&#039;Albal","robots":{"index":"index","follow":"follow","max-snippet":"max-snippet:-1","max-image-preview":"max-image-preview:large","max-video-preview":"max-video-preview:-1"},"canonical":"https:\/\/albal.es\/es\/areas-y-servicios-2\/educacion-cultura-y-deportes\/casal-jove-albal\/","og_locale":"es_ES","og_type":"article","og_title":"Casal Jove de Albal - Ajuntament d&#039;Albal","og_description":"\u00c0rees i serveis | EDUCACI\u00d3, CULTURA I ESPORTS Casal Jove d'AlbalInformaci\u00f3 d'Inter\u00e9s:Ubicaci\u00f3n: C\/ Tabacalera, s\/nTel.: 96 127 30 02. M\u00f3vil: 600 91 94 90Correo electr\u00f3nico: casaljove@albal.esFacebook: Casal Jove AlbalInstagram: @casaljovealbal Responsable del \u00e1rea: Laura Herv\u00e1s Mart\u00ednez Profesionales del Casal Jove Albal: Isabel Mar\u00eda Gallego \u00c1lvarez y Ana Atienza Pla Horarios: De lunes a viernes de 10.00 a 14.00 y de 16.00 a 20.00h S\u00e1bados de 10.00 a 14.00hConsultes i dubtes: Atenci\u00f3 Municipal d'Informaci\u00f3 Ciutadana REGISTRES I SOL\u00b7LICITUDS Pla\u00e7a del Jard\u00ed, 7. Ajuntament d'Albal - Planta baixa Tel: 96 126 00 56 \u00b7 Fax: 96 127 08 61 Cita pr\u00e8via Seu electr\u00f2nica \u00a1\u00danete a nuestro Canal de WhatsApp! \u00bfQuieres estar al corriente de todas las actividades que se hacen en el Casal Jove? \u00bfQuieres que te informemos sobre recursos, ayudas y otra informaci\u00f3n juvenil importante? Si tienes entre 12 y 30 a\u00f1os, \u00a1\u00fanete al Canal de WhatsApp del Casal Jove y te pondremos al d\u00eda! &nbsp; \u00bfQu\u00e9 servicios ofrecemos? A continuaci\u00f3n, detallamos los servicios del Casal Jove, \u00a1con el nuevo horario! Avisos, convocat\u00f2ries i tr\u00e0mits actius&nbsp; \u00a1Consulta todas las actividades para octubre en el Casal Jove y ap\u00fantate en el 600 91 94 90! \u00a1\u00a1EL 1 DE SEPTIEMBRE REABRIMOS EL CASAL [&hellip;]","og_site_name":"Ajuntament d&#039;Albal","article_publisher":"https:\/\/facebook.com\/AjuntamentAlbal\/","article_modified_time":"2025-10-15T06:32:02+00:00","og_image":[{"url":"https:\/\/albal.es\/content-albal\/uploads\/2019\/12\/logo-amic-2.png","type":"","width":"","height":""}],"twitter_card":"summary_large_image","twitter_misc":{"Tiempo de lectura":"18 minutos","Written by":"Aida Beltr\u00e1n"},"schema":{"@context":"https:\/\/schema.org","@graph":[{"@type":"WebPage","@id":"https:\/\/albal.es\/es\/areas-y-servicios-2\/educacion-cultura-y-deportes\/casal-jove-albal\/","url":"https:\/\/albal.es\/es\/areas-y-servicios-2\/educacion-cultura-y-deportes\/casal-jove-albal\/","name":"Casal Jove de Albal - Ajuntament d&#039;Albal","isPartOf":{"@id":"https:\/\/albal.es\/es\/#website"},"primaryImageOfPage":{"@id":"https:\/\/albal.es\/es\/areas-y-servicios-2\/educacion-cultura-y-deportes\/casal-jove-albal\/#primaryimage"},"image":{"@id":"https:\/\/albal.es\/es\/areas-y-servicios-2\/educacion-cultura-y-deportes\/casal-jove-albal\/#primaryimage"},"thumbnailUrl":"https:\/\/albal.es\/content-albal\/uploads\/2019\/12\/logo-amic-2.png","datePublished":"2019-12-10T16:06:58+00:00","dateModified":"2025-10-15T06:32:02+00:00","breadcrumb":{"@id":"https:\/\/albal.es\/es\/areas-y-servicios-2\/educacion-cultura-y-deportes\/casal-jove-albal\/#breadcrumb"},"inLanguage":"es","potentialAction":[{"@type":"ReadAction","target":["https:\/\/albal.es\/es\/areas-y-servicios-2\/educacion-cultura-y-deportes\/casal-jove-albal\/"]}]},{"@type":"ImageObject","inLanguage":"es","@id":"https:\/\/albal.es\/es\/areas-y-servicios-2\/educacion-cultura-y-deportes\/casal-jove-albal\/#primaryimage","url":"https:\/\/albal.es\/content-albal\/uploads\/2019\/12\/logo-amic-2.png","contentUrl":"https:\/\/albal.es\/content-albal\/uploads\/2019\/12\/logo-amic-2.png"},{"@type":"BreadcrumbList","@id":"https:\/\/albal.es\/es\/areas-y-servicios-2\/educacion-cultura-y-deportes\/casal-jove-albal\/#breadcrumb","itemListElement":[{"@type":"ListItem","position":1,"name":"Inici","item":"https:\/\/albal.es\/es\/"},{"@type":"ListItem","position":2,"name":"\u00c1reas y Servicios","item":"https:\/\/albal.es\/es\/areas-y-servicios-2\/"},{"@type":"ListItem","position":3,"name":"Educaci\u00f3n, cultura y deportes","item":"https:\/\/albal.es\/es\/areas-y-servicios-2\/educacion-cultura-y-deportes\/"},{"@type":"ListItem","position":4,"name":"Casal Jove de Albal"}]},{"@type":"WebSite","@id":"https:\/\/albal.es\/es\/#website","url":"https:\/\/albal.es\/es\/","name":"Ajuntament d&#039;Albal","description":"Ajuntament d&#039;Albal","publisher":{"@id":"https:\/\/albal.es\/es\/#organization"},"potentialAction":[{"@type":"SearchAction","target":{"@type":"EntryPoint","urlTemplate":"https:\/\/albal.es\/es\/?s={search_term_string}"},"query-input":{"@type":"PropertyValueSpecification","valueRequired":true,"valueName":"search_term_string"}}],"inLanguage":"es"},{"@type":"Organization","@id":"https:\/\/albal.es\/es\/#organization","name":"Ajuntament d'Albal - Valencia","url":"https:\/\/albal.es\/es\/","logo":{"@type":"ImageObject","inLanguage":"es","@id":"https:\/\/albal.es\/es\/#\/schema\/logo\/image\/","url":"https:\/\/albal.es\/content-albal\/uploads\/2020\/06\/logo-ayuntamiento-albal.png","contentUrl":"https:\/\/albal.es\/content-albal\/uploads\/2020\/06\/logo-ayuntamiento-albal.png","width":367,"height":332,"caption":"Ajuntament d'Albal - Valencia"},"image":{"@id":"https:\/\/albal.es\/es\/#\/schema\/logo\/image\/"},"sameAs":["https:\/\/facebook.com\/AjuntamentAlbal\/"]}]}},"publishpress_future_workflow_manual_trigger":{"enabledWorkflows":[]},"_links":{"self":[{"href":"https:\/\/albal.es\/es\/wp-json\/wp\/v2\/pages\/670","targetHints":{"allow":["GET"]}}],"collection":[{"href":"https:\/\/albal.es\/es\/wp-json\/wp\/v2\/pages"}],"about":[{"href":"https:\/\/albal.es\/es\/wp-json\/wp\/v2\/types\/page"}],"author":[{"embeddable":true,"href":"https:\/\/albal.es\/es\/wp-json\/wp\/v2\/users\/19"}],"replies":[{"embeddable":true,"href":"https:\/\/albal.es\/es\/wp-json\/wp\/v2\/comments?post=670"}],"version-history":[{"count":0,"href":"https:\/\/albal.es\/es\/wp-json\/wp\/v2\/pages\/670\/revisions"}],"up":[{"embeddable":true,"href":"https:\/\/albal.es\/es\/wp-json\/wp\/v2\/pages\/786"}],"wp:attachment":[{"href":"https:\/\/albal.es\/es\/wp-json\/wp\/v2\/media?parent=670"}],"wp:term":[{"taxonomy":"author","embeddable":true,"href":"https:\/\/albal.es\/es\/wp-json\/wp\/v2\/coauthors?post=670"}],"curies":[{"name":"wp","href":"https:\/\/api.w.org\/{rel}","templated":true}]}}