

{"id":662,"date":"2019-12-10T17:02:26","date_gmt":"2019-12-10T16:02:26","guid":{"rendered":"https:\/\/albal.es\/?page_id=662"},"modified":"2026-04-23T09:23:48","modified_gmt":"2026-04-23T07:23:48","slug":"proyectos-municipales","status":"publish","type":"page","link":"https:\/\/albal.es\/es\/areas-y-servicios-2\/urbanismo-y-medio-ambiente\/proyectos-municipales\/","title":{"rendered":"Proyectos Municipales"},"content":{"rendered":"<p>[et_pb_section fb_built=\u00bb1&#8243; custom_padding_last_edited=\u00bbon|phone\u00bb admin_label=\u00bbcontent-cab-area\u00bb module_class=\u00bbcontent-cab-area\u00bb _builder_version=\u00bb4.16&#8243; background_color=\u00bb#fafafa\u00bb custom_padding=\u00bb15px||25px||false|false\u00bb custom_padding_tablet=\u00bb\u00bb custom_padding_phone=\u00bb||0px||false|false\u00bb collapsed=\u00bboff\u00bb global_colors_info=\u00bb{}\u00bb][et_pb_row disabled_on=\u00bbon|off|off\u00bb admin_label=\u00bbDesabilitado en moviles (Content migas pan)\u00bb _builder_version=\u00bb4.16&#8243; custom_padding=\u00bb0px||0px||false|false\u00bb locked=\u00bbon\u00bb collapsed=\u00bbon\u00bb global_colors_info=\u00bb{}\u00bb][et_pb_column type=\u00bb4_4&#8243; _builder_version=\u00bb4.16&#8243; global_colors_info=\u00bb{}\u00bb][et_pb_dmb_breadcrumbs admin_label=\u00bbMigas pan\u00bb font_icon=\u00bb&#x35;||divi||400&#8243; use_home_icon=\u00bboff\u00bb use_home_text=\u00bbon\u00bb home_text=\u00bbInici\u00bb _builder_version=\u00bb4.16&#8243; global_colors_info=\u00bb{}\u00bb][\/et_pb_dmb_breadcrumbs][\/et_pb_column][\/et_pb_row][et_pb_row column_structure=\u00bb1_3,1_3,1_3&#8243; use_custom_gutter=\u00bbon\u00bb make_equal=\u00bbon\u00bb custom_padding_last_edited=\u00bbon|phone\u00bb admin_label=\u00bbcab-area\u00bb module_class=\u00bbcab-area\u00bb _builder_version=\u00bb4.16&#8243; background_enable_image=\u00bboff\u00bb background_size=\u00bbinitial\u00bb background_position=\u00bbcenter_left\u00bb custom_padding=\u00bb25px||0px||false|false\u00bb custom_padding_tablet=\u00bb\u00bb custom_padding_phone=\u00bb15px||||false|false\u00bb border_width_left_tablet=\u00bb\u00bb border_width_left_phone=\u00bb0px\u00bb border_width_left_last_edited=\u00bbon|desktop\u00bb locked=\u00bboff\u00bb global_colors_info=\u00bb{}\u00bb][et_pb_column type=\u00bb1_3&#8243; module_class=\u00bbcontent-tit-area\u00bb _builder_version=\u00bb4.16&#8243; global_colors_info=\u00bb{}\u00bb][et_pb_text admin_label=\u00bbH4, H1&#8243; module_class=\u00bbtit-area\u00bb _builder_version=\u00bb4.16&#8243; custom_margin=\u00bb||20px||false|false\u00bb locked=\u00bbon\u00bb global_colors_info=\u00bb{}\u00bb]<\/p>\n<h4>\u00c1reas y servicios | URBANISMO y MEDIO AMBIENTE<\/h4>\n<h1>Proyectos Municipales<\/h1>\n<p>&nbsp;[\/et_pb_text][et_pb_text admin_label=\u00bbIntro\u00bb module_class=\u00bbtit-area\u00bb _builder_version=\u00bb4.16&#8243; global_colors_info=\u00bb{}\u00bb][\/et_pb_text][\/et_pb_column][et_pb_column type=\u00bb1_3&#8243; module_class=\u00bbcontent-info-interes\u00bb disabled_on=\u00bbon|off|off\u00bb _builder_version=\u00bb4.16&#8243; custom_padding=\u00bb|||30px|false|false\u00bb custom_padding_tablet=\u00bb\u00bb custom_padding_phone=\u00bb|0px||0px|false|false\u00bb custom_padding_last_edited=\u00bbon|desktop\u00bb border_width_left=\u00bb1px\u00bb border_color_left=\u00bb#cccccc\u00bb border_radii_tablet=\u00bb\u00bb border_radii_phone=\u00bb\u00bb border_radii_last_edited=\u00bbon|phone\u00bb border_width_left_tablet=\u00bb\u00bb border_width_left_phone=\u00bb\u00bb border_width_left_last_edited=\u00bbon|phone\u00bb global_colors_info=\u00bb{}\u00bb][et_pb_text admin_label=\u00bbInformacio d&#8217;interes\u00bb module_class=\u00bbtit-info-interes-cab\u00bb _builder_version=\u00bb4.16&#8243; locked=\u00bbon\u00bb global_colors_info=\u00bb{}\u00bb]Informaci\u00f3n de Inter\u00e9s:[\/et_pb_text][et_pb_text admin_label=\u00bbinformacio\u00bb _builder_version=\u00bb4.16&#8243; global_colors_info=\u00bb{}\u00bb][\/et_pb_text][et_pb_cta button_url=\u00bbhttps:\/\/albal.es\/es\/contacto-albal\/\u00bb button_text=\u00bbContacto\u00bb admin_label=\u00bbBoton contacto\u00bb module_class=\u00bbboton-consultas-cab\u00bb _builder_version=\u00bb4.16&#8243; background_enable_color=\u00bboff\u00bb text_orientation=\u00bbleft\u00bb background_layout=\u00bblight\u00bb custom_padding=\u00bb0px|0px|0px|0px|true|true\u00bb locked=\u00bbon\u00bb global_colors_info=\u00bb{}\u00bb]<\/p>\n<h3>Consultas y dudas:<\/h3>\n<p>[\/et_pb_cta][\/et_pb_column][et_pb_column type=\u00bb1_3&#8243; module_class=\u00bbcontent-info-interes-dos\u00bb disabled_on=\u00bbon|off|off\u00bb _builder_version=\u00bb4.16&#8243; custom_padding=\u00bb|||30px|false|false\u00bb custom_padding_tablet=\u00bb|||0px|false|false\u00bb custom_padding_phone=\u00bb|0px||0px|false|false\u00bb custom_padding_last_edited=\u00bbon|desktop\u00bb border_width_left=\u00bb1px\u00bb border_color_left=\u00bb#cccccc\u00bb border_width_left_tablet=\u00bb\u00bb border_width_left_phone=\u00bb\u00bb border_width_left_last_edited=\u00bbon|desktop\u00bb global_colors_info=\u00bb{}\u00bb][et_pb_text disabled_on=\u00bboff|off|off\u00bb admin_label=\u00bbAmic\u00bb module_class=\u00bbamic-cita\u00bb _builder_version=\u00bb4.16&#8243; header_4_font=\u00bb||||||||\u00bb header_4_text_color=\u00bb#c40038&#8243; custom_margin=\u00bb||0px||false|false\u00bb custom_padding=\u00bb||15px||false|false\u00bb saved_tabs=\u00bball\u00bb locked=\u00bbon\u00bb global_colors_info=\u00bb{}\u00bb]<\/p>\n<h3><img decoding=\"async\" class=\"wp-image-464 alignnone size-full lazyload\" data-src=\"https:\/\/albal.es\/content-albal\/uploads\/2019\/12\/logo-amic-2.png\" alt=\"\" width=\"135\" height=\"46\" src=\"data:image\/svg+xml;base64,PHN2ZyB3aWR0aD0iMSIgaGVpZ2h0PSIxIiB4bWxucz0iaHR0cDovL3d3dy53My5vcmcvMjAwMC9zdmciPjwvc3ZnPg==\" style=\"--smush-placeholder-width: 135px; --smush-placeholder-aspect-ratio: 135\/46;\" \/><\/h3>\n<h3>Atenci\u00f3 Municipal d&#8217;Informaci\u00f3 Ciutadana<\/h3>\n<h4>REGISTRES I SOL\u00b7LICITUDS<\/h4>\n<p>Pla\u00e7a del Jard\u00ed, 7. Ajuntament d&#8217;Albal &#8211; <strong>Planta baixa<\/strong><br \/>\nTel: <strong>96 126 00 56<\/strong> \u00b7 Fax: 96 127 08 61<\/p>\n<p><a class=\"bot-cita-previa\" href=\"https:\/\/citaprevia.albal.es:10090\/\" target=\"_blank\" rel=\"noopener noreferrer\">Cita pr\u00e8via<\/a><br \/>\n<a class=\"bot-seu-electronica\" href=\"https:\/\/albal.sede.dival.es\/\" target=\"_blank\" rel=\"noopener noreferrer\">Seu electr\u00f2nica<\/a>[\/et_pb_text][\/et_pb_column][\/et_pb_row][\/et_pb_section][et_pb_section fb_built=\u00bb1&#8243; admin_label=\u00bb(ancla) #tramites\u00bb module_id=\u00bbtramites\u00bb _builder_version=\u00bb4.16&#8243; background_color=\u00bb#e2e1de\u00bb custom_padding=\u00bb50px||||false|false\u00bb global_colors_info=\u00bb{}\u00bb][et_pb_row admin_label=\u00bb.content-avisos\u00bb module_class=\u00bbcontent-avisos\u00bb _builder_version=\u00bb4.16&#8243; custom_padding=\u00bb0px||||false|false\u00bb locked=\u00bbon\u00bb collapsed=\u00bboff\u00bb global_colors_info=\u00bb{}\u00bb][et_pb_column type=\u00bb4_4&#8243; _builder_version=\u00bb4.16&#8243; global_colors_info=\u00bb{}\u00bb][et_pb_text admin_label=\u00bbTitulo \u00abAvisos, convocat\u00f2ries i tr\u00e0mits actius\u00bb\u00bb _builder_version=\u00bb4.16&#8243; _module_preset=\u00bbdefault\u00bb global_colors_info=\u00bb{}\u00bb]<\/p>\n<h2>Avisos, convocatorias y tr\u00e1mites activos<\/h2>\n<p>[\/et_pb_text][et_pb_cpt_loop_archive loop_layout=\u00bb4914&#8243; fullwidth=\u00bboff\u00bb columns=\u00bb2&#8243; show_pagination=\u00bboff\u00bb new_query=\u00bbon\u00bb post_type=\u00bbtramitambdata\u00bb posts_number=\u00bb999&#8243; include_meta=\u00bbpagina_de_destinacio_data\u00bb include_meta_terms=\u00bb658&#8243; hide_if_no_data=\u00bbon\u00bb order=\u00bbasc\u00bb admin_label=\u00bbAvisos, convocat\u00f2ries i tr\u00e0mits actius\u00bb module_class=\u00bbtramites-fecha tramites-activos-pag\u00bb _builder_version=\u00bb4.16&#8243; headings_text_color=\u00bb#000000&#8243; headings_font_size=\u00bb36px\u00bb custom_padding=\u00bb20px|20px|20px|20px|true|true\u00bb border_radii=\u00bbon|8px|8px|8px|8px\u00bb locked=\u00bboff\u00bb global_colors_info=\u00bb{}\u00bb][\/et_pb_cpt_loop_archive][et_pb_code module_class=\u00bbcontent-mostrar-avisos\u00bb _builder_version=\u00bb4.16&#8243; _module_preset=\u00bbdefault\u00bb locked=\u00bboff\u00bb global_colors_info=\u00bb{}\u00bb]<style>.et_pb_cpt_loop_archive.tramites-activos-pag:before { content:\"Avisos, convocatorias y tr\u00e1mites activos\";}<\/style>[\/et_pb_code][\/et_pb_column][\/et_pb_row][et_pb_row _builder_version=\u00bb4.16&#8243; custom_padding=\u00bb0px||||false|false\u00bb locked=\u00bboff\u00bb global_colors_info=\u00bb{}\u00bb][et_pb_column type=\u00bb4_4&#8243; _builder_version=\u00bb4.16&#8243; global_colors_info=\u00bb{}\u00bb][et_pb_text admin_label=\u00bbTitulo Informacio, tr\u00e0mits i impresos\u00bb module_class=\u00bbtit-seccion\u00bb _builder_version=\u00bb4.27.6&#8243; locked=\u00bboff\u00bb global_colors_info=\u00bb{}\u00bb][\/et_pb_text][\/et_pb_column][\/et_pb_row][et_pb_row _builder_version=\u00bb4.16&#8243; custom_padding=\u00bb0px||||false|false\u00bb global_colors_info=\u00bb{}\u00bb][et_pb_column type=\u00bb4_4&#8243; _builder_version=\u00bb4.16&#8243; global_colors_info=\u00bb{}\u00bb][et_pb_accordion use_icon_font_size=\u00bbon\u00bb icon_font_size=\u00bb21px\u00bb admin_label=\u00bbProjectes (acordeon desplegables)\u00bb _builder_version=\u00bb4.27.6&#8243; hover_enabled=\u00bb0&#8243; global_colors_info=\u00bb{}\u00bb sticky_enabled=\u00bb0&#8243;][et_pb_accordion_item _builder_version=\u00bb4.27.6&#8243; _module_preset=\u00bbdefault\u00bb title=\u00bbObras de reparaci\u00f3n y reposici\u00f3n de c\u00e9sped artificial en campos de f\u00fatbol 7 en el polideportivo municipal de la Balaguera, subvencionadas con cargo al Plan Abierto de Inversiones 2024-2027 de la Diputaci\u00f3n de Valencia, con un presupuesto base de licitaci\u00f3n que asciende a 130.550,72 euros, IVA incluido. Plazo de presentaci\u00f3n de ofertas hasta el 12 de mayo a las 19 horas.\u00bb hover_enabled=\u00bb0&#8243; sticky_enabled=\u00bb0&#8243;]<\/p>\n<p><a class=\"pdf\" href=\"https:\/\/albal.es\/content-albal\/uploads\/2026\/04\/PRY-CESPED-ARTIF-FUTBOL-7-LA-BALUERA-2025-FIRMADO.pdf\">Proyecto de obras<\/a><\/p>\n<p><a class=\"pdf\" href=\"https:\/\/albal.es\/content-albal\/uploads\/2026\/04\/Documento-de-pliegos.pdf\">Documento pliegos<\/a>\u00a0<\/p>\n<p>[\/et_pb_accordion_item][et_pb_accordion_item title=\u00bbObras de reforma integral de los vestuarios del campo de f\u00fatbol de Santa Ana, subvencionadas con cargo al Plan Abierto de Inversiones 2024-2027 de la Diputaci\u00f3n de Valencia, con un presupuesto base de licitaci\u00f3n de 348.369,40 euros. \u00bb open=\u00bbon\u00bb _builder_version=\u00bb4.27.6&#8243; _module_preset=\u00bbdefault\u00bb hover_enabled=\u00bb0&#8243; global_colors_info=\u00bb{}\u00bb sticky_enabled=\u00bb0&#8243;]<\/p>\n<p><a class=\"pdf\" href=\"https:\/\/albal.es\/content-albal\/uploads\/2026\/03\/MEMPROY_VESTUARIOS-ALBAL_V04_07112025_Optimized_AMC.pdf\">Proyecto de reforma integral y ampliaci\u00f3n de los vestuarios del campo de f\u00fatbol de Santa Ana<\/a><\/p>\n<p><a class=\"pdf\" href=\"https:\/\/albal.es\/content-albal\/uploads\/2026\/03\/Documento-Pliegos.pdf\">Pliegos t\u00e9cnicos<\/a><\/p>\n<p>&nbsp;<\/p>\n<p>[\/et_pb_accordion_item][et_pb_accordion_item title=\u00bbObras de reparaci\u00f3n e iluminaci\u00f3n de pistas deportivas del parque de \u201cLa Balaguera, subvencionadas con cargo al Plan de Inversiones 2022-2023 de la Dipitaci\u00f3n de Valencia, con un presupuesto base de licitaci\u00f3n de 98.312,12 euros\u00bb _builder_version=\u00bb4.27.6&#8243; _module_preset=\u00bbdefault\u00bb global_colors_info=\u00bb{}\u00bb open=\u00bboff\u00bb]<\/p>\n<p><a class=\"pdf\" href=\"https:\/\/albal.es\/content-albal\/uploads\/2026\/03\/PROYECTO-FEBRERO-2024.pdf\">Proyecto de reparaci\u00f3n e iluminaci\u00f3n pista deportiva Parque Balaguera<\/a><\/p>\n<p>[\/et_pb_accordion_item][et_pb_accordion_item title=\u00bbAlbal modernizar\u00e1 el pol\u00edgono UE14 gracias a la ayuda de 120.000 euros del IVACE\u00bb _builder_version=\u00bb4.16&#8243; global_colors_info=\u00bb{}\u00bb open=\u00bboff\u00bb]<img decoding=\"async\" class=\"wp-image-2522 alignleft size-medium lazyload\" data-src=\"https:\/\/albal.es\/content-albal\/uploads\/2019\/12\/poligono-300x202.jpg\" alt=\"\" width=\"300\" height=\"202\" src=\"data:image\/svg+xml;base64,PHN2ZyB3aWR0aD0iMSIgaGVpZ2h0PSIxIiB4bWxucz0iaHR0cDovL3d3dy53My5vcmcvMjAwMC9zdmciPjwvc3ZnPg==\" style=\"--smush-placeholder-width: 300px; --smush-placeholder-aspect-ratio: 300\/202;\" \/>L&#8217;Institut Valenci\u00e0 de Competitivitat Empresarial (IVACE) ha concedit a l&#8217;Ajuntament d&#8217;Albal una subvenci\u00f3 de 119.999,40 euros que es destinar\u00e0 a millorar i modernitzar el sector industrial UE14, un pol\u00edgon de 106.500 metres quadrats, el projecte del qual comen\u00e7ar\u00e0 a executar-se al setembre i estar\u00e0 concl\u00f2s al novembre d&#8217;este mateix any.<br \/>\nLes obres consistixen en la urbanitzaci\u00f3 del vial localitzat en el l\u00edmit nord de la Unitat d&#8217;execuci\u00f3 14 i permetran, entre altres actuacions, connectar esta zona industrial, amb l&#8217;Avinguda Pare Carlos Ferris i la futura estaci\u00f3 de tren d&#8217;Albal, les obres de la qual ja han sigut licitades per ADIF i que estaran concloses en 2020.<br \/>\nLes obres contemplen moltes millores, entre elles: la implantaci\u00f3 de sistemes de comunicacions que milloraran la mobilitat urbana i\u00a0\u00a0 connectaran el pol\u00edgon amb una de les art\u00e8ries principals de municipi, l&#8217;Avinguda Pare Carlos Ferris i, com indic\u00e0vem, la nova estaci\u00f3 de tren de rodalia d&#8217;Albal. Per a aix\u00f2 es construir\u00e0 un carril bici i una senda biosaludable que permeta l&#8217;acc\u00e9s a peu i el pas d&#8217;un autob\u00fas llan\u00e7adora que connectar\u00e0 la localitat amb este transport.<br \/>\nLa zona industrial millorar\u00e0 la seua imatge amb la demolici\u00f3 d&#8217;algunes edificacions, es millorar\u00e0 l&#8217;enllumenat p\u00fablic per mitj\u00e0 de mesures d&#8217;efici\u00e8ncia energ\u00e8tica, s&#8217;instal\u00b7laran quatre hidrants contra incendis i es projecta donar continu\u00eftat a la xarxa de gas perqu\u00e8 la zona empresarial puga beneficiar-se d&#8217;este servici junt amb la millora del sanejament de les aig\u00fces residuals i del subministrament de l&#8217;aigua potable. S&#8217;implantar\u00e0 fibra \u00f2ptica, es crear\u00e0 la depuradora i l&#8217;ecoparc contemplant la gesti\u00f3 de residus perillosos. Es modernitzar\u00e0 la senyalitzaci\u00f3 i disposar\u00e0 una ferramenta web amb informaci\u00f3 del pol\u00edgon accessible a l&#8217;IVACE. S&#8217;instal\u00b7laran mesures de vigil\u00e0ncia, connectades a la Policia Local, disposar\u00e0 de m\u00e9s aparcaments i de zones verdes, entre altres mesures dotacionals i de modernitzaci\u00f3.<br \/>\nSegons l&#8217;alcalde, Ram\u00f3n Mar\u00ed, gr\u00e0cies a esta intervenci\u00f3,\u00a0<i><b>\u201cconvertirem esta zona empresarial en un espai accessible i atractiu per a impulsar nous projectes que generen treball i dinamitzen la nostra economia local\u201d<\/b><\/i>.[\/et_pb_accordion_item][et_pb_accordion_item title=\u00bbConstrucci\u00f3n de 8 l\u00edneas subterr\u00e1neas trif\u00e1sicas\u00bb _builder_version=\u00bb4.16&#8243; global_colors_info=\u00bb{}\u00bb open=\u00bboff\u00bb]Projecte T\u00e9cnic de Construcci\u00f3 de 8 l\u00ednies subterr\u00e0nies trif\u00e0siques<\/p>\n<p><a class=\"pdf\" href=\"https:\/\/albal.es\/ficheros\/pdf\/AnuncioConstrLineasUrb_v.pdf\" target=\"_blank\" rel=\"noopener noreferrer\">Anunci<\/a><\/p>\n<p><a class=\"pdf\" href=\"https:\/\/albal.es\/ficheros\/pdf\/ConveniReiniciAnellElectric.pdf\" target=\"_blank\" rel=\"noopener noreferrer\">Conveni per al reinici de les obres<\/a>[\/et_pb_accordion_item][et_pb_accordion_item title=\u00bbObras para Ejecuci\u00f3n del Plan Especial de Evacuaci\u00f3n de Aguas Pluviales y Obras Complementarias de Saneamiento\u00bb _builder_version=\u00bb4.16&#8243; global_colors_info=\u00bb{}\u00bb open=\u00bboff\u00bb]Aprobaci\u00f3 del Projecte T\u00e9cnic de Obres per a Execuci\u00f3 del Pla Especial d&#8217;Evacuaci\u00f3 d&#8217;Aig\u00fces Pluvials i Obres Complementaries de Sanejament<\/p>\n<p><a class=\"pdf\" href=\"https:\/\/albal.es\/ficheros\/pdf\/AnuncioPluvialesUrb_v.pdf\" target=\"_blank\" rel=\"noopener noreferrer\">Anunci<\/a>[\/et_pb_accordion_item][et_pb_accordion_item title=\u00bbNormalizaci\u00f3n de elementos de saneamiento en Complejo Polideportivo Municipal Santa Ana\u00bb _builder_version=\u00bb4.16&#8243; global_colors_info=\u00bb{}\u00bb open=\u00bboff\u00bb]<a class=\"pdf\" href=\"https:\/\/albal.es\/ficheros\/pdf\/ProyPPOS2016-27.PDF\" target=\"_blank\" rel=\"noopener noreferrer\">Projecte (16,4 MB)<\/a>[\/et_pb_accordion_item][et_pb_accordion_item title=\u00bbEliminaci\u00f3n de barreras arquitect\u00f3nicas, mejoras medioambientales y renovaci\u00f3n de la red de agua potable en diversas calles\u00bb _builder_version=\u00bb4.16&#8243; global_colors_info=\u00bb{}\u00bb open=\u00bboff\u00bb]<a class=\"pdf\" href=\"https:\/\/albal.es\/ficheros\/pdf\/ProyPPOS2016-28.PDF\" target=\"_blank\" rel=\"noopener noreferrer\">Projecte (7,04 MB)<\/a>[\/et_pb_accordion_item][et_pb_accordion_item title=\u00bbCambio de red agua potable, pavimentos y mejoras en calles (I.F.S. 2017)\u00bb _builder_version=\u00bb4.16&#8243; global_colors_info=\u00bb{}\u00bb open=\u00bboff\u00bb]Projecte de canvi de xarxa d&#8217;aigua potable, paviment i millores mediambientals en els seg\u00fcents carrers del municipi:<\/p>\n<ul>\n<li>C\/ Joventud Musical<\/li>\n<li>C\/ Torrent<\/li>\n<li>Av. Padre Carlos Ferris<\/li>\n<li>C\/ Alc\u00e0sser<\/li>\n<li>C\/ Dr. Fl\u00e9ming<\/li>\n<\/ul>\n<p><a class=\"pdf\" href=\"https:\/\/albal.es\/ficheros\/pdf\/ProyIFS2017_1.pdf\" target=\"_blank\" rel=\"noopener noreferrer\">Projecte (61,85 Mb)<\/a>[\/et_pb_accordion_item][et_pb_accordion_item title=\u00bbMejoras en viales, aceras y drenaje (I.F.S. 2017)\u00bb _builder_version=\u00bb4.16&#8243; global_colors_info=\u00bb{}\u00bb open=\u00bboff\u00bb]Millores mediambientals i d&#8217;accessibilitat en repavimentaci\u00f3 de vials, adequaci\u00f3 de voreres i millora de la capacitat de drenatge en els carrers seg\u00fcents:<\/p>\n<ul>\n<li>C\/ Santa Anna<\/li>\n<li>C\/ Paiporta<\/li>\n<li>C\/ Mestre Serrano<\/li>\n<li>C\/ del Sol<\/li>\n<li>C\/ Dr. Fl\u00e9ming<\/li>\n<li>C\/ Andres Arbiol<\/li>\n<li>C\/ Silla<\/li>\n<li>C\/ Salvador Ricart<\/li>\n<li>C\/ Rector Pesset Alexandre<\/li>\n<li>C\/ Lauria<\/li>\n<li>P\u00e7a. del Jard\u00ed<\/li>\n<li>C\/ Lluis Arnau<\/li>\n<\/ul>\n<p><a class=\"pdf\" href=\"https:\/\/albal.es\/ficheros\/pdf\/ProyIFS2017_2.pdf\" target=\"_blank\" rel=\"noopener noreferrer\">Projecte (92,71 Mb)<\/a>[\/et_pb_accordion_item][et_pb_accordion_item title=\u00bbProyecto de Cambio de Carpinteria Exterior en C.P. Juan Esteve Mu\u00f1oz\u00bb _builder_version=\u00bb4.16&#8243; global_colors_info=\u00bb{}\u00bb open=\u00bboff\u00bb]Projecte de millores en efici\u00e8ncia energ\u00e8tica amb canvi de fusteria exterior en C.P. Juan Esteve Mu\u00f1oz.<br \/>\nPla de manteniment de Centres Educatius.<\/p>\n<p><a class=\"pdf\" href=\"https:\/\/albal.es\/ficheros\/pdf\/ProyCarpJE2017.pdf\" target=\"_blank\" rel=\"noopener noreferrer\">Projecte<\/a>[\/et_pb_accordion_item][et_pb_accordion_item title=\u00bbProyecto instalaci\u00f3n de p\u00e9rgolas en los patios de los colegios para producci\u00f3n de sombras\u00bb _builder_version=\u00bb4.16&#8243; global_colors_info=\u00bb{}\u00bb open=\u00bboff\u00bb]Projecte instal\u00b7laci\u00f3 de p\u00e8rgoles en els patis dels col\u00b7legis C.P. La Balaguera, C.P. SAN Carlos i C.P. Juan Esteve per a producci\u00f3 d&#8217;ombres.<\/p>\n<p>PLA PROVINCIAL D&#8217;OBRES I SERVEIS (PPOS 2017\/758)<\/p>\n<p><a class=\"pdf\" href=\"https:\/\/albal.es\/ficheros\/pdf\/ProyectoPPOS2017sombras.PDF\" target=\"_blank\" rel=\"noopener noreferrer\">Projecte<\/a>[\/et_pb_accordion_item][et_pb_accordion_item title=\u00bbEstudio de Movilidad Urbana del municipio\u00bb _builder_version=\u00bb4.16&#8243; global_colors_info=\u00bb{}\u00bb open=\u00bboff\u00bb]Estudio de Movilidad Urbana del municipio.<\/p>\n<p><a href=\"https:\/\/mingenieria.org\/planes-de-participacion-publica\/albal\/\" target=\"_blank\" rel=\"noopener noreferrer\">Puede consultarlo en este enlace<\/a>[\/et_pb_accordion_item][et_pb_accordion_item title=\u00bbProyecto de construcci\u00f3n de carril bici\u00bb _builder_version=\u00bb4.16&#8243; _module_preset=\u00bbdefault\u00bb global_colors_info=\u00bb{}\u00bb open=\u00bboff\u00bb]<a class=\"pdf\" href=\"https:\/\/albal.es\/content-albal\/uploads\/2021\/05\/Anejo-expropiaciones.pdf\">Anejo de expropiaciones<\/a>[\/et_pb_accordion_item][et_pb_accordion_item title=\u00bbProyecto de construcci\u00f3n de Nueva Estaci\u00f3n de Tren de Albal\u00bb _builder_version=\u00bb4.16&#8243; global_colors_info=\u00bb{}\u00bb open=\u00bboff\u00bb]<a class=\"pdf\" href=\"https:\/\/albal.es\/ficheros\/pdf\/EstacionAlbal_AnejoExpropiaciones.pdf\" target=\"_blank\" rel=\"noopener noreferrer\">Anexe d&#8217;Expropiacions<\/a>[\/et_pb_accordion_item][\/et_pb_accordion][\/et_pb_column][\/et_pb_row][et_pb_row column_structure=\u00bb3_5,2_5&#8243; disabled_on=\u00bbon|on|on\u00bb _builder_version=\u00bb4.16&#8243; custom_padding=\u00bb0px||||false|false\u00bb disabled=\u00bbon\u00bb locked=\u00bboff\u00bb global_colors_info=\u00bb{}\u00bb][et_pb_column type=\u00bb3_5&#8243; _builder_version=\u00bb4.16&#8243; global_colors_info=\u00bb{}\u00bb][et_pb_accordion use_icon_font_size=\u00bbon\u00bb icon_font_size=\u00bb21px\u00bb admin_label=\u00bb(acordeon desplegables)\u00bb _builder_version=\u00bb4.16&#8243; global_colors_info=\u00bb{}\u00bb][et_pb_accordion_item title=\u00bbTitulo\u00bb open=\u00bbon\u00bb _builder_version=\u00bb4.16&#8243; global_colors_info=\u00bb{}\u00bb]Texto[\/et_pb_accordion_item][\/et_pb_accordion][\/et_pb_column][et_pb_column type=\u00bb2_5&#8243; module_class=\u00bbcontent-impresos\u00bb _builder_version=\u00bb4.16&#8243; global_colors_info=\u00bb{}\u00bb][et_pb_text admin_label=\u00bbTitulo \u00abImpresos i enlla\u00e7os a Seu electr\u00f2nica\u00bb\u00bb _builder_version=\u00bb4.16&#8243; _module_preset=\u00bbdefault\u00bb locked=\u00bbon\u00bb global_colors_info=\u00bb{}\u00bb]<\/p>\n<h2>Impresos y enlaces a Sede electr\u00f3nica<\/h2>\n<p>[\/et_pb_text][et_pb_cpt_loop_archive loop_layout=\u00bb6282&#8243; show_pagination=\u00bboff\u00bb new_query=\u00bbon\u00bb post_type=\u00bbimpreso_tramit\u00bb posts_number=\u00bb999&#8243; include_meta=\u00bbpagina_de_destinacio\u00bb include_meta_terms=\u00bb658&#8243; hide_if_no_data=\u00bbon\u00bb order=\u00bbasc\u00bb admin_label=\u00bbImpresos i enlla\u00e7os a Seu Electronica\u00bb module_class=\u00bbcontent-impresos-dinamic\u00bb _builder_version=\u00bb4.16&#8243; headings_font_size=\u00bb36px\u00bb background_color=\u00bb#ffffff\u00bb border_radii=\u00bbon|8px|8px|8px|8px\u00bb border_width_all=\u00bb1px\u00bb border_color_all=\u00bb#cccccc\u00bb locked=\u00bbon\u00bb global_colors_info=\u00bb{}\u00bb][\/et_pb_cpt_loop_archive][et_pb_code module_class=\u00bbcontent-mostrar-impresos\u00bb _builder_version=\u00bb4.16&#8243; _module_preset=\u00bbdefault\u00bb locked=\u00bbon\u00bb global_colors_info=\u00bb{}\u00bb]<style>.et_pb_cpt_loop_archive.content-impresos-dinamic:before { content:\"Impresos y enlaces a Sede electr\u00f3nica\";}\t<\/style>[\/et_pb_code][\/et_pb_column][\/et_pb_row][et_pb_row disabled_on=\u00bboff|on|on\u00bb admin_label=\u00bbCarga solo en MOVIL\u00bb _builder_version=\u00bb4.16&#8243; custom_padding=\u00bb0px||||false|false\u00bb locked=\u00bboff\u00bb global_colors_info=\u00bb{}\u00bb][et_pb_column type=\u00bb4_4&#8243; _builder_version=\u00bb4.16&#8243; global_colors_info=\u00bb{}\u00bb][et_pb_text disabled_on=\u00bboff|off|off\u00bb admin_label=\u00bbAmic\u00bb module_class=\u00bbamic-cita\u00bb _builder_version=\u00bb4.16&#8243; header_4_font=\u00bb||||||||\u00bb header_4_text_color=\u00bb#c40038&#8243; custom_margin=\u00bb||0px||false|false\u00bb custom_padding=\u00bb||15px||false|false\u00bb saved_tabs=\u00bball\u00bb locked=\u00bbon\u00bb global_colors_info=\u00bb{}\u00bb]<\/p>\n<h3><img decoding=\"async\" class=\"wp-image-464 alignnone size-full lazyload\" data-src=\"https:\/\/albal.es\/content-albal\/uploads\/2019\/12\/logo-amic-2.png\" alt=\"\" width=\"135\" height=\"46\" src=\"data:image\/svg+xml;base64,PHN2ZyB3aWR0aD0iMSIgaGVpZ2h0PSIxIiB4bWxucz0iaHR0cDovL3d3dy53My5vcmcvMjAwMC9zdmciPjwvc3ZnPg==\" style=\"--smush-placeholder-width: 135px; --smush-placeholder-aspect-ratio: 135\/46;\" \/><\/h3>\n<h3>Atenci\u00f3 Municipal d&#8217;Informaci\u00f3 Ciutadana<\/h3>\n<h4>REGISTRES I SOL\u00b7LICITUDS<\/h4>\n<p>Pla\u00e7a del Jard\u00ed, 7. Ajuntament d&#8217;Albal &#8211; <strong>Planta baixa<\/strong><br \/>\nTel: <strong>96 126 00 56<\/strong> \u00b7 Fax: 96 127 08 61<\/p>\n<p><a class=\"bot-cita-previa\" href=\"https:\/\/citaprevia.albal.es:10090\/\" target=\"_blank\" rel=\"noopener noreferrer\">Cita pr\u00e8via<\/a><br \/>\n<a class=\"bot-seu-electronica\" href=\"https:\/\/albal.sede.dival.es\/\" target=\"_blank\" rel=\"noopener noreferrer\">Seu electr\u00f2nica<\/a>[\/et_pb_text][\/et_pb_column][\/et_pb_row][\/et_pb_section][et_pb_section fb_built=\u00bb1&#8243; disabled_on=\u00bbon|on|on\u00bb admin_label=\u00bb(ancla) #informacion\u00bb module_id=\u00bbinformacion\u00bb _builder_version=\u00bb4.16&#8243; background_color=\u00bb#e2e1de\u00bb custom_padding=\u00bb50px||||false|false\u00bb border_width_top=\u00bb1px\u00bb border_color_top=\u00bb#cccccc\u00bb disabled=\u00bbon\u00bb locked=\u00bboff\u00bb collapsed=\u00bboff\u00bb global_colors_info=\u00bb{}\u00bb][et_pb_row _builder_version=\u00bb4.16&#8243; background_color=\u00bbrgba(0,0,0,0)\u00bb custom_padding=\u00bb0px||||false|false\u00bb global_colors_info=\u00bb{}\u00bb][et_pb_column type=\u00bb4_4&#8243; _builder_version=\u00bb4.16&#8243; global_colors_info=\u00bb{}\u00bb][et_pb_text admin_label=\u00bbTitulo Informaci\u00f3\u00bb module_class=\u00bbtit-seccion\u00bb _builder_version=\u00bb4.16&#8243; locked=\u00bboff\u00bb global_colors_info=\u00bb{}\u00bb]<\/p>\n<h2><img decoding=\"async\" class=\"size-medium alignleft lazyload\" data-src=\"https:\/\/albal.es\/img\/iconos\/informacion-mostrador-45x45.svg\" alt=\"\" width=\"45\" height=\"45\" src=\"data:image\/svg+xml;base64,PHN2ZyB3aWR0aD0iMSIgaGVpZ2h0PSIxIiB4bWxucz0iaHR0cDovL3d3dy53My5vcmcvMjAwMC9zdmciPjwvc3ZnPg==\" style=\"--smush-placeholder-width: 45px; --smush-placeholder-aspect-ratio: 45\/45;\" \/>Informaci\u00f3<\/h2>\n<p>[\/et_pb_text][\/et_pb_column][\/et_pb_row][et_pb_row column_structure=\u00bb1_2,1_2&#8243; make_equal=\u00bbon\u00bb admin_label=\u00bbSolo un modulo por fila\u00bb _builder_version=\u00bb4.16&#8243; custom_padding=\u00bb0px||||false|false\u00bb global_colors_info=\u00bb{}\u00bb][et_pb_column type=\u00bb1_2&#8243; _builder_version=\u00bb4.16&#8243; border_width_bottom=\u00bb1px\u00bb border_color_bottom=\u00bb#cccccc\u00bb global_colors_info=\u00bb{}\u00bb][et_pb_text admin_label=\u00bbText\u00bb _builder_version=\u00bb4.16&#8243; custom_padding=\u00bb||25px||false|false\u00bb global_colors_info=\u00bb{}\u00bb]<\/p>\n<h3>Titulo<\/h3>\n<p>Text[\/et_pb_text][\/et_pb_column][et_pb_column type=\u00bb1_2&#8243; _builder_version=\u00bb4.16&#8243; border_width_bottom=\u00bb1px\u00bb border_color_bottom=\u00bb#cccccc\u00bb global_colors_info=\u00bb{}\u00bb][et_pb_text admin_label=\u00bbText\u00bb _builder_version=\u00bb4.16&#8243; custom_padding=\u00bb||25px||false|false\u00bb global_colors_info=\u00bb{}\u00bb]<\/p>\n<h3>Titulo<\/h3>\n<p>Text[\/et_pb_text][\/et_pb_column][\/et_pb_row][\/et_pb_section][et_pb_section fb_built=\u00bb1&#8243; disabled_on=\u00bbon|on|on\u00bb admin_label=\u00bb(ancla) #faq\u00bb module_id=\u00bbfaq\u00bb _builder_version=\u00bb4.16&#8243; background_color=\u00bb#dcb747&#8243; custom_padding=\u00bb50px||||false|false\u00bb disabled=\u00bbon\u00bb locked=\u00bboff\u00bb collapsed=\u00bboff\u00bb global_colors_info=\u00bb{}\u00bb][et_pb_row _builder_version=\u00bb4.16&#8243; background_color=\u00bbrgba(0,0,0,0)\u00bb custom_padding=\u00bb0px||||false|false\u00bb locked=\u00bbon\u00bb global_colors_info=\u00bb{}\u00bb][et_pb_column type=\u00bb4_4&#8243; _builder_version=\u00bb4.16&#8243; global_colors_info=\u00bb{}\u00bb][et_pb_text admin_label=\u00bbTitulo Preguntes m\u00e9s freq\u00fcents\u00bb module_class=\u00bbtit-seccion\u00bb _builder_version=\u00bb4.16&#8243; header_2_text_color=\u00bb#ffffff\u00bb global_colors_info=\u00bb{}\u00bb]<\/p>\n<h2><img decoding=\"async\" class=\"size-medium alignleft lazyload\" data-src=\"https:\/\/albal.es\/img\/iconos\/preguntas-persona-45x45.svg\" alt=\"\" width=\"45\" height=\"45\" src=\"data:image\/svg+xml;base64,PHN2ZyB3aWR0aD0iMSIgaGVpZ2h0PSIxIiB4bWxucz0iaHR0cDovL3d3dy53My5vcmcvMjAwMC9zdmciPjwvc3ZnPg==\" style=\"--smush-placeholder-width: 45px; --smush-placeholder-aspect-ratio: 45\/45;\" \/>Preguntes m\u00e9s freq\u00fcents<\/h2>\n<p>[\/et_pb_text][\/et_pb_column][\/et_pb_row][et_pb_row column_structure=\u00bb1_2,1_2&#8243; make_equal=\u00bbon\u00bb admin_label=\u00bbSolo un modulo por fila\u00bb _builder_version=\u00bb4.16&#8243; custom_padding=\u00bb0px||||false|false\u00bb global_colors_info=\u00bb{}\u00bb][et_pb_column type=\u00bb1_2&#8243; _builder_version=\u00bb4.16&#8243; border_width_bottom=\u00bb1px\u00bb border_color_bottom=\u00bb#b09239&#8243; global_colors_info=\u00bb{}\u00bb][et_pb_text admin_label=\u00bbPregunta\u00bb _builder_version=\u00bb4.16&#8243; custom_padding=\u00bb||25px||false|false\u00bb global_colors_info=\u00bb{}\u00bb]<\/p>\n<h3>Pregunta<\/h3>\n<p>Respuesta[\/et_pb_text][\/et_pb_column][et_pb_column type=\u00bb1_2&#8243; _builder_version=\u00bb4.16&#8243; border_width_bottom=\u00bb1px\u00bb border_color_bottom=\u00bb#b09239&#8243; global_colors_info=\u00bb{}\u00bb][et_pb_text admin_label=\u00bbPregunta\u00bb _builder_version=\u00bb4.16&#8243; custom_padding=\u00bb||25px||false|false\u00bb global_colors_info=\u00bb{}\u00bb]<\/p>\n<h3>Pregunta<\/h3>\n<p>Respuesta[\/et_pb_text][\/et_pb_column][\/et_pb_row][\/et_pb_section]<\/p>\n","protected":false},"excerpt":{"rendered":"<p>\u00c1reas y servicios | URBANISMO y MEDIO AMBIENTE Proyectos Municipales &nbsp;Informaci\u00f3n de Inter\u00e9s:Consultas y dudas: Atenci\u00f3 Municipal d&#8217;Informaci\u00f3 Ciutadana REGISTRES I SOL\u00b7LICITUDS Pla\u00e7a del Jard\u00ed, 7. Ajuntament d&#8217;Albal &#8211; Planta baixa Tel: 96 126 00 56 \u00b7 Fax: 96 127 08 61 Cita pr\u00e8via Seu electr\u00f2nicaAvisos, convocatorias y tr\u00e1mites activos<style>.et_pb_cpt_loop_archive.tramites-activos-pag:before { content:\"Avisos, convocatorias y tr\u00e1mites activos\";}<\/style>Proyecto de obras Documento pliegos\u00a0Proyecto de reforma integral y ampliaci\u00f3n de los vestuarios del campo de f\u00fatbol de Santa Ana Pliegos t\u00e9cnicos &nbsp;Proyecto de reparaci\u00f3n e iluminaci\u00f3n pista deportiva Parque BalagueraL&#8217;Institut Valenci\u00e0 de Competitivitat Empresarial (IVACE) ha concedit a l&#8217;Ajuntament d&#8217;Albal una subvenci\u00f3 de 119.999,40 euros que es destinar\u00e0 a millorar i modernitzar el sector industrial UE14, un pol\u00edgon de 106.500 metres quadrats, el projecte del qual comen\u00e7ar\u00e0 a executar-se al setembre i estar\u00e0 concl\u00f2s al novembre d&#8217;este mateix any. Les obres consistixen en la urbanitzaci\u00f3 del vial localitzat en el l\u00edmit nord de la Unitat d&#8217;execuci\u00f3 14 i permetran, entre altres actuacions, connectar esta zona industrial, amb l&#8217;Avinguda Pare Carlos Ferris i la futura estaci\u00f3 de tren d&#8217;Albal, les obres de la qual ja han sigut licitades per ADIF i que estaran concloses en 2020. Les obres contemplen moltes millores, entre elles: la implantaci\u00f3 de sistemes de comunicacions que milloraran [&hellip;]<\/p>\n","protected":false},"author":8,"featured_media":0,"parent":782,"menu_order":0,"comment_status":"closed","ping_status":"closed","template":"","meta":{"_acf_changed":false,"_et_pb_use_builder":"on","_et_pb_old_content":"","_et_gb_content_width":"","footnotes":""},"coauthors":[72],"class_list":["post-662","page","type-page","status-publish","hentry"],"acf":[],"yoast_head":"<!-- This site is optimized with the Yoast SEO plugin v27.4 - https:\/\/yoast.com\/product\/yoast-seo-wordpress\/ -->\n<title>Proyectos Municipales - Ajuntament d&#039;Albal<\/title>\n<meta name=\"robots\" content=\"index, follow, max-snippet:-1, max-image-preview:large, max-video-preview:-1\" \/>\n<link rel=\"canonical\" href=\"https:\/\/albal.es\/es\/areas-y-servicios-2\/urbanismo-y-medio-ambiente\/proyectos-municipales\/\" \/>\n<meta property=\"og:locale\" content=\"es_ES\" \/>\n<meta property=\"og:type\" content=\"article\" \/>\n<meta property=\"og:title\" content=\"Proyectos Municipales - Ajuntament d&#039;Albal\" \/>\n<meta property=\"og:description\" content=\"\u00c1reas y servicios | URBANISMO y MEDIO AMBIENTE Proyectos Municipales &nbsp;Informaci\u00f3n de Inter\u00e9s:Consultas y dudas: Atenci\u00f3 Municipal d&#039;Informaci\u00f3 Ciutadana REGISTRES I SOL\u00b7LICITUDS Pla\u00e7a del Jard\u00ed, 7. Ajuntament d&#039;Albal - Planta baixa Tel: 96 126 00 56 \u00b7 Fax: 96 127 08 61 Cita pr\u00e8via Seu electr\u00f2nicaAvisos, convocatorias y tr\u00e1mites activosProyecto de obras Documento pliegos\u00a0Proyecto de reforma integral y ampliaci\u00f3n de los vestuarios del campo de f\u00fatbol de Santa Ana Pliegos t\u00e9cnicos &nbsp;Proyecto de reparaci\u00f3n e iluminaci\u00f3n pista deportiva Parque BalagueraL&#039;Institut Valenci\u00e0 de Competitivitat Empresarial (IVACE) ha concedit a l&#039;Ajuntament d&#039;Albal una subvenci\u00f3 de 119.999,40 euros que es destinar\u00e0 a millorar i modernitzar el sector industrial UE14, un pol\u00edgon de 106.500 metres quadrats, el projecte del qual comen\u00e7ar\u00e0 a executar-se al setembre i estar\u00e0 concl\u00f2s al novembre d&#039;este mateix any. Les obres consistixen en la urbanitzaci\u00f3 del vial localitzat en el l\u00edmit nord de la Unitat d&#039;execuci\u00f3 14 i permetran, entre altres actuacions, connectar esta zona industrial, amb l&#039;Avinguda Pare Carlos Ferris i la futura estaci\u00f3 de tren d&#039;Albal, les obres de la qual ja han sigut licitades per ADIF i que estaran concloses en 2020. Les obres contemplen moltes millores, entre elles: la implantaci\u00f3 de sistemes de comunicacions que milloraran [&hellip;]\" \/>\n<meta property=\"og:site_name\" content=\"Ajuntament d&#039;Albal\" \/>\n<meta property=\"article:publisher\" content=\"https:\/\/facebook.com\/AjuntamentAlbal\/\" \/>\n<meta property=\"article:modified_time\" content=\"2026-04-23T07:23:48+00:00\" \/>\n<meta property=\"og:image\" content=\"https:\/\/albal.es\/content-albal\/uploads\/2019\/12\/logo-amic-2.png\" \/>\n\t<meta property=\"og:image:width\" content=\"135\" \/>\n\t<meta property=\"og:image:height\" content=\"46\" \/>\n\t<meta property=\"og:image:type\" content=\"image\/png\" \/>\n<meta name=\"twitter:card\" content=\"summary_large_image\" \/>\n<meta name=\"twitter:label1\" content=\"Tiempo de lectura\" \/>\n\t<meta name=\"twitter:data1\" content=\"14 minutos\" \/>\n\t<meta name=\"twitter:label2\" content=\"Written by\" \/>\n\t<meta name=\"twitter:data2\" content=\"Josefi Camarena\" \/>\n<script type=\"application\/ld+json\" class=\"yoast-schema-graph\">{\"@context\":\"https:\\\/\\\/schema.org\",\"@graph\":[{\"@type\":\"WebPage\",\"@id\":\"https:\\\/\\\/albal.es\\\/es\\\/areas-y-servicios-2\\\/urbanismo-y-medio-ambiente\\\/proyectos-municipales\\\/\",\"url\":\"https:\\\/\\\/albal.es\\\/es\\\/areas-y-servicios-2\\\/urbanismo-y-medio-ambiente\\\/proyectos-municipales\\\/\",\"name\":\"Proyectos Municipales - Ajuntament d&#039;Albal\",\"isPartOf\":{\"@id\":\"https:\\\/\\\/albal.es\\\/es\\\/#website\"},\"primaryImageOfPage\":{\"@id\":\"https:\\\/\\\/albal.es\\\/es\\\/areas-y-servicios-2\\\/urbanismo-y-medio-ambiente\\\/proyectos-municipales\\\/#primaryimage\"},\"image\":{\"@id\":\"https:\\\/\\\/albal.es\\\/es\\\/areas-y-servicios-2\\\/urbanismo-y-medio-ambiente\\\/proyectos-municipales\\\/#primaryimage\"},\"thumbnailUrl\":\"https:\\\/\\\/albal.es\\\/content-albal\\\/uploads\\\/2019\\\/12\\\/logo-amic-2.png\",\"datePublished\":\"2019-12-10T16:02:26+00:00\",\"dateModified\":\"2026-04-23T07:23:48+00:00\",\"breadcrumb\":{\"@id\":\"https:\\\/\\\/albal.es\\\/es\\\/areas-y-servicios-2\\\/urbanismo-y-medio-ambiente\\\/proyectos-municipales\\\/#breadcrumb\"},\"inLanguage\":\"es\",\"potentialAction\":[{\"@type\":\"ReadAction\",\"target\":[\"https:\\\/\\\/albal.es\\\/es\\\/areas-y-servicios-2\\\/urbanismo-y-medio-ambiente\\\/proyectos-municipales\\\/\"]}]},{\"@type\":\"ImageObject\",\"inLanguage\":\"es\",\"@id\":\"https:\\\/\\\/albal.es\\\/es\\\/areas-y-servicios-2\\\/urbanismo-y-medio-ambiente\\\/proyectos-municipales\\\/#primaryimage\",\"url\":\"https:\\\/\\\/albal.es\\\/content-albal\\\/uploads\\\/2019\\\/12\\\/logo-amic-2.png\",\"contentUrl\":\"https:\\\/\\\/albal.es\\\/content-albal\\\/uploads\\\/2019\\\/12\\\/logo-amic-2.png\"},{\"@type\":\"BreadcrumbList\",\"@id\":\"https:\\\/\\\/albal.es\\\/es\\\/areas-y-servicios-2\\\/urbanismo-y-medio-ambiente\\\/proyectos-municipales\\\/#breadcrumb\",\"itemListElement\":[{\"@type\":\"ListItem\",\"position\":1,\"name\":\"Inici\",\"item\":\"https:\\\/\\\/albal.es\\\/es\\\/\"},{\"@type\":\"ListItem\",\"position\":2,\"name\":\"\u00c1reas y Servicios\",\"item\":\"https:\\\/\\\/albal.es\\\/es\\\/areas-y-servicios-2\\\/\"},{\"@type\":\"ListItem\",\"position\":3,\"name\":\"Urbanismo y Medio Ambiente\",\"item\":\"https:\\\/\\\/albal.es\\\/es\\\/areas-y-servicios-2\\\/urbanismo-y-medio-ambiente\\\/\"},{\"@type\":\"ListItem\",\"position\":4,\"name\":\"Proyectos Municipales\"}]},{\"@type\":\"WebSite\",\"@id\":\"https:\\\/\\\/albal.es\\\/es\\\/#website\",\"url\":\"https:\\\/\\\/albal.es\\\/es\\\/\",\"name\":\"Ajuntament d&#039;Albal\",\"description\":\"Ajuntament d&#039;Albal\",\"publisher\":{\"@id\":\"https:\\\/\\\/albal.es\\\/es\\\/#organization\"},\"potentialAction\":[{\"@type\":\"SearchAction\",\"target\":{\"@type\":\"EntryPoint\",\"urlTemplate\":\"https:\\\/\\\/albal.es\\\/es\\\/?s={search_term_string}\"},\"query-input\":{\"@type\":\"PropertyValueSpecification\",\"valueRequired\":true,\"valueName\":\"search_term_string\"}}],\"inLanguage\":\"es\"},{\"@type\":\"Organization\",\"@id\":\"https:\\\/\\\/albal.es\\\/es\\\/#organization\",\"name\":\"Ajuntament d'Albal - Valencia\",\"url\":\"https:\\\/\\\/albal.es\\\/es\\\/\",\"logo\":{\"@type\":\"ImageObject\",\"inLanguage\":\"es\",\"@id\":\"https:\\\/\\\/albal.es\\\/es\\\/#\\\/schema\\\/logo\\\/image\\\/\",\"url\":\"https:\\\/\\\/albal.es\\\/content-albal\\\/uploads\\\/2020\\\/06\\\/logo-ayuntamiento-albal.png\",\"contentUrl\":\"https:\\\/\\\/albal.es\\\/content-albal\\\/uploads\\\/2020\\\/06\\\/logo-ayuntamiento-albal.png\",\"width\":367,\"height\":332,\"caption\":\"Ajuntament d'Albal - Valencia\"},\"image\":{\"@id\":\"https:\\\/\\\/albal.es\\\/es\\\/#\\\/schema\\\/logo\\\/image\\\/\"},\"sameAs\":[\"https:\\\/\\\/facebook.com\\\/AjuntamentAlbal\\\/\"]}]}<\/script>\n<!-- \/ Yoast SEO plugin. -->","yoast_head_json":{"title":"Proyectos Municipales - Ajuntament d&#039;Albal","robots":{"index":"index","follow":"follow","max-snippet":"max-snippet:-1","max-image-preview":"max-image-preview:large","max-video-preview":"max-video-preview:-1"},"canonical":"https:\/\/albal.es\/es\/areas-y-servicios-2\/urbanismo-y-medio-ambiente\/proyectos-municipales\/","og_locale":"es_ES","og_type":"article","og_title":"Proyectos Municipales - Ajuntament d&#039;Albal","og_description":"\u00c1reas y servicios | URBANISMO y MEDIO AMBIENTE Proyectos Municipales &nbsp;Informaci\u00f3n de Inter\u00e9s:Consultas y dudas: Atenci\u00f3 Municipal d'Informaci\u00f3 Ciutadana REGISTRES I SOL\u00b7LICITUDS Pla\u00e7a del Jard\u00ed, 7. Ajuntament d'Albal - Planta baixa Tel: 96 126 00 56 \u00b7 Fax: 96 127 08 61 Cita pr\u00e8via Seu electr\u00f2nicaAvisos, convocatorias y tr\u00e1mites activosProyecto de obras Documento pliegos\u00a0Proyecto de reforma integral y ampliaci\u00f3n de los vestuarios del campo de f\u00fatbol de Santa Ana Pliegos t\u00e9cnicos &nbsp;Proyecto de reparaci\u00f3n e iluminaci\u00f3n pista deportiva Parque BalagueraL'Institut Valenci\u00e0 de Competitivitat Empresarial (IVACE) ha concedit a l'Ajuntament d'Albal una subvenci\u00f3 de 119.999,40 euros que es destinar\u00e0 a millorar i modernitzar el sector industrial UE14, un pol\u00edgon de 106.500 metres quadrats, el projecte del qual comen\u00e7ar\u00e0 a executar-se al setembre i estar\u00e0 concl\u00f2s al novembre d'este mateix any. Les obres consistixen en la urbanitzaci\u00f3 del vial localitzat en el l\u00edmit nord de la Unitat d'execuci\u00f3 14 i permetran, entre altres actuacions, connectar esta zona industrial, amb l'Avinguda Pare Carlos Ferris i la futura estaci\u00f3 de tren d'Albal, les obres de la qual ja han sigut licitades per ADIF i que estaran concloses en 2020. Les obres contemplen moltes millores, entre elles: la implantaci\u00f3 de sistemes de comunicacions que milloraran [&hellip;]","og_site_name":"Ajuntament d&#039;Albal","article_publisher":"https:\/\/facebook.com\/AjuntamentAlbal\/","article_modified_time":"2026-04-23T07:23:48+00:00","og_image":[{"width":135,"height":46,"url":"https:\/\/albal.es\/content-albal\/uploads\/2019\/12\/logo-amic-2.png","type":"image\/png"}],"twitter_card":"summary_large_image","twitter_misc":{"Tiempo de lectura":"14 minutos","Written by":"Josefi Camarena"},"schema":{"@context":"https:\/\/schema.org","@graph":[{"@type":"WebPage","@id":"https:\/\/albal.es\/es\/areas-y-servicios-2\/urbanismo-y-medio-ambiente\/proyectos-municipales\/","url":"https:\/\/albal.es\/es\/areas-y-servicios-2\/urbanismo-y-medio-ambiente\/proyectos-municipales\/","name":"Proyectos Municipales - Ajuntament d&#039;Albal","isPartOf":{"@id":"https:\/\/albal.es\/es\/#website"},"primaryImageOfPage":{"@id":"https:\/\/albal.es\/es\/areas-y-servicios-2\/urbanismo-y-medio-ambiente\/proyectos-municipales\/#primaryimage"},"image":{"@id":"https:\/\/albal.es\/es\/areas-y-servicios-2\/urbanismo-y-medio-ambiente\/proyectos-municipales\/#primaryimage"},"thumbnailUrl":"https:\/\/albal.es\/content-albal\/uploads\/2019\/12\/logo-amic-2.png","datePublished":"2019-12-10T16:02:26+00:00","dateModified":"2026-04-23T07:23:48+00:00","breadcrumb":{"@id":"https:\/\/albal.es\/es\/areas-y-servicios-2\/urbanismo-y-medio-ambiente\/proyectos-municipales\/#breadcrumb"},"inLanguage":"es","potentialAction":[{"@type":"ReadAction","target":["https:\/\/albal.es\/es\/areas-y-servicios-2\/urbanismo-y-medio-ambiente\/proyectos-municipales\/"]}]},{"@type":"ImageObject","inLanguage":"es","@id":"https:\/\/albal.es\/es\/areas-y-servicios-2\/urbanismo-y-medio-ambiente\/proyectos-municipales\/#primaryimage","url":"https:\/\/albal.es\/content-albal\/uploads\/2019\/12\/logo-amic-2.png","contentUrl":"https:\/\/albal.es\/content-albal\/uploads\/2019\/12\/logo-amic-2.png"},{"@type":"BreadcrumbList","@id":"https:\/\/albal.es\/es\/areas-y-servicios-2\/urbanismo-y-medio-ambiente\/proyectos-municipales\/#breadcrumb","itemListElement":[{"@type":"ListItem","position":1,"name":"Inici","item":"https:\/\/albal.es\/es\/"},{"@type":"ListItem","position":2,"name":"\u00c1reas y Servicios","item":"https:\/\/albal.es\/es\/areas-y-servicios-2\/"},{"@type":"ListItem","position":3,"name":"Urbanismo y Medio Ambiente","item":"https:\/\/albal.es\/es\/areas-y-servicios-2\/urbanismo-y-medio-ambiente\/"},{"@type":"ListItem","position":4,"name":"Proyectos Municipales"}]},{"@type":"WebSite","@id":"https:\/\/albal.es\/es\/#website","url":"https:\/\/albal.es\/es\/","name":"Ajuntament d&#039;Albal","description":"Ajuntament d&#039;Albal","publisher":{"@id":"https:\/\/albal.es\/es\/#organization"},"potentialAction":[{"@type":"SearchAction","target":{"@type":"EntryPoint","urlTemplate":"https:\/\/albal.es\/es\/?s={search_term_string}"},"query-input":{"@type":"PropertyValueSpecification","valueRequired":true,"valueName":"search_term_string"}}],"inLanguage":"es"},{"@type":"Organization","@id":"https:\/\/albal.es\/es\/#organization","name":"Ajuntament d'Albal - Valencia","url":"https:\/\/albal.es\/es\/","logo":{"@type":"ImageObject","inLanguage":"es","@id":"https:\/\/albal.es\/es\/#\/schema\/logo\/image\/","url":"https:\/\/albal.es\/content-albal\/uploads\/2020\/06\/logo-ayuntamiento-albal.png","contentUrl":"https:\/\/albal.es\/content-albal\/uploads\/2020\/06\/logo-ayuntamiento-albal.png","width":367,"height":332,"caption":"Ajuntament d'Albal - Valencia"},"image":{"@id":"https:\/\/albal.es\/es\/#\/schema\/logo\/image\/"},"sameAs":["https:\/\/facebook.com\/AjuntamentAlbal\/"]}]}},"publishpress_future_workflow_manual_trigger":{"enabledWorkflows":[]},"_links":{"self":[{"href":"https:\/\/albal.es\/es\/wp-json\/wp\/v2\/pages\/662","targetHints":{"allow":["GET"]}}],"collection":[{"href":"https:\/\/albal.es\/es\/wp-json\/wp\/v2\/pages"}],"about":[{"href":"https:\/\/albal.es\/es\/wp-json\/wp\/v2\/types\/page"}],"author":[{"embeddable":true,"href":"https:\/\/albal.es\/es\/wp-json\/wp\/v2\/users\/8"}],"replies":[{"embeddable":true,"href":"https:\/\/albal.es\/es\/wp-json\/wp\/v2\/comments?post=662"}],"version-history":[{"count":0,"href":"https:\/\/albal.es\/es\/wp-json\/wp\/v2\/pages\/662\/revisions"}],"up":[{"embeddable":true,"href":"https:\/\/albal.es\/es\/wp-json\/wp\/v2\/pages\/782"}],"wp:attachment":[{"href":"https:\/\/albal.es\/es\/wp-json\/wp\/v2\/media?parent=662"}],"wp:term":[{"taxonomy":"author","embeddable":true,"href":"https:\/\/albal.es\/es\/wp-json\/wp\/v2\/coauthors?post=662"}],"curies":[{"name":"wp","href":"https:\/\/api.w.org\/{rel}","templated":true}]}}