

{"id":660,"date":"2019-12-10T17:02:04","date_gmt":"2019-12-10T16:02:04","guid":{"rendered":"https:\/\/albal.es\/?page_id=660"},"modified":"2026-03-16T13:14:05","modified_gmt":"2026-03-16T12:14:05","slug":"planeamiento-y-gestion","status":"publish","type":"page","link":"https:\/\/albal.es\/es\/areas-y-servicios-2\/urbanismo-y-medio-ambiente\/planeamiento-y-gestion\/","title":{"rendered":"Planeamiento y Gesti\u00f3n"},"content":{"rendered":"<p>[et_pb_section fb_built=\u00bb1&#8243; custom_padding_last_edited=\u00bbon|phone\u00bb admin_label=\u00bbcontent-cab-area\u00bb module_class=\u00bbcontent-cab-area\u00bb _builder_version=\u00bb4.16&#8243; background_color=\u00bb#fafafa\u00bb custom_padding=\u00bb15px||25px||false|false\u00bb custom_padding_tablet=\u00bb\u00bb custom_padding_phone=\u00bb||0px||false|false\u00bb collapsed=\u00bboff\u00bb global_colors_info=\u00bb{}\u00bb][et_pb_row disabled_on=\u00bbon|off|off\u00bb admin_label=\u00bbDesabilitado en moviles (Content migas pan)\u00bb _builder_version=\u00bb4.16&#8243; custom_padding=\u00bb0px||0px||false|false\u00bb locked=\u00bbon\u00bb collapsed=\u00bbon\u00bb global_colors_info=\u00bb{}\u00bb][et_pb_column type=\u00bb4_4&#8243; _builder_version=\u00bb4.16&#8243; global_colors_info=\u00bb{}\u00bb][et_pb_dmb_breadcrumbs admin_label=\u00bbMigas pan\u00bb font_icon=\u00bb&#x35;||divi||400&#8243; use_home_icon=\u00bboff\u00bb use_home_text=\u00bbon\u00bb home_text=\u00bbInici\u00bb _builder_version=\u00bb4.16&#8243; global_colors_info=\u00bb{}\u00bb][\/et_pb_dmb_breadcrumbs][\/et_pb_column][\/et_pb_row][et_pb_row column_structure=\u00bb1_3,1_3,1_3&#8243; use_custom_gutter=\u00bbon\u00bb make_equal=\u00bbon\u00bb custom_padding_last_edited=\u00bbon|phone\u00bb admin_label=\u00bbcab-area\u00bb module_class=\u00bbcab-area\u00bb _builder_version=\u00bb4.16&#8243; background_enable_image=\u00bboff\u00bb background_size=\u00bbinitial\u00bb background_position=\u00bbcenter_left\u00bb custom_padding=\u00bb25px||0px||false|false\u00bb custom_padding_tablet=\u00bb\u00bb custom_padding_phone=\u00bb15px||||false|false\u00bb border_width_left_tablet=\u00bb\u00bb border_width_left_phone=\u00bb0px\u00bb border_width_left_last_edited=\u00bbon|desktop\u00bb locked=\u00bboff\u00bb global_colors_info=\u00bb{}\u00bb][et_pb_column type=\u00bb1_3&#8243; module_class=\u00bbcontent-tit-area\u00bb _builder_version=\u00bb4.16&#8243; global_colors_info=\u00bb{}\u00bb][et_pb_text admin_label=\u00bbH4, H1&#8243; module_class=\u00bbtit-area\u00bb _builder_version=\u00bb4.16&#8243; custom_margin=\u00bb||20px||false|false\u00bb locked=\u00bbon\u00bb global_colors_info=\u00bb{}\u00bb]<\/p>\n<h4>\u00c1reas y servicios | URBANISMO y MEDIO AMBIENTE<\/h4>\n<p><\/p>\n<h1>Planeamiento y Gesti\u00f3n<\/h1>\n<p>[\/et_pb_text][et_pb_text admin_label=\u00bbIntro\u00bb module_class=\u00bbtit-area\u00bb _builder_version=\u00bb4.16&#8243; global_colors_info=\u00bb{}\u00bb]<\/p>\n<p>Tramitaci\u00f3n de licencias de obras, parcelaci\u00f3n, licencias de ocupaci\u00f3n de inmuebles; emisi\u00f3n de informes urban\u00edsticos, realizaci\u00f3n de copias de planos; tramitaci\u00f3n de expedientes de disciplina urban\u00edstica; atenci\u00f3n a quejas varias relacionadas con deficiencias urban\u00edsticas; realizaci\u00f3n de proyectos, memorias valoradas e instrumentos de planeamiento y gesti\u00f3n urban\u00edstica. Tramitaci\u00f3n de licencias y autorizaciones ambientales de locales sujetos a la normativa de espect\u00e1culos p\u00fablicos y actividades recreativas, as\u00ed como el cambio de titularidad de las mismas.<\/p>\n<p>[\/et_pb_text][\/et_pb_column][et_pb_column type=\u00bb1_3&#8243; module_class=\u00bbcontent-info-interes\u00bb disabled_on=\u00bbon|off|off\u00bb _builder_version=\u00bb4.16&#8243; custom_padding=\u00bb|||30px|false|false\u00bb custom_padding_tablet=\u00bb\u00bb custom_padding_phone=\u00bb|0px||0px|false|false\u00bb custom_padding_last_edited=\u00bbon|desktop\u00bb border_width_left=\u00bb1px\u00bb border_color_left=\u00bb#cccccc\u00bb border_radii_tablet=\u00bb\u00bb border_radii_phone=\u00bb\u00bb border_radii_last_edited=\u00bbon|phone\u00bb border_width_left_tablet=\u00bb\u00bb border_width_left_phone=\u00bb\u00bb border_width_left_last_edited=\u00bbon|phone\u00bb global_colors_info=\u00bb{}\u00bb][et_pb_text admin_label=\u00bbInformacio d&#8217;interes\u00bb module_class=\u00bbtit-info-interes-cab\u00bb _builder_version=\u00bb4.16&#8243; locked=\u00bbon\u00bb global_colors_info=\u00bb{}\u00bb]<\/p>\n<p>Informaci\u00f3n de Inter\u00e9s:<\/p>\n<p>[\/et_pb_text][et_pb_text admin_label=\u00bbinformacio\u00bb _builder_version=\u00bb4.27.5&#8243; global_colors_info=\u00bb{}\u00bb]<\/p>\n<h3>Ubicaci\u00f3n\u200b:<\/h3>\n<p>2\u00aa planta del edificio del Ayuntamiento, Pl. del Jard\u00ed, 7<\/p>\n<h4>Horario de atenci\u00f3n al p\u00fablico:<\/h4>\n<ul>\n<li>El personal administrativo: lunes, martes, jueves y viernes, de 9.00h a 14.00 h.<\/li>\n<li>El mi\u00e9rcoles no habr\u00e1 atenci\u00f3n al p\u00fablico.<\/li>\n<li>El personal t\u00e9cnico: martes de 12.00h a 14.00 h.<\/li>\n<\/ul>\n<p>Correo electr\u00f3nico de Urbanismo: <em>urbanismo@albal.es<\/em><\/p>\n<p>[\/et_pb_text][et_pb_cta button_url=\u00bbhttps:\/\/albal.es\/es\/contacto-albal\/\u00bb button_text=\u00bbContacto\u00bb admin_label=\u00bbBoton contacto\u00bb module_class=\u00bbboton-consultas-cab\u00bb _builder_version=\u00bb4.16&#8243; background_enable_color=\u00bboff\u00bb text_orientation=\u00bbleft\u00bb background_layout=\u00bblight\u00bb custom_padding=\u00bb0px|0px|0px|0px|true|true\u00bb locked=\u00bbon\u00bb global_colors_info=\u00bb{}\u00bb]<\/p>\n<h3>Consultas y dudas:<\/h3>\n<p>[\/et_pb_cta][\/et_pb_column][et_pb_column type=\u00bb1_3&#8243; module_class=\u00bbcontent-info-interes-dos\u00bb disabled_on=\u00bbon|off|off\u00bb _builder_version=\u00bb4.16&#8243; custom_padding=\u00bb|||30px|false|false\u00bb custom_padding_tablet=\u00bb|||0px|false|false\u00bb custom_padding_phone=\u00bb|0px||0px|false|false\u00bb custom_padding_last_edited=\u00bbon|desktop\u00bb border_width_left=\u00bb1px\u00bb border_color_left=\u00bb#cccccc\u00bb border_width_left_tablet=\u00bb\u00bb border_width_left_phone=\u00bb\u00bb border_width_left_last_edited=\u00bbon|desktop\u00bb global_colors_info=\u00bb{}\u00bb][et_pb_text disabled_on=\u00bboff|off|off\u00bb admin_label=\u00bbAmic\u00bb module_class=\u00bbamic-cita\u00bb _builder_version=\u00bb4.16&#8243; header_4_font=\u00bb||||||||\u00bb header_4_text_color=\u00bb#c40038&#8243; custom_margin=\u00bb||0px||false|false\u00bb custom_padding=\u00bb||15px||false|false\u00bb saved_tabs=\u00bball\u00bb locked=\u00bbon\u00bb global_colors_info=\u00bb{}\u00bb]<\/p>\n<h3><img decoding=\"async\" class=\"wp-image-464 alignnone size-full lazyload\" data-src=\"https:\/\/albal.es\/content-albal\/uploads\/2019\/12\/logo-amic-2.png\" alt=\"\" width=\"135\" height=\"46\" src=\"data:image\/svg+xml;base64,PHN2ZyB3aWR0aD0iMSIgaGVpZ2h0PSIxIiB4bWxucz0iaHR0cDovL3d3dy53My5vcmcvMjAwMC9zdmciPjwvc3ZnPg==\" style=\"--smush-placeholder-width: 135px; --smush-placeholder-aspect-ratio: 135\/46;\" \/><\/h3>\n<p><\/p>\n<h3>Atenci\u00f3n Municipal de Informaci\u00f3n Ciudadana<\/h3>\n<p><\/p>\n<h4>REGISTROS y SOLICITUDES<\/h4>\n<p><\/p>\n<p>Plaza del Jard\u00edn, 7. Ayto. de Albal &#8211; <strong>Planta baja<\/strong> Tel: <strong>96 126 00 56<\/strong> \u00b7 Fax: 96 127 08 61 <a class=\"bot-cita-previa\" href=\"https:\/\/citaprevia.albal.es:10080\/\" target=\"_blank\" rel=\"noopener noreferrer\">Cita previa<\/a> <a class=\"bot-seu-electronica\" href=\"https:\/\/albal.sede.gva.es\/\" target=\"_blank\" rel=\"noopener noreferrer\">Sede electr\u00f3nica<\/a><\/p>\n<p>[\/et_pb_text][\/et_pb_column][\/et_pb_row][\/et_pb_section][et_pb_section fb_built=\u00bb1&#8243; admin_label=\u00bbBuscar y menu-anclas\u00bb _builder_version=\u00bb4.16&#8243; background_color=\u00bb#fafafa\u00bb custom_padding=\u00bb25px||5px||false|false\u00bb border_width_top=\u00bb1px\u00bb border_color_top=\u00bb#eeeeee\u00bb locked=\u00bbon\u00bb collapsed=\u00bbon\u00bb global_colors_info=\u00bb{}\u00bb][et_pb_row admin_label=\u00bbcab-area herramientas\u00bb module_class=\u00bbcab-area herramientas\u00bb _builder_version=\u00bb4.16&#8243; custom_padding=\u00bb0px||0px||false|false\u00bb global_colors_info=\u00bb{}\u00bb][et_pb_column type=\u00bb4_4&#8243; _builder_version=\u00bb4.16&#8243; global_colors_info=\u00bb{}\u00bb][et_pb_text ul_type=\u00bbnone\u00bb ul_position=\u00bbinside\u00bb admin_label=\u00bbEnlaces-anclas secciones\u00bb module_class=\u00bbmenu-list-hztal\u00bb _builder_version=\u00bb4.16&#8243; link_font=\u00bb||||||||\u00bb global_colors_info=\u00bb{}\u00bb]<\/p>\n<ul>\n<li><a href=\"#tramites\">Tr\u00e1mites e impresos<\/a><\/li>\n<li><a href=\"#faq\">Preguntas m\u00e1s frecuentes<\/a><\/li>\n<\/ul>\n<p>[\/et_pb_text][\/et_pb_column][\/et_pb_row][\/et_pb_section][et_pb_section fb_built=\u00bb1&#8243; admin_label=\u00bb(ancla) #tramites\u00bb module_id=\u00bbtramites\u00bb _builder_version=\u00bb4.16&#8243; background_color=\u00bb#e2e1de\u00bb custom_padding=\u00bb50px||||false|false\u00bb collapsed=\u00bboff\u00bb global_colors_info=\u00bb{}\u00bb][et_pb_row admin_label=\u00bb.content-avisos\u00bb module_class=\u00bbcontent-avisos\u00bb _builder_version=\u00bb4.16&#8243; custom_padding=\u00bb0px||||false|false\u00bb locked=\u00bbon\u00bb collapsed=\u00bboff\u00bb global_colors_info=\u00bb{}\u00bb][et_pb_column type=\u00bb4_4&#8243; _builder_version=\u00bb4.16&#8243; global_colors_info=\u00bb{}\u00bb][et_pb_text admin_label=\u00bbTitulo \u00abAvisos, convocat\u00f2ries i tr\u00e0mits actius\u00bb\u00bb _builder_version=\u00bb4.16&#8243; _module_preset=\u00bbdefault\u00bb global_colors_info=\u00bb{}\u00bb]<\/p>\n<h2>Avisos, convocatorias y tr\u00e1mites activos<\/h2>\n<p>[\/et_pb_text][et_pb_cpt_loop_archive loop_layout=\u00bb4914&#8243; fullwidth=\u00bboff\u00bb columns=\u00bb2&#8243; show_pagination=\u00bboff\u00bb new_query=\u00bbon\u00bb post_type=\u00bbtramitambdata\u00bb posts_number=\u00bb999&#8243; include_meta=\u00bbpagina_de_destinacio_data\u00bb include_meta_terms=\u00bb656&#8243; hide_if_no_data=\u00bbon\u00bb order=\u00bbasc\u00bb admin_label=\u00bbAvisos, convocat\u00f2ries i tr\u00e0mits actius\u00bb module_class=\u00bbtramites-fecha tramites-activos-pag\u00bb _builder_version=\u00bb4.16&#8243; headings_text_color=\u00bb#000000&#8243; headings_font_size=\u00bb36px\u00bb custom_padding=\u00bb20px|20px|20px|20px|true|true\u00bb border_radii=\u00bbon|8px|8px|8px|8px\u00bb locked=\u00bboff\u00bb global_colors_info=\u00bb{}\u00bb][\/et_pb_cpt_loop_archive][et_pb_code module_class=\u00bbcontent-mostrar-avisos\u00bb _builder_version=\u00bb4.16&#8243; _module_preset=\u00bbdefault\u00bb locked=\u00bboff\u00bb global_colors_info=\u00bb{}\u00bb]<pee><style>.et_pb_cpt_loop_archive.tramites-activos-pag:before { content:\"Avisos, convocatorias y tr\u00e1mites activos\";}<\/style><\/pee>[\/et_pb_code][\/et_pb_column][\/et_pb_row][et_pb_row _builder_version=\u00bb4.16&#8243; custom_padding=\u00bb0px||||false|false\u00bb locked=\u00bboff\u00bb global_colors_info=\u00bb{}\u00bb][et_pb_column type=\u00bb4_4&#8243; _builder_version=\u00bb4.16&#8243; global_colors_info=\u00bb{}\u00bb][et_pb_text admin_label=\u00bbTitulo Informacio, tr\u00e0mits i impresos\u00bb module_class=\u00bbtit-seccion\u00bb _builder_version=\u00bb4.16&#8243; locked=\u00bboff\u00bb global_colors_info=\u00bb{}\u00bb]<\/p>\n<h2><img decoding=\"async\" class=\"size-medium alignleft lazyload\" data-src=\"https:\/\/albal.es\/img\/iconos\/impreso-lapiz-45x45.svg\" alt=\"\" width=\"45\" height=\"45\" src=\"data:image\/svg+xml;base64,PHN2ZyB3aWR0aD0iMSIgaGVpZ2h0PSIxIiB4bWxucz0iaHR0cDovL3d3dy53My5vcmcvMjAwMC9zdmciPjwvc3ZnPg==\" style=\"--smush-placeholder-width: 45px; --smush-placeholder-aspect-ratio: 45\/45;\" \/>Informaci\u00f3n, tr\u00e1mites e impresos<\/h2>\n<p>[\/et_pb_text][\/et_pb_column][\/et_pb_row][et_pb_row column_structure=\u00bb3_5,2_5&#8243; _builder_version=\u00bb4.16&#8243; custom_padding=\u00bb0px||||false|false\u00bb locked=\u00bboff\u00bb global_colors_info=\u00bb{}\u00bb][et_pb_column type=\u00bb3_5&#8243; _builder_version=\u00bb4.16&#8243; global_colors_info=\u00bb{}\u00bb][et_pb_accordion use_icon_font_size=\u00bbon\u00bb icon_font_size=\u00bb21px\u00bb admin_label=\u00bbTramites (acordeon desplegables)\u00bb _builder_version=\u00bb4.27.6&#8243; hover_enabled=\u00bb0&#8243; global_colors_info=\u00bb{}\u00bb sticky_enabled=\u00bb0&#8243;][et_pb_accordion_item title=\u00bbEncuesta de movilidad (Plan de Movilidad Urbana Sostenible)\u00bb open=\u00bbon\u00bb _builder_version=\u00bb4.16&#8243; _module_preset=\u00bbdefault\u00bb global_colors_info=\u00bb{}\u00bb]<\/p>\n<p><img decoding=\"async\" class=\"wp-image-29130  aligncenter lazyload\" data-src=\"https:\/\/albal.es\/content-albal\/uploads\/2022\/06\/cartel_tmp15-300x104.jpg\" alt=\"\" width=\"372\" height=\"129\" src=\"data:image\/svg+xml;base64,PHN2ZyB3aWR0aD0iMSIgaGVpZ2h0PSIxIiB4bWxucz0iaHR0cDovL3d3dy53My5vcmcvMjAwMC9zdmciPjwvc3ZnPg==\" style=\"--smush-placeholder-width: 372px; --smush-placeholder-aspect-ratio: 372\/129;\" \/><\/p>\n<p><\/p>\n<p>El Ayuntamiento de Albal est\u00e1 elaborando el PLAN DE MOVILIDAD URBANA SOSTENIBLE del municipio. La participaci\u00f3n ciudadana es esencial para el diagn\u00f3stico y posterior toma de decisiones sobre las medidas y actuaciones que ayuden a mejorar la movilidad y la calidad de vida de vecinas y vecinos.<\/p>\n<p><\/p>\n<p>Todas las respuestas recogidas en esta encuesta son confidenciales y ninguna ser\u00e1 identificada de forma individual.<\/p>\n<p><\/p>\n<p>Rellenar el cuestionario te llevar\u00e1 menos de 10 minutos. Tu participaci\u00f3n es vital para el objetivo del proyecto.<\/p>\n<p><\/p>\n<p><a class=\"form-web\" href=\"https:\/\/docs.google.com\/forms\/d\/e\/1FAIpQLSf0vSrevaZeKjAp1OcRne_PoudVP73X6A0fRcY2h5pRIZnSOQ\/viewform?vc=0&amp;c=0&amp;w=1&amp;flr=0&amp;usp=mail_form_link\"><strong>ENCUESTA<\/strong><\/a><\/p>\n<p><\/p>\n<p><img decoding=\"async\" class=\"wp-image-29128 size-medium aligncenter lazyload\" data-src=\"https:\/\/albal.es\/content-albal\/uploads\/2022\/06\/qrcode_EnquestaMobilitat.pmus_albal-1-300x300.png\" alt=\"\" width=\"300\" height=\"300\" data-srcset=\"https:\/\/albal.es\/content-albal\/uploads\/2022\/06\/qrcode_EnquestaMobilitat.pmus_albal-1-300x300.png 300w, https:\/\/albal.es\/content-albal\/uploads\/2022\/06\/qrcode_EnquestaMobilitat.pmus_albal-1-150x150.png 150w, https:\/\/albal.es\/content-albal\/uploads\/2022\/06\/qrcode_EnquestaMobilitat.pmus_albal-1-250x250.png 250w, https:\/\/albal.es\/content-albal\/uploads\/2022\/06\/qrcode_EnquestaMobilitat.pmus_albal-1-350x350.png 350w, https:\/\/albal.es\/content-albal\/uploads\/2022\/06\/qrcode_EnquestaMobilitat.pmus_albal-1.png 450w\" data-sizes=\"(max-width: 300px) 100vw, 300px\" src=\"data:image\/svg+xml;base64,PHN2ZyB3aWR0aD0iMSIgaGVpZ2h0PSIxIiB4bWxucz0iaHR0cDovL3d3dy53My5vcmcvMjAwMC9zdmciPjwvc3ZnPg==\" style=\"--smush-placeholder-width: 300px; --smush-placeholder-aspect-ratio: 300\/300;\" \/><\/p>\n<p>[\/et_pb_accordion_item][et_pb_accordion_item title=\u00bbInformes Urban\u00edsticos Anuales\u00bb _builder_version=\u00bb4.16&#8243; global_colors_info=\u00bb{}\u00bb open=\u00bboff\u00bb]<\/p>\n<p><a class=\"pdf\" href=\"https:\/\/albal.es\/ficheros\/pdf\/InformeUrb2007_v.pdf\" target=\"_blank\" rel=\"noopener noreferrer\">Informe Urban\u00edstic 2007<\/a> <a class=\"pdf\" href=\"https:\/\/albal.es\/ficheros\/pdf\/InformeUrb2008_v.pdf\" target=\"_blank\" rel=\"noopener noreferrer\">Informe Urban\u00edstic 2008<\/a> <a class=\"pdf\" href=\"https:\/\/albal.es\/ficheros\/pdf\/InformeUrb2009.pdf\" target=\"_blank\" rel=\"noopener noreferrer\">Informe Urban\u00edstic 2009<\/a> <a class=\"pdf\" href=\"https:\/\/albal.es\/ficheros\/pdf\/InformeUrb2010_v.pdf\" target=\"_blank\" rel=\"noopener noreferrer\">Informe Urban\u00edstic 2010<\/a><\/p>\n<p>[\/et_pb_accordion_item][et_pb_accordion_item title=\u00bbInformaci\u00f3n p\u00fablica retasaciones de cargas de las UE 1.1.a, 1.1.b, 3 (2.a), 10.1, 10.2, 10.3 y 12&#8243; _builder_version=\u00bb4.16&#8243; global_colors_info=\u00bb{}\u00bb open=\u00bboff\u00bb]<\/p>\n<p>Sotmetiment a informaci\u00f3 p\u00fablica de les retaxacions de c\u00e0rregues de les UE 1.1.a, 1.1.b, 3 (2.a), 10.1, 10.2, 10.3 i 12 derivades de l&#8217;execuci\u00f3 conjunta de la fase 1 del projecte t\u00e8cnic de construcci\u00f3 de l\u00ednies subterr\u00e0nies trif\u00e0siques a 20Kv des de l&#8217;ST d&#8217;Albal fins als distints CT i R. <a class=\"pdf\" href=\"https:\/\/albal.es\/ficheros\/pdf\/DOCV11a.pdf\" target=\"_blank\" rel=\"noopener noreferrer\">Exposici\u00f3 p\u00fablica DOCV (06-11-12) de la UE 1.1.a<\/a> <a class=\"pdf\" href=\"https:\/\/albal.es\/ficheros\/pdf\/DOCV11b.pdf\" target=\"_blank\" rel=\"noopener noreferrer\">Exposici\u00f3 p\u00fablica DOCV (06-11-12) de la UE 1.1.b<\/a> <a class=\"pdf\" href=\"https:\/\/albal.es\/ficheros\/pdf\/DOCV2a.pdf\" target=\"_blank\" rel=\"noopener noreferrer\">Exposici\u00f3 p\u00fablica DOCV (06-11-12) de la UE 3 (2.a)<\/a> <a class=\"pdf\" href=\"https:\/\/albal.es\/ficheros\/pdf\/DOCV101.pdf\" target=\"_blank\" rel=\"noopener noreferrer\">Exposici\u00f3 p\u00fablica DOCV (06-11-12) de la UE 10.1<\/a> <a class=\"pdf\" href=\"https:\/\/albal.es\/ficheros\/pdf\/DOCV102.pdf\" target=\"_blank\" rel=\"noopener noreferrer\">Exposici\u00f3 p\u00fablica DOCV (06-11-12) de la UE 10.2<\/a> <a class=\"pdf\" href=\"https:\/\/albal.es\/ficheros\/pdf\/DOCV103.pdf\" target=\"_blank\" rel=\"noopener noreferrer\">Exposici\u00f3 p\u00fablica DOCV (06-11-12) de la UE 10.3<\/a> <a class=\"pdf\" href=\"https:\/\/albal.es\/ficheros\/pdf\/DOCV12.pdf\" target=\"_blank\" rel=\"noopener noreferrer\">Exposici\u00f3 p\u00fablica DOCV (06-11-12) de la UE 12<\/a> <a href=\"https:\/\/albal.es\/ficheros\/zip\/UE211A.zip\" target=\"_blank\" rel=\"noopener noreferrer\">Documentaci\u00f3 relativa a la UE 1.1.a (15 MB)<\/a> <a href=\"https:\/\/albal.es\/ficheros\/zip\/UE111B.zip\" target=\"_blank\" rel=\"noopener noreferrer\">Documentaci\u00f3 relativa a la UE 1.1.b (10,6 MB)<\/a> <a href=\"https:\/\/albal.es\/ficheros\/zip\/UE32A.zip\" target=\"_blank\" rel=\"noopener noreferrer\">Documentaci\u00f3 relativa a la UE 3 (2.a) (2 MB)<\/a> <a href=\"https:\/\/albal.es\/ficheros\/zip\/UE101.zip\" target=\"_blank\" rel=\"noopener noreferrer\">Documentaci\u00f3 relativa a la UE 10.1 (1,73 MB)<\/a> <a href=\"https:\/\/albal.es\/ficheros\/zip\/UE102.zip\" target=\"_blank\" rel=\"noopener noreferrer\">Documentaci\u00f3 relativa a la UE 10.2 (1,2 MB)<\/a> <a href=\"https:\/\/albal.es\/ficheros\/zip\/UE103.zip\" target=\"_blank\" rel=\"noopener noreferrer\">Documentaci\u00f3 relativa a la UE 10.3 (10,7 MB)<\/a> <a href=\"https:\/\/albal.es\/ficheros\/zip\/UE12.zip\" target=\"_blank\" rel=\"noopener noreferrer\">Documentaci\u00f3 relativa a la UE 12 (1 MB)<\/a> <a class=\"pdf\" href=\"https:\/\/albal.es\/ficheros\/pdf\/AprobacionUE103.pdf\" target=\"_blank\" rel=\"noopener noreferrer\">Aprovaci\u00f3 DOCV (02-07-13) UE 10.3<\/a> <a class=\"pdf\" href=\"https:\/\/albal.es\/ficheros\/pdf\/AprobacionUE3.pdf\" target=\"_blank\" rel=\"noopener noreferrer\">Aprovaci\u00f3 DOCV (23-08-13) UE 3(2.a)<\/a> <a class=\"pdf\" href=\"https:\/\/albal.es\/ficheros\/pdf\/AprobacionUE1210110212.pdf\" target=\"_blank\" rel=\"noopener noreferrer\">Aprovaci\u00f3 DOCV (15-10-13) UE 1, 2, 10.1, 10.2 y 12<\/a><\/p>\n<p>[\/et_pb_accordion_item][et_pb_accordion_item title=\u00bbTexto consolidado del Plan General de Ordenaci\u00f3n Urbana de Albal,  subvencionado por la Conselleria de Medio Ambiente, Infraestructuras y Territorio.\u00bb _builder_version=\u00bb4.27.6&#8243; _module_preset=\u00bbdefault\u00bb global_colors_info=\u00bb{}\u00bb open=\u00bboff\u00bb]<\/p>\n<p><a class=\"pdf\" href=\"https:\/\/albal.es\/content-albal\/uploads\/2026\/02\/Texto_consolidado_-_documento_sintesis_-_SEFYCU_7517988.pdf\">Texto consolidado\u00a0<\/a><\/p>\n<p><a class=\"pdf\" href=\"https:\/\/albal.es\/content-albal\/uploads\/2026\/02\/Normativa_-_SEFYCU_7518301.pdf\">Normativa<\/a><\/p>\n<p><a class=\"pdf\" href=\"https:\/\/www.albal.es\/ficheros\/pdf\/Planos_Serie_I_V4_FF.pdf\">Planos serie I<\/a><\/p>\n<p><a class=\"pdf\" href=\"https:\/\/albal.es\/content-albal\/uploads\/2026\/02\/Planos_Serie_II-y-III_-_SEFYCU_7518323.pdf\">Planos serie II y III<\/a><\/p>\n<p><a class=\"pdf\" href=\"https:\/\/albal.es\/content-albal\/uploads\/2026\/02\/Planos_serie_IV_-_SEFYCU_7518379.pdf\">Planos serie IV<\/a><\/p>\n<p>&nbsp;<\/p>\n<p>&nbsp;<\/p>\n<p>&nbsp;<\/p>\n<p>[\/et_pb_accordion_item][et_pb_accordion_item title=\u00bbPlan General de Ordenaci\u00f3n Urbana\u00bb _builder_version=\u00bb4.27.6&#8243; global_colors_info=\u00bb{}\u00bb open=\u00bboff\u00bb]<\/p>\n<p><a class=\"pdf\" href=\"https:\/\/albal.es\/ficheros\/pdf\/BOP150502.pdf\" target=\"_blank\" rel=\"noopener noreferrer\">(B.O.P. 15 de mayo de 2002)<\/a><\/p>\n<p><a class=\"pdf\" href=\"https:\/\/albal.es\/ficheros\/pdf\/PGI-1.pdf\" target=\"_blank\" rel=\"noopener noreferrer\">Plano I-1 <i>(5,00MB)<\/i><\/a><\/p>\n<p><a class=\"pdf\" href=\"https:\/\/albal.es\/ficheros\/pdf\/PGI-2.pdf\" target=\"_blank\" rel=\"noopener noreferrer\">Plano I-2 <i>(3,17MB)<\/i><\/a><\/p>\n<p><a class=\"pdf\" href=\"https:\/\/albal.es\/ficheros\/pdf\/PGI-3.pdf\" target=\"_blank\" rel=\"noopener noreferrer\">Plano I-3 <i>(3,61MB)<\/i><\/a><\/p>\n<p><a class=\"pdf\" href=\"https:\/\/albal.es\/ficheros\/pdf\/PGI-4.pdf\" target=\"_blank\" rel=\"noopener noreferrer\">Plano I-4 <i>(4,88MB)<\/i><\/a><\/p>\n<p><a class=\"pdf\" href=\"https:\/\/albal.es\/ficheros\/pdf\/PGI-5.pdf\" target=\"_blank\" rel=\"noopener noreferrer\">Plano I-5 <i>(6,57MB)<\/i><\/a><\/p>\n<p><a class=\"pdf\" href=\"https:\/\/albal.es\/ficheros\/pdf\/PGII-1.pdf\" target=\"_blank\" rel=\"noopener noreferrer\">Plano II-1 <i>(2,82MB)<\/i><\/a><\/p>\n<p><a class=\"pdf\" href=\"https:\/\/albal.es\/ficheros\/pdf\/PGII-2.pdf\" target=\"_blank\" rel=\"noopener noreferrer\">Plano II-2 <i>(2,36MB)<\/i><\/a><\/p>\n<p><a class=\"pdf\" href=\"https:\/\/albal.es\/ficheros\/pdf\/PGIII.pdf\" target=\"_blank\" rel=\"noopener noreferrer\">Plano III <i>(1,65MB)<\/i><\/a><\/p>\n<p><a class=\"pdf\" href=\"https:\/\/albal.es\/ficheros\/pdf\/PGIV.pdf\" target=\"_blank\" rel=\"noopener noreferrer\">Plano IV <i>(1,34MB)<\/i><\/a><\/p>\n<p><a class=\"pdf\" href=\"https:\/\/albal.es\/ficheros\/pdf\/BOP281105.pdf\" target=\"_blank\" rel=\"noopener noreferrer\">* Plan de Reforma Interior de mejora de la zona ampliaci\u00f3n del n\u00facleo Urbano .(BOP 28 de noviembre de 2005)<\/a><\/p>\n<p>* Modificaci\u00f3n n\u00ba 1 (sin efectos por la modificaci\u00f3n n\u00ba 4)<\/p>\n<p><a class=\"pdf\" href=\"https:\/\/albal.es\/ficheros\/pdf\/BOP60110.pdf\" target=\"_blank\" rel=\"noopener noreferrer\">* Modificaci\u00f3n n\u00ba 2 (BOP 6 de enero 2010)<\/a><\/p>\n<p><a class=\"pdf\" href=\"https:\/\/albal.es\/ficheros\/pdf\/BOP090210.pdf\" target=\"_blank\" rel=\"noopener noreferrer\">* Modificaci\u00f3n n\u00ba 3 (BOP 9 de febrero 2010)<\/a><\/p>\n<p><a class=\"pdf\" href=\"https:\/\/albal.es\/ficheros\/pdf\/BOP40208.pdf\" target=\"_blank\" rel=\"noopener noreferrer\">* Modificaci\u00f3n n\u00ba4 (BOP 4 de febrero de 2008)<\/a><\/p>\n<p><a class=\"pdf\" href=\"https:\/\/albal.es\/ficheros\/pdf\/BOP090210.pdf\" target=\"_blank\" rel=\"noopener noreferrer\">* Modificaci\u00f3n n\u00ba 5 (sin efectos BOP 9 de febrero 2010)<\/a><\/p>\n<p><a class=\"pdf\" href=\"https:\/\/albal.es\/ficheros\/pdf\/BOP090210.pdf\" target=\"_blank\" rel=\"noopener noreferrer\">* Modificaci\u00f3n n\u00ba 6 (BOP 9 de febrero 2010)<\/a><\/p>\n<p><a class=\"pdf\" href=\"https:\/\/albal.es\/ficheros\/pdf\/BOP121209.pdf\" target=\"_blank\" rel=\"noopener noreferrer\">* Modificaci\u00f3n n\u00ba 7 (sin efectos 12 de diciembre de 2009)<\/a><\/p>\n<p><a class=\"pdf\" href=\"https:\/\/albal.es\/ficheros\/pdf\/BOP090210.pdf\" target=\"_blank\" rel=\"noopener noreferrer\">* Modificaci\u00f3n n\u00ba 8 (BOP 9 de febrero 2010)<\/a><\/p>\n<p><a class=\"pdf\" href=\"https:\/\/albal.es\/ficheros\/pdf\/BOP090210.pdf\" target=\"_blank\" rel=\"noopener noreferrer\">* Modificaci\u00f3n n\u00ba 9 (B.O.P. 9 de febrero 2010)<\/a><\/p>\n<p><a class=\"pdf\" href=\"https:\/\/albal.es\/ficheros\/pdf\/BOP120310.pdf\" target=\"_blank\" rel=\"noopener noreferrer\">* Modificaci\u00f3n N\u00ba 9 (B.O.P. 12 de marzo 2010)<\/a><\/p>\n<p><a class=\"pdf\" href=\"https:\/\/albal.es\/ficheros\/pdf\/BOP210510.pdf\" target=\"_blank\" rel=\"noopener noreferrer\">* Modificaci\u00f3n n\u00ba 10 (BOP 21 de mayo 2010)<\/a><\/p>\n<p><a class=\"pdf\" href=\"https:\/\/albal.es\/ficheros\/pdf\/BOP020311.pdf\" target=\"_blank\" rel=\"noopener noreferrer\">* Modificaci\u00f3n n\u00ba 11 (BOP 2 de marzo de 2011)<\/a><\/p>\n<p><a class=\"pdf\" href=\"https:\/\/albal.es\/ficheros\/pdf\/BOP110517.pdf\" target=\"_blank\" rel=\"noopener noreferrer\">* Modificaci\u00f3n n\u00ba 13 (BOP 11 de mayo de 2017)<\/a><\/p>\n<p><a class=\"pdf\" href=\"https:\/\/albal.es\/content-albal\/uploads\/2025\/08\/Mod-puntual-15-PGOU.pdf\" rel=\"attachment wp-att-61109\">*Modificaci\u00f3n n\u00ba 15 (BOP 3 de julio de 2023)<\/a><\/p>\n<p><a class=\"pdf\" href=\"https:\/\/albal.es\/content-albal\/uploads\/2026\/02\/mod-16-castella.pdf\">*Modificaci\u00f3n n\u00ba16 (BOP 19 de diciembre de 2025)<\/a><\/p>\n<p><a class=\"pdf\" href=\"https:\/\/albal.es\/ficheros\/pdf\/BOP180306.pdf\" target=\"_blank\" rel=\"noopener noreferrer\">* Normas Urban\u00edsticas Plan Parcial de Mejora de la Unidad de\u00a0 Ejecuci\u00f3n 1 Sector 1.1.b. del PGOU (BOP 18 marzode 2006)<\/a><\/p>\n<p><a class=\"pdf\" href=\"https:\/\/albal.es\/content-albal\/uploads\/2025\/08\/PPMEJORA-1.1.b_Plans-dOrdenacio_P02-Regim-Model.pdf\" rel=\"attachment wp-att-61081\">Planos alineaciones y edificabilidad 1.1.B<\/a><\/p>\n<p><a class=\"pdf\" href=\"https:\/\/albal.es\/content-albal\/uploads\/2025\/08\/Estudio-detalle-M21-sector-1.1.B-BOP-30-de-octubre-de-2023.pdf\" rel=\"attachment wp-att-61115\">Estudio detalle M21 sector 1.1.B (BOP 30 de octubre de 2023)<\/a><\/p>\n<p><a class=\"pdf\" href=\"https:\/\/albal.es\/ficheros\/pdf\/BOP130605.pdf\" target=\"_blank\" rel=\"noopener noreferrer\">* Normas Urban\u00edsticas Plan Parcial de Mejora de la Unidad de Ejecuci\u00f3n 2 Sector 1.1.a. \u00abLa Balaguera\u00bb del PGOU (BOP 13 junio de 2005)<\/a><\/p>\n<p><a class=\"pdf\" href=\"https:\/\/albal.es\/content-albal\/uploads\/2025\/08\/Ordenacion-1.1.a-1.pdf\" rel=\"attachment wp-att-61079\">*Planos alineaciones y edificabilidad 1.1.A<\/a><\/p>\n<p><a class=\"pdf\" href=\"https:\/\/albal.es\/ficheros\/pdf\/BOP200105.pdf\" target=\"_blank\" rel=\"noopener noreferrer\">Modificaci\u00f3n equipamientos deportivos (BOP 20 enero de 2005)<\/a><\/p>\n<p><a class=\"pdf\" href=\"https:\/\/albal.es\/ficheros\/pdf\/BOP271005.pdf\" target=\"_blank\" rel=\"noopener noreferrer\">Modificaci\u00f3n de alieaciones isla M-5 (BOP 27 octubre de 2005)<\/a><\/p>\n<p><a class=\"pdf\" href=\"https:\/\/albal.es\/ficheros\/pdf\/BOP131005.pdf\" target=\"_blank\" rel=\"noopener noreferrer\">* Normas Urban\u00edsticas Plan Parcial de la Unidad de Ejecuci\u00f3n 7 Sector 1.2 \u00abSanta Anna\u00bb (BOP 13 octubrede 2005)<\/a><\/p>\n<p>[\/et_pb_accordion_item][et_pb_accordion_item title=\u00bbCriterios de interpretaci\u00f3n PGOU Albal\u00bb _builder_version=\u00bb4.27.4&#8243; _module_preset=\u00bbdefault\u00bb global_colors_info=\u00bb{}\u00bb open=\u00bboff\u00bb]<\/p>\n<p><a class=\"pdf\" href=\"https:\/\/albal.es\/content-albal\/uploads\/2025\/08\/Interprecion-piscinas.pdf\" rel=\"attachment wp-att-56262\">Interpretaci\u00f3n art\u00edculo 137 de las Normas Urban\u00edsticas zona viviendas aisladas (punto 4 Par\u00e1metros urban\u00edsticos piscinas)<\/a><\/p>\n<p><a class=\"pdf\" href=\"https:\/\/albal.es\/content-albal\/uploads\/2024\/06\/Interpretacion-articulos-PG.pdf\" rel=\"attachment wp-att-56318\">Interpretaci\u00f3n de los art\u00edculos 78, 134, 13, 14 y 17.1 del PGOU<\/a><\/p>\n<p><a class=\"pdf\" href=\"https:\/\/albal.es\/content-albal\/uploads\/2024\/06\/Illa-Calle-Santa-Ana-39.pdf\" rel=\"attachment wp-att-56310\">Interpretaci\u00f3n zona de la manzana de la Calle Santa Ana, 39<\/a><\/p>\n<p>[\/et_pb_accordion_item][et_pb_accordion_item title=\u00bbInformaci\u00f3n p\u00fablica retasaciones de cargas Sector 2.A\u00bb _builder_version=\u00bb4.16&#8243; global_colors_info=\u00bb{}\u00bb open=\u00bboff\u00bb]<\/p>\n<p><a class=\"pdf\" href=\"https:\/\/albal.es\/ficheros\/pdf\/AnuncioAprobaci%C3%B3nDefRetasacion2A.pdf\" target=\"_blank\" rel=\"noopener noreferrer\">Anunci aprovaci\u00f3 definitiva retaxaci\u00f3 de c\u00e0rregues Sector 2.A.<\/a><\/p>\n<p>[\/et_pb_accordion_item][et_pb_accordion_item title=\u00bbDOCUMENTO DEFINITIVO DE ORDENACION DEL SUELO NO URBANIZABLE\u00bb _builder_version=\u00bb4.23.1&#8243; global_colors_info=\u00bb{}\u00bb open=\u00bboff\u00bb]<\/p>\n<p><a class=\"pdf\" href=\"https:\/\/albal.es\/ficheros\/pdf\/SNUDirectrices.pdf\" target=\"_blank\" rel=\"noopener noreferrer\">Directrius i NNUU<\/a><\/p>\n<p><\/p>\n<p class=\"desc-pdf\">Este document adapta i completa les Directrius Definit\u00f2ries de l&#8217;Estrat\u00e8gia d&#8217;Evoluci\u00f3 Urbana establides pel Pla General vigent, substituint les directrius 1.1 S\u00f2l No Urbanitzable de Protecci\u00f3 i 1.2 S\u00f2l No Urbanitzable com\u00fa.<\/p>\n<p><\/p>\n<p><a class=\"pdf\" href=\"https:\/\/albal.es\/ficheros\/pdf\/SNUPlanos.pdf\" target=\"_blank\" rel=\"noopener noreferrer\">Pl\u00e0nols (11,5MB)<\/a> <a class=\"pdf\" href=\"https:\/\/albal.es\/ficheros\/pdf\/SNUDOCV160513.pdf\" target=\"_blank\" rel=\"noopener noreferrer\">Anunci aprovaci\u00f3n provisional (DOCV 16-05-2013)<\/a><\/p>\n<p>[\/et_pb_accordion_item][et_pb_accordion_item title=\u00bbTERCERA RETASACI\u00d3N CARGAS SECTOR 2.A.\u00bb _builder_version=\u00bb4.16&#8243; global_colors_info=\u00bb{}\u00bb open=\u00bboff\u00bb]<\/p>\n<p><a class=\"pdf\" href=\"https:\/\/albal.es\/ficheros\/pdf\/TerceraRetCargasSector2A.pdf\" target=\"_blank\" rel=\"noopener noreferrer\">TERCERA RETAXACI\u00d3 CARREGUES SECTOR 2.A.\u00a0<\/a><\/p>\n<p><\/p>\n<p><a class=\"pdf\" href=\"https:\/\/albal.es\/ficheros\/pdf\/DOCV030315.pdf\" target=\"_blank\" rel=\"noopener noreferrer\">Anuncio publicaci\u00f3n DOCV<\/a><\/p>\n<p>[\/et_pb_accordion_item][et_pb_accordion_item title=\u00bbUNIDAD DE EJECUCI\u00d3N 17 (GESTI\u00d3N DIRECTA)\u00bb _builder_version=\u00bb4.16&#8243; global_colors_info=\u00bb{}\u00bb open=\u00bboff\u00bb]<\/p>\n<p><a class=\"pdf\" href=\"https:\/\/albal.es\/ficheros\/pdf\/UE17GD_AcuerdoJGL.pdf\" target=\"_blank\" rel=\"noopener noreferrer\">Acord de la Junta de Govern Local<\/a><\/p>\n<p><\/p>\n<p><a class=\"pdf\" href=\"https:\/\/albal.es\/ficheros\/pdf\/UE17GD_AnexoDesglose.pdf\" target=\"_blank\" rel=\"noopener noreferrer\">Annex desglossament<\/a><\/p>\n<p>[\/et_pb_accordion_item][et_pb_accordion_item title=\u00bbPlan de actuaci\u00f3n municipal frente al riesgo de inundaciones (PAM IN)\u00bb _builder_version=\u00bb4.23.1&#8243; _module_preset=\u00bbdefault\u00bb global_colors_info=\u00bb{}\u00bb open=\u00bboff\u00bb]<\/p>\n<p><a class=\"pdf\" href=\"https:\/\/albal.es\/content-albal\/uploads\/2023\/12\/Certificado-acuerdo-Pleno-aprobacion-inicial-PAM-IN.pdf\" rel=\"attachment wp-att-53265\">Acuerdo Pleno aprobaci\u00f3n inicial PAM IN<\/a><\/p>\n<p><\/p>\n<p><a class=\"pdf\" href=\"https:\/\/albal.es\/content-albal\/uploads\/2023\/12\/PAM_INUND_2023_cst-oct-Esb-3.pdf\" rel=\"attachment wp-att-53267\">Memoria PAM IN<\/a><\/p>\n<p><\/p>\n<p><a class=\"pdf\" href=\"https:\/\/albal.es\/content-albal\/uploads\/2023\/12\/Mapa-1-1.pdf\" rel=\"attachment wp-att-53348\">Mapa 1<\/a><\/p>\n<p><\/p>\n<p><a class=\"pdf\" href=\"https:\/\/albal.es\/content-albal\/uploads\/2023\/12\/Mapa-2-1.pdf\" rel=\"attachment wp-att-53350\">Mapa 2<\/a><\/p>\n<p><\/p>\n<p><a class=\"pdf\" href=\"https:\/\/albal.es\/content-albal\/uploads\/2023\/12\/Mapa-3.0-1.pdf\" rel=\"attachment wp-att-53352\">Mapa 3.0<\/a><\/p>\n<p><\/p>\n<p><a class=\"pdf\" href=\"https:\/\/albal.es\/content-albal\/uploads\/2023\/12\/Mapa-3.1-1.pdf\" rel=\"attachment wp-att-53318\">Mapa 3.1<\/a><\/p>\n<p><\/p>\n<p><a class=\"pdf\" href=\"https:\/\/albal.es\/content-albal\/uploads\/2023\/12\/Mapa-3-1.pdf\" rel=\"attachment wp-att-53320\">Mapa 3<\/a><\/p>\n<p><\/p>\n<p><a class=\"pdf\" href=\"https:\/\/albal.es\/content-albal\/uploads\/2023\/12\/Mapa-4.0-1.pdf\" rel=\"attachment wp-att-53322\">Mapa 4.0<\/a><\/p>\n<p><\/p>\n<p><a class=\"pdf\" href=\"https:\/\/albal.es\/content-albal\/uploads\/2023\/12\/Mapa-4.1-1.pdf\" rel=\"attachment wp-att-53324\">Mapa 4.1<\/a><\/p>\n<p><\/p>\n<p><a class=\"pdf\" href=\"https:\/\/albal.es\/content-albal\/uploads\/2023\/12\/Mapa-4-1.pdf\" rel=\"attachment wp-att-53326\">Mapa 4<\/a><\/p>\n<p><\/p>\n<p><a class=\"pdf\" href=\"https:\/\/albal.es\/content-albal\/uploads\/2023\/12\/Mapa-5.0-1.pdf\" rel=\"attachment wp-att-53328\">Mapa 5.0<\/a><\/p>\n<p><\/p>\n<p><a class=\"pdf\" href=\"https:\/\/albal.es\/content-albal\/uploads\/2023\/12\/Mapa-5.1-1.pdf\" rel=\"attachment wp-att-53330\">Mapa 5.1<\/a><\/p>\n<p><\/p>\n<p><a class=\"pdf\" href=\"https:\/\/albal.es\/content-albal\/uploads\/2023\/12\/Mapa-5.2.pdf\" rel=\"attachment wp-att-53332\">Mapa 5.2<\/a><\/p>\n<p><\/p>\n<p><a class=\"pdf\" href=\"https:\/\/albal.es\/content-albal\/uploads\/2023\/12\/Mapa-5-1.pdf\" rel=\"attachment wp-att-53334\">Mapa 5<\/a><\/p>\n<p><\/p>\n<p><a class=\"pdf\" href=\"https:\/\/albal.es\/content-albal\/uploads\/2023\/12\/Mapa-6.0-1.pdf\" rel=\"attachment wp-att-53336\">Mapa 6.0<\/a><\/p>\n<p><\/p>\n<p><a class=\"pdf\" href=\"https:\/\/albal.es\/content-albal\/uploads\/2023\/12\/Mapa-6.1-1.pdf\" rel=\"attachment wp-att-53338\">Mapa 6.1<\/a><\/p>\n<p><\/p>\n<p><a class=\"pdf\" href=\"https:\/\/albal.es\/content-albal\/uploads\/2023\/12\/Mapa-6-1.pdf\" rel=\"attachment wp-att-53340\">Mapa 6<\/a><\/p>\n<p><\/p>\n<p><a class=\"pdf\" href=\"https:\/\/albal.es\/content-albal\/uploads\/2023\/12\/Mapa-7.0.pdf\" rel=\"attachment wp-att-53342\">Mapa 7.0<\/a><\/p>\n<p><\/p>\n<p><a class=\"pdf\" href=\"https:\/\/albal.es\/content-albal\/uploads\/2023\/12\/Mapa-7.1-1.pdf\" rel=\"attachment wp-att-53344\">Mapa 7.1<\/a><\/p>\n<p><\/p>\n<p><a class=\"pdf\" href=\"https:\/\/albal.es\/content-albal\/uploads\/2023\/12\/Mapa-7.pdf\" rel=\"attachment wp-att-53346\">Mapa 7<\/a><\/p>\n<p><\/p>\n<p><a class=\"pdf\" href=\"https:\/\/albal.es\/content-albal\/uploads\/2023\/12\/Plano-Unido-2023-2942.pdf\" rel=\"attachment wp-att-53305\">Plano Unido 2023 PAM IN<\/a><\/p>\n<p>[\/et_pb_accordion_item][et_pb_accordion_item title=\u00bbPlan territorial municipal de emergencias (PTME)\u00bb _builder_version=\u00bb4.23.1&#8243; _module_preset=\u00bbdefault\u00bb global_colors_info=\u00bb{}\u00bb open=\u00bboff\u00bb]<\/p>\n<p><a class=\"pdf\" href=\"https:\/\/albal.es\/content-albal\/uploads\/2023\/12\/Acuerdo-pleno-aprobacion-inicial-PTME.pdf\" rel=\"attachment wp-att-53207\">Acuerdo pleno Junta de Gobierno Local PTME<\/a><\/p>\n<p><\/p>\n<p><a class=\"pdf\" href=\"https:\/\/albal.es\/content-albal\/uploads\/2023\/12\/PTME_dAlbal-2023_cst.pdf\" rel=\"attachment wp-att-53255\">Memoria PTME<\/a><\/p>\n<p><\/p>\n<p><a class=\"pdf\" href=\"https:\/\/albal.es\/content-albal\/uploads\/2023\/12\/Mapa-1.pdf\" rel=\"attachment wp-att-53209\">Mapa 1<\/a><\/p>\n<p><\/p>\n<p><a class=\"pdf\" href=\"https:\/\/albal.es\/content-albal\/uploads\/2023\/12\/Mapa-2.0.pdf\" rel=\"attachment wp-att-53211\">Mapa 2.0<\/a><\/p>\n<p><\/p>\n<p><a class=\"pdf\" href=\"https:\/\/albal.es\/content-albal\/uploads\/2023\/12\/Mapa-2.1.pdf\" rel=\"attachment wp-att-53213\">Mapa 2.1<\/a><\/p>\n<p><\/p>\n<p><a class=\"pdf\" href=\"https:\/\/albal.es\/content-albal\/uploads\/2023\/12\/Mapa-2.pdf\" rel=\"attachment wp-att-53215\">Mapa 2<\/a><\/p>\n<p><\/p>\n<p><a class=\"pdf\" href=\"https:\/\/albal.es\/content-albal\/uploads\/2023\/12\/Mapa-3.0.pdf\" rel=\"attachment wp-att-53217\">Mapa 3.0<\/a><\/p>\n<p><\/p>\n<p><a class=\"pdf\" href=\"https:\/\/albal.es\/content-albal\/uploads\/2023\/12\/Mapa-3.1.pdf\" rel=\"attachment wp-att-53219\">Mapa 3.1<\/a><\/p>\n<p><\/p>\n<p><a class=\"pdf\" href=\"https:\/\/albal.es\/content-albal\/uploads\/2023\/12\/Mapa-3.pdf\" rel=\"attachment wp-att-53221\">Mapa 3<\/a><\/p>\n<p><\/p>\n<p><a class=\"pdf\" href=\"https:\/\/albal.es\/content-albal\/uploads\/2023\/12\/Mapa-4.0.pdf\" rel=\"attachment wp-att-53223\">Mapa 4.0<\/a><\/p>\n<p><\/p>\n<p><a class=\"pdf\" href=\"https:\/\/albal.es\/content-albal\/uploads\/2023\/12\/Mapa-4.1.pdf\" rel=\"attachment wp-att-53225\">Mapa 4.1<\/a><\/p>\n<p><\/p>\n<p><a class=\"pdf\" href=\"https:\/\/albal.es\/content-albal\/uploads\/2023\/12\/Mapa-4.2.pdf\" rel=\"attachment wp-att-53227\">Mapa 4.2<\/a><\/p>\n<p><\/p>\n<p><a class=\"pdf\" href=\"https:\/\/albal.es\/content-albal\/uploads\/2023\/12\/Mapa-4.pdf\" rel=\"attachment wp-att-53229\">Mapa 4<\/a><\/p>\n<p><\/p>\n<p><a class=\"pdf\" href=\"https:\/\/albal.es\/content-albal\/uploads\/2023\/12\/Mapa-5.0.pdf\" rel=\"attachment wp-att-53231\">Mapa 5.0<\/a><\/p>\n<p><\/p>\n<p><a class=\"pdf\" href=\"https:\/\/albal.es\/content-albal\/uploads\/2023\/12\/Mapa-5.1.pdf\" rel=\"attachment wp-att-53233\">Mapa 5.1<\/a><\/p>\n<p><\/p>\n<p><a class=\"pdf\" href=\"https:\/\/albal.es\/content-albal\/uploads\/2023\/12\/Mapa-5.pdf\" rel=\"attachment wp-att-53235\">Mapa 5<\/a><\/p>\n<p><\/p>\n<p><a class=\"pdf\" href=\"https:\/\/albal.es\/content-albal\/uploads\/2023\/12\/Mapa-6.0.pdf\" rel=\"attachment wp-att-53237\">Mapa 6.0<\/a><\/p>\n<p><\/p>\n<p><a class=\"pdf\" href=\"https:\/\/albal.es\/content-albal\/uploads\/2023\/12\/Mapa-6.1.pdf\" rel=\"attachment wp-att-53239\">Mapa 6.1<\/a><\/p>\n<p><\/p>\n<p><a class=\"pdf\" href=\"https:\/\/albal.es\/content-albal\/uploads\/2023\/12\/Mapa-6.pdf\" rel=\"attachment wp-att-53241\">Mapa 6<\/a><\/p>\n<p><\/p>\n<p><a class=\"pdf\" href=\"https:\/\/albal.es\/content-albal\/uploads\/2023\/12\/Mapa-7.1.0.pdf\" rel=\"attachment wp-att-53243\">Mapa 7.1.0<\/a><\/p>\n<p><\/p>\n<p><a class=\"pdf\" href=\"https:\/\/albal.es\/content-albal\/uploads\/2023\/12\/Mapa-7.1.1.pdf\" rel=\"attachment wp-att-53245\">Mapa 7.1.1<\/a><\/p>\n<p><\/p>\n<p><a class=\"pdf\" href=\"https:\/\/albal.es\/content-albal\/uploads\/2023\/12\/Mapa-7.1.pdf\" rel=\"attachment wp-att-53247\">Mapa 7.1<\/a><\/p>\n<p><\/p>\n<p><a class=\"pdf\" href=\"https:\/\/albal.es\/content-albal\/uploads\/2023\/12\/Mapa-7.2.0.pdf\" rel=\"attachment wp-att-53249\">Mapa 7.2.0<\/a><\/p>\n<p><\/p>\n<p><a class=\"pdf\" href=\"https:\/\/albal.es\/content-albal\/uploads\/2023\/12\/Mapa-7.2.1.pdf\" rel=\"attachment wp-att-53251\">Mapa 7.2.1<\/a><\/p>\n<p><\/p>\n<p><a class=\"pdf\" href=\"https:\/\/albal.es\/content-albal\/uploads\/2023\/12\/Mapa-7.3.pdf\" rel=\"attachment wp-att-53253\">Mapa 7.3<\/a><\/p>\n<p><\/p>\n<p><a class=\"pdf\" href=\"https:\/\/albal.es\/content-albal\/uploads\/2023\/12\/Plano-Unido-2023-2940.pdf\" rel=\"attachment wp-att-53263\">Plano Unido 2023 PTME<\/a><\/p>\n<p>[\/et_pb_accordion_item][et_pb_accordion_item title=\u00bbPlan de actuaci\u00f3n municipal frente al riesgo s\u00edsmico (PAM SI)\u00bb _builder_version=\u00bb4.23.1&#8243; _module_preset=\u00bbdefault\u00bb global_colors_info=\u00bb{}\u00bb open=\u00bboff\u00bb]<\/p>\n<p><a class=\"pdf\" href=\"https:\/\/albal.es\/content-albal\/uploads\/2023\/12\/Certificado-acuerdo-Plano-aprobacion-inicial-PAM-SI.pdf\" rel=\"attachment wp-att-53307\">Certificado acuerdo Plano aprobaci\u00f3n inicial PAM SI<\/a><\/p>\n<p><\/p>\n<p><a class=\"pdf\" href=\"https:\/\/albal.es\/ficheros\/pdf\/ALBAL_PAM_SIS_23_NOVEMBRE.pdf\">Plan Actuaci\u00f3n Municipal frente al riesgo s\u00edsmico de Albal<\/a><\/p>\n<p>[\/et_pb_accordion_item][et_pb_accordion_item title=\u00bbPlan de accesibilidad universal\u00bb _builder_version=\u00bb4.16&#8243; global_colors_info=\u00bb{}\u00bb open=\u00bboff\u00bb]<\/p>\n<p><a class=\"pdf\" href=\"\/ficheros\/pdf\/PlanAccesibilidadUniversal.pdf\">Plan de accesibilidad universal<\/a> <a class=\"pdf\" href=\"\/content-albal\/uploads\/2021\/01\/PAU_Anuncio_aprobacion_inicial.pdf\">Anuncio de aprobaci\u00f3n inicial &#8211; DOGV 21\/01\/2021<\/a><\/p>\n<p>[\/et_pb_accordion_item][et_pb_accordion_item title=\u00bbCuarta retasaci\u00f3n cargas Sector 2.A\u00bb _builder_version=\u00bb4.27.0&#8243; _module_preset=\u00bbdefault\u00bb global_colors_info=\u00bb{}\u00bb open=\u00bboff\u00bb]<\/p>\n<p><a class=\"pdf\" href=\"https:\/\/albal.es\/content-albal\/uploads\/2024\/10\/MEMORIA-4a-RETASACION_-Sector-2a_AIU.pdf\" target=\"_blank\" rel=\"attachment noopener wp-att-57717\">MEMORIA 4a RETASACION Sector 2a AIU<\/a><\/p>\n<p>[\/et_pb_accordion_item][et_pb_accordion_item title=\u00bbSuspensi\u00f3n de licencias en zona inundable\u00bb _builder_version=\u00bb4.27.4&#8243; _module_preset=\u00bbdefault\u00bb global_colors_info=\u00bb{}\u00bb open=\u00bboff\u00bb]<\/p>\n<p><a class=\"pdf\" href=\"https:\/\/albal.es\/content-albal\/uploads\/2025\/07\/suspension-de-licencias-Albal.pdf\" target=\"_blank\" rel=\"attachment noopener wp-att-60892\">Suspensi\u00f3n de licencias Albal<\/a><\/p>\n<p><a class=\"form-web\" href=\"https:\/\/albal.es\/content-albal\/uploads\/2025\/07\/CERTIFICADO_ACUERDO_PLENO_25062025_PROPUESTA-DE-SUSPENSION-DE-TRAMITACION-Y-OTORGAMIENTO-LICENCIAS-DANA-PLANTA-BAJA.pdf\" target=\"_blank\" rel=\"attachment noopener wp-att-60890\">Acuerdo pleno \u2013 Propuesta de suspensi\u00f3n de tramitaci\u00f3n y otorgamiento de licencias DANA planta baja<\/a><\/p>\n<p>[\/et_pb_accordion_item][et_pb_accordion_item title=\u00bbPlan local gesti\u00f3n de residuos\u00bb _builder_version=\u00bb4.27.4&#8243; _module_preset=\u00bbdefault\u00bb global_colors_info=\u00bb{}\u00bb open=\u00bboff\u00bb]<\/p>\n<p><a class=\"pdf\" href=\"https:\/\/albal.es\/content-albal\/uploads\/2025\/10\/Plan-local-gestion-de-residuos.pdf\" rel=\"attachment wp-att-61458\">Plan local gesti\u00f3n de residuos<\/a><\/p>\n<p>[\/et_pb_accordion_item][\/et_pb_accordion][\/et_pb_column][et_pb_column type=\u00bb2_5&#8243; module_class=\u00bbcontent-impresos\u00bb _builder_version=\u00bb4.16&#8243; global_colors_info=\u00bb{}\u00bb][et_pb_text admin_label=\u00bbTitulo \u00abImpresos i enlla\u00e7os a Seu electr\u00f2nica\u00bb\u00bb _builder_version=\u00bb4.16&#8243; _module_preset=\u00bbdefault\u00bb locked=\u00bbon\u00bb global_colors_info=\u00bb{}\u00bb]<\/p>\n<h2>Impresos y enlaces a Sede electr\u00f3nica<\/h2>\n<p>[\/et_pb_text][et_pb_cpt_loop_archive loop_layout=\u00bb6282&#8243; show_pagination=\u00bboff\u00bb new_query=\u00bbon\u00bb post_type=\u00bbimpreso_tramit\u00bb posts_number=\u00bb999&#8243; include_meta=\u00bbpagina_de_destinacio\u00bb include_meta_terms=\u00bb656&#8243; hide_if_no_data=\u00bbon\u00bb order=\u00bbasc\u00bb admin_label=\u00bbImpresos i enlla\u00e7os a Seu Electronica\u00bb module_class=\u00bbcontent-impresos-dinamic\u00bb _builder_version=\u00bb4.16&#8243; headings_font_size=\u00bb36px\u00bb background_color=\u00bb#ffffff\u00bb border_radii=\u00bbon|8px|8px|8px|8px\u00bb border_width_all=\u00bb1px\u00bb border_color_all=\u00bb#cccccc\u00bb locked=\u00bbon\u00bb global_colors_info=\u00bb{}\u00bb][\/et_pb_cpt_loop_archive][et_pb_code module_class=\u00bbcontent-mostrar-impresos\u00bb _builder_version=\u00bb4.16&#8243; _module_preset=\u00bbdefault\u00bb locked=\u00bbon\u00bb global_colors_info=\u00bb{}\u00bb]<pee><style>.et_pb_cpt_loop_archive.content-impresos-dinamic:before { content:\"Impresos y enlaces a Sede electr\u00f3nica\";}\t<\/style><\/pee>[\/et_pb_code][\/et_pb_column][\/et_pb_row][et_pb_row disabled_on=\u00bboff|on|on\u00bb admin_label=\u00bbCarga solo en MOVIL\u00bb _builder_version=\u00bb4.16&#8243; custom_padding=\u00bb0px||||false|false\u00bb locked=\u00bboff\u00bb global_colors_info=\u00bb{}\u00bb][et_pb_column type=\u00bb4_4&#8243; _builder_version=\u00bb4.16&#8243; global_colors_info=\u00bb{}\u00bb][et_pb_text disabled_on=\u00bboff|off|off\u00bb admin_label=\u00bbAmic\u00bb module_class=\u00bbamic-cita\u00bb _builder_version=\u00bb4.16&#8243; header_4_font=\u00bb||||||||\u00bb header_4_text_color=\u00bb#c40038&#8243; custom_margin=\u00bb||0px||false|false\u00bb custom_padding=\u00bb||15px||false|false\u00bb saved_tabs=\u00bball\u00bb locked=\u00bbon\u00bb global_colors_info=\u00bb{}\u00bb]<\/p>\n<h3><img decoding=\"async\" class=\"wp-image-464 alignnone size-full lazyload\" data-src=\"https:\/\/albal.es\/content-albal\/uploads\/2019\/12\/logo-amic-2.png\" alt=\"\" width=\"135\" height=\"46\" src=\"data:image\/svg+xml;base64,PHN2ZyB3aWR0aD0iMSIgaGVpZ2h0PSIxIiB4bWxucz0iaHR0cDovL3d3dy53My5vcmcvMjAwMC9zdmciPjwvc3ZnPg==\" style=\"--smush-placeholder-width: 135px; --smush-placeholder-aspect-ratio: 135\/46;\" \/><\/h3>\n<p><\/p>\n<h3>Atenci\u00f3n Municipal de Informaci\u00f3n Ciudadana<\/h3>\n<p><\/p>\n<h4>REGISTROS y SOLICITUDES<\/h4>\n<p><\/p>\n<p>Plaza del Jard\u00edn, 7. Ayto. de Albal &#8211; <strong>Planta baja<\/strong> Tel: <strong>96 126 00 56<\/strong> \u00b7 Fax: 96 127 08 61 <a class=\"bot-cita-previa\" href=\"https:\/\/citaprevia.albal.es:10080\/\" target=\"_blank\" rel=\"noopener noreferrer\">Cita previa<\/a> <a class=\"bot-seu-electronica\" href=\"https:\/\/albal.sede.gva.es\/\" target=\"_blank\" rel=\"noopener noreferrer\">Sede electr\u00f3nica<\/a><\/p>\n<p>[\/et_pb_text][\/et_pb_column][\/et_pb_row][\/et_pb_section][et_pb_section fb_built=\u00bb1&#8243; disabled_on=\u00bbon|on|on\u00bb admin_label=\u00bb(ancla) #informacion\u00bb module_id=\u00bbinformacion\u00bb _builder_version=\u00bb4.16&#8243; background_color=\u00bb#e2e1de\u00bb custom_padding=\u00bb50px||||false|false\u00bb border_width_top=\u00bb1px\u00bb border_color_top=\u00bb#cccccc\u00bb disabled=\u00bbon\u00bb locked=\u00bboff\u00bb collapsed=\u00bboff\u00bb global_colors_info=\u00bb{}\u00bb][et_pb_row _builder_version=\u00bb4.16&#8243; background_color=\u00bbrgba(0,0,0,0)\u00bb custom_padding=\u00bb0px||||false|false\u00bb global_colors_info=\u00bb{}\u00bb][et_pb_column type=\u00bb4_4&#8243; _builder_version=\u00bb4.16&#8243; global_colors_info=\u00bb{}\u00bb][et_pb_text admin_label=\u00bbTitulo Informaci\u00f3\u00bb module_class=\u00bbtit-seccion\u00bb _builder_version=\u00bb4.16&#8243; locked=\u00bboff\u00bb global_colors_info=\u00bb{}\u00bb]<\/p>\n<h2><img decoding=\"async\" class=\"size-medium alignleft lazyload\" data-src=\"https:\/\/albal.es\/img\/iconos\/informacion-mostrador-45x45.svg\" alt=\"\" width=\"45\" height=\"45\" src=\"data:image\/svg+xml;base64,PHN2ZyB3aWR0aD0iMSIgaGVpZ2h0PSIxIiB4bWxucz0iaHR0cDovL3d3dy53My5vcmcvMjAwMC9zdmciPjwvc3ZnPg==\" style=\"--smush-placeholder-width: 45px; --smush-placeholder-aspect-ratio: 45\/45;\" \/>Informaci\u00f3n<\/h2>\n<p>[\/et_pb_text][\/et_pb_column][\/et_pb_row][et_pb_row column_structure=\u00bb1_2,1_2&#8243; make_equal=\u00bbon\u00bb admin_label=\u00bbSolo un modulo por fila\u00bb _builder_version=\u00bb4.16&#8243; custom_padding=\u00bb0px||||false|false\u00bb global_colors_info=\u00bb{}\u00bb][et_pb_column type=\u00bb1_2&#8243; _builder_version=\u00bb4.16&#8243; border_width_bottom=\u00bb1px\u00bb border_color_bottom=\u00bb#cccccc\u00bb global_colors_info=\u00bb{}\u00bb][et_pb_text admin_label=\u00bbText\u00bb _builder_version=\u00bb4.16&#8243; custom_padding=\u00bb||25px||false|false\u00bb global_colors_info=\u00bb{}\u00bb]<\/p>\n<h3>Titulo<\/h3>\n<p><\/p>\n<p>Text<\/p>\n<p>[\/et_pb_text][\/et_pb_column][et_pb_column type=\u00bb1_2&#8243; _builder_version=\u00bb4.16&#8243; border_width_bottom=\u00bb1px\u00bb border_color_bottom=\u00bb#cccccc\u00bb global_colors_info=\u00bb{}\u00bb][et_pb_text admin_label=\u00bbText\u00bb _builder_version=\u00bb4.16&#8243; custom_padding=\u00bb||25px||false|false\u00bb global_colors_info=\u00bb{}\u00bb]<\/p>\n<h3>Titulo<\/h3>\n<p><\/p>\n<p>Text<\/p>\n<p>[\/et_pb_text][\/et_pb_column][\/et_pb_row][\/et_pb_section][et_pb_section fb_built=\u00bb1&#8243; admin_label=\u00bb(ancla) #faq\u00bb module_id=\u00bbfaq\u00bb _builder_version=\u00bb4.16&#8243; background_color=\u00bb#dcb747&#8243; custom_padding=\u00bb50px||||false|false\u00bb collapsed=\u00bboff\u00bb global_colors_info=\u00bb{}\u00bb][et_pb_row _builder_version=\u00bb4.16&#8243; background_color=\u00bbrgba(0,0,0,0)\u00bb custom_padding=\u00bb0px||||false|false\u00bb global_colors_info=\u00bb{}\u00bb][et_pb_column type=\u00bb4_4&#8243; _builder_version=\u00bb4.16&#8243; global_colors_info=\u00bb{}\u00bb][et_pb_text admin_label=\u00bbTitulo Preguntes m\u00e9s freq\u00fcents\u00bb module_class=\u00bbtit-seccion\u00bb _builder_version=\u00bb4.16&#8243; header_2_text_color=\u00bb#ffffff\u00bb locked=\u00bboff\u00bb global_colors_info=\u00bb{}\u00bb]<\/p>\n<h2><img decoding=\"async\" class=\"size-medium alignleft lazyload\" data-src=\"https:\/\/albal.es\/img\/iconos\/preguntas-persona-45x45.svg\" alt=\"\" width=\"45\" height=\"45\" src=\"data:image\/svg+xml;base64,PHN2ZyB3aWR0aD0iMSIgaGVpZ2h0PSIxIiB4bWxucz0iaHR0cDovL3d3dy53My5vcmcvMjAwMC9zdmciPjwvc3ZnPg==\" style=\"--smush-placeholder-width: 45px; --smush-placeholder-aspect-ratio: 45\/45;\" \/>Preguntas m\u00e1s frecuentes<\/h2>\n<p>[\/et_pb_text][\/et_pb_column][\/et_pb_row][et_pb_row column_structure=\u00bb1_2,1_2&#8243; make_equal=\u00bbon\u00bb admin_label=\u00bbSolo un modulo por fila\u00bb _builder_version=\u00bb4.16&#8243; custom_padding=\u00bb0px||||false|false\u00bb global_colors_info=\u00bb{}\u00bb][et_pb_column type=\u00bb1_2&#8243; _builder_version=\u00bb4.16&#8243; border_width_bottom=\u00bb1px\u00bb border_color_bottom=\u00bb#b09239&#8243; global_colors_info=\u00bb{}\u00bb][et_pb_text admin_label=\u00bbQuan he de sol\u00b7licitar la llic\u00e8ncia d&#8217;obres?\u00bb _builder_version=\u00bb4.16&#8243; custom_padding=\u00bb||25px||false|false\u00bb global_colors_info=\u00bb{}\u00bb]<\/p>\n<h3>\u00bfCu\u00e1ndo debo solicitar la licencia de obras?<\/h3>\n<p><\/p>\n<p>Cuando realice cualquier construcci\u00f3n, instalaci\u00f3n u obra, cualquiera que sea su magnitud y aun cuando sea dentro de mi domicilio particular.<\/p>\n<p><\/p>\n<h3>Una vez presentada la solicitud y satisfecha la tasa correspondiente y el Impuesto de Construcciones, \u00bfpuedo empezar la obra?<\/h3>\n<p><\/p>\n<p>No, la obra no puede comenzarse hasta obtener la licencia.<\/p>\n<p><\/p>\n<h3>Si voy a realizar por m\u00ed mismo la obra y dispongo de los materiales necesarios, \u00bfdeber\u00e9 abonar la tasa y el ICIO, aun cuando mi coste real va a ser cero?<\/h3>\n<p><\/p>\n<p>S\u00ed, porque tanto en el caso de la tasa como en el del ICIO la base imponible sobre la que aplicar la cuota se\u00f1alada en la ordenanza es el coste de la obra, y para ello se tendr\u00e1 en cuenta el valor de la construcci\u00f3n o edificaci\u00f3n seg\u00fan los m\u00f3dulos aprobados anualmente por el Colegio de Arquitectos.<\/p>\n<p><\/p>\n<h3>\u00bfCu\u00e1ndo debo solicitar licencia de obra mayor y cu\u00e1ndo de obra menor?<\/h3>\n<p><\/p>\n<p>La distinci\u00f3n de este tipo de obras no se recoge en ning\u00fan texto legal sino que es de car\u00e1cter jurisprudencial y doctrinal, pero \u201cgrosso modo\u201d se tratar\u00e1 de obras menores aquellas que no afecten a estructura o elementos de sustentaci\u00f3n de los inmuebles y mayores las que afecten a la estructura.<\/p>\n<p>[\/et_pb_text][\/et_pb_column][et_pb_column type=\u00bb1_2&#8243; _builder_version=\u00bb4.16&#8243; border_width_bottom=\u00bb1px\u00bb border_color_bottom=\u00bb#b09239&#8243; global_colors_info=\u00bb{}\u00bb][et_pb_text admin_label=\u00bbQuina documentaci\u00f3 he d&#8217;aportar\u00bb _builder_version=\u00bb4.16&#8243; custom_padding=\u00bb||25px||false|false\u00bb global_colors_info=\u00bb{}\u00bb]<\/p>\n<h3>\u00bfQu\u00e9 documentaci\u00f3n debo aportar para solicitar una licencia de obra menor?<\/h3>\n<p><\/p>\n<p>Ver en esta p\u00e1gina web, el apartado titulado impresos.<\/p>\n<p><\/p>\n<h3>\u00bfQu\u00e9 documentaci\u00f3n debo aportar para solicitar una licencia de obra mayor?<\/h3>\n<p><\/p>\n<p>Ver en esta p\u00e1gina web, el apartado titulado impresos.<\/p>\n<p><\/p>\n<h3>\u00bfPagar\u00e9 lo mismo por una licencia de obra mayor que por una de obra menor?<\/h3>\n<p><\/p>\n<p>La cuant\u00eda a satisfacer no var\u00eda por el tipo de licencia sino por el coste de la obra. Consultar ordenanza.<\/p>\n<p><\/p>\n<h3>Si soy conocedor de la existencia de una obra ilegal, \u00bfpuedo denunciarla aun cuando no tenga ning\u00fan perjuicio por ella ni me afecte?<\/h3>\n<p><\/p>\n<p>S\u00ed, en urbanismo existe acci\u00f3n p\u00fablica, lo cual significa que no es necesario ostentar la condici\u00f3n de interesado para formular denuncia, sino que cualquier particular puede hacerlo, facilitando as\u00ed la labor a la Administraci\u00f3n y colaborando con ella.<\/p>\n<p>[\/et_pb_text][\/et_pb_column][\/et_pb_row][et_pb_row column_structure=\u00bb1_2,1_2&#8243; make_equal=\u00bbon\u00bb admin_label=\u00bbSolo un modulo por fila\u00bb _builder_version=\u00bb4.16&#8243; custom_padding=\u00bb0px||||false|false\u00bb global_colors_info=\u00bb{}\u00bb][et_pb_column type=\u00bb1_2&#8243; _builder_version=\u00bb4.16&#8243; border_width_bottom=\u00bb1px\u00bb border_color_bottom=\u00bb#b09239&#8243; global_colors_info=\u00bb{}\u00bb][et_pb_text admin_label=\u00bbFins a quan pot l&#8217;Ajuntament iniciar expedients de restauraci\u00f3\u00bb _builder_version=\u00bb4.16&#8243; custom_padding=\u00bb||25px||false|false\u00bb global_colors_info=\u00bb{}\u00bb]<\/p>\n<h3>\u00bfHasta cu\u00e1ndo puede el Ayuntamiento iniciar expedientes de restauraci\u00f3n de la legalidad urban\u00edstica y sancionadores por infracciones urban\u00edsticas?<\/h3>\n<p><\/p>\n<p>El plazo de prescripci\u00f3n de las infracciones urban\u00edsticas es de cuatro a\u00f1os, si bien trat\u00e1ndose de suelo dotacional y zonas verdes no prescriben.<\/p>\n<p><\/p>\n<h3>He oido hablar mucho del nuevo Plan General de Albal, pero \u00bfpodr\u00eda consultarlo?<\/h3>\n<p><\/p>\n<p>S\u00ed, el Plan General de Albal, al igual que el resto de disposiciones de car\u00e1cter normativo aprobadas por el Ayuntamiento, es p\u00fablico, y cualquier persona puede consultarlo, as\u00ed como obtener copias de \u00e9l tanto en soporte inform\u00e1tico como material, previo abono de la tasa correspondiente.<\/p>\n<p><\/p>\n<h3>Si tengo licencia de obras concedida \u00bfme faculta para ocupar el dominio p\u00fablico durante su ejecuci\u00f3n?<\/h3>\n<p><\/p>\n<p>No, la ocupaci\u00f3n de dominio p\u00fablico est\u00e1 sujeta a la autorizaci\u00f3n municipal y al pago de una tasa que var\u00eda en su liquidaci\u00f3n, seg\u00fan se trate de obras mayores o menores. Ver ordenanza.<\/p>\n<p>[\/et_pb_text][\/et_pb_column][et_pb_column type=\u00bb1_2&#8243; _builder_version=\u00bb4.16&#8243; border_width_bottom=\u00bb1px\u00bb border_color_bottom=\u00bb#b09239&#8243; global_colors_info=\u00bb{}\u00bb][et_pb_text admin_label=\u00bbSi desitge sol\u00b7licitar una llic\u00e8ncia d&#8217;obres en s\u00f2l no urbanitzable\u00bb _builder_version=\u00bb4.16&#8243; custom_padding=\u00bb||25px||false|false\u00bb global_colors_info=\u00bb{}\u00bb]<\/p>\n<h3>Si deseo solicitar una licencia de obras en suelo no urbanizable, \u00bfdebo dirigirme al Ayuntamiento?<\/h3>\n<p><\/p>\n<p>El Ayuntamiento es competente para conceder la licencia, pero necesita de una autorizaci\u00f3n previa por parte de la COPUT, por lo que, con el fin de agilizar los tr\u00e1mites, es conveniente que solicite la autorizaci\u00f3n en Conselleria (Edificio PROP sito en C\/. Gregorio Gea n\u00ba 27, Valencia) para ello podr\u00e1 obtener los impresos a cumplimentar en la propia COPUT o a trav\u00e9s de la\u00a0<a class=\"link\" href=\"https:\/\/gva.xn--es%20target%3D-rd3h\/\">p\u00e1gina web de la Generalitat Valenciana\u00a0<\/a>, si bien dada la suspensi\u00f3n existente respecto a esta clase de suelo, en la aprobaci\u00f3n del Plan General es muy probable que no puedan concederse en este momento.<\/p>\n<p><\/p>\n<h3>Si la obra a ejecutar afecta a una comunidad de vecinos (constituidos en r\u00e9gimen de propiedad horizontal), \u00bfes necesario solicitar licencia o basta el acuerdo de la Junta General?<\/h3>\n<p><\/p>\n<p>En este caso, adem\u00e1s de las normas administrativas aplicables (legislaci\u00f3n del suelo) cuyo control corresponde al Ayuntamiento, deber\u00edan respetarse normas civiles como es la Ley 49\/1960, de 21 de julio, de Propiedad Horizontal, si bien dicho control no es municipal y su infracci\u00f3n no es controlable por el Ayuntamiento sino por los tribunales civiles.<\/p>\n<p>[\/et_pb_text][\/et_pb_column][\/et_pb_row][et_pb_row column_structure=\u00bb1_2,1_2&#8243; make_equal=\u00bbon\u00bb admin_label=\u00bbSolo un modulo por fila\u00bb _builder_version=\u00bb4.16&#8243; custom_padding=\u00bb0px||||false|false\u00bb global_colors_info=\u00bb{}\u00bb][et_pb_column type=\u00bb1_2&#8243; _builder_version=\u00bb4.16&#8243; border_width_bottom=\u00bb1px\u00bb border_color_bottom=\u00bb#b09239&#8243; global_colors_info=\u00bb{}\u00bb][et_pb_text admin_label=\u00bbPer qu\u00e8 per a l&#8217;execuci\u00f3 d&#8217;algunes obres he de depositar avals?\u00bb _builder_version=\u00bb4.16&#8243; custom_padding=\u00bb||25px||false|false\u00bb global_colors_info=\u00bb{}\u00bb]<\/p>\n<h3>\u00bfPor qu\u00e9 para la ejecuci\u00f3n de algunas obras tengo que depositar avales?<\/h3>\n<p><\/p>\n<p>Los avales son necesarios cuando se trata de llevar a cabo obras en dominio p\u00fablico, y con ello se pretende garantizar la correcta reposici\u00f3n de \u00e9ste.<\/p>\n<p><\/p>\n<h3>\u00bfCu\u00e1ndo tengo que acompa\u00f1ar proyecto a la solicitud de licencia de obras?<\/h3>\n<p><\/p>\n<p>Cuando se trate de licencias de obra mayor, y a \u00e9ste se acompa\u00f1ar\u00e1 el resto de documentaci\u00f3n determinada en el apartado de esta p\u00e1gina web titulado impresos.<\/p>\n<p><\/p>\n<h3>\u00bfD\u00f3nde debo satisfacer el importe de la tasa por licencias urban\u00edsticas y el ICIO?<\/h3>\n<p><\/p>\n<p>En la liquidaci\u00f3n y recibos de pago que se le entregar\u00e1n en el Ayuntamiento, en el momento en que solicite la licencia, se indican las entidades financieras colaboradoras en las que podr\u00e1 hacer efectivo dicho pago.<\/p>\n<p><\/p>\n<h3>\u00bfCu\u00e1ndo debo solicitar licencia de apertura?<\/h3>\n<p><\/p>\n<p>Cuando implante cualquier instalaci\u00f3n, establecimiento, actividad mercantil, industria o almacenamiento sea oficial, particular p\u00fablico o privado.<\/p>\n<p><\/p>\n<h3>\u00bfLa licencia se tramita igual en todos los casos?<\/h3>\n<p><\/p>\n<p>No, la tramitaci\u00f3m var\u00eda seg\u00fan se trate de licencia o comunicaci\u00f3n ambiental.<\/p>\n<p>[\/et_pb_text][\/et_pb_column][et_pb_column type=\u00bb1_2&#8243; _builder_version=\u00bb4.16&#8243; border_width_bottom=\u00bb1px\u00bb border_color_bottom=\u00bb#b09239&#8243; global_colors_info=\u00bb{}\u00bb][et_pb_text admin_label=\u00bbQuina \u00e9s la difer\u00e8ncia entre la llic\u00e8ncia i la comunicaci\u00f3 ambiental?\u00bb _builder_version=\u00bb4.16&#8243; custom_padding=\u00bb||25px||false|false\u00bb global_colors_info=\u00bb{}\u00bb]<\/p>\n<h3>\u00bfCu\u00e1l es la diferencia entre la licencia y la comunicaci\u00f3n ambiental?<\/h3>\n<p><\/p>\n<p>A grosso modo, podr\u00edan equipararse a las anteriores licencia de actividad calificada y actividad inocua. La regulaci\u00f3n en esta materia ven\u00eda dada, en el caso de las actividades calificadas, por la Ley 3\/89, de 2 de mayo de Actividades Calificadas de la Generalitat Valenciana, regul\u00e1ndose las inocuas por lo dispuesto en el Reglamento de Servicios de las Corporaciones Locales de 17 de junio de 1955. Las actividades se consideraban como calificadas cuando el desarrollo de las mismas produc\u00edan efectos insalubres, nocivos molestos o peligrosos y as\u00ed se recog\u00edan en el Decreto 54\/1990 de 26 de marzo del Consell de la Generalitat Valenciana por el que se aprueba el Nomenclator de Actividades Molestas , Insalubres, Nocivas y Peligrosas, siendo inocuas las no consideradas como calificadas. Hoy la Ley 2\/2006, de 5 de mayo, de Prevenci\u00f3n de la Contaminaci\u00f3n y Calidad Ambiental de la Generalitat ha derogado la Ley 3\/89 de Actividades calificadas y da una nueva regulaci\u00f3n a esta materia, diferenciando ahora tres grandes categor\u00edas, a saber:<\/p>\n<p><\/p>\n<ul>\n<li>Autorizaci\u00f3n ambiental integrada.<\/li>\n<li>Licencia ambiental.<\/li>\n<li>Comunicaci\u00f3n ambiental.<\/li>\n<\/ul>\n<p><\/p>\n<p>&#8211; La autorizaci\u00f3n ambiental integrada, se tramitar\u00e1 \u00fanicamente para la construcci\u00f3n, montaje, explotaci\u00f3n o traslado de las instalaciones en que se desarrollen alguna de las actividades referidas en el anexo I de la Ley 2\/2006, y que son b\u00e1sicamente grandes industrias pesadas como: refiner\u00edas, instalaciones de combusti\u00f3n, fundiciones de metales,cementeras, industrias qu\u00edmicas, industrias del cuero y otras an\u00e1logas. Estas industrias son aquellas que tienen una tramitaci\u00f3n m\u00e1s compleja al intervenir en ella la Administraci\u00f3n auton\u00f3mica y al requerirse numerosos informes sectoriales. &#8211; La licencia ambiental, ser\u00eda la equivalente a la anterior licencia de actividad calificada y debe solicitarse para la construcci\u00f3n, montaje, explotaci\u00f3n o traslado de las instalaciones en que se desarrollen alguna de las actividades de titularidad p\u00fablica o privada no sometidas a autorizaci\u00f3n ambiental y que figuren en la relaci\u00f3n que se aprobar\u00e1 reglamentariamente (en tanto no se dicte este reglamento se estar\u00e1 a lo dispuesto en el Nomenclator de Actividades Molestas , Insalubres, Nocivas y Peligrosas). -Por \u00faltimo se someten a r\u00e9gimen de comunicaci\u00f3n ambiental no incluidas en ninguna de las dos anteriores categor\u00edas (siendo equivalentes a las anteriores licencias de actividad inocua).<\/p>\n<p>[\/et_pb_text][\/et_pb_column][\/et_pb_row][et_pb_row column_structure=\u00bb1_2,1_2&#8243; make_equal=\u00bbon\u00bb admin_label=\u00bbSolo un modulo por fila\u00bb _builder_version=\u00bb4.16&#8243; custom_padding=\u00bb0px||||false|false\u00bb global_colors_info=\u00bb{}\u00bb][et_pb_column type=\u00bb1_2&#8243; _builder_version=\u00bb4.16&#8243; border_width_bottom=\u00bb1px\u00bb border_color_bottom=\u00bb#b09239&#8243; global_colors_info=\u00bb{}\u00bb][et_pb_text admin_label=\u00bbQu\u00e8 he de fer per a saber quin tipus d&#8217;activitat \u00e9s la que pretenc obrir\u00bb _builder_version=\u00bb4.16&#8243; custom_padding=\u00bb||25px||false|false\u00bb global_colors_info=\u00bb{}\u00bb]<\/p>\n<h3>\u00a0\u00bfQu\u00e9 debo hacer para saber que tipo de actividad es la que pretendo abrir y que licencia debo pedir?<\/h3>\n<p><\/p>\n<p>Sin perjuicio de la posibilidad de consultar los textos legales referidos en la pregunta anterior, puede dirigirse al negociado de actividades, concretamente al Ingeniero T\u00e9cnico Industrial el cual le indicar\u00e1 de qu\u00e9 tipo de actividad se trata en funci\u00f3n de la potencia a instalar, la existencia o no de aparatos de aire acondicionado, etc.<\/p>\n<p><\/p>\n<h3>\u00bfQue documentacion tengo que aportar para tramitar la licencia o comunicaci\u00f3n ambiental?<\/h3>\n<p><\/p>\n<p>En los propios impresos municipales se detalla toda la documentaci\u00f3n necesaria para la tramitaci\u00f3n.<\/p>\n<p><\/p>\n<h3>\u00bfCu\u00e1l es el importe de la tasa a satisfacer para cada tipo de licencia?<\/h3>\n<p><\/p>\n<p>Depende del tipo de actividad, deber\u00e1 consultarse la Ordenanza Municipal Reguladora de la Tasa por Licencia de Apertura de Establecimientos.<\/p>\n<p><\/p>\n<h3>\u00bfPara establecer mi actividad necesito habilitar un local y realizar obras \u00bfqu\u00e9 licencia debo pedir primero?<\/h3>\n<p><\/p>\n<p>De conformidad a lo previsto en el art. 28 de la Ley 3\/2004, de la Generalitat, de Ordenaci\u00f3n y Fomento de Calidad en la Edificaci\u00f3n (LOFCE) , la licencia municipal de edificaci\u00f3n tiene el car\u00e1cter de Resoluci\u00f3n \u00fanica y llevar\u00e1 impl\u00edcita la concesi\u00f3n de las restantes licencias que pudieran corresponder, por lo cual deben pedirse las dos a la vez y se resolver\u00e1n en una \u00fanica resoluci\u00f3n. Ahora bien, el Reglamento de Ordenaci\u00f3n y Gesti\u00f3n Territorial y Urban\u00edstica, aprobado por Decreto 67\/2006 de 12 de mayo del Consell, establece en su art. 474.4 que se podr\u00e1 tramitar y otorgar la licencia de edificaci\u00f3n aunque no se haya obtenido la otra licencia, cuando quien tenga la disponibilidad civil del inmueble asuma la plena responsabilidad de las consecuencias que pudieran derivar de la eventual denegaci\u00f3n posterior de la otra licencia. La asunci\u00f3n plena de responsabilidad deber\u00e1 efectuarse en instrumento p\u00fablico notarial o ante el Secretario del Ayuntamiento.<\/p>\n<p>[\/et_pb_text][\/et_pb_column][et_pb_column type=\u00bb1_2&#8243; _builder_version=\u00bb4.16&#8243; border_width_bottom=\u00bb1px\u00bb border_color_bottom=\u00bb#b09239&#8243; global_colors_info=\u00bb{}\u00bb][et_pb_text admin_label=\u00bbTinc llic\u00e8ncia d&#8217;obertura d&#8217;un bar, em d\u00f3na dret a traure cadires\u00bb _builder_version=\u00bb4.16&#8243; custom_padding=\u00bb||25px||false|false\u00bb global_colors_info=\u00bb{}\u00bb]<\/p>\n<h3>Tengo licencia de apertura de un bar, \u00bfme da derecho a sacar sillas y mesas a la v\u00eda p\u00fablica cuando llegue el buen tiempo?<\/h3>\n<p><\/p>\n<p>No, deber\u00e1 solicitar al Ayuntamiento la ocupaci\u00f3n de v\u00eda p\u00fablica y satisfacer la tasa correspondiente.<\/p>\n<p><\/p>\n<h3>Si deseo abrir una actividad de temporada que s\u00f3lo funcione en verano, \u00bfpagar\u00e9 lo mismo que una actividad permanente?<\/h3>\n<p><\/p>\n<p>No, de acuerdo con la Ordenanza Municipal abonar\u00e1 el 50%.<\/p>\n<p><\/p>\n<h3>He presentado la solicitud de licencia o comunicaci\u00f3n ambiental y he satisfecho la tasa correspondiente. \u00bf puedo empezar a ejercer la actividad?<\/h3>\n<p><\/p>\n<p>No, s\u00f3lo podr\u00e1 funcionar a partir de que se haya dictado Resoluci\u00f3n autorizando el inicio de la actividad y la licencia de apertura. La regulaci\u00f3n de esta materia se recoge en los arts. 63 y 64 de la Ley 2\/2006, en los cuales se recoge adem\u00e1s el r\u00e9gimen del silencio fijando que las licencias de apertura o las autorizaciones de inicio de la actividad se entender\u00e1n otorgadas por silencio administrativo en el plazo contado desde su solicitud, de un mes para las que previamente se haya concedido la licencia ambiental y en el de dos meses para las que previamente se les haya otorgado la autorizaci\u00f3n ambiental.<\/p>\n<p><\/p>\n<h3>Tengo un negocio y me quiero cambiar de local. \u00bfMe vale la misma licencia?<\/h3>\n<p><\/p>\n<p>No, deber\u00e1 solicitar nueva licencia, pues la licencia de actividad se concede a un emplazamiento concreto con unas condiciones de seguridad e higiene espec\u00edficas.<\/p>\n<p>[\/et_pb_text][\/et_pb_column][\/et_pb_row][et_pb_row column_structure=\u00bb1_2,1_2&#8243; make_equal=\u00bbon\u00bb admin_label=\u00bbSolo un modulo por fila\u00bb _builder_version=\u00bb4.16&#8243; custom_padding=\u00bb0px||||false|false\u00bb global_colors_info=\u00bb{}\u00bb][et_pb_column type=\u00bb1_2&#8243; _builder_version=\u00bb4.16&#8243; border_width_bottom=\u00bb1px\u00bb border_color_bottom=\u00bb#b09239&#8243; global_colors_info=\u00bb{}\u00bb][et_pb_text admin_label=\u00bbHe presentat la sol\u00b7licitud de llic\u00e8ncia d&#8217;obertura i he satisfet la taxa corresponent\u00bb _builder_version=\u00bb4.16&#8243; custom_padding=\u00bb||25px||false|false\u00bb global_colors_info=\u00bb{}\u00bb]<\/p>\n<h3>He presentado la solicitud de licencia de apertura y he satisfecho la tasa correspondiente. \u00bfPuedo empezar a ejercer la actividad?<\/h3>\n<p><\/p>\n<p>No, s\u00f3lo podr\u00e1 funcionar a partir de que se haya otorgado la licencia de actividad, en el caso de las inocuas, y el acta de comprobaci\u00f3n favorable en el caso de las calificadas.<\/p>\n<p><\/p>\n<h3>\u00bfUn garaje de uso privado requiere licencia de actividad?<\/h3>\n<p><\/p>\n<p>De conformidad a lo dispuesto en el art. 28.2 de la LOFCE en los supuestos de edificios cuyo uso principal sea el de vivienda y que complementariamente incluya garajes y siempre y cuando estos est\u00e9n vinculados exclusivamente en sus respectivas viviendas o sirvan a los propietarios o arrendatarios de \u00e9stas o de los locales del propio edificio, la licencia municipal de edificaci\u00f3n llevar\u00e1 impl\u00edcita la concesi\u00f3n de la licencia de actividad de los garajes.<\/p>\n<p><\/p>\n<h3>Quiero montar una actividad \u00bfc\u00f3mo puedo saber si en el lugar elegido esta permitido?<\/h3>\n<p><\/p>\n<p>La tramitaci\u00f3n de una licencia ambiental o de una comunicaci\u00f3n ambiental tiene como primer paso, con car\u00e1cter previo al pago de la tasa y presentaci\u00f3n de la documentaci\u00f3n contemplada en el impreso municipal, la solicitud de un certificado de compatibilidad urban\u00edstica, cuyo objeto, precisamente es determinar la posibilidad de tramitar la licencia o no seg\u00fan las determinaciones del planeamiento municipal.<\/p>\n<p>[\/et_pb_text][\/et_pb_column][et_pb_column type=\u00bb1_2&#8243; _builder_version=\u00bb4.16&#8243; border_width_bottom=\u00bb1px\u00bb border_color_bottom=\u00bb#b09239&#8243; global_colors_info=\u00bb{}\u00bb][et_pb_text admin_label=\u00bbTinc una llic\u00e8ncia d&#8217;activitat al meu nom com a persona f\u00edsica\u00bb _builder_version=\u00bb4.16&#8243; custom_padding=\u00bb||25px||false|false\u00bb global_colors_info=\u00bb{}\u00bb]<\/p>\n<h3>Tengo una licencia de actividad a mi nombre como persona fisica, pero he constituido una sociedad \u00bfme sirve la licencia?<\/h3>\n<p><\/p>\n<p>La constituci\u00f3n de una sociedad hace necesario la transmisi\u00f3n de la licencia a la misma, en cuanto el titular de la actividad var\u00eda. Ahora bien la transmisi\u00f3n de la instalaci\u00f3n o actividad no exigir\u00e1 nueva solicitud de autorizaci\u00f3n ambiental integrada, licencia ambiental o comunicaci\u00f3n ambiental, sino que \u00fanicamente el nuevo titular est\u00e1 obligado a comunicar al Ayuntamiento la transmisi\u00f3n. Dicha comunicaci\u00f3n se realizar\u00e1 por escrito en el plazo de un mes desde que se hubiera formalizado el cambio de titularidad. De no llevarse a cabo la comunicaci\u00f3n el antiguo y nuevo titular quedan sujetos de forma solidaria a todas las responsabilidades y obligaciones derivadas de la autorizaci\u00f3n ambiental o la licencia ambiental.<\/p>\n<p><\/p>\n<h3>Me molesta el funcionamiento de una actividad. \u00bfQu\u00e9 puedo hacer?<\/h3>\n<p><\/p>\n<p>Deber\u00e1 presentar instancia general en el Registro de la Corporaci\u00f3n solicitando inspecci\u00f3n t\u00e9cnica municipal.<\/p>\n<p>[\/et_pb_text][\/et_pb_column][\/et_pb_row][\/et_pb_section]<\/p>\n","protected":false},"excerpt":{"rendered":"<p>\u00c1reas y servicios | URBANISMO y MEDIO AMBIENTEPlaneamiento y Gesti\u00f3nTramitaci\u00f3n de licencias de obras, parcelaci\u00f3n, licencias de ocupaci\u00f3n de inmuebles; emisi\u00f3n de informes urban\u00edsticos, realizaci\u00f3n de copias de planos; tramitaci\u00f3n de expedientes de disciplina urban\u00edstica; atenci\u00f3n a quejas varias relacionadas con deficiencias urban\u00edsticas; realizaci\u00f3n de proyectos, memorias valoradas e instrumentos de planeamiento y gesti\u00f3n urban\u00edstica. Tramitaci\u00f3n de licencias y autorizaciones ambientales de locales sujetos a la normativa de espect\u00e1culos p\u00fablicos y actividades recreativas, as\u00ed como el cambio de titularidad de las mismas.Informaci\u00f3n de Inter\u00e9s:Ubicaci\u00f3n\u200b: 2\u00aa planta del edificio del Ayuntamiento, Pl. del Jard\u00ed, 7 Horario de atenci\u00f3n al p\u00fablico: El personal administrativo: lunes, martes, jueves y viernes, de 9.00h a 14.00 h. El mi\u00e9rcoles no habr\u00e1 atenci\u00f3n al p\u00fablico. El personal t\u00e9cnico: martes de 12.00h a 14.00 h. Correo electr\u00f3nico de Urbanismo: urbanismo@albal.esConsultas y dudas:Atenci\u00f3n Municipal de Informaci\u00f3n CiudadanaREGISTROS y SOLICITUDESPlaza del Jard\u00edn, 7. Ayto. de Albal &#8211; Planta baja Tel: 96 126 00 56 \u00b7 Fax: 96 127 08 61 Cita previa Sede electr\u00f3nica Tr\u00e1mites e impresos Preguntas m\u00e1s frecuentes Avisos, convocatorias y tr\u00e1mites activos<style>.et_pb_cpt_loop_archive.tramites-activos-pag:before { content:\"Avisos, convocatorias y tr\u00e1mites activos\";}<\/style>Informaci\u00f3n, tr\u00e1mites e impresosEl Ayuntamiento de Albal est\u00e1 elaborando el PLAN DE MOVILIDAD URBANA SOSTENIBLE del municipio. La participaci\u00f3n ciudadana es esencial para el diagn\u00f3stico [&hellip;]<\/p>\n","protected":false},"author":8,"featured_media":0,"parent":782,"menu_order":0,"comment_status":"closed","ping_status":"closed","template":"","meta":{"_acf_changed":false,"_et_pb_use_builder":"on","_et_pb_old_content":"","_et_gb_content_width":"","footnotes":""},"coauthors":[72],"class_list":["post-660","page","type-page","status-publish","hentry"],"acf":[],"yoast_head":"<!-- This site is optimized with the Yoast SEO plugin v27.4 - https:\/\/yoast.com\/product\/yoast-seo-wordpress\/ -->\n<title>Planeamiento y Gesti\u00f3n - Ajuntament d&#039;Albal<\/title>\n<meta name=\"robots\" content=\"index, follow, max-snippet:-1, max-image-preview:large, max-video-preview:-1\" \/>\n<link rel=\"canonical\" href=\"https:\/\/albal.es\/es\/areas-y-servicios-2\/urbanismo-y-medio-ambiente\/planeamiento-y-gestion\/\" \/>\n<meta property=\"og:locale\" content=\"es_ES\" \/>\n<meta property=\"og:type\" content=\"article\" \/>\n<meta property=\"og:title\" content=\"Planeamiento y Gesti\u00f3n - Ajuntament d&#039;Albal\" \/>\n<meta property=\"og:description\" content=\"\u00c1reas y servicios | URBANISMO y MEDIO AMBIENTEPlaneamiento y Gesti\u00f3nTramitaci\u00f3n de licencias de obras, parcelaci\u00f3n, licencias de ocupaci\u00f3n de inmuebles; emisi\u00f3n de informes urban\u00edsticos, realizaci\u00f3n de copias de planos; tramitaci\u00f3n de expedientes de disciplina urban\u00edstica; atenci\u00f3n a quejas varias relacionadas con deficiencias urban\u00edsticas; realizaci\u00f3n de proyectos, memorias valoradas e instrumentos de planeamiento y gesti\u00f3n urban\u00edstica. Tramitaci\u00f3n de licencias y autorizaciones ambientales de locales sujetos a la normativa de espect\u00e1culos p\u00fablicos y actividades recreativas, as\u00ed como el cambio de titularidad de las mismas.Informaci\u00f3n de Inter\u00e9s:Ubicaci\u00f3n\u200b: 2\u00aa planta del edificio del Ayuntamiento, Pl. del Jard\u00ed, 7 Horario de atenci\u00f3n al p\u00fablico: El personal administrativo: lunes, martes, jueves y viernes, de 9.00h a 14.00 h. El mi\u00e9rcoles no habr\u00e1 atenci\u00f3n al p\u00fablico. El personal t\u00e9cnico: martes de 12.00h a 14.00 h. Correo electr\u00f3nico de Urbanismo: urbanismo@albal.esConsultas y dudas:Atenci\u00f3n Municipal de Informaci\u00f3n CiudadanaREGISTROS y SOLICITUDESPlaza del Jard\u00edn, 7. Ayto. de Albal - Planta baja Tel: 96 126 00 56 \u00b7 Fax: 96 127 08 61 Cita previa Sede electr\u00f3nica Tr\u00e1mites e impresos Preguntas m\u00e1s frecuentes Avisos, convocatorias y tr\u00e1mites activosInformaci\u00f3n, tr\u00e1mites e impresosEl Ayuntamiento de Albal est\u00e1 elaborando el PLAN DE MOVILIDAD URBANA SOSTENIBLE del municipio. La participaci\u00f3n ciudadana es esencial para el diagn\u00f3stico [&hellip;]\" \/>\n<meta property=\"og:site_name\" content=\"Ajuntament d&#039;Albal\" \/>\n<meta property=\"article:publisher\" content=\"https:\/\/facebook.com\/AjuntamentAlbal\/\" \/>\n<meta property=\"article:modified_time\" content=\"2026-03-16T12:14:05+00:00\" \/>\n<meta property=\"og:image\" content=\"https:\/\/albal.es\/content-albal\/uploads\/2019\/12\/logo-amic-2.png\" \/>\n\t<meta property=\"og:image:width\" content=\"135\" \/>\n\t<meta property=\"og:image:height\" content=\"46\" \/>\n\t<meta property=\"og:image:type\" content=\"image\/png\" \/>\n<meta name=\"twitter:card\" content=\"summary_large_image\" \/>\n<meta name=\"twitter:label1\" content=\"Tiempo de lectura\" \/>\n\t<meta name=\"twitter:data1\" content=\"24 minutos\" \/>\n\t<meta name=\"twitter:label2\" content=\"Written by\" \/>\n\t<meta name=\"twitter:data2\" content=\"Josefi Camarena\" \/>\n<script type=\"application\/ld+json\" class=\"yoast-schema-graph\">{\"@context\":\"https:\\\/\\\/schema.org\",\"@graph\":[{\"@type\":\"WebPage\",\"@id\":\"https:\\\/\\\/albal.es\\\/es\\\/areas-y-servicios-2\\\/urbanismo-y-medio-ambiente\\\/planeamiento-y-gestion\\\/\",\"url\":\"https:\\\/\\\/albal.es\\\/es\\\/areas-y-servicios-2\\\/urbanismo-y-medio-ambiente\\\/planeamiento-y-gestion\\\/\",\"name\":\"Planeamiento y Gesti\u00f3n - Ajuntament d&#039;Albal\",\"isPartOf\":{\"@id\":\"https:\\\/\\\/albal.es\\\/es\\\/#website\"},\"primaryImageOfPage\":{\"@id\":\"https:\\\/\\\/albal.es\\\/es\\\/areas-y-servicios-2\\\/urbanismo-y-medio-ambiente\\\/planeamiento-y-gestion\\\/#primaryimage\"},\"image\":{\"@id\":\"https:\\\/\\\/albal.es\\\/es\\\/areas-y-servicios-2\\\/urbanismo-y-medio-ambiente\\\/planeamiento-y-gestion\\\/#primaryimage\"},\"thumbnailUrl\":\"https:\\\/\\\/albal.es\\\/content-albal\\\/uploads\\\/2019\\\/12\\\/logo-amic-2.png\",\"datePublished\":\"2019-12-10T16:02:04+00:00\",\"dateModified\":\"2026-03-16T12:14:05+00:00\",\"breadcrumb\":{\"@id\":\"https:\\\/\\\/albal.es\\\/es\\\/areas-y-servicios-2\\\/urbanismo-y-medio-ambiente\\\/planeamiento-y-gestion\\\/#breadcrumb\"},\"inLanguage\":\"es\",\"potentialAction\":[{\"@type\":\"ReadAction\",\"target\":[\"https:\\\/\\\/albal.es\\\/es\\\/areas-y-servicios-2\\\/urbanismo-y-medio-ambiente\\\/planeamiento-y-gestion\\\/\"]}]},{\"@type\":\"ImageObject\",\"inLanguage\":\"es\",\"@id\":\"https:\\\/\\\/albal.es\\\/es\\\/areas-y-servicios-2\\\/urbanismo-y-medio-ambiente\\\/planeamiento-y-gestion\\\/#primaryimage\",\"url\":\"https:\\\/\\\/albal.es\\\/content-albal\\\/uploads\\\/2019\\\/12\\\/logo-amic-2.png\",\"contentUrl\":\"https:\\\/\\\/albal.es\\\/content-albal\\\/uploads\\\/2019\\\/12\\\/logo-amic-2.png\"},{\"@type\":\"BreadcrumbList\",\"@id\":\"https:\\\/\\\/albal.es\\\/es\\\/areas-y-servicios-2\\\/urbanismo-y-medio-ambiente\\\/planeamiento-y-gestion\\\/#breadcrumb\",\"itemListElement\":[{\"@type\":\"ListItem\",\"position\":1,\"name\":\"Inici\",\"item\":\"https:\\\/\\\/albal.es\\\/es\\\/\"},{\"@type\":\"ListItem\",\"position\":2,\"name\":\"\u00c1reas y Servicios\",\"item\":\"https:\\\/\\\/albal.es\\\/es\\\/areas-y-servicios-2\\\/\"},{\"@type\":\"ListItem\",\"position\":3,\"name\":\"Urbanismo y Medio Ambiente\",\"item\":\"https:\\\/\\\/albal.es\\\/es\\\/areas-y-servicios-2\\\/urbanismo-y-medio-ambiente\\\/\"},{\"@type\":\"ListItem\",\"position\":4,\"name\":\"Planeamiento y Gesti\u00f3n\"}]},{\"@type\":\"WebSite\",\"@id\":\"https:\\\/\\\/albal.es\\\/es\\\/#website\",\"url\":\"https:\\\/\\\/albal.es\\\/es\\\/\",\"name\":\"Ajuntament d&#039;Albal\",\"description\":\"Ajuntament d&#039;Albal\",\"publisher\":{\"@id\":\"https:\\\/\\\/albal.es\\\/es\\\/#organization\"},\"potentialAction\":[{\"@type\":\"SearchAction\",\"target\":{\"@type\":\"EntryPoint\",\"urlTemplate\":\"https:\\\/\\\/albal.es\\\/es\\\/?s={search_term_string}\"},\"query-input\":{\"@type\":\"PropertyValueSpecification\",\"valueRequired\":true,\"valueName\":\"search_term_string\"}}],\"inLanguage\":\"es\"},{\"@type\":\"Organization\",\"@id\":\"https:\\\/\\\/albal.es\\\/es\\\/#organization\",\"name\":\"Ajuntament d'Albal - Valencia\",\"url\":\"https:\\\/\\\/albal.es\\\/es\\\/\",\"logo\":{\"@type\":\"ImageObject\",\"inLanguage\":\"es\",\"@id\":\"https:\\\/\\\/albal.es\\\/es\\\/#\\\/schema\\\/logo\\\/image\\\/\",\"url\":\"https:\\\/\\\/albal.es\\\/content-albal\\\/uploads\\\/2020\\\/06\\\/logo-ayuntamiento-albal.png\",\"contentUrl\":\"https:\\\/\\\/albal.es\\\/content-albal\\\/uploads\\\/2020\\\/06\\\/logo-ayuntamiento-albal.png\",\"width\":367,\"height\":332,\"caption\":\"Ajuntament d'Albal - Valencia\"},\"image\":{\"@id\":\"https:\\\/\\\/albal.es\\\/es\\\/#\\\/schema\\\/logo\\\/image\\\/\"},\"sameAs\":[\"https:\\\/\\\/facebook.com\\\/AjuntamentAlbal\\\/\"]}]}<\/script>\n<!-- \/ Yoast SEO plugin. -->","yoast_head_json":{"title":"Planeamiento y Gesti\u00f3n - Ajuntament d&#039;Albal","robots":{"index":"index","follow":"follow","max-snippet":"max-snippet:-1","max-image-preview":"max-image-preview:large","max-video-preview":"max-video-preview:-1"},"canonical":"https:\/\/albal.es\/es\/areas-y-servicios-2\/urbanismo-y-medio-ambiente\/planeamiento-y-gestion\/","og_locale":"es_ES","og_type":"article","og_title":"Planeamiento y Gesti\u00f3n - Ajuntament d&#039;Albal","og_description":"\u00c1reas y servicios | URBANISMO y MEDIO AMBIENTEPlaneamiento y Gesti\u00f3nTramitaci\u00f3n de licencias de obras, parcelaci\u00f3n, licencias de ocupaci\u00f3n de inmuebles; emisi\u00f3n de informes urban\u00edsticos, realizaci\u00f3n de copias de planos; tramitaci\u00f3n de expedientes de disciplina urban\u00edstica; atenci\u00f3n a quejas varias relacionadas con deficiencias urban\u00edsticas; realizaci\u00f3n de proyectos, memorias valoradas e instrumentos de planeamiento y gesti\u00f3n urban\u00edstica. Tramitaci\u00f3n de licencias y autorizaciones ambientales de locales sujetos a la normativa de espect\u00e1culos p\u00fablicos y actividades recreativas, as\u00ed como el cambio de titularidad de las mismas.Informaci\u00f3n de Inter\u00e9s:Ubicaci\u00f3n\u200b: 2\u00aa planta del edificio del Ayuntamiento, Pl. del Jard\u00ed, 7 Horario de atenci\u00f3n al p\u00fablico: El personal administrativo: lunes, martes, jueves y viernes, de 9.00h a 14.00 h. El mi\u00e9rcoles no habr\u00e1 atenci\u00f3n al p\u00fablico. El personal t\u00e9cnico: martes de 12.00h a 14.00 h. Correo electr\u00f3nico de Urbanismo: urbanismo@albal.esConsultas y dudas:Atenci\u00f3n Municipal de Informaci\u00f3n CiudadanaREGISTROS y SOLICITUDESPlaza del Jard\u00edn, 7. Ayto. de Albal - Planta baja Tel: 96 126 00 56 \u00b7 Fax: 96 127 08 61 Cita previa Sede electr\u00f3nica Tr\u00e1mites e impresos Preguntas m\u00e1s frecuentes Avisos, convocatorias y tr\u00e1mites activosInformaci\u00f3n, tr\u00e1mites e impresosEl Ayuntamiento de Albal est\u00e1 elaborando el PLAN DE MOVILIDAD URBANA SOSTENIBLE del municipio. La participaci\u00f3n ciudadana es esencial para el diagn\u00f3stico [&hellip;]","og_site_name":"Ajuntament d&#039;Albal","article_publisher":"https:\/\/facebook.com\/AjuntamentAlbal\/","article_modified_time":"2026-03-16T12:14:05+00:00","og_image":[{"width":135,"height":46,"url":"https:\/\/albal.es\/content-albal\/uploads\/2019\/12\/logo-amic-2.png","type":"image\/png"}],"twitter_card":"summary_large_image","twitter_misc":{"Tiempo de lectura":"24 minutos","Written by":"Josefi Camarena"},"schema":{"@context":"https:\/\/schema.org","@graph":[{"@type":"WebPage","@id":"https:\/\/albal.es\/es\/areas-y-servicios-2\/urbanismo-y-medio-ambiente\/planeamiento-y-gestion\/","url":"https:\/\/albal.es\/es\/areas-y-servicios-2\/urbanismo-y-medio-ambiente\/planeamiento-y-gestion\/","name":"Planeamiento y Gesti\u00f3n - Ajuntament d&#039;Albal","isPartOf":{"@id":"https:\/\/albal.es\/es\/#website"},"primaryImageOfPage":{"@id":"https:\/\/albal.es\/es\/areas-y-servicios-2\/urbanismo-y-medio-ambiente\/planeamiento-y-gestion\/#primaryimage"},"image":{"@id":"https:\/\/albal.es\/es\/areas-y-servicios-2\/urbanismo-y-medio-ambiente\/planeamiento-y-gestion\/#primaryimage"},"thumbnailUrl":"https:\/\/albal.es\/content-albal\/uploads\/2019\/12\/logo-amic-2.png","datePublished":"2019-12-10T16:02:04+00:00","dateModified":"2026-03-16T12:14:05+00:00","breadcrumb":{"@id":"https:\/\/albal.es\/es\/areas-y-servicios-2\/urbanismo-y-medio-ambiente\/planeamiento-y-gestion\/#breadcrumb"},"inLanguage":"es","potentialAction":[{"@type":"ReadAction","target":["https:\/\/albal.es\/es\/areas-y-servicios-2\/urbanismo-y-medio-ambiente\/planeamiento-y-gestion\/"]}]},{"@type":"ImageObject","inLanguage":"es","@id":"https:\/\/albal.es\/es\/areas-y-servicios-2\/urbanismo-y-medio-ambiente\/planeamiento-y-gestion\/#primaryimage","url":"https:\/\/albal.es\/content-albal\/uploads\/2019\/12\/logo-amic-2.png","contentUrl":"https:\/\/albal.es\/content-albal\/uploads\/2019\/12\/logo-amic-2.png"},{"@type":"BreadcrumbList","@id":"https:\/\/albal.es\/es\/areas-y-servicios-2\/urbanismo-y-medio-ambiente\/planeamiento-y-gestion\/#breadcrumb","itemListElement":[{"@type":"ListItem","position":1,"name":"Inici","item":"https:\/\/albal.es\/es\/"},{"@type":"ListItem","position":2,"name":"\u00c1reas y Servicios","item":"https:\/\/albal.es\/es\/areas-y-servicios-2\/"},{"@type":"ListItem","position":3,"name":"Urbanismo y Medio Ambiente","item":"https:\/\/albal.es\/es\/areas-y-servicios-2\/urbanismo-y-medio-ambiente\/"},{"@type":"ListItem","position":4,"name":"Planeamiento y Gesti\u00f3n"}]},{"@type":"WebSite","@id":"https:\/\/albal.es\/es\/#website","url":"https:\/\/albal.es\/es\/","name":"Ajuntament d&#039;Albal","description":"Ajuntament d&#039;Albal","publisher":{"@id":"https:\/\/albal.es\/es\/#organization"},"potentialAction":[{"@type":"SearchAction","target":{"@type":"EntryPoint","urlTemplate":"https:\/\/albal.es\/es\/?s={search_term_string}"},"query-input":{"@type":"PropertyValueSpecification","valueRequired":true,"valueName":"search_term_string"}}],"inLanguage":"es"},{"@type":"Organization","@id":"https:\/\/albal.es\/es\/#organization","name":"Ajuntament d'Albal - Valencia","url":"https:\/\/albal.es\/es\/","logo":{"@type":"ImageObject","inLanguage":"es","@id":"https:\/\/albal.es\/es\/#\/schema\/logo\/image\/","url":"https:\/\/albal.es\/content-albal\/uploads\/2020\/06\/logo-ayuntamiento-albal.png","contentUrl":"https:\/\/albal.es\/content-albal\/uploads\/2020\/06\/logo-ayuntamiento-albal.png","width":367,"height":332,"caption":"Ajuntament d'Albal - Valencia"},"image":{"@id":"https:\/\/albal.es\/es\/#\/schema\/logo\/image\/"},"sameAs":["https:\/\/facebook.com\/AjuntamentAlbal\/"]}]}},"publishpress_future_workflow_manual_trigger":{"enabledWorkflows":[]},"_links":{"self":[{"href":"https:\/\/albal.es\/es\/wp-json\/wp\/v2\/pages\/660","targetHints":{"allow":["GET"]}}],"collection":[{"href":"https:\/\/albal.es\/es\/wp-json\/wp\/v2\/pages"}],"about":[{"href":"https:\/\/albal.es\/es\/wp-json\/wp\/v2\/types\/page"}],"author":[{"embeddable":true,"href":"https:\/\/albal.es\/es\/wp-json\/wp\/v2\/users\/8"}],"replies":[{"embeddable":true,"href":"https:\/\/albal.es\/es\/wp-json\/wp\/v2\/comments?post=660"}],"version-history":[{"count":0,"href":"https:\/\/albal.es\/es\/wp-json\/wp\/v2\/pages\/660\/revisions"}],"up":[{"embeddable":true,"href":"https:\/\/albal.es\/es\/wp-json\/wp\/v2\/pages\/782"}],"wp:attachment":[{"href":"https:\/\/albal.es\/es\/wp-json\/wp\/v2\/media?parent=660"}],"wp:term":[{"taxonomy":"author","embeddable":true,"href":"https:\/\/albal.es\/es\/wp-json\/wp\/v2\/coauthors?post=660"}],"curies":[{"name":"wp","href":"https:\/\/api.w.org\/{rel}","templated":true}]}}