

{"id":644,"date":"2019-12-10T16:46:20","date_gmt":"2019-12-10T15:46:20","guid":{"rendered":"https:\/\/albal.es\/?page_id=644"},"modified":"2025-05-06T12:21:18","modified_gmt":"2025-05-06T10:21:18","slug":"impuesto-sobre-vehiculos-de-traccion-mecanica","status":"publish","type":"page","link":"https:\/\/albal.es\/es\/areas-y-servicios-2\/servicios-economicos\/gestion-tributaria\/impuesto-sobre-vehiculos-de-traccion-mecanica\/","title":{"rendered":"Impuesto sobre Veh\u00edculos de Tracci\u00f3n Mec\u00e1nica"},"content":{"rendered":"<p>[et_pb_section fb_built=\u00bb1&#8243; custom_padding_last_edited=\u00bbon|phone\u00bb admin_label=\u00bbcontent-cab-area\u00bb module_class=\u00bbcontent-cab-area\u00bb _builder_version=\u00bb4.16&#8243; background_color=\u00bb#fafafa\u00bb custom_padding=\u00bb15px||25px||false|false\u00bb custom_padding_tablet=\u00bb\u00bb custom_padding_phone=\u00bb||0px||false|false\u00bb collapsed=\u00bboff\u00bb global_colors_info=\u00bb{}\u00bb][et_pb_row disabled_on=\u00bbon|off|off\u00bb admin_label=\u00bbDesabilitado en moviles (Content migas pan)\u00bb _builder_version=\u00bb4.16&#8243; custom_padding=\u00bb0px||0px||false|false\u00bb locked=\u00bbon\u00bb collapsed=\u00bbon\u00bb global_colors_info=\u00bb{}\u00bb][et_pb_column type=\u00bb4_4&#8243; _builder_version=\u00bb4.16&#8243; global_colors_info=\u00bb{}\u00bb][et_pb_dmb_breadcrumbs admin_label=\u00bbMigas pan\u00bb font_icon=\u00bb%%20%%\u00bb use_home_icon=\u00bboff\u00bb use_home_text=\u00bbon\u00bb home_text=\u00bbInici\u00bb _builder_version=\u00bb4.16&#8243; global_colors_info=\u00bb{}\u00bb][\/et_pb_dmb_breadcrumbs][\/et_pb_column][\/et_pb_row][et_pb_row column_structure=\u00bb1_3,1_3,1_3&#8243; use_custom_gutter=\u00bbon\u00bb make_equal=\u00bbon\u00bb custom_padding_last_edited=\u00bbon|phone\u00bb admin_label=\u00bbcab-area\u00bb module_class=\u00bbcab-area\u00bb _builder_version=\u00bb4.16&#8243; background_enable_image=\u00bboff\u00bb background_size=\u00bbinitial\u00bb background_position=\u00bbcenter_left\u00bb custom_padding=\u00bb25px||0px||false|false\u00bb custom_padding_tablet=\u00bb\u00bb custom_padding_phone=\u00bb15px||||false|false\u00bb border_width_left_tablet=\u00bb\u00bb border_width_left_phone=\u00bb0px\u00bb border_width_left_last_edited=\u00bbon|desktop\u00bb locked=\u00bboff\u00bb global_colors_info=\u00bb{}\u00bb][et_pb_column type=\u00bb1_3&#8243; module_class=\u00bbcontent-tit-area\u00bb _builder_version=\u00bb4.16&#8243; global_colors_info=\u00bb{}\u00bb][et_pb_text admin_label=\u00bbH4, H1&#8243; module_class=\u00bbtit-area\u00bb _builder_version=\u00bb4.16&#8243; custom_margin=\u00bb||20px||false|false\u00bb locked=\u00bbon\u00bb global_colors_info=\u00bb{}\u00bb]<\/p>\n<h4>\u00c1reas y servicios | SERVICIOS ECON\u00d3MICOS<\/h4>\n<h1>I.V.T.M.<\/h1>\n<h3>(Impuesto sobre Veh\u00edculos de Tracci\u00f3n Mec\u00e1nica)<\/h3>\n<p>&nbsp;<br \/>\n[\/et_pb_text][et_pb_text admin_label=\u00bbIntro\u00bb module_class=\u00bbtit-area\u00bb _builder_version=\u00bb4.16&#8243; global_colors_info=\u00bb{}\u00bb][\/et_pb_text][\/et_pb_column][et_pb_column type=\u00bb1_3&#8243; module_class=\u00bbcontent-info-interes\u00bb disabled_on=\u00bbon|off|off\u00bb _builder_version=\u00bb4.16&#8243; custom_padding=\u00bb|||30px|false|false\u00bb custom_padding_tablet=\u00bb\u00bb custom_padding_phone=\u00bb|0px||0px|false|false\u00bb custom_padding_last_edited=\u00bbon|desktop\u00bb border_width_left=\u00bb1px\u00bb border_color_left=\u00bb#cccccc\u00bb border_radii_tablet=\u00bb\u00bb border_radii_phone=\u00bb\u00bb border_radii_last_edited=\u00bbon|phone\u00bb border_width_left_tablet=\u00bb\u00bb border_width_left_phone=\u00bb\u00bb border_width_left_last_edited=\u00bbon|phone\u00bb global_colors_info=\u00bb{}\u00bb][et_pb_text admin_label=\u00bbInformacio d&#8217;interes\u00bb module_class=\u00bbtit-info-interes-cab\u00bb _builder_version=\u00bb4.16&#8243; locked=\u00bbon\u00bb global_colors_info=\u00bb{}\u00bb]Informaci\u00f3n de inter\u00e9s:<br \/>\n[\/et_pb_text][et_pb_text admin_label=\u00bbinformacio\u00bb _builder_version=\u00bb4.16&#8243; global_colors_info=\u00bb{}\u00bb]Correo electr\u00f3nico de Gesti\u00f3n Tributaria: <em>tributaria@albal.es<\/em><br \/>\n[\/et_pb_text][et_pb_cta button_url=\u00bbhttps:\/\/albal.es\/es\/contacto-albal\/\u00bb button_text=\u00bbContacto\u00bb admin_label=\u00bbBoton contacto\u00bb module_class=\u00bbboton-consultas-cab\u00bb _builder_version=\u00bb4.16&#8243; background_enable_color=\u00bboff\u00bb text_orientation=\u00bbleft\u00bb background_layout=\u00bblight\u00bb custom_padding=\u00bb0px|0px|0px|0px|true|true\u00bb locked=\u00bbon\u00bb global_colors_info=\u00bb{}\u00bb]<\/p>\n<h3>Consultas y dudas:<\/h3>\n<p>[\/et_pb_cta][\/et_pb_column][et_pb_column type=\u00bb1_3&#8243; module_class=\u00bbcontent-info-interes-dos\u00bb disabled_on=\u00bbon|off|off\u00bb _builder_version=\u00bb4.16&#8243; custom_padding=\u00bb|||30px|false|false\u00bb custom_padding_tablet=\u00bb|||0px|false|false\u00bb custom_padding_phone=\u00bb|0px||0px|false|false\u00bb custom_padding_last_edited=\u00bbon|desktop\u00bb border_width_left=\u00bb1px\u00bb border_color_left=\u00bb#cccccc\u00bb border_width_left_tablet=\u00bb\u00bb border_width_left_phone=\u00bb\u00bb border_width_left_last_edited=\u00bbon|desktop\u00bb global_colors_info=\u00bb{}\u00bb][et_pb_text disabled_on=\u00bboff|off|off\u00bb admin_label=\u00bbAmic\u00bb module_class=\u00bbamic-cita\u00bb _builder_version=\u00bb4.16&#8243; header_4_font=\u00bb||||||||\u00bb header_4_text_color=\u00bb#c40038&#8243; custom_margin=\u00bb||0px||false|false\u00bb custom_padding=\u00bb||15px||false|false\u00bb saved_tabs=\u00bball\u00bb locked=\u00bbon\u00bb global_colors_info=\u00bb{}\u00bb]<\/p>\n<h3><img decoding=\"async\" class=\"wp-image-464 alignnone size-full lazyload\" data-src=\"https:\/\/albal.es\/content-albal\/uploads\/2019\/12\/logo-amic-2.png\" alt=\"\" width=\"135\" height=\"46\" src=\"data:image\/svg+xml;base64,PHN2ZyB3aWR0aD0iMSIgaGVpZ2h0PSIxIiB4bWxucz0iaHR0cDovL3d3dy53My5vcmcvMjAwMC9zdmciPjwvc3ZnPg==\" style=\"--smush-placeholder-width: 135px; --smush-placeholder-aspect-ratio: 135\/46;\" \/><\/h3>\n<h3>Atenci\u00f3n Municipal de Informaci\u00f3n Ciudadana<\/h3>\n<h4>REGISTROS Y SOLICITUDES<\/h4>\n<p>Plaza del Jard\u00edn, 7. Ayto. de Albal &#8211;\u00a0<strong>Planta baja<\/strong><br \/>\nTel:\u00a0<strong>96 126 00 56<\/strong>\u00a0\u00b7 Fax: 96 127 08 61<\/p>\n<p><a class=\"bot-cita-previa\" href=\"https:\/\/citaprevia.albal.es:10090\/\" target=\"_blank\" rel=\"noopener noreferrer\">Cita previa<\/a><br \/>\n<a class=\"bot-seu-electronica\" href=\"https:\/\/albal.sede.dival.es\/\" target=\"_blank\" rel=\"noopener noreferrer\">Sede electr\u00f3nica<\/a><br \/>\n[\/et_pb_text][\/et_pb_column][\/et_pb_row][\/et_pb_section][et_pb_section fb_built=\u00bb1&#8243; admin_label=\u00bb(ancla) #tramites\u00bb module_id=\u00bbtramites\u00bb _builder_version=\u00bb4.16&#8243; background_color=\u00bb#e2e1de\u00bb custom_padding=\u00bb50px||||false|false\u00bb global_colors_info=\u00bb{}\u00bb][et_pb_row admin_label=\u00bb.content-avisos\u00bb module_class=\u00bbcontent-avisos\u00bb _builder_version=\u00bb4.16&#8243; custom_padding=\u00bb0px||||false|false\u00bb locked=\u00bbon\u00bb collapsed=\u00bboff\u00bb global_colors_info=\u00bb{}\u00bb][et_pb_column type=\u00bb4_4&#8243; _builder_version=\u00bb4.16&#8243; global_colors_info=\u00bb{}\u00bb][et_pb_text admin_label=\u00bbTitulo \u00abAvisos, convocat\u00f2ries i tr\u00e0mits actius\u00bb\u00bb _builder_version=\u00bb4.16&#8243; _module_preset=\u00bbdefault\u00bb global_colors_info=\u00bb{}\u00bb]<\/p>\n<h2>Avisos, convocatorias y tr\u00e1mites activos<\/h2>\n<p>[\/et_pb_text][et_pb_cpt_loop_archive loop_layout=\u00bb4914&#8243; fullwidth=\u00bboff\u00bb columns=\u00bb2&#8243; show_pagination=\u00bboff\u00bb new_query=\u00bbon\u00bb post_type=\u00bbtramitambdata\u00bb posts_number=\u00bb999&#8243; include_meta=\u00bbpagina_de_destinacio_data\u00bb include_meta_terms=\u00bb637&#8243; hide_if_no_data=\u00bbon\u00bb order=\u00bbasc\u00bb admin_label=\u00bbAvisos, convocat\u00f2ries i tr\u00e0mits actius\u00bb module_class=\u00bbtramites-fecha tramites-activos-pag\u00bb _builder_version=\u00bb4.16&#8243; headings_text_color=\u00bb#000000&#8243; headings_font_size=\u00bb36px\u00bb custom_padding=\u00bb20px|20px|20px|20px|true|true\u00bb border_radii=\u00bbon|8px|8px|8px|8px\u00bb locked=\u00bboff\u00bb global_colors_info=\u00bb{}\u00bb][\/et_pb_cpt_loop_archive][et_pb_code module_class=\u00bbcontent-mostrar-avisos\u00bb _builder_version=\u00bb4.16&#8243; _module_preset=\u00bbdefault\u00bb locked=\u00bboff\u00bb global_colors_info=\u00bb{}\u00bb]<style>.et_pb_cpt_loop_archive.tramites-activos-pag:before { content:\"Avisos, convocatorias y tr\u00e1mites activos\";}<\/style>[\/et_pb_code][\/et_pb_column][\/et_pb_row][et_pb_row _builder_version=\u00bb4.16&#8243; custom_padding=\u00bb0px||||false|false\u00bb locked=\u00bboff\u00bb global_colors_info=\u00bb{}\u00bb][et_pb_column type=\u00bb4_4&#8243; _builder_version=\u00bb4.16&#8243; global_colors_info=\u00bb{}\u00bb][et_pb_text admin_label=\u00bbTitulo Informacio, tr\u00e0mits i impresos\u00bb module_class=\u00bbtit-seccion\u00bb _builder_version=\u00bb4.16&#8243; locked=\u00bboff\u00bb global_colors_info=\u00bb{}\u00bb]<\/p>\n<h2><img decoding=\"async\" class=\"size-medium alignleft lazyload\" data-src=\"https:\/\/albal.es\/img\/iconos\/impreso-lapiz-45x45.svg\" alt=\"\" width=\"45\" height=\"45\" src=\"data:image\/svg+xml;base64,PHN2ZyB3aWR0aD0iMSIgaGVpZ2h0PSIxIiB4bWxucz0iaHR0cDovL3d3dy53My5vcmcvMjAwMC9zdmciPjwvc3ZnPg==\" style=\"--smush-placeholder-width: 45px; --smush-placeholder-aspect-ratio: 45\/45;\" \/>Informaci\u00f3n, tr\u00e1mites e impresos<\/h2>\n<p>[\/et_pb_text][\/et_pb_column][\/et_pb_row][et_pb_row column_structure=\u00bb3_5,2_5&#8243; _builder_version=\u00bb4.16&#8243; custom_padding=\u00bb0px||||false|false\u00bb locked=\u00bboff\u00bb global_colors_info=\u00bb{}\u00bb][et_pb_column type=\u00bb3_5&#8243; _builder_version=\u00bb4.16&#8243; global_colors_info=\u00bb{}\u00bb][et_pb_accordion use_icon_font_size=\u00bbon\u00bb icon_font_size=\u00bb21px\u00bb admin_label=\u00bbTramites (acordeon desplegables)\u00bb _builder_version=\u00bb4.27.4&#8243; hover_enabled=\u00bb0&#8243; global_colors_info=\u00bb{}\u00bb sticky_enabled=\u00bb0&#8243;][\/et_pb_accordion][et_pb_text admin_label=\u00bbGeneralitats\u00bb _builder_version=\u00bb4.16&#8243; custom_padding=\u00bb||25px||false|false\u00bb global_colors_info=\u00bb{}\u00bb]<\/p>\n<h3>Generalidades<\/h3>\n<p>El IVTM grava la titularidad de los veh\u00edculos de tracci\u00f3n mec\u00e1nica aptos para circular por las v\u00edas publicas, cualesquiera que sean su clase y categor\u00eda.<br \/>\nA estos efectos se consideran veh\u00edculos aptos para circular los veh\u00edculos matriculados en la Jefatura Provincial de Tr\u00e1fico correspondiente, mientras no hayan causado baja en dicho registro.<\/p>\n<p>La tributaci\u00f3n de cada veh\u00edculo se establece en funci\u00f3n de las caracter\u00edsticas del veh\u00edculo (tipo, potencia fiscal, carga \u00fatil, etc.), en el cuadro de tarifas que el Ayuntamiento de Albal tiene aprobado en su Ordenanza fiscal es el que se muestra en la secci\u00f3n \u00abTarifa\u00bb.<\/p>\n<ul>\n<li>El devengo del IVTM se produce el 1 de enero de cada a\u00f1o, salvo en el caso de primera adquisici\u00f3n de veh\u00edculos, en cuyo caso el periodo impositivo comenzar\u00e1 el d\u00eda en que se produzca dicha adquisici\u00f3n.<\/li>\n<li>En los supuestos de primera adquisici\u00f3n o baja del veh\u00edculo (baja definitiva o baja temporal por sustracci\u00f3n o robo del veh\u00edculo) tramitada ante la Jefatura Provincial de Tr\u00e1fico de Valencia, el importe de la cuota del impuesto se prorratear\u00e1 por trimestres naturales.<\/li>\n<\/ul>\n<p>Si la baja del veh\u00edculo se tramita con posterioridad al devengo del impuesto el sujeto pasivo deber\u00e1 pagar la totalidad de la cuota del recibo, procediendo a solicitar la devoluci\u00f3n de los trimestres en los que el veh\u00edculo figuraba ya de baja.<\/p>\n<p>El IVTM se gestiona por el Ayuntamiento a partir del censo anual elaborado por la Jefatura Provincial de Tr\u00e1fico de Valencia, consecuentemente:<\/p>\n<p>La gesti\u00f3n censal (cambio domicilios fiscales, tramitaci\u00f3n de altas y bajas de veh\u00edculos, etc.) corresponde a la Jefatura Provincial de Tr\u00e1fico de la provincia de Valencia, con domicilio en C\/. Mora de Rubielos n\u00ba 2, tel\u00e9fonos 963417986 \/ 963172000.<\/p>\n<p>La gesti\u00f3n tributaria (concesi\u00f3n de beneficios fiscales, devoluci\u00f3n de recibos, etc.) compete al Ayuntamiento del municipio que conste en el permiso de circulaci\u00f3n del veh\u00edculo.<br \/>\n[\/et_pb_text][et_pb_text admin_label=\u00bbGeneralitats\u00bb _builder_version=\u00bb4.16&#8243; custom_padding=\u00bb||25px||false|false\u00bb global_colors_info=\u00bb{}\u00bb]<\/p>\n<h3 style=\"text-align: center;\">PERIODO DE COBRO DEL A\u00d1O 2022<\/h3>\n<ul>\n<li>El periodo de cobro voluntario del a\u00f1o 2022 comprende desde el d\u00eda 19 de julio de 2022 hasta el d\u00eda 19 de septiembre de 2022.<\/li>\n<li>Los recibos domiciliados ser\u00e1n cargados el d\u00eda 8 de agosto de 2022.<\/li>\n<\/ul>\n<p>[\/et_pb_text][et_pb_text admin_label=\u00bbTarifa\u00bb _builder_version=\u00bb4.16&#8243; custom_padding=\u00bb||25px||false|false\u00bb global_colors_info=\u00bb{}\u00bb]<\/p>\n<h3 style=\"text-align: center;\">Tarifa<\/h3>\n<p><img decoding=\"async\" class=\"wp-image-2122 aligncenter size-full lazyload\" data-src=\"https:\/\/albal.es\/content-albal\/uploads\/2019\/12\/tarifa.jpg\" alt=\"\" width=\"388\" height=\"499\" data-srcset=\"https:\/\/albal.es\/content-albal\/uploads\/2019\/12\/tarifa.jpg 388w, https:\/\/albal.es\/content-albal\/uploads\/2019\/12\/tarifa-233x300.jpg 233w, https:\/\/albal.es\/content-albal\/uploads\/2019\/12\/tarifa-150x193.jpg 150w, https:\/\/albal.es\/content-albal\/uploads\/2019\/12\/tarifa-250x322.jpg 250w, https:\/\/albal.es\/content-albal\/uploads\/2019\/12\/tarifa-350x450.jpg 350w\" data-sizes=\"(max-width: 388px) 100vw, 388px\" src=\"data:image\/svg+xml;base64,PHN2ZyB3aWR0aD0iMSIgaGVpZ2h0PSIxIiB4bWxucz0iaHR0cDovL3d3dy53My5vcmcvMjAwMC9zdmciPjwvc3ZnPg==\" style=\"--smush-placeholder-width: 388px; --smush-placeholder-aspect-ratio: 388\/499;\" \/><br \/>\n[\/et_pb_text][\/et_pb_column][et_pb_column type=\u00bb2_5&#8243; module_class=\u00bbcontent-impresos\u00bb _builder_version=\u00bb4.16&#8243; global_colors_info=\u00bb{}\u00bb][et_pb_text admin_label=\u00bbSolicitar domiciliacion bancaria recibo\u00bb module_class=\u00bbcaja-solicitud-lat\u00bb _builder_version=\u00bb4.16&#8243; _module_preset=\u00bbdefault\u00bb background_color=\u00bb#dcb747&#8243; custom_padding=\u00bb25px|30px|25px|30px|true|true\u00bb border_radii=\u00bbon|10px|10px|10px|10px\u00bb border_width_all=\u00bb3px\u00bb locked=\u00bbon\u00bb global_colors_info=\u00bb{}\u00bb]<\/p>\n<h3>Solicitar domiciliaci\u00f3n bancaria de recibo<\/h3>\n<div>\n<p>Rellene todos los campos del formulario y realizaremos la domiciliaci\u00f3n del recibo indicado.<\/p>\n<p><a href=\"https:\/\/albal.es\/es\/areas-y-servicios-2\/servicios-economicos\/gestion-tributaria\/domiciliacion-bancaria-de-recibos\/\">Solicitar<\/a><\/p>\n<\/div>\n<div><\/div>\n<p>[\/et_pb_text][et_pb_text admin_label=\u00bbTitulo \u00abImpresos i enlla\u00e7os a Seu electr\u00f2nica\u00bb\u00bb _builder_version=\u00bb4.16&#8243; _module_preset=\u00bbdefault\u00bb locked=\u00bbon\u00bb global_colors_info=\u00bb{}\u00bb]<\/p>\n<h2>Impresos y enlaces a Sede electr\u00f3nica<\/h2>\n<p>[\/et_pb_text][et_pb_cpt_loop_archive loop_layout=\u00bb6282&#8243; show_pagination=\u00bboff\u00bb new_query=\u00bbon\u00bb post_type=\u00bbimpreso_tramit\u00bb posts_number=\u00bb999&#8243; include_meta=\u00bbpagina_de_destinacio\u00bb include_meta_terms=\u00bb637&#8243; hide_if_no_data=\u00bbon\u00bb order=\u00bbasc\u00bb admin_label=\u00bbImpresos i enlla\u00e7os a Seu Electronica\u00bb module_class=\u00bbcontent-impresos-dinamic\u00bb _builder_version=\u00bb4.16&#8243; headings_font_size=\u00bb36px\u00bb background_color=\u00bb#ffffff\u00bb border_radii=\u00bbon|8px|8px|8px|8px\u00bb border_width_all=\u00bb1px\u00bb border_color_all=\u00bb#cccccc\u00bb locked=\u00bbon\u00bb global_colors_info=\u00bb{}\u00bb][\/et_pb_cpt_loop_archive][et_pb_code module_class=\u00bbcontent-mostrar-impresos\u00bb _builder_version=\u00bb4.16&#8243; _module_preset=\u00bbdefault\u00bb locked=\u00bbon\u00bb global_colors_info=\u00bb{}\u00bb]<style>.et_pb_cpt_loop_archive.content-impresos-dinamic:before { content:\"Impresos y enlaces a Sede electr\u00f3nica\";}\t<\/style>[\/et_pb_code][\/et_pb_column][\/et_pb_row][et_pb_row disabled_on=\u00bboff|on|on\u00bb admin_label=\u00bbCarga solo en MOVIL\u00bb _builder_version=\u00bb4.16&#8243; custom_padding=\u00bb0px||||false|false\u00bb locked=\u00bboff\u00bb global_colors_info=\u00bb{}\u00bb][et_pb_column type=\u00bb4_4&#8243; _builder_version=\u00bb4.16&#8243; global_colors_info=\u00bb{}\u00bb][et_pb_text disabled_on=\u00bboff|off|off\u00bb admin_label=\u00bbAmic\u00bb module_class=\u00bbamic-cita\u00bb _builder_version=\u00bb4.16&#8243; header_4_font=\u00bb||||||||\u00bb header_4_text_color=\u00bb#c40038&#8243; custom_margin=\u00bb||0px||false|false\u00bb custom_padding=\u00bb||15px||false|false\u00bb saved_tabs=\u00bball\u00bb locked=\u00bbon\u00bb global_colors_info=\u00bb{}\u00bb]<\/p>\n<h3><img decoding=\"async\" class=\"wp-image-464 alignnone size-full lazyload\" data-src=\"https:\/\/albal.es\/content-albal\/uploads\/2019\/12\/logo-amic-2.png\" alt=\"\" width=\"135\" height=\"46\" src=\"data:image\/svg+xml;base64,PHN2ZyB3aWR0aD0iMSIgaGVpZ2h0PSIxIiB4bWxucz0iaHR0cDovL3d3dy53My5vcmcvMjAwMC9zdmciPjwvc3ZnPg==\" style=\"--smush-placeholder-width: 135px; --smush-placeholder-aspect-ratio: 135\/46;\" \/><\/h3>\n<h3>Atenci\u00f3n Municipal de Informaci\u00f3n Ciudadana<\/h3>\n<h4>REGISTROS Y SOLICITUDES<\/h4>\n<p>Plaza del Jard\u00edn, 7. Ayto. de Albal &#8211;\u00a0<strong>Planta baja<\/strong><br \/>\nTel:\u00a0<strong>96 126 00 56<\/strong>\u00a0\u00b7 Fax: 96 127 08 61<\/p>\n<p><a class=\"bot-cita-previa\" href=\"https:\/\/citaprevia.albal.es:10090\/\" target=\"_blank\" rel=\"noopener noreferrer\">Cita previa<\/a><br \/>\n<a class=\"bot-seu-electronica\" href=\"https:\/\/albal.sede.dival.es\/\" target=\"_blank\" rel=\"noopener noreferrer\">Sede electr\u00f3nica<\/a><br \/>\n[\/et_pb_text][\/et_pb_column][\/et_pb_row][et_pb_row column_structure=\u00bb1_2,1_2&#8243; make_equal=\u00bbon\u00bb admin_label=\u00bbSolo un modulo por fila\u00bb _builder_version=\u00bb4.16&#8243; custom_padding=\u00bb0px||||false|false\u00bb global_colors_info=\u00bb{}\u00bb][et_pb_column type=\u00bb1_2&#8243; _builder_version=\u00bb4.16&#8243; border_width_bottom=\u00bb1px\u00bb border_color_bottom=\u00bb#cccccc\u00bb global_colors_info=\u00bb{}\u00bb][et_pb_text admin_label=\u00bbBeneficis fiscals\u00bb _builder_version=\u00bb4.16&#8243; custom_padding=\u00bb||25px||false|false\u00bb global_colors_info=\u00bb{}\u00bb]<\/p>\n<h3>Beneficios Fiscales<\/h3>\n<p>En este apartado vamos a informar a los contribuyentes de los beneficios fiscales m\u00e1s habituales en el Impuesto sobre Veh\u00edculos de Tracci\u00f3n Mec\u00e1nica; por lo tanto dado que la casu\u00edstica prevista en las disposiciones legales es muy amplia, si desean informaci\u00f3n sobre la posible existencia de otros supuestos pueden dirigirse al Departamento de Gesti\u00f3n Tributaria del Ayuntamiento, sito en Albal, Pza.del Jard\u00ed n\u00ba 7.<\/p>\n<p>En todos los casos, la solicitud deber\u00e1 tramitarse mediante la presentaci\u00f3n de instancia en el Registro General del Ayuntamiento en la que se indicar\u00e1 el tipo de beneficio que se desea y se adjuntara la documentaci\u00f3n que en cada caso se detalla.<\/p>\n<h4>Exenci\u00f3n de veh\u00edculos de personas con movilidad reducida<\/h4>\n<p>Se concede la exenci\u00f3n de pago del IVTM para:<\/p>\n<p>a) Los veh\u00edculos para personas de movilidad reducida a que se refiere el apartado A del anexo II del Reglamento General de Veh\u00edculos, aprobado por el Real Decreto 2822\/1998, de 23 de diciembre.<br \/>\nb) Asimismo, est\u00e1n exentos los veh\u00edculos matriculados a nombre de minusv\u00e1lidos para su uso exclusivo. Esta exenci\u00f3n se aplicar\u00e1 en tanto se mantengan dichas circunstancias, tanto a los veh\u00edculos conducidos por personas con discapacidad como a los destinados a su transporte.<br \/>\nc) Las exenciones previstas en los dos p\u00e1rrafos anteriores no resultar\u00e1n aplicables a los sujetos pasivos beneficiarios de ellas por m\u00e1s de un veh\u00edculo simult\u00e1neamente.<br \/>\nA efectos de lo dispuesto en este p\u00e1rrafo, se considerar\u00e1n personas con minusval\u00eda quienes tengan esta condici\u00f3n legal en grado igual o superior al 33 %.<\/p>\n<p>En cualquier caso los sujetos pasivos beneficiarios de esta exenci\u00f3n no podr\u00e1n disfrutarla por m\u00e1s de un veh\u00edculo simult\u00e1neamente.<\/p>\n<p>Documentaci\u00f3n necesaria:<\/p>\n<ul>\n<li>Escrito solicitando la bonificaci\u00f3n (ver la secci\u00f3n de \u00abImpresos\u00bb).<\/li>\n<li>Certificaci\u00f3n de la calificaci\u00f3n de minusval\u00eda.<\/li>\n<li>Copia del permiso de circulaci\u00f3n.<\/li>\n<li>Ficha t\u00e9cnica del veh\u00edculo.<\/li>\n<\/ul>\n<p>Efectos: A partir del a\u00f1o siguiente a su solicitud.<br \/>\n[\/et_pb_text][\/et_pb_column][et_pb_column type=\u00bb1_2&#8243; _builder_version=\u00bb4.16&#8243; border_width_bottom=\u00bb1px\u00bb border_color_bottom=\u00bb#cccccc\u00bb global_colors_info=\u00bb{}\u00bb][et_pb_text admin_label=\u00bbBeneficis fiscals 2&#8243; _builder_version=\u00bb4.16&#8243; custom_padding=\u00bb||25px||false|false\u00bb global_colors_info=\u00bb{}\u00bb]<\/p>\n<h4>Exenci\u00f3n IVTM tractores, remolques y semiremolques<\/h4>\n<p>Se concede la exenci\u00f3n del IVTM para aquellos tractores, remolques y semirremolques que est\u00e9n provistos de la Cartilla de Inspecci\u00f3n Agr\u00edcola.<\/p>\n<p><strong>Documentaci\u00f3n necesaria:<\/strong><\/p>\n<ul>\n<li>Escrito solicitando la bonificaci\u00f3n.<\/li>\n<li>Copia de cartilla de Inspecci\u00f3n Agr\u00edcola.<\/li>\n<li>Copia del permiso de circulaci\u00f3n.<\/li>\n<li>Copia de la ficha t\u00e9cnica del veh\u00edculo.<\/li>\n<\/ul>\n<p><strong>Periodo de presentaci\u00f3n de instancias<\/strong>: Dentro del ultimo trimestre del a\u00f1o, las instancias presentadas con posterioridad causaran efecto para el a\u00f1o siguiente.<\/p>\n<h4>Bonificaci\u00f3n IVTM veh\u00edculos hist\u00f3ricos<\/h4>\n<p>La bonificaci\u00f3n que se concede es la del 100% de la cuota del IVTM para los veh\u00edculos hist\u00f3ricos o aquellos que tengan una antig\u00fcedad m\u00ednima de 25 a\u00f1os contados partir de la fecha de su fabricaci\u00f3n.<\/p>\n<p><strong>Documentaci\u00f3n necesaria<\/strong>:<\/p>\n<ul>\n<li>Escrito solicitando la bonificaci\u00f3n.<\/li>\n<li>Copia del permiso de circulaci\u00f3n.<\/li>\n<li>Copia de la ficha t\u00e9cnica en la que conste la matricula del veh\u00edculo.<\/li>\n<\/ul>\n<p><strong>Periodo de presentaci\u00f3n de instancias<\/strong>: Dentro del ultimo trimestre del a\u00f1o, las instancias presentadas con posterioridad causaran efecto para el a\u00f1o siguiente.<br \/>\n[\/et_pb_text][\/et_pb_column][\/et_pb_row][\/et_pb_section][et_pb_section fb_built=\u00bb1&#8243; disabled_on=\u00bbon|on|on\u00bb admin_label=\u00bb(ancla) #informacion\u00bb module_id=\u00bbinformacion\u00bb _builder_version=\u00bb4.16&#8243; background_color=\u00bb#e2e1de\u00bb custom_padding=\u00bb50px||||false|false\u00bb border_width_top=\u00bb1px\u00bb border_color_top=\u00bb#cccccc\u00bb disabled=\u00bbon\u00bb locked=\u00bboff\u00bb collapsed=\u00bboff\u00bb global_colors_info=\u00bb{}\u00bb][et_pb_row _builder_version=\u00bb4.16&#8243; background_color=\u00bbrgba(0,0,0,0)\u00bb custom_padding=\u00bb0px||||false|false\u00bb global_colors_info=\u00bb{}\u00bb][et_pb_column type=\u00bb4_4&#8243; _builder_version=\u00bb4.16&#8243; global_colors_info=\u00bb{}\u00bb][et_pb_text admin_label=\u00bbTitulo Informaci\u00f3\u00bb module_class=\u00bbtit-seccion\u00bb _builder_version=\u00bb4.16&#8243; locked=\u00bboff\u00bb global_colors_info=\u00bb{}\u00bb]<\/p>\n<h2><img decoding=\"async\" class=\"size-medium alignleft lazyload\" data-src=\"https:\/\/albal.es\/img\/iconos\/informacion-mostrador-45x45.svg\" alt=\"\" width=\"45\" height=\"45\" src=\"data:image\/svg+xml;base64,PHN2ZyB3aWR0aD0iMSIgaGVpZ2h0PSIxIiB4bWxucz0iaHR0cDovL3d3dy53My5vcmcvMjAwMC9zdmciPjwvc3ZnPg==\" style=\"--smush-placeholder-width: 45px; --smush-placeholder-aspect-ratio: 45\/45;\" \/>Informaci\u00f3n<\/h2>\n<p>[\/et_pb_text][\/et_pb_column][\/et_pb_row][et_pb_row column_structure=\u00bb1_2,1_2&#8243; make_equal=\u00bbon\u00bb admin_label=\u00bbSolo un modulo por fila\u00bb _builder_version=\u00bb4.16&#8243; custom_padding=\u00bb0px||||false|false\u00bb global_colors_info=\u00bb{}\u00bb][et_pb_column type=\u00bb1_2&#8243; _builder_version=\u00bb4.16&#8243; border_width_bottom=\u00bb1px\u00bb border_color_bottom=\u00bb#cccccc\u00bb global_colors_info=\u00bb{}\u00bb][et_pb_text admin_label=\u00bbText\u00bb _builder_version=\u00bb4.16&#8243; custom_padding=\u00bb||25px||false|false\u00bb global_colors_info=\u00bb{}\u00bb]<\/p>\n<h3>Titol<\/h3>\n<p>Text<br \/>\n[\/et_pb_text][\/et_pb_column][et_pb_column type=\u00bb1_2&#8243; _builder_version=\u00bb4.16&#8243; border_width_bottom=\u00bb1px\u00bb border_color_bottom=\u00bb#cccccc\u00bb global_colors_info=\u00bb{}\u00bb][et_pb_text admin_label=\u00bbText\u00bb _builder_version=\u00bb4.16&#8243; custom_padding=\u00bb||25px||false|false\u00bb global_colors_info=\u00bb{}\u00bb]<\/p>\n<h3>Titol<\/h3>\n<p>Text<br \/>\n[\/et_pb_text][\/et_pb_column][\/et_pb_row][\/et_pb_section][et_pb_section fb_built=\u00bb1&#8243; admin_label=\u00bb(ancla) #faq\u00bb module_id=\u00bbfaq\u00bb _builder_version=\u00bb4.16&#8243; background_color=\u00bb#dcb747&#8243; custom_padding=\u00bb50px||||false|false\u00bb collapsed=\u00bboff\u00bb global_colors_info=\u00bb{}\u00bb][et_pb_row _builder_version=\u00bb4.16&#8243; background_color=\u00bbrgba(0,0,0,0)\u00bb custom_padding=\u00bb0px||||false|false\u00bb locked=\u00bbon\u00bb global_colors_info=\u00bb{}\u00bb][et_pb_column type=\u00bb4_4&#8243; _builder_version=\u00bb4.16&#8243; global_colors_info=\u00bb{}\u00bb][et_pb_text admin_label=\u00bbTitulo Preguntes m\u00e9s freq\u00fcents\u00bb module_class=\u00bbtit-seccion\u00bb _builder_version=\u00bb4.16&#8243; header_2_text_color=\u00bb#ffffff\u00bb locked=\u00bboff\u00bb global_colors_info=\u00bb{}\u00bb]<\/p>\n<h2><img decoding=\"async\" class=\"size-medium alignleft lazyload\" data-src=\"https:\/\/albal.es\/img\/iconos\/preguntas-persona-45x45.svg\" alt=\"\" width=\"45\" height=\"45\" src=\"data:image\/svg+xml;base64,PHN2ZyB3aWR0aD0iMSIgaGVpZ2h0PSIxIiB4bWxucz0iaHR0cDovL3d3dy53My5vcmcvMjAwMC9zdmciPjwvc3ZnPg==\" style=\"--smush-placeholder-width: 45px; --smush-placeholder-aspect-ratio: 45\/45;\" \/>Preguntas m\u00e1s frecuentes<\/h2>\n<p>[\/et_pb_text][\/et_pb_column][\/et_pb_row][et_pb_row column_structure=\u00bb1_2,1_2&#8243; make_equal=\u00bbon\u00bb admin_label=\u00bbSolo un modulo por fila\u00bb _builder_version=\u00bb4.16&#8243; custom_padding=\u00bb0px||||false|false\u00bb global_colors_info=\u00bb{}\u00bb][et_pb_column type=\u00bb1_2&#8243; _builder_version=\u00bb4.16&#8243; border_width_bottom=\u00bb1px\u00bb border_color_bottom=\u00bb#b09239&#8243; global_colors_info=\u00bb{}\u00bb][et_pb_text admin_label=\u00bbcanviat de domicili\u00bb _builder_version=\u00bb4.16&#8243; custom_padding=\u00bb||25px||false|false\u00bb global_colors_info=\u00bb{}\u00bb]<\/p>\n<h3>Me he cambiado de domicilio, \u00bfqu\u00e9 pasa con el impuesto de mi veh\u00edculo?<\/h3>\n<p>Hay que hacer un cambio de domicilio en Tr\u00e1fico, se debe aportar la documentaci\u00f3n del titular del veh\u00edculo, la del veh\u00edculo, el Impuesto de Veh\u00edculos del a\u00f1o en curso y un certificado de empadronamiento antes del 30 de diciembre, para que salga para el pr\u00f3ximo a\u00f1o.<\/p>\n<h3>\u00bfHay que dar de baja el veh\u00edculo en el Ayuntamiento?<\/h3>\n<p>No, hay que ir a la Jefatura Provincial de Tr\u00e1fico sita en C\/. Mora de Rubielos, 2 de Valencia y tramitarla all\u00ed. La Jefatura ser\u00e1 la que se encargar\u00e1 de comunicarlo al Ayuntamiento.<br \/>\n[\/et_pb_text][\/et_pb_column][et_pb_column type=\u00bb1_2&#8243; _builder_version=\u00bb4.16&#8243; border_width_bottom=\u00bb1px\u00bb border_color_bottom=\u00bb#b09239&#8243; global_colors_info=\u00bb{}\u00bb][et_pb_text admin_label=\u00bbHe venut el meu cotxe\u00bb _builder_version=\u00bb4.16&#8243; custom_padding=\u00bb||25px||false|false\u00bb global_colors_info=\u00bb{}\u00bb]<\/p>\n<h3>He vendido mi coche, pero el comprador no lo ha cambiado de nombre. \u00bfQu\u00e9 debo hacer?<\/h3>\n<p>Tanto si tiene contrato de compraventa, como si no, tiene que dirigirse a la Jefatura Provincial de Tr\u00e1fico para notificarlo.<\/p>\n<h3>Me han robado el coche. \u00bfC\u00f3mo lo doy de baja?<\/h3>\n<p>Antes que nada tiene que formular la oportuna denuncia ante la Polic\u00eda o Guardia Civil y pedir justificante de la misma. Despu\u00e9s debe dirigirse a la Jefatura Provincial de Tr\u00e1fico para darlo de baja temporal. La fecha de la baja ser\u00e1 la del d\u00eda que lo comunic\u00f3 en Tr\u00e1fico y no la de la denuncia.<br \/>\n[\/et_pb_text][\/et_pb_column][\/et_pb_row][et_pb_row column_structure=\u00bb1_2,1_2&#8243; make_equal=\u00bbon\u00bb admin_label=\u00bbSolo un modulo por fila\u00bb _builder_version=\u00bb4.16&#8243; custom_padding=\u00bb0px||||false|false\u00bb global_colors_info=\u00bb{}\u00bb][et_pb_column type=\u00bb1_2&#8243; _builder_version=\u00bb4.16&#8243; border_width_bottom=\u00bb1px\u00bb border_color_bottom=\u00bb#b09239&#8243; global_colors_info=\u00bb{}\u00bb][et_pb_text admin_label=\u00bbVaig donar de baixa el meu vehicle en la Direcci\u00f3 de Tr\u00e0nsit\u00bb _builder_version=\u00bb4.16&#8243; custom_padding=\u00bb||25px||false|false\u00bb global_colors_info=\u00bb{}\u00bb]<\/p>\n<h3>Di de baja mi veh\u00edculo en la Jefatura de Tr\u00e1fico y siguen envi\u00e1ndome recibos del impuesto. \u00bfQu\u00e9 debo hacer?<\/h3>\n<p>Si en Tr\u00e1fico se present\u00f3 la baja, solic\u00edteles un informe en el que conste la fecha de baja y pres\u00e9ntelo en el Ayuntamiento para anular los recibos.<\/p>\n<h3>Entregu\u00e9 mi veh\u00edculo en una casa de compraventa o en un desguace y siguen saliendo recibos a mi nombre. \u00bfQu\u00e9 debo hacer?<\/h3>\n<p>Seguramente no le han tramitado la baja del veh\u00edculo en Tr\u00e1fico. Pague el \u00faltimo recibo y Ud. mismo d\u00e9 la baja bajo su responsabilidad en el caso de desguace, en el caso de una casa de compraventa o concesionario, \u00e9stos deben solicitar la transferencia a la Jefatura de Tr\u00e1fico a su nombre, como cualquier otro comprador, en el t\u00e9rmino de 10 d\u00edas. Ahora bien, algunas de estas casas no la hacen hasta que lo adquiere el nuevo titular. Debi\u00e9ndo exigir que realice la transferencia a su nombre.<\/p>\n<h3>He dado de baja por transferencia (venta) el veh\u00edculo este a\u00f1o \u00bfA quien corresponde pagar el Impuesto?<\/h3>\n<p>Le corresponde a quien era titular del veh\u00edculo a 1 de Enero. Hasta el a\u00f1o siguiente no aparecer\u00e1 el Impuesto a nombre del nuevo titular.<br \/>\n[\/et_pb_text][\/et_pb_column][et_pb_column type=\u00bb1_2&#8243; _builder_version=\u00bb4.16&#8243; border_width_bottom=\u00bb1px\u00bb border_color_bottom=\u00bb#b09239&#8243; global_colors_info=\u00bb{}\u00bb][et_pb_text admin_label=\u00bbHe de pagar tot l&#8217;any si he donat de baixa definitiva el vehicle?\u00bb _builder_version=\u00bb4.16&#8243; custom_padding=\u00bb||25px||false|false\u00bb global_colors_info=\u00bb{}\u00bb]<\/p>\n<h3>\u00bfTengo que pagar todo el a\u00f1o si he dado de baja definitiva el veh\u00edculo?<\/h3>\n<p>En el caso de baja definitiva por desguace, robo e importaci\u00f3n tiene que pagar los trimestres que le correspondan con arreglo a la baja de Tr\u00e1fico.<br \/>\nEn caso de estar pagado el recibo procede solicitar la devoluci\u00f3n correspondiente en el Ayuntamiento.<\/p>\n<h3>Tengo un ciclomotor que todav\u00eda no tiene matr\u00edcula. \u00bfQu\u00e9 tengo que hacer para tenerla?<\/h3>\n<p>Pagar el Impuesto del ejercicio corriente e ir a Tr\u00e1fico con la documentaci\u00f3n del ciclomotor y del titular para matricularlo.<\/p>\n<h3>En caso de p\u00e9rdida o deterioro de la documentaci\u00f3n del ciclomotor \u00bfC\u00f3mo puedo obtener un duplicado de la misma?<\/h3>\n<p>Tienes que dirigirte a una estaci\u00f3n del Inspecci\u00f3n T\u00e9cnica de Veh\u00edculo (ITV) y solicitar el duplicado.<br \/>\n[\/et_pb_text][\/et_pb_column][\/et_pb_row][\/et_pb_section]<\/p>\n","protected":false},"excerpt":{"rendered":"<p>\u00c1reas y servicios | SERVICIOS ECON\u00d3MICOS I.V.T.M. (Impuesto sobre Veh\u00edculos de Tracci\u00f3n Mec\u00e1nica) &nbsp; Informaci\u00f3n de inter\u00e9s: Correo electr\u00f3nico de Gesti\u00f3n Tributaria: tributaria@albal.es Consultas y dudas: Atenci\u00f3n Municipal de Informaci\u00f3n Ciudadana REGISTROS Y SOLICITUDES Plaza del Jard\u00edn, 7. Ayto. de Albal &#8211;\u00a0Planta baja Tel:\u00a096 126 00 56\u00a0\u00b7 Fax: 96 127 08 61 Cita previa Sede electr\u00f3nica Avisos, convocatorias y tr\u00e1mites activos <style>.et_pb_cpt_loop_archive.tramites-activos-pag:before { content:\"Avisos, convocatorias y tr\u00e1mites activos\";}<\/style>Informaci\u00f3n, tr\u00e1mites e impresos Generalidades El IVTM grava la titularidad de los veh\u00edculos de tracci\u00f3n mec\u00e1nica aptos para circular por las v\u00edas publicas, cualesquiera que sean su clase y categor\u00eda. A estos efectos se consideran veh\u00edculos aptos para circular los veh\u00edculos matriculados en la Jefatura Provincial de Tr\u00e1fico correspondiente, mientras no hayan causado baja en dicho registro. La tributaci\u00f3n de cada veh\u00edculo se establece en funci\u00f3n de las caracter\u00edsticas del veh\u00edculo (tipo, potencia fiscal, carga \u00fatil, etc.), en el cuadro de tarifas que el Ayuntamiento de Albal tiene aprobado en su Ordenanza fiscal es el que se muestra en la secci\u00f3n \u00abTarifa\u00bb. El devengo del IVTM se produce el 1 de enero de cada a\u00f1o, salvo en el caso de primera adquisici\u00f3n de veh\u00edculos, en cuyo caso el periodo impositivo comenzar\u00e1 el d\u00eda en que se produzca dicha adquisici\u00f3n. [&hellip;]<\/p>\n","protected":false},"author":21,"featured_media":0,"parent":600,"menu_order":3,"comment_status":"closed","ping_status":"closed","template":"","meta":{"_acf_changed":false,"_et_pb_use_builder":"on","_et_pb_old_content":"","_et_gb_content_width":"","footnotes":""},"coauthors":[75],"class_list":["post-644","page","type-page","status-publish","hentry"],"acf":[],"yoast_head":"<!-- This site is optimized with the Yoast SEO plugin v27.4 - https:\/\/yoast.com\/product\/yoast-seo-wordpress\/ -->\n<title>Impuesto sobre Veh\u00edculos de Tracci\u00f3n Mec\u00e1nica - Ajuntament d&#039;Albal<\/title>\n<meta name=\"robots\" content=\"index, follow, max-snippet:-1, max-image-preview:large, max-video-preview:-1\" \/>\n<link rel=\"canonical\" href=\"https:\/\/albal.es\/es\/areas-y-servicios-2\/servicios-economicos\/gestion-tributaria\/impuesto-sobre-vehiculos-de-traccion-mecanica\/\" \/>\n<meta property=\"og:locale\" content=\"es_ES\" \/>\n<meta property=\"og:type\" content=\"article\" \/>\n<meta property=\"og:title\" content=\"Impuesto sobre Veh\u00edculos de Tracci\u00f3n Mec\u00e1nica - Ajuntament d&#039;Albal\" \/>\n<meta property=\"og:description\" content=\"\u00c1reas y servicios | SERVICIOS ECON\u00d3MICOS I.V.T.M. (Impuesto sobre Veh\u00edculos de Tracci\u00f3n Mec\u00e1nica) &nbsp; Informaci\u00f3n de inter\u00e9s: Correo electr\u00f3nico de Gesti\u00f3n Tributaria: tributaria@albal.es Consultas y dudas: Atenci\u00f3n Municipal de Informaci\u00f3n Ciudadana REGISTROS Y SOLICITUDES Plaza del Jard\u00edn, 7. Ayto. de Albal -\u00a0Planta baja Tel:\u00a096 126 00 56\u00a0\u00b7 Fax: 96 127 08 61 Cita previa Sede electr\u00f3nica Avisos, convocatorias y tr\u00e1mites activos Informaci\u00f3n, tr\u00e1mites e impresos Generalidades El IVTM grava la titularidad de los veh\u00edculos de tracci\u00f3n mec\u00e1nica aptos para circular por las v\u00edas publicas, cualesquiera que sean su clase y categor\u00eda. A estos efectos se consideran veh\u00edculos aptos para circular los veh\u00edculos matriculados en la Jefatura Provincial de Tr\u00e1fico correspondiente, mientras no hayan causado baja en dicho registro. La tributaci\u00f3n de cada veh\u00edculo se establece en funci\u00f3n de las caracter\u00edsticas del veh\u00edculo (tipo, potencia fiscal, carga \u00fatil, etc.), en el cuadro de tarifas que el Ayuntamiento de Albal tiene aprobado en su Ordenanza fiscal es el que se muestra en la secci\u00f3n &quot;Tarifa&quot;. El devengo del IVTM se produce el 1 de enero de cada a\u00f1o, salvo en el caso de primera adquisici\u00f3n de veh\u00edculos, en cuyo caso el periodo impositivo comenzar\u00e1 el d\u00eda en que se produzca dicha adquisici\u00f3n. [&hellip;]\" \/>\n<meta property=\"og:site_name\" content=\"Ajuntament d&#039;Albal\" \/>\n<meta property=\"article:publisher\" content=\"https:\/\/facebook.com\/AjuntamentAlbal\/\" \/>\n<meta property=\"article:modified_time\" content=\"2025-05-06T10:21:18+00:00\" \/>\n<meta property=\"og:image\" content=\"https:\/\/albal.es\/content-albal\/uploads\/2019\/12\/logo-amic-2.png\" \/>\n<meta name=\"twitter:card\" content=\"summary_large_image\" \/>\n<meta name=\"twitter:label1\" content=\"Tiempo de lectura\" \/>\n\t<meta name=\"twitter:data1\" content=\"11 minutos\" \/>\n\t<meta name=\"twitter:label2\" content=\"Written by\" \/>\n\t<meta name=\"twitter:data2\" content=\"Gonzalo Galiana\" \/>\n<script type=\"application\/ld+json\" class=\"yoast-schema-graph\">{\"@context\":\"https:\\\/\\\/schema.org\",\"@graph\":[{\"@type\":\"WebPage\",\"@id\":\"https:\\\/\\\/albal.es\\\/es\\\/areas-y-servicios-2\\\/servicios-economicos\\\/gestion-tributaria\\\/impuesto-sobre-vehiculos-de-traccion-mecanica\\\/\",\"url\":\"https:\\\/\\\/albal.es\\\/es\\\/areas-y-servicios-2\\\/servicios-economicos\\\/gestion-tributaria\\\/impuesto-sobre-vehiculos-de-traccion-mecanica\\\/\",\"name\":\"Impuesto sobre Veh\u00edculos de Tracci\u00f3n Mec\u00e1nica - Ajuntament d&#039;Albal\",\"isPartOf\":{\"@id\":\"https:\\\/\\\/albal.es\\\/es\\\/#website\"},\"primaryImageOfPage\":{\"@id\":\"https:\\\/\\\/albal.es\\\/es\\\/areas-y-servicios-2\\\/servicios-economicos\\\/gestion-tributaria\\\/impuesto-sobre-vehiculos-de-traccion-mecanica\\\/#primaryimage\"},\"image\":{\"@id\":\"https:\\\/\\\/albal.es\\\/es\\\/areas-y-servicios-2\\\/servicios-economicos\\\/gestion-tributaria\\\/impuesto-sobre-vehiculos-de-traccion-mecanica\\\/#primaryimage\"},\"thumbnailUrl\":\"https:\\\/\\\/albal.es\\\/content-albal\\\/uploads\\\/2019\\\/12\\\/logo-amic-2.png\",\"datePublished\":\"2019-12-10T15:46:20+00:00\",\"dateModified\":\"2025-05-06T10:21:18+00:00\",\"breadcrumb\":{\"@id\":\"https:\\\/\\\/albal.es\\\/es\\\/areas-y-servicios-2\\\/servicios-economicos\\\/gestion-tributaria\\\/impuesto-sobre-vehiculos-de-traccion-mecanica\\\/#breadcrumb\"},\"inLanguage\":\"es\",\"potentialAction\":[{\"@type\":\"ReadAction\",\"target\":[\"https:\\\/\\\/albal.es\\\/es\\\/areas-y-servicios-2\\\/servicios-economicos\\\/gestion-tributaria\\\/impuesto-sobre-vehiculos-de-traccion-mecanica\\\/\"]}]},{\"@type\":\"ImageObject\",\"inLanguage\":\"es\",\"@id\":\"https:\\\/\\\/albal.es\\\/es\\\/areas-y-servicios-2\\\/servicios-economicos\\\/gestion-tributaria\\\/impuesto-sobre-vehiculos-de-traccion-mecanica\\\/#primaryimage\",\"url\":\"https:\\\/\\\/albal.es\\\/content-albal\\\/uploads\\\/2019\\\/12\\\/logo-amic-2.png\",\"contentUrl\":\"https:\\\/\\\/albal.es\\\/content-albal\\\/uploads\\\/2019\\\/12\\\/logo-amic-2.png\"},{\"@type\":\"BreadcrumbList\",\"@id\":\"https:\\\/\\\/albal.es\\\/es\\\/areas-y-servicios-2\\\/servicios-economicos\\\/gestion-tributaria\\\/impuesto-sobre-vehiculos-de-traccion-mecanica\\\/#breadcrumb\",\"itemListElement\":[{\"@type\":\"ListItem\",\"position\":1,\"name\":\"Inici\",\"item\":\"https:\\\/\\\/albal.es\\\/es\\\/\"},{\"@type\":\"ListItem\",\"position\":2,\"name\":\"\u00c1reas y Servicios\",\"item\":\"https:\\\/\\\/albal.es\\\/es\\\/areas-y-servicios-2\\\/\"},{\"@type\":\"ListItem\",\"position\":3,\"name\":\"Servicios Econ\u00f3micos\",\"item\":\"https:\\\/\\\/albal.es\\\/es\\\/areas-y-servicios-2\\\/servicios-economicos\\\/\"},{\"@type\":\"ListItem\",\"position\":4,\"name\":\"Gesti\u00f3n tributaria\",\"item\":\"https:\\\/\\\/albal.es\\\/es\\\/areas-y-servicios-2\\\/servicios-economicos\\\/gestion-tributaria\\\/\"},{\"@type\":\"ListItem\",\"position\":5,\"name\":\"Impuesto sobre Veh\u00edculos de Tracci\u00f3n Mec\u00e1nica\"}]},{\"@type\":\"WebSite\",\"@id\":\"https:\\\/\\\/albal.es\\\/es\\\/#website\",\"url\":\"https:\\\/\\\/albal.es\\\/es\\\/\",\"name\":\"Ajuntament d&#039;Albal\",\"description\":\"Ajuntament d&#039;Albal\",\"publisher\":{\"@id\":\"https:\\\/\\\/albal.es\\\/es\\\/#organization\"},\"potentialAction\":[{\"@type\":\"SearchAction\",\"target\":{\"@type\":\"EntryPoint\",\"urlTemplate\":\"https:\\\/\\\/albal.es\\\/es\\\/?s={search_term_string}\"},\"query-input\":{\"@type\":\"PropertyValueSpecification\",\"valueRequired\":true,\"valueName\":\"search_term_string\"}}],\"inLanguage\":\"es\"},{\"@type\":\"Organization\",\"@id\":\"https:\\\/\\\/albal.es\\\/es\\\/#organization\",\"name\":\"Ajuntament d'Albal - Valencia\",\"url\":\"https:\\\/\\\/albal.es\\\/es\\\/\",\"logo\":{\"@type\":\"ImageObject\",\"inLanguage\":\"es\",\"@id\":\"https:\\\/\\\/albal.es\\\/es\\\/#\\\/schema\\\/logo\\\/image\\\/\",\"url\":\"https:\\\/\\\/albal.es\\\/content-albal\\\/uploads\\\/2020\\\/06\\\/logo-ayuntamiento-albal.png\",\"contentUrl\":\"https:\\\/\\\/albal.es\\\/content-albal\\\/uploads\\\/2020\\\/06\\\/logo-ayuntamiento-albal.png\",\"width\":367,\"height\":332,\"caption\":\"Ajuntament d'Albal - Valencia\"},\"image\":{\"@id\":\"https:\\\/\\\/albal.es\\\/es\\\/#\\\/schema\\\/logo\\\/image\\\/\"},\"sameAs\":[\"https:\\\/\\\/facebook.com\\\/AjuntamentAlbal\\\/\"]}]}<\/script>\n<!-- \/ Yoast SEO plugin. -->","yoast_head_json":{"title":"Impuesto sobre Veh\u00edculos de Tracci\u00f3n Mec\u00e1nica - Ajuntament d&#039;Albal","robots":{"index":"index","follow":"follow","max-snippet":"max-snippet:-1","max-image-preview":"max-image-preview:large","max-video-preview":"max-video-preview:-1"},"canonical":"https:\/\/albal.es\/es\/areas-y-servicios-2\/servicios-economicos\/gestion-tributaria\/impuesto-sobre-vehiculos-de-traccion-mecanica\/","og_locale":"es_ES","og_type":"article","og_title":"Impuesto sobre Veh\u00edculos de Tracci\u00f3n Mec\u00e1nica - Ajuntament d&#039;Albal","og_description":"\u00c1reas y servicios | SERVICIOS ECON\u00d3MICOS I.V.T.M. (Impuesto sobre Veh\u00edculos de Tracci\u00f3n Mec\u00e1nica) &nbsp; Informaci\u00f3n de inter\u00e9s: Correo electr\u00f3nico de Gesti\u00f3n Tributaria: tributaria@albal.es Consultas y dudas: Atenci\u00f3n Municipal de Informaci\u00f3n Ciudadana REGISTROS Y SOLICITUDES Plaza del Jard\u00edn, 7. Ayto. de Albal -\u00a0Planta baja Tel:\u00a096 126 00 56\u00a0\u00b7 Fax: 96 127 08 61 Cita previa Sede electr\u00f3nica Avisos, convocatorias y tr\u00e1mites activos Informaci\u00f3n, tr\u00e1mites e impresos Generalidades El IVTM grava la titularidad de los veh\u00edculos de tracci\u00f3n mec\u00e1nica aptos para circular por las v\u00edas publicas, cualesquiera que sean su clase y categor\u00eda. A estos efectos se consideran veh\u00edculos aptos para circular los veh\u00edculos matriculados en la Jefatura Provincial de Tr\u00e1fico correspondiente, mientras no hayan causado baja en dicho registro. La tributaci\u00f3n de cada veh\u00edculo se establece en funci\u00f3n de las caracter\u00edsticas del veh\u00edculo (tipo, potencia fiscal, carga \u00fatil, etc.), en el cuadro de tarifas que el Ayuntamiento de Albal tiene aprobado en su Ordenanza fiscal es el que se muestra en la secci\u00f3n \"Tarifa\". El devengo del IVTM se produce el 1 de enero de cada a\u00f1o, salvo en el caso de primera adquisici\u00f3n de veh\u00edculos, en cuyo caso el periodo impositivo comenzar\u00e1 el d\u00eda en que se produzca dicha adquisici\u00f3n. [&hellip;]","og_site_name":"Ajuntament d&#039;Albal","article_publisher":"https:\/\/facebook.com\/AjuntamentAlbal\/","article_modified_time":"2025-05-06T10:21:18+00:00","og_image":[{"url":"https:\/\/albal.es\/content-albal\/uploads\/2019\/12\/logo-amic-2.png","type":"","width":"","height":""}],"twitter_card":"summary_large_image","twitter_misc":{"Tiempo de lectura":"11 minutos","Written by":"Gonzalo Galiana"},"schema":{"@context":"https:\/\/schema.org","@graph":[{"@type":"WebPage","@id":"https:\/\/albal.es\/es\/areas-y-servicios-2\/servicios-economicos\/gestion-tributaria\/impuesto-sobre-vehiculos-de-traccion-mecanica\/","url":"https:\/\/albal.es\/es\/areas-y-servicios-2\/servicios-economicos\/gestion-tributaria\/impuesto-sobre-vehiculos-de-traccion-mecanica\/","name":"Impuesto sobre Veh\u00edculos de Tracci\u00f3n Mec\u00e1nica - Ajuntament d&#039;Albal","isPartOf":{"@id":"https:\/\/albal.es\/es\/#website"},"primaryImageOfPage":{"@id":"https:\/\/albal.es\/es\/areas-y-servicios-2\/servicios-economicos\/gestion-tributaria\/impuesto-sobre-vehiculos-de-traccion-mecanica\/#primaryimage"},"image":{"@id":"https:\/\/albal.es\/es\/areas-y-servicios-2\/servicios-economicos\/gestion-tributaria\/impuesto-sobre-vehiculos-de-traccion-mecanica\/#primaryimage"},"thumbnailUrl":"https:\/\/albal.es\/content-albal\/uploads\/2019\/12\/logo-amic-2.png","datePublished":"2019-12-10T15:46:20+00:00","dateModified":"2025-05-06T10:21:18+00:00","breadcrumb":{"@id":"https:\/\/albal.es\/es\/areas-y-servicios-2\/servicios-economicos\/gestion-tributaria\/impuesto-sobre-vehiculos-de-traccion-mecanica\/#breadcrumb"},"inLanguage":"es","potentialAction":[{"@type":"ReadAction","target":["https:\/\/albal.es\/es\/areas-y-servicios-2\/servicios-economicos\/gestion-tributaria\/impuesto-sobre-vehiculos-de-traccion-mecanica\/"]}]},{"@type":"ImageObject","inLanguage":"es","@id":"https:\/\/albal.es\/es\/areas-y-servicios-2\/servicios-economicos\/gestion-tributaria\/impuesto-sobre-vehiculos-de-traccion-mecanica\/#primaryimage","url":"https:\/\/albal.es\/content-albal\/uploads\/2019\/12\/logo-amic-2.png","contentUrl":"https:\/\/albal.es\/content-albal\/uploads\/2019\/12\/logo-amic-2.png"},{"@type":"BreadcrumbList","@id":"https:\/\/albal.es\/es\/areas-y-servicios-2\/servicios-economicos\/gestion-tributaria\/impuesto-sobre-vehiculos-de-traccion-mecanica\/#breadcrumb","itemListElement":[{"@type":"ListItem","position":1,"name":"Inici","item":"https:\/\/albal.es\/es\/"},{"@type":"ListItem","position":2,"name":"\u00c1reas y Servicios","item":"https:\/\/albal.es\/es\/areas-y-servicios-2\/"},{"@type":"ListItem","position":3,"name":"Servicios Econ\u00f3micos","item":"https:\/\/albal.es\/es\/areas-y-servicios-2\/servicios-economicos\/"},{"@type":"ListItem","position":4,"name":"Gesti\u00f3n tributaria","item":"https:\/\/albal.es\/es\/areas-y-servicios-2\/servicios-economicos\/gestion-tributaria\/"},{"@type":"ListItem","position":5,"name":"Impuesto sobre Veh\u00edculos de Tracci\u00f3n Mec\u00e1nica"}]},{"@type":"WebSite","@id":"https:\/\/albal.es\/es\/#website","url":"https:\/\/albal.es\/es\/","name":"Ajuntament d&#039;Albal","description":"Ajuntament d&#039;Albal","publisher":{"@id":"https:\/\/albal.es\/es\/#organization"},"potentialAction":[{"@type":"SearchAction","target":{"@type":"EntryPoint","urlTemplate":"https:\/\/albal.es\/es\/?s={search_term_string}"},"query-input":{"@type":"PropertyValueSpecification","valueRequired":true,"valueName":"search_term_string"}}],"inLanguage":"es"},{"@type":"Organization","@id":"https:\/\/albal.es\/es\/#organization","name":"Ajuntament d'Albal - Valencia","url":"https:\/\/albal.es\/es\/","logo":{"@type":"ImageObject","inLanguage":"es","@id":"https:\/\/albal.es\/es\/#\/schema\/logo\/image\/","url":"https:\/\/albal.es\/content-albal\/uploads\/2020\/06\/logo-ayuntamiento-albal.png","contentUrl":"https:\/\/albal.es\/content-albal\/uploads\/2020\/06\/logo-ayuntamiento-albal.png","width":367,"height":332,"caption":"Ajuntament d'Albal - Valencia"},"image":{"@id":"https:\/\/albal.es\/es\/#\/schema\/logo\/image\/"},"sameAs":["https:\/\/facebook.com\/AjuntamentAlbal\/"]}]}},"publishpress_future_workflow_manual_trigger":{"enabledWorkflows":[]},"_links":{"self":[{"href":"https:\/\/albal.es\/es\/wp-json\/wp\/v2\/pages\/644","targetHints":{"allow":["GET"]}}],"collection":[{"href":"https:\/\/albal.es\/es\/wp-json\/wp\/v2\/pages"}],"about":[{"href":"https:\/\/albal.es\/es\/wp-json\/wp\/v2\/types\/page"}],"author":[{"embeddable":true,"href":"https:\/\/albal.es\/es\/wp-json\/wp\/v2\/users\/21"}],"replies":[{"embeddable":true,"href":"https:\/\/albal.es\/es\/wp-json\/wp\/v2\/comments?post=644"}],"version-history":[{"count":0,"href":"https:\/\/albal.es\/es\/wp-json\/wp\/v2\/pages\/644\/revisions"}],"up":[{"embeddable":true,"href":"https:\/\/albal.es\/es\/wp-json\/wp\/v2\/pages\/600"}],"wp:attachment":[{"href":"https:\/\/albal.es\/es\/wp-json\/wp\/v2\/media?parent=644"}],"wp:term":[{"taxonomy":"author","embeddable":true,"href":"https:\/\/albal.es\/es\/wp-json\/wp\/v2\/coauthors?post=644"}],"curies":[{"name":"wp","href":"https:\/\/api.w.org\/{rel}","templated":true}]}}