

{"id":600,"date":"2019-12-10T13:17:53","date_gmt":"2019-12-10T12:17:53","guid":{"rendered":"https:\/\/albal.es\/?page_id=600"},"modified":"2026-01-21T11:36:29","modified_gmt":"2026-01-21T10:36:29","slug":"gestion-tributaria","status":"publish","type":"page","link":"https:\/\/albal.es\/es\/areas-y-servicios-2\/servicios-economicos\/gestion-tributaria\/","title":{"rendered":"Gesti\u00f3n tributaria"},"content":{"rendered":"<p>[et_pb_section fb_built=\u00bb1&#8243; custom_padding_last_edited=\u00bbon|phone\u00bb admin_label=\u00bbcontent-cab-area\u00bb module_class=\u00bbcontent-cab-area\u00bb _builder_version=\u00bb4.16&#8243; background_color=\u00bb#fafafa\u00bb custom_padding=\u00bb15px||25px||false|false\u00bb custom_padding_tablet=\u00bb\u00bb custom_padding_phone=\u00bb||0px||false|false\u00bb collapsed=\u00bboff\u00bb global_colors_info=\u00bb{}\u00bb][et_pb_row disabled_on=\u00bbon|off|off\u00bb admin_label=\u00bbDesabilitado en moviles (Content migas pan)\u00bb _builder_version=\u00bb4.16&#8243; custom_padding=\u00bb0px||0px||false|false\u00bb locked=\u00bbon\u00bb collapsed=\u00bbon\u00bb global_colors_info=\u00bb{}\u00bb][et_pb_column type=\u00bb4_4&#8243; _builder_version=\u00bb4.16&#8243; global_colors_info=\u00bb{}\u00bb][et_pb_dmb_breadcrumbs admin_label=\u00bbMigas pan\u00bb font_icon=\u00bb&#x35;||divi||400&#8243; use_home_icon=\u00bboff\u00bb use_home_text=\u00bbon\u00bb home_text=\u00bbInici\u00bb _builder_version=\u00bb4.16&#8243; global_colors_info=\u00bb{}\u00bb][\/et_pb_dmb_breadcrumbs][\/et_pb_column][\/et_pb_row][et_pb_row column_structure=\u00bb1_3,1_3,1_3&#8243; use_custom_gutter=\u00bbon\u00bb make_equal=\u00bbon\u00bb custom_padding_last_edited=\u00bbon|phone\u00bb admin_label=\u00bbcab-area\u00bb module_class=\u00bbcab-area\u00bb _builder_version=\u00bb4.16&#8243; background_enable_image=\u00bboff\u00bb background_size=\u00bbinitial\u00bb background_position=\u00bbcenter_left\u00bb custom_padding=\u00bb25px||0px||false|false\u00bb custom_padding_tablet=\u00bb\u00bb custom_padding_phone=\u00bb15px||||false|false\u00bb border_width_left_tablet=\u00bb\u00bb border_width_left_phone=\u00bb0px\u00bb border_width_left_last_edited=\u00bbon|desktop\u00bb locked=\u00bboff\u00bb global_colors_info=\u00bb{}\u00bb][et_pb_column type=\u00bb1_3&#8243; module_class=\u00bbcontent-tit-area\u00bb _builder_version=\u00bb4.16&#8243; global_colors_info=\u00bb{}\u00bb][et_pb_text admin_label=\u00bbH4, H1&#8243; module_class=\u00bbtit-area\u00bb _builder_version=\u00bb4.16&#8243; custom_margin=\u00bb||20px||false|false\u00bb locked=\u00bbon\u00bb global_colors_info=\u00bb{}\u00bb]<\/p>\n<h4>Areas y servicios | SERVICIOS ECON\u00d3MICOS<\/h4>\n<h1>Gesti\u00f3n Tributaria<\/h1>\n<p>[\/et_pb_text][et_pb_text admin_label=\u00bbIntro\u00bb module_class=\u00bbtit-area\u00bb _builder_version=\u00bb4.16&#8243; global_colors_info=\u00bb{}\u00bb][\/et_pb_text][\/et_pb_column][et_pb_column type=\u00bb1_3&#8243; module_class=\u00bbcontent-info-interes\u00bb disabled_on=\u00bbon|off|off\u00bb _builder_version=\u00bb4.16&#8243; custom_padding=\u00bb|||30px|false|false\u00bb custom_padding_tablet=\u00bb\u00bb custom_padding_phone=\u00bb|0px||0px|false|false\u00bb custom_padding_last_edited=\u00bbon|desktop\u00bb border_width_left=\u00bb1px\u00bb border_color_left=\u00bb#cccccc\u00bb border_radii_tablet=\u00bb\u00bb border_radii_phone=\u00bb\u00bb border_radii_last_edited=\u00bbon|phone\u00bb border_width_left_tablet=\u00bb\u00bb border_width_left_phone=\u00bb\u00bb border_width_left_last_edited=\u00bbon|phone\u00bb global_colors_info=\u00bb{}\u00bb][et_pb_text admin_label=\u00bbInformacio d&#8217;interes\u00bb module_class=\u00bbtit-info-interes-cab\u00bb _builder_version=\u00bb4.16&#8243; locked=\u00bbon\u00bb global_colors_info=\u00bb{}\u00bb]Informaci\u00f3n de Inter\u00e9s:[\/et_pb_text][et_pb_text admin_label=\u00bbinformacio\u00bb _builder_version=\u00bb4.23.1&#8243; global_colors_info=\u00bb{}\u00bb]<\/p>\n<h3>Ubicaci\u00f3n\u200b:<\/h3>\n<p>2\u00aa planta del Ayuntamiento, Plaza del Jard\u00ed, 7.<\/p>\n<p><strong>Responsable: <\/strong>Mar\u00eda Isabel Benajes Garc\u00eda.\u00a0 \u00a0<em>maribel.benajes@albal.es<\/em><\/p>\n<h3>Tramitaci\u00f3n presencial:<\/h3>\n<p>Los <a href=\"#tramits\">tr\u00e1mites<\/a> de esta \u00e1rea se han de realizar de manera presencial en el <a href=\"https:\/\/albal.es\/es\/areas-y-servicios-2\/secretaria-ayuntamiento\/registro-amic\/\">departamento AMIC<\/a> del Ayuntamiento.<\/p>\n<p>[\/et_pb_text][et_pb_cta button_url=\u00bbhttps:\/\/albal.es\/es\/contacto-albal\/\u00bb button_text=\u00bbContacto\u00bb admin_label=\u00bbBoton contacto\u00bb module_class=\u00bbboton-consultas-cab\u00bb _builder_version=\u00bb4.16&#8243; background_enable_color=\u00bboff\u00bb text_orientation=\u00bbleft\u00bb background_layout=\u00bblight\u00bb custom_padding=\u00bb0px|0px|0px|0px|true|true\u00bb locked=\u00bbon\u00bb global_colors_info=\u00bb{}\u00bb]<\/p>\n<h3>Consultas y dudas:<\/h3>\n<p>[\/et_pb_cta][\/et_pb_column][et_pb_column type=\u00bb1_3&#8243; module_class=\u00bbcontent-info-interes-dos\u00bb disabled_on=\u00bbon|off|off\u00bb _builder_version=\u00bb4.16&#8243; custom_padding=\u00bb|||30px|false|false\u00bb custom_padding_tablet=\u00bb|||0px|false|false\u00bb custom_padding_phone=\u00bb|0px||0px|false|false\u00bb custom_padding_last_edited=\u00bbon|desktop\u00bb border_width_left=\u00bb1px\u00bb border_color_left=\u00bb#cccccc\u00bb border_width_left_tablet=\u00bb\u00bb border_width_left_phone=\u00bb\u00bb border_width_left_last_edited=\u00bbon|desktop\u00bb global_colors_info=\u00bb{}\u00bb][et_pb_text disabled_on=\u00bboff|off|off\u00bb admin_label=\u00bbAmic\u00bb module_class=\u00bbamic-cita\u00bb _builder_version=\u00bb4.16&#8243; header_4_font=\u00bb||||||||\u00bb header_4_text_color=\u00bb#c40038&#8243; custom_margin=\u00bb||0px||false|false\u00bb custom_padding=\u00bb||15px||false|false\u00bb saved_tabs=\u00bball\u00bb locked=\u00bbon\u00bb global_colors_info=\u00bb{}\u00bb]<\/p>\n<h3><img decoding=\"async\" class=\"wp-image-464 alignnone size-full lazyload\" data-src=\"https:\/\/albal.es\/content-albal\/uploads\/2019\/12\/logo-amic-2.png\" alt=\"\" width=\"135\" height=\"46\" src=\"data:image\/svg+xml;base64,PHN2ZyB3aWR0aD0iMSIgaGVpZ2h0PSIxIiB4bWxucz0iaHR0cDovL3d3dy53My5vcmcvMjAwMC9zdmciPjwvc3ZnPg==\" style=\"--smush-placeholder-width: 135px; --smush-placeholder-aspect-ratio: 135\/46;\" \/><\/h3>\n<h3>Atenci\u00f3 Municipal d&#8217;Informaci\u00f3 Ciutadana<\/h3>\n<h4>REGISTRES I SOL\u00b7LICITUDS<\/h4>\n<p>Pla\u00e7a del Jard\u00ed, 7. Ajuntament d&#8217;Albal &#8211; <strong>Planta baixa<\/strong><br \/>\nTel: <strong>96 126 00 56<\/strong> \u00b7 Fax: 96 127 08 61<\/p>\n<p><a class=\"bot-cita-previa\" href=\"https:\/\/citaprevia.albal.es:10090\/\" target=\"_blank\" rel=\"noopener noreferrer\">Cita pr\u00e8via<\/a><br \/>\n<a class=\"bot-seu-electronica\" href=\"https:\/\/albal.sede.dival.es\/\" target=\"_blank\" rel=\"noopener noreferrer\">Seu electr\u00f2nica<\/a>[\/et_pb_text][\/et_pb_column][\/et_pb_row][\/et_pb_section][et_pb_section fb_built=\u00bb1&#8243; admin_label=\u00bb(ancla) #tramites\u00bb module_id=\u00bbtramites\u00bb _builder_version=\u00bb4.16&#8243; background_color=\u00bb#e2e1de\u00bb custom_padding=\u00bb50px||||false|false\u00bb global_colors_info=\u00bb{}\u00bb][et_pb_row admin_label=\u00bb.content-avisos\u00bb module_class=\u00bbcontent-avisos\u00bb _builder_version=\u00bb4.16&#8243; custom_padding=\u00bb0px||||false|false\u00bb locked=\u00bbon\u00bb collapsed=\u00bboff\u00bb global_colors_info=\u00bb{}\u00bb][et_pb_column type=\u00bb4_4&#8243; _builder_version=\u00bb4.16&#8243; global_colors_info=\u00bb{}\u00bb][et_pb_text admin_label=\u00bbTitulo \u00abAvisos, convocat\u00f2ries i tr\u00e0mits actius\u00bb\u00bb _builder_version=\u00bb4.16&#8243; _module_preset=\u00bbdefault\u00bb global_colors_info=\u00bb{}\u00bb]<\/p>\n<h2>Avisos, convocatorias y tr\u00e1mites activos<\/h2>\n<p>[\/et_pb_text][et_pb_cpt_loop_archive loop_layout=\u00bb4914&#8243; fullwidth=\u00bboff\u00bb columns=\u00bb2&#8243; show_pagination=\u00bboff\u00bb new_query=\u00bbon\u00bb post_type=\u00bbtramitambdata\u00bb posts_number=\u00bb999&#8243; include_meta=\u00bbpagina_de_destinacio_data\u00bb include_meta_terms=\u00bb598&#8243; hide_if_no_data=\u00bbon\u00bb order=\u00bbasc\u00bb admin_label=\u00bbAvisos, convocat\u00f2ries i tr\u00e0mits actius\u00bb module_class=\u00bbtramites-fecha tramites-activos-pag\u00bb _builder_version=\u00bb4.16&#8243; headings_text_color=\u00bb#000000&#8243; headings_font_size=\u00bb36px\u00bb custom_padding=\u00bb20px|20px|20px|20px|true|true\u00bb border_radii=\u00bbon|8px|8px|8px|8px\u00bb locked=\u00bboff\u00bb global_colors_info=\u00bb{}\u00bb][\/et_pb_cpt_loop_archive][et_pb_code module_class=\u00bbcontent-mostrar-avisos\u00bb _builder_version=\u00bb4.16&#8243; _module_preset=\u00bbdefault\u00bb locked=\u00bboff\u00bb global_colors_info=\u00bb{}\u00bb]<style>.et_pb_cpt_loop_archive.tramites-activos-pag:before { content:\"Avisos, convocatorias y tr\u00e1mites activos\";}<\/style>[\/et_pb_code][\/et_pb_column][\/et_pb_row][et_pb_row _builder_version=\u00bb4.16&#8243; custom_padding=\u00bb0px||||false|false\u00bb locked=\u00bboff\u00bb global_colors_info=\u00bb{}\u00bb][et_pb_column type=\u00bb4_4&#8243; _builder_version=\u00bb4.16&#8243; global_colors_info=\u00bb{}\u00bb][et_pb_text admin_label=\u00bbTitulo Informacio, tr\u00e0mits i impresos\u00bb module_class=\u00bbtit-seccion\u00bb _builder_version=\u00bb4.16&#8243; locked=\u00bboff\u00bb global_colors_info=\u00bb{}\u00bb]<\/p>\n<h2><img decoding=\"async\" class=\"size-medium alignleft lazyload\" data-src=\"https:\/\/albal.es\/img\/iconos\/impreso-lapiz-45x45.svg\" alt=\"\" width=\"45\" height=\"45\" src=\"data:image\/svg+xml;base64,PHN2ZyB3aWR0aD0iMSIgaGVpZ2h0PSIxIiB4bWxucz0iaHR0cDovL3d3dy53My5vcmcvMjAwMC9zdmciPjwvc3ZnPg==\" style=\"--smush-placeholder-width: 45px; --smush-placeholder-aspect-ratio: 45\/45;\" \/>Informaci\u00f3, tr\u00e0mits i impresos<\/h2>\n<p>[\/et_pb_text][\/et_pb_column][\/et_pb_row][et_pb_row column_structure=\u00bb3_5,2_5&#8243; _builder_version=\u00bb4.16&#8243; custom_padding=\u00bb0px||||false|false\u00bb locked=\u00bboff\u00bb global_colors_info=\u00bb{}\u00bb][et_pb_column type=\u00bb3_5&#8243; _builder_version=\u00bb4.16&#8243; global_colors_info=\u00bb{}\u00bb][et_pb_accordion use_icon_font_size=\u00bbon\u00bb icon_font_size=\u00bb21px\u00bb admin_label=\u00bbTramites (acordeon desplegables)\u00bb _builder_version=\u00bb4.27.5&#8243; hover_enabled=\u00bb0&#8243; global_colors_info=\u00bb{}\u00bb sticky_enabled=\u00bb0&#8243;][et_pb_accordion_item title=\u00bbCalendario fiscal ejercicio 2021&#8243; open=\u00bbon\u00bb _builder_version=\u00bb4.16&#8243; link_option_url=\u00bbhttps:\/\/albal.es\/content-albal\/uploads\/2021\/01\/Calendario-Fiscal-2021.pdf\u00bb global_colors_info=\u00bb{}\u00bb]<\/p>\n<p style=\"text-align: center;\"><img decoding=\"async\" class=\"aligncenter lazyload\" data-src=\"\/content-albal\/uploads\/2021\/01\/CalendariFiscal2021.jpg\" alt=\"Calendari Fiscal 2021\" src=\"data:image\/svg+xml;base64,PHN2ZyB3aWR0aD0iMSIgaGVpZ2h0PSIxIiB4bWxucz0iaHR0cDovL3d3dy53My5vcmcvMjAwMC9zdmciPjwvc3ZnPg==\" style=\"--smush-placeholder-width: 1000px; --smush-placeholder-aspect-ratio: 1000\/390;\" \/><\/p>\n<p>[\/et_pb_accordion_item][et_pb_accordion_item title=\u00bbCalendario fiscal ejercicio 2022&#8243; _builder_version=\u00bb4.20.4&#8243; _module_preset=\u00bbdefault\u00bb link_option_url=\u00bbhttps:\/\/albal.es\/content-albal\/uploads\/2021\/12\/calendari2022-1.pdf\u00bb global_colors_info=\u00bb{}\u00bb open=\u00bboff\u00bb]<\/p>\n<p class=\"desc-pdf\"><img decoding=\"async\" class=\"wp-image-19848 alignnone  aligncenter lazyload\" data-src=\"https:\/\/albal.es\/content-albal\/uploads\/2022\/01\/Captura-300x140.png\" alt=\"\" width=\"366\" height=\"171\" src=\"data:image\/svg+xml;base64,PHN2ZyB3aWR0aD0iMSIgaGVpZ2h0PSIxIiB4bWxucz0iaHR0cDovL3d3dy53My5vcmcvMjAwMC9zdmciPjwvc3ZnPg==\" style=\"--smush-placeholder-width: 366px; --smush-placeholder-aspect-ratio: 366\/171;\" \/><\/p>\n<p>[\/et_pb_accordion_item][et_pb_accordion_item title=\u00bbCalendario fiscal ejercicio 2023&#8243; _builder_version=\u00bb4.20.4&#8243; _module_preset=\u00bbdefault\u00bb global_colors_info=\u00bb{}\u00bb open=\u00bboff\u00bb]<\/p>\n<p><a href=\"https:\/\/albal.es\/content-albal\/uploads\/2023\/05\/CALENDARIO-FISCAL-2023.pdf\" rel=\"attachment wp-att-45969\">Calendario fiscal 2023<\/a><\/p>\n<p>[\/et_pb_accordion_item][et_pb_accordion_item title=\u00bbOficina Virtual de Recaudaci\u00f3n\u00bb _builder_version=\u00bb4.16&#8243; global_colors_info=\u00bb{}\u00bb open=\u00bboff\u00bb]Ja est\u00e0 disponible la nova Oficina Virtual de Recaptaci\u00f3 d&#8217;este Ajuntament per a la realitzaci\u00f3, de forma segura, de les gestions m\u00e9s comunes referents a esta mat\u00e8ria.\u00a0<a href=\"https:\/\/albal.sede.dival.es\/opencms\/opencms\/channels\/temas\/TRIBUTS\/OficinaVirtualRecaudacion?opAnterior=listadoTematico&amp;tema=\/TRIBUTS\/&amp;addRuta\" target=\"_blank\" rel=\"noopener noreferrer\">(Accedir)<\/a><\/p>\n<p><img decoding=\"async\" class=\"wp-image-2068 aligncenter size-full lazyload\" data-src=\"https:\/\/albal.es\/content-albal\/uploads\/2019\/12\/plan-avanza.jpg\" alt=\"\" width=\"631\" height=\"50\" data-srcset=\"https:\/\/albal.es\/content-albal\/uploads\/2019\/12\/plan-avanza.jpg 631w, https:\/\/albal.es\/content-albal\/uploads\/2019\/12\/plan-avanza-480x38.jpg 480w\" data-sizes=\"(min-width: 0px) and (max-width: 480px) 480px, (min-width: 481px) 631px, 100vw\" src=\"data:image\/svg+xml;base64,PHN2ZyB3aWR0aD0iMSIgaGVpZ2h0PSIxIiB4bWxucz0iaHR0cDovL3d3dy53My5vcmcvMjAwMC9zdmciPjwvc3ZnPg==\" style=\"--smush-placeholder-width: 631px; --smush-placeholder-aspect-ratio: 631\/50;\" \/>[\/et_pb_accordion_item][et_pb_accordion_item title=\u00bbMedidas tributarias COVID-19&#8243; _builder_version=\u00bb4.16&#8243; global_colors_info=\u00bb{}\u00bb open=\u00bboff\u00bb]<img decoding=\"async\" class=\"wp-image-8335 aligncenter size-full lazyload\" data-src=\"https:\/\/albal.es\/content-albal\/uploads\/2020\/06\/MedidasTributariasCOVID19-1.jpg\" alt=\"\" width=\"768\" height=\"1086\" data-srcset=\"https:\/\/albal.es\/content-albal\/uploads\/2020\/06\/MedidasTributariasCOVID19-1.jpg 768w, https:\/\/albal.es\/content-albal\/uploads\/2020\/06\/MedidasTributariasCOVID19-1-480x679.jpg 480w\" data-sizes=\"(min-width: 0px) and (max-width: 480px) 480px, (min-width: 481px) 768px, 100vw\" src=\"data:image\/svg+xml;base64,PHN2ZyB3aWR0aD0iMSIgaGVpZ2h0PSIxIiB4bWxucz0iaHR0cDovL3d3dy53My5vcmcvMjAwMC9zdmciPjwvc3ZnPg==\" style=\"--smush-placeholder-width: 768px; --smush-placeholder-aspect-ratio: 768\/1086;\" \/>[\/et_pb_accordion_item][et_pb_accordion_item title=\u00bbCalendario fiscal ejercicio 2024&#8243; _builder_version=\u00bb4.23.1&#8243; _module_preset=\u00bbdefault\u00bb global_colors_info=\u00bb{}\u00bb open=\u00bboff\u00bb]<\/p>\n<p><a href=\"https:\/\/albal.es\/content-albal\/uploads\/2024\/01\/CALENDARI-FISCAL-2024.pdf\" rel=\"attachment wp-att-54235\">Calendario fiscal ejercicio 2024<\/a><\/p>\n<p>[\/et_pb_accordion_item][et_pb_accordion_item title=\u00bbCalendario fiscal ejercicio 2025&#8243; _builder_version=\u00bb4.27.4&#8243; _module_preset=\u00bbdefault\u00bb global_colors_info=\u00bb{}\u00bb open=\u00bboff\u00bb]<\/p>\n<p><a class=\"pdf\" href=\"https:\/\/albal.es\/content-albal\/uploads\/2025\/01\/250109_Calendario-fiscal_2025_Web_2.pdf\" target=\"_blank\" rel=\"attachment noopener wp-att-58941\">Calendario Fiscal 2025<\/a><\/p>\n<p>[\/et_pb_accordion_item][et_pb_accordion_item _builder_version=\u00bb4.27.5&#8243; _module_preset=\u00bbdefault\u00bb title=\u00bbCalendario fiscal ejercicio 2026&#8243; hover_enabled=\u00bb0&#8243; sticky_enabled=\u00bb0&#8243;]<\/p>\n<p><a class=\"pdf\" href=\"https:\/\/albal.es\/content-albal\/uploads\/2026\/01\/Calendario_2026-para-web.pdf\" target=\"_blank\" rel=\"attachment noopener wp-att-63277\">Calendario fiscal<\/a><\/p>\n<p>[\/et_pb_accordion_item][\/et_pb_accordion][\/et_pb_column][et_pb_column type=\u00bb2_5&#8243; module_class=\u00bbcontent-impresos\u00bb _builder_version=\u00bb4.16&#8243; global_colors_info=\u00bb{}\u00bb][et_pb_text admin_label=\u00bbSolicitar domiciliacion bancaria recibo\u00bb module_class=\u00bbcaja-solicitud-lat\u00bb _builder_version=\u00bb4.16&#8243; _module_preset=\u00bbdefault\u00bb background_color=\u00bb#dcb747&#8243; custom_padding=\u00bb25px|30px|25px|30px|true|true\u00bb border_radii=\u00bbon|10px|10px|10px|10px\u00bb border_width_all=\u00bb3px\u00bb locked=\u00bbon\u00bb global_colors_info=\u00bb{}\u00bb]<\/p>\n<h3>Sol\u00b7licitar domiciliaci\u00f3 banc\u00e0ria de rebut<\/h3>\n<div>\n<p>Ompli tots els camps del formulari i farem la domiciliaci\u00f3 del rebut indicat.<\/p>\n<p><a href=\"https:\/\/albal.es\/es\/areas-y-servicios-2\/servicios-economicos\/gestion-tributaria\/domiciliacion-bancaria-de-recibos\/\">Sol\u00b7licitar<\/a><\/p>\n<\/div>\n<p>[\/et_pb_text][et_pb_text admin_label=\u00bbTitulo \u00abImpresos i enlla\u00e7os a Seu electr\u00f2nica\u00bb\u00bb _builder_version=\u00bb4.16&#8243; _module_preset=\u00bbdefault\u00bb locked=\u00bbon\u00bb global_colors_info=\u00bb{}\u00bb]<\/p>\n<h2>Impresos y enlaces a Sede electr\u00f3nica<\/h2>\n<p>[\/et_pb_text][et_pb_cpt_loop_archive loop_layout=\u00bb6282&#8243; show_pagination=\u00bboff\u00bb new_query=\u00bbon\u00bb post_type=\u00bbimpreso_tramit\u00bb posts_number=\u00bb999&#8243; include_meta=\u00bbpagina_de_destinacio\u00bb include_meta_terms=\u00bb598&#8243; hide_if_no_data=\u00bbon\u00bb order=\u00bbasc\u00bb admin_label=\u00bbImpresos i enlla\u00e7os a Seu Electronica\u00bb module_class=\u00bbcontent-impresos-dinamic\u00bb _builder_version=\u00bb4.16&#8243; headings_font_size=\u00bb36px\u00bb background_color=\u00bb#ffffff\u00bb border_radii=\u00bbon|8px|8px|8px|8px\u00bb border_width_all=\u00bb1px\u00bb border_color_all=\u00bb#cccccc\u00bb locked=\u00bbon\u00bb global_colors_info=\u00bb{}\u00bb][\/et_pb_cpt_loop_archive][et_pb_code module_class=\u00bbcontent-mostrar-impresos\u00bb _builder_version=\u00bb4.16&#8243; _module_preset=\u00bbdefault\u00bb locked=\u00bbon\u00bb global_colors_info=\u00bb{}\u00bb]<style>.et_pb_cpt_loop_archive.content-impresos-dinamic:before { content:\"Impresos y enlaces a Sede electr\u00f3nica\";}\t<\/style>[\/et_pb_code][\/et_pb_column][\/et_pb_row][et_pb_row disabled_on=\u00bboff|on|on\u00bb admin_label=\u00bbCarga solo en MOVIL\u00bb _builder_version=\u00bb4.16&#8243; custom_padding=\u00bb0px||||false|false\u00bb locked=\u00bboff\u00bb global_colors_info=\u00bb{}\u00bb][et_pb_column type=\u00bb4_4&#8243; _builder_version=\u00bb4.16&#8243; global_colors_info=\u00bb{}\u00bb][et_pb_text disabled_on=\u00bboff|off|off\u00bb admin_label=\u00bbAmic\u00bb module_class=\u00bbamic-cita\u00bb _builder_version=\u00bb4.16&#8243; header_4_font=\u00bb||||||||\u00bb header_4_text_color=\u00bb#c40038&#8243; custom_margin=\u00bb||0px||false|false\u00bb custom_padding=\u00bb||15px||false|false\u00bb saved_tabs=\u00bball\u00bb locked=\u00bbon\u00bb global_colors_info=\u00bb{}\u00bb]<\/p>\n<h3><img decoding=\"async\" class=\"wp-image-464 alignnone size-full lazyload\" data-src=\"https:\/\/albal.es\/content-albal\/uploads\/2019\/12\/logo-amic-2.png\" alt=\"\" width=\"135\" height=\"46\" src=\"data:image\/svg+xml;base64,PHN2ZyB3aWR0aD0iMSIgaGVpZ2h0PSIxIiB4bWxucz0iaHR0cDovL3d3dy53My5vcmcvMjAwMC9zdmciPjwvc3ZnPg==\" style=\"--smush-placeholder-width: 135px; --smush-placeholder-aspect-ratio: 135\/46;\" \/><\/h3>\n<h3>Atenci\u00f3 Municipal d&#8217;Informaci\u00f3 Ciutadana<\/h3>\n<h4>REGISTRES I SOL\u00b7LICITUDS<\/h4>\n<p>Pla\u00e7a del Jard\u00ed, 7. Ajuntament d&#8217;Albal &#8211; <strong>Planta baixa<\/strong><br \/>\nTel: <strong>96 126 00 56<\/strong> \u00b7 Fax: 96 127 08 61<\/p>\n<p><a class=\"bot-cita-previa\" href=\"https:\/\/citaprevia.albal.es:10090\/\" target=\"_blank\" rel=\"noopener noreferrer\">Cita pr\u00e8via<\/a><br \/>\n<a class=\"bot-seu-electronica\" href=\"https:\/\/albal.sede.dival.es\/\" target=\"_blank\" rel=\"noopener noreferrer\">Seu electr\u00f2nica<\/a>[\/et_pb_text][\/et_pb_column][\/et_pb_row][\/et_pb_section][et_pb_section fb_built=\u00bb1&#8243; admin_label=\u00bb(ancla) #informacion\u00bb module_id=\u00bbinformacion\u00bb _builder_version=\u00bb4.16&#8243; background_color=\u00bb#e2e1de\u00bb custom_padding=\u00bb50px||||false|false\u00bb border_width_top=\u00bb1px\u00bb border_color_top=\u00bb#cccccc\u00bb collapsed=\u00bboff\u00bb global_colors_info=\u00bb{}\u00bb][et_pb_row _builder_version=\u00bb4.16&#8243; background_color=\u00bbrgba(0,0,0,0)\u00bb custom_padding=\u00bb0px||||false|false\u00bb global_colors_info=\u00bb{}\u00bb][et_pb_column type=\u00bb4_4&#8243; _builder_version=\u00bb4.16&#8243; global_colors_info=\u00bb{}\u00bb][et_pb_text admin_label=\u00bbTitulo Informaci\u00f3\u00bb module_class=\u00bbtit-seccion\u00bb _builder_version=\u00bb4.16&#8243; locked=\u00bboff\u00bb global_colors_info=\u00bb{}\u00bb]<\/p>\n<h2><img decoding=\"async\" class=\"size-medium alignleft lazyload\" data-src=\"https:\/\/albal.es\/img\/iconos\/informacion-mostrador-45x45.svg\" alt=\"\" width=\"45\" height=\"45\" src=\"data:image\/svg+xml;base64,PHN2ZyB3aWR0aD0iMSIgaGVpZ2h0PSIxIiB4bWxucz0iaHR0cDovL3d3dy53My5vcmcvMjAwMC9zdmciPjwvc3ZnPg==\" style=\"--smush-placeholder-width: 45px; --smush-placeholder-aspect-ratio: 45\/45;\" \/>Informaci\u00f3<\/h2>\n<p>[\/et_pb_text][\/et_pb_column][\/et_pb_row][et_pb_row column_structure=\u00bb1_2,1_2&#8243; make_equal=\u00bbon\u00bb admin_label=\u00bbSolo un modulo por fila\u00bb _builder_version=\u00bb4.16&#8243; custom_padding=\u00bb0px||||false|false\u00bb global_colors_info=\u00bb{}\u00bb][et_pb_column type=\u00bb1_2&#8243; _builder_version=\u00bb4.16&#8243; border_width_bottom=\u00bb1px\u00bb border_color_bottom=\u00bb#cccccc\u00bb global_colors_info=\u00bb{}\u00bb][et_pb_text admin_label=\u00bbFuncions\u00bb _builder_version=\u00bb4.16&#8243; custom_padding=\u00bb||25px||false|false\u00bb global_colors_info=\u00bb{}\u00bb]<\/p>\n<h3>Funciones:<\/h3>\n<p>Elaboraci\u00f3n y mantenimiento de los padrones fiscales, as\u00ed como el control, redacci\u00f3n y actualizaci\u00f3n de las Ordenanzas fiscales.<\/p>\n<p>La Gesti\u00f3n Tributaria se encarga: de las liquidaciones tributarias, la resoluci\u00f3n de recursos y reclamaciones en materia tributaria , la tramitaci\u00f3n de las solicitudes de beneficios fiscales, duplicados de recibo y autoliquidaciones de impuestos.<\/p>\n<p>\u00c1reas de actuaci\u00f3n:<\/p>\n<ul>\n<li><strong>Impuestos<\/strong><\/li>\n<li><strong>Tasas<\/strong><\/li>\n<li><strong>Precios p\u00fablicos<\/strong><\/li>\n<li><strong>Contribuciones especiales<\/strong><\/li>\n<\/ul>\n<p>[\/et_pb_text][\/et_pb_column][et_pb_column type=\u00bb1_2&#8243; _builder_version=\u00bb4.16&#8243; border_width_bottom=\u00bb1px\u00bb border_color_bottom=\u00bb#cccccc\u00bb global_colors_info=\u00bb{}\u00bb][\/et_pb_column][\/et_pb_row][et_pb_row column_structure=\u00bb1_2,1_2&#8243; make_equal=\u00bbon\u00bb admin_label=\u00bbSolo un modulo por fila\u00bb _builder_version=\u00bb4.16&#8243; custom_padding=\u00bb0px||||false|false\u00bb global_colors_info=\u00bb{}\u00bb][et_pb_column type=\u00bb1_2&#8243; _builder_version=\u00bb4.16&#8243; border_width_bottom=\u00bb1px\u00bb border_color_bottom=\u00bb#cccccc\u00bb global_colors_info=\u00bb{}\u00bb][et_pb_text admin_label=\u00bbImpostos\u00bb _builder_version=\u00bb4.16&#8243; custom_padding=\u00bb||25px||false|false\u00bb global_colors_info=\u00bb{}\u00bb]<\/p>\n<h4><strong>Impuestos<\/strong><\/h4>\n<ul>\n<li><a class=\"enlace\" href=\"https:\/\/albal-ayto.es\/es\/areas-y-servicios-2\/servicios-economicos\/gestion-tributaria\/impuesto-sobre-bienes-inmuebles-de-naturaleza-urbana-y-rustica\/\" target=\"_self\" rel=\"noopener noreferrer\">I.B.I. urbana<\/a> (Impuesto sobre Bienes Inmuebles de Naturaleza Urbana)<\/li>\n<li><a class=\"enlace\" href=\"https:\/\/albal-ayto.es\/es\/areas-y-servicios-2\/servicios-economicos\/gestion-tributaria\/impuesto-sobre-bienes-inmuebles-de-naturaleza-urbana-y-rustica\/\" target=\"_self\" rel=\"noopener noreferrer\">I.B.I. r\u00fastica<\/a> (Impuesto sobre Bienes Inmuebles de Naturaleza R\u00fastica)<\/li>\n<li><a class=\"enlace\" href=\"https:\/\/albal-ayto.es\/es\/areas-y-servicios-2\/servicios-economicos\/gestion-tributaria\/impuesto-sobre-actividades-economicas\/\" target=\"_self\" rel=\"noopener noreferrer\">I.AA.EE.<\/a> (Impuesto sobre Actividades Econ\u00f3micas)<\/li>\n<li><a class=\"enlace\" href=\"https:\/\/albal-ayto.es\/es\/areas-y-servicios-2\/servicios-economicos\/gestion-tributaria\/impuesto-sobre-vehiculos-de-traccion-mecanica\/\" target=\"_self\" rel=\"noopener noreferrer\">I.V.T.M.<\/a> (Impuesto sobre Veh\u00edculos de Tracci\u00f3n Mec\u00e1nica)<\/li>\n<li><a class=\"enlace\" href=\"https:\/\/albal-ayto.es\/es\/areas-y-servicios-2\/servicios-economicos\/gestion-tributaria\/impuesto-sobre-el-incremento-de-valor-de-terrenos-de-naturaleza-urbana\/\" target=\"_self\" rel=\"noopener noreferrer\">I.V.T.N.U<\/a> (Impuesto sobre el Incremento de Valor de Terrenos de Naturaleza Urbana).<\/li>\n<li><a class=\"enlace\" href=\"https:\/\/albal-ayto.es\/es\/areas-y-servicios-2\/servicios-economicos\/gestion-tributaria\/impuesto-sobre-construcciones-instalaciones-y-obras\/\" target=\"_self\" rel=\"noopener noreferrer\">I.C.I.O.<\/a> (Impuesto sobre Construcciones, Instalaciones y Obras).<\/li>\n<\/ul>\n<p>[\/et_pb_text][\/et_pb_column][et_pb_column type=\u00bb1_2&#8243; _builder_version=\u00bb4.16&#8243; border_width_bottom=\u00bb1px\u00bb border_color_bottom=\u00bb#cccccc\u00bb global_colors_info=\u00bb{}\u00bb][et_pb_text admin_label=\u00bbTaxes\u00bb _builder_version=\u00bb4.16&#8243; custom_padding=\u00bb||25px||false|false\u00bb global_colors_info=\u00bb{}\u00bb]<\/p>\n<h4>Taxes<\/h4>\n<ul>\n<li><a class=\"enlace\" href=\"https:\/\/albal.es\/es\/areas-y-servicios-2\/servicios-economicos\/gestion-tributaria\/tasas-y-otros\/\" target=\"_self\" rel=\"noopener noreferrer\">Vados<\/a> (Taxa per entrada de vehicles a trav\u00e9s de les voreres i reserves de via p\u00fablica, aparcament, parada i c\u00e0rrega i desc\u00e0rrega de mercaderies).<\/li>\n<li><a class=\"enlace\" href=\"https:\/\/albal.es\/es\/areas-y-servicios-2\/servicios-economicos\/gestion-tributaria\/tasas-y-otros\/\" target=\"_self\" rel=\"noopener noreferrer\">Taules i cadires<\/a>\u00a0(Taxa per a l&#8217;ocupaci\u00f3 de terrenys d&#8217;\u00fas p\u00fablic amb taules i cadires amb finalitat lucrativa).<\/li>\n<\/ul>\n<p>[\/et_pb_text][\/et_pb_column][\/et_pb_row][\/et_pb_section][et_pb_section fb_built=\u00bb1&#8243; admin_label=\u00bb(ancla) #faq\u00bb module_id=\u00bbfaq\u00bb _builder_version=\u00bb4.16&#8243; background_color=\u00bb#dcb747&#8243; custom_padding=\u00bb50px||||false|false\u00bb collapsed=\u00bboff\u00bb global_colors_info=\u00bb{}\u00bb][et_pb_row _builder_version=\u00bb4.16&#8243; background_color=\u00bbrgba(0,0,0,0)\u00bb custom_padding=\u00bb0px||||false|false\u00bb locked=\u00bbon\u00bb global_colors_info=\u00bb{}\u00bb][et_pb_column type=\u00bb4_4&#8243; _builder_version=\u00bb4.16&#8243; global_colors_info=\u00bb{}\u00bb][et_pb_text admin_label=\u00bbTitulo Preguntes m\u00e9s freq\u00fcents\u00bb module_class=\u00bbtit-seccion\u00bb _builder_version=\u00bb4.16&#8243; header_2_text_color=\u00bb#ffffff\u00bb locked=\u00bboff\u00bb global_colors_info=\u00bb{}\u00bb]<\/p>\n<h2><img decoding=\"async\" class=\"size-medium alignleft lazyload\" data-src=\"https:\/\/albal.es\/img\/iconos\/preguntas-persona-45x45.svg\" alt=\"\" width=\"45\" height=\"45\" src=\"data:image\/svg+xml;base64,PHN2ZyB3aWR0aD0iMSIgaGVpZ2h0PSIxIiB4bWxucz0iaHR0cDovL3d3dy53My5vcmcvMjAwMC9zdmciPjwvc3ZnPg==\" style=\"--smush-placeholder-width: 45px; --smush-placeholder-aspect-ratio: 45\/45;\" \/>Preguntes m\u00e9s freq\u00fcents<\/h2>\n<p>[\/et_pb_text][\/et_pb_column][\/et_pb_row][et_pb_row column_structure=\u00bb1_2,1_2&#8243; make_equal=\u00bbon\u00bb admin_label=\u00bbSolo un modulo por fila\u00bb _builder_version=\u00bb4.16&#8243; custom_padding=\u00bb0px||||false|false\u00bb global_colors_info=\u00bb{}\u00bb][et_pb_column type=\u00bb1_2&#8243; _builder_version=\u00bb4.16&#8243; border_width_bottom=\u00bb1px\u00bb border_color_bottom=\u00bb#b09239&#8243; global_colors_info=\u00bb{}\u00bb][et_pb_text admin_label=\u00bbOn puc pagar un rebut?\u00bb _builder_version=\u00bb4.16&#8243; custom_padding=\u00bb||25px||false|false\u00bb global_colors_info=\u00bb{}\u00bb]<\/p>\n<h3>\u00bfD\u00f3nde puedo pagar un recibo?<\/h3>\n<p>En la parte posterior de los impresos de recibo figura una relaci\u00f3n de todas las entidades bancarias que colaboran con el Ayuntamiento de Albal para la recaudaci\u00f3n de tributos. De todas formas, las oficinas son: CAM, Caja Rural de Albal, La Caixa, Banco de Valencia, Barclays, Banco Popular, BBVA.[\/et_pb_text][\/et_pb_column][et_pb_column type=\u00bb1_2&#8243; _builder_version=\u00bb4.16&#8243; border_width_bottom=\u00bb1px\u00bb border_color_bottom=\u00bb#b09239&#8243; global_colors_info=\u00bb{}\u00bb][et_pb_text admin_label=\u00bbSi he perdut el meu rebut, on puc sol\u00b7licitar un duplicat del mateix?\u00bb _builder_version=\u00bb4.16&#8243; custom_padding=\u00bb||25px||false|false\u00bb global_colors_info=\u00bb{}\u00bb]<\/p>\n<h3>Si he perdido mi recibo, \u00bfd\u00f3nde puedo solicitar un duplicado del mismo?<\/h3>\n<p>Puede personarse en las oficinas municipales (1\u00aa planta) y solicitar un duplicado del recibo que no encuentra. O bien, si lo prefiere, puede solicitarlo mediante los formularios que est\u00e1n en cada una de las secciones a tal efecto.[\/et_pb_text][\/et_pb_column][\/et_pb_row][et_pb_row column_structure=\u00bb1_2,1_2&#8243; make_equal=\u00bbon\u00bb admin_label=\u00bbSolo un modulo por fila\u00bb _builder_version=\u00bb4.16&#8243; custom_padding=\u00bb0px||||false|false\u00bb global_colors_info=\u00bb{}\u00bb][et_pb_column type=\u00bb1_2&#8243; _builder_version=\u00bb4.16&#8243; border_width_bottom=\u00bb1px\u00bb border_color_bottom=\u00bb#b09239&#8243; global_colors_info=\u00bb{}\u00bb][et_pb_text admin_label=\u00bbNecessite una c\u00f2pia d&#8217;un rebut\u00bb _builder_version=\u00bb4.16&#8243; custom_padding=\u00bb||25px||false|false\u00bb global_colors_info=\u00bb{}\u00bb]<\/p>\n<h3>Necesito una copia de un recibo que pagu\u00e9 en ejercicios anteriores, \u00bfd\u00f3nde puedo solicitarla?<\/h3>\n<p>Puede personarse en las oficinas municipales (1\u00aa planta) y solicitar un duplicado del recibo que no encuentra. O bien, si lo prefiere, puede solicitarlo mediante los formularios que est\u00e1n en cada una de las secciones a tal efecto.[\/et_pb_text][\/et_pb_column][et_pb_column type=\u00bb1_2&#8243; _builder_version=\u00bb4.16&#8243; border_width_bottom=\u00bb1px\u00bb border_color_bottom=\u00bb#b09239&#8243; global_colors_info=\u00bb{}\u00bb][\/et_pb_column][\/et_pb_row][\/et_pb_section]<\/p>\n","protected":false},"excerpt":{"rendered":"<p>Areas y servicios | SERVICIOS ECON\u00d3MICOS Gesti\u00f3n TributariaInformaci\u00f3n de Inter\u00e9s:Ubicaci\u00f3n\u200b: 2\u00aa planta del Ayuntamiento, Plaza del Jard\u00ed, 7. Responsable: Mar\u00eda Isabel Benajes Garc\u00eda.\u00a0 \u00a0maribel.benajes@albal.es Tramitaci\u00f3n presencial: Los tr\u00e1mites de esta \u00e1rea se han de realizar de manera presencial en el departamento AMIC del Ayuntamiento.Consultas y dudas: Atenci\u00f3 Municipal d&#8217;Informaci\u00f3 Ciutadana REGISTRES I SOL\u00b7LICITUDS Pla\u00e7a del Jard\u00ed, 7. Ajuntament d&#8217;Albal &#8211; Planta baixa Tel: 96 126 00 56 \u00b7 Fax: 96 127 08 61 Cita pr\u00e8via Seu electr\u00f2nicaAvisos, convocatorias y tr\u00e1mites activos<style>.et_pb_cpt_loop_archive.tramites-activos-pag:before { content:\"Avisos, convocatorias y tr\u00e1mites activos\";}<\/style>Informaci\u00f3, tr\u00e0mits i impresosCalendario fiscal 2023Ja est\u00e0 disponible la nova Oficina Virtual de Recaptaci\u00f3 d&#8217;este Ajuntament per a la realitzaci\u00f3, de forma segura, de les gestions m\u00e9s comunes referents a esta mat\u00e8ria.\u00a0(Accedir) Calendario fiscal ejercicio 2024Calendario Fiscal 2025Calendario fiscalSol\u00b7licitar domiciliaci\u00f3 banc\u00e0ria de rebut Ompli tots els camps del formulari i farem la domiciliaci\u00f3 del rebut indicat. Sol\u00b7licitar Impresos y enlaces a Sede electr\u00f3nica<style>.et_pb_cpt_loop_archive.content-impresos-dinamic:before { content:\"Impresos y enlaces a Sede electr\u00f3nica\";}\t<\/style> Atenci\u00f3 Municipal d&#8217;Informaci\u00f3 Ciutadana REGISTRES I SOL\u00b7LICITUDS Pla\u00e7a del Jard\u00ed, 7. Ajuntament d&#8217;Albal &#8211; Planta baixa Tel: 96 126 00 56 \u00b7 Fax: 96 127 08 61 Cita pr\u00e8via Seu electr\u00f2nicaInformaci\u00f3Funciones: Elaboraci\u00f3n y mantenimiento de los padrones fiscales, as\u00ed como el control, redacci\u00f3n y actualizaci\u00f3n de las Ordenanzas fiscales. La Gesti\u00f3n Tributaria se encarga: de las liquidaciones [&hellip;]<\/p>\n","protected":false},"author":21,"featured_media":0,"parent":766,"menu_order":3,"comment_status":"closed","ping_status":"closed","template":"","meta":{"_acf_changed":false,"_et_pb_use_builder":"on","_et_pb_old_content":"","_et_gb_content_width":"","footnotes":""},"coauthors":[75],"class_list":["post-600","page","type-page","status-publish","hentry"],"acf":[],"yoast_head":"<!-- This site is optimized with the Yoast SEO plugin v27.4 - https:\/\/yoast.com\/product\/yoast-seo-wordpress\/ -->\n<title>Gesti\u00f3n tributaria - Ayuntamiento de Albal (Valencia)<\/title>\n<meta name=\"robots\" content=\"index, follow, max-snippet:-1, max-image-preview:large, max-video-preview:-1\" \/>\n<link rel=\"canonical\" href=\"https:\/\/albal.es\/es\/areas-y-servicios-2\/servicios-economicos\/gestion-tributaria\/\" \/>\n<meta property=\"og:locale\" content=\"es_ES\" \/>\n<meta property=\"og:type\" content=\"article\" \/>\n<meta property=\"og:title\" content=\"Gesti\u00f3n tributaria - Ayuntamiento de Albal (Valencia)\" \/>\n<meta property=\"og:description\" content=\"Areas y servicios | SERVICIOS ECON\u00d3MICOS Gesti\u00f3n TributariaInformaci\u00f3n de Inter\u00e9s:Ubicaci\u00f3n\u200b: 2\u00aa planta del Ayuntamiento, Plaza del Jard\u00ed, 7. Responsable: Mar\u00eda Isabel Benajes Garc\u00eda.\u00a0 \u00a0maribel.benajes@albal.es Tramitaci\u00f3n presencial: Los tr\u00e1mites de esta \u00e1rea se han de realizar de manera presencial en el departamento AMIC del Ayuntamiento.Consultas y dudas: Atenci\u00f3 Municipal d&#039;Informaci\u00f3 Ciutadana REGISTRES I SOL\u00b7LICITUDS Pla\u00e7a del Jard\u00ed, 7. Ajuntament d&#039;Albal - Planta baixa Tel: 96 126 00 56 \u00b7 Fax: 96 127 08 61 Cita pr\u00e8via Seu electr\u00f2nicaAvisos, convocatorias y tr\u00e1mites activosInformaci\u00f3, tr\u00e0mits i impresosCalendario fiscal 2023Ja est\u00e0 disponible la nova Oficina Virtual de Recaptaci\u00f3 d&#039;este Ajuntament per a la realitzaci\u00f3, de forma segura, de les gestions m\u00e9s comunes referents a esta mat\u00e8ria.\u00a0(Accedir) Calendario fiscal ejercicio 2024Calendario Fiscal 2025Calendario fiscalSol\u00b7licitar domiciliaci\u00f3 banc\u00e0ria de rebut Ompli tots els camps del formulari i farem la domiciliaci\u00f3 del rebut indicat. Sol\u00b7licitar Impresos y enlaces a Sede electr\u00f3nica Atenci\u00f3 Municipal d&#039;Informaci\u00f3 Ciutadana REGISTRES I SOL\u00b7LICITUDS Pla\u00e7a del Jard\u00ed, 7. Ajuntament d&#039;Albal - Planta baixa Tel: 96 126 00 56 \u00b7 Fax: 96 127 08 61 Cita pr\u00e8via Seu electr\u00f2nicaInformaci\u00f3Funciones: Elaboraci\u00f3n y mantenimiento de los padrones fiscales, as\u00ed como el control, redacci\u00f3n y actualizaci\u00f3n de las Ordenanzas fiscales. La Gesti\u00f3n Tributaria se encarga: de las liquidaciones [&hellip;]\" \/>\n<meta property=\"og:site_name\" content=\"Ajuntament d&#039;Albal\" \/>\n<meta property=\"article:publisher\" content=\"https:\/\/facebook.com\/AjuntamentAlbal\/\" \/>\n<meta property=\"article:modified_time\" content=\"2026-01-21T10:36:29+00:00\" \/>\n<meta property=\"og:image\" content=\"https:\/\/albal.es\/content-albal\/uploads\/2019\/12\/logo-amic-2.png\" \/>\n\t<meta property=\"og:image:width\" content=\"135\" \/>\n\t<meta property=\"og:image:height\" content=\"46\" \/>\n\t<meta property=\"og:image:type\" content=\"image\/png\" \/>\n<meta name=\"twitter:card\" content=\"summary_large_image\" \/>\n<meta name=\"twitter:label1\" content=\"Tiempo de lectura\" \/>\n\t<meta name=\"twitter:data1\" content=\"7 minutos\" \/>\n\t<meta name=\"twitter:label2\" content=\"Written by\" \/>\n\t<meta name=\"twitter:data2\" content=\"Gonzalo Galiana\" \/>\n<script type=\"application\/ld+json\" class=\"yoast-schema-graph\">{\"@context\":\"https:\\\/\\\/schema.org\",\"@graph\":[{\"@type\":\"WebPage\",\"@id\":\"https:\\\/\\\/albal.es\\\/es\\\/areas-y-servicios-2\\\/servicios-economicos\\\/gestion-tributaria\\\/\",\"url\":\"https:\\\/\\\/albal.es\\\/es\\\/areas-y-servicios-2\\\/servicios-economicos\\\/gestion-tributaria\\\/\",\"name\":\"Gesti\u00f3n tributaria - Ayuntamiento de Albal (Valencia)\",\"isPartOf\":{\"@id\":\"https:\\\/\\\/albal.es\\\/es\\\/#website\"},\"primaryImageOfPage\":{\"@id\":\"https:\\\/\\\/albal.es\\\/es\\\/areas-y-servicios-2\\\/servicios-economicos\\\/gestion-tributaria\\\/#primaryimage\"},\"image\":{\"@id\":\"https:\\\/\\\/albal.es\\\/es\\\/areas-y-servicios-2\\\/servicios-economicos\\\/gestion-tributaria\\\/#primaryimage\"},\"thumbnailUrl\":\"https:\\\/\\\/albal.es\\\/content-albal\\\/uploads\\\/2019\\\/12\\\/logo-amic-2.png\",\"datePublished\":\"2019-12-10T12:17:53+00:00\",\"dateModified\":\"2026-01-21T10:36:29+00:00\",\"breadcrumb\":{\"@id\":\"https:\\\/\\\/albal.es\\\/es\\\/areas-y-servicios-2\\\/servicios-economicos\\\/gestion-tributaria\\\/#breadcrumb\"},\"inLanguage\":\"es\",\"potentialAction\":[{\"@type\":\"ReadAction\",\"target\":[\"https:\\\/\\\/albal.es\\\/es\\\/areas-y-servicios-2\\\/servicios-economicos\\\/gestion-tributaria\\\/\"]}]},{\"@type\":\"ImageObject\",\"inLanguage\":\"es\",\"@id\":\"https:\\\/\\\/albal.es\\\/es\\\/areas-y-servicios-2\\\/servicios-economicos\\\/gestion-tributaria\\\/#primaryimage\",\"url\":\"https:\\\/\\\/albal.es\\\/content-albal\\\/uploads\\\/2019\\\/12\\\/logo-amic-2.png\",\"contentUrl\":\"https:\\\/\\\/albal.es\\\/content-albal\\\/uploads\\\/2019\\\/12\\\/logo-amic-2.png\"},{\"@type\":\"BreadcrumbList\",\"@id\":\"https:\\\/\\\/albal.es\\\/es\\\/areas-y-servicios-2\\\/servicios-economicos\\\/gestion-tributaria\\\/#breadcrumb\",\"itemListElement\":[{\"@type\":\"ListItem\",\"position\":1,\"name\":\"Inici\",\"item\":\"https:\\\/\\\/albal.es\\\/es\\\/\"},{\"@type\":\"ListItem\",\"position\":2,\"name\":\"\u00c1reas y Servicios\",\"item\":\"https:\\\/\\\/albal.es\\\/es\\\/areas-y-servicios-2\\\/\"},{\"@type\":\"ListItem\",\"position\":3,\"name\":\"Servicios Econ\u00f3micos\",\"item\":\"https:\\\/\\\/albal.es\\\/es\\\/areas-y-servicios-2\\\/servicios-economicos\\\/\"},{\"@type\":\"ListItem\",\"position\":4,\"name\":\"Gesti\u00f3n tributaria\"}]},{\"@type\":\"WebSite\",\"@id\":\"https:\\\/\\\/albal.es\\\/es\\\/#website\",\"url\":\"https:\\\/\\\/albal.es\\\/es\\\/\",\"name\":\"Ajuntament d&#039;Albal\",\"description\":\"Ajuntament d&#039;Albal\",\"publisher\":{\"@id\":\"https:\\\/\\\/albal.es\\\/es\\\/#organization\"},\"potentialAction\":[{\"@type\":\"SearchAction\",\"target\":{\"@type\":\"EntryPoint\",\"urlTemplate\":\"https:\\\/\\\/albal.es\\\/es\\\/?s={search_term_string}\"},\"query-input\":{\"@type\":\"PropertyValueSpecification\",\"valueRequired\":true,\"valueName\":\"search_term_string\"}}],\"inLanguage\":\"es\"},{\"@type\":\"Organization\",\"@id\":\"https:\\\/\\\/albal.es\\\/es\\\/#organization\",\"name\":\"Ajuntament d'Albal - Valencia\",\"url\":\"https:\\\/\\\/albal.es\\\/es\\\/\",\"logo\":{\"@type\":\"ImageObject\",\"inLanguage\":\"es\",\"@id\":\"https:\\\/\\\/albal.es\\\/es\\\/#\\\/schema\\\/logo\\\/image\\\/\",\"url\":\"https:\\\/\\\/albal.es\\\/content-albal\\\/uploads\\\/2020\\\/06\\\/logo-ayuntamiento-albal.png\",\"contentUrl\":\"https:\\\/\\\/albal.es\\\/content-albal\\\/uploads\\\/2020\\\/06\\\/logo-ayuntamiento-albal.png\",\"width\":367,\"height\":332,\"caption\":\"Ajuntament d'Albal - Valencia\"},\"image\":{\"@id\":\"https:\\\/\\\/albal.es\\\/es\\\/#\\\/schema\\\/logo\\\/image\\\/\"},\"sameAs\":[\"https:\\\/\\\/facebook.com\\\/AjuntamentAlbal\\\/\"]}]}<\/script>\n<!-- \/ Yoast SEO plugin. -->","yoast_head_json":{"title":"Gesti\u00f3n tributaria - Ayuntamiento de Albal (Valencia)","robots":{"index":"index","follow":"follow","max-snippet":"max-snippet:-1","max-image-preview":"max-image-preview:large","max-video-preview":"max-video-preview:-1"},"canonical":"https:\/\/albal.es\/es\/areas-y-servicios-2\/servicios-economicos\/gestion-tributaria\/","og_locale":"es_ES","og_type":"article","og_title":"Gesti\u00f3n tributaria - Ayuntamiento de Albal (Valencia)","og_description":"Areas y servicios | SERVICIOS ECON\u00d3MICOS Gesti\u00f3n TributariaInformaci\u00f3n de Inter\u00e9s:Ubicaci\u00f3n\u200b: 2\u00aa planta del Ayuntamiento, Plaza del Jard\u00ed, 7. Responsable: Mar\u00eda Isabel Benajes Garc\u00eda.\u00a0 \u00a0maribel.benajes@albal.es Tramitaci\u00f3n presencial: Los tr\u00e1mites de esta \u00e1rea se han de realizar de manera presencial en el departamento AMIC del Ayuntamiento.Consultas y dudas: Atenci\u00f3 Municipal d'Informaci\u00f3 Ciutadana REGISTRES I SOL\u00b7LICITUDS Pla\u00e7a del Jard\u00ed, 7. Ajuntament d'Albal - Planta baixa Tel: 96 126 00 56 \u00b7 Fax: 96 127 08 61 Cita pr\u00e8via Seu electr\u00f2nicaAvisos, convocatorias y tr\u00e1mites activosInformaci\u00f3, tr\u00e0mits i impresosCalendario fiscal 2023Ja est\u00e0 disponible la nova Oficina Virtual de Recaptaci\u00f3 d'este Ajuntament per a la realitzaci\u00f3, de forma segura, de les gestions m\u00e9s comunes referents a esta mat\u00e8ria.\u00a0(Accedir) Calendario fiscal ejercicio 2024Calendario Fiscal 2025Calendario fiscalSol\u00b7licitar domiciliaci\u00f3 banc\u00e0ria de rebut Ompli tots els camps del formulari i farem la domiciliaci\u00f3 del rebut indicat. Sol\u00b7licitar Impresos y enlaces a Sede electr\u00f3nica Atenci\u00f3 Municipal d'Informaci\u00f3 Ciutadana REGISTRES I SOL\u00b7LICITUDS Pla\u00e7a del Jard\u00ed, 7. Ajuntament d'Albal - Planta baixa Tel: 96 126 00 56 \u00b7 Fax: 96 127 08 61 Cita pr\u00e8via Seu electr\u00f2nicaInformaci\u00f3Funciones: Elaboraci\u00f3n y mantenimiento de los padrones fiscales, as\u00ed como el control, redacci\u00f3n y actualizaci\u00f3n de las Ordenanzas fiscales. La Gesti\u00f3n Tributaria se encarga: de las liquidaciones [&hellip;]","og_site_name":"Ajuntament d&#039;Albal","article_publisher":"https:\/\/facebook.com\/AjuntamentAlbal\/","article_modified_time":"2026-01-21T10:36:29+00:00","og_image":[{"width":135,"height":46,"url":"https:\/\/albal.es\/content-albal\/uploads\/2019\/12\/logo-amic-2.png","type":"image\/png"}],"twitter_card":"summary_large_image","twitter_misc":{"Tiempo de lectura":"7 minutos","Written by":"Gonzalo Galiana"},"schema":{"@context":"https:\/\/schema.org","@graph":[{"@type":"WebPage","@id":"https:\/\/albal.es\/es\/areas-y-servicios-2\/servicios-economicos\/gestion-tributaria\/","url":"https:\/\/albal.es\/es\/areas-y-servicios-2\/servicios-economicos\/gestion-tributaria\/","name":"Gesti\u00f3n tributaria - Ayuntamiento de Albal (Valencia)","isPartOf":{"@id":"https:\/\/albal.es\/es\/#website"},"primaryImageOfPage":{"@id":"https:\/\/albal.es\/es\/areas-y-servicios-2\/servicios-economicos\/gestion-tributaria\/#primaryimage"},"image":{"@id":"https:\/\/albal.es\/es\/areas-y-servicios-2\/servicios-economicos\/gestion-tributaria\/#primaryimage"},"thumbnailUrl":"https:\/\/albal.es\/content-albal\/uploads\/2019\/12\/logo-amic-2.png","datePublished":"2019-12-10T12:17:53+00:00","dateModified":"2026-01-21T10:36:29+00:00","breadcrumb":{"@id":"https:\/\/albal.es\/es\/areas-y-servicios-2\/servicios-economicos\/gestion-tributaria\/#breadcrumb"},"inLanguage":"es","potentialAction":[{"@type":"ReadAction","target":["https:\/\/albal.es\/es\/areas-y-servicios-2\/servicios-economicos\/gestion-tributaria\/"]}]},{"@type":"ImageObject","inLanguage":"es","@id":"https:\/\/albal.es\/es\/areas-y-servicios-2\/servicios-economicos\/gestion-tributaria\/#primaryimage","url":"https:\/\/albal.es\/content-albal\/uploads\/2019\/12\/logo-amic-2.png","contentUrl":"https:\/\/albal.es\/content-albal\/uploads\/2019\/12\/logo-amic-2.png"},{"@type":"BreadcrumbList","@id":"https:\/\/albal.es\/es\/areas-y-servicios-2\/servicios-economicos\/gestion-tributaria\/#breadcrumb","itemListElement":[{"@type":"ListItem","position":1,"name":"Inici","item":"https:\/\/albal.es\/es\/"},{"@type":"ListItem","position":2,"name":"\u00c1reas y Servicios","item":"https:\/\/albal.es\/es\/areas-y-servicios-2\/"},{"@type":"ListItem","position":3,"name":"Servicios Econ\u00f3micos","item":"https:\/\/albal.es\/es\/areas-y-servicios-2\/servicios-economicos\/"},{"@type":"ListItem","position":4,"name":"Gesti\u00f3n tributaria"}]},{"@type":"WebSite","@id":"https:\/\/albal.es\/es\/#website","url":"https:\/\/albal.es\/es\/","name":"Ajuntament d&#039;Albal","description":"Ajuntament d&#039;Albal","publisher":{"@id":"https:\/\/albal.es\/es\/#organization"},"potentialAction":[{"@type":"SearchAction","target":{"@type":"EntryPoint","urlTemplate":"https:\/\/albal.es\/es\/?s={search_term_string}"},"query-input":{"@type":"PropertyValueSpecification","valueRequired":true,"valueName":"search_term_string"}}],"inLanguage":"es"},{"@type":"Organization","@id":"https:\/\/albal.es\/es\/#organization","name":"Ajuntament d'Albal - Valencia","url":"https:\/\/albal.es\/es\/","logo":{"@type":"ImageObject","inLanguage":"es","@id":"https:\/\/albal.es\/es\/#\/schema\/logo\/image\/","url":"https:\/\/albal.es\/content-albal\/uploads\/2020\/06\/logo-ayuntamiento-albal.png","contentUrl":"https:\/\/albal.es\/content-albal\/uploads\/2020\/06\/logo-ayuntamiento-albal.png","width":367,"height":332,"caption":"Ajuntament d'Albal - Valencia"},"image":{"@id":"https:\/\/albal.es\/es\/#\/schema\/logo\/image\/"},"sameAs":["https:\/\/facebook.com\/AjuntamentAlbal\/"]}]}},"publishpress_future_workflow_manual_trigger":{"enabledWorkflows":[]},"_links":{"self":[{"href":"https:\/\/albal.es\/es\/wp-json\/wp\/v2\/pages\/600","targetHints":{"allow":["GET"]}}],"collection":[{"href":"https:\/\/albal.es\/es\/wp-json\/wp\/v2\/pages"}],"about":[{"href":"https:\/\/albal.es\/es\/wp-json\/wp\/v2\/types\/page"}],"author":[{"embeddable":true,"href":"https:\/\/albal.es\/es\/wp-json\/wp\/v2\/users\/21"}],"replies":[{"embeddable":true,"href":"https:\/\/albal.es\/es\/wp-json\/wp\/v2\/comments?post=600"}],"version-history":[{"count":0,"href":"https:\/\/albal.es\/es\/wp-json\/wp\/v2\/pages\/600\/revisions"}],"up":[{"embeddable":true,"href":"https:\/\/albal.es\/es\/wp-json\/wp\/v2\/pages\/766"}],"wp:attachment":[{"href":"https:\/\/albal.es\/es\/wp-json\/wp\/v2\/media?parent=600"}],"wp:term":[{"taxonomy":"author","embeddable":true,"href":"https:\/\/albal.es\/es\/wp-json\/wp\/v2\/coauthors?post=600"}],"curies":[{"name":"wp","href":"https:\/\/api.w.org\/{rel}","templated":true}]}}