

{"id":592,"date":"2019-12-10T13:07:05","date_gmt":"2019-12-10T12:07:05","guid":{"rendered":"https:\/\/albal.es\/?page_id=592"},"modified":"2023-04-03T09:01:03","modified_gmt":"2023-04-03T07:01:03","slug":"intervencion","status":"publish","type":"page","link":"https:\/\/albal.es\/es\/areas-y-servicios-2\/servicios-economicos\/intervencion\/","title":{"rendered":"Intervenci\u00f3n"},"content":{"rendered":"<p>[et_pb_section fb_built=\u00bb1&#8243; custom_padding_last_edited=\u00bbon|phone\u00bb admin_label=\u00bbcontent-cab-area\u00bb module_class=\u00bbcontent-cab-area\u00bb _builder_version=\u00bb4.16&#8243; background_color=\u00bb#fafafa\u00bb custom_padding=\u00bb15px||25px||false|false\u00bb custom_padding_tablet=\u00bb\u00bb custom_padding_phone=\u00bb||0px||false|false\u00bb collapsed=\u00bboff\u00bb global_colors_info=\u00bb{}\u00bb][et_pb_row disabled_on=\u00bbon|off|off\u00bb admin_label=\u00bbDesabilitado en moviles (Content migas pan)\u00bb _builder_version=\u00bb4.16&#8243; custom_padding=\u00bb0px||0px||false|false\u00bb locked=\u00bbon\u00bb collapsed=\u00bbon\u00bb global_colors_info=\u00bb{}\u00bb][et_pb_column type=\u00bb4_4&#8243; _builder_version=\u00bb4.16&#8243; global_colors_info=\u00bb{}\u00bb][et_pb_dmb_breadcrumbs admin_label=\u00bbMigas pan\u00bb font_icon=\u00bb%%20%%\u00bb use_home_icon=\u00bboff\u00bb use_home_text=\u00bbon\u00bb home_text=\u00bbInici\u00bb _builder_version=\u00bb4.16&#8243; global_colors_info=\u00bb{}\u00bb][\/et_pb_dmb_breadcrumbs][\/et_pb_column][\/et_pb_row][et_pb_row column_structure=\u00bb1_3,1_3,1_3&#8243; use_custom_gutter=\u00bbon\u00bb make_equal=\u00bbon\u00bb custom_padding_last_edited=\u00bbon|phone\u00bb admin_label=\u00bbcab-area\u00bb module_class=\u00bbcab-area\u00bb _builder_version=\u00bb4.16&#8243; background_enable_image=\u00bboff\u00bb background_size=\u00bbinitial\u00bb background_position=\u00bbcenter_left\u00bb custom_padding=\u00bb25px||0px||false|false\u00bb custom_padding_tablet=\u00bb\u00bb custom_padding_phone=\u00bb15px||||false|false\u00bb border_width_left_tablet=\u00bb\u00bb border_width_left_phone=\u00bb0px\u00bb border_width_left_last_edited=\u00bbon|desktop\u00bb locked=\u00bboff\u00bb collapsed=\u00bboff\u00bb global_colors_info=\u00bb{}\u00bb][et_pb_column type=\u00bb1_3&#8243; module_class=\u00bbcontent-tit-area\u00bb _builder_version=\u00bb4.16&#8243; global_colors_info=\u00bb{}\u00bb][et_pb_text admin_label=\u00bbH4, H1&#8243; module_class=\u00bbtit-area\u00bb _builder_version=\u00bb4.16&#8243; custom_margin=\u00bb||20px||false|false\u00bb locked=\u00bbon\u00bb global_colors_info=\u00bb{}\u00bb]<\/p>\n<h4>\u00c1reas y servicios | SERVICIOS ECON\u00d2MICOS<\/h4>\n<h1>Fiscalizaci\u00f3n y Presupuestos<\/h1>\n<p>[\/et_pb_text][et_pb_text admin_label=\u00bbIntro\u00bb module_class=\u00bbtit-area\u00bb _builder_version=\u00bb4.16&#8243; global_colors_info=\u00bb{}\u00bb]Intervenci\u00f3n, Fiscalizaci\u00f3n y Presupuestos[\/et_pb_text][\/et_pb_column][et_pb_column type=\u00bb1_3&#8243; module_class=\u00bbcontent-info-interes\u00bb disabled_on=\u00bbon|off|off\u00bb _builder_version=\u00bb4.16&#8243; custom_padding=\u00bb|||30px|false|false\u00bb custom_padding_tablet=\u00bb\u00bb custom_padding_phone=\u00bb|0px||0px|false|false\u00bb custom_padding_last_edited=\u00bbon|desktop\u00bb border_width_left=\u00bb1px\u00bb border_color_left=\u00bb#cccccc\u00bb border_radii_tablet=\u00bb\u00bb border_radii_phone=\u00bb\u00bb border_radii_last_edited=\u00bbon|phone\u00bb border_width_left_tablet=\u00bb\u00bb border_width_left_phone=\u00bb\u00bb border_width_left_last_edited=\u00bbon|phone\u00bb global_colors_info=\u00bb{}\u00bb][et_pb_text admin_label=\u00bbInformacio d&#8217;interes\u00bb module_class=\u00bbtit-info-interes-cab\u00bb _builder_version=\u00bb4.16&#8243; locked=\u00bbon\u00bb global_colors_info=\u00bb{}\u00bb]Informaci\u00f3n de Inter\u00e9s:<br \/>\n[\/et_pb_text][et_pb_text admin_label=\u00bbinformacio\u00bb _builder_version=\u00bb4.16&#8243; global_colors_info=\u00bb{}\u00bb]<\/p>\n<h3>Ubicaci\u00f3n\u200b:<\/h3>\n<p>1\u00aa planta edificio del Ayuntamiento, Pla\u00e7a del Jard\u00ed, 7<\/p>\n<p><strong>Interventora<\/strong>: Amparo Ll\u00e1cer Gimeno.[\/et_pb_text][et_pb_cta button_url=\u00bbhttps:\/\/albal.es\/es\/contacto-albal\/\u00bb button_text=\u00bbContacto\u00bb admin_label=\u00bbBoton contacto\u00bb module_class=\u00bbboton-consultas-cab\u00bb _builder_version=\u00bb4.16&#8243; background_enable_color=\u00bboff\u00bb text_orientation=\u00bbleft\u00bb background_layout=\u00bblight\u00bb custom_padding=\u00bb0px|0px|0px|0px|true|true\u00bb locked=\u00bbon\u00bb global_colors_info=\u00bb{}\u00bb]<\/p>\n<h3>Consultas y dudas:<\/h3>\n<p>[\/et_pb_cta][\/et_pb_column][et_pb_column type=\u00bb1_3&#8243; module_class=\u00bbcontent-info-interes-dos\u00bb disabled_on=\u00bbon|off|off\u00bb _builder_version=\u00bb4.16&#8243; custom_padding=\u00bb|||30px|false|false\u00bb custom_padding_tablet=\u00bb|||0px|false|false\u00bb custom_padding_phone=\u00bb|0px||0px|false|false\u00bb custom_padding_last_edited=\u00bbon|desktop\u00bb border_width_left=\u00bb1px\u00bb border_color_left=\u00bb#cccccc\u00bb border_width_left_tablet=\u00bb\u00bb border_width_left_phone=\u00bb\u00bb border_width_left_last_edited=\u00bbon|desktop\u00bb global_colors_info=\u00bb{}\u00bb][et_pb_text disabled_on=\u00bboff|off|off\u00bb admin_label=\u00bbAmic\u00bb module_class=\u00bbamic-cita\u00bb _builder_version=\u00bb4.16&#8243; header_4_font=\u00bb||||||||\u00bb header_4_text_color=\u00bb#c40038&#8243; custom_margin=\u00bb||0px||false|false\u00bb custom_padding=\u00bb||15px||false|false\u00bb saved_tabs=\u00bball\u00bb locked=\u00bbon\u00bb global_colors_info=\u00bb{}\u00bb]<\/p>\n<h3><img decoding=\"async\" class=\"wp-image-464 alignnone size-full lazyload\" data-src=\"https:\/\/albal.es\/content-albal\/uploads\/2019\/12\/logo-amic-2.png\" alt=\"\" width=\"135\" height=\"46\" src=\"data:image\/svg+xml;base64,PHN2ZyB3aWR0aD0iMSIgaGVpZ2h0PSIxIiB4bWxucz0iaHR0cDovL3d3dy53My5vcmcvMjAwMC9zdmciPjwvc3ZnPg==\" style=\"--smush-placeholder-width: 135px; --smush-placeholder-aspect-ratio: 135\/46;\" \/><\/h3>\n<h3>Atenci\u00f3 Municipal d&#8217;Informaci\u00f3 Ciutadana<\/h3>\n<h4>REGISTRES I SOL\u00b7LICITUDS<\/h4>\n<p>Pla\u00e7a del Jard\u00ed, 7. Ajuntament d&#8217;Albal &#8211; <strong>Planta baixa<\/strong><br \/>\nTel: <strong>96 126 00 56<\/strong> \u00b7 Fax: 96 127 08 61<\/p>\n<p><a class=\"bot-cita-previa\" href=\"https:\/\/citaprevia.albal.es:10080\/\" target=\"_blank\" rel=\"noopener noreferrer\">Cita pr\u00e8via<\/a><br \/>\n<a class=\"bot-seu-electronica\" href=\"https:\/\/albal.sede.dival.es\/\" target=\"_blank\" rel=\"noopener noreferrer\">Seu electr\u00f2nica<\/a>[\/et_pb_text][\/et_pb_column][\/et_pb_row][\/et_pb_section][et_pb_section fb_built=\u00bb1&#8243; admin_label=\u00bb(ancla) #tramites\u00bb module_id=\u00bbtr\u00e1mites\u00bb _builder_version=\u00bb4.16&#8243; background_color=\u00bb#e2e1de\u00bb custom_padding=\u00bb50px||||false|false\u00bb collapsed=\u00bboff\u00bb global_colors_info=\u00bb{}\u00bb][et_pb_row admin_label=\u00bb.content-avisos\u00bb module_class=\u00bbcontent-avisos\u00bb _builder_version=\u00bb4.16&#8243; custom_padding=\u00bb0px||||false|false\u00bb locked=\u00bbon\u00bb collapsed=\u00bboff\u00bb global_colors_info=\u00bb{}\u00bb][et_pb_column type=\u00bb4_4&#8243; _builder_version=\u00bb4.16&#8243; global_colors_info=\u00bb{}\u00bb][et_pb_text admin_label=\u00bbTitulo \u00abAvisos, convocat\u00f2ries i tr\u00e0mits actius\u00bb\u00bb _builder_version=\u00bb4.16&#8243; _module_preset=\u00bbdefault\u00bb global_colors_info=\u00bb{}\u00bb]<\/p>\n<h2>Avisos, convocatorias y tr\u00e1mites activos<\/h2>\n<p>[\/et_pb_text][et_pb_cpt_loop_archive loop_layout=\u00bb4914&#8243; fullwidth=\u00bboff\u00bb columns=\u00bb2&#8243; show_pagination=\u00bboff\u00bb new_query=\u00bbon\u00bb post_type=\u00bbtramitambdata\u00bb posts_number=\u00bb999&#8243; include_meta=\u00bbpagina_de_destinacio_data\u00bb include_meta_terms=\u00bb590&#8243; hide_if_no_data=\u00bbon\u00bb order=\u00bbasc\u00bb admin_label=\u00bbAvisos, convocat\u00f2ries i tr\u00e0mits actius\u00bb module_class=\u00bbtramites-fecha tramites-activos-pag\u00bb _builder_version=\u00bb4.16&#8243; headings_text_color=\u00bb#000000&#8243; headings_font_size=\u00bb36px\u00bb custom_padding=\u00bb20px|20px|20px|20px|true|true\u00bb border_radii=\u00bbon|8px|8px|8px|8px\u00bb locked=\u00bboff\u00bb global_colors_info=\u00bb{}\u00bb][\/et_pb_cpt_loop_archive][et_pb_code module_class=\u00bbcontent-mostrar-avisos\u00bb _builder_version=\u00bb4.16&#8243; _module_preset=\u00bbdefault\u00bb locked=\u00bboff\u00bb global_colors_info=\u00bb{}\u00bb]<style>.et_pb_cpt_loop_archive.tramites-activos-pag:before { content:\"Avisos, convocatorias y tr\u00e1mites activos\";}<\/style>[\/et_pb_code][\/et_pb_column][\/et_pb_row][et_pb_row _builder_version=\u00bb4.16&#8243; custom_padding=\u00bb0px||||false|false\u00bb locked=\u00bboff\u00bb collapsed=\u00bboff\u00bb global_colors_info=\u00bb{}\u00bb][et_pb_column type=\u00bb4_4&#8243; _builder_version=\u00bb4.16&#8243; global_colors_info=\u00bb{}\u00bb][et_pb_text admin_label=\u00bbTitulo Informacio, tr\u00e0mits i impresos\u00bb module_class=\u00bbtit-seccion\u00bb _builder_version=\u00bb4.16&#8243; locked=\u00bboff\u00bb global_colors_info=\u00bb{}\u00bb]<\/p>\n<h2><img decoding=\"async\" class=\"size-medium alignleft lazyload\" data-src=\"https:\/\/albal.es\/img\/iconos\/impreso-lapiz-45x45.svg\" alt=\"\" width=\"45\" height=\"45\" src=\"data:image\/svg+xml;base64,PHN2ZyB3aWR0aD0iMSIgaGVpZ2h0PSIxIiB4bWxucz0iaHR0cDovL3d3dy53My5vcmcvMjAwMC9zdmciPjwvc3ZnPg==\" style=\"--smush-placeholder-width: 45px; --smush-placeholder-aspect-ratio: 45\/45;\" \/>Informaci\u00f3n, tr\u00e1mites y impresos<\/h2>\n<p>[\/et_pb_text][\/et_pb_column][\/et_pb_row][et_pb_row column_structure=\u00bb3_5,2_5&#8243; _builder_version=\u00bb4.16&#8243; custom_padding=\u00bb0px||||false|false\u00bb locked=\u00bboff\u00bb global_colors_info=\u00bb{}\u00bb][et_pb_column type=\u00bb3_5&#8243; _builder_version=\u00bb4.16&#8243; global_colors_info=\u00bb{}\u00bb][et_pb_accordion use_icon_font_size=\u00bbon\u00bb icon_font_size=\u00bb21px\u00bb admin_label=\u00bbTramites (acordeon desplegables)\u00bb _builder_version=\u00bb4.16&#8243; global_colors_info=\u00bb{}\u00bb][et_pb_accordion_item title=\u00bbPresupuesto General 2020&#8243; open=\u00bbon\u00bb _builder_version=\u00bb4.16&#8243; global_colors_info=\u00bb{}\u00bb]Presupuesto general ejercicio 2020<\/p>\n<p>Bases de ejecuci\u00f3n del presupuesto 2020<\/p>\n<p>Anexo de subvenciones presupuesto general 2020<\/p>\n<p>Anexo de subvenciones presupuesto general 2020[\/et_pb_accordion_item][et_pb_accordion_item title=\u00bbReglamentos\u00bb _builder_version=\u00bb4.16&#8243; global_colors_info=\u00bb{}\u00bb open=\u00bboff\u00bb].<\/p>\n<p>&nbsp;[\/et_pb_accordion_item][\/et_pb_accordion][et_pb_accordion use_icon_font_size=\u00bbon\u00bb icon_font_size=\u00bb21px\u00bb admin_label=\u00bbTramites (acordeon desplegables)\u00bb _builder_version=\u00bb4.16&#8243; global_colors_info=\u00bb{}\u00bb][et_pb_accordion_item title=\u00bbPresupuesto General 2021&#8243; open=\u00bbon\u00bb _builder_version=\u00bb4.16&#8243; global_colors_info=\u00bb{}\u00bb]Presupuesto general ejercicio 2021<\/p>\n<p><a class=\"pdf\" href=\"https:\/\/albal.es\/content-albal\/uploads\/2021\/07\/Publicaci\u00f3n-BOP-Presupuesto-2020.pdf\" target=\"_blank\" rel=\"noopener noreferrer\">Publicaci\u00f3n Presupuesto 2021 BOP<\/a><\/p>\n<p>Bases de ejecuci\u00f3n del presupuesto 2021<\/p>\n<p><a class=\"pdf\" href=\"https:\/\/albal.es\/content-albal\/uploads\/2020\/07\/BASES-EJECUCION-PRESUPUESTO-2020-para-web.pdf\">Bases de ejecuci\u00f3n del presupuesto 2021<\/a><\/p>\n<p>Anexo de subvenciones presupuesto general 2021<\/p>\n<p><a class=\"pdf\" href=\"https:\/\/albal.es\/content-albal\/uploads\/2020\/07\/Anexo-Subvenciones.pdf\" target=\"_blank\" rel=\"noopener noreferrer\">Anexo de subvenciones presupuesto general 2020<\/a>[\/et_pb_accordion_item][\/et_pb_accordion][\/et_pb_column][et_pb_column type=\u00bb2_5&#8243; module_class=\u00bbcontent-impresos\u00bb _builder_version=\u00bb4.16&#8243; global_colors_info=\u00bb{}\u00bb][et_pb_text admin_label=\u00bbTitulo \u00abImpresos i enlla\u00e7os a Seu electr\u00f2nica\u00bb\u00bb _builder_version=\u00bb4.16&#8243; _module_preset=\u00bbdefault\u00bb locked=\u00bbon\u00bb global_colors_info=\u00bb{}\u00bb]<\/p>\n<h2>Impresos y enlaces a Sede electr\u00f3nica<\/h2>\n<p>[\/et_pb_text][et_pb_cpt_loop_archive loop_layout=\u00bb6282&#8243; show_pagination=\u00bboff\u00bb new_query=\u00bbon\u00bb post_type=\u00bbimpreso_tramit\u00bb posts_number=\u00bb999&#8243; include_meta=\u00bbpagina_de_destinacio\u00bb include_meta_terms=\u00bb590&#8243; hide_if_no_data=\u00bbon\u00bb order=\u00bbasc\u00bb admin_label=\u00bbImpresos i enlla\u00e7os a Seu Electronica\u00bb module_class=\u00bbcontent-impresos-dinamic\u00bb _builder_version=\u00bb4.16&#8243; headings_font_size=\u00bb36px\u00bb background_color=\u00bb#ffffff\u00bb border_radii=\u00bbon|8px|8px|8px|8px\u00bb border_width_all=\u00bb1px\u00bb border_color_all=\u00bb#cccccc\u00bb locked=\u00bbon\u00bb global_colors_info=\u00bb{}\u00bb][\/et_pb_cpt_loop_archive][et_pb_code module_class=\u00bbcontent-mostrar-impresos\u00bb _builder_version=\u00bb4.16&#8243; _module_preset=\u00bbdefault\u00bb locked=\u00bbon\u00bb global_colors_info=\u00bb{}\u00bb]<style>.et_pb_cpt_loop_archive.content-impresos-dinamic:before { content:\"Impresos y enlaces a Sede electr\u00f3nica\";}\t<\/style>[\/et_pb_code][\/et_pb_column][\/et_pb_row][et_pb_row disabled_on=\u00bboff|on|on\u00bb admin_label=\u00bbCarga solo en MOVIL\u00bb _builder_version=\u00bb4.16&#8243; custom_padding=\u00bb0px||||false|false\u00bb locked=\u00bboff\u00bb global_colors_info=\u00bb{}\u00bb][et_pb_column type=\u00bb4_4&#8243; _builder_version=\u00bb4.16&#8243; global_colors_info=\u00bb{}\u00bb][et_pb_text disabled_on=\u00bboff|off|off\u00bb admin_label=\u00bbAmic\u00bb module_class=\u00bbamic-cita\u00bb _builder_version=\u00bb4.16&#8243; header_4_font=\u00bb||||||||\u00bb header_4_text_color=\u00bb#c40038&#8243; custom_margin=\u00bb||0px||false|false\u00bb custom_padding=\u00bb||15px||false|false\u00bb saved_tabs=\u00bball\u00bb locked=\u00bbon\u00bb global_colors_info=\u00bb{}\u00bb]<\/p>\n<h3><img decoding=\"async\" class=\"wp-image-464 alignnone size-full lazyload\" data-src=\"https:\/\/albal.es\/content-albal\/uploads\/2019\/12\/logo-amic-2.png\" alt=\"\" width=\"135\" height=\"46\" src=\"data:image\/svg+xml;base64,PHN2ZyB3aWR0aD0iMSIgaGVpZ2h0PSIxIiB4bWxucz0iaHR0cDovL3d3dy53My5vcmcvMjAwMC9zdmciPjwvc3ZnPg==\" style=\"--smush-placeholder-width: 135px; --smush-placeholder-aspect-ratio: 135\/46;\" \/><\/h3>\n<h3>Atenci\u00f3 Municipal d&#8217;Informaci\u00f3 Ciutadana<\/h3>\n<h4>REGISTRES I SOL\u00b7LICITUDS<\/h4>\n<p>Pla\u00e7a del Jard\u00ed, 7. Ajuntament d&#8217;Albal &#8211; <strong>Planta baixa<\/strong><br \/>\nTel: <strong>96 126 00 56<\/strong> \u00b7 Fax: 96 127 08 61<\/p>\n<p><a class=\"bot-cita-previa\" href=\"https:\/\/citaprevia.albal.es:10080\/\" target=\"_blank\" rel=\"noopener noreferrer\">Cita pr\u00e8via<\/a><br \/>\n<a class=\"bot-seu-electronica\" href=\"https:\/\/albal.sede.dival.es\/\" target=\"_blank\" rel=\"noopener noreferrer\">Seu electr\u00f2nica<\/a>[\/et_pb_text][\/et_pb_column][\/et_pb_row][\/et_pb_section][et_pb_section fb_built=\u00bb1&#8243; admin_label=\u00bb(ancla) #informacion\u00bb module_id=\u00bbinformacion\u00bb _builder_version=\u00bb4.16&#8243; background_color=\u00bb#e2e1de\u00bb custom_padding=\u00bb50px||||false|false\u00bb border_width_top=\u00bb1px\u00bb border_color_top=\u00bb#cccccc\u00bb collapsed=\u00bboff\u00bb global_colors_info=\u00bb{}\u00bb][et_pb_row _builder_version=\u00bb4.16&#8243; background_color=\u00bbrgba(0,0,0,0)\u00bb custom_padding=\u00bb0px||||false|false\u00bb global_colors_info=\u00bb{}\u00bb][et_pb_column type=\u00bb4_4&#8243; _builder_version=\u00bb4.16&#8243; global_colors_info=\u00bb{}\u00bb][et_pb_text admin_label=\u00bbTitulo Informaci\u00f3\u00bb module_class=\u00bbtit-seccion\u00bb _builder_version=\u00bb4.16&#8243; locked=\u00bboff\u00bb global_colors_info=\u00bb{}\u00bb]<\/p>\n<h2><img decoding=\"async\" class=\"size-medium alignleft lazyload\" data-src=\"https:\/\/albal.es\/img\/iconos\/informacion-mostrador-45x45.svg\" alt=\"\" width=\"45\" height=\"45\" src=\"data:image\/svg+xml;base64,PHN2ZyB3aWR0aD0iMSIgaGVpZ2h0PSIxIiB4bWxucz0iaHR0cDovL3d3dy53My5vcmcvMjAwMC9zdmciPjwvc3ZnPg==\" style=\"--smush-placeholder-width: 45px; --smush-placeholder-aspect-ratio: 45\/45;\" \/>Informaci\u00f3<\/h2>\n<p>[\/et_pb_text][\/et_pb_column][\/et_pb_row][et_pb_row column_structure=\u00bb1_2,1_2&#8243; make_equal=\u00bbon\u00bb admin_label=\u00bbSolo un modulo por fila\u00bb _builder_version=\u00bb4.16&#8243; custom_padding=\u00bb0px||||false|false\u00bb global_colors_info=\u00bb{}\u00bb][et_pb_column type=\u00bb1_2&#8243; _builder_version=\u00bb4.16&#8243; border_width_bottom=\u00bb1px\u00bb border_color_bottom=\u00bb#cccccc\u00bb global_colors_info=\u00bb{}\u00bb][et_pb_text admin_label=\u00bbFuncions\u00bb _builder_version=\u00bb4.16&#8243; custom_padding=\u00bb||25px||false|false\u00bb global_colors_info=\u00bb{}\u00bb]<\/p>\n<h3>Funciones<\/h3>\n<p>Se incluyen en este apartado todos los actos municipales que tengan trascendencia econ\u00f3mica tanto para la Corporaci\u00f3n como para el interesado.<\/p>\n<p>La regulaci\u00f3n de estas funciones, la encontramos en el art\u00edculo 4 del RD 128\/2018 de 16 de marzo por el cual se regula el r\u00e9gimen jur\u00eddico de los funcionarios de Administraci\u00f3n Local con habilitaci\u00f3n de car\u00e1cter nacional y que establece para la funci\u00f3n de control y fiscalizaci\u00f3n interna de la gesti\u00f3n econ\u00f3mica-financiera y presupuestaria y funci\u00f3n de contabilidad, el siguiente:<\/p>\n<p>1. El control interno de la gesti\u00f3n econ\u00f3mico-financiera y presupuestaria se ejercer\u00e1 en los t\u00e9rminos establecidos en la normativa que desarrolla el art\u00edculo 213 del texto refundido de la Ley reguladora de las Haciendas Locales, aprobado por Real decreto legislativo 2\/2004, de 5 de marzo y comprender\u00e1:<\/p>\n<p>a) La funci\u00f3n interventora.<\/p>\n<p>b) El control financiero en las modalidades de funci\u00f3n de control permanente y la auditor\u00eda p\u00fablica, incluy\u00e9ndose en ambas el control de eficacia referido en el art\u00edculo 213 del texto refundido de la Ley reguladora de las Haciendas Locales, aprobado por Real decreto legislativo 2\/2004, de 5 de marzo. El ejercicio del control financiero incluir\u00e1, en todo caso, las actuaciones de control atribuidas en el ordenamiento jur\u00eddico al \u00f3rgano interventor, como por ejemplo:<\/p>\n<p>1.\u00ba El control de subvenciones y ayudas p\u00fablicas, de acuerdo con lo establecido en la Ley 38\/2003, de 17 de noviembre, General de Subvenciones.<\/p>\n<p>2.\u00ba El informe de los proyectos de presupuestos y de los expedientes de modificaci\u00f3n de estos.<\/p>\n<p>3.\u00ba La emisi\u00f3n de informe previo a la concertaci\u00f3n o modificaci\u00f3n de las operaciones de cr\u00e9dito.<\/p>\n<p>4.\u00ba La emisi\u00f3n de informe previo a la aprobaci\u00f3n de la liquidaci\u00f3n del Presupuesto.<\/p>\n<p>5.\u00ba La emisi\u00f3n de informes, dict\u00e1menes y propuestas que en materia econ\u00f3mico-financiera o presupuestaria le hayan sido solicitadas por la presidencia, por un tercio de los Regidores o Diputados o cuando se trate de materias para las cuales legalmente se exija una mayor\u00eda especial, as\u00ed como el dictamen sobre la procedencia de la implantaci\u00f3n de nuevos Servicios o la reforma de los existentes a efectos de la evaluaci\u00f3n de la repercusi\u00f3n econ\u00f3mico-financiera y estabilidad presupuestaria de las respectivas propuestas.<\/p>\n<p>6.\u00ba Emitir los informes y certificados en materia econ\u00f3mico-financiera y presupuestaria y su remisi\u00f3n a los \u00f3rganos que establezca su normativa espec\u00edfica.<\/p>\n<p>2. La funci\u00f3n de contabilidad comprende:<\/p>\n<p>a) Llevar y desarrollar la contabilidad financiera y la de ejecuci\u00f3n del presupuesto de la Entidad Local de acuerdo con las normas generales y las dictadas por el Pleno de la Corporaci\u00f3n.<\/p>\n<p>b) Formar la Cuenta General de la Entidad Local.<\/p>\n<p>c) Formar, con arreglo a criterios usualmente aceptados, los estados integrados y consolidados de las cuentas que determino el Pleno de la Corporaci\u00f3n.<\/p>\n<p>d) Coordinar las funciones o actividades contables de la Entidad Local, emitiendo las instrucciones t\u00e9cnicas oportunas e inspeccionando su aplicaci\u00f3n.<\/p>\n<p>e) Organizar un adecuado sistema de archivo y conservaci\u00f3n de toda la documentaci\u00f3n e informaci\u00f3n contable que permita posar a disposici\u00f3n de los \u00f3rganos de control los justificantes, documentos, cuentas o registros del sistema de informaci\u00f3n contable por ellos solicitados en los plazos requeridos.<\/p>\n<p>f) Inspeccionar la contabilidad de los organismos aut\u00f3nomos, de las sociedades mercantiles dependientes de la Entidad Local, as\u00ed como de sus entidades p\u00fablicas empresariales, de acuerdo con los procedimientos que establezca el Pleno.<\/p>\n<p>g) Elaborar la informaci\u00f3n a que se refiere el art\u00edculo 207 del texto refundido de la Ley reguladora de las Haciendas Locales, aprobado por Real decreto legislativo 2\/2004, de 5 de marzo y remitirla al Pleno de la Corporaci\u00f3n, por conducto de la Presidencia, en los plazos y con la periodicidad establecida.<\/p>\n<p>h) Elaborar el avance de la liquidaci\u00f3n del presupuesto corriente que tiene que unirse al presupuesto de la Entidad Local a que se refiere el art\u00edculo 18.b) del Real Decreto 500\/1990, de 20 de abril, por el cual se desarrolla el cap\u00edtulo primero del t\u00edtulo sexto de la Ley 39\/1988, de 28 de diciembre, reguladora de las Haciendas Locales, en materia de presupuestos.<\/p>\n<p>y) Determinar la estructura del avance de la liquidaci\u00f3n del presupuesto corriente a que se refiere el art\u00edculo 168 del texto refundido de la Ley reguladora de las Haciendas Locales, aprobado por Real decreto legislativo 2\/2004, de 5 de marzo, en conformidad con el que se establezca por el Pleno de la Entidad Local.<\/p>\n<p>j) La gesti\u00f3n del registro contable de facturas y su seguimiento para cumplir los objetivos de la Ley 3\/2004, de 29 de diciembre, por la cual se establecen medidas de lucha contra la morosidad en las operaciones comerciales y de la Ley 25\/2013, de 27 de diciembre, de impulso de la factura electr\u00f3nica y creaci\u00f3n del registro contable de facturas en el Sector P\u00fablico, emitiendo los informes que la normativa exija.<\/p>\n<p>k) La remisi\u00f3n de la informaci\u00f3n econ\u00f3mico financiera al Ministerio de Hacienda y Funci\u00f3n P\u00fablica, al Tribunal de Cuentas y a los \u00f3rganos de control externo as\u00ed como a otros organismos en conformidad con lo dispuesto en la normativa vigente.<\/p>\n<p>&nbsp;[\/et_pb_text][\/et_pb_column][et_pb_column type=\u00bb1_2&#8243; _builder_version=\u00bb4.16&#8243; border_width_bottom=\u00bb1px\u00bb border_color_bottom=\u00bb#cccccc\u00bb global_colors_info=\u00bb{}\u00bb][et_pb_text _builder_version=\u00bb4.16&#8243; global_colors_info=\u00bb{}\u00bb]<strong>Aviso importante a proveedores que facturan en papel<\/strong><\/p>\n<p>Vistas las facturas que en soporte papel est\u00e1n present\u00e1ndose en el ayuntamiento y habiendo advertido la falta de c\u00f3digos obligatorios, os recordamos que, seg\u00fan el art\u00edculo 5.3 de la orden HAP\/492\/2014, las facturas que se presenten en papel, deber\u00e1n incluir, al menos, la siguiente informaci\u00f3n:<\/p>\n<ol>\n<li>Fecha de expedici\u00f3n de la factura.<\/li>\n<li>Fecha de presentaci\u00f3n de la factura en el registro administrativo.<\/li>\n<li>N\u00famero de Identificaci\u00f3n Fiscal o n\u00famero de identificaci\u00f3n equivalente del expedidor de la factura.<\/li>\n<li>Nombre y apellidos, raz\u00f3n o denominaci\u00f3n social completa del obligado a expedir factura.<\/li>\n<li>N\u00famero de factura y, en su caso, serie.<\/li>\n<li>Importe de la operaci\u00f3n, incluido IVA (o impuesto equivalente).<\/li>\n<li>Unidad monetaria en la que est\u00e1 expresado el importe, de acuerdo con la codificaci\u00f3n ISO 4217 Alpha-3.<\/li>\n<li>C\u00f3digo de los \u00f3rganos competentes en la tramitaci\u00f3n de la factura as\u00ed como del \u00f3rgano o unidad administrativa que tenga atribuida la funci\u00f3n de contabilidad, codificado de acuerdo con el directorio DIR3 de unidades administrativas gestionado por la Secretar\u00eda de Estado de Administraciones P\u00fablicas.<\/li>\n<\/ol>\n<p>Estos c\u00f3digos de referencia que ten\u00e9is que a\u00f1adir a las facturas para que tengan un contenido adecuado, son:<\/p>\n<p style=\"text-align: center;\">Oficina Contable: L01460076<\/p>\n<p style=\"text-align: center;\">\u00d3rgano Gestor: L01460076<\/p>\n<p style=\"text-align: center;\">Unidad Tramitadora: L01460076<\/p>\n<p>Es muy importante que lo hag\u00e1is constar en las facturas que present\u00e9is, dado que es obligatorio y en caso contrario, no podremos registrarlas en nuestro sistema contable.<\/p>\n<p>Agradecemos vuestra colaboraci\u00f3n y estamos a vuestra disposici\u00f3n para cualquier consulta en el departamento de intervenci\u00f3n.[\/et_pb_text][\/et_pb_column][\/et_pb_row][et_pb_row column_structure=\u00bb1_2,1_2&#8243; make_equal=\u00bbon\u00bb admin_label=\u00bbSolo un modulo por fila\u00bb _builder_version=\u00bb4.16&#8243; custom_padding=\u00bb0px||||false|false\u00bb global_colors_info=\u00bb{}\u00bb][et_pb_column type=\u00bb1_2&#8243; _builder_version=\u00bb4.16&#8243; border_width_bottom=\u00bb1px\u00bb border_color_bottom=\u00bb#cccccc\u00bb global_colors_info=\u00bb{}\u00bb][et_pb_text admin_label=\u00bbEnlla\u00e7os\u00bb _builder_version=\u00bb4.16&#8243; custom_padding=\u00bb||25px||false|false\u00bb global_colors_info=\u00bb{}\u00bb]<\/p>\n<h3>Enlaces<\/h3>\n<p>Correo electr\u00f3nico de intervenci\u00f3n:\u00a0<em>intervencion@albal.es<br \/>\n<\/em><em><br \/>\n<\/em><a href=\"https:\/\/www2.albal.es\/portalCiudadano\/portal\/verificarDocumentos.do?idioma=2&amp;ent_id=2\" target=\"_blank\" rel=\"noopener noreferrer\">Servicio de verificaci\u00f3n de documentos<\/a><\/p>\n<p><a href=\"https:\/\/albal.sede.dival.es\/\" target=\"_blank\" rel=\"noopener noreferrer\">Sede Electr\u00f3nica del Ayuntamiento de Albal<\/a><\/p>\n<p><a href=\"https:\/\/pap.hacienda.gob.es\/bdnstrans\/ge\/es\/convocatorias\" target=\"_blank\" rel=\"noopener noreferrer\">BDNS Base de Datos Nacional de Subvenciones<\/a><\/p>\n<p><a href=\"https:\/\/face.gob.es\/es\" target=\"_blank\" rel=\"noopener noreferrer\">FACe<\/a>[\/et_pb_text][\/et_pb_column][et_pb_column type=\u00bb1_2&#8243; _builder_version=\u00bb4.16&#8243; border_width_bottom=\u00bb1px\u00bb border_color_bottom=\u00bb#cccccc\u00bb global_colors_info=\u00bb{}\u00bb][\/et_pb_column][\/et_pb_row][\/et_pb_section][et_pb_section fb_built=\u00bb1&#8243; disabled_on=\u00bbon|on|on\u00bb admin_label=\u00bb(ancla) #faq\u00bb module_id=\u00bbfaq\u00bb _builder_version=\u00bb4.16&#8243; background_color=\u00bb#dcb747&#8243; custom_padding=\u00bb50px||||false|false\u00bb disabled=\u00bbon\u00bb locked=\u00bboff\u00bb collapsed=\u00bboff\u00bb global_colors_info=\u00bb{}\u00bb][et_pb_row _builder_version=\u00bb4.16&#8243; background_color=\u00bbrgba(0,0,0,0)\u00bb custom_padding=\u00bb0px||||false|false\u00bb locked=\u00bbon\u00bb global_colors_info=\u00bb{}\u00bb][et_pb_column type=\u00bb4_4&#8243; _builder_version=\u00bb4.16&#8243; global_colors_info=\u00bb{}\u00bb][et_pb_text admin_label=\u00bbTitulo Preguntes m\u00e9s freq\u00fcents\u00bb module_class=\u00bbtit-seccion\u00bb _builder_version=\u00bb4.16&#8243; header_2_text_color=\u00bb#ffffff\u00bb global_colors_info=\u00bb{}\u00bb]<\/p>\n<h2><img decoding=\"async\" class=\"size-medium alignleft lazyload\" data-src=\"https:\/\/albal.es\/img\/iconos\/preguntas-persona-45x45.svg\" alt=\"\" width=\"45\" height=\"45\" src=\"data:image\/svg+xml;base64,PHN2ZyB3aWR0aD0iMSIgaGVpZ2h0PSIxIiB4bWxucz0iaHR0cDovL3d3dy53My5vcmcvMjAwMC9zdmciPjwvc3ZnPg==\" style=\"--smush-placeholder-width: 45px; --smush-placeholder-aspect-ratio: 45\/45;\" \/>Preguntas m\u00e1s frecuentes<\/h2>\n<p>[\/et_pb_text][\/et_pb_column][\/et_pb_row][et_pb_row column_structure=\u00bb1_2,1_2&#8243; make_equal=\u00bbon\u00bb admin_label=\u00bbSolo un modulo por fila\u00bb _builder_version=\u00bb4.16&#8243; custom_padding=\u00bb0px||||false|false\u00bb global_colors_info=\u00bb{}\u00bb][et_pb_column type=\u00bb1_2&#8243; _builder_version=\u00bb4.16&#8243; border_width_bottom=\u00bb1px\u00bb border_color_bottom=\u00bb#b09239&#8243; global_colors_info=\u00bb{}\u00bb][et_pb_text admin_label=\u00bbPregunta\u00bb _builder_version=\u00bb4.16&#8243; custom_padding=\u00bb||25px||false|false\u00bb global_colors_info=\u00bb{}\u00bb]<\/p>\n<h3>Pregunta<\/h3>\n<p>Respuesta<br \/>\n[\/et_pb_text][\/et_pb_column][et_pb_column type=\u00bb1_2&#8243; _builder_version=\u00bb4.16&#8243; border_width_bottom=\u00bb1px\u00bb border_color_bottom=\u00bb#b09239&#8243; global_colors_info=\u00bb{}\u00bb][et_pb_text admin_label=\u00bbPregunta\u00bb _builder_version=\u00bb4.16&#8243; custom_padding=\u00bb||25px||false|false\u00bb global_colors_info=\u00bb{}\u00bb]<\/p>\n<h3>Pregunta<\/h3>\n<p>Respuesta<br \/>\n[\/et_pb_text][\/et_pb_column][\/et_pb_row][\/et_pb_section]<\/p>\n","protected":false},"excerpt":{"rendered":"<p>\u00c1reas y servicios | SERVICIOS ECON\u00d2MICOS Fiscalizaci\u00f3n y PresupuestosIntervenci\u00f3n, Fiscalizaci\u00f3n y PresupuestosInformaci\u00f3n de Inter\u00e9s: Ubicaci\u00f3n\u200b: 1\u00aa planta edificio del Ayuntamiento, Pla\u00e7a del Jard\u00ed, 7 Interventora: Amparo Ll\u00e1cer Gimeno.Consultas y dudas: Atenci\u00f3 Municipal d&#8217;Informaci\u00f3 Ciutadana REGISTRES I SOL\u00b7LICITUDS Pla\u00e7a del Jard\u00ed, 7. Ajuntament d&#8217;Albal &#8211; Planta baixa Tel: 96 126 00 56 \u00b7 Fax: 96 127 08 61 Cita pr\u00e8via Seu electr\u00f2nicaAvisos, convocatorias y tr\u00e1mites activos<style>.et_pb_cpt_loop_archive.tramites-activos-pag:before { content:\"Avisos, convocatorias y tr\u00e1mites activos\";}<\/style>Informaci\u00f3n, tr\u00e1mites y impresos Presupuesto general ejercicio 2020 Bases de ejecuci\u00f3n del presupuesto 2020 Anexo de subvenciones presupuesto general 2020 Anexo de subvenciones presupuesto general 2020. &nbsp;Presupuesto general ejercicio 2021 Publicaci\u00f3n Presupuesto 2021 BOP Bases de ejecuci\u00f3n del presupuesto 2021 Bases de ejecuci\u00f3n del presupuesto 2021 Anexo de subvenciones presupuesto general 2021 Anexo de subvenciones presupuesto general 2020Impresos y enlaces a Sede electr\u00f3nica<style>.et_pb_cpt_loop_archive.content-impresos-dinamic:before { content:\"Impresos y enlaces a Sede electr\u00f3nica\";}\t<\/style> Atenci\u00f3 Municipal d&#8217;Informaci\u00f3 Ciutadana REGISTRES I SOL\u00b7LICITUDS Pla\u00e7a del Jard\u00ed, 7. Ajuntament d&#8217;Albal &#8211; Planta baixa Tel: 96 126 00 56 \u00b7 Fax: 96 127 08 61 Cita pr\u00e8via Seu electr\u00f2nicaInformaci\u00f3 Funciones Se incluyen en este apartado todos los actos municipales que tengan trascendencia econ\u00f3mica tanto para la Corporaci\u00f3n como para el interesado. La regulaci\u00f3n de estas funciones, la encontramos en el art\u00edculo 4 del RD 128\/2018 de 16 de marzo por el [&hellip;]<\/p>\n","protected":false},"author":21,"featured_media":0,"parent":766,"menu_order":0,"comment_status":"closed","ping_status":"closed","template":"","meta":{"_acf_changed":false,"_et_pb_use_builder":"on","_et_pb_old_content":"","_et_gb_content_width":"","footnotes":""},"coauthors":[75],"class_list":["post-592","page","type-page","status-publish","hentry"],"acf":[],"yoast_head":"<!-- This site is optimized with the Yoast SEO plugin v27.4 - https:\/\/yoast.com\/product\/yoast-seo-wordpress\/ -->\n<title>Intervenci\u00f3n - Ayuntamiento de Albal (Valencia)<\/title>\n<meta name=\"robots\" content=\"index, follow, max-snippet:-1, max-image-preview:large, max-video-preview:-1\" \/>\n<link rel=\"canonical\" href=\"https:\/\/albal.es\/es\/areas-y-servicios-2\/servicios-economicos\/intervencion\/\" \/>\n<meta property=\"og:locale\" content=\"es_ES\" \/>\n<meta property=\"og:type\" content=\"article\" \/>\n<meta property=\"og:title\" content=\"Intervenci\u00f3n - Ayuntamiento de Albal (Valencia)\" \/>\n<meta property=\"og:description\" content=\"\u00c1reas y servicios | SERVICIOS ECON\u00d2MICOS Fiscalizaci\u00f3n y PresupuestosIntervenci\u00f3n, Fiscalizaci\u00f3n y PresupuestosInformaci\u00f3n de Inter\u00e9s: Ubicaci\u00f3n\u200b: 1\u00aa planta edificio del Ayuntamiento, Pla\u00e7a del Jard\u00ed, 7 Interventora: Amparo Ll\u00e1cer Gimeno.Consultas y dudas: Atenci\u00f3 Municipal d&#039;Informaci\u00f3 Ciutadana REGISTRES I SOL\u00b7LICITUDS Pla\u00e7a del Jard\u00ed, 7. Ajuntament d&#039;Albal - Planta baixa Tel: 96 126 00 56 \u00b7 Fax: 96 127 08 61 Cita pr\u00e8via Seu electr\u00f2nicaAvisos, convocatorias y tr\u00e1mites activosInformaci\u00f3n, tr\u00e1mites y impresos Presupuesto general ejercicio 2020 Bases de ejecuci\u00f3n del presupuesto 2020 Anexo de subvenciones presupuesto general 2020 Anexo de subvenciones presupuesto general 2020. &nbsp;Presupuesto general ejercicio 2021 Publicaci\u00f3n Presupuesto 2021 BOP Bases de ejecuci\u00f3n del presupuesto 2021 Bases de ejecuci\u00f3n del presupuesto 2021 Anexo de subvenciones presupuesto general 2021 Anexo de subvenciones presupuesto general 2020Impresos y enlaces a Sede electr\u00f3nica Atenci\u00f3 Municipal d&#039;Informaci\u00f3 Ciutadana REGISTRES I SOL\u00b7LICITUDS Pla\u00e7a del Jard\u00ed, 7. Ajuntament d&#039;Albal - Planta baixa Tel: 96 126 00 56 \u00b7 Fax: 96 127 08 61 Cita pr\u00e8via Seu electr\u00f2nicaInformaci\u00f3 Funciones Se incluyen en este apartado todos los actos municipales que tengan trascendencia econ\u00f3mica tanto para la Corporaci\u00f3n como para el interesado. La regulaci\u00f3n de estas funciones, la encontramos en el art\u00edculo 4 del RD 128\/2018 de 16 de marzo por el [&hellip;]\" \/>\n<meta property=\"og:site_name\" content=\"Ajuntament d&#039;Albal\" \/>\n<meta property=\"article:publisher\" content=\"https:\/\/facebook.com\/AjuntamentAlbal\/\" \/>\n<meta property=\"article:modified_time\" content=\"2023-04-03T07:01:03+00:00\" \/>\n<meta property=\"og:image\" content=\"https:\/\/albal.es\/content-albal\/uploads\/2019\/12\/logo-amic-2.png\" \/>\n<meta name=\"twitter:card\" content=\"summary_large_image\" \/>\n<meta name=\"twitter:label1\" content=\"Tiempo de lectura\" \/>\n\t<meta name=\"twitter:data1\" content=\"9 minutos\" \/>\n\t<meta name=\"twitter:label2\" content=\"Written by\" \/>\n\t<meta name=\"twitter:data2\" content=\"Gonzalo Galiana\" \/>\n<script type=\"application\/ld+json\" class=\"yoast-schema-graph\">{\"@context\":\"https:\\\/\\\/schema.org\",\"@graph\":[{\"@type\":\"WebPage\",\"@id\":\"https:\\\/\\\/albal.es\\\/es\\\/areas-y-servicios-2\\\/servicios-economicos\\\/intervencion\\\/\",\"url\":\"https:\\\/\\\/albal.es\\\/es\\\/areas-y-servicios-2\\\/servicios-economicos\\\/intervencion\\\/\",\"name\":\"Intervenci\u00f3n - Ayuntamiento de Albal (Valencia)\",\"isPartOf\":{\"@id\":\"https:\\\/\\\/albal.es\\\/es\\\/#website\"},\"primaryImageOfPage\":{\"@id\":\"https:\\\/\\\/albal.es\\\/es\\\/areas-y-servicios-2\\\/servicios-economicos\\\/intervencion\\\/#primaryimage\"},\"image\":{\"@id\":\"https:\\\/\\\/albal.es\\\/es\\\/areas-y-servicios-2\\\/servicios-economicos\\\/intervencion\\\/#primaryimage\"},\"thumbnailUrl\":\"https:\\\/\\\/albal.es\\\/content-albal\\\/uploads\\\/2019\\\/12\\\/logo-amic-2.png\",\"datePublished\":\"2019-12-10T12:07:05+00:00\",\"dateModified\":\"2023-04-03T07:01:03+00:00\",\"breadcrumb\":{\"@id\":\"https:\\\/\\\/albal.es\\\/es\\\/areas-y-servicios-2\\\/servicios-economicos\\\/intervencion\\\/#breadcrumb\"},\"inLanguage\":\"es\",\"potentialAction\":[{\"@type\":\"ReadAction\",\"target\":[\"https:\\\/\\\/albal.es\\\/es\\\/areas-y-servicios-2\\\/servicios-economicos\\\/intervencion\\\/\"]}]},{\"@type\":\"ImageObject\",\"inLanguage\":\"es\",\"@id\":\"https:\\\/\\\/albal.es\\\/es\\\/areas-y-servicios-2\\\/servicios-economicos\\\/intervencion\\\/#primaryimage\",\"url\":\"https:\\\/\\\/albal.es\\\/content-albal\\\/uploads\\\/2019\\\/12\\\/logo-amic-2.png\",\"contentUrl\":\"https:\\\/\\\/albal.es\\\/content-albal\\\/uploads\\\/2019\\\/12\\\/logo-amic-2.png\"},{\"@type\":\"BreadcrumbList\",\"@id\":\"https:\\\/\\\/albal.es\\\/es\\\/areas-y-servicios-2\\\/servicios-economicos\\\/intervencion\\\/#breadcrumb\",\"itemListElement\":[{\"@type\":\"ListItem\",\"position\":1,\"name\":\"Inici\",\"item\":\"https:\\\/\\\/albal.es\\\/es\\\/\"},{\"@type\":\"ListItem\",\"position\":2,\"name\":\"\u00c1reas y Servicios\",\"item\":\"https:\\\/\\\/albal.es\\\/es\\\/areas-y-servicios-2\\\/\"},{\"@type\":\"ListItem\",\"position\":3,\"name\":\"Servicios Econ\u00f3micos\",\"item\":\"https:\\\/\\\/albal.es\\\/es\\\/areas-y-servicios-2\\\/servicios-economicos\\\/\"},{\"@type\":\"ListItem\",\"position\":4,\"name\":\"Intervenci\u00f3n\"}]},{\"@type\":\"WebSite\",\"@id\":\"https:\\\/\\\/albal.es\\\/es\\\/#website\",\"url\":\"https:\\\/\\\/albal.es\\\/es\\\/\",\"name\":\"Ajuntament d&#039;Albal\",\"description\":\"Ajuntament d&#039;Albal\",\"publisher\":{\"@id\":\"https:\\\/\\\/albal.es\\\/es\\\/#organization\"},\"potentialAction\":[{\"@type\":\"SearchAction\",\"target\":{\"@type\":\"EntryPoint\",\"urlTemplate\":\"https:\\\/\\\/albal.es\\\/es\\\/?s={search_term_string}\"},\"query-input\":{\"@type\":\"PropertyValueSpecification\",\"valueRequired\":true,\"valueName\":\"search_term_string\"}}],\"inLanguage\":\"es\"},{\"@type\":\"Organization\",\"@id\":\"https:\\\/\\\/albal.es\\\/es\\\/#organization\",\"name\":\"Ajuntament d'Albal - Valencia\",\"url\":\"https:\\\/\\\/albal.es\\\/es\\\/\",\"logo\":{\"@type\":\"ImageObject\",\"inLanguage\":\"es\",\"@id\":\"https:\\\/\\\/albal.es\\\/es\\\/#\\\/schema\\\/logo\\\/image\\\/\",\"url\":\"https:\\\/\\\/albal.es\\\/content-albal\\\/uploads\\\/2020\\\/06\\\/logo-ayuntamiento-albal.png\",\"contentUrl\":\"https:\\\/\\\/albal.es\\\/content-albal\\\/uploads\\\/2020\\\/06\\\/logo-ayuntamiento-albal.png\",\"width\":367,\"height\":332,\"caption\":\"Ajuntament d'Albal - Valencia\"},\"image\":{\"@id\":\"https:\\\/\\\/albal.es\\\/es\\\/#\\\/schema\\\/logo\\\/image\\\/\"},\"sameAs\":[\"https:\\\/\\\/facebook.com\\\/AjuntamentAlbal\\\/\"]}]}<\/script>\n<!-- \/ Yoast SEO plugin. -->","yoast_head_json":{"title":"Intervenci\u00f3n - Ayuntamiento de Albal (Valencia)","robots":{"index":"index","follow":"follow","max-snippet":"max-snippet:-1","max-image-preview":"max-image-preview:large","max-video-preview":"max-video-preview:-1"},"canonical":"https:\/\/albal.es\/es\/areas-y-servicios-2\/servicios-economicos\/intervencion\/","og_locale":"es_ES","og_type":"article","og_title":"Intervenci\u00f3n - Ayuntamiento de Albal (Valencia)","og_description":"\u00c1reas y servicios | SERVICIOS ECON\u00d2MICOS Fiscalizaci\u00f3n y PresupuestosIntervenci\u00f3n, Fiscalizaci\u00f3n y PresupuestosInformaci\u00f3n de Inter\u00e9s: Ubicaci\u00f3n\u200b: 1\u00aa planta edificio del Ayuntamiento, Pla\u00e7a del Jard\u00ed, 7 Interventora: Amparo Ll\u00e1cer Gimeno.Consultas y dudas: Atenci\u00f3 Municipal d'Informaci\u00f3 Ciutadana REGISTRES I SOL\u00b7LICITUDS Pla\u00e7a del Jard\u00ed, 7. Ajuntament d'Albal - Planta baixa Tel: 96 126 00 56 \u00b7 Fax: 96 127 08 61 Cita pr\u00e8via Seu electr\u00f2nicaAvisos, convocatorias y tr\u00e1mites activosInformaci\u00f3n, tr\u00e1mites y impresos Presupuesto general ejercicio 2020 Bases de ejecuci\u00f3n del presupuesto 2020 Anexo de subvenciones presupuesto general 2020 Anexo de subvenciones presupuesto general 2020. &nbsp;Presupuesto general ejercicio 2021 Publicaci\u00f3n Presupuesto 2021 BOP Bases de ejecuci\u00f3n del presupuesto 2021 Bases de ejecuci\u00f3n del presupuesto 2021 Anexo de subvenciones presupuesto general 2021 Anexo de subvenciones presupuesto general 2020Impresos y enlaces a Sede electr\u00f3nica Atenci\u00f3 Municipal d'Informaci\u00f3 Ciutadana REGISTRES I SOL\u00b7LICITUDS Pla\u00e7a del Jard\u00ed, 7. Ajuntament d'Albal - Planta baixa Tel: 96 126 00 56 \u00b7 Fax: 96 127 08 61 Cita pr\u00e8via Seu electr\u00f2nicaInformaci\u00f3 Funciones Se incluyen en este apartado todos los actos municipales que tengan trascendencia econ\u00f3mica tanto para la Corporaci\u00f3n como para el interesado. La regulaci\u00f3n de estas funciones, la encontramos en el art\u00edculo 4 del RD 128\/2018 de 16 de marzo por el [&hellip;]","og_site_name":"Ajuntament d&#039;Albal","article_publisher":"https:\/\/facebook.com\/AjuntamentAlbal\/","article_modified_time":"2023-04-03T07:01:03+00:00","og_image":[{"url":"https:\/\/albal.es\/content-albal\/uploads\/2019\/12\/logo-amic-2.png","type":"","width":"","height":""}],"twitter_card":"summary_large_image","twitter_misc":{"Tiempo de lectura":"9 minutos","Written by":"Gonzalo Galiana"},"schema":{"@context":"https:\/\/schema.org","@graph":[{"@type":"WebPage","@id":"https:\/\/albal.es\/es\/areas-y-servicios-2\/servicios-economicos\/intervencion\/","url":"https:\/\/albal.es\/es\/areas-y-servicios-2\/servicios-economicos\/intervencion\/","name":"Intervenci\u00f3n - Ayuntamiento de Albal (Valencia)","isPartOf":{"@id":"https:\/\/albal.es\/es\/#website"},"primaryImageOfPage":{"@id":"https:\/\/albal.es\/es\/areas-y-servicios-2\/servicios-economicos\/intervencion\/#primaryimage"},"image":{"@id":"https:\/\/albal.es\/es\/areas-y-servicios-2\/servicios-economicos\/intervencion\/#primaryimage"},"thumbnailUrl":"https:\/\/albal.es\/content-albal\/uploads\/2019\/12\/logo-amic-2.png","datePublished":"2019-12-10T12:07:05+00:00","dateModified":"2023-04-03T07:01:03+00:00","breadcrumb":{"@id":"https:\/\/albal.es\/es\/areas-y-servicios-2\/servicios-economicos\/intervencion\/#breadcrumb"},"inLanguage":"es","potentialAction":[{"@type":"ReadAction","target":["https:\/\/albal.es\/es\/areas-y-servicios-2\/servicios-economicos\/intervencion\/"]}]},{"@type":"ImageObject","inLanguage":"es","@id":"https:\/\/albal.es\/es\/areas-y-servicios-2\/servicios-economicos\/intervencion\/#primaryimage","url":"https:\/\/albal.es\/content-albal\/uploads\/2019\/12\/logo-amic-2.png","contentUrl":"https:\/\/albal.es\/content-albal\/uploads\/2019\/12\/logo-amic-2.png"},{"@type":"BreadcrumbList","@id":"https:\/\/albal.es\/es\/areas-y-servicios-2\/servicios-economicos\/intervencion\/#breadcrumb","itemListElement":[{"@type":"ListItem","position":1,"name":"Inici","item":"https:\/\/albal.es\/es\/"},{"@type":"ListItem","position":2,"name":"\u00c1reas y Servicios","item":"https:\/\/albal.es\/es\/areas-y-servicios-2\/"},{"@type":"ListItem","position":3,"name":"Servicios Econ\u00f3micos","item":"https:\/\/albal.es\/es\/areas-y-servicios-2\/servicios-economicos\/"},{"@type":"ListItem","position":4,"name":"Intervenci\u00f3n"}]},{"@type":"WebSite","@id":"https:\/\/albal.es\/es\/#website","url":"https:\/\/albal.es\/es\/","name":"Ajuntament d&#039;Albal","description":"Ajuntament d&#039;Albal","publisher":{"@id":"https:\/\/albal.es\/es\/#organization"},"potentialAction":[{"@type":"SearchAction","target":{"@type":"EntryPoint","urlTemplate":"https:\/\/albal.es\/es\/?s={search_term_string}"},"query-input":{"@type":"PropertyValueSpecification","valueRequired":true,"valueName":"search_term_string"}}],"inLanguage":"es"},{"@type":"Organization","@id":"https:\/\/albal.es\/es\/#organization","name":"Ajuntament d'Albal - Valencia","url":"https:\/\/albal.es\/es\/","logo":{"@type":"ImageObject","inLanguage":"es","@id":"https:\/\/albal.es\/es\/#\/schema\/logo\/image\/","url":"https:\/\/albal.es\/content-albal\/uploads\/2020\/06\/logo-ayuntamiento-albal.png","contentUrl":"https:\/\/albal.es\/content-albal\/uploads\/2020\/06\/logo-ayuntamiento-albal.png","width":367,"height":332,"caption":"Ajuntament d'Albal - Valencia"},"image":{"@id":"https:\/\/albal.es\/es\/#\/schema\/logo\/image\/"},"sameAs":["https:\/\/facebook.com\/AjuntamentAlbal\/"]}]}},"publishpress_future_workflow_manual_trigger":{"enabledWorkflows":[]},"_links":{"self":[{"href":"https:\/\/albal.es\/es\/wp-json\/wp\/v2\/pages\/592","targetHints":{"allow":["GET"]}}],"collection":[{"href":"https:\/\/albal.es\/es\/wp-json\/wp\/v2\/pages"}],"about":[{"href":"https:\/\/albal.es\/es\/wp-json\/wp\/v2\/types\/page"}],"author":[{"embeddable":true,"href":"https:\/\/albal.es\/es\/wp-json\/wp\/v2\/users\/21"}],"replies":[{"embeddable":true,"href":"https:\/\/albal.es\/es\/wp-json\/wp\/v2\/comments?post=592"}],"version-history":[{"count":0,"href":"https:\/\/albal.es\/es\/wp-json\/wp\/v2\/pages\/592\/revisions"}],"up":[{"embeddable":true,"href":"https:\/\/albal.es\/es\/wp-json\/wp\/v2\/pages\/766"}],"wp:attachment":[{"href":"https:\/\/albal.es\/es\/wp-json\/wp\/v2\/media?parent=592"}],"wp:term":[{"taxonomy":"author","embeddable":true,"href":"https:\/\/albal.es\/es\/wp-json\/wp\/v2\/coauthors?post=592"}],"curies":[{"name":"wp","href":"https:\/\/api.w.org\/{rel}","templated":true}]}}