

{"id":584,"date":"2019-12-10T12:59:03","date_gmt":"2019-12-10T11:59:03","guid":{"rendered":"https:\/\/albal.es\/?page_id=584"},"modified":"2020-07-27T11:09:57","modified_gmt":"2020-07-27T09:09:57","slug":"convenios","status":"publish","type":"page","link":"https:\/\/albal.es\/es\/areas-y-servicios-2\/secretaria-ayuntamiento\/convenios\/","title":{"rendered":"Convenios"},"content":{"rendered":"<p>[et_pb_section fb_built=\u00bb1&#8243; custom_padding_last_edited=\u00bbon|phone\u00bb admin_label=\u00bbcontent-cab-area\u00bb module_class=\u00bbcontent-cab-area\u00bb _builder_version=\u00bb3.29.3&#8243; background_color=\u00bb#fafafa\u00bb custom_padding=\u00bb15px||25px||false|false\u00bb custom_padding_tablet=\u00bb\u00bb custom_padding_phone=\u00bb||0px||false|false\u00bb collapsed=\u00bboff\u00bb][et_pb_row disabled_on=\u00bbon|off|off\u00bb admin_label=\u00bbDesabilitado en moviles (Content migas pan)\u00bb _builder_version=\u00bb4.0.7&#8243; custom_padding=\u00bb0px||0px||false|false\u00bb locked=\u00bbon\u00bb collapsed=\u00bbon\u00bb][et_pb_column type=\u00bb4_4&#8243; _builder_version=\u00bb4.0.7&#8243;][et_pb_dmb_breadcrumbs admin_label=\u00bbMigas pan\u00bb font_icon=\u00bb%%20%%\u00bb use_home_icon=\u00bboff\u00bb use_home_text=\u00bbon\u00bb home_text=\u00bbInici\u00bb _builder_version=\u00bb3.29.3&#8243;][\/et_pb_dmb_breadcrumbs][\/et_pb_column][\/et_pb_row][et_pb_row column_structure=\u00bb1_3,1_3,1_3&#8243; use_custom_gutter=\u00bbon\u00bb make_equal=\u00bbon\u00bb custom_padding_last_edited=\u00bbon|phone\u00bb admin_label=\u00bbcab-area\u00bb module_class=\u00bbcab-area\u00bb _builder_version=\u00bb3.29.3&#8243; background_enable_image=\u00bboff\u00bb background_size=\u00bbinitial\u00bb background_position=\u00bbcenter_left\u00bb custom_padding=\u00bb25px||0px||false|false\u00bb custom_padding_tablet=\u00bb\u00bb custom_padding_phone=\u00bb15px||||false|false\u00bb border_width_left_tablet=\u00bb\u00bb border_width_left_phone=\u00bb0px\u00bb border_width_left_last_edited=\u00bbon|desktop\u00bb locked=\u00bboff\u00bb][et_pb_column type=\u00bb1_3&#8243; module_class=\u00bbcontent-tit-area\u00bb _builder_version=\u00bb3.29.3&#8243;][et_pb_text admin_label=\u00bbH4, H1&#8243; module_class=\u00bbtit-area\u00bb _builder_version=\u00bb4.4.6&#8243; custom_margin=\u00bb||20px||false|false\u00bb locked=\u00bbon\u00bb]<\/p>\n<h4>\u00c1reas y servicios | SECRETAR\u00cdA<\/h4>\n<h1>Convenios<\/h1>\n<p>[\/et_pb_text][et_pb_text admin_label=\u00bbIntro\u00bb module_class=\u00bbtit-area\u00bb _builder_version=\u00bb4.4.6&#8243;]Recopilaci\u00f3n, en un \u00fanico punto, de todos los <strong>convenios colaborativos firmados entre esta entidad y otros organismos, empresas, asociaciones, etc.<\/strong><\/p>\n<p>Dada la gran cantidad y diversidad de los convenios firmados, en esta secci\u00f3n se ir\u00e1n publicando todos ellos de manera paulatina.[\/et_pb_text][\/et_pb_column][et_pb_column type=\u00bb1_3&#8243; module_class=\u00bbcontent-info-interes\u00bb disabled_on=\u00bbon|off|off\u00bb _builder_version=\u00bb3.29.3&#8243; custom_padding=\u00bb|||30px|false|false\u00bb custom_padding_tablet=\u00bb\u00bb custom_padding_phone=\u00bb|0px||0px|false|false\u00bb custom_padding_last_edited=\u00bbon|desktop\u00bb border_width_left=\u00bb1px\u00bb border_color_left=\u00bb#cccccc\u00bb border_radii_tablet=\u00bb\u00bb border_radii_phone=\u00bb\u00bb border_radii_last_edited=\u00bbon|phone\u00bb border_width_left_tablet=\u00bb\u00bb border_width_left_phone=\u00bb\u00bb border_width_left_last_edited=\u00bbon|phone\u00bb][et_pb_text admin_label=\u00bbInformacio d&#8217;interes\u00bb module_class=\u00bbtit-info-interes-cab\u00bb _builder_version=\u00bb4.4.6&#8243; locked=\u00bbon\u00bb]Informaci\u00f3n de Inter\u00e9s:[\/et_pb_text][et_pb_text admin_label=\u00bbinformacio\u00bb _builder_version=\u00bb4.4.6&#8243;][\/et_pb_text][et_pb_cta button_url=\u00bbhttps:\/\/albal.es\/es\/contacto-albal\/\u00bb button_text=\u00bbContacto\u00bb admin_label=\u00bbBoton contacto\u00bb module_class=\u00bbboton-consultas-cab\u00bb _builder_version=\u00bb4.4.6&#8243; background_enable_color=\u00bboff\u00bb text_orientation=\u00bbleft\u00bb background_layout=\u00bblight\u00bb custom_padding=\u00bb0px|0px|0px|0px|true|true\u00bb locked=\u00bbon\u00bb]<\/p>\n<h3>Consultas y dudas:<\/h3>\n<p>[\/et_pb_cta][\/et_pb_column][et_pb_column type=\u00bb1_3&#8243; module_class=\u00bbcontent-info-interes-dos\u00bb disabled_on=\u00bbon|off|off\u00bb _builder_version=\u00bb3.29.3&#8243; custom_padding=\u00bb|||30px|false|false\u00bb custom_padding_tablet=\u00bb|||0px|false|false\u00bb custom_padding_phone=\u00bb|0px||0px|false|false\u00bb custom_padding_last_edited=\u00bbon|desktop\u00bb border_width_left=\u00bb1px\u00bb border_color_left=\u00bb#cccccc\u00bb border_width_left_tablet=\u00bb\u00bb border_width_left_phone=\u00bb\u00bb border_width_left_last_edited=\u00bbon|desktop\u00bb][et_pb_text disabled_on=\u00bboff|off|off\u00bb admin_label=\u00bbAmic\u00bb module_class=\u00bbamic-cita\u00bb _builder_version=\u00bb4.4.6&#8243; header_4_font=\u00bb||||||||\u00bb header_4_text_color=\u00bb#c40038&#8243; custom_margin=\u00bb||0px||false|false\u00bb custom_padding=\u00bb||15px||false|false\u00bb saved_tabs=\u00bball\u00bb locked=\u00bbon\u00bb]<\/p>\n<h3><img decoding=\"async\" class=\"wp-image-464 alignnone size-full lazyload\" data-src=\"https:\/\/albal.es\/content-albal\/uploads\/2019\/12\/logo-amic-2.png\" alt=\"\" width=\"135\" height=\"46\" src=\"data:image\/svg+xml;base64,PHN2ZyB3aWR0aD0iMSIgaGVpZ2h0PSIxIiB4bWxucz0iaHR0cDovL3d3dy53My5vcmcvMjAwMC9zdmciPjwvc3ZnPg==\" style=\"--smush-placeholder-width: 135px; --smush-placeholder-aspect-ratio: 135\/46;\" \/><\/h3>\n<h3>Atenci\u00f3n Municipal de Informaci\u00f3n Ciudadana<\/h3>\n<h4>REGISTROS Y SOLICITUDES<\/h4>\n<p>Plaza del Jard\u00edn, 7. Ayto. de Albal &#8211;\u00a0<strong>Planta baja<\/strong><br \/>\nTel:\u00a0<strong>96 126 00 56<\/strong>\u00a0\u00b7 Fax: 96 127 08 61<\/p>\n<p><a class=\"bot-cita-previa\" href=\"https:\/\/citaprevia.albal.es:10090\/\" target=\"_blank\" rel=\"noopener noreferrer\">Cita previa<\/a><br \/>\n<a class=\"bot-seu-electronica\" href=\"https:\/\/albal.sede.dival.es\/\" target=\"_blank\" rel=\"noopener noreferrer\">Sede electr\u00f3nica<\/a>[\/et_pb_text][\/et_pb_column][\/et_pb_row][\/et_pb_section][et_pb_section fb_built=\u00bb1&#8243; admin_label=\u00bb(ancla) #tramites\u00bb module_id=\u00bbtramites\u00bb _builder_version=\u00bb3.29.3&#8243; background_color=\u00bb#e2e1de\u00bb custom_padding=\u00bb50px||||false|false\u00bb][et_pb_row admin_label=\u00bb.content-avisos\u00bb module_class=\u00bbcontent-avisos\u00bb _builder_version=\u00bb4.5.1&#8243; custom_padding=\u00bb0px||||false|false\u00bb locked=\u00bbon\u00bb collapsed=\u00bboff\u00bb][et_pb_column type=\u00bb4_4&#8243; _builder_version=\u00bb3.29.3&#8243;][et_pb_text admin_label=\u00bbTitulo \u00abAvisos, convocat\u00f2ries i tr\u00e0mits actius\u00bb\u00bb _builder_version=\u00bb4.5.1&#8243; _module_preset=\u00bbdefault\u00bb]<\/p>\n<h2>Avisos, convocatorias y tr\u00e1mites activos<\/h2>\n<p>[\/et_pb_text][et_pb_cpt_loop_archive loop_layout=\u00bb4914&#8243; fullwidth=\u00bboff\u00bb columns=\u00bb2&#8243; show_pagination=\u00bboff\u00bb new_query=\u00bbon\u00bb post_type=\u00bbtramitambdata\u00bb posts_number=\u00bb999&#8243; include_meta=\u00bbpagina_de_destinacio_data\u00bb include_meta_terms=\u00bb582&#8243; hide_if_no_data=\u00bbon\u00bb order=\u00bbasc\u00bb admin_label=\u00bbAvisos, convocat\u00f2ries i tr\u00e0mits actius\u00bb module_class=\u00bbtramites-fecha tramites-activos-pag\u00bb _builder_version=\u00bb4.5.1&#8243; headings_text_color=\u00bb#000000&#8243; headings_font_size=\u00bb36px\u00bb custom_padding=\u00bb20px|20px|20px|20px|true|true\u00bb border_radii=\u00bbon|8px|8px|8px|8px\u00bb locked=\u00bboff\u00bb][\/et_pb_cpt_loop_archive][et_pb_code module_class=\u00bbcontent-mostrar-avisos\u00bb _builder_version=\u00bb4.5.1&#8243; _module_preset=\u00bbdefault\u00bb locked=\u00bboff\u00bb]<style>.et_pb_cpt_loop_archive.tramites-activos-pag:before { content:\"Avisos, convocatorias y tr\u00e1mites activos\";}<\/style>[\/et_pb_code][\/et_pb_column][\/et_pb_row][et_pb_row _builder_version=\u00bb3.29.3&#8243; custom_padding=\u00bb0px||||false|false\u00bb locked=\u00bboff\u00bb][et_pb_column type=\u00bb4_4&#8243; _builder_version=\u00bb3.29.3&#8243;][et_pb_text disabled_on=\u00bbon|on|on\u00bb admin_label=\u00bbTitulo Informacio, tr\u00e0mits i impresos\u00bb module_class=\u00bbtit-seccion\u00bb _builder_version=\u00bb4.4.6&#8243; disabled=\u00bbon\u00bb locked=\u00bboff\u00bb]<\/p>\n<h2><img decoding=\"async\" class=\"size-medium alignleft lazyload\" data-src=\"https:\/\/albal.es\/img\/iconos\/impreso-lapiz-45x45.svg\" alt=\"\" width=\"45\" height=\"45\" src=\"data:image\/svg+xml;base64,PHN2ZyB3aWR0aD0iMSIgaGVpZ2h0PSIxIiB4bWxucz0iaHR0cDovL3d3dy53My5vcmcvMjAwMC9zdmciPjwvc3ZnPg==\" style=\"--smush-placeholder-width: 45px; --smush-placeholder-aspect-ratio: 45\/45;\" \/>Informaci\u00f3n, tr\u00e1mites e impresos<\/h2>\n<p>[\/et_pb_text][et_pb_text admin_label=\u00bbTitulo Convenis\u00bb module_class=\u00bbtit-seccion\u00bb _builder_version=\u00bb4.4.6&#8243; custom_padding=\u00bb0px||||false|false\u00bb locked=\u00bboff\u00bb]<\/p>\n<h2>\u200b<img decoding=\"async\" class=\"size-medium alignleft lazyload\" data-src=\"https:\/\/albal.es\/img\/iconos\/manos-chocan-45x45.svg\" alt=\"\" width=\"45\" height=\"45\" src=\"data:image\/svg+xml;base64,PHN2ZyB3aWR0aD0iMSIgaGVpZ2h0PSIxIiB4bWxucz0iaHR0cDovL3d3dy53My5vcmcvMjAwMC9zdmciPjwvc3ZnPg==\" style=\"--smush-placeholder-width: 45px; --smush-placeholder-aspect-ratio: 45\/45;\" \/>Convenios colaborativos<\/h2>\n<p>[\/et_pb_text][\/et_pb_column][\/et_pb_row][et_pb_row _builder_version=\u00bb3.29.3&#8243; custom_padding=\u00bb0px||||false|false\u00bb][et_pb_column type=\u00bb4_4&#8243; _builder_version=\u00bb3.29.3&#8243;][et_pb_accordion use_icon_font_size=\u00bbon\u00bb icon_font_size=\u00bb21px\u00bb admin_label=\u00bbConvenis (acordeon desplegables)\u00bb _builder_version=\u00bb4.0.9&#8243;][et_pb_accordion_item title=\u00bbConvenio de colaboraci\u00f3n con la asociaci\u00f3n ACIXEA para 2017&#8243; open=\u00bbon\u00bb _builder_version=\u00bb4.0.9&#8243;]<a class=\"pdf\" href=\"https:\/\/albal.es\/ficheros\/pdf\/ConveniACIXEA2017.pdf\" target=\"_blank\" rel=\"noopener noreferrer\">Convenio de colaboraci\u00f3n con la asociaci\u00f3n ACIXEA para 2017<\/a>[\/et_pb_accordion_item][et_pb_accordion_item title=\u00bbConvenio de colaboraci\u00f3n con la Asociaci\u00f3n Multicultural Nueva Generaci\u00f3n\u00bb _builder_version=\u00bb4.0.9&#8243; open=\u00bboff\u00bb]<a class=\"pdf\" href=\"https:\/\/albal.es\/ficheros\/pdf\/ConveniNovaGeneracio2016.pdf\" target=\"_blank\" rel=\"noopener noreferrer\">Convenio de colaboraci\u00f3n con la Asociaci\u00f3n Multicultural Nueva Generaci\u00f3n<\/a>[\/et_pb_accordion_item][et_pb_accordion_item title=\u00bbConvenio de colaboraci\u00f3n y cooperaci\u00f3n para el desarrollo urbano sostenible e integrado\u00bb _builder_version=\u00bb4.0.9&#8243; open=\u00bboff\u00bb]<a class=\"pdf\" href=\"https:\/\/albal.es\/ficheros\/pdf\/ConvenioDUSICatarroja2016.pdf\" target=\"_blank\" rel=\"noopener noreferrer\">Convenio de colaboraci\u00f3n y cooperaci\u00f3n entre el Ayuntamiento de Catarroja y el Ayuntamiento de Albal para la preparaci\u00f3n de las estrategias de desarrollo urbano sostenible integrado a desarrollar por ambos municipios cofinanciadas por el programa operativos Feder de Crecimiento Sostenible 2014-2020. Orden HAP\/2427\/2015 de 13 de noviembre.<\/a>[\/et_pb_accordion_item][et_pb_accordion_item title=\u00bbConvenio con el IES programa Aula Compartida 2016\/2017&#8243; _builder_version=\u00bb4.0.9&#8243; open=\u00bboff\u00bb]<a class=\"pdf\" href=\"https:\/\/albal.es\/ficheros\/pdf\/ConveniIESAulaCompartida.pdf\" target=\"_blank\" rel=\"noopener noreferrer\">Convenio entre el Ayuntamiento de Albal y el Instituto de Educaci\u00f3n Secundaria de Albal para la colaboraci\u00f3n en la ejecuci\u00f3n del programa \u201cAula Compartida\u201d en el curso 2016-2017.<\/a>[\/et_pb_accordion_item][et_pb_accordion_item title=\u00bbConvenio con la Fundaci\u00f3n Caja Rural de Albal para Ayudas Sociales\u00bb _builder_version=\u00bb4.0.9&#8243; open=\u00bboff\u00bb]<a class=\"pdf\" href=\"https:\/\/albal.es\/ficheros\/pdf\/ConveniCaixaRuralAlbal2016.pdf\" target=\"_blank\" rel=\"noopener noreferrer\">Convenio de colaboraci\u00f3n entre la Fundaci\u00f3 Caixa Rural d&#8217;Albal y el Ayuntamiento de Albal para establecer y\/o intensificar actuaciones de ayuda social a familias residentes en Albal y que as\u00ed lo soliciten expresamente ante el Ayuntamiento.<\/a>[\/et_pb_accordion_item][et_pb_accordion_item title=\u00bbConvenio con la Diputaci\u00f3n de Valencia para la financiaci\u00f3n de infraestructuras deportivas\u00bb _builder_version=\u00bb4.0.9&#8243; open=\u00bboff\u00bb]<a class=\"pdf\" href=\"https:\/\/albal.es\/ficheros\/pdf\/ConveniDipuFutbol.pdf\" target=\"_blank\" rel=\"noopener noreferrer\">Convenio con la Diputaci\u00f3n de Valencia para la financiaci\u00f3n de infraestructuras deportivas: Suministro e instalaci\u00f3n de c\u00e9sped artificial en el campo de f\u00fatbol.<\/a>[\/et_pb_accordion_item][et_pb_accordion_item title=\u00bbConvenio con la Junta Local Fallera para el fomento y promoci\u00f3n de las fiestas falleras\u00bb _builder_version=\u00bb4.0.9&#8243; open=\u00bboff\u00bb]<a class=\"pdf\" href=\"https:\/\/albal.es\/ficheros\/pdf\/ConveniJLF2017.pdf\" target=\"_blank\" rel=\"noopener noreferrer\">Convenio con la Junta Local Fallera para el fomento y promoci\u00f3n de las fiestas falleras<\/a>[\/et_pb_accordion_item][et_pb_accordion_item title=\u00bbConvenio con Albal Club de Futbol para el fomento y promoci\u00f3n del deporte en el municipio\u00bb _builder_version=\u00bb4.0.9&#8243; open=\u00bboff\u00bb]<a class=\"pdf\" href=\"https:\/\/albal.es\/ficheros\/pdf\/ConveniACF2017.pdf\" target=\"_blank\" rel=\"noopener noreferrer\">Convenio con Albal Club de Futbol para el fomento y promoci\u00f3n del deporte en el municipio<\/a>[\/et_pb_accordion_item][et_pb_accordion_item title=\u00bbConvenio con Vodafone Espa\u00f1a, SA\u00bb _builder_version=\u00bb4.0.9&#8243; open=\u00bboff\u00bb]<a class=\"pdf\" href=\"https:\/\/albal.es\/ficheros\/pdf\/ConveniVodafone2017.pdf\" target=\"_blank\" rel=\"noopener noreferrer\">Convenio con Vodafone Espa\u00f1a, SA<\/a>[\/et_pb_accordion_item][et_pb_accordion_item title=\u00bbConvenio con la asociaci\u00f3n Segon Temps para la promoci\u00f3n y apoyo de la actividad musical y las actividades que ella desarrolla\u00bb _builder_version=\u00bb4.0.9&#8243; open=\u00bboff\u00bb]<a class=\"pdf\" href=\"https:\/\/albal.es\/ficheros\/pdf\/ConveniSegonTemps2017_c.pdf\" target=\"_blank\" rel=\"noopener noreferrer\">Convenio con la asociaci\u00f3n Segon Temps para la promoci\u00f3n y apoyo de la actividad musical y las actividades que ella desarrolla<\/a>[\/et_pb_accordion_item][et_pb_accordion_item title=\u00bbConvenio con la asociaci\u00f3n Societat Juventut Musical d&#8217;Albal para la promoci\u00f3n y apoyo de la actividad musical que desarrolla\u00bb _builder_version=\u00bb4.0.9&#8243; open=\u00bboff\u00bb]<a class=\"pdf\" href=\"https:\/\/albal.es\/ficheros\/pdf\/ConveniSJMA2017_c.pdf\" target=\"_blank\" rel=\"noopener noreferrer\">Convenio con la asociaci\u00f3n Societat Juventut Musical d\u2019Albal para la promoci\u00f3n y apoyo de la actividad musical que desarrolla<\/a>[\/et_pb_accordion_item][et_pb_accordion_item title=\u00bbConvenio con la Mancomunitat Intermunicipal de l&#8217;Horta Sud para la prestaci\u00f3n del servicio de gesti\u00f3n, tramitaci\u00f3n y recaudaci\u00f3n de expedientes en materia de tr\u00e1fico\u00bb _builder_version=\u00bb4.0.9&#8243; open=\u00bboff\u00bb]<a class=\"pdf\" href=\"https:\/\/albal.es\/ficheros\/pdf\/ConveniMultes2017.pdf\" target=\"_blank\" rel=\"noopener noreferrer\">Convenio con la Mancomunitat Intermunicipal de l&#8217;Horta Sud para la prestaci\u00f3n del servicio de gesti\u00f3n, tramitaci\u00f3n y recaudaci\u00f3n de expedientes en materia de tr\u00e1fico<\/a>[\/et_pb_accordion_item][et_pb_accordion_item title=\u00bbAcuerdo de cesi\u00f3n gratuita entre Divalterra y el Ayuntamiento de Albal\u00bb _builder_version=\u00bb4.0.9&#8243; open=\u00bboff\u00bb]<a class=\"pdf\" href=\"https:\/\/albal.es\/ficheros\/pdf\/ConveniDivalterra2017.pdf\" target=\"_blank\" rel=\"noopener noreferrer\">El objeto de este acuerdo es regular una cesi\u00f3n gratuita de la propiedad que realiza DIVALTERRA S.A. a favor del Ayuntamiento de Albal para destinarla a la colaboraci\u00f3n medioambiental de ornamentaci\u00f3n y restauraci\u00f3n paisaj\u00edstica.<\/a>[\/et_pb_accordion_item][et_pb_accordion_item title=\u00bbConvenio con Aqualia para la creaci\u00f3n de un fondo social para el pago de recibos de agua\u00bb _builder_version=\u00bb4.0.9&#8243; open=\u00bboff\u00bb]<a class=\"pdf\" href=\"https:\/\/albal.es\/ficheros\/pdf\/ConveniAqualia2017.pdf\" target=\"_blank\" rel=\"noopener noreferrer\">Convenio con Aqualia para la creaci\u00f3n de un fondo social para el pago de recibos de agua<\/a>[\/et_pb_accordion_item][et_pb_accordion_item title=\u00bbConvenio para la ejecuci\u00f3n de la sentencia del Procedimento Ordinario 693-2007&#8243; _builder_version=\u00bb4.0.9&#8243; open=\u00bboff\u00bb]<a class=\"pdf\" href=\"https:\/\/albal.es\/ficheros\/pdf\/ConvenioPO693-2007.pdf\" target=\"_blank\" rel=\"noopener noreferrer\">Convenio para la ejecuci\u00f3n de la sentencia del Procedimento Ordinario 693-2007<\/a>[\/et_pb_accordion_item][et_pb_accordion_item title=\u00bbConvenio para la ocupaci\u00f3n y explotaci\u00f3n de dominio p\u00fablico con Telxius Torre Espa\u00f1a\u00bb _builder_version=\u00bb4.0.9&#8243; open=\u00bboff\u00bb]<a class=\"pdf\" href=\"https:\/\/albal.es\/ficheros\/pdf\/ConvenioTelxius.pdf\" target=\"_blank\" rel=\"noopener noreferrer\">Convenio relativo a la concesi\u00f3n para la ocupaci\u00f3n y explotaci\u00f3n del dominio p\u00fablico necesario en la cubierta del edificio municipal Casa Consistorial<\/a>[\/et_pb_accordion_item][\/et_pb_accordion][\/et_pb_column][\/et_pb_row][et_pb_row column_structure=\u00bb3_5,2_5&#8243; disabled_on=\u00bbon|on|on\u00bb _builder_version=\u00bb4.5.1&#8243; custom_padding=\u00bb0px||||false|false\u00bb disabled=\u00bbon\u00bb locked=\u00bboff\u00bb][et_pb_column type=\u00bb3_5&#8243; _builder_version=\u00bb3.29.3&#8243;][et_pb_accordion use_icon_font_size=\u00bbon\u00bb icon_font_size=\u00bb21px\u00bb admin_label=\u00bbTramites (acordeon desplegables)\u00bb _builder_version=\u00bb4.4.6&#8243;][et_pb_accordion_item title=\u00bbTitulo\u00bb open=\u00bbon\u00bb _builder_version=\u00bb4.4.6&#8243;]Contenido[\/et_pb_accordion_item][\/et_pb_accordion][\/et_pb_column][et_pb_column type=\u00bb2_5&#8243; module_class=\u00bbcontent-impresos\u00bb _builder_version=\u00bb4.5.1&#8243;][et_pb_text admin_label=\u00bbTitulo \u00abImpresos i enlla\u00e7os a Seu electr\u00f2nica\u00bb\u00bb _builder_version=\u00bb4.5.1&#8243; _module_preset=\u00bbdefault\u00bb locked=\u00bbon\u00bb]<\/p>\n<h2>Impresos y enlaces a Sede electr\u00f3nica<\/h2>\n<p>[\/et_pb_text][et_pb_cpt_loop_archive loop_layout=\u00bb6282&#8243; show_pagination=\u00bboff\u00bb new_query=\u00bbon\u00bb post_type=\u00bbimpreso_tramit\u00bb posts_number=\u00bb999&#8243; include_meta=\u00bbpagina_de_destinacio\u00bb include_meta_terms=\u00bb582&#8243; hide_if_no_data=\u00bbon\u00bb order=\u00bbasc\u00bb admin_label=\u00bbImpresos i enlla\u00e7os a Seu Electronica\u00bb module_class=\u00bbcontent-impresos-dinamic\u00bb _builder_version=\u00bb4.5.1&#8243; headings_font_size=\u00bb36px\u00bb background_color=\u00bb#ffffff\u00bb border_radii=\u00bbon|8px|8px|8px|8px\u00bb border_width_all=\u00bb1px\u00bb border_color_all=\u00bb#cccccc\u00bb locked=\u00bbon\u00bb][\/et_pb_cpt_loop_archive][et_pb_code module_class=\u00bbcontent-mostrar-impresos\u00bb _builder_version=\u00bb4.5.1&#8243; _module_preset=\u00bbdefault\u00bb locked=\u00bbon\u00bb]<style>.et_pb_cpt_loop_archive.content-impresos-dinamic:before { content:\"Impresos y enlaces a Sede electr\u00f3nica\";}\t<\/style>[\/et_pb_code][\/et_pb_column][\/et_pb_row][et_pb_row disabled_on=\u00bboff|on|on\u00bb admin_label=\u00bbCarga solo en MOVIL\u00bb _builder_version=\u00bb4.5.1&#8243; custom_padding=\u00bb0px||||false|false\u00bb locked=\u00bboff\u00bb][et_pb_column type=\u00bb4_4&#8243; _builder_version=\u00bb3.29.3&#8243;][et_pb_text disabled_on=\u00bboff|off|off\u00bb admin_label=\u00bbAmic\u00bb module_class=\u00bbamic-cita\u00bb _builder_version=\u00bb4.4.6&#8243; header_4_font=\u00bb||||||||\u00bb header_4_text_color=\u00bb#c40038&#8243; custom_margin=\u00bb||0px||false|false\u00bb custom_padding=\u00bb||15px||false|false\u00bb saved_tabs=\u00bball\u00bb locked=\u00bbon\u00bb]<\/p>\n<h3><img decoding=\"async\" class=\"wp-image-464 alignnone size-full lazyload\" data-src=\"https:\/\/albal.es\/content-albal\/uploads\/2019\/12\/logo-amic-2.png\" alt=\"\" width=\"135\" height=\"46\" src=\"data:image\/svg+xml;base64,PHN2ZyB3aWR0aD0iMSIgaGVpZ2h0PSIxIiB4bWxucz0iaHR0cDovL3d3dy53My5vcmcvMjAwMC9zdmciPjwvc3ZnPg==\" style=\"--smush-placeholder-width: 135px; --smush-placeholder-aspect-ratio: 135\/46;\" \/><\/h3>\n<h3>Atenci\u00f3n Municipal de Informaci\u00f3n Ciudadana<\/h3>\n<h4>REGISTROS Y SOLICITUDES<\/h4>\n<p>Plaza del Jard\u00edn, 7. Ayto. de Albal &#8211;\u00a0<strong>Planta baja<\/strong><br \/>\nTel:\u00a0<strong>96 126 00 56<\/strong>\u00a0\u00b7 Fax: 96 127 08 61<\/p>\n<p><a class=\"bot-cita-previa\" href=\"https:\/\/citaprevia.albal.es:10090\/\" target=\"_blank\" rel=\"noopener noreferrer\">Cita previa<\/a><br \/>\n<a class=\"bot-seu-electronica\" href=\"https:\/\/albal.sede.dival.es\/\" target=\"_blank\" rel=\"noopener noreferrer\">Sede electr\u00f3nica<\/a>[\/et_pb_text][\/et_pb_column][\/et_pb_row][\/et_pb_section]<\/p>\n","protected":false},"excerpt":{"rendered":"<p>\u00c1reas y servicios | SECRETAR\u00cdA ConveniosRecopilaci\u00f3n, en un \u00fanico punto, de todos los convenios colaborativos firmados entre esta entidad y otros organismos, empresas, asociaciones, etc. Dada la gran cantidad y diversidad de los convenios firmados, en esta secci\u00f3n se ir\u00e1n publicando todos ellos de manera paulatina.Informaci\u00f3n de Inter\u00e9s:Consultas y dudas: Atenci\u00f3n Municipal de Informaci\u00f3n Ciudadana REGISTROS Y SOLICITUDES Plaza del Jard\u00edn, 7. Ayto. de Albal &#8211;\u00a0Planta baja Tel:\u00a096 126 00 56\u00a0\u00b7 Fax: 96 127 08 61 Cita previa Sede electr\u00f3nicaAvisos, convocatorias y tr\u00e1mites activos<style>.et_pb_cpt_loop_archive.tramites-activos-pag:before { content:\"Avisos, convocatorias y tr\u00e1mites activos\";}<\/style>Informaci\u00f3n, tr\u00e1mites e impresos\u200bConvenios colaborativosConvenio de colaboraci\u00f3n con la asociaci\u00f3n ACIXEA para 2017Convenio de colaboraci\u00f3n con la Asociaci\u00f3n Multicultural Nueva Generaci\u00f3nConvenio de colaboraci\u00f3n y cooperaci\u00f3n entre el Ayuntamiento de Catarroja y el Ayuntamiento de Albal para la preparaci\u00f3n de las estrategias de desarrollo urbano sostenible integrado a desarrollar por ambos municipios cofinanciadas por el programa operativos Feder de Crecimiento Sostenible 2014-2020. Orden HAP\/2427\/2015 de 13 de noviembre.Convenio entre el Ayuntamiento de Albal y el Instituto de Educaci\u00f3n Secundaria de Albal para la colaboraci\u00f3n en la ejecuci\u00f3n del programa \u201cAula Compartida\u201d en el curso 2016-2017.Convenio de colaboraci\u00f3n entre la Fundaci\u00f3 Caixa Rural d&#8217;Albal y el Ayuntamiento de Albal para establecer y\/o intensificar actuaciones de ayuda social a familias [&hellip;]<\/p>\n","protected":false},"author":5,"featured_media":0,"parent":759,"menu_order":7,"comment_status":"closed","ping_status":"closed","template":"","meta":{"_acf_changed":false,"_et_pb_use_builder":"on","_et_pb_old_content":"","_et_gb_content_width":"","footnotes":""},"coauthors":[],"class_list":["post-584","page","type-page","status-publish","hentry"],"acf":[],"yoast_head":"<!-- This site is optimized with the Yoast SEO plugin v27.4 - https:\/\/yoast.com\/product\/yoast-seo-wordpress\/ -->\n<title>Convenios - Ayuntamiento de Albal (Valencia)<\/title>\n<meta name=\"robots\" content=\"index, follow, max-snippet:-1, max-image-preview:large, max-video-preview:-1\" \/>\n<link rel=\"canonical\" href=\"https:\/\/albal.es\/es\/areas-y-servicios-2\/secretaria-ayuntamiento\/convenios\/\" \/>\n<meta property=\"og:locale\" content=\"es_ES\" \/>\n<meta property=\"og:type\" content=\"article\" \/>\n<meta property=\"og:title\" content=\"Convenios - Ayuntamiento de Albal (Valencia)\" \/>\n<meta property=\"og:description\" content=\"\u00c1reas y servicios | SECRETAR\u00cdA ConveniosRecopilaci\u00f3n, en un \u00fanico punto, de todos los convenios colaborativos firmados entre esta entidad y otros organismos, empresas, asociaciones, etc. Dada la gran cantidad y diversidad de los convenios firmados, en esta secci\u00f3n se ir\u00e1n publicando todos ellos de manera paulatina.Informaci\u00f3n de Inter\u00e9s:Consultas y dudas: Atenci\u00f3n Municipal de Informaci\u00f3n Ciudadana REGISTROS Y SOLICITUDES Plaza del Jard\u00edn, 7. Ayto. de Albal -\u00a0Planta baja Tel:\u00a096 126 00 56\u00a0\u00b7 Fax: 96 127 08 61 Cita previa Sede electr\u00f3nicaAvisos, convocatorias y tr\u00e1mites activosInformaci\u00f3n, tr\u00e1mites e impresos\u200bConvenios colaborativosConvenio de colaboraci\u00f3n con la asociaci\u00f3n ACIXEA para 2017Convenio de colaboraci\u00f3n con la Asociaci\u00f3n Multicultural Nueva Generaci\u00f3nConvenio de colaboraci\u00f3n y cooperaci\u00f3n entre el Ayuntamiento de Catarroja y el Ayuntamiento de Albal para la preparaci\u00f3n de las estrategias de desarrollo urbano sostenible integrado a desarrollar por ambos municipios cofinanciadas por el programa operativos Feder de Crecimiento Sostenible 2014-2020. Orden HAP\/2427\/2015 de 13 de noviembre.Convenio entre el Ayuntamiento de Albal y el Instituto de Educaci\u00f3n Secundaria de Albal para la colaboraci\u00f3n en la ejecuci\u00f3n del programa \u201cAula Compartida\u201d en el curso 2016-2017.Convenio de colaboraci\u00f3n entre la Fundaci\u00f3 Caixa Rural d&#039;Albal y el Ayuntamiento de Albal para establecer y\/o intensificar actuaciones de ayuda social a familias [&hellip;]\" \/>\n<meta property=\"og:site_name\" content=\"Ajuntament d&#039;Albal\" \/>\n<meta property=\"article:publisher\" content=\"https:\/\/facebook.com\/AjuntamentAlbal\/\" \/>\n<meta property=\"article:modified_time\" content=\"2020-07-27T09:09:57+00:00\" \/>\n<meta property=\"og:image\" content=\"https:\/\/albal.es\/content-albal\/uploads\/2019\/12\/logo-amic-2.png\" \/>\n<meta name=\"twitter:card\" content=\"summary_large_image\" \/>\n<meta name=\"twitter:label1\" content=\"Tiempo de lectura\" \/>\n\t<meta name=\"twitter:data1\" content=\"10 minutos\" \/>\n\t<meta name=\"twitter:label2\" content=\"Written by\" \/>\n\t<meta name=\"twitter:data2\" content=\"Carmen Mar\u00eda \u00c1lvarez\" \/>\n<script type=\"application\/ld+json\" class=\"yoast-schema-graph\">{\"@context\":\"https:\\\/\\\/schema.org\",\"@graph\":[{\"@type\":\"WebPage\",\"@id\":\"https:\\\/\\\/albal.es\\\/es\\\/areas-y-servicios-2\\\/secretaria-ayuntamiento\\\/convenios\\\/\",\"url\":\"https:\\\/\\\/albal.es\\\/es\\\/areas-y-servicios-2\\\/secretaria-ayuntamiento\\\/convenios\\\/\",\"name\":\"Convenios - Ayuntamiento de Albal (Valencia)\",\"isPartOf\":{\"@id\":\"https:\\\/\\\/albal.es\\\/es\\\/#website\"},\"primaryImageOfPage\":{\"@id\":\"https:\\\/\\\/albal.es\\\/es\\\/areas-y-servicios-2\\\/secretaria-ayuntamiento\\\/convenios\\\/#primaryimage\"},\"image\":{\"@id\":\"https:\\\/\\\/albal.es\\\/es\\\/areas-y-servicios-2\\\/secretaria-ayuntamiento\\\/convenios\\\/#primaryimage\"},\"thumbnailUrl\":\"https:\\\/\\\/albal.es\\\/content-albal\\\/uploads\\\/2019\\\/12\\\/logo-amic-2.png\",\"datePublished\":\"2019-12-10T11:59:03+00:00\",\"dateModified\":\"2020-07-27T09:09:57+00:00\",\"breadcrumb\":{\"@id\":\"https:\\\/\\\/albal.es\\\/es\\\/areas-y-servicios-2\\\/secretaria-ayuntamiento\\\/convenios\\\/#breadcrumb\"},\"inLanguage\":\"es\",\"potentialAction\":[{\"@type\":\"ReadAction\",\"target\":[\"https:\\\/\\\/albal.es\\\/es\\\/areas-y-servicios-2\\\/secretaria-ayuntamiento\\\/convenios\\\/\"]}]},{\"@type\":\"ImageObject\",\"inLanguage\":\"es\",\"@id\":\"https:\\\/\\\/albal.es\\\/es\\\/areas-y-servicios-2\\\/secretaria-ayuntamiento\\\/convenios\\\/#primaryimage\",\"url\":\"https:\\\/\\\/albal.es\\\/content-albal\\\/uploads\\\/2019\\\/12\\\/logo-amic-2.png\",\"contentUrl\":\"https:\\\/\\\/albal.es\\\/content-albal\\\/uploads\\\/2019\\\/12\\\/logo-amic-2.png\"},{\"@type\":\"BreadcrumbList\",\"@id\":\"https:\\\/\\\/albal.es\\\/es\\\/areas-y-servicios-2\\\/secretaria-ayuntamiento\\\/convenios\\\/#breadcrumb\",\"itemListElement\":[{\"@type\":\"ListItem\",\"position\":1,\"name\":\"Inici\",\"item\":\"https:\\\/\\\/albal.es\\\/es\\\/\"},{\"@type\":\"ListItem\",\"position\":2,\"name\":\"\u00c1reas y Servicios\",\"item\":\"https:\\\/\\\/albal.es\\\/es\\\/areas-y-servicios-2\\\/\"},{\"@type\":\"ListItem\",\"position\":3,\"name\":\"Secretaria\",\"item\":\"https:\\\/\\\/albal.es\\\/es\\\/areas-y-servicios-2\\\/secretaria-ayuntamiento\\\/\"},{\"@type\":\"ListItem\",\"position\":4,\"name\":\"Convenios\"}]},{\"@type\":\"WebSite\",\"@id\":\"https:\\\/\\\/albal.es\\\/es\\\/#website\",\"url\":\"https:\\\/\\\/albal.es\\\/es\\\/\",\"name\":\"Ajuntament d&#039;Albal\",\"description\":\"Ajuntament d&#039;Albal\",\"publisher\":{\"@id\":\"https:\\\/\\\/albal.es\\\/es\\\/#organization\"},\"potentialAction\":[{\"@type\":\"SearchAction\",\"target\":{\"@type\":\"EntryPoint\",\"urlTemplate\":\"https:\\\/\\\/albal.es\\\/es\\\/?s={search_term_string}\"},\"query-input\":{\"@type\":\"PropertyValueSpecification\",\"valueRequired\":true,\"valueName\":\"search_term_string\"}}],\"inLanguage\":\"es\"},{\"@type\":\"Organization\",\"@id\":\"https:\\\/\\\/albal.es\\\/es\\\/#organization\",\"name\":\"Ajuntament d'Albal - Valencia\",\"url\":\"https:\\\/\\\/albal.es\\\/es\\\/\",\"logo\":{\"@type\":\"ImageObject\",\"inLanguage\":\"es\",\"@id\":\"https:\\\/\\\/albal.es\\\/es\\\/#\\\/schema\\\/logo\\\/image\\\/\",\"url\":\"https:\\\/\\\/albal.es\\\/content-albal\\\/uploads\\\/2020\\\/06\\\/logo-ayuntamiento-albal.png\",\"contentUrl\":\"https:\\\/\\\/albal.es\\\/content-albal\\\/uploads\\\/2020\\\/06\\\/logo-ayuntamiento-albal.png\",\"width\":367,\"height\":332,\"caption\":\"Ajuntament d'Albal - Valencia\"},\"image\":{\"@id\":\"https:\\\/\\\/albal.es\\\/es\\\/#\\\/schema\\\/logo\\\/image\\\/\"},\"sameAs\":[\"https:\\\/\\\/facebook.com\\\/AjuntamentAlbal\\\/\"]}]}<\/script>\n<!-- \/ Yoast SEO plugin. -->","yoast_head_json":{"title":"Convenios - Ayuntamiento de Albal (Valencia)","robots":{"index":"index","follow":"follow","max-snippet":"max-snippet:-1","max-image-preview":"max-image-preview:large","max-video-preview":"max-video-preview:-1"},"canonical":"https:\/\/albal.es\/es\/areas-y-servicios-2\/secretaria-ayuntamiento\/convenios\/","og_locale":"es_ES","og_type":"article","og_title":"Convenios - Ayuntamiento de Albal (Valencia)","og_description":"\u00c1reas y servicios | SECRETAR\u00cdA ConveniosRecopilaci\u00f3n, en un \u00fanico punto, de todos los convenios colaborativos firmados entre esta entidad y otros organismos, empresas, asociaciones, etc. Dada la gran cantidad y diversidad de los convenios firmados, en esta secci\u00f3n se ir\u00e1n publicando todos ellos de manera paulatina.Informaci\u00f3n de Inter\u00e9s:Consultas y dudas: Atenci\u00f3n Municipal de Informaci\u00f3n Ciudadana REGISTROS Y SOLICITUDES Plaza del Jard\u00edn, 7. Ayto. de Albal -\u00a0Planta baja Tel:\u00a096 126 00 56\u00a0\u00b7 Fax: 96 127 08 61 Cita previa Sede electr\u00f3nicaAvisos, convocatorias y tr\u00e1mites activosInformaci\u00f3n, tr\u00e1mites e impresos\u200bConvenios colaborativosConvenio de colaboraci\u00f3n con la asociaci\u00f3n ACIXEA para 2017Convenio de colaboraci\u00f3n con la Asociaci\u00f3n Multicultural Nueva Generaci\u00f3nConvenio de colaboraci\u00f3n y cooperaci\u00f3n entre el Ayuntamiento de Catarroja y el Ayuntamiento de Albal para la preparaci\u00f3n de las estrategias de desarrollo urbano sostenible integrado a desarrollar por ambos municipios cofinanciadas por el programa operativos Feder de Crecimiento Sostenible 2014-2020. Orden HAP\/2427\/2015 de 13 de noviembre.Convenio entre el Ayuntamiento de Albal y el Instituto de Educaci\u00f3n Secundaria de Albal para la colaboraci\u00f3n en la ejecuci\u00f3n del programa \u201cAula Compartida\u201d en el curso 2016-2017.Convenio de colaboraci\u00f3n entre la Fundaci\u00f3 Caixa Rural d'Albal y el Ayuntamiento de Albal para establecer y\/o intensificar actuaciones de ayuda social a familias [&hellip;]","og_site_name":"Ajuntament d&#039;Albal","article_publisher":"https:\/\/facebook.com\/AjuntamentAlbal\/","article_modified_time":"2020-07-27T09:09:57+00:00","og_image":[{"url":"https:\/\/albal.es\/content-albal\/uploads\/2019\/12\/logo-amic-2.png","type":"","width":"","height":""}],"twitter_card":"summary_large_image","twitter_misc":{"Tiempo de lectura":"10 minutos","Written by":"Carmen Mar\u00eda \u00c1lvarez"},"schema":{"@context":"https:\/\/schema.org","@graph":[{"@type":"WebPage","@id":"https:\/\/albal.es\/es\/areas-y-servicios-2\/secretaria-ayuntamiento\/convenios\/","url":"https:\/\/albal.es\/es\/areas-y-servicios-2\/secretaria-ayuntamiento\/convenios\/","name":"Convenios - Ayuntamiento de Albal (Valencia)","isPartOf":{"@id":"https:\/\/albal.es\/es\/#website"},"primaryImageOfPage":{"@id":"https:\/\/albal.es\/es\/areas-y-servicios-2\/secretaria-ayuntamiento\/convenios\/#primaryimage"},"image":{"@id":"https:\/\/albal.es\/es\/areas-y-servicios-2\/secretaria-ayuntamiento\/convenios\/#primaryimage"},"thumbnailUrl":"https:\/\/albal.es\/content-albal\/uploads\/2019\/12\/logo-amic-2.png","datePublished":"2019-12-10T11:59:03+00:00","dateModified":"2020-07-27T09:09:57+00:00","breadcrumb":{"@id":"https:\/\/albal.es\/es\/areas-y-servicios-2\/secretaria-ayuntamiento\/convenios\/#breadcrumb"},"inLanguage":"es","potentialAction":[{"@type":"ReadAction","target":["https:\/\/albal.es\/es\/areas-y-servicios-2\/secretaria-ayuntamiento\/convenios\/"]}]},{"@type":"ImageObject","inLanguage":"es","@id":"https:\/\/albal.es\/es\/areas-y-servicios-2\/secretaria-ayuntamiento\/convenios\/#primaryimage","url":"https:\/\/albal.es\/content-albal\/uploads\/2019\/12\/logo-amic-2.png","contentUrl":"https:\/\/albal.es\/content-albal\/uploads\/2019\/12\/logo-amic-2.png"},{"@type":"BreadcrumbList","@id":"https:\/\/albal.es\/es\/areas-y-servicios-2\/secretaria-ayuntamiento\/convenios\/#breadcrumb","itemListElement":[{"@type":"ListItem","position":1,"name":"Inici","item":"https:\/\/albal.es\/es\/"},{"@type":"ListItem","position":2,"name":"\u00c1reas y Servicios","item":"https:\/\/albal.es\/es\/areas-y-servicios-2\/"},{"@type":"ListItem","position":3,"name":"Secretaria","item":"https:\/\/albal.es\/es\/areas-y-servicios-2\/secretaria-ayuntamiento\/"},{"@type":"ListItem","position":4,"name":"Convenios"}]},{"@type":"WebSite","@id":"https:\/\/albal.es\/es\/#website","url":"https:\/\/albal.es\/es\/","name":"Ajuntament d&#039;Albal","description":"Ajuntament d&#039;Albal","publisher":{"@id":"https:\/\/albal.es\/es\/#organization"},"potentialAction":[{"@type":"SearchAction","target":{"@type":"EntryPoint","urlTemplate":"https:\/\/albal.es\/es\/?s={search_term_string}"},"query-input":{"@type":"PropertyValueSpecification","valueRequired":true,"valueName":"search_term_string"}}],"inLanguage":"es"},{"@type":"Organization","@id":"https:\/\/albal.es\/es\/#organization","name":"Ajuntament d'Albal - Valencia","url":"https:\/\/albal.es\/es\/","logo":{"@type":"ImageObject","inLanguage":"es","@id":"https:\/\/albal.es\/es\/#\/schema\/logo\/image\/","url":"https:\/\/albal.es\/content-albal\/uploads\/2020\/06\/logo-ayuntamiento-albal.png","contentUrl":"https:\/\/albal.es\/content-albal\/uploads\/2020\/06\/logo-ayuntamiento-albal.png","width":367,"height":332,"caption":"Ajuntament d'Albal - Valencia"},"image":{"@id":"https:\/\/albal.es\/es\/#\/schema\/logo\/image\/"},"sameAs":["https:\/\/facebook.com\/AjuntamentAlbal\/"]}]}},"publishpress_future_workflow_manual_trigger":{"enabledWorkflows":[]},"_links":{"self":[{"href":"https:\/\/albal.es\/es\/wp-json\/wp\/v2\/pages\/584","targetHints":{"allow":["GET"]}}],"collection":[{"href":"https:\/\/albal.es\/es\/wp-json\/wp\/v2\/pages"}],"about":[{"href":"https:\/\/albal.es\/es\/wp-json\/wp\/v2\/types\/page"}],"author":[{"embeddable":true,"href":"https:\/\/albal.es\/es\/wp-json\/wp\/v2\/users\/5"}],"replies":[{"embeddable":true,"href":"https:\/\/albal.es\/es\/wp-json\/wp\/v2\/comments?post=584"}],"version-history":[{"count":0,"href":"https:\/\/albal.es\/es\/wp-json\/wp\/v2\/pages\/584\/revisions"}],"up":[{"embeddable":true,"href":"https:\/\/albal.es\/es\/wp-json\/wp\/v2\/pages\/759"}],"wp:attachment":[{"href":"https:\/\/albal.es\/es\/wp-json\/wp\/v2\/media?parent=584"}],"wp:term":[{"taxonomy":"author","embeddable":true,"href":"https:\/\/albal.es\/es\/wp-json\/wp\/v2\/coauthors?post=584"}],"curies":[{"name":"wp","href":"https:\/\/api.w.org\/{rel}","templated":true}]}}