

{"id":579,"date":"2019-12-10T12:57:45","date_gmt":"2019-12-10T11:57:45","guid":{"rendered":"https:\/\/albal.es\/?page_id=579"},"modified":"2021-05-17T11:36:17","modified_gmt":"2021-05-17T09:36:17","slug":"contratacion","status":"publish","type":"page","link":"https:\/\/albal.es\/es\/areas-y-servicios-2\/secretaria-ayuntamiento\/contratacion\/","title":{"rendered":"Contrataci\u00f3n"},"content":{"rendered":"<p>[et_pb_section fb_built=\u00bb1&#8243; custom_padding_last_edited=\u00bbon|phone\u00bb admin_label=\u00bbcontent-cab-area\u00bb module_class=\u00bbcontent-cab-area\u00bb _builder_version=\u00bb3.29.3&#8243; background_color=\u00bb#fafafa\u00bb custom_padding=\u00bb15px||25px||false|false\u00bb custom_padding_tablet=\u00bb\u00bb custom_padding_phone=\u00bb||0px||false|false\u00bb collapsed=\u00bboff\u00bb][et_pb_row disabled_on=\u00bbon|off|off\u00bb admin_label=\u00bbDesabilitado en moviles (Content migas pan)\u00bb _builder_version=\u00bb4.0.7&#8243; custom_padding=\u00bb0px||0px||false|false\u00bb locked=\u00bbon\u00bb collapsed=\u00bbon\u00bb][et_pb_column type=\u00bb4_4&#8243; _builder_version=\u00bb4.0.7&#8243;][et_pb_dmb_breadcrumbs admin_label=\u00bbMigas pan\u00bb font_icon=\u00bb%%20%%\u00bb use_home_icon=\u00bboff\u00bb use_home_text=\u00bbon\u00bb home_text=\u00bbInici\u00bb _builder_version=\u00bb3.29.3&#8243;][\/et_pb_dmb_breadcrumbs][\/et_pb_column][\/et_pb_row][et_pb_row column_structure=\u00bb1_3,1_3,1_3&#8243; use_custom_gutter=\u00bbon\u00bb make_equal=\u00bbon\u00bb custom_padding_last_edited=\u00bbon|phone\u00bb admin_label=\u00bbcab-area\u00bb module_class=\u00bbcab-area\u00bb _builder_version=\u00bb3.29.3&#8243; background_enable_image=\u00bboff\u00bb background_size=\u00bbinitial\u00bb background_position=\u00bbcenter_left\u00bb custom_padding=\u00bb25px||0px||false|false\u00bb custom_padding_tablet=\u00bb\u00bb custom_padding_phone=\u00bb15px||||false|false\u00bb border_width_left_tablet=\u00bb\u00bb border_width_left_phone=\u00bb0px\u00bb border_width_left_last_edited=\u00bbon|desktop\u00bb locked=\u00bboff\u00bb][et_pb_column type=\u00bb1_3&#8243; module_class=\u00bbcontent-tit-area\u00bb _builder_version=\u00bb3.29.3&#8243;][et_pb_text admin_label=\u00bbH4, H1&#8243; module_class=\u00bbtit-area\u00bb _builder_version=\u00bb4.4.6&#8243; custom_margin=\u00bb||5px||false|false\u00bb locked=\u00bbon\u00bb]<\/p>\n<h4>\u00c0reas y servicios | SECRETAR\u00cdA<\/h4>\n<h1>Contrataci\u00f3n<\/h1>\n<p>&nbsp;[\/et_pb_text][et_pb_text admin_label=\u00bbIntro\u00bb module_class=\u00bbtit-area\u00bb _builder_version=\u00bb4.4.6&#8243;][\/et_pb_text][\/et_pb_column][et_pb_column type=\u00bb1_3&#8243; module_class=\u00bbcontent-info-interes\u00bb disabled_on=\u00bbon|off|off\u00bb _builder_version=\u00bb3.29.3&#8243; custom_padding=\u00bb|||30px|false|false\u00bb custom_padding_tablet=\u00bb\u00bb custom_padding_phone=\u00bb|0px||0px|false|false\u00bb custom_padding_last_edited=\u00bbon|desktop\u00bb border_width_left=\u00bb1px\u00bb border_color_left=\u00bb#cccccc\u00bb border_radii_tablet=\u00bb\u00bb border_radii_phone=\u00bb\u00bb border_radii_last_edited=\u00bbon|phone\u00bb border_width_left_tablet=\u00bb\u00bb border_width_left_phone=\u00bb\u00bb border_width_left_last_edited=\u00bbon|phone\u00bb][et_pb_text admin_label=\u00bbInformacio d&#8217;interes\u00bb module_class=\u00bbtit-info-interes-cab\u00bb _builder_version=\u00bb4.4.6&#8243; locked=\u00bbon\u00bb]Informaci\u00f3n de Inter\u00e9s:[\/et_pb_text][et_pb_text admin_label=\u00bbinformacio\u00bb _builder_version=\u00bb4.5.1&#8243;]<a href=\"https:\/\/contrataciondelestado.es\/wps\/poc?uri=deeplink%3AperfilContratante&amp;ubicacionOrganica=HjMPzUYkkHU%3D\" target=\"_blank\" rel=\"noopener noreferrer\">Perfil de Contratante con informaci\u00f3n de contratos posterior a septiembre de 2015<\/strong><\/a>[\/et_pb_text][et_pb_cta button_url=\u00bbhttps:\/\/albal.es\/es\/contacto-albal\/\u00bb button_text=\u00bbContacto\u00bb admin_label=\u00bbBoton contacto\u00bb module_class=\u00bbboton-consultas-cab\u00bb _builder_version=\u00bb4.4.6&#8243; background_enable_color=\u00bboff\u00bb text_orientation=\u00bbleft\u00bb background_layout=\u00bblight\u00bb custom_padding=\u00bb0px|0px|0px|0px|true|true\u00bb locked=\u00bbon\u00bb]<\/p>\n<h3>Consultas y dudas:<\/h3>\n<p>[\/et_pb_cta][\/et_pb_column][et_pb_column type=\u00bb1_3&#8243; module_class=\u00bbcontent-info-interes-dos\u00bb disabled_on=\u00bbon|off|off\u00bb _builder_version=\u00bb3.29.3&#8243; custom_padding=\u00bb|||30px|false|false\u00bb custom_padding_tablet=\u00bb|||0px|false|false\u00bb custom_padding_phone=\u00bb|0px||0px|false|false\u00bb custom_padding_last_edited=\u00bbon|desktop\u00bb border_width_left=\u00bb1px\u00bb border_color_left=\u00bb#cccccc\u00bb border_width_left_tablet=\u00bb\u00bb border_width_left_phone=\u00bb\u00bb border_width_left_last_edited=\u00bbon|desktop\u00bb][et_pb_text disabled_on=\u00bboff|off|off\u00bb admin_label=\u00bbAmic\u00bb module_class=\u00bbamic-cita\u00bb _builder_version=\u00bb4.5.1&#8243; header_4_font=\u00bb||||||||\u00bb header_4_text_color=\u00bb#c40038&#8243; custom_margin=\u00bb||0px||false|false\u00bb custom_padding=\u00bb||15px||false|false\u00bb saved_tabs=\u00bball\u00bb locked=\u00bbon\u00bb]<\/p>\n<h3><img decoding=\"async\" class=\"wp-image-464 alignnone size-full lazyload\" data-src=\"https:\/\/albal.es\/content-albal\/uploads\/2019\/12\/logo-amic-2.png\" alt=\"\" width=\"135\" height=\"46\" src=\"data:image\/svg+xml;base64,PHN2ZyB3aWR0aD0iMSIgaGVpZ2h0PSIxIiB4bWxucz0iaHR0cDovL3d3dy53My5vcmcvMjAwMC9zdmciPjwvc3ZnPg==\" style=\"--smush-placeholder-width: 135px; --smush-placeholder-aspect-ratio: 135\/46;\" \/><\/h3>\n<h3>Atenci\u00f3 Municipal d&#8217;Informaci\u00f3 Ciutadana<\/h3>\n<h4>REGISTRES I SOL\u00b7LICITUDS<\/h4>\n<p>Pla\u00e7a del Jard\u00ed, 7. Ajuntament d&#8217;Albal &#8211; <strong>Planta baixa<\/strong><br \/>\nTel: <strong>96 126 00 56<\/strong> \u00b7 Fax: 96 127 08 61<\/p>\n<p><a class=\"bot-cita-previa\" href=\"https:\/\/citaprevia.albal.es:10090\/\" target=\"_blank\" rel=\"noopener noreferrer\">Cita pr\u00e8via<\/a><br \/>\n<a class=\"bot-seu-electronica\" href=\"https:\/\/albal.sede.dival.es\/\" target=\"_blank\" rel=\"noopener noreferrer\">Seu electr\u00f2nica<\/a>[\/et_pb_text][\/et_pb_column][\/et_pb_row][\/et_pb_section][et_pb_section fb_built=\u00bb1&#8243; admin_label=\u00bb(ancla) #tramites\u00bb module_id=\u00bbtramites\u00bb _builder_version=\u00bb3.29.3&#8243; background_color=\u00bb#e2e1de\u00bb custom_padding=\u00bb50px||||false|false\u00bb][et_pb_row admin_label=\u00bb.content-avisos\u00bb module_class=\u00bbcontent-avisos\u00bb _builder_version=\u00bb4.5.1&#8243; custom_padding=\u00bb0px||||false|false\u00bb locked=\u00bbon\u00bb collapsed=\u00bboff\u00bb][et_pb_column type=\u00bb4_4&#8243; _builder_version=\u00bb3.29.3&#8243;][et_pb_text admin_label=\u00bbTitulo \u00abAvisos, convocat\u00f2ries i tr\u00e0mits actius\u00bb\u00bb _builder_version=\u00bb4.5.1&#8243; _module_preset=\u00bbdefault\u00bb]<\/p>\n<h2>Avisos, convocatorias y tr\u00e1mites activos<\/h2>\n<p>[\/et_pb_text][et_pb_cpt_loop_archive loop_layout=\u00bb4914&#8243; fullwidth=\u00bboff\u00bb columns=\u00bb2&#8243; show_pagination=\u00bboff\u00bb new_query=\u00bbon\u00bb post_type=\u00bbtramitambdata\u00bb posts_number=\u00bb999&#8243; include_meta=\u00bbpagina_de_destinacio_data\u00bb include_meta_terms=\u00bb577&#8243; hide_if_no_data=\u00bbon\u00bb order=\u00bbasc\u00bb admin_label=\u00bbAvisos, convocat\u00f2ries i tr\u00e0mits actius\u00bb module_class=\u00bbtramites-fecha tramites-activos-pag\u00bb _builder_version=\u00bb4.5.1&#8243; headings_text_color=\u00bb#000000&#8243; headings_font_size=\u00bb36px\u00bb custom_padding=\u00bb20px|20px|20px|20px|true|true\u00bb border_radii=\u00bbon|8px|8px|8px|8px\u00bb locked=\u00bboff\u00bb][\/et_pb_cpt_loop_archive][et_pb_code module_class=\u00bbcontent-mostrar-avisos\u00bb _builder_version=\u00bb4.5.1&#8243; _module_preset=\u00bbdefault\u00bb locked=\u00bboff\u00bb]<style>.et_pb_cpt_loop_archive.tramites-activos-pag:before { content:\"Avisos, convocatorias y tr\u00e1mites activos\";}<\/style>[\/et_pb_code][\/et_pb_column][\/et_pb_row][et_pb_row _builder_version=\u00bb3.29.3&#8243; custom_padding=\u00bb0px||||false|false\u00bb locked=\u00bboff\u00bb][et_pb_column type=\u00bb4_4&#8243; _builder_version=\u00bb3.29.3&#8243;][et_pb_text admin_label=\u00bbTitulo Informacio, tr\u00e0mits i impresos\u00bb module_class=\u00bbtit-seccion\u00bb _builder_version=\u00bb4.4.6&#8243; locked=\u00bboff\u00bb]<\/p>\n<h2><img decoding=\"async\" class=\"size-medium alignleft lazyload\" data-src=\"https:\/\/albal.es\/img\/iconos\/impreso-lapiz-45x45.svg\" alt=\"\" width=\"45\" height=\"45\" src=\"data:image\/svg+xml;base64,PHN2ZyB3aWR0aD0iMSIgaGVpZ2h0PSIxIiB4bWxucz0iaHR0cDovL3d3dy53My5vcmcvMjAwMC9zdmciPjwvc3ZnPg==\" style=\"--smush-placeholder-width: 45px; --smush-placeholder-aspect-ratio: 45\/45;\" \/>Informaci\u00f3, tr\u00e0mits i impresos<\/h2>\n<p>[\/et_pb_text][\/et_pb_column][\/et_pb_row][et_pb_row _builder_version=\u00bb3.29.3&#8243; custom_padding=\u00bb0px||||false|false\u00bb][et_pb_column type=\u00bb4_4&#8243; _builder_version=\u00bb3.29.3&#8243;][et_pb_accordion use_icon_font_size=\u00bbon\u00bb icon_font_size=\u00bb21px\u00bb admin_label=\u00bbContratos (acordeon desplegables)\u00bb _builder_version=\u00bb4.0.9&#8243;][et_pb_accordion_item title=\u00bbContrataci\u00f3n del servicio de mantenimiento de zonas ajardinadas 2018&#8243; open=\u00bbon\u00bb _builder_version=\u00bb4.0.9&#8243;]Contrataci\u00f3n del servicio de mantenimiento de zonas ajardinadas 2018.<\/p>\n<p><a class=\"pdf\" href=\"https:\/\/albal.es\/ficheros\/pdf\/MantZonasAjard2017_PCA.pdf\" target=\"_blank\" rel=\"noopener noreferrer\">Pliego de clausulas administrativas<\/a><\/p>\n<p><a class=\"pdf\" href=\"https:\/\/albal.es\/ficheros\/pdf\/MantZonasAjard2017_PPT.pdf\" target=\"_blank\" rel=\"noopener noreferrer\">Pliego de prescripciones t\u00e9cnicas<\/a>[\/et_pb_accordion_item][et_pb_accordion_item title=\u00bbContrato servicios de asesoramiento jur\u00eddico y defensa judicial en materia de recursos humanos\u00bb _builder_version=\u00bb4.0.9&#8243; open=\u00bboff\u00bb]La licitaci\u00f3n que se convoca tiene por objeto la adjudicaci\u00f3n del contrato del servicio de asesoramiento jur\u00eddico externo y defensa judicial en materia de recursos humanos en el Ayuntamiento de Albal y al Organismo Aut\u00f3nomo Residencia Municipal de Ancianos Antonio y Julio Mu\u00f1oz Genov\u00e9s.<\/p>\n<p><a class=\"pdf\" href=\"https:\/\/albal.es\/ficheros\/pdf\/ContratoRRHH17_PCA.pdf\" target=\"_blank\" rel=\"noopener noreferrer\">Pliego de Clausulas Administrativa<\/a><\/p>\n<p><a class=\"pdf\" href=\"https:\/\/albal.es\/ficheros\/pdf\/ContratoRRHH17_PPT.pdf\" target=\"_blank\" rel=\"noopener noreferrer\">Pliego de prescripciones t\u00e9cnicas<\/a>[\/et_pb_accordion_item][et_pb_accordion_item title=\u00bbContrato servicios de dinamizaci\u00f3n y coordinaci\u00f3n de actividades en el Casal Jove\u00bb _builder_version=\u00bb4.0.9&#8243; open=\u00bboff\u00bb]La licitaci\u00f3n que se convoca tiene por objeto la adjudicaci\u00f3n del contrato del servicio de dinamizaci\u00f3n y coordinaci\u00f3n de actividades en el Casal Jove, cuyo objetivo es el dise\u00f1o y desarrollo de programas de dinamizaci\u00f3n, formaci\u00f3n y asesoramiento del colectivo juvenil, control de acceso de usuarios y la atenci\u00f3n de la propia instalaci\u00f3n del Casal Jove.<\/p>\n<p><a class=\"pdf\" href=\"https:\/\/albal.es\/ficheros\/pdf\/CasalJove17PCA.pdf\" target=\"_blank\" rel=\"noopener noreferrer\">Pliego de cl\u00e1usulas administrativas<\/a><\/p>\n<p><a class=\"pdf\" href=\"https:\/\/albal.es\/ficheros\/pdf\/CasalJove17PPT.pdf\" target=\"_blank\" rel=\"noopener noreferrer\">Pliego de prescripciones t\u00e9cnicas<\/a>[\/et_pb_accordion_item][et_pb_accordion_item title=\u00bbConcesi\u00f3n demanial del quiosco sito en el parque San Carlos de Albal\u00bb _builder_version=\u00bb4.0.9&#8243; open=\u00bboff\u00bb]Condiciones que regir\u00e1n la concesi\u00f3n demanial para el uso privativo del quiosco ubicado en el parque San Carlos de Albal, calificado como bien de dominio p\u00fablico, para su ulterior explotaci\u00f3n mediante el ejercicio de actividad econ\u00f3mica de \u00abventa de bebidas, helados o productos alimenticios envasados \u00ab.<\/p>\n<p><a class=\"pdf\" href=\"https:\/\/albal.es\/ficheros\/pdf\/QuioscoSCarlos17PCA.pdf\" target=\"_blank\" rel=\"noopener noreferrer\">Pliego de cl\u00e1usulas administrativas<\/a><\/p>\n<p><a class=\"pdf\" href=\"https:\/\/albal.es\/ficheros\/pdf\/QuioscoSCarlos17PPT.pdf\" target=\"_blank\" rel=\"noopener noreferrer\">Pliego de prescripciones t\u00e9cnicas<\/a><\/p>\n<p><a class=\"pdf\" href=\"https:\/\/albal.es\/ficheros\/pdf\/QuioscoSCarlos17BOPConvocatoria.pdf\" target=\"_blank\" rel=\"noopener noreferrer\">BOP Convocatoria licitaci\u00f3n<\/a><\/p>\n<p><a class=\"pdf\" href=\"https:\/\/albal.es\/ficheros\/pdf\/QuioscoSCarlos17Prov120517.pdf\" target=\"_blank\" rel=\"noopener noreferrer\">Providencia de alcald\u00eda apertura sobres A y B<\/a><\/p>\n<p><a class=\"pdf\" href=\"https:\/\/albal.es\/ficheros\/pdf\/QuioscoSCarlos17Prov190517.pdf\" target=\"_blank\" rel=\"noopener noreferrer\">Providencia de alcald\u00eda apertura sobres B<\/a>[\/et_pb_accordion_item][et_pb_accordion_item title=\u00bbContrato suministro de dos veh\u00edculos para la Policia Local\u00bb _builder_version=\u00bb4.0.9&#8243; open=\u00bboff\u00bb]El contrato que se convoca tiene por objeto la contrataci\u00f3n del suministro mediante arrendamiento financiero (renting) de dos veh\u00edculos para el uso por el cuerpo de la polic\u00eda local, de acuerdo con las caracter\u00edsticas que figuran en el Pliego de Prescripciones t\u00e9cnicas.<\/p>\n<p>La contrataci\u00f3n comprender\u00e1 tanto el arrendamiento financiero de los veh\u00edculos como el mantenimiento mec\u00e1nico y la p\u00f3liza de seguro de los mismos.<\/p>\n<p><a class=\"pdf\" href=\"https:\/\/albal.es\/ficheros\/pdf\/PCA_VehiculosPL2016.pdf\" target=\"_blank\" rel=\"noopener noreferrer\"> Pliego de cl\u00e1usulas administrative <\/a><\/p>\n<p><a class=\"pdf\" href=\"https:\/\/albal.es\/ficheros\/pdf\/PPT_VehiculosPL2016.pdf\" target=\"_blank\" rel=\"noopener noreferrer\"> Pliego de prescripciones t\u00e9cnicas <\/a><\/p>\n<p><a class=\"pdf\" href=\"https:\/\/albal.es\/ficheros\/pdf\/AnuncioBOPVeh%C3%ADculosPolicia2016.pdf\" target=\"_blank\" rel=\"noopener noreferrer\"> Publicaci\u00f3n en el BOP 02 \/ 01\/2017 <\/a><\/p>\n<p><a class=\"pdf\" href=\"https:\/\/albal.es\/ficheros\/pdf\/ProvAlcVeh%C3%ADculosPolicia2016.pdf\" target=\"_blank\" rel=\"noopener noreferrer\"> Providencia alcald\u00eda apertura sobres A y en su caso B <\/a>[\/et_pb_accordion_item][et_pb_accordion_item title=\u00bbContrato gesti\u00f3n Servicio Publico Escuelas Deportivas Municipales\u00bb _builder_version=\u00bb4.0.9&#8243; open=\u00bboff\u00bb]El contrato que se convoca tiene por objeto, la organizaci\u00f3n y desarrollo de cursos sobre diversas disciplinas deportivas dirigidas a los j\u00f3venes de la poblaci\u00f3n con edades comprendidas entre 4 y 18 a\u00f1os, la informaci\u00f3n sobre cursos, tarifas, inscripciones, la recaudaci\u00f3n de las tarifas (precios p\u00fablicos) satisfechas por los usuarios como contraprestaci\u00f3n por los servicios prestados y la colaboraci\u00f3n con la concejal\u00eda de Deportes en la ejecuci\u00f3n del programa anual de actividades de las escuelas deportivas municipales.<\/p>\n<p>Para la prestaci\u00f3n de los servicios, el adjudicatario podr\u00e1 disponer de las instalaciones municipales puestas a su servicio y especificadas en el pliego de condiciones t\u00e9cnicas aprobado.<\/p>\n<p>La concesi\u00f3n que se somete a licitaci\u00f3n tendr\u00e1 una duraci\u00f3n de un a\u00f1o, a contar desde la fecha de efectos prevista para el 1 de septiembre de 2016 (curso escolar 2016-2017) pudiendo prorrogarse durante un a\u00f1o m\u00e1s (curso escolar desde 2017 hasta 2018).<\/p>\n<p><a class=\"pdf\" href=\"https:\/\/albal.es\/ficheros\/pdf\/PCA_EscuelasDeportivas_2016.pdf\" target=\"_blank\" rel=\"noopener noreferrer\"> Pliego de cl\u00e1usulas administrativas <\/a><\/p>\n<p><a class=\"pdf\" href=\"https:\/\/albal.es\/ficheros\/pdf\/PCT_EscuelasDeportivas_2016.pdf\" target=\"_blank\" rel=\"noopener noreferrer\"> Pliego de prescripciones t\u00e9cnicas <\/a><\/p>\n<p><a class=\"pdf\" href=\"https:\/\/albal.es\/ficheros\/pdf\/BOP_Convocatoria_EscuelasDeportivas_2016.pdf\" target=\"_blank\" rel=\"noopener noreferrer\"> Publicaci\u00f3n en el BOP de la convocatoria<\/a><\/p>\n<p>Edicte adjudicaci\u00f3 i formalitzaci\u00f3 del contracte[\/et_pb_accordion_item][\/et_pb_accordion][\/et_pb_column][\/et_pb_row][et_pb_row column_structure=\u00bb3_5,2_5&#8243; disabled_on=\u00bbon|on|on\u00bb _builder_version=\u00bb4.5.1&#8243; custom_padding=\u00bb0px||||false|false\u00bb disabled=\u00bbon\u00bb locked=\u00bboff\u00bb][et_pb_column type=\u00bb3_5&#8243; _builder_version=\u00bb3.29.3&#8243;][et_pb_accordion use_icon_font_size=\u00bbon\u00bb icon_font_size=\u00bb21px\u00bb admin_label=\u00bbTramites (acordeon desplegables)\u00bb _builder_version=\u00bb4.4.6&#8243;][et_pb_accordion_item title=\u00bbTitulo\u00bb open=\u00bbon\u00bb _builder_version=\u00bb4.4.6&#8243;]Texto[\/et_pb_accordion_item][\/et_pb_accordion][\/et_pb_column][et_pb_column type=\u00bb2_5&#8243; module_class=\u00bbcontent-impresos\u00bb _builder_version=\u00bb4.5.1&#8243;][et_pb_text admin_label=\u00bbTitulo \u00abImpresos i enlla\u00e7os a Seu electr\u00f2nica\u00bb\u00bb _builder_version=\u00bb4.5.1&#8243; _module_preset=\u00bbdefault\u00bb locked=\u00bbon\u00bb]<\/p>\n<h2>Impresos y enlaces a Sede electr\u00f3nica<\/h2>\n<p>[\/et_pb_text][et_pb_cpt_loop_archive loop_layout=\u00bb6282&#8243; show_pagination=\u00bboff\u00bb new_query=\u00bbon\u00bb post_type=\u00bbimpreso_tramit\u00bb posts_number=\u00bb999&#8243; include_meta=\u00bbpagina_de_destinacio\u00bb include_meta_terms=\u00bb577&#8243; hide_if_no_data=\u00bbon\u00bb order=\u00bbasc\u00bb admin_label=\u00bbImpresos i enlla\u00e7os a Seu Electronica\u00bb module_class=\u00bbcontent-impresos-dinamic\u00bb _builder_version=\u00bb4.5.1&#8243; headings_font_size=\u00bb36px\u00bb background_color=\u00bb#ffffff\u00bb border_radii=\u00bbon|8px|8px|8px|8px\u00bb border_width_all=\u00bb1px\u00bb border_color_all=\u00bb#cccccc\u00bb locked=\u00bbon\u00bb][\/et_pb_cpt_loop_archive][et_pb_code module_class=\u00bbcontent-mostrar-impresos\u00bb _builder_version=\u00bb4.5.1&#8243; _module_preset=\u00bbdefault\u00bb locked=\u00bbon\u00bb]<style>.et_pb_cpt_loop_archive.content-impresos-dinamic:before { content:\"Impresos y enlaces a Sede electr\u00f3nica\";}\t<\/style>[\/et_pb_code][\/et_pb_column][\/et_pb_row][et_pb_row disabled_on=\u00bboff|on|on\u00bb admin_label=\u00bbCarga solo en MOVIL\u00bb _builder_version=\u00bb4.5.1&#8243; custom_padding=\u00bb0px||||false|false\u00bb locked=\u00bboff\u00bb][et_pb_column type=\u00bb4_4&#8243; _builder_version=\u00bb3.29.3&#8243;][et_pb_text disabled_on=\u00bboff|off|off\u00bb admin_label=\u00bbAmic\u00bb module_class=\u00bbamic-cita\u00bb _builder_version=\u00bb4.4.6&#8243; header_4_font=\u00bb||||||||\u00bb header_4_text_color=\u00bb#c40038&#8243; custom_margin=\u00bb||0px||false|false\u00bb custom_padding=\u00bb||15px||false|false\u00bb saved_tabs=\u00bball\u00bb locked=\u00bbon\u00bb]<\/p>\n<h3><img decoding=\"async\" class=\"wp-image-464 alignnone size-full lazyload\" data-src=\"https:\/\/albal.es\/content-albal\/uploads\/2019\/12\/logo-amic-2.png\" alt=\"\" width=\"135\" height=\"46\" src=\"data:image\/svg+xml;base64,PHN2ZyB3aWR0aD0iMSIgaGVpZ2h0PSIxIiB4bWxucz0iaHR0cDovL3d3dy53My5vcmcvMjAwMC9zdmciPjwvc3ZnPg==\" style=\"--smush-placeholder-width: 135px; --smush-placeholder-aspect-ratio: 135\/46;\" \/><\/h3>\n<h3>Atenci\u00f3 Municipal d&#8217;Informaci\u00f3 Ciutadana<\/h3>\n<h4>REGISTRES I SOL\u00b7LICITUDS<\/h4>\n<p>Pla\u00e7a del Jard\u00ed, 7. Ajuntament d&#8217;Albal &#8211; <strong>Planta baixa<\/strong><br \/>\nTel: <strong>96 126 00 56<\/strong> \u00b7 Fax: 96 127 08 61<\/p>\n<p><a class=\"bot-cita-previa\" href=\"https:\/\/citaprevia.albal.es:10090\/\" target=\"_blank\" rel=\"noopener noreferrer\">Cita pr\u00e8via<\/a><br \/>\n<a class=\"bot-seu-electronica\" href=\"https:\/\/albal.sede.dival.es\/\" target=\"_blank\" rel=\"noopener noreferrer\">Seu electr\u00f2nica<\/a>[\/et_pb_text][\/et_pb_column][\/et_pb_row][\/et_pb_section][et_pb_section fb_built=\u00bb1&#8243; admin_label=\u00bb(ancla) #informacion\u00bb module_id=\u00bbpolicia\u00bb _builder_version=\u00bb4.4.6&#8243; background_color=\u00bb#e2e1de\u00bb custom_padding=\u00bb50px||0px||false|false\u00bb border_width_top=\u00bb1px\u00bb border_color_top=\u00bb#cccccc\u00bb locked=\u00bboff\u00bb collapsed=\u00bboff\u00bb][et_pb_row _builder_version=\u00bb3.29.3&#8243; background_color=\u00bbrgba(0,0,0,0)\u00bb custom_padding=\u00bb0px||||false|false\u00bb][et_pb_column type=\u00bb4_4&#8243; _builder_version=\u00bb3.29.3&#8243;][et_pb_text admin_label=\u00bbTitulo Informacio\u00bb module_class=\u00bbtit-seccion\u00bb _builder_version=\u00bb4.4.6&#8243; locked=\u00bboff\u00bb]<\/p>\n<h2><img decoding=\"async\" class=\"size-medium alignleft lazyload\" data-src=\"https:\/\/albal.es\/img\/iconos\/informacion-mostrador-45x45.svg\" alt=\"\" width=\"45\" height=\"45\" src=\"data:image\/svg+xml;base64,PHN2ZyB3aWR0aD0iMSIgaGVpZ2h0PSIxIiB4bWxucz0iaHR0cDovL3d3dy53My5vcmcvMjAwMC9zdmciPjwvc3ZnPg==\" style=\"--smush-placeholder-width: 45px; --smush-placeholder-aspect-ratio: 45\/45;\" \/>Informaci\u00f3<\/h2>\n<p>[\/et_pb_text][\/et_pb_column][\/et_pb_row][et_pb_row column_structure=\u00bb1_2,1_2&#8243; make_equal=\u00bbon\u00bb admin_label=\u00bbSolo un modulo por fila\u00bb _builder_version=\u00bb4.4.6&#8243; custom_padding=\u00bb0px||||false|false\u00bb][et_pb_column type=\u00bb1_2&#8243; _builder_version=\u00bb3.29.3&#8243; border_width_bottom=\u00bb1px\u00bb border_color_bottom=\u00bb#cccccc\u00bb][et_pb_text disabled_on=\u00bbon|on|on\u00bb admin_label=\u00bb#certificados-digitales\u00bb module_id=\u00bbcertificados-digitales\u00bb _builder_version=\u00bb4.4.6&#8243; custom_padding=\u00bb||25px||false|false\u00bb disabled=\u00bbon\u00bb]<\/p>\n<h3>Perfil de Contractant amb informaci\u00f3 de contractes iniciats fins a setembre de 2015.<\/h3>\n<p><a href=\"https:\/\/albal.es\/albal_val\/administracion\/secretaria\/contratacion.asp\" target=\"_blank\" rel=\"noopener noreferrer\"><img decoding=\"async\" class=\"wp-image-1847 size-full aligncenter lazyload\" data-src=\"https:\/\/albal.es\/content-albal\/uploads\/2019\/12\/PerfilContratanteV.png\" alt=\"\" width=\"182\" height=\"110\" data-srcset=\"https:\/\/albal.es\/content-albal\/uploads\/2019\/12\/PerfilContratanteV.png 182w, https:\/\/albal.es\/content-albal\/uploads\/2019\/12\/PerfilContratanteV-150x91.png 150w\" data-sizes=\"(max-width: 182px) 100vw, 182px\" src=\"data:image\/svg+xml;base64,PHN2ZyB3aWR0aD0iMSIgaGVpZ2h0PSIxIiB4bWxucz0iaHR0cDovL3d3dy53My5vcmcvMjAwMC9zdmciPjwvc3ZnPg==\" style=\"--smush-placeholder-width: 182px; --smush-placeholder-aspect-ratio: 182\/110;\" \/><\/a>[\/et_pb_text][\/et_pb_column][et_pb_column type=\u00bb1_2&#8243; _builder_version=\u00bb3.29.3&#8243; border_width_bottom=\u00bb1px\u00bb border_color_bottom=\u00bb#cccccc\u00bb][et_pb_text admin_label=\u00bbUrbanisme\u00bb _builder_version=\u00bb4.4.6&#8243; custom_margin=\u00bb||0px||false|false\u00bb custom_padding=\u00bb||25px||false|false\u00bb]<\/p>\n<h3>Perfil de Contractant amb informaci\u00f3 de contractes posterior a setembre de 2015<\/h3>\n<p><a href=\"https:\/\/contrataciondelestado.es\/wps\/poc?uri=deeplink%3AperfilContratante&amp;ubicacionOrganica=HjMPzUYkkHU%3D\"><img decoding=\"async\" class=\"alignnone wp-image-1849 size-medium lazyload\" data-src=\"https:\/\/albal.es\/content-albal\/uploads\/2019\/12\/plataforma-contratacion-300x205.jpg\" alt=\"\" width=\"300\" height=\"205\" data-srcset=\"https:\/\/albal.es\/content-albal\/uploads\/2019\/12\/plataforma-contratacion.jpg 300w, https:\/\/albal.es\/content-albal\/uploads\/2019\/12\/plataforma-contratacion-150x103.jpg 150w, https:\/\/albal.es\/content-albal\/uploads\/2019\/12\/plataforma-contratacion-250x171.jpg 250w\" data-sizes=\"(max-width: 300px) 100vw, 300px\" src=\"data:image\/svg+xml;base64,PHN2ZyB3aWR0aD0iMSIgaGVpZ2h0PSIxIiB4bWxucz0iaHR0cDovL3d3dy53My5vcmcvMjAwMC9zdmciPjwvc3ZnPg==\" style=\"--smush-placeholder-width: 300px; --smush-placeholder-aspect-ratio: 300\/205;\" \/><\/a>[\/et_pb_text][\/et_pb_column][\/et_pb_row][\/et_pb_section][et_pb_section fb_built=\u00bb1&#8243; disabled_on=\u00bbon|on|on\u00bb admin_label=\u00bb(ancla) #faq\u00bb module_id=\u00bbfaq\u00bb _builder_version=\u00bb3.29.3&#8243; background_color=\u00bb#dcb747&#8243; custom_padding=\u00bb50px||||false|false\u00bb disabled=\u00bbon\u00bb locked=\u00bboff\u00bb collapsed=\u00bboff\u00bb][et_pb_row _builder_version=\u00bb3.29.3&#8243; background_color=\u00bbrgba(0,0,0,0)\u00bb custom_padding=\u00bb0px||||false|false\u00bb locked=\u00bbon\u00bb][et_pb_column type=\u00bb4_4&#8243; _builder_version=\u00bb3.29.3&#8243;][et_pb_text admin_label=\u00bbTitulo Preguntes m\u00e9s freq\u00fcents\u00bb module_class=\u00bbtit-seccion\u00bb _builder_version=\u00bb4.0.9&#8243; header_2_text_color=\u00bb#ffffff\u00bb]<\/p>\n<h2><img decoding=\"async\" class=\"size-medium alignleft lazyload\" data-src=\"https:\/\/albal.es\/img\/iconos\/preguntas-persona-45x45.svg\" alt=\"\" width=\"45\" height=\"45\" src=\"data:image\/svg+xml;base64,PHN2ZyB3aWR0aD0iMSIgaGVpZ2h0PSIxIiB4bWxucz0iaHR0cDovL3d3dy53My5vcmcvMjAwMC9zdmciPjwvc3ZnPg==\" style=\"--smush-placeholder-width: 45px; --smush-placeholder-aspect-ratio: 45\/45;\" \/>Preguntes m\u00e9s freq\u00fcents<\/h2>\n<p>[\/et_pb_text][\/et_pb_column][\/et_pb_row][et_pb_row column_structure=\u00bb1_2,1_2&#8243; make_equal=\u00bbon\u00bb admin_label=\u00bbSolo un modulo por fila\u00bb _builder_version=\u00bb3.29.3&#8243; custom_padding=\u00bb0px||||false|false\u00bb][et_pb_column type=\u00bb1_2&#8243; _builder_version=\u00bb3.29.3&#8243; border_width_bottom=\u00bb1px\u00bb border_color_bottom=\u00bb#b09239&#8243;][et_pb_text admin_label=\u00bbPregunta\u00bb _builder_version=\u00bb4.4.6&#8243; custom_padding=\u00bb||25px||false|false\u00bb]<\/p>\n<h3>Pregunta<\/h3>\n<p>Respuesta[\/et_pb_text][\/et_pb_column][et_pb_column type=\u00bb1_2&#8243; _builder_version=\u00bb3.29.3&#8243; border_width_bottom=\u00bb1px\u00bb border_color_bottom=\u00bb#b09239&#8243;][et_pb_text admin_label=\u00bbPregunta\u00bb _builder_version=\u00bb4.4.6&#8243; custom_padding=\u00bb||25px||false|false\u00bb]<\/p>\n<h3>Pregunta<\/h3>\n<p>Respuesta[\/et_pb_text][\/et_pb_column][\/et_pb_row][\/et_pb_section]<\/p>\n","protected":false},"excerpt":{"rendered":"<p>\u00c0reas y servicios | SECRETAR\u00cdA Contrataci\u00f3n &nbsp;Informaci\u00f3n de Inter\u00e9s:Perfil de Contratante con informaci\u00f3n de contratos posterior a septiembre de 2015Consultas y dudas: Atenci\u00f3 Municipal d&#8217;Informaci\u00f3 Ciutadana REGISTRES I SOL\u00b7LICITUDS Pla\u00e7a del Jard\u00ed, 7. Ajuntament d&#8217;Albal &#8211; Planta baixa Tel: 96 126 00 56 \u00b7 Fax: 96 127 08 61 Cita pr\u00e8via Seu electr\u00f2nicaAvisos, convocatorias y tr\u00e1mites activos<style>.et_pb_cpt_loop_archive.tramites-activos-pag:before { content:\"Avisos, convocatorias y tr\u00e1mites activos\";}<\/style>Informaci\u00f3, tr\u00e0mits i impresosContrataci\u00f3n del servicio de mantenimiento de zonas ajardinadas 2018. Pliego de clausulas administrativas Pliego de prescripciones t\u00e9cnicasLa licitaci\u00f3n que se convoca tiene por objeto la adjudicaci\u00f3n del contrato del servicio de asesoramiento jur\u00eddico externo y defensa judicial en materia de recursos humanos en el Ayuntamiento de Albal y al Organismo Aut\u00f3nomo Residencia Municipal de Ancianos Antonio y Julio Mu\u00f1oz Genov\u00e9s. Pliego de Clausulas Administrativa Pliego de prescripciones t\u00e9cnicasLa licitaci\u00f3n que se convoca tiene por objeto la adjudicaci\u00f3n del contrato del servicio de dinamizaci\u00f3n y coordinaci\u00f3n de actividades en el Casal Jove, cuyo objetivo es el dise\u00f1o y desarrollo de programas de dinamizaci\u00f3n, formaci\u00f3n y asesoramiento del colectivo juvenil, control de acceso de usuarios y la atenci\u00f3n de la propia instalaci\u00f3n del Casal Jove. Pliego de cl\u00e1usulas administrativas Pliego de prescripciones t\u00e9cnicasCondiciones que regir\u00e1n la concesi\u00f3n demanial para el uso privativo del [&hellip;]<\/p>\n","protected":false},"author":8,"featured_media":0,"parent":759,"menu_order":6,"comment_status":"closed","ping_status":"closed","template":"","meta":{"_acf_changed":false,"_et_pb_use_builder":"on","_et_pb_old_content":"","_et_gb_content_width":"","footnotes":""},"coauthors":[],"class_list":["post-579","page","type-page","status-publish","hentry"],"acf":[],"yoast_head":"<!-- This site is optimized with the Yoast SEO plugin v27.4 - https:\/\/yoast.com\/product\/yoast-seo-wordpress\/ -->\n<title>Contrataci\u00f3n - Ayuntamiento de Albal (Valencia)<\/title>\n<meta name=\"robots\" content=\"index, follow, max-snippet:-1, max-image-preview:large, max-video-preview:-1\" \/>\n<link rel=\"canonical\" href=\"https:\/\/albal.es\/es\/areas-y-servicios-2\/secretaria-ayuntamiento\/contratacion\/\" \/>\n<meta property=\"og:locale\" content=\"es_ES\" \/>\n<meta property=\"og:type\" content=\"article\" \/>\n<meta property=\"og:title\" content=\"Contrataci\u00f3n - Ayuntamiento de Albal (Valencia)\" \/>\n<meta property=\"og:description\" content=\"\u00c0reas y servicios | SECRETAR\u00cdA Contrataci\u00f3n &nbsp;Informaci\u00f3n de Inter\u00e9s:Perfil de Contratante con informaci\u00f3n de contratos posterior a septiembre de 2015Consultas y dudas: Atenci\u00f3 Municipal d&#039;Informaci\u00f3 Ciutadana REGISTRES I SOL\u00b7LICITUDS Pla\u00e7a del Jard\u00ed, 7. Ajuntament d&#039;Albal - Planta baixa Tel: 96 126 00 56 \u00b7 Fax: 96 127 08 61 Cita pr\u00e8via Seu electr\u00f2nicaAvisos, convocatorias y tr\u00e1mites activosInformaci\u00f3, tr\u00e0mits i impresosContrataci\u00f3n del servicio de mantenimiento de zonas ajardinadas 2018. Pliego de clausulas administrativas Pliego de prescripciones t\u00e9cnicasLa licitaci\u00f3n que se convoca tiene por objeto la adjudicaci\u00f3n del contrato del servicio de asesoramiento jur\u00eddico externo y defensa judicial en materia de recursos humanos en el Ayuntamiento de Albal y al Organismo Aut\u00f3nomo Residencia Municipal de Ancianos Antonio y Julio Mu\u00f1oz Genov\u00e9s. Pliego de Clausulas Administrativa Pliego de prescripciones t\u00e9cnicasLa licitaci\u00f3n que se convoca tiene por objeto la adjudicaci\u00f3n del contrato del servicio de dinamizaci\u00f3n y coordinaci\u00f3n de actividades en el Casal Jove, cuyo objetivo es el dise\u00f1o y desarrollo de programas de dinamizaci\u00f3n, formaci\u00f3n y asesoramiento del colectivo juvenil, control de acceso de usuarios y la atenci\u00f3n de la propia instalaci\u00f3n del Casal Jove. Pliego de cl\u00e1usulas administrativas Pliego de prescripciones t\u00e9cnicasCondiciones que regir\u00e1n la concesi\u00f3n demanial para el uso privativo del [&hellip;]\" \/>\n<meta property=\"og:site_name\" content=\"Ajuntament d&#039;Albal\" \/>\n<meta property=\"article:publisher\" content=\"https:\/\/facebook.com\/AjuntamentAlbal\/\" \/>\n<meta property=\"article:modified_time\" content=\"2021-05-17T09:36:17+00:00\" \/>\n<meta property=\"og:image\" content=\"https:\/\/albal.es\/content-albal\/uploads\/2019\/12\/logo-amic-2.png\" \/>\n<meta name=\"twitter:card\" content=\"summary_large_image\" \/>\n<meta name=\"twitter:label1\" content=\"Tiempo de lectura\" \/>\n\t<meta name=\"twitter:data1\" content=\"11 minutos\" \/>\n\t<meta name=\"twitter:label2\" content=\"Written by\" \/>\n\t<meta name=\"twitter:data2\" content=\"Josefi Camarena\" \/>\n<script type=\"application\/ld+json\" class=\"yoast-schema-graph\">{\"@context\":\"https:\\\/\\\/schema.org\",\"@graph\":[{\"@type\":\"WebPage\",\"@id\":\"https:\\\/\\\/albal.es\\\/es\\\/areas-y-servicios-2\\\/secretaria-ayuntamiento\\\/contratacion\\\/\",\"url\":\"https:\\\/\\\/albal.es\\\/es\\\/areas-y-servicios-2\\\/secretaria-ayuntamiento\\\/contratacion\\\/\",\"name\":\"Contrataci\u00f3n - Ayuntamiento de Albal (Valencia)\",\"isPartOf\":{\"@id\":\"https:\\\/\\\/albal.es\\\/es\\\/#website\"},\"primaryImageOfPage\":{\"@id\":\"https:\\\/\\\/albal.es\\\/es\\\/areas-y-servicios-2\\\/secretaria-ayuntamiento\\\/contratacion\\\/#primaryimage\"},\"image\":{\"@id\":\"https:\\\/\\\/albal.es\\\/es\\\/areas-y-servicios-2\\\/secretaria-ayuntamiento\\\/contratacion\\\/#primaryimage\"},\"thumbnailUrl\":\"https:\\\/\\\/albal.es\\\/content-albal\\\/uploads\\\/2019\\\/12\\\/logo-amic-2.png\",\"datePublished\":\"2019-12-10T11:57:45+00:00\",\"dateModified\":\"2021-05-17T09:36:17+00:00\",\"breadcrumb\":{\"@id\":\"https:\\\/\\\/albal.es\\\/es\\\/areas-y-servicios-2\\\/secretaria-ayuntamiento\\\/contratacion\\\/#breadcrumb\"},\"inLanguage\":\"es\",\"potentialAction\":[{\"@type\":\"ReadAction\",\"target\":[\"https:\\\/\\\/albal.es\\\/es\\\/areas-y-servicios-2\\\/secretaria-ayuntamiento\\\/contratacion\\\/\"]}]},{\"@type\":\"ImageObject\",\"inLanguage\":\"es\",\"@id\":\"https:\\\/\\\/albal.es\\\/es\\\/areas-y-servicios-2\\\/secretaria-ayuntamiento\\\/contratacion\\\/#primaryimage\",\"url\":\"https:\\\/\\\/albal.es\\\/content-albal\\\/uploads\\\/2019\\\/12\\\/logo-amic-2.png\",\"contentUrl\":\"https:\\\/\\\/albal.es\\\/content-albal\\\/uploads\\\/2019\\\/12\\\/logo-amic-2.png\"},{\"@type\":\"BreadcrumbList\",\"@id\":\"https:\\\/\\\/albal.es\\\/es\\\/areas-y-servicios-2\\\/secretaria-ayuntamiento\\\/contratacion\\\/#breadcrumb\",\"itemListElement\":[{\"@type\":\"ListItem\",\"position\":1,\"name\":\"Inici\",\"item\":\"https:\\\/\\\/albal.es\\\/es\\\/\"},{\"@type\":\"ListItem\",\"position\":2,\"name\":\"\u00c1reas y Servicios\",\"item\":\"https:\\\/\\\/albal.es\\\/es\\\/areas-y-servicios-2\\\/\"},{\"@type\":\"ListItem\",\"position\":3,\"name\":\"Secretaria\",\"item\":\"https:\\\/\\\/albal.es\\\/es\\\/areas-y-servicios-2\\\/secretaria-ayuntamiento\\\/\"},{\"@type\":\"ListItem\",\"position\":4,\"name\":\"Contrataci\u00f3n\"}]},{\"@type\":\"WebSite\",\"@id\":\"https:\\\/\\\/albal.es\\\/es\\\/#website\",\"url\":\"https:\\\/\\\/albal.es\\\/es\\\/\",\"name\":\"Ajuntament d&#039;Albal\",\"description\":\"Ajuntament d&#039;Albal\",\"publisher\":{\"@id\":\"https:\\\/\\\/albal.es\\\/es\\\/#organization\"},\"potentialAction\":[{\"@type\":\"SearchAction\",\"target\":{\"@type\":\"EntryPoint\",\"urlTemplate\":\"https:\\\/\\\/albal.es\\\/es\\\/?s={search_term_string}\"},\"query-input\":{\"@type\":\"PropertyValueSpecification\",\"valueRequired\":true,\"valueName\":\"search_term_string\"}}],\"inLanguage\":\"es\"},{\"@type\":\"Organization\",\"@id\":\"https:\\\/\\\/albal.es\\\/es\\\/#organization\",\"name\":\"Ajuntament d'Albal - Valencia\",\"url\":\"https:\\\/\\\/albal.es\\\/es\\\/\",\"logo\":{\"@type\":\"ImageObject\",\"inLanguage\":\"es\",\"@id\":\"https:\\\/\\\/albal.es\\\/es\\\/#\\\/schema\\\/logo\\\/image\\\/\",\"url\":\"https:\\\/\\\/albal.es\\\/content-albal\\\/uploads\\\/2020\\\/06\\\/logo-ayuntamiento-albal.png\",\"contentUrl\":\"https:\\\/\\\/albal.es\\\/content-albal\\\/uploads\\\/2020\\\/06\\\/logo-ayuntamiento-albal.png\",\"width\":367,\"height\":332,\"caption\":\"Ajuntament d'Albal - Valencia\"},\"image\":{\"@id\":\"https:\\\/\\\/albal.es\\\/es\\\/#\\\/schema\\\/logo\\\/image\\\/\"},\"sameAs\":[\"https:\\\/\\\/facebook.com\\\/AjuntamentAlbal\\\/\"]}]}<\/script>\n<!-- \/ Yoast SEO plugin. -->","yoast_head_json":{"title":"Contrataci\u00f3n - Ayuntamiento de Albal (Valencia)","robots":{"index":"index","follow":"follow","max-snippet":"max-snippet:-1","max-image-preview":"max-image-preview:large","max-video-preview":"max-video-preview:-1"},"canonical":"https:\/\/albal.es\/es\/areas-y-servicios-2\/secretaria-ayuntamiento\/contratacion\/","og_locale":"es_ES","og_type":"article","og_title":"Contrataci\u00f3n - Ayuntamiento de Albal (Valencia)","og_description":"\u00c0reas y servicios | SECRETAR\u00cdA Contrataci\u00f3n &nbsp;Informaci\u00f3n de Inter\u00e9s:Perfil de Contratante con informaci\u00f3n de contratos posterior a septiembre de 2015Consultas y dudas: Atenci\u00f3 Municipal d'Informaci\u00f3 Ciutadana REGISTRES I SOL\u00b7LICITUDS Pla\u00e7a del Jard\u00ed, 7. Ajuntament d'Albal - Planta baixa Tel: 96 126 00 56 \u00b7 Fax: 96 127 08 61 Cita pr\u00e8via Seu electr\u00f2nicaAvisos, convocatorias y tr\u00e1mites activosInformaci\u00f3, tr\u00e0mits i impresosContrataci\u00f3n del servicio de mantenimiento de zonas ajardinadas 2018. Pliego de clausulas administrativas Pliego de prescripciones t\u00e9cnicasLa licitaci\u00f3n que se convoca tiene por objeto la adjudicaci\u00f3n del contrato del servicio de asesoramiento jur\u00eddico externo y defensa judicial en materia de recursos humanos en el Ayuntamiento de Albal y al Organismo Aut\u00f3nomo Residencia Municipal de Ancianos Antonio y Julio Mu\u00f1oz Genov\u00e9s. Pliego de Clausulas Administrativa Pliego de prescripciones t\u00e9cnicasLa licitaci\u00f3n que se convoca tiene por objeto la adjudicaci\u00f3n del contrato del servicio de dinamizaci\u00f3n y coordinaci\u00f3n de actividades en el Casal Jove, cuyo objetivo es el dise\u00f1o y desarrollo de programas de dinamizaci\u00f3n, formaci\u00f3n y asesoramiento del colectivo juvenil, control de acceso de usuarios y la atenci\u00f3n de la propia instalaci\u00f3n del Casal Jove. Pliego de cl\u00e1usulas administrativas Pliego de prescripciones t\u00e9cnicasCondiciones que regir\u00e1n la concesi\u00f3n demanial para el uso privativo del [&hellip;]","og_site_name":"Ajuntament d&#039;Albal","article_publisher":"https:\/\/facebook.com\/AjuntamentAlbal\/","article_modified_time":"2021-05-17T09:36:17+00:00","og_image":[{"url":"https:\/\/albal.es\/content-albal\/uploads\/2019\/12\/logo-amic-2.png","type":"","width":"","height":""}],"twitter_card":"summary_large_image","twitter_misc":{"Tiempo de lectura":"11 minutos","Written by":"Josefi Camarena"},"schema":{"@context":"https:\/\/schema.org","@graph":[{"@type":"WebPage","@id":"https:\/\/albal.es\/es\/areas-y-servicios-2\/secretaria-ayuntamiento\/contratacion\/","url":"https:\/\/albal.es\/es\/areas-y-servicios-2\/secretaria-ayuntamiento\/contratacion\/","name":"Contrataci\u00f3n - Ayuntamiento de Albal (Valencia)","isPartOf":{"@id":"https:\/\/albal.es\/es\/#website"},"primaryImageOfPage":{"@id":"https:\/\/albal.es\/es\/areas-y-servicios-2\/secretaria-ayuntamiento\/contratacion\/#primaryimage"},"image":{"@id":"https:\/\/albal.es\/es\/areas-y-servicios-2\/secretaria-ayuntamiento\/contratacion\/#primaryimage"},"thumbnailUrl":"https:\/\/albal.es\/content-albal\/uploads\/2019\/12\/logo-amic-2.png","datePublished":"2019-12-10T11:57:45+00:00","dateModified":"2021-05-17T09:36:17+00:00","breadcrumb":{"@id":"https:\/\/albal.es\/es\/areas-y-servicios-2\/secretaria-ayuntamiento\/contratacion\/#breadcrumb"},"inLanguage":"es","potentialAction":[{"@type":"ReadAction","target":["https:\/\/albal.es\/es\/areas-y-servicios-2\/secretaria-ayuntamiento\/contratacion\/"]}]},{"@type":"ImageObject","inLanguage":"es","@id":"https:\/\/albal.es\/es\/areas-y-servicios-2\/secretaria-ayuntamiento\/contratacion\/#primaryimage","url":"https:\/\/albal.es\/content-albal\/uploads\/2019\/12\/logo-amic-2.png","contentUrl":"https:\/\/albal.es\/content-albal\/uploads\/2019\/12\/logo-amic-2.png"},{"@type":"BreadcrumbList","@id":"https:\/\/albal.es\/es\/areas-y-servicios-2\/secretaria-ayuntamiento\/contratacion\/#breadcrumb","itemListElement":[{"@type":"ListItem","position":1,"name":"Inici","item":"https:\/\/albal.es\/es\/"},{"@type":"ListItem","position":2,"name":"\u00c1reas y Servicios","item":"https:\/\/albal.es\/es\/areas-y-servicios-2\/"},{"@type":"ListItem","position":3,"name":"Secretaria","item":"https:\/\/albal.es\/es\/areas-y-servicios-2\/secretaria-ayuntamiento\/"},{"@type":"ListItem","position":4,"name":"Contrataci\u00f3n"}]},{"@type":"WebSite","@id":"https:\/\/albal.es\/es\/#website","url":"https:\/\/albal.es\/es\/","name":"Ajuntament d&#039;Albal","description":"Ajuntament d&#039;Albal","publisher":{"@id":"https:\/\/albal.es\/es\/#organization"},"potentialAction":[{"@type":"SearchAction","target":{"@type":"EntryPoint","urlTemplate":"https:\/\/albal.es\/es\/?s={search_term_string}"},"query-input":{"@type":"PropertyValueSpecification","valueRequired":true,"valueName":"search_term_string"}}],"inLanguage":"es"},{"@type":"Organization","@id":"https:\/\/albal.es\/es\/#organization","name":"Ajuntament d'Albal - Valencia","url":"https:\/\/albal.es\/es\/","logo":{"@type":"ImageObject","inLanguage":"es","@id":"https:\/\/albal.es\/es\/#\/schema\/logo\/image\/","url":"https:\/\/albal.es\/content-albal\/uploads\/2020\/06\/logo-ayuntamiento-albal.png","contentUrl":"https:\/\/albal.es\/content-albal\/uploads\/2020\/06\/logo-ayuntamiento-albal.png","width":367,"height":332,"caption":"Ajuntament d'Albal - Valencia"},"image":{"@id":"https:\/\/albal.es\/es\/#\/schema\/logo\/image\/"},"sameAs":["https:\/\/facebook.com\/AjuntamentAlbal\/"]}]}},"publishpress_future_workflow_manual_trigger":{"enabledWorkflows":[]},"_links":{"self":[{"href":"https:\/\/albal.es\/es\/wp-json\/wp\/v2\/pages\/579","targetHints":{"allow":["GET"]}}],"collection":[{"href":"https:\/\/albal.es\/es\/wp-json\/wp\/v2\/pages"}],"about":[{"href":"https:\/\/albal.es\/es\/wp-json\/wp\/v2\/types\/page"}],"author":[{"embeddable":true,"href":"https:\/\/albal.es\/es\/wp-json\/wp\/v2\/users\/8"}],"replies":[{"embeddable":true,"href":"https:\/\/albal.es\/es\/wp-json\/wp\/v2\/comments?post=579"}],"version-history":[{"count":0,"href":"https:\/\/albal.es\/es\/wp-json\/wp\/v2\/pages\/579\/revisions"}],"up":[{"embeddable":true,"href":"https:\/\/albal.es\/es\/wp-json\/wp\/v2\/pages\/759"}],"wp:attachment":[{"href":"https:\/\/albal.es\/es\/wp-json\/wp\/v2\/media?parent=579"}],"wp:term":[{"taxonomy":"author","embeddable":true,"href":"https:\/\/albal.es\/es\/wp-json\/wp\/v2\/coauthors?post=579"}],"curies":[{"name":"wp","href":"https:\/\/api.w.org\/{rel}","templated":true}]}}