

{"id":57052,"date":"2024-08-26T13:15:24","date_gmt":"2024-08-26T11:15:24","guid":{"rendered":"https:\/\/albal.es\/actas-plenos\/"},"modified":"2025-12-10T12:53:16","modified_gmt":"2025-12-10T11:53:16","slug":"actas-plenos","status":"publish","type":"page","link":"https:\/\/albal.es\/es\/actas-plenos\/","title":{"rendered":"Actas Plenos"},"content":{"rendered":"<p>[et_pb_section fb_built=\u00bb1&#8243; admin_label=\u00bbCap\u00e7alera\u00bb _builder_version=\u00bb4.18.1&#8243; _module_preset=\u00bbdefault\u00bb background_image=\u00bbhttps:\/\/albal.es\/content-albal\/uploads\/2019\/12\/bg-ayuntamiento.jpg\u00bb global_colors_info=\u00bb{}\u00bb][et_pb_row column_structure=\u00bb1_2,1_2&#8243; _builder_version=\u00bb4.18.1&#8243; _module_preset=\u00bbdefault\u00bb global_colors_info=\u00bb{}\u00bb][et_pb_column type=\u00bb1_2&#8243; _builder_version=\u00bb4.18.1&#8243; _module_preset=\u00bbdefault\u00bb global_colors_info=\u00bb{}\u00bb][et_pb_text admin_label=\u00bbT\u00edtol\u00bb _builder_version=\u00bb4.27.0&#8243; _module_preset=\u00bbdefault\u00bb global_colors_info=\u00bb{}\u00bb]<\/p>\n<h1><span style=\"color: #ffffff;\">Actas Plenos<br \/><\/span><\/h1>\n<p>&nbsp;<\/p>\n<h3><span style=\"color: #ffffff;\">\u00a0<\/span><\/h3>\n<p>[\/et_pb_text][\/et_pb_column][et_pb_column type=\u00bb1_2&#8243; _builder_version=\u00bb4.18.1&#8243; _module_preset=\u00bbdefault\u00bb global_colors_info=\u00bb{}\u00bb][\/et_pb_column][\/et_pb_row][\/et_pb_section][et_pb_section fb_built=\u00bb1&#8243; admin_label=\u00bbOrdenances\u00bb _builder_version=\u00bb4.18.1&#8243; _module_preset=\u00bbdefault\u00bb min_height=\u00bb352.1px\u00bb custom_padding=\u00bb39px||0px|||\u00bb global_colors_info=\u00bb{}\u00bb][et_pb_row admin_label=\u00bbT\u00edtol\u00bb _builder_version=\u00bb4.27.0&#8243; _module_preset=\u00bbdefault\u00bb collapsed=\u00bboff\u00bb global_colors_info=\u00bb{}\u00bb][et_pb_column type=\u00bb4_4&#8243; _builder_version=\u00bb4.27.0&#8243; _module_preset=\u00bbdefault\u00bb global_colors_info=\u00bb{}\u00bb][et_pb_text admin_label=\u00bbT\u00edtol\u00bb _builder_version=\u00bb4.27.0&#8243; _module_preset=\u00bbdefault\u00bb text_orientation=\u00bbcenter\u00bb global_colors_info=\u00bb{}\u00bb]<\/p>\n<h1><strong>ACTAS PLENOS<\/strong><\/h1>\n<p>[\/et_pb_text][\/et_pb_column][\/et_pb_row][et_pb_row admin_label=\u00bb2025&#8243; _builder_version=\u00bb4.27.4&#8243; _module_preset=\u00bbdefault\u00bb collapsed=\u00bboff\u00bb global_colors_info=\u00bb{}\u00bb][et_pb_column type=\u00bb4_4&#8243; _builder_version=\u00bb4.27.4&#8243; _module_preset=\u00bbdefault\u00bb global_colors_info=\u00bb{}\u00bb][et_pb_text admin_label=\u00bb2025&#8243; _builder_version=\u00bb4.27.4&#8243; _module_preset=\u00bbdefault\u00bb text_orientation=\u00bbcenter\u00bb global_colors_info=\u00bb{}\u00bb]<\/p>\n<h2><strong>2025<\/strong><\/h2>\n<p>[\/et_pb_text][et_pb_accordion _builder_version=\u00bb4.27.5&#8243; _module_preset=\u00bbdefault\u00bb hover_enabled=\u00bb0&#8243; sticky_enabled=\u00bb0&#8243; admin_label=\u00bbDICIEMBRE\u00bb][et_pb_accordion_item _builder_version=\u00bb4.27.5&#8243; _module_preset=\u00bbdefault\u00bb title=\u00bbDICIEMBRE\u00bb hover_enabled=\u00bb0&#8243; sticky_enabled=\u00bb0&#8243;][\/et_pb_accordion_item][\/et_pb_accordion][et_pb_accordion _builder_version=\u00bb4.27.5&#8243; _module_preset=\u00bbdefault\u00bb hover_enabled=\u00bb0&#8243; sticky_enabled=\u00bb0&#8243; admin_label=\u00bbNOVIEMBRE\u00bb][et_pb_accordion_item _builder_version=\u00bb4.27.5&#8243; _module_preset=\u00bbdefault\u00bb title=\u00bbNOVIEMBRE\u00bb hover_enabled=\u00bb0&#8243; sticky_enabled=\u00bb0&#8243;][\/et_pb_accordion_item][\/et_pb_accordion][et_pb_accordion _builder_version=\u00bb4.27.5&#8243; _module_preset=\u00bbdefault\u00bb hover_enabled=\u00bb0&#8243; sticky_enabled=\u00bb0&#8243; admin_label=\u00bbOCTUBRE\u00bb][et_pb_accordion_item _builder_version=\u00bb4.27.5&#8243; _module_preset=\u00bbdefault\u00bb title=\u00bbOCTUBRE\u00bb hover_enabled=\u00bb0&#8243; sticky_enabled=\u00bb0&#8243;]<\/p>\n<p><a class=\"pdf\" href=\"https:\/\/albal.es\/content-albal\/uploads\/2025\/12\/Acta-30_10_2025.pdf\" rel=\"attachment wp-att-63059\">Acta 30_10_2025<\/a><\/p>\n<p>[\/et_pb_accordion_item][\/et_pb_accordion][et_pb_accordion _builder_version=\u00bb4.27.5&#8243; _module_preset=\u00bbdefault\u00bb hover_enabled=\u00bb0&#8243; sticky_enabled=\u00bb0&#8243; admin_label=\u00bbSEPTIEMBRE\u00bb][et_pb_accordion_item _builder_version=\u00bb4.27.5&#8243; _module_preset=\u00bbdefault\u00bb title=\u00bbSEPTIEMBRE\u00bb hover_enabled=\u00bb0&#8243; sticky_enabled=\u00bb0&#8243;][\/et_pb_accordion_item][\/et_pb_accordion][et_pb_accordion _builder_version=\u00bb4.27.5&#8243; _module_preset=\u00bbdefault\u00bb hover_enabled=\u00bb0&#8243; sticky_enabled=\u00bb0&#8243; admin_label=\u00bbAGOSTO\u00bb][et_pb_accordion_item _builder_version=\u00bb4.27.5&#8243; _module_preset=\u00bbdefault\u00bb title=\u00bbAGOSTO\u00bb hover_enabled=\u00bb0&#8243; sticky_enabled=\u00bb0&#8243;]<\/p>\n<p><a class=\"pdf\" href=\"https:\/\/albal.es\/content-albal\/uploads\/2025\/12\/Acta-04_08_2025-Extraord.pdf\" rel=\"attachment wp-att-63057\">Acta 04_08_2025 Extraord.<\/a><\/p>\n<p>[\/et_pb_accordion_item][\/et_pb_accordion][et_pb_accordion _builder_version=\u00bb4.27.5&#8243; _module_preset=\u00bbdefault\u00bb hover_enabled=\u00bb0&#8243; sticky_enabled=\u00bb0&#8243; admin_label=\u00bbJULIO\u00bb][et_pb_accordion_item _builder_version=\u00bb4.27.5&#8243; _module_preset=\u00bbdefault\u00bb title=\u00bbJULIO\u00bb hover_enabled=\u00bb0&#8243; sticky_enabled=\u00bb0&#8243;]<\/p>\n<p><a class=\"pdf\" href=\"https:\/\/albal.es\/content-albal\/uploads\/2025\/12\/Acta-09-24_07_2025-Ord.pdf\" rel=\"attachment wp-att-63050\">Acta 09 24_07_2025 Ord.<\/a><\/p>\n<p>[\/et_pb_accordion_item][\/et_pb_accordion][et_pb_accordion _builder_version=\u00bb4.27.5&#8243; _module_preset=\u00bbdefault\u00bb hover_enabled=\u00bb0&#8243; sticky_enabled=\u00bb0&#8243; admin_label=\u00bbJUNIO\u00bb][et_pb_accordion_item _builder_version=\u00bb4.27.5&#8243; _module_preset=\u00bbdefault\u00bb title=\u00bbJUNIO\u00bb hover_enabled=\u00bb0&#8243; sticky_enabled=\u00bb0&#8243;]<\/p>\n<p><a class=\"pdf\" href=\"https:\/\/albal.es\/content-albal\/uploads\/2025\/12\/Acta-09-25_06_2025.pdf\" rel=\"attachment wp-att-63048\">Acta 09 25_06_2025<\/a><\/p>\n<p><a class=\"pdf\" href=\"https:\/\/albal.es\/content-albal\/uploads\/2025\/12\/Acta-08-25_06_2025-Extraord.pdf\" rel=\"attachment wp-att-63046\">Acta 08 25_06_2025 Extraord.<\/a><\/p>\n<p>[\/et_pb_accordion_item][\/et_pb_accordion][et_pb_accordion _builder_version=\u00bb4.27.5&#8243; _module_preset=\u00bbdefault\u00bb hover_enabled=\u00bb0&#8243; sticky_enabled=\u00bb0&#8243; admin_label=\u00bbMAYO\u00bb][et_pb_accordion_item _builder_version=\u00bb4.27.5&#8243; _module_preset=\u00bbdefault\u00bb title=\u00bbMAYO\u00bb hover_enabled=\u00bb0&#8243; sticky_enabled=\u00bb0&#8243;]<\/p>\n<p><a class=\"pdf\" href=\"https:\/\/albal.es\/content-albal\/uploads\/2025\/12\/Acta-05-20_05_2025-Extraord.pdf\" rel=\"attachment wp-att-63042\">Acta 05 20_05_2025 Extraord.<\/a><\/p>\n<p><a class=\"pdf\" href=\"https:\/\/albal.es\/content-albal\/uploads\/2025\/12\/Acta-07-30_05_2025-Extraord.-y-urgente.pdf\" rel=\"attachment wp-att-63044\">Acta 07 30_05_2025 Extraord. y urgente<\/a><\/p>\n<p>[\/et_pb_accordion_item][\/et_pb_accordion][et_pb_accordion admin_label=\u00bbABRIL\u00bb _builder_version=\u00bb4.27.5&#8243; _module_preset=\u00bbdefault\u00bb global_colors_info=\u00bb{}\u00bb][et_pb_accordion_item title=\u00bbABRIL\u00bb open=\u00bbon\u00bb _builder_version=\u00bb4.27.5&#8243; _module_preset=\u00bbdefault\u00bb global_colors_info=\u00bb{}\u00bb]<\/p>\n<p><a class=\"pdf\" href=\"https:\/\/albal.es\/content-albal\/uploads\/2025\/12\/Acta-04-29-04-2025.pdf\" rel=\"attachment wp-att-63021\">Acta 04 29-04-2025<\/a><\/p>\n<p>[\/et_pb_accordion_item][\/et_pb_accordion][et_pb_accordion admin_label=\u00bbMARZO\u00bb _builder_version=\u00bb4.27.5&#8243; _module_preset=\u00bbdefault\u00bb global_colors_info=\u00bb{}\u00bb][et_pb_accordion_item title=\u00bbMARZO\u00bb open=\u00bbon\u00bb _builder_version=\u00bb4.27.5&#8243; _module_preset=\u00bbdefault\u00bb global_colors_info=\u00bb{}\u00bb]<\/p>\n<p><a class=\"pdf\" href=\"https:\/\/albal.es\/content-albal\/uploads\/2025\/12\/Acta-03-27-03-2025.pdf\" rel=\"attachment wp-att-63019\">Acta 03 27-03-2025<\/a><\/p>\n<p>[\/et_pb_accordion_item][\/et_pb_accordion][et_pb_accordion admin_label=\u00bbFEBRERO\u00bb _builder_version=\u00bb4.27.5&#8243; _module_preset=\u00bbdefault\u00bb global_colors_info=\u00bb{}\u00bb][et_pb_accordion_item title=\u00bbFEBRERO\u00bb open=\u00bbon\u00bb _builder_version=\u00bb4.27.5&#8243; _module_preset=\u00bbdefault\u00bb global_colors_info=\u00bb{}\u00bb]<\/p>\n<p><a class=\"pdf\" href=\"https:\/\/albal.es\/content-albal\/uploads\/2025\/12\/Acta-02-27-02-2025.pdf\" rel=\"attachment wp-att-63014\">Acta 02 27-02-2025<\/a><\/p>\n<p>[\/et_pb_accordion_item][\/et_pb_accordion][et_pb_accordion admin_label=\u00bbENERO\u00bb _builder_version=\u00bb4.27.5&#8243; _module_preset=\u00bbdefault\u00bb global_colors_info=\u00bb{}\u00bb][et_pb_accordion_item title=\u00bbENERO\u00bb open=\u00bbon\u00bb _builder_version=\u00bb4.27.4&#8243; _module_preset=\u00bbdefault\u00bb global_colors_info=\u00bb{}\u00bb]<\/p>\n<p><a class=\"pdf\" href=\"https:\/\/albal.es\/content-albal\/uploads\/2025\/05\/Acta-01-30-01-2025.pdf\" rel=\"attachment wp-att-59795\">Acta 01 30-01-2025<\/a><\/p>\n<p>[\/et_pb_accordion_item][\/et_pb_accordion][\/et_pb_column][\/et_pb_row][et_pb_row admin_label=\u00bb2024&#8243; _builder_version=\u00bb4.27.4&#8243; _module_preset=\u00bbdefault\u00bb collapsed=\u00bboff\u00bb global_colors_info=\u00bb{}\u00bb][et_pb_column type=\u00bb4_4&#8243; _builder_version=\u00bb4.27.4&#8243; _module_preset=\u00bbdefault\u00bb global_colors_info=\u00bb{}\u00bb][et_pb_text admin_label=\u00bb2024&#8243; _builder_version=\u00bb4.27.0&#8243; _module_preset=\u00bbdefault\u00bb text_orientation=\u00bbcenter\u00bb global_colors_info=\u00bb{}\u00bb]<\/p>\n<h2><strong>2024<\/strong><\/h2>\n<p>[\/et_pb_text][et_pb_accordion admin_label=\u00bbDICIEMBRE\u00bb _builder_version=\u00bb4.27.4&#8243; _module_preset=\u00bbdefault\u00bb global_colors_info=\u00bb{}\u00bb][et_pb_accordion_item title=\u00bbDICIEMBRE\u00bb open=\u00bbon\u00bb _builder_version=\u00bb4.27.4&#8243; _module_preset=\u00bbdefault\u00bb global_colors_info=\u00bb{}\u00bb]<\/p>\n<p><a class=\"pdf\" href=\"https:\/\/albal.es\/content-albal\/uploads\/2025\/05\/Acta-sesion-15-19-12-2024.pdf\" rel=\"attachment wp-att-59792\">Acta sesi\u00f3n 15 19-12-2024<\/a><\/p>\n<p>[\/et_pb_accordion_item][\/et_pb_accordion][et_pb_accordion admin_label=\u00bbNOVIEMBRE\u00bb _builder_version=\u00bb4.27.4&#8243; _module_preset=\u00bbdefault\u00bb global_colors_info=\u00bb{}\u00bb][et_pb_accordion_item title=\u00bbNOVIEMBRE\u00bb open=\u00bbon\u00bb _builder_version=\u00bb4.27.4&#8243; _module_preset=\u00bbdefault\u00bb global_colors_info=\u00bb{}\u00bb]<\/p>\n<p><a class=\"pdf\" href=\"https:\/\/albal.es\/content-albal\/uploads\/2025\/05\/Acta-sesion-14-28-11-2024.pdf\" rel=\"attachment wp-att-59790\">Acta sesi\u00f3n 14 28-11-2024<\/a><\/p>\n<p><a class=\"pdf\" href=\"https:\/\/albal.es\/content-albal\/uploads\/2025\/05\/Acta-sesion-12-07-11-2024.pdf\" rel=\"attachment wp-att-59788\">Acta sesi\u00f3n 12 07-11-2024<\/a><\/p>\n<p>[\/et_pb_accordion_item][\/et_pb_accordion][et_pb_accordion admin_label=\u00bbSEPTIEMBRE\u00bb _builder_version=\u00bb4.27.4&#8243; _module_preset=\u00bbdefault\u00bb global_colors_info=\u00bb{}\u00bb][et_pb_accordion_item title=\u00bbSEPTIEMBRE\u00bb open=\u00bbon\u00bb _builder_version=\u00bb4.27.4&#8243; _module_preset=\u00bbdefault\u00bb global_colors_info=\u00bb{}\u00bb]<\/p>\n<p><a class=\"pdf\" href=\"https:\/\/albal.es\/content-albal\/uploads\/2025\/05\/Acta-sesion-11-26-09-2024.pdf\" rel=\"attachment wp-att-59786\">Acta sesi\u00f3n 11 26-09-2024<\/a><\/p>\n<p>[\/et_pb_accordion_item][\/et_pb_accordion][et_pb_accordion admin_label=\u00bbJUNIO\u00bb _builder_version=\u00bb4.27.4&#8243; _module_preset=\u00bbdefault\u00bb global_colors_info=\u00bb{}\u00bb][et_pb_accordion_item title=\u00bbJUNIO\u00bb open=\u00bbon\u00bb _builder_version=\u00bb4.27.4&#8243; _module_preset=\u00bbdefault\u00bb global_colors_info=\u00bb{}\u00bb]<\/p>\n<p><a class=\"pdf\" href=\"https:\/\/albal.es\/content-albal\/uploads\/2025\/05\/Acta-sesion-09-27-06-2024.pdf\" rel=\"attachment wp-att-59784\">Acta sesi\u00f3n 09 27-06-2024<\/a><\/p>\n<p><a class=\"pdf\" href=\"https:\/\/albal.es\/content-albal\/uploads\/2025\/05\/Acta-sesion-08-10-06-2024.pdf\" rel=\"attachment wp-att-59782\">Acta sesi\u00f3n 08 10-06-2024<\/a><\/p>\n<p>[\/et_pb_accordion_item][\/et_pb_accordion][et_pb_accordion admin_label=\u00bbMAYO\u00bb _builder_version=\u00bb4.27.4&#8243; _module_preset=\u00bbdefault\u00bb global_colors_info=\u00bb{}\u00bb][et_pb_accordion_item title=\u00bbMAYO\u00bb open=\u00bbon\u00bb _builder_version=\u00bb4.27.4&#8243; _module_preset=\u00bbdefault\u00bb global_colors_info=\u00bb{}\u00bb]<\/p>\n<p><a class=\"pdf\" href=\"https:\/\/albal.es\/content-albal\/uploads\/2025\/05\/Acta-sesion-07-30-05-2024.-pdf.pdf\" rel=\"attachment wp-att-59780\">Acta sesi\u00f3n 07 30-05-2024. pdf<\/a><\/p>\n<p><a class=\"pdf\" href=\"https:\/\/albal.es\/content-albal\/uploads\/2025\/05\/Acta-sesion-06-14-05-2024-Ext-y-urg.-pdf.pdf\" rel=\"attachment wp-att-59778\">Acta sesi\u00f3n 06 14-05-2024 Ext y urg. pdf<\/a><\/p>\n<p><a class=\"pdf\" href=\"https:\/\/albal.es\/content-albal\/uploads\/2025\/05\/Acta-sesion-05-14-05-2024-Sorteo-elecciones.pdf\" rel=\"attachment wp-att-59776\">Acta sesi\u00f3n 05 14-05-2024 Sorteo elecciones<\/a><\/p>\n<p>[\/et_pb_accordion_item][\/et_pb_accordion][et_pb_accordion admin_label=\u00bbABRIL\u00bb _builder_version=\u00bb4.27.4&#8243; _module_preset=\u00bbdefault\u00bb global_colors_info=\u00bb{}\u00bb][et_pb_accordion_item title=\u00bbABRIL\u00bb open=\u00bbon\u00bb _builder_version=\u00bb4.27.4&#8243; _module_preset=\u00bbdefault\u00bb global_colors_info=\u00bb{}\u00bb]<\/p>\n<p><a class=\"pdf\" href=\"https:\/\/albal.es\/content-albal\/uploads\/2025\/05\/Acta-sesion-04-25-04-2024.pdf\" rel=\"attachment wp-att-59774\">Acta sesi\u00f3n 04 25-04-2024<\/a><\/p>\n<p>[\/et_pb_accordion_item][\/et_pb_accordion][et_pb_accordion admin_label=\u00bbMARZO\u00bb _builder_version=\u00bb4.27.4&#8243; _module_preset=\u00bbdefault\u00bb global_colors_info=\u00bb{}\u00bb][et_pb_accordion_item title=\u00bbMARZO\u00bb open=\u00bbon\u00bb _builder_version=\u00bb4.27.4&#8243; _module_preset=\u00bbdefault\u00bb global_colors_info=\u00bb{}\u00bb]<\/p>\n<p><a class=\"pdf\" href=\"https:\/\/albal.es\/content-albal\/uploads\/2025\/05\/Acta-sesion-03-26-03-2024.pdf\" rel=\"attachment wp-att-59772\">Acta sesi\u00f3n 03 26-03-2024<\/a><\/p>\n<p>[\/et_pb_accordion_item][\/et_pb_accordion][et_pb_accordion admin_label=\u00bbFEBRERO\u00bb _builder_version=\u00bb4.27.4&#8243; _module_preset=\u00bbdefault\u00bb global_colors_info=\u00bb{}\u00bb][et_pb_accordion_item title=\u00bbFEBRERO\u00bb open=\u00bbon\u00bb _builder_version=\u00bb4.27.4&#8243; _module_preset=\u00bbdefault\u00bb global_colors_info=\u00bb{}\u00bb]<\/p>\n<p><a class=\"pdf\" href=\"https:\/\/albal.es\/content-albal\/uploads\/2025\/05\/Acta-sesion-02-28-02-2024.pdf\" rel=\"attachment wp-att-59768\">Acta sesi\u00f3n 02 28-02-2024<\/a><\/p>\n<p>[\/et_pb_accordion_item][\/et_pb_accordion][et_pb_accordion admin_label=\u00bbENERO\u00bb _builder_version=\u00bb4.27.4&#8243; _module_preset=\u00bbdefault\u00bb global_colors_info=\u00bb{}\u00bb][et_pb_accordion_item title=\u00bbENERO\u00bb open=\u00bbon\u00bb _builder_version=\u00bb4.27.4&#8243; _module_preset=\u00bbdefault\u00bb global_colors_info=\u00bb{}\u00bb]<\/p>\n<p><a class=\"pdf\" href=\"https:\/\/albal.es\/content-albal\/uploads\/2024\/09\/Acta-Sesion-01-25-01-2024.pdf\" rel=\"attachment wp-att-57216\">Acta Sesi\u00f3n 01 25-01-2024<\/a><\/p>\n<p><a class=\"pdf\" href=\"https:\/\/albal.es\/content-albal\/uploads\/2024\/09\/Acta-Sesion-01-25-01-2024.pdf\" rel=\"attachment wp-att-57216\">Acta Sesi\u00f3n 01 25-01-2024<\/a><\/p>\n<p>[\/et_pb_accordion_item][\/et_pb_accordion][\/et_pb_column][\/et_pb_row][et_pb_row admin_label=\u00bb2022&#8243; _builder_version=\u00bb4.27.4&#8243; _module_preset=\u00bbdefault\u00bb collapsed=\u00bbon\u00bb global_colors_info=\u00bb{}\u00bb][et_pb_column type=\u00bb4_4&#8243; _builder_version=\u00bb4.27.4&#8243; _module_preset=\u00bbdefault\u00bb global_colors_info=\u00bb{}\u00bb][et_pb_text admin_label=\u00bb2022&#8243; _builder_version=\u00bb4.27.4&#8243; _module_preset=\u00bbdefault\u00bb text_orientation=\u00bbcenter\u00bb global_colors_info=\u00bb{}\u00bb]<\/p>\n<h2><strong>2022<\/strong><\/h2>\n<p>[\/et_pb_text][et_pb_accordion admin_label=\u00bbOCTUBRE\u00bb _builder_version=\u00bb4.27.4&#8243; _module_preset=\u00bbdefault\u00bb global_colors_info=\u00bb{}\u00bb][et_pb_accordion_item title=\u00bbOCTUBRE\u00bb open=\u00bbon\u00bb _builder_version=\u00bb4.27.4&#8243; _module_preset=\u00bbdefault\u00bb global_colors_info=\u00bb{}\u00bb]<\/p>\n<p><a class=\"pdf\" href=\"https:\/\/albal.es\/ficheros\/pdf\/SedeAntiguaDival\/Pleno\/Pleno310322C.pdf\" rel=\"attachment wp-att-57216\">Acta Sesi\u00f3n 31-10-2022<\/a><\/p>\n<p>[\/et_pb_accordion_item][\/et_pb_accordion][et_pb_accordion admin_label=\u00bbSEPTIEMBRE\u00bb _builder_version=\u00bb4.27.4&#8243; _module_preset=\u00bbdefault\u00bb global_colors_info=\u00bb{}\u00bb][et_pb_accordion_item title=\u00bbSEPTIEMBRE\u00bb open=\u00bbon\u00bb _builder_version=\u00bb4.27.4&#8243; _module_preset=\u00bbdefault\u00bb global_colors_info=\u00bb{}\u00bb]<\/p>\n<p><a class=\"pdf\" href=\"https:\/\/albal.es\/ficheros\/pdf\/SedeAntiguaDival\/Pleno\/Pleno290922C.pdf\" rel=\"attachment wp-att-57216\">Acta Sesi\u00f3n 29-09-2022<\/a><\/p>\n<p>[\/et_pb_accordion_item][\/et_pb_accordion][et_pb_accordion admin_label=\u00bbAGOSTO\u00bb _builder_version=\u00bb4.27.4&#8243; _module_preset=\u00bbdefault\u00bb global_colors_info=\u00bb{}\u00bb][et_pb_accordion_item title=\u00bbAGOSTO\u00bb open=\u00bbon\u00bb _builder_version=\u00bb4.27.4&#8243; _module_preset=\u00bbdefault\u00bb global_colors_info=\u00bb{}\u00bb]<\/p>\n<p><a class=\"pdf\" href=\"https:\/\/albal.es\/ficheros\/pdf\/SedeAntiguaDival\/Pleno\/Pleno040822C.pdf\" rel=\"attachment wp-att-57216\">Acta Sesi\u00f3n 04-08-2022<\/a><\/p>\n<p>[\/et_pb_accordion_item][\/et_pb_accordion][et_pb_accordion admin_label=\u00bbJULIO\u00bb _builder_version=\u00bb4.27.4&#8243; _module_preset=\u00bbdefault\u00bb global_colors_info=\u00bb{}\u00bb][et_pb_accordion_item title=\u00bbJULIO\u00bb open=\u00bbon\u00bb _builder_version=\u00bb4.27.4&#8243; _module_preset=\u00bbdefault\u00bb global_colors_info=\u00bb{}\u00bb]<\/p>\n<p><a class=\"pdf\" href=\"https:\/\/albal.es\/ficheros\/pdf\/SedeAntiguaDival\/Pleno\/Pleno040722C.pdf\" rel=\"attachment wp-att-57216\">Acta Sesi\u00f3n 04-07-2022<\/a><\/p>\n<p><a class=\"pdf\" href=\"https:\/\/albal.es\/ficheros\/pdf\/SedeAntiguaDival\/Pleno\/Pleno210722C.pdf\" rel=\"attachment wp-att-57216\">Acta Sesi\u00f3n 21-07-2022<\/a><\/p>\n<p>[\/et_pb_accordion_item][\/et_pb_accordion][et_pb_accordion admin_label=\u00bbJUNIO\u00bb _builder_version=\u00bb4.27.4&#8243; _module_preset=\u00bbdefault\u00bb global_colors_info=\u00bb{}\u00bb][et_pb_accordion_item title=\u00bbJUNIO\u00bb open=\u00bbon\u00bb _builder_version=\u00bb4.27.4&#8243; _module_preset=\u00bbdefault\u00bb global_colors_info=\u00bb{}\u00bb]<\/p>\n<p><a class=\"pdf\" href=\"https:\/\/albal.es\/ficheros\/pdf\/SedeAntiguaDival\/Pleno\/Pleno150622C.pdf\" rel=\"attachment wp-att-57216\">Acta Sesi\u00f3n 15-06-2022<\/a><\/p>\n<p>[\/et_pb_accordion_item][\/et_pb_accordion][et_pb_accordion admin_label=\u00bbMAYO\u00bb _builder_version=\u00bb4.27.4&#8243; _module_preset=\u00bbdefault\u00bb global_colors_info=\u00bb{}\u00bb][et_pb_accordion_item title=\u00bbMAYO\u00bb open=\u00bbon\u00bb _builder_version=\u00bb4.27.4&#8243; _module_preset=\u00bbdefault\u00bb global_colors_info=\u00bb{}\u00bb]<\/p>\n<p><a class=\"pdf\" href=\"https:\/\/albal.es\/ficheros\/pdf\/SedeAntiguaDival\/Pleno\/Pleno160522C.pdf\" rel=\"attachment wp-att-57216\">Acta Sesi\u00f3n 16-05-2022<\/a><\/p>\n<p><a class=\"pdf\" href=\"https:\/\/albal.es\/ficheros\/pdf\/SedeAntiguaDival\/Pleno\/Pleno260522C.pdf\" rel=\"attachment wp-att-57216\">Acta Sesi\u00f3n 26-05-2022<\/a><\/p>\n<p>[\/et_pb_accordion_item][\/et_pb_accordion][et_pb_accordion admin_label=\u00bbABRIL\u00bb _builder_version=\u00bb4.27.4&#8243; _module_preset=\u00bbdefault\u00bb global_colors_info=\u00bb{}\u00bb][et_pb_accordion_item title=\u00bbABRIL\u00bb open=\u00bbon\u00bb _builder_version=\u00bb4.27.4&#8243; _module_preset=\u00bbdefault\u00bb global_colors_info=\u00bb{}\u00bb]<\/p>\n<p><a class=\"pdf\" href=\"https:\/\/albal.es\/ficheros\/pdf\/SedeAntiguaDival\/Pleno\/Pleno280422C.pdf\" rel=\"attachment wp-att-57216\">Acta Sesi\u00f3n 28-04-2022<\/a><\/p>\n<p>[\/et_pb_accordion_item][\/et_pb_accordion][et_pb_accordion admin_label=\u00bbMARZO\u00bb _builder_version=\u00bb4.27.4&#8243; _module_preset=\u00bbdefault\u00bb global_colors_info=\u00bb{}\u00bb][et_pb_accordion_item title=\u00bbMARZO\u00bb open=\u00bbon\u00bb _builder_version=\u00bb4.27.4&#8243; _module_preset=\u00bbdefault\u00bb global_colors_info=\u00bb{}\u00bb]<\/p>\n<p><a class=\"pdf\" href=\"https:\/\/albal.es\/ficheros\/pdf\/SedeAntiguaDival\/Pleno\/Pleno310322C.pdf\" rel=\"attachment wp-att-57216\">Acta Sesi\u00f3n 31-03-2022<\/a><\/p>\n<p>[\/et_pb_accordion_item][\/et_pb_accordion][et_pb_accordion admin_label=\u00bbFEBRERO\u00bb _builder_version=\u00bb4.27.4&#8243; _module_preset=\u00bbdefault\u00bb global_colors_info=\u00bb{}\u00bb][et_pb_accordion_item title=\u00bbFEBRERO\u00bb open=\u00bbon\u00bb _builder_version=\u00bb4.27.4&#8243; _module_preset=\u00bbdefault\u00bb global_colors_info=\u00bb{}\u00bb]<\/p>\n<p><a class=\"pdf\" href=\"https:\/\/albal.es\/ficheros\/pdf\/SedeAntiguaDival\/Pleno\/Pleno240222C.pdf\" rel=\"attachment wp-att-57216\">Acta Sesi\u00f3n 24-02-2022<\/a><\/p>\n<p>[\/et_pb_accordion_item][\/et_pb_accordion][et_pb_accordion admin_label=\u00bbENERO\u00bb _builder_version=\u00bb4.27.4&#8243; _module_preset=\u00bbdefault\u00bb global_colors_info=\u00bb{}\u00bb][et_pb_accordion_item title=\u00bbENERO\u00bb open=\u00bbon\u00bb _builder_version=\u00bb4.27.4&#8243; _module_preset=\u00bbdefault\u00bb global_colors_info=\u00bb{}\u00bb]<\/p>\n<p><a class=\"pdf\" href=\"https:\/\/albal.es\/ficheros\/pdf\/SedeAntiguaDival\/Pleno\/Pleno100122C.pdf\" rel=\"attachment wp-att-57216\">Acta Sesi\u00f3n 10-01-2022<\/a><\/p>\n<p><a class=\"pdf\" href=\"https:\/\/albal.es\/ficheros\/pdf\/SedeAntiguaDival\/Pleno\/Pleno270122C.pdf\" rel=\"attachment wp-att-57216\">Acta Sesi\u00f3n 27-01-2022<\/a><\/p>\n<p>[\/et_pb_accordion_item][\/et_pb_accordion][\/et_pb_column][\/et_pb_row][et_pb_row admin_label=\u00bb2021&#8243; _builder_version=\u00bb4.27.4&#8243; _module_preset=\u00bbdefault\u00bb collapsed=\u00bbon\u00bb global_colors_info=\u00bb{}\u00bb][et_pb_column type=\u00bb4_4&#8243; _builder_version=\u00bb4.27.4&#8243; _module_preset=\u00bbdefault\u00bb global_colors_info=\u00bb{}\u00bb][et_pb_text admin_label=\u00bb2021&#8243; _builder_version=\u00bb4.27.4&#8243; _module_preset=\u00bbdefault\u00bb text_orientation=\u00bbcenter\u00bb global_colors_info=\u00bb{}\u00bb]<\/p>\n<h2><strong>2021<\/strong><\/h2>\n<p>[\/et_pb_text][et_pb_accordion admin_label=\u00bbDICIEMBRE\u00bb _builder_version=\u00bb4.27.4&#8243; _module_preset=\u00bbdefault\u00bb global_colors_info=\u00bb{}\u00bb][et_pb_accordion_item title=\u00bbDICIEMBRE\u00bb open=\u00bbon\u00bb _builder_version=\u00bb4.27.4&#8243; _module_preset=\u00bbdefault\u00bb global_colors_info=\u00bb{}\u00bb]<\/p>\n<p><a class=\"pdf\" href=\"https:\/\/albal.es\/ficheros\/pdf\/SedeAntiguaDival\/Pleno\/Pleno211202C.pdf\" rel=\"attachment wp-att-57216\">Acta Sesi\u00f3n 02-12-2021<\/a><\/p>\n<p><a class=\"pdf\" href=\"https:\/\/albal.es\/ficheros\/pdf\/SedeAntiguaDival\/Pleno\/Pleno211217C.pdf\" rel=\"attachment wp-att-57216\">Acta Sesi\u00f3n 17-12-2021<\/a><\/p>\n<p><a class=\"pdf\" href=\"https:\/\/albal.es\/ficheros\/pdf\/SedeAntiguaDival\/Pleno\/Pleno211229C.pdf\" rel=\"attachment wp-att-57216\">Acta Sesi\u00f3n 29-12-2021<\/a><\/p>\n<p>[\/et_pb_accordion_item][\/et_pb_accordion][et_pb_accordion admin_label=\u00bbNOVIEMBRE\u00bb _builder_version=\u00bb4.27.4&#8243; _module_preset=\u00bbdefault\u00bb global_colors_info=\u00bb{}\u00bb][et_pb_accordion_item title=\u00bbNOVIEMBRE\u00bb open=\u00bbon\u00bb _builder_version=\u00bb4.27.4&#8243; _module_preset=\u00bbdefault\u00bb global_colors_info=\u00bb{}\u00bb]<\/p>\n<p><a class=\"pdf\" href=\"https:\/\/albal.es\/ficheros\/pdf\/SedeAntiguaDival\/Pleno\/Pleno211125C.pdf\" rel=\"attachment wp-att-57216\">Acta Sesi\u00f3n 25-11-2020<\/a><\/p>\n<p>[\/et_pb_accordion_item][\/et_pb_accordion][et_pb_accordion admin_label=\u00bbOCTUBRE\u00bb _builder_version=\u00bb4.27.4&#8243; _module_preset=\u00bbdefault\u00bb global_colors_info=\u00bb{}\u00bb][et_pb_accordion_item title=\u00bbOCTUBRE\u00bb open=\u00bbon\u00bb _builder_version=\u00bb4.27.4&#8243; _module_preset=\u00bbdefault\u00bb global_colors_info=\u00bb{}\u00bb]<\/p>\n<p><a class=\"pdf\" href=\"https:\/\/albal.es\/ficheros\/pdf\/SedeAntiguaDival\/Pleno\/Pleno211028C.pdf\" rel=\"attachment wp-att-57216\">Acta Sesi\u00f3n 28-10-2021<\/a><\/p>\n<p>[\/et_pb_accordion_item][\/et_pb_accordion][et_pb_accordion admin_label=\u00bbSEPTIEMBRE\u00bb _builder_version=\u00bb4.27.4&#8243; _module_preset=\u00bbdefault\u00bb global_colors_info=\u00bb{}\u00bb][et_pb_accordion_item title=\u00bbSEPTIEMBRE\u00bb open=\u00bbon\u00bb _builder_version=\u00bb4.27.4&#8243; _module_preset=\u00bbdefault\u00bb global_colors_info=\u00bb{}\u00bb]<\/p>\n<p><a class=\"pdf\" href=\"https:\/\/albal.es\/ficheros\/pdf\/SedeAntiguaDival\/Pleno\/Pleno210930C.pdf\" rel=\"attachment wp-att-57216\">Acta Sesi\u00f3n 30-09-2021<\/a><\/p>\n<p>[\/et_pb_accordion_item][\/et_pb_accordion][et_pb_accordion admin_label=\u00bbJULIO\u00bb _builder_version=\u00bb4.27.4&#8243; _module_preset=\u00bbdefault\u00bb global_colors_info=\u00bb{}\u00bb][et_pb_accordion_item title=\u00bbJULIO\u00bb open=\u00bbon\u00bb _builder_version=\u00bb4.27.4&#8243; _module_preset=\u00bbdefault\u00bb global_colors_info=\u00bb{}\u00bb]<\/p>\n<p><a class=\"pdf\" href=\"https:\/\/albal.es\/ficheros\/pdf\/SedeAntiguaDival\/Pleno\/Pleno210715C.pdf\" rel=\"attachment wp-att-57216\">Acta Sesi\u00f3n 15-07-2021<\/a><\/p>\n<p><a class=\"pdf\" href=\"https:\/\/albal.es\/ficheros\/pdf\/SedeAntiguaDival\/Pleno\/Pleno210729C.pdf\" rel=\"attachment wp-att-57216\">Acta Sesi\u00f3n 29-07-2021<\/a><\/p>\n<p>[\/et_pb_accordion_item][\/et_pb_accordion][et_pb_accordion admin_label=\u00bbJUNIO\u00bb _builder_version=\u00bb4.27.4&#8243; _module_preset=\u00bbdefault\u00bb global_colors_info=\u00bb{}\u00bb][et_pb_accordion_item title=\u00bbJUNIO\u00bb open=\u00bbon\u00bb _builder_version=\u00bb4.27.4&#8243; _module_preset=\u00bbdefault\u00bb global_colors_info=\u00bb{}\u00bb]<\/p>\n<p><a class=\"pdf\" href=\"https:\/\/albal.es\/ficheros\/pdf\/SedeAntiguaDival\/Pleno\/Pleno210630C.pdf\" rel=\"attachment wp-att-57216\">Acta Sesi\u00f3n 30-06-2021<\/a><\/p>\n<p>[\/et_pb_accordion_item][\/et_pb_accordion][et_pb_accordion admin_label=\u00bbMAYO\u00bb _builder_version=\u00bb4.27.4&#8243; _module_preset=\u00bbdefault\u00bb global_colors_info=\u00bb{}\u00bb][et_pb_accordion_item title=\u00bbMAYO\u00bb open=\u00bbon\u00bb _builder_version=\u00bb4.27.4&#8243; _module_preset=\u00bbdefault\u00bb global_colors_info=\u00bb{}\u00bb]<\/p>\n<p><a class=\"pdf\" href=\"https:\/\/albal.es\/ficheros\/pdf\/SedeAntiguaDival\/Pleno\/Pleno210527C.pdf\" rel=\"attachment wp-att-57216\">Acta Sesi\u00f3n 27-05-2021<\/a><\/p>\n<p>[\/et_pb_accordion_item][\/et_pb_accordion][et_pb_accordion admin_label=\u00bbABRIL\u00bb _builder_version=\u00bb4.27.4&#8243; _module_preset=\u00bbdefault\u00bb global_colors_info=\u00bb{}\u00bb][et_pb_accordion_item title=\u00bbABRIL\u00bb open=\u00bbon\u00bb _builder_version=\u00bb4.27.4&#8243; _module_preset=\u00bbdefault\u00bb global_colors_info=\u00bb{}\u00bb]<\/p>\n<p><a class=\"pdf\" href=\"https:\/\/albal.es\/ficheros\/pdf\/SedeAntiguaDival\/Pleno\/Pleno210416C.pdf\" rel=\"attachment wp-att-57216\">Acta Sesi\u00f3n 16-04-2021<\/a><\/p>\n<p><a class=\"pdf\" href=\"https:\/\/albal.es\/ficheros\/pdf\/SedeAntiguaDival\/Pleno\/Pleno210429C.pdf\" rel=\"attachment wp-att-57216\">Acta Sesi\u00f3n 29-04-2021<\/a><\/p>\n<p>[\/et_pb_accordion_item][\/et_pb_accordion][et_pb_accordion admin_label=\u00bbMARZO\u00bb _builder_version=\u00bb4.27.4&#8243; _module_preset=\u00bbdefault\u00bb global_colors_info=\u00bb{}\u00bb][et_pb_accordion_item title=\u00bbMARZO\u00bb open=\u00bbon\u00bb _builder_version=\u00bb4.27.4&#8243; _module_preset=\u00bbdefault\u00bb global_colors_info=\u00bb{}\u00bb]<\/p>\n<p><a class=\"pdf\" href=\"https:\/\/albal.es\/ficheros\/pdf\/SedeAntiguaDival\/Pleno\/Pleno210304C.pdf\" rel=\"attachment wp-att-57216\">Acta Sesi\u00f3n 04-03-2021<\/a><\/p>\n<p><a class=\"pdf\" href=\"https:\/\/albal.es\/ficheros\/pdf\/SedeAntiguaDival\/Pleno\/Pleno210325C.pdf\" rel=\"attachment wp-att-57216\">Acta Sesi\u00f3n 25-03-2021<\/a><\/p>\n<p>[\/et_pb_accordion_item][\/et_pb_accordion][et_pb_accordion admin_label=\u00bbFEBRERO\u00bb _builder_version=\u00bb4.27.4&#8243; _module_preset=\u00bbdefault\u00bb global_colors_info=\u00bb{}\u00bb][et_pb_accordion_item title=\u00bbFEBRERO\u00bb open=\u00bbon\u00bb _builder_version=\u00bb4.27.4&#8243; _module_preset=\u00bbdefault\u00bb global_colors_info=\u00bb{}\u00bb]<\/p>\n<p><a class=\"pdf\" href=\"https:\/\/albal.es\/ficheros\/pdf\/SedeAntiguaDival\/Pleno\/Pleno210211C.pdf\" rel=\"attachment wp-att-57216\">Acta Sesi\u00f3n 11-02-2021<\/a><\/p>\n<p>[\/et_pb_accordion_item][\/et_pb_accordion][et_pb_accordion admin_label=\u00bbENERO\u00bb _builder_version=\u00bb4.27.4&#8243; _module_preset=\u00bbdefault\u00bb global_colors_info=\u00bb{}\u00bb][et_pb_accordion_item title=\u00bbENERO\u00bb open=\u00bbon\u00bb _builder_version=\u00bb4.27.4&#8243; _module_preset=\u00bbdefault\u00bb global_colors_info=\u00bb{}\u00bb]<\/p>\n<p><a class=\"pdf\" href=\"https:\/\/albal.es\/ficheros\/pdf\/SedeAntiguaDival\/Pleno\/Pleno210104C.pdf\" rel=\"attachment wp-att-57216\">Acta Sesi\u00f3n 04-01-2021<\/a><\/p>\n<p><a class=\"pdf\" href=\"https:\/\/albal.es\/ficheros\/pdf\/SedeAntiguaDival\/Pleno\/Pleno210128C.pdf\" rel=\"attachment wp-att-57216\">Acta Sesi\u00f3n 28-01-2021<\/a><\/p>\n<p>[\/et_pb_accordion_item][\/et_pb_accordion][\/et_pb_column][\/et_pb_row][et_pb_row admin_label=\u00bb2020&#8243; _builder_version=\u00bb4.27.4&#8243; _module_preset=\u00bbdefault\u00bb collapsed=\u00bbon\u00bb global_colors_info=\u00bb{}\u00bb][et_pb_column type=\u00bb4_4&#8243; _builder_version=\u00bb4.27.4&#8243; _module_preset=\u00bbdefault\u00bb global_colors_info=\u00bb{}\u00bb][et_pb_text admin_label=\u00bb2020&#8243; _builder_version=\u00bb4.27.4&#8243; _module_preset=\u00bbdefault\u00bb text_orientation=\u00bbcenter\u00bb global_colors_info=\u00bb{}\u00bb]<\/p>\n<h2><strong>2020<\/strong><\/h2>\n<p>[\/et_pb_text][et_pb_accordion admin_label=\u00bbDICIEMBRE\u00bb _builder_version=\u00bb4.27.4&#8243; _module_preset=\u00bbdefault\u00bb global_colors_info=\u00bb{}\u00bb][et_pb_accordion_item title=\u00bbDICIEMBRE\u00bb open=\u00bbon\u00bb _builder_version=\u00bb4.27.4&#8243; _module_preset=\u00bbdefault\u00bb global_colors_info=\u00bb{}\u00bb]<\/p>\n<p><a class=\"pdf\" href=\"https:\/\/albal.es\/ficheros\/pdf\/SedeAntiguaDival\/Pleno\/Pleno201228C.pdf\" rel=\"attachment wp-att-57216\">Acta Sesi\u00f3n 28-12-2020<\/a><\/p>\n<p>[\/et_pb_accordion_item][\/et_pb_accordion][et_pb_accordion admin_label=\u00bbNOVIEMBRE\u00bb _builder_version=\u00bb4.27.4&#8243; _module_preset=\u00bbdefault\u00bb global_colors_info=\u00bb{}\u00bb][et_pb_accordion_item title=\u00bbNOVIEMBRE\u00bb open=\u00bbon\u00bb _builder_version=\u00bb4.27.4&#8243; _module_preset=\u00bbdefault\u00bb global_colors_info=\u00bb{}\u00bb]<\/p>\n<p><a class=\"pdf\" href=\"https:\/\/albal.es\/ficheros\/pdf\/SedeAntiguaDival\/Pleno\/Pleno201126C.pdf\" rel=\"attachment wp-att-57216\">Acta Sesi\u00f3n 26-11-2020<\/a><\/p>\n<p>[\/et_pb_accordion_item][\/et_pb_accordion][et_pb_accordion admin_label=\u00bbOCTUBRE\u00bb _builder_version=\u00bb4.27.4&#8243; _module_preset=\u00bbdefault\u00bb global_colors_info=\u00bb{}\u00bb][et_pb_accordion_item title=\u00bbOCTUBRE\u00bb open=\u00bbon\u00bb _builder_version=\u00bb4.27.4&#8243; _module_preset=\u00bbdefault\u00bb global_colors_info=\u00bb{}\u00bb]<\/p>\n<p><a class=\"pdf\" href=\"https:\/\/albal.es\/ficheros\/pdf\/SedeAntiguaDival\/Pleno\/Pleno201029C.pdf\" rel=\"attachment wp-att-57216\">Acta Sesi\u00f3n 29-10-2020<\/a><\/p>\n<p>[\/et_pb_accordion_item][\/et_pb_accordion][et_pb_accordion admin_label=\u00bbSEPTIEMBRE\u00bb _builder_version=\u00bb4.27.4&#8243; _module_preset=\u00bbdefault\u00bb global_colors_info=\u00bb{}\u00bb][et_pb_accordion_item title=\u00bbSEPTIEMBRE\u00bb open=\u00bbon\u00bb _builder_version=\u00bb4.27.4&#8243; _module_preset=\u00bbdefault\u00bb global_colors_info=\u00bb{}\u00bb]<\/p>\n<p><a class=\"pdf\" href=\"https:\/\/albal.es\/ficheros\/pdf\/SedeAntiguaDival\/Pleno\/Pleno200924C.pdf\" rel=\"attachment wp-att-57216\">Acta Sesi\u00f3n 24-09-2020<\/a><\/p>\n<p>[\/et_pb_accordion_item][\/et_pb_accordion][et_pb_accordion admin_label=\u00bbJULIO\u00bb _builder_version=\u00bb4.27.4&#8243; _module_preset=\u00bbdefault\u00bb global_colors_info=\u00bb{}\u00bb][et_pb_accordion_item title=\u00bbJULIO\u00bb open=\u00bbon\u00bb _builder_version=\u00bb4.27.4&#8243; _module_preset=\u00bbdefault\u00bb global_colors_info=\u00bb{}\u00bb]<\/p>\n<p><a class=\"pdf\" href=\"https:\/\/albal.es\/ficheros\/pdf\/SedeAntiguaDival\/Pleno\/Pleno200727C.pdf\" rel=\"attachment wp-att-57216\">Acta Sesi\u00f3n 27-07-2020<\/a><\/p>\n<p>[\/et_pb_accordion_item][\/et_pb_accordion][et_pb_accordion admin_label=\u00bbJUNIO\u00bb _builder_version=\u00bb4.27.4&#8243; _module_preset=\u00bbdefault\u00bb global_colors_info=\u00bb{}\u00bb][et_pb_accordion_item title=\u00bbJUNIO\u00bb open=\u00bbon\u00bb _builder_version=\u00bb4.27.4&#8243; _module_preset=\u00bbdefault\u00bb global_colors_info=\u00bb{}\u00bb]<\/p>\n<p><a class=\"pdf\" href=\"https:\/\/albal.es\/ficheros\/pdf\/SedeAntiguaDival\/Pleno\/Pleno200603C.pdf\" rel=\"attachment wp-att-57216\">Acta Sesi\u00f3n 03-06-2020<\/a><\/p>\n<p>[\/et_pb_accordion_item][\/et_pb_accordion][et_pb_accordion admin_label=\u00bbMAYO\u00bb _builder_version=\u00bb4.27.4&#8243; _module_preset=\u00bbdefault\u00bb global_colors_info=\u00bb{}\u00bb][et_pb_accordion_item title=\u00bbMAYO\u00bb open=\u00bbon\u00bb _builder_version=\u00bb4.27.4&#8243; _module_preset=\u00bbdefault\u00bb global_colors_info=\u00bb{}\u00bb]<\/p>\n<p><a class=\"pdf\" href=\"https:\/\/albal.es\/ficheros\/pdf\/SedeAntiguaDival\/Pleno\/Pleno200528C.pdf\" rel=\"attachment wp-att-57216\">Acta Sesi\u00f3n 28-05-2020<\/a><\/p>\n<p>[\/et_pb_accordion_item][\/et_pb_accordion][et_pb_accordion admin_label=\u00bbABRIL\u00bb _builder_version=\u00bb4.27.4&#8243; _module_preset=\u00bbdefault\u00bb global_colors_info=\u00bb{}\u00bb][et_pb_accordion_item title=\u00bbABRIL\u00bb open=\u00bbon\u00bb _builder_version=\u00bb4.27.4&#8243; _module_preset=\u00bbdefault\u00bb global_colors_info=\u00bb{}\u00bb]<\/p>\n<p><a class=\"pdf\" href=\"https:\/\/albal.es\/ficheros\/pdf\/SedeAntiguaDival\/Pleno\/Pleno200413C.pdf\" rel=\"attachment wp-att-57216\">Acta Sesi\u00f3n 13-04-2020<\/a><\/p>\n<p>[\/et_pb_accordion_item][\/et_pb_accordion][et_pb_accordion admin_label=\u00bbMARZO\u00bb _builder_version=\u00bb4.27.4&#8243; _module_preset=\u00bbdefault\u00bb global_colors_info=\u00bb{}\u00bb][et_pb_accordion_item title=\u00bbMARZO\u00bb open=\u00bbon\u00bb _builder_version=\u00bb4.27.4&#8243; _module_preset=\u00bbdefault\u00bb global_colors_info=\u00bb{}\u00bb]<\/p>\n<p><a class=\"pdf\" href=\"https:\/\/albal.es\/ficheros\/pdf\/SedeAntiguaDival\/Pleno\/Pleno200312C.pdf\" rel=\"attachment wp-att-57216\">Acta Sesi\u00f3n 12-03-2020<\/a><\/p>\n<p>[\/et_pb_accordion_item][\/et_pb_accordion][et_pb_accordion admin_label=\u00bbFEBRERO\u00bb _builder_version=\u00bb4.27.4&#8243; _module_preset=\u00bbdefault\u00bb global_colors_info=\u00bb{}\u00bb][et_pb_accordion_item title=\u00bbFEBRERO\u00bb open=\u00bbon\u00bb _builder_version=\u00bb4.27.4&#8243; _module_preset=\u00bbdefault\u00bb global_colors_info=\u00bb{}\u00bb]<\/p>\n<p><a class=\"pdf\" href=\"https:\/\/albal.es\/ficheros\/pdf\/SedeAntiguaDival\/Pleno\/Pleno200227C.pdf\" rel=\"attachment wp-att-57216\">Acta Sesi\u00f3n 27-02-2020<\/a><\/p>\n<p>[\/et_pb_accordion_item][\/et_pb_accordion][et_pb_accordion admin_label=\u00bbENERO\u00bb _builder_version=\u00bb4.27.4&#8243; _module_preset=\u00bbdefault\u00bb global_colors_info=\u00bb{}\u00bb][et_pb_accordion_item title=\u00bbENERO\u00bb open=\u00bbon\u00bb _builder_version=\u00bb4.27.4&#8243; _module_preset=\u00bbdefault\u00bb global_colors_info=\u00bb{}\u00bb]<\/p>\n<p><a class=\"pdf\" href=\"https:\/\/albal.es\/ficheros\/pdf\/SedeAntiguaDival\/Pleno\/Pleno200116C.pdf\" rel=\"attachment wp-att-57216\">Acta Sesi\u00f3n 16-01-2020<\/a><\/p>\n<p><a class=\"pdf\" href=\"https:\/\/albal.es\/ficheros\/pdf\/SedeAntiguaDival\/Pleno\/Pleno200130C.pdf\" rel=\"attachment wp-att-57216\">Acta Sesi\u00f3n 30-01-2020<\/a><\/p>\n<p>[\/et_pb_accordion_item][\/et_pb_accordion][\/et_pb_column][\/et_pb_row][et_pb_row admin_label=\u00bb2019&#8243; _builder_version=\u00bb4.27.4&#8243; _module_preset=\u00bbdefault\u00bb collapsed=\u00bbon\u00bb global_colors_info=\u00bb{}\u00bb][et_pb_column type=\u00bb4_4&#8243; _builder_version=\u00bb4.27.4&#8243; _module_preset=\u00bbdefault\u00bb global_colors_info=\u00bb{}\u00bb][et_pb_text admin_label=\u00bb2019&#8243; _builder_version=\u00bb4.27.4&#8243; _module_preset=\u00bbdefault\u00bb text_orientation=\u00bbcenter\u00bb global_colors_info=\u00bb{}\u00bb]<\/p>\n<h2><strong>2019<\/strong><\/h2>\n<p>[\/et_pb_text][et_pb_accordion admin_label=\u00bbDICIEMBRE\u00bb _builder_version=\u00bb4.27.4&#8243; _module_preset=\u00bbdefault\u00bb global_colors_info=\u00bb{}\u00bb][et_pb_accordion_item title=\u00bbDICIEMBRE\u00bb open=\u00bbon\u00bb _builder_version=\u00bb4.27.4&#8243; _module_preset=\u00bbdefault\u00bb global_colors_info=\u00bb{}\u00bb]<\/p>\n<p><a class=\"pdf\" href=\"https:\/\/albal.es\/ficheros\/pdf\/SedeAntiguaDival\/Pleno\/Pleno191202C.pdf\" rel=\"attachment wp-att-57216\">Acta Sesi\u00f3n 02-12-2019<\/a><\/p>\n<p><a class=\"pdf\" href=\"https:\/\/albal.es\/ficheros\/pdf\/SedeAntiguaDival\/Pleno\/Pleno191219C.pdf\" rel=\"attachment wp-att-57216\">Acta Sesi\u00f3n 19-12-2019<\/a><\/p>\n<p>[\/et_pb_accordion_item][\/et_pb_accordion][et_pb_accordion admin_label=\u00bbNOVIEMBRE\u00bb _builder_version=\u00bb4.27.4&#8243; _module_preset=\u00bbdefault\u00bb global_colors_info=\u00bb{}\u00bb][et_pb_accordion_item title=\u00bbNOVIEMBRE\u00bb open=\u00bbon\u00bb _builder_version=\u00bb4.27.4&#8243; _module_preset=\u00bbdefault\u00bb global_colors_info=\u00bb{}\u00bb]<\/p>\n<p><a class=\"pdf\" href=\"https:\/\/albal.es\/ficheros\/pdf\/SedeAntiguaDival\/Pleno\/Pleno191128C.pdf\" rel=\"attachment wp-att-57216\">Acta Sesi\u00f3n 28-11-2019<\/a><\/p>\n<p>[\/et_pb_accordion_item][\/et_pb_accordion][et_pb_accordion admin_label=\u00bbOCTUBRE\u00bb _builder_version=\u00bb4.27.4&#8243; _module_preset=\u00bbdefault\u00bb global_colors_info=\u00bb{}\u00bb][et_pb_accordion_item title=\u00bbOCTUBRE\u00bb open=\u00bbon\u00bb _builder_version=\u00bb4.27.4&#8243; _module_preset=\u00bbdefault\u00bb global_colors_info=\u00bb{}\u00bb]<\/p>\n<p><a class=\"pdf\" href=\"https:\/\/albal.es\/ficheros\/pdf\/SedeAntiguaDival\/Pleno\/Pleno191014C.pdf\" rel=\"attachment wp-att-57216\">Acta Sesi\u00f3n 14-10-2019<\/a><\/p>\n<p><a class=\"pdf\" href=\"https:\/\/albal.es\/ficheros\/pdf\/SedeAntiguaDival\/Pleno\/Pleno191015C.pdf\" rel=\"attachment wp-att-57216\">Acta Sesi\u00f3n 15-10-2019<\/a><\/p>\n<p><a class=\"pdf\" href=\"https:\/\/albal.es\/ficheros\/pdf\/SedeAntiguaDival\/Pleno\/Pleno191017C.pdf\" rel=\"attachment wp-att-57216\">Acta Sesi\u00f3n 17-10-2019<\/a><\/p>\n<p>[\/et_pb_accordion_item][\/et_pb_accordion][et_pb_accordion admin_label=\u00bbSEPTIEMBRE\u00bb _builder_version=\u00bb4.27.4&#8243; _module_preset=\u00bbdefault\u00bb global_colors_info=\u00bb{}\u00bb][et_pb_accordion_item title=\u00bbSEPTIEMBRE\u00bb open=\u00bbon\u00bb _builder_version=\u00bb4.27.4&#8243; _module_preset=\u00bbdefault\u00bb global_colors_info=\u00bb{}\u00bb]<\/p>\n<p><a class=\"pdf\" href=\"https:\/\/albal.es\/ficheros\/pdf\/SedeAntiguaDival\/Pleno\/Pleno190925C.pdf\" rel=\"attachment wp-att-57216\">Acta Sesi\u00f3n 25-09-2019<\/a><\/p>\n<p>[\/et_pb_accordion_item][\/et_pb_accordion][et_pb_accordion admin_label=\u00bbJULIO\u00bb _builder_version=\u00bb4.27.4&#8243; _module_preset=\u00bbdefault\u00bb global_colors_info=\u00bb{}\u00bb][et_pb_accordion_item title=\u00bbJULIO\u00bb open=\u00bbon\u00bb _builder_version=\u00bb4.27.4&#8243; _module_preset=\u00bbdefault\u00bb global_colors_info=\u00bb{}\u00bb]<\/p>\n<p><a class=\"pdf\" href=\"https:\/\/albal.es\/ficheros\/pdf\/SedeAntiguaDival\/Pleno\/Pleno190723C.pdf\" rel=\"attachment wp-att-57216\">Acta Sesi\u00f3n 23-07-2019<\/a><\/p>\n<p>[\/et_pb_accordion_item][\/et_pb_accordion][et_pb_accordion admin_label=\u00bbJUNIO\u00bb _builder_version=\u00bb4.27.4&#8243; _module_preset=\u00bbdefault\u00bb global_colors_info=\u00bb{}\u00bb][et_pb_accordion_item title=\u00bbJUNIO\u00bb open=\u00bbon\u00bb _builder_version=\u00bb4.27.4&#8243; _module_preset=\u00bbdefault\u00bb global_colors_info=\u00bb{}\u00bb]<\/p>\n<p><a class=\"pdf\" href=\"https:\/\/albal.es\/ficheros\/pdf\/SedeAntiguaDival\/Pleno\/Pleno190612C.pdf\" rel=\"attachment wp-att-57216\">Acta Sesi\u00f3n 12-06-2019<\/a><\/p>\n<p><a class=\"pdf\" href=\"https:\/\/albal.es\/ficheros\/pdf\/SedeAntiguaDival\/Pleno\/Pleno190626C.pdf\" rel=\"attachment wp-att-57216\">Acta Sesi\u00f3n 26-06-2019<\/a><\/p>\n<p>[\/et_pb_accordion_item][\/et_pb_accordion][et_pb_accordion admin_label=\u00bbMAYO\u00bb _builder_version=\u00bb4.27.4&#8243; _module_preset=\u00bbdefault\u00bb global_colors_info=\u00bb{}\u00bb][et_pb_accordion_item title=\u00bbMAYO\u00bb open=\u00bbon\u00bb _builder_version=\u00bb4.27.4&#8243; _module_preset=\u00bbdefault\u00bb global_colors_info=\u00bb{}\u00bb]<\/p>\n<p><a class=\"pdf\" href=\"https:\/\/albal.es\/ficheros\/pdf\/SedeAntiguaDival\/Pleno\/Pleno190507C.pdf\" rel=\"attachment wp-att-57216\">Acta Sesi\u00f3n 07-05-2019<\/a><\/p>\n<p><a class=\"pdf\" href=\"https:\/\/albal.es\/ficheros\/pdf\/SedeAntiguaDival\/Pleno\/Pleno190530C.pdf\" rel=\"attachment wp-att-57216\">Acta Sesi\u00f3n 30-05-2019<\/a><\/p>\n<p>[\/et_pb_accordion_item][\/et_pb_accordion][et_pb_accordion admin_label=\u00bbABRIL\u00bb _builder_version=\u00bb4.27.4&#8243; _module_preset=\u00bbdefault\u00bb global_colors_info=\u00bb{}\u00bb][et_pb_accordion_item title=\u00bbABRIL\u00bb open=\u00bbon\u00bb _builder_version=\u00bb4.27.4&#8243; _module_preset=\u00bbdefault\u00bb global_colors_info=\u00bb{}\u00bb]<\/p>\n<p><a class=\"pdf\" href=\"https:\/\/albal.es\/ficheros\/pdf\/SedeAntiguaDival\/Pleno\/Pleno190401C.pdf\" rel=\"attachment wp-att-57216\">Acta Sesi\u00f3n 01-04-2019<\/a><\/p>\n<p><a class=\"pdf\" href=\"https:\/\/albal.es\/ficheros\/pdf\/SedeAntiguaDival\/Pleno\/Pleno190430C.pdf\" rel=\"attachment wp-att-57216\">Acta Sesi\u00f3n 30-04-2019<\/a><\/p>\n<p>[\/et_pb_accordion_item][\/et_pb_accordion][et_pb_accordion admin_label=\u00bbMARZO\u00bb _builder_version=\u00bb4.27.4&#8243; _module_preset=\u00bbdefault\u00bb global_colors_info=\u00bb{}\u00bb][et_pb_accordion_item title=\u00bbMARZO\u00bb open=\u00bbon\u00bb _builder_version=\u00bb4.27.4&#8243; _module_preset=\u00bbdefault\u00bb global_colors_info=\u00bb{}\u00bb]<\/p>\n<p><a class=\"pdf\" href=\"https:\/\/albal.es\/ficheros\/pdf\/SedeAntiguaDival\/Pleno\/Pleno190322C.pdf\" rel=\"attachment wp-att-57216\">Acta Sesi\u00f3n 22-03-2019<\/a><\/p>\n<p><a class=\"pdf\" href=\"https:\/\/albal.es\/ficheros\/pdf\/SedeAntiguaDival\/Pleno\/Pleno190328C.pdf\" rel=\"attachment wp-att-57216\">Acta Sesi\u00f3n 28-03-2019<\/a><\/p>\n<p>[\/et_pb_accordion_item][\/et_pb_accordion][et_pb_accordion admin_label=\u00bbFEBRERO\u00bb _builder_version=\u00bb4.27.4&#8243; _module_preset=\u00bbdefault\u00bb global_colors_info=\u00bb{}\u00bb][et_pb_accordion_item title=\u00bbFEBRERO\u00bb open=\u00bbon\u00bb _builder_version=\u00bb4.27.4&#8243; _module_preset=\u00bbdefault\u00bb global_colors_info=\u00bb{}\u00bb]<\/p>\n<p><a class=\"pdf\" href=\"https:\/\/albal.es\/ficheros\/pdf\/SedeAntiguaDival\/Pleno\/Pleno190214C.pdf\" rel=\"attachment wp-att-57216\">Acta Sesi\u00f3n 14-02-2019<\/a><\/p>\n<p>[\/et_pb_accordion_item][\/et_pb_accordion][et_pb_accordion admin_label=\u00bbENERO\u00bb _builder_version=\u00bb4.27.4&#8243; _module_preset=\u00bbdefault\u00bb global_colors_info=\u00bb{}\u00bb][et_pb_accordion_item title=\u00bbENERO\u00bb open=\u00bbon\u00bb _builder_version=\u00bb4.27.4&#8243; _module_preset=\u00bbdefault\u00bb global_colors_info=\u00bb{}\u00bb]<\/p>\n<p><a class=\"pdf\" href=\"https:\/\/albal.es\/ficheros\/pdf\/SedeAntiguaDival\/Pleno\/Pleno190121C.pdf\" rel=\"attachment wp-att-57216\">Acta Sesi\u00f3n 21-01-2019<\/a><\/p>\n<p><a class=\"pdf\" href=\"https:\/\/albal.es\/ficheros\/pdf\/SedeAntiguaDival\/Pleno\/Pleno190131C.pdf\" rel=\"attachment wp-att-57216\">Acta Sesi\u00f3n 31-01-2019<\/a><\/p>\n<p>[\/et_pb_accordion_item][\/et_pb_accordion][\/et_pb_column][\/et_pb_row][et_pb_row admin_label=\u00bb2018&#8243; _builder_version=\u00bb4.27.4&#8243; _module_preset=\u00bbdefault\u00bb collapsed=\u00bbon\u00bb global_colors_info=\u00bb{}\u00bb][et_pb_column type=\u00bb4_4&#8243; _builder_version=\u00bb4.27.4&#8243; _module_preset=\u00bbdefault\u00bb global_colors_info=\u00bb{}\u00bb][et_pb_text admin_label=\u00bb2018&#8243; _builder_version=\u00bb4.27.4&#8243; _module_preset=\u00bbdefault\u00bb text_orientation=\u00bbcenter\u00bb global_colors_info=\u00bb{}\u00bb]<\/p>\n<h2><strong>2018<\/strong><\/h2>\n<p>[\/et_pb_text][et_pb_accordion admin_label=\u00bbDICIEMBRE\u00bb _builder_version=\u00bb4.27.4&#8243; _module_preset=\u00bbdefault\u00bb global_colors_info=\u00bb{}\u00bb][et_pb_accordion_item title=\u00bbDICIEMBRE\u00bb open=\u00bbon\u00bb _builder_version=\u00bb4.27.4&#8243; _module_preset=\u00bbdefault\u00bb global_colors_info=\u00bb{}\u00bb]<\/p>\n<p><a class=\"pdf\" href=\"https:\/\/albal.es\/ficheros\/pdf\/SedeAntiguaDival\/Pleno\/Pleno181220C.pdf\" rel=\"attachment wp-att-59792\">Acta sesi\u00f3n 20-12-2018<\/a><\/p>\n<p>[\/et_pb_accordion_item][\/et_pb_accordion][et_pb_accordion admin_label=\u00bbNOVIEMBRE\u00bb _builder_version=\u00bb4.27.4&#8243; _module_preset=\u00bbdefault\u00bb global_colors_info=\u00bb{}\u00bb][et_pb_accordion_item title=\u00bbNOVIEMBRE\u00bb open=\u00bbon\u00bb _builder_version=\u00bb4.27.4&#8243; _module_preset=\u00bbdefault\u00bb global_colors_info=\u00bb{}\u00bb]<\/p>\n<p><a class=\"pdf\" href=\"https:\/\/albal.es\/ficheros\/pdf\/SedeAntiguaDival\/Pleno\/Pleno181119C.pdf\" rel=\"attachment wp-att-57216\">Acta Sesi\u00f3n 19-11-2018<\/a><\/p>\n<p><a class=\"pdf\" href=\"https:\/\/albal.es\/ficheros\/pdf\/SedeAntiguaDival\/Pleno\/Pleno181129C.pdf\" rel=\"attachment wp-att-57216\">Acta Sesi\u00f3n 29-11-2018<\/a><\/p>\n<p>[\/et_pb_accordion_item][\/et_pb_accordion][et_pb_accordion admin_label=\u00bbOCTUBRE\u00bb _builder_version=\u00bb4.27.4&#8243; _module_preset=\u00bbdefault\u00bb global_colors_info=\u00bb{}\u00bb][et_pb_accordion_item title=\u00bbOCTUBRE\u00bb open=\u00bbon\u00bb _builder_version=\u00bb4.27.4&#8243; _module_preset=\u00bbdefault\u00bb global_colors_info=\u00bb{}\u00bb]<\/p>\n<p><a class=\"pdf\" href=\"https:\/\/albal.es\/ficheros\/pdf\/SedeAntiguaDival\/Pleno\/Pleno181019C.pdf\" rel=\"attachment wp-att-57216\">Acta Sesi\u00f3n 19-10-2018<\/a><\/p>\n<p><a class=\"pdf\" href=\"https:\/\/albal.es\/ficheros\/pdf\/SedeAntiguaDival\/Pleno\/Pleno181029C.pdf\" rel=\"attachment wp-att-57216\">Acta Sesi\u00f3n 29-10-2018<\/a><\/p>\n<p>[\/et_pb_accordion_item][\/et_pb_accordion][et_pb_accordion admin_label=\u00bbSEPTIEMBRE\u00bb _builder_version=\u00bb4.27.4&#8243; _module_preset=\u00bbdefault\u00bb global_colors_info=\u00bb{}\u00bb][et_pb_accordion_item title=\u00bbSEPTIEMBRE\u00bb open=\u00bbon\u00bb _builder_version=\u00bb4.27.4&#8243; _module_preset=\u00bbdefault\u00bb global_colors_info=\u00bb{}\u00bb]<\/p>\n<p><a class=\"pdf\" href=\"https:\/\/albal.es\/ficheros\/pdf\/SedeAntiguaDival\/Pleno\/Pleno180920C.pdf\" rel=\"attachment wp-att-57216\">Acta Sesi\u00f3n 20-09-2018<\/a><\/p>\n<p><a class=\"pdf\" href=\"https:\/\/albal.es\/ficheros\/pdf\/SedeAntiguaDival\/Pleno\/Pleno180927C.pdf\" rel=\"attachment wp-att-57216\">Acta Sesi\u00f3n 27-09-2018<\/a><\/p>\n<p>[\/et_pb_accordion_item][\/et_pb_accordion][et_pb_accordion admin_label=\u00bbJULIO\u00bb _builder_version=\u00bb4.27.4&#8243; _module_preset=\u00bbdefault\u00bb global_colors_info=\u00bb{}\u00bb][et_pb_accordion_item title=\u00bbJULIO\u00bb open=\u00bbon\u00bb _builder_version=\u00bb4.27.4&#8243; _module_preset=\u00bbdefault\u00bb global_colors_info=\u00bb{}\u00bb]<\/p>\n<p><a class=\"pdf\" href=\"https:\/\/albal.es\/ficheros\/pdf\/SedeAntiguaDival\/Pleno\/Pleno180719C.pdf\" rel=\"attachment wp-att-57216\">Acta Sesi\u00f3n 19-07-2018<\/a><\/p>\n<p>[\/et_pb_accordion_item][\/et_pb_accordion][et_pb_accordion admin_label=\u00bbJUNIO\u00bb _builder_version=\u00bb4.27.4&#8243; _module_preset=\u00bbdefault\u00bb global_colors_info=\u00bb{}\u00bb][et_pb_accordion_item title=\u00bbJUNIO\u00bb open=\u00bbon\u00bb _builder_version=\u00bb4.27.4&#8243; _module_preset=\u00bbdefault\u00bb global_colors_info=\u00bb{}\u00bb]<\/p>\n<p><a class=\"pdf\" href=\"https:\/\/albal.es\/ficheros\/pdf\/SedeAntiguaDival\/Pleno\/Pleno180608C.pdf\" rel=\"attachment wp-att-59784\">Acta sesi\u00f3n 08-06-2018<\/a><\/p>\n<p>[\/et_pb_accordion_item][\/et_pb_accordion][et_pb_accordion admin_label=\u00bbMAYO\u00bb _builder_version=\u00bb4.27.4&#8243; _module_preset=\u00bbdefault\u00bb global_colors_info=\u00bb{}\u00bb][et_pb_accordion_item title=\u00bbMAYO\u00bb open=\u00bbon\u00bb _builder_version=\u00bb4.27.4&#8243; _module_preset=\u00bbdefault\u00bb global_colors_info=\u00bb{}\u00bb]<\/p>\n<p><a class=\"pdf\" href=\"https:\/\/albal.es\/ficheros\/pdf\/SedeAntiguaDival\/Pleno\/Pleno180516C.pdf\">Acta Sesi\u00f3n 16-05-2018<\/a><\/p>\n<p><a class=\"pdf\" href=\"https:\/\/albal.es\/ficheros\/pdf\/SedeAntiguaDival\/Pleno\/Pleno180531C.pdf\">Acta Sesi\u00f3n 31-05-2018<\/a><\/p>\n<p>[\/et_pb_accordion_item][\/et_pb_accordion][et_pb_accordion admin_label=\u00bbABRIL\u00bb _builder_version=\u00bb4.27.4&#8243; _module_preset=\u00bbdefault\u00bb global_colors_info=\u00bb{}\u00bb][et_pb_accordion_item title=\u00bbABRIL\u00bb open=\u00bbon\u00bb _builder_version=\u00bb4.27.4&#8243; _module_preset=\u00bbdefault\u00bb global_colors_info=\u00bb{}\u00bb]<\/p>\n<p><a class=\"pdf\" href=\"https:\/\/albal.es\/ficheros\/pdf\/SedeAntiguaDival\/Pleno\/Pleno180405C.pdf\" rel=\"attachment wp-att-59774\">Acta sesi\u00f3n 05-04-2018<\/a><\/p>\n<p>[\/et_pb_accordion_item][\/et_pb_accordion][et_pb_accordion admin_label=\u00bbMARZO\u00bb _builder_version=\u00bb4.27.4&#8243; _module_preset=\u00bbdefault\u00bb global_colors_info=\u00bb{}\u00bb][et_pb_accordion_item title=\u00bbMARZO\u00bb open=\u00bbon\u00bb _builder_version=\u00bb4.27.4&#8243; _module_preset=\u00bbdefault\u00bb global_colors_info=\u00bb{}\u00bb]<\/p>\n<p><a class=\"pdf\" href=\"https:\/\/albal.es\/ficheros\/pdf\/SedeAntiguaDival\/Pleno\/Pleno180307C.pdf\" rel=\"attachment wp-att-57216\">Acta Sesi\u00f3n 07-03-2018<\/a><\/p>\n<p><a class=\"pdf\" href=\"https:\/\/albal.es\/ficheros\/pdf\/SedeAntiguaDival\/Pleno\/Pleno180315C.pdf\">Acta Sesi\u00f3n 15-03-2018<\/a><\/p>\n<p>[\/et_pb_accordion_item][\/et_pb_accordion][et_pb_accordion admin_label=\u00bbFEBRERO\u00bb _builder_version=\u00bb4.27.4&#8243; _module_preset=\u00bbdefault\u00bb global_colors_info=\u00bb{}\u00bb][et_pb_accordion_item title=\u00bbFEBRERO\u00bb open=\u00bbon\u00bb _builder_version=\u00bb4.27.4&#8243; _module_preset=\u00bbdefault\u00bb global_colors_info=\u00bb{}\u00bb]<\/p>\n<p><a class=\"pdf\" href=\"https:\/\/albal.es\/ficheros\/pdf\/SedeAntiguaDival\/Pleno\/Pleno180219C.pdf\" rel=\"attachment wp-att-59768\">Acta sesi\u00f3n 19-02-2018<\/a><\/p>\n<p><a class=\"pdf\" href=\"https:\/\/albal.es\/ficheros\/pdf\/SedeAntiguaDival\/Pleno\/Pleno180226C.pdf\">Acta Sesi\u00f3n 26-02-2018<\/a><\/p>\n<p>[\/et_pb_accordion_item][\/et_pb_accordion][et_pb_accordion admin_label=\u00bbENERO\u00bb _builder_version=\u00bb4.27.4&#8243; _module_preset=\u00bbdefault\u00bb global_colors_info=\u00bb{}\u00bb][et_pb_accordion_item title=\u00bbENERO\u00bb open=\u00bbon\u00bb _builder_version=\u00bb4.27.4&#8243; _module_preset=\u00bbdefault\u00bb global_colors_info=\u00bb{}\u00bb]<\/p>\n<p><a class=\"pdf\" href=\"https:\/\/albal.es\/ficheros\/pdf\/SedeAntiguaDival\/Pleno\/Pleno180123C.pdf\" rel=\"attachment wp-att-57216\">Acta Sesi\u00f3n 23-01-2018<\/a><\/p>\n<p><a class=\"pdf\" href=\"https:\/\/albal.es\/ficheros\/pdf\/SedeAntiguaDival\/Pleno\/Pleno180125C.pdf\" rel=\"attachment wp-att-57216\">Acta Sesi\u00f3n 25-01-2018<\/a><\/p>\n<p>[\/et_pb_accordion_item][\/et_pb_accordion][\/et_pb_column][\/et_pb_row][et_pb_row admin_label=\u00bb2017&#8243; _builder_version=\u00bb4.27.4&#8243; _module_preset=\u00bbdefault\u00bb collapsed=\u00bbon\u00bb global_colors_info=\u00bb{}\u00bb][et_pb_column type=\u00bb4_4&#8243; _builder_version=\u00bb4.27.4&#8243; _module_preset=\u00bbdefault\u00bb global_colors_info=\u00bb{}\u00bb][et_pb_text admin_label=\u00bb2017&#8243; _builder_version=\u00bb4.27.4&#8243; _module_preset=\u00bbdefault\u00bb text_orientation=\u00bbcenter\u00bb global_colors_info=\u00bb{}\u00bb]<\/p>\n<h2><strong>2017<\/strong><\/h2>\n<p>[\/et_pb_text][et_pb_accordion admin_label=\u00bbNOVIEMBRE\u00bb _builder_version=\u00bb4.27.4&#8243; _module_preset=\u00bbdefault\u00bb global_colors_info=\u00bb{}\u00bb][et_pb_accordion_item title=\u00bbNOVIEMBRE\u00bb open=\u00bbon\u00bb _builder_version=\u00bb4.27.4&#8243; _module_preset=\u00bbdefault\u00bb global_colors_info=\u00bb{}\u00bb]<\/p>\n<p><a class=\"pdf\" href=\"https:\/\/albal.es\/ficheros\/pdf\/SedeAntiguaDival\/Pleno\/Pleno171114C.pdf\" rel=\"attachment wp-att-57216\">Acta Sesi\u00f3n 14-11-2017<\/a><\/p>\n<p><a class=\"pdf\" href=\"https:\/\/albal.es\/ficheros\/pdf\/SedeAntiguaDival\/Pleno\/Pleno171130C.pdf\" rel=\"attachment wp-att-57216\">Acta Sesi\u00f3n 30-11-2017<\/a><\/p>\n<p>[\/et_pb_accordion_item][\/et_pb_accordion][et_pb_accordion admin_label=\u00bbOCTUBRE\u00bb _builder_version=\u00bb4.27.4&#8243; _module_preset=\u00bbdefault\u00bb global_colors_info=\u00bb{}\u00bb][et_pb_accordion_item title=\u00bbOCTUBRE\u00bb open=\u00bbon\u00bb _builder_version=\u00bb4.27.4&#8243; _module_preset=\u00bbdefault\u00bb global_colors_info=\u00bb{}\u00bb]<\/p>\n<p><a class=\"pdf\" href=\"https:\/\/albal.es\/ficheros\/pdf\/SedeAntiguaDival\/Pleno\/Pleno171010C.pdf\" rel=\"attachment wp-att-57216\">Acta Sesi\u00f3n 10-10-2017<\/a><\/p>\n<p>[\/et_pb_accordion_item][\/et_pb_accordion][et_pb_accordion admin_label=\u00bbSEPTIEMBRE\u00bb _builder_version=\u00bb4.27.4&#8243; _module_preset=\u00bbdefault\u00bb global_colors_info=\u00bb{}\u00bb][et_pb_accordion_item title=\u00bbSEPTIEMBRE\u00bb open=\u00bbon\u00bb _builder_version=\u00bb4.27.4&#8243; _module_preset=\u00bbdefault\u00bb global_colors_info=\u00bb{}\u00bb]<\/p>\n<p><a class=\"pdf\" href=\"https:\/\/albal.es\/ficheros\/pdf\/SedeAntiguaDival\/Pleno\/Pleno170914C.pdf\" rel=\"attachment wp-att-57216\">Acta Sesi\u00f3n 14-09-2017<\/a><\/p>\n<p><a class=\"pdf\" href=\"https:\/\/albal.es\/ficheros\/pdf\/SedeAntiguaDival\/Pleno\/Pleno170928C.pdf\" rel=\"attachment wp-att-57216\">Acta Sesi\u00f3n 28-09-2017<\/a><\/p>\n<p>[\/et_pb_accordion_item][\/et_pb_accordion][et_pb_accordion admin_label=\u00bbJULIO\u00bb _builder_version=\u00bb4.27.4&#8243; _module_preset=\u00bbdefault\u00bb global_colors_info=\u00bb{}\u00bb][et_pb_accordion_item title=\u00bbJULIO\u00bb open=\u00bbon\u00bb _builder_version=\u00bb4.27.4&#8243; _module_preset=\u00bbdefault\u00bb global_colors_info=\u00bb{}\u00bb]<\/p>\n<p><a class=\"pdf\" href=\"https:\/\/albal.es\/ficheros\/pdf\/SedeAntiguaDival\/Pleno\/Pleno170725C.pdf\" rel=\"attachment wp-att-57216\">Acta Sesi\u00f3n 25-07-2017<\/a><\/p>\n<p>[\/et_pb_accordion_item][\/et_pb_accordion][et_pb_accordion admin_label=\u00bbJUNIO\u00bb _builder_version=\u00bb4.27.4&#8243; _module_preset=\u00bbdefault\u00bb global_colors_info=\u00bb{}\u00bb][et_pb_accordion_item title=\u00bbJUNIO\u00bb open=\u00bbon\u00bb _builder_version=\u00bb4.27.4&#8243; _module_preset=\u00bbdefault\u00bb global_colors_info=\u00bb{}\u00bb]<\/p>\n<p><a class=\"pdf\" href=\"https:\/\/albal.es\/ficheros\/pdf\/SedeAntiguaDival\/Pleno\/Pleno170622C.pdf\" rel=\"attachment wp-att-57216\">Acta Sesi\u00f3n 22-06-2017<\/a><\/p>\n<p>[\/et_pb_accordion_item][\/et_pb_accordion][et_pb_accordion admin_label=\u00bbMAYO\u00bb _builder_version=\u00bb4.27.4&#8243; _module_preset=\u00bbdefault\u00bb global_colors_info=\u00bb{}\u00bb][et_pb_accordion_item title=\u00bbMAYO\u00bb open=\u00bbon\u00bb _builder_version=\u00bb4.27.4&#8243; _module_preset=\u00bbdefault\u00bb global_colors_info=\u00bb{}\u00bb]<\/p>\n<p><a class=\"pdf\" href=\"https:\/\/albal.es\/ficheros\/pdf\/SedeAntiguaDival\/Pleno\/Pleno170525C.pdf\" rel=\"attachment wp-att-57216\">Acta Sesi\u00f3n 25-05-2017<\/a><\/p>\n<p>[\/et_pb_accordion_item][\/et_pb_accordion][et_pb_accordion admin_label=\u00bbABRIL\u00bb _builder_version=\u00bb4.27.4&#8243; _module_preset=\u00bbdefault\u00bb global_colors_info=\u00bb{}\u00bb][et_pb_accordion_item title=\u00bbABRIL\u00bb open=\u00bbon\u00bb _builder_version=\u00bb4.27.4&#8243; _module_preset=\u00bbdefault\u00bb global_colors_info=\u00bb{}\u00bb]<\/p>\n<p><a class=\"pdf\" href=\"https:\/\/albal.es\/ficheros\/pdf\/SedeAntiguaDival\/Pleno\/Pleno170427C.pdf\" rel=\"attachment wp-att-57216\">Acta Sesi\u00f3n 27-04-2017<\/a><\/p>\n<p>[\/et_pb_accordion_item][\/et_pb_accordion][et_pb_accordion admin_label=\u00bbMARZO\u00bb _builder_version=\u00bb4.27.4&#8243; _module_preset=\u00bbdefault\u00bb global_colors_info=\u00bb{}\u00bb][et_pb_accordion_item title=\u00bbMARZO\u00bb open=\u00bbon\u00bb _builder_version=\u00bb4.27.4&#8243; _module_preset=\u00bbdefault\u00bb global_colors_info=\u00bb{}\u00bb]<\/p>\n<p><a class=\"pdf\" href=\"https:\/\/albal.es\/ficheros\/pdf\/SedeAntiguaDival\/Pleno\/Pleno170330C.pdf\" rel=\"attachment wp-att-57216\">Acta Sesi\u00f3n 30-03-2017<\/a><\/p>\n<p>[\/et_pb_accordion_item][\/et_pb_accordion][et_pb_accordion admin_label=\u00bbFEBRERO\u00bb _builder_version=\u00bb4.27.4&#8243; _module_preset=\u00bbdefault\u00bb global_colors_info=\u00bb{}\u00bb][et_pb_accordion_item title=\u00bbFEBRERO\u00bb open=\u00bbon\u00bb _builder_version=\u00bb4.27.4&#8243; _module_preset=\u00bbdefault\u00bb global_colors_info=\u00bb{}\u00bb]<\/p>\n<p><a class=\"pdf\" href=\"https:\/\/albal.es\/ficheros\/pdf\/SedeAntiguaDival\/Pleno\/Pleno170223C.pdf\" rel=\"attachment wp-att-57216\">Acta Sesi\u00f3n 23-02-2017<\/a><\/p>\n<p>[\/et_pb_accordion_item][\/et_pb_accordion][et_pb_accordion admin_label=\u00bbENERO\u00bb _builder_version=\u00bb4.27.4&#8243; _module_preset=\u00bbdefault\u00bb global_colors_info=\u00bb{}\u00bb][et_pb_accordion_item title=\u00bbENERO\u00bb open=\u00bbon\u00bb _builder_version=\u00bb4.27.4&#8243; _module_preset=\u00bbdefault\u00bb global_colors_info=\u00bb{}\u00bb]<\/p>\n<p><a class=\"pdf\" href=\"https:\/\/albal.es\/ficheros\/pdf\/SedeAntiguaDival\/Pleno\/Pleno170103C.pdf\" rel=\"attachment wp-att-57216\">Acta Sesi\u00f3n 03-01-2017<\/a><\/p>\n<p><a class=\"pdf\" href=\"https:\/\/albal.es\/ficheros\/pdf\/SedeAntiguaDival\/Pleno\/Pleno170126C.pdf\" rel=\"attachment wp-att-57216\">Acta Sesi\u00f3n 26-01-2017<\/a><\/p>\n<p>[\/et_pb_accordion_item][\/et_pb_accordion][\/et_pb_column][\/et_pb_row][et_pb_row admin_label=\u00bb2016&#8243; _builder_version=\u00bb4.27.4&#8243; _module_preset=\u00bbdefault\u00bb collapsed=\u00bbon\u00bb global_colors_info=\u00bb{}\u00bb][et_pb_column type=\u00bb4_4&#8243; _builder_version=\u00bb4.27.4&#8243; _module_preset=\u00bbdefault\u00bb global_colors_info=\u00bb{}\u00bb][et_pb_text admin_label=\u00bb2016&#8243; _builder_version=\u00bb4.27.4&#8243; _module_preset=\u00bbdefault\u00bb text_orientation=\u00bbcenter\u00bb global_colors_info=\u00bb{}\u00bb]<\/p>\n<h2><strong>2016<\/strong><\/h2>\n<p>[\/et_pb_text][et_pb_accordion admin_label=\u00bbNOVIEMBRE\u00bb _builder_version=\u00bb4.27.4&#8243; _module_preset=\u00bbdefault\u00bb global_colors_info=\u00bb{}\u00bb][et_pb_accordion_item title=\u00bbNOVIEMBRE\u00bb open=\u00bbon\u00bb _builder_version=\u00bb4.27.4&#8243; _module_preset=\u00bbdefault\u00bb global_colors_info=\u00bb{}\u00bb]<\/p>\n<p><a class=\"pdf\" href=\"https:\/\/albal.es\/ficheros\/pdf\/SedeAntiguaDival\/Pleno\/Pleno161124C.pdf\" rel=\"attachment wp-att-57216\">Acta Sesi\u00f3n 24-11-2016<\/a><\/p>\n<p><a class=\"pdf\" href=\"https:\/\/albal.es\/ficheros\/pdf\/SedeAntiguaDival\/Pleno\/Pleno161130C.pdf\" rel=\"attachment wp-att-57216\">Acta Sesi\u00f3n 30-11-2016<\/a><\/p>\n<p>[\/et_pb_accordion_item][\/et_pb_accordion][et_pb_accordion admin_label=\u00bbOCTUBRE\u00bb _builder_version=\u00bb4.27.4&#8243; _module_preset=\u00bbdefault\u00bb global_colors_info=\u00bb{}\u00bb][et_pb_accordion_item title=\u00bbOCTUBRE\u00bb open=\u00bbon\u00bb _builder_version=\u00bb4.27.4&#8243; _module_preset=\u00bbdefault\u00bb global_colors_info=\u00bb{}\u00bb]<\/p>\n<p><a class=\"pdf\" href=\"https:\/\/albal.es\/ficheros\/pdf\/SedeAntiguaDival\/Pleno\/Pleno161013C.pdf\" rel=\"attachment wp-att-57216\">Acta Sesi\u00f3n 13-10-2016<\/a><\/p>\n<p>[\/et_pb_accordion_item][\/et_pb_accordion][et_pb_accordion admin_label=\u00bbSEPTIEMBRE\u00bb _builder_version=\u00bb4.27.4&#8243; _module_preset=\u00bbdefault\u00bb global_colors_info=\u00bb{}\u00bb][et_pb_accordion_item title=\u00bbSEPTIEMBRE\u00bb open=\u00bbon\u00bb _builder_version=\u00bb4.27.4&#8243; _module_preset=\u00bbdefault\u00bb global_colors_info=\u00bb{}\u00bb]<\/p>\n<p><a class=\"pdf\" href=\"https:\/\/albal.es\/ficheros\/pdf\/SedeAntiguaDival\/Pleno\/Pleno160929C.pdf\" rel=\"attachment wp-att-57216\">Acta Sesi\u00f3n 29-09-2016<\/a><\/p>\n<p>[\/et_pb_accordion_item][\/et_pb_accordion][et_pb_accordion admin_label=\u00bbJULIO\u00bb _builder_version=\u00bb4.27.4&#8243; _module_preset=\u00bbdefault\u00bb global_colors_info=\u00bb{}\u00bb][et_pb_accordion_item title=\u00bbJULIO\u00bb open=\u00bbon\u00bb _builder_version=\u00bb4.27.4&#8243; _module_preset=\u00bbdefault\u00bb global_colors_info=\u00bb{}\u00bb]<\/p>\n<p><a class=\"pdf\" href=\"https:\/\/albal.es\/ficheros\/pdf\/SedeAntiguaDival\/Pleno\/Pleno160729C.pdf\" rel=\"attachment wp-att-57216\">Acta Sesi\u00f3n 29-07-2016<\/a><\/p>\n<p>[\/et_pb_accordion_item][\/et_pb_accordion][et_pb_accordion admin_label=\u00bbJUNIO\u00bb _builder_version=\u00bb4.27.4&#8243; _module_preset=\u00bbdefault\u00bb global_colors_info=\u00bb{}\u00bb][et_pb_accordion_item title=\u00bbJUNIO\u00bb open=\u00bbon\u00bb _builder_version=\u00bb4.27.4&#8243; _module_preset=\u00bbdefault\u00bb global_colors_info=\u00bb{}\u00bb]<\/p>\n<p><a class=\"pdf\" href=\"https:\/\/albal.es\/ficheros\/pdf\/SedeAntiguaDival\/Pleno\/Pleno160630C.pdf\" rel=\"attachment wp-att-57216\">Acta Sesi\u00f3n 30-06-2016<\/a><\/p>\n<p>[\/et_pb_accordion_item][\/et_pb_accordion][et_pb_accordion admin_label=\u00bbMAYO\u00bb _builder_version=\u00bb4.27.4&#8243; _module_preset=\u00bbdefault\u00bb global_colors_info=\u00bb{}\u00bb][et_pb_accordion_item title=\u00bbMAYO\u00bb open=\u00bbon\u00bb _builder_version=\u00bb4.27.4&#8243; _module_preset=\u00bbdefault\u00bb global_colors_info=\u00bb{}\u00bb]<\/p>\n<p><a class=\"pdf\" href=\"https:\/\/albal.es\/ficheros\/pdf\/SedeAntiguaDival\/Pleno\/Pleno160526C.pdf\" rel=\"attachment wp-att-57216\">Acta Sesi\u00f3n 26-05-2016<\/a><\/p>\n<p><a class=\"pdf\" href=\"https:\/\/albal.es\/ficheros\/pdf\/SedeAntiguaDival\/Pleno\/Pleno160531C.pdf\" rel=\"attachment wp-att-57216\">Acta Sesi\u00f3n 31-05-2016<\/a><\/p>\n<p>[\/et_pb_accordion_item][\/et_pb_accordion][et_pb_accordion admin_label=\u00bbABRIL\u00bb _builder_version=\u00bb4.27.4&#8243; _module_preset=\u00bbdefault\u00bb global_colors_info=\u00bb{}\u00bb][et_pb_accordion_item title=\u00bbABRIL\u00bb open=\u00bbon\u00bb _builder_version=\u00bb4.27.4&#8243; _module_preset=\u00bbdefault\u00bb global_colors_info=\u00bb{}\u00bb]<\/p>\n<p><a class=\"pdf\" href=\"https:\/\/albal.es\/ficheros\/pdf\/SedeAntiguaDival\/Pleno\/Pleno160421C.pdf\" rel=\"attachment wp-att-57216\">Acta Sesi\u00f3n 21-04-2016<\/a><\/p>\n<p>[\/et_pb_accordion_item][\/et_pb_accordion][et_pb_accordion admin_label=\u00bbMARZO\u00bb _builder_version=\u00bb4.27.4&#8243; _module_preset=\u00bbdefault\u00bb global_colors_info=\u00bb{}\u00bb][et_pb_accordion_item title=\u00bbMARZO\u00bb open=\u00bbon\u00bb _builder_version=\u00bb4.27.4&#8243; _module_preset=\u00bbdefault\u00bb global_colors_info=\u00bb{}\u00bb]<\/p>\n<p><a class=\"pdf\" href=\"https:\/\/albal.es\/ficheros\/pdf\/SedeAntiguaDival\/Pleno\/Pleno160331C.pdf\" rel=\"attachment wp-att-57216\">Acta Sesi\u00f3n 31-03-2016<\/a><\/p>\n<p>[\/et_pb_accordion_item][\/et_pb_accordion][et_pb_accordion admin_label=\u00bbFEBRERO\u00bb _builder_version=\u00bb4.27.4&#8243; _module_preset=\u00bbdefault\u00bb global_colors_info=\u00bb{}\u00bb][et_pb_accordion_item title=\u00bbFEBRERO\u00bb open=\u00bbon\u00bb _builder_version=\u00bb4.27.4&#8243; _module_preset=\u00bbdefault\u00bb global_colors_info=\u00bb{}\u00bb]<\/p>\n<p><a class=\"pdf\" href=\"https:\/\/albal.es\/ficheros\/pdf\/SedeAntiguaDival\/Pleno\/Pleno160218C.pdf\" rel=\"attachment wp-att-57216\">Acta Sesi\u00f3n 18-02-2016<\/a><\/p>\n<p>[\/et_pb_accordion_item][\/et_pb_accordion][et_pb_accordion admin_label=\u00bbENERO\u00bb _builder_version=\u00bb4.27.4&#8243; _module_preset=\u00bbdefault\u00bb global_colors_info=\u00bb{}\u00bb][et_pb_accordion_item title=\u00bbENERO\u00bb open=\u00bbon\u00bb _builder_version=\u00bb4.27.4&#8243; _module_preset=\u00bbdefault\u00bb global_colors_info=\u00bb{}\u00bb]<\/p>\n<p><a class=\"pdf\" href=\"https:\/\/albal.es\/ficheros\/pdf\/SedeAntiguaDival\/Pleno\/Pleno160128C.pdf\" rel=\"attachment wp-att-57216\">Acta Sesi\u00f3n 28-01-2016<\/a><\/p>\n<p>[\/et_pb_accordion_item][\/et_pb_accordion][\/et_pb_column][\/et_pb_row][et_pb_row admin_label=\u00bb2015&#8243; _builder_version=\u00bb4.27.4&#8243; _module_preset=\u00bbdefault\u00bb collapsed=\u00bbon\u00bb global_colors_info=\u00bb{}\u00bb][et_pb_column type=\u00bb4_4&#8243; _builder_version=\u00bb4.27.4&#8243; _module_preset=\u00bbdefault\u00bb global_colors_info=\u00bb{}\u00bb][et_pb_text admin_label=\u00bb2015&#8243; _builder_version=\u00bb4.27.4&#8243; _module_preset=\u00bbdefault\u00bb text_orientation=\u00bbcenter\u00bb global_colors_info=\u00bb{}\u00bb]<\/p>\n<h2><strong>2015<\/strong><\/h2>\n<p>[\/et_pb_text][et_pb_accordion admin_label=\u00bbDICIEMBRE\u00bb _builder_version=\u00bb4.27.4&#8243; _module_preset=\u00bbdefault\u00bb global_colors_info=\u00bb{}\u00bb][et_pb_accordion_item title=\u00bbDICIEMBRE\u00bb open=\u00bbon\u00bb _builder_version=\u00bb4.27.4&#8243; _module_preset=\u00bbdefault\u00bb global_colors_info=\u00bb{}\u00bb]<\/p>\n<p><a class=\"pdf\" href=\"https:\/\/albal.es\/ficheros\/pdf\/SedeAntiguaDival\/Pleno\/Pleno151228C.pdf\" rel=\"attachment wp-att-57216\">Acta Sesi\u00f3n 28-12-2015<\/a><\/p>\n<p>[\/et_pb_accordion_item][\/et_pb_accordion][et_pb_accordion admin_label=\u00bbNOVIEMBRE\u00bb _builder_version=\u00bb4.27.4&#8243; _module_preset=\u00bbdefault\u00bb global_colors_info=\u00bb{}\u00bb][et_pb_accordion_item title=\u00bbNOVIEMBRE\u00bb open=\u00bbon\u00bb _builder_version=\u00bb4.27.4&#8243; _module_preset=\u00bbdefault\u00bb global_colors_info=\u00bb{}\u00bb]<\/p>\n<p><a class=\"pdf\" href=\"https:\/\/albal.es\/ficheros\/pdf\/SedeAntiguaDival\/Pleno\/Pleno151126C.pdf\" rel=\"attachment wp-att-57216\">Acta Sesi\u00f3n 26-11-2015<\/a><\/p>\n<p>[\/et_pb_accordion_item][\/et_pb_accordion][et_pb_accordion admin_label=\u00bbSEPTIEMBRE\u00bb _builder_version=\u00bb4.27.4&#8243; _module_preset=\u00bbdefault\u00bb global_colors_info=\u00bb{}\u00bb][et_pb_accordion_item title=\u00bbSEPTIEMBRE\u00bb open=\u00bbon\u00bb _builder_version=\u00bb4.27.4&#8243; _module_preset=\u00bbdefault\u00bb global_colors_info=\u00bb{}\u00bb]<\/p>\n<p><a class=\"pdf\" href=\"https:\/\/albal.es\/ficheros\/pdf\/SedeAntiguaDival\/Pleno\/Pleno150924C.pdf\" rel=\"attachment wp-att-57216\">Acta Sesi\u00f3n 24-09-2015<\/a><\/p>\n<p>[\/et_pb_accordion_item][\/et_pb_accordion][et_pb_accordion admin_label=\u00bbJUNIO\u00bb _builder_version=\u00bb4.27.4&#8243; _module_preset=\u00bbdefault\u00bb global_colors_info=\u00bb{}\u00bb][et_pb_accordion_item title=\u00bbJUNIO\u00bb open=\u00bbon\u00bb _builder_version=\u00bb4.27.4&#8243; _module_preset=\u00bbdefault\u00bb global_colors_info=\u00bb{}\u00bb]<\/p>\n<p><a class=\"pdf\" href=\"https:\/\/albal.es\/ficheros\/pdf\/SedeAntiguaDival\/Pleno\/Pleno150610C.pdf\" rel=\"attachment wp-att-57216\">Acta Sesi\u00f3n 10-06-2015<\/a><\/p>\n<p><a class=\"pdf\" href=\"https:\/\/albal.es\/ficheros\/pdf\/SedeAntiguaDival\/Pleno\/Pleno150613C.pdf\" rel=\"attachment wp-att-57216\">Acta Sesi\u00f3n 13-06-2015<\/a><\/p>\n<p><a class=\"pdf\" href=\"https:\/\/albal.es\/ficheros\/pdf\/SedeAntiguaDival\/Pleno\/Pleno230615C.pdf\" rel=\"attachment wp-att-57216\">Acta Sesi\u00f3n 23-06-2015<\/a><\/p>\n<p>[\/et_pb_accordion_item][\/et_pb_accordion][et_pb_accordion admin_label=\u00bbMARZO\u00bb _builder_version=\u00bb4.27.4&#8243; _module_preset=\u00bbdefault\u00bb global_colors_info=\u00bb{}\u00bb][et_pb_accordion_item title=\u00bbMARZO\u00bb open=\u00bbon\u00bb _builder_version=\u00bb4.27.4&#8243; _module_preset=\u00bbdefault\u00bb global_colors_info=\u00bb{}\u00bb]<\/p>\n<p><a class=\"pdf\" href=\"https:\/\/albal.es\/ficheros\/pdf\/SedeAntiguaDival\/Pleno\/Pleno150311C.pdf\" rel=\"attachment wp-att-57216\">Acta Sesi\u00f3n 11-03-2015<\/a><\/p>\n<p>[\/et_pb_accordion_item][\/et_pb_accordion][et_pb_accordion admin_label=\u00bbENERO\u00bb _builder_version=\u00bb4.27.4&#8243; _module_preset=\u00bbdefault\u00bb global_colors_info=\u00bb{}\u00bb][et_pb_accordion_item title=\u00bbENERO\u00bb open=\u00bbon\u00bb _builder_version=\u00bb4.27.4&#8243; _module_preset=\u00bbdefault\u00bb global_colors_info=\u00bb{}\u00bb]<\/p>\n<p><a class=\"pdf\" href=\"https:\/\/albal.es\/ficheros\/pdf\/SedeAntiguaDival\/Pleno\/Pleno150129C.pdf\" rel=\"attachment wp-att-57216\">Acta Sesi\u00f3n 29-01-2015<\/a><\/p>\n<p>[\/et_pb_accordion_item][\/et_pb_accordion][\/et_pb_column][\/et_pb_row][et_pb_row admin_label=\u00bb2014&#8243; _builder_version=\u00bb4.27.4&#8243; _module_preset=\u00bbdefault\u00bb collapsed=\u00bbon\u00bb global_colors_info=\u00bb{}\u00bb][et_pb_column type=\u00bb4_4&#8243; _builder_version=\u00bb4.27.4&#8243; _module_preset=\u00bbdefault\u00bb global_colors_info=\u00bb{}\u00bb][et_pb_text admin_label=\u00bb2014&#8243; _builder_version=\u00bb4.27.4&#8243; _module_preset=\u00bbdefault\u00bb text_orientation=\u00bbcenter\u00bb global_colors_info=\u00bb{}\u00bb]<\/p>\n<h2><strong>2014<\/strong><\/h2>\n<p>[\/et_pb_text][et_pb_accordion admin_label=\u00bbNOVIEMBRE\u00bb _builder_version=\u00bb4.27.4&#8243; _module_preset=\u00bbdefault\u00bb global_colors_info=\u00bb{}\u00bb][et_pb_accordion_item title=\u00bbNOVIEMBRE\u00bb open=\u00bbon\u00bb _builder_version=\u00bb4.27.4&#8243; _module_preset=\u00bbdefault\u00bb global_colors_info=\u00bb{}\u00bb]<\/p>\n<p><a class=\"pdf\" href=\"https:\/\/albal.es\/ficheros\/pdf\/SedeAntiguaDival\/Pleno\/Pleno141127C.pdf\">Acta Sesi\u00f3n 27-11-2014<\/a><\/p>\n<p>[\/et_pb_accordion_item][\/et_pb_accordion][et_pb_accordion admin_label=\u00bbOCTUBRE\u00bb _builder_version=\u00bb4.27.4&#8243; _module_preset=\u00bbdefault\u00bb global_colors_info=\u00bb{}\u00bb][et_pb_accordion_item title=\u00bbOCTUBRE\u00bb open=\u00bbon\u00bb _builder_version=\u00bb4.27.4&#8243; _module_preset=\u00bbdefault\u00bb global_colors_info=\u00bb{}\u00bb]<\/p>\n<p><a class=\"pdf\" href=\"https:\/\/albal.es\/ficheros\/pdf\/SedeAntiguaDival\/Pleno\/Pleno141023C.pdf\">Acta Sesi\u00f3n 23-10-2014<\/a><\/p>\n<p>[\/et_pb_accordion_item][\/et_pb_accordion][et_pb_accordion admin_label=\u00bbSEPTIEMBRE\u00bb _builder_version=\u00bb4.27.4&#8243; _module_preset=\u00bbdefault\u00bb global_colors_info=\u00bb{}\u00bb][et_pb_accordion_item title=\u00bbSEPTIEMBRE\u00bb open=\u00bbon\u00bb _builder_version=\u00bb4.27.4&#8243; _module_preset=\u00bbdefault\u00bb global_colors_info=\u00bb{}\u00bb]<\/p>\n<p><a class=\"pdf\" href=\"https:\/\/albal.es\/ficheros\/pdf\/SedeAntiguaDival\/Pleno\/Pleno250914C.pdf\">Acta Sesi\u00f3n 25-09-2014<\/a><\/p>\n<p>[\/et_pb_accordion_item][\/et_pb_accordion][et_pb_accordion admin_label=\u00bbJULIO\u00bb _builder_version=\u00bb4.27.4&#8243; _module_preset=\u00bbdefault\u00bb global_colors_info=\u00bb{}\u00bb][et_pb_accordion_item title=\u00bbJULIO\u00bb open=\u00bbon\u00bb _builder_version=\u00bb4.27.4&#8243; _module_preset=\u00bbdefault\u00bb global_colors_info=\u00bb{}\u00bb]<\/p>\n<p><a class=\"pdf\" href=\"https:\/\/albal.es\/ficheros\/pdf\/SedeAntiguaDival\/Pleno\/Pleno140730C.pdf\">Acta Sesi\u00f3n 30-07-2014<\/a><\/p>\n<p>[\/et_pb_accordion_item][\/et_pb_accordion][et_pb_accordion admin_label=\u00bbJUNIO\u00bb _builder_version=\u00bb4.27.4&#8243; _module_preset=\u00bbdefault\u00bb global_colors_info=\u00bb{}\u00bb][et_pb_accordion_item title=\u00bbJUNIO\u00bb open=\u00bbon\u00bb _builder_version=\u00bb4.27.4&#8243; _module_preset=\u00bbdefault\u00bb global_colors_info=\u00bb{}\u00bb]<\/p>\n<p><a class=\"pdf\" href=\"https:\/\/albal.es\/ficheros\/pdf\/SedeAntiguaDival\/Pleno\/Pleno140609C.pdf\">Acta Sesi\u00f3n 09-06-2014<\/a><\/p>\n<p>[\/et_pb_accordion_item][\/et_pb_accordion][et_pb_accordion admin_label=\u00bbMAYO\u00bb _builder_version=\u00bb4.27.4&#8243; _module_preset=\u00bbdefault\u00bb global_colors_info=\u00bb{}\u00bb][et_pb_accordion_item title=\u00bbMAYO\u00bb open=\u00bbon\u00bb _builder_version=\u00bb4.27.4&#8243; _module_preset=\u00bbdefault\u00bb global_colors_info=\u00bb{}\u00bb]<\/p>\n<p><a class=\"pdf\" href=\"https:\/\/albal.es\/ficheros\/pdf\/SedeAntiguaDival\/Pleno\/Pleno140512C.pdf\">Acta Sesi\u00f3n 12-05-2014<\/a><\/p>\n<p><a class=\"pdf\" href=\"https:\/\/albal.es\/ficheros\/pdf\/SedeAntiguaDival\/Pleno\/Pleno140529C.pdf\">Acta Sesi\u00f3n 29-05-2014<\/a><\/p>\n<p>[\/et_pb_accordion_item][\/et_pb_accordion][et_pb_accordion admin_label=\u00bbABRIL\u00bb _builder_version=\u00bb4.27.4&#8243; _module_preset=\u00bbdefault\u00bb global_colors_info=\u00bb{}\u00bb][et_pb_accordion_item title=\u00bbABRIL\u00bb open=\u00bbon\u00bb _builder_version=\u00bb4.27.4&#8243; _module_preset=\u00bbdefault\u00bb global_colors_info=\u00bb{}\u00bb]<\/p>\n<p><a class=\"pdf\" href=\"https:\/\/albal.es\/ficheros\/pdf\/SedeAntiguaDival\/Pleno\/Pleno140403C.pdf\">Acta Sesi\u00f3n 03-04-2014<\/a><\/p>\n<p><a class=\"pdf\" href=\"https:\/\/albal.es\/ficheros\/pdf\/SedeAntiguaDival\/Pleno\/Pleno140429C.pdf\">Acta Sesi\u00f3n 29-04-2014<\/a><\/p>\n<p>[\/et_pb_accordion_item][\/et_pb_accordion][et_pb_accordion admin_label=\u00bbFEBRERO\u00bb _builder_version=\u00bb4.27.4&#8243; _module_preset=\u00bbdefault\u00bb global_colors_info=\u00bb{}\u00bb][et_pb_accordion_item title=\u00bbFEBRERO\u00bb open=\u00bbon\u00bb _builder_version=\u00bb4.27.4&#8243; _module_preset=\u00bbdefault\u00bb global_colors_info=\u00bb{}\u00bb]<\/p>\n<p><a class=\"pdf\" href=\"https:\/\/albal.es\/ficheros\/pdf\/SedeAntiguaDival\/Pleno\/Pleno140220C.pdf\">Acta Sesi\u00f3n 20-02-2014<\/a><\/p>\n<p>[\/et_pb_accordion_item][\/et_pb_accordion][et_pb_accordion admin_label=\u00bbENERO\u00bb _builder_version=\u00bb4.27.4&#8243; _module_preset=\u00bbdefault\u00bb global_colors_info=\u00bb{}\u00bb][et_pb_accordion_item title=\u00bbENERO\u00bb open=\u00bbon\u00bb _builder_version=\u00bb4.27.4&#8243; _module_preset=\u00bbdefault\u00bb global_colors_info=\u00bb{}\u00bb]<\/p>\n<p><a class=\"pdf\" href=\"https:\/\/albal.es\/ficheros\/pdf\/SedeAntiguaDival\/Pleno\/Pleno140107C.pdf\">Acta Sesi\u00f3n 07-01-2014<\/a><\/p>\n<p><a class=\"pdf\" href=\"https:\/\/albal.es\/ficheros\/pdf\/SedeAntiguaDival\/Pleno\/Pleno140130C.pdf\">Acta Sesi\u00f3n 30-01-2014<\/a><\/p>\n<p>[\/et_pb_accordion_item][\/et_pb_accordion][\/et_pb_column][\/et_pb_row][et_pb_row admin_label=\u00bb2013&#8243; _builder_version=\u00bb4.27.4&#8243; _module_preset=\u00bbdefault\u00bb collapsed=\u00bbon\u00bb global_colors_info=\u00bb{}\u00bb][et_pb_column type=\u00bb4_4&#8243; _builder_version=\u00bb4.27.4&#8243; _module_preset=\u00bbdefault\u00bb global_colors_info=\u00bb{}\u00bb][et_pb_text admin_label=\u00bb2013&#8243; _builder_version=\u00bb4.27.4&#8243; _module_preset=\u00bbdefault\u00bb text_orientation=\u00bbcenter\u00bb global_colors_info=\u00bb{}\u00bb]<\/p>\n<h2><strong>2013<\/strong><\/h2>\n<p>[\/et_pb_text][et_pb_accordion admin_label=\u00bbDICIEMBRE\u00bb _builder_version=\u00bb4.27.4&#8243; _module_preset=\u00bbdefault\u00bb global_colors_info=\u00bb{}\u00bb][et_pb_accordion_item title=\u00bbDICIEMBRE\u00bb open=\u00bbon\u00bb _builder_version=\u00bb4.27.4&#8243; _module_preset=\u00bbdefault\u00bb global_colors_info=\u00bb{}\u00bb]<\/p>\n<p><a class=\"pdf\" href=\"https:\/\/albal.es\/ficheros\/pdf\/SedeAntiguaDival\/Pleno\/Pleno131202C.pdf\">Acta Sesi\u00f3n 02-12-2013<\/a><\/p>\n<p><a class=\"pdf\" href=\"https:\/\/albal.es\/ficheros\/pdf\/SedeAntiguaDival\/Pleno\/Pleno131220C.pdf\">Acta Sesi\u00f3n 20-12-2013<\/a><\/p>\n<p>[\/et_pb_accordion_item][\/et_pb_accordion][et_pb_accordion admin_label=\u00bbOCTUBRE\u00bb _builder_version=\u00bb4.27.4&#8243; _module_preset=\u00bbdefault\u00bb global_colors_info=\u00bb{}\u00bb][et_pb_accordion_item title=\u00bbOCTUBRE\u00bb open=\u00bbon\u00bb _builder_version=\u00bb4.27.4&#8243; _module_preset=\u00bbdefault\u00bb global_colors_info=\u00bb{}\u00bb]<\/p>\n<p><a class=\"pdf\" href=\"https:\/\/albal.es\/ficheros\/pdf\/SedeAntiguaDival\/Pleno\/Pleno131024C.pdf\">Acta Sesi\u00f3n 24-10-2013<\/a><\/p>\n<p>[\/et_pb_accordion_item][\/et_pb_accordion][et_pb_accordion admin_label=\u00bbSEPTIEMBRE\u00bb _builder_version=\u00bb4.27.4&#8243; _module_preset=\u00bbdefault\u00bb global_colors_info=\u00bb{}\u00bb][et_pb_accordion_item title=\u00bbSEPTIEMBRE\u00bb open=\u00bbon\u00bb _builder_version=\u00bb4.27.4&#8243; _module_preset=\u00bbdefault\u00bb global_colors_info=\u00bb{}\u00bb]<\/p>\n<p><a class=\"pdf\" href=\"https:\/\/albal.es\/ficheros\/pdf\/SedeAntiguaDival\/Pleno\/Pleno130924C.pdf\">Acta Sesi\u00f3n 24-09-2013<\/a><\/p>\n<p>[\/et_pb_accordion_item][\/et_pb_accordion][et_pb_accordion admin_label=\u00bbJULIO\u00bb _builder_version=\u00bb4.27.4&#8243; _module_preset=\u00bbdefault\u00bb global_colors_info=\u00bb{}\u00bb][et_pb_accordion_item title=\u00bbJULIO\u00bb open=\u00bbon\u00bb _builder_version=\u00bb4.27.4&#8243; _module_preset=\u00bbdefault\u00bb global_colors_info=\u00bb{}\u00bb]<\/p>\n<p><a class=\"pdf\" href=\"https:\/\/albal.es\/ficheros\/pdf\/SedeAntiguaDival\/Pleno\/Pleno130722C.pdf\">Acta Sesi\u00f3n 22-07-2013<\/a><\/p>\n<p>[\/et_pb_accordion_item][\/et_pb_accordion][et_pb_accordion admin_label=\u00bbJUNIO\u00bb _builder_version=\u00bb4.27.4&#8243; _module_preset=\u00bbdefault\u00bb global_colors_info=\u00bb{}\u00bb][et_pb_accordion_item title=\u00bbJUNIO\u00bb open=\u00bbon\u00bb _builder_version=\u00bb4.27.4&#8243; _module_preset=\u00bbdefault\u00bb global_colors_info=\u00bb{}\u00bb]<\/p>\n<p><a class=\"pdf\" href=\"https:\/\/albal.es\/ficheros\/pdf\/SedeAntiguaDival\/Pleno\/Pleno130627C.pdf\">Acta Sesi\u00f3n 27-06-2013<\/a><\/p>\n<p>[\/et_pb_accordion_item][\/et_pb_accordion][et_pb_accordion admin_label=\u00bbMAYO\u00bb _builder_version=\u00bb4.27.4&#8243; _module_preset=\u00bbdefault\u00bb global_colors_info=\u00bb{}\u00bb][et_pb_accordion_item title=\u00bbMAYO\u00bb open=\u00bbon\u00bb _builder_version=\u00bb4.27.4&#8243; _module_preset=\u00bbdefault\u00bb global_colors_info=\u00bb{}\u00bb]<\/p>\n<p><a class=\"pdf\" href=\"https:\/\/albal.es\/ficheros\/pdf\/SedeAntiguaDival\/Pleno\/Pleno130530C.pdf\">Acta Sesi\u00f3n 30-05-2013<\/a><\/p>\n<p>[\/et_pb_accordion_item][\/et_pb_accordion][et_pb_accordion admin_label=\u00bbABRIL\u00bb _builder_version=\u00bb4.27.4&#8243; _module_preset=\u00bbdefault\u00bb global_colors_info=\u00bb{}\u00bb][et_pb_accordion_item title=\u00bbABRIL\u00bb open=\u00bbon\u00bb _builder_version=\u00bb4.27.4&#8243; _module_preset=\u00bbdefault\u00bb global_colors_info=\u00bb{}\u00bb]<\/p>\n<p><a class=\"pdf\" href=\"https:\/\/albal.es\/ficheros\/pdf\/SedeAntiguaDival\/Pleno\/Pleno130429C.pdf\">Acta Sesi\u00f3n 29-04-2013<\/a><\/p>\n<p>[\/et_pb_accordion_item][\/et_pb_accordion][et_pb_accordion admin_label=\u00bbMARZO\u00bb _builder_version=\u00bb4.27.4&#8243; _module_preset=\u00bbdefault\u00bb global_colors_info=\u00bb{}\u00bb][et_pb_accordion_item title=\u00bbMARZO\u00bb open=\u00bbon\u00bb _builder_version=\u00bb4.27.4&#8243; _module_preset=\u00bbdefault\u00bb global_colors_info=\u00bb{}\u00bb]<\/p>\n<p><a class=\"pdf\" href=\"https:\/\/albal.es\/ficheros\/pdf\/SedeAntiguaDival\/Pleno\/Pleno130327C.pdf\">Acta Sesi\u00f3n 27-03-2013<\/a><\/p>\n<p>[\/et_pb_accordion_item][\/et_pb_accordion][et_pb_accordion admin_label=\u00bbENERO\u00bb _builder_version=\u00bb4.27.4&#8243; _module_preset=\u00bbdefault\u00bb global_colors_info=\u00bb{}\u00bb][et_pb_accordion_item title=\u00bbENERO\u00bb open=\u00bbon\u00bb _builder_version=\u00bb4.27.4&#8243; _module_preset=\u00bbdefault\u00bb global_colors_info=\u00bb{}\u00bb]<\/p>\n<p><a class=\"pdf\" href=\"https:\/\/albal.es\/ficheros\/pdf\/SedeAntiguaDival\/Pleno\/Pleno130124C.pdf\">Acta Sesi\u00f3n 24-01-2013<\/a><\/p>\n<p>[\/et_pb_accordion_item][\/et_pb_accordion][\/et_pb_column][\/et_pb_row][et_pb_row admin_label=\u00bb2012&#8243; _builder_version=\u00bb4.27.4&#8243; _module_preset=\u00bbdefault\u00bb collapsed=\u00bbon\u00bb global_colors_info=\u00bb{}\u00bb][et_pb_column type=\u00bb4_4&#8243; _builder_version=\u00bb4.27.4&#8243; _module_preset=\u00bbdefault\u00bb global_colors_info=\u00bb{}\u00bb][et_pb_text admin_label=\u00bb2012&#8243; _builder_version=\u00bb4.27.4&#8243; _module_preset=\u00bbdefault\u00bb text_orientation=\u00bbcenter\u00bb global_colors_info=\u00bb{}\u00bb]<\/p>\n<h2><strong>2012<\/strong><\/h2>\n<p>[\/et_pb_text][et_pb_accordion admin_label=\u00bbDICIEMBRE\u00bb _builder_version=\u00bb4.27.4&#8243; _module_preset=\u00bbdefault\u00bb global_colors_info=\u00bb{}\u00bb][et_pb_accordion_item title=\u00bbDICIEMBRE\u00bb open=\u00bbon\u00bb _builder_version=\u00bb4.27.4&#8243; _module_preset=\u00bbdefault\u00bb global_colors_info=\u00bb{}\u00bb]<\/p>\n<p><a class=\"pdf\" href=\"https:\/\/albal.es\/ficheros\/pdf\/SedeAntiguaDival\/Pleno\/Pleno121227C.pdf\">Acta Sesi\u00f3n 27-12-2012<\/a><\/p>\n<p>[\/et_pb_accordion_item][\/et_pb_accordion][et_pb_accordion admin_label=\u00bbNOVIEMBRE\u00bb _builder_version=\u00bb4.27.4&#8243; _module_preset=\u00bbdefault\u00bb global_colors_info=\u00bb{}\u00bb][et_pb_accordion_item title=\u00bbNOVIEMBRE\u00bb open=\u00bbon\u00bb _builder_version=\u00bb4.27.4&#8243; _module_preset=\u00bbdefault\u00bb global_colors_info=\u00bb{}\u00bb]<\/p>\n<p><a class=\"pdf\" href=\"https:\/\/albal.es\/ficheros\/pdf\/SedeAntiguaDival\/Pleno\/Pleno121109C.pdf\">Acta Sesi\u00f3n 09-11-2012<\/a><\/p>\n<p><a class=\"pdf\" href=\"https:\/\/albal.es\/ficheros\/pdf\/SedeAntiguaDival\/Pleno\/Pleno121129C.pdf\">Acta Sesi\u00f3n 29-11-2012<\/a><\/p>\n<p>[\/et_pb_accordion_item][\/et_pb_accordion][et_pb_accordion admin_label=\u00bbOCTUBRE\u00bb _builder_version=\u00bb4.27.4&#8243; _module_preset=\u00bbdefault\u00bb global_colors_info=\u00bb{}\u00bb][et_pb_accordion_item title=\u00bbOCTUBRE\u00bb open=\u00bbon\u00bb _builder_version=\u00bb4.27.4&#8243; _module_preset=\u00bbdefault\u00bb global_colors_info=\u00bb{}\u00bb]<\/p>\n<p><a class=\"pdf\" href=\"https:\/\/albal.es\/ficheros\/pdf\/SedeAntiguaDival\/Pleno\/Pleno121010C.pdf\">Acta Sesi\u00f3n 10-10-2012<\/a><\/p>\n<p>[\/et_pb_accordion_item][\/et_pb_accordion][et_pb_accordion admin_label=\u00bbSEPTIEMBRE\u00bb _builder_version=\u00bb4.27.4&#8243; _module_preset=\u00bbdefault\u00bb global_colors_info=\u00bb{}\u00bb][et_pb_accordion_item title=\u00bbSEPTIEMBRE\u00bb open=\u00bbon\u00bb _builder_version=\u00bb4.27.4&#8243; _module_preset=\u00bbdefault\u00bb global_colors_info=\u00bb{}\u00bb]<\/p>\n<p><a class=\"pdf\" href=\"https:\/\/albal.es\/ficheros\/pdf\/SedeAntiguaDival\/Pleno\/Pleno120927C.pdf\">Acta Sesi\u00f3n 27-09-2012<\/a><\/p>\n<p>[\/et_pb_accordion_item][\/et_pb_accordion][et_pb_accordion admin_label=\u00bbJULIO\u00bb _builder_version=\u00bb4.27.4&#8243; _module_preset=\u00bbdefault\u00bb global_colors_info=\u00bb{}\u00bb][et_pb_accordion_item title=\u00bbJULIO\u00bb open=\u00bbon\u00bb _builder_version=\u00bb4.27.4&#8243; _module_preset=\u00bbdefault\u00bb global_colors_info=\u00bb{}\u00bb]<\/p>\n<p><a class=\"pdf\" href=\"https:\/\/albal.es\/ficheros\/pdf\/SedeAntiguaDival\/Pleno\/Pleno120730C.pdf\">Acta Sesi\u00f3n 30-07-2012<\/a><\/p>\n<p>[\/et_pb_accordion_item][\/et_pb_accordion][et_pb_accordion admin_label=\u00bbJUNIO\u00bb _builder_version=\u00bb4.27.4&#8243; _module_preset=\u00bbdefault\u00bb global_colors_info=\u00bb{}\u00bb][et_pb_accordion_item title=\u00bbJUNIO\u00bb open=\u00bbon\u00bb _builder_version=\u00bb4.27.4&#8243; _module_preset=\u00bbdefault\u00bb global_colors_info=\u00bb{}\u00bb]<\/p>\n<p><a class=\"pdf\" href=\"https:\/\/albal.es\/ficheros\/pdf\/SedeAntiguaDival\/Pleno\/Pleno120626C.pdf\">Acta Sesi\u00f3n 26-06-2012<\/a><\/p>\n<p>[\/et_pb_accordion_item][\/et_pb_accordion][et_pb_accordion admin_label=\u00bbMAYO\u00bb _builder_version=\u00bb4.27.4&#8243; _module_preset=\u00bbdefault\u00bb global_colors_info=\u00bb{}\u00bb][et_pb_accordion_item title=\u00bbMAYO\u00bb open=\u00bbon\u00bb _builder_version=\u00bb4.27.4&#8243; _module_preset=\u00bbdefault\u00bb global_colors_info=\u00bb{}\u00bb]<\/p>\n<p><a class=\"pdf\" href=\"https:\/\/albal.es\/ficheros\/pdf\/SedeAntiguaDival\/Pleno\/Pleno120514C.pdf\">Acta Sesi\u00f3n 14-05-2012<\/a><\/p>\n<p><a class=\"pdf\" href=\"https:\/\/albal.es\/ficheros\/pdf\/SedeAntiguaDival\/Pleno\/Pleno120531C.pdf\">Acta Sesi\u00f3n 31-05-2012<\/a><\/p>\n<p>[\/et_pb_accordion_item][\/et_pb_accordion][et_pb_accordion admin_label=\u00bbMARZO\u00bb _builder_version=\u00bb4.27.4&#8243; _module_preset=\u00bbdefault\u00bb global_colors_info=\u00bb{}\u00bb][et_pb_accordion_item title=\u00bbMARZO\u00bb open=\u00bbon\u00bb _builder_version=\u00bb4.27.4&#8243; _module_preset=\u00bbdefault\u00bb global_colors_info=\u00bb{}\u00bb]<\/p>\n<p><a class=\"pdf\" href=\"https:\/\/albal.es\/ficheros\/pdf\/SedeAntiguaDival\/Pleno\/Pleno120315C.pdf\">Acta Sesi\u00f3n 15-03-2012<\/a><\/p>\n<p><a class=\"pdf\" href=\"https:\/\/albal.es\/ficheros\/pdf\/SedeAntiguaDival\/Pleno\/Pleno120330C.pdf\">Acta Sesi\u00f3n 30-03-2012<\/a><\/p>\n<p>[\/et_pb_accordion_item][\/et_pb_accordion][et_pb_accordion admin_label=\u00bbFEBRERO\u00bb _builder_version=\u00bb4.27.4&#8243; _module_preset=\u00bbdefault\u00bb global_colors_info=\u00bb{}\u00bb][et_pb_accordion_item title=\u00bbFEBRERO\u00bb open=\u00bbon\u00bb _builder_version=\u00bb4.27.4&#8243; _module_preset=\u00bbdefault\u00bb global_colors_info=\u00bb{}\u00bb]<\/p>\n<p><a class=\"pdf\" href=\"https:\/\/albal.es\/ficheros\/pdf\/SedeAntiguaDival\/Pleno\/Pleno120209C.pdf\">Acta Sesi\u00f3n 09-02-2012<\/a><\/p>\n<p>[\/et_pb_accordion_item][\/et_pb_accordion][et_pb_accordion admin_label=\u00bbENERO\u00bb _builder_version=\u00bb4.27.4&#8243; _module_preset=\u00bbdefault\u00bb global_colors_info=\u00bb{}\u00bb][et_pb_accordion_item title=\u00bbENERO\u00bb open=\u00bbon\u00bb _builder_version=\u00bb4.27.4&#8243; _module_preset=\u00bbdefault\u00bb global_colors_info=\u00bb{}\u00bb]<\/p>\n<p><a class=\"pdf\" href=\"https:\/\/albal.es\/ficheros\/pdf\/SedeAntiguaDival\/Pleno\/Pleno120126C.pdf\">Acta Sesi\u00f3n 26-01-2012<\/a><\/p>\n<p>[\/et_pb_accordion_item][\/et_pb_accordion][\/et_pb_column][\/et_pb_row][et_pb_row admin_label=\u00bb2011&#8243; _builder_version=\u00bb4.27.4&#8243; _module_preset=\u00bbdefault\u00bb collapsed=\u00bbon\u00bb global_colors_info=\u00bb{}\u00bb][et_pb_column type=\u00bb4_4&#8243; _builder_version=\u00bb4.27.4&#8243; _module_preset=\u00bbdefault\u00bb global_colors_info=\u00bb{}\u00bb][et_pb_text admin_label=\u00bb2011&#8243; _builder_version=\u00bb4.27.4&#8243; _module_preset=\u00bbdefault\u00bb text_orientation=\u00bbcenter\u00bb global_colors_info=\u00bb{}\u00bb]<\/p>\n<h2><strong>2011<\/strong><\/h2>\n<p>[\/et_pb_text][et_pb_accordion admin_label=\u00bbDICIEMBRE\u00bb _builder_version=\u00bb4.27.4&#8243; _module_preset=\u00bbdefault\u00bb global_colors_info=\u00bb{}\u00bb][et_pb_accordion_item title=\u00bbDICIEMBRE\u00bb open=\u00bbon\u00bb _builder_version=\u00bb4.27.4&#8243; _module_preset=\u00bbdefault\u00bb global_colors_info=\u00bb{}\u00bb]<\/p>\n<p><a class=\"pdf\" href=\"https:\/\/albal.es\/ficheros\/pdf\/SedeAntiguaDival\/Pleno\/Pleno111223C.pdf\">Acta Sesi\u00f3n 23-12-2011<\/a><\/p>\n<p>[\/et_pb_accordion_item][\/et_pb_accordion][et_pb_accordion admin_label=\u00bbNOVIEMBRE\u00bb _builder_version=\u00bb4.27.4&#8243; _module_preset=\u00bbdefault\u00bb global_colors_info=\u00bb{}\u00bb][et_pb_accordion_item title=\u00bbNOVIEMBRE\u00bb open=\u00bbon\u00bb _builder_version=\u00bb4.27.4&#8243; _module_preset=\u00bbdefault\u00bb global_colors_info=\u00bb{}\u00bb]<\/p>\n<p><a class=\"pdf\" href=\"https:\/\/albal.es\/ficheros\/pdf\/SedeAntiguaDival\/Pleno\/Pleno111128C.pdf\">Acta Sesi\u00f3n 28-11-2011<\/a><\/p>\n<p>[\/et_pb_accordion_item][\/et_pb_accordion][et_pb_accordion admin_label=\u00bbOCTUBRE\u00bb _builder_version=\u00bb4.27.4&#8243; _module_preset=\u00bbdefault\u00bb global_colors_info=\u00bb{}\u00bb][et_pb_accordion_item title=\u00bbOCTUBRE\u00bb open=\u00bbon\u00bb _builder_version=\u00bb4.27.4&#8243; _module_preset=\u00bbdefault\u00bb global_colors_info=\u00bb{}\u00bb]<\/p>\n<p><a class=\"pdf\" href=\"https:\/\/albal.es\/ficheros\/pdf\/SedeAntiguaDival\/Pleno\/Pleno111018C.pdf\">Acta Sesi\u00f3n 18-10-2011<\/a><\/p>\n<p><a class=\"pdf\" href=\"https:\/\/albal.es\/ficheros\/pdf\/SedeAntiguaDival\/Pleno\/Pleno111024C.pdf\">Acta Sesi\u00f3n 24-10-2011<\/a><\/p>\n<p>[\/et_pb_accordion_item][\/et_pb_accordion][et_pb_accordion admin_label=\u00bbSEPTIEMBRE\u00bb _builder_version=\u00bb4.27.4&#8243; _module_preset=\u00bbdefault\u00bb global_colors_info=\u00bb{}\u00bb][et_pb_accordion_item title=\u00bbSEPTIEMBRE\u00bb open=\u00bbon\u00bb _builder_version=\u00bb4.27.4&#8243; _module_preset=\u00bbdefault\u00bb global_colors_info=\u00bb{}\u00bb]<\/p>\n<p><a class=\"pdf\" href=\"https:\/\/albal.es\/ficheros\/pdf\/SedeAntiguaDival\/Pleno\/Pleno110915C.pdf\">Acta Sesi\u00f3n 15-09-2011<\/a><\/p>\n<p><a class=\"pdf\" href=\"https:\/\/albal.es\/ficheros\/pdf\/SedeAntiguaDival\/Pleno\/Pleno110929C.pdf\">Acta Sesi\u00f3n 29-09-2011<\/a><\/p>\n<p>[\/et_pb_accordion_item][\/et_pb_accordion][et_pb_accordion admin_label=\u00bbJULIO\u00bb _builder_version=\u00bb4.27.4&#8243; _module_preset=\u00bbdefault\u00bb global_colors_info=\u00bb{}\u00bb][et_pb_accordion_item title=\u00bbJULIO\u00bb open=\u00bbon\u00bb _builder_version=\u00bb4.27.4&#8243; _module_preset=\u00bbdefault\u00bb global_colors_info=\u00bb{}\u00bb]<\/p>\n<p><a class=\"pdf\" href=\"https:\/\/albal.es\/ficheros\/pdf\/SedeAntiguaDival\/Pleno\/Pleno110714C.pdf\">Acta Sesi\u00f3n 14-07-2011<\/a><\/p>\n<p>[\/et_pb_accordion_item][\/et_pb_accordion][et_pb_accordion admin_label=\u00bbJUNIO\u00bb _builder_version=\u00bb4.27.4&#8243; _module_preset=\u00bbdefault\u00bb global_colors_info=\u00bb{}\u00bb][et_pb_accordion_item title=\u00bbJUNIO\u00bb open=\u00bbon\u00bb _builder_version=\u00bb4.27.4&#8243; _module_preset=\u00bbdefault\u00bb global_colors_info=\u00bb{}\u00bb]<\/p>\n<p><a class=\"pdf\" href=\"https:\/\/albal.es\/ficheros\/pdf\/SedeAntiguaDival\/Pleno\/Pleno110608C.pdf\">Acta Sesi\u00f3n 08-06-2011<\/a><\/p>\n<p><a class=\"pdf\" href=\"https:\/\/albal.es\/ficheros\/pdf\/SedeAntiguaDival\/Pleno\/Pleno110611C.pdf\">Acta Sesi\u00f3n 11-06-2011<\/a><\/p>\n<p><a class=\"pdf\" href=\"https:\/\/albal.es\/ficheros\/pdf\/SedeAntiguaDival\/Pleno\/Pleno110624C.pdf\">Acta Sesi\u00f3n 24-06-2011<\/a><\/p>\n<p>[\/et_pb_accordion_item][\/et_pb_accordion][et_pb_accordion admin_label=\u00bbMAYO\u00bb _builder_version=\u00bb4.27.4&#8243; _module_preset=\u00bbdefault\u00bb global_colors_info=\u00bb{}\u00bb][et_pb_accordion_item title=\u00bbMAYO\u00bb open=\u00bbon\u00bb _builder_version=\u00bb4.27.4&#8243; _module_preset=\u00bbdefault\u00bb global_colors_info=\u00bb{}\u00bb]<\/p>\n<p><a class=\"pdf\" href=\"https:\/\/albal.es\/ficheros\/pdf\/SedeAntiguaDival\/Pleno\/Pleno110520C.pdf\">Acta Sesi\u00f3n 20-05-2011<\/a><\/p>\n<p>[\/et_pb_accordion_item][\/et_pb_accordion][et_pb_accordion admin_label=\u00bbABRIL\u00bb _builder_version=\u00bb4.27.4&#8243; _module_preset=\u00bbdefault\u00bb global_colors_info=\u00bb{}\u00bb][et_pb_accordion_item title=\u00bbABRIL\u00bb open=\u00bbon\u00bb _builder_version=\u00bb4.27.4&#8243; _module_preset=\u00bbdefault\u00bb global_colors_info=\u00bb{}\u00bb]<\/p>\n<p><a class=\"pdf\" href=\"https:\/\/albal.es\/ficheros\/pdf\/SedeAntiguaDival\/Pleno\/Pleno110426C.pdf\">Acta Sesi\u00f3n 26-04-2011<\/a><\/p>\n<p><a class=\"pdf\" href=\"https:\/\/albal.es\/ficheros\/pdf\/SedeAntiguaDival\/Pleno\/Pleno110427C.pdf\">Acta Sesi\u00f3n 27-04-2011<\/a><\/p>\n<p>[\/et_pb_accordion_item][\/et_pb_accordion][et_pb_accordion admin_label=\u00bbMARZO\u00bb _builder_version=\u00bb4.27.4&#8243; _module_preset=\u00bbdefault\u00bb global_colors_info=\u00bb{}\u00bb][et_pb_accordion_item title=\u00bbMARZO\u00bb open=\u00bbon\u00bb _builder_version=\u00bb4.27.4&#8243; _module_preset=\u00bbdefault\u00bb global_colors_info=\u00bb{}\u00bb]<\/p>\n<p><a class=\"pdf\" href=\"https:\/\/albal.es\/ficheros\/pdf\/SedeAntiguaDival\/Pleno\/Pleno110310C.pdf\">Acta Sesi\u00f3n 10-03-2011<\/a><\/p>\n<p><a class=\"pdf\" href=\"https:\/\/albal.es\/ficheros\/pdf\/SedeAntiguaDival\/Pleno\/Pleno110331C.pdf\">Acta Sesi\u00f3n 31-03-2011<\/a><\/p>\n<p>[\/et_pb_accordion_item][\/et_pb_accordion][et_pb_accordion admin_label=\u00bbENERO\u00bb _builder_version=\u00bb4.27.4&#8243; _module_preset=\u00bbdefault\u00bb global_colors_info=\u00bb{}\u00bb][et_pb_accordion_item title=\u00bbENERO\u00bb open=\u00bbon\u00bb _builder_version=\u00bb4.27.4&#8243; _module_preset=\u00bbdefault\u00bb global_colors_info=\u00bb{}\u00bb]<\/p>\n<p><a class=\"pdf\" href=\"https:\/\/albal.es\/ficheros\/pdf\/SedeAntiguaDival\/Pleno\/Pleno110127C.pdf\">Acta Sesi\u00f3n 27-01-2011<\/a><\/p>\n<p>[\/et_pb_accordion_item][\/et_pb_accordion][\/et_pb_column][\/et_pb_row][et_pb_row admin_label=\u00bb2010&#8243; _builder_version=\u00bb4.27.4&#8243; _module_preset=\u00bbdefault\u00bb collapsed=\u00bbon\u00bb global_colors_info=\u00bb{}\u00bb][et_pb_column type=\u00bb4_4&#8243; _builder_version=\u00bb4.27.4&#8243; _module_preset=\u00bbdefault\u00bb global_colors_info=\u00bb{}\u00bb][et_pb_text admin_label=\u00bb2010&#8243; _builder_version=\u00bb4.27.4&#8243; _module_preset=\u00bbdefault\u00bb text_orientation=\u00bbcenter\u00bb global_colors_info=\u00bb{}\u00bb]<\/p>\n<h2><strong>2010<\/strong><\/h2>\n<p>[\/et_pb_text][et_pb_accordion admin_label=\u00bbDICIEMBRE\u00bb _builder_version=\u00bb4.27.4&#8243; _module_preset=\u00bbdefault\u00bb global_colors_info=\u00bb{}\u00bb][et_pb_accordion_item title=\u00bbDICIEMBRE\u00bb open=\u00bbon\u00bb _builder_version=\u00bb4.27.4&#8243; _module_preset=\u00bbdefault\u00bb global_colors_info=\u00bb{}\u00bb]<\/p>\n<p><a class=\"pdf\" href=\"https:\/\/albal.es\/ficheros\/pdf\/SedeAntiguaDival\/Pleno\/Pleno101203C.pdf\">Acta Sesi\u00f3n 03-12-2010<\/a><\/p>\n<p>[\/et_pb_accordion_item][\/et_pb_accordion][et_pb_accordion admin_label=\u00bbNOVIEMBRE\u00bb _builder_version=\u00bb4.27.4&#8243; _module_preset=\u00bbdefault\u00bb global_colors_info=\u00bb{}\u00bb][et_pb_accordion_item title=\u00bbNOVIEMBRE\u00bb open=\u00bbon\u00bb _builder_version=\u00bb4.27.4&#8243; _module_preset=\u00bbdefault\u00bb global_colors_info=\u00bb{}\u00bb]<\/p>\n<p><a class=\"pdf\" href=\"https:\/\/albal.es\/ficheros\/pdf\/SedeAntiguaDival\/Pleno\/Pleno101112C.pdf\">Acta Sesi\u00f3n 12-11-2010<\/a><\/p>\n<p><a class=\"pdf\" href=\"https:\/\/albal.es\/ficheros\/pdf\/SedeAntiguaDival\/Pleno\/Pleno101125C.pdf\">Acta Sesi\u00f3n 25-11-2010<\/a><\/p>\n<p>[\/et_pb_accordion_item][\/et_pb_accordion][et_pb_accordion admin_label=\u00bbSEPTIEMBRE\u00bb _builder_version=\u00bb4.27.4&#8243; _module_preset=\u00bbdefault\u00bb global_colors_info=\u00bb{}\u00bb][et_pb_accordion_item title=\u00bbSEPTIEMBRE\u00bb open=\u00bbon\u00bb _builder_version=\u00bb4.27.4&#8243; _module_preset=\u00bbdefault\u00bb global_colors_info=\u00bb{}\u00bb]<\/p>\n<p><a class=\"pdf\" href=\"https:\/\/albal.es\/ficheros\/pdf\/SedeAntiguaDival\/Pleno\/Pleno100930C.pdf\">Acta Sesi\u00f3n 30-09-2010<\/a><\/p>\n<p>[\/et_pb_accordion_item][\/et_pb_accordion][et_pb_accordion admin_label=\u00bbJULIO\u00bb _builder_version=\u00bb4.27.4&#8243; _module_preset=\u00bbdefault\u00bb global_colors_info=\u00bb{}\u00bb][et_pb_accordion_item title=\u00bbJULIO\u00bb open=\u00bbon\u00bb _builder_version=\u00bb4.27.4&#8243; _module_preset=\u00bbdefault\u00bb global_colors_info=\u00bb{}\u00bb]<\/p>\n<p><a class=\"pdf\" href=\"https:\/\/albal.es\/ficheros\/pdf\/SedeAntiguaDival\/Pleno\/Pleno100701C.pdf\">Acta Sesi\u00f3n 01-07-2010<\/a><\/p>\n<p><a class=\"pdf\" href=\"https:\/\/albal.es\/ficheros\/pdf\/SedeAntiguaDival\/Pleno\/Pleno100729C.pdf\">Acta Sesi\u00f3n 29-07-2010<\/a><\/p>\n<p>[\/et_pb_accordion_item][\/et_pb_accordion][et_pb_accordion admin_label=\u00bbJUNIO\u00bb _builder_version=\u00bb4.27.4&#8243; _module_preset=\u00bbdefault\u00bb global_colors_info=\u00bb{}\u00bb][et_pb_accordion_item title=\u00bbJUNIO\u00bb open=\u00bbon\u00bb _builder_version=\u00bb4.27.4&#8243; _module_preset=\u00bbdefault\u00bb global_colors_info=\u00bb{}\u00bb]<\/p>\n<p><a class=\"pdf\" href=\"https:\/\/albal.es\/ficheros\/pdf\/SedeAntiguaDival\/Pleno\/Pleno100614C.pdf\">Acta Sesi\u00f3n 14-06-2010<\/a><\/p>\n<p>[\/et_pb_accordion_item][\/et_pb_accordion][et_pb_accordion admin_label=\u00bbMAYO\u00bb _builder_version=\u00bb4.27.4&#8243; _module_preset=\u00bbdefault\u00bb global_colors_info=\u00bb{}\u00bb][et_pb_accordion_item title=\u00bbMAYO\u00bb open=\u00bbon\u00bb _builder_version=\u00bb4.27.4&#8243; _module_preset=\u00bbdefault\u00bb global_colors_info=\u00bb{}\u00bb]<\/p>\n<p><a class=\"pdf\" href=\"https:\/\/albal.es\/ficheros\/pdf\/SedeAntiguaDival\/Pleno\/Pleno100527C.pdf\">Acta Sesi\u00f3n 27-05-2010<\/a><\/p>\n<p>[\/et_pb_accordion_item][\/et_pb_accordion][et_pb_accordion admin_label=\u00bbABRIL\u00bb _builder_version=\u00bb4.27.4&#8243; _module_preset=\u00bbdefault\u00bb global_colors_info=\u00bb{}\u00bb][et_pb_accordion_item title=\u00bbABRIL\u00bb open=\u00bbon\u00bb _builder_version=\u00bb4.27.4&#8243; _module_preset=\u00bbdefault\u00bb global_colors_info=\u00bb{}\u00bb]<\/p>\n<p><a class=\"pdf\" href=\"https:\/\/albal.es\/ficheros\/pdf\/SedeAntiguaDival\/Pleno\/Pleno100422C.pdf\">Acta Sesi\u00f3n 22-04-2010<\/a><\/p>\n<p>[\/et_pb_accordion_item][\/et_pb_accordion][et_pb_accordion admin_label=\u00bbMARZO\u00bb _builder_version=\u00bb4.27.4&#8243; _module_preset=\u00bbdefault\u00bb global_colors_info=\u00bb{}\u00bb][et_pb_accordion_item title=\u00bbMARZO\u00bb open=\u00bbon\u00bb _builder_version=\u00bb4.27.4&#8243; _module_preset=\u00bbdefault\u00bb global_colors_info=\u00bb{}\u00bb]<\/p>\n<p><a class=\"pdf\" href=\"https:\/\/albal.es\/ficheros\/pdf\/SedeAntiguaDival\/Pleno\/Pleno100325C.pdf\">Acta Sesi\u00f3n 25-03-2010<\/a><\/p>\n<p>[\/et_pb_accordion_item][\/et_pb_accordion][et_pb_accordion admin_label=\u00bbFEBRERO\u00bb _builder_version=\u00bb4.27.4&#8243; _module_preset=\u00bbdefault\u00bb global_colors_info=\u00bb{}\u00bb][et_pb_accordion_item title=\u00bbFEBRERO\u00bb open=\u00bbon\u00bb _builder_version=\u00bb4.27.4&#8243; _module_preset=\u00bbdefault\u00bb global_colors_info=\u00bb{}\u00bb]<\/p>\n<p><a class=\"pdf\" href=\"https:\/\/albal.es\/ficheros\/pdf\/SedeAntiguaDival\/Pleno\/Pleno100225C.pdf\">Acta Sesi\u00f3n 25-02-2010<\/a><\/p>\n<p>[\/et_pb_accordion_item][\/et_pb_accordion][et_pb_accordion admin_label=\u00bbENERO\u00bb _builder_version=\u00bb4.27.4&#8243; _module_preset=\u00bbdefault\u00bb global_colors_info=\u00bb{}\u00bb][et_pb_accordion_item title=\u00bbENERO\u00bb open=\u00bbon\u00bb _builder_version=\u00bb4.27.4&#8243; _module_preset=\u00bbdefault\u00bb global_colors_info=\u00bb{}\u00bb]<\/p>\n<p><a class=\"pdf\" href=\"https:\/\/albal.es\/ficheros\/pdf\/SedeAntiguaDival\/Pleno\/Pleno220110C.pdf\">Acta Sesi\u00f3n 22-01-2010<\/a><\/p>\n<p><a class=\"pdf\" href=\"https:\/\/albal.es\/ficheros\/pdf\/SedeAntiguaDival\/Pleno\/Pleno100128C.pdf\">Acta Sesi\u00f3n 28-01-2010<\/a><\/p>\n<p>[\/et_pb_accordion_item][\/et_pb_accordion][\/et_pb_column][\/et_pb_row][et_pb_row admin_label=\u00bb2009&#8243; _builder_version=\u00bb4.18.1&#8243; _module_preset=\u00bbdefault\u00bb custom_margin=\u00bb|auto|-17px|auto||\u00bb custom_padding=\u00bb0px|||||\u00bb collapsed=\u00bbon\u00bb global_colors_info=\u00bb{}\u00bb][et_pb_column type=\u00bb4_4&#8243; _builder_version=\u00bb4.18.1&#8243; _module_preset=\u00bbdefault\u00bb global_colors_info=\u00bb{}\u00bb][et_pb_text admin_label=\u00bb2009&#8243; _builder_version=\u00bb4.27.4&#8243; _module_preset=\u00bbdefault\u00bb text_orientation=\u00bbcenter\u00bb global_colors_info=\u00bb{}\u00bb]<\/p>\n<h2><strong>2009<\/strong><\/h2>\n<p>[\/et_pb_text][et_pb_accordion admin_label=\u00bbNOVIEMBRE\u00bb _builder_version=\u00bb4.27.4&#8243; _module_preset=\u00bbdefault\u00bb global_colors_info=\u00bb{}\u00bb][et_pb_accordion_item title=\u00bbNOVIEMBRE\u00bb open=\u00bbon\u00bb _builder_version=\u00bb4.27.4&#8243; _module_preset=\u00bbdefault\u00bb global_colors_info=\u00bb{}\u00bb]<\/p>\n<p><a class=\"pdf\" href=\"https:\/\/albal.es\/ficheros\/pdf\/SedeAntiguaDival\/Pleno\/Pleno111109C.pdf\">Acta Sesi\u00f3n 11-11-2009<\/a><\/p>\n<p><a class=\"pdf\" href=\"https:\/\/albal.es\/ficheros\/pdf\/SedeAntiguaDival\/Pleno\/Pleno261109C.pdf\">Acta Sesi\u00f3n 26-11-2009<\/a><\/p>\n<p>[\/et_pb_accordion_item][\/et_pb_accordion][et_pb_accordion admin_label=\u00bbOCTUBRE\u00bb _builder_version=\u00bb4.27.4&#8243; _module_preset=\u00bbdefault\u00bb global_colors_info=\u00bb{}\u00bb][et_pb_accordion_item title=\u00bbOCTUBRE\u00bb open=\u00bbon\u00bb _builder_version=\u00bb4.27.4&#8243; _module_preset=\u00bbdefault\u00bb global_colors_info=\u00bb{}\u00bb]<\/p>\n<p><a class=\"pdf\" href=\"https:\/\/albal.es\/ficheros\/pdf\/SedeAntiguaDival\/Pleno\/Pleno211009C.pdf\">Acta Sesi\u00f3n 21-10-2009<\/a><\/p>\n<p>[\/et_pb_accordion_item][\/et_pb_accordion][et_pb_accordion admin_label=\u00bbSEPTIEMBRE\u00bb _builder_version=\u00bb4.27.4&#8243; _module_preset=\u00bbdefault\u00bb global_colors_info=\u00bb{}\u00bb][et_pb_accordion_item title=\u00bbSEPTIEMBRE\u00bb open=\u00bbon\u00bb _builder_version=\u00bb4.27.4&#8243; _module_preset=\u00bbdefault\u00bb global_colors_info=\u00bb{}\u00bb]<\/p>\n<p><a class=\"pdf\" href=\"https:\/\/albal.es\/ficheros\/pdf\/SedeAntiguaDival\/Pleno\/Pleno240909c.pdf\" rel=\"attachment wp-att-59786\">Acta sesi\u00f3n 24-09-2009<\/a><\/p>\n<p>[\/et_pb_accordion_item][\/et_pb_accordion][et_pb_accordion admin_label=\u00bbAGOSTO\u00bb _builder_version=\u00bb4.27.4&#8243; _module_preset=\u00bbdefault\u00bb global_colors_info=\u00bb{}\u00bb][et_pb_accordion_item title=\u00bbAGOSTO\u00bb open=\u00bbon\u00bb _builder_version=\u00bb4.27.4&#8243; _module_preset=\u00bbdefault\u00bb global_colors_info=\u00bb{}\u00bb]<\/p>\n<p><a class=\"pdf\" href=\"https:\/\/albal.es\/ficheros\/pdf\/SedeAntiguaDival\/Pleno\/Pleno180809c.pdf\" rel=\"attachment wp-att-59784\">Acta sesi\u00f3n 18-08-2009<\/a><\/p>\n<p>[\/et_pb_accordion_item][\/et_pb_accordion][et_pb_accordion admin_label=\u00bbJULIO\u00bb _builder_version=\u00bb4.27.4&#8243; _module_preset=\u00bbdefault\u00bb global_colors_info=\u00bb{}\u00bb][et_pb_accordion_item title=\u00bbJULIO\u00bb open=\u00bbon\u00bb _builder_version=\u00bb4.27.4&#8243; _module_preset=\u00bbdefault\u00bb global_colors_info=\u00bb{}\u00bb]<\/p>\n<p><a class=\"pdf\" href=\"https:\/\/albal.es\/ficheros\/pdf\/SedeAntiguaDival\/Pleno\/Pleno020709c.pdf\" rel=\"attachment wp-att-59782\">Acta sesi\u00f3n 02-07-2009<\/a><\/p>\n<p><a class=\"pdf\" href=\"https:\/\/albal.es\/ficheros\/pdf\/SedeAntiguaDival\/Pleno\/Pleno300709c.pdf\" rel=\"attachment wp-att-59784\">Acta sesi\u00f3n 30-07-2009<\/a><\/p>\n<p>[\/et_pb_accordion_item][\/et_pb_accordion][et_pb_accordion admin_label=\u00bbMAYO\u00bb _builder_version=\u00bb4.27.4&#8243; _module_preset=\u00bbdefault\u00bb global_colors_info=\u00bb{}\u00bb][et_pb_accordion_item title=\u00bbMAYO\u00bb open=\u00bbon\u00bb _builder_version=\u00bb4.27.4&#8243; _module_preset=\u00bbdefault\u00bb global_colors_info=\u00bb{}\u00bb]<\/p>\n<p><a class=\"pdf\" href=\"https:\/\/albal.es\/ficheros\/pdf\/SedeAntiguaDival\/Pleno\/Pleno280509c.pdf\" rel=\"attachment wp-att-59780\">Acta sesi\u00f3n 28-05-2009. pdf<\/a><\/p>\n<p><a class=\"pdf\" href=\"https:\/\/albal.es\/ficheros\/pdf\/SedeAntiguaDival\/Pleno\/Pleno110509c.pdf\">Acta sesi\u00f3n 11-05-2009. pdf<\/a><\/p>\n<p>[\/et_pb_accordion_item][\/et_pb_accordion][et_pb_accordion admin_label=\u00bbABRIL\u00bb _builder_version=\u00bb4.27.4&#8243; _module_preset=\u00bbdefault\u00bb global_colors_info=\u00bb{}\u00bb][et_pb_accordion_item title=\u00bbABRIL\u00bb open=\u00bbon\u00bb _builder_version=\u00bb4.27.4&#8243; _module_preset=\u00bbdefault\u00bb global_colors_info=\u00bb{}\u00bb]<\/p>\n<p><a class=\"pdf\" href=\"https:\/\/albal.es\/ficheros\/pdf\/SedeAntiguaDival\/Pleno\/Pleno230409c.pdf\" rel=\"attachment wp-att-59774\">Acta sesi\u00f3n 23-04-2009<\/a><\/p>\n<p>[\/et_pb_accordion_item][\/et_pb_accordion][et_pb_accordion admin_label=\u00bbMARZO\u00bb _builder_version=\u00bb4.27.4&#8243; _module_preset=\u00bbdefault\u00bb global_colors_info=\u00bb{}\u00bb][et_pb_accordion_item title=\u00bbMARZO\u00bb open=\u00bbon\u00bb _builder_version=\u00bb4.27.4&#8243; _module_preset=\u00bbdefault\u00bb global_colors_info=\u00bb{}\u00bb]<\/p>\n<p><a class=\"pdf\" href=\"https:\/\/albal.es\/ficheros\/pdf\/SedeAntiguaDival\/Pleno\/Pleno090326C.pdf\" rel=\"attachment wp-att-59772\">Acta sesi\u00f3n 26-03-2009<\/a><\/p>\n<p>[\/et_pb_accordion_item][\/et_pb_accordion][et_pb_accordion admin_label=\u00bbFEBRERO\u00bb _builder_version=\u00bb4.27.4&#8243; _module_preset=\u00bbdefault\u00bb global_colors_info=\u00bb{}\u00bb][et_pb_accordion_item title=\u00bbFEBRERO\u00bb open=\u00bbon\u00bb _builder_version=\u00bb4.27.4&#8243; _module_preset=\u00bbdefault\u00bb global_colors_info=\u00bb{}\u00bb]<\/p>\n<p><a class=\"pdf\" href=\"https:\/\/albal.es\/ficheros\/pdf\/SedeAntiguaDival\/Pleno\/Pleno090226C.pdf\" rel=\"attachment wp-att-59768\">Acta sesi\u00f3n 26-02-2009<\/a><\/p>\n<p>[\/et_pb_accordion_item][\/et_pb_accordion][et_pb_accordion admin_label=\u00bbENERO\u00bb _builder_version=\u00bb4.27.4&#8243; _module_preset=\u00bbdefault\u00bb global_colors_info=\u00bb{}\u00bb][et_pb_accordion_item title=\u00bbENERO\u00bb open=\u00bbon\u00bb _builder_version=\u00bb4.27.4&#8243; _module_preset=\u00bbdefault\u00bb global_colors_info=\u00bb{}\u00bb]<\/p>\n<p><a class=\"pdf\" href=\"https:\/\/albal.es\/ficheros\/pdf\/SedeAntiguaDival\/Pleno\/Pleno090113C.pdf\">Acta Sesi\u00f3n 13-01-2009<\/a><\/p>\n<p><a class=\"pdf\" href=\"https:\/\/albal.es\/ficheros\/pdf\/SedeAntiguaDival\/Pleno\/Pleno090129C.pdf\" rel=\"attachment wp-att-57216\">Acta Sesi\u00f3n 29-01-2009<\/a><\/p>\n<p>[\/et_pb_accordion_item][\/et_pb_accordion][\/et_pb_column][\/et_pb_row][\/et_pb_section][et_pb_section fb_built=\u00bb1&#8243; _builder_version=\u00bb4.27.4&#8243; _module_preset=\u00bbdefault\u00bb global_colors_info=\u00bb{}\u00bb][\/et_pb_section]<\/p>\n","protected":false},"excerpt":{"rendered":"<p>Actas Plenos &nbsp; \u00a0ACTAS PLENOS2025Acta 30_10_2025Acta 04_08_2025 Extraord.Acta 09 24_07_2025 Ord.Acta 09 25_06_2025 Acta 08 25_06_2025 Extraord.Acta 05 20_05_2025 Extraord. Acta 07 30_05_2025 Extraord. y urgenteActa 04 29-04-2025Acta 03 27-03-2025Acta 02 27-02-2025Acta 01 30-01-20252024Acta sesi\u00f3n 15 19-12-2024Acta sesi\u00f3n 14 28-11-2024 Acta sesi\u00f3n 12 07-11-2024Acta sesi\u00f3n 11 26-09-2024Acta sesi\u00f3n 09 27-06-2024 Acta sesi\u00f3n 08 10-06-2024Acta sesi\u00f3n 07 30-05-2024. pdf Acta sesi\u00f3n 06 14-05-2024 Ext y urg. pdf Acta sesi\u00f3n 05 14-05-2024 Sorteo eleccionesActa sesi\u00f3n 04 25-04-2024Acta sesi\u00f3n 03 26-03-2024Acta sesi\u00f3n 02 28-02-2024Acta Sesi\u00f3n 01 25-01-2024 Acta Sesi\u00f3n 01 25-01-20242022Acta Sesi\u00f3n 31-10-2022Acta Sesi\u00f3n 29-09-2022Acta Sesi\u00f3n 04-08-2022Acta Sesi\u00f3n 04-07-2022 Acta Sesi\u00f3n 21-07-2022Acta Sesi\u00f3n 15-06-2022Acta Sesi\u00f3n 16-05-2022 Acta Sesi\u00f3n 26-05-2022Acta Sesi\u00f3n 28-04-2022Acta Sesi\u00f3n 31-03-2022Acta Sesi\u00f3n 24-02-2022Acta Sesi\u00f3n 10-01-2022 Acta Sesi\u00f3n 27-01-20222021Acta Sesi\u00f3n 02-12-2021 Acta Sesi\u00f3n 17-12-2021 Acta Sesi\u00f3n 29-12-2021Acta Sesi\u00f3n 25-11-2020Acta Sesi\u00f3n 28-10-2021Acta Sesi\u00f3n 30-09-2021Acta Sesi\u00f3n 15-07-2021 Acta Sesi\u00f3n 29-07-2021Acta Sesi\u00f3n 30-06-2021Acta Sesi\u00f3n 27-05-2021Acta Sesi\u00f3n 16-04-2021 Acta Sesi\u00f3n 29-04-2021Acta Sesi\u00f3n 04-03-2021 Acta Sesi\u00f3n 25-03-2021Acta Sesi\u00f3n 11-02-2021Acta Sesi\u00f3n 04-01-2021 Acta Sesi\u00f3n 28-01-20212020Acta Sesi\u00f3n 28-12-2020Acta Sesi\u00f3n 26-11-2020Acta Sesi\u00f3n 29-10-2020Acta Sesi\u00f3n 24-09-2020Acta Sesi\u00f3n 27-07-2020Acta Sesi\u00f3n 03-06-2020Acta Sesi\u00f3n 28-05-2020Acta Sesi\u00f3n 13-04-2020Acta Sesi\u00f3n 12-03-2020Acta Sesi\u00f3n 27-02-2020Acta Sesi\u00f3n 16-01-2020 Acta Sesi\u00f3n 30-01-20202019Acta Sesi\u00f3n 02-12-2019 Acta Sesi\u00f3n 19-12-2019Acta Sesi\u00f3n 28-11-2019Acta Sesi\u00f3n 14-10-2019 Acta Sesi\u00f3n 15-10-2019 Acta Sesi\u00f3n 17-10-2019Acta Sesi\u00f3n 25-09-2019Acta Sesi\u00f3n [&hellip;]<\/p>\n","protected":false},"author":38,"featured_media":0,"parent":0,"menu_order":0,"comment_status":"closed","ping_status":"closed","template":"","meta":{"_acf_changed":false,"_et_pb_use_builder":"on","_et_pb_old_content":"","_et_gb_content_width":"","footnotes":""},"coauthors":[93,62],"class_list":["post-57052","page","type-page","status-publish","hentry"],"acf":[],"yoast_head":"<!-- This site is optimized with the Yoast SEO plugin v27.4 - https:\/\/yoast.com\/product\/yoast-seo-wordpress\/ -->\n<title>Actas Plenos - Ajuntament d&#039;Albal<\/title>\n<meta name=\"robots\" content=\"index, follow, max-snippet:-1, max-image-preview:large, max-video-preview:-1\" \/>\n<link rel=\"canonical\" href=\"https:\/\/albal.es\/es\/actas-plenos\/\" \/>\n<meta property=\"og:locale\" content=\"es_ES\" \/>\n<meta property=\"og:type\" content=\"article\" \/>\n<meta property=\"og:title\" content=\"Actas Plenos - Ajuntament d&#039;Albal\" \/>\n<meta property=\"og:description\" content=\"Actas Plenos &nbsp; \u00a0ACTAS PLENOS2025Acta 30_10_2025Acta 04_08_2025 Extraord.Acta 09 24_07_2025 Ord.Acta 09 25_06_2025 Acta 08 25_06_2025 Extraord.Acta 05 20_05_2025 Extraord. Acta 07 30_05_2025 Extraord. y urgenteActa 04 29-04-2025Acta 03 27-03-2025Acta 02 27-02-2025Acta 01 30-01-20252024Acta sesi\u00f3n 15 19-12-2024Acta sesi\u00f3n 14 28-11-2024 Acta sesi\u00f3n 12 07-11-2024Acta sesi\u00f3n 11 26-09-2024Acta sesi\u00f3n 09 27-06-2024 Acta sesi\u00f3n 08 10-06-2024Acta sesi\u00f3n 07 30-05-2024. pdf Acta sesi\u00f3n 06 14-05-2024 Ext y urg. pdf Acta sesi\u00f3n 05 14-05-2024 Sorteo eleccionesActa sesi\u00f3n 04 25-04-2024Acta sesi\u00f3n 03 26-03-2024Acta sesi\u00f3n 02 28-02-2024Acta Sesi\u00f3n 01 25-01-2024 Acta Sesi\u00f3n 01 25-01-20242022Acta Sesi\u00f3n 31-10-2022Acta Sesi\u00f3n 29-09-2022Acta Sesi\u00f3n 04-08-2022Acta Sesi\u00f3n 04-07-2022 Acta Sesi\u00f3n 21-07-2022Acta Sesi\u00f3n 15-06-2022Acta Sesi\u00f3n 16-05-2022 Acta Sesi\u00f3n 26-05-2022Acta Sesi\u00f3n 28-04-2022Acta Sesi\u00f3n 31-03-2022Acta Sesi\u00f3n 24-02-2022Acta Sesi\u00f3n 10-01-2022 Acta Sesi\u00f3n 27-01-20222021Acta Sesi\u00f3n 02-12-2021 Acta Sesi\u00f3n 17-12-2021 Acta Sesi\u00f3n 29-12-2021Acta Sesi\u00f3n 25-11-2020Acta Sesi\u00f3n 28-10-2021Acta Sesi\u00f3n 30-09-2021Acta Sesi\u00f3n 15-07-2021 Acta Sesi\u00f3n 29-07-2021Acta Sesi\u00f3n 30-06-2021Acta Sesi\u00f3n 27-05-2021Acta Sesi\u00f3n 16-04-2021 Acta Sesi\u00f3n 29-04-2021Acta Sesi\u00f3n 04-03-2021 Acta Sesi\u00f3n 25-03-2021Acta Sesi\u00f3n 11-02-2021Acta Sesi\u00f3n 04-01-2021 Acta Sesi\u00f3n 28-01-20212020Acta Sesi\u00f3n 28-12-2020Acta Sesi\u00f3n 26-11-2020Acta Sesi\u00f3n 29-10-2020Acta Sesi\u00f3n 24-09-2020Acta Sesi\u00f3n 27-07-2020Acta Sesi\u00f3n 03-06-2020Acta Sesi\u00f3n 28-05-2020Acta Sesi\u00f3n 13-04-2020Acta Sesi\u00f3n 12-03-2020Acta Sesi\u00f3n 27-02-2020Acta Sesi\u00f3n 16-01-2020 Acta Sesi\u00f3n 30-01-20202019Acta Sesi\u00f3n 02-12-2019 Acta Sesi\u00f3n 19-12-2019Acta Sesi\u00f3n 28-11-2019Acta Sesi\u00f3n 14-10-2019 Acta Sesi\u00f3n 15-10-2019 Acta Sesi\u00f3n 17-10-2019Acta Sesi\u00f3n 25-09-2019Acta Sesi\u00f3n [&hellip;]\" \/>\n<meta property=\"og:site_name\" content=\"Ajuntament d&#039;Albal\" \/>\n<meta property=\"article:publisher\" content=\"https:\/\/facebook.com\/AjuntamentAlbal\/\" \/>\n<meta property=\"article:modified_time\" content=\"2025-12-10T11:53:16+00:00\" \/>\n<meta property=\"og:image\" content=\"https:\/\/albal.es\/content-albal\/uploads\/2020\/06\/logo-ayuntamiento-albal.png\" \/>\n\t<meta property=\"og:image:width\" content=\"367\" \/>\n\t<meta property=\"og:image:height\" content=\"332\" \/>\n\t<meta property=\"og:image:type\" content=\"image\/png\" \/>\n<meta name=\"twitter:card\" content=\"summary_large_image\" \/>\n<meta name=\"twitter:label1\" content=\"Tiempo de lectura\" \/>\n\t<meta name=\"twitter:data1\" content=\"40 minutos\" \/>\n\t<meta name=\"twitter:label2\" content=\"Written by\" \/>\n\t<meta name=\"twitter:data2\" content=\"Carmen Chilet, Carmen Mar\u00eda \u00c1lvarez\" \/>\n<script type=\"application\/ld+json\" class=\"yoast-schema-graph\">{\"@context\":\"https:\\\/\\\/schema.org\",\"@graph\":[{\"@type\":\"WebPage\",\"@id\":\"https:\\\/\\\/albal.es\\\/es\\\/actas-plenos\\\/\",\"url\":\"https:\\\/\\\/albal.es\\\/es\\\/actas-plenos\\\/\",\"name\":\"Actas Plenos - Ajuntament d&#039;Albal\",\"isPartOf\":{\"@id\":\"https:\\\/\\\/albal.es\\\/es\\\/#website\"},\"datePublished\":\"2024-08-26T11:15:24+00:00\",\"dateModified\":\"2025-12-10T11:53:16+00:00\",\"breadcrumb\":{\"@id\":\"https:\\\/\\\/albal.es\\\/es\\\/actas-plenos\\\/#breadcrumb\"},\"inLanguage\":\"es\",\"potentialAction\":[{\"@type\":\"ReadAction\",\"target\":[\"https:\\\/\\\/albal.es\\\/es\\\/actas-plenos\\\/\"]}]},{\"@type\":\"BreadcrumbList\",\"@id\":\"https:\\\/\\\/albal.es\\\/es\\\/actas-plenos\\\/#breadcrumb\",\"itemListElement\":[{\"@type\":\"ListItem\",\"position\":1,\"name\":\"Inici\",\"item\":\"https:\\\/\\\/albal.es\\\/es\\\/\"},{\"@type\":\"ListItem\",\"position\":2,\"name\":\"Actas Plenos\"}]},{\"@type\":\"WebSite\",\"@id\":\"https:\\\/\\\/albal.es\\\/es\\\/#website\",\"url\":\"https:\\\/\\\/albal.es\\\/es\\\/\",\"name\":\"Ajuntament d&#039;Albal\",\"description\":\"Ajuntament d&#039;Albal\",\"publisher\":{\"@id\":\"https:\\\/\\\/albal.es\\\/es\\\/#organization\"},\"potentialAction\":[{\"@type\":\"SearchAction\",\"target\":{\"@type\":\"EntryPoint\",\"urlTemplate\":\"https:\\\/\\\/albal.es\\\/es\\\/?s={search_term_string}\"},\"query-input\":{\"@type\":\"PropertyValueSpecification\",\"valueRequired\":true,\"valueName\":\"search_term_string\"}}],\"inLanguage\":\"es\"},{\"@type\":\"Organization\",\"@id\":\"https:\\\/\\\/albal.es\\\/es\\\/#organization\",\"name\":\"Ajuntament d'Albal - Valencia\",\"url\":\"https:\\\/\\\/albal.es\\\/es\\\/\",\"logo\":{\"@type\":\"ImageObject\",\"inLanguage\":\"es\",\"@id\":\"https:\\\/\\\/albal.es\\\/es\\\/#\\\/schema\\\/logo\\\/image\\\/\",\"url\":\"https:\\\/\\\/albal.es\\\/content-albal\\\/uploads\\\/2020\\\/06\\\/logo-ayuntamiento-albal.png\",\"contentUrl\":\"https:\\\/\\\/albal.es\\\/content-albal\\\/uploads\\\/2020\\\/06\\\/logo-ayuntamiento-albal.png\",\"width\":367,\"height\":332,\"caption\":\"Ajuntament d'Albal - Valencia\"},\"image\":{\"@id\":\"https:\\\/\\\/albal.es\\\/es\\\/#\\\/schema\\\/logo\\\/image\\\/\"},\"sameAs\":[\"https:\\\/\\\/facebook.com\\\/AjuntamentAlbal\\\/\"]}]}<\/script>\n<!-- \/ Yoast SEO plugin. -->","yoast_head_json":{"title":"Actas Plenos - Ajuntament d&#039;Albal","robots":{"index":"index","follow":"follow","max-snippet":"max-snippet:-1","max-image-preview":"max-image-preview:large","max-video-preview":"max-video-preview:-1"},"canonical":"https:\/\/albal.es\/es\/actas-plenos\/","og_locale":"es_ES","og_type":"article","og_title":"Actas Plenos - Ajuntament d&#039;Albal","og_description":"Actas Plenos &nbsp; \u00a0ACTAS PLENOS2025Acta 30_10_2025Acta 04_08_2025 Extraord.Acta 09 24_07_2025 Ord.Acta 09 25_06_2025 Acta 08 25_06_2025 Extraord.Acta 05 20_05_2025 Extraord. Acta 07 30_05_2025 Extraord. y urgenteActa 04 29-04-2025Acta 03 27-03-2025Acta 02 27-02-2025Acta 01 30-01-20252024Acta sesi\u00f3n 15 19-12-2024Acta sesi\u00f3n 14 28-11-2024 Acta sesi\u00f3n 12 07-11-2024Acta sesi\u00f3n 11 26-09-2024Acta sesi\u00f3n 09 27-06-2024 Acta sesi\u00f3n 08 10-06-2024Acta sesi\u00f3n 07 30-05-2024. pdf Acta sesi\u00f3n 06 14-05-2024 Ext y urg. pdf Acta sesi\u00f3n 05 14-05-2024 Sorteo eleccionesActa sesi\u00f3n 04 25-04-2024Acta sesi\u00f3n 03 26-03-2024Acta sesi\u00f3n 02 28-02-2024Acta Sesi\u00f3n 01 25-01-2024 Acta Sesi\u00f3n 01 25-01-20242022Acta Sesi\u00f3n 31-10-2022Acta Sesi\u00f3n 29-09-2022Acta Sesi\u00f3n 04-08-2022Acta Sesi\u00f3n 04-07-2022 Acta Sesi\u00f3n 21-07-2022Acta Sesi\u00f3n 15-06-2022Acta Sesi\u00f3n 16-05-2022 Acta Sesi\u00f3n 26-05-2022Acta Sesi\u00f3n 28-04-2022Acta Sesi\u00f3n 31-03-2022Acta Sesi\u00f3n 24-02-2022Acta Sesi\u00f3n 10-01-2022 Acta Sesi\u00f3n 27-01-20222021Acta Sesi\u00f3n 02-12-2021 Acta Sesi\u00f3n 17-12-2021 Acta Sesi\u00f3n 29-12-2021Acta Sesi\u00f3n 25-11-2020Acta Sesi\u00f3n 28-10-2021Acta Sesi\u00f3n 30-09-2021Acta Sesi\u00f3n 15-07-2021 Acta Sesi\u00f3n 29-07-2021Acta Sesi\u00f3n 30-06-2021Acta Sesi\u00f3n 27-05-2021Acta Sesi\u00f3n 16-04-2021 Acta Sesi\u00f3n 29-04-2021Acta Sesi\u00f3n 04-03-2021 Acta Sesi\u00f3n 25-03-2021Acta Sesi\u00f3n 11-02-2021Acta Sesi\u00f3n 04-01-2021 Acta Sesi\u00f3n 28-01-20212020Acta Sesi\u00f3n 28-12-2020Acta Sesi\u00f3n 26-11-2020Acta Sesi\u00f3n 29-10-2020Acta Sesi\u00f3n 24-09-2020Acta Sesi\u00f3n 27-07-2020Acta Sesi\u00f3n 03-06-2020Acta Sesi\u00f3n 28-05-2020Acta Sesi\u00f3n 13-04-2020Acta Sesi\u00f3n 12-03-2020Acta Sesi\u00f3n 27-02-2020Acta Sesi\u00f3n 16-01-2020 Acta Sesi\u00f3n 30-01-20202019Acta Sesi\u00f3n 02-12-2019 Acta Sesi\u00f3n 19-12-2019Acta Sesi\u00f3n 28-11-2019Acta Sesi\u00f3n 14-10-2019 Acta Sesi\u00f3n 15-10-2019 Acta Sesi\u00f3n 17-10-2019Acta Sesi\u00f3n 25-09-2019Acta Sesi\u00f3n [&hellip;]","og_site_name":"Ajuntament d&#039;Albal","article_publisher":"https:\/\/facebook.com\/AjuntamentAlbal\/","article_modified_time":"2025-12-10T11:53:16+00:00","og_image":[{"width":367,"height":332,"url":"https:\/\/albal.es\/content-albal\/uploads\/2020\/06\/logo-ayuntamiento-albal.png","type":"image\/png"}],"twitter_card":"summary_large_image","twitter_misc":{"Tiempo de lectura":"40 minutos","Written by":"Carmen Chilet, Carmen Mar\u00eda \u00c1lvarez"},"schema":{"@context":"https:\/\/schema.org","@graph":[{"@type":"WebPage","@id":"https:\/\/albal.es\/es\/actas-plenos\/","url":"https:\/\/albal.es\/es\/actas-plenos\/","name":"Actas Plenos - Ajuntament d&#039;Albal","isPartOf":{"@id":"https:\/\/albal.es\/es\/#website"},"datePublished":"2024-08-26T11:15:24+00:00","dateModified":"2025-12-10T11:53:16+00:00","breadcrumb":{"@id":"https:\/\/albal.es\/es\/actas-plenos\/#breadcrumb"},"inLanguage":"es","potentialAction":[{"@type":"ReadAction","target":["https:\/\/albal.es\/es\/actas-plenos\/"]}]},{"@type":"BreadcrumbList","@id":"https:\/\/albal.es\/es\/actas-plenos\/#breadcrumb","itemListElement":[{"@type":"ListItem","position":1,"name":"Inici","item":"https:\/\/albal.es\/es\/"},{"@type":"ListItem","position":2,"name":"Actas Plenos"}]},{"@type":"WebSite","@id":"https:\/\/albal.es\/es\/#website","url":"https:\/\/albal.es\/es\/","name":"Ajuntament d&#039;Albal","description":"Ajuntament d&#039;Albal","publisher":{"@id":"https:\/\/albal.es\/es\/#organization"},"potentialAction":[{"@type":"SearchAction","target":{"@type":"EntryPoint","urlTemplate":"https:\/\/albal.es\/es\/?s={search_term_string}"},"query-input":{"@type":"PropertyValueSpecification","valueRequired":true,"valueName":"search_term_string"}}],"inLanguage":"es"},{"@type":"Organization","@id":"https:\/\/albal.es\/es\/#organization","name":"Ajuntament d'Albal - Valencia","url":"https:\/\/albal.es\/es\/","logo":{"@type":"ImageObject","inLanguage":"es","@id":"https:\/\/albal.es\/es\/#\/schema\/logo\/image\/","url":"https:\/\/albal.es\/content-albal\/uploads\/2020\/06\/logo-ayuntamiento-albal.png","contentUrl":"https:\/\/albal.es\/content-albal\/uploads\/2020\/06\/logo-ayuntamiento-albal.png","width":367,"height":332,"caption":"Ajuntament d'Albal - Valencia"},"image":{"@id":"https:\/\/albal.es\/es\/#\/schema\/logo\/image\/"},"sameAs":["https:\/\/facebook.com\/AjuntamentAlbal\/"]}]}},"publishpress_future_workflow_manual_trigger":{"enabledWorkflows":[]},"_links":{"self":[{"href":"https:\/\/albal.es\/es\/wp-json\/wp\/v2\/pages\/57052","targetHints":{"allow":["GET"]}}],"collection":[{"href":"https:\/\/albal.es\/es\/wp-json\/wp\/v2\/pages"}],"about":[{"href":"https:\/\/albal.es\/es\/wp-json\/wp\/v2\/types\/page"}],"author":[{"embeddable":true,"href":"https:\/\/albal.es\/es\/wp-json\/wp\/v2\/users\/38"}],"replies":[{"embeddable":true,"href":"https:\/\/albal.es\/es\/wp-json\/wp\/v2\/comments?post=57052"}],"version-history":[{"count":0,"href":"https:\/\/albal.es\/es\/wp-json\/wp\/v2\/pages\/57052\/revisions"}],"wp:attachment":[{"href":"https:\/\/albal.es\/es\/wp-json\/wp\/v2\/media?parent=57052"}],"wp:term":[{"taxonomy":"author","embeddable":true,"href":"https:\/\/albal.es\/es\/wp-json\/wp\/v2\/coauthors?post=57052"}],"curies":[{"name":"wp","href":"https:\/\/api.w.org\/{rel}","templated":true}]}}