

{"id":56766,"date":"2024-08-02T14:30:32","date_gmt":"2024-08-02T12:30:32","guid":{"rendered":"https:\/\/albal.es\/ordenanzas-i-reglamentos\/"},"modified":"2025-12-05T13:22:31","modified_gmt":"2025-12-05T12:22:31","slug":"ordenanzas-y-reglamentos","status":"publish","type":"page","link":"https:\/\/albal.es\/es\/ordenanzas-y-reglamentos\/","title":{"rendered":"Ordenanzas y Reglamentos"},"content":{"rendered":"<p>[et_pb_section fb_built=\u00bb1&#8243; admin_label=\u00bbCap\u00e7alera\u00bb _builder_version=\u00bb4.18.1&#8243; _module_preset=\u00bbdefault\u00bb background_image=\u00bbhttps:\/\/albal.es\/content-albal\/uploads\/2019\/12\/bg-ayuntamiento.jpg\u00bb global_colors_info=\u00bb{}\u00bb][et_pb_row column_structure=\u00bb1_2,1_2&#8243; _builder_version=\u00bb4.18.1&#8243; _module_preset=\u00bbdefault\u00bb global_colors_info=\u00bb{}\u00bb][et_pb_column type=\u00bb1_2&#8243; _builder_version=\u00bb4.18.1&#8243; _module_preset=\u00bbdefault\u00bb global_colors_info=\u00bb{}\u00bb][et_pb_text admin_label=\u00bbT\u00edtol\u00bb _builder_version=\u00bb4.25.2&#8243; _module_preset=\u00bbdefault\u00bb global_colors_info=\u00bb{}\u00bb]<\/p>\n<h1><span style=\"color: #ffffff;\">Ordenanzas y Reglamentos<br \/><\/span><\/h1>\n<p>&nbsp;<\/p>\n<h3><span style=\"color: #ffffff;\">\u00a0<\/span><\/h3>\n<p>[\/et_pb_text][\/et_pb_column][et_pb_column type=\u00bb1_2&#8243; _builder_version=\u00bb4.18.1&#8243; _module_preset=\u00bbdefault\u00bb global_colors_info=\u00bb{}\u00bb][\/et_pb_column][\/et_pb_row][\/et_pb_section][et_pb_section fb_built=\u00bb1&#8243; admin_label=\u00bbOrdenances\u00bb _builder_version=\u00bb4.18.1&#8243; _module_preset=\u00bbdefault\u00bb min_height=\u00bb352.1px\u00bb custom_padding=\u00bb39px||0px|||\u00bb global_colors_info=\u00bb{}\u00bb][et_pb_row _builder_version=\u00bb4.18.1&#8243; _module_preset=\u00bbdefault\u00bb custom_margin=\u00bb|auto|-17px|auto||\u00bb custom_padding=\u00bb0px|||||\u00bb global_colors_info=\u00bb{}\u00bb][et_pb_column type=\u00bb4_4&#8243; _builder_version=\u00bb4.18.1&#8243; _module_preset=\u00bbdefault\u00bb global_colors_info=\u00bb{}\u00bb][et_pb_text admin_label=\u00bbT\u00edtol\u00bb _builder_version=\u00bb4.25.2&#8243; _module_preset=\u00bbdefault\u00bb text_orientation=\u00bbcenter\u00bb global_colors_info=\u00bb{}\u00bb]<\/p>\n<h1><strong>ORDENANZAS<\/strong><\/h1>\n<p>[\/et_pb_text][et_pb_accordion admin_label=\u00bbDocuments\u00bb _builder_version=\u00bb4.27.4&#8243; _module_preset=\u00bbdefault\u00bb hover_enabled=\u00bb0&#8243; global_colors_info=\u00bb{}\u00bb sticky_enabled=\u00bb0&#8243;][et_pb_accordion_item title=\u00bbORDENANZA GENERAL DE SUBVENCIONES\u00bb open=\u00bbon\u00bb _builder_version=\u00bb4.25.2&#8243; _module_preset=\u00bbdefault\u00bb global_colors_info=\u00bb{}\u00bb]<\/p>\n<p><a class=\"pdf\" href=\"https:\/\/albal.es\/content-albal\/uploads\/2024\/08\/ORDENANCA-GENERAL-DE-SUBVENCIONS.pdf\" target=\"_blank\" rel=\"attachment noopener wp-att-56751\">Ordenanza General de Subvenciones<\/a><\/p>\n<p>[\/et_pb_accordion_item][et_pb_accordion_item title=\u00bbOrdenanza Fiscal Reguladora de la Tasa por  la Venta en Mercados Tradicionales, Mercadillos, y cualquier otro tipo de Venta no Sedentaria\u00bb _builder_version=\u00bb4.27.3&#8243; _module_preset=\u00bbdefault\u00bb global_colors_info=\u00bb{}\u00bb open=\u00bboff\u00bb]<\/p>\n<p><a class=\"pdf\" href=\"https:\/\/albal.es\/content-albal\/uploads\/2024\/11\/Ordenanza-Fiscal-Reguladora-de-la-Tasa-por-la-Venta-en-Mercados-Tradicionales-Mercadillos-y-cualquier-otro-tipo-de-Venta-no-Sedentaria.pdf\" rel=\"attachment wp-att-58192\">Ordenanza Fiscal Reguladora de la Tasa por la Venta en Mercados Tradicionales, Mercadillos, y cualquier otro tipo de Venta no Sedentaria<\/a><\/p>\n<p>[\/et_pb_accordion_item][et_pb_accordion_item title=\u00bbOrdenanza Fiscal Reguladora de la Tasa por  servicios vinculados con el ejercicio de actividades y apertura de establecimientos\u00bb _builder_version=\u00bb4.27.3&#8243; _module_preset=\u00bbdefault\u00bb global_colors_info=\u00bb{}\u00bb open=\u00bboff\u00bb]<\/p>\n<p><a class=\"pdf\" href=\"https:\/\/albal.es\/content-albal\/uploads\/2024\/11\/Ordenanza-Fiscal-Reguladora-de-la-Tasa-por-servicios-vinculados-con-el-ejercicio-de-actividades-y-apertura-de-establecimientos.pdf\" rel=\"attachment wp-att-58194\">Ordenanza Fiscal Reguladora de la Tasa por servicios vinculados con el ejercicio de actividades y apertura de establecimientos<\/a><\/p>\n<p>[\/et_pb_accordion_item][et_pb_accordion_item title=\u00bbOrdenanza Fiscal Reguladora de la Tasa por Entradas de Veh\u00edculos a trav\u00e9s de las aceras y Reservas de V\u00eda P\u00fablica\u00bb _builder_version=\u00bb4.27.3&#8243; _module_preset=\u00bbdefault\u00bb global_colors_info=\u00bb{}\u00bb open=\u00bboff\u00bb]<\/p>\n<p><a class=\"pdf\" href=\"https:\/\/albal.es\/content-albal\/uploads\/2024\/11\/Ordenanza-Fiscal-Reguladora-de-la-Tasa-por-Entradas-de-Vehiculos-a-traves-de-las-aceras-y-Reservas-de-Via-Publica.pdf\" rel=\"attachment wp-att-58196\">Ordenanza Fiscal Reguladora de la Tasa por Entradas de Veh\u00edculos a trav\u00e9s de las aceras y Reservas de V\u00eda P\u00fablica<\/a><\/p>\n<p>[\/et_pb_accordion_item][et_pb_accordion_item title=\u00bbOrdenanza Fiscal Reguladora de la Tasa por Expedici\u00f3n de Documentos Administrativos\u00bb _builder_version=\u00bb4.27.3&#8243; _module_preset=\u00bbdefault\u00bb global_colors_info=\u00bb{}\u00bb open=\u00bboff\u00bb]<\/p>\n<p><a class=\"pdf\" href=\"https:\/\/albal.es\/content-albal\/uploads\/2024\/11\/Ordenanza-Fiscal-Reguladora-de-la-Tasa-por-Expedicion-de-Documentos-Administrativo.pdf\" rel=\"attachment wp-att-58198\">Ordenanza Fiscal Reguladora de la Tasa por Expedici\u00f3n de Documentos Administrativo<\/a><\/p>\n<p>[\/et_pb_accordion_item][et_pb_accordion_item title=\u00bbOrdenanza Fiscal Reguladora de la Tasa por la Prestaci\u00f3n de Servicios Administrativos en Procesos de Selecci\u00f3n de Personal\u00bb _builder_version=\u00bb4.27.3&#8243; _module_preset=\u00bbdefault\u00bb global_colors_info=\u00bb{}\u00bb open=\u00bboff\u00bb]<\/p>\n<p><a class=\"pdf\" href=\"https:\/\/albal.es\/content-albal\/uploads\/2024\/11\/Ordenanza-Fiscal-Reguladora-de-la-Tasa-por-la-Prestacion-de-Servicios-Administrativos-en-Procesos-de-Seleccion-de-Personal.pdf\" rel=\"attachment wp-att-58200\">Ordenanza Fiscal Reguladora de la Tasa por la Prestaci\u00f3n de Servicios Administrativos en Procesos de Selecci\u00f3n de Personal<\/a><\/p>\n<p>[\/et_pb_accordion_item][et_pb_accordion_item title=\u00bbOrdenanza Fiscal Reguladora de la Tasa por la retirada de Veh\u00edculos de la V\u00eda P\u00fablica\u00bb _builder_version=\u00bb4.27.3&#8243; _module_preset=\u00bbdefault\u00bb global_colors_info=\u00bb{}\u00bb open=\u00bboff\u00bb]<\/p>\n<p><a class=\"pdf\" href=\"https:\/\/albal.es\/content-albal\/uploads\/2024\/11\/Ordenanza-Fiscal-Reguladora-de-la-Tasa-por-la-retirada-de-Vehiculos-de-la-Via-Publica.pdf\" rel=\"attachment wp-att-58202\">Ordenanza Fiscal Reguladora de la Tasa por la retirada de Veh\u00edculos de la V\u00eda P\u00fablica<\/a><\/p>\n<p>[\/et_pb_accordion_item][et_pb_accordion_item title=\u00bbOrdenanza Fiscal Reguladora de la Tasa por Licencias Urban\u00edsticas\u00bb _builder_version=\u00bb4.27.3&#8243; _module_preset=\u00bbdefault\u00bb global_colors_info=\u00bb{}\u00bb open=\u00bboff\u00bb]<\/p>\n<p><a class=\"pdf\" href=\"https:\/\/albal.es\/content-albal\/uploads\/2024\/11\/Ordenanza-Fiscal-Reguladora-de-la-Tasa-por-Licencias-Urbanisticas.pdf\" rel=\"attachment wp-att-58208\">Ordenanza Fiscal Reguladora de la Tasa por Licencias Urban\u00edsticas<\/a><\/p>\n<p>[\/et_pb_accordion_item][et_pb_accordion_item title=\u00bbOrdenanza Fiscal Reguladora de la Tasa por Ocupaci\u00f3n del Subsuelo, Suelo y Vuelo\u00bb _builder_version=\u00bb4.27.3&#8243; _module_preset=\u00bbdefault\u00bb global_colors_info=\u00bb{}\u00bb open=\u00bboff\u00bb]<\/p>\n<p><a class=\"pdf\" href=\"https:\/\/albal.es\/content-albal\/uploads\/2024\/11\/Ordenanza-Fiscal-Reguladora-de-la-Tasa-por-Ocupacion-del-Subsuelo-Suelo-y-Vuelo-15.pdf\" rel=\"attachment wp-att-58212\">Ordenanza Fiscal Reguladora de la Tasa por Ocupaci\u00f3n del Subsuelo, Suelo y Vuelo (1,5%)<\/a><\/p>\n<p>[\/et_pb_accordion_item][et_pb_accordion_item title=\u00bbOrdenanza Fiscal Reguladora del Impuesto sobre Actividades Econ\u00f3micas\u00bb _builder_version=\u00bb4.27.3&#8243; _module_preset=\u00bbdefault\u00bb global_colors_info=\u00bb{}\u00bb open=\u00bboff\u00bb]<\/p>\n<p><a class=\"pdf\" href=\"https:\/\/albal.es\/content-albal\/uploads\/2024\/11\/Ordenanza-Fiscal-Reguladora-del-Impuesto-sobre-Actividades-Economicas.pdf\" rel=\"attachment wp-att-58216\">Ordenanza Fiscal Reguladora del Impuesto sobre Actividades Econ\u00f3micas<\/a><\/p>\n<p>[\/et_pb_accordion_item][et_pb_accordion_item title=\u00bbOrdenanza Fiscal Reguladora del Impuesto sobre Construcciones, Instalaciones y Obras\u00bb _builder_version=\u00bb4.27.4&#8243; _module_preset=\u00bbdefault\u00bb hover_enabled=\u00bb0&#8243; global_colors_info=\u00bb{}\u00bb open=\u00bboff\u00bb sticky_enabled=\u00bb0&#8243;]<\/p>\n<p><a class=\"pdf\" href=\"https:\/\/albal.es\/content-albal\/uploads\/2025\/12\/251112_Ordenanza-ICIO.-Redaccion-definitiva_para-web.pdf\" rel=\"attachment wp-att-58220\">Ordenanza Fiscal Reguladora del Impuesto sobre Construcciones, Instalaciones y Obras<\/a><\/p>\n<p>[\/et_pb_accordion_item][et_pb_accordion_item title=\u00bbOrdenanza Fiscal Reguladora del Impuesto sobre el Incremento de Valor de los Terrenos de Naturaleza Urbana\u00bb _builder_version=\u00bb4.27.3&#8243; _module_preset=\u00bbdefault\u00bb global_colors_info=\u00bb{}\u00bb open=\u00bboff\u00bb]<\/p>\n<p><a class=\"pdf\" href=\"https:\/\/albal.es\/content-albal\/uploads\/2024\/11\/Ordenanza-Fiscal-Reguladora-del-Impuesto-sobre-el-Incremento-de-Valor-de-los-Terrenos-de-Naturaleza-Urbana.pdf\" rel=\"attachment wp-att-58222\">Ordenanza Fiscal Reguladora del Impuesto sobre el Incremento de Valor de los Terrenos de Naturaleza Urbana<\/a><\/p>\n<p>[\/et_pb_accordion_item][et_pb_accordion_item title=\u00bbOrdenanza Fiscal Reguladora del Impuesto sobre Veh\u00edculos de Tracci\u00f3n Mec\u00e1nica\u00bb _builder_version=\u00bb4.27.3&#8243; _module_preset=\u00bbdefault\u00bb global_colors_info=\u00bb{}\u00bb open=\u00bboff\u00bb]<\/p>\n<p><a class=\"pdf\" href=\"https:\/\/albal.es\/content-albal\/uploads\/2024\/11\/Ordenanza-Fiscal-Reguladora-del-Impuesto-sobre-Vehiculos-de-Traccion-Mecanica.pdf\" rel=\"attachment wp-att-58224\">Ordenanza Fiscal Reguladora del Impuesto sobre Veh\u00edculos de Tracci\u00f3n Mec\u00e1nica<\/a><\/p>\n<p>[\/et_pb_accordion_item][et_pb_accordion_item title=\u00bbOrdenanza fiscal Reguladora de la Tasa por Ocupacion de la V\u00eda P\u00fablica con mesas y sillas\u00bb _builder_version=\u00bb4.27.3&#8243; _module_preset=\u00bbdefault\u00bb global_colors_info=\u00bb{}\u00bb open=\u00bboff\u00bb]<\/p>\n<p><a class=\"pdf\" href=\"https:\/\/albal.es\/content-albal\/uploads\/2024\/11\/Ordenanza-fiscal-Reguladora-de-la-Tasa-por-Ocupacion-de-la-Via-Publica-con-mesas-y-sillas.pdf\" rel=\"attachment wp-att-58210\">Ordenanza fiscal Reguladora de la Tasa por Ocupacion de la V\u00eda P\u00fablica con mesas y sillas<\/a><\/p>\n<p>[\/et_pb_accordion_item][et_pb_accordion_item title=\u00bbOrdenanza Fiscal Reguladora de la Tasa por la Utilizacion de la Piscina e Instalaciones Deportivas\u00bb _builder_version=\u00bb4.27.3&#8243; _module_preset=\u00bbdefault\u00bb global_colors_info=\u00bb{}\u00bb open=\u00bboff\u00bb]<\/p>\n<p><a class=\"pdf\" href=\"https:\/\/albal.es\/content-albal\/uploads\/2024\/11\/Ordenanza-Fiscal-Reguladora-de-la-Tasa-por-la-Utilizacion-de-la-Piscina-e-Instalaciones-Deportivas.pdf\" rel=\"attachment wp-att-58204\">Ordenanza Fiscal Reguladora de la Tasa por la Utilizacion de la Piscina e Instalaciones Deportivas<\/a><\/p>\n<p>[\/et_pb_accordion_item][et_pb_accordion_item title=\u00bbOrdenanza Fiscal Reguladora de la Tasa por Licencias de Autotaxis y demas Veh\u00edculos de Alquiler\u00bb _builder_version=\u00bb4.27.3&#8243; _module_preset=\u00bbdefault\u00bb global_colors_info=\u00bb{}\u00bb open=\u00bboff\u00bb]<\/p>\n<p><a class=\"pdf\" href=\"https:\/\/albal.es\/content-albal\/uploads\/2024\/11\/Ordenanza-Fiscal-Reguladora-de-la-Tasa-por-Licencias-de-Autotaxis-y-demas-Vehiculos-de-Alquiler.pdf\" rel=\"attachment wp-att-58206\">Ordenanza Fiscal Reguladora de la Tasa por Licencias de Autotaxis y demas Veh\u00edculos de Alquiler<\/a><\/p>\n<p>[\/et_pb_accordion_item][et_pb_accordion_item title=\u00bbOrdenanza General de Recaudaci\u00f3n de Tributos y otros Ingresos de Derecho P\u00fablico del Ayuntamiento de Albal\u00bb _builder_version=\u00bb4.27.3&#8243; _module_preset=\u00bbdefault\u00bb global_colors_info=\u00bb{}\u00bb open=\u00bboff\u00bb]<\/p>\n<p><a class=\"pdf\" href=\"https:\/\/albal.es\/content-albal\/uploads\/2024\/11\/Ordenanza-General-de-Recaudacion-de-Tributos-y-otros-Ingresos-de-Derecho-Publico-del-Ayuntamiento-de-Albal.pdf\" rel=\"attachment wp-att-58226\">Ordenanza General de Recaudacion de Tributos y otros Ingresos de Derecho P\u00fablico del Ayuntamiento de Albal<\/a><\/p>\n<p>[\/et_pb_accordion_item][et_pb_accordion_item title=\u00bbOrdenanza Fiscal Reguladora de la Tasa por Prestaci\u00f3n de Servicio de Cementerio\u00bb _builder_version=\u00bb4.27.3&#8243; _module_preset=\u00bbdefault\u00bb global_colors_info=\u00bb{}\u00bb open=\u00bboff\u00bb]<\/p>\n<p><a class=\"pdf\" href=\"https:\/\/albal.es\/content-albal\/uploads\/2024\/11\/Ordenanza-Fiscal-Reguladora-de-la-Tasa-por-Prestacion-de-Servicio-de-Cementerio.pdf\" rel=\"attachment wp-att-58214\">Ordenanza Fiscal Reguladora de la Tasa por Prestacion de Servicio de Cementerio<\/a><\/p>\n<p>[\/et_pb_accordion_item][et_pb_accordion_item title=\u00bbOrdenanza Fiscal Reguladora del Impuesto sobre Bienes Inmuebles\u00bb _builder_version=\u00bb4.27.4&#8243; _module_preset=\u00bbdefault\u00bb global_colors_info=\u00bb{}\u00bb open=\u00bboff\u00bb]<\/p>\n<p><a class=\"pdf\" href=\"https:\/\/albal.es\/content-albal\/uploads\/2025\/02\/Ordenanza-Fiscal-Reguladora-del-Impuesto-sobre-Bienes-Inmuebles.pdf\" rel=\"attachment wp-att-59461\">Ordenanza Fiscal Reguladora del Impuesto sobre Bienes Inmuebles<\/a><\/p>\n<p>[\/et_pb_accordion_item][et_pb_accordion_item title=\u00bbOrdenanza General de gesti\u00f3n, recaudaci\u00f3n e inspecci\u00f3n de los ingresos de derecho p\u00fablico\u00bb _builder_version=\u00bb4.27.4&#8243; _module_preset=\u00bbdefault\u00bb global_colors_info=\u00bb{}\u00bb open=\u00bboff\u00bb]<\/p>\n<p><a class=\"pdf\" href=\"https:\/\/albal.es\/content-albal\/uploads\/2025\/05\/Ordenanza-General-de-gestion-recaudacion-e-inspeccion-de-los-ingresos-de-derecho-publico.pdf\" rel=\"attachment wp-att-60476\">Ordenanza General de gesti\u00f3n, recaudaci\u00f3n e inspecci\u00f3n de los ingresos de derecho p\u00fablico<\/a><\/p>\n<p>[\/et_pb_accordion_item][et_pb_accordion_item title=\u00bbOrdenanza Reguladora de la Tenencia y Protecci\u00f3n de Animales\u00bb _builder_version=\u00bb4.27.4&#8243; _module_preset=\u00bbdefault\u00bb global_colors_info=\u00bb{}\u00bb open=\u00bboff\u00bb]<\/p>\n<p><a class=\"pdf\" href=\"https:\/\/albal.es\/content-albal\/uploads\/2025\/12\/ORDENANZA_GEN010C.pdf\" target=\"_blank\" rel=\"attachment noopener wp-att-62232\">Ordenanza Reguladora de la Tenencia y Protecci\u00f3n de Animales<\/a><\/p>\n<p>[\/et_pb_accordion_item][\/et_pb_accordion][\/et_pb_column][\/et_pb_row][\/et_pb_section][et_pb_section fb_built=\u00bb1&#8243; admin_label=\u00bbReglaments\u00bb _builder_version=\u00bb4.18.1&#8243; _module_preset=\u00bbdefault\u00bb min_height=\u00bb352.1px\u00bb custom_padding=\u00bb39px||0px|||\u00bb global_colors_info=\u00bb{}\u00bb][et_pb_row _builder_version=\u00bb4.18.1&#8243; _module_preset=\u00bbdefault\u00bb custom_margin=\u00bb|auto|-17px|auto||\u00bb custom_padding=\u00bb0px|||||\u00bb global_colors_info=\u00bb{}\u00bb][et_pb_column type=\u00bb4_4&#8243; _builder_version=\u00bb4.18.1&#8243; _module_preset=\u00bbdefault\u00bb global_colors_info=\u00bb{}\u00bb][et_pb_text admin_label=\u00bbT\u00edtol\u00bb _builder_version=\u00bb4.25.2&#8243; _module_preset=\u00bbdefault\u00bb text_orientation=\u00bbcenter\u00bb global_colors_info=\u00bb{}\u00bb]<\/p>\n<h1><strong>REGLAMENTOS<\/strong><\/h1>\n<p>&nbsp;<\/p>\n<p>[\/et_pb_text][et_pb_accordion admin_label=\u00bbDocuments\u00bb _builder_version=\u00bb4.25.2&#8243; _module_preset=\u00bbdefault\u00bb global_colors_info=\u00bb{}\u00bb][\/et_pb_accordion][\/et_pb_column][\/et_pb_row][\/et_pb_section]<\/p>\n","protected":false},"excerpt":{"rendered":"<p>Ordenanzas y Reglamentos &nbsp; \u00a0ORDENANZASOrdenanza General de SubvencionesOrdenanza Fiscal Reguladora de la Tasa por la Venta en Mercados Tradicionales, Mercadillos, y cualquier otro tipo de Venta no SedentariaOrdenanza Fiscal Reguladora de la Tasa por servicios vinculados con el ejercicio de actividades y apertura de establecimientosOrdenanza Fiscal Reguladora de la Tasa por Entradas de Veh\u00edculos a trav\u00e9s de las aceras y Reservas de V\u00eda P\u00fablicaOrdenanza Fiscal Reguladora de la Tasa por Expedici\u00f3n de Documentos AdministrativoOrdenanza Fiscal Reguladora de la Tasa por la Prestaci\u00f3n de Servicios Administrativos en Procesos de Selecci\u00f3n de PersonalOrdenanza Fiscal Reguladora de la Tasa por la retirada de Veh\u00edculos de la V\u00eda P\u00fablicaOrdenanza Fiscal Reguladora de la Tasa por Licencias Urban\u00edsticasOrdenanza Fiscal Reguladora de la Tasa por Ocupaci\u00f3n del Subsuelo, Suelo y Vuelo (1,5%)Ordenanza Fiscal Reguladora del Impuesto sobre Actividades Econ\u00f3micasOrdenanza Fiscal Reguladora del Impuesto sobre Construcciones, Instalaciones y ObrasOrdenanza Fiscal Reguladora del Impuesto sobre el Incremento de Valor de los Terrenos de Naturaleza UrbanaOrdenanza Fiscal Reguladora del Impuesto sobre Veh\u00edculos de Tracci\u00f3n Mec\u00e1nicaOrdenanza fiscal Reguladora de la Tasa por Ocupacion de la V\u00eda P\u00fablica con mesas y sillasOrdenanza Fiscal Reguladora de la Tasa por la Utilizacion de la Piscina e Instalaciones DeportivasOrdenanza Fiscal Reguladora de la Tasa [&hellip;]<\/p>\n","protected":false},"author":21,"featured_media":0,"parent":0,"menu_order":0,"comment_status":"closed","ping_status":"closed","template":"","meta":{"_acf_changed":false,"_et_pb_use_builder":"on","_et_pb_old_content":"","_et_gb_content_width":"","footnotes":""},"coauthors":[75,72,94,99],"class_list":["post-56766","page","type-page","status-publish","hentry"],"acf":[],"yoast_head":"<!-- This site is optimized with the Yoast SEO plugin v27.4 - https:\/\/yoast.com\/product\/yoast-seo-wordpress\/ -->\n<title>Ordenanzas y Reglamentos - Ajuntament d&#039;Albal<\/title>\n<meta name=\"robots\" content=\"index, follow, max-snippet:-1, max-image-preview:large, max-video-preview:-1\" \/>\n<link rel=\"canonical\" href=\"https:\/\/albal.es\/es\/ordenanzas-y-reglamentos\/\" \/>\n<meta property=\"og:locale\" content=\"es_ES\" \/>\n<meta property=\"og:type\" content=\"article\" \/>\n<meta property=\"og:title\" content=\"Ordenanzas y Reglamentos - Ajuntament d&#039;Albal\" \/>\n<meta property=\"og:description\" content=\"Ordenanzas y Reglamentos &nbsp; \u00a0ORDENANZASOrdenanza General de SubvencionesOrdenanza Fiscal Reguladora de la Tasa por la Venta en Mercados Tradicionales, Mercadillos, y cualquier otro tipo de Venta no SedentariaOrdenanza Fiscal Reguladora de la Tasa por servicios vinculados con el ejercicio de actividades y apertura de establecimientosOrdenanza Fiscal Reguladora de la Tasa por Entradas de Veh\u00edculos a trav\u00e9s de las aceras y Reservas de V\u00eda P\u00fablicaOrdenanza Fiscal Reguladora de la Tasa por Expedici\u00f3n de Documentos AdministrativoOrdenanza Fiscal Reguladora de la Tasa por la Prestaci\u00f3n de Servicios Administrativos en Procesos de Selecci\u00f3n de PersonalOrdenanza Fiscal Reguladora de la Tasa por la retirada de Veh\u00edculos de la V\u00eda P\u00fablicaOrdenanza Fiscal Reguladora de la Tasa por Licencias Urban\u00edsticasOrdenanza Fiscal Reguladora de la Tasa por Ocupaci\u00f3n del Subsuelo, Suelo y Vuelo (1,5%)Ordenanza Fiscal Reguladora del Impuesto sobre Actividades Econ\u00f3micasOrdenanza Fiscal Reguladora del Impuesto sobre Construcciones, Instalaciones y ObrasOrdenanza Fiscal Reguladora del Impuesto sobre el Incremento de Valor de los Terrenos de Naturaleza UrbanaOrdenanza Fiscal Reguladora del Impuesto sobre Veh\u00edculos de Tracci\u00f3n Mec\u00e1nicaOrdenanza fiscal Reguladora de la Tasa por Ocupacion de la V\u00eda P\u00fablica con mesas y sillasOrdenanza Fiscal Reguladora de la Tasa por la Utilizacion de la Piscina e Instalaciones DeportivasOrdenanza Fiscal Reguladora de la Tasa [&hellip;]\" \/>\n<meta property=\"og:site_name\" content=\"Ajuntament d&#039;Albal\" \/>\n<meta property=\"article:publisher\" content=\"https:\/\/facebook.com\/AjuntamentAlbal\/\" \/>\n<meta property=\"article:modified_time\" content=\"2025-12-05T12:22:31+00:00\" \/>\n<meta property=\"og:image\" content=\"https:\/\/albal.es\/content-albal\/uploads\/2020\/06\/logo-ayuntamiento-albal.png\" \/>\n\t<meta property=\"og:image:width\" content=\"367\" \/>\n\t<meta property=\"og:image:height\" content=\"332\" \/>\n\t<meta property=\"og:image:type\" content=\"image\/png\" \/>\n<meta name=\"twitter:card\" content=\"summary_large_image\" \/>\n<meta name=\"twitter:label1\" content=\"Tiempo de lectura\" \/>\n\t<meta name=\"twitter:data1\" content=\"7 minutos\" \/>\n\t<meta name=\"twitter:label2\" content=\"Written by\" \/>\n\t<meta name=\"twitter:data2\" content=\"Gonzalo Galiana, Josefi Camarena, Teresa Mart\u00ednez Parra, Maribel Benajes Garc\u00eda\" \/>\n<script type=\"application\/ld+json\" class=\"yoast-schema-graph\">{\"@context\":\"https:\\\/\\\/schema.org\",\"@graph\":[{\"@type\":\"WebPage\",\"@id\":\"https:\\\/\\\/albal.es\\\/es\\\/ordenanzas-y-reglamentos\\\/\",\"url\":\"https:\\\/\\\/albal.es\\\/es\\\/ordenanzas-y-reglamentos\\\/\",\"name\":\"Ordenanzas y Reglamentos - Ajuntament d&#039;Albal\",\"isPartOf\":{\"@id\":\"https:\\\/\\\/albal.es\\\/es\\\/#website\"},\"datePublished\":\"2024-08-02T12:30:32+00:00\",\"dateModified\":\"2025-12-05T12:22:31+00:00\",\"breadcrumb\":{\"@id\":\"https:\\\/\\\/albal.es\\\/es\\\/ordenanzas-y-reglamentos\\\/#breadcrumb\"},\"inLanguage\":\"es\",\"potentialAction\":[{\"@type\":\"ReadAction\",\"target\":[\"https:\\\/\\\/albal.es\\\/es\\\/ordenanzas-y-reglamentos\\\/\"]}]},{\"@type\":\"BreadcrumbList\",\"@id\":\"https:\\\/\\\/albal.es\\\/es\\\/ordenanzas-y-reglamentos\\\/#breadcrumb\",\"itemListElement\":[{\"@type\":\"ListItem\",\"position\":1,\"name\":\"Inici\",\"item\":\"https:\\\/\\\/albal.es\\\/es\\\/\"},{\"@type\":\"ListItem\",\"position\":2,\"name\":\"Ordenanzas y Reglamentos\"}]},{\"@type\":\"WebSite\",\"@id\":\"https:\\\/\\\/albal.es\\\/es\\\/#website\",\"url\":\"https:\\\/\\\/albal.es\\\/es\\\/\",\"name\":\"Ajuntament d&#039;Albal\",\"description\":\"Ajuntament d&#039;Albal\",\"publisher\":{\"@id\":\"https:\\\/\\\/albal.es\\\/es\\\/#organization\"},\"potentialAction\":[{\"@type\":\"SearchAction\",\"target\":{\"@type\":\"EntryPoint\",\"urlTemplate\":\"https:\\\/\\\/albal.es\\\/es\\\/?s={search_term_string}\"},\"query-input\":{\"@type\":\"PropertyValueSpecification\",\"valueRequired\":true,\"valueName\":\"search_term_string\"}}],\"inLanguage\":\"es\"},{\"@type\":\"Organization\",\"@id\":\"https:\\\/\\\/albal.es\\\/es\\\/#organization\",\"name\":\"Ajuntament d'Albal - Valencia\",\"url\":\"https:\\\/\\\/albal.es\\\/es\\\/\",\"logo\":{\"@type\":\"ImageObject\",\"inLanguage\":\"es\",\"@id\":\"https:\\\/\\\/albal.es\\\/es\\\/#\\\/schema\\\/logo\\\/image\\\/\",\"url\":\"https:\\\/\\\/albal.es\\\/content-albal\\\/uploads\\\/2020\\\/06\\\/logo-ayuntamiento-albal.png\",\"contentUrl\":\"https:\\\/\\\/albal.es\\\/content-albal\\\/uploads\\\/2020\\\/06\\\/logo-ayuntamiento-albal.png\",\"width\":367,\"height\":332,\"caption\":\"Ajuntament d'Albal - Valencia\"},\"image\":{\"@id\":\"https:\\\/\\\/albal.es\\\/es\\\/#\\\/schema\\\/logo\\\/image\\\/\"},\"sameAs\":[\"https:\\\/\\\/facebook.com\\\/AjuntamentAlbal\\\/\"]}]}<\/script>\n<!-- \/ Yoast SEO plugin. -->","yoast_head_json":{"title":"Ordenanzas y Reglamentos - Ajuntament d&#039;Albal","robots":{"index":"index","follow":"follow","max-snippet":"max-snippet:-1","max-image-preview":"max-image-preview:large","max-video-preview":"max-video-preview:-1"},"canonical":"https:\/\/albal.es\/es\/ordenanzas-y-reglamentos\/","og_locale":"es_ES","og_type":"article","og_title":"Ordenanzas y Reglamentos - Ajuntament d&#039;Albal","og_description":"Ordenanzas y Reglamentos &nbsp; \u00a0ORDENANZASOrdenanza General de SubvencionesOrdenanza Fiscal Reguladora de la Tasa por la Venta en Mercados Tradicionales, Mercadillos, y cualquier otro tipo de Venta no SedentariaOrdenanza Fiscal Reguladora de la Tasa por servicios vinculados con el ejercicio de actividades y apertura de establecimientosOrdenanza Fiscal Reguladora de la Tasa por Entradas de Veh\u00edculos a trav\u00e9s de las aceras y Reservas de V\u00eda P\u00fablicaOrdenanza Fiscal Reguladora de la Tasa por Expedici\u00f3n de Documentos AdministrativoOrdenanza Fiscal Reguladora de la Tasa por la Prestaci\u00f3n de Servicios Administrativos en Procesos de Selecci\u00f3n de PersonalOrdenanza Fiscal Reguladora de la Tasa por la retirada de Veh\u00edculos de la V\u00eda P\u00fablicaOrdenanza Fiscal Reguladora de la Tasa por Licencias Urban\u00edsticasOrdenanza Fiscal Reguladora de la Tasa por Ocupaci\u00f3n del Subsuelo, Suelo y Vuelo (1,5%)Ordenanza Fiscal Reguladora del Impuesto sobre Actividades Econ\u00f3micasOrdenanza Fiscal Reguladora del Impuesto sobre Construcciones, Instalaciones y ObrasOrdenanza Fiscal Reguladora del Impuesto sobre el Incremento de Valor de los Terrenos de Naturaleza UrbanaOrdenanza Fiscal Reguladora del Impuesto sobre Veh\u00edculos de Tracci\u00f3n Mec\u00e1nicaOrdenanza fiscal Reguladora de la Tasa por Ocupacion de la V\u00eda P\u00fablica con mesas y sillasOrdenanza Fiscal Reguladora de la Tasa por la Utilizacion de la Piscina e Instalaciones DeportivasOrdenanza Fiscal Reguladora de la Tasa [&hellip;]","og_site_name":"Ajuntament d&#039;Albal","article_publisher":"https:\/\/facebook.com\/AjuntamentAlbal\/","article_modified_time":"2025-12-05T12:22:31+00:00","og_image":[{"width":367,"height":332,"url":"https:\/\/albal.es\/content-albal\/uploads\/2020\/06\/logo-ayuntamiento-albal.png","type":"image\/png"}],"twitter_card":"summary_large_image","twitter_misc":{"Tiempo de lectura":"7 minutos","Written by":"Gonzalo Galiana, Josefi Camarena, Teresa Mart\u00ednez Parra, Maribel Benajes Garc\u00eda"},"schema":{"@context":"https:\/\/schema.org","@graph":[{"@type":"WebPage","@id":"https:\/\/albal.es\/es\/ordenanzas-y-reglamentos\/","url":"https:\/\/albal.es\/es\/ordenanzas-y-reglamentos\/","name":"Ordenanzas y Reglamentos - Ajuntament d&#039;Albal","isPartOf":{"@id":"https:\/\/albal.es\/es\/#website"},"datePublished":"2024-08-02T12:30:32+00:00","dateModified":"2025-12-05T12:22:31+00:00","breadcrumb":{"@id":"https:\/\/albal.es\/es\/ordenanzas-y-reglamentos\/#breadcrumb"},"inLanguage":"es","potentialAction":[{"@type":"ReadAction","target":["https:\/\/albal.es\/es\/ordenanzas-y-reglamentos\/"]}]},{"@type":"BreadcrumbList","@id":"https:\/\/albal.es\/es\/ordenanzas-y-reglamentos\/#breadcrumb","itemListElement":[{"@type":"ListItem","position":1,"name":"Inici","item":"https:\/\/albal.es\/es\/"},{"@type":"ListItem","position":2,"name":"Ordenanzas y Reglamentos"}]},{"@type":"WebSite","@id":"https:\/\/albal.es\/es\/#website","url":"https:\/\/albal.es\/es\/","name":"Ajuntament d&#039;Albal","description":"Ajuntament d&#039;Albal","publisher":{"@id":"https:\/\/albal.es\/es\/#organization"},"potentialAction":[{"@type":"SearchAction","target":{"@type":"EntryPoint","urlTemplate":"https:\/\/albal.es\/es\/?s={search_term_string}"},"query-input":{"@type":"PropertyValueSpecification","valueRequired":true,"valueName":"search_term_string"}}],"inLanguage":"es"},{"@type":"Organization","@id":"https:\/\/albal.es\/es\/#organization","name":"Ajuntament d'Albal - Valencia","url":"https:\/\/albal.es\/es\/","logo":{"@type":"ImageObject","inLanguage":"es","@id":"https:\/\/albal.es\/es\/#\/schema\/logo\/image\/","url":"https:\/\/albal.es\/content-albal\/uploads\/2020\/06\/logo-ayuntamiento-albal.png","contentUrl":"https:\/\/albal.es\/content-albal\/uploads\/2020\/06\/logo-ayuntamiento-albal.png","width":367,"height":332,"caption":"Ajuntament d'Albal - Valencia"},"image":{"@id":"https:\/\/albal.es\/es\/#\/schema\/logo\/image\/"},"sameAs":["https:\/\/facebook.com\/AjuntamentAlbal\/"]}]}},"publishpress_future_workflow_manual_trigger":{"enabledWorkflows":[]},"_links":{"self":[{"href":"https:\/\/albal.es\/es\/wp-json\/wp\/v2\/pages\/56766","targetHints":{"allow":["GET"]}}],"collection":[{"href":"https:\/\/albal.es\/es\/wp-json\/wp\/v2\/pages"}],"about":[{"href":"https:\/\/albal.es\/es\/wp-json\/wp\/v2\/types\/page"}],"author":[{"embeddable":true,"href":"https:\/\/albal.es\/es\/wp-json\/wp\/v2\/users\/21"}],"replies":[{"embeddable":true,"href":"https:\/\/albal.es\/es\/wp-json\/wp\/v2\/comments?post=56766"}],"version-history":[{"count":0,"href":"https:\/\/albal.es\/es\/wp-json\/wp\/v2\/pages\/56766\/revisions"}],"wp:attachment":[{"href":"https:\/\/albal.es\/es\/wp-json\/wp\/v2\/media?parent=56766"}],"wp:term":[{"taxonomy":"author","embeddable":true,"href":"https:\/\/albal.es\/es\/wp-json\/wp\/v2\/coauthors?post=56766"}],"curies":[{"name":"wp","href":"https:\/\/api.w.org\/{rel}","templated":true}]}}