

{"id":566,"date":"2019-12-10T12:52:17","date_gmt":"2019-12-10T11:52:17","guid":{"rendered":"https:\/\/albal.es\/?page_id=566"},"modified":"2025-08-06T09:37:53","modified_gmt":"2025-08-06T07:37:53","slug":"registro-amic","status":"publish","type":"page","link":"https:\/\/albal.es\/es\/areas-y-servicios-2\/secretaria-ayuntamiento\/registro-amic\/","title":{"rendered":"Registro (Atenci\u00f3n Municipal de atenci\u00f3n al ciudadano &#8211; AMIC)"},"content":{"rendered":"<p>[et_pb_section fb_built=\u00bb1&#8243; custom_padding_last_edited=\u00bbon|phone\u00bb admin_label=\u00bbcontent-cab-area\u00bb module_class=\u00bbcontent-cab-area\u00bb _builder_version=\u00bb4.16&#8243; background_color=\u00bb#fafafa\u00bb custom_padding=\u00bb15px||25px||false|false\u00bb custom_padding_tablet=\u00bb\u00bb custom_padding_phone=\u00bb||0px||false|false\u00bb collapsed=\u00bboff\u00bb global_colors_info=\u00bb{}\u00bb][et_pb_row disabled_on=\u00bbon|off|off\u00bb admin_label=\u00bbDesabilitado en moviles (Content migas pan)\u00bb _builder_version=\u00bb4.16&#8243; custom_padding=\u00bb0px||0px||false|false\u00bb locked=\u00bbon\u00bb collapsed=\u00bbon\u00bb global_colors_info=\u00bb{}\u00bb][et_pb_column type=\u00bb4_4&#8243; _builder_version=\u00bb4.16&#8243; global_colors_info=\u00bb{}\u00bb][et_pb_dmb_breadcrumbs admin_label=\u00bbMigas pan\u00bb font_icon=\u00bb%%20%%\u00bb use_home_icon=\u00bboff\u00bb use_home_text=\u00bbon\u00bb home_text=\u00bbInici\u00bb _builder_version=\u00bb4.16&#8243; global_colors_info=\u00bb{}\u00bb][\/et_pb_dmb_breadcrumbs][\/et_pb_column][\/et_pb_row][et_pb_row column_structure=\u00bb1_3,1_3,1_3&#8243; use_custom_gutter=\u00bbon\u00bb make_equal=\u00bbon\u00bb custom_padding_last_edited=\u00bbon|phone\u00bb admin_label=\u00bbcab-area\u00bb module_class=\u00bbcab-area\u00bb _builder_version=\u00bb4.16&#8243; background_enable_image=\u00bboff\u00bb background_size=\u00bbinitial\u00bb background_position=\u00bbcenter_left\u00bb custom_padding=\u00bb25px||0px||false|false\u00bb custom_padding_tablet=\u00bb\u00bb custom_padding_phone=\u00bb15px||||false|false\u00bb border_width_left_tablet=\u00bb\u00bb border_width_left_phone=\u00bb0px\u00bb border_width_left_last_edited=\u00bbon|desktop\u00bb locked=\u00bboff\u00bb global_colors_info=\u00bb{}\u00bb][et_pb_column type=\u00bb1_3&#8243; module_class=\u00bbcontent-tit-area\u00bb _builder_version=\u00bb4.16&#8243; global_colors_info=\u00bb{}\u00bb][et_pb_text admin_label=\u00bbH4, H1&#8243; module_class=\u00bbtit-area\u00bb _builder_version=\u00bb4.16&#8243; custom_margin=\u00bb||20px||false|false\u00bb locked=\u00bbon\u00bb global_colors_info=\u00bb{}\u00bb]<\/p>\n<h4>\u00c1reas y servicios | SECRETAR\u00cdA<\/h4>\n<h1>Registro <em>AMIC<\/em><\/h1>\n<p><strong>(ATENCI\u00d3N MUNICIPAL de INFORMACI\u00d3N AL CIUDADANO)<\/strong>[\/et_pb_text][et_pb_text admin_label=\u00bbIntro\u00bb module_class=\u00bbtit-area\u00bb _builder_version=\u00bb4.16&#8243; global_colors_info=\u00bb{}\u00bb]<strong>Entrada de registro \u00fanico<\/strong> del ayuntamiento de Albal de instancias, solicitudes y documentaci\u00f3n para todo tipo de tr\u00e1mites.<\/p>\n<p>Todos los tr\u00e1mites que se realizan <strong>a trav\u00e9s de instancia<\/strong> PDF (no en sede electr\u00f3nica) se tienen que presentar <strong>presencialmente al Registro AMIC<\/strong>.[\/et_pb_text][\/et_pb_column][et_pb_column type=\u00bb1_3&#8243; module_class=\u00bbcontent-info-interes\u00bb disabled_on=\u00bbon|off|off\u00bb _builder_version=\u00bb4.16&#8243; custom_padding=\u00bb|||30px|false|false\u00bb custom_padding_tablet=\u00bb\u00bb custom_padding_phone=\u00bb|0px||0px|false|false\u00bb custom_padding_last_edited=\u00bbon|desktop\u00bb border_width_left=\u00bb1px\u00bb border_color_left=\u00bb#cccccc\u00bb border_radii_tablet=\u00bb\u00bb border_radii_phone=\u00bb\u00bb border_radii_last_edited=\u00bbon|phone\u00bb border_width_left_tablet=\u00bb\u00bb border_width_left_phone=\u00bb\u00bb border_width_left_last_edited=\u00bbon|phone\u00bb global_colors_info=\u00bb{}\u00bb][et_pb_text admin_label=\u00bbInformacio d&#8217;interes\u00bb module_class=\u00bbtit-info-interes-cab\u00bb _builder_version=\u00bb4.16&#8243; locked=\u00bbon\u00bb global_colors_info=\u00bb{}\u00bb]Informaci\u00f3n de Inter\u00e9s:[\/et_pb_text][et_pb_text admin_label=\u00bbinformacio\u00bb _builder_version=\u00bb4.27.4&#8243; hover_enabled=\u00bb0&#8243; global_colors_info=\u00bb{}\u00bb sticky_enabled=\u00bb0&#8243;]<\/p>\n<p><strong>HORARIO DE VERANO <\/strong>(Del 1 de junio al 31 de agosto):<br \/>De lunes a viernes de 8:30 h a 14:00 h. (N\u00fameros hasta 13:30h)<\/p>\n<p><strong>RESTO DEL A\u00d1O:<\/strong><br \/><strong>Ma\u00f1anas:<\/strong> De lunes a viernes de 8:30 h a 14:00 h.(con cita previa)<br \/><strong>Tardes:<\/strong> Lunes y jueves de 16:00 h a 18:30 h.<\/p>\n<p>[\/et_pb_text][et_pb_cta button_url=\u00bbhttps:\/\/albal.es\/es\/contacto-albal\/\u00bb button_text=\u00bbContacto\u00bb admin_label=\u00bbBoton contacto\u00bb module_class=\u00bbboton-consultas-cab\u00bb _builder_version=\u00bb4.16&#8243; background_enable_color=\u00bboff\u00bb text_orientation=\u00bbleft\u00bb background_layout=\u00bblight\u00bb custom_padding=\u00bb0px|0px|0px|0px|true|true\u00bb locked=\u00bbon\u00bb global_colors_info=\u00bb{}\u00bb]<\/p>\n<h3>Consultas y dudas:<\/h3>\n<p>[\/et_pb_cta][\/et_pb_column][et_pb_column type=\u00bb1_3&#8243; module_class=\u00bbcontent-info-interes-dos\u00bb disabled_on=\u00bbon|off|off\u00bb _builder_version=\u00bb4.16&#8243; custom_padding=\u00bb|||30px|false|false\u00bb custom_padding_tablet=\u00bb|||0px|false|false\u00bb custom_padding_phone=\u00bb|0px||0px|false|false\u00bb custom_padding_last_edited=\u00bbon|desktop\u00bb border_width_left=\u00bb1px\u00bb border_color_left=\u00bb#cccccc\u00bb border_width_left_tablet=\u00bb\u00bb border_width_left_phone=\u00bb\u00bb border_width_left_last_edited=\u00bbon|desktop\u00bb global_colors_info=\u00bb{}\u00bb][et_pb_text disabled_on=\u00bboff|off|off\u00bb admin_label=\u00bbAmic\u00bb module_class=\u00bbamic-cita\u00bb _builder_version=\u00bb4.27.0&#8243; header_4_font=\u00bb||||||||\u00bb header_4_text_color=\u00bb#c40038&#8243; custom_margin=\u00bb||0px||false|false\u00bb custom_padding=\u00bb||15px||false|false\u00bb saved_tabs=\u00bball\u00bb locked=\u00bbon\u00bb global_colors_info=\u00bb{}\u00bb]<\/p>\n<h3><img decoding=\"async\" class=\"wp-image-464 alignnone size-full lazyload\" data-src=\"https:\/\/albal.es\/content-albal\/uploads\/2019\/12\/logo-amic-2.png\" alt=\"\" width=\"135\" height=\"46\" src=\"data:image\/svg+xml;base64,PHN2ZyB3aWR0aD0iMSIgaGVpZ2h0PSIxIiB4bWxucz0iaHR0cDovL3d3dy53My5vcmcvMjAwMC9zdmciPjwvc3ZnPg==\" style=\"--smush-placeholder-width: 135px; --smush-placeholder-aspect-ratio: 135\/46;\" \/><\/h3>\n<h3>Atenci\u00f3 Municipal d&#8217;Informaci\u00f3 Ciutadana<\/h3>\n<h4>REGISTRES I SOL\u00b7LICITUDS<\/h4>\n<p>Pla\u00e7a del Jard\u00ed, 7. Ajuntament d&#8217;Albal &#8211; <strong>Planta baixa<\/strong><br \/>Tel: <strong>96 126 00 56<\/strong> \u00b7 Fax: 96 127 08 61<\/p>\n<p><a class=\"bot-cita-previa\" href=\"https:\/\/citaprevia.albal.es:10090\/\" target=\"_blank\" rel=\"noopener noreferrer\">Cita pr\u00e8via<\/a><br \/><a class=\"bot-seu-electronica\" href=\"https:\/\/albal.sede.dival.es\/\" target=\"_blank\" rel=\"noopener noreferrer\">Seu electr\u00f2nica<\/a><\/p>\n<p>[\/et_pb_text][\/et_pb_column][\/et_pb_row][\/et_pb_section][et_pb_section fb_built=\u00bb1&#8243; admin_label=\u00bb(ancla) #tramites\u00bb module_id=\u00bbtramites\u00bb _builder_version=\u00bb4.16&#8243; background_color=\u00bb#e2e1de\u00bb custom_padding=\u00bb50px||||false|false\u00bb global_colors_info=\u00bb{}\u00bb][et_pb_row admin_label=\u00bb.content-avisos\u00bb module_class=\u00bbcontent-avisos\u00bb _builder_version=\u00bb4.16&#8243; custom_padding=\u00bb0px||||false|false\u00bb locked=\u00bbon\u00bb collapsed=\u00bboff\u00bb global_colors_info=\u00bb{}\u00bb][et_pb_column type=\u00bb4_4&#8243; _builder_version=\u00bb4.16&#8243; global_colors_info=\u00bb{}\u00bb][et_pb_text admin_label=\u00bbTitulo \u00abAvisos, convocat\u00f2ries i tr\u00e0mits actius\u00bb\u00bb _builder_version=\u00bb4.16&#8243; _module_preset=\u00bbdefault\u00bb global_colors_info=\u00bb{}\u00bb]<\/p>\n<h2>Avisos, convocatorias y tr\u00e1mites activos<\/h2>\n<p>[\/et_pb_text][et_pb_cpt_loop_archive loop_layout=\u00bb4914&#8243; fullwidth=\u00bboff\u00bb columns=\u00bb2&#8243; show_pagination=\u00bboff\u00bb new_query=\u00bbon\u00bb post_type=\u00bbtramitambdata\u00bb posts_number=\u00bb999&#8243; include_meta=\u00bbpagina_de_destinacio_data\u00bb include_meta_terms=\u00bb564&#8243; hide_if_no_data=\u00bbon\u00bb order=\u00bbasc\u00bb admin_label=\u00bbAvisos, convocat\u00f2ries i tr\u00e0mits actius\u00bb module_class=\u00bbtramites-fecha tramites-activos-pag\u00bb _builder_version=\u00bb4.16&#8243; headings_text_color=\u00bb#000000&#8243; headings_font_size=\u00bb36px\u00bb custom_padding=\u00bb20px|20px|20px|20px|true|true\u00bb border_radii=\u00bbon|8px|8px|8px|8px\u00bb locked=\u00bboff\u00bb global_colors_info=\u00bb{}\u00bb][\/et_pb_cpt_loop_archive][et_pb_code module_class=\u00bbcontent-mostrar-avisos\u00bb _builder_version=\u00bb4.16&#8243; _module_preset=\u00bbdefault\u00bb locked=\u00bboff\u00bb global_colors_info=\u00bb{}\u00bb]<style>.et_pb_cpt_loop_archive.tramites-activos-pag:before { content:\"Avisos, convocatorias y tr\u00e1mites activos\";}<\/style>[\/et_pb_code][\/et_pb_column][\/et_pb_row][et_pb_row _builder_version=\u00bb4.16&#8243; custom_padding=\u00bb0px||||false|false\u00bb locked=\u00bboff\u00bb global_colors_info=\u00bb{}\u00bb][et_pb_column type=\u00bb4_4&#8243; _builder_version=\u00bb4.16&#8243; global_colors_info=\u00bb{}\u00bb][et_pb_text admin_label=\u00bbTitulo Informacio, tr\u00e0mits i impresos\u00bb module_class=\u00bbtit-seccion\u00bb _builder_version=\u00bb4.16&#8243; locked=\u00bboff\u00bb global_colors_info=\u00bb{}\u00bb]<\/p>\n<h2><img decoding=\"async\" class=\"size-medium alignleft lazyload\" data-src=\"https:\/\/albal.es\/img\/iconos\/impreso-lapiz-45x45.svg\" alt=\"\" width=\"45\" height=\"45\" src=\"data:image\/svg+xml;base64,PHN2ZyB3aWR0aD0iMSIgaGVpZ2h0PSIxIiB4bWxucz0iaHR0cDovL3d3dy53My5vcmcvMjAwMC9zdmciPjwvc3ZnPg==\" style=\"--smush-placeholder-width: 45px; --smush-placeholder-aspect-ratio: 45\/45;\" \/>Informaci\u00f3, tr\u00e0mits i impresos<\/h2>\n<p>[\/et_pb_text][\/et_pb_column][\/et_pb_row][et_pb_row column_structure=\u00bb3_5,2_5&#8243; _builder_version=\u00bb4.16&#8243; custom_padding=\u00bb0px||||false|false\u00bb locked=\u00bboff\u00bb global_colors_info=\u00bb{}\u00bb][et_pb_column type=\u00bb3_5&#8243; _builder_version=\u00bb4.16&#8243; global_colors_info=\u00bb{}\u00bb][et_pb_accordion use_icon_font_size=\u00bbon\u00bb icon_font_size=\u00bb21px\u00bb admin_label=\u00bbTramites (acordeon desplegables)\u00bb _builder_version=\u00bb4.16&#8243; global_colors_info=\u00bb{}\u00bb][et_pb_accordion_item title=\u00bbPresentaci\u00f3n de documentaci\u00f3n dirigida al Ayuntamiento\u00bb open=\u00bbon\u00bb _builder_version=\u00bb4.16&#8243; global_colors_info=\u00bb{}\u00bb]Para presentar documentaci\u00f3n en el ayuntamiento puedes hacerlo a traves de alguno de los sistemas que te detallamos a continuaci\u00f3n:<\/p>\n<ul>\n<li>Person\u00e1ndote en el departamento AMIC del ayuntamiento.<\/li>\n<li>Por burofax.<\/li>\n<li>Por correo.<\/li>\n<li>Telem\u00e1ticamente a trav\u00e9s de la <a href=\"https:\/\/albal.sede.gva.es\/\" target=\"_blank\" rel=\"noopener noreferrer\">Oficina Virtual<\/a>.<\/li>\n<\/ul>\n<p>[\/et_pb_accordion_item][et_pb_accordion_item title=\u00bbPresentaci\u00f3n de documentaci\u00f3n a otras instituciones (Convenio Marco)\u00bb _builder_version=\u00bb4.16&#8243; global_colors_info=\u00bb{}\u00bb open=\u00bboff\u00bb]<\/p>\n<h3>Convenio Marco<\/h3>\n<p>El convenio Marco, es un acuerdo firmado entre el <strong>Ayutanmiento de Albal<\/strong>, <strong>la Administraci\u00f3n de la Generalitat Valenciana y la Administraci\u00f3n del Estado<\/strong> que permite <strong>presentar documentaci\u00f3n dirigida a estos organismos en el propio ayuntamiento<\/strong>, quien se encargar\u00e1 de hacerla llegar a su destino y donde tendr\u00e1 validez la fecha en la que se present\u00f3 en Albal. <strong>Al convenio estan suscritos todos los organismos dependientes de la Generalitat Valenciana y del Estado, no los ayuntamientos ni las diputaciones<\/strong>.<\/p>\n<p><a class=\"enlace pdf\" href=\"https:\/\/albal.es\/ficheros\/pdf\/gen03.pdf\" target=\"_blank\" rel=\"noopener noreferrer\">Instancia de presentaci\u00f3n de documentaci\u00f3n Convenio Marco<\/a><\/p>\n<h3>Procedimiento:<\/h3>\n<p>Debe presentar en este departamento la documentaci\u00f3n que deba enviar a los organismos acompa\u00f1ada de la instancia correspondiente indicando el domicilio completo de destino.[\/et_pb_accordion_item][et_pb_accordion_item title=\u00bbCompulsa de Documentos\u00bb _builder_version=\u00bb4.16&#8243; global_colors_info=\u00bb{}\u00bb open=\u00bboff\u00bb]El Secretario, y por delegaci\u00f3n del mismo, el personal de la AMIC, podr\u00e1n compulsar los documentos que hayan sido emitidos por este Ayuntamiento. Para ello, el interesado deber\u00e1 personarse con:<\/p>\n<ul>\n<li>Original del documento<\/li>\n<li>Fotoc\u00f2pia de l&#8217;original.<\/li>\n<\/ul>\n<h3>Tasa<\/h3>\n<p>La tasa a abonar es de <strong>0\u201930 \u20ac por cada sello<\/strong> de compulsa.<\/p>\n<p>Cuando para la realizaci\u00f3n de cualquier tr\u00e1mite municipal o en la remisi\u00f3n de Convenios Marco (Sistema de Ventanilla \u00danica), sea necesario presentar documentaci\u00f3n compulsada, el funcionario de la AMIC, previa comprobaci\u00f3n de los originales con las fotocopias aportadas por el interesado, realizar\u00e1 la compulsa en el momento en que se presente la solicitud de que se trate.[\/et_pb_accordion_item][et_pb_accordion_item title=\u00bbInscripci\u00f3n en el registro de Uniones de Hecho\u00bb _builder_version=\u00bb4.16&#8243; global_colors_info=\u00bb{}\u00bb open=\u00bboff\u00bb]<\/p>\n<h3>Procedimiento<\/h3>\n<p>Para inscribirse tendr\u00e1n que personarse en el Departamento AMIC los dos miembros que legitimar\u00e1n la uni\u00f3n de hecho, siempre que re\u00fanan los requisitos exigidos en el reglamento y dos testigos mayores de edad.<\/p>\n<h3>Documentaci\u00f3n que se deber\u00e1 acompa\u00f1ar al presentar la instacia:<\/h3>\n<ul>\n<li>DNI de los interesados.<\/li>\n<li>DNI de los testigos.<\/li>\n<li>Certificado de fe de vida y estado que se solicita en el Registro Civil.<\/li>\n<li>Cualquier documentaci\u00f3n que conste en el Reglamento de Uniones de Hecho si fuera el caso.<\/li>\n<\/ul>\n<p><a class=\"enlace pdf\" href=\"https:\/\/albal.es\/ficheros\/pdf\/sec04.pdf\" target=\"_blank\" rel=\"noopener noreferrer\">Instancia de solicitud de registro de uni\u00f3n de hecho<\/a>[\/et_pb_accordion_item][et_pb_accordion_item title=\u00bbInscripci\u00f3n En El Censo Municipal De Animales De Compa\u00f1\u00eda\u00bb _builder_version=\u00bb4.16&#8243; global_colors_info=\u00bb{}\u00bb open=\u00bboff\u00bb]<\/p>\n<h3>Procedimento:<\/h3>\n<p>Para censar a un animal de compa\u00f1\u00eda deber\u00e1 personarse en el Departamento AMIC y aportar la siguiente documentaci\u00f3n:<\/p>\n<ul>\n<li>DNI del propietario del animal.<\/li>\n<li>Pasaporte del animal o cartilla veterinaria.<\/li>\n<li>Tarjeta del RIVIA.<\/li>\n<li>Haber abonado la tasa correspondiente (3,61 \u20ac) en cualquiera de nuestras entidades colaboradoras, por lo que se le facilitar\u00e1 la correspondiente autoliquidaci\u00f3n en este departamento.<\/li>\n<\/ul>\n<p><strong>Si el animal fuera potencialmente peligroso, adem\u00e1s:<\/strong><\/p>\n<ul>\n<li>Seguro de responsabilidad civil.<\/li>\n<li>Certificado de antecedentes Penales (se solicita en el departamento AMIC).<\/li>\n<li>Certificado de Aptitud Psicol\u00f3gica.<\/li>\n<li>Acreditar que el animal no ha sido manipulado gen\u00e9ticamente( lo facilitar\u00e1 el establecimiento de venta del animal).<\/li>\n<\/ul>\n<p>[\/et_pb_accordion_item][et_pb_accordion_item title=\u00bbProcedimiento para la tramitaci\u00f3n de ocupaciones de v\u00eda p\u00fablica y cortes de calle\u00bb _builder_version=\u00bb4.16&#8243; global_colors_info=\u00bb{}\u00bb open=\u00bboff\u00bb]<\/p>\n<h3>Procedimiento:<\/h3>\n<p>Para poder tramitar la ocupaci\u00f3n o corte de calle se debe solicitar en el Departamento AMIC <strong>tres d\u00edas h\u00e1biles antes.<\/strong><\/p>\n<p>Desde este departamento se emite la <strong>liquidaci\u00f3n, que una vez pagada, se presentar\u00e1 en el ayuntamiento<\/strong> con la instancia.<\/p>\n<p><strong>En el caso de ocupaci\u00f3n de v\u00eda<\/strong> p\u00fablica habr\u00e1 que consignar en la instancia los <strong>metros de longitud y anchura que ser\u00e1n ocupados.<\/strong><\/p>\n<p><a class=\"enlace pdf\" href=\"https:\/\/albal.es\/ficheros\/pdf\/urb13.pdf\" target=\"_blank\" rel=\"noopener noreferrer\">Instancia de solicitud de ocupaci\u00f3n de v\u00eda p\u00fablica y corte de calle<\/a>[\/et_pb_accordion_item][et_pb_accordion_item title=\u00bbObtenci\u00f3n de la Firma Digital\u00bb _builder_version=\u00bb4.16&#8243; global_colors_info=\u00bb{}\u00bb open=\u00bboff\u00bb]<\/p>\n<h3>Procedimento:<\/h3>\n<p>Para obtener este certificado debe personarse el interesado en este departamento y presentar\u00a0<strong>su D.N.I., N.I.E. o pasaporte espa\u00f1ol<\/strong> en vigor (original y fotocopia).\u00a0En caso de robo \/ renovaci\u00f3n del documento, debe presentar el justificante de la polic\u00eda de que el nuevo documento est\u00e1 en tr\u00e1mite.<\/p>\n<p><a href=\"#certificados-digitales\">M\u00e1s informaci\u00f3n<\/a>[\/et_pb_accordion_item][et_pb_accordion_item title=\u00bbINFORME METEOROL\u00d3GICO LLUVIAS SEPTIEMBRE 2021&#8243; _builder_version=\u00bb4.16&#8243; _module_preset=\u00bbdefault\u00bb global_colors_info=\u00bb{}\u00bb open=\u00bboff\u00bb]<\/p>\n<p><a class=\"pdf\" href=\"https:\/\/albal.es\/content-albal\/uploads\/2021\/09\/ALBAL-informe-meteorologico-del-15-y-16-de-septiembre-del-2021.pdf\" rel=\"attachment wp-att-18209\">ALBAL (informe meteorol\u00f3gico del 15 y 16 de septiembre del 2021)<\/a><\/p>\n<p>[\/et_pb_accordion_item][\/et_pb_accordion][\/et_pb_column][et_pb_column type=\u00bb2_5&#8243; module_class=\u00bbcontent-impresos\u00bb _builder_version=\u00bb4.16&#8243; global_colors_info=\u00bb{}\u00bb][et_pb_text admin_label=\u00bbAviso mes info\u00bb _builder_version=\u00bb4.16&#8243; text_font_size=\u00bb18px\u00bb link_font=\u00bb|600|||||||\u00bb background_color=\u00bb#dcb747&#8243; custom_padding=\u00bb30px|30px|30px|30px|true|true\u00bb border_radii=\u00bbon|10px|10px|10px|10px\u00bb locked=\u00bbon\u00bb global_colors_info=\u00bb{}\u00bb]Pot visitar les <a href=\"https:\/\/albal.es\/es\/areas-y-servicios-2\/\">diferents p\u00e0gines<\/a> associades a cada tr\u00e0mit per trobar <strong>inst\u00e0ncies espec\u00edfiques<\/strong> i m\u00e9s informaci\u00f3 sobre la <strong>documentaci\u00f3 a aportar<\/strong> i altres dades d&#8217;inter\u00e8s.[\/et_pb_text][et_pb_text admin_label=\u00bbTitulo \u00abImpresos i enlla\u00e7os a Seu electr\u00f2nica\u00bb\u00bb _builder_version=\u00bb4.16&#8243; _module_preset=\u00bbdefault\u00bb locked=\u00bbon\u00bb global_colors_info=\u00bb{}\u00bb]<\/p>\n<h2>Impresos y enlaces a Sede electr\u00f3nica<\/h2>\n<p>[\/et_pb_text][et_pb_cpt_loop_archive loop_layout=\u00bb6282&#8243; show_pagination=\u00bboff\u00bb new_query=\u00bbon\u00bb post_type=\u00bbimpreso_tramit\u00bb posts_number=\u00bb999&#8243; include_meta=\u00bbpagina_de_destinacio\u00bb include_meta_terms=\u00bb564&#8243; hide_if_no_data=\u00bbon\u00bb order=\u00bbasc\u00bb admin_label=\u00bbImpresos i enlla\u00e7os a Seu Electronica\u00bb module_class=\u00bbcontent-impresos-dinamic\u00bb _builder_version=\u00bb4.16&#8243; headings_font_size=\u00bb36px\u00bb background_color=\u00bb#ffffff\u00bb border_radii=\u00bbon|8px|8px|8px|8px\u00bb border_width_all=\u00bb1px\u00bb border_color_all=\u00bb#cccccc\u00bb locked=\u00bbon\u00bb global_colors_info=\u00bb{}\u00bb][\/et_pb_cpt_loop_archive][et_pb_code module_class=\u00bbcontent-mostrar-impresos\u00bb _builder_version=\u00bb4.16&#8243; _module_preset=\u00bbdefault\u00bb locked=\u00bbon\u00bb global_colors_info=\u00bb{}\u00bb]<style>.et_pb_cpt_loop_archive.content-impresos-dinamic:before { content:\"Impresos y enlaces a Sede electr\u00f3nica\";}\t<\/style>[\/et_pb_code][\/et_pb_column][\/et_pb_row][et_pb_row disabled_on=\u00bboff|on|on\u00bb admin_label=\u00bbCarga solo en MOVIL\u00bb _builder_version=\u00bb4.16&#8243; custom_padding=\u00bb0px||||false|false\u00bb locked=\u00bboff\u00bb global_colors_info=\u00bb{}\u00bb][et_pb_column type=\u00bb4_4&#8243; _builder_version=\u00bb4.16&#8243; global_colors_info=\u00bb{}\u00bb][et_pb_text disabled_on=\u00bboff|off|off\u00bb admin_label=\u00bbAmic\u00bb module_class=\u00bbamic-cita\u00bb _builder_version=\u00bb4.16&#8243; header_4_font=\u00bb||||||||\u00bb header_4_text_color=\u00bb#c40038&#8243; custom_margin=\u00bb||0px||false|false\u00bb custom_padding=\u00bb||15px||false|false\u00bb saved_tabs=\u00bball\u00bb locked=\u00bbon\u00bb global_colors_info=\u00bb{}\u00bb]<\/p>\n<h3><img decoding=\"async\" class=\"wp-image-464 alignnone size-full lazyload\" data-src=\"https:\/\/albal.es\/content-albal\/uploads\/2019\/12\/logo-amic-2.png\" alt=\"\" width=\"135\" height=\"46\" src=\"data:image\/svg+xml;base64,PHN2ZyB3aWR0aD0iMSIgaGVpZ2h0PSIxIiB4bWxucz0iaHR0cDovL3d3dy53My5vcmcvMjAwMC9zdmciPjwvc3ZnPg==\" style=\"--smush-placeholder-width: 135px; --smush-placeholder-aspect-ratio: 135\/46;\" \/><\/h3>\n<h3>Atenci\u00f3 Municipal d&#8217;Informaci\u00f3 Ciutadana<\/h3>\n<h4>REGISTRES I SOL\u00b7LICITUDS<\/h4>\n<p>Pla\u00e7a del Jard\u00ed, 7. Ajuntament d&#8217;Albal &#8211; <strong>Planta baixa<\/strong><br \/>\nTel: <strong>96 126 00 56<\/strong> \u00b7 Fax: 96 127 08 61<\/p>\n<p><a class=\"bot-cita-previa\" href=\"https:\/\/citaprevia.albal.es:10090\/\" target=\"_blank\" rel=\"noopener noreferrer\">Cita pr\u00e8via<\/a><br \/>\n<a class=\"bot-seu-electronica\" href=\"https:\/\/albal.sede.dival.es\/\" target=\"_blank\" rel=\"noopener noreferrer\">Seu electr\u00f2nica<\/a>[\/et_pb_text][\/et_pb_column][\/et_pb_row][\/et_pb_section][et_pb_section fb_built=\u00bb1&#8243; admin_label=\u00bb(ancla) #informacion\u00bb module_id=\u00bbpolicia\u00bb _builder_version=\u00bb4.16&#8243; background_color=\u00bb#e2e1de\u00bb custom_padding=\u00bb50px||0px||false|false\u00bb border_width_top=\u00bb1px\u00bb border_color_top=\u00bb#cccccc\u00bb locked=\u00bboff\u00bb collapsed=\u00bboff\u00bb global_colors_info=\u00bb{}\u00bb][et_pb_row _builder_version=\u00bb4.16&#8243; background_color=\u00bbrgba(0,0,0,0)\u00bb custom_padding=\u00bb0px||||false|false\u00bb global_colors_info=\u00bb{}\u00bb][et_pb_column type=\u00bb4_4&#8243; _builder_version=\u00bb4.16&#8243; global_colors_info=\u00bb{}\u00bb][et_pb_text admin_label=\u00bbTitulo Informacio\u00bb module_class=\u00bbtit-seccion\u00bb _builder_version=\u00bb4.16&#8243; locked=\u00bboff\u00bb global_colors_info=\u00bb{}\u00bb]<\/p>\n<h2><img decoding=\"async\" class=\"size-medium alignleft lazyload\" data-src=\"https:\/\/albal.es\/img\/iconos\/informacion-mostrador-45x45.svg\" alt=\"\" width=\"45\" height=\"45\" src=\"data:image\/svg+xml;base64,PHN2ZyB3aWR0aD0iMSIgaGVpZ2h0PSIxIiB4bWxucz0iaHR0cDovL3d3dy53My5vcmcvMjAwMC9zdmciPjwvc3ZnPg==\" style=\"--smush-placeholder-width: 45px; --smush-placeholder-aspect-ratio: 45\/45;\" \/>Informaci\u00f3<\/h2>\n<p>[\/et_pb_text][\/et_pb_column][\/et_pb_row][et_pb_row column_structure=\u00bb1_2,1_2&#8243; make_equal=\u00bbon\u00bb admin_label=\u00bbSolo un modulo por fila\u00bb _builder_version=\u00bb4.16&#8243; custom_padding=\u00bb0px||||false|false\u00bb global_colors_info=\u00bb{}\u00bb][et_pb_column type=\u00bb1_2&#8243; _builder_version=\u00bb4.16&#8243; border_width_bottom=\u00bb1px\u00bb border_color_bottom=\u00bb#cccccc\u00bb global_colors_info=\u00bb{}\u00bb][et_pb_text admin_label=\u00bb#certificados-digitales\u00bb module_id=\u00bbcertificados-digitales\u00bb _builder_version=\u00bb4.16&#8243; custom_padding=\u00bb||25px||false|false\u00bb global_colors_info=\u00bb{}\u00bb]<\/p>\n<h3><img decoding=\"async\" class=\"wp-image-1163 alignright size-full lazyload\" data-src=\"https:\/\/albal.es\/content-albal\/uploads\/2019\/12\/punto-registro-usuario.jpg\" alt=\"\" width=\"229\" height=\"122\" src=\"data:image\/svg+xml;base64,PHN2ZyB3aWR0aD0iMSIgaGVpZ2h0PSIxIiB4bWxucz0iaHR0cDovL3d3dy53My5vcmcvMjAwMC9zdmciPjwvc3ZnPg==\" style=\"--smush-placeholder-width: 229px; --smush-placeholder-aspect-ratio: 229\/122;\" \/>Emissi\u00f3 de certificats digitals en l&#8217;AMIC<\/h3>\n<p>L&#8217;Ajuntament col\u00b7labora amb l&#8217;autoritat de certificaci\u00f3 de la Comunitat Valenciana, com a punt de registre d&#8217;usuari per a l&#8217;emissi\u00f3 de certificats digitals. Amb aix\u00f2, els usuaris que desitgen este certificat, que permet la realitzaci\u00f3 d&#8217;una s\u00e8rie de gestions amb diferents administracions p\u00fabliques a trav\u00e9s d&#8217;Internet, poden sol\u00b7licitar-lo i obtindre&#8217;l en l\u2019Ajuntament, sense necessitat de despla\u00e7aments a altres oficines.[\/et_pb_text][\/et_pb_column][et_pb_column type=\u00bb1_2&#8243; _builder_version=\u00bb4.16&#8243; border_width_bottom=\u00bb1px\u00bb border_color_bottom=\u00bb#cccccc\u00bb global_colors_info=\u00bb{}\u00bb][et_pb_text admin_label=\u00bbUrbanisme\u00bb _builder_version=\u00bb4.16&#8243; custom_margin=\u00bb||0px||false|false\u00bb custom_padding=\u00bb||25px||false|false\u00bb global_colors_info=\u00bb{}\u00bb]<\/p>\n<h3>Urbanismo<\/h3>\n<p>En este departamento se emiten las autoliquidaciones de las tasas en los siguientes tr\u00e1mites relativos a urbanismo de los que puedes encontrar la instancia en la secci\u00f3n de\u00a0<a class=\"enlace\" href=\"https:\/\/albal.es\/es\/areas-y-servicios-2\/impresos-y-tramites-en-sede-electronica\/\" target=\"_self\" rel=\"noopener noreferrer\">impresos<\/a>.<\/p>\n<p>&#8211; Instancia licencias de obras mayores\/menores.<br \/>\n&#8211; Instancia licencias ambientales.<br \/>\n&#8211; Instancia certificados urban\u00edsticos, de ocupaci\u00f3n de inmuebles[\/et_pb_text][\/et_pb_column][\/et_pb_row][et_pb_row column_structure=\u00bb1_2,1_2&#8243; make_equal=\u00bbon\u00bb admin_label=\u00bbSolo un modulo por fila\u00bb _builder_version=\u00bb4.16&#8243; custom_padding=\u00bb0px||||false|false\u00bb global_colors_info=\u00bb{}\u00bb][et_pb_column type=\u00bb1_2&#8243; _builder_version=\u00bb4.16&#8243; border_width_bottom=\u00bb1px\u00bb border_color_bottom=\u00bb#cccccc\u00bb global_colors_info=\u00bb{}\u00bb][et_pb_text admin_label=\u00bbImpostos Municipals\u00bb module_id=\u00bbcertificados-digitales\u00bb _builder_version=\u00bb4.16&#8243; custom_padding=\u00bb||25px||false|false\u00bb global_colors_info=\u00bb{}\u00bb]<\/p>\n<h3>Impuestos Municipales<\/h3>\n<ul>\n<li>Petici\u00f3n y recogida de certificados de pago de impuesto municipales.<\/li>\n<li>Emisi\u00f3n de duplicados de recibos de impuestos municipales.<\/li>\n<li>Emisi\u00f3n autoliquidaciones de altas de veh\u00edculos.<\/li>\n<li>Emisi\u00f3n planos catastrales de R\u00fastica y Urbana.<\/li>\n<li>Impreso modificaci\u00f3n titularidad Bienes Inmuebles 901- N<\/li>\n<li>Instancias para la liquidaci\u00f3n y estimaci\u00f3n del c\u00e1lculo de IVTNU.<\/li>\n<li>Petici\u00f3n y recogida de certificados catastrales.<\/li>\n<\/ul>\n<p>[\/et_pb_text][\/et_pb_column][et_pb_column type=\u00bb1_2&#8243; _builder_version=\u00bb4.16&#8243; border_width_bottom=\u00bb1px\u00bb border_color_bottom=\u00bb#cccccc\u00bb global_colors_info=\u00bb{}\u00bb][et_pb_text admin_label=\u00bbRegistre General\u00bb _builder_version=\u00bb4.16&#8243; custom_margin=\u00bb||0px||false|false\u00bb custom_padding=\u00bb||25px||false|false\u00bb global_colors_info=\u00bb{}\u00bb]<\/p>\n<h3>Registro General<\/h3>\n<p>El registro general consiste en un registro administrativo del que disponen todas las Administraciones P\u00fablicas tal como establece el art. 38 de la Ley de r\u00e9gimen Jur\u00eddico y procedimiento Administrativo Com\u00fan.<\/p>\n<p>En nuestro Ayuntamiento existen 2 Registros:<\/p>\n<ul>\n<li>El Registro General de Entrada, del que disponen todas las administraciones p\u00fablicas para dejar constancia de los escritos o comunicaciones que los ciudadanos y\/o empresas necesitan presentar en el Ayuntamiento.<br \/>\nEl sistema de funcionamiento consiste en asignar un n\u00famero de orden de entrada a cada escrito que se presenta en el Ayuntamiento a trav\u00e9s de este registro, as\u00ed queda debidamente identificada la fecha y el n\u00famero de presentaci\u00f3n, los datos del intesresado, un extracto del escrito , y la unidad administrativa a la que se dirige.<\/li>\n<li>El Registro General de Salida, en el que aparecen detallados los siguientes datos relativos a los escritos confeccionados por el Ayuntamiento:\n<ul>\n<li>La fecha de salida<\/li>\n<li>El destinatario<\/li>\n<li>La unidad administrativa que ha elaborado el escrito<\/li>\n<li>Un extracto o resumen<\/li>\n<li>Un n\u00famero de orden.<\/li>\n<\/ul>\n<\/li>\n<\/ul>\n<p>[\/et_pb_text][\/et_pb_column][\/et_pb_row][\/et_pb_section][et_pb_section fb_built=\u00bb1&#8243; admin_label=\u00bb(ancla) #faq\u00bb module_id=\u00bbfaq\u00bb _builder_version=\u00bb4.16&#8243; background_color=\u00bb#dcb747&#8243; custom_padding=\u00bb50px||||false|false\u00bb collapsed=\u00bboff\u00bb global_colors_info=\u00bb{}\u00bb][et_pb_row _builder_version=\u00bb4.16&#8243; background_color=\u00bbrgba(0,0,0,0)\u00bb custom_padding=\u00bb0px||||false|false\u00bb locked=\u00bbon\u00bb global_colors_info=\u00bb{}\u00bb][et_pb_column type=\u00bb4_4&#8243; _builder_version=\u00bb4.16&#8243; global_colors_info=\u00bb{}\u00bb][et_pb_text admin_label=\u00bbTitulo Preguntes m\u00e9s freq\u00fcents\u00bb module_class=\u00bbtit-seccion\u00bb _builder_version=\u00bb4.16&#8243; header_2_text_color=\u00bb#ffffff\u00bb custom_padding=\u00bb0px||||false|false\u00bb locked=\u00bboff\u00bb global_colors_info=\u00bb{}\u00bb]<\/p>\n<h2><img decoding=\"async\" class=\"size-medium alignleft lazyload\" data-src=\"https:\/\/albal.es\/img\/iconos\/preguntas-persona-45x45.svg\" alt=\"\" width=\"45\" height=\"45\" src=\"data:image\/svg+xml;base64,PHN2ZyB3aWR0aD0iMSIgaGVpZ2h0PSIxIiB4bWxucz0iaHR0cDovL3d3dy53My5vcmcvMjAwMC9zdmciPjwvc3ZnPg==\" style=\"--smush-placeholder-width: 45px; --smush-placeholder-aspect-ratio: 45\/45;\" \/>Preguntes m\u00e9s freq\u00fcents<\/h2>\n<p>[\/et_pb_text][\/et_pb_column][\/et_pb_row][et_pb_row column_structure=\u00bb1_2,1_2&#8243; make_equal=\u00bbon\u00bb admin_label=\u00bbSolo un modulo por fila\u00bb _builder_version=\u00bb4.16&#8243; custom_padding=\u00bb0px||||false|false\u00bb global_colors_info=\u00bb{}\u00bb][et_pb_column type=\u00bb1_2&#8243; _builder_version=\u00bb4.16&#8243; border_width_bottom=\u00bb1px\u00bb border_color_bottom=\u00bb#b09239&#8243; global_colors_info=\u00bb{}\u00bb][et_pb_text admin_label=\u00bbCom es pot presentar inst\u00e0ncies o arreplegar documentaci\u00f3\u00bb _builder_version=\u00bb4.16&#8243; custom_padding=\u00bb||25px||false|false\u00bb global_colors_info=\u00bb{}\u00bb]<\/p>\n<h3>\u00bfC\u00f3mo se puede presentar instancias o recoger documentaci\u00f3n en el ayuntamiento en nombre de un interesado distinto del que se persona en las oficinas municipales?<\/h3>\n<p>Para consultar informaci\u00f3n en el ayuntamiento o retirar cualquier tipo de documentaci\u00f3n de un interesado distinto del que se persona en las oficinas municipales debe aportar el original de la documentaci\u00f3n del interesado o una fotocopia de la misma acompa\u00f1ada del impreso de <a class=\"link\" href=\"https:\/\/albal.es\/ficheros\/doc\/AutorizacionGral.doc\" target=\"_blank\" rel=\"noopener noreferrer\">autorizaci\u00f3n general<\/a>.[\/et_pb_text][\/et_pb_column][et_pb_column type=\u00bb1_2&#8243; _builder_version=\u00bb4.16&#8243; border_width_bottom=\u00bb1px\u00bb border_color_bottom=\u00bb#b09239&#8243; global_colors_info=\u00bb{}\u00bb][\/et_pb_column][\/et_pb_row][\/et_pb_section]<\/p>\n","protected":false},"excerpt":{"rendered":"<p>\u00c1reas y servicios | SECRETAR\u00cdA Registro AMIC (ATENCI\u00d3N MUNICIPAL de INFORMACI\u00d3N AL CIUDADANO)Entrada de registro \u00fanico del ayuntamiento de Albal de instancias, solicitudes y documentaci\u00f3n para todo tipo de tr\u00e1mites. Todos los tr\u00e1mites que se realizan a trav\u00e9s de instancia PDF (no en sede electr\u00f3nica) se tienen que presentar presencialmente al Registro AMIC.Informaci\u00f3n de Inter\u00e9s:HORARIO DE VERANO (Del 1 de junio al 31 de agosto):De lunes a viernes de 8:30 h a 14:00 h. (N\u00fameros hasta 13:30h) RESTO DEL A\u00d1O:Ma\u00f1anas: De lunes a viernes de 8:30 h a 14:00 h.(con cita previa)Tardes: Lunes y jueves de 16:00 h a 18:30 h.Consultas y dudas: Atenci\u00f3 Municipal d&#8217;Informaci\u00f3 Ciutadana REGISTRES I SOL\u00b7LICITUDS Pla\u00e7a del Jard\u00ed, 7. Ajuntament d&#8217;Albal &#8211; Planta baixaTel: 96 126 00 56 \u00b7 Fax: 96 127 08 61 Cita pr\u00e8viaSeu electr\u00f2nicaAvisos, convocatorias y tr\u00e1mites activos<style>.et_pb_cpt_loop_archive.tramites-activos-pag:before { content:\"Avisos, convocatorias y tr\u00e1mites activos\";}<\/style>Informaci\u00f3, tr\u00e0mits i impresosPara presentar documentaci\u00f3n en el ayuntamiento puedes hacerlo a traves de alguno de los sistemas que te detallamos a continuaci\u00f3n: Person\u00e1ndote en el departamento AMIC del ayuntamiento. Por burofax. Por correo. Telem\u00e1ticamente a trav\u00e9s de la Oficina Virtual. Convenio Marco El convenio Marco, es un acuerdo firmado entre el Ayutanmiento de Albal, la Administraci\u00f3n de la Generalitat Valenciana y la Administraci\u00f3n del [&hellip;]<\/p>\n","protected":false},"author":5,"featured_media":0,"parent":759,"menu_order":2,"comment_status":"closed","ping_status":"closed","template":"","meta":{"_acf_changed":false,"_et_pb_use_builder":"on","_et_pb_old_content":"","_et_gb_content_width":"","footnotes":""},"coauthors":[62],"class_list":["post-566","page","type-page","status-publish","hentry"],"acf":[],"yoast_head":"<!-- This site is optimized with the Yoast SEO plugin v27.4 - https:\/\/yoast.com\/product\/yoast-seo-wordpress\/ -->\n<title>Registro (Atenci\u00f3n Municipal de atenci\u00f3n al ciudadano - AMIC) - Ayuntamiento de Albal<\/title>\n<meta name=\"robots\" content=\"index, follow, max-snippet:-1, max-image-preview:large, max-video-preview:-1\" \/>\n<link rel=\"canonical\" href=\"https:\/\/albal.es\/es\/areas-y-servicios-2\/secretaria-ayuntamiento\/registro-amic\/\" \/>\n<meta property=\"og:locale\" content=\"es_ES\" \/>\n<meta property=\"og:type\" content=\"article\" \/>\n<meta property=\"og:title\" content=\"Registro (Atenci\u00f3n Municipal de atenci\u00f3n al ciudadano - AMIC) - Ayuntamiento de Albal\" \/>\n<meta property=\"og:description\" content=\"\u00c1reas y servicios | SECRETAR\u00cdA Registro AMIC (ATENCI\u00d3N MUNICIPAL de INFORMACI\u00d3N AL CIUDADANO)Entrada de registro \u00fanico del ayuntamiento de Albal de instancias, solicitudes y documentaci\u00f3n para todo tipo de tr\u00e1mites. Todos los tr\u00e1mites que se realizan a trav\u00e9s de instancia PDF (no en sede electr\u00f3nica) se tienen que presentar presencialmente al Registro AMIC.Informaci\u00f3n de Inter\u00e9s:HORARIO DE VERANO (Del 1 de junio al 31 de agosto):De lunes a viernes de 8:30 h a 14:00 h. (N\u00fameros hasta 13:30h) RESTO DEL A\u00d1O:Ma\u00f1anas: De lunes a viernes de 8:30 h a 14:00 h.(con cita previa)Tardes: Lunes y jueves de 16:00 h a 18:30 h.Consultas y dudas: Atenci\u00f3 Municipal d&#039;Informaci\u00f3 Ciutadana REGISTRES I SOL\u00b7LICITUDS Pla\u00e7a del Jard\u00ed, 7. Ajuntament d&#039;Albal - Planta baixaTel: 96 126 00 56 \u00b7 Fax: 96 127 08 61 Cita pr\u00e8viaSeu electr\u00f2nicaAvisos, convocatorias y tr\u00e1mites activosInformaci\u00f3, tr\u00e0mits i impresosPara presentar documentaci\u00f3n en el ayuntamiento puedes hacerlo a traves de alguno de los sistemas que te detallamos a continuaci\u00f3n: Person\u00e1ndote en el departamento AMIC del ayuntamiento. Por burofax. Por correo. Telem\u00e1ticamente a trav\u00e9s de la Oficina Virtual. Convenio Marco El convenio Marco, es un acuerdo firmado entre el Ayutanmiento de Albal, la Administraci\u00f3n de la Generalitat Valenciana y la Administraci\u00f3n del [&hellip;]\" \/>\n<meta property=\"og:site_name\" content=\"Ajuntament d&#039;Albal\" \/>\n<meta property=\"article:publisher\" content=\"https:\/\/facebook.com\/AjuntamentAlbal\/\" \/>\n<meta property=\"article:modified_time\" content=\"2025-08-06T07:37:53+00:00\" \/>\n<meta property=\"og:image\" content=\"https:\/\/albal.es\/content-albal\/uploads\/2019\/12\/logo-amic-2.png\" \/>\n<meta name=\"twitter:card\" content=\"summary_large_image\" \/>\n<meta name=\"twitter:label1\" content=\"Tiempo de lectura\" \/>\n\t<meta name=\"twitter:data1\" content=\"16 minutos\" \/>\n\t<meta name=\"twitter:label2\" content=\"Written by\" \/>\n\t<meta name=\"twitter:data2\" content=\"Carmen Mar\u00eda \u00c1lvarez\" \/>\n<script type=\"application\/ld+json\" class=\"yoast-schema-graph\">{\"@context\":\"https:\\\/\\\/schema.org\",\"@graph\":[{\"@type\":\"WebPage\",\"@id\":\"https:\\\/\\\/albal.es\\\/es\\\/areas-y-servicios-2\\\/secretaria-ayuntamiento\\\/registro-amic\\\/\",\"url\":\"https:\\\/\\\/albal.es\\\/es\\\/areas-y-servicios-2\\\/secretaria-ayuntamiento\\\/registro-amic\\\/\",\"name\":\"Registro (Atenci\u00f3n Municipal de atenci\u00f3n al ciudadano - AMIC) - Ayuntamiento de Albal\",\"isPartOf\":{\"@id\":\"https:\\\/\\\/albal.es\\\/es\\\/#website\"},\"primaryImageOfPage\":{\"@id\":\"https:\\\/\\\/albal.es\\\/es\\\/areas-y-servicios-2\\\/secretaria-ayuntamiento\\\/registro-amic\\\/#primaryimage\"},\"image\":{\"@id\":\"https:\\\/\\\/albal.es\\\/es\\\/areas-y-servicios-2\\\/secretaria-ayuntamiento\\\/registro-amic\\\/#primaryimage\"},\"thumbnailUrl\":\"https:\\\/\\\/albal.es\\\/content-albal\\\/uploads\\\/2019\\\/12\\\/logo-amic-2.png\",\"datePublished\":\"2019-12-10T11:52:17+00:00\",\"dateModified\":\"2025-08-06T07:37:53+00:00\",\"breadcrumb\":{\"@id\":\"https:\\\/\\\/albal.es\\\/es\\\/areas-y-servicios-2\\\/secretaria-ayuntamiento\\\/registro-amic\\\/#breadcrumb\"},\"inLanguage\":\"es\",\"potentialAction\":[{\"@type\":\"ReadAction\",\"target\":[\"https:\\\/\\\/albal.es\\\/es\\\/areas-y-servicios-2\\\/secretaria-ayuntamiento\\\/registro-amic\\\/\"]}]},{\"@type\":\"ImageObject\",\"inLanguage\":\"es\",\"@id\":\"https:\\\/\\\/albal.es\\\/es\\\/areas-y-servicios-2\\\/secretaria-ayuntamiento\\\/registro-amic\\\/#primaryimage\",\"url\":\"https:\\\/\\\/albal.es\\\/content-albal\\\/uploads\\\/2019\\\/12\\\/logo-amic-2.png\",\"contentUrl\":\"https:\\\/\\\/albal.es\\\/content-albal\\\/uploads\\\/2019\\\/12\\\/logo-amic-2.png\"},{\"@type\":\"BreadcrumbList\",\"@id\":\"https:\\\/\\\/albal.es\\\/es\\\/areas-y-servicios-2\\\/secretaria-ayuntamiento\\\/registro-amic\\\/#breadcrumb\",\"itemListElement\":[{\"@type\":\"ListItem\",\"position\":1,\"name\":\"Inici\",\"item\":\"https:\\\/\\\/albal.es\\\/es\\\/\"},{\"@type\":\"ListItem\",\"position\":2,\"name\":\"\u00c1reas y Servicios\",\"item\":\"https:\\\/\\\/albal.es\\\/es\\\/areas-y-servicios-2\\\/\"},{\"@type\":\"ListItem\",\"position\":3,\"name\":\"Secretaria\",\"item\":\"https:\\\/\\\/albal.es\\\/es\\\/areas-y-servicios-2\\\/secretaria-ayuntamiento\\\/\"},{\"@type\":\"ListItem\",\"position\":4,\"name\":\"Registro (Atenci\u00f3n Municipal de atenci\u00f3n al ciudadano &#8211; AMIC)\"}]},{\"@type\":\"WebSite\",\"@id\":\"https:\\\/\\\/albal.es\\\/es\\\/#website\",\"url\":\"https:\\\/\\\/albal.es\\\/es\\\/\",\"name\":\"Ajuntament d&#039;Albal\",\"description\":\"Ajuntament d&#039;Albal\",\"publisher\":{\"@id\":\"https:\\\/\\\/albal.es\\\/es\\\/#organization\"},\"potentialAction\":[{\"@type\":\"SearchAction\",\"target\":{\"@type\":\"EntryPoint\",\"urlTemplate\":\"https:\\\/\\\/albal.es\\\/es\\\/?s={search_term_string}\"},\"query-input\":{\"@type\":\"PropertyValueSpecification\",\"valueRequired\":true,\"valueName\":\"search_term_string\"}}],\"inLanguage\":\"es\"},{\"@type\":\"Organization\",\"@id\":\"https:\\\/\\\/albal.es\\\/es\\\/#organization\",\"name\":\"Ajuntament d'Albal - Valencia\",\"url\":\"https:\\\/\\\/albal.es\\\/es\\\/\",\"logo\":{\"@type\":\"ImageObject\",\"inLanguage\":\"es\",\"@id\":\"https:\\\/\\\/albal.es\\\/es\\\/#\\\/schema\\\/logo\\\/image\\\/\",\"url\":\"https:\\\/\\\/albal.es\\\/content-albal\\\/uploads\\\/2020\\\/06\\\/logo-ayuntamiento-albal.png\",\"contentUrl\":\"https:\\\/\\\/albal.es\\\/content-albal\\\/uploads\\\/2020\\\/06\\\/logo-ayuntamiento-albal.png\",\"width\":367,\"height\":332,\"caption\":\"Ajuntament d'Albal - Valencia\"},\"image\":{\"@id\":\"https:\\\/\\\/albal.es\\\/es\\\/#\\\/schema\\\/logo\\\/image\\\/\"},\"sameAs\":[\"https:\\\/\\\/facebook.com\\\/AjuntamentAlbal\\\/\"]}]}<\/script>\n<!-- \/ Yoast SEO plugin. -->","yoast_head_json":{"title":"Registro (Atenci\u00f3n Municipal de atenci\u00f3n al ciudadano - AMIC) - Ayuntamiento de Albal","robots":{"index":"index","follow":"follow","max-snippet":"max-snippet:-1","max-image-preview":"max-image-preview:large","max-video-preview":"max-video-preview:-1"},"canonical":"https:\/\/albal.es\/es\/areas-y-servicios-2\/secretaria-ayuntamiento\/registro-amic\/","og_locale":"es_ES","og_type":"article","og_title":"Registro (Atenci\u00f3n Municipal de atenci\u00f3n al ciudadano - AMIC) - Ayuntamiento de Albal","og_description":"\u00c1reas y servicios | SECRETAR\u00cdA Registro AMIC (ATENCI\u00d3N MUNICIPAL de INFORMACI\u00d3N AL CIUDADANO)Entrada de registro \u00fanico del ayuntamiento de Albal de instancias, solicitudes y documentaci\u00f3n para todo tipo de tr\u00e1mites. Todos los tr\u00e1mites que se realizan a trav\u00e9s de instancia PDF (no en sede electr\u00f3nica) se tienen que presentar presencialmente al Registro AMIC.Informaci\u00f3n de Inter\u00e9s:HORARIO DE VERANO (Del 1 de junio al 31 de agosto):De lunes a viernes de 8:30 h a 14:00 h. (N\u00fameros hasta 13:30h) RESTO DEL A\u00d1O:Ma\u00f1anas: De lunes a viernes de 8:30 h a 14:00 h.(con cita previa)Tardes: Lunes y jueves de 16:00 h a 18:30 h.Consultas y dudas: Atenci\u00f3 Municipal d'Informaci\u00f3 Ciutadana REGISTRES I SOL\u00b7LICITUDS Pla\u00e7a del Jard\u00ed, 7. Ajuntament d'Albal - Planta baixaTel: 96 126 00 56 \u00b7 Fax: 96 127 08 61 Cita pr\u00e8viaSeu electr\u00f2nicaAvisos, convocatorias y tr\u00e1mites activosInformaci\u00f3, tr\u00e0mits i impresosPara presentar documentaci\u00f3n en el ayuntamiento puedes hacerlo a traves de alguno de los sistemas que te detallamos a continuaci\u00f3n: Person\u00e1ndote en el departamento AMIC del ayuntamiento. Por burofax. Por correo. Telem\u00e1ticamente a trav\u00e9s de la Oficina Virtual. Convenio Marco El convenio Marco, es un acuerdo firmado entre el Ayutanmiento de Albal, la Administraci\u00f3n de la Generalitat Valenciana y la Administraci\u00f3n del [&hellip;]","og_site_name":"Ajuntament d&#039;Albal","article_publisher":"https:\/\/facebook.com\/AjuntamentAlbal\/","article_modified_time":"2025-08-06T07:37:53+00:00","og_image":[{"url":"https:\/\/albal.es\/content-albal\/uploads\/2019\/12\/logo-amic-2.png","type":"","width":"","height":""}],"twitter_card":"summary_large_image","twitter_misc":{"Tiempo de lectura":"16 minutos","Written by":"Carmen Mar\u00eda \u00c1lvarez"},"schema":{"@context":"https:\/\/schema.org","@graph":[{"@type":"WebPage","@id":"https:\/\/albal.es\/es\/areas-y-servicios-2\/secretaria-ayuntamiento\/registro-amic\/","url":"https:\/\/albal.es\/es\/areas-y-servicios-2\/secretaria-ayuntamiento\/registro-amic\/","name":"Registro (Atenci\u00f3n Municipal de atenci\u00f3n al ciudadano - AMIC) - Ayuntamiento de Albal","isPartOf":{"@id":"https:\/\/albal.es\/es\/#website"},"primaryImageOfPage":{"@id":"https:\/\/albal.es\/es\/areas-y-servicios-2\/secretaria-ayuntamiento\/registro-amic\/#primaryimage"},"image":{"@id":"https:\/\/albal.es\/es\/areas-y-servicios-2\/secretaria-ayuntamiento\/registro-amic\/#primaryimage"},"thumbnailUrl":"https:\/\/albal.es\/content-albal\/uploads\/2019\/12\/logo-amic-2.png","datePublished":"2019-12-10T11:52:17+00:00","dateModified":"2025-08-06T07:37:53+00:00","breadcrumb":{"@id":"https:\/\/albal.es\/es\/areas-y-servicios-2\/secretaria-ayuntamiento\/registro-amic\/#breadcrumb"},"inLanguage":"es","potentialAction":[{"@type":"ReadAction","target":["https:\/\/albal.es\/es\/areas-y-servicios-2\/secretaria-ayuntamiento\/registro-amic\/"]}]},{"@type":"ImageObject","inLanguage":"es","@id":"https:\/\/albal.es\/es\/areas-y-servicios-2\/secretaria-ayuntamiento\/registro-amic\/#primaryimage","url":"https:\/\/albal.es\/content-albal\/uploads\/2019\/12\/logo-amic-2.png","contentUrl":"https:\/\/albal.es\/content-albal\/uploads\/2019\/12\/logo-amic-2.png"},{"@type":"BreadcrumbList","@id":"https:\/\/albal.es\/es\/areas-y-servicios-2\/secretaria-ayuntamiento\/registro-amic\/#breadcrumb","itemListElement":[{"@type":"ListItem","position":1,"name":"Inici","item":"https:\/\/albal.es\/es\/"},{"@type":"ListItem","position":2,"name":"\u00c1reas y Servicios","item":"https:\/\/albal.es\/es\/areas-y-servicios-2\/"},{"@type":"ListItem","position":3,"name":"Secretaria","item":"https:\/\/albal.es\/es\/areas-y-servicios-2\/secretaria-ayuntamiento\/"},{"@type":"ListItem","position":4,"name":"Registro (Atenci\u00f3n Municipal de atenci\u00f3n al ciudadano &#8211; AMIC)"}]},{"@type":"WebSite","@id":"https:\/\/albal.es\/es\/#website","url":"https:\/\/albal.es\/es\/","name":"Ajuntament d&#039;Albal","description":"Ajuntament d&#039;Albal","publisher":{"@id":"https:\/\/albal.es\/es\/#organization"},"potentialAction":[{"@type":"SearchAction","target":{"@type":"EntryPoint","urlTemplate":"https:\/\/albal.es\/es\/?s={search_term_string}"},"query-input":{"@type":"PropertyValueSpecification","valueRequired":true,"valueName":"search_term_string"}}],"inLanguage":"es"},{"@type":"Organization","@id":"https:\/\/albal.es\/es\/#organization","name":"Ajuntament d'Albal - Valencia","url":"https:\/\/albal.es\/es\/","logo":{"@type":"ImageObject","inLanguage":"es","@id":"https:\/\/albal.es\/es\/#\/schema\/logo\/image\/","url":"https:\/\/albal.es\/content-albal\/uploads\/2020\/06\/logo-ayuntamiento-albal.png","contentUrl":"https:\/\/albal.es\/content-albal\/uploads\/2020\/06\/logo-ayuntamiento-albal.png","width":367,"height":332,"caption":"Ajuntament d'Albal - Valencia"},"image":{"@id":"https:\/\/albal.es\/es\/#\/schema\/logo\/image\/"},"sameAs":["https:\/\/facebook.com\/AjuntamentAlbal\/"]}]}},"publishpress_future_workflow_manual_trigger":{"enabledWorkflows":[]},"_links":{"self":[{"href":"https:\/\/albal.es\/es\/wp-json\/wp\/v2\/pages\/566","targetHints":{"allow":["GET"]}}],"collection":[{"href":"https:\/\/albal.es\/es\/wp-json\/wp\/v2\/pages"}],"about":[{"href":"https:\/\/albal.es\/es\/wp-json\/wp\/v2\/types\/page"}],"author":[{"embeddable":true,"href":"https:\/\/albal.es\/es\/wp-json\/wp\/v2\/users\/5"}],"replies":[{"embeddable":true,"href":"https:\/\/albal.es\/es\/wp-json\/wp\/v2\/comments?post=566"}],"version-history":[{"count":0,"href":"https:\/\/albal.es\/es\/wp-json\/wp\/v2\/pages\/566\/revisions"}],"up":[{"embeddable":true,"href":"https:\/\/albal.es\/es\/wp-json\/wp\/v2\/pages\/759"}],"wp:attachment":[{"href":"https:\/\/albal.es\/es\/wp-json\/wp\/v2\/media?parent=566"}],"wp:term":[{"taxonomy":"author","embeddable":true,"href":"https:\/\/albal.es\/es\/wp-json\/wp\/v2\/coauthors?post=566"}],"curies":[{"name":"wp","href":"https:\/\/api.w.org\/{rel}","templated":true}]}}