

{"id":43371,"date":"2023-02-14T12:41:35","date_gmt":"2023-02-14T11:41:35","guid":{"rendered":"https:\/\/albal.es\/?page_id=43371"},"modified":"2023-10-02T17:29:47","modified_gmt":"2023-10-02T15:29:47","slug":"fondos-europeos","status":"publish","type":"page","link":"https:\/\/albal.es\/es\/areas-y-servicios-2\/promocion-y-desarrollo\/fondos-europeos\/","title":{"rendered":"Fondos Europeos"},"content":{"rendered":"<p>[et_pb_section fb_built=\u00bb1&#8243; admin_label=\u00bbsection\u00bb _builder_version=\u00bb4.18.1&#8243; background_image=\u00bbhttps:\/\/albal.es\/content-albal\/uploads\/2019\/12\/bg-ayuntamiento.jpg\u00bb global_colors_info=\u00bb{}\u00bb][et_pb_row column_structure=\u00bb1_2,1_2&#8243; _builder_version=\u00bb4.18.1&#8243; _module_preset=\u00bbdefault\u00bb global_colors_info=\u00bb{}\u00bb][et_pb_column type=\u00bb1_2&#8243; _builder_version=\u00bb4.18.1&#8243; _module_preset=\u00bbdefault\u00bb global_colors_info=\u00bb{}\u00bb][et_pb_text _builder_version=\u00bb4.18.1&#8243; _module_preset=\u00bbdefault\u00bb global_colors_info=\u00bb{}\u00bb]<\/p>\n<h1><span style=\"color: #ffffff;\">Fondos Europeos<\/span><\/h1>\n<p>&nbsp;<\/p>\n<h3><span style=\"color: #ffffff;\">Punto GVA Next<\/span><\/h3>\n<p>&nbsp;<\/p>\n<p>[\/et_pb_text][\/et_pb_column][et_pb_column type=\u00bb1_2&#8243; _builder_version=\u00bb4.18.1&#8243; _module_preset=\u00bbdefault\u00bb global_colors_info=\u00bb{}\u00bb][\/et_pb_column][\/et_pb_row][\/et_pb_section][et_pb_section fb_built=\u00bb1&#8243; _builder_version=\u00bb4.18.1&#8243; _module_preset=\u00bbdefault\u00bb custom_padding=\u00bb||0px|||\u00bb global_colors_info=\u00bb{}\u00bb][et_pb_row column_structure=\u00bb1_5,1_5,1_5,1_5,1_5&#8243; _builder_version=\u00bb4.18.1&#8243; _module_preset=\u00bbdefault\u00bb global_colors_info=\u00bb{}\u00bb][et_pb_column type=\u00bb1_5&#8243; _builder_version=\u00bb4.18.1&#8243; _module_preset=\u00bbdefault\u00bb global_colors_info=\u00bb{}\u00bb][et_pb_image src=\u00bbhttps:\/\/albal.es\/content-albal\/uploads\/2023\/04\/europa_next_gen.png\u00bb title_text=\u00bbeuropa_next_gen\u00bb _builder_version=\u00bb4.18.1&#8243; _module_preset=\u00bbdefault\u00bb global_colors_info=\u00bb{}\u00bb][\/et_pb_image][\/et_pb_column][et_pb_column type=\u00bb1_5&#8243; _builder_version=\u00bb4.18.1&#8243; _module_preset=\u00bbdefault\u00bb global_colors_info=\u00bb{}\u00bb][et_pb_image src=\u00bbhttps:\/\/albal.es\/content-albal\/uploads\/2023\/04\/Plan_Resilencia.png\u00bb title_text=\u00bbPlan_Resilencia\u00bb _builder_version=\u00bb4.18.1&#8243; _module_preset=\u00bbdefault\u00bb global_colors_info=\u00bb{}\u00bb][\/et_pb_image][\/et_pb_column][et_pb_column type=\u00bb1_5&#8243; _builder_version=\u00bb4.18.1&#8243; _module_preset=\u00bbdefault\u00bb global_colors_info=\u00bb{}\u00bb][et_pb_image src=\u00bbhttps:\/\/albal.es\/content-albal\/uploads\/2023\/04\/generalitat.png\u00bb title_text=\u00bbgeneralitat\u00bb _builder_version=\u00bb4.18.1&#8243; _module_preset=\u00bbdefault\u00bb custom_margin=\u00bb-19px|||||\u00bb global_colors_info=\u00bb{}\u00bb][\/et_pb_image][\/et_pb_column][et_pb_column type=\u00bb1_5&#8243; _builder_version=\u00bb4.18.1&#8243; _module_preset=\u00bbdefault\u00bb global_colors_info=\u00bb{}\u00bb][et_pb_image src=\u00bbhttps:\/\/albal.es\/content-albal\/uploads\/2023\/04\/GVA_NEXT.png\u00bb title_text=\u00bbGVA_NEXT\u00bb _builder_version=\u00bb4.18.1&#8243; _module_preset=\u00bbdefault\u00bb global_colors_info=\u00bb{}\u00bb][\/et_pb_image][\/et_pb_column][et_pb_column type=\u00bb1_5&#8243; _builder_version=\u00bb4.18.1&#8243; _module_preset=\u00bbdefault\u00bb global_colors_info=\u00bb{}\u00bb][et_pb_image src=\u00bbhttps:\/\/albal.es\/content-albal\/uploads\/2023\/04\/labora.png\u00bb title_text=\u00bblabora\u00bb _builder_version=\u00bb4.18.1&#8243; _module_preset=\u00bbdefault\u00bb global_colors_info=\u00bb{}\u00bb][\/et_pb_image][\/et_pb_column][\/et_pb_row][\/et_pb_section][et_pb_section fb_built=\u00bb1&#8243; _builder_version=\u00bb4.18.1&#8243; _module_preset=\u00bbdefault\u00bb custom_padding=\u00bb||3px|||\u00bb global_colors_info=\u00bb{}\u00bb][et_pb_row column_structure=\u00bb3_5,2_5&#8243; _builder_version=\u00bb4.18.1&#8243; _module_preset=\u00bbdefault\u00bb custom_padding=\u00bb0px|||||\u00bb global_colors_info=\u00bb{}\u00bb][et_pb_column type=\u00bb3_5&#8243; _builder_version=\u00bb4.18.1&#8243; _module_preset=\u00bbdefault\u00bb global_colors_info=\u00bb{}\u00bb][et_pb_text _builder_version=\u00bb4.18.1&#8243; _module_preset=\u00bbdefault\u00bb text_orientation=\u00bbjustified\u00bb global_colors_info=\u00bb{}\u00bb]<\/p>\n<h2>Qu\u00e9 es?<\/h2>\n<p>&nbsp;<\/p>\n<p>El punto GVANEXT de Albal es un servicio p\u00fablico de asesoramiento personalizado, dirigido al tejido empresarial y asociativo de este municipio para la captaci\u00f3n y gesti\u00f3n de Fondos Europeos, que proporciona la Uni\u00f3n Europea con el instrumento NEXT GENERATION dentro del Mecanismo de Recuperaci\u00f3n, Transformaci\u00f3n y Resiliencia (PRTR) del Gobierno.<\/p>\n<p>[\/et_pb_text][\/et_pb_column][et_pb_column type=\u00bb2_5&#8243; _builder_version=\u00bb4.18.1&#8243; _module_preset=\u00bbdefault\u00bb global_colors_info=\u00bb{}\u00bb][et_pb_text _builder_version=\u00bb4.21.0&#8243; _module_preset=\u00bbdefault\u00bb text_orientation=\u00bbjustified\u00bb global_colors_info=\u00bb{}\u00bb]<\/p>\n<h2>Atenci\u00f3n personalizada con cita previa<\/h2>\n<p>&nbsp;<\/p>\n<p>Ayuntamiento de Albal<br \/>Plaza del Jard\u00ed, 7<br \/>Oficina de Proyectos Europeos<br \/>T\u00e9cnica de Proyectos Europeos, Isabel S\u00e1nchez Ca\u00f1ada<br \/>isabel.sanchez@albal.es<br \/>Tfn.: 96 126 00 56<br \/>Ext.135<\/p>\n<p>[\/et_pb_text][\/et_pb_column][\/et_pb_row][\/et_pb_section][et_pb_section fb_built=\u00bb1&#8243; _builder_version=\u00bb4.18.1&#8243; _module_preset=\u00bbdefault\u00bb custom_padding=\u00bb4px|||||\u00bb global_colors_info=\u00bb{}\u00bb][et_pb_row _builder_version=\u00bb4.18.1&#8243; _module_preset=\u00bbdefault\u00bb custom_padding=\u00bb5px|||||\u00bb global_colors_info=\u00bb{}\u00bb][et_pb_column type=\u00bb4_4&#8243; _builder_version=\u00bb4.18.1&#8243; _module_preset=\u00bbdefault\u00bb global_colors_info=\u00bb{}\u00bb][et_pb_text _builder_version=\u00bb4.18.1&#8243; _module_preset=\u00bbdefault\u00bb global_colors_info=\u00bb{}\u00bb]<\/p>\n<h2>L\u00edneas de trabajo<\/h2>\n<p>[\/et_pb_text][\/et_pb_column][\/et_pb_row][et_pb_row column_structure=\u00bb1_3,1_3,1_3&#8243; _builder_version=\u00bb4.18.1&#8243; _module_preset=\u00bbdefault\u00bb global_colors_info=\u00bb{}\u00bb][et_pb_column type=\u00bb1_3&#8243; _builder_version=\u00bb4.18.1&#8243; _module_preset=\u00bbdefault\u00bb global_colors_info=\u00bb{}\u00bb][et_pb_text _builder_version=\u00bb4.18.1&#8243; _module_preset=\u00bbdefault\u00bb text_orientation=\u00bbjustified\u00bb global_colors_info=\u00bb{}\u00bb]<\/p>\n<p>La transformaci\u00f3n digital es un elemento central de las pol\u00edticas de transformaci\u00f3n del modelo econ\u00f3mico espa\u00f1ol por su influencia en el crecimiento y la modernizaci\u00f3n del tejido productivo que se impulsar\u00e1n con fondos europeos. Est\u00e1 en l\u00ednea con Espa\u00f1a Digital 2026 y la estrategia digital europea<\/p>\n<p>[\/et_pb_text][\/et_pb_column][et_pb_column type=\u00bb1_3&#8243; _builder_version=\u00bb4.18.1&#8243; _module_preset=\u00bbdefault\u00bb global_colors_info=\u00bb{}\u00bb][et_pb_text _builder_version=\u00bb4.18.1&#8243; _module_preset=\u00bbdefault\u00bb text_orientation=\u00bbjustified\u00bb global_colors_info=\u00bb{}\u00bb]<\/p>\n<p>La transici\u00f3n ecol\u00f3gica es un proceso de transformaci\u00f3n social con el objetivo de avanzar hacia un modelo de desarrollo sostenible. <strong>El Programa LIFE de la Uni\u00f3n Europea<\/strong>. El Programa LIFE es el Programa de la Uni\u00f3n Europea para el Medio Ambiente y la Acci\u00f3n Clim\u00e1tica para el periodo 2021-2027<\/p>\n<p>[\/et_pb_text][\/et_pb_column][et_pb_column type=\u00bb1_3&#8243; _builder_version=\u00bb4.18.1&#8243; _module_preset=\u00bbdefault\u00bb global_colors_info=\u00bb{}\u00bb][et_pb_text _builder_version=\u00bb4.18.1&#8243; _module_preset=\u00bbdefault\u00bb text_orientation=\u00bbjustified\u00bb global_colors_info=\u00bb{}\u00bb]<\/p>\n<p>La movilidad sostenible es un conjunto de acciones destinadas a todos los ciudadanos que de manera global, pretenden en sus desplazamientos mejorar la calidad del entorno. Promover el uso del transporte p\u00fablico e investigar y mejorar los combustibles alternativos son los principales retos que se persiguen para minimizar en la medida de lo posible el impacto ambiental y social que se pueda generar.<\/p>\n<p>[\/et_pb_text][\/et_pb_column][\/et_pb_row][et_pb_row column_structure=\u00bb1_3,1_3,1_3&#8243; _builder_version=\u00bb4.18.1&#8243; _module_preset=\u00bbdefault\u00bb global_colors_info=\u00bb{}\u00bb][et_pb_column type=\u00bb1_3&#8243; _builder_version=\u00bb4.18.1&#8243; _module_preset=\u00bbdefault\u00bb global_colors_info=\u00bb{}\u00bb][et_pb_button button_url=\u00bbhttps:\/\/portal.mineco.gob.es\/es-es\/Paginas\/index.aspx\u00bb url_new_window=\u00bbon\u00bb button_text=\u00bbTRANSFORMACI\u00d3N DIGITAL\u00bb button_alignment=\u00bbcenter\u00bb _builder_version=\u00bb4.18.1&#8243; _module_preset=\u00bbdefault\u00bb custom_button=\u00bbon\u00bb button_text_size=\u00bb18px\u00bb button_text_color=\u00bb#FFFFFF\u00bb button_bg_color=\u00bb#C40038&#8243; button_border_width=\u00bb10px\u00bb button_font=\u00bb|800|||||||\u00bb button_icon=\u00bb&#x35;||divi||400&#8243; custom_css_main_element=\u00bbwidth: 100%;\u00bb button_text_shadow_style=\u00bbpreset1&#8243; button_text_shadow_color=\u00bbrgba(255,0,76,0.86)\u00bb box_shadow_style=\u00bbpreset3&#8243; box_shadow_vertical=\u00bb30px\u00bb box_shadow_blur=\u00bb30px\u00bb box_shadow_spread=\u00bb-23px\u00bb box_shadow_color=\u00bb#C40038&#8243; global_colors_info=\u00bb{}\u00bb][\/et_pb_button][\/et_pb_column][et_pb_column type=\u00bb1_3&#8243; _builder_version=\u00bb4.18.1&#8243; _module_preset=\u00bbdefault\u00bb global_colors_info=\u00bb{}\u00bb][et_pb_button button_url=\u00bbhttps:\/\/miteco.gob.es\/es\/biodiversidad\/ayudas-y-subvenciones\/\u00bb url_new_window=\u00bbon\u00bb button_text=\u00bbTRANSICI\u00d3N ECOL\u00d3GICA\u00bb button_alignment=\u00bbcenter\u00bb _builder_version=\u00bb4.18.1&#8243; _module_preset=\u00bbdefault\u00bb custom_button=\u00bbon\u00bb button_text_size=\u00bb18px\u00bb button_border_width=\u00bb10px\u00bb button_icon=\u00bb&#x35;||divi||400&#8243; custom_css_main_element=\u00bbwidth: 100%;\u00bb button_text_shadow_style=\u00bbpreset1&#8243; box_shadow_style=\u00bbpreset2&#8243; box_shadow_horizontal=\u00bb0px\u00bb box_shadow_vertical=\u00bb30px\u00bb box_shadow_blur=\u00bb30px\u00bb box_shadow_spread=\u00bb-23px\u00bb box_shadow_color=\u00bb#C40038&#8243; global_colors_info=\u00bb{}\u00bb][\/et_pb_button][\/et_pb_column][et_pb_column type=\u00bb1_3&#8243; _builder_version=\u00bb4.18.1&#8243; _module_preset=\u00bbdefault\u00bb global_colors_info=\u00bb{}\u00bb][et_pb_button button_url=\u00bbhttps:\/\/esmovilidad.mitma.es\/\u00bb url_new_window=\u00bbon\u00bb button_text=\u00bbMOVILIDAD SOSTENIBLE\u00bb button_alignment=\u00bbcenter\u00bb _builder_version=\u00bb4.18.1&#8243; _module_preset=\u00bbdefault\u00bb custom_button=\u00bbon\u00bb button_text_size=\u00bb18px\u00bb button_border_width=\u00bb10px\u00bb button_icon=\u00bb&#x35;||divi||400&#8243; custom_css_main_element=\u00bbwidth: 100%;\u00bb button_text_shadow_style=\u00bbpreset1&#8243; box_shadow_style=\u00bbpreset2&#8243; box_shadow_horizontal=\u00bb0px\u00bb box_shadow_vertical=\u00bb30px\u00bb box_shadow_blur=\u00bb30px\u00bb box_shadow_spread=\u00bb-23px\u00bb box_shadow_color=\u00bb#C40038&#8243; global_colors_info=\u00bb{}\u00bb][\/et_pb_button][\/et_pb_column][\/et_pb_row][et_pb_row column_structure=\u00bb1_3,1_3,1_3&#8243; _builder_version=\u00bb4.18.1&#8243; _module_preset=\u00bbdefault\u00bb global_colors_info=\u00bb{}\u00bb][et_pb_column type=\u00bb1_3&#8243; _builder_version=\u00bb4.18.1&#8243; _module_preset=\u00bbdefault\u00bb global_colors_info=\u00bb{}\u00bb][et_pb_text _builder_version=\u00bb4.18.1&#8243; _module_preset=\u00bbdefault\u00bb text_orientation=\u00bbjustified\u00bb global_colors_info=\u00bb{}\u00bb]<\/p>\n<p>Programas de ayudas para el acceso a una vivienda digna, de incremento de oferta de vivienda en alquiler, de mejora a la accesibilidad y erradicaci\u00f3n de la infravivienda, de seguro de protecci\u00f3n.<\/p>\n<p>[\/et_pb_text][\/et_pb_column][et_pb_column type=\u00bb1_3&#8243; _builder_version=\u00bb4.18.1&#8243; _module_preset=\u00bbdefault\u00bb global_colors_info=\u00bb{}\u00bb][et_pb_text _builder_version=\u00bb4.18.1&#8243; _module_preset=\u00bbdefault\u00bb text_orientation=\u00bbjustified\u00bb global_colors_info=\u00bb{}\u00bb]<\/p>\n<p>\u00abGeneraci\u00f3n D\u00bb Es una iniciativa liderada por el Ministerio de Asuntos Econ\u00f3micos y Transformaci\u00f3n Digital que persigue el impulso de la transformaci\u00f3n digital de las peque\u00f1as y medianas empresas (PYMES) espa\u00f1olas, mejorando as\u00ed su productividad y sus posibilidades de crecimiento e internacionalizaci\u00f3n.<\/p>\n<p>Abierta la convocatoria de \u00abGeneraci\u00f3n D Pymes\u00bb y \u00abGeneraci\u00f3n D Agentes del Cambio\u00bb, los programas de formaci\u00f3n digital para las PYMES.<\/p>\n<p>[\/et_pb_text][\/et_pb_column][et_pb_column type=\u00bb1_3&#8243; _builder_version=\u00bb4.18.1&#8243; _module_preset=\u00bbdefault\u00bb global_colors_info=\u00bb{}\u00bb][et_pb_text _builder_version=\u00bb4.18.1&#8243; _module_preset=\u00bbdefault\u00bb text_orientation=\u00bbjustified\u00bb global_colors_info=\u00bb{}\u00bb]<\/p>\n<p>El desarrollo de las fuentes renovables de energ\u00eda es uno de los aspectos claves de la pol\u00edtica energ\u00e9tica nacional, por las siguientes razones: a) contribuyen eficientemente a la reducci\u00f3n de las emisiones de gases de efecto invernadero, en particular del CO2. b) la mayor participaci\u00f3n de las energ\u00edas renovables en el balance energ\u00e9tico disminuye nuestra dependencia de los productos petrol\u00edferos y diversificaci\u00f3n nuestras fuentes de suministros al promover recursos aut\u00f3ctonos.<\/p>\n<p>[\/et_pb_text][\/et_pb_column][\/et_pb_row][et_pb_row column_structure=\u00bb1_3,1_3,1_3&#8243; _builder_version=\u00bb4.18.1&#8243; _module_preset=\u00bbdefault\u00bb global_colors_info=\u00bb{}\u00bb][et_pb_column type=\u00bb1_3&#8243; _builder_version=\u00bb4.18.1&#8243; _module_preset=\u00bbdefault\u00bb global_colors_info=\u00bb{}\u00bb][et_pb_button button_url=\u00bbhttps:\/\/mitma.gob.es\/vivienda\/plan-estatal-de-vivienda\/plan-2022-2025\/programas-de-ayuda#pagina-menu-interior\u00bb url_new_window=\u00bbon\u00bb button_text=\u00bbREHABILITACI\u00d3N EDIFICIOS\u00bb button_alignment=\u00bbcenter\u00bb _builder_version=\u00bb4.18.1&#8243; _module_preset=\u00bbdefault\u00bb custom_button=\u00bbon\u00bb button_text_size=\u00bb18px\u00bb button_border_width=\u00bb10px\u00bb button_icon=\u00bb&#x35;||divi||400&#8243; custom_css_main_element=\u00bbwidth: 100%;\u00bb button_text_shadow_style=\u00bbpreset1&#8243; box_shadow_style=\u00bbpreset2&#8243; box_shadow_horizontal=\u00bb0px\u00bb box_shadow_vertical=\u00bb30px\u00bb box_shadow_blur=\u00bb30px\u00bb box_shadow_spread=\u00bb-23px\u00bb box_shadow_color=\u00bb#C40038&#8243; global_colors_info=\u00bb{}\u00bb][\/et_pb_button][\/et_pb_column][et_pb_column type=\u00bb1_3&#8243; _builder_version=\u00bb4.18.1&#8243; _module_preset=\u00bbdefault\u00bb global_colors_info=\u00bb{}\u00bb][et_pb_button button_url=\u00bbhttps:\/\/acelerapyme.es\/\u00bb url_new_window=\u00bbon\u00bb button_text=\u00bbPYMES\u00bb button_alignment=\u00bbcenter\u00bb _builder_version=\u00bb4.18.1&#8243; _module_preset=\u00bbdefault\u00bb custom_button=\u00bbon\u00bb button_text_size=\u00bb18px\u00bb button_border_width=\u00bb10px\u00bb button_icon=\u00bb&#x35;||divi||400&#8243; custom_css_main_element=\u00bbwidth: 100%;\u00bb button_text_shadow_style=\u00bbpreset1&#8243; box_shadow_style=\u00bbpreset2&#8243; box_shadow_horizontal=\u00bb0px\u00bb box_shadow_vertical=\u00bb30px\u00bb box_shadow_blur=\u00bb30px\u00bb box_shadow_spread=\u00bb-23px\u00bb box_shadow_color=\u00bb#C40038&#8243; global_colors_info=\u00bb{}\u00bb][\/et_pb_button][\/et_pb_column][et_pb_column type=\u00bb1_3&#8243; _builder_version=\u00bb4.18.1&#8243; _module_preset=\u00bbdefault\u00bb global_colors_info=\u00bb{}\u00bb][et_pb_button button_url=\u00bbhttps:\/\/energia.gob.es\/desarrollo\/EficienciaEnergetica\/Paginas\/eficiencia-energetica.aspx\u00bb url_new_window=\u00bbon\u00bb button_text=\u00bbENERG\u00cdAS RENOVABLES\u00bb button_alignment=\u00bbcenter\u00bb _builder_version=\u00bb4.18.1&#8243; _module_preset=\u00bbdefault\u00bb custom_button=\u00bbon\u00bb button_text_size=\u00bb18px\u00bb button_border_width=\u00bb10px\u00bb button_border_radius=\u00bb18px\u00bb button_icon=\u00bb&#x35;||divi||400&#8243; custom_css_main_element=\u00bbwidth: 100%;\u00bb button_text_shadow_style=\u00bbpreset1&#8243; box_shadow_style=\u00bbpreset2&#8243; box_shadow_horizontal=\u00bb0px\u00bb box_shadow_vertical=\u00bb30px\u00bb box_shadow_blur=\u00bb30px\u00bb box_shadow_spread=\u00bb-23px\u00bb box_shadow_color=\u00bb#C40038&#8243; global_colors_info=\u00bb{}\u00bb][\/et_pb_button][\/et_pb_column][\/et_pb_row][\/et_pb_section][et_pb_section fb_built=\u00bb1&#8243; _builder_version=\u00bb4.18.1&#8243; _module_preset=\u00bbdefault\u00bb custom_padding=\u00bb2px|||||\u00bb global_colors_info=\u00bb{}\u00bb][et_pb_row _builder_version=\u00bb4.18.1&#8243; _module_preset=\u00bbdefault\u00bb custom_padding=\u00bb7px|||||\u00bb global_colors_info=\u00bb{}\u00bb][et_pb_column type=\u00bb4_4&#8243; _builder_version=\u00bb4.18.1&#8243; _module_preset=\u00bbdefault\u00bb global_colors_info=\u00bb{}\u00bb][et_pb_text _builder_version=\u00bb4.18.1&#8243; _module_preset=\u00bbdefault\u00bb global_colors_info=\u00bb{}\u00bb]<\/p>\n<h2>Servicios<\/h2>\n<p>[\/et_pb_text][\/et_pb_column][\/et_pb_row][et_pb_row column_structure=\u00bb1_3,1_3,1_3&#8243; _builder_version=\u00bb4.18.1&#8243; _module_preset=\u00bbdefault\u00bb global_colors_info=\u00bb{}\u00bb][et_pb_column type=\u00bb1_3&#8243; _builder_version=\u00bb4.18.1&#8243; _module_preset=\u00bbdefault\u00bb global_colors_info=\u00bb{}\u00bb][et_pb_text _builder_version=\u00bb4.21.0&#8243; _module_preset=\u00bbdefault\u00bb text_orientation=\u00bbjustified\u00bb global_colors_info=\u00bb{}\u00bb]<\/p>\n<h3>Oficina de Proyectos Europeos<\/h3>\n<h4>\u00a0<\/h4>\n<p>Plaza del Jard\u00ed, 7, Albal &#8211; <strong>Ayuntamiento de Albal<\/strong><\/p>\n<p><strong>Horario:<\/strong> de 09:30 h a 13:00 h<\/p>\n<p>Tel: <strong>96 126 00 56<\/strong> ext. 135<\/p>\n<p><a class=\"bot-cita-previa\" href=\"https:\/\/citaprevia.albal.es:10090\/index.html#!\/es\/home\" target=\"_blank\" rel=\"noopener noreferrer\">CITA PREVIA<\/a><\/p>\n<p>[\/et_pb_text][\/et_pb_column][et_pb_column type=\u00bb1_3&#8243; _builder_version=\u00bb4.18.1&#8243; _module_preset=\u00bbdefault\u00bb global_colors_info=\u00bb{}\u00bb][et_pb_button button_url=\u00bbhttps:\/\/albal.es\/content-albal\/uploads\/2023\/10\/20230926Ayudas_semanales_castella1.pdf\u00bb url_new_window=\u00bbon\u00bb button_text=\u00bbCONVOCATORIAS P\u00daBLICAS\u00bb button_alignment=\u00bbcenter\u00bb _builder_version=\u00bb4.22.1&#8243; _module_preset=\u00bbdefault\u00bb custom_button=\u00bbon\u00bb button_text_size=\u00bb18px\u00bb button_border_width=\u00bb10px\u00bb button_icon=\u00bb&#x68;||divi||400&#8243; custom_margin=\u00bb43px||||false|false\u00bb hover_enabled=\u00bb0&#8243; custom_css_main_element=\u00bbwidth: 100%;\u00bb button_text_shadow_style=\u00bbpreset1&#8243; box_shadow_style=\u00bbpreset2&#8243; box_shadow_horizontal=\u00bb0px\u00bb box_shadow_vertical=\u00bb30px\u00bb box_shadow_blur=\u00bb30px\u00bb box_shadow_spread=\u00bb-23px\u00bb box_shadow_color=\u00bb#C40038&#8243; global_colors_info=\u00bb{}\u00bb sticky_enabled=\u00bb0&#8243;][\/et_pb_button][et_pb_button button_url=\u00bbhttps:\/\/albal.es\/content-albal\/uploads\/2023\/08\/Convocatorias-subvenciones-a-empresas-31-08-2023.pdf\u00bb url_new_window=\u00bbon\u00bb button_text=\u00bbCONVOCATORIAS EMPRESAS\u00bb button_alignment=\u00bbcenter\u00bb _builder_version=\u00bb4.21.0&#8243; _module_preset=\u00bbdefault\u00bb custom_button=\u00bbon\u00bb button_text_size=\u00bb18px\u00bb button_border_width=\u00bb10px\u00bb button_icon=\u00bb&#x68;||divi||400&#8243; custom_margin=\u00bb40px||||false|false\u00bb custom_css_main_element=\u00bbwidth: 100%;\u00bb button_text_shadow_style=\u00bbpreset1&#8243; box_shadow_style=\u00bbpreset2&#8243; box_shadow_horizontal=\u00bb0px\u00bb box_shadow_vertical=\u00bb30px\u00bb box_shadow_blur=\u00bb30px\u00bb box_shadow_spread=\u00bb-23px\u00bb box_shadow_color=\u00bb#C40038&#8243; global_colors_info=\u00bb{}\u00bb][\/et_pb_button][\/et_pb_column][et_pb_column type=\u00bb1_3&#8243; _builder_version=\u00bb4.18.1&#8243; _module_preset=\u00bbdefault\u00bb global_colors_info=\u00bb{}\u00bb][et_pb_text _builder_version=\u00bb4.18.1&#8243; _module_preset=\u00bbdefault\u00bb text_orientation=\u00bbcenter\u00bb custom_margin=\u00bb40px||||false|false\u00bb custom_padding=\u00bb||||false|false\u00bb global_colors_info=\u00bb{}\u00bb]<\/p>\n<h2>ASISTENTE GENERALITAT<\/h2>\n<p>&nbsp;<\/p>\n<p><a href=\"https:\/\/gvanext.gva.es\" target=\"_blank\" rel=\"noopener\"><img decoding=\"async\" class=\"alignnone wp-image-43300 lazyload\" data-src=\"https:\/\/albal.es\/content-albal\/uploads\/2023\/04\/GVA_NEXT.png\" alt=\"\" width=\"271\" height=\"89\" src=\"data:image\/svg+xml;base64,PHN2ZyB3aWR0aD0iMSIgaGVpZ2h0PSIxIiB4bWxucz0iaHR0cDovL3d3dy53My5vcmcvMjAwMC9zdmciPjwvc3ZnPg==\" style=\"--smush-placeholder-width: 271px; --smush-placeholder-aspect-ratio: 271\/89;\" \/><\/a><\/p>\n<p>[\/et_pb_text][\/et_pb_column][\/et_pb_row][\/et_pb_section]<\/p>\n","protected":false},"excerpt":{"rendered":"<p>Fondos Europeos &nbsp; Punto GVA Next &nbsp;Qu\u00e9 es? &nbsp; El punto GVANEXT de Albal es un servicio p\u00fablico de asesoramiento personalizado, dirigido al tejido empresarial y asociativo de este municipio para la captaci\u00f3n y gesti\u00f3n de Fondos Europeos, que proporciona la Uni\u00f3n Europea con el instrumento NEXT GENERATION dentro del Mecanismo de Recuperaci\u00f3n, Transformaci\u00f3n y Resiliencia (PRTR) del Gobierno.Atenci\u00f3n personalizada con cita previa &nbsp; Ayuntamiento de AlbalPlaza del Jard\u00ed, 7Oficina de Proyectos EuropeosT\u00e9cnica de Proyectos Europeos, Isabel S\u00e1nchez Ca\u00f1adaisabel.sanchez@albal.esTfn.: 96 126 00 56Ext.135L\u00edneas de trabajoLa transformaci\u00f3n digital es un elemento central de las pol\u00edticas de transformaci\u00f3n del modelo econ\u00f3mico espa\u00f1ol por su influencia en el crecimiento y la modernizaci\u00f3n del tejido productivo que se impulsar\u00e1n con fondos europeos. Est\u00e1 en l\u00ednea con Espa\u00f1a Digital 2026 y la estrategia digital europeaLa transici\u00f3n ecol\u00f3gica es un proceso de transformaci\u00f3n social con el objetivo de avanzar hacia un modelo de desarrollo sostenible. El Programa LIFE de la Uni\u00f3n Europea. El Programa LIFE es el Programa de la Uni\u00f3n Europea para el Medio Ambiente y la Acci\u00f3n Clim\u00e1tica para el periodo 2021-2027La movilidad sostenible es un conjunto de acciones destinadas a todos los ciudadanos que de manera global, pretenden en sus desplazamientos mejorar la [&hellip;]<\/p>\n","protected":false},"author":21,"featured_media":0,"parent":780,"menu_order":0,"comment_status":"closed","ping_status":"closed","template":"","meta":{"_acf_changed":false,"_et_pb_use_builder":"on","_et_pb_old_content":"","_et_gb_content_width":"","footnotes":""},"coauthors":[75],"class_list":["post-43371","page","type-page","status-publish","hentry"],"acf":[],"yoast_head":"<!-- This site is optimized with the Yoast SEO plugin v27.4 - https:\/\/yoast.com\/product\/yoast-seo-wordpress\/ -->\n<title>Fondos Europeos - Ajuntament d&#039;Albal<\/title>\n<meta name=\"robots\" content=\"index, follow, max-snippet:-1, max-image-preview:large, max-video-preview:-1\" \/>\n<link rel=\"canonical\" href=\"https:\/\/albal.es\/es\/areas-y-servicios-2\/promocion-y-desarrollo\/fondos-europeos\/\" \/>\n<meta property=\"og:locale\" content=\"es_ES\" \/>\n<meta property=\"og:type\" content=\"article\" \/>\n<meta property=\"og:title\" content=\"Fondos Europeos - Ajuntament d&#039;Albal\" \/>\n<meta property=\"og:description\" content=\"Fondos Europeos &nbsp; Punto GVA Next &nbsp;Qu\u00e9 es? &nbsp; El punto GVANEXT de Albal es un servicio p\u00fablico de asesoramiento personalizado, dirigido al tejido empresarial y asociativo de este municipio para la captaci\u00f3n y gesti\u00f3n de Fondos Europeos, que proporciona la Uni\u00f3n Europea con el instrumento NEXT GENERATION dentro del Mecanismo de Recuperaci\u00f3n, Transformaci\u00f3n y Resiliencia (PRTR) del Gobierno.Atenci\u00f3n personalizada con cita previa &nbsp; Ayuntamiento de AlbalPlaza del Jard\u00ed, 7Oficina de Proyectos EuropeosT\u00e9cnica de Proyectos Europeos, Isabel S\u00e1nchez Ca\u00f1adaisabel.sanchez@albal.esTfn.: 96 126 00 56Ext.135L\u00edneas de trabajoLa transformaci\u00f3n digital es un elemento central de las pol\u00edticas de transformaci\u00f3n del modelo econ\u00f3mico espa\u00f1ol por su influencia en el crecimiento y la modernizaci\u00f3n del tejido productivo que se impulsar\u00e1n con fondos europeos. Est\u00e1 en l\u00ednea con Espa\u00f1a Digital 2026 y la estrategia digital europeaLa transici\u00f3n ecol\u00f3gica es un proceso de transformaci\u00f3n social con el objetivo de avanzar hacia un modelo de desarrollo sostenible. El Programa LIFE de la Uni\u00f3n Europea. El Programa LIFE es el Programa de la Uni\u00f3n Europea para el Medio Ambiente y la Acci\u00f3n Clim\u00e1tica para el periodo 2021-2027La movilidad sostenible es un conjunto de acciones destinadas a todos los ciudadanos que de manera global, pretenden en sus desplazamientos mejorar la [&hellip;]\" \/>\n<meta property=\"og:site_name\" content=\"Ajuntament d&#039;Albal\" \/>\n<meta property=\"article:publisher\" content=\"https:\/\/facebook.com\/AjuntamentAlbal\/\" \/>\n<meta property=\"article:modified_time\" content=\"2023-10-02T15:29:47+00:00\" \/>\n<meta property=\"og:image\" content=\"https:\/\/albal.es\/content-albal\/uploads\/2023\/04\/GVA_NEXT.png\" \/>\n<meta name=\"twitter:card\" content=\"summary_large_image\" \/>\n<meta name=\"twitter:label1\" content=\"Tiempo de lectura\" \/>\n\t<meta name=\"twitter:data1\" content=\"5 minutos\" \/>\n\t<meta name=\"twitter:label2\" content=\"Written by\" \/>\n\t<meta name=\"twitter:data2\" content=\"Gonzalo Galiana\" \/>\n<script type=\"application\/ld+json\" class=\"yoast-schema-graph\">{\"@context\":\"https:\\\/\\\/schema.org\",\"@graph\":[{\"@type\":\"WebPage\",\"@id\":\"https:\\\/\\\/albal.es\\\/es\\\/areas-y-servicios-2\\\/promocion-y-desarrollo\\\/fondos-europeos\\\/\",\"url\":\"https:\\\/\\\/albal.es\\\/es\\\/areas-y-servicios-2\\\/promocion-y-desarrollo\\\/fondos-europeos\\\/\",\"name\":\"Fondos Europeos - Ajuntament d&#039;Albal\",\"isPartOf\":{\"@id\":\"https:\\\/\\\/albal.es\\\/es\\\/#website\"},\"primaryImageOfPage\":{\"@id\":\"https:\\\/\\\/albal.es\\\/es\\\/areas-y-servicios-2\\\/promocion-y-desarrollo\\\/fondos-europeos\\\/#primaryimage\"},\"image\":{\"@id\":\"https:\\\/\\\/albal.es\\\/es\\\/areas-y-servicios-2\\\/promocion-y-desarrollo\\\/fondos-europeos\\\/#primaryimage\"},\"thumbnailUrl\":\"https:\\\/\\\/albal.es\\\/content-albal\\\/uploads\\\/2023\\\/04\\\/GVA_NEXT.png\",\"datePublished\":\"2023-02-14T11:41:35+00:00\",\"dateModified\":\"2023-10-02T15:29:47+00:00\",\"breadcrumb\":{\"@id\":\"https:\\\/\\\/albal.es\\\/es\\\/areas-y-servicios-2\\\/promocion-y-desarrollo\\\/fondos-europeos\\\/#breadcrumb\"},\"inLanguage\":\"es\",\"potentialAction\":[{\"@type\":\"ReadAction\",\"target\":[\"https:\\\/\\\/albal.es\\\/es\\\/areas-y-servicios-2\\\/promocion-y-desarrollo\\\/fondos-europeos\\\/\"]}]},{\"@type\":\"ImageObject\",\"inLanguage\":\"es\",\"@id\":\"https:\\\/\\\/albal.es\\\/es\\\/areas-y-servicios-2\\\/promocion-y-desarrollo\\\/fondos-europeos\\\/#primaryimage\",\"url\":\"https:\\\/\\\/albal.es\\\/content-albal\\\/uploads\\\/2023\\\/04\\\/GVA_NEXT.png\",\"contentUrl\":\"https:\\\/\\\/albal.es\\\/content-albal\\\/uploads\\\/2023\\\/04\\\/GVA_NEXT.png\"},{\"@type\":\"BreadcrumbList\",\"@id\":\"https:\\\/\\\/albal.es\\\/es\\\/areas-y-servicios-2\\\/promocion-y-desarrollo\\\/fondos-europeos\\\/#breadcrumb\",\"itemListElement\":[{\"@type\":\"ListItem\",\"position\":1,\"name\":\"Inici\",\"item\":\"https:\\\/\\\/albal.es\\\/es\\\/\"},{\"@type\":\"ListItem\",\"position\":2,\"name\":\"\u00c1reas y Servicios\",\"item\":\"https:\\\/\\\/albal.es\\\/es\\\/areas-y-servicios-2\\\/\"},{\"@type\":\"ListItem\",\"position\":3,\"name\":\"Promoci\u00f3n y Desarrollo\",\"item\":\"https:\\\/\\\/albal.es\\\/es\\\/areas-y-servicios-2\\\/promocion-y-desarrollo\\\/\"},{\"@type\":\"ListItem\",\"position\":4,\"name\":\"Fondos Europeos\"}]},{\"@type\":\"WebSite\",\"@id\":\"https:\\\/\\\/albal.es\\\/es\\\/#website\",\"url\":\"https:\\\/\\\/albal.es\\\/es\\\/\",\"name\":\"Ajuntament d&#039;Albal\",\"description\":\"Ajuntament d&#039;Albal\",\"publisher\":{\"@id\":\"https:\\\/\\\/albal.es\\\/es\\\/#organization\"},\"potentialAction\":[{\"@type\":\"SearchAction\",\"target\":{\"@type\":\"EntryPoint\",\"urlTemplate\":\"https:\\\/\\\/albal.es\\\/es\\\/?s={search_term_string}\"},\"query-input\":{\"@type\":\"PropertyValueSpecification\",\"valueRequired\":true,\"valueName\":\"search_term_string\"}}],\"inLanguage\":\"es\"},{\"@type\":\"Organization\",\"@id\":\"https:\\\/\\\/albal.es\\\/es\\\/#organization\",\"name\":\"Ajuntament d'Albal - Valencia\",\"url\":\"https:\\\/\\\/albal.es\\\/es\\\/\",\"logo\":{\"@type\":\"ImageObject\",\"inLanguage\":\"es\",\"@id\":\"https:\\\/\\\/albal.es\\\/es\\\/#\\\/schema\\\/logo\\\/image\\\/\",\"url\":\"https:\\\/\\\/albal.es\\\/content-albal\\\/uploads\\\/2020\\\/06\\\/logo-ayuntamiento-albal.png\",\"contentUrl\":\"https:\\\/\\\/albal.es\\\/content-albal\\\/uploads\\\/2020\\\/06\\\/logo-ayuntamiento-albal.png\",\"width\":367,\"height\":332,\"caption\":\"Ajuntament d'Albal - Valencia\"},\"image\":{\"@id\":\"https:\\\/\\\/albal.es\\\/es\\\/#\\\/schema\\\/logo\\\/image\\\/\"},\"sameAs\":[\"https:\\\/\\\/facebook.com\\\/AjuntamentAlbal\\\/\"]}]}<\/script>\n<!-- \/ Yoast SEO plugin. -->","yoast_head_json":{"title":"Fondos Europeos - Ajuntament d&#039;Albal","robots":{"index":"index","follow":"follow","max-snippet":"max-snippet:-1","max-image-preview":"max-image-preview:large","max-video-preview":"max-video-preview:-1"},"canonical":"https:\/\/albal.es\/es\/areas-y-servicios-2\/promocion-y-desarrollo\/fondos-europeos\/","og_locale":"es_ES","og_type":"article","og_title":"Fondos Europeos - Ajuntament d&#039;Albal","og_description":"Fondos Europeos &nbsp; Punto GVA Next &nbsp;Qu\u00e9 es? &nbsp; El punto GVANEXT de Albal es un servicio p\u00fablico de asesoramiento personalizado, dirigido al tejido empresarial y asociativo de este municipio para la captaci\u00f3n y gesti\u00f3n de Fondos Europeos, que proporciona la Uni\u00f3n Europea con el instrumento NEXT GENERATION dentro del Mecanismo de Recuperaci\u00f3n, Transformaci\u00f3n y Resiliencia (PRTR) del Gobierno.Atenci\u00f3n personalizada con cita previa &nbsp; Ayuntamiento de AlbalPlaza del Jard\u00ed, 7Oficina de Proyectos EuropeosT\u00e9cnica de Proyectos Europeos, Isabel S\u00e1nchez Ca\u00f1adaisabel.sanchez@albal.esTfn.: 96 126 00 56Ext.135L\u00edneas de trabajoLa transformaci\u00f3n digital es un elemento central de las pol\u00edticas de transformaci\u00f3n del modelo econ\u00f3mico espa\u00f1ol por su influencia en el crecimiento y la modernizaci\u00f3n del tejido productivo que se impulsar\u00e1n con fondos europeos. Est\u00e1 en l\u00ednea con Espa\u00f1a Digital 2026 y la estrategia digital europeaLa transici\u00f3n ecol\u00f3gica es un proceso de transformaci\u00f3n social con el objetivo de avanzar hacia un modelo de desarrollo sostenible. El Programa LIFE de la Uni\u00f3n Europea. El Programa LIFE es el Programa de la Uni\u00f3n Europea para el Medio Ambiente y la Acci\u00f3n Clim\u00e1tica para el periodo 2021-2027La movilidad sostenible es un conjunto de acciones destinadas a todos los ciudadanos que de manera global, pretenden en sus desplazamientos mejorar la [&hellip;]","og_site_name":"Ajuntament d&#039;Albal","article_publisher":"https:\/\/facebook.com\/AjuntamentAlbal\/","article_modified_time":"2023-10-02T15:29:47+00:00","og_image":[{"url":"https:\/\/albal.es\/content-albal\/uploads\/2023\/04\/GVA_NEXT.png","type":"","width":"","height":""}],"twitter_card":"summary_large_image","twitter_misc":{"Tiempo de lectura":"5 minutos","Written by":"Gonzalo Galiana"},"schema":{"@context":"https:\/\/schema.org","@graph":[{"@type":"WebPage","@id":"https:\/\/albal.es\/es\/areas-y-servicios-2\/promocion-y-desarrollo\/fondos-europeos\/","url":"https:\/\/albal.es\/es\/areas-y-servicios-2\/promocion-y-desarrollo\/fondos-europeos\/","name":"Fondos Europeos - Ajuntament d&#039;Albal","isPartOf":{"@id":"https:\/\/albal.es\/es\/#website"},"primaryImageOfPage":{"@id":"https:\/\/albal.es\/es\/areas-y-servicios-2\/promocion-y-desarrollo\/fondos-europeos\/#primaryimage"},"image":{"@id":"https:\/\/albal.es\/es\/areas-y-servicios-2\/promocion-y-desarrollo\/fondos-europeos\/#primaryimage"},"thumbnailUrl":"https:\/\/albal.es\/content-albal\/uploads\/2023\/04\/GVA_NEXT.png","datePublished":"2023-02-14T11:41:35+00:00","dateModified":"2023-10-02T15:29:47+00:00","breadcrumb":{"@id":"https:\/\/albal.es\/es\/areas-y-servicios-2\/promocion-y-desarrollo\/fondos-europeos\/#breadcrumb"},"inLanguage":"es","potentialAction":[{"@type":"ReadAction","target":["https:\/\/albal.es\/es\/areas-y-servicios-2\/promocion-y-desarrollo\/fondos-europeos\/"]}]},{"@type":"ImageObject","inLanguage":"es","@id":"https:\/\/albal.es\/es\/areas-y-servicios-2\/promocion-y-desarrollo\/fondos-europeos\/#primaryimage","url":"https:\/\/albal.es\/content-albal\/uploads\/2023\/04\/GVA_NEXT.png","contentUrl":"https:\/\/albal.es\/content-albal\/uploads\/2023\/04\/GVA_NEXT.png"},{"@type":"BreadcrumbList","@id":"https:\/\/albal.es\/es\/areas-y-servicios-2\/promocion-y-desarrollo\/fondos-europeos\/#breadcrumb","itemListElement":[{"@type":"ListItem","position":1,"name":"Inici","item":"https:\/\/albal.es\/es\/"},{"@type":"ListItem","position":2,"name":"\u00c1reas y Servicios","item":"https:\/\/albal.es\/es\/areas-y-servicios-2\/"},{"@type":"ListItem","position":3,"name":"Promoci\u00f3n y Desarrollo","item":"https:\/\/albal.es\/es\/areas-y-servicios-2\/promocion-y-desarrollo\/"},{"@type":"ListItem","position":4,"name":"Fondos Europeos"}]},{"@type":"WebSite","@id":"https:\/\/albal.es\/es\/#website","url":"https:\/\/albal.es\/es\/","name":"Ajuntament d&#039;Albal","description":"Ajuntament d&#039;Albal","publisher":{"@id":"https:\/\/albal.es\/es\/#organization"},"potentialAction":[{"@type":"SearchAction","target":{"@type":"EntryPoint","urlTemplate":"https:\/\/albal.es\/es\/?s={search_term_string}"},"query-input":{"@type":"PropertyValueSpecification","valueRequired":true,"valueName":"search_term_string"}}],"inLanguage":"es"},{"@type":"Organization","@id":"https:\/\/albal.es\/es\/#organization","name":"Ajuntament d'Albal - Valencia","url":"https:\/\/albal.es\/es\/","logo":{"@type":"ImageObject","inLanguage":"es","@id":"https:\/\/albal.es\/es\/#\/schema\/logo\/image\/","url":"https:\/\/albal.es\/content-albal\/uploads\/2020\/06\/logo-ayuntamiento-albal.png","contentUrl":"https:\/\/albal.es\/content-albal\/uploads\/2020\/06\/logo-ayuntamiento-albal.png","width":367,"height":332,"caption":"Ajuntament d'Albal - Valencia"},"image":{"@id":"https:\/\/albal.es\/es\/#\/schema\/logo\/image\/"},"sameAs":["https:\/\/facebook.com\/AjuntamentAlbal\/"]}]}},"publishpress_future_workflow_manual_trigger":{"enabledWorkflows":[]},"_links":{"self":[{"href":"https:\/\/albal.es\/es\/wp-json\/wp\/v2\/pages\/43371","targetHints":{"allow":["GET"]}}],"collection":[{"href":"https:\/\/albal.es\/es\/wp-json\/wp\/v2\/pages"}],"about":[{"href":"https:\/\/albal.es\/es\/wp-json\/wp\/v2\/types\/page"}],"author":[{"embeddable":true,"href":"https:\/\/albal.es\/es\/wp-json\/wp\/v2\/users\/21"}],"replies":[{"embeddable":true,"href":"https:\/\/albal.es\/es\/wp-json\/wp\/v2\/comments?post=43371"}],"version-history":[{"count":0,"href":"https:\/\/albal.es\/es\/wp-json\/wp\/v2\/pages\/43371\/revisions"}],"up":[{"embeddable":true,"href":"https:\/\/albal.es\/es\/wp-json\/wp\/v2\/pages\/780"}],"wp:attachment":[{"href":"https:\/\/albal.es\/es\/wp-json\/wp\/v2\/media?parent=43371"}],"wp:term":[{"taxonomy":"author","embeddable":true,"href":"https:\/\/albal.es\/es\/wp-json\/wp\/v2\/coauthors?post=43371"}],"curies":[{"name":"wp","href":"https:\/\/api.w.org\/{rel}","templated":true}]}}