

{"id":3598,"date":"2020-03-31T16:34:33","date_gmt":"2020-03-31T14:34:33","guid":{"rendered":"https:\/\/albal.es\/contacto-albal\/"},"modified":"2020-07-26T20:59:06","modified_gmt":"2020-07-26T18:59:06","slug":"contacto-albal","status":"publish","type":"page","link":"https:\/\/albal.es\/es\/contacto-albal\/","title":{"rendered":"Contacto Albal"},"content":{"rendered":"<p>[et_pb_section fb_built=\u00bb1&#8243; custom_padding_last_edited=\u00bbon|phone\u00bb module_class=\u00bbcontent-cab-area\u00bb _builder_version=\u00bb4.5.1&#8243; background_enable_color=\u00bboff\u00bb custom_padding=\u00bb15px||25px||false|false\u00bb custom_padding_tablet=\u00bb\u00bb custom_padding_phone=\u00bb||0px||false|false\u00bb][et_pb_row column_structure=\u00bb2_5,3_5&#8243; use_custom_gutter=\u00bbon\u00bb make_equal=\u00bbon\u00bb custom_padding_last_edited=\u00bbon|phone\u00bb admin_label=\u00bbcab-area\u00bb module_class=\u00bbcab-area\u00bb _builder_version=\u00bb4.5.1&#8243; background_enable_image=\u00bboff\u00bb background_size=\u00bbinitial\u00bb background_position=\u00bbcenter_left\u00bb custom_padding=\u00bb25px||0px||false|false\u00bb custom_padding_tablet=\u00bb\u00bb custom_padding_phone=\u00bb15px||||false|false\u00bb border_width_left_tablet=\u00bb\u00bb border_width_left_phone=\u00bb0px\u00bb border_width_left_last_edited=\u00bbon|desktop\u00bb locked=\u00bboff\u00bb][et_pb_column type=\u00bb2_5&#8243; module_class=\u00bbcontent-tit-area\u00bb _builder_version=\u00bb4.5.1&#8243;][et_pb_text admin_label=\u00bb\u00a0H1&#8243; module_class=\u00bbtit-area\u00bb _builder_version=\u00bb4.5.1&#8243; custom_margin=\u00bb||20px||false|false\u00bb hover_enabled=\u00bb0&#8243; locked=\u00bboff\u00bb]<\/p>\n<h1>Contacte con el Ayuntamiento de Albal<\/h1>\n<p>[\/et_pb_text][et_pb_text admin_label=\u00bbIntro\u00bb module_class=\u00bbtit-area\u00bb _builder_version=\u00bb4.5.1&#8243; hover_enabled=\u00bb0&#8243; text_font_size=\u00bb21px\u00bb]Rellene los campos del formulario y describa su consulta. En breve nos pondremos en contacto con usted.[\/et_pb_text][et_pb_text _builder_version=\u00bb4.5.1&#8243; _module_preset=\u00bbdefault\u00bb hover_enabled=\u00bb0&#8243; border_width_top=\u00bb1px\u00bb custom_padding=\u00bb20px||||false|false\u00bb]<\/p>\n<h3>M\u00e1s informaci\u00f3n y enlaces:<\/h3>\n<p>Recuerde que puede encontrar gran cantidad de informaci\u00f3n en las diferentes \u00e1reas y secciones de nuestro sitio web:<\/p>\n<ul>\n<li><a href=\"https:\/\/citaprevia.albal.es:10090\/\" target=\"_blank\" rel=\"noopener noreferrer\">Cita previa<\/a><\/li>\n<li><a href=\"https:\/\/albal.sede.dival.es\/\" target=\"_blank\" rel=\"noopener noreferrer\">Sede electr\u00f3nica<\/a><\/li>\n<li><a href=\"https:\/\/albal.es\/es\/areas-y-servicios-2\/impresos-y-tramites-en-sede-electronica\/\">Impresos y tr\u00e1mites en Sede electr\u00f3nica<\/a><\/li>\n<li><a href=\"https:\/\/albal.es\/es\/areas-y-servicios-2\/secretaria-ayuntamiento\/padron-y-estadistica\/solicitud-de-certificado-de-empadronamiento\/\">Solicitud de Certificado de Empadronamiento<\/a><\/li>\n<li><a href=\"https:\/\/albal.es\/es\/areas-y-servicios-2\/servicios-economicos\/gestion-tributaria\/domiciliacion-bancaria-de-recibos\/\">Solicitud de domiciliaci\u00f3n bancaria de recibo<\/a><\/li>\n<li><a href=\"https:\/\/albal.es\/es\/areas-y-servicios-2\/\">\u00c1reas y Servicios<\/a><\/li>\n<li><a href=\"https:\/\/albal.es\/es\/informacion\/farmacias-de-guardia\/\">Farmacias de guardia<\/a><\/li>\n<li><a href=\"https:\/\/albal.es\/es\/informacion\/telefonos-de-interes\/\">Tel\u00e9fonos de inter\u00e9s<\/a><\/li>\n<\/ul>\n<p>[\/et_pb_text][\/et_pb_column][et_pb_column type=\u00bb3_5&#8243; disabled_on=\u00bbon|off|off\u00bb _builder_version=\u00bb4.5.1&#8243; custom_padding=\u00bb|||30px|false|false\u00bb custom_padding_tablet=\u00bb\u00bb custom_padding_phone=\u00bb|0px||0px|false|false\u00bb custom_padding_last_edited=\u00bbon|desktop\u00bb border_radii_tablet=\u00bb\u00bb border_radii_phone=\u00bb\u00bb border_radii_last_edited=\u00bbon|phone\u00bb border_width_left_tablet=\u00bb\u00bb border_width_left_phone=\u00bb\u00bb border_width_left_last_edited=\u00bbon|phone\u00bb][dsm_contact_form_7 cf7_library=\u00bb11684&#8243; label_bottom_spacing=\u00bb0px\u00bb input_background_color=\u00bb#f2f2f2&#8243; admin_label=\u00bbFormulario\u00bb _builder_version=\u00bb4.5.1&#8243; labels_font=\u00bb|700|||||||\u00bb labels_font_size=\u00bb19px\u00bb labels_line_height=\u00bb1.5em\u00bb input_textarea_select_text_color=\u00bb#777777&#8243; input_textarea_select_font_size=\u00bb18px\u00bb radio_checkbox_font=\u00bb||||||||\u00bb radio_checkbox_font_size=\u00bb19px\u00bb background_color=\u00bb#ffffff\u00bb custom_button_one=\u00bbon\u00bb button_one_text_size=\u00bb18px\u00bb button_one_text_color=\u00bb#ffffff\u00bb custom_padding=\u00bb30px|30px|30px|30px|true|true\u00bb border_radii=\u00bbon|10px|10px|10px|10px\u00bb border_width_all=\u00bb1px\u00bb border_color_all=\u00bb#cccccc\u00bb border_radii_image=\u00bbon|10px|10px|10px|10px\u00bb locked=\u00bboff\u00bb][\/dsm_contact_form_7][\/et_pb_column][\/et_pb_row][\/et_pb_section]<\/p>\n","protected":false},"excerpt":{"rendered":"<p>Contacte con el Ayuntamiento de AlbalRellene los campos del formulario y describa su consulta. En breve nos pondremos en contacto con usted.M\u00e1s informaci\u00f3n y enlaces: Recuerde que puede encontrar gran cantidad de informaci\u00f3n en las diferentes \u00e1reas y secciones de nuestro sitio web: Cita previa Sede electr\u00f3nica Impresos y tr\u00e1mites en Sede electr\u00f3nica Solicitud de Certificado de Empadronamiento Solicitud de domiciliaci\u00f3n bancaria de recibo \u00c1reas y Servicios Farmacias de guardia Tel\u00e9fonos de inter\u00e9s <div class=\"et_pb_with_border et_pb_module dsm_contact_form_7 dsm_contact_form_7_0\">\n\t\t\t\t\n\t\t\t\t\n\t\t\t\t\n\t\t\t\t\n\t\t\t\t\n\t\t\t\t\n\t\t\t\t<div class=\"et_pb_module_inner\">\n\t\t\t\t\t<div class=\"\">\n\t\t\t\t\n<div class=\"wpcf7 no-js\" id=\"wpcf7-f11696-o1\" lang=\"es-ES\" dir=\"ltr\" data-wpcf7-id=\"11696\">\n<div class=\"screen-reader-response\"><p role=\"status\" aria-live=\"polite\" aria-atomic=\"true\"><\/p> <ul><\/ul><\/div>\n<form action=\"\/es\/wp-json\/wp\/v2\/pages\/3598#wpcf7-f11696-o1\" method=\"post\" class=\"wpcf7-form init\" aria-label=\"Formulario de contacto\" novalidate=\"novalidate\" data-status=\"init\">\n<fieldset class=\"hidden-fields-container\"><input type=\"hidden\" name=\"_wpcf7\" value=\"11696\" \/><input type=\"hidden\" name=\"_wpcf7_version\" value=\"6.1.5\" \/><input type=\"hidden\" name=\"_wpcf7_locale\" value=\"es_ES\" \/><input type=\"hidden\" name=\"_wpcf7_unit_tag\" value=\"wpcf7-f11696-o1\" \/><input type=\"hidden\" name=\"_wpcf7_container_post\" value=\"0\" \/><input type=\"hidden\" name=\"_wpcf7_posted_data_hash\" value=\"\" \/><input type=\"hidden\" name=\"_wpcf7_recaptcha_response\" value=\"\" \/>\n<\/fieldset>\n<div class=\"fila-form\">\n\t<h2>Formulario de contacto:\n\t<\/h2>\n<\/div>\n<div class=\"fila-form\">\n\t<p><label>Nombre y apellidos<span class=\"aster\">*<\/span><br \/>\n<span class=\"wpcf7-form-control-wrap\" data-name=\"your-name\"><input size=\"40\" maxlength=\"400\" class=\"wpcf7-form-control wpcf7-text wpcf7-validates-as-required\" aria-required=\"true\" aria-invalid=\"false\" value=\"\" type=\"text\" name=\"your-name\" \/><\/span> <\/label>\n\t<\/p>\n<\/div>\n<div class=\"fila-form content-mail-telf\">\n\t<p><label class=\"cont-telf\"> Tel\u00e9fono<br \/>\n<span class=\"wpcf7-form-control-wrap\" data-name=\"telefono\"><input size=\"40\" maxlength=\"400\" class=\"wpcf7-form-control wpcf7-tel wpcf7-text wpcf7-validates-as-tel\" aria-invalid=\"false\" value=\"\" type=\"tel\" name=\"telefono\" \/><\/span><\/label><br \/>\n<label class=\"cont-email\">Correo electr\u00f3nico<span class=\"aster\">*<\/span><br \/>\n<span class=\"wpcf7-form-control-wrap\" data-name=\"your-email\"><input size=\"40\" maxlength=\"400\" class=\"wpcf7-form-control wpcf7-email wpcf7-validates-as-required wpcf7-text wpcf7-validates-as-email\" aria-required=\"true\" aria-invalid=\"false\" value=\"\" type=\"email\" name=\"your-email\" \/><\/span> <\/label>\n\t<\/p>\n<\/div>\n<div class=\"fila-form\">\n\t<p><label class=\"cont-mensaje\">Escriba su mensaje<span class=\"aster\">*<\/span><br \/>\n<span class=\"wpcf7-form-control-wrap\" data-name=\"missatge\"><textarea cols=\"40\" rows=\"10\" maxlength=\"2000\" class=\"wpcf7-form-control wpcf7-textarea wpcf7-validates-as-required\" aria-required=\"true\" aria-invalid=\"false\" name=\"missatge\"><\/textarea><\/span><br \/>\n<\/label>\n\t<\/p>\n<\/div>\n<div class=\"content-conformidad\">\n\t<p><span class=\"wpcf7-form-control-wrap\" data-name=\"accepacio-terms\"><span class=\"wpcf7-form-control wpcf7-acceptance\"><span class=\"wpcf7-list-item\"><input type=\"checkbox\" name=\"accepacio-terms\" value=\"1\" aria-invalid=\"false\" \/><\/span><\/span><\/span> He leido y acepto las <a href=\"https:\/\/albal.es\/politica-de-privacitat\/\" target=\"_blank\">condiciones sobre tratamiento y protecci\u00f3n de datos.<\/a>\n\t<\/p>\n<\/div>\n\n<div class=\"content-enviar\">\n\t<p><button class=\"wpcf7-form-control wpcf7-submit has-spinner et_pb_button et_pb_bg_layout_light\" type=\"submit\" value=\"Enviar\">Enviar<\/button>\n\t<\/p>\n<\/div>\n<div class=\"content-leyenda-form\">\n\t<p>Responsable de les dades: Ayuntamiento de Albal | Finalidad: Responder a las solicitudes del formulario | Legitimaci\u00f3n: Su consentimiento expreso | Destinatario: Ayuntamiento de Albal (datos almacenados solo en cliente de correo electr\u00f3nico) | Derechos: Tiene derecho al acceso, rectificaci\u00f3n, supresi\u00f3n, limitaci\u00f3n, portabilidad y olvido de sus datos.\n\t<\/p>\n<\/div><div class=\"wpcf7-response-output\" aria-hidden=\"true\"><\/div>\n<\/form>\n<\/div>\n\n\t\t\t<\/div>\n\t\t\t\t<\/div>\n\t\t\t<\/div><\/p>\n","protected":false},"author":1,"featured_media":0,"parent":0,"menu_order":10,"comment_status":"closed","ping_status":"closed","template":"","meta":{"_acf_changed":false,"_et_pb_use_builder":"on","_et_pb_old_content":"","_et_gb_content_width":"","footnotes":""},"coauthors":[],"class_list":["post-3598","page","type-page","status-publish","hentry"],"acf":[],"yoast_head":"<!-- This site is optimized with the Yoast SEO plugin v27.4 - https:\/\/yoast.com\/product\/yoast-seo-wordpress\/ -->\n<title>Contacto Albal - Ajuntament d&#039;Albal<\/title>\n<meta name=\"robots\" content=\"index, follow, max-snippet:-1, max-image-preview:large, max-video-preview:-1\" \/>\n<link rel=\"canonical\" href=\"https:\/\/albal.es\/es\/contacto-albal\/\" \/>\n<meta property=\"og:locale\" content=\"es_ES\" \/>\n<meta property=\"og:type\" content=\"article\" \/>\n<meta property=\"og:title\" content=\"Contacto Albal - Ajuntament d&#039;Albal\" \/>\n<meta property=\"og:description\" content=\"Contacte con el Ayuntamiento de AlbalRellene los campos del formulario y describa su consulta. En breve nos pondremos en contacto con usted.M\u00e1s informaci\u00f3n y enlaces: Recuerde que puede encontrar gran cantidad de informaci\u00f3n en las diferentes \u00e1reas y secciones de nuestro sitio web: Cita previa Sede electr\u00f3nica Impresos y tr\u00e1mites en Sede electr\u00f3nica Solicitud de Certificado de Empadronamiento Solicitud de domiciliaci\u00f3n bancaria de recibo \u00c1reas y Servicios Farmacias de guardia Tel\u00e9fonos de inter\u00e9s\" \/>\n<meta property=\"og:site_name\" content=\"Ajuntament d&#039;Albal\" \/>\n<meta property=\"article:publisher\" content=\"https:\/\/facebook.com\/AjuntamentAlbal\/\" \/>\n<meta property=\"article:modified_time\" content=\"2020-07-26T18:59:06+00:00\" \/>\n<meta property=\"og:image\" content=\"https:\/\/albal.es\/content-albal\/uploads\/2020\/06\/logo-ayuntamiento-albal.png\" \/>\n\t<meta property=\"og:image:width\" content=\"367\" \/>\n\t<meta property=\"og:image:height\" content=\"332\" \/>\n\t<meta property=\"og:image:type\" content=\"image\/png\" \/>\n<meta name=\"twitter:card\" content=\"summary_large_image\" \/>\n<meta name=\"twitter:label1\" content=\"Tiempo de lectura\" \/>\n\t<meta name=\"twitter:data1\" content=\"2 minutos\" \/>\n\t<meta name=\"twitter:label2\" content=\"Written by\" \/>\n\t<meta name=\"twitter:data2\" content=\"nx\" \/>\n<script type=\"application\/ld+json\" class=\"yoast-schema-graph\">{\"@context\":\"https:\\\/\\\/schema.org\",\"@graph\":[{\"@type\":\"WebPage\",\"@id\":\"https:\\\/\\\/albal.es\\\/es\\\/contacto-albal\\\/\",\"url\":\"https:\\\/\\\/albal.es\\\/es\\\/contacto-albal\\\/\",\"name\":\"Contacto Albal - Ajuntament d&#039;Albal\",\"isPartOf\":{\"@id\":\"https:\\\/\\\/albal.es\\\/es\\\/#website\"},\"datePublished\":\"2020-03-31T14:34:33+00:00\",\"dateModified\":\"2020-07-26T18:59:06+00:00\",\"breadcrumb\":{\"@id\":\"https:\\\/\\\/albal.es\\\/es\\\/contacto-albal\\\/#breadcrumb\"},\"inLanguage\":\"es\",\"potentialAction\":[{\"@type\":\"ReadAction\",\"target\":[\"https:\\\/\\\/albal.es\\\/es\\\/contacto-albal\\\/\"]}]},{\"@type\":\"BreadcrumbList\",\"@id\":\"https:\\\/\\\/albal.es\\\/es\\\/contacto-albal\\\/#breadcrumb\",\"itemListElement\":[{\"@type\":\"ListItem\",\"position\":1,\"name\":\"Inici\",\"item\":\"https:\\\/\\\/albal.es\\\/es\\\/\"},{\"@type\":\"ListItem\",\"position\":2,\"name\":\"Contacto Albal\"}]},{\"@type\":\"WebSite\",\"@id\":\"https:\\\/\\\/albal.es\\\/es\\\/#website\",\"url\":\"https:\\\/\\\/albal.es\\\/es\\\/\",\"name\":\"Ajuntament d&#039;Albal\",\"description\":\"Ajuntament d&#039;Albal\",\"publisher\":{\"@id\":\"https:\\\/\\\/albal.es\\\/es\\\/#organization\"},\"potentialAction\":[{\"@type\":\"SearchAction\",\"target\":{\"@type\":\"EntryPoint\",\"urlTemplate\":\"https:\\\/\\\/albal.es\\\/es\\\/?s={search_term_string}\"},\"query-input\":{\"@type\":\"PropertyValueSpecification\",\"valueRequired\":true,\"valueName\":\"search_term_string\"}}],\"inLanguage\":\"es\"},{\"@type\":\"Organization\",\"@id\":\"https:\\\/\\\/albal.es\\\/es\\\/#organization\",\"name\":\"Ajuntament d'Albal - Valencia\",\"url\":\"https:\\\/\\\/albal.es\\\/es\\\/\",\"logo\":{\"@type\":\"ImageObject\",\"inLanguage\":\"es\",\"@id\":\"https:\\\/\\\/albal.es\\\/es\\\/#\\\/schema\\\/logo\\\/image\\\/\",\"url\":\"https:\\\/\\\/albal.es\\\/content-albal\\\/uploads\\\/2020\\\/06\\\/logo-ayuntamiento-albal.png\",\"contentUrl\":\"https:\\\/\\\/albal.es\\\/content-albal\\\/uploads\\\/2020\\\/06\\\/logo-ayuntamiento-albal.png\",\"width\":367,\"height\":332,\"caption\":\"Ajuntament d'Albal - Valencia\"},\"image\":{\"@id\":\"https:\\\/\\\/albal.es\\\/es\\\/#\\\/schema\\\/logo\\\/image\\\/\"},\"sameAs\":[\"https:\\\/\\\/facebook.com\\\/AjuntamentAlbal\\\/\"]}]}<\/script>\n<!-- \/ Yoast SEO plugin. -->","yoast_head_json":{"title":"Contacto Albal - Ajuntament d&#039;Albal","robots":{"index":"index","follow":"follow","max-snippet":"max-snippet:-1","max-image-preview":"max-image-preview:large","max-video-preview":"max-video-preview:-1"},"canonical":"https:\/\/albal.es\/es\/contacto-albal\/","og_locale":"es_ES","og_type":"article","og_title":"Contacto Albal - Ajuntament d&#039;Albal","og_description":"Contacte con el Ayuntamiento de AlbalRellene los campos del formulario y describa su consulta. En breve nos pondremos en contacto con usted.M\u00e1s informaci\u00f3n y enlaces: Recuerde que puede encontrar gran cantidad de informaci\u00f3n en las diferentes \u00e1reas y secciones de nuestro sitio web: Cita previa Sede electr\u00f3nica Impresos y tr\u00e1mites en Sede electr\u00f3nica Solicitud de Certificado de Empadronamiento Solicitud de domiciliaci\u00f3n bancaria de recibo \u00c1reas y Servicios Farmacias de guardia Tel\u00e9fonos de inter\u00e9s","og_site_name":"Ajuntament d&#039;Albal","article_publisher":"https:\/\/facebook.com\/AjuntamentAlbal\/","article_modified_time":"2020-07-26T18:59:06+00:00","og_image":[{"width":367,"height":332,"url":"https:\/\/albal.es\/content-albal\/uploads\/2020\/06\/logo-ayuntamiento-albal.png","type":"image\/png"}],"twitter_card":"summary_large_image","twitter_misc":{"Tiempo de lectura":"2 minutos","Written by":"nx"},"schema":{"@context":"https:\/\/schema.org","@graph":[{"@type":"WebPage","@id":"https:\/\/albal.es\/es\/contacto-albal\/","url":"https:\/\/albal.es\/es\/contacto-albal\/","name":"Contacto Albal - Ajuntament d&#039;Albal","isPartOf":{"@id":"https:\/\/albal.es\/es\/#website"},"datePublished":"2020-03-31T14:34:33+00:00","dateModified":"2020-07-26T18:59:06+00:00","breadcrumb":{"@id":"https:\/\/albal.es\/es\/contacto-albal\/#breadcrumb"},"inLanguage":"es","potentialAction":[{"@type":"ReadAction","target":["https:\/\/albal.es\/es\/contacto-albal\/"]}]},{"@type":"BreadcrumbList","@id":"https:\/\/albal.es\/es\/contacto-albal\/#breadcrumb","itemListElement":[{"@type":"ListItem","position":1,"name":"Inici","item":"https:\/\/albal.es\/es\/"},{"@type":"ListItem","position":2,"name":"Contacto Albal"}]},{"@type":"WebSite","@id":"https:\/\/albal.es\/es\/#website","url":"https:\/\/albal.es\/es\/","name":"Ajuntament d&#039;Albal","description":"Ajuntament d&#039;Albal","publisher":{"@id":"https:\/\/albal.es\/es\/#organization"},"potentialAction":[{"@type":"SearchAction","target":{"@type":"EntryPoint","urlTemplate":"https:\/\/albal.es\/es\/?s={search_term_string}"},"query-input":{"@type":"PropertyValueSpecification","valueRequired":true,"valueName":"search_term_string"}}],"inLanguage":"es"},{"@type":"Organization","@id":"https:\/\/albal.es\/es\/#organization","name":"Ajuntament d'Albal - Valencia","url":"https:\/\/albal.es\/es\/","logo":{"@type":"ImageObject","inLanguage":"es","@id":"https:\/\/albal.es\/es\/#\/schema\/logo\/image\/","url":"https:\/\/albal.es\/content-albal\/uploads\/2020\/06\/logo-ayuntamiento-albal.png","contentUrl":"https:\/\/albal.es\/content-albal\/uploads\/2020\/06\/logo-ayuntamiento-albal.png","width":367,"height":332,"caption":"Ajuntament d'Albal - Valencia"},"image":{"@id":"https:\/\/albal.es\/es\/#\/schema\/logo\/image\/"},"sameAs":["https:\/\/facebook.com\/AjuntamentAlbal\/"]}]}},"publishpress_future_workflow_manual_trigger":{"enabledWorkflows":[]},"_links":{"self":[{"href":"https:\/\/albal.es\/es\/wp-json\/wp\/v2\/pages\/3598","targetHints":{"allow":["GET"]}}],"collection":[{"href":"https:\/\/albal.es\/es\/wp-json\/wp\/v2\/pages"}],"about":[{"href":"https:\/\/albal.es\/es\/wp-json\/wp\/v2\/types\/page"}],"author":[{"embeddable":true,"href":"https:\/\/albal.es\/es\/wp-json\/wp\/v2\/users\/1"}],"replies":[{"embeddable":true,"href":"https:\/\/albal.es\/es\/wp-json\/wp\/v2\/comments?post=3598"}],"version-history":[{"count":0,"href":"https:\/\/albal.es\/es\/wp-json\/wp\/v2\/pages\/3598\/revisions"}],"wp:attachment":[{"href":"https:\/\/albal.es\/es\/wp-json\/wp\/v2\/media?parent=3598"}],"wp:term":[{"taxonomy":"author","embeddable":true,"href":"https:\/\/albal.es\/es\/wp-json\/wp\/v2\/coauthors?post=3598"}],"curies":[{"name":"wp","href":"https:\/\/api.w.org\/{rel}","templated":true}]}}