

{"id":3585,"date":"2019-12-21T07:42:28","date_gmt":"2019-12-21T06:42:28","guid":{"rendered":"https:\/\/albal.es\/ayuntamiento\/organos-de-gobierno\/"},"modified":"2024-07-31T14:44:01","modified_gmt":"2024-07-31T12:44:01","slug":"organos-de-gobierno","status":"publish","type":"page","link":"https:\/\/albal.es\/es\/ayuntamiento\/organos-de-gobierno\/","title":{"rendered":"\u00d3rganos de Gobierno"},"content":{"rendered":"<p>[et_pb_section fb_built=\u00bb1&#8243; custom_padding_last_edited=\u00bbon|phone\u00bb admin_label=\u00bbcontent-cab-area\u00bb module_class=\u00bbcontent-cab-area\u00bb _builder_version=\u00bb4.16&#8243; background_color=\u00bb#fafafa\u00bb background_image=\u00bbhttps:\/\/albal.es\/content-albal\/uploads\/2019\/12\/bg-ayuntamiento.jpg\u00bb custom_padding=\u00bb0px||0px||false|false\u00bb custom_padding_tablet=\u00bb\u00bb custom_padding_phone=\u00bb||0px||false|false\u00bb collapsed=\u00bboff\u00bb global_colors_info=\u00bb{}\u00bb][et_pb_row column_structure=\u00bb1_2,1_2&#8243; use_custom_gutter=\u00bbon\u00bb make_equal=\u00bbon\u00bb custom_padding_last_edited=\u00bbon|desktop\u00bb admin_label=\u00bbcab-area\u00bb module_class=\u00bbcab-area\u00bb _builder_version=\u00bb4.16&#8243; background_image=\u00bbhttps:\/\/albal.es\/content-albal\/uploads\/2019\/12\/escudo-blanco-transp-ayto-15.png\u00bb background_size=\u00bbinitial\u00bb background_position=\u00bbcenter_left\u00bb custom_padding=\u00bb15px||45px||false|false\u00bb custom_padding_tablet=\u00bb\u00bb custom_padding_phone=\u00bb15px||||false|false\u00bb border_width_left_tablet=\u00bb\u00bb border_width_left_phone=\u00bb0px\u00bb border_width_left_last_edited=\u00bbon|desktop\u00bb global_colors_info=\u00bb{}\u00bb][et_pb_column type=\u00bb1_2&#8243; module_class=\u00bbcontent-tit-area\u00bb _builder_version=\u00bb4.16&#8243; global_colors_info=\u00bb{}\u00bb][et_pb_dmb_breadcrumbs admin_label=\u00bbMigas pan\u00bb font_icon=\u00bb%%20%%\u00bb use_home_icon=\u00bboff\u00bb use_home_text=\u00bbon\u00bb home_text=\u00bbInici\u00bb _builder_version=\u00bb4.16&#8243; body_text_color=\u00bb#ffffff\u00bb link_text_color=\u00bb#e2e1de\u00bb global_colors_info=\u00bb{}\u00bb][\/et_pb_dmb_breadcrumbs][et_pb_text admin_label=\u00bbH4, H1 y entradilla\u00bb module_class=\u00bbtit-area\u00bb _builder_version=\u00bb4.16&#8243; background_layout=\u00bbdark\u00bb custom_padding=\u00bb10px||||false|false\u00bb global_colors_info=\u00bb{}\u00bb]<\/p>\n<h4>Ayuntamiento<\/h4>\n<h1>\u00d3rganos de Gobierno<\/h1>\n<p>Composici\u00f3n de los diferentes \u00d3rganos de Gobierno del Ayuntamiento<\/p>\n<p>[\/et_pb_text][\/et_pb_column][et_pb_column type=\u00bb1_2&#8243; module_class=\u00bbcontent-tit-area\u00bb _builder_version=\u00bb4.16&#8243; global_colors_info=\u00bb{}\u00bb][\/et_pb_column][\/et_pb_row][\/et_pb_section][et_pb_section fb_built=\u00bb1&#8243; admin_label=\u00bb(ancla) #ayuntamiento-pleno\u00bb module_id=\u00bbayuntamiento-pleno\u00bb _builder_version=\u00bb4.16&#8243; background_color=\u00bb#e2e1de\u00bb custom_padding=\u00bb50px||||false|false\u00bb collapsed=\u00bboff\u00bb global_colors_info=\u00bb{}\u00bb][et_pb_row column_structure=\u00bb1_3,1_3,1_3&#8243; make_equal=\u00bbon\u00bb admin_label=\u00bbSolo un modulo por fila\u00bb _builder_version=\u00bb4.16&#8243; custom_padding=\u00bb0px||||false|false\u00bb global_colors_info=\u00bb{}\u00bb][et_pb_column type=\u00bb1_3&#8243; _builder_version=\u00bb4.16&#8243; border_width_bottom=\u00bb1px\u00bb border_color_bottom=\u00bb#cccccc\u00bb global_colors_info=\u00bb{}\u00bb][et_pb_text admin_label=\u00bbTitulo Ajuntament Ple\u00bb module_class=\u00bbtit-seccion\u00bb _builder_version=\u00bb4.16&#8243; header_2_font_size=\u00bb30px\u00bb locked=\u00bboff\u00bb global_colors_info=\u00bb{}\u00bb]<\/p>\n<h2>Ayuntamiento Pleno<\/h2>\n<p>[\/et_pb_text][et_pb_text admin_label=\u00bbAlcalde-President i Regidors\/es\u00bb _builder_version=\u00bb4.25.2&#8243; custom_padding=\u00bb||25px||false|false\u00bb hover_enabled=\u00bb0&#8243; global_colors_info=\u00bb{}\u00bb sticky_enabled=\u00bb0&#8243;]<\/p>\n<h3>Alcalde-Presidente<\/h3>\n<ul>\n<li>Jos\u00e9 Miguel Ferris Estrems (PP)<\/li>\n<\/ul>\n<h3>Concejales<\/h3>\n<ul>\n<li>Valero Eustaquio Juan (PP)<\/li>\n<li>Mar\u00eda Pilar Pinza Mu\u00f1oz (PP)<\/li>\n<li>Azucena Mu\u00f1oz Sanf\u00e9lix (PP)<\/li>\n<li>Juli\u00e1n Garc\u00eda Polit (PP)<\/li>\n<li>Adri\u00e1n Domingo Amor (PP)<\/li>\n<li>Mar\u00eda Jos\u00e9 Hern\u00e1ndez Ferrer (AVANT)<\/li>\n<li>Joan Carles Puchalt Rodr\u00edguez (AVANT)<\/li>\n<li>Raquel Garc\u00eda Castellano (VOX)<\/li>\n<li>Ram\u00f3n Mar\u00ed Vila (PSOE)<\/li>\n<li>M\u00e9lani Jimenez Blasco (PSOE)<\/li>\n<li>Josep Jes\u00fas S\u00e1nchez Gal\u00e1n (PSOE)<\/li>\n<li>Sergio Burguet L\u00f3pez (PSOE)<\/li>\n<li>Ana Duato Albert (PSOE)<\/li>\n<li>Maria Dolores Mart\u00ednez Sanch\u00eds (PSOE)<\/li>\n<li>Ra\u00fal Esteban Romeu (COMPROM\u00cdS)<\/li>\n<li>Sonia Guillem Fern\u00e1ndez (COMPROM\u00cdS)<\/li>\n<\/ul>\n<p>[\/et_pb_text][\/et_pb_column][et_pb_column type=\u00bb1_3&#8243; _builder_version=\u00bb4.16&#8243; border_width_bottom=\u00bb1px\u00bb border_color_bottom=\u00bb#cccccc\u00bb global_colors_info=\u00bb{}\u00bb][et_pb_text admin_label=\u00bbTitulo Junta de Govern Local\u00bb module_class=\u00bbtit-seccion\u00bb _builder_version=\u00bb4.16&#8243; header_2_font_size=\u00bb30px\u00bb locked=\u00bboff\u00bb global_colors_info=\u00bb{}\u00bb]<\/p>\n<h2>Junta de Gobierno Local<\/h2>\n<p>[\/et_pb_text][et_pb_text admin_label=\u00bbPresident i Regidors\/es\u00bb _builder_version=\u00bb4.25.2&#8243; custom_padding=\u00bb||25px||false|false\u00bb hover_enabled=\u00bb0&#8243; global_colors_info=\u00bb{}\u00bb sticky_enabled=\u00bb0&#8243;]<\/p>\n<h3>Presidente<\/h3>\n<ul>\n<li>Jos\u00e9 Miguel Ferris Estrems (PP)<\/li>\n<\/ul>\n<h3>Concejales<\/h3>\n<ul>\n<li>Valero Eustaquio Juan (PP)<\/li>\n<li>Adri\u00e1n Domingo Amor (PP)<\/li>\n<li>Mar\u00eda Jos\u00e9 Hern\u00e1ndez Ferrer (AVANT)<\/li>\n<li>Joan Carles Puchalt Rodr\u00edguez (AVANT)<\/li>\n<li>Raquel Garc\u00eda Castellano (VOX)<\/li>\n<\/ul>\n<p>[\/et_pb_text][\/et_pb_column][et_pb_column type=\u00bb1_3&#8243; _builder_version=\u00bb4.16&#8243; border_width_bottom=\u00bb1px\u00bb border_color_bottom=\u00bb#cccccc\u00bb global_colors_info=\u00bb{}\u00bb][et_pb_text admin_label=\u00bbTitulo Junta de Portaveus\u00bb module_class=\u00bbtit-seccion\u00bb _builder_version=\u00bb4.16&#8243; header_2_font_size=\u00bb30px\u00bb locked=\u00bboff\u00bb global_colors_info=\u00bb{}\u00bb]<\/p>\n<h2>Junta de Portavoces<\/h2>\n<p>[\/et_pb_text][et_pb_text admin_label=\u00bbPresident efectiu i Vocals\u00bb _builder_version=\u00bb4.25.2&#8243; custom_padding=\u00bb||25px||false|false\u00bb hover_enabled=\u00bb0&#8243; global_colors_info=\u00bb{}\u00bb sticky_enabled=\u00bb0&#8243;]<\/p>\n<h3>Presidente efectivo<\/h3>\n<ul>\n<li>Jos\u00e9 Miguel Ferris Estrems (PP)<\/li>\n<\/ul>\n<h3>Vocales<\/h3>\n<ul>\n<li>Valero Eustaquio Juan (PP)<\/li>\n<li>Mar\u00eda Jos\u00e9 Hern\u00e1ndez Ferrer (AVANT)<\/li>\n<li>Raquel Garc\u00eda Castellano (VOX)<\/li>\n<li>Ram\u00f3n Mar\u00ed Vila (PSOE)<\/li>\n<li>Ra\u00fal Esteban Romeu (COMPROM\u00cdS)<\/li>\n<\/ul>\n<p>[\/et_pb_text][\/et_pb_column][\/et_pb_row][\/et_pb_section]<\/p>\n","protected":false},"excerpt":{"rendered":"<p>Ayuntamiento \u00d3rganos de Gobierno Composici\u00f3n de los diferentes \u00d3rganos de Gobierno del AyuntamientoAyuntamiento PlenoAlcalde-Presidente Jos\u00e9 Miguel Ferris Estrems (PP) Concejales Valero Eustaquio Juan (PP) Mar\u00eda Pilar Pinza Mu\u00f1oz (PP) Azucena Mu\u00f1oz Sanf\u00e9lix (PP) Juli\u00e1n Garc\u00eda Polit (PP) Adri\u00e1n Domingo Amor (PP) Mar\u00eda Jos\u00e9 Hern\u00e1ndez Ferrer (AVANT) Joan Carles Puchalt Rodr\u00edguez (AVANT) Raquel Garc\u00eda Castellano (VOX) Ram\u00f3n Mar\u00ed Vila (PSOE) M\u00e9lani Jimenez Blasco (PSOE) Josep Jes\u00fas S\u00e1nchez Gal\u00e1n (PSOE) Sergio Burguet L\u00f3pez (PSOE) Ana Duato Albert (PSOE) Maria Dolores Mart\u00ednez Sanch\u00eds (PSOE) Ra\u00fal Esteban Romeu (COMPROM\u00cdS) Sonia Guillem Fern\u00e1ndez (COMPROM\u00cdS) Junta de Gobierno LocalPresidente Jos\u00e9 Miguel Ferris Estrems (PP) Concejales Valero Eustaquio Juan (PP) Adri\u00e1n Domingo Amor (PP) Mar\u00eda Jos\u00e9 Hern\u00e1ndez Ferrer (AVANT) Joan Carles Puchalt Rodr\u00edguez (AVANT) Raquel Garc\u00eda Castellano (VOX) Junta de PortavocesPresidente efectivo Jos\u00e9 Miguel Ferris Estrems (PP) Vocales Valero Eustaquio Juan (PP) Mar\u00eda Jos\u00e9 Hern\u00e1ndez Ferrer (AVANT) Raquel Garc\u00eda Castellano (VOX) Ram\u00f3n Mar\u00ed Vila (PSOE) Ra\u00fal Esteban Romeu (COMPROM\u00cdS)<\/p>\n","protected":false},"author":5,"featured_media":0,"parent":794,"menu_order":2,"comment_status":"closed","ping_status":"closed","template":"","meta":{"_acf_changed":false,"_et_pb_use_builder":"on","_et_pb_old_content":"","_et_gb_content_width":"","footnotes":""},"coauthors":[62],"class_list":["post-3585","page","type-page","status-publish","hentry"],"acf":[],"yoast_head":"<!-- This site is optimized with the Yoast SEO plugin v27.4 - https:\/\/yoast.com\/product\/yoast-seo-wordpress\/ -->\n<title>\u00d3rganos de Gobierno - Ayuntamiento de Albal (Valencia)<\/title>\n<meta name=\"robots\" content=\"index, follow, max-snippet:-1, max-image-preview:large, max-video-preview:-1\" \/>\n<link rel=\"canonical\" href=\"https:\/\/albal.es\/es\/ayuntamiento\/organos-de-gobierno\/\" \/>\n<meta property=\"og:locale\" content=\"es_ES\" \/>\n<meta property=\"og:type\" content=\"article\" \/>\n<meta property=\"og:title\" content=\"\u00d3rganos de Gobierno - Ayuntamiento de Albal (Valencia)\" \/>\n<meta property=\"og:description\" content=\"Ayuntamiento \u00d3rganos de Gobierno Composici\u00f3n de los diferentes \u00d3rganos de Gobierno del AyuntamientoAyuntamiento PlenoAlcalde-Presidente Jos\u00e9 Miguel Ferris Estrems (PP) Concejales Valero Eustaquio Juan (PP) Mar\u00eda Pilar Pinza Mu\u00f1oz (PP) Azucena Mu\u00f1oz Sanf\u00e9lix (PP) Juli\u00e1n Garc\u00eda Polit (PP) Adri\u00e1n Domingo Amor (PP) Mar\u00eda Jos\u00e9 Hern\u00e1ndez Ferrer (AVANT) Joan Carles Puchalt Rodr\u00edguez (AVANT) Raquel Garc\u00eda Castellano (VOX) Ram\u00f3n Mar\u00ed Vila (PSOE) M\u00e9lani Jimenez Blasco (PSOE) Josep Jes\u00fas S\u00e1nchez Gal\u00e1n (PSOE) Sergio Burguet L\u00f3pez (PSOE) Ana Duato Albert (PSOE) Maria Dolores Mart\u00ednez Sanch\u00eds (PSOE) Ra\u00fal Esteban Romeu (COMPROM\u00cdS) Sonia Guillem Fern\u00e1ndez (COMPROM\u00cdS) Junta de Gobierno LocalPresidente Jos\u00e9 Miguel Ferris Estrems (PP) Concejales Valero Eustaquio Juan (PP) Adri\u00e1n Domingo Amor (PP) Mar\u00eda Jos\u00e9 Hern\u00e1ndez Ferrer (AVANT) Joan Carles Puchalt Rodr\u00edguez (AVANT) Raquel Garc\u00eda Castellano (VOX) Junta de PortavocesPresidente efectivo Jos\u00e9 Miguel Ferris Estrems (PP) Vocales Valero Eustaquio Juan (PP) Mar\u00eda Jos\u00e9 Hern\u00e1ndez Ferrer (AVANT) Raquel Garc\u00eda Castellano (VOX) Ram\u00f3n Mar\u00ed Vila (PSOE) Ra\u00fal Esteban Romeu (COMPROM\u00cdS)\" \/>\n<meta property=\"og:site_name\" content=\"Ajuntament d&#039;Albal\" \/>\n<meta property=\"article:publisher\" content=\"https:\/\/facebook.com\/AjuntamentAlbal\/\" \/>\n<meta property=\"article:modified_time\" content=\"2024-07-31T12:44:01+00:00\" \/>\n<meta property=\"og:image\" content=\"https:\/\/albal.es\/content-albal\/uploads\/2020\/06\/logo-ayuntamiento-albal.png\" \/>\n\t<meta property=\"og:image:width\" content=\"367\" \/>\n\t<meta property=\"og:image:height\" content=\"332\" \/>\n\t<meta property=\"og:image:type\" content=\"image\/png\" \/>\n<meta name=\"twitter:card\" content=\"summary_large_image\" \/>\n<meta name=\"twitter:label1\" content=\"Tiempo de lectura\" \/>\n\t<meta name=\"twitter:data1\" content=\"3 minutos\" \/>\n\t<meta name=\"twitter:label2\" content=\"Written by\" \/>\n\t<meta name=\"twitter:data2\" content=\"Carmen Mar\u00eda \u00c1lvarez\" \/>\n<script type=\"application\/ld+json\" class=\"yoast-schema-graph\">{\"@context\":\"https:\\\/\\\/schema.org\",\"@graph\":[{\"@type\":\"WebPage\",\"@id\":\"https:\\\/\\\/albal.es\\\/es\\\/ayuntamiento\\\/organos-de-gobierno\\\/\",\"url\":\"https:\\\/\\\/albal.es\\\/es\\\/ayuntamiento\\\/organos-de-gobierno\\\/\",\"name\":\"\u00d3rganos de Gobierno - Ayuntamiento de Albal (Valencia)\",\"isPartOf\":{\"@id\":\"https:\\\/\\\/albal.es\\\/es\\\/#website\"},\"datePublished\":\"2019-12-21T06:42:28+00:00\",\"dateModified\":\"2024-07-31T12:44:01+00:00\",\"breadcrumb\":{\"@id\":\"https:\\\/\\\/albal.es\\\/es\\\/ayuntamiento\\\/organos-de-gobierno\\\/#breadcrumb\"},\"inLanguage\":\"es\",\"potentialAction\":[{\"@type\":\"ReadAction\",\"target\":[\"https:\\\/\\\/albal.es\\\/es\\\/ayuntamiento\\\/organos-de-gobierno\\\/\"]}]},{\"@type\":\"BreadcrumbList\",\"@id\":\"https:\\\/\\\/albal.es\\\/es\\\/ayuntamiento\\\/organos-de-gobierno\\\/#breadcrumb\",\"itemListElement\":[{\"@type\":\"ListItem\",\"position\":1,\"name\":\"Inici\",\"item\":\"https:\\\/\\\/albal.es\\\/es\\\/\"},{\"@type\":\"ListItem\",\"position\":2,\"name\":\"Ayuntamiento\",\"item\":\"https:\\\/\\\/albal.es\\\/es\\\/ayuntamiento\\\/\"},{\"@type\":\"ListItem\",\"position\":3,\"name\":\"\u00d3rganos de Gobierno\"}]},{\"@type\":\"WebSite\",\"@id\":\"https:\\\/\\\/albal.es\\\/es\\\/#website\",\"url\":\"https:\\\/\\\/albal.es\\\/es\\\/\",\"name\":\"Ajuntament d&#039;Albal\",\"description\":\"Ajuntament d&#039;Albal\",\"publisher\":{\"@id\":\"https:\\\/\\\/albal.es\\\/es\\\/#organization\"},\"potentialAction\":[{\"@type\":\"SearchAction\",\"target\":{\"@type\":\"EntryPoint\",\"urlTemplate\":\"https:\\\/\\\/albal.es\\\/es\\\/?s={search_term_string}\"},\"query-input\":{\"@type\":\"PropertyValueSpecification\",\"valueRequired\":true,\"valueName\":\"search_term_string\"}}],\"inLanguage\":\"es\"},{\"@type\":\"Organization\",\"@id\":\"https:\\\/\\\/albal.es\\\/es\\\/#organization\",\"name\":\"Ajuntament d'Albal - Valencia\",\"url\":\"https:\\\/\\\/albal.es\\\/es\\\/\",\"logo\":{\"@type\":\"ImageObject\",\"inLanguage\":\"es\",\"@id\":\"https:\\\/\\\/albal.es\\\/es\\\/#\\\/schema\\\/logo\\\/image\\\/\",\"url\":\"https:\\\/\\\/albal.es\\\/content-albal\\\/uploads\\\/2020\\\/06\\\/logo-ayuntamiento-albal.png\",\"contentUrl\":\"https:\\\/\\\/albal.es\\\/content-albal\\\/uploads\\\/2020\\\/06\\\/logo-ayuntamiento-albal.png\",\"width\":367,\"height\":332,\"caption\":\"Ajuntament d'Albal - Valencia\"},\"image\":{\"@id\":\"https:\\\/\\\/albal.es\\\/es\\\/#\\\/schema\\\/logo\\\/image\\\/\"},\"sameAs\":[\"https:\\\/\\\/facebook.com\\\/AjuntamentAlbal\\\/\"]}]}<\/script>\n<!-- \/ Yoast SEO plugin. -->","yoast_head_json":{"title":"\u00d3rganos de Gobierno - Ayuntamiento de Albal (Valencia)","robots":{"index":"index","follow":"follow","max-snippet":"max-snippet:-1","max-image-preview":"max-image-preview:large","max-video-preview":"max-video-preview:-1"},"canonical":"https:\/\/albal.es\/es\/ayuntamiento\/organos-de-gobierno\/","og_locale":"es_ES","og_type":"article","og_title":"\u00d3rganos de Gobierno - Ayuntamiento de Albal (Valencia)","og_description":"Ayuntamiento \u00d3rganos de Gobierno Composici\u00f3n de los diferentes \u00d3rganos de Gobierno del AyuntamientoAyuntamiento PlenoAlcalde-Presidente Jos\u00e9 Miguel Ferris Estrems (PP) Concejales Valero Eustaquio Juan (PP) Mar\u00eda Pilar Pinza Mu\u00f1oz (PP) Azucena Mu\u00f1oz Sanf\u00e9lix (PP) Juli\u00e1n Garc\u00eda Polit (PP) Adri\u00e1n Domingo Amor (PP) Mar\u00eda Jos\u00e9 Hern\u00e1ndez Ferrer (AVANT) Joan Carles Puchalt Rodr\u00edguez (AVANT) Raquel Garc\u00eda Castellano (VOX) Ram\u00f3n Mar\u00ed Vila (PSOE) M\u00e9lani Jimenez Blasco (PSOE) Josep Jes\u00fas S\u00e1nchez Gal\u00e1n (PSOE) Sergio Burguet L\u00f3pez (PSOE) Ana Duato Albert (PSOE) Maria Dolores Mart\u00ednez Sanch\u00eds (PSOE) Ra\u00fal Esteban Romeu (COMPROM\u00cdS) Sonia Guillem Fern\u00e1ndez (COMPROM\u00cdS) Junta de Gobierno LocalPresidente Jos\u00e9 Miguel Ferris Estrems (PP) Concejales Valero Eustaquio Juan (PP) Adri\u00e1n Domingo Amor (PP) Mar\u00eda Jos\u00e9 Hern\u00e1ndez Ferrer (AVANT) Joan Carles Puchalt Rodr\u00edguez (AVANT) Raquel Garc\u00eda Castellano (VOX) Junta de PortavocesPresidente efectivo Jos\u00e9 Miguel Ferris Estrems (PP) Vocales Valero Eustaquio Juan (PP) Mar\u00eda Jos\u00e9 Hern\u00e1ndez Ferrer (AVANT) Raquel Garc\u00eda Castellano (VOX) Ram\u00f3n Mar\u00ed Vila (PSOE) Ra\u00fal Esteban Romeu (COMPROM\u00cdS)","og_site_name":"Ajuntament d&#039;Albal","article_publisher":"https:\/\/facebook.com\/AjuntamentAlbal\/","article_modified_time":"2024-07-31T12:44:01+00:00","og_image":[{"width":367,"height":332,"url":"https:\/\/albal.es\/content-albal\/uploads\/2020\/06\/logo-ayuntamiento-albal.png","type":"image\/png"}],"twitter_card":"summary_large_image","twitter_misc":{"Tiempo de lectura":"3 minutos","Written by":"Carmen Mar\u00eda \u00c1lvarez"},"schema":{"@context":"https:\/\/schema.org","@graph":[{"@type":"WebPage","@id":"https:\/\/albal.es\/es\/ayuntamiento\/organos-de-gobierno\/","url":"https:\/\/albal.es\/es\/ayuntamiento\/organos-de-gobierno\/","name":"\u00d3rganos de Gobierno - Ayuntamiento de Albal (Valencia)","isPartOf":{"@id":"https:\/\/albal.es\/es\/#website"},"datePublished":"2019-12-21T06:42:28+00:00","dateModified":"2024-07-31T12:44:01+00:00","breadcrumb":{"@id":"https:\/\/albal.es\/es\/ayuntamiento\/organos-de-gobierno\/#breadcrumb"},"inLanguage":"es","potentialAction":[{"@type":"ReadAction","target":["https:\/\/albal.es\/es\/ayuntamiento\/organos-de-gobierno\/"]}]},{"@type":"BreadcrumbList","@id":"https:\/\/albal.es\/es\/ayuntamiento\/organos-de-gobierno\/#breadcrumb","itemListElement":[{"@type":"ListItem","position":1,"name":"Inici","item":"https:\/\/albal.es\/es\/"},{"@type":"ListItem","position":2,"name":"Ayuntamiento","item":"https:\/\/albal.es\/es\/ayuntamiento\/"},{"@type":"ListItem","position":3,"name":"\u00d3rganos de Gobierno"}]},{"@type":"WebSite","@id":"https:\/\/albal.es\/es\/#website","url":"https:\/\/albal.es\/es\/","name":"Ajuntament d&#039;Albal","description":"Ajuntament d&#039;Albal","publisher":{"@id":"https:\/\/albal.es\/es\/#organization"},"potentialAction":[{"@type":"SearchAction","target":{"@type":"EntryPoint","urlTemplate":"https:\/\/albal.es\/es\/?s={search_term_string}"},"query-input":{"@type":"PropertyValueSpecification","valueRequired":true,"valueName":"search_term_string"}}],"inLanguage":"es"},{"@type":"Organization","@id":"https:\/\/albal.es\/es\/#organization","name":"Ajuntament d'Albal - Valencia","url":"https:\/\/albal.es\/es\/","logo":{"@type":"ImageObject","inLanguage":"es","@id":"https:\/\/albal.es\/es\/#\/schema\/logo\/image\/","url":"https:\/\/albal.es\/content-albal\/uploads\/2020\/06\/logo-ayuntamiento-albal.png","contentUrl":"https:\/\/albal.es\/content-albal\/uploads\/2020\/06\/logo-ayuntamiento-albal.png","width":367,"height":332,"caption":"Ajuntament d'Albal - Valencia"},"image":{"@id":"https:\/\/albal.es\/es\/#\/schema\/logo\/image\/"},"sameAs":["https:\/\/facebook.com\/AjuntamentAlbal\/"]}]}},"publishpress_future_workflow_manual_trigger":{"enabledWorkflows":[]},"_links":{"self":[{"href":"https:\/\/albal.es\/es\/wp-json\/wp\/v2\/pages\/3585","targetHints":{"allow":["GET"]}}],"collection":[{"href":"https:\/\/albal.es\/es\/wp-json\/wp\/v2\/pages"}],"about":[{"href":"https:\/\/albal.es\/es\/wp-json\/wp\/v2\/types\/page"}],"author":[{"embeddable":true,"href":"https:\/\/albal.es\/es\/wp-json\/wp\/v2\/users\/5"}],"replies":[{"embeddable":true,"href":"https:\/\/albal.es\/es\/wp-json\/wp\/v2\/comments?post=3585"}],"version-history":[{"count":0,"href":"https:\/\/albal.es\/es\/wp-json\/wp\/v2\/pages\/3585\/revisions"}],"up":[{"embeddable":true,"href":"https:\/\/albal.es\/es\/wp-json\/wp\/v2\/pages\/794"}],"wp:attachment":[{"href":"https:\/\/albal.es\/es\/wp-json\/wp\/v2\/media?parent=3585"}],"wp:term":[{"taxonomy":"author","embeddable":true,"href":"https:\/\/albal.es\/es\/wp-json\/wp\/v2\/coauthors?post=3585"}],"curies":[{"name":"wp","href":"https:\/\/api.w.org\/{rel}","templated":true}]}}