

{"id":3437,"date":"2019-12-10T12:51:49","date_gmt":"2019-12-10T11:51:49","guid":{"rendered":"https:\/\/albal.es\/areas-y-servicios\/secretaria-ayuntamiento\/secretaria\/"},"modified":"2026-03-04T15:06:58","modified_gmt":"2026-03-04T14:06:58","slug":"secretaria","status":"publish","type":"page","link":"https:\/\/albal.es\/es\/areas-y-servicios-2\/secretaria-ayuntamiento\/secretaria\/","title":{"rendered":"Secretar\u00eda"},"content":{"rendered":"<p>[et_pb_section fb_built=\u00bb1&#8243; custom_padding_last_edited=\u00bbon|phone\u00bb admin_label=\u00bbcontent-cab-area\u00bb module_class=\u00bbcontent-cab-area\u00bb _builder_version=\u00bb4.16&#8243; background_color=\u00bb#fafafa\u00bb custom_padding=\u00bb15px||25px||false|false\u00bb custom_padding_tablet=\u00bb\u00bb custom_padding_phone=\u00bb||0px||false|false\u00bb collapsed=\u00bboff\u00bb global_colors_info=\u00bb{}\u00bb][et_pb_row disabled_on=\u00bbon|off|off\u00bb admin_label=\u00bbDesabilitado en moviles (Content migas pan)\u00bb _builder_version=\u00bb4.16&#8243; custom_padding=\u00bb0px||0px||false|false\u00bb locked=\u00bbon\u00bb collapsed=\u00bbon\u00bb global_colors_info=\u00bb{}\u00bb][et_pb_column type=\u00bb4_4&#8243; _builder_version=\u00bb4.16&#8243; global_colors_info=\u00bb{}\u00bb][et_pb_dmb_breadcrumbs admin_label=\u00bbMigas pan\u00bb font_icon=\u00bb&#x35;||divi||400&#8243; use_home_icon=\u00bboff\u00bb use_home_text=\u00bbon\u00bb home_text=\u00bbInici\u00bb _builder_version=\u00bb4.16&#8243; global_colors_info=\u00bb{}\u00bb][\/et_pb_dmb_breadcrumbs][\/et_pb_column][\/et_pb_row][et_pb_row column_structure=\u00bb1_3,1_3,1_3&#8243; use_custom_gutter=\u00bbon\u00bb make_equal=\u00bbon\u00bb custom_padding_last_edited=\u00bbon|phone\u00bb admin_label=\u00bbcab-area\u00bb module_class=\u00bbcab-area\u00bb _builder_version=\u00bb4.16&#8243; background_enable_image=\u00bboff\u00bb background_size=\u00bbinitial\u00bb background_position=\u00bbcenter_left\u00bb custom_padding=\u00bb25px||0px||false|false\u00bb custom_padding_tablet=\u00bb\u00bb custom_padding_phone=\u00bb15px||||false|false\u00bb border_width_left_tablet=\u00bb\u00bb border_width_left_phone=\u00bb0px\u00bb border_width_left_last_edited=\u00bbon|desktop\u00bb locked=\u00bboff\u00bb global_colors_info=\u00bb{}\u00bb][et_pb_column type=\u00bb1_3&#8243; module_class=\u00bbcontent-tit-area\u00bb _builder_version=\u00bb4.16&#8243; global_colors_info=\u00bb{}\u00bb][et_pb_text admin_label=\u00bbH4, H1&#8243; module_class=\u00bbtit-area\u00bb _builder_version=\u00bb4.16&#8243; custom_margin=\u00bb||5px||false|false\u00bb locked=\u00bboff\u00bb global_colors_info=\u00bb{}\u00bb]<\/p>\n<h4>\u00c1reas y servicios | SECRETAR\u00cdA<\/h4>\n<h1>Secretar\u00eda<\/h1>\n<p>[\/et_pb_text][et_pb_text admin_label=\u00bbIntro\u00bb module_class=\u00bbtit-area\u00bb _builder_version=\u00bb4.16&#8243; global_colors_info=\u00bb{}\u00bb]<\/p>\n<p>Las funciones principales de la Secretar\u00eda son las de:<br \/>\u2013 Asesorar legalmente a la Alcald\u00eda, la Corporaci\u00f3n y las diferentes comisiones.<br \/>\u2013 Dar fe de la legalidad de las actuaciones que realiza el Ayuntamiento.<br \/>La Secretar\u00eda tiene otros negociados adscritos, como::<br \/><a class=\"enlace\" href=\"https:\/\/albal.es\/es\/areas-y-servicios-2\/secretaria-ayuntamiento\/registro-amic\/\" rel=\"noopener noreferrer\">Registro General de Documentos.<\/a><br \/><a class=\"enlace\" href=\"https:\/\/albal.es\/es\/areas-y-servicios-2\/secretaria-ayuntamiento\/padron-y-estadistica\/\" rel=\"noopener noreferrer\">Padr\u00f3n Municipal de Habitantes.<\/a><br \/><a class=\"enlace\" href=\"https:\/\/albal.es\/es\/areas-y-servicios-2\/secretaria-ayuntamiento\/recursos-humanos\/\" rel=\"noopener noreferrer\">Recursos Humanos.<\/a><\/p>\n<p>[\/et_pb_text][\/et_pb_column][et_pb_column type=\u00bb1_3&#8243; module_class=\u00bbcontent-info-interes\u00bb disabled_on=\u00bbon|off|off\u00bb _builder_version=\u00bb4.16&#8243; custom_padding=\u00bb|||30px|false|false\u00bb custom_padding_tablet=\u00bb\u00bb custom_padding_phone=\u00bb|0px||0px|false|false\u00bb custom_padding_last_edited=\u00bbon|desktop\u00bb border_width_left=\u00bb1px\u00bb border_color_left=\u00bb#cccccc\u00bb border_radii_tablet=\u00bb\u00bb border_radii_phone=\u00bb\u00bb border_radii_last_edited=\u00bbon|phone\u00bb border_width_left_tablet=\u00bb\u00bb border_width_left_phone=\u00bb\u00bb border_width_left_last_edited=\u00bbon|phone\u00bb global_colors_info=\u00bb{}\u00bb][et_pb_text admin_label=\u00bbInformacio d&#8217;interes\u00bb module_class=\u00bbtit-info-interes-cab\u00bb _builder_version=\u00bb4.16&#8243; locked=\u00bbon\u00bb global_colors_info=\u00bb{}\u00bb]<\/p>\n<p>Informaci\u00f3n de Inter\u00e9s:<\/p>\n<p>[\/et_pb_text][et_pb_text admin_label=\u00bbinformacio\u00bb _builder_version=\u00bb4.27.6&#8243; global_colors_info=\u00bb{}\u00bb]<\/p>\n<h3>Ubicaci\u00f3n:<\/h3>\n<p>1a planta del edificio consistorial, Plaza del Jard\u00ed, 7<\/p>\n<p><strong>Responsable del \u00e1rea:<\/strong> Roberto Calpe Gin\u00e9s<br \/><strong>Correo electr\u00f3nico de Secretar\u00eda:\u00a0<\/strong><em>secretaria@albal.es<\/em><\/p>\n<p>&nbsp;<\/p>\n<p>[\/et_pb_text][et_pb_cta button_url=\u00bbhttps:\/\/albal.es\/es\/contacto-albal\/\u00bb button_text=\u00bbContacto\u00bb admin_label=\u00bbBoton contacto\u00bb module_class=\u00bbboton-consultas-cab\u00bb _builder_version=\u00bb4.16&#8243; background_enable_color=\u00bboff\u00bb text_orientation=\u00bbleft\u00bb background_layout=\u00bblight\u00bb custom_padding=\u00bb0px|0px|0px|0px|true|true\u00bb locked=\u00bbon\u00bb global_colors_info=\u00bb{}\u00bb]<\/p>\n<h3>Consultas y dudas:<\/h3>\n<p>[\/et_pb_cta][\/et_pb_column][et_pb_column type=\u00bb1_3&#8243; module_class=\u00bbcontent-info-interes-dos\u00bb disabled_on=\u00bbon|off|off\u00bb _builder_version=\u00bb4.16&#8243; custom_padding=\u00bb|||30px|false|false\u00bb custom_padding_tablet=\u00bb|||0px|false|false\u00bb custom_padding_phone=\u00bb|0px||0px|false|false\u00bb custom_padding_last_edited=\u00bbon|desktop\u00bb border_width_left=\u00bb1px\u00bb border_color_left=\u00bb#cccccc\u00bb border_width_left_tablet=\u00bb\u00bb border_width_left_phone=\u00bb\u00bb border_width_left_last_edited=\u00bbon|desktop\u00bb global_colors_info=\u00bb{}\u00bb][et_pb_text disabled_on=\u00bboff|off|off\u00bb admin_label=\u00bbAmic\u00bb module_class=\u00bbamic-cita\u00bb _builder_version=\u00bb4.27.0&#8243; header_4_font=\u00bb||||||||\u00bb header_4_text_color=\u00bb#c40038&#8243; custom_margin=\u00bb||0px||false|false\u00bb custom_padding=\u00bb||15px||false|false\u00bb saved_tabs=\u00bball\u00bb locked=\u00bbon\u00bb global_colors_info=\u00bb{}\u00bb]<\/p>\n<h3><img decoding=\"async\" class=\"wp-image-464 alignnone size-full lazyload\" data-src=\"https:\/\/albal.es\/content-albal\/uploads\/2019\/12\/logo-amic-2.png\" alt=\"\" width=\"135\" height=\"46\" src=\"data:image\/svg+xml;base64,PHN2ZyB3aWR0aD0iMSIgaGVpZ2h0PSIxIiB4bWxucz0iaHR0cDovL3d3dy53My5vcmcvMjAwMC9zdmciPjwvc3ZnPg==\" style=\"--smush-placeholder-width: 135px; --smush-placeholder-aspect-ratio: 135\/46;\" \/><\/h3>\n<h3>Atenci\u00f3n Municipal de Informaci\u00f3n Ciudadana<\/h3>\n<h4>REGISTROS Y SOLICITUDES<\/h4>\n<p>Plaza del Jard\u00edn, 7. Ayuntamiento de Albal \u2013\u00a0<strong>Planta baja<\/strong><br \/>Tel:\u00a0<strong>96 126 00 56<\/strong>\u00a0\u00b7 Fax: 96 127 08 61<\/p>\n<p><a class=\"bot-cita-previa\" href=\"https:\/\/citaprevia.albal.es:10090\/\" target=\"_blank\" rel=\"noopener noreferrer\">CITA PREVIA<\/a><br \/><a class=\"bot-seu-electronica\" href=\"https:\/\/albal.sede.dival.es\/\" target=\"_blank\" rel=\"noopener noreferrer\">SEDE ELECTR\u00d3NICA<\/a><\/p>\n<p>[\/et_pb_text][\/et_pb_column][\/et_pb_row][\/et_pb_section][et_pb_section fb_built=\u00bb1&#8243; admin_label=\u00bb(ancla) #tramites\u00bb module_id=\u00bbtramites\u00bb _builder_version=\u00bb4.16&#8243; background_color=\u00bb#e2e1de\u00bb custom_padding=\u00bb50px||||false|false\u00bb global_colors_info=\u00bb{}\u00bb][et_pb_row admin_label=\u00bb.content-avisos\u00bb module_class=\u00bbcontent-avisos\u00bb _builder_version=\u00bb4.16&#8243; custom_padding=\u00bb0px||||false|false\u00bb locked=\u00bboff\u00bb collapsed=\u00bboff\u00bb global_colors_info=\u00bb{}\u00bb][et_pb_column type=\u00bb4_4&#8243; _builder_version=\u00bb4.16&#8243; global_colors_info=\u00bb{}\u00bb][et_pb_text admin_label=\u00bbTitulo \u00abAvisos, convocat\u00f2ries i tr\u00e0mits actius\u00bb\u00bb _builder_version=\u00bb4.16&#8243; _module_preset=\u00bbdefault\u00bb global_colors_info=\u00bb{}\u00bb]<\/p>\n<h2>Avisos, convocatorias y tr\u00e1mites activos<\/h2>\n<p>[\/et_pb_text][et_pb_cpt_loop_archive loop_layout=\u00bb4914&#8243; fullwidth=\u00bboff\u00bb columns=\u00bb2&#8243; show_pagination=\u00bboff\u00bb new_query=\u00bbon\u00bb post_type=\u00bbtramitambdata\u00bb posts_number=\u00bb999&#8243; include_meta=\u00bbpagina_de_destinacio_data\u00bb include_meta_terms=\u00bb562&#8243; hide_if_no_data=\u00bbon\u00bb order=\u00bbasc\u00bb admin_label=\u00bbAvisos, convocat\u00f2ries i tr\u00e0mits actius\u00bb module_class=\u00bbtramites-fecha tramites-activos-pag\u00bb _builder_version=\u00bb4.23.1&#8243; headings_text_color=\u00bb#000000&#8243; headings_font_size=\u00bb36px\u00bb custom_padding=\u00bb20px|20px|20px|20px|true|true\u00bb border_radii=\u00bbon|8px|8px|8px|8px\u00bb locked=\u00bboff\u00bb global_colors_info=\u00bb{}\u00bb][\/et_pb_cpt_loop_archive][et_pb_code admin_label=\u00bbCode\u00bb module_class=\u00bbcontent-mostrar-avisos\u00bb _builder_version=\u00bb4.23.1&#8243; _module_preset=\u00bbdefault\u00bb locked=\u00bboff\u00bb global_colors_info=\u00bb{}\u00bb]<pee><style>.et_pb_cpt_loop_archive.tramites-activos-pag:before { content:\"Avisos, convocatorias y tr\u00e1mites activos\";}<\/style><\/pee>[\/et_pb_code][et_pb_de_mach_archive_loop post_type_choose=\u00bbtramitambdata\u00bb loop_layout=\u00bb4914&#8243; no_posts_layout=\u00bb13396&#8243; is_main_loop=\u00bboff\u00bb acf_name=\u00bbfield_5ecc4daa3b294&#8243; acf_value=\u00bb562&#8243; order_asc_desc=\u00bbDESC\u00bb equal_height=\u00bbon\u00bb align_last_bottom=\u00bbon\u00bb columns=\u00bb3&#8243; columns_tablet=\u00bb3&#8243; disabled_on=\u00bbon|on|on\u00bb admin_label=\u00bbAvisos, convocatorias y tramites ACTIVOS\u00bb module_class=\u00bbtramites-fecha\u00bb _builder_version=\u00bb4.23.1&#8243; _module_preset=\u00bbdefault\u00bb disabled=\u00bbon\u00bb locked=\u00bboff\u00bb global_colors_info=\u00bb{}\u00bb][\/et_pb_de_mach_archive_loop][\/et_pb_column][\/et_pb_row][et_pb_row _builder_version=\u00bb4.16&#8243; custom_padding=\u00bb0px||||false|false\u00bb locked=\u00bboff\u00bb global_colors_info=\u00bb{}\u00bb][et_pb_column type=\u00bb4_4&#8243; _builder_version=\u00bb4.16&#8243; global_colors_info=\u00bb{}\u00bb][et_pb_text admin_label=\u00bbTitulo Informacio, tr\u00e0mits i impresos\u00bb module_class=\u00bbtit-seccion\u00bb _builder_version=\u00bb4.16&#8243; locked=\u00bboff\u00bb global_colors_info=\u00bb{}\u00bb]<\/p>\n<h2><img decoding=\"async\" class=\"size-medium alignleft lazyload\" data-src=\"https:\/\/albal.es\/img\/iconos\/impreso-lapiz-45x45.svg\" alt=\"\" width=\"45\" height=\"45\" src=\"data:image\/svg+xml;base64,PHN2ZyB3aWR0aD0iMSIgaGVpZ2h0PSIxIiB4bWxucz0iaHR0cDovL3d3dy53My5vcmcvMjAwMC9zdmciPjwvc3ZnPg==\" style=\"--smush-placeholder-width: 45px; --smush-placeholder-aspect-ratio: 45\/45;\" \/>Informaci\u00f3n, tr\u00e1mites e impresos<\/h2>\n<p>[\/et_pb_text][\/et_pb_column][\/et_pb_row][et_pb_row column_structure=\u00bb3_5,2_5&#8243; _builder_version=\u00bb4.16&#8243; custom_padding=\u00bb0px||||false|false\u00bb locked=\u00bboff\u00bb global_colors_info=\u00bb{}\u00bb][et_pb_column type=\u00bb3_5&#8243; _builder_version=\u00bb4.16&#8243; global_colors_info=\u00bb{}\u00bb][et_pb_accordion use_icon_font_size=\u00bbon\u00bb icon_font_size=\u00bb21px\u00bb admin_label=\u00bbTramites (acordeon desplegables)\u00bb _builder_version=\u00bb4.27.6&#8243; hover_enabled=\u00bb0&#8243; global_colors_info=\u00bb{}\u00bb sticky_enabled=\u00bb0&#8243;][et_pb_accordion_item title=\u00bbPlan normativo municipal\u00bb open=\u00bbon\u00bb _builder_version=\u00bb4.27.4&#8243; _module_preset=\u00bbdefault\u00bb global_colors_info=\u00bb{}\u00bb][\/et_pb_accordion_item][et_pb_accordion_item title=\u00bbOrdenanzas y Reglamentos\u00bb _builder_version=\u00bb4.16&#8243; global_colors_info=\u00bb{}\u00bb open=\u00bboff\u00bb]<\/p>\n<p><a class=\"pdf\" href=\"https:\/\/albal.sede.dival.es\/opencms\/export\/sites\/sedeAlbal\/contenidosEstructurados\/documentos\/ordenanzas\/REG0011C.pdf\" target=\"_blank\" rel=\"noopener noreferrer\">Reglamento del Registro de Uniones de Hecho<\/a><\/p>\n<p class=\"desc-pdf\">El Registro de Uniones de Hecho del Ayuntamiento de Albal tiene car\u00e1cter administrativo y en \u00e9l podr\u00e1n inscribirse todas las uniones de convivencia no matrimonial en la forma y con los requisitos que se establecen en el presente Reglamento, el cual ser\u00e1 de aplicaci\u00f3n a las personas que, con los requisitos exigidos, decidan someterse a \u00e9l de forma voluntaria mediante la inscripci\u00f3n de la uni\u00f3n.<\/p>\n<p><a class=\"pdf\" href=\"https:\/\/albal.sede.dival.es\/opencms\/export\/sites\/sedeAlbal\/contenidosEstructurados\/documentos\/ordenanzas\/REG0010C.pdf\" target=\"_blank\" rel=\"noopener noreferrer\">Reglamento org\u00e1nico municipal<\/a><\/p>\n<p class=\"desc-pdf\">El presente Reglamento tiene por objeto regular y articular los derechos y deberes que la legislaci\u00f3n atribuye a los miembros de la Corporaci\u00f3n en todo lo no regulado por el Reglamento de Organizaci\u00f3n, Funcionamiento y R\u00e9gimen Jur\u00eddico de las Entidades Locales, aprobado por R.D. 2568\/1986, de 28 de noviembre.<\/p>\n<p><a class=\"pdf\" href=\"https:\/\/albal.sede.dival.es\/opencms\/export\/sites\/sedeAlbal\/contenidosEstructurados\/documentos\/ordenanzas\/REG0010C.pdf\" target=\"_blank\" rel=\"noopener noreferrer\"><span class=\"Estilo9\">Reglamento del mercado municipal de Albal<\/span>\u00a0<\/a><\/p>\n<p class=\"desc-pdf\">El presente reglamento tiene por objeto regular el r\u00e9gimen de explotaci\u00f3n del Mercado Municipal de Albal con la finalidad de prestar un servicio p\u00fablico, poniendo a disposici\u00f3n de los ciudadanos de Albal los productos de consumo en la mejor calidad posible y a los precios m\u00e1s asequibles.<\/p>\n<p><a class=\"pdf\" href=\"https:\/\/albal.sede.dival.es\/opencms\/export\/sites\/sedeAlbal\/contenidosEstructurados\/documentos\/ordenanzas\/REG0004C.pdf\" target=\"_blank\" rel=\"noopener noreferrer\">Reglamento sobre concesi\u00f3n de honores distinciones y premios<\/a><\/p>\n<p class=\"desc-pdf\">Este Ayuntamiento, haciendo uso de la facultad que le concede la legislaci\u00f3n vigente, establece y regula, por medio del presente Reglamento, los honores, distinciones y premios que pueden concederse, as\u00ed como los requisitos para la concesi\u00f3n.<\/p>\n<p><a class=\"pdf\" href=\"https:\/\/albal.sede.dival.es\/opencms\/export\/sites\/sedeAlbal\/contenidosEstructurados\/documentos\/ordenanzas\/GEN0014V.pdf\" target=\"_blank\" rel=\"noopener noreferrer\"><span class=\"Estilo9\">Ordenanza reguladora del uso de Administraci\u00f3n Electr\u00f3nica<\/span><\/a><\/p>\n<p class=\"desc-pdf\">La presente Ordenanza regula la utilizaci\u00f3n de los medios electr\u00f3nicos en el \u00e1mbito de la Administraci\u00f3n municipal del municipio de Albal, con el fin de permitir a los ciudadanos el ejercicio de los derechos reconocidos por la Ley 11\/2007, de 22 de junio, y por la Ley 3\/2010, de 28 de abril.<\/p>\n<p><a class=\"pdf\" href=\"https:\/\/albal.sede.dival.es\/opencms\/export\/sites\/sedeAlbal\/contenidosEstructurados\/documentos\/ordenanzas\/REG0019V.pdf\" target=\"_blank\" rel=\"noopener noreferrer\"><span class=\"Estilo9\">Reglamento Municipal sobre el Uso y la Normalizaci\u00f3n del Valenciano<\/span><\/a><\/p>\n<p><a class=\"pdf\" href=\"https:\/\/albal.sede.dival.es\/opencms\/export\/sites\/sedeAlbal\/contenidosEstructurados\/documentos\/ordenanzas\/GEN0001C.pdf\">Ordenanza municipal reguladora de la manipulaci\u00f3n y uso de artificios pirot\u00e9cnicos y de la realizaci\u00f3n de espect\u00e1culos p\u00fablicos de fuegos artificiales<\/a><\/p>\n<p><a class=\"pdf\" href=\"https:\/\/albal.es\/content-albal\/uploads\/2022\/05\/ordenanza-usos-y-costumbres-rurales-castellano.pdf\" target=\"_blank\" rel=\"noopener noreferrer\"><span class=\"Estilo9\">Ordenanza municipal reguladora de los usos y costumbres rurales<\/span><\/a><\/p>\n<p class=\"desc-pdf\">Es objeto de la presente ordenanza la regularizaci\u00f3n de los usos y costumbres que, dentro del \u00e1mbito rural se viene practicando en el t\u00e9rmino municipal, adecu\u00e1ndose al marco social actual, todo ello, sin perjuicio de las funciones de cooperaci\u00f3n, colaboraci\u00f3n e informaci\u00f3n rec\u00edproca que deben presidir las relaciones entre Ayuntamiento y administraciones con competencia sectorial en las materias a las que alude esta ordenanza, conforme a lo prevenido en el art\u00edculo 56 de la Ley 7\/85, de 2 de abril, Reguladora de las Bases de R\u00e9gimen Local.<\/p>\n<p><a class=\"pdf\" href=\"https:\/\/albal.es\/content-albal\/uploads\/2022\/05\/reglamento-regimen-interior-Consell-Local-Agrari-castellano.pdf\" rel=\"attachment wp-att-27508\">Reglamento de R\u00e9gimen Interior del Consell Agrari Municipal<\/a><\/p>\n<p class=\"desc-pdf\">Por lo expuesto y en atenci\u00f3n a lo preceptuado por la Ley de la Generalidad Valenciana, y en atenci\u00f3n a la potestad reglamentaria y de auto organizaci\u00f3n que tienen las Entidades Locales, seg\u00fan lo dispuesto por el art\u00edculo 4.I.a.), de la Ley 7\/1985, de 2 de abril, Reguladora de las Bases del R\u00e9gimen Local, en relaci\u00f3n con el art\u00edculo 20.3 y lo dispuesto en el Reglamento Org\u00e1nico Municipal aprobado con car\u00e1cter definitivo por el Pleno del Ayuntamiento en sesi\u00f3n de 29 de abril de 2021 (BOP n\u00famero 103 de 01\/06\/2021, respecto de los \u00f3rganos complementarios de la organizaci\u00f3n municipal y dem\u00e1s disposiciones concordantes.<\/p>\n<p>[\/et_pb_accordion_item][et_pb_accordion_item title=\u00bbPlan de Medidas Antifraude para la gesti\u00f3n de determinados fondos europeos del Ayuntamiento de Albal\u00bb _builder_version=\u00bb4.27.6&#8243; _module_preset=\u00bbdefault\u00bb hover_enabled=\u00bb0&#8243; global_colors_info=\u00bb{}\u00bb open=\u00bboff\u00bb sticky_enabled=\u00bb0&#8243;]<\/p>\n<p><a href=\"https:\/\/albal.es\/content-albal\/uploads\/2026\/03\/EDICTO-INFORMACION-PUBLICA-Y-AUDIENCIA-A-INTERESADOS-APROBACION-INICIAL-PLAN-DE-MEDIDAS-ANTIFRAUDE-BOP.pdf\" rel=\"attachment wp-att-63768\">EDICTO INFORMACI\u00d3N P\u00daBLICA Y AUDIENCIA A INTERESADOS APROBACI\u00d3N INICIAL <\/a><a href=\"https:\/\/albal.es\/content-albal\/uploads\/2026\/03\/EDICTO-INFORMACION-PUBLICA-Y-AUDIENCIA-A-INTERESADOS-APROBACION-INICIAL-PLAN-DE-MEDIDAS-ANTIFRAUDE-BOP.pdf\" rel=\"attachment wp-att-63768\">PLAN DE MEDIDAS ANTIFRAUDE <\/a><\/p>\n<p><a href=\"https:\/\/albal.es\/content-albal\/uploads\/2026\/03\/3.-PLAN-DE-MEDIDAS-ANTIFRAUDE-DEL-AYUNTAMIENTO-DE-ALBAL.pdf\" rel=\"attachment wp-att-63764\">PLAN DE MEDIDAS ANTIFRAUDE DEL AYUNTAMIENTO DE ALBAL<\/a><\/p>\n<p>[\/et_pb_accordion_item][\/et_pb_accordion][\/et_pb_column][et_pb_column type=\u00bb2_5&#8243; module_class=\u00bbcontent-impresos\u00bb _builder_version=\u00bb4.16&#8243; global_colors_info=\u00bb{}\u00bb][et_pb_text admin_label=\u00bbTitulo Impresos i enlla\u00e7os a Seu Electr\u00f2nica\u00bb _builder_version=\u00bb4.16&#8243; _module_preset=\u00bbdefault\u00bb locked=\u00bboff\u00bb global_colors_info=\u00bb{}\u00bb]<\/p>\n<h2>Impresos y enlaces a Sede Electr\u00f3nica<\/h2>\n<p>[\/et_pb_text][et_pb_cpt_loop_archive loop_layout=\u00bb6282&#8243; show_pagination=\u00bboff\u00bb new_query=\u00bbon\u00bb post_type=\u00bbimpreso_tramit\u00bb posts_number=\u00bb999&#8243; include_meta=\u00bbpagina_de_destinacio\u00bb include_meta_terms=\u00bb562&#8243; hide_if_no_data=\u00bbon\u00bb order=\u00bbasc\u00bb admin_label=\u00bbImpresos i enlla\u00e7os a Seu Electronica\u00bb module_class=\u00bbcontent-impresos-dinamic\u00bb _builder_version=\u00bb4.18.1&#8243; headings_font_size=\u00bb36px\u00bb background_color=\u00bb#ffffff\u00bb border_radii=\u00bbon|8px|8px|8px|8px\u00bb border_width_all=\u00bb1px\u00bb border_color_all=\u00bb#cccccc\u00bb locked=\u00bboff\u00bb global_colors_info=\u00bb{}\u00bb][\/et_pb_cpt_loop_archive][et_pb_code module_class=\u00bbcontent-mostrar-impresos\u00bb _builder_version=\u00bb4.16&#8243; _module_preset=\u00bbdefault\u00bb locked=\u00bboff\u00bb global_colors_info=\u00bb{}\u00bb]<pee><style>.et_pb_cpt_loop_archive.content-impresos-dinamic:before { content:\"Impresos y enlaces a Sede electr\u00f3nica\";}\t<\/style><\/pee>[\/et_pb_code][\/et_pb_column][\/et_pb_row][et_pb_row disabled_on=\u00bboff|on|on\u00bb admin_label=\u00bbCarga solo en MOVIL\u00bb _builder_version=\u00bb4.16&#8243; custom_padding=\u00bb0px||||false|false\u00bb locked=\u00bboff\u00bb global_colors_info=\u00bb{}\u00bb][et_pb_column type=\u00bb4_4&#8243; _builder_version=\u00bb4.16&#8243; global_colors_info=\u00bb{}\u00bb][et_pb_text disabled_on=\u00bboff|off|off\u00bb admin_label=\u00bbAmic\u00bb module_class=\u00bbamic-cita\u00bb _builder_version=\u00bb4.16&#8243; header_4_font=\u00bb||||||||\u00bb header_4_text_color=\u00bb#c40038&#8243; custom_margin=\u00bb||0px||false|false\u00bb custom_padding=\u00bb||15px||false|false\u00bb saved_tabs=\u00bball\u00bb locked=\u00bboff\u00bb global_colors_info=\u00bb{}\u00bb]<\/p>\n<h3><img decoding=\"async\" class=\"wp-image-464 alignnone size-full lazyload\" data-src=\"https:\/\/albal.es\/content-albal\/uploads\/2019\/12\/logo-amic-2.png\" alt=\"\" width=\"135\" height=\"46\" src=\"data:image\/svg+xml;base64,PHN2ZyB3aWR0aD0iMSIgaGVpZ2h0PSIxIiB4bWxucz0iaHR0cDovL3d3dy53My5vcmcvMjAwMC9zdmciPjwvc3ZnPg==\" style=\"--smush-placeholder-width: 135px; --smush-placeholder-aspect-ratio: 135\/46;\" \/><\/h3>\n<h3>Atenci\u00f3n Municipal de Informaci\u00f3n Ciudadana<\/h3>\n<h4>REGISTROS Y SOLICITUDES<\/h4>\n<p>Plaza del Jard\u00edn, 7. Ayuntamiento de Albal \u2013\u00a0<strong>Planta baja<\/strong><br \/>Tel:\u00a0<strong>96 126 00 56<\/strong>\u00a0\u00b7 Fax: 96 127 08 61<\/p>\n<p><a class=\"bot-cita-previa\" href=\"https:\/\/citaprevia.albal.es:10090\/\" target=\"_blank\" rel=\"noopener noreferrer\">CITA PREVIA<\/a><br \/><a class=\"bot-seu-electronica\" href=\"https:\/\/albal.sede.dival.es\/\" target=\"_blank\" rel=\"noopener noreferrer\">SEDE ELECTR\u00d3NICA<\/a><\/p>\n<p>[\/et_pb_text][\/et_pb_column][\/et_pb_row][\/et_pb_section][et_pb_section fb_built=\u00bb1&#8243; admin_label=\u00bb(ancla) #faq\u00bb module_id=\u00bbfaq\u00bb _builder_version=\u00bb4.16&#8243; background_color=\u00bb#dcb747&#8243; custom_padding=\u00bb50px||||false|false\u00bb collapsed=\u00bboff\u00bb global_colors_info=\u00bb{}\u00bb][et_pb_row _builder_version=\u00bb4.16&#8243; background_color=\u00bbrgba(0,0,0,0)\u00bb custom_padding=\u00bb0px||||false|false\u00bb locked=\u00bboff\u00bb global_colors_info=\u00bb{}\u00bb][et_pb_column type=\u00bb4_4&#8243; _builder_version=\u00bb4.16&#8243; global_colors_info=\u00bb{}\u00bb][et_pb_text admin_label=\u00bbTitulo Preguntes m\u00e9s freq\u00fcents\u00bb module_class=\u00bbtit-seccion\u00bb _builder_version=\u00bb4.16&#8243; header_2_text_color=\u00bb#ffffff\u00bb custom_padding=\u00bb0px||||false|false\u00bb locked=\u00bboff\u00bb global_colors_info=\u00bb{}\u00bb]<\/p>\n<h2><img decoding=\"async\" class=\"size-medium alignleft lazyload\" data-src=\"https:\/\/albal.es\/img\/iconos\/preguntas-persona-45x45.svg\" alt=\"\" width=\"45\" height=\"45\" src=\"data:image\/svg+xml;base64,PHN2ZyB3aWR0aD0iMSIgaGVpZ2h0PSIxIiB4bWxucz0iaHR0cDovL3d3dy53My5vcmcvMjAwMC9zdmciPjwvc3ZnPg==\" style=\"--smush-placeholder-width: 45px; --smush-placeholder-aspect-ratio: 45\/45;\" \/>Preguntas m\u00e1s frecuentes<\/h2>\n<p>[\/et_pb_text][\/et_pb_column][\/et_pb_row][et_pb_row column_structure=\u00bb1_2,1_2&#8243; make_equal=\u00bbon\u00bb admin_label=\u00bbSolo un modulo por fila\u00bb _builder_version=\u00bb4.16&#8243; custom_padding=\u00bb0px||||false|false\u00bb global_colors_info=\u00bb{}\u00bb][et_pb_column type=\u00bb1_2&#8243; _builder_version=\u00bb4.16&#8243; border_width_bottom=\u00bb1px\u00bb border_color_bottom=\u00bb#b09239&#8243; global_colors_info=\u00bb{}\u00bb][et_pb_text admin_label=\u00bbCompulsar document\u00bb _builder_version=\u00bb4.16&#8243; custom_padding=\u00bb||25px||false|false\u00bb global_colors_info=\u00bb{}\u00bb]<\/p>\n<h3>\u00bfC\u00f3mo, d\u00f3nde y cu\u00e1ndo puedo compulsar un documento?<\/h3>\n<p>El personal de Secretar\u00eda est\u00e1 capacitado para compulsar documentos cuyo destino sea el propio Ayuntamiento, o bien, que siendo para cualquier otra Administraci\u00f3n P\u00fablica se presente por el Registro de Entrada de esta entidad, en base al Convenio Inter-Administrativo.<br \/>Para compulsar esta documentaci\u00f3n deber\u00e1 aportar el interesado, en el momento de realizar la Entrada en el Registro General, las copias y los originales para su cotejo<\/p>\n<p>[\/et_pb_text][\/et_pb_column][et_pb_column type=\u00bb1_2&#8243; _builder_version=\u00bb4.16&#8243; border_width_bottom=\u00bb1px\u00bb border_color_bottom=\u00bb#b09239&#8243; global_colors_info=\u00bb{}\u00bb][\/et_pb_column][\/et_pb_row][\/et_pb_section]<\/p>\n","protected":false},"excerpt":{"rendered":"<p>\u00c1reas y servicios | SECRETAR\u00cdA Secretar\u00edaLas funciones principales de la Secretar\u00eda son las de:\u2013 Asesorar legalmente a la Alcald\u00eda, la Corporaci\u00f3n y las diferentes comisiones.\u2013 Dar fe de la legalidad de las actuaciones que realiza el Ayuntamiento.La Secretar\u00eda tiene otros negociados adscritos, como::Registro General de Documentos.Padr\u00f3n Municipal de Habitantes.Recursos Humanos.Informaci\u00f3n de Inter\u00e9s: Ubicaci\u00f3n: 1a planta del edificio consistorial, Plaza del Jard\u00ed, 7 Responsable del \u00e1rea: Roberto Calpe Gin\u00e9sCorreo electr\u00f3nico de Secretar\u00eda:\u00a0secretaria@albal.es &nbsp;Consultas y dudas: Atenci\u00f3n Municipal de Informaci\u00f3n Ciudadana REGISTROS Y SOLICITUDES Plaza del Jard\u00edn, 7. Ayuntamiento de Albal \u2013\u00a0Planta bajaTel:\u00a096 126 00 56\u00a0\u00b7 Fax: 96 127 08 61 CITA PREVIASEDE ELECTR\u00d3NICAAvisos, convocatorias y tr\u00e1mites activos <style>.et_pb_cpt_loop_archive.tramites-activos-pag:before { content:\"Avisos, convocatorias y tr\u00e1mites activos\";}<\/style>Informaci\u00f3n, tr\u00e1mites e impresos Reglamento del Registro de Uniones de Hecho El Registro de Uniones de Hecho del Ayuntamiento de Albal tiene car\u00e1cter administrativo y en \u00e9l podr\u00e1n inscribirse todas las uniones de convivencia no matrimonial en la forma y con los requisitos que se establecen en el presente Reglamento, el cual ser\u00e1 de aplicaci\u00f3n a las personas que, con los requisitos exigidos, decidan someterse a \u00e9l de forma voluntaria mediante la inscripci\u00f3n de la uni\u00f3n. Reglamento org\u00e1nico municipal El presente Reglamento tiene por objeto regular y articular los derechos y deberes que la [&hellip;]<\/p>\n","protected":false},"author":5,"featured_media":0,"parent":759,"menu_order":1,"comment_status":"closed","ping_status":"closed","template":"","meta":{"_acf_changed":false,"_et_pb_use_builder":"on","_et_pb_old_content":"","_et_gb_content_width":"","footnotes":""},"coauthors":[62],"class_list":["post-3437","page","type-page","status-publish","hentry"],"acf":[],"yoast_head":"<!-- This site is optimized with the Yoast SEO plugin v27.4 - https:\/\/yoast.com\/product\/yoast-seo-wordpress\/ -->\n<title>Secretar\u00eda - Ayuntamiento de Albal (Valencia)<\/title>\n<meta name=\"robots\" content=\"index, follow, max-snippet:-1, max-image-preview:large, max-video-preview:-1\" \/>\n<link rel=\"canonical\" href=\"https:\/\/albal.es\/es\/areas-y-servicios-2\/secretaria-ayuntamiento\/secretaria\/\" \/>\n<meta property=\"og:locale\" content=\"es_ES\" \/>\n<meta property=\"og:type\" content=\"article\" \/>\n<meta property=\"og:title\" content=\"Secretar\u00eda - Ayuntamiento de Albal (Valencia)\" \/>\n<meta property=\"og:description\" content=\"\u00c1reas y servicios | SECRETAR\u00cdA Secretar\u00edaLas funciones principales de la Secretar\u00eda son las de:\u2013 Asesorar legalmente a la Alcald\u00eda, la Corporaci\u00f3n y las diferentes comisiones.\u2013 Dar fe de la legalidad de las actuaciones que realiza el Ayuntamiento.La Secretar\u00eda tiene otros negociados adscritos, como::Registro General de Documentos.Padr\u00f3n Municipal de Habitantes.Recursos Humanos.Informaci\u00f3n de Inter\u00e9s: Ubicaci\u00f3n: 1a planta del edificio consistorial, Plaza del Jard\u00ed, 7 Responsable del \u00e1rea: Roberto Calpe Gin\u00e9sCorreo electr\u00f3nico de Secretar\u00eda:\u00a0secretaria@albal.es &nbsp;Consultas y dudas: Atenci\u00f3n Municipal de Informaci\u00f3n Ciudadana REGISTROS Y SOLICITUDES Plaza del Jard\u00edn, 7. Ayuntamiento de Albal \u2013\u00a0Planta bajaTel:\u00a096 126 00 56\u00a0\u00b7 Fax: 96 127 08 61 CITA PREVIASEDE ELECTR\u00d3NICAAvisos, convocatorias y tr\u00e1mites activos Informaci\u00f3n, tr\u00e1mites e impresos Reglamento del Registro de Uniones de Hecho El Registro de Uniones de Hecho del Ayuntamiento de Albal tiene car\u00e1cter administrativo y en \u00e9l podr\u00e1n inscribirse todas las uniones de convivencia no matrimonial en la forma y con los requisitos que se establecen en el presente Reglamento, el cual ser\u00e1 de aplicaci\u00f3n a las personas que, con los requisitos exigidos, decidan someterse a \u00e9l de forma voluntaria mediante la inscripci\u00f3n de la uni\u00f3n. Reglamento org\u00e1nico municipal El presente Reglamento tiene por objeto regular y articular los derechos y deberes que la [&hellip;]\" \/>\n<meta property=\"og:site_name\" content=\"Ajuntament d&#039;Albal\" \/>\n<meta property=\"article:publisher\" content=\"https:\/\/facebook.com\/AjuntamentAlbal\/\" \/>\n<meta property=\"article:modified_time\" content=\"2026-03-04T14:06:58+00:00\" \/>\n<meta property=\"og:image\" content=\"https:\/\/albal.es\/content-albal\/uploads\/2019\/12\/logo-amic-2.png\" \/>\n\t<meta property=\"og:image:width\" content=\"135\" \/>\n\t<meta property=\"og:image:height\" content=\"46\" \/>\n\t<meta property=\"og:image:type\" content=\"image\/png\" \/>\n<meta name=\"twitter:card\" content=\"summary_large_image\" \/>\n<meta name=\"twitter:label1\" content=\"Tiempo de lectura\" \/>\n\t<meta name=\"twitter:data1\" content=\"9 minutos\" \/>\n\t<meta name=\"twitter:label2\" content=\"Written by\" \/>\n\t<meta name=\"twitter:data2\" content=\"Carmen Mar\u00eda \u00c1lvarez\" \/>\n<script type=\"application\/ld+json\" class=\"yoast-schema-graph\">{\"@context\":\"https:\\\/\\\/schema.org\",\"@graph\":[{\"@type\":\"WebPage\",\"@id\":\"https:\\\/\\\/albal.es\\\/es\\\/areas-y-servicios-2\\\/secretaria-ayuntamiento\\\/secretaria\\\/\",\"url\":\"https:\\\/\\\/albal.es\\\/es\\\/areas-y-servicios-2\\\/secretaria-ayuntamiento\\\/secretaria\\\/\",\"name\":\"Secretar\u00eda - Ayuntamiento de Albal (Valencia)\",\"isPartOf\":{\"@id\":\"https:\\\/\\\/albal.es\\\/es\\\/#website\"},\"primaryImageOfPage\":{\"@id\":\"https:\\\/\\\/albal.es\\\/es\\\/areas-y-servicios-2\\\/secretaria-ayuntamiento\\\/secretaria\\\/#primaryimage\"},\"image\":{\"@id\":\"https:\\\/\\\/albal.es\\\/es\\\/areas-y-servicios-2\\\/secretaria-ayuntamiento\\\/secretaria\\\/#primaryimage\"},\"thumbnailUrl\":\"https:\\\/\\\/albal.es\\\/content-albal\\\/uploads\\\/2019\\\/12\\\/logo-amic-2.png\",\"datePublished\":\"2019-12-10T11:51:49+00:00\",\"dateModified\":\"2026-03-04T14:06:58+00:00\",\"breadcrumb\":{\"@id\":\"https:\\\/\\\/albal.es\\\/es\\\/areas-y-servicios-2\\\/secretaria-ayuntamiento\\\/secretaria\\\/#breadcrumb\"},\"inLanguage\":\"es\",\"potentialAction\":[{\"@type\":\"ReadAction\",\"target\":[\"https:\\\/\\\/albal.es\\\/es\\\/areas-y-servicios-2\\\/secretaria-ayuntamiento\\\/secretaria\\\/\"]}]},{\"@type\":\"ImageObject\",\"inLanguage\":\"es\",\"@id\":\"https:\\\/\\\/albal.es\\\/es\\\/areas-y-servicios-2\\\/secretaria-ayuntamiento\\\/secretaria\\\/#primaryimage\",\"url\":\"https:\\\/\\\/albal.es\\\/content-albal\\\/uploads\\\/2019\\\/12\\\/logo-amic-2.png\",\"contentUrl\":\"https:\\\/\\\/albal.es\\\/content-albal\\\/uploads\\\/2019\\\/12\\\/logo-amic-2.png\"},{\"@type\":\"BreadcrumbList\",\"@id\":\"https:\\\/\\\/albal.es\\\/es\\\/areas-y-servicios-2\\\/secretaria-ayuntamiento\\\/secretaria\\\/#breadcrumb\",\"itemListElement\":[{\"@type\":\"ListItem\",\"position\":1,\"name\":\"Inici\",\"item\":\"https:\\\/\\\/albal.es\\\/es\\\/\"},{\"@type\":\"ListItem\",\"position\":2,\"name\":\"\u00c1reas y Servicios\",\"item\":\"https:\\\/\\\/albal.es\\\/es\\\/areas-y-servicios-2\\\/\"},{\"@type\":\"ListItem\",\"position\":3,\"name\":\"Secretaria\",\"item\":\"https:\\\/\\\/albal.es\\\/es\\\/areas-y-servicios-2\\\/secretaria-ayuntamiento\\\/\"},{\"@type\":\"ListItem\",\"position\":4,\"name\":\"Secretar\u00eda\"}]},{\"@type\":\"WebSite\",\"@id\":\"https:\\\/\\\/albal.es\\\/es\\\/#website\",\"url\":\"https:\\\/\\\/albal.es\\\/es\\\/\",\"name\":\"Ajuntament d&#039;Albal\",\"description\":\"Ajuntament d&#039;Albal\",\"publisher\":{\"@id\":\"https:\\\/\\\/albal.es\\\/es\\\/#organization\"},\"potentialAction\":[{\"@type\":\"SearchAction\",\"target\":{\"@type\":\"EntryPoint\",\"urlTemplate\":\"https:\\\/\\\/albal.es\\\/es\\\/?s={search_term_string}\"},\"query-input\":{\"@type\":\"PropertyValueSpecification\",\"valueRequired\":true,\"valueName\":\"search_term_string\"}}],\"inLanguage\":\"es\"},{\"@type\":\"Organization\",\"@id\":\"https:\\\/\\\/albal.es\\\/es\\\/#organization\",\"name\":\"Ajuntament d'Albal - Valencia\",\"url\":\"https:\\\/\\\/albal.es\\\/es\\\/\",\"logo\":{\"@type\":\"ImageObject\",\"inLanguage\":\"es\",\"@id\":\"https:\\\/\\\/albal.es\\\/es\\\/#\\\/schema\\\/logo\\\/image\\\/\",\"url\":\"https:\\\/\\\/albal.es\\\/content-albal\\\/uploads\\\/2020\\\/06\\\/logo-ayuntamiento-albal.png\",\"contentUrl\":\"https:\\\/\\\/albal.es\\\/content-albal\\\/uploads\\\/2020\\\/06\\\/logo-ayuntamiento-albal.png\",\"width\":367,\"height\":332,\"caption\":\"Ajuntament d'Albal - Valencia\"},\"image\":{\"@id\":\"https:\\\/\\\/albal.es\\\/es\\\/#\\\/schema\\\/logo\\\/image\\\/\"},\"sameAs\":[\"https:\\\/\\\/facebook.com\\\/AjuntamentAlbal\\\/\"]}]}<\/script>\n<!-- \/ Yoast SEO plugin. -->","yoast_head_json":{"title":"Secretar\u00eda - Ayuntamiento de Albal (Valencia)","robots":{"index":"index","follow":"follow","max-snippet":"max-snippet:-1","max-image-preview":"max-image-preview:large","max-video-preview":"max-video-preview:-1"},"canonical":"https:\/\/albal.es\/es\/areas-y-servicios-2\/secretaria-ayuntamiento\/secretaria\/","og_locale":"es_ES","og_type":"article","og_title":"Secretar\u00eda - Ayuntamiento de Albal (Valencia)","og_description":"\u00c1reas y servicios | SECRETAR\u00cdA Secretar\u00edaLas funciones principales de la Secretar\u00eda son las de:\u2013 Asesorar legalmente a la Alcald\u00eda, la Corporaci\u00f3n y las diferentes comisiones.\u2013 Dar fe de la legalidad de las actuaciones que realiza el Ayuntamiento.La Secretar\u00eda tiene otros negociados adscritos, como::Registro General de Documentos.Padr\u00f3n Municipal de Habitantes.Recursos Humanos.Informaci\u00f3n de Inter\u00e9s: Ubicaci\u00f3n: 1a planta del edificio consistorial, Plaza del Jard\u00ed, 7 Responsable del \u00e1rea: Roberto Calpe Gin\u00e9sCorreo electr\u00f3nico de Secretar\u00eda:\u00a0secretaria@albal.es &nbsp;Consultas y dudas: Atenci\u00f3n Municipal de Informaci\u00f3n Ciudadana REGISTROS Y SOLICITUDES Plaza del Jard\u00edn, 7. Ayuntamiento de Albal \u2013\u00a0Planta bajaTel:\u00a096 126 00 56\u00a0\u00b7 Fax: 96 127 08 61 CITA PREVIASEDE ELECTR\u00d3NICAAvisos, convocatorias y tr\u00e1mites activos Informaci\u00f3n, tr\u00e1mites e impresos Reglamento del Registro de Uniones de Hecho El Registro de Uniones de Hecho del Ayuntamiento de Albal tiene car\u00e1cter administrativo y en \u00e9l podr\u00e1n inscribirse todas las uniones de convivencia no matrimonial en la forma y con los requisitos que se establecen en el presente Reglamento, el cual ser\u00e1 de aplicaci\u00f3n a las personas que, con los requisitos exigidos, decidan someterse a \u00e9l de forma voluntaria mediante la inscripci\u00f3n de la uni\u00f3n. Reglamento org\u00e1nico municipal El presente Reglamento tiene por objeto regular y articular los derechos y deberes que la [&hellip;]","og_site_name":"Ajuntament d&#039;Albal","article_publisher":"https:\/\/facebook.com\/AjuntamentAlbal\/","article_modified_time":"2026-03-04T14:06:58+00:00","og_image":[{"width":135,"height":46,"url":"https:\/\/albal.es\/content-albal\/uploads\/2019\/12\/logo-amic-2.png","type":"image\/png"}],"twitter_card":"summary_large_image","twitter_misc":{"Tiempo de lectura":"9 minutos","Written by":"Carmen Mar\u00eda \u00c1lvarez"},"schema":{"@context":"https:\/\/schema.org","@graph":[{"@type":"WebPage","@id":"https:\/\/albal.es\/es\/areas-y-servicios-2\/secretaria-ayuntamiento\/secretaria\/","url":"https:\/\/albal.es\/es\/areas-y-servicios-2\/secretaria-ayuntamiento\/secretaria\/","name":"Secretar\u00eda - Ayuntamiento de Albal (Valencia)","isPartOf":{"@id":"https:\/\/albal.es\/es\/#website"},"primaryImageOfPage":{"@id":"https:\/\/albal.es\/es\/areas-y-servicios-2\/secretaria-ayuntamiento\/secretaria\/#primaryimage"},"image":{"@id":"https:\/\/albal.es\/es\/areas-y-servicios-2\/secretaria-ayuntamiento\/secretaria\/#primaryimage"},"thumbnailUrl":"https:\/\/albal.es\/content-albal\/uploads\/2019\/12\/logo-amic-2.png","datePublished":"2019-12-10T11:51:49+00:00","dateModified":"2026-03-04T14:06:58+00:00","breadcrumb":{"@id":"https:\/\/albal.es\/es\/areas-y-servicios-2\/secretaria-ayuntamiento\/secretaria\/#breadcrumb"},"inLanguage":"es","potentialAction":[{"@type":"ReadAction","target":["https:\/\/albal.es\/es\/areas-y-servicios-2\/secretaria-ayuntamiento\/secretaria\/"]}]},{"@type":"ImageObject","inLanguage":"es","@id":"https:\/\/albal.es\/es\/areas-y-servicios-2\/secretaria-ayuntamiento\/secretaria\/#primaryimage","url":"https:\/\/albal.es\/content-albal\/uploads\/2019\/12\/logo-amic-2.png","contentUrl":"https:\/\/albal.es\/content-albal\/uploads\/2019\/12\/logo-amic-2.png"},{"@type":"BreadcrumbList","@id":"https:\/\/albal.es\/es\/areas-y-servicios-2\/secretaria-ayuntamiento\/secretaria\/#breadcrumb","itemListElement":[{"@type":"ListItem","position":1,"name":"Inici","item":"https:\/\/albal.es\/es\/"},{"@type":"ListItem","position":2,"name":"\u00c1reas y Servicios","item":"https:\/\/albal.es\/es\/areas-y-servicios-2\/"},{"@type":"ListItem","position":3,"name":"Secretaria","item":"https:\/\/albal.es\/es\/areas-y-servicios-2\/secretaria-ayuntamiento\/"},{"@type":"ListItem","position":4,"name":"Secretar\u00eda"}]},{"@type":"WebSite","@id":"https:\/\/albal.es\/es\/#website","url":"https:\/\/albal.es\/es\/","name":"Ajuntament d&#039;Albal","description":"Ajuntament d&#039;Albal","publisher":{"@id":"https:\/\/albal.es\/es\/#organization"},"potentialAction":[{"@type":"SearchAction","target":{"@type":"EntryPoint","urlTemplate":"https:\/\/albal.es\/es\/?s={search_term_string}"},"query-input":{"@type":"PropertyValueSpecification","valueRequired":true,"valueName":"search_term_string"}}],"inLanguage":"es"},{"@type":"Organization","@id":"https:\/\/albal.es\/es\/#organization","name":"Ajuntament d'Albal - Valencia","url":"https:\/\/albal.es\/es\/","logo":{"@type":"ImageObject","inLanguage":"es","@id":"https:\/\/albal.es\/es\/#\/schema\/logo\/image\/","url":"https:\/\/albal.es\/content-albal\/uploads\/2020\/06\/logo-ayuntamiento-albal.png","contentUrl":"https:\/\/albal.es\/content-albal\/uploads\/2020\/06\/logo-ayuntamiento-albal.png","width":367,"height":332,"caption":"Ajuntament d'Albal - Valencia"},"image":{"@id":"https:\/\/albal.es\/es\/#\/schema\/logo\/image\/"},"sameAs":["https:\/\/facebook.com\/AjuntamentAlbal\/"]}]}},"publishpress_future_workflow_manual_trigger":{"enabledWorkflows":[]},"_links":{"self":[{"href":"https:\/\/albal.es\/es\/wp-json\/wp\/v2\/pages\/3437","targetHints":{"allow":["GET"]}}],"collection":[{"href":"https:\/\/albal.es\/es\/wp-json\/wp\/v2\/pages"}],"about":[{"href":"https:\/\/albal.es\/es\/wp-json\/wp\/v2\/types\/page"}],"author":[{"embeddable":true,"href":"https:\/\/albal.es\/es\/wp-json\/wp\/v2\/users\/5"}],"replies":[{"embeddable":true,"href":"https:\/\/albal.es\/es\/wp-json\/wp\/v2\/comments?post=3437"}],"version-history":[{"count":0,"href":"https:\/\/albal.es\/es\/wp-json\/wp\/v2\/pages\/3437\/revisions"}],"up":[{"embeddable":true,"href":"https:\/\/albal.es\/es\/wp-json\/wp\/v2\/pages\/759"}],"wp:attachment":[{"href":"https:\/\/albal.es\/es\/wp-json\/wp\/v2\/media?parent=3437"}],"wp:term":[{"taxonomy":"author","embeddable":true,"href":"https:\/\/albal.es\/es\/wp-json\/wp\/v2\/coauthors?post=3437"}],"curies":[{"name":"wp","href":"https:\/\/api.w.org\/{rel}","templated":true}]}}