

{"id":3386,"date":"2019-12-17T18:24:13","date_gmt":"2019-12-17T17:24:13","guid":{"rendered":"https:\/\/albal.es\/areas-y-servicios\/servicios-economicos\/gestion-tributaria\/tasas-y-otros\/"},"modified":"2024-01-17T14:00:15","modified_gmt":"2024-01-17T13:00:15","slug":"tasas-y-otros","status":"publish","type":"page","link":"https:\/\/albal.es\/es\/areas-y-servicios-2\/servicios-economicos\/gestion-tributaria\/tasas-y-otros\/","title":{"rendered":"Tasas y Otros"},"content":{"rendered":"<p>[et_pb_section fb_built=\u00bb1&#8243; custom_padding_last_edited=\u00bbon|phone\u00bb admin_label=\u00bbcontent-cab-area\u00bb module_class=\u00bbcontent-cab-area\u00bb _builder_version=\u00bb4.16&#8243; background_color=\u00bb#fafafa\u00bb custom_padding=\u00bb15px||25px||false|false\u00bb custom_padding_tablet=\u00bb\u00bb custom_padding_phone=\u00bb||0px||false|false\u00bb collapsed=\u00bboff\u00bb global_colors_info=\u00bb{}\u00bb][et_pb_row disabled_on=\u00bbon|off|off\u00bb admin_label=\u00bbDesabilitado en moviles (Content migas pan)\u00bb _builder_version=\u00bb4.16&#8243; custom_padding=\u00bb0px||0px||false|false\u00bb locked=\u00bbon\u00bb collapsed=\u00bbon\u00bb global_colors_info=\u00bb{}\u00bb][et_pb_column type=\u00bb4_4&#8243; _builder_version=\u00bb4.16&#8243; global_colors_info=\u00bb{}\u00bb][et_pb_dmb_breadcrumbs admin_label=\u00bbMigas pan\u00bb font_icon=\u00bb%%20%%\u00bb use_home_icon=\u00bboff\u00bb use_home_text=\u00bbon\u00bb home_text=\u00bbInici\u00bb _builder_version=\u00bb4.16&#8243; global_colors_info=\u00bb{}\u00bb][\/et_pb_dmb_breadcrumbs][\/et_pb_column][\/et_pb_row][et_pb_row column_structure=\u00bb1_3,1_3,1_3&#8243; use_custom_gutter=\u00bbon\u00bb make_equal=\u00bbon\u00bb custom_padding_last_edited=\u00bbon|phone\u00bb admin_label=\u00bbcab-area\u00bb module_class=\u00bbcab-area\u00bb _builder_version=\u00bb4.16&#8243; background_enable_image=\u00bboff\u00bb background_size=\u00bbinitial\u00bb background_position=\u00bbcenter_left\u00bb custom_padding=\u00bb25px||0px||false|false\u00bb custom_padding_tablet=\u00bb\u00bb custom_padding_phone=\u00bb15px||||false|false\u00bb border_width_left_tablet=\u00bb\u00bb border_width_left_phone=\u00bb0px\u00bb border_width_left_last_edited=\u00bbon|desktop\u00bb locked=\u00bboff\u00bb global_colors_info=\u00bb{}\u00bb][et_pb_column type=\u00bb1_3&#8243; module_class=\u00bbcontent-tit-area\u00bb _builder_version=\u00bb4.16&#8243; global_colors_info=\u00bb{}\u00bb][et_pb_text admin_label=\u00bbH4, H1&#8243; module_class=\u00bbtit-area\u00bb _builder_version=\u00bb4.16&#8243; custom_margin=\u00bb||20px||false|false\u00bb locked=\u00bbon\u00bb global_colors_info=\u00bb{}\u00bb]<\/p>\n<h4>\u00c1reas y servicios | SERVICIOS ECON\u00d3MICOS | Gesti\u00f3n Tributaria<\/h4>\n<h1>Tasas y Otros<\/h1>\n<p>[\/et_pb_text][et_pb_text admin_label=\u00bbIntro\u00bb module_class=\u00bbtit-area\u00bb _builder_version=\u00bb4.16&#8243; global_colors_info=\u00bb{}\u00bb][\/et_pb_text][\/et_pb_column][et_pb_column type=\u00bb1_3&#8243; module_class=\u00bbcontent-info-interes\u00bb disabled_on=\u00bbon|off|off\u00bb _builder_version=\u00bb4.16&#8243; custom_padding=\u00bb|||30px|false|false\u00bb custom_padding_tablet=\u00bb\u00bb custom_padding_phone=\u00bb|0px||0px|false|false\u00bb custom_padding_last_edited=\u00bbon|desktop\u00bb border_width_left=\u00bb1px\u00bb border_color_left=\u00bb#cccccc\u00bb border_radii_tablet=\u00bb\u00bb border_radii_phone=\u00bb\u00bb border_radii_last_edited=\u00bbon|phone\u00bb border_width_left_tablet=\u00bb\u00bb border_width_left_phone=\u00bb\u00bb border_width_left_last_edited=\u00bbon|phone\u00bb global_colors_info=\u00bb{}\u00bb][et_pb_text admin_label=\u00bbInformacio d&#8217;interes\u00bb module_class=\u00bbtit-info-interes-cab\u00bb _builder_version=\u00bb4.16&#8243; locked=\u00bbon\u00bb global_colors_info=\u00bb{}\u00bb]Informaci\u00f3n de Inter\u00e9s[\/et_pb_text][et_pb_text admin_label=\u00bbinformacio\u00bb _builder_version=\u00bb4.16&#8243; global_colors_info=\u00bb{}\u00bb]Correo electr\u00f3nico de Gesti\u00f3n Tributaria:\u00a0<em>tributaria@albal.es<\/em>[\/et_pb_text][et_pb_cta button_url=\u00bbhttps:\/\/albal.es\/es\/contacto-albal\/\u00bb button_text=\u00bbContacto\u00bb admin_label=\u00bbBoton contacto\u00bb module_class=\u00bbboton-consultas-cab\u00bb _builder_version=\u00bb4.16&#8243; background_enable_color=\u00bboff\u00bb text_orientation=\u00bbleft\u00bb background_layout=\u00bblight\u00bb custom_padding=\u00bb0px|0px|0px|0px|true|true\u00bb locked=\u00bbon\u00bb global_colors_info=\u00bb{}\u00bb]<\/p>\n<h3>Consultas y dudas:<\/h3>\n<p>[\/et_pb_cta][\/et_pb_column][et_pb_column type=\u00bb1_3&#8243; module_class=\u00bbcontent-info-interes-dos\u00bb disabled_on=\u00bbon|off|off\u00bb _builder_version=\u00bb4.16&#8243; custom_padding=\u00bb|||30px|false|false\u00bb custom_padding_tablet=\u00bb|||0px|false|false\u00bb custom_padding_phone=\u00bb|0px||0px|false|false\u00bb custom_padding_last_edited=\u00bbon|desktop\u00bb border_width_left=\u00bb1px\u00bb border_color_left=\u00bb#cccccc\u00bb border_width_left_tablet=\u00bb\u00bb border_width_left_phone=\u00bb\u00bb border_width_left_last_edited=\u00bbon|desktop\u00bb global_colors_info=\u00bb{}\u00bb][et_pb_text disabled_on=\u00bboff|off|off\u00bb admin_label=\u00bbAmic\u00bb module_class=\u00bbamic-cita\u00bb _builder_version=\u00bb4.16&#8243; header_4_font=\u00bb||||||||\u00bb header_4_text_color=\u00bb#c40038&#8243; custom_margin=\u00bb||0px||false|false\u00bb custom_padding=\u00bb||15px||false|false\u00bb saved_tabs=\u00bball\u00bb locked=\u00bbon\u00bb global_colors_info=\u00bb{}\u00bb]<\/p>\n<h3><img decoding=\"async\" class=\"wp-image-464 alignnone size-full lazyload\" data-src=\"https:\/\/albal.es\/content-albal\/uploads\/2019\/12\/logo-amic-2.png\" alt=\"\" width=\"135\" height=\"46\" src=\"data:image\/svg+xml;base64,PHN2ZyB3aWR0aD0iMSIgaGVpZ2h0PSIxIiB4bWxucz0iaHR0cDovL3d3dy53My5vcmcvMjAwMC9zdmciPjwvc3ZnPg==\" style=\"--smush-placeholder-width: 135px; --smush-placeholder-aspect-ratio: 135\/46;\" \/><\/h3>\n<h3>Atenci\u00f3n Municipal de Informaci\u00f3n Ciudadana<\/h3>\n<h4>REGISTROS Y SOLICITUDES<\/h4>\n<p>Plaza del Jard\u00edn, 7. Ayto. de Albal &#8211;\u00a0<strong>Planta baja<\/strong><br \/>\nTel:\u00a0<strong>96 126 00 56<\/strong>\u00a0\u00b7 Fax: 96 127 08 61<\/p>\n<p><a class=\"bot-cita-previa\" href=\"https:\/\/citaprevia.albal.es:10090\/\" target=\"_blank\" rel=\"noopener noreferrer\">Cita previa<\/a><br \/>\n<a class=\"bot-seu-electronica\" href=\"https:\/\/albal.sede.dival.es\/\" target=\"_blank\" rel=\"noopener noreferrer\">Sede electr\u00f3nica<\/a>[\/et_pb_text][\/et_pb_column][\/et_pb_row][\/et_pb_section][et_pb_section fb_built=\u00bb1&#8243; admin_label=\u00bb(ancla) #tramites\u00bb module_id=\u00bbtramites\u00bb _builder_version=\u00bb4.16&#8243; background_color=\u00bb#e2e1de\u00bb custom_padding=\u00bb50px||||false|false\u00bb global_colors_info=\u00bb{}\u00bb][et_pb_row admin_label=\u00bb.content-avisos\u00bb module_class=\u00bbcontent-avisos\u00bb _builder_version=\u00bb4.16&#8243; custom_padding=\u00bb0px||||false|false\u00bb locked=\u00bbon\u00bb collapsed=\u00bboff\u00bb global_colors_info=\u00bb{}\u00bb][et_pb_column type=\u00bb4_4&#8243; _builder_version=\u00bb4.16&#8243; global_colors_info=\u00bb{}\u00bb][et_pb_text admin_label=\u00bbTitulo \u00abAvisos, convocat\u00f2ries i tr\u00e0mits actius\u00bb\u00bb _builder_version=\u00bb4.16&#8243; _module_preset=\u00bbdefault\u00bb global_colors_info=\u00bb{}\u00bb]<\/p>\n<h2>Avisos, convocatorias y tr\u00e1mites activos<\/h2>\n<p>[\/et_pb_text][et_pb_cpt_loop_archive loop_layout=\u00bb4914&#8243; fullwidth=\u00bboff\u00bb columns=\u00bb2&#8243; show_pagination=\u00bboff\u00bb new_query=\u00bbon\u00bb post_type=\u00bbtramitambdata\u00bb posts_number=\u00bb999&#8243; include_meta=\u00bbpagina_de_destinacio_data\u00bb include_meta_terms=\u00bb2175&#8243; hide_if_no_data=\u00bbon\u00bb order=\u00bbasc\u00bb admin_label=\u00bbAvisos, convocat\u00f2ries i tr\u00e0mits actius\u00bb module_class=\u00bbtramites-fecha tramites-activos-pag\u00bb _builder_version=\u00bb4.16&#8243; headings_text_color=\u00bb#000000&#8243; headings_font_size=\u00bb36px\u00bb custom_padding=\u00bb20px|20px|20px|20px|true|true\u00bb border_radii=\u00bbon|8px|8px|8px|8px\u00bb locked=\u00bboff\u00bb global_colors_info=\u00bb{}\u00bb][\/et_pb_cpt_loop_archive][et_pb_code module_class=\u00bbcontent-mostrar-avisos\u00bb _builder_version=\u00bb4.16&#8243; _module_preset=\u00bbdefault\u00bb locked=\u00bboff\u00bb global_colors_info=\u00bb{}\u00bb]<style>.et_pb_cpt_loop_archive.tramites-activos-pag:before { content:\"Avisos, convocatorias y tr\u00e1mites activos\";}<\/style>[\/et_pb_code][\/et_pb_column][\/et_pb_row][et_pb_row _builder_version=\u00bb4.16&#8243; custom_padding=\u00bb0px||||false|false\u00bb locked=\u00bboff\u00bb global_colors_info=\u00bb{}\u00bb][et_pb_column type=\u00bb4_4&#8243; _builder_version=\u00bb4.16&#8243; global_colors_info=\u00bb{}\u00bb][et_pb_text admin_label=\u00bbTitulo Informacio, tr\u00e0mits i impresos\u00bb module_class=\u00bbtit-seccion\u00bb _builder_version=\u00bb4.16&#8243; locked=\u00bboff\u00bb global_colors_info=\u00bb{}\u00bb]<\/p>\n<h2><img decoding=\"async\" class=\"size-medium alignleft lazyload\" data-src=\"https:\/\/albal.es\/img\/iconos\/impreso-lapiz-45x45.svg\" alt=\"\" width=\"45\" height=\"45\" src=\"data:image\/svg+xml;base64,PHN2ZyB3aWR0aD0iMSIgaGVpZ2h0PSIxIiB4bWxucz0iaHR0cDovL3d3dy53My5vcmcvMjAwMC9zdmciPjwvc3ZnPg==\" style=\"--smush-placeholder-width: 45px; --smush-placeholder-aspect-ratio: 45\/45;\" \/>Informaci\u00f3n, tr\u00e1mites e impresos<\/h2>\n<p>[\/et_pb_text][\/et_pb_column][\/et_pb_row][et_pb_row column_structure=\u00bb3_5,2_5&#8243; _builder_version=\u00bb4.16&#8243; custom_padding=\u00bb0px||||false|false\u00bb locked=\u00bboff\u00bb global_colors_info=\u00bb{}\u00bb][et_pb_column type=\u00bb3_5&#8243; _builder_version=\u00bb4.16&#8243; global_colors_info=\u00bb{}\u00bb][et_pb_accordion use_icon_font_size=\u00bbon\u00bb icon_font_size=\u00bb21px\u00bb admin_label=\u00bbTramites (acordeon desplegables)\u00bb _builder_version=\u00bb4.16&#8243; global_colors_info=\u00bb{}\u00bb][et_pb_accordion_item title=\u00bbOrdenanza reguladora de la tasa por expedici\u00f3n de documentos administrativos\u00bb open=\u00bbon\u00bb _builder_version=\u00bb4.16&#8243; global_colors_info=\u00bb{}\u00bb]Este Ayuntamiento de acuerdo con lo dispuesto en el articulo 106.1 de la Ley 7\/85, de 2 de abril, reguladora de las Bases de R\u00e9gimen Local y de conformidad con lo previsto en los art\u00edculos 58 y 20 de la Ley 39\/88, de 28 de diciembre, reguladora de las Haciendas Locales, establece la tasa por expedici\u00f3n de documentos administrativos, que se regulara por la presente Ordenanza, redactada conforme a lo dispuesto en el articulo 16 de la citada Ley 39\/88.<\/p>\n<p><a class=\"pdf\" href=\"https:\/\/albal.sede.dival.es\/opencms\/export\/sites\/sedeAlbal\/contenidosEstructurados\/documentos\/ordenanzas\/FTA0016C.pdf\" target=\"_blank\" rel=\"noopener noreferrer\">Ordenanza reguladora de la tasa por expedici\u00f3n de documentos administrativos<\/a>[\/et_pb_accordion_item][et_pb_accordion_item title=\u00bbOrdenanza reguladora de la tasa de prestaci\u00f3n del servicio de cementerios municipales\u00bb _builder_version=\u00bb4.16&#8243; global_colors_info=\u00bb{}\u00bb open=\u00bboff\u00bb]<\/p>\n<p><a class=\"pdf\" href=\"https:\/\/albal.es\/content-albal\/uploads\/2021\/06\/bop-aprob-df-ordenanza-cementerios.pdf\" target=\"_blank\" rel=\"noopener noreferrer\">Ordenanza reguladora de la tasa de prestaci\u00f3n del servicio de cementerios municipales<\/a><\/p>\n<p>[\/et_pb_accordion_item][et_pb_accordion_item title=\u00bbTasa por ocupaciones del subsuelo, suelo y vuelo de la v\u00eda p\u00fablica\u00bb _builder_version=\u00bb4.16&#8243; global_colors_info=\u00bb{}\u00bb open=\u00bboff\u00bb]De conformidad con lo previsto en el art\u00edculo 117, en relaci\u00f3n con el art\u00edculo 41.a), todos ellos de la Ley 39\/1988, de 28 de diciembre reguladora de las Haciendas Locales, este Ayuntamiento establece la tasa por utilizaciones privativas o aprovechamientos especiales del subsuelo, suelo o vuelo de la v\u00eda p\u00fablica especificado en las Tarifas contenidas en el apartado 3 del art\u00edculo 4\u00ba siguiente, que se regir\u00e1 por la presente Ordenanza.<\/p>\n<p><a class=\"pdf\" href=\"https:\/\/albal.sede.dival.es\/opencms\/export\/sites\/sedeAlbal\/contenidosEstructurados\/documentos\/ordenanzas\/FTA0009C.pdf\" target=\"_blank\" rel=\"noopener noreferrer\">Tasa por ocupaciones del subsuelo, suelo y vuelo de la v\u00eda p\u00fablica<\/a>[\/et_pb_accordion_item][et_pb_accordion_item title=\u00bbOrdenanza reguladora de la tasa por licencias urbanisticas\u00bb _builder_version=\u00bb4.16&#8243; global_colors_info=\u00bb{}\u00bb open=\u00bboff\u00bb]Este Ayuntamiento establece la \u00abTasa por licencias urban\u00edsticas\u00bb, que se regir\u00e1 por la presente Ordenanza fiscal, cuyas normas atienden a lo prevenido en el art\u00edculo 57 del citado R.D. Leg. 2\/2004.<\/p>\n<p><a class=\"pdf\" href=\"https:\/\/albal.sede.dival.es\/opencms\/export\/sites\/sedeAlbal\/contenidosEstructurados\/documentos\/ordenanzas\/FTA0013C.pdf\" target=\"_blank\" rel=\"noopener noreferrer\">Ordenanza reguladora de la tasa por licencias urbanisticas<\/a>[\/et_pb_accordion_item][et_pb_accordion_item title=\u00bbOrdenanza reguladora de la tasa por ocupaci\u00f3n de terrenos de uso publico con mercancias, materiales de construcci\u00f3n, escombros, vallas, puntales, asnillas, andamios y otras instalaciones analogas\u00bb _builder_version=\u00bb4.16&#8243; global_colors_info=\u00bb{}\u00bb open=\u00bboff\u00bb]Este Ayuntamiento establece la Tasa por ocupaci\u00f3n de terrenos de uso publico con mercanc\u00edas, materiales de construcci\u00f3n, escombros, vallas, puntales, asnillas, andamios y otras instalaciones an\u00e1logas, que se regir\u00e1n por la presente Ordenanza fiscal, cuyas normas atienden a lo prevenido en el art\u00edculo 58 de la citada Ley 39\/88.<\/p>\n<p><a class=\"pdf\" href=\"https:\/\/albal.sede.dival.es\/opencms\/export\/sites\/sedeAlbal\/contenidosEstructurados\/documentos\/ordenanzas\/FTA0003C.pdf\" target=\"_blank\" rel=\"noopener noreferrer\">Ordenanza reguladora de la tasa por ocupaci\u00f3n de terrenos de uso publico con mercancias, materiales de construcci\u00f3n, escombros, vallas, puntales, asnillas, andamios y otras instalaciones analogas<\/a>[\/et_pb_accordion_item][et_pb_accordion_item title=\u00bbOrdenanza regul. De la tasa por la prestacion de servicios admin. En procesos de selec. De personal\u00bb _builder_version=\u00bb4.16&#8243; global_colors_info=\u00bb{}\u00bb open=\u00bboff\u00bb]Este Ayuntamiento, en uso de las facultades concedidas por los art\u00edculos 133.2 y 142 de la Constituci\u00f3n y por el articulo 106 de la Ley 7\/1985, de 2 de abril, Reguladora de las Bases de R\u00e9gimen Local, y de conformidad con lo dispuesto en los art\u00edculos 15 al 19 de la Ley 39\/1988, de 28 de diciembre, reguladora de las Haciendas Locales, establece la \u201cTasa por la prestaci\u00f3n de servicios administrativos en procesos de selecci\u00f3n de personal (derechos de examen)\u201d, que se regir\u00e1 por la presente ordenanza fiscal, cuyas normas atienden a lo previsto en el articulo 58 de la citada Ley 39\/88.<\/p>\n<p><a class=\"pdf\" href=\"https:\/\/albal.sede.dival.es\/opencms\/export\/sites\/sedeAlbal\/contenidosEstructurados\/documentos\/ordenanzas\/FTA0022C.pdf\" target=\"_blank\" rel=\"noopener noreferrer\">Ordenanza regul. De la tasa por la prestacion de servicios admin. En procesos de selec. De personal<\/a>[\/et_pb_accordion_item][et_pb_accordion_item title=\u00bbOrdenanza reguladora de la tasa por la venta en mercados tradiconales, mercadillos y cualquier otro tipo de venta no sedentaria en el municipio de albal\u00bb _builder_version=\u00bb4.16&#8243; global_colors_info=\u00bb{}\u00bb open=\u00bboff\u00bb]Este Ayuntamiento de acuerdo con lo dispuesto por el art\u00edculo 106.1 de la Ley 7\/85, de 2 de abril, reguladora de las Bases de R\u00e9gimen Local y de conformidad con lo previsto en los art\u00edculos 57 y 20 del RD Legislativo 2\/2004 de 5 de marzo por el que se aprueba el texto refundido de la Ley Reguladora de las Haciendas Locales, establece la tasa por la venta en mercados tradicionales, mercadillos y cualquier otro tipo de venta no sedentaria en el municipio de Albal, que se regulara por la presente Ordenanza, redactada conforme a lo dispuesto en el art\u00edculo 16 de la citada Ley Reguladora de las Haciendas Locales.<\/p>\n<p><a class=\"pdf\" href=\"https:\/\/albal.sede.dival.es\/opencms\/export\/sites\/sedeAlbal\/contenidosEstructurados\/documentos\/ordenanzas\/FTA0005C.pdf\" target=\"_blank\" rel=\"noopener noreferrer\">Ordenanza reguladora de la tasa por la venta en mercados tradiconales, mercadillos y cualquier otro tipo de venta no sedentaria en el municipio de albal<\/a>[\/et_pb_accordion_item][et_pb_accordion_item title=\u00bbOrdenanza fiscal reguladora de la tasa por la prestaci\u00f3n del servicio de retirada de veh\u00edculos de la v\u00eda p\u00fablica y subsiguiente custodia de los mismos\u00bb _builder_version=\u00bb4.16&#8243; global_colors_info=\u00bb{}\u00bb open=\u00bboff\u00bb]Este Ayuntamiento establece la Tasa por prestaci\u00f3n del Servicio de Retirada de Veh\u00edculos de la V\u00eda P\u00fablica y subsiguiente custodia de los mismos, que se regir\u00e1 por la presente Ordenanza Fiscal, cuyas normas atienden a lo prevenido en el art\u00edculo 58 de la citada Ley 39\/1.988 y art\u00edculo 292.III.E) del C\u00f3digo de Circulaci\u00f3n.<\/p>\n<p><a class=\"pdf\" href=\"https:\/\/albal.sede.dival.es\/opencms\/export\/sites\/sedeAlbal\/contenidosEstructurados\/documentos\/ordenanzas\/FTA0010C.pdf\" target=\"_blank\" rel=\"noopener noreferrer\"><span class=\"Estilo9\">Ordenanza fiscal reguladora de la tasa por la prestaci\u00f3n del servicio de retirada de veh\u00edculos de la v\u00eda p\u00fablica y subsiguiente custodia de los mismos<\/span>\u00a0<\/a>[\/et_pb_accordion_item][et_pb_accordion_item title=\u00bbOrdenanza reguladora de la tasa por la captura y dep\u00f3sito de perros abandonados\u00bb _builder_version=\u00bb4.16&#8243; global_colors_info=\u00bb{}\u00bb open=\u00bboff\u00bb]Este Ayuntamiento de acuerdo con lo dispuesto por el art\u00edculo 106.1 de la Ley 7\/85, de 2 de abril, reguladora de las Bases de R\u00e9gimen Local y de conformidad con lo previsto en los art\u00edculos 58 y 20 de la Ley 39\/88, de 28 de diciembre, Reguladora de las Haciendas Locales y el articulo 17 de la Ley 4\/1994 de 8 de julio de la Generalitat Valenciana establece la tasa por captura y deposito de perros abandonados, que se regulara por la presente Ordenanza, redactada conforme a lo dispuesto en el art\u00edculo 16 de la citada Ley 39\/88.<\/p>\n<p><a class=\"pdf\" href=\"https:\/\/albal.sede.dival.es\/opencms\/export\/sites\/sedeAlbal\/contenidosEstructurados\/documentos\/ordenanzas\/FTA0020C.pdf\" target=\"_blank\" rel=\"noopener noreferrer\">Ordenanza reguladora de la tasa por la captura y dep\u00f3sito de perros abandonados<\/a>[\/et_pb_accordion_item][et_pb_accordion_item title=\u00bbOrdenanza reguladora del precio publico por el servicio de inserciones publicitarias en medios de comunicaci\u00f3n municipales\u00bb _builder_version=\u00bb4.16&#8243; global_colors_info=\u00bb{}\u00bb open=\u00bboff\u00bb]De conformidad con lo previsto en el art\u00edculo 17 en relaci\u00f3n con el art\u00edculo 41 y siguientes del Real Decreto Legislativo 2\/2004, de 5 de marzo, por el que se aprueba el texto refundido de la Ley Reguladora de las Haciendas Locales, este Ayuntamiento establece el Precio P\u00fablico por la prestaci\u00f3n del servicio de publicidad en medios de comunicaci\u00f3n municipales, que se regir\u00e1 por la siguiente Ordenanza.<\/p>\n<p><a class=\"pdf\" href=\"https:\/\/albal.sede.dival.es\/opencms\/export\/sites\/sedeAlbal\/contenidosEstructurados\/documentos\/ordenanzas\/FPP0001C.pdf\" target=\"_blank\" rel=\"noopener noreferrer\">Ordenanza reguladora del precio publico por el servicio de inserciones publicitarias en medios de comunicaci\u00f3n municipales<\/a>[\/et_pb_accordion_item][et_pb_accordion_item title=\u00bbOrdenanza general reguladora de los precios publicos por la prestacion de servicios o realizaci\u00f3n de actividades de interes cultural o social\u00bb _builder_version=\u00bb4.16&#8243; global_colors_info=\u00bb{}\u00bb open=\u00bboff\u00bb]La presente ordenanza tiene por objeto regular con car\u00e1cter general el establecimiento, fijaci\u00f3n, modificaci\u00f3n, administraci\u00f3n y cobro de los precios p\u00fablicos de esta Entidad Local por la prestaci\u00f3n de servicios o la realizaci\u00f3n de actividades de inter\u00e9s cultural, deportivo o social, que no est\u00e9n regulados por una ordenanza especifica.<\/p>\n<p><a class=\"pdf\" href=\"https:\/\/albal.sede.dival.es\/opencms\/export\/sites\/sedeAlbal\/contenidosEstructurados\/documentos\/ordenanzas\/FPP0002C.pdf\" target=\"_blank\" rel=\"noopener noreferrer\">Ordenanza general reguladora de los precios publicos por la prestacion de servicios o realizaci\u00f3n de actividades de interes cultural o social<\/a>[\/et_pb_accordion_item][et_pb_accordion_item title=\u00bbOrdenanza reguladora de la tasa por la utilizaci\u00f3n de la piscina e instalaciones deportivas\u00bb _builder_version=\u00bb4.16&#8243; global_colors_info=\u00bb{}\u00bb open=\u00bboff\u00bb]Este Ayuntamiento establece la tasa por utilizaci\u00f3n de la piscina e instalaciones deportivas municipales, que se regulara por la presente Ordenanza, redactada conforme a lo dispuesto en el art\u00edculo 16 del citado texto legal.<\/p>\n<p><a class=\"pdf\" href=\"https:\/\/albal.sede.dival.es\/opencms\/export\/sites\/sedeAlbal\/contenidosEstructurados\/documentos\/ordenanzas\/FTA0007C.pdf\" target=\"_blank\" rel=\"noopener noreferrer\">Ordenanza reguladora de la tasa por la utilizaci\u00f3n de la piscina e instalaciones deportivas<\/a>[\/et_pb_accordion_item][et_pb_accordion_item title=\u00bbOrdenanza reguladora de la tasa por expedici\u00f3n de licencia de apertura de establecimientos\u00bb _builder_version=\u00bb4.16&#8243; global_colors_info=\u00bb{}\u00bb open=\u00bboff\u00bb]Constituye hecho imponible de la tasa de actividad municipal, tanto t\u00e9cnica como administrativa, tendente a verificar si los establecimientos industriales y mercantiles re\u00fanen las condiciones de tranquilidad, sanidad y salubridad y cualesquiera otras exigidas por las correspondientes ordenanzas y reglamentos municipales o generales para su normal funcionamiento, como presupuesto necesario y previo referido a la autorizaci\u00f3n ambiental integrada, la licencia ambiental y la comunicaci\u00f3n ambiental, conforme a la Ley 2\/2006, de 5 de mayo, de la Generalitat Valenciana , de prevenci\u00f3n y calidad ambiental, o en materia de espect\u00e1culos, establecimientos p\u00fablicos y actividades recreativas, conforme a la Ley 4\/2003, de 26 de febrero, de la Generalitat Valenciana, en relaci\u00f3n con el articulo 22 del Reglamento de Servicios de las Corporaciones Locales<\/p>\n<p><a class=\"pdf\" href=\"https:\/\/albal.sede.dival.es\/opencms\/export\/sites\/sedeAlbal\/contenidosEstructurados\/documentos\/ordenanzas\/FTA0011C.pdf\" target=\"_blank\" rel=\"noopener noreferrer\">Ordenanza reguladora de la tasa por expedici\u00f3n de licencia de apertura de establecimientos<\/a>[\/et_pb_accordion_item][et_pb_accordion_item title=\u00bbOrdenanza reguladora de la tasa por entradas de vehiculos a trav\u00e9s de las aceras y reservas de v\u00eda p\u00fablica para aparcamiento exclusivo, parada de vehiculos, carga y descarga de mercancias de cualquier clase\u00bb _builder_version=\u00bb4.16&#8243; global_colors_info=\u00bb{}\u00bb open=\u00bboff\u00bb]En uso de las facultades concedidas por los art\u00edculos 133.2 y 142 de la Constituci\u00f3n y por el articulo 106 de la Ley 7\/1985, de 2 de abril, Reguladora de las Bases de R\u00e9gimen Local, y de conformidad con lo dispuesto en los art\u00edculos 15 a 27 del Real Decreto Legislativo 2\/2004, de 5 de marzo, por el que se aprueba el texto refundido de la Ley Reguladora de las Haciendas Locales, el Ayuntamiento de Albal establece la tasa por entradas de veh\u00edculos a trav\u00e9s de las aceras y reservas de v\u00eda publica para aparcamiento exclusivo, parada de veh\u00edculos, carga y descarga de mercanc\u00edas de cualquier clase, que se regir\u00e1 por la presente ordenanza fiscal.<\/p>\n<p><a class=\"pdf\" href=\"https:\/\/albal.sede.dival.es\/opencms\/export\/sites\/sedeAlbal\/contenidosEstructurados\/documentos\/ordenanzas\/FTA0001C.pdf\" target=\"_blank\" rel=\"noopener noreferrer\">Ordenanza reguladora de la tasa por entradas de vehiculos a trav\u00e9s de las aceras y reservas de v\u00eda p\u00fablica para aparcamiento exclusivo, parada de vehiculos, carga y descarga de mercancias de cualquier clase<\/a>[\/et_pb_accordion_item][et_pb_accordion_item title=\u00bbOrdenanza reguladora de la tasa por la utilizaci\u00f3n privativa o el aprovechamiento especial del dominio publico local relativo a ocupaci\u00f3n de terrenos de uso publico por mesas y sillas con finalidad lucrativa. \u00bb _builder_version=\u00bb4.16&#8243; global_colors_info=\u00bb{}\u00bb open=\u00bboff\u00bb]<\/p>\n<p>Este Ayuntamiento de acuerdo con lo dispuesto por el art\u00edculo 106.1 de la Ley 7\/85, de 2 de abril, reguladora de las Bases de R\u00e9gimen Local y de conformidad con lo previsto en los art\u00edculos 57 y 20 del Real Decreto 2\/2004 de 5 de marzo por el que se aprueba el Texto Refundido de la Ley Reguladora de las Haciendas Locales, establece la tasa por la utilizaci\u00f3n privativa o el aprovechamiento especial del dominio publico local relativo a ocupaci\u00f3n de terrenos de uso p\u00fablico por mesas y sillas con finalidad lucrativa, que se regulara por la presente Ordenanza, redactada conforme a lo dispuesto en el art\u00edculo 16 y siguientes del Real Decreto 2\/2004 de 5 de marzo por el que se aprueba el Texto Refundido de la Ley Reguladora de las Haciendas Locales<\/p>\n<p><a class=\"pdf\" href=\"https:\/\/albal.sede.dival.es\/opencms\/export\/sites\/sedeAlbal\/contenidosEstructurados\/documentos\/ordenanzas\/FTA0002C.pdf\" target=\"_blank\" rel=\"noopener noreferrer\">Ordenanza reguladora de la tasa por la utilizaci\u00f3n privativa o el aprovechamiento especial del dominio publico local relativo a ocupaci\u00f3n de terrenos de uso publico por mesas y sillas con finalidad lucrativa.<\/a><\/p>\n<p>[\/et_pb_accordion_item][et_pb_accordion_item title=\u00bbOrdenanza fiscal reguladora de la tasa de alcantarillado\u00bb _builder_version=\u00bb4.16&#8243; global_colors_info=\u00bb{}\u00bb open=\u00bboff\u00bb]<\/p>\n<p>Este Ayuntamiento, en uso de las facultades concedidas por los art\u00edculos 133.2 y 142 de la Constituci\u00f3n y por el art\u00edculo 106 de la Ley 7\/1985 de 2 de Abril, Reguladora de las Bases de R\u00e9gimen Local, y de conformidad con lo dispuesto en los art\u00edculos 15 y siguientes del real Decreto Legisaltivo2\/2004, de 5 de marzo, por el que se aprueba el texto refundido de la Ley Reguladora de las Haciendas Locales, este Ayuntamiento establece la tasa de alcantarillado, que se regir\u00e1 por la presente ordenanza fiscal.<\/p>\n<p><a class=\"pdf\" href=\"https:\/\/albal.es\/content-albal\/uploads\/2021\/07\/Ordenanza-alcantarillado.pdf\" target=\"_blank\" rel=\"noopener noreferrer\">Ordenanza fiscal reguladora de la tasa de alcantarillado<\/a><\/p>\n<p>[\/et_pb_accordion_item][et_pb_accordion_item title=\u00bbOrdenanza fiscal reguladora de la tasa por la prestaci\u00f3n del servicio de comprobaci\u00f3n de ruidos molestos procedentes de vehiculos\u00bb _builder_version=\u00bb4.16&#8243; global_colors_info=\u00bb{}\u00bb open=\u00bboff\u00bb]En uso de las facultades concedidas y de conformidad con lo dispuesto en los Arts. 15 a 19 de la Ley 39\/1988, de 28 de Diciembre, reguladora de las Haciendas Locales, este Ayuntamiento establece la Tasa por la prestaci\u00f3n del servicio de comprobaci\u00f3n de ruidos molestos procedentes de veh\u00edculos, que se regir\u00e1 por la presente Ordenanza Fiscal, cuyas normas atienden a lo prevenido en el Art. 58 de la citada Ley.<\/p>\n<p><a class=\"pdf\" href=\"https:\/\/albal.sede.dival.es\/opencms\/export\/sites\/sedeAlbal\/contenidosEstructurados\/documentos\/ordenanzas\/FTA0019C.pdf\" target=\"_blank\" rel=\"noopener noreferrer\">Ordenanza fiscal reguladora de la tasa por la prestaci\u00f3n del servicio de comprobaci\u00f3n de ruidos molestos procedentes de vehiculos<\/a>[\/et_pb_accordion_item][et_pb_accordion_item title=\u00bbOrdenanza fiscal reguladora de la tasa por prestaci\u00f3n del servicio de suministro domiciliario de agua potable y conservaci\u00f3n de contadores\u00bb _builder_version=\u00bb4.16&#8243; global_colors_info=\u00bb{}\u00bb open=\u00bboff\u00bb]<\/p>\n<p>Este Ayuntamiento, en uso de las facultades concedidas por los art\u00edculos 133.2 y 142 de la Constituci\u00f3n y por el art\u00edculo 106 de la Ley 7\/1985 de 2 de Abril, Reguladora de las Bases de R\u00e9gimen Local, y de conformidad con lo dispuesto en los art\u00edculos 15 y siguientes del real Decreto Legisaltivo2\/2004, de 5 de marzo, por el que se aprueba el texto refundido de la Ley Reguladora de las Haciendas Locales, este Ayuntamiento establece la tasa por suministro de agua potable a domicilio, que se regir\u00e1 por la presente ordenanza fiscal.<\/p>\n<p><a class=\"pdf\" href=\"https:\/\/albal.es\/content-albal\/uploads\/2021\/07\/ordenanza-castellano.pdf\">Ordenanza fiscal reguladora de la tasa por prestaci\u00f3n del servicio de suministro domiciliario de agua potable y conservaci\u00f3n de contadores<\/a><\/p>\n<p>[\/et_pb_accordion_item][et_pb_accordion_item title=\u00bbOrdenanza reguladora de la tasa por recogida de basuras\u00bb _builder_version=\u00bb4.16&#8243; global_colors_info=\u00bb{}\u00bb open=\u00bboff\u00bb]En uso de las facultades concedidas por lo art\u00edculos 133.2 y 142 de la Constituci\u00f3n y por el articulo 106 de la Ley 7\/1985, de 2 de abril, Reguladora de las Bases de R\u00e9gimen Local, y de conformidad con lo dispuesto en los articulo 15 a 27 del Real Decreto Legislativo 2\/2004, de 5 de marzo, por el que se aprueba el texto refundido de la Ley Reguladora de las Haciendas Locales, el Ayuntamiento de Albal establece la tasa por recogida de basura, que se regir\u00e1 por la presente ordenanza fiscal.<\/p>\n<p><a class=\"pdf\" href=\"https:\/\/albal.sede.dival.es\/opencms\/export\/sites\/sedeAlbal\/contenidosEstructurados\/documentos\/ordenanzas\/FTA0008C.pdf\" target=\"_blank\" rel=\"noopener noreferrer\">Ordenanza reguladora de la tasa por recogida de basuras<\/a>[\/et_pb_accordion_item][et_pb_accordion_item title=\u00bbOrdenanza reguladora de la tasa por estancia y asistencia en residencia de la tercera edad \u201cAntonio y Julio Mu\u00f1oz Genoves\u201d  24\/09\/2013&#8243; _builder_version=\u00bb4.16&#8243; global_colors_info=\u00bb{}\u00bb open=\u00bboff\u00bb]En uso de las facultades concedidas por los art\u00edculos 133.2 y 142 de la Constituci\u00f3n y por el art\u00edculo 106 de la Ley 7\/1985, de 2 de abril, Reguladora de las Bases de R\u00e9gimen Local, y de conformidad con lo establecido en los art\u00edculos 15 a 19 y 20.4 \u00f1) del Real Decreto Legislativo 2\/2004, de 5 de marzo, por el que se aprueba el Texto Refundido de la Ley Reguladora de las Haciendas Locales, se establece la tasa por estancia y asistencia en la residencia de la tercera edad \u201cAntonio y Julio Mu\u00f1oz Genov\u00e9s\u201d, que se regir\u00e1 por la presente ordenanza.<\/p>\n<p><a class=\"pdf\" href=\"https:\/\/albal.sede.dival.es\/opencms\/export\/sites\/sedeAlbal\/contenidosEstructurados\/documentos\/ordenanzas\/FTA0026C.pdf\" target=\"_blank\" rel=\"noopener noreferrer\"><span class=\"Estilo9\">Ordenanza reguladora de la tasa por estancia y asistencia en residencia de la tercera edad \u201cAntonio y Julio Mu\u00f1oz Genoves\u201d 24\/09\/2013<\/span><\/a>[\/et_pb_accordion_item][\/et_pb_accordion][\/et_pb_column][et_pb_column type=\u00bb2_5&#8243; module_class=\u00bbcontent-impresos\u00bb _builder_version=\u00bb4.16&#8243; global_colors_info=\u00bb{}\u00bb][et_pb_text admin_label=\u00bbSolicitar domiciliacion bancaria recibo\u00bb module_class=\u00bbcaja-solicitud-lat\u00bb _builder_version=\u00bb4.16&#8243; _module_preset=\u00bbdefault\u00bb background_color=\u00bb#dcb747&#8243; custom_padding=\u00bb25px|30px|25px|30px|true|true\u00bb border_radii=\u00bbon|10px|10px|10px|10px\u00bb border_width_all=\u00bb3px\u00bb locked=\u00bbon\u00bb global_colors_info=\u00bb{}\u00bb]<\/p>\n<h3>Solicitar domiciliaci\u00f3n bancaria de recibo<\/h3>\n<div>\n<p>Rellene todos los campos del formulario y realizaremos la domiciliaci\u00f3n del recibo indicado.<\/p>\n<p><a href=\"https:\/\/albal.es\/es\/areas-y-servicios-2\/servicios-economicos\/gestion-tributaria\/domiciliacion-bancaria-de-recibos\/\">Solicitar<\/a><\/p>\n<\/div>\n<div><\/div>\n<p>[\/et_pb_text][et_pb_text admin_label=\u00bbTitulo \u00abImpresos i enlla\u00e7os a Seu electr\u00f2nica\u00bb\u00bb _builder_version=\u00bb4.16&#8243; _module_preset=\u00bbdefault\u00bb locked=\u00bbon\u00bb global_colors_info=\u00bb{}\u00bb]<\/p>\n<h2>Impresos y enlaces a Sede electr\u00f3nica<\/h2>\n<p>[\/et_pb_text][et_pb_cpt_loop_archive loop_layout=\u00bb6282&#8243; show_pagination=\u00bboff\u00bb new_query=\u00bbon\u00bb post_type=\u00bbimpreso_tramit\u00bb posts_number=\u00bb999&#8243; include_meta=\u00bbpagina_de_destinacio\u00bb include_meta_terms=\u00bb2175&#8243; hide_if_no_data=\u00bbon\u00bb order=\u00bbasc\u00bb admin_label=\u00bbImpresos i enlla\u00e7os a Seu Electronica\u00bb module_class=\u00bbcontent-impresos-dinamic\u00bb _builder_version=\u00bb4.16&#8243; headings_font_size=\u00bb36px\u00bb background_color=\u00bb#ffffff\u00bb border_radii=\u00bbon|8px|8px|8px|8px\u00bb border_width_all=\u00bb1px\u00bb border_color_all=\u00bb#cccccc\u00bb locked=\u00bbon\u00bb global_colors_info=\u00bb{}\u00bb][\/et_pb_cpt_loop_archive][et_pb_code module_class=\u00bbcontent-mostrar-impresos\u00bb _builder_version=\u00bb4.16&#8243; _module_preset=\u00bbdefault\u00bb locked=\u00bbon\u00bb global_colors_info=\u00bb{}\u00bb]<style>.et_pb_cpt_loop_archive.content-impresos-dinamic:before { content:\"Impresos y enlaces a Sede electr\u00f3nica\";}\t<\/style>[\/et_pb_code][\/et_pb_column][\/et_pb_row][et_pb_row disabled_on=\u00bboff|on|on\u00bb admin_label=\u00bbCarga solo en MOVIL\u00bb _builder_version=\u00bb4.16&#8243; custom_padding=\u00bb0px||||false|false\u00bb locked=\u00bboff\u00bb global_colors_info=\u00bb{}\u00bb][et_pb_column type=\u00bb4_4&#8243; _builder_version=\u00bb4.16&#8243; global_colors_info=\u00bb{}\u00bb][et_pb_text disabled_on=\u00bboff|off|off\u00bb admin_label=\u00bbAmic\u00bb module_class=\u00bbamic-cita\u00bb _builder_version=\u00bb4.16&#8243; header_4_font=\u00bb||||||||\u00bb header_4_text_color=\u00bb#c40038&#8243; custom_margin=\u00bb||0px||false|false\u00bb custom_padding=\u00bb||15px||false|false\u00bb saved_tabs=\u00bball\u00bb locked=\u00bbon\u00bb global_colors_info=\u00bb{}\u00bb]<\/p>\n<h3><img decoding=\"async\" class=\"wp-image-464 alignnone size-full lazyload\" data-src=\"https:\/\/albal.es\/content-albal\/uploads\/2019\/12\/logo-amic-2.png\" alt=\"\" width=\"135\" height=\"46\" src=\"data:image\/svg+xml;base64,PHN2ZyB3aWR0aD0iMSIgaGVpZ2h0PSIxIiB4bWxucz0iaHR0cDovL3d3dy53My5vcmcvMjAwMC9zdmciPjwvc3ZnPg==\" style=\"--smush-placeholder-width: 135px; --smush-placeholder-aspect-ratio: 135\/46;\" \/><\/h3>\n<h3>Atenci\u00f3n Municipal de Informaci\u00f3n Ciudadana<\/h3>\n<h4>REGISTROS Y SOLICITUDES<\/h4>\n<p>Plaza del Jard\u00edn, 7. Ayto. de Albal &#8211;\u00a0<strong>Planta baja<\/strong><br \/>\nTel:\u00a0<strong>96 126 00 56<\/strong>\u00a0\u00b7 Fax: 96 127 08 61<\/p>\n<p><a class=\"bot-cita-previa\" href=\"https:\/\/citaprevia.albal.es:10090\/\" target=\"_blank\" rel=\"noopener noreferrer\">Cita previa<\/a><br \/>\n<a class=\"bot-seu-electronica\" href=\"https:\/\/albal.sede.dival.es\/\" target=\"_blank\" rel=\"noopener noreferrer\">Sede electr\u00f3nica<\/a>[\/et_pb_text][\/et_pb_column][\/et_pb_row][\/et_pb_section][et_pb_section fb_built=\u00bb1&#8243; admin_label=\u00bb(ancla) #informacion\u00bb module_id=\u00bbinformacion\u00bb _builder_version=\u00bb4.16&#8243; background_color=\u00bb#e2e1de\u00bb custom_padding=\u00bb50px||||false|false\u00bb border_width_top=\u00bb1px\u00bb border_color_top=\u00bb#cccccc\u00bb collapsed=\u00bboff\u00bb global_colors_info=\u00bb{}\u00bb][et_pb_row _builder_version=\u00bb4.16&#8243; background_color=\u00bbrgba(0,0,0,0)\u00bb custom_padding=\u00bb0px||||false|false\u00bb global_colors_info=\u00bb{}\u00bb][et_pb_column type=\u00bb4_4&#8243; _builder_version=\u00bb4.16&#8243; global_colors_info=\u00bb{}\u00bb][et_pb_text admin_label=\u00bbTitulo Informaci\u00f3\u00bb module_class=\u00bbtit-seccion\u00bb _builder_version=\u00bb4.16&#8243; locked=\u00bboff\u00bb global_colors_info=\u00bb{}\u00bb]<\/p>\n<h2><img decoding=\"async\" class=\"size-medium alignleft lazyload\" data-src=\"https:\/\/albal.es\/img\/iconos\/informacion-mostrador-45x45.svg\" alt=\"\" width=\"45\" height=\"45\" src=\"data:image\/svg+xml;base64,PHN2ZyB3aWR0aD0iMSIgaGVpZ2h0PSIxIiB4bWxucz0iaHR0cDovL3d3dy53My5vcmcvMjAwMC9zdmciPjwvc3ZnPg==\" style=\"--smush-placeholder-width: 45px; --smush-placeholder-aspect-ratio: 45\/45;\" \/>M\u00e1s Informaci\u00f3n<\/h2>\n<p>[\/et_pb_text][\/et_pb_column][\/et_pb_row][et_pb_row column_structure=\u00bb1_2,1_2&#8243; make_equal=\u00bbon\u00bb admin_label=\u00bbSolo un modulo por fila\u00bb _builder_version=\u00bb4.16&#8243; custom_padding=\u00bb0px||||false|false\u00bb global_colors_info=\u00bb{}\u00bb][et_pb_column type=\u00bb1_2&#8243; _builder_version=\u00bb4.16&#8243; border_width_bottom=\u00bb1px\u00bb border_color_bottom=\u00bb#cccccc\u00bb global_colors_info=\u00bb{}\u00bb][et_pb_text admin_label=\u00bbPas permanent i c\u00e0rrega i desc\u00e0rrega\u00bb _builder_version=\u00bb4.16&#8243; custom_padding=\u00bb||25px||false|false\u00bb global_colors_info=\u00bb{}\u00bb]<\/p>\n<h3>Vados permanentes y Carga y Descarga<\/h3>\n<p>&#8211; La Tasa regula la entrada de veh\u00edculos a trav\u00e9s de las aceras y reservas de v\u00eda p\u00fablica para aparcamiento exclusivo, parada de veh\u00edculos, carga y descarga de mercanc\u00edas de cualquier clase. Las tarifas son:<\/p>\n<p>A)Entrada de veh\u00edculos a trav\u00e9s de las aceras:<\/p>\n<p><img decoding=\"async\" class=\"wp-image-2197 alignleft size-full lazyload\" data-src=\"https:\/\/albal.es\/content-albal\/uploads\/2020\/03\/tablaVADOS_c.jpg\" alt=\"\" width=\"296\" height=\"164\" src=\"data:image\/svg+xml;base64,PHN2ZyB3aWR0aD0iMSIgaGVpZ2h0PSIxIiB4bWxucz0iaHR0cDovL3d3dy53My5vcmcvMjAwMC9zdmciPjwvc3ZnPg==\" style=\"--smush-placeholder-width: 296px; --smush-placeholder-aspect-ratio: 296\/164;\" \/>1.- En aparcamientos, garajes, locales, de usos particulares o pertenecientes a comunidades de propietarios por metro lineal y a\u00f1o.<\/p>\n<p>* Adem\u00e1s de la tarifa fija establecida, por cada vehiculo que exceda de 100 se devengara por unidad y a\u00f1o 5,25 \u20ac<\/p>\n<p>2.- En garajes o locales destinados a talleres mec\u00e1nicos y de naturaleza an\u00e1loga por metro lineal y a\u00f1o 160,65 \u20ac.<\/p>\n<p>3.- En aparcamientos, garajes, locales, comerciales de uso publico por metro lineal y a\u00f1o[\/et_pb_text][\/et_pb_column][et_pb_column type=\u00bb1_2&#8243; _builder_version=\u00bb4.16&#8243; border_width_bottom=\u00bb1px\u00bb border_color_bottom=\u00bb#cccccc\u00bb global_colors_info=\u00bb{}\u00bb][et_pb_text admin_label=\u00bbPas permanent i c\u00e0rrega i desc\u00e0rrega 2&#8243; _builder_version=\u00bb4.16&#8243; custom_padding=\u00bb||25px||false|false\u00bb global_colors_info=\u00bb{}\u00bb]<\/p>\n<p><img decoding=\"async\" class=\"wp-image-2199 alignleft size-full lazyload\" data-src=\"https:\/\/albal.es\/content-albal\/uploads\/2020\/03\/tablaVADOS2_c.jpg\" alt=\"\" width=\"296\" height=\"58\" src=\"data:image\/svg+xml;base64,PHN2ZyB3aWR0aD0iMSIgaGVpZ2h0PSIxIiB4bWxucz0iaHR0cDovL3d3dy53My5vcmcvMjAwMC9zdmciPjwvc3ZnPg==\" style=\"--smush-placeholder-width: 296px; --smush-placeholder-aspect-ratio: 296\/58;\" \/>B)Reserva de la v\u00eda publica.<\/p>\n<p>1.- Para estacionamiento de veh\u00edculos de servicios p\u00fablicos, por cada metro lineal y a\u00f1o 33,31 \u20ac.<\/p>\n<p>2.- Para carga y descarga de mercanc\u00edas, con horario limitado por metro lineal y a\u00f1o 33,31 \u20ac.<\/p>\n<p>C)Placa de vado<\/p>\n<p>Una vez otorgado el aprovechamiento especial de que se trata, el interesado deber\u00e1 abonar 25 \u20ac, en concepto del coste de la placa de vado, su colocaci\u00f3n en la fachada del inmueble por la brigada municipal, y la se\u00f1alizaci\u00f3n del aprovechamiento, tambi\u00e9n por esta con franja continua de color amarillo sobre el encintado de la acera.<\/p>\n<p style=\"text-align: center;\"><strong>PERIODO DE COBRO A\u00d1O 2022<\/strong><\/p>\n<p style=\"text-align: left;\">El periodo de cobro voluntario comprende desde el d\u00eda 1 de febrero del 2022 hasta el d\u00eda 31 de marzo de 2022.<\/p>\n<p>El cargo de recibos domiciliados se realizar\u00e1 el d\u00eda 7 de febrero de 2022.<\/p>\n<p>&nbsp;<\/p>\n<p>&nbsp;<\/p>\n<p>[\/et_pb_text][\/et_pb_column][\/et_pb_row][\/et_pb_section][et_pb_section fb_built=\u00bb1&#8243; disabled_on=\u00bbon|on|on\u00bb admin_label=\u00bb(ancla) #faq\u00bb module_id=\u00bbfaq\u00bb _builder_version=\u00bb4.16&#8243; background_color=\u00bb#dcb747&#8243; custom_padding=\u00bb50px||||false|false\u00bb disabled=\u00bbon\u00bb locked=\u00bboff\u00bb collapsed=\u00bboff\u00bb global_colors_info=\u00bb{}\u00bb][et_pb_row _builder_version=\u00bb4.16&#8243; background_color=\u00bbrgba(0,0,0,0)\u00bb custom_padding=\u00bb0px||||false|false\u00bb locked=\u00bbon\u00bb global_colors_info=\u00bb{}\u00bb][et_pb_column type=\u00bb4_4&#8243; _builder_version=\u00bb4.16&#8243; global_colors_info=\u00bb{}\u00bb][et_pb_text admin_label=\u00bbTitulo Preguntes m\u00e9s freq\u00fcents\u00bb module_class=\u00bbtit-seccion\u00bb _builder_version=\u00bb4.16&#8243; header_2_text_color=\u00bb#ffffff\u00bb global_colors_info=\u00bb{}\u00bb]<\/p>\n<h2><img decoding=\"async\" class=\"size-medium alignleft lazyload\" data-src=\"https:\/\/albal.es\/img\/iconos\/preguntas-persona-45x45.svg\" alt=\"\" width=\"45\" height=\"45\" src=\"data:image\/svg+xml;base64,PHN2ZyB3aWR0aD0iMSIgaGVpZ2h0PSIxIiB4bWxucz0iaHR0cDovL3d3dy53My5vcmcvMjAwMC9zdmciPjwvc3ZnPg==\" style=\"--smush-placeholder-width: 45px; --smush-placeholder-aspect-ratio: 45\/45;\" \/>Preguntes m\u00e1s frecuentes<\/h2>\n<p>[\/et_pb_text][\/et_pb_column][\/et_pb_row][et_pb_row column_structure=\u00bb1_2,1_2&#8243; make_equal=\u00bbon\u00bb admin_label=\u00bbSolo un modulo por fila\u00bb _builder_version=\u00bb4.16&#8243; custom_padding=\u00bb0px||||false|false\u00bb global_colors_info=\u00bb{}\u00bb][et_pb_column type=\u00bb1_2&#8243; _builder_version=\u00bb4.16&#8243; border_width_bottom=\u00bb1px\u00bb border_color_bottom=\u00bb#b09239&#8243; global_colors_info=\u00bb{}\u00bb][et_pb_text admin_label=\u00bbPregunta\u00bb _builder_version=\u00bb4.16&#8243; custom_padding=\u00bb||25px||false|false\u00bb global_colors_info=\u00bb{}\u00bb]<\/p>\n<h3>Pregunta<\/h3>\n<p>Respuesta[\/et_pb_text][\/et_pb_column][et_pb_column type=\u00bb1_2&#8243; _builder_version=\u00bb4.16&#8243; border_width_bottom=\u00bb1px\u00bb border_color_bottom=\u00bb#b09239&#8243; global_colors_info=\u00bb{}\u00bb][et_pb_text admin_label=\u00bbPregunta\u00bb _builder_version=\u00bb4.16&#8243; custom_padding=\u00bb||25px||false|false\u00bb global_colors_info=\u00bb{}\u00bb]<\/p>\n<h3>Pregunta<\/h3>\n<p>Respuesta[\/et_pb_text][\/et_pb_column][\/et_pb_row][\/et_pb_section]<\/p>\n","protected":false},"excerpt":{"rendered":"<p>\u00c1reas y servicios | SERVICIOS ECON\u00d3MICOS | Gesti\u00f3n Tributaria Tasas y OtrosInformaci\u00f3n de Inter\u00e9sCorreo electr\u00f3nico de Gesti\u00f3n Tributaria:\u00a0tributaria@albal.esConsultas y dudas: Atenci\u00f3n Municipal de Informaci\u00f3n Ciudadana REGISTROS Y SOLICITUDES Plaza del Jard\u00edn, 7. Ayto. de Albal &#8211;\u00a0Planta baja Tel:\u00a096 126 00 56\u00a0\u00b7 Fax: 96 127 08 61 Cita previa Sede electr\u00f3nicaAvisos, convocatorias y tr\u00e1mites activos<style>.et_pb_cpt_loop_archive.tramites-activos-pag:before { content:\"Avisos, convocatorias y tr\u00e1mites activos\";}<\/style>Informaci\u00f3n, tr\u00e1mites e impresosEste Ayuntamiento de acuerdo con lo dispuesto en el articulo 106.1 de la Ley 7\/85, de 2 de abril, reguladora de las Bases de R\u00e9gimen Local y de conformidad con lo previsto en los art\u00edculos 58 y 20 de la Ley 39\/88, de 28 de diciembre, reguladora de las Haciendas Locales, establece la tasa por expedici\u00f3n de documentos administrativos, que se regulara por la presente Ordenanza, redactada conforme a lo dispuesto en el articulo 16 de la citada Ley 39\/88. Ordenanza reguladora de la tasa por expedici\u00f3n de documentos administrativosOrdenanza reguladora de la tasa de prestaci\u00f3n del servicio de cementerios municipalesDe conformidad con lo previsto en el art\u00edculo 117, en relaci\u00f3n con el art\u00edculo 41.a), todos ellos de la Ley 39\/1988, de 28 de diciembre reguladora de las Haciendas Locales, este Ayuntamiento establece la tasa por utilizaciones privativas o aprovechamientos especiales del subsuelo, suelo [&hellip;]<\/p>\n","protected":false},"author":21,"featured_media":0,"parent":600,"menu_order":6,"comment_status":"closed","ping_status":"closed","template":"","meta":{"_acf_changed":false,"_et_pb_use_builder":"on","_et_pb_old_content":"","_et_gb_content_width":"","footnotes":""},"coauthors":[75],"class_list":["post-3386","page","type-page","status-publish","hentry"],"acf":[],"yoast_head":"<!-- This site is optimized with the Yoast SEO plugin v27.4 - https:\/\/yoast.com\/product\/yoast-seo-wordpress\/ -->\n<title>Tasas y Otros - Ajuntament d&#039;Albal<\/title>\n<meta name=\"robots\" content=\"index, follow, max-snippet:-1, max-image-preview:large, max-video-preview:-1\" \/>\n<link rel=\"canonical\" href=\"https:\/\/albal.es\/es\/areas-y-servicios-2\/servicios-economicos\/gestion-tributaria\/tasas-y-otros\/\" \/>\n<meta property=\"og:locale\" content=\"es_ES\" \/>\n<meta property=\"og:type\" content=\"article\" \/>\n<meta property=\"og:title\" content=\"Tasas y Otros - Ajuntament d&#039;Albal\" \/>\n<meta property=\"og:description\" content=\"\u00c1reas y servicios | SERVICIOS ECON\u00d3MICOS | Gesti\u00f3n Tributaria Tasas y OtrosInformaci\u00f3n de Inter\u00e9sCorreo electr\u00f3nico de Gesti\u00f3n Tributaria:\u00a0tributaria@albal.esConsultas y dudas: Atenci\u00f3n Municipal de Informaci\u00f3n Ciudadana REGISTROS Y SOLICITUDES Plaza del Jard\u00edn, 7. Ayto. de Albal -\u00a0Planta baja Tel:\u00a096 126 00 56\u00a0\u00b7 Fax: 96 127 08 61 Cita previa Sede electr\u00f3nicaAvisos, convocatorias y tr\u00e1mites activosInformaci\u00f3n, tr\u00e1mites e impresosEste Ayuntamiento de acuerdo con lo dispuesto en el articulo 106.1 de la Ley 7\/85, de 2 de abril, reguladora de las Bases de R\u00e9gimen Local y de conformidad con lo previsto en los art\u00edculos 58 y 20 de la Ley 39\/88, de 28 de diciembre, reguladora de las Haciendas Locales, establece la tasa por expedici\u00f3n de documentos administrativos, que se regulara por la presente Ordenanza, redactada conforme a lo dispuesto en el articulo 16 de la citada Ley 39\/88. Ordenanza reguladora de la tasa por expedici\u00f3n de documentos administrativosOrdenanza reguladora de la tasa de prestaci\u00f3n del servicio de cementerios municipalesDe conformidad con lo previsto en el art\u00edculo 117, en relaci\u00f3n con el art\u00edculo 41.a), todos ellos de la Ley 39\/1988, de 28 de diciembre reguladora de las Haciendas Locales, este Ayuntamiento establece la tasa por utilizaciones privativas o aprovechamientos especiales del subsuelo, suelo [&hellip;]\" \/>\n<meta property=\"og:site_name\" content=\"Ajuntament d&#039;Albal\" \/>\n<meta property=\"article:publisher\" content=\"https:\/\/facebook.com\/AjuntamentAlbal\/\" \/>\n<meta property=\"article:modified_time\" content=\"2024-01-17T13:00:15+00:00\" \/>\n<meta property=\"og:image\" content=\"https:\/\/albal.es\/content-albal\/uploads\/2019\/12\/logo-amic-2.png\" \/>\n<meta name=\"twitter:card\" content=\"summary_large_image\" \/>\n<meta name=\"twitter:label1\" content=\"Tiempo de lectura\" \/>\n\t<meta name=\"twitter:data1\" content=\"16 minutos\" \/>\n\t<meta name=\"twitter:label2\" content=\"Written by\" \/>\n\t<meta name=\"twitter:data2\" content=\"Gonzalo Galiana\" \/>\n<script type=\"application\/ld+json\" class=\"yoast-schema-graph\">{\"@context\":\"https:\\\/\\\/schema.org\",\"@graph\":[{\"@type\":\"WebPage\",\"@id\":\"https:\\\/\\\/albal.es\\\/es\\\/areas-y-servicios-2\\\/servicios-economicos\\\/gestion-tributaria\\\/tasas-y-otros\\\/\",\"url\":\"https:\\\/\\\/albal.es\\\/es\\\/areas-y-servicios-2\\\/servicios-economicos\\\/gestion-tributaria\\\/tasas-y-otros\\\/\",\"name\":\"Tasas y Otros - Ajuntament d&#039;Albal\",\"isPartOf\":{\"@id\":\"https:\\\/\\\/albal.es\\\/es\\\/#website\"},\"primaryImageOfPage\":{\"@id\":\"https:\\\/\\\/albal.es\\\/es\\\/areas-y-servicios-2\\\/servicios-economicos\\\/gestion-tributaria\\\/tasas-y-otros\\\/#primaryimage\"},\"image\":{\"@id\":\"https:\\\/\\\/albal.es\\\/es\\\/areas-y-servicios-2\\\/servicios-economicos\\\/gestion-tributaria\\\/tasas-y-otros\\\/#primaryimage\"},\"thumbnailUrl\":\"https:\\\/\\\/albal.es\\\/content-albal\\\/uploads\\\/2019\\\/12\\\/logo-amic-2.png\",\"datePublished\":\"2019-12-17T17:24:13+00:00\",\"dateModified\":\"2024-01-17T13:00:15+00:00\",\"breadcrumb\":{\"@id\":\"https:\\\/\\\/albal.es\\\/es\\\/areas-y-servicios-2\\\/servicios-economicos\\\/gestion-tributaria\\\/tasas-y-otros\\\/#breadcrumb\"},\"inLanguage\":\"es\",\"potentialAction\":[{\"@type\":\"ReadAction\",\"target\":[\"https:\\\/\\\/albal.es\\\/es\\\/areas-y-servicios-2\\\/servicios-economicos\\\/gestion-tributaria\\\/tasas-y-otros\\\/\"]}]},{\"@type\":\"ImageObject\",\"inLanguage\":\"es\",\"@id\":\"https:\\\/\\\/albal.es\\\/es\\\/areas-y-servicios-2\\\/servicios-economicos\\\/gestion-tributaria\\\/tasas-y-otros\\\/#primaryimage\",\"url\":\"https:\\\/\\\/albal.es\\\/content-albal\\\/uploads\\\/2019\\\/12\\\/logo-amic-2.png\",\"contentUrl\":\"https:\\\/\\\/albal.es\\\/content-albal\\\/uploads\\\/2019\\\/12\\\/logo-amic-2.png\"},{\"@type\":\"BreadcrumbList\",\"@id\":\"https:\\\/\\\/albal.es\\\/es\\\/areas-y-servicios-2\\\/servicios-economicos\\\/gestion-tributaria\\\/tasas-y-otros\\\/#breadcrumb\",\"itemListElement\":[{\"@type\":\"ListItem\",\"position\":1,\"name\":\"Inici\",\"item\":\"https:\\\/\\\/albal.es\\\/es\\\/\"},{\"@type\":\"ListItem\",\"position\":2,\"name\":\"\u00c1reas y Servicios\",\"item\":\"https:\\\/\\\/albal.es\\\/es\\\/areas-y-servicios-2\\\/\"},{\"@type\":\"ListItem\",\"position\":3,\"name\":\"Servicios Econ\u00f3micos\",\"item\":\"https:\\\/\\\/albal.es\\\/es\\\/areas-y-servicios-2\\\/servicios-economicos\\\/\"},{\"@type\":\"ListItem\",\"position\":4,\"name\":\"Gesti\u00f3n tributaria\",\"item\":\"https:\\\/\\\/albal.es\\\/es\\\/areas-y-servicios-2\\\/servicios-economicos\\\/gestion-tributaria\\\/\"},{\"@type\":\"ListItem\",\"position\":5,\"name\":\"Tasas y Otros\"}]},{\"@type\":\"WebSite\",\"@id\":\"https:\\\/\\\/albal.es\\\/es\\\/#website\",\"url\":\"https:\\\/\\\/albal.es\\\/es\\\/\",\"name\":\"Ajuntament d&#039;Albal\",\"description\":\"Ajuntament d&#039;Albal\",\"publisher\":{\"@id\":\"https:\\\/\\\/albal.es\\\/es\\\/#organization\"},\"potentialAction\":[{\"@type\":\"SearchAction\",\"target\":{\"@type\":\"EntryPoint\",\"urlTemplate\":\"https:\\\/\\\/albal.es\\\/es\\\/?s={search_term_string}\"},\"query-input\":{\"@type\":\"PropertyValueSpecification\",\"valueRequired\":true,\"valueName\":\"search_term_string\"}}],\"inLanguage\":\"es\"},{\"@type\":\"Organization\",\"@id\":\"https:\\\/\\\/albal.es\\\/es\\\/#organization\",\"name\":\"Ajuntament d'Albal - Valencia\",\"url\":\"https:\\\/\\\/albal.es\\\/es\\\/\",\"logo\":{\"@type\":\"ImageObject\",\"inLanguage\":\"es\",\"@id\":\"https:\\\/\\\/albal.es\\\/es\\\/#\\\/schema\\\/logo\\\/image\\\/\",\"url\":\"https:\\\/\\\/albal.es\\\/content-albal\\\/uploads\\\/2020\\\/06\\\/logo-ayuntamiento-albal.png\",\"contentUrl\":\"https:\\\/\\\/albal.es\\\/content-albal\\\/uploads\\\/2020\\\/06\\\/logo-ayuntamiento-albal.png\",\"width\":367,\"height\":332,\"caption\":\"Ajuntament d'Albal - Valencia\"},\"image\":{\"@id\":\"https:\\\/\\\/albal.es\\\/es\\\/#\\\/schema\\\/logo\\\/image\\\/\"},\"sameAs\":[\"https:\\\/\\\/facebook.com\\\/AjuntamentAlbal\\\/\"]}]}<\/script>\n<!-- \/ Yoast SEO plugin. -->","yoast_head_json":{"title":"Tasas y Otros - Ajuntament d&#039;Albal","robots":{"index":"index","follow":"follow","max-snippet":"max-snippet:-1","max-image-preview":"max-image-preview:large","max-video-preview":"max-video-preview:-1"},"canonical":"https:\/\/albal.es\/es\/areas-y-servicios-2\/servicios-economicos\/gestion-tributaria\/tasas-y-otros\/","og_locale":"es_ES","og_type":"article","og_title":"Tasas y Otros - Ajuntament d&#039;Albal","og_description":"\u00c1reas y servicios | SERVICIOS ECON\u00d3MICOS | Gesti\u00f3n Tributaria Tasas y OtrosInformaci\u00f3n de Inter\u00e9sCorreo electr\u00f3nico de Gesti\u00f3n Tributaria:\u00a0tributaria@albal.esConsultas y dudas: Atenci\u00f3n Municipal de Informaci\u00f3n Ciudadana REGISTROS Y SOLICITUDES Plaza del Jard\u00edn, 7. Ayto. de Albal -\u00a0Planta baja Tel:\u00a096 126 00 56\u00a0\u00b7 Fax: 96 127 08 61 Cita previa Sede electr\u00f3nicaAvisos, convocatorias y tr\u00e1mites activosInformaci\u00f3n, tr\u00e1mites e impresosEste Ayuntamiento de acuerdo con lo dispuesto en el articulo 106.1 de la Ley 7\/85, de 2 de abril, reguladora de las Bases de R\u00e9gimen Local y de conformidad con lo previsto en los art\u00edculos 58 y 20 de la Ley 39\/88, de 28 de diciembre, reguladora de las Haciendas Locales, establece la tasa por expedici\u00f3n de documentos administrativos, que se regulara por la presente Ordenanza, redactada conforme a lo dispuesto en el articulo 16 de la citada Ley 39\/88. Ordenanza reguladora de la tasa por expedici\u00f3n de documentos administrativosOrdenanza reguladora de la tasa de prestaci\u00f3n del servicio de cementerios municipalesDe conformidad con lo previsto en el art\u00edculo 117, en relaci\u00f3n con el art\u00edculo 41.a), todos ellos de la Ley 39\/1988, de 28 de diciembre reguladora de las Haciendas Locales, este Ayuntamiento establece la tasa por utilizaciones privativas o aprovechamientos especiales del subsuelo, suelo [&hellip;]","og_site_name":"Ajuntament d&#039;Albal","article_publisher":"https:\/\/facebook.com\/AjuntamentAlbal\/","article_modified_time":"2024-01-17T13:00:15+00:00","og_image":[{"url":"https:\/\/albal.es\/content-albal\/uploads\/2019\/12\/logo-amic-2.png","type":"","width":"","height":""}],"twitter_card":"summary_large_image","twitter_misc":{"Tiempo de lectura":"16 minutos","Written by":"Gonzalo Galiana"},"schema":{"@context":"https:\/\/schema.org","@graph":[{"@type":"WebPage","@id":"https:\/\/albal.es\/es\/areas-y-servicios-2\/servicios-economicos\/gestion-tributaria\/tasas-y-otros\/","url":"https:\/\/albal.es\/es\/areas-y-servicios-2\/servicios-economicos\/gestion-tributaria\/tasas-y-otros\/","name":"Tasas y Otros - Ajuntament d&#039;Albal","isPartOf":{"@id":"https:\/\/albal.es\/es\/#website"},"primaryImageOfPage":{"@id":"https:\/\/albal.es\/es\/areas-y-servicios-2\/servicios-economicos\/gestion-tributaria\/tasas-y-otros\/#primaryimage"},"image":{"@id":"https:\/\/albal.es\/es\/areas-y-servicios-2\/servicios-economicos\/gestion-tributaria\/tasas-y-otros\/#primaryimage"},"thumbnailUrl":"https:\/\/albal.es\/content-albal\/uploads\/2019\/12\/logo-amic-2.png","datePublished":"2019-12-17T17:24:13+00:00","dateModified":"2024-01-17T13:00:15+00:00","breadcrumb":{"@id":"https:\/\/albal.es\/es\/areas-y-servicios-2\/servicios-economicos\/gestion-tributaria\/tasas-y-otros\/#breadcrumb"},"inLanguage":"es","potentialAction":[{"@type":"ReadAction","target":["https:\/\/albal.es\/es\/areas-y-servicios-2\/servicios-economicos\/gestion-tributaria\/tasas-y-otros\/"]}]},{"@type":"ImageObject","inLanguage":"es","@id":"https:\/\/albal.es\/es\/areas-y-servicios-2\/servicios-economicos\/gestion-tributaria\/tasas-y-otros\/#primaryimage","url":"https:\/\/albal.es\/content-albal\/uploads\/2019\/12\/logo-amic-2.png","contentUrl":"https:\/\/albal.es\/content-albal\/uploads\/2019\/12\/logo-amic-2.png"},{"@type":"BreadcrumbList","@id":"https:\/\/albal.es\/es\/areas-y-servicios-2\/servicios-economicos\/gestion-tributaria\/tasas-y-otros\/#breadcrumb","itemListElement":[{"@type":"ListItem","position":1,"name":"Inici","item":"https:\/\/albal.es\/es\/"},{"@type":"ListItem","position":2,"name":"\u00c1reas y Servicios","item":"https:\/\/albal.es\/es\/areas-y-servicios-2\/"},{"@type":"ListItem","position":3,"name":"Servicios Econ\u00f3micos","item":"https:\/\/albal.es\/es\/areas-y-servicios-2\/servicios-economicos\/"},{"@type":"ListItem","position":4,"name":"Gesti\u00f3n tributaria","item":"https:\/\/albal.es\/es\/areas-y-servicios-2\/servicios-economicos\/gestion-tributaria\/"},{"@type":"ListItem","position":5,"name":"Tasas y Otros"}]},{"@type":"WebSite","@id":"https:\/\/albal.es\/es\/#website","url":"https:\/\/albal.es\/es\/","name":"Ajuntament d&#039;Albal","description":"Ajuntament d&#039;Albal","publisher":{"@id":"https:\/\/albal.es\/es\/#organization"},"potentialAction":[{"@type":"SearchAction","target":{"@type":"EntryPoint","urlTemplate":"https:\/\/albal.es\/es\/?s={search_term_string}"},"query-input":{"@type":"PropertyValueSpecification","valueRequired":true,"valueName":"search_term_string"}}],"inLanguage":"es"},{"@type":"Organization","@id":"https:\/\/albal.es\/es\/#organization","name":"Ajuntament d'Albal - Valencia","url":"https:\/\/albal.es\/es\/","logo":{"@type":"ImageObject","inLanguage":"es","@id":"https:\/\/albal.es\/es\/#\/schema\/logo\/image\/","url":"https:\/\/albal.es\/content-albal\/uploads\/2020\/06\/logo-ayuntamiento-albal.png","contentUrl":"https:\/\/albal.es\/content-albal\/uploads\/2020\/06\/logo-ayuntamiento-albal.png","width":367,"height":332,"caption":"Ajuntament d'Albal - Valencia"},"image":{"@id":"https:\/\/albal.es\/es\/#\/schema\/logo\/image\/"},"sameAs":["https:\/\/facebook.com\/AjuntamentAlbal\/"]}]}},"publishpress_future_workflow_manual_trigger":{"enabledWorkflows":[]},"_links":{"self":[{"href":"https:\/\/albal.es\/es\/wp-json\/wp\/v2\/pages\/3386","targetHints":{"allow":["GET"]}}],"collection":[{"href":"https:\/\/albal.es\/es\/wp-json\/wp\/v2\/pages"}],"about":[{"href":"https:\/\/albal.es\/es\/wp-json\/wp\/v2\/types\/page"}],"author":[{"embeddable":true,"href":"https:\/\/albal.es\/es\/wp-json\/wp\/v2\/users\/21"}],"replies":[{"embeddable":true,"href":"https:\/\/albal.es\/es\/wp-json\/wp\/v2\/comments?post=3386"}],"version-history":[{"count":0,"href":"https:\/\/albal.es\/es\/wp-json\/wp\/v2\/pages\/3386\/revisions"}],"up":[{"embeddable":true,"href":"https:\/\/albal.es\/es\/wp-json\/wp\/v2\/pages\/600"}],"wp:attachment":[{"href":"https:\/\/albal.es\/es\/wp-json\/wp\/v2\/media?parent=3386"}],"wp:term":[{"taxonomy":"author","embeddable":true,"href":"https:\/\/albal.es\/es\/wp-json\/wp\/v2\/coauthors?post=3386"}],"curies":[{"name":"wp","href":"https:\/\/api.w.org\/{rel}","templated":true}]}}