

{"id":1003,"date":"2019-12-10T19:57:06","date_gmt":"2019-12-10T18:57:06","guid":{"rendered":"https:\/\/albal.es\/?page_id=1003"},"modified":"2026-03-24T10:06:47","modified_gmt":"2026-03-24T09:06:47","slug":"inicio","status":"publish","type":"page","link":"https:\/\/albal.es\/es\/","title":{"rendered":"INICIO"},"content":{"rendered":"<p>[et_pb_section fb_built=\u00bb1&#8243; fullwidth=\u00bbon\u00bb disabled_on=\u00bbon|on|on\u00bb _builder_version=\u00bb4.16&#8243; custom_padding=\u00bb||||false|false\u00bb border_width_bottom=\u00bb1px\u00bb border_color_bottom=\u00bb#000000&#8243; disabled=\u00bbon\u00bb global_colors_info=\u00bb{}\u00bb][et_pb_fullwidth_slider show_arrows=\u00bboff\u00bb show_pagination=\u00bboff\u00bb admin_label=\u00bbSlider principal\u00bb module_class=\u00bbslider-ppal\u00bb _builder_version=\u00bb4.16&#8243; header_font_size=\u00bb42px\u00bb background_color=\u00bb#ffffff\u00bb background_image=\u00bbhttps:\/\/albal.es\/content-albal\/uploads\/2019\/12\/escudo-albal-transp.png\u00bb background_size=\u00bbinitial\u00bb min_height=\u00bb500px\u00bb min_height_tablet=\u00bb500px\u00bb min_height_phone=\u00bb500px\u00bb header_font_size_tablet=\u00bb\u00bb header_font_size_phone=\u00bb30px\u00bb header_font_size_last_edited=\u00bbon|phone\u00bb db_height=\u00bbmigrated\u00bb global_colors_info=\u00bb{}\u00bb][\/et_pb_fullwidth_slider][\/et_pb_section][et_pb_section fb_built=\u00bb1&#8243; admin_label=\u00bb#sticky\u00bb module_id=\u00bbsticky\u00bb _builder_version=\u00bb4.16&#8243; background_color=\u00bb#e2e1de\u00bb module_alignment=\u00bbcenter\u00bb custom_padding=\u00bb15px||15px||true|false\u00bb global_colors_info=\u00bb{}\u00bb][et_pb_row column_structure=\u00bb1_4,1_4,1_4,1_4&#8243; make_equal=\u00bbon\u00bb admin_label=\u00bb.enlaces-rapidos\u00bb module_class=\u00bbenlaces-rapidos\u00bb _builder_version=\u00bb4.16&#8243; module_alignment=\u00bbcenter\u00bb custom_margin=\u00bb|0px||0px|false|false\u00bb custom_padding=\u00bb0px||0px||false|false\u00bb global_colors_info=\u00bb{}\u00bb][et_pb_column type=\u00bb1_4&#8243; module_class=\u00bbcontent-enlaces-rapidos\u00bb _builder_version=\u00bb4.16&#8243; custom_padding_tablet=\u00bb\u00bb custom_padding_phone=\u00bb||||false|false\u00bb custom_padding_last_edited=\u00bbon|phone\u00bb global_colors_info=\u00bb{}\u00bb transform_styles__hover_enabled=\u00bboff|hover\u00bb transform_scale__hover_enabled=\u00bboff|hover\u00bb transform_translate__hover_enabled=\u00bboff|hover\u00bb transform_rotate__hover_enabled=\u00bboff|hover\u00bb transform_skew__hover_enabled=\u00bboff|hover\u00bb transform_origin__hover_enabled=\u00bboff|hover\u00bb][et_pb_button button_url=\u00bbhttps:\/\/albal.sede.dival.es\/\u00bb url_new_window=\u00bbon\u00bb button_text=\u00bbSede electr\u00f3nica\u00bb admin_label=\u00bbSede Electronica\u00bb module_class=\u00bbenlace-rapido\u00bb _builder_version=\u00bb4.27.0&#8243; custom_button=\u00bbon\u00bb button_text_size=\u00bb18px\u00bb button_text_color=\u00bb#333333&#8243; button_bg_color=\u00bb#f7f7f7&#8243; button_border_radius=\u00bb15px\u00bb button_font=\u00bb||||||||\u00bb button_icon=\u00bb&#x800;||divi||400&#8243; button_icon_placement=\u00bbleft\u00bb button_on_hover=\u00bboff\u00bb custom_margin=\u00bb3px||3px||false|false\u00bb custom_padding=\u00bb15px||10px||false|false\u00bb global_colors_info=\u00bb{}\u00bb button_bg_color__hover_enabled=\u00bbon|hover\u00bb button_bg_color__hover=\u00bb#ffffff\u00bb button_bg_enable_color__hover=\u00bbon\u00bb][\/et_pb_button][et_pb_button button_url=\u00bbhttps:\/\/albal.sede.dival.es\/tablondeanuncios\/default.aspx\u00bb url_new_window=\u00bbon\u00bb button_text=\u00bbTabl\u00f3n de anuncios\u00bb admin_label=\u00bbTauler d&#8217;anuncis\u00bb module_class=\u00bbenlace-rapido\u00bb _builder_version=\u00bb4.27.4&#8243; custom_button=\u00bbon\u00bb button_text_size=\u00bb18px\u00bb button_text_color=\u00bb#333333&#8243; button_bg_color=\u00bb#f7f7f7&#8243; button_border_radius=\u00bb15px\u00bb button_font=\u00bb||||||||\u00bb button_icon=\u00bb&#x803;||divi||400&#8243; button_icon_placement=\u00bbleft\u00bb button_on_hover=\u00bboff\u00bb custom_margin=\u00bb3px||3px||false|false\u00bb custom_padding=\u00bb15px||10px||false|false\u00bb global_colors_info=\u00bb{}\u00bb button_bg_color__hover_enabled=\u00bbon|hover\u00bb button_bg_color__hover=\u00bb#ffffff\u00bb button_bg_enable_color__hover=\u00bbon\u00bb][\/et_pb_button][\/et_pb_column][et_pb_column type=\u00bb1_4&#8243; module_class=\u00bbcontent-enlaces-rapidos\u00bb _builder_version=\u00bb4.16&#8243; custom_padding=\u00bb||||false|false\u00bb custom_padding_last_edited=\u00bboff|desktop\u00bb global_colors_info=\u00bb{}\u00bb][et_pb_button button_url=\u00bbhttps:\/\/albal.es\/es\/areas-y-servicios-2\/impresos-y-tramites-en-sede-electronica\/\u00bb button_text=\u00bbImpresos y tr\u00e1mites\u00bb admin_label=\u00bbImpresos i tramits Seu Electronica\u00bb module_class=\u00bbenlace-rapido\u00bb _builder_version=\u00bb4.16&#8243; custom_button=\u00bbon\u00bb button_text_size=\u00bb18px\u00bb button_text_color=\u00bb#333333&#8243; button_bg_color=\u00bb#f7f7f7&#8243; button_border_radius=\u00bb15px\u00bb button_font=\u00bb||||||||\u00bb button_icon=\u00bb&#x801;||divi||400&#8243; button_icon_placement=\u00bbleft\u00bb button_on_hover=\u00bboff\u00bb custom_margin=\u00bb3px||3px||false|false\u00bb custom_padding=\u00bb15px||10px||false|false\u00bb global_colors_info=\u00bb{}\u00bb button_bg_color__hover_enabled=\u00bbon|hover\u00bb button_bg_color__hover=\u00bb#ffffff\u00bb button_bg_enable_color__hover=\u00bbon\u00bb][\/et_pb_button][et_pb_button button_url=\u00bbhttps:\/\/albal.es\/es\/ayuntamiento\/transparencia\/\u00bb button_text=\u00bbPortal Transparencia\u00bb admin_label=\u00bbTransparencia\u00bb module_class=\u00bbenlace-rapido\u00bb _builder_version=\u00bb4.16&#8243; custom_button=\u00bbon\u00bb button_text_size=\u00bb18px\u00bb button_text_color=\u00bb#333333&#8243; button_bg_color=\u00bb#f7f7f7&#8243; button_border_radius=\u00bb15px\u00bb button_font=\u00bb||||||||\u00bb button_icon=\u00bb&#x801;||divi||400&#8243; button_icon_placement=\u00bbleft\u00bb button_on_hover=\u00bboff\u00bb custom_margin=\u00bb3px||3px||false|false\u00bb custom_padding=\u00bb15px||10px||false|false\u00bb global_colors_info=\u00bb{}\u00bb button_bg_color__hover_enabled=\u00bbon|hover\u00bb button_bg_color__hover=\u00bb#ffffff\u00bb button_bg_enable_color__hover=\u00bbon\u00bb][\/et_pb_button][\/et_pb_column][et_pb_column type=\u00bb1_4&#8243; module_class=\u00bbcontent-enlaces-rapidos\u00bb _builder_version=\u00bb4.16&#8243; global_colors_info=\u00bb{}\u00bb][et_pb_button button_url=\u00bbhttps:\/\/citaprevia.albal.es:10090\/citaprevia\/#\/es\/home?uuid=a8ba-0147a-658B7-69b7&#8243; url_new_window=\u00bbon\u00bb button_text=\u00bbCita previa AMIC\u00bb admin_label=\u00bbCita previa AMIC\u00bb module_class=\u00bbenlace-rapido\u00bb _builder_version=\u00bb4.24.2&#8243; custom_button=\u00bbon\u00bb button_text_size=\u00bb18px\u00bb button_text_color=\u00bb#333333&#8243; button_bg_color=\u00bb#f7f7f7&#8243; button_border_radius=\u00bb15px\u00bb button_font=\u00bb||||||||\u00bb button_icon=\u00bb&#x802;||divi||400&#8243; button_icon_placement=\u00bbleft\u00bb button_on_hover=\u00bboff\u00bb custom_margin=\u00bb3px||3px||false|false\u00bb custom_padding=\u00bb15px||10px||false|false\u00bb global_colors_info=\u00bb{}\u00bb button_bg_color__hover_enabled=\u00bbon|hover\u00bb button_bg_color__hover=\u00bb#ffffff\u00bb button_bg_enable_color__hover=\u00bbon\u00bb][\/et_pb_button][et_pb_button button_url=\u00bbhttps:\/\/www2.albal.es:9443\/portalCiudadano\/portal\/verificarDocumentos.do?idioma=2&#038;ent_id=2&#8243; url_new_window=\u00bbon\u00bb button_text=\u00bbVerificaci\u00f3n documentos\u00bb admin_label=\u00bbVerificaci\u00f3 de documents\u00bb module_class=\u00bbenlace-rapido\u00bb _builder_version=\u00bb4.27.4&#8243; custom_button=\u00bbon\u00bb button_text_size=\u00bb18px\u00bb button_text_color=\u00bb#333333&#8243; button_bg_color=\u00bb#f7f7f7&#8243; button_border_radius=\u00bb15px\u00bb button_font=\u00bb||||||||\u00bb button_icon=\u00bb&#x801;||divi||400&#8243; button_icon_placement=\u00bbleft\u00bb button_on_hover=\u00bboff\u00bb custom_margin=\u00bb3px||3px||false|false\u00bb custom_padding=\u00bb15px||10px||false|false\u00bb global_colors_info=\u00bb{}\u00bb button_bg_color__hover_enabled=\u00bbon|hover\u00bb button_bg_color__hover=\u00bb#ffffff\u00bb button_bg_enable_color__hover=\u00bbon\u00bb][\/et_pb_button][\/et_pb_column][et_pb_column type=\u00bb1_4&#8243; module_class=\u00bbcontent-enlaces-rapidos\u00bb _builder_version=\u00bb4.16&#8243; global_colors_info=\u00bb{}\u00bb][et_pb_button button_url=\u00bbhttps:\/\/albal.tributoslocales.es\/\u00bb url_new_window=\u00bbon\u00bb button_text=\u00bbOficina Tributaria\u00bb admin_label=\u00bbOficina Tributaria\u00bb module_class=\u00bbenlace-rapido\u00bb _builder_version=\u00bb4.16&#8243; custom_button=\u00bbon\u00bb button_text_size=\u00bb18px\u00bb button_text_color=\u00bb#333333&#8243; button_bg_color=\u00bb#f7f7f7&#8243; button_border_radius=\u00bb15px\u00bb button_font=\u00bb||||||||\u00bb button_icon=\u00bb&#x804;||divi||400&#8243; button_icon_placement=\u00bbleft\u00bb button_on_hover=\u00bboff\u00bb custom_margin=\u00bb3px||3px||false|false\u00bb custom_padding=\u00bb15px||10px||false|false\u00bb global_colors_info=\u00bb{}\u00bb button_bg_color__hover_enabled=\u00bbon|hover\u00bb button_bg_color__hover=\u00bb#ffffff\u00bb button_bg_enable_color__hover=\u00bbon\u00bb][\/et_pb_button][et_pb_button button_url=\u00bbhttps:\/\/albal.es\/es\/informacion\/farmacias-de-guardia\/\u00bb button_text=\u00bbFarmacias de Guardia\u00bb admin_label=\u00bbFarmacies de guardia\u00bb module_class=\u00bbenlace-rapido\u00bb _builder_version=\u00bb4.16&#8243; custom_button=\u00bbon\u00bb button_text_size=\u00bb18px\u00bb button_text_color=\u00bb#333333&#8243; button_bg_color=\u00bb#f7f7f7&#8243; button_border_radius=\u00bb15px\u00bb button_font=\u00bb||||||||\u00bb button_icon=\u00bb&#x805;||divi||400&#8243; button_icon_placement=\u00bbleft\u00bb button_on_hover=\u00bboff\u00bb custom_margin=\u00bb3px||3px||false|false\u00bb custom_padding=\u00bb15px||10px||false|false\u00bb global_colors_info=\u00bb{}\u00bb button_bg_color__hover_enabled=\u00bbon|hover\u00bb button_bg_color__hover=\u00bb#ffffff\u00bb button_bg_enable_color__hover=\u00bbon\u00bb][\/et_pb_button][\/et_pb_column][\/et_pb_row][\/et_pb_section][et_pb_section fb_built=\u00bb1&#8243; admin_label=\u00bbAnuncios\u00bb _builder_version=\u00bb4.27.0&#8243; _module_preset=\u00bbdefault\u00bb custom_padding=\u00bb||0px|||\u00bb global_colors_info=\u00bb{}\u00bb][et_pb_row column_structure=\u00bb1_2,1_2&#8243; disabled_on=\u00bboff|off|off\u00bb _builder_version=\u00bb4.27.3&#8243; _module_preset=\u00bbdefault\u00bb background_color=\u00bb#FFFFFF\u00bb custom_padding=\u00bb||2px|||\u00bb locked=\u00bboff\u00bb global_colors_info=\u00bb{}\u00bb][et_pb_column type=\u00bb1_2&#8243; _builder_version=\u00bb4.27.0&#8243; _module_preset=\u00bbdefault\u00bb global_colors_info=\u00bb{}\u00bb][et_pb_image src=\u00bbhttps:\/\/albal.es\/content-albal\/uploads\/2026\/03\/escudo_Vertical_crema.png\u00bb title_text=\u00bbescudo_Vertical_crema\u00bb align=\u00bbcenter\u00bb _builder_version=\u00bb4.27.6&#8243; _module_preset=\u00bbdefault\u00bb width=\u00bb40%\u00bb max_width=\u00bb60%\u00bb custom_margin=\u00bb||||false|false\u00bb custom_padding=\u00bb0px|||||\u00bb hover_enabled=\u00bb0&#8243; global_colors_info=\u00bb{}\u00bb sticky_enabled=\u00bb0&#8243;][\/et_pb_image][\/et_pb_column][et_pb_column type=\u00bb1_2&#8243; _builder_version=\u00bb4.27.0&#8243; _module_preset=\u00bbdefault\u00bb global_colors_info=\u00bb{}\u00bb][et_pb_image src=\u00bbhttps:\/\/albal.es\/content-albal\/uploads\/2024\/11\/imagotipo_marca_negro.png\u00bb title_text=\u00bbimagotipo_marca_negro\u00bb align=\u00bbcenter\u00bb _builder_version=\u00bb4.27.3&#8243; _module_preset=\u00bbdefault\u00bb width=\u00bb100%\u00bb max_width=\u00bb100%\u00bb custom_margin=\u00bb15px|0px||4px|false|false\u00bb global_colors_info=\u00bb{}\u00bb][\/et_pb_image][\/et_pb_column][\/et_pb_row][et_pb_row column_structure=\u00bb2_5,3_5&#8243; disabled_on=\u00bbon|on|on\u00bb admin_label=\u00bbBanner Elecciones\u00bb _builder_version=\u00bb4.20.4&#8243; _module_preset=\u00bbdefault\u00bb background_color=\u00bb#00b9fc\u00bb link_option_url=\u00bbhttps:\/\/albal.es\/es\/ayuntamiento\/elecciones-locales-2023\/\u00bb disabled=\u00bbon\u00bb global_colors_info=\u00bb{}\u00bb][et_pb_column type=\u00bb2_5&#8243; _builder_version=\u00bb4.20.4&#8243; _module_preset=\u00bbdefault\u00bb global_colors_info=\u00bb{}\u00bb][et_pb_image src=\u00bbhttps:\/\/albal.es\/content-albal\/uploads\/2023\/05\/elecciones.png\u00bb title_text=\u00bbelecciones\u00bb align=\u00bbcenter\u00bb _builder_version=\u00bb4.20.4&#8243; _module_preset=\u00bbdefault\u00bb width=\u00bb40%\u00bb max_width=\u00bb40%\u00bb min_height=\u00bb153.9px\u00bb global_colors_info=\u00bb{}\u00bb][\/et_pb_image][\/et_pb_column][et_pb_column type=\u00bb3_5&#8243; _builder_version=\u00bb4.20.4&#8243; _module_preset=\u00bbdefault\u00bb global_colors_info=\u00bb{}\u00bb][et_pb_text _builder_version=\u00bb4.20.4&#8243; _module_preset=\u00bbdefault\u00bb custom_padding=\u00bb37px|35px||||\u00bb global_colors_info=\u00bb{}\u00bb]<\/p>\n<h1><span style=\"color: #ffffff;\">Sigue en directo la participaci\u00f3n y resultado de las elecciones locales de Albal 2023<\/span><\/h1>\n<p>[\/et_pb_text][\/et_pb_column][\/et_pb_row][et_pb_row column_structure=\u00bb1_5,3_5,1_5&#8243; disabled_on=\u00bbon|on|on\u00bb admin_label=\u00bbBanner Sede\u00bb _builder_version=\u00bb4.27.0&#8243; _module_preset=\u00bbdefault\u00bb background_color=\u00bb#c40038&#8243; disabled=\u00bbon\u00bb global_colors_info=\u00bb{}\u00bb][et_pb_column type=\u00bb1_5&#8243; _builder_version=\u00bb4.27.0&#8243; _module_preset=\u00bbdefault\u00bb global_colors_info=\u00bb{}\u00bb][et_pb_image src=\u00bbhttps:\/\/albal.es\/content-albal\/uploads\/2024\/08\/escudo_Vertical_blanco.png\u00bb title_text=\u00bbescudo_Vertical_blanco\u00bb align=\u00bbcenter\u00bb _builder_version=\u00bb4.27.0&#8243; _module_preset=\u00bbdefault\u00bb width=\u00bb50%\u00bb max_width=\u00bb50%\u00bb global_colors_info=\u00bb{}\u00bb][\/et_pb_image][et_pb_image src=\u00bbhttps:\/\/albal.es\/content-albal\/uploads\/2024\/08\/logos-diputacion-valencia.png\u00bb title_text=\u00bblogos-diputacion-valencia\u00bb align=\u00bbcenter\u00bb _builder_version=\u00bb4.27.0&#8243; _module_preset=\u00bbdefault\u00bb width=\u00bb60%\u00bb max_width=\u00bb60%\u00bb custom_margin=\u00bb-20px||||false|false\u00bb global_colors_info=\u00bb{}\u00bb][\/et_pb_image][\/et_pb_column][et_pb_column type=\u00bb3_5&#8243; _builder_version=\u00bb4.27.0&#8243; _module_preset=\u00bbdefault\u00bb global_colors_info=\u00bb{}\u00bb][et_pb_text _builder_version=\u00bb4.27.0&#8243; _module_preset=\u00bbdefault\u00bb text_orientation=\u00bbcenter\u00bb global_colors_info=\u00bb{}\u00bb]<\/p>\n<h1><strong><span style=\"color: #ffffff;\">ESTRENAMOS NUEVA<\/span><\/strong><br \/><strong><span style=\"color: #ffffff;\">SEDE ELECTR\u00d3NICA!<\/span><\/strong><\/h1>\n<h1>\u00a0<\/h1>\n<h2><span style=\"color: #ffffff;\">YA PUEDES REALIZAR TUS TR\u00c1MITES A TRAV\u00c9S DEL ENLACE:<\/span> <a style=\"color: #00ffff;\" href=\"https:\/\/albal.sede.dival.es\" target=\"_blank\" rel=\"noopener\">https:\/\/albal.sede.dival.es<\/a><\/h2>\n<p>[\/et_pb_text][\/et_pb_column][et_pb_column type=\u00bb1_5&#8243; _builder_version=\u00bb4.27.0&#8243; _module_preset=\u00bbdefault\u00bb global_colors_info=\u00bb{}\u00bb][et_pb_image src=\u00bbhttps:\/\/albal.es\/content-albal\/uploads\/2024\/08\/logo-sedipualba.png\u00bb title_text=\u00bblogo-sedipualba\u00bb align=\u00bbcenter\u00bb _builder_version=\u00bb4.27.0&#8243; _module_preset=\u00bbdefault\u00bb width=\u00bb100%\u00bb max_width=\u00bb100%\u00bb custom_margin=\u00bb15px||||false|false\u00bb global_colors_info=\u00bb{}\u00bb][\/et_pb_image][\/et_pb_column][\/et_pb_row][\/et_pb_section][et_pb_section fb_built=\u00bb1&#8243; admin_label=\u00bbNoticias\u00bb _builder_version=\u00bb4.27.0&#8243; custom_padding=\u00bb30px||||false|false\u00bb locked=\u00bboff\u00bb global_colors_info=\u00bb{}\u00bb][et_pb_row column_structure=\u00bb1_2,1_2&#8243; disabled_on=\u00bbon|on|on\u00bb _builder_version=\u00bb4.27.4&#8243; _dynamic_attributes=\u00bblink_option_url\u00bb _module_preset=\u00bbdefault\u00bb background_color=\u00bbRGBA(255,255,255,0)\u00bb min_height=\u00bb67.4px\u00bb custom_margin=\u00bb||||false|false\u00bb custom_padding=\u00bb||||false|false\u00bb link_option_url=\u00bb@ET-DC@eyJkeW5hbWljIjp0cnVlLCJjb250ZW50IjoicG9zdF9saW5rX3VybF9wYWdlIiwic2V0dGluZ3MiOnsicG9zdF9pZCI6IjU4NzA2In19@\u00bb disabled=\u00bbon\u00bb global_colors_info=\u00bb{}\u00bb][et_pb_column type=\u00bb1_2&#8243; _builder_version=\u00bb4.27.4&#8243; _module_preset=\u00bbdefault\u00bb background_color=\u00bb#C40038&#8243; custom_padding=\u00bb30px||20px||false|false\u00bb link_option_url=\u00bbhttps:\/\/albal.es\/es\/informacion-interes\/\u00bb link_option_url_new_window=\u00bbon\u00bb global_colors_info=\u00bb{}\u00bb][et_pb_text disabled_on=\u00bboff|off|off\u00bb _builder_version=\u00bb4.27.4&#8243; _module_preset=\u00bbdefault\u00bb header_text_align=\u00bbcenter\u00bb header_2_text_color=\u00bb#FFFFFF\u00bb background_color=\u00bb#c40038&#8243; locked=\u00bboff\u00bb global_colors_info=\u00bb{}\u00bb]<\/p>\n<h2 style=\"text-align: center;\">INFORMACI\u00d3N SERVICIO RECOGIDA RESIDUOS URBANOS Y LIMPIEZA VIARIA<\/h2>\n<p>[\/et_pb_text][\/et_pb_column][et_pb_column type=\u00bb1_2&#8243; _builder_version=\u00bb4.27.4&#8243; _module_preset=\u00bbdefault\u00bb background_color=\u00bb#22D9D3&#8243; custom_padding=\u00bb30px||20px||false|false\u00bb link_option_url=\u00bbhttps:\/\/albal.es\/es\/vehiculos_dana\/\u00bb link_option_url_new_window=\u00bbon\u00bb global_colors_info=\u00bb{}\u00bb][et_pb_text disabled_on=\u00bboff|off|off\u00bb _builder_version=\u00bb4.27.4&#8243; _module_preset=\u00bbdefault\u00bb background_enable_color=\u00bboff\u00bb background_layout=\u00bbdark\u00bb custom_margin=\u00bb||||false|false\u00bb custom_padding=\u00bb||||false|false\u00bb link_option_url=\u00bbhttps:\/\/albal.es\/es\/vehiculos_dana\/\u00bb link_option_url_new_window=\u00bbon\u00bb locked=\u00bboff\u00bb global_colors_info=\u00bb{}\u00bb]<\/p>\n<h4 style=\"text-align: center;\">ESTADO<\/h4>\n<h4 style=\"text-align: center;\">VEH\u00cdCULOS DANA<\/h4>\n<p>[\/et_pb_text][\/et_pb_column][\/et_pb_row][et_pb_row disabled_on=\u00bbon|on|on\u00bb _builder_version=\u00bb4.27.4&#8243; _dynamic_attributes=\u00bblink_option_url\u00bb _module_preset=\u00bbdefault\u00bb background_color=\u00bbRGBA(255,255,255,0)\u00bb min_height=\u00bb67.4px\u00bb custom_margin=\u00bb||||false|false\u00bb custom_padding=\u00bb||||false|false\u00bb link_option_url=\u00bb@ET-DC@eyJkeW5hbWljIjp0cnVlLCJjb250ZW50IjoicG9zdF9saW5rX3VybF9wYWdlIiwic2V0dGluZ3MiOnsicG9zdF9pZCI6IjU4NzA2In19@\u00bb disabled=\u00bbon\u00bb global_colors_info=\u00bb{}\u00bb][et_pb_column type=\u00bb4_4&#8243; _builder_version=\u00bb4.27.4&#8243; _module_preset=\u00bbdefault\u00bb background_color=\u00bb#22D9D3&#8243; custom_padding=\u00bb30px||20px||false|false\u00bb link_option_url=\u00bbhttps:\/\/albal.es\/es\/vehiculos_dana\/\u00bb link_option_url_new_window=\u00bbon\u00bb global_colors_info=\u00bb{}\u00bb][et_pb_text disabled_on=\u00bboff|off|off\u00bb _builder_version=\u00bb4.27.4&#8243; _module_preset=\u00bbdefault\u00bb background_enable_color=\u00bboff\u00bb background_layout=\u00bbdark\u00bb custom_margin=\u00bb||||false|false\u00bb custom_padding=\u00bb||||false|false\u00bb link_option_url=\u00bbhttps:\/\/albal.es\/es\/vehiculos_dana\/\u00bb link_option_url_new_window=\u00bbon\u00bb locked=\u00bboff\u00bb global_colors_info=\u00bb{}\u00bb]<\/p>\n<h2 style=\"text-align: center;\">ESTADO VEH\u00cdCULOS DANA<\/h2>\n<p>[\/et_pb_text][\/et_pb_column][\/et_pb_row][et_pb_row column_structure=\u00bb1_4,3_4&#8243; use_custom_gutter=\u00bbon\u00bb make_equal=\u00bbon\u00bb custom_padding_last_edited=\u00bboff|phone\u00bb admin_label=\u00bbFila\u00bb module_class=\u00bbcontent-tit-noticias-menu-index\u00bb _builder_version=\u00bb4.20.4&#8243; background_color=\u00bbRGBA(255,255,255,0)\u00bb custom_margin=\u00bb||20px||false|false\u00bb custom_padding=\u00bb0px||0px||false|false\u00bb custom_padding_phone=\u00bb||||false|false\u00bb border_width_bottom=\u00bb1px\u00bb border_color_bottom=\u00bb#e2e1de\u00bb locked=\u00bboff\u00bb global_colors_info=\u00bb{}\u00bb][et_pb_column type=\u00bb1_4&#8243; module_class=\u00bbcontent-tit-noticias-index\u00bb _builder_version=\u00bb4.16&#8243; global_colors_info=\u00bb{}\u00bb][et_pb_text admin_label=\u00bbTitulo Noticies d Albal\u00bb module_class=\u00bbtit-noticias\u00bb _builder_version=\u00bb4.27.4&#8243; header_font=\u00bb|300||on|||||\u00bb header_text_color=\u00bb#999999&#8243; header_font_size=\u00bb35px\u00bb header_2_font=\u00bb|300||on|||||\u00bb header_2_text_color=\u00bb#999999&#8243; header_2_font_size=\u00bb32px\u00bb custom_padding=\u00bb10px|0px|||false|false\u00bb link_option_url=\u00bbhttps:\/\/albal.es\/es\/noticies\/\u00bb global_colors_info=\u00bb{}\u00bb]<\/p>\n<h2>Noticias de Albal<\/h2>\n<p>[\/et_pb_text][\/et_pb_column][et_pb_column type=\u00bb3_4&#8243; module_class=\u00bbcontent-menu-noticias-index\u00bb _builder_version=\u00bb4.16&#8243; custom_padding=\u00bb15px||||false|false\u00bb global_colors_info=\u00bb{}\u00bb][et_pb_menu menu_id=\u00bb26&#8243; disabled_on=\u00bbon|off|off\u00bb _builder_version=\u00bb4.16&#8243; menu_font=\u00bb|||on|||||\u00bb menu_font_size=\u00bb16px\u00bb background_color=\u00bbrgba(0,0,0,0)\u00bb text_orientation=\u00bbright\u00bb width=\u00bb100%\u00bb custom_padding=\u00bb|||0px||\u00bb global_colors_info=\u00bb{}\u00bb][\/et_pb_menu][\/et_pb_column][\/et_pb_row][et_pb_row column_structure=\u00bb2_3,1_3&#8243; make_equal=\u00bbon\u00bb disabled_on=\u00bboff|off|off\u00bb admin_label=\u00bbcontent-noticia-ppal\u00bb module_class=\u00bbcontent-noticia-ppal\u00bb _builder_version=\u00bb4.16&#8243; background_enable_color=\u00bboff\u00bb background_size=\u00bbinitial\u00bb background_position=\u00bbtop_left\u00bb background_repeat=\u00bbrepeat\u00bb custom_margin=\u00bb16px|auto||auto||\u00bb custom_padding=\u00bb0px||30px||false|false\u00bb border_width_bottom=\u00bb1px\u00bb border_color_bottom=\u00bb#e2e1de\u00bb global_colors_info=\u00bb{}\u00bb][et_pb_column type=\u00bb2_3&#8243; _builder_version=\u00bb4.16&#8243; custom_padding=\u00bb|||\u00bb global_colors_info=\u00bb{}\u00bb custom_padding__hover=\u00bb|||\u00bb][et_pb_post_slider posts_number=\u00bb2&#8243; include_categories=\u00bball\u00bb use_manual_excerpt=\u00bboff\u00bb show_meta=\u00bboff\u00bb bg_overlay_color=\u00bbrgba(0,0,0,0.5)\u00bb disabled_on=\u00bbon|off|off\u00bb admin_label=\u00bbPost Slider (escritorio)\u00bb _builder_version=\u00bb4.27.4&#8243; header_font=\u00bb|700|||||||\u00bb header_font_size=\u00bb48px\u00bb body_font_size=\u00bb18px\u00bb min_height=\u00bb500px\u00bb min_height_tablet=\u00bb500px\u00bb min_height_phone=\u00bb500px\u00bb custom_margin=\u00bb||0px||false|false\u00bb auto=\u00bbon\u00bb header_font_size_tablet=\u00bb\u00bb header_font_size_phone=\u00bb30px\u00bb header_font_size_last_edited=\u00bbon|phone\u00bb db_height=\u00bbmigrated\u00bb locked=\u00bboff\u00bb global_colors_info=\u00bb{}\u00bb][\/et_pb_post_slider][et_pb_blog fullwidth=\u00bboff\u00bb posts_number=\u00bb2&#8243; meta_date=\u00bbl j F Y\u00bb show_author=\u00bboff\u00bb show_excerpt=\u00bboff\u00bb show_pagination=\u00bboff\u00bb use_overlay=\u00bbon\u00bb disabled_on=\u00bboff|on|on\u00bb admin_label=\u00bb3 noticias (solo movil)\u00bb _builder_version=\u00bb4.27.4&#8243; header_font=\u00bb|700|||||||\u00bb header_text_color=\u00bb#c40038&#8243; header_font_size=\u00bb24px\u00bb meta_font_size=\u00bb14px\u00bb global_colors_info=\u00bb{}\u00bb][\/et_pb_blog][et_pb_button button_url=\u00bbhttps:\/\/albal.es\/es\/noticies\/\u00bb button_text=\u00bbTodas las noticias\u00bb button_alignment=\u00bbcenter\u00bb disabled_on=\u00bboff|on|on\u00bb admin_label=\u00bbBoton Todas las noticias (solo movil)\u00bb _builder_version=\u00bb4.16&#8243; _module_preset=\u00bbdefault\u00bb global_colors_info=\u00bb{}\u00bb][\/et_pb_button][\/et_pb_column][et_pb_column type=\u00bb1_3&#8243; _builder_version=\u00bb4.16&#8243; background_color=\u00bb#c40038&#8243; background_image=\u00bbhttps:\/\/albal.es\/content-albal\/uploads\/2019\/12\/escudo-albal-transp.png\u00bb background_size=\u00bbinitial\u00bb border_radii=\u00bbon|10px|10px|10px|10px\u00bb global_colors_info=\u00bb{}\u00bb custom_padding__hover=\u00bb|||\u00bb][et_pb_image src=\u00bbhttps:\/\/albal.es\/content-albal\/uploads\/2019\/12\/tit-bandos-alcaldia-val-1.png\u00bb title_text=\u00bbtit-bandos-alcaldia-val\u00bb align=\u00bbcenter\u00bb admin_label=\u00bbImagen titulo Bans Alcaldia\u00bb _builder_version=\u00bb4.16&#8243; custom_padding=\u00bb10px||||false|false\u00bb global_colors_info=\u00bb{}\u00bb][\/et_pb_image][et_pb_text admin_label=\u00bb.content-bando\u00bb module_class=\u00bbcontent-bando\u00bb _builder_version=\u00bb4.16&#8243; header_3_font_size=\u00bb24px\u00bb header_4_text_color=\u00bb#000000&#8243; background_layout=\u00bbdark\u00bb custom_padding=\u00bb|30px||30px|false|true\u00bb global_colors_info=\u00bb{}\u00bb]<div class=nobandos><p>No hay bandos activos en este momento<\/p><\/div>[\/et_pb_text][\/et_pb_column][\/et_pb_row][et_pb_row column_structure=\u00bb1_3,1_3,1_3&#8243; make_equal=\u00bbon\u00bb _builder_version=\u00bb4.16&#8243; custom_padding=\u00bb30px||30px||false|false\u00bb locked=\u00bboff\u00bb global_colors_info=\u00bb{}\u00bb][et_pb_column type=\u00bb1_3&#8243; _builder_version=\u00bb4.16&#8243; global_colors_info=\u00bb{}\u00bb][et_pb_image src=\u00bbhttps:\/\/albal.es\/content-albal\/uploads\/2025\/05\/logos-radiosol_gris.png\u00bb title_text=\u00bblogos radiosol_gris\u00bb url=\u00bbhttps:\/\/albal.es\/ficheros\/html\/radio_sol_albal.html\u00bb url_new_window=\u00bbon\u00bb align=\u00bbcenter\u00bb admin_label=\u00bbBoton Radio-Sol\u00bb _builder_version=\u00bb4.27.4&#8243; _module_preset=\u00bbdefault\u00bb width=\u00bb30%\u00bb max_width=\u00bb30%\u00bb custom_margin=\u00bb-20px||-20px||false|false\u00bb global_colors_info=\u00bb{}\u00bb][\/et_pb_image][\/et_pb_column][et_pb_column type=\u00bb1_3&#8243; _builder_version=\u00bb4.16&#8243; global_colors_info=\u00bb{}\u00bb][et_pb_image src=\u00bbhttps:\/\/albal.es\/content-albal\/uploads\/2020\/05\/boton-el-repla.png\u00bb title_text=\u00bbboton-el-repla\u00bb url=\u00bbhttps:\/\/albal.es\/es\/noticies\/publicacion-municipal-el-repla\/\u00bb align=\u00bbcenter\u00bb admin_label=\u00bbBoton Repla\u00bb module_class=\u00bblink-radiosol\u00bb _builder_version=\u00bb4.27.4&#8243; global_colors_info=\u00bb{}\u00bb filter_opacity__hover_enabled=\u00bbon|hover\u00bb filter_opacity__hover=\u00bb75%\u00bb][\/et_pb_image][\/et_pb_column][et_pb_column type=\u00bb1_3&#8243; _builder_version=\u00bb4.16&#8243; global_colors_info=\u00bb{}\u00bb][et_pb_image src=\u00bbhttps:\/\/albal.es\/content-albal\/uploads\/2020\/05\/boton-oratge-albal.jpg\u00bb title_text=\u00bbboton-oratge-albal\u00bb url=\u00bbhttps:\/\/inforatge.com\/meteo-albal\u00bb url_new_window=\u00bbon\u00bb align=\u00bbcenter\u00bb admin_label=\u00bbBoton Oratge\u00bb module_class=\u00bblink-radiosol\u00bb _builder_version=\u00bb4.16&#8243; background_enable_color=\u00bboff\u00bb border_radii=\u00bbon|10px|10px|10px|10px\u00bb global_colors_info=\u00bb{}\u00bb filter_opacity__hover_enabled=\u00bbon|hover\u00bb filter_opacity__hover=\u00bb75%\u00bb][\/et_pb_image][\/et_pb_column][\/et_pb_row][et_pb_row column_structure=\u00bb1_4,1_4,1_4,1_4&#8243; make_equal=\u00bbon\u00bb disabled_on=\u00bbon|on|on\u00bb admin_label=\u00bbcuatro-noticias (escritorio)\u00bb module_class=\u00bbnot-sec cuatro-noticias\u00bb _builder_version=\u00bb4.16&#8243; background_enable_color=\u00bboff\u00bb background_size=\u00bbinitial\u00bb background_position=\u00bbtop_left\u00bb background_repeat=\u00bbrepeat\u00bb custom_padding=\u00bb30px||0px||false|false\u00bb border_width_bottom=\u00bb1px\u00bb border_color_bottom=\u00bb#e2e1de\u00bb disabled=\u00bbon\u00bb collapsed=\u00bboff\u00bb global_colors_info=\u00bb{}\u00bb][et_pb_column type=\u00bb1_4&#8243; _builder_version=\u00bb4.16&#8243; global_colors_info=\u00bb{}\u00bb][et_pb_blog fullwidth=\u00bboff\u00bb posts_number=\u00bb1&#8243; meta_date=\u00bbl j F Y\u00bb show_author=\u00bboff\u00bb show_excerpt=\u00bboff\u00bb show_pagination=\u00bboff\u00bb offset_number=\u00bb3&#8243; use_overlay=\u00bbon\u00bb admin_label=\u00bb4a noticia\u00bb _builder_version=\u00bb4.16&#8243; header_font=\u00bb|700|||||||\u00bb header_text_color=\u00bb#c40038&#8243; header_font_size=\u00bb24px\u00bb meta_font_size=\u00bb14px\u00bb global_colors_info=\u00bb{}\u00bb][\/et_pb_blog][\/et_pb_column][et_pb_column type=\u00bb1_4&#8243; _builder_version=\u00bb4.16&#8243; global_colors_info=\u00bb{}\u00bb][et_pb_blog fullwidth=\u00bboff\u00bb posts_number=\u00bb1&#8243; meta_date=\u00bbl j F Y\u00bb show_author=\u00bboff\u00bb show_excerpt=\u00bboff\u00bb show_pagination=\u00bboff\u00bb offset_number=\u00bb4&#8243; use_overlay=\u00bbon\u00bb admin_label=\u00bb5a noticia\u00bb _builder_version=\u00bb4.16&#8243; header_font=\u00bb|700|||||||\u00bb header_text_color=\u00bb#c40038&#8243; header_font_size=\u00bb24px\u00bb meta_font_size=\u00bb14px\u00bb global_colors_info=\u00bb{}\u00bb][\/et_pb_blog][\/et_pb_column][et_pb_column type=\u00bb1_4&#8243; _builder_version=\u00bb4.16&#8243; global_colors_info=\u00bb{}\u00bb][et_pb_blog fullwidth=\u00bboff\u00bb posts_number=\u00bb1&#8243; meta_date=\u00bbl j F Y\u00bb show_author=\u00bboff\u00bb show_excerpt=\u00bboff\u00bb show_pagination=\u00bboff\u00bb offset_number=\u00bb5&#8243; use_overlay=\u00bbon\u00bb admin_label=\u00bb6a noticia\u00bb _builder_version=\u00bb4.16&#8243; header_font=\u00bb|700|||||||\u00bb header_text_color=\u00bb#c40038&#8243; header_font_size=\u00bb24px\u00bb meta_font_size=\u00bb14px\u00bb global_colors_info=\u00bb{}\u00bb][\/et_pb_blog][\/et_pb_column][et_pb_column type=\u00bb1_4&#8243; _builder_version=\u00bb4.16&#8243; global_colors_info=\u00bb{}\u00bb][et_pb_blog fullwidth=\u00bboff\u00bb posts_number=\u00bb1&#8243; meta_date=\u00bbl j F Y\u00bb show_author=\u00bboff\u00bb show_excerpt=\u00bboff\u00bb show_pagination=\u00bboff\u00bb offset_number=\u00bb6&#8243; use_overlay=\u00bbon\u00bb admin_label=\u00bb7a noticia\u00bb _builder_version=\u00bb4.16&#8243; header_font=\u00bb|700|||||||\u00bb header_text_color=\u00bb#c40038&#8243; header_font_size=\u00bb24px\u00bb meta_font_size=\u00bb14px\u00bb global_colors_info=\u00bb{}\u00bb][\/et_pb_blog][\/et_pb_column][\/et_pb_row][\/et_pb_section][et_pb_section fb_built=\u00bb1&#8243; module_class=\u00bbcontent-avisos-index\u00bb _builder_version=\u00bb4.16&#8243; background_color=\u00bb#e2e1de\u00bb background_image=\u00bbhttps:\/\/albal.es\/content-albal\/uploads\/2020\/04\/escudo-albal-transp-grande.png\u00bb background_size=\u00bbinitial\u00bb background_position=\u00bbcenter_left\u00bb custom_padding=\u00bb20px||20px||false|false\u00bb global_colors_info=\u00bb{}\u00bb][et_pb_row _builder_version=\u00bb4.16&#8243; global_colors_info=\u00bb{}\u00bb][et_pb_column type=\u00bb4_4&#8243; _builder_version=\u00bb4.16&#8243; background_size=\u00bbinitial\u00bb custom_padding=\u00bb0px||||false|false\u00bb global_colors_info=\u00bb{}\u00bb][et_pb_text admin_label=\u00bbTitulo Avisos, convocat\u00f2ries i tr\u00e0mits actius\u00bb module_class=\u00bbtit-noticias\u00bb _builder_version=\u00bb4.16&#8243; header_font_size=\u00bb35px\u00bb header_2_font=\u00bb|300||on|||||\u00bb header_2_font_size=\u00bb42px\u00bb text_orientation=\u00bbcenter\u00bb global_colors_info=\u00bb{}\u00bb]<\/p>\n<h2>Avisos, convocatorias y tr\u00e1mites activos:<\/h2>\n<p>[\/et_pb_text][et_pb_cpt_loop_archive loop_layout=\u00bb4799&#8243; fullwidth=\u00bboff\u00bb show_pagination=\u00bboff\u00bb new_query=\u00bbon\u00bb post_type=\u00bbtramitambdata\u00bb posts_number=\u00bb999&#8243; hide_if_no_data=\u00bbon\u00bb admin_label=\u00bb(NO USAR) Carga Avisos, convocatorias y tramites con fecha (NO USAR)\u00bb module_class=\u00bbtramites-fecha\u00bb disabled_on=\u00bbon|on|on\u00bb _builder_version=\u00bb4.16&#8243; headings_font=\u00bbMerriweather||||||||\u00bb headings_text_color=\u00bb#dcb747&#8243; headings_font_size=\u00bb31px\u00bb background_color=\u00bb#dcb747&#8243; border_radii=\u00bbon|8px|8px|8px|8px\u00bb disabled=\u00bbon\u00bb global_colors_info=\u00bb{}\u00bb][\/et_pb_cpt_loop_archive][et_pb_de_mach_archive_loop post_type_choose=\u00bbtramitambdata\u00bb loop_layout=\u00bb4799&#8243; no_posts_layout=\u00bb13396&#8243; is_main_loop=\u00bboff\u00bb order_asc_desc=\u00bbDESC\u00bb equal_height=\u00bbon\u00bb align_last_bottom=\u00bbon\u00bb columns=\u00bb3&#8243; columns_tablet=\u00bb3&#8243; admin_label=\u00bbAvisos, convocatorias y tramites ACTIVOS\u00bb module_class=\u00bbtramites-fecha\u00bb _builder_version=\u00bb4.16&#8243; _module_preset=\u00bbdefault\u00bb global_colors_info=\u00bb{}\u00bb][\/et_pb_de_mach_archive_loop][\/et_pb_column][\/et_pb_row][\/et_pb_section][et_pb_section fb_built=\u00bb1&#8243; admin_label=\u00bbsection\u00bb _builder_version=\u00bb4.16&#8243; background_color=\u00bb#eeeeee\u00bb custom_padding=\u00bb30px||||false|false\u00bb locked=\u00bboff\u00bb global_colors_info=\u00bb{}\u00bb][et_pb_row disabled_on=\u00bbon|on|on\u00bb admin_label=\u00bbRow\u00bb _builder_version=\u00bb4.16&#8243; custom_padding=\u00bb30px||0px||false|false\u00bb disabled=\u00bbon\u00bb global_colors_info=\u00bb{}\u00bb][et_pb_column type=\u00bb4_4&#8243; _builder_version=\u00bb4.16&#8243; global_colors_info=\u00bb{}\u00bb][et_pb_text admin_label=\u00bbTitulo cultura i festes\u00bb _builder_version=\u00bb4.16&#8243; header_2_font=\u00bb|300||on|||||\u00bb header_2_font_size=\u00bb35px\u00bb global_colors_info=\u00bb{}\u00bb]<\/p>\n<h2>Cultura y fiestas<\/h2>\n<p>[\/et_pb_text][\/et_pb_column][\/et_pb_row][et_pb_row column_structure=\u00bb1_4,1_4,1_4,1_4&#8243; disabled_on=\u00bbon|on|on\u00bb admin_label=\u00bbtres-noticias\u00bb module_class=\u00bbnot-sec cuatro-noticias\u00bb _builder_version=\u00bb4.16&#8243; custom_padding=\u00bb30px||0px||false|false\u00bb disabled=\u00bbon\u00bb global_colors_info=\u00bb{}\u00bb][et_pb_column type=\u00bb1_4&#8243; _builder_version=\u00bb4.16&#8243; global_colors_info=\u00bb{}\u00bb][et_pb_blog fullwidth=\u00bboff\u00bb posts_number=\u00bb1&#8243; include_categories=\u00bb6,5&#8243; meta_date=\u00bbl j F Y\u00bb show_author=\u00bboff\u00bb show_excerpt=\u00bboff\u00bb show_pagination=\u00bboff\u00bb use_overlay=\u00bbon\u00bb admin_label=\u00bb1a noticia\u00bb module_class=\u00bbnot-cultura\u00bb _builder_version=\u00bb4.16&#8243; header_font=\u00bb|300|||||||\u00bb header_text_color=\u00bb#c40038&#8243; header_font_size=\u00bb30px\u00bb meta_font_size=\u00bb14px\u00bb global_colors_info=\u00bb{}\u00bb][\/et_pb_blog][\/et_pb_column][et_pb_column type=\u00bb1_4&#8243; _builder_version=\u00bb4.16&#8243; global_colors_info=\u00bb{}\u00bb][et_pb_blog fullwidth=\u00bboff\u00bb posts_number=\u00bb1&#8243; include_categories=\u00bb6,5&#8243; meta_date=\u00bbl j F Y\u00bb show_author=\u00bboff\u00bb show_excerpt=\u00bboff\u00bb show_pagination=\u00bboff\u00bb offset_number=\u00bb1&#8243; use_overlay=\u00bbon\u00bb admin_label=\u00bb2a noticia\u00bb module_class=\u00bbnot-cultura\u00bb _builder_version=\u00bb4.16&#8243; header_font=\u00bb|300|||||||\u00bb header_text_color=\u00bb#c40038&#8243; header_font_size=\u00bb30px\u00bb meta_font_size=\u00bb14px\u00bb global_colors_info=\u00bb{}\u00bb][\/et_pb_blog][\/et_pb_column][et_pb_column type=\u00bb1_4&#8243; _builder_version=\u00bb4.16&#8243; global_colors_info=\u00bb{}\u00bb][et_pb_blog fullwidth=\u00bboff\u00bb posts_number=\u00bb1&#8243; include_categories=\u00bb6,5&#8243; meta_date=\u00bbl j F Y\u00bb show_author=\u00bboff\u00bb show_excerpt=\u00bboff\u00bb show_pagination=\u00bboff\u00bb offset_number=\u00bb2&#8243; use_overlay=\u00bbon\u00bb admin_label=\u00bb3a noticia\u00bb module_class=\u00bbnot-cultura\u00bb _builder_version=\u00bb4.16&#8243; header_font=\u00bb|300|||||||\u00bb header_text_color=\u00bb#c40038&#8243; header_font_size=\u00bb30px\u00bb meta_font_size=\u00bb14px\u00bb global_colors_info=\u00bb{}\u00bb][\/et_pb_blog][\/et_pb_column][et_pb_column type=\u00bb1_4&#8243; _builder_version=\u00bb4.16&#8243; global_colors_info=\u00bb{}\u00bb][et_pb_blog fullwidth=\u00bboff\u00bb posts_number=\u00bb1&#8243; include_categories=\u00bb6,5&#8243; meta_date=\u00bbl j F Y\u00bb show_author=\u00bboff\u00bb show_excerpt=\u00bboff\u00bb show_pagination=\u00bboff\u00bb offset_number=\u00bb3&#8243; use_overlay=\u00bbon\u00bb admin_label=\u00bb4a noticia\u00bb module_class=\u00bbnot-cultura\u00bb _builder_version=\u00bb4.16&#8243; header_font=\u00bb|300|||||||\u00bb header_text_color=\u00bb#c40038&#8243; header_font_size=\u00bb30px\u00bb meta_font_size=\u00bb14px\u00bb global_colors_info=\u00bb{}\u00bb][\/et_pb_blog][\/et_pb_column][\/et_pb_row][et_pb_row admin_label=\u00bbboton\u00bb module_class=\u00bbnot-sec cuatro-noticias\u00bb _builder_version=\u00bb4.16&#8243; custom_padding=\u00bb0px||30px||false|false\u00bb global_colors_info=\u00bb{}\u00bb][et_pb_column type=\u00bb4_4&#8243; _builder_version=\u00bb4.16&#8243; global_colors_info=\u00bb{}\u00bb][et_pb_button button_url=\u00bbhttps:\/\/albal.es\/es\/noticias-cultura\/\u00bb button_text=\u00bbTodas las noticias culturales\u00bb admin_label=\u00bbBoton a Cultura\u00bb _builder_version=\u00bb4.16&#8243; global_colors_info=\u00bb{}\u00bb][\/et_pb_button][\/et_pb_column][\/et_pb_row][et_pb_row admin_label=\u00bbRow\u00bb _builder_version=\u00bb4.16&#8243; custom_padding=\u00bb30px||0px||false|false\u00bb global_colors_info=\u00bb{}\u00bb][et_pb_column type=\u00bb4_4&#8243; _builder_version=\u00bb4.16&#8243; global_colors_info=\u00bb{}\u00bb][et_pb_text disabled_on=\u00bbon|on|on\u00bb admin_label=\u00bbEsports\u00bb _builder_version=\u00bb4.16&#8243; header_2_font=\u00bb|300||on|||||\u00bb header_2_font_size=\u00bb35px\u00bb disabled=\u00bbon\u00bb global_colors_info=\u00bb{}\u00bb]<\/p>\n<h2>Deportes<\/h2>\n<p>[\/et_pb_text][\/et_pb_column][\/et_pb_row][et_pb_row disabled_on=\u00bbon|on|on\u00bb admin_label=\u00bbtres-noticias\u00bb module_class=\u00bbnot-sec cuatro-noticias\u00bb _builder_version=\u00bb4.16&#8243; custom_padding=\u00bb30px||0px||false|false\u00bb disabled=\u00bbon\u00bb global_colors_info=\u00bb{}\u00bb][et_pb_column type=\u00bb4_4&#8243; _builder_version=\u00bb4.16&#8243; global_colors_info=\u00bb{}\u00bb][et_pb_blog fullwidth=\u00bboff\u00bb posts_number=\u00bb3&#8243; include_categories=\u00bb8&#8243; meta_date=\u00bbl j F Y\u00bb show_author=\u00bboff\u00bb show_excerpt=\u00bboff\u00bb show_pagination=\u00bboff\u00bb use_overlay=\u00bbon\u00bb admin_label=\u00bb3 noticias\u00bb module_class=\u00bbnot-cultura\u00bb _builder_version=\u00bb4.16&#8243; header_font=\u00bb|300|||||||\u00bb header_text_color=\u00bb#c40038&#8243; header_font_size=\u00bb30px\u00bb meta_font_size=\u00bb14px\u00bb global_colors_info=\u00bb{}\u00bb][\/et_pb_blog][\/et_pb_column][\/et_pb_row][\/et_pb_section][et_pb_section fb_built=\u00bb1&#8243; admin_label=\u00bbSeccion Tu Ayuntamiento\u00bb _builder_version=\u00bb4.16&#8243; background_enable_image=\u00bboff\u00bb background_size=\u00bbcontain\u00bb background_position=\u00bbcenter_right\u00bb locked=\u00bboff\u00bb global_colors_info=\u00bb{}\u00bb][et_pb_row _builder_version=\u00bb4.16&#8243; custom_padding=\u00bb0px||||false|false\u00bb locked=\u00bboff\u00bb global_colors_info=\u00bb{}\u00bb][et_pb_column type=\u00bb4_4&#8243; _builder_version=\u00bb4.16&#8243; global_colors_info=\u00bb{}\u00bb][et_pb_text admin_label=\u00bbTitulo El teu ajuntament\u00bb module_class=\u00bbtit-noticias\u00bb _builder_version=\u00bb4.16&#8243; header_font=\u00bb|300||on|||||\u00bb header_text_color=\u00bb#999999&#8243; header_font_size=\u00bb35px\u00bb header_2_font=\u00bb|300||on|||||\u00bb header_2_text_color=\u00bb#999999&#8243; header_2_font_size=\u00bb35px\u00bb global_colors_info=\u00bb{}\u00bb]<\/p>\n<h2>Tu ayuntamiento<\/h2>\n<p>[\/et_pb_text][\/et_pb_column][\/et_pb_row][et_pb_row column_structure=\u00bb1_3,1_3,1_3&#8243; _builder_version=\u00bb4.16&#8243; custom_padding=\u00bb0px||||false|false\u00bb global_colors_info=\u00bb{}\u00bb][et_pb_column type=\u00bb1_3&#8243; _builder_version=\u00bb4.16&#8243; global_colors_info=\u00bb{}\u00bb][dsm_flipbox flipbox_type=\u00bbslide\u00bb admin_label=\u00bbDesenvolupament local (.banner-area)\u00bb module_class=\u00bbbanner-area\u00bb _builder_version=\u00bb4.16&#8243; border_width_bottom=\u00bb5px\u00bb border_color_bottom=\u00bb#22d9d3&#8243; global_colors_info=\u00bb{}\u00bb][dsm_flipbox_child title=\u00bbDesenrotllament local\u00bb button_url_new_window=\u00bb1&#8243; _builder_version=\u00bb4.16&#8243; header_font_size=\u00bb24px\u00bb background_enable_color=\u00bboff\u00bb use_background_color_gradient=\u00bbon\u00bb background_color_gradient_stops=\u00bb#ffffff 19%|#000000 100%\u00bb background_color_gradient_start=\u00bb#ffffff\u00bb background_color_gradient_start_position=\u00bb19%\u00bb background_color_gradient_end=\u00bb#000000&#8243; background_image=\u00bbhttps:\/\/albal.es\/content-albal\/uploads\/2019\/12\/calle-ramon-sanchis-rovira-casa-cultura.jpg\u00bb background_enable_image=\u00bbon\u00bb background_size=\u00bbinitial\u00bb background_position=\u00bbbottom_center\u00bb background_blend=\u00bbmultiply\u00bb text_orientation=\u00bbcenter\u00bb background_layout=\u00bbdark\u00bb custom_padding=\u00bb220px|20px|20px|20px|false|false\u00bb global_colors_info=\u00bb{}\u00bb]L&#8217;Ag\u00e8ncia d&#8217;Ocupaci\u00f3 i Desenrotllament Local (AEDL) es la ferramenta \u00e0gil i flexible capa\u00e7 de mobilitzar els recursos externs i interns, humans i financers[\/dsm_flipbox_child][dsm_flipbox_child title=\u00bbDesenvolupament i creixement socioecon\u00f2mic\u00bb button_text=\u00bbM\u00e9s informaci\u00f3\u00bb button_url=\u00bbhttps:\/\/albal.es\/es\/areas-y-servicios-2\/promocion-y-desarrollo\/agencia-de-empleo-y-desarrollo-local-aedl\/\u00bb button_url_new_window=\u00bb1&#8243; _builder_version=\u00bb4.16&#8243; header_font_size=\u00bb21px\u00bb background_color=\u00bb#22d9d3&#8243; custom_button=\u00bbon\u00bb button_border_width=\u00bb2px\u00bb button_border_color=\u00bb#ffffff\u00bb text_orientation=\u00bbcenter\u00bb background_layout=\u00bbdark\u00bb min_height=\u00bb400px\u00bb height=\u00bb400px\u00bb max_height=\u00bb400px\u00bb custom_padding=\u00bb20px|20px|20px|20px|false|false\u00bb global_colors_info=\u00bb{}\u00bb button_bg_color__hover_enabled=\u00bboff|hover\u00bb button_bg_enable_color__hover=\u00bboff\u00bb]Des de l&#8217;ajuntament coordinem tots els esfor\u00e7os que es realitzen per a potenciar el desenvolupament i creixement socioecon\u00f2mic, i la generaci\u00f3 d\u2019ocupaci\u00f3 en el municipi d\u2019Albal[\/dsm_flipbox_child][\/dsm_flipbox][\/et_pb_column][et_pb_column type=\u00bb1_3&#8243; _builder_version=\u00bb4.16&#8243; global_colors_info=\u00bb{}\u00bb][dsm_flipbox flipbox_type=\u00bbslide\u00bb admin_label=\u00bbTransparencia\u00bb module_class=\u00bbbanner-area\u00bb _builder_version=\u00bb4.16&#8243; border_width_bottom=\u00bb5px\u00bb border_color_bottom=\u00bb#c40038&#8243; global_colors_info=\u00bb{}\u00bb][dsm_flipbox_child title=\u00bbTranspar\u00e8ncia i participaci\u00f3 ciutadana\u00bb button_url_new_window=\u00bb1&#8243; _builder_version=\u00bb4.16&#8243; header_font_size=\u00bb24px\u00bb background_enable_color=\u00bboff\u00bb use_background_color_gradient=\u00bbon\u00bb background_color_gradient_stops=\u00bb#ffffff 19%|#000000 100%\u00bb background_color_gradient_start=\u00bb#ffffff\u00bb background_color_gradient_start_position=\u00bb19%\u00bb background_color_gradient_end=\u00bb#000000&#8243; background_image=\u00bbhttps:\/\/albal.es\/content-albal\/uploads\/2019\/12\/mano-pies-centro-ninos.jpg\u00bb background_enable_image=\u00bbon\u00bb background_size=\u00bbinitial\u00bb background_position=\u00bbbottom_center\u00bb background_blend=\u00bbmultiply\u00bb text_orientation=\u00bbcenter\u00bb background_layout=\u00bbdark\u00bb custom_padding=\u00bb220px|20px|20px|20px|false|false\u00bb global_colors_info=\u00bb{}\u00bb]Et mostrem d&#8217;una forma clara com es distribueix el nostre pressupost. D&#8217;on v\u00e9nen els ingressos i a qu\u00e8 destinem les despeses[\/dsm_flipbox_child][dsm_flipbox_child title=\u00bbA qu\u00e8 destina els diners l&#8217;Ajuntament Albal?\u00bb button_text=\u00bbAnar al portal\u00bb button_url=\u00bbhttps:\/\/albal.conmisimpuestos.com\/\u00bb button_url_new_window=\u00bb1&#8243; _builder_version=\u00bb4.16&#8243; header_font_size=\u00bb21px\u00bb background_color=\u00bb#c40038&#8243; background_enable_color=\u00bbon\u00bb custom_button=\u00bbon\u00bb button_border_width=\u00bb2px\u00bb button_border_color=\u00bb#ffffff\u00bb text_orientation=\u00bbcenter\u00bb background_layout=\u00bbdark\u00bb custom_padding=\u00bb20px|20px|20px|20px|false|false\u00bb global_colors_info=\u00bb{}\u00bb]Accedeix al Portal de Transpar\u00e8ncia y Pressupostos de l\u2019Ajuntament d\u2019Albal[\/dsm_flipbox_child][\/dsm_flipbox][\/et_pb_column][et_pb_column type=\u00bb1_3&#8243; _builder_version=\u00bb4.16&#8243; global_colors_info=\u00bb{}\u00bb][dsm_flipbox flipbox_type=\u00bbslide\u00bb admin_label=\u00bbBenestar social\u00bb module_class=\u00bbbanner-area\u00bb _builder_version=\u00bb4.16&#8243; border_width_bottom=\u00bb5px\u00bb border_color_bottom=\u00bb#be5bef\u00bb global_colors_info=\u00bb{}\u00bb][dsm_flipbox_child title=\u00bbBenestar social\u00bb button_url_new_window=\u00bb1&#8243; _builder_version=\u00bb4.16&#8243; header_font_size=\u00bb24px\u00bb background_enable_color=\u00bboff\u00bb use_background_color_gradient=\u00bbon\u00bb background_color_gradient_stops=\u00bb#ffffff 19%|#000000 100%\u00bb background_color_gradient_start=\u00bb#ffffff\u00bb background_color_gradient_start_position=\u00bb19%\u00bb background_color_gradient_end=\u00bb#000000&#8243; background_image=\u00bbhttps:\/\/albal.es\/content-albal\/uploads\/2019\/12\/ninas-saltan.jpg\u00bb background_enable_image=\u00bbon\u00bb background_size=\u00bbinitial\u00bb background_position=\u00bbbottom_center\u00bb background_blend=\u00bbmultiply\u00bb text_orientation=\u00bbcenter\u00bb background_layout=\u00bbdark\u00bb custom_padding=\u00bb220px|20px|20px|20px|false|false\u00bb global_colors_info=\u00bb{}\u00bb]Treballem per millorar el dia a dia dels nostres ve\u00efns a trav\u00e9s dels Serveis Socials, Centre d&#8217;Informaci\u00f3 Juvenil i Dona i Igualtat, entre altres[\/dsm_flipbox_child][dsm_flipbox_child title=\u00bbBenestar social\u00bb button_url_new_window=\u00bb1&#8243; _builder_version=\u00bb4.16&#8243; header_font_size=\u00bb21px\u00bb background_color=\u00bb#be5bef\u00bb background_enable_color=\u00bbon\u00bb custom_button=\u00bbon\u00bb button_border_width=\u00bb2px\u00bb button_border_color=\u00bb#ffffff\u00bb text_orientation=\u00bbcenter\u00bb background_layout=\u00bbdark\u00bb custom_padding=\u00bb20px|20px|20px|20px|false|false\u00bb global_colors_info=\u00bb{}\u00bb]<a href=\"https:\/\/albal.es\/es\/areas-y-servicios-2\/bienestar-social\/servicios-sociales\/\">Servicis social<\/a><\/p>\n<p><a href=\"https:\/\/albal.es\/arees-i-servicis\/educacio-cultura-i-esports\/centre-d-informacio-juvenil\/\">Centre d&#8217;Informaci\u00f3 Juvenil<\/a><\/p>\n<p><a href=\"https:\/\/albal.es\/es\/areas-y-servicios-2\/bienestar-social\/mujer-e-igualdad\/\">Dona i Igualtat<\/a>[\/dsm_flipbox_child][\/dsm_flipbox][\/et_pb_column][\/et_pb_row][\/et_pb_section][et_pb_section fb_built=\u00bb1&#8243; _builder_version=\u00bb4.16&#8243; background_color=\u00bb#f7f7f7&#8243; global_colors_info=\u00bb{}\u00bb][et_pb_row _builder_version=\u00bb4.16&#8243; custom_padding=\u00bb0px||0px||false|false\u00bb locked=\u00bboff\u00bb global_colors_info=\u00bb{}\u00bb][et_pb_column type=\u00bb4_4&#8243; _builder_version=\u00bb4.16&#8243; global_colors_info=\u00bb{}\u00bb][et_pb_text admin_label=\u00bbTitulo Associacion i entitats\u00bb module_class=\u00bbtit-noticias\u00bb _builder_version=\u00bb4.16&#8243; header_font=\u00bb|300||on|||||\u00bb header_text_color=\u00bb#999999&#8243; header_font_size=\u00bb35px\u00bb header_2_font=\u00bb|300||on|||||\u00bb header_2_text_color=\u00bb#999999&#8243; header_2_font_size=\u00bb35px\u00bb global_colors_info=\u00bb{}\u00bb]<\/p>\n<h2>Asociaciones y entidades<\/h2>\n<p>[\/et_pb_text][\/et_pb_column][\/et_pb_row][et_pb_row column_structure=\u00bb1_4,1_4,1_4,1_4&#8243; _builder_version=\u00bb4.16&#8243; global_colors_info=\u00bb{}\u00bb][et_pb_column type=\u00bb1_4&#8243; _builder_version=\u00bb4.16&#8243; global_colors_info=\u00bb{}\u00bb][et_pb_image src=\u00bbhttps:\/\/albal.es\/content-albal\/uploads\/2020\/05\/entidad-convenio-avalem-joves-2.jpg\u00bb title_text=\u00bbentidad-convenio-avalem-joves-2&#8243; url=\u00bbhttps:\/\/albal.es\/es\/areas-y-servicios-2\/promocion-y-desarrollo\/agencia-de-empleo-y-desarrollo-local-aedl\/\u00bb admin_label=\u00bbAvalem Joves\u00bb _builder_version=\u00bb4.16&#8243; border_radii=\u00bbon|10px|10px|10px|10px\u00bb border_width_all=\u00bb1px\u00bb border_color_all=\u00bb#cccccc\u00bb global_colors_info=\u00bb{}\u00bb][\/et_pb_image][\/et_pb_column][et_pb_column type=\u00bb1_4&#8243; _builder_version=\u00bb4.16&#8243; global_colors_info=\u00bb{}\u00bb][et_pb_image src=\u00bbhttps:\/\/albal.es\/content-albal\/uploads\/2020\/05\/entidad-convenio-penya-ciclista-albal.jpg\u00bb title_text=\u00bbentidad-convenio-penya-ciclista-albal\u00bb url=\u00bbhttps:\/\/facebook.com\/Penya-Ciclista-Albal-217619915296347&#8243; admin_label=\u00bbPenya Ciclista\u00bb _builder_version=\u00bb4.16&#8243; border_radii=\u00bbon|10px|10px|10px|10px\u00bb border_width_all=\u00bb1px\u00bb border_color_all=\u00bb#cccccc\u00bb global_colors_info=\u00bb{}\u00bb][\/et_pb_image][\/et_pb_column][et_pb_column type=\u00bb1_4&#8243; _builder_version=\u00bb4.16&#8243; global_colors_info=\u00bb{}\u00bb][et_pb_image src=\u00bbhttps:\/\/albal.es\/content-albal\/uploads\/2020\/05\/entidad-convenio-ivace.jpg\u00bb title_text=\u00bbentidad-convenio-ivace\u00bb url=\u00bbhttps:\/\/albal.es\/es\/areas-y-servicios-2\/urbanismo-y-medio-ambiente\/proyectos-municipales\/\u00bb admin_label=\u00bbIvace\u00bb _builder_version=\u00bb4.16&#8243; border_radii=\u00bbon|10px|10px|10px|10px\u00bb border_width_all=\u00bb1px\u00bb border_color_all=\u00bb#cccccc\u00bb global_colors_info=\u00bb{}\u00bb][\/et_pb_image][\/et_pb_column][et_pb_column type=\u00bb1_4&#8243; _builder_version=\u00bb4.16&#8243; global_colors_info=\u00bb{}\u00bb][\/et_pb_column][\/et_pb_row][\/et_pb_section]<\/p>\n","protected":false},"excerpt":{"rendered":"<p>Sigue en directo la participaci\u00f3n y resultado de las elecciones locales de Albal 2023ESTRENAMOS NUEVASEDE ELECTR\u00d3NICA! \u00a0 YA PUEDES REALIZAR TUS TR\u00c1MITES A TRAV\u00c9S DEL ENLACE: https:\/\/albal.sede.dival.esINFORMACI\u00d3N SERVICIO RECOGIDA RESIDUOS URBANOS Y LIMPIEZA VIARIAESTADO VEH\u00cdCULOS DANAESTADO VEH\u00cdCULOS DANANoticias de Albal<div class=nobandos><p>No hay bandos activos en este momento<\/p><\/div>Avisos, convocatorias y tr\u00e1mites activos:Cultura y fiestasDeportesTu ayuntamiento<div class=\"et_pb_with_border et_pb_module dsm_flipbox dsm_flipbox_0 banner-area\">\n\t\t\t\t\n\t\t\t\t\n\t\t\t\t\n\t\t\t\t\n\t\t\t\t\n\t\t\t\t\n\t\t\t\t<div class=\"et_pb_module_inner\">\n\t\t\t\t\t<div class=\"dsm-flipbox dsm-flipbox-slide-up dsm_flipbox_hover\"><div class=\"et_pb_module dsm_flipbox_child dsm_flipbox_child_0 et_pb_bg_layout_dark  dsm_flipbox_icon_position_top\">\n\t\t\t\t\n\t\t\t\t\n\t\t\t\t\n\t\t\t\t\n\t\t\t\t\n\t\t\t\t\n\t\t\t\t<div class=\"et_pb_module_inner\">\n\t\t\t\t\t\n\t\t\t\n\t\t\t<div class=\"dsm_flipbox_wrapper et_pb_text_align_center\">\n\t\t\t\t<h4 class=\"dsm-title et_pb_module_header\">Desenrotllament local<\/h4>\n\t\t\t\t\n\t\t\t\t<div class=\"dsm-content\">L&#8217;Ag\u00e8ncia d&#8217;Ocupaci\u00f3 i Desenrotllament Local (AEDL) es la ferramenta \u00e0gil i flexible capa\u00e7 de mobilitzar els recursos externs i interns, humans i financers<\/div>\n\t\t\t\t\n\t\t\t<\/div>\n\t\t\t\t<\/div>\n\t\t\t<\/div><div class=\"et_pb_module dsm_flipbox_child dsm_flipbox_child_1 et_pb_bg_layout_dark  dsm_flipbox_icon_position_top dbdb-icon-on-left dbdb-icon-on-hover dbdb-has-custom-padding\">\n\t\t\t\t\n\t\t\t\t\n\t\t\t\t\n\t\t\t\t\n\t\t\t\t\n\t\t\t\t\n\t\t\t\t<div class=\"et_pb_module_inner\">\n\t\t\t\t\t\n\t\t\t\n\t\t\t<div class=\"dsm_flipbox_wrapper et_pb_text_align_center\">\n\t\t\t\t<h4 class=\"dsm-title et_pb_module_header\">Desenvolupament i creixement socioecon\u00f2mic<\/h4>\n\t\t\t\t\n\t\t\t\t<div class=\"dsm-content\">Des de l&#8217;ajuntament coordinem tots els esfor\u00e7os que es realitzen per a potenciar el desenvolupament i creixement socioecon\u00f2mic, i la generaci\u00f3 d\u2019ocupaci\u00f3 en el municipi d\u2019Albal<\/div>\n\t\t\t\t<div class=\"et_pb_button_wrapper\"><a class=\"et_pb_button\" href=\"https:\/\/albal.es\/es\/areas-y-servicios-2\/promocion-y-desarrollo\/agencia-de-empleo-y-desarrollo-local-aedl\/\">M\u00e9s informaci\u00f3<\/a><\/div>\n\t\t\t<\/div>\n\t\t\t\t<\/div>\n\t\t\t<\/div><\/div>\n\t\t\t\t<\/div>\n\t\t\t<\/div><div class=\"et_pb_with_border et_pb_module dsm_flipbox dsm_flipbox_1 banner-area\">\n\t\t\t\t\n\t\t\t\t\n\t\t\t\t\n\t\t\t\t\n\t\t\t\t\n\t\t\t\t\n\t\t\t\t<div class=\"et_pb_module_inner\">\n\t\t\t\t\t<div class=\"dsm-flipbox dsm-flipbox-slide-up dsm_flipbox_hover\"><\/div>\n\t\t\t\t<\/div>\n\t\t\t<\/div><div class=\"et_pb_module dsm_flipbox_child dsm_flipbox_child_2 et_pb_bg_layout_dark  dsm_flipbox_icon_position_top\">\n\t\t\t\t\n\t\t\t\t\n\t\t\t\t\n\t\t\t\t\n\t\t\t\t\n\t\t\t\t\n\t\t\t\t<div class=\"et_pb_module_inner\">\n\t\t\t\t\t\n\t\t\t\n\t\t\t<div class=\"dsm_flipbox_wrapper et_pb_text_align_center\">\n\t\t\t\t<h4 class=\"dsm-title et_pb_module_header\">Transpar\u00e8ncia i participaci\u00f3 ciutadana<\/h4>\n\t\t\t\t\n\t\t\t\t<div class=\"dsm-content\">Et mostrem d&#8217;una forma clara com es distribueix el nostre pressupost. D&#8217;on v\u00e9nen els ingressos i a qu\u00e8 destinem les despeses<\/div>\n\t\t\t\t\n\t\t\t<\/div>\n\t\t\t\t<\/div>\n\t\t\t<\/div><div class=\"et_pb_module dsm_flipbox_child dsm_flipbox_child_3 et_pb_bg_layout_light  dsm_flipbox_icon_position_top\">\n\t\t\t\t\n\t\t\t\t\n\t\t\t\t\n\t\t\t\t\n\t\t\t\t\n\t\t\t\t\n\t\t\t\t<div class=\"et_pb_module_inner\">\n\t\t\t\t\t\n\t\t\t\n\t\t\t<div class=\"dsm_flipbox_wrapper et_pb_text_align_left\">\n\t\t\t\t<h4 class=\"dsm-title et_pb_module_header\">\u00bbA<\/h4>\n\t\t\t\t\n\t\t\t\t\n\t\t\t\t\n\t\t\t<\/div>\n\t\t\t\t<\/div>\n\t\t\t<\/div><\/p>\n","protected":false},"author":1,"featured_media":58313,"parent":0,"menu_order":0,"comment_status":"closed","ping_status":"closed","template":"","meta":{"_acf_changed":false,"_et_pb_use_builder":"on","_et_pb_old_content":"","_et_gb_content_width":"","footnotes":""},"coauthors":[69],"class_list":["post-1003","page","type-page","status-publish","has-post-thumbnail","hentry"],"acf":[],"yoast_head":"<!-- This site is optimized with the Yoast SEO plugin v27.4 - https:\/\/yoast.com\/product\/yoast-seo-wordpress\/ -->\n<title>Ayuntamiento de Albal | Valencia<\/title>\n<meta name=\"description\" content=\"Web del Ayuntamiento de Albal (Valencia - Espa\u00f1a)\" \/>\n<meta name=\"robots\" content=\"index, follow, max-snippet:-1, max-image-preview:large, max-video-preview:-1\" \/>\n<link rel=\"canonical\" href=\"https:\/\/albal.es\/es\/\" \/>\n<meta property=\"og:locale\" content=\"es_ES\" \/>\n<meta property=\"og:type\" content=\"article\" \/>\n<meta property=\"og:title\" content=\"Ayuntamiento de Albal | Valencia\" \/>\n<meta property=\"og:description\" content=\"Web del Ayuntamiento de Albal (Valencia - Espa\u00f1a)\" \/>\n<meta property=\"og:site_name\" content=\"Ajuntament d&#039;Albal\" \/>\n<meta property=\"article:publisher\" content=\"https:\/\/facebook.com\/AjuntamentAlbal\/\" \/>\n<meta property=\"article:modified_time\" content=\"2026-03-24T09:06:47+00:00\" \/>\n<meta property=\"og:image\" content=\"https:\/\/albal.es\/content-albal\/uploads\/2024\/11\/Diseno-sin-titulo-7.png\" \/>\n\t<meta property=\"og:image:width\" content=\"1080\" \/>\n\t<meta property=\"og:image:height\" content=\"1080\" \/>\n\t<meta property=\"og:image:type\" content=\"image\/png\" \/>\n<meta name=\"twitter:card\" content=\"summary_large_image\" \/>\n<meta name=\"twitter:label1\" content=\"Tiempo de lectura\" \/>\n\t<meta name=\"twitter:data1\" content=\"6 minutos\" \/>\n\t<meta name=\"twitter:label2\" content=\"Written by\" \/>\n\t<meta name=\"twitter:data2\" content=\"nx\" \/>\n<script type=\"application\/ld+json\" class=\"yoast-schema-graph\">{\"@context\":\"https:\\\/\\\/schema.org\",\"@graph\":[{\"@type\":\"WebPage\",\"@id\":\"https:\\\/\\\/albal.es\\\/es\\\/\",\"url\":\"https:\\\/\\\/albal.es\\\/es\\\/\",\"name\":\"Ayuntamiento de Albal | Valencia\",\"isPartOf\":{\"@id\":\"https:\\\/\\\/albal.es\\\/es\\\/#website\"},\"primaryImageOfPage\":{\"@id\":\"https:\\\/\\\/albal.es\\\/es\\\/#primaryimage\"},\"image\":{\"@id\":\"https:\\\/\\\/albal.es\\\/es\\\/#primaryimage\"},\"thumbnailUrl\":\"https:\\\/\\\/albal.es\\\/content-albal\\\/uploads\\\/2024\\\/11\\\/Diseno-sin-titulo-7.png\",\"datePublished\":\"2019-12-10T18:57:06+00:00\",\"dateModified\":\"2026-03-24T09:06:47+00:00\",\"description\":\"Web del Ayuntamiento de Albal (Valencia - Espa\u00f1a)\",\"breadcrumb\":{\"@id\":\"https:\\\/\\\/albal.es\\\/es\\\/#breadcrumb\"},\"inLanguage\":\"es\",\"potentialAction\":[{\"@type\":\"ReadAction\",\"target\":[\"https:\\\/\\\/albal.es\\\/es\\\/\"]}]},{\"@type\":\"ImageObject\",\"inLanguage\":\"es\",\"@id\":\"https:\\\/\\\/albal.es\\\/es\\\/#primaryimage\",\"url\":\"https:\\\/\\\/albal.es\\\/content-albal\\\/uploads\\\/2024\\\/11\\\/Diseno-sin-titulo-7.png\",\"contentUrl\":\"https:\\\/\\\/albal.es\\\/content-albal\\\/uploads\\\/2024\\\/11\\\/Diseno-sin-titulo-7.png\",\"width\":1080,\"height\":1080},{\"@type\":\"BreadcrumbList\",\"@id\":\"https:\\\/\\\/albal.es\\\/es\\\/#breadcrumb\",\"itemListElement\":[{\"@type\":\"ListItem\",\"position\":1,\"name\":\"Inici\",\"item\":\"https:\\\/\\\/albal.es\\\/es\\\/\"},{\"@type\":\"ListItem\",\"position\":2,\"name\":\"INICIO\"}]},{\"@type\":\"WebSite\",\"@id\":\"https:\\\/\\\/albal.es\\\/es\\\/#website\",\"url\":\"https:\\\/\\\/albal.es\\\/es\\\/\",\"name\":\"Ajuntament d&#039;Albal\",\"description\":\"Ajuntament d&#039;Albal\",\"publisher\":{\"@id\":\"https:\\\/\\\/albal.es\\\/es\\\/#organization\"},\"potentialAction\":[{\"@type\":\"SearchAction\",\"target\":{\"@type\":\"EntryPoint\",\"urlTemplate\":\"https:\\\/\\\/albal.es\\\/es\\\/?s={search_term_string}\"},\"query-input\":{\"@type\":\"PropertyValueSpecification\",\"valueRequired\":true,\"valueName\":\"search_term_string\"}}],\"inLanguage\":\"es\"},{\"@type\":\"Organization\",\"@id\":\"https:\\\/\\\/albal.es\\\/es\\\/#organization\",\"name\":\"Ajuntament d'Albal - Valencia\",\"url\":\"https:\\\/\\\/albal.es\\\/es\\\/\",\"logo\":{\"@type\":\"ImageObject\",\"inLanguage\":\"es\",\"@id\":\"https:\\\/\\\/albal.es\\\/es\\\/#\\\/schema\\\/logo\\\/image\\\/\",\"url\":\"https:\\\/\\\/albal.es\\\/content-albal\\\/uploads\\\/2020\\\/06\\\/logo-ayuntamiento-albal.png\",\"contentUrl\":\"https:\\\/\\\/albal.es\\\/content-albal\\\/uploads\\\/2020\\\/06\\\/logo-ayuntamiento-albal.png\",\"width\":367,\"height\":332,\"caption\":\"Ajuntament d'Albal - Valencia\"},\"image\":{\"@id\":\"https:\\\/\\\/albal.es\\\/es\\\/#\\\/schema\\\/logo\\\/image\\\/\"},\"sameAs\":[\"https:\\\/\\\/facebook.com\\\/AjuntamentAlbal\\\/\"]}]}<\/script>\n<!-- \/ Yoast SEO plugin. -->","yoast_head_json":{"title":"Ayuntamiento de Albal | Valencia","description":"Web del Ayuntamiento de Albal (Valencia - Espa\u00f1a)","robots":{"index":"index","follow":"follow","max-snippet":"max-snippet:-1","max-image-preview":"max-image-preview:large","max-video-preview":"max-video-preview:-1"},"canonical":"https:\/\/albal.es\/es\/","og_locale":"es_ES","og_type":"article","og_title":"Ayuntamiento de Albal | Valencia","og_description":"Web del Ayuntamiento de Albal (Valencia - Espa\u00f1a)","og_site_name":"Ajuntament d&#039;Albal","article_publisher":"https:\/\/facebook.com\/AjuntamentAlbal\/","article_modified_time":"2026-03-24T09:06:47+00:00","og_image":[{"width":1080,"height":1080,"url":"https:\/\/albal.es\/content-albal\/uploads\/2024\/11\/Diseno-sin-titulo-7.png","type":"image\/png"}],"twitter_card":"summary_large_image","twitter_misc":{"Tiempo de lectura":"6 minutos","Written by":"nx"},"schema":{"@context":"https:\/\/schema.org","@graph":[{"@type":"WebPage","@id":"https:\/\/albal.es\/es\/","url":"https:\/\/albal.es\/es\/","name":"Ayuntamiento de Albal | Valencia","isPartOf":{"@id":"https:\/\/albal.es\/es\/#website"},"primaryImageOfPage":{"@id":"https:\/\/albal.es\/es\/#primaryimage"},"image":{"@id":"https:\/\/albal.es\/es\/#primaryimage"},"thumbnailUrl":"https:\/\/albal.es\/content-albal\/uploads\/2024\/11\/Diseno-sin-titulo-7.png","datePublished":"2019-12-10T18:57:06+00:00","dateModified":"2026-03-24T09:06:47+00:00","description":"Web del Ayuntamiento de Albal (Valencia - Espa\u00f1a)","breadcrumb":{"@id":"https:\/\/albal.es\/es\/#breadcrumb"},"inLanguage":"es","potentialAction":[{"@type":"ReadAction","target":["https:\/\/albal.es\/es\/"]}]},{"@type":"ImageObject","inLanguage":"es","@id":"https:\/\/albal.es\/es\/#primaryimage","url":"https:\/\/albal.es\/content-albal\/uploads\/2024\/11\/Diseno-sin-titulo-7.png","contentUrl":"https:\/\/albal.es\/content-albal\/uploads\/2024\/11\/Diseno-sin-titulo-7.png","width":1080,"height":1080},{"@type":"BreadcrumbList","@id":"https:\/\/albal.es\/es\/#breadcrumb","itemListElement":[{"@type":"ListItem","position":1,"name":"Inici","item":"https:\/\/albal.es\/es\/"},{"@type":"ListItem","position":2,"name":"INICIO"}]},{"@type":"WebSite","@id":"https:\/\/albal.es\/es\/#website","url":"https:\/\/albal.es\/es\/","name":"Ajuntament d&#039;Albal","description":"Ajuntament d&#039;Albal","publisher":{"@id":"https:\/\/albal.es\/es\/#organization"},"potentialAction":[{"@type":"SearchAction","target":{"@type":"EntryPoint","urlTemplate":"https:\/\/albal.es\/es\/?s={search_term_string}"},"query-input":{"@type":"PropertyValueSpecification","valueRequired":true,"valueName":"search_term_string"}}],"inLanguage":"es"},{"@type":"Organization","@id":"https:\/\/albal.es\/es\/#organization","name":"Ajuntament d'Albal - Valencia","url":"https:\/\/albal.es\/es\/","logo":{"@type":"ImageObject","inLanguage":"es","@id":"https:\/\/albal.es\/es\/#\/schema\/logo\/image\/","url":"https:\/\/albal.es\/content-albal\/uploads\/2020\/06\/logo-ayuntamiento-albal.png","contentUrl":"https:\/\/albal.es\/content-albal\/uploads\/2020\/06\/logo-ayuntamiento-albal.png","width":367,"height":332,"caption":"Ajuntament d'Albal - Valencia"},"image":{"@id":"https:\/\/albal.es\/es\/#\/schema\/logo\/image\/"},"sameAs":["https:\/\/facebook.com\/AjuntamentAlbal\/"]}]}},"publishpress_future_workflow_manual_trigger":{"enabledWorkflows":[]},"_links":{"self":[{"href":"https:\/\/albal.es\/es\/wp-json\/wp\/v2\/pages\/1003","targetHints":{"allow":["GET"]}}],"collection":[{"href":"https:\/\/albal.es\/es\/wp-json\/wp\/v2\/pages"}],"about":[{"href":"https:\/\/albal.es\/es\/wp-json\/wp\/v2\/types\/page"}],"author":[{"embeddable":true,"href":"https:\/\/albal.es\/es\/wp-json\/wp\/v2\/users\/1"}],"replies":[{"embeddable":true,"href":"https:\/\/albal.es\/es\/wp-json\/wp\/v2\/comments?post=1003"}],"version-history":[{"count":0,"href":"https:\/\/albal.es\/es\/wp-json\/wp\/v2\/pages\/1003\/revisions"}],"wp:featuredmedia":[{"embeddable":true,"href":"https:\/\/albal.es\/es\/wp-json\/wp\/v2\/media\/58313"}],"wp:attachment":[{"href":"https:\/\/albal.es\/es\/wp-json\/wp\/v2\/media?parent=1003"}],"wp:term":[{"taxonomy":"author","embeddable":true,"href":"https:\/\/albal.es\/es\/wp-json\/wp\/v2\/coauthors?post=1003"}],"curies":[{"name":"wp","href":"https:\/\/api.w.org\/{rel}","templated":true}]}}